{"id":38917,"date":"2019-05-28T12:15:26","date_gmt":"2019-05-28T12:15:26","guid":{"rendered":"https:\/\/prod.pilgrim.es\/primitiver-weg\/etappe-9-o-cadavo-baleira-lugo\/"},"modified":"2025-08-26T11:10:08","modified_gmt":"2025-08-26T11:10:08","slug":"etappe-9-o-cadavo-baleira-lugo","status":"publish","type":"page","link":"https:\/\/www.pilgrim.es\/de\/primitiver-weg\/etappe-9-o-cadavo-baleira-lugo\/","title":{"rendered":"Primitiver Weg (Urweg) | Etappe 9: O C\u00e1davo &#8211; Lugo"},"content":{"rendered":"\n<section id=\"heroStage\">\n  <h1>Primitiver Weg (Urweg): Etappe 9<\/h1>\n  <div>\n    <div class=\"hero\" data-background=\"https:\/\/cdn.pilgrim.es\/web\/caminos\/camino-primitivo\/pueblos\/o-cadavo.jpg\">\n      <div class=\"hero__container\">\n        <div class=\"hero__container__labels\">\n          <p>Walk<\/p>\n          <p>14 Etappe \/ 310 Kms<\/p>\n        <\/div>\n        <div class=\"hero__container__stage-name\">\n          <h2>\n            O C\u00e1davo Baleira <br \/>\n            <span>&#10093;<\/span>\n            Lugo\n          <\/h2>\n          <p>29.5 Km<\/p>\n        <\/div>\n        <div class=\"hero__container__stage-changer\">\n            <div class=\"stage-control\">\n              <a class=\"stage-control__link\" href=\"https:\/\/www.pilgrim.es\/de\/primitiver-weg\/etappe-8-fonsagradapadron-o-cadavo-baleira\/\"><span>&#10094;<\/span> Etappe 8<\/a>\n            <\/div>\n          <div class=\"stage-control\">\n            <a class=\"stage-control__link\" href=\"https:\/\/www.pilgrim.es\/de\/primitiver-weg\/etappe-10-lugo-san-romao-da-retorta\/\">Etappe 10 <span>&#10095;<\/span><\/a>\n          <\/div>\n        <\/div>\n      <\/div>\n    <\/div>\n    <div class=\"planner\"><div\r\n  class=\"p-col-span-1 p-rounded-lg p-px-5 p-h-full\"\r\n  style=\"background-image: url('https:\/\/cdn.pilgrim.es\/web\/pilgrim-planner\/bg-plugin-planificador.webp')\"\r\n  rel=\"preload\"\r\n  fetchpriority=\"high\"\r\n  >\r\n    <div class=\"p-text-center p-pt-5 p-text-white p-text-2xl p-font-semibold\">\r\n      Plane deinen Weg    <\/div>\r\n    <div\r\n            id='primary-app'\r\n            data-name='banner'\r\n            data-api='https:\/\/pathfinder.pilgrim.es\/api\/pathfinder\/v2'\r\n            data-mode='normal'\r\n            data-lang='de'\r\n            data-route='1'\r\n            data-destiny='https:\/\/planificador.pilgrim.es'\r\n            data-modality='1'\r\n            data-inline=''\r\n        ><\/div><\/div><\/div>\n  <\/div>\n<\/section>\n\n<section id=\"scoreBarsStage\">\n  <section>\r\n  <div class=\"p-flex p-flex-nowrap p-space-x-4 p-py-5 p-overflow-x-auto md:p-grid md:p-grid-cols-3 lg:p-grid-cols-5 md:p-gap-8 md:p-space-x-0 md:p-overflow-hidden scrollbar-thin\">\r\n    <div class=\"p-grid p-grid-cols-4 p-shrink-0 p-w-72 p-snap-start md:p-w-full\">\r\n        <div class=\"p-col-span-1 p-self-center p-text-center p-text-3xl\">\r\n            <i class=\"icon-influx\"><\/i>\r\n        <\/div>\r\n        <div class=\"p-col-span-3 p-flex p-flex-col p-items-start\">\r\n            <div class=\"p-text-start p-text-secondary p-mb-1 p-bold\"> Zustrom <\/div>\r\n            <div class=\"p-w-full p-bg-light p-rounded-full p-h-2 p-relative\">\r\n                <div class=\"p-bg-primary p-h-2 p-rounded-full p-absolute\" style=\"width: 60%;\"><\/div>\r\n            <\/div>\r\n        <\/div>\r\n    <\/div>\r\n\r\n    <div class=\"p-grid p-grid-cols-4 p-shrink-0 p-w-72 p-snap-start md:p-w-full\">\r\n        <div class=\"p-col-span-1 p-self-center p-text-center p-text-3xl\">\r\n            <i class=\"icon-difficulty\"><\/i>\r\n        <\/div>\r\n        <div class=\"p-col-span-3 p-flex p-flex-col p-items-start\">\r\n            <div class=\"p-text-start p-text-secondary p-mb-1 p-bold\"> Schwierigkeitsgrad <\/div>\r\n            <div class=\"p-w-full p-bg-light p-rounded-full p-h-2 p-relative\">\r\n                <div class=\"p-bg-primary p-h-2 p-rounded-full p-absolute\" style=\"width: 60%;\"><\/div>\r\n            <\/div>\r\n        <\/div>\r\n    <\/div>\r\n\r\n    <div class=\"p-grid p-grid-cols-4 p-shrink-0 p-w-72 p-snap-start md:p-w-full\">\r\n        <div class=\"p-col-span-1 p-self-center p-text-center p-text-3xl\">\r\n            <i class=\"icon-patrimony\"><\/i>\r\n        <\/div>\r\n        <div class=\"p-col-span-3 p-flex p-flex-col p-items-start\">\r\n            <div class=\"p-text-start p-text-secondary p-mb-1 p-bold\"> Kunst\/Geschichte <\/div>\r\n            <div class=\"p-w-full p-bg-light p-rounded-full p-h-2 p-relative\">\r\n                <div class=\"p-bg-primary p-h-2 p-rounded-full p-absolute\" style=\"width: 80%;\"><\/div>\r\n            <\/div>\r\n        <\/div>\r\n    <\/div>\r\n\r\n    <div class=\"p-grid p-grid-cols-4 p-shrink-0 p-w-72 p-snap-start md:p-w-full\">\r\n        <div class=\"p-col-span-1 p-self-center p-text-center p-text-3xl\">\r\n            <i class=\"icon-nature\"><\/i>\r\n        <\/div>\r\n        <div class=\"p-col-span-3 p-flex p-flex-col p-items-start\">\r\n            <div class=\"p-text-start p-text-secondary p-mb-1 p-bold\"> Natur <\/div>\r\n            <div class=\"p-w-full p-bg-light p-rounded-full p-h-2 p-relative\">\r\n                <div class=\"p-bg-primary p-h-2 p-rounded-full p-absolute\" style=\"width: 60%;\"><\/div>\r\n            <\/div>\r\n        <\/div>\r\n    <\/div>\r\n\r\n    <div class=\"p-grid p-grid-cols-4 p-shrink-0 p-w-72 p-snap-start md:p-w-full\">\r\n        <div class=\"p-col-span-1 p-self-center p-text-center p-text-3xl\">\r\n            <i class=\"icon-urban\"><\/i>\r\n        <\/div>\r\n        <div class=\"p-col-span-3 p-flex p-flex-col p-items-start\">\r\n            <div class=\"p-text-start p-text-secondary p-mb-1 p-bold\"> St\u00e4dtischer Weg <\/div>\r\n            <div class=\"p-w-full p-bg-light p-rounded-full p-h-2 p-relative\">\r\n                <div class=\"p-bg-primary p-h-2 p-rounded-full p-absolute\" style=\"width: 20%;\"><\/div>\r\n            <\/div>\r\n        <\/div>\r\n    <\/div>\r\n  <\/div>\r\n<\/section>\n<\/section>\n\n<div id=\"stage-list-section\"><div class=\"stage-list\">\n    <div class='stage-list__map-card'>\n        <div class='stage-list__map-card__map'>\n            <div class='stage-list__map-card__map__text'>\n                <h2> Pages <\/h2>\n                <p> Zu Fu\u00df<\/p>\n                <p> 0etappen<\/p>\n            <\/div>\n            <div class='stage-list__map-card__map__img'>\n                <img decoding=\"async\" src=\"\" alt=\" mapa \" \/>\n            <\/div>\n        <\/div>\n    <\/div>\n\n    <\/div>\n<\/div>\n\n<section id=\"navStage\">\n  <div>\n    <nav id=\"tab-navigation-section\" class=\"tab-navigation-section--cols-5\">\n      <a href=\"#infoSection\" class=\"active\">Information<\/a>\n       <a href=\"#profileSection\">Profil<\/a>\n       <a href=\"#itinerarySection\">Route<\/a>\n       <a href=\"#locationsSection\">Ortschaften<\/a>\n    <\/nav>\n\n    <div id=\"infoSection\">\n      <!-- Title Section with Orange Line -->\n      <div>\n        <h2 class=\"p-h2-stage\">Information<\/h2>\n        <hr class=\"orange-bar\" \/>\n        <h3 class=\"p-h3-stage\">\u00dcber diese Etappe<\/h3>\n      <\/div>\n\n      \n        <p>Etwas mehr als drei\u00dfig Kilometer trennen uns von der ummauerten r\u00f6mischen Stadt Lugo, eine Entfernung, die wir eifrig zur\u00fccklegen werden, um diese gro\u00dfartige Stadt zu erreichen. Dies sollte uns jedoch nicht ablenken, da wir in der Zwischenzeit die Sch\u00f6nheit der galicischen Landschaft mit einer Vielzahl von kleinen D\u00f6rfern und arch\u00e4ologischen \u00dcberresten genie\u00dfen k\u00f6nnen, die tausend Geschichten zu erz\u00e4hlen haben.<\/p>\n      \n\n      <div class=\"recomendation-card\">\n        <div>\n          <i class=\"icon-logo-pilgrim\"><\/i>\n          <h5>Empfehlung Pilgrim<\/h5>\n        <\/div>\n\n        \n          <p>Wir haben die von starken H\u00f6henunterschieden gepr\u00e4gten Etappen bereits hinter uns gelassen. Diese ist in ihrer Schwierigkeit, trotz mehrerer Bergauf- Strecken, weit von den abwechselnden H\u00f6hen und Tiefen der vergangenen Tagesrouten entfernt. Nur der &#8222;Alto da Vaqueriza&#8220;, kurz nach Beginn der Etappe, ist hier hervorzuheben.<\/p>\n        \n      <\/div>\n    <\/div>\n\n    <div id=\"profileSection\">\n      <div>\n        <h2 class=\"p-h2-stage\">Entfernung und H\u00f6he<\/h2>\n        <hr class=\"orange-bar\" \/>\n        <h3 class=\"p-h3-stage\">Etappenprofil<\/h3>\n        <img decoding=\"async\" src=\"https:\/\/cdn.pilgrim.es\/web\/caminos\/camino-primitivo\/etapas\/etapa-9\/etapa9-perfil-o-cadavo-lugo.jpg\" alt=\"Stage profile etappe-9-o-cadavo-baleira-lugo\" \/>\n      <\/div>\n    <\/div>\n\n    <div id=\"itinerarySection\">\n      <h2 class=\"p-h2-stage\">Route<\/h2>\n      <hr \/>\n      <h3 class=\"p-h3-stage\">Itinerary<\/h3>\n\n      \n        <div>\n          <h4>Km 0 &#8211; Inicio<\/h4>\n\n          \n            <p>Wir kehren von der Herberge O C\u00e1davo in Richtung des Ortskerns zur\u00fcck, konkret an den Platz hinter dem Rathaus. Von dort aus verlassen wir das Dorf \u00fcber eine Abzweigung nach links und nehmen einen aufsteigenden, asphaltierten Weg in Richtung Pradeda in San Pedro da Esperela. Dieser asphaltierte Weg geht in einen erdigen Pfad \u00fcber, der uns zum &#8222;Alto de Vaqueriza&#8220; f\u00fchrt, dem letzten Bergpass, den wir auf unserer Pilgerreise nach Santiago meistern werden. Von hier aus m\u00fcssen wir aufgrund der vordringenden Vegetation ein besonderes Augenmerk auf die indikativen Meilensteine \u200b\u200bhaben, da diese in einigen F\u00e4llen von Unkraut verborgen oder in den B\u00fcschen versteckt sind. Wir werden uns durch die Berge von Cornedo, Fonteseca und Vilabade der gleichnamigen Pfarrgemeinde n\u00e4hern, in der wir unsere Feldflaschen f\u00fcllen k\u00f6nnen, w\u00e4hrend wir die Kapelle zu Ehren der &#8222;Virgen del Carmen&#8220; bewundern. Nach einer kurzen Bergab- Strecke erreichen wir diese Gemeinde, in der sich eine &#8222;Santa Maria&#8220; gewidmeten Kirche befindet, die von vielen als &#8222;Kathedrale von Castroverde&#8220;, &#8222;Concello&#8220; dem Vilabade angeh\u00f6rt, bezeichnet wird. Dieser Tempel gotischen Stils wurde im XV. Jahrhundert im Auftrag der Grafen von Lemos erbaut und bewahrt in seinem Inneren eine Reihe sehr interessanter Barockwerke. Der Kirche geh\u00f6rte auch ein Franziskanerkloster an, von dem allerdings keine \u00dcberreste erhalten geblieben sind. Gegenw\u00e4rtig befindet sich direkt daneben der &#8222;Pazo de Vilabade&#8220; aus dem XVII. Jahrhundert, welcher urspr\u00fcnglich ein Pilger- Krankenhaus war. Einer lokalen Au\u00dferortsstra\u00dfe folgend, gelangen wir auf die LU-530 und nach Castroverde, einer Ortschaft mit \u00f6ffentlicher Herberge und mehreren interessanten Sehensw\u00fcrdigkeiten. Dazu geh\u00f6ren die &#8222;Torre de Homenaje&#8220; oder &#8222;Castroverde&#8220;- Burg. Diese antike Festung geh\u00f6rte dem Grafen von Villalobos D. \u00c1lvaro P\u00e9rez Osorio und war von breiten Steinmauern umgeben. Die Ketten und Schl\u00f6sser, mit denen die Gefangenen des Festungsgef\u00e4ngnisses festgehalten wurden, sind im Provinzmuseum von Lugo ausgestellt. Es befindet sich derzeit in Privatbesitz und leider, trotz seiner Erkl\u00e4rung zum historischen Kulturdenkmal, in einem Zustand v\u00f6lliger Verwahrlosung.<\/p>\n          \n            <p>Wenn wir die Hauptstra\u00dfe dieser Ortschaft entlanggehen, k\u00f6nnen wir verschiedene Dienstleistungen finden und uns verproviantieren, da wir dazu bis zum Ende der Etappe in Lugo keine M\u00f6glichkeit mehr finden werden. An der Kreuzung zur Herberge m\u00fcssen wir die Hauptverkehrsstra\u00dfe \u00fcberqueren und links abbiegen, um einen kurzen Pfad entlangzugehen und schlie\u00dflich zur Hauptstra\u00dfe zur\u00fcckzukehren; wo wir alle Art von Dienstleistungen finden. Etwas weiter vorn weichen wir auf einen Weg aus und kommen an einem Brunnen vorbei, von dem aus wir in der Ferne den ber\u00fchmten Turm dieser Ortschaft sehen k\u00f6nnen. Wir gehen weiter, bis ein Meilenstein uns anzeigt, dass wir einen Weg zwischen Kastanienb\u00e4umen nach rechts nehmen m\u00fcssen, um auf die Stra\u00dfe zu gelangen. Dann \u00fcberqueren wir diese, um sp\u00e4ter unter einem Tunnel hindurchzugehen. So kommen wir in Souto de Torres und San Miguel do Cami\u00f1o an, einem Ort voller Obstg\u00e4rten und weitreichender Wiesen. Dieser Ort ist seit seiner Gr\u00fcndung mit dem Jakobsweg verbunden, wie wir an seinem Namen erkennen k\u00f6nnen, sowie auch seine Pfarrkirche, die sich unter den zahlreichen B\u00e4umen &#8222;verstecken&#8220; kann. Dann wandern wir weiter in einer Umgebung von unvergleichlicher Sch\u00f6nheit, \u00fcber Pfade zwischen Eichen- und Kastanienw\u00e4ldern, dem Verlauf von B\u00e4chen nahe und dem Singen der V\u00f6gel. Die n\u00e4chste Ortschaft, auf die wir sto\u00dfen werden, ist Souto de Torres, nachdem wir eine Abzweigung nach links genommen haben; gefolgt von Vilar de Cas, beide dem &#8222;Concello&#8220; von Castroverde angeh\u00f6rend. Wir sollten uns nicht wundern, wenn uns eine Gruppe H\u00fchner den Weg &#8222;abschneidet&#8220;. Diese kuriosen V\u00f6gel ziehen ungehindert durch das Dorf, wo sich auch ein ebenfalls kurioser Verkaufsautomat in einem &#8222;Cortello&#8220; (Stall) befindet. Wenn wir eine Kreuzung erreichen, haben wir die M\u00f6glichkeit, weiter nach links zu gehen, wie der Meilenstein markiert, oder rechts in Richtung Soutomerille. Diese letztere Variante ist etwas l\u00e4nger, verl\u00e4uft aber entlang eines einfachen Weges von gro\u00dfer Sch\u00f6nheit. Wenn wir uns f\u00fcr diese Option entscheiden, werden wir den als &#8222;Cami\u00f1o das Barrancas&#8220; bekannten Weg im Schatten jahrhundertealter B\u00e4ume, die sich in der H\u00f6he zu umarmen scheinen, beschreiten. Wir kommen an den Ruinen eines Hauses vorbei, dem ehemaligen Festungs- Haus von Monfortino- und dem &#8222;Casti\u00f1eiro da Corredoira&#8220;, einem dreihundertf\u00fcnfzig Jahre alten Kastanienbaum. So erreichen wir die &#8222;San Salvador de Soutomerille&#8220;- Kirche, in der noch heute \u00dcberreste des antiken vorromanischen Tempels erhalten geblieben sind. Sie wurde im XVII. Jahrhundert renoviert: vorwiegend weist sie einen Barockstil auf, vor allem an der Hauptfassade. Man glaubt, dass sie in der Antike ein kleines Kloster beherbergt h\u00e4tte, und in j\u00fcngsten Ausgrabungen fand man Reste der urspr\u00fcnglichen Weihest\u00e4tte und verschiedene Gr\u00e4ber aus dem XVII. Jahrhundert. Im Moment befindet sich sein Inneres in einem sehr schlechten Zustand, da diese D\u00f6rfer entv\u00f6lkert sind. Auf Wegen, die von weitreichenden Wiesen umgeben sind, nehmen wir erneut den Pfad auf, den wir in Vilar de Cas verlassen haben. Entlang eines Weges in der N\u00e4he eines Baches wandern wir weiter durch As Casas da Vi\u00f1a, wo wir vor einer Cafeteria in einen erdigen Pfad in Richtung Castelo \u00fcbergehen. Wir \u00fcberqueren den Fluss Rato im &#8222;Chanca&#8220;- Viertel und gehen etwas weiter vorn unter Bahngleisen hindurch. Wir werden im Ort Fonti\u00f1as am Ende einer Treppe ankommen, wo darauf hingewiesen wird, dass die Radfahrer auf der Stra\u00dfe weiterfahren m\u00fcssen, und n\u00e4hern uns der &#8222;Ronda de la Muralla&#8220; und der &#8222;Puerta de San Pedro&#8220;, &#8222;Puerta de Sancti Petri&#8220; oder auch &#8222;Puerta Toledana&#8220; genannt. Wir durchqueren diese und biegen in die erste Stra\u00dfe rechts ein, um zur Pilger- Herberge zu gelangen, dem Ende der heutigen Etappe. Wenn wir noch \u00fcber Kr\u00e4fte verf\u00fcgen, sollten wir uns das breite touristische Angebot der ummauerten Stadt nicht entgehen lassen. Neben einem Spaziergang auf der antiken Mauer, sind auch die &#8222;Santa Mar\u00eda&#8220;- Kathedrale, Sitz der Di\u00f6zese Lugo, ihr hervorragendes Nordportal sowie die &#8222;Virgen de los Ojos Grandes&#8220;- Kapelle ein Muss. Das &#8222;San Francisco&#8220;- Kloster an der &#8222;Plaza Mayor&#8220; aus dem XV. Jahrhundert mit seiner Kirche, dem Kreuzgang und den \u00dcberresten des ehemaligen Franziskanerklosters, ist ebenfalls ein wesentliches Merkmal dieser tausendj\u00e4hrigen Stadt, dass uns nicht entgehen darf.<\/p>\n          \n\n          \n            <a class=\"town-link\" href=\"https:\/\/www.pilgrim.es\/de\/primitiver-weg\/o-cadavo\/\">\n              <div class=\"town-link__link-content\">\n                <div class=\"town-link__link-content__text\">\n                  <p>Lokale Informationen<\/p>\n                  <p>Polizei, medizinische Versorgung, Sehensw\u00fcrdigkeiten, Restaurants&#8230;<\/p>\n                <\/div>\n                <div class=\"town-link__link-content__town-btn\">\n                  <i class=\"icon-arrow\"><\/i>\n                <\/div>\n              <\/div>\n            <\/a>\n          \n        <\/div>\n        <hr \/>\n      \n      <div>\n        <h4>Km 29.5 &#8231; Lugo<\/h4>\n        <a class=\"town-link\" href=\"https:\/\/www.pilgrim.es\/de\/primitiver-weg\/lugo\/\">\n          <div class=\"town-link__link-content\">\n            <div class=\"town-link__link-content__text\">\n              <p>Lokale Informationen<\/p>\n              <p>Polizei, medizinische Versorgung, Sehensw\u00fcrdigkeiten, Restaurants&#8230;<\/p>\n            <\/div>\n            <div class=\"town-link__link-content__town-btn\">\n              <i class=\"icon-arrow\"><\/i>\n            <\/div>\n          <\/div>\n        <\/a>\n      <\/div>\n    <\/div>\n\n  <div id=\"locationsSection\">\n      <h2 class=\"p-h2-stage\">\u00d6rtlichkeiten<\/h2>\n      <hr \/>\n      <h3 class=\"p-h3-stage\">St\u00e4dte<\/h3>\n      <div class=\"grid-container\">\n\n        <div class=\"p-group card-stage p-max-w-full\">\n          <a href=\"https:\/\/www.pilgrim.es\/de\/primitiver-weg\/o-cadavo\/\" class=\"town-card\">\n            <div class=\"card-stage__header\">\n              <img decoding=\"async\" src=\"https:\/\/cdn.pilgrim.es\/web\/caminos\/camino-primitivo\/pueblos\/o-cadavo.jpg\" alt=\"O C\u00e1davo Baleira\" class=\"group-hover:p-scale-110\" \/>\n              <div class=\"card-overlay group-hover:p-opacity-50\"><\/div>\n            <\/div>\n            <div class=\"town-card__flex-container\">\n              <div class=\"town-card__flex-container__info\">\n                <h3>O C\u00e1davo Baleira<\/h3>\n                <p>Provincia: Lugo<\/p>\n              <\/div>\n              <div class=\"town-card__flex-container__btn\">\n                <i class=\"icon-arrow\"><\/i>\n              <\/div>\n            <\/div>\n          <\/a>\n        <\/div>\n        <div class=\"p-group card-stage p-max-w-full\">\n          <a href=\"https:\/\/www.pilgrim.es\/de\/primitiver-weg\/lugo\/\" class=\"town-card\">\n            <div class=\"card-stage__header\">\n              <img decoding=\"async\" src=\"https:\/\/cdn.pilgrim.es\/web\/caminos\/camino-primitivo\/pueblos\/lugo.jpg\" alt=\"Lugo\" class=\"group-hover:p-scale-110\" \/>\n              <div class=\"card-overlay group-hover:p-opacity-50\"><\/div>\n            <\/div>\n            <div class=\"town-card__flex-container\">\n              <div class=\"town-card__flex-container__info\">\n                <h3>Lugo<\/h3>\n                <p>Provincia: Lugo<\/p>\n              <\/div>\n              <div class=\"town-card__flex-container__btn\">\n                <i class=\"icon-arrow\"><\/i>\n              <\/div>\n            <\/div>\n          <\/a>\n        <\/div>\n      <\/div>\n    <\/div>\n    <hr class=\"single-bar\" \/>\n  <\/div>\n<\/section>\n\n<section id=\"stageChange\">\n  <div>\n    <a href=\"https:\/\/www.pilgrim.es\/de\/primitiver-weg\/etappe-8-fonsagradapadron-o-cadavo-baleira\/\" class=\"change-btn\">\n    <div class=\"change-btn\">\n      <div class=\"btn-arrow previous\">\n        <i class=\"icon-arrow\"><\/i>\n      <\/div>\n      <div class=\"change-btn__info\">\n        <div>Etappe 8<\/div>\n        <p>\n          Fonsagrada \u276f <br> O C\u00e1davo\n        <\/p>\n      <\/div>\n    <\/div>\n    <\/a>\n    <a href=\"https:\/\/www.pilgrim.es\/de\/primitiver-weg\/etappe-10-lugo-san-romao-da-retorta\/\" class=\"change-btn\">\n      <div class=\"change-btn__info\">\n        <div>Etappe 10<\/div>\n        <p>\n          Lugo \u276f <br> San Romao da Retorta\n        <\/p>\n      <\/div>\n      <div class=\"btn-arrow\">\n        <i class=\"icon-arrow\"><\/i>\n      <\/div>\n    <\/a>\n  <\/div>\n<\/section>\n","protected":false},"excerpt":{"rendered":"<p>Primitiver Weg (Urweg): Etappe 9 Walk 14 Etappe \/ 310 Kms O C\u00e1davo Baleira &#10093; Lugo 29.5 Km &#10094; Etappe 8 Etappe 10 &#10095; Information Profil Route Ortschaften Information \u00dcber diese Etappe Etwas mehr als drei\u00dfig Kilometer trennen uns von der ummauerten r\u00f6mischen Stadt Lugo, eine Entfernung, die wir eifrig zur\u00fccklegen werden, um diese gro\u00dfartige &hellip; <\/p>\n<p class=\"read_more\"><a href=\"https:\/\/www.pilgrim.es\/de\/primitiver-weg\/etappe-9-o-cadavo-baleira-lugo\/\">Leer m\u00e1s<\/a><\/p>\n","protected":false},"author":4,"featured_media":13065,"parent":10635,"menu_order":0,"comment_status":"closed","ping_status":"closed","template":"views\/template-new-web-design.blade.php","meta":{"footnotes":""},"categories":[],"tags":[],"class_list":["post-38917","page","type-page","status-publish","has-post-thumbnail","hentry"],"yoast_head":"<!-- This site is optimized with the Yoast SEO plugin v27.4 - https:\/\/yoast.com\/product\/yoast-seo-wordpress\/ -->\n<title>Camino Primitvo desde O C\u00e1davo a Lugo | Camino de Santiago | Pilgrim<\/title>\n<meta name=\"description\" content=\"Primitiver Weg (Urweg): Etappe 9 des Jakobsweges, der zwischen den Ortschaften O C\u00e1davo und Lugo verl\u00e4uft. Entdecken Sie alle Informationen und planen Sie Ihre Etappe.\" \/>\n<meta name=\"robots\" content=\"index, follow, max-snippet:-1, max-image-preview:large, max-video-preview:-1\" \/>\n<link rel=\"canonical\" href=\"https:\/\/www.pilgrim.es\/de\/primitiver-weg\/etappe-9-o-cadavo-baleira-lugo\/\" \/>\n<meta property=\"og:locale\" content=\"de_DE\" \/>\n<meta property=\"og:type\" content=\"article\" \/>\n<meta property=\"og:title\" content=\"Camino Primitvo desde O C\u00e1davo a Lugo | Camino de Santiago | Pilgrim\" \/>\n<meta property=\"og:description\" content=\"Primitiver Weg (Urweg): Etappe 9 des Jakobsweges, der zwischen den Ortschaften O C\u00e1davo und Lugo verl\u00e4uft. Entdecken Sie alle Informationen und planen Sie Ihre Etappe.\" \/>\n<meta property=\"og:url\" content=\"https:\/\/www.pilgrim.es\/de\/primitiver-weg\/etappe-9-o-cadavo-baleira-lugo\/\" \/>\n<meta property=\"og:site_name\" content=\"Pilgrim\" \/>\n<meta property=\"article:publisher\" content=\"https:\/\/www.facebook.com\/pilgrim.es\/\" \/>\n<meta property=\"article:modified_time\" content=\"2025-08-26T11:10:08+00:00\" \/>\n<meta property=\"og:image\" content=\"https:\/\/www.pilgrim.es\/wp-content\/uploads\/2019\/03\/camino_primitivo_etapa_9.jpg\" \/>\n\t<meta property=\"og:image:width\" content=\"1629\" \/>\n\t<meta property=\"og:image:height\" content=\"547\" \/>\n\t<meta property=\"og:image:type\" content=\"image\/jpeg\" \/>\n<meta name=\"twitter:card\" content=\"summary_large_image\" \/>\n<meta name=\"twitter:site\" content=\"@pilgrim_es\" \/>\n<meta name=\"twitter:label1\" content=\"Gesch\u00e4tzte Lesezeit\" \/>\n\t<meta name=\"twitter:data1\" content=\"6\u00a0Minuten\" \/>\n<script type=\"application\/ld+json\" class=\"yoast-schema-graph\">{\"@context\":\"https:\\\/\\\/schema.org\",\"@graph\":[{\"@type\":\"WebPage\",\"@id\":\"https:\\\/\\\/www.pilgrim.es\\\/de\\\/primitiver-weg\\\/etappe-9-o-cadavo-baleira-lugo\\\/\",\"url\":\"https:\\\/\\\/www.pilgrim.es\\\/de\\\/primitiver-weg\\\/etappe-9-o-cadavo-baleira-lugo\\\/\",\"name\":\"Camino Primitvo desde O C\u00e1davo a Lugo | Camino de Santiago | Pilgrim\",\"isPartOf\":{\"@id\":\"https:\\\/\\\/www.pilgrim.es\\\/de\\\/#website\"},\"primaryImageOfPage\":{\"@id\":\"https:\\\/\\\/www.pilgrim.es\\\/de\\\/primitiver-weg\\\/etappe-9-o-cadavo-baleira-lugo\\\/#primaryimage\"},\"image\":{\"@id\":\"https:\\\/\\\/www.pilgrim.es\\\/de\\\/primitiver-weg\\\/etappe-9-o-cadavo-baleira-lugo\\\/#primaryimage\"},\"thumbnailUrl\":\"https:\\\/\\\/www.pilgrim.es\\\/wp-content\\\/uploads\\\/2019\\\/03\\\/camino_primitivo_etapa_9.jpg\",\"datePublished\":\"2019-05-28T12:15:26+00:00\",\"dateModified\":\"2025-08-26T11:10:08+00:00\",\"description\":\"Primitiver Weg (Urweg): Etappe 9 des Jakobsweges, der zwischen den Ortschaften O C\u00e1davo und Lugo verl\u00e4uft. Entdecken Sie alle Informationen und planen Sie Ihre Etappe.\",\"breadcrumb\":{\"@id\":\"https:\\\/\\\/www.pilgrim.es\\\/de\\\/primitiver-weg\\\/etappe-9-o-cadavo-baleira-lugo\\\/#breadcrumb\"},\"inLanguage\":\"de\",\"potentialAction\":[{\"@type\":\"ReadAction\",\"target\":[\"https:\\\/\\\/www.pilgrim.es\\\/de\\\/primitiver-weg\\\/etappe-9-o-cadavo-baleira-lugo\\\/\"]}]},{\"@type\":\"ImageObject\",\"inLanguage\":\"de\",\"@id\":\"https:\\\/\\\/www.pilgrim.es\\\/de\\\/primitiver-weg\\\/etappe-9-o-cadavo-baleira-lugo\\\/#primaryimage\",\"url\":\"https:\\\/\\\/www.pilgrim.es\\\/wp-content\\\/uploads\\\/2019\\\/03\\\/camino_primitivo_etapa_9.jpg\",\"contentUrl\":\"https:\\\/\\\/www.pilgrim.es\\\/wp-content\\\/uploads\\\/2019\\\/03\\\/camino_primitivo_etapa_9.jpg\",\"width\":1629,\"height\":547,\"caption\":\"Landkarte Etappe 9 Primitiver Weg (Urweg)\"},{\"@type\":\"BreadcrumbList\",\"@id\":\"https:\\\/\\\/www.pilgrim.es\\\/de\\\/primitiver-weg\\\/etappe-9-o-cadavo-baleira-lugo\\\/#breadcrumb\",\"itemListElement\":[{\"@type\":\"ListItem\",\"position\":1,\"name\":\"Camino de Santiago\",\"item\":\"https:\\\/\\\/www.pilgrim.es\\\/de\\\/\"},{\"@type\":\"ListItem\",\"position\":2,\"name\":\"Der Primitive Weg (Urweg)\",\"item\":\"https:\\\/\\\/www.pilgrim.es\\\/de\\\/primitiver-weg\\\/\"},{\"@type\":\"ListItem\",\"position\":3,\"name\":\"Primitiver Weg (Urweg) | Etappe 9: O C\u00e1davo &#8211; Lugo\"}]},{\"@type\":\"WebSite\",\"@id\":\"https:\\\/\\\/www.pilgrim.es\\\/de\\\/#website\",\"url\":\"https:\\\/\\\/www.pilgrim.es\\\/de\\\/\",\"name\":\"Pilgrim\",\"description\":\"Camino de Santiago | Caminamos Contigo\",\"publisher\":{\"@id\":\"https:\\\/\\\/www.pilgrim.es\\\/de\\\/#organization\"},\"potentialAction\":[{\"@type\":\"SearchAction\",\"target\":{\"@type\":\"EntryPoint\",\"urlTemplate\":\"https:\\\/\\\/www.pilgrim.es\\\/de\\\/?s={search_term_string}\"},\"query-input\":{\"@type\":\"PropertyValueSpecification\",\"valueRequired\":true,\"valueName\":\"search_term_string\"}}],\"inLanguage\":\"de\"},{\"@type\":\"Organization\",\"@id\":\"https:\\\/\\\/www.pilgrim.es\\\/de\\\/#organization\",\"name\":\"Pilgrim Camino de Santiago\",\"url\":\"https:\\\/\\\/www.pilgrim.es\\\/de\\\/\",\"logo\":{\"@type\":\"ImageObject\",\"inLanguage\":\"de\",\"@id\":\"https:\\\/\\\/www.pilgrim.es\\\/de\\\/#\\\/schema\\\/logo\\\/image\\\/\",\"url\":\"https:\\\/\\\/www.pilgrim.es\\\/wp-content\\\/uploads\\\/2019\\\/04\\\/logo_pilgrim.png\",\"contentUrl\":\"https:\\\/\\\/www.pilgrim.es\\\/wp-content\\\/uploads\\\/2019\\\/04\\\/logo_pilgrim.png\",\"width\":512,\"height\":512,\"caption\":\"Pilgrim Camino de Santiago\"},\"image\":{\"@id\":\"https:\\\/\\\/www.pilgrim.es\\\/de\\\/#\\\/schema\\\/logo\\\/image\\\/\"},\"sameAs\":[\"https:\\\/\\\/www.facebook.com\\\/pilgrim.es\\\/\",\"https:\\\/\\\/x.com\\\/pilgrim_es\",\"https:\\\/\\\/www.instagram.com\\\/pilgrim.es\\\/\",\"https:\\\/\\\/www.linkedin.com\\\/company\\\/pilgrim-camino-de-santiago\\\/\",\"https:\\\/\\\/www.pinterest.es\\\/pilgrimcaminodesantiago\\\/\",\"https:\\\/\\\/www.youtube.com\\\/channel\\\/UCIv2ZzFLXVqthkNF32rKedw\\\/featured\"]}]}<\/script>\n<!-- \/ Yoast SEO plugin. -->","yoast_head_json":{"title":"Camino Primitvo desde O C\u00e1davo a Lugo | Camino de Santiago | Pilgrim","description":"Primitiver Weg (Urweg): Etappe 9 des Jakobsweges, der zwischen den Ortschaften O C\u00e1davo und Lugo verl\u00e4uft. Entdecken Sie alle Informationen und planen Sie Ihre Etappe.","robots":{"index":"index","follow":"follow","max-snippet":"max-snippet:-1","max-image-preview":"max-image-preview:large","max-video-preview":"max-video-preview:-1"},"canonical":"https:\/\/www.pilgrim.es\/de\/primitiver-weg\/etappe-9-o-cadavo-baleira-lugo\/","og_locale":"de_DE","og_type":"article","og_title":"Camino Primitvo desde O C\u00e1davo a Lugo | Camino de Santiago | Pilgrim","og_description":"Primitiver Weg (Urweg): Etappe 9 des Jakobsweges, der zwischen den Ortschaften O C\u00e1davo und Lugo verl\u00e4uft. Entdecken Sie alle Informationen und planen Sie Ihre Etappe.","og_url":"https:\/\/www.pilgrim.es\/de\/primitiver-weg\/etappe-9-o-cadavo-baleira-lugo\/","og_site_name":"Pilgrim","article_publisher":"https:\/\/www.facebook.com\/pilgrim.es\/","article_modified_time":"2025-08-26T11:10:08+00:00","og_image":[{"width":1629,"height":547,"url":"https:\/\/www.pilgrim.es\/wp-content\/uploads\/2019\/03\/camino_primitivo_etapa_9.jpg","type":"image\/jpeg"}],"twitter_card":"summary_large_image","twitter_site":"@pilgrim_es","twitter_misc":{"Gesch\u00e4tzte Lesezeit":"6\u00a0Minuten"},"schema":{"@context":"https:\/\/schema.org","@graph":[{"@type":"WebPage","@id":"https:\/\/www.pilgrim.es\/de\/primitiver-weg\/etappe-9-o-cadavo-baleira-lugo\/","url":"https:\/\/www.pilgrim.es\/de\/primitiver-weg\/etappe-9-o-cadavo-baleira-lugo\/","name":"Camino Primitvo desde O C\u00e1davo a Lugo | Camino de Santiago | Pilgrim","isPartOf":{"@id":"https:\/\/www.pilgrim.es\/de\/#website"},"primaryImageOfPage":{"@id":"https:\/\/www.pilgrim.es\/de\/primitiver-weg\/etappe-9-o-cadavo-baleira-lugo\/#primaryimage"},"image":{"@id":"https:\/\/www.pilgrim.es\/de\/primitiver-weg\/etappe-9-o-cadavo-baleira-lugo\/#primaryimage"},"thumbnailUrl":"https:\/\/www.pilgrim.es\/wp-content\/uploads\/2019\/03\/camino_primitivo_etapa_9.jpg","datePublished":"2019-05-28T12:15:26+00:00","dateModified":"2025-08-26T11:10:08+00:00","description":"Primitiver Weg (Urweg): Etappe 9 des Jakobsweges, der zwischen den Ortschaften O C\u00e1davo und Lugo verl\u00e4uft. Entdecken Sie alle Informationen und planen Sie Ihre Etappe.","breadcrumb":{"@id":"https:\/\/www.pilgrim.es\/de\/primitiver-weg\/etappe-9-o-cadavo-baleira-lugo\/#breadcrumb"},"inLanguage":"de","potentialAction":[{"@type":"ReadAction","target":["https:\/\/www.pilgrim.es\/de\/primitiver-weg\/etappe-9-o-cadavo-baleira-lugo\/"]}]},{"@type":"ImageObject","inLanguage":"de","@id":"https:\/\/www.pilgrim.es\/de\/primitiver-weg\/etappe-9-o-cadavo-baleira-lugo\/#primaryimage","url":"https:\/\/www.pilgrim.es\/wp-content\/uploads\/2019\/03\/camino_primitivo_etapa_9.jpg","contentUrl":"https:\/\/www.pilgrim.es\/wp-content\/uploads\/2019\/03\/camino_primitivo_etapa_9.jpg","width":1629,"height":547,"caption":"Landkarte Etappe 9 Primitiver Weg (Urweg)"},{"@type":"BreadcrumbList","@id":"https:\/\/www.pilgrim.es\/de\/primitiver-weg\/etappe-9-o-cadavo-baleira-lugo\/#breadcrumb","itemListElement":[{"@type":"ListItem","position":1,"name":"Camino de Santiago","item":"https:\/\/www.pilgrim.es\/de\/"},{"@type":"ListItem","position":2,"name":"Der Primitive Weg (Urweg)","item":"https:\/\/www.pilgrim.es\/de\/primitiver-weg\/"},{"@type":"ListItem","position":3,"name":"Primitiver Weg (Urweg) | Etappe 9: O C\u00e1davo &#8211; Lugo"}]},{"@type":"WebSite","@id":"https:\/\/www.pilgrim.es\/de\/#website","url":"https:\/\/www.pilgrim.es\/de\/","name":"Pilgrim","description":"Camino de Santiago | Caminamos Contigo","publisher":{"@id":"https:\/\/www.pilgrim.es\/de\/#organization"},"potentialAction":[{"@type":"SearchAction","target":{"@type":"EntryPoint","urlTemplate":"https:\/\/www.pilgrim.es\/de\/?s={search_term_string}"},"query-input":{"@type":"PropertyValueSpecification","valueRequired":true,"valueName":"search_term_string"}}],"inLanguage":"de"},{"@type":"Organization","@id":"https:\/\/www.pilgrim.es\/de\/#organization","name":"Pilgrim Camino de Santiago","url":"https:\/\/www.pilgrim.es\/de\/","logo":{"@type":"ImageObject","inLanguage":"de","@id":"https:\/\/www.pilgrim.es\/de\/#\/schema\/logo\/image\/","url":"https:\/\/www.pilgrim.es\/wp-content\/uploads\/2019\/04\/logo_pilgrim.png","contentUrl":"https:\/\/www.pilgrim.es\/wp-content\/uploads\/2019\/04\/logo_pilgrim.png","width":512,"height":512,"caption":"Pilgrim Camino de Santiago"},"image":{"@id":"https:\/\/www.pilgrim.es\/de\/#\/schema\/logo\/image\/"},"sameAs":["https:\/\/www.facebook.com\/pilgrim.es\/","https:\/\/x.com\/pilgrim_es","https:\/\/www.instagram.com\/pilgrim.es\/","https:\/\/www.linkedin.com\/company\/pilgrim-camino-de-santiago\/","https:\/\/www.pinterest.es\/pilgrimcaminodesantiago\/","https:\/\/www.youtube.com\/channel\/UCIv2ZzFLXVqthkNF32rKedw\/featured"]}]}},"_links":{"self":[{"href":"https:\/\/www.pilgrim.es\/de\/wp-json\/wp\/v2\/pages\/38917","targetHints":{"allow":["GET"]}}],"collection":[{"href":"https:\/\/www.pilgrim.es\/de\/wp-json\/wp\/v2\/pages"}],"about":[{"href":"https:\/\/www.pilgrim.es\/de\/wp-json\/wp\/v2\/types\/page"}],"author":[{"embeddable":true,"href":"https:\/\/www.pilgrim.es\/de\/wp-json\/wp\/v2\/users\/4"}],"replies":[{"embeddable":true,"href":"https:\/\/www.pilgrim.es\/de\/wp-json\/wp\/v2\/comments?post=38917"}],"version-history":[{"count":6,"href":"https:\/\/www.pilgrim.es\/de\/wp-json\/wp\/v2\/pages\/38917\/revisions"}],"predecessor-version":[{"id":135651,"href":"https:\/\/www.pilgrim.es\/de\/wp-json\/wp\/v2\/pages\/38917\/revisions\/135651"}],"up":[{"embeddable":true,"href":"https:\/\/www.pilgrim.es\/de\/wp-json\/wp\/v2\/pages\/10635"}],"wp:featuredmedia":[{"embeddable":true,"href":"https:\/\/www.pilgrim.es\/de\/wp-json\/wp\/v2\/media\/13065"}],"wp:attachment":[{"href":"https:\/\/www.pilgrim.es\/de\/wp-json\/wp\/v2\/media?parent=38917"}],"wp:term":[{"taxonomy":"category","embeddable":true,"href":"https:\/\/www.pilgrim.es\/de\/wp-json\/wp\/v2\/categories?post=38917"},{"taxonomy":"post_tag","embeddable":true,"href":"https:\/\/www.pilgrim.es\/de\/wp-json\/wp\/v2\/tags?post=38917"}],"curies":[{"name":"wp","href":"https:\/\/api.w.org\/{rel}","templated":true}]}}