{"id":38894,"date":"2019-05-27T16:08:23","date_gmt":"2019-05-27T16:08:23","guid":{"rendered":"https:\/\/prod.pilgrim.es\/primitiver-weg\/etappe-8-fonsagradapadron-o-cadavo-baleira\/"},"modified":"2025-08-26T10:57:41","modified_gmt":"2025-08-26T10:57:41","slug":"etappe-8-fonsagradapadron-o-cadavo-baleira","status":"publish","type":"page","link":"https:\/\/www.pilgrim.es\/de\/primitiver-weg\/etappe-8-fonsagradapadron-o-cadavo-baleira\/","title":{"rendered":"Primitiver Weg (Urweg) | Etappe 8: A Fonsagrada &#8211; O C\u00e1davo"},"content":{"rendered":"\n<section id=\"heroStage\">\n  <h1>Primitiver Weg (Urweg): Etappe 8<\/h1>\n  <div>\n    <div class=\"hero\" data-background=\"https:\/\/cdn.pilgrim.es\/web\/caminos\/camino-primitivo\/pueblos\/fonsagrada.jpg\">\n      <div class=\"hero__container\">\n        <div class=\"hero__container__labels\">\n          <p>Walk<\/p>\n          <p>14 Etappe \/ 310 Kms<\/p>\n        <\/div>\n        <div class=\"hero__container__stage-name\">\n          <h2>\n            Fonsagrada <br \/>\n            <span>&#10093;<\/span>\n            O C\u00e1davo Baleira\n          <\/h2>\n          <p>24.3 Km<\/p>\n        <\/div>\n        <div class=\"hero__container__stage-changer\">\n            <div class=\"stage-control\">\n              <a class=\"stage-control__link\" href=\"https:\/\/www.pilgrim.es\/de\/primitiver-weg\/etappe-7-grandas-de-salime-fonsagrada\/\"><span>&#10094;<\/span> Etappe 7<\/a>\n            <\/div>\n          <div class=\"stage-control\">\n            <a class=\"stage-control__link\" href=\"https:\/\/www.pilgrim.es\/de\/primitiver-weg\/etappe-9-o-cadavo-baleira-lugo\/\">Etappe 9 <span>&#10095;<\/span><\/a>\n          <\/div>\n        <\/div>\n      <\/div>\n    <\/div>\n    <div class=\"planner\"><div\r\n  class=\"p-col-span-1 p-rounded-lg p-px-5 p-h-full\"\r\n  style=\"background-image: url('https:\/\/cdn.pilgrim.es\/web\/pilgrim-planner\/bg-plugin-planificador.webp')\"\r\n  rel=\"preload\"\r\n  fetchpriority=\"high\"\r\n  >\r\n    <div class=\"p-text-center p-pt-5 p-text-white p-text-2xl p-font-semibold\">\r\n      Plane deinen Weg    <\/div>\r\n    <div\r\n            id='primary-app'\r\n            data-name='banner'\r\n            data-api='https:\/\/pathfinder.pilgrim.es\/api\/pathfinder\/v2'\r\n            data-mode='normal'\r\n            data-lang='de'\r\n            data-route='1'\r\n            data-destiny='https:\/\/planificador.pilgrim.es'\r\n            data-modality='1'\r\n            data-inline=''\r\n        ><\/div><\/div><\/div>\n  <\/div>\n<\/section>\n\n<section id=\"scoreBarsStage\">\n  <section>\r\n  <div class=\"p-flex p-flex-nowrap p-space-x-4 p-py-5 p-overflow-x-auto md:p-grid md:p-grid-cols-3 lg:p-grid-cols-5 md:p-gap-8 md:p-space-x-0 md:p-overflow-hidden scrollbar-thin\">\r\n    <div class=\"p-grid p-grid-cols-4 p-shrink-0 p-w-72 p-snap-start md:p-w-full\">\r\n        <div class=\"p-col-span-1 p-self-center p-text-center p-text-3xl\">\r\n            <i class=\"icon-influx\"><\/i>\r\n        <\/div>\r\n        <div class=\"p-col-span-3 p-flex p-flex-col p-items-start\">\r\n            <div class=\"p-text-start p-text-secondary p-mb-1 p-bold\"> Zustrom <\/div>\r\n            <div class=\"p-w-full p-bg-light p-rounded-full p-h-2 p-relative\">\r\n                <div class=\"p-bg-primary p-h-2 p-rounded-full p-absolute\" style=\"width: 60%;\"><\/div>\r\n            <\/div>\r\n        <\/div>\r\n    <\/div>\r\n\r\n    <div class=\"p-grid p-grid-cols-4 p-shrink-0 p-w-72 p-snap-start md:p-w-full\">\r\n        <div class=\"p-col-span-1 p-self-center p-text-center p-text-3xl\">\r\n            <i class=\"icon-difficulty\"><\/i>\r\n        <\/div>\r\n        <div class=\"p-col-span-3 p-flex p-flex-col p-items-start\">\r\n            <div class=\"p-text-start p-text-secondary p-mb-1 p-bold\"> Schwierigkeitsgrad <\/div>\r\n            <div class=\"p-w-full p-bg-light p-rounded-full p-h-2 p-relative\">\r\n                <div class=\"p-bg-primary p-h-2 p-rounded-full p-absolute\" style=\"width: 60%;\"><\/div>\r\n            <\/div>\r\n        <\/div>\r\n    <\/div>\r\n\r\n    <div class=\"p-grid p-grid-cols-4 p-shrink-0 p-w-72 p-snap-start md:p-w-full\">\r\n        <div class=\"p-col-span-1 p-self-center p-text-center p-text-3xl\">\r\n            <i class=\"icon-patrimony\"><\/i>\r\n        <\/div>\r\n        <div class=\"p-col-span-3 p-flex p-flex-col p-items-start\">\r\n            <div class=\"p-text-start p-text-secondary p-mb-1 p-bold\"> Kunst\/Geschichte <\/div>\r\n            <div class=\"p-w-full p-bg-light p-rounded-full p-h-2 p-relative\">\r\n                <div class=\"p-bg-primary p-h-2 p-rounded-full p-absolute\" style=\"width: 40%;\"><\/div>\r\n            <\/div>\r\n        <\/div>\r\n    <\/div>\r\n\r\n    <div class=\"p-grid p-grid-cols-4 p-shrink-0 p-w-72 p-snap-start md:p-w-full\">\r\n        <div class=\"p-col-span-1 p-self-center p-text-center p-text-3xl\">\r\n            <i class=\"icon-nature\"><\/i>\r\n        <\/div>\r\n        <div class=\"p-col-span-3 p-flex p-flex-col p-items-start\">\r\n            <div class=\"p-text-start p-text-secondary p-mb-1 p-bold\"> Natur <\/div>\r\n            <div class=\"p-w-full p-bg-light p-rounded-full p-h-2 p-relative\">\r\n                <div class=\"p-bg-primary p-h-2 p-rounded-full p-absolute\" style=\"width: 80%;\"><\/div>\r\n            <\/div>\r\n        <\/div>\r\n    <\/div>\r\n\r\n    <div class=\"p-grid p-grid-cols-4 p-shrink-0 p-w-72 p-snap-start md:p-w-full\">\r\n        <div class=\"p-col-span-1 p-self-center p-text-center p-text-3xl\">\r\n            <i class=\"icon-urban\"><\/i>\r\n        <\/div>\r\n        <div class=\"p-col-span-3 p-flex p-flex-col p-items-start\">\r\n            <div class=\"p-text-start p-text-secondary p-mb-1 p-bold\"> St\u00e4dtischer Weg <\/div>\r\n            <div class=\"p-w-full p-bg-light p-rounded-full p-h-2 p-relative\">\r\n                <div class=\"p-bg-primary p-h-2 p-rounded-full p-absolute\" style=\"width: 20%;\"><\/div>\r\n            <\/div>\r\n        <\/div>\r\n    <\/div>\r\n  <\/div>\r\n<\/section>\n<\/section>\n\n<div id=\"stage-list-section\"><div class=\"stage-list\">\n    <div class='stage-list__map-card'>\n        <div class='stage-list__map-card__map'>\n            <div class='stage-list__map-card__map__text'>\n                <h2> Pages <\/h2>\n                <p> Zu Fu\u00df<\/p>\n                <p> 0etappen<\/p>\n            <\/div>\n            <div class='stage-list__map-card__map__img'>\n                <img decoding=\"async\" src=\"\" alt=\" mapa \" \/>\n            <\/div>\n        <\/div>\n    <\/div>\n\n    <\/div>\n<\/div>\n\n<section id=\"navStage\">\n  <div>\n    <nav id=\"tab-navigation-section\" class=\"tab-navigation-section--cols-5\">\n      <a href=\"#infoSection\" class=\"active\">Information<\/a>\n       <a href=\"#profileSection\">Profil<\/a>\n       <a href=\"#itinerarySection\">Route<\/a>\n       <a href=\"#locationsSection\">Ortschaften<\/a>\n    <\/nav>\n\n    <div id=\"infoSection\">\n      <!-- Title Section with Orange Line -->\n      <div>\n        <h2 class=\"p-h2-stage\">Information<\/h2>\n        <hr class=\"orange-bar\" \/>\n        <h3 class=\"p-h3-stage\">\u00dcber diese Etappe<\/h3>\n      <\/div>\n\n      \n        <p>Trotz der Strapazen der heutigen Tages- Route werden wir die Aussicht und Wege genie\u00dfen, auf denen wir nur von weitreichenden Kiefernw\u00e4ldern und der \u00fcppigen Vegetation der galicischen W\u00e4lder begleitet werden. Der Abstieg vom Hospital in Montouto wird unsere Knie auf die Probe stellen. Ebenso wie die aufeinanderfolgenden Bergab-Strecken, die wir bew\u00e4ltigen m\u00fcssen, um O C\u00e1davo in der Provinz Lugo zu erreichen. <\/p>\n      \n\n      <div class=\"recomendation-card\">\n        <div>\n          <i class=\"icon-logo-pilgrim\"><\/i>\n          <h5>Empfehlung Pilgrim<\/h5>\n        <\/div>\n\n        \n          <p>Wie wir bereits mehrfach wiederholt haben, ist diese Etappe f\u00fcr die meisten Pilger ein wirklicher &#8222;Beinbrecher&#8220;. Dar\u00fcber hinaus behindert die Bodenbeschaffenheit an einigen Stellen die normale Entfaltung der Marschroute. Es wird daher inst\u00e4ndig empfohlen, diese ohne Eile anzugehen und die Natur in ihrem reinsten Zustand zu genie\u00dfen.<\/p>\n        \n      <\/div>\n    <\/div>\n\n    <div id=\"profileSection\">\n      <div>\n        <h2 class=\"p-h2-stage\">Entfernung und H\u00f6he<\/h2>\n        <hr class=\"orange-bar\" \/>\n        <h3 class=\"p-h3-stage\">Etappenprofil<\/h3>\n        <img decoding=\"async\" src=\"https:\/\/cdn.pilgrim.es\/web\/caminos\/camino-primitivo\/etapas\/etapa-8\/etapa8-perfil-a-fonsagrada-o-cadavo.jpg\" alt=\"Stage profile etappe-8-fonsagradapadron-o-cadavo-baleira\" \/>\n      <\/div>\n    <\/div>\n\n    <div id=\"itinerarySection\">\n      <h2 class=\"p-h2-stage\">Route<\/h2>\n      <hr \/>\n      <h3 class=\"p-h3-stage\">Itinerary<\/h3>\n\n      \n        <div>\n          <h4>Km 0 &#8211; Inicio<\/h4>\n\n          \n            <p>Wenn wir die Nacht in A Fonsagrada verbracht haben, m\u00fcssen wir die Schnellstra\u00dfe nach Lugo nehmen, um nach San Xo\u00e1n de Padr\u00f3n zu gelangen, wo sich die st\u00e4dtische Herberge befindet. Nach einer kurzen Abzweigung kehren wir zur Stra\u00dfe zur\u00fcck und \u00fcberqueren diese ein St\u00fcck weiter vorn. Dort nehmen wir einen Pfad auf der linken Seite in Richtung der &#8222;Fonte do Pastizal&#8220; (Brunnen). \u00dcber Wege, die von einheimischer Vegetation umgeben sind, wechseln wir vom Asphalt auf erdige Pfade, und n\u00e4hern uns so dem Dorf Vilardongo. Wir kehren am Ort Pedrafitelas zur LU-1906 zur\u00fcck und folgen -immer parallel- dem Verlauf dieser Stra\u00dfe. W\u00e4hrend dieser Route erhalten wir einige sch\u00f6ne Ausblicke auf die &#8222;Serra do Hospital&#8220; und Montouto, dem wir uns nach und nach n\u00e4hern werden. Wenn wir diese Ortschaft verlassen, m\u00fcssen wir an einer Gabelung nach links abbiegen und einen aufsteigenden Pfad nehmen, der uns zum Hospital von Montouto f\u00fchrt; einem sehr wichtigen Spital f\u00fcr die Pilger, die von Asturien entlang des primitiven Weges kamen. Dieses antike Hospital wurde im XIV. Jahrhundert von K\u00f6nig Pedro I von Kastilien -auch als &#8220; der Grausame&#8220; bekannt- gegr\u00fcndet und wechselte im Laufe der Jahrhunderte seinen Standort. Es wurde auf Befehl des ebenfalls ber\u00fchmten Monarchen Carlos II, &#8222;Der Verzauberte&#8220;, einer wichtigen Reform unterzogen, bei der neue Elemente wie eine Kapelle, eine Krankenstation und sogar ein Gem\u00fcsegarten in den Bau einbezogen wurden. In der N\u00e4he der \u00dcberreste dieses Pilger- Krankenhauses k\u00f6nnen wir auch ein mit Felsgr\u00e4bern best\u00fccktes Feld, auf Galicisch &#8222;m\u00e1moas&#8220; sehen: tausendj\u00e4hrige Steine, die zu Ehren der dort begrabenen Toten die Probe der Zeit bestanden haben. Wir stehen vor einer Oase der Ruhe und des Friedens, vielleicht etwas von der N\u00e4he der Windt\u00fcrme gest\u00f6rt. Wir setzen unseren Weg fort, indem wir von \u00fcber dreihundert Metern H\u00f6he auf ungef\u00e4hr f\u00fcnf Kilometern Bergab- Strecke herabsteigen: \u00fcber einsame, aber unglaublich sch\u00f6ne Pfade, immer umgeben von Kiefern und der weitreichenden hiesigen Vegetation. Die n\u00e4chste Pfarrgemeinde, durch die uns diese Etappe f\u00fchrt, ist Paradavella, in der sich das eine oder andere Lokal befindet, in dem man vor\u00fcbergehend haltmachen und Kr\u00e4fte tanken kann. Wir folgen jetzt der LU-630, um fast unmittelbar nach dem Verlassen dieser Pfarrgemeinde einen aufsteigenden Pfad auf der rechten Seite zu nehmen. Wenn das Wetter besonders regnerisch ist, kann sich diese Strecke als recht kompliziert erweisen, da sie oft verschlammt, und mit Leichtigkeit \u00fcberschwemmt wird. In diesem Fall kann man diese Strecke entlang der Stra\u00dfe nach A Calzada bew\u00e4ltigen. Von hier aus beginnen wir den Abstieg, nachdem wir die Stra\u00dfe in Richtung A Degolada und O Couto \u00fcberquert haben; zun\u00e4chst entlang eines asphaltierten Weges und dann auf verschiedenen Pfaden, die von B\u00e4umen und schlie\u00dflich von Steinmauern umgeben sind.<\/p>\n          \n            <p>Wir stellen uns jetzt der sogenannten &#8222;Costa do Sapo&#8220; (Aufstieg) bis A Lastra. Es handelt sich um einen sehr komplizierten Abschnitt, nicht aufgrund seiner L\u00e4nge, sondern wegen der Bergauf- Strecken, die wir bew\u00e4ltigen m\u00fcssen, und der Bodenbeschaffenheit. Wenn wir den Gipfel erreichen, k\u00f6nnen wir f\u00fcr einen Moment Kr\u00e4fte sch\u00f6pfen, um im Anschluss weiter aufzusteigen und den Gebirgspass von A Fontaneira zu erreichen. Wieder einmal lassen wir die Schnellstra\u00dfe beiseite, um auf einen von Kiefern begleiteten Pfad nach links einzubiegen. In der Ruhe dieser Gegend und ihrer \u00fcppigen Natur werden wir unsere Anstrengungen belohnt wissen. Wir werden \u00fcber die Schnellstra\u00dfe nach Fontaneira und an seine dem Apostel Jakobus gewidmeten Kirche gelangen. Es erwarten uns noch ungef\u00e4hr f\u00fcnf Kilometer abwechselnde Abschnitte entlang der Stra\u00dfe und erdiger Wege. Kurz nachdem wir den Marsch aufnehmen, werden wir den sogenannten &#8222;Campo da Matanza&#8220; des &#8222;Concello&#8220; Baleira durchqueren. Dieses Gebiet verdankt seinen Namen einer angeblichen Schlacht zwischen den Armeen Alfonso II, &#8222;des Keuschen&#8220; und den muslimischen Invasionstruppen. Neuere Ausgrabungen haben diese Theorie best\u00e4tigt, da R\u00fcstungen und menschliche \u00dcberreste gefunden wurden. Nach weiteren f\u00fcnf Kilometern erreichen wir O C\u00e1davo, dem Ende der heutigen Etappe: mit einer Herberge und allen Einrichtungen ausgestattet , die wir ben\u00f6tigen k\u00f6nnten.<\/p>\n          \n\n          \n            <a class=\"town-link\" href=\"https:\/\/www.pilgrim.es\/de\/primitiver-weg\/fonsagrada\/\">\n              <div class=\"town-link__link-content\">\n                <div class=\"town-link__link-content__text\">\n                  <p>Lokale Informationen<\/p>\n                  <p>Polizei, medizinische Versorgung, Sehensw\u00fcrdigkeiten, Restaurants&#8230;<\/p>\n                <\/div>\n                <div class=\"town-link__link-content__town-btn\">\n                  <i class=\"icon-arrow\"><\/i>\n                <\/div>\n              <\/div>\n            <\/a>\n          \n        <\/div>\n        <hr \/>\n      \n      <div>\n        <h4>Km 24.3 &#8231; O C\u00e1davo Baleira<\/h4>\n        <a class=\"town-link\" href=\"https:\/\/www.pilgrim.es\/de\/primitiver-weg\/o-cadavo\/\">\n          <div class=\"town-link__link-content\">\n            <div class=\"town-link__link-content__text\">\n              <p>Lokale Informationen<\/p>\n              <p>Polizei, medizinische Versorgung, Sehensw\u00fcrdigkeiten, Restaurants&#8230;<\/p>\n            <\/div>\n            <div class=\"town-link__link-content__town-btn\">\n              <i class=\"icon-arrow\"><\/i>\n            <\/div>\n          <\/div>\n        <\/a>\n      <\/div>\n    <\/div>\n\n  <div id=\"locationsSection\">\n      <h2 class=\"p-h2-stage\">\u00d6rtlichkeiten<\/h2>\n      <hr \/>\n      <h3 class=\"p-h3-stage\">St\u00e4dte<\/h3>\n      <div class=\"grid-container\">\n\n        <div class=\"p-group card-stage p-max-w-full\">\n          <a href=\"https:\/\/www.pilgrim.es\/de\/primitiver-weg\/fonsagrada\/\" class=\"town-card\">\n            <div class=\"card-stage__header\">\n              <img decoding=\"async\" src=\"https:\/\/cdn.pilgrim.es\/web\/caminos\/camino-primitivo\/pueblos\/fonsagrada.jpg\" alt=\"Fonsagrada\" class=\"group-hover:p-scale-110\" \/>\n              <div class=\"card-overlay group-hover:p-opacity-50\"><\/div>\n            <\/div>\n            <div class=\"town-card__flex-container\">\n              <div class=\"town-card__flex-container__info\">\n                <h3>Fonsagrada<\/h3>\n                <p>Provincia: Lugo<\/p>\n              <\/div>\n              <div class=\"town-card__flex-container__btn\">\n                <i class=\"icon-arrow\"><\/i>\n              <\/div>\n            <\/div>\n          <\/a>\n        <\/div>\n        <div class=\"p-group card-stage p-max-w-full\">\n          <a href=\"https:\/\/www.pilgrim.es\/de\/primitiver-weg\/o-cadavo\/\" class=\"town-card\">\n            <div class=\"card-stage__header\">\n              <img decoding=\"async\" src=\"https:\/\/cdn.pilgrim.es\/web\/caminos\/camino-primitivo\/pueblos\/o-cadavo.jpg\" alt=\"O C\u00e1davo Baleira\" class=\"group-hover:p-scale-110\" \/>\n              <div class=\"card-overlay group-hover:p-opacity-50\"><\/div>\n            <\/div>\n            <div class=\"town-card__flex-container\">\n              <div class=\"town-card__flex-container__info\">\n                <h3>O C\u00e1davo Baleira<\/h3>\n                <p>Provincia: Lugo<\/p>\n              <\/div>\n              <div class=\"town-card__flex-container__btn\">\n                <i class=\"icon-arrow\"><\/i>\n              <\/div>\n            <\/div>\n          <\/a>\n        <\/div>\n      <\/div>\n    <\/div>\n    <hr class=\"single-bar\" \/>\n  <\/div>\n<\/section>\n\n<section id=\"stageChange\">\n  <div>\n    <a href=\"https:\/\/www.pilgrim.es\/de\/primitiver-weg\/etappe-7-grandas-de-salime-fonsagrada\/\" class=\"change-btn\">\n    <div class=\"change-btn\">\n      <div class=\"btn-arrow previous\">\n        <i class=\"icon-arrow\"><\/i>\n      <\/div>\n      <div class=\"change-btn__info\">\n        <div>Etappe 7<\/div>\n        <p>\n          Grandas de Salime \u276f <br> Fonsagrada\n        <\/p>\n      <\/div>\n    <\/div>\n    <\/a>\n    <a href=\"https:\/\/www.pilgrim.es\/de\/primitiver-weg\/etappe-9-o-cadavo-baleira-lugo\/\" class=\"change-btn\">\n      <div class=\"change-btn__info\">\n        <div>Etappe 9<\/div>\n        <p>\n          O C\u00e1davo \u276f <br> Lugo\n        <\/p>\n      <\/div>\n      <div class=\"btn-arrow\">\n        <i class=\"icon-arrow\"><\/i>\n      <\/div>\n    <\/a>\n  <\/div>\n<\/section>\n","protected":false},"excerpt":{"rendered":"<p>Primitiver Weg (Urweg): Etappe 8 Walk 14 Etappe \/ 310 Kms Fonsagrada &#10093; O C\u00e1davo Baleira 24.3 Km &#10094; Etappe 7 Etappe 9 &#10095; Information Profil Route Ortschaften Information \u00dcber diese Etappe Trotz der Strapazen der heutigen Tages- Route werden wir die Aussicht und Wege genie\u00dfen, auf denen wir nur von weitreichenden Kiefernw\u00e4ldern und der &hellip; <\/p>\n<p class=\"read_more\"><a href=\"https:\/\/www.pilgrim.es\/de\/primitiver-weg\/etappe-8-fonsagradapadron-o-cadavo-baleira\/\">Leer m\u00e1s<\/a><\/p>\n","protected":false},"author":4,"featured_media":13055,"parent":10635,"menu_order":0,"comment_status":"closed","ping_status":"closed","template":"views\/template-new-web-design.blade.php","meta":{"footnotes":""},"categories":[],"tags":[],"class_list":["post-38894","page","type-page","status-publish","has-post-thumbnail","hentry"],"yoast_head":"<!-- This site is optimized with the Yoast SEO plugin v27.4 - https:\/\/yoast.com\/product\/yoast-seo-wordpress\/ -->\n<title>Camino Primitivo desde A Fonsafrada a O C\u00e1davo | Camino de Santiago<\/title>\n<meta name=\"description\" content=\"Primitiver Weg (Urweg): Etappe 8 des Jakobsweges, der zwischen A Fonsagrada und O C\u00e1davo verl\u00e4uft. Entdecken Sie alle Informationen und planen Sie Ihre Etappe.\" \/>\n<meta name=\"robots\" content=\"index, follow, max-snippet:-1, max-image-preview:large, max-video-preview:-1\" \/>\n<link rel=\"canonical\" href=\"https:\/\/www.pilgrim.es\/de\/primitiver-weg\/etappe-8-fonsagradapadron-o-cadavo-baleira\/\" \/>\n<meta property=\"og:locale\" content=\"de_DE\" \/>\n<meta property=\"og:type\" content=\"article\" \/>\n<meta property=\"og:title\" content=\"Camino Primitivo desde A Fonsafrada a O C\u00e1davo | Camino de Santiago\" \/>\n<meta property=\"og:description\" content=\"Primitiver Weg (Urweg): Etappe 8 des Jakobsweges, der zwischen A Fonsagrada und O C\u00e1davo verl\u00e4uft. Entdecken Sie alle Informationen und planen Sie Ihre Etappe.\" \/>\n<meta property=\"og:url\" content=\"https:\/\/www.pilgrim.es\/de\/primitiver-weg\/etappe-8-fonsagradapadron-o-cadavo-baleira\/\" \/>\n<meta property=\"og:site_name\" content=\"Pilgrim\" \/>\n<meta property=\"article:publisher\" content=\"https:\/\/www.facebook.com\/pilgrim.es\/\" \/>\n<meta property=\"article:modified_time\" content=\"2025-08-26T10:57:41+00:00\" \/>\n<meta property=\"og:image\" content=\"https:\/\/www.pilgrim.es\/wp-content\/uploads\/2019\/03\/camino_primitivo_etapa_8.jpg\" \/>\n\t<meta property=\"og:image:width\" content=\"1636\" \/>\n\t<meta property=\"og:image:height\" content=\"548\" \/>\n\t<meta property=\"og:image:type\" content=\"image\/jpeg\" \/>\n<meta name=\"twitter:card\" content=\"summary_large_image\" \/>\n<meta name=\"twitter:site\" content=\"@pilgrim_es\" \/>\n<meta name=\"twitter:label1\" content=\"Gesch\u00e4tzte Lesezeit\" \/>\n\t<meta name=\"twitter:data1\" content=\"5\u00a0Minuten\" \/>\n<script type=\"application\/ld+json\" class=\"yoast-schema-graph\">{\"@context\":\"https:\\\/\\\/schema.org\",\"@graph\":[{\"@type\":\"WebPage\",\"@id\":\"https:\\\/\\\/www.pilgrim.es\\\/de\\\/primitiver-weg\\\/etappe-8-fonsagradapadron-o-cadavo-baleira\\\/\",\"url\":\"https:\\\/\\\/www.pilgrim.es\\\/de\\\/primitiver-weg\\\/etappe-8-fonsagradapadron-o-cadavo-baleira\\\/\",\"name\":\"Camino Primitivo desde A Fonsafrada a O C\u00e1davo | Camino de Santiago\",\"isPartOf\":{\"@id\":\"https:\\\/\\\/www.pilgrim.es\\\/de\\\/#website\"},\"primaryImageOfPage\":{\"@id\":\"https:\\\/\\\/www.pilgrim.es\\\/de\\\/primitiver-weg\\\/etappe-8-fonsagradapadron-o-cadavo-baleira\\\/#primaryimage\"},\"image\":{\"@id\":\"https:\\\/\\\/www.pilgrim.es\\\/de\\\/primitiver-weg\\\/etappe-8-fonsagradapadron-o-cadavo-baleira\\\/#primaryimage\"},\"thumbnailUrl\":\"https:\\\/\\\/www.pilgrim.es\\\/wp-content\\\/uploads\\\/2019\\\/03\\\/camino_primitivo_etapa_8.jpg\",\"datePublished\":\"2019-05-27T16:08:23+00:00\",\"dateModified\":\"2025-08-26T10:57:41+00:00\",\"description\":\"Primitiver Weg (Urweg): Etappe 8 des Jakobsweges, der zwischen A Fonsagrada und O C\u00e1davo verl\u00e4uft. Entdecken Sie alle Informationen und planen Sie Ihre Etappe.\",\"breadcrumb\":{\"@id\":\"https:\\\/\\\/www.pilgrim.es\\\/de\\\/primitiver-weg\\\/etappe-8-fonsagradapadron-o-cadavo-baleira\\\/#breadcrumb\"},\"inLanguage\":\"de\",\"potentialAction\":[{\"@type\":\"ReadAction\",\"target\":[\"https:\\\/\\\/www.pilgrim.es\\\/de\\\/primitiver-weg\\\/etappe-8-fonsagradapadron-o-cadavo-baleira\\\/\"]}]},{\"@type\":\"ImageObject\",\"inLanguage\":\"de\",\"@id\":\"https:\\\/\\\/www.pilgrim.es\\\/de\\\/primitiver-weg\\\/etappe-8-fonsagradapadron-o-cadavo-baleira\\\/#primaryimage\",\"url\":\"https:\\\/\\\/www.pilgrim.es\\\/wp-content\\\/uploads\\\/2019\\\/03\\\/camino_primitivo_etapa_8.jpg\",\"contentUrl\":\"https:\\\/\\\/www.pilgrim.es\\\/wp-content\\\/uploads\\\/2019\\\/03\\\/camino_primitivo_etapa_8.jpg\",\"width\":1636,\"height\":548,\"caption\":\"Landkarte Etappe 8 Primitiver Weg (Urweg)\"},{\"@type\":\"BreadcrumbList\",\"@id\":\"https:\\\/\\\/www.pilgrim.es\\\/de\\\/primitiver-weg\\\/etappe-8-fonsagradapadron-o-cadavo-baleira\\\/#breadcrumb\",\"itemListElement\":[{\"@type\":\"ListItem\",\"position\":1,\"name\":\"Camino de Santiago\",\"item\":\"https:\\\/\\\/www.pilgrim.es\\\/de\\\/\"},{\"@type\":\"ListItem\",\"position\":2,\"name\":\"Der Primitive Weg (Urweg)\",\"item\":\"https:\\\/\\\/www.pilgrim.es\\\/de\\\/primitiver-weg\\\/\"},{\"@type\":\"ListItem\",\"position\":3,\"name\":\"Primitiver Weg (Urweg) | Etappe 8: A Fonsagrada &#8211; O C\u00e1davo\"}]},{\"@type\":\"WebSite\",\"@id\":\"https:\\\/\\\/www.pilgrim.es\\\/de\\\/#website\",\"url\":\"https:\\\/\\\/www.pilgrim.es\\\/de\\\/\",\"name\":\"Pilgrim\",\"description\":\"Camino de Santiago | Caminamos Contigo\",\"publisher\":{\"@id\":\"https:\\\/\\\/www.pilgrim.es\\\/de\\\/#organization\"},\"potentialAction\":[{\"@type\":\"SearchAction\",\"target\":{\"@type\":\"EntryPoint\",\"urlTemplate\":\"https:\\\/\\\/www.pilgrim.es\\\/de\\\/?s={search_term_string}\"},\"query-input\":{\"@type\":\"PropertyValueSpecification\",\"valueRequired\":true,\"valueName\":\"search_term_string\"}}],\"inLanguage\":\"de\"},{\"@type\":\"Organization\",\"@id\":\"https:\\\/\\\/www.pilgrim.es\\\/de\\\/#organization\",\"name\":\"Pilgrim Camino de Santiago\",\"url\":\"https:\\\/\\\/www.pilgrim.es\\\/de\\\/\",\"logo\":{\"@type\":\"ImageObject\",\"inLanguage\":\"de\",\"@id\":\"https:\\\/\\\/www.pilgrim.es\\\/de\\\/#\\\/schema\\\/logo\\\/image\\\/\",\"url\":\"https:\\\/\\\/www.pilgrim.es\\\/wp-content\\\/uploads\\\/2019\\\/04\\\/logo_pilgrim.png\",\"contentUrl\":\"https:\\\/\\\/www.pilgrim.es\\\/wp-content\\\/uploads\\\/2019\\\/04\\\/logo_pilgrim.png\",\"width\":512,\"height\":512,\"caption\":\"Pilgrim Camino de Santiago\"},\"image\":{\"@id\":\"https:\\\/\\\/www.pilgrim.es\\\/de\\\/#\\\/schema\\\/logo\\\/image\\\/\"},\"sameAs\":[\"https:\\\/\\\/www.facebook.com\\\/pilgrim.es\\\/\",\"https:\\\/\\\/x.com\\\/pilgrim_es\",\"https:\\\/\\\/www.instagram.com\\\/pilgrim.es\\\/\",\"https:\\\/\\\/www.linkedin.com\\\/company\\\/pilgrim-camino-de-santiago\\\/\",\"https:\\\/\\\/www.pinterest.es\\\/pilgrimcaminodesantiago\\\/\",\"https:\\\/\\\/www.youtube.com\\\/channel\\\/UCIv2ZzFLXVqthkNF32rKedw\\\/featured\"]}]}<\/script>\n<!-- \/ Yoast SEO plugin. -->","yoast_head_json":{"title":"Camino Primitivo desde A Fonsafrada a O C\u00e1davo | Camino de Santiago","description":"Primitiver Weg (Urweg): Etappe 8 des Jakobsweges, der zwischen A Fonsagrada und O C\u00e1davo verl\u00e4uft. Entdecken Sie alle Informationen und planen Sie Ihre Etappe.","robots":{"index":"index","follow":"follow","max-snippet":"max-snippet:-1","max-image-preview":"max-image-preview:large","max-video-preview":"max-video-preview:-1"},"canonical":"https:\/\/www.pilgrim.es\/de\/primitiver-weg\/etappe-8-fonsagradapadron-o-cadavo-baleira\/","og_locale":"de_DE","og_type":"article","og_title":"Camino Primitivo desde A Fonsafrada a O C\u00e1davo | Camino de Santiago","og_description":"Primitiver Weg (Urweg): Etappe 8 des Jakobsweges, der zwischen A Fonsagrada und O C\u00e1davo verl\u00e4uft. Entdecken Sie alle Informationen und planen Sie Ihre Etappe.","og_url":"https:\/\/www.pilgrim.es\/de\/primitiver-weg\/etappe-8-fonsagradapadron-o-cadavo-baleira\/","og_site_name":"Pilgrim","article_publisher":"https:\/\/www.facebook.com\/pilgrim.es\/","article_modified_time":"2025-08-26T10:57:41+00:00","og_image":[{"width":1636,"height":548,"url":"https:\/\/www.pilgrim.es\/wp-content\/uploads\/2019\/03\/camino_primitivo_etapa_8.jpg","type":"image\/jpeg"}],"twitter_card":"summary_large_image","twitter_site":"@pilgrim_es","twitter_misc":{"Gesch\u00e4tzte Lesezeit":"5\u00a0Minuten"},"schema":{"@context":"https:\/\/schema.org","@graph":[{"@type":"WebPage","@id":"https:\/\/www.pilgrim.es\/de\/primitiver-weg\/etappe-8-fonsagradapadron-o-cadavo-baleira\/","url":"https:\/\/www.pilgrim.es\/de\/primitiver-weg\/etappe-8-fonsagradapadron-o-cadavo-baleira\/","name":"Camino Primitivo desde A Fonsafrada a O C\u00e1davo | Camino de Santiago","isPartOf":{"@id":"https:\/\/www.pilgrim.es\/de\/#website"},"primaryImageOfPage":{"@id":"https:\/\/www.pilgrim.es\/de\/primitiver-weg\/etappe-8-fonsagradapadron-o-cadavo-baleira\/#primaryimage"},"image":{"@id":"https:\/\/www.pilgrim.es\/de\/primitiver-weg\/etappe-8-fonsagradapadron-o-cadavo-baleira\/#primaryimage"},"thumbnailUrl":"https:\/\/www.pilgrim.es\/wp-content\/uploads\/2019\/03\/camino_primitivo_etapa_8.jpg","datePublished":"2019-05-27T16:08:23+00:00","dateModified":"2025-08-26T10:57:41+00:00","description":"Primitiver Weg (Urweg): Etappe 8 des Jakobsweges, der zwischen A Fonsagrada und O C\u00e1davo verl\u00e4uft. Entdecken Sie alle Informationen und planen Sie Ihre Etappe.","breadcrumb":{"@id":"https:\/\/www.pilgrim.es\/de\/primitiver-weg\/etappe-8-fonsagradapadron-o-cadavo-baleira\/#breadcrumb"},"inLanguage":"de","potentialAction":[{"@type":"ReadAction","target":["https:\/\/www.pilgrim.es\/de\/primitiver-weg\/etappe-8-fonsagradapadron-o-cadavo-baleira\/"]}]},{"@type":"ImageObject","inLanguage":"de","@id":"https:\/\/www.pilgrim.es\/de\/primitiver-weg\/etappe-8-fonsagradapadron-o-cadavo-baleira\/#primaryimage","url":"https:\/\/www.pilgrim.es\/wp-content\/uploads\/2019\/03\/camino_primitivo_etapa_8.jpg","contentUrl":"https:\/\/www.pilgrim.es\/wp-content\/uploads\/2019\/03\/camino_primitivo_etapa_8.jpg","width":1636,"height":548,"caption":"Landkarte Etappe 8 Primitiver Weg (Urweg)"},{"@type":"BreadcrumbList","@id":"https:\/\/www.pilgrim.es\/de\/primitiver-weg\/etappe-8-fonsagradapadron-o-cadavo-baleira\/#breadcrumb","itemListElement":[{"@type":"ListItem","position":1,"name":"Camino de Santiago","item":"https:\/\/www.pilgrim.es\/de\/"},{"@type":"ListItem","position":2,"name":"Der Primitive Weg (Urweg)","item":"https:\/\/www.pilgrim.es\/de\/primitiver-weg\/"},{"@type":"ListItem","position":3,"name":"Primitiver Weg (Urweg) | Etappe 8: A Fonsagrada &#8211; O C\u00e1davo"}]},{"@type":"WebSite","@id":"https:\/\/www.pilgrim.es\/de\/#website","url":"https:\/\/www.pilgrim.es\/de\/","name":"Pilgrim","description":"Camino de Santiago | Caminamos Contigo","publisher":{"@id":"https:\/\/www.pilgrim.es\/de\/#organization"},"potentialAction":[{"@type":"SearchAction","target":{"@type":"EntryPoint","urlTemplate":"https:\/\/www.pilgrim.es\/de\/?s={search_term_string}"},"query-input":{"@type":"PropertyValueSpecification","valueRequired":true,"valueName":"search_term_string"}}],"inLanguage":"de"},{"@type":"Organization","@id":"https:\/\/www.pilgrim.es\/de\/#organization","name":"Pilgrim Camino de Santiago","url":"https:\/\/www.pilgrim.es\/de\/","logo":{"@type":"ImageObject","inLanguage":"de","@id":"https:\/\/www.pilgrim.es\/de\/#\/schema\/logo\/image\/","url":"https:\/\/www.pilgrim.es\/wp-content\/uploads\/2019\/04\/logo_pilgrim.png","contentUrl":"https:\/\/www.pilgrim.es\/wp-content\/uploads\/2019\/04\/logo_pilgrim.png","width":512,"height":512,"caption":"Pilgrim Camino de Santiago"},"image":{"@id":"https:\/\/www.pilgrim.es\/de\/#\/schema\/logo\/image\/"},"sameAs":["https:\/\/www.facebook.com\/pilgrim.es\/","https:\/\/x.com\/pilgrim_es","https:\/\/www.instagram.com\/pilgrim.es\/","https:\/\/www.linkedin.com\/company\/pilgrim-camino-de-santiago\/","https:\/\/www.pinterest.es\/pilgrimcaminodesantiago\/","https:\/\/www.youtube.com\/channel\/UCIv2ZzFLXVqthkNF32rKedw\/featured"]}]}},"_links":{"self":[{"href":"https:\/\/www.pilgrim.es\/de\/wp-json\/wp\/v2\/pages\/38894","targetHints":{"allow":["GET"]}}],"collection":[{"href":"https:\/\/www.pilgrim.es\/de\/wp-json\/wp\/v2\/pages"}],"about":[{"href":"https:\/\/www.pilgrim.es\/de\/wp-json\/wp\/v2\/types\/page"}],"author":[{"embeddable":true,"href":"https:\/\/www.pilgrim.es\/de\/wp-json\/wp\/v2\/users\/4"}],"replies":[{"embeddable":true,"href":"https:\/\/www.pilgrim.es\/de\/wp-json\/wp\/v2\/comments?post=38894"}],"version-history":[{"count":6,"href":"https:\/\/www.pilgrim.es\/de\/wp-json\/wp\/v2\/pages\/38894\/revisions"}],"predecessor-version":[{"id":135624,"href":"https:\/\/www.pilgrim.es\/de\/wp-json\/wp\/v2\/pages\/38894\/revisions\/135624"}],"up":[{"embeddable":true,"href":"https:\/\/www.pilgrim.es\/de\/wp-json\/wp\/v2\/pages\/10635"}],"wp:featuredmedia":[{"embeddable":true,"href":"https:\/\/www.pilgrim.es\/de\/wp-json\/wp\/v2\/media\/13055"}],"wp:attachment":[{"href":"https:\/\/www.pilgrim.es\/de\/wp-json\/wp\/v2\/media?parent=38894"}],"wp:term":[{"taxonomy":"category","embeddable":true,"href":"https:\/\/www.pilgrim.es\/de\/wp-json\/wp\/v2\/categories?post=38894"},{"taxonomy":"post_tag","embeddable":true,"href":"https:\/\/www.pilgrim.es\/de\/wp-json\/wp\/v2\/tags?post=38894"}],"curies":[{"name":"wp","href":"https:\/\/api.w.org\/{rel}","templated":true}]}}