{"id":38842,"date":"2019-05-24T18:33:11","date_gmt":"2019-05-24T18:33:11","guid":{"rendered":"https:\/\/prod.pilgrim.es\/primitiver-weg\/etappe-7-grandas-de-salime-fonsagrada\/"},"modified":"2025-08-26T10:52:03","modified_gmt":"2025-08-26T10:52:03","slug":"etappe-7-grandas-de-salime-fonsagrada","status":"publish","type":"page","link":"https:\/\/www.pilgrim.es\/de\/primitiver-weg\/etappe-7-grandas-de-salime-fonsagrada\/","title":{"rendered":"Primitiver Weg (Urweg) | Etappe 7: Grandas de Salime &#8211; A Fonsagrada"},"content":{"rendered":"\n<section id=\"heroStage\">\n  <h1>Primitiver Weg (Urweg): Etappe 7<\/h1>\n  <div>\n    <div class=\"hero\" data-background=\"https:\/\/cdn.pilgrim.es\/web\/caminos\/camino-primitivo\/pueblos\/grandas-de-salime.jpg\">\n      <div class=\"hero__container\">\n        <div class=\"hero__container__labels\">\n          <p>Walk<\/p>\n          <p>14 Etappe \/ 310 Kms<\/p>\n        <\/div>\n        <div class=\"hero__container__stage-name\">\n          <h2>\n            Grandas de Salime <br \/>\n            <span>&#10093;<\/span>\n            Fonsagrada\n          <\/h2>\n          <p>25.2 Km<\/p>\n        <\/div>\n        <div class=\"hero__container__stage-changer\">\n            <div class=\"stage-control\">\n              <a class=\"stage-control__link\" href=\"https:\/\/www.pilgrim.es\/de\/primitiver-weg\/etappe-6-la-mesa-grandas-de-salime\/\"><span>&#10094;<\/span> Etappe 6<\/a>\n            <\/div>\n          <div class=\"stage-control\">\n            <a class=\"stage-control__link\" href=\"https:\/\/www.pilgrim.es\/de\/primitiver-weg\/etappe-8-fonsagradapadron-o-cadavo-baleira\/\">Etappe 8 <span>&#10095;<\/span><\/a>\n          <\/div>\n        <\/div>\n      <\/div>\n    <\/div>\n    <div class=\"planner\"><div\r\n  class=\"p-col-span-1 p-rounded-lg p-px-5 p-h-full\"\r\n  style=\"background-image: url('https:\/\/cdn.pilgrim.es\/web\/pilgrim-planner\/bg-plugin-planificador.webp')\"\r\n  rel=\"preload\"\r\n  fetchpriority=\"high\"\r\n  >\r\n    <div class=\"p-text-center p-pt-5 p-text-white p-text-2xl p-font-semibold\">\r\n      Plane deinen Weg    <\/div>\r\n    <div\r\n            id='primary-app'\r\n            data-name='banner'\r\n            data-api='https:\/\/pathfinder.pilgrim.es\/api\/pathfinder\/v2'\r\n            data-mode='normal'\r\n            data-lang='de'\r\n            data-route='1'\r\n            data-destiny='https:\/\/planificador.pilgrim.es'\r\n            data-modality='1'\r\n            data-inline=''\r\n        ><\/div><\/div><\/div>\n  <\/div>\n<\/section>\n\n<section id=\"scoreBarsStage\">\n  <section>\r\n  <div class=\"p-flex p-flex-nowrap p-space-x-4 p-py-5 p-overflow-x-auto md:p-grid md:p-grid-cols-3 lg:p-grid-cols-5 md:p-gap-8 md:p-space-x-0 md:p-overflow-hidden scrollbar-thin\">\r\n    <div class=\"p-grid p-grid-cols-4 p-shrink-0 p-w-72 p-snap-start md:p-w-full\">\r\n        <div class=\"p-col-span-1 p-self-center p-text-center p-text-3xl\">\r\n            <i class=\"icon-influx\"><\/i>\r\n        <\/div>\r\n        <div class=\"p-col-span-3 p-flex p-flex-col p-items-start\">\r\n            <div class=\"p-text-start p-text-secondary p-mb-1 p-bold\"> Zustrom <\/div>\r\n            <div class=\"p-w-full p-bg-light p-rounded-full p-h-2 p-relative\">\r\n                <div class=\"p-bg-primary p-h-2 p-rounded-full p-absolute\" style=\"width: 60%;\"><\/div>\r\n            <\/div>\r\n        <\/div>\r\n    <\/div>\r\n\r\n    <div class=\"p-grid p-grid-cols-4 p-shrink-0 p-w-72 p-snap-start md:p-w-full\">\r\n        <div class=\"p-col-span-1 p-self-center p-text-center p-text-3xl\">\r\n            <i class=\"icon-difficulty\"><\/i>\r\n        <\/div>\r\n        <div class=\"p-col-span-3 p-flex p-flex-col p-items-start\">\r\n            <div class=\"p-text-start p-text-secondary p-mb-1 p-bold\"> Schwierigkeitsgrad <\/div>\r\n            <div class=\"p-w-full p-bg-light p-rounded-full p-h-2 p-relative\">\r\n                <div class=\"p-bg-primary p-h-2 p-rounded-full p-absolute\" style=\"width: 60%;\"><\/div>\r\n            <\/div>\r\n        <\/div>\r\n    <\/div>\r\n\r\n    <div class=\"p-grid p-grid-cols-4 p-shrink-0 p-w-72 p-snap-start md:p-w-full\">\r\n        <div class=\"p-col-span-1 p-self-center p-text-center p-text-3xl\">\r\n            <i class=\"icon-patrimony\"><\/i>\r\n        <\/div>\r\n        <div class=\"p-col-span-3 p-flex p-flex-col p-items-start\">\r\n            <div class=\"p-text-start p-text-secondary p-mb-1 p-bold\"> Kunst\/Geschichte <\/div>\r\n            <div class=\"p-w-full p-bg-light p-rounded-full p-h-2 p-relative\">\r\n                <div class=\"p-bg-primary p-h-2 p-rounded-full p-absolute\" style=\"width: 20%;\"><\/div>\r\n            <\/div>\r\n        <\/div>\r\n    <\/div>\r\n\r\n    <div class=\"p-grid p-grid-cols-4 p-shrink-0 p-w-72 p-snap-start md:p-w-full\">\r\n        <div class=\"p-col-span-1 p-self-center p-text-center p-text-3xl\">\r\n            <i class=\"icon-nature\"><\/i>\r\n        <\/div>\r\n        <div class=\"p-col-span-3 p-flex p-flex-col p-items-start\">\r\n            <div class=\"p-text-start p-text-secondary p-mb-1 p-bold\"> Natur <\/div>\r\n            <div class=\"p-w-full p-bg-light p-rounded-full p-h-2 p-relative\">\r\n                <div class=\"p-bg-primary p-h-2 p-rounded-full p-absolute\" style=\"width: 60%;\"><\/div>\r\n            <\/div>\r\n        <\/div>\r\n    <\/div>\r\n\r\n    <div class=\"p-grid p-grid-cols-4 p-shrink-0 p-w-72 p-snap-start md:p-w-full\">\r\n        <div class=\"p-col-span-1 p-self-center p-text-center p-text-3xl\">\r\n            <i class=\"icon-urban\"><\/i>\r\n        <\/div>\r\n        <div class=\"p-col-span-3 p-flex p-flex-col p-items-start\">\r\n            <div class=\"p-text-start p-text-secondary p-mb-1 p-bold\"> St\u00e4dtischer Weg <\/div>\r\n            <div class=\"p-w-full p-bg-light p-rounded-full p-h-2 p-relative\">\r\n                <div class=\"p-bg-primary p-h-2 p-rounded-full p-absolute\" style=\"width: 20%;\"><\/div>\r\n            <\/div>\r\n        <\/div>\r\n    <\/div>\r\n  <\/div>\r\n<\/section>\n<\/section>\n\n<div id=\"stage-list-section\"><div class=\"stage-list\">\n    <div class='stage-list__map-card'>\n        <div class='stage-list__map-card__map'>\n            <div class='stage-list__map-card__map__text'>\n                <h2> Pages <\/h2>\n                <p> Zu Fu\u00df<\/p>\n                <p> 0etappen<\/p>\n            <\/div>\n            <div class='stage-list__map-card__map__img'>\n                <img decoding=\"async\" src=\"\" alt=\" mapa \" \/>\n            <\/div>\n        <\/div>\n    <\/div>\n\n    <\/div>\n<\/div>\n\n<section id=\"navStage\">\n  <div>\n    <nav id=\"tab-navigation-section\" class=\"tab-navigation-section--cols-5\">\n      <a href=\"#infoSection\" class=\"active\">Information<\/a>\n       <a href=\"#profileSection\">Profil<\/a>\n       <a href=\"#itinerarySection\">Route<\/a>\n       <a href=\"#locationsSection\">Ortschaften<\/a>\n    <\/nav>\n\n    <div id=\"infoSection\">\n      <!-- Title Section with Orange Line -->\n      <div>\n        <h2 class=\"p-h2-stage\">Information<\/h2>\n        <hr class=\"orange-bar\" \/>\n        <h3 class=\"p-h3-stage\">\u00dcber diese Etappe<\/h3>\n      <\/div>\n\n      \n        <p>Heute werden wir offiziell die &#8222;Comunidad Gallega&#8220; betreten, konkret die Provinz Lugo und den Ort von Acebo. Dies ist der Ausgangspunkt, den die Pilger w\u00e4hlen, um nur den Teil des primitiven Weges zu machen, der durch Galicien f\u00fchrt. Es sollte beachtet werden, dass von hier ab nicht nur eine andere &#8222;Comunidad&#8220; uns willkommen hei\u00dft, sondern dass sich aufgrund dessen auch die Indikationen \u00e4ndern. In Asturien wiesen die ber\u00fchmten Jakobsmuscheln uns den Weg, indem wir ihrer schmalen Seite folgten, w\u00e4hrend wir uns im Land des Apostels an deren offenen (breiten) Seite orientieren m\u00fcssen.<\/p>\n      \n\n      <div class=\"recomendation-card\">\n        <div>\n          <i class=\"icon-logo-pilgrim\"><\/i>\n          <h5>Empfehlung Pilgrim<\/h5>\n        <\/div>\n\n        \n          <p>Die Signalisierung in Galicien findet sich anhand der bereits bekannten gelben Pfeile, Meilensteine und Jakobsmuscheln. Letztere weisen -im Gegensatz zu denen in Asturien- in Richtung ihrer offeneren (breiten) Seite den Weg. Sowohl A Fonsagrada als auch Padr\u00f3n bieten alle notwendigen Dienstleistungen an. Diese Etappe weist weder f\u00fcr Radfahrer noch f\u00fcr Personen mit eingeschr\u00e4nkter Bewegungsfreiheit besondere Schwierigkeit auf.<\/p>\n        \n      <\/div>\n    <\/div>\n\n    <div id=\"profileSection\">\n      <div>\n        <h2 class=\"p-h2-stage\">Entfernung und H\u00f6he<\/h2>\n        <hr class=\"orange-bar\" \/>\n        <h3 class=\"p-h3-stage\">Etappenprofil<\/h3>\n        <img decoding=\"async\" src=\"https:\/\/cdn.pilgrim.es\/web\/caminos\/camino-primitivo\/etapas\/etapa-7\/etapa7-perfil-grandas-de-salime-a-fonsagrada.jpg\" alt=\"Stage profile etappe-7-grandas-de-salime-fonsagrada\" \/>\n      <\/div>\n    <\/div>\n\n    <div id=\"itinerarySection\">\n      <h2 class=\"p-h2-stage\">Route<\/h2>\n      <hr \/>\n      <h3 class=\"p-h3-stage\">Itinerary<\/h3>\n\n      \n        <div>\n          <h4>Km 0 &#8211; Inicio<\/h4>\n\n          \n            <p>Nach der entspannten gestrigen Tagesroute, beginnen wir die heutige mit dem Aufstieg zum Bergpass &#8222;El Acebo&#8220;. Nachdem wir Grandas de Salime verlassen haben, nehmen wir eine Abzweigung nach links, sobald wir an der &#8222;Del Carmen&#8220;- Kapelle vorbeikommen; so gelangen wir auf einen zur AS-28 parallelen Weg. Einen Kilometer sp\u00e4ter verlassen wir den Pfad, um auf einen asphaltierten Weg zu gelangen, der sich auf der H\u00f6he eines &#8222;A Farrapa&#8220; genannten Weilers befindet. Wir wandern geradeaus weiter, bis wir nach einer Kurve die Stra\u00dfe \u00fcberqueren und in einen Pfad in Richtung Cereixeira einbiegen, dem idealen Ort, um zu fr\u00fchst\u00fccken und uns zu proviantieren- wenn wir Castro nicht erreichen wollen, das einige Kilometer weiter liegt. Wir verlassen diese kleine Ortschaft auf einem anderen Erdweg nach rechts, in Richtung Malneira und sp\u00e4ter Castro. Dieses letzte Dorf, in dem sich mehrere Einrichtungen befinden, um \u00fcbernachten oder etwas trinken zu k\u00f6nnen, verdankt seinen Namen dem &#8222;Chao Samart\u00edn&#8220;- Fundort: einem befestigten Komplex aus dem IX. Jahrhundert vor Christus. In dem daf\u00fcr eingerichteten Museum k\u00f6nnen wir nicht nur die arch\u00e4ologischen \u00dcberreste besichtigen, sondern auch mehr \u00fcber die &#8222;Castre\u00f1a&#8220;- Kultur erfahren. Als wir an der Kirche vorbeikommen, \u00fcberqueren wir die Stra\u00dfe und gelangen \u00fcber eine Reihe von Landwegen an die &#8222;San L\u00e1zaro&#8220;- Kapelle und nach Gestoselo. An diesem Punkt nehmen wir die AS-28, um weiter in Richtung Pe\u00f1afonte zu wandern, einem Punkt, der an Galicien grenzt. Dort lassen wir momentan den Asphalt hinter uns und machen Halt, um die &#8222;Santa Mar\u00eda Magdalena&#8220;- Kirche zu besuchen. Nach einem Anstieg entlang des Berges kehren wir zur AS-28 zur\u00fcck und wandern weiter nach Bustelo del Camino. Achtung!- Hier m\u00fcssen wir die Stra\u00dfe verlassen und eine kleine T\u00fcr durchqueren, um einen von Gestr\u00e4uch bewachsenen Weg bergauf zu nehmen. Nach dem Aufstieg k\u00f6nnen wir bereits Fonsagrada und somit galicisches Gebiet sehen. Wir beginnen in Richtung der Stra\u00dfe herabzusteigen, um nach Venta del Acebo zu gelangen, wo wir eine kleine Pause einlegen k\u00f6nnen: Es erwarten uns die restlichen zw\u00f6lf Kilometer bis zum Ende der Etappe. Wir werden eine Strecke parallel zur LU-701 von A Cabreira bis Fonfr\u00eda zur\u00fccklegen. In diesem kleinen Dorf des Gemeindebezirks A Fonsagrada befand sich unter dem Mandat des &#8222;San Xo\u00e1n&#8220;- Ritterordens ein Pilger- Krankenhaus. Nur sechs Kilometer trennen uns von unserem Ziel, nachdem wir die Orte Barbeitos und Paradanova hinter uns gelassen haben.<\/p>\n          \n            <p>Wir lassen kurz auch den Asphalt beiseite, sobald wir an Fonfr\u00eda vorbeikommen, um den &#8222;Monte Penoucos&#8220; zu durchqueren; und kehren auf der H\u00f6he von Barbeitos auf die Stra\u00dfe zur\u00fcck. Dort \u00fcberqueren wir die Stra\u00dfe nach San Mart\u00edn de Suarna und nach dem erneuten \u00dcberqueren der LU-701, kommen wir an der &#8222;Santa B\u00e1rbara- Silvela&#8220;- Wallfahrtskapelle vorbei. Schlie\u00dflich gelangen wir nach Paradanova und an die &#8222;Santa Cruz&#8220;- Kapelle, wo sich uns zwei M\u00f6glichkeiten bieten: Der Weg links f\u00fchrt nach A Fonsagrada entlang eines verk\u00fcrzten Verlaufes (knapp 1Kilometer). Die andere verl\u00e4uft entlang der Stra\u00dfe und folgt dann einem Pfad nach rechts. Bereits in Fonsagrada, des gr\u00f6\u00dften Gemeindebezirks Galiciens, finden wir alle Art von Dienstleistungen, einschlie\u00dflich mehrerer Herbergen. Wir k\u00f6nnen auf Wunsch aber noch zwei Kilometer weiter nach Padr\u00f3n wandern- einem kleinen Dorf in der N\u00e4he, in dem sich auch eine st\u00e4dtische Herberge befindet. Dazu nehmen wir die &#8222;Avenida principal de Galicia&#8220; und dann die Stra\u00dfe von Las Rodas nach Padr\u00f3n.<\/p>\n          \n\n          \n            <a class=\"town-link\" href=\"https:\/\/www.pilgrim.es\/de\/primitiver-weg\/grandas-de-salime\/\">\n              <div class=\"town-link__link-content\">\n                <div class=\"town-link__link-content__text\">\n                  <p>Lokale Informationen<\/p>\n                  <p>Polizei, medizinische Versorgung, Sehensw\u00fcrdigkeiten, Restaurants&#8230;<\/p>\n                <\/div>\n                <div class=\"town-link__link-content__town-btn\">\n                  <i class=\"icon-arrow\"><\/i>\n                <\/div>\n              <\/div>\n            <\/a>\n          \n        <\/div>\n        <hr \/>\n      \n      <div>\n        <h4>Km 25.2 &#8231; Fonsagrada<\/h4>\n        <a class=\"town-link\" href=\"https:\/\/www.pilgrim.es\/de\/primitiver-weg\/fonsagrada\/\">\n          <div class=\"town-link__link-content\">\n            <div class=\"town-link__link-content__text\">\n              <p>Lokale Informationen<\/p>\n              <p>Polizei, medizinische Versorgung, Sehensw\u00fcrdigkeiten, Restaurants&#8230;<\/p>\n            <\/div>\n            <div class=\"town-link__link-content__town-btn\">\n              <i class=\"icon-arrow\"><\/i>\n            <\/div>\n          <\/div>\n        <\/a>\n      <\/div>\n    <\/div>\n\n  <div id=\"locationsSection\">\n      <h2 class=\"p-h2-stage\">\u00d6rtlichkeiten<\/h2>\n      <hr \/>\n      <h3 class=\"p-h3-stage\">St\u00e4dte<\/h3>\n      <div class=\"grid-container\">\n\n        <div class=\"p-group card-stage p-max-w-full\">\n          <a href=\"https:\/\/www.pilgrim.es\/de\/primitiver-weg\/grandas-de-salime\/\" class=\"town-card\">\n            <div class=\"card-stage__header\">\n              <img decoding=\"async\" src=\"https:\/\/cdn.pilgrim.es\/web\/caminos\/camino-primitivo\/pueblos\/grandas-de-salime.jpg\" alt=\"Grandas de Salime\" class=\"group-hover:p-scale-110\" \/>\n              <div class=\"card-overlay group-hover:p-opacity-50\"><\/div>\n            <\/div>\n            <div class=\"town-card__flex-container\">\n              <div class=\"town-card__flex-container__info\">\n                <h3>Grandas de Salime<\/h3>\n                <p>Provincia: Asturias<\/p>\n              <\/div>\n              <div class=\"town-card__flex-container__btn\">\n                <i class=\"icon-arrow\"><\/i>\n              <\/div>\n            <\/div>\n          <\/a>\n        <\/div>\n        <div class=\"p-group card-stage p-max-w-full\">\n          <a href=\"https:\/\/www.pilgrim.es\/de\/primitiver-weg\/fonsagrada\/\" class=\"town-card\">\n            <div class=\"card-stage__header\">\n              <img decoding=\"async\" src=\"https:\/\/cdn.pilgrim.es\/web\/caminos\/camino-primitivo\/pueblos\/fonsagrada.jpg\" alt=\"Fonsagrada\" class=\"group-hover:p-scale-110\" \/>\n              <div class=\"card-overlay group-hover:p-opacity-50\"><\/div>\n            <\/div>\n            <div class=\"town-card__flex-container\">\n              <div class=\"town-card__flex-container__info\">\n                <h3>Fonsagrada<\/h3>\n                <p>Provincia: Lugo<\/p>\n              <\/div>\n              <div class=\"town-card__flex-container__btn\">\n                <i class=\"icon-arrow\"><\/i>\n              <\/div>\n            <\/div>\n          <\/a>\n        <\/div>\n      <\/div>\n    <\/div>\n    <hr class=\"single-bar\" \/>\n  <\/div>\n<\/section>\n\n<section id=\"stageChange\">\n  <div>\n    <a href=\"https:\/\/www.pilgrim.es\/de\/primitiver-weg\/etappe-6-la-mesa-grandas-de-salime\/\" class=\"change-btn\">\n    <div class=\"change-btn\">\n      <div class=\"btn-arrow previous\">\n        <i class=\"icon-arrow\"><\/i>\n      <\/div>\n      <div class=\"change-btn__info\">\n        <div>Etappe 6<\/div>\n        <p>\n          La Mesa \u276f <br> Grandas de Salime\n        <\/p>\n      <\/div>\n    <\/div>\n    <\/a>\n    <a href=\"https:\/\/www.pilgrim.es\/de\/primitiver-weg\/etappe-8-fonsagradapadron-o-cadavo-baleira\/\" class=\"change-btn\">\n      <div class=\"change-btn__info\">\n        <div>Etappe 8<\/div>\n        <p>\n          Fonsagrada \u276f <br> O C\u00e1davo\n        <\/p>\n      <\/div>\n      <div class=\"btn-arrow\">\n        <i class=\"icon-arrow\"><\/i>\n      <\/div>\n    <\/a>\n  <\/div>\n<\/section>\n","protected":false},"excerpt":{"rendered":"<p>Primitiver Weg (Urweg): Etappe 7 Walk 14 Etappe \/ 310 Kms Grandas de Salime &#10093; Fonsagrada 25.2 Km &#10094; Etappe 6 Etappe 8 &#10095; Information Profil Route Ortschaften Information \u00dcber diese Etappe Heute werden wir offiziell die &#8222;Comunidad Gallega&#8220; betreten, konkret die Provinz Lugo und den Ort von Acebo. Dies ist der Ausgangspunkt, den die &hellip; <\/p>\n<p class=\"read_more\"><a href=\"https:\/\/www.pilgrim.es\/de\/primitiver-weg\/etappe-7-grandas-de-salime-fonsagrada\/\">Leer m\u00e1s<\/a><\/p>\n","protected":false},"author":4,"featured_media":13045,"parent":10635,"menu_order":0,"comment_status":"closed","ping_status":"closed","template":"views\/template-new-web-design.blade.php","meta":{"footnotes":""},"categories":[],"tags":[],"class_list":["post-38842","page","type-page","status-publish","has-post-thumbnail","hentry"],"yoast_head":"<!-- This site is optimized with the Yoast SEO plugin v27.4 - https:\/\/yoast.com\/product\/yoast-seo-wordpress\/ -->\n<title>Camino Primitivo desde Grandas de Salime a A Fonsagrada | Camino de Santiago<\/title>\n<meta name=\"description\" content=\"Primitiver Weg (Urweg): Etappe 7 des Jakobsweges, der zwischen Grandas de Salime und A Fonsagrada verl\u00e4uft. Entdecken Sie alle Informationen und planen Sie Ihre Etappe.\" \/>\n<meta name=\"robots\" content=\"index, follow, max-snippet:-1, max-image-preview:large, max-video-preview:-1\" \/>\n<link rel=\"canonical\" href=\"https:\/\/www.pilgrim.es\/de\/primitiver-weg\/etappe-7-grandas-de-salime-fonsagrada\/\" \/>\n<meta property=\"og:locale\" content=\"de_DE\" \/>\n<meta property=\"og:type\" content=\"article\" \/>\n<meta property=\"og:title\" content=\"Camino Primitivo desde Grandas de Salime a A Fonsagrada | Camino de Santiago\" \/>\n<meta property=\"og:description\" content=\"Primitiver Weg (Urweg): Etappe 7 des Jakobsweges, der zwischen Grandas de Salime und A Fonsagrada verl\u00e4uft. Entdecken Sie alle Informationen und planen Sie Ihre Etappe.\" \/>\n<meta property=\"og:url\" content=\"https:\/\/www.pilgrim.es\/de\/primitiver-weg\/etappe-7-grandas-de-salime-fonsagrada\/\" \/>\n<meta property=\"og:site_name\" content=\"Pilgrim\" \/>\n<meta property=\"article:publisher\" content=\"https:\/\/www.facebook.com\/pilgrim.es\/\" \/>\n<meta property=\"article:modified_time\" content=\"2025-08-26T10:52:03+00:00\" \/>\n<meta property=\"og:image\" content=\"https:\/\/www.pilgrim.es\/wp-content\/uploads\/2019\/03\/camino_primitivo_etapa_7.jpg\" \/>\n\t<meta property=\"og:image:width\" content=\"1633\" \/>\n\t<meta property=\"og:image:height\" content=\"547\" \/>\n\t<meta property=\"og:image:type\" content=\"image\/jpeg\" \/>\n<meta name=\"twitter:card\" content=\"summary_large_image\" \/>\n<meta name=\"twitter:site\" content=\"@pilgrim_es\" \/>\n<meta name=\"twitter:label1\" content=\"Gesch\u00e4tzte Lesezeit\" \/>\n\t<meta name=\"twitter:data1\" content=\"4\u00a0Minuten\" \/>\n<script type=\"application\/ld+json\" class=\"yoast-schema-graph\">{\"@context\":\"https:\\\/\\\/schema.org\",\"@graph\":[{\"@type\":\"WebPage\",\"@id\":\"https:\\\/\\\/www.pilgrim.es\\\/de\\\/primitiver-weg\\\/etappe-7-grandas-de-salime-fonsagrada\\\/\",\"url\":\"https:\\\/\\\/www.pilgrim.es\\\/de\\\/primitiver-weg\\\/etappe-7-grandas-de-salime-fonsagrada\\\/\",\"name\":\"Camino Primitivo desde Grandas de Salime a A Fonsagrada | Camino de Santiago\",\"isPartOf\":{\"@id\":\"https:\\\/\\\/www.pilgrim.es\\\/de\\\/#website\"},\"primaryImageOfPage\":{\"@id\":\"https:\\\/\\\/www.pilgrim.es\\\/de\\\/primitiver-weg\\\/etappe-7-grandas-de-salime-fonsagrada\\\/#primaryimage\"},\"image\":{\"@id\":\"https:\\\/\\\/www.pilgrim.es\\\/de\\\/primitiver-weg\\\/etappe-7-grandas-de-salime-fonsagrada\\\/#primaryimage\"},\"thumbnailUrl\":\"https:\\\/\\\/www.pilgrim.es\\\/wp-content\\\/uploads\\\/2019\\\/03\\\/camino_primitivo_etapa_7.jpg\",\"datePublished\":\"2019-05-24T18:33:11+00:00\",\"dateModified\":\"2025-08-26T10:52:03+00:00\",\"description\":\"Primitiver Weg (Urweg): Etappe 7 des Jakobsweges, der zwischen Grandas de Salime und A Fonsagrada verl\u00e4uft. Entdecken Sie alle Informationen und planen Sie Ihre Etappe.\",\"breadcrumb\":{\"@id\":\"https:\\\/\\\/www.pilgrim.es\\\/de\\\/primitiver-weg\\\/etappe-7-grandas-de-salime-fonsagrada\\\/#breadcrumb\"},\"inLanguage\":\"de\",\"potentialAction\":[{\"@type\":\"ReadAction\",\"target\":[\"https:\\\/\\\/www.pilgrim.es\\\/de\\\/primitiver-weg\\\/etappe-7-grandas-de-salime-fonsagrada\\\/\"]}]},{\"@type\":\"ImageObject\",\"inLanguage\":\"de\",\"@id\":\"https:\\\/\\\/www.pilgrim.es\\\/de\\\/primitiver-weg\\\/etappe-7-grandas-de-salime-fonsagrada\\\/#primaryimage\",\"url\":\"https:\\\/\\\/www.pilgrim.es\\\/wp-content\\\/uploads\\\/2019\\\/03\\\/camino_primitivo_etapa_7.jpg\",\"contentUrl\":\"https:\\\/\\\/www.pilgrim.es\\\/wp-content\\\/uploads\\\/2019\\\/03\\\/camino_primitivo_etapa_7.jpg\",\"width\":1633,\"height\":547,\"caption\":\"Landkarte Etappe 7 Primitiver Weg (Urweg)\"},{\"@type\":\"BreadcrumbList\",\"@id\":\"https:\\\/\\\/www.pilgrim.es\\\/de\\\/primitiver-weg\\\/etappe-7-grandas-de-salime-fonsagrada\\\/#breadcrumb\",\"itemListElement\":[{\"@type\":\"ListItem\",\"position\":1,\"name\":\"Camino de Santiago\",\"item\":\"https:\\\/\\\/www.pilgrim.es\\\/de\\\/\"},{\"@type\":\"ListItem\",\"position\":2,\"name\":\"Der Primitive Weg (Urweg)\",\"item\":\"https:\\\/\\\/www.pilgrim.es\\\/de\\\/primitiver-weg\\\/\"},{\"@type\":\"ListItem\",\"position\":3,\"name\":\"Primitiver Weg (Urweg) | Etappe 7: Grandas de Salime &#8211; A Fonsagrada\"}]},{\"@type\":\"WebSite\",\"@id\":\"https:\\\/\\\/www.pilgrim.es\\\/de\\\/#website\",\"url\":\"https:\\\/\\\/www.pilgrim.es\\\/de\\\/\",\"name\":\"Pilgrim\",\"description\":\"Camino de Santiago | Caminamos Contigo\",\"publisher\":{\"@id\":\"https:\\\/\\\/www.pilgrim.es\\\/de\\\/#organization\"},\"potentialAction\":[{\"@type\":\"SearchAction\",\"target\":{\"@type\":\"EntryPoint\",\"urlTemplate\":\"https:\\\/\\\/www.pilgrim.es\\\/de\\\/?s={search_term_string}\"},\"query-input\":{\"@type\":\"PropertyValueSpecification\",\"valueRequired\":true,\"valueName\":\"search_term_string\"}}],\"inLanguage\":\"de\"},{\"@type\":\"Organization\",\"@id\":\"https:\\\/\\\/www.pilgrim.es\\\/de\\\/#organization\",\"name\":\"Pilgrim Camino de Santiago\",\"url\":\"https:\\\/\\\/www.pilgrim.es\\\/de\\\/\",\"logo\":{\"@type\":\"ImageObject\",\"inLanguage\":\"de\",\"@id\":\"https:\\\/\\\/www.pilgrim.es\\\/de\\\/#\\\/schema\\\/logo\\\/image\\\/\",\"url\":\"https:\\\/\\\/www.pilgrim.es\\\/wp-content\\\/uploads\\\/2019\\\/04\\\/logo_pilgrim.png\",\"contentUrl\":\"https:\\\/\\\/www.pilgrim.es\\\/wp-content\\\/uploads\\\/2019\\\/04\\\/logo_pilgrim.png\",\"width\":512,\"height\":512,\"caption\":\"Pilgrim Camino de Santiago\"},\"image\":{\"@id\":\"https:\\\/\\\/www.pilgrim.es\\\/de\\\/#\\\/schema\\\/logo\\\/image\\\/\"},\"sameAs\":[\"https:\\\/\\\/www.facebook.com\\\/pilgrim.es\\\/\",\"https:\\\/\\\/x.com\\\/pilgrim_es\",\"https:\\\/\\\/www.instagram.com\\\/pilgrim.es\\\/\",\"https:\\\/\\\/www.linkedin.com\\\/company\\\/pilgrim-camino-de-santiago\\\/\",\"https:\\\/\\\/www.pinterest.es\\\/pilgrimcaminodesantiago\\\/\",\"https:\\\/\\\/www.youtube.com\\\/channel\\\/UCIv2ZzFLXVqthkNF32rKedw\\\/featured\"]}]}<\/script>\n<!-- \/ Yoast SEO plugin. -->","yoast_head_json":{"title":"Camino Primitivo desde Grandas de Salime a A Fonsagrada | Camino de Santiago","description":"Primitiver Weg (Urweg): Etappe 7 des Jakobsweges, der zwischen Grandas de Salime und A Fonsagrada verl\u00e4uft. Entdecken Sie alle Informationen und planen Sie Ihre Etappe.","robots":{"index":"index","follow":"follow","max-snippet":"max-snippet:-1","max-image-preview":"max-image-preview:large","max-video-preview":"max-video-preview:-1"},"canonical":"https:\/\/www.pilgrim.es\/de\/primitiver-weg\/etappe-7-grandas-de-salime-fonsagrada\/","og_locale":"de_DE","og_type":"article","og_title":"Camino Primitivo desde Grandas de Salime a A Fonsagrada | Camino de Santiago","og_description":"Primitiver Weg (Urweg): Etappe 7 des Jakobsweges, der zwischen Grandas de Salime und A Fonsagrada verl\u00e4uft. Entdecken Sie alle Informationen und planen Sie Ihre Etappe.","og_url":"https:\/\/www.pilgrim.es\/de\/primitiver-weg\/etappe-7-grandas-de-salime-fonsagrada\/","og_site_name":"Pilgrim","article_publisher":"https:\/\/www.facebook.com\/pilgrim.es\/","article_modified_time":"2025-08-26T10:52:03+00:00","og_image":[{"width":1633,"height":547,"url":"https:\/\/www.pilgrim.es\/wp-content\/uploads\/2019\/03\/camino_primitivo_etapa_7.jpg","type":"image\/jpeg"}],"twitter_card":"summary_large_image","twitter_site":"@pilgrim_es","twitter_misc":{"Gesch\u00e4tzte Lesezeit":"4\u00a0Minuten"},"schema":{"@context":"https:\/\/schema.org","@graph":[{"@type":"WebPage","@id":"https:\/\/www.pilgrim.es\/de\/primitiver-weg\/etappe-7-grandas-de-salime-fonsagrada\/","url":"https:\/\/www.pilgrim.es\/de\/primitiver-weg\/etappe-7-grandas-de-salime-fonsagrada\/","name":"Camino Primitivo desde Grandas de Salime a A Fonsagrada | Camino de Santiago","isPartOf":{"@id":"https:\/\/www.pilgrim.es\/de\/#website"},"primaryImageOfPage":{"@id":"https:\/\/www.pilgrim.es\/de\/primitiver-weg\/etappe-7-grandas-de-salime-fonsagrada\/#primaryimage"},"image":{"@id":"https:\/\/www.pilgrim.es\/de\/primitiver-weg\/etappe-7-grandas-de-salime-fonsagrada\/#primaryimage"},"thumbnailUrl":"https:\/\/www.pilgrim.es\/wp-content\/uploads\/2019\/03\/camino_primitivo_etapa_7.jpg","datePublished":"2019-05-24T18:33:11+00:00","dateModified":"2025-08-26T10:52:03+00:00","description":"Primitiver Weg (Urweg): Etappe 7 des Jakobsweges, der zwischen Grandas de Salime und A Fonsagrada verl\u00e4uft. Entdecken Sie alle Informationen und planen Sie Ihre Etappe.","breadcrumb":{"@id":"https:\/\/www.pilgrim.es\/de\/primitiver-weg\/etappe-7-grandas-de-salime-fonsagrada\/#breadcrumb"},"inLanguage":"de","potentialAction":[{"@type":"ReadAction","target":["https:\/\/www.pilgrim.es\/de\/primitiver-weg\/etappe-7-grandas-de-salime-fonsagrada\/"]}]},{"@type":"ImageObject","inLanguage":"de","@id":"https:\/\/www.pilgrim.es\/de\/primitiver-weg\/etappe-7-grandas-de-salime-fonsagrada\/#primaryimage","url":"https:\/\/www.pilgrim.es\/wp-content\/uploads\/2019\/03\/camino_primitivo_etapa_7.jpg","contentUrl":"https:\/\/www.pilgrim.es\/wp-content\/uploads\/2019\/03\/camino_primitivo_etapa_7.jpg","width":1633,"height":547,"caption":"Landkarte Etappe 7 Primitiver Weg (Urweg)"},{"@type":"BreadcrumbList","@id":"https:\/\/www.pilgrim.es\/de\/primitiver-weg\/etappe-7-grandas-de-salime-fonsagrada\/#breadcrumb","itemListElement":[{"@type":"ListItem","position":1,"name":"Camino de Santiago","item":"https:\/\/www.pilgrim.es\/de\/"},{"@type":"ListItem","position":2,"name":"Der Primitive Weg (Urweg)","item":"https:\/\/www.pilgrim.es\/de\/primitiver-weg\/"},{"@type":"ListItem","position":3,"name":"Primitiver Weg (Urweg) | Etappe 7: Grandas de Salime &#8211; A Fonsagrada"}]},{"@type":"WebSite","@id":"https:\/\/www.pilgrim.es\/de\/#website","url":"https:\/\/www.pilgrim.es\/de\/","name":"Pilgrim","description":"Camino de Santiago | Caminamos Contigo","publisher":{"@id":"https:\/\/www.pilgrim.es\/de\/#organization"},"potentialAction":[{"@type":"SearchAction","target":{"@type":"EntryPoint","urlTemplate":"https:\/\/www.pilgrim.es\/de\/?s={search_term_string}"},"query-input":{"@type":"PropertyValueSpecification","valueRequired":true,"valueName":"search_term_string"}}],"inLanguage":"de"},{"@type":"Organization","@id":"https:\/\/www.pilgrim.es\/de\/#organization","name":"Pilgrim Camino de Santiago","url":"https:\/\/www.pilgrim.es\/de\/","logo":{"@type":"ImageObject","inLanguage":"de","@id":"https:\/\/www.pilgrim.es\/de\/#\/schema\/logo\/image\/","url":"https:\/\/www.pilgrim.es\/wp-content\/uploads\/2019\/04\/logo_pilgrim.png","contentUrl":"https:\/\/www.pilgrim.es\/wp-content\/uploads\/2019\/04\/logo_pilgrim.png","width":512,"height":512,"caption":"Pilgrim Camino de Santiago"},"image":{"@id":"https:\/\/www.pilgrim.es\/de\/#\/schema\/logo\/image\/"},"sameAs":["https:\/\/www.facebook.com\/pilgrim.es\/","https:\/\/x.com\/pilgrim_es","https:\/\/www.instagram.com\/pilgrim.es\/","https:\/\/www.linkedin.com\/company\/pilgrim-camino-de-santiago\/","https:\/\/www.pinterest.es\/pilgrimcaminodesantiago\/","https:\/\/www.youtube.com\/channel\/UCIv2ZzFLXVqthkNF32rKedw\/featured"]}]}},"_links":{"self":[{"href":"https:\/\/www.pilgrim.es\/de\/wp-json\/wp\/v2\/pages\/38842","targetHints":{"allow":["GET"]}}],"collection":[{"href":"https:\/\/www.pilgrim.es\/de\/wp-json\/wp\/v2\/pages"}],"about":[{"href":"https:\/\/www.pilgrim.es\/de\/wp-json\/wp\/v2\/types\/page"}],"author":[{"embeddable":true,"href":"https:\/\/www.pilgrim.es\/de\/wp-json\/wp\/v2\/users\/4"}],"replies":[{"embeddable":true,"href":"https:\/\/www.pilgrim.es\/de\/wp-json\/wp\/v2\/comments?post=38842"}],"version-history":[{"count":6,"href":"https:\/\/www.pilgrim.es\/de\/wp-json\/wp\/v2\/pages\/38842\/revisions"}],"predecessor-version":[{"id":135594,"href":"https:\/\/www.pilgrim.es\/de\/wp-json\/wp\/v2\/pages\/38842\/revisions\/135594"}],"up":[{"embeddable":true,"href":"https:\/\/www.pilgrim.es\/de\/wp-json\/wp\/v2\/pages\/10635"}],"wp:featuredmedia":[{"embeddable":true,"href":"https:\/\/www.pilgrim.es\/de\/wp-json\/wp\/v2\/media\/13045"}],"wp:attachment":[{"href":"https:\/\/www.pilgrim.es\/de\/wp-json\/wp\/v2\/media?parent=38842"}],"wp:term":[{"taxonomy":"category","embeddable":true,"href":"https:\/\/www.pilgrim.es\/de\/wp-json\/wp\/v2\/categories?post=38842"},{"taxonomy":"post_tag","embeddable":true,"href":"https:\/\/www.pilgrim.es\/de\/wp-json\/wp\/v2\/tags?post=38842"}],"curies":[{"name":"wp","href":"https:\/\/api.w.org\/{rel}","templated":true}]}}