{"id":38803,"date":"2019-05-23T16:21:36","date_gmt":"2019-05-23T16:21:36","guid":{"rendered":"https:\/\/prod.pilgrim.es\/primitiver-weg\/etappe-4-tineo-pola-de-allande\/"},"modified":"2025-03-24T16:38:05","modified_gmt":"2025-03-24T16:38:05","slug":"etappe-4-tineo-pola-de-allande","status":"publish","type":"page","link":"https:\/\/www.pilgrim.es\/de\/primitiver-weg\/etappe-4-tineo-pola-de-allande\/","title":{"rendered":"Primitiver Weg (Urweg) | Etappe 4: Tineo &#8211; Pola de Allande"},"content":{"rendered":" <section id=\"heroStage\">\n  <h1>Primitiver Weg (Urweg): Etappe 4<\/h1>\n  <div>\n    <div class=\"hero\" data-background=\"https:\/\/cdn.pilgrim.es\/web\/caminos\/camino-primitivo\/pueblos\/tineo.jpg\">\n      <div class=\"hero__container\">\n        <div class=\"hero__container__labels\">\n          <p>Walk<\/p>\n          <p>14 Etappe \/ 310 Kms<\/p>\n        <\/div>\n        <div class=\"hero__container__stage-name\">\n          <h2>\n            Tineo <br \/>\n            <span>&#10093;<\/span>\n            Pola de Allande\n          <\/h2>\n          <p>27 Km<\/p>\n        <\/div>\n        <div class=\"hero__container__stage-changer\">\n            <div class=\"stage-control\">\n              <a class=\"stage-control__link\" href=\"\/de\/primitiver-weg\/etappe-3-salas-tineo\/\"><span>&#10094;<\/span> Etappe 3<\/a>\n            <\/div>\n          <div class=\"stage-control\">\n            <a class=\"stage-control__link\" href=\"\/de\/primitiver-weg\/etappe-5-pola-de-allande-la-mesa\/\">Etappe 5 <span>&#10095;<\/span><\/a>\n          <\/div>\n        <\/div>\n      <\/div>\n    <\/div>\n    <div class=\"planner\"><div\r\n  class=\"p-col-span-1 p-rounded-lg p-px-5 p-h-full\"\r\n  style=\"background-image: url('https:\/\/cdn.pilgrim.es\/web\/pilgrim-planner\/bg-plugin-planificador.webp')\"\r\n  rel=\"preload\"\r\n  fetchpriority=\"high\"\r\n  >\r\n    <div class=\"p-text-center p-pt-5 p-text-white p-text-2xl p-font-semibold\">\r\n      Plane deinen Weg    <\/div>\r\n    <div\r\n            id='primary-app'\r\n            data-name='banner'\r\n            data-api='https:\/\/pathfinder.pilgrim.es\/api\/pathfinder\/v2'\r\n            data-mode='normal'\r\n            data-lang='de'\r\n            data-route='1'\r\n            data-destiny='https:\/\/planificador.pilgrim.es'\r\n            data-modality='1'\r\n            data-inline=''\r\n        ><\/div><\/div><\/div>\n  <\/div>\n<\/section>\n\n<section id=\"scoreBarsStage\">\n  <section>\r\n  <div class=\"p-flex p-flex-nowrap p-space-x-4 p-py-5 p-overflow-x-auto md:p-grid md:p-grid-cols-3 lg:p-grid-cols-5 md:p-gap-8 md:p-space-x-0 md:p-overflow-hidden scrollbar-thin\">\r\n    <div class=\"p-grid p-grid-cols-4 p-shrink-0 p-w-72 p-snap-start md:p-w-full\">\r\n        <div class=\"p-col-span-1 p-self-center p-text-center p-text-3xl\">\r\n            <i class=\"icon-influx\"><\/i>\r\n        <\/div>\r\n        <div class=\"p-col-span-3 p-flex p-flex-col p-items-start\">\r\n            <div class=\"p-text-start p-text-secondary p-mb-1 p-bold\"> Zustrom <\/div>\r\n            <div class=\"p-w-full p-bg-light p-rounded-full p-h-2 p-relative\">\r\n                <div class=\"p-bg-primary p-h-2 p-rounded-full p-absolute\" style=\"width: 60%;\"><\/div>\r\n            <\/div>\r\n        <\/div>\r\n    <\/div>\r\n\r\n    <div class=\"p-grid p-grid-cols-4 p-shrink-0 p-w-72 p-snap-start md:p-w-full\">\r\n        <div class=\"p-col-span-1 p-self-center p-text-center p-text-3xl\">\r\n            <i class=\"icon-difficulty\"><\/i>\r\n        <\/div>\r\n        <div class=\"p-col-span-3 p-flex p-flex-col p-items-start\">\r\n            <div class=\"p-text-start p-text-secondary p-mb-1 p-bold\"> Schwierigkeitsgrad <\/div>\r\n            <div class=\"p-w-full p-bg-light p-rounded-full p-h-2 p-relative\">\r\n                <div class=\"p-bg-primary p-h-2 p-rounded-full p-absolute\" style=\"width: 60%;\"><\/div>\r\n            <\/div>\r\n        <\/div>\r\n    <\/div>\r\n\r\n    <div class=\"p-grid p-grid-cols-4 p-shrink-0 p-w-72 p-snap-start md:p-w-full\">\r\n        <div class=\"p-col-span-1 p-self-center p-text-center p-text-3xl\">\r\n            <i class=\"icon-patrimony\"><\/i>\r\n        <\/div>\r\n        <div class=\"p-col-span-3 p-flex p-flex-col p-items-start\">\r\n            <div class=\"p-text-start p-text-secondary p-mb-1 p-bold\"> Kunst\/Geschichte <\/div>\r\n            <div class=\"p-w-full p-bg-light p-rounded-full p-h-2 p-relative\">\r\n                <div class=\"p-bg-primary p-h-2 p-rounded-full p-absolute\" style=\"width: 20%;\"><\/div>\r\n            <\/div>\r\n        <\/div>\r\n    <\/div>\r\n\r\n    <div class=\"p-grid p-grid-cols-4 p-shrink-0 p-w-72 p-snap-start md:p-w-full\">\r\n        <div class=\"p-col-span-1 p-self-center p-text-center p-text-3xl\">\r\n            <i class=\"icon-nature\"><\/i>\r\n        <\/div>\r\n        <div class=\"p-col-span-3 p-flex p-flex-col p-items-start\">\r\n            <div class=\"p-text-start p-text-secondary p-mb-1 p-bold\"> Natur <\/div>\r\n            <div class=\"p-w-full p-bg-light p-rounded-full p-h-2 p-relative\">\r\n                <div class=\"p-bg-primary p-h-2 p-rounded-full p-absolute\" style=\"width: 60%;\"><\/div>\r\n            <\/div>\r\n        <\/div>\r\n    <\/div>\r\n\r\n    <div class=\"p-grid p-grid-cols-4 p-shrink-0 p-w-72 p-snap-start md:p-w-full\">\r\n        <div class=\"p-col-span-1 p-self-center p-text-center p-text-3xl\">\r\n            <i class=\"icon-urban\"><\/i>\r\n        <\/div>\r\n        <div class=\"p-col-span-3 p-flex p-flex-col p-items-start\">\r\n            <div class=\"p-text-start p-text-secondary p-mb-1 p-bold\"> St\u00e4dtischer Weg <\/div>\r\n            <div class=\"p-w-full p-bg-light p-rounded-full p-h-2 p-relative\">\r\n                <div class=\"p-bg-primary p-h-2 p-rounded-full p-absolute\" style=\"width: 20%;\"><\/div>\r\n            <\/div>\r\n        <\/div>\r\n    <\/div>\r\n  <\/div>\r\n<\/section>\n<\/section>\n\n<div id=\"stage-list-section\"><div class=\"stage-list\">\n    <div class='stage-list__map-card'>\n        <div class='stage-list__map-card__map'>\n            <div class='stage-list__map-card__map__text'>\n                <h2> Pages <\/h2>\n                <p> Zu Fu\u00df<\/p>\n                <p> 0etappen<\/p>\n            <\/div>\n            <div class='stage-list__map-card__map__img'>\n                <img decoding=\"async\" src=\"\" alt=\" mapa \" \/>\n            <\/div>\n        <\/div>\n    <\/div>\n\n    <\/div>\n<\/div>\n\n<section id=\"navStage\">\n  <div>\n    <nav id=\"tab-navigation-section\" class=\"tab-navigation-section--cols-5\">\n      <a href=\"#infoSection\" class=\"active\">Information<\/a>\n       <a href=\"#profileSection\">Profil<\/a>\n       <a href=\"#itinerarySection\">Route<\/a>\n       <a href=\"#locationsSection\">Ortschaften<\/a>\n    <\/nav>\n\n    <div id=\"infoSection\">\n      <!-- Title Section with Orange Line -->\n      <div>\n        <h2 class=\"p-h2-stage\">Information<\/h2>\n        <hr class=\"orange-bar\" \/>\n        <h3 class=\"p-h3-stage\">\u00dcber diese Etappe<\/h3>\n      <\/div>\n\n      \n        <p>Wie auf einer Achterbahnfahrt werden wir in dieser Etappe mehrmals durch T\u00e4ler und W\u00e4lder, die von den asturischen Fl\u00fcssen durchquert werden, bergauf- und bergabsteigen. Wieder wandern wir durch kleine D\u00f6rfer entlang traumhafter Landschaften und erreichen Pola de Allande, eines der asturischen Gemeindebezirke, in denen Eonaviego gesprochen wird, eine sprachliche Vielfalt des Galicisch &#8211; Asturischen. Diese Gemeinde zeichnet sich auch durch die &#8222;Cienfuegos&#8220;- Burg aus, die zu Anfang dem Geschlecht der Familie Ponce angeh\u00f6rte und sp\u00e4ter von Rodrigo Gonz\u00e1lez de Cienfuegos, Gutsherr von Allande, wieder aufgebaut wurde.<\/p>\n      \n\n      <div class=\"recomendation-card\">\n        <div>\n          <i class=\"icon-logo-pilgrim\"><\/i>\n          <h5>Empfehlung Pilgrim<\/h5>\n        <\/div>\n\n        \n          <p>Viele Pilger entscheiden, die Etappe in zwei Tagesrouten zu teilen und die Nacht in Borres zu verbringen. Es handelt sich um einen Verlauf von fast drei\u00dfig Kilometern, und die Abfolge von abfallenden Strecken zwischen Tineo und Pola de Allande entfaltet sich als ein wahrer &#8222;Beinbrecher&#8220; f\u00fcr die Wanderer. Radfahrer und Personen mit eingeschr\u00e4nkter Bewegungsfreiheit werden in dieser Etappe, angesichts ihrer Bodenbeschaffenheit tats\u00e4chlich &#8222;auf die Probe gestellt&#8220;.<\/p>\n        \n      <\/div>\n    <\/div>\n\n    <div id=\"profileSection\">\n      <div>\n        <h2 class=\"p-h2-stage\">Entfernung und H\u00f6he<\/h2>\n        <hr class=\"orange-bar\" \/>\n        <h3 class=\"p-h3-stage\">Etappenprofil<\/h3>\n        <img decoding=\"async\" src=\"https:\/\/cdn.pilgrim.es\/web\/caminos\/camino-primitivo\/etapas\/etapa-4\/etapa4-perfil-tineo-pola-de-allande.jpg\" alt=\"Stage profile etappe-4-tineo-pola-de-allande\" \/>\n      <\/div>\n    <\/div>\n\n    <div id=\"itinerarySection\">\n      <h2 class=\"p-h2-stage\">Route<\/h2>\n      <hr \/>\n      <h3 class=\"p-h3-stage\">Itinerary<\/h3>\n\n      \n        <div>\n          <h4>Km 0 &#8211; Inicio<\/h4>\n\n          \n            <p>Entlang der &#8222;Jesus Evaristo Casariego&#8220;- Stra\u00dfe gehen wir auf das Rathaus zu, um diese neue Etappe zu beginnen. Einmal am Rathaus vorbei, biegen wir rechts in die &#8222;Calle Calvo Sotelo&#8220; und dann in die &#8222;Avenida Gonz\u00e1lez Mayo&#8220; ein. \u00dcber die Stra\u00dfen &#8222;Venera Conda&#8220;, auf der rechten Seite, und &#8222;De La Fuente&#8220;, kommen wir an dem &#8222;San Juan&#8220;- Brunnen vorbei; dies ist der ideale Ort, um unsere Feldflaschen f\u00fcr den Rest des Weges aufzuf\u00fcllen. Der Weg, der sich nach links \u00f6ffnet, f\u00fchrt uns an den &#8222;Regueiro de Robleu&#8220;, vorheriger Schritt zum Aussichtspunkt von Letizia, wo wir das Gebirge Leons in seiner ganzen Pracht und die N\u00e4he der galicischen Berge bewundern k\u00f6nnen. Durch diese sch\u00f6ne Landschaft n\u00e4hern wir uns dem &#8222;La Guardia&#8220;- Bergpass, wo endlich die anstrengenden Anstiege ein Ende finden. Nach Erreichen des Gipfels biegen wir links in einen asphaltierten Weg ein, den wir nach wenigen Metern (nach rechts) wieder verlassen, indem wir den &#8222;Pico de Puliares&#8220; (Berg) umgehen. Entlang dieses Pfades gelangen wir auf die AS-350, die uns wiederum nach Piedratecha f\u00fchrt. Wir folgen dieser Stra\u00dfe auf ihrem Randstreifen, bis uns ein Pfeil einen Weg nach links anzeigt, der sich zwischen bl\u00fchenden B\u00e4umen versteckt. Wir nehmen diesen idyllischen Weg zum &#8222;Santa Maria Real de Obona&#8220;- Kloster; einem aus einer Kirche und einem M\u00f6nchkloster bestehenden Komplex des Benediktinerordens, der im XIII. Jahrhundert auf einem primitiven Tempel erbaut und von Prinz Adelgaster gegr\u00fcndet wurde. Es befindet sich nicht auf dem Verlauf des Jakobsweges, aber die Pilger m\u00fcssen nur ein paar Meter abweichen, um diese architektonische Sch\u00f6nheit zu besuchen. Wir m\u00fcssen eine weitere Abzweigung nach links nehmen, um in Richtung Villaluz -in der Pfarrgemeinde Obona- zu wandern.<\/p>\n          \n            <p>Dort finden wir eine Rastst\u00e4tte, wo wir eine Pause einlegen k\u00f6nnen, wir sind fast auf halber Strecke. Wir kommen erneut auf die Schnellstra\u00dfe, um sie zu \u00fcberqueren und entlang einer Reihe kleiner D\u00f6rfer, die dieser Pfarrgemeinde angeh\u00f6ren, weiterzuwandern bis wir Campiello erreichen; wo wir alle Arten von Dienstleistungen und sogar eine Herberge finden. Wir kehren zur TI-3 zur\u00fcck und kommen an El Fresno und El Esp\u00edn vorbei. Danach verlassen wir diese Schnellstra\u00dfe, um in eine lokale Stra\u00dfe nach Pereda, Orrea und Sango\u00f1edo \u00fcbergehen. Nach einer weiteren Abzweigung \u00fcber einen erdigen Weg, erreichen wir Borres; wo ein Pfeil uns wiederum die Abzweigung zur Herberge anzeigt. Wenn wir allerdings noch auf dem Weg bleiben wollen, m\u00fcssen wir bis Bar\u00edn de Borres wandern, wo wir auch mehrere Gesch\u00e4fte und eine weitere Herberge finden. Einige Pilger teilen die Etappe in zwei Tagesrouten auf und \u00fcbernachten hier. Bis Pola de Allande sind es noch mehr als zehn Kilometer.<\/p>\n          \n            <p>Wenn wir diesen Ort verlassen, m\u00fcssen wir den Aufstieg \u00fcber einen Beton- Weg angehen, der sp\u00e4ter in einen von gro\u00dfen Kiefern umgebenen Pfad \u00fcbergeht. Diesem Pfad folgend, weist die Signalisierung uns auf die Variante nach Hospitales hin, und nach etwa zweihundert Metern erreichen wir Samblismo. Dort \u00fcberqueren wir erneut die Stra\u00dfe, um durch La Mortera zu kommen, das der Pfarrgemeinde Santiago de Cerredo angeh\u00f6rt. Ab diesem Punkt werden wir den Asphalt der Schnellstra\u00dfe und Wege durch die W\u00e4lder Asturiens abwechseln. Nachdem wir den Fluss Mortera \u00fcberqueren, gehen wir bergauf der Autobahn zu und erreichen, nach einer Reihe von Abzweigungen, Colinas de Arriba. \u00dcber die AS-219 wandern wir dem Ufer des Flusses Villaverde zu, und sammeln unsere Kr\u00e4fte, indem wir eine Br\u00fccke \u00fcberqueren, die uns \u00fcber einen Asphaltweg an den Aufstieg zum &#8222;Alto de Porciles&#8220; f\u00fchrt. Zum Gl\u00fcck k\u00f6nnen wir in einer Cafeteria am Wegesrand aufatmen und uns ein wenig ausruhen, wenn wir im Dorf ankommen. Es ist Zeit, die Stra\u00dfe wieder zu verlassen, um nach links in Richtung des Flusses zu wandern- in diesem Fall, der Porciles. Entlang eines ziemlich unbequemen Weges sollten wir auf jeden unserer Schritte achten, um erneut auf die AS-219 zu gelangen und anschlie\u00dfend den Gipfel von Lavadoira, im Grenzbereich der Gemeinde Tineo, zu erreichen . Wir weichen nach links von der Stra\u00dfe ab, bevor wir Allande auf einem Weg in Richtung Ferroy erreichen. Diese Ortschaft durchqueren wir, um erneut auf die Stra\u00dfe zu gelangen, in diesem Fall die AS-217. Letztere werden wir nach links \u00fcber den &#8222;Regueiro de Caleyo&#8220; unmittelbar wieder verlassen. Wir stehen bereits vor den Toren von Pola de Allande, dem Endpunkt unserer heutigen Etappe, unter dem wachsamen Blick der &#8222;Cienfuegos de Pe\u00f1alba&#8220;- Burg auf dem H\u00fcgel. Ein Muss f\u00fcr alle Pilger, die das Land von Allande betreten: Diese Burg wurde im XVIII. Jahrhundert reformiert, um zur Residenz des Grafen von Pe\u00f1alba umgebaut zu werden. Nur der untere Teil des Geb\u00e4udes hat seine urspr\u00fcngliche Struktur bewahrt. Im Zentrum der Ortschaft befindet sich au\u00dferdem die Sankt Andreas- Kirche gotischen Stils mit einem hohen Glockenturm, welche die kastilische Mode des XVI. und sp\u00e4terer Jahrhunderte darstellt, da sie seit ihrem Bau mehrmals renoviert wurde.<\/p>\n          \n\n          \n            <a class=\"town-link\" href=\"https:\/\/www.pilgrim.es\/de\/primitiver-weg\/tineo\/\">\n              <div class=\"town-link__link-content\">\n                <div class=\"town-link__link-content__text\">\n                  <p>Lokale Informationen<\/p>\n                  <p>Polizei, medizinische Versorgung, Sehensw\u00fcrdigkeiten, Restaurants&#8230;<\/p>\n                <\/div>\n                <div class=\"town-link__link-content__town-btn\">\n                  <i class=\"icon-arrow\"><\/i>\n                <\/div>\n              <\/div>\n            <\/a>\n          \n        <\/div>\n        <hr \/>\n      \n      <div>\n        <h4>Km 27 &#8231; Pola de Allande<\/h4>\n        <a class=\"town-link\" href=\"https:\/\/www.pilgrim.es\/de\/primitiver-weg\/pola-de-allande\/\">\n          <div class=\"town-link__link-content\">\n            <div class=\"town-link__link-content__text\">\n              <p>Lokale Informationen<\/p>\n              <p>Polizei, medizinische Versorgung, Sehensw\u00fcrdigkeiten, Restaurants&#8230;<\/p>\n            <\/div>\n            <div class=\"town-link__link-content__town-btn\">\n              <i class=\"icon-arrow\"><\/i>\n            <\/div>\n          <\/div>\n        <\/a>\n      <\/div>\n    <\/div>\n\n  <div id=\"locationsSection\">\n      <h2 class=\"p-h2-stage\">\u00d6rtlichkeiten<\/h2>\n      <hr \/>\n      <h3 class=\"p-h3-stage\">St\u00e4dte<\/h3>\n      <div class=\"grid-container\">\n\n        <div class=\"p-group card-stage p-max-w-full\">\n          <a href=\"https:\/\/www.pilgrim.es\/de\/primitiver-weg\/tineo\/\" class=\"town-card\">\n            <div class=\"card-stage__header\">\n              <img decoding=\"async\" src=\"https:\/\/cdn.pilgrim.es\/web\/caminos\/camino-primitivo\/pueblos\/tineo.jpg\" alt=\"Tineo\" class=\"group-hover:p-scale-110\" \/>\n              <div class=\"card-overlay group-hover:p-opacity-50\"><\/div>\n            <\/div>\n            <div class=\"town-card__flex-container\">\n              <div class=\"town-card__flex-container__info\">\n                <h3>Tineo<\/h3>\n                <p>Provincia: Asturias<\/p>\n              <\/div>\n              <div class=\"town-card__flex-container__btn\">\n                <i class=\"icon-arrow\"><\/i>\n              <\/div>\n            <\/div>\n          <\/a>\n        <\/div>\n        <div class=\"p-group card-stage p-max-w-full\">\n          <a href=\"https:\/\/www.pilgrim.es\/de\/primitiver-weg\/pola-de-allande\/\" class=\"town-card\">\n            <div class=\"card-stage__header\">\n              <img decoding=\"async\" src=\"https:\/\/cdn.pilgrim.es\/web\/caminos\/camino-primitivo\/pueblos\/pola-de-allande.jpg\" alt=\"Pola de Allande\" class=\"group-hover:p-scale-110\" \/>\n              <div class=\"card-overlay group-hover:p-opacity-50\"><\/div>\n            <\/div>\n            <div class=\"town-card__flex-container\">\n              <div class=\"town-card__flex-container__info\">\n                <h3>Pola de Allande<\/h3>\n                <p>Provincia: Asturias<\/p>\n              <\/div>\n              <div class=\"town-card__flex-container__btn\">\n                <i class=\"icon-arrow\"><\/i>\n              <\/div>\n            <\/div>\n          <\/a>\n        <\/div>\n      <\/div>\n    <\/div>\n    <hr class=\"single-bar\" \/>\n  <\/div>\n<\/section>\n\n<section id=\"stageChange\">\n  <div>\n    <a href=\"\/de\/primitiver-weg\/etappe-3-salas-tineo\/\" class=\"change-btn\">\n    <div class=\"change-btn\">\n      <div class=\"btn-arrow previous\">\n        <i class=\"icon-arrow\"><\/i>\n      <\/div>\n      <div class=\"change-btn__info\">\n        <div>Etappe 3<\/div>\n        <p>\n          Salas \u276f <br> Tineo\n        <\/p>\n      <\/div>\n    <\/div>\n    <\/a>\n    <a href=\"\/de\/primitiver-weg\/etappe-5-pola-de-allande-la-mesa\/\" class=\"change-btn\">\n      <div class=\"change-btn__info\">\n        <div>Etappe 5<\/div>\n        <p>\n          Pola de Allande \u276f <br> La Mesa\n        <\/p>\n      <\/div>\n      <div class=\"btn-arrow\">\n        <i class=\"icon-arrow\"><\/i>\n      <\/div>\n    <\/a>\n  <\/div>\n<\/section> ","protected":false},"excerpt":{"rendered":"<p>Primitiver Weg (Urweg): Etappe 4 Walk 14 Etappe \/ 310 Kms Tineo &#10093; Pola de Allande 27 Km &#10094; Etappe 3 Etappe 5 &#10095; Information Profil Route Ortschaften Information \u00dcber diese Etappe Wie auf einer Achterbahnfahrt werden wir in dieser Etappe mehrmals durch T\u00e4ler und W\u00e4lder, die von den asturischen Fl\u00fcssen durchquert werden, bergauf- und &hellip; <\/p>\n<p class=\"read_more\"><a href=\"https:\/\/www.pilgrim.es\/de\/primitiver-weg\/etappe-4-tineo-pola-de-allande\/\">Leer m\u00e1s<\/a><\/p>\n","protected":false},"author":4,"featured_media":13015,"parent":10635,"menu_order":0,"comment_status":"closed","ping_status":"closed","template":"views\/template-new-web-design.blade.php","meta":{"footnotes":""},"categories":[],"tags":[],"class_list":["post-38803","page","type-page","status-publish","has-post-thumbnail","hentry"],"yoast_head":"<!-- This site is optimized with the Yoast SEO plugin v27.4 - https:\/\/yoast.com\/product\/yoast-seo-wordpress\/ -->\n<title>Camino de Santiago desde Tineo a Pola de Allande | Camino de Santiago<\/title>\n<meta name=\"description\" content=\"Camino Primitivo: Etapa 4 del Camino de Santiago que discurre entre las localidades de Tineo y Pola de Allande. Descubre toda la informaci\u00f3n y planifica tu etapa.\" \/>\n<meta name=\"robots\" content=\"index, follow, max-snippet:-1, max-image-preview:large, max-video-preview:-1\" \/>\n<link rel=\"canonical\" href=\"https:\/\/www.pilgrim.es\/de\/primitiver-weg\/etappe-4-tineo-pola-de-allande\/\" \/>\n<meta property=\"og:locale\" content=\"de_DE\" \/>\n<meta property=\"og:type\" content=\"article\" \/>\n<meta property=\"og:title\" content=\"Camino de Santiago desde Tineo a Pola de Allande | Camino de Santiago\" \/>\n<meta property=\"og:description\" content=\"Camino Primitivo: Etapa 4 del Camino de Santiago que discurre entre las localidades de Tineo y Pola de Allande. Descubre toda la informaci\u00f3n y planifica tu etapa.\" \/>\n<meta property=\"og:url\" content=\"https:\/\/www.pilgrim.es\/de\/primitiver-weg\/etappe-4-tineo-pola-de-allande\/\" \/>\n<meta property=\"og:site_name\" content=\"Pilgrim\" \/>\n<meta property=\"article:publisher\" content=\"https:\/\/www.facebook.com\/pilgrim.es\/\" \/>\n<meta property=\"article:modified_time\" content=\"2025-03-24T16:38:05+00:00\" \/>\n<meta property=\"og:image\" content=\"https:\/\/www.pilgrim.es\/wp-content\/uploads\/2019\/03\/camino_primitivo_etapa_4.jpg\" \/>\n\t<meta property=\"og:image:width\" content=\"1633\" \/>\n\t<meta property=\"og:image:height\" content=\"547\" \/>\n\t<meta property=\"og:image:type\" content=\"image\/jpeg\" \/>\n<meta name=\"twitter:card\" content=\"summary_large_image\" \/>\n<meta name=\"twitter:site\" content=\"@pilgrim_es\" \/>\n<meta name=\"twitter:label1\" content=\"Gesch\u00e4tzte Lesezeit\" \/>\n\t<meta name=\"twitter:data1\" content=\"5\u00a0Minuten\" \/>\n<script type=\"application\/ld+json\" class=\"yoast-schema-graph\">{\"@context\":\"https:\\\/\\\/schema.org\",\"@graph\":[{\"@type\":\"WebPage\",\"@id\":\"https:\\\/\\\/www.pilgrim.es\\\/de\\\/primitiver-weg\\\/etappe-4-tineo-pola-de-allande\\\/\",\"url\":\"https:\\\/\\\/www.pilgrim.es\\\/de\\\/primitiver-weg\\\/etappe-4-tineo-pola-de-allande\\\/\",\"name\":\"Camino de Santiago desde Tineo a Pola de Allande | Camino de Santiago\",\"isPartOf\":{\"@id\":\"https:\\\/\\\/www.pilgrim.es\\\/de\\\/#website\"},\"primaryImageOfPage\":{\"@id\":\"https:\\\/\\\/www.pilgrim.es\\\/de\\\/primitiver-weg\\\/etappe-4-tineo-pola-de-allande\\\/#primaryimage\"},\"image\":{\"@id\":\"https:\\\/\\\/www.pilgrim.es\\\/de\\\/primitiver-weg\\\/etappe-4-tineo-pola-de-allande\\\/#primaryimage\"},\"thumbnailUrl\":\"https:\\\/\\\/www.pilgrim.es\\\/wp-content\\\/uploads\\\/2019\\\/03\\\/camino_primitivo_etapa_4.jpg\",\"datePublished\":\"2019-05-23T16:21:36+00:00\",\"dateModified\":\"2025-03-24T16:38:05+00:00\",\"description\":\"Camino Primitivo: Etapa 4 del Camino de Santiago que discurre entre las localidades de Tineo y Pola de Allande. Descubre toda la informaci\u00f3n y planifica tu etapa.\",\"breadcrumb\":{\"@id\":\"https:\\\/\\\/www.pilgrim.es\\\/de\\\/primitiver-weg\\\/etappe-4-tineo-pola-de-allande\\\/#breadcrumb\"},\"inLanguage\":\"de\",\"potentialAction\":[{\"@type\":\"ReadAction\",\"target\":[\"https:\\\/\\\/www.pilgrim.es\\\/de\\\/primitiver-weg\\\/etappe-4-tineo-pola-de-allande\\\/\"]}]},{\"@type\":\"ImageObject\",\"inLanguage\":\"de\",\"@id\":\"https:\\\/\\\/www.pilgrim.es\\\/de\\\/primitiver-weg\\\/etappe-4-tineo-pola-de-allande\\\/#primaryimage\",\"url\":\"https:\\\/\\\/www.pilgrim.es\\\/wp-content\\\/uploads\\\/2019\\\/03\\\/camino_primitivo_etapa_4.jpg\",\"contentUrl\":\"https:\\\/\\\/www.pilgrim.es\\\/wp-content\\\/uploads\\\/2019\\\/03\\\/camino_primitivo_etapa_4.jpg\",\"width\":1633,\"height\":547,\"caption\":\"Landkarte Etappe 4 Primitiver Weg (Urweg)\"},{\"@type\":\"BreadcrumbList\",\"@id\":\"https:\\\/\\\/www.pilgrim.es\\\/de\\\/primitiver-weg\\\/etappe-4-tineo-pola-de-allande\\\/#breadcrumb\",\"itemListElement\":[{\"@type\":\"ListItem\",\"position\":1,\"name\":\"Camino de Santiago\",\"item\":\"https:\\\/\\\/www.pilgrim.es\\\/de\\\/\"},{\"@type\":\"ListItem\",\"position\":2,\"name\":\"Primitiver Weg (Urweg) | Etappe 4: Tineo &#8211; Pola de Allande\"}]},{\"@type\":\"WebSite\",\"@id\":\"https:\\\/\\\/www.pilgrim.es\\\/de\\\/#website\",\"url\":\"https:\\\/\\\/www.pilgrim.es\\\/de\\\/\",\"name\":\"Pilgrim\",\"description\":\"Camino de Santiago | Caminamos Contigo\",\"publisher\":{\"@id\":\"https:\\\/\\\/www.pilgrim.es\\\/de\\\/#organization\"},\"potentialAction\":[{\"@type\":\"SearchAction\",\"target\":{\"@type\":\"EntryPoint\",\"urlTemplate\":\"https:\\\/\\\/www.pilgrim.es\\\/de\\\/?s={search_term_string}\"},\"query-input\":{\"@type\":\"PropertyValueSpecification\",\"valueRequired\":true,\"valueName\":\"search_term_string\"}}],\"inLanguage\":\"de\"},{\"@type\":\"Organization\",\"@id\":\"https:\\\/\\\/www.pilgrim.es\\\/de\\\/#organization\",\"name\":\"Pilgrim Camino de Santiago\",\"url\":\"https:\\\/\\\/www.pilgrim.es\\\/de\\\/\",\"logo\":{\"@type\":\"ImageObject\",\"inLanguage\":\"de\",\"@id\":\"https:\\\/\\\/www.pilgrim.es\\\/de\\\/#\\\/schema\\\/logo\\\/image\\\/\",\"url\":\"https:\\\/\\\/www.pilgrim.es\\\/wp-content\\\/uploads\\\/2019\\\/04\\\/logo_pilgrim.png\",\"contentUrl\":\"https:\\\/\\\/www.pilgrim.es\\\/wp-content\\\/uploads\\\/2019\\\/04\\\/logo_pilgrim.png\",\"width\":512,\"height\":512,\"caption\":\"Pilgrim Camino de Santiago\"},\"image\":{\"@id\":\"https:\\\/\\\/www.pilgrim.es\\\/de\\\/#\\\/schema\\\/logo\\\/image\\\/\"},\"sameAs\":[\"https:\\\/\\\/www.facebook.com\\\/pilgrim.es\\\/\",\"https:\\\/\\\/x.com\\\/pilgrim_es\",\"https:\\\/\\\/www.instagram.com\\\/pilgrim.es\\\/\",\"https:\\\/\\\/www.linkedin.com\\\/company\\\/pilgrim-camino-de-santiago\\\/\",\"https:\\\/\\\/www.pinterest.es\\\/pilgrimcaminodesantiago\\\/\",\"https:\\\/\\\/www.youtube.com\\\/channel\\\/UCIv2ZzFLXVqthkNF32rKedw\\\/featured\"]}]}<\/script>\n<!-- \/ Yoast SEO plugin. -->","yoast_head_json":{"title":"Camino de Santiago desde Tineo a Pola de Allande | Camino de Santiago","description":"Camino Primitivo: Etapa 4 del Camino de Santiago que discurre entre las localidades de Tineo y Pola de Allande. Descubre toda la informaci\u00f3n y planifica tu etapa.","robots":{"index":"index","follow":"follow","max-snippet":"max-snippet:-1","max-image-preview":"max-image-preview:large","max-video-preview":"max-video-preview:-1"},"canonical":"https:\/\/www.pilgrim.es\/de\/primitiver-weg\/etappe-4-tineo-pola-de-allande\/","og_locale":"de_DE","og_type":"article","og_title":"Camino de Santiago desde Tineo a Pola de Allande | Camino de Santiago","og_description":"Camino Primitivo: Etapa 4 del Camino de Santiago que discurre entre las localidades de Tineo y Pola de Allande. Descubre toda la informaci\u00f3n y planifica tu etapa.","og_url":"https:\/\/www.pilgrim.es\/de\/primitiver-weg\/etappe-4-tineo-pola-de-allande\/","og_site_name":"Pilgrim","article_publisher":"https:\/\/www.facebook.com\/pilgrim.es\/","article_modified_time":"2025-03-24T16:38:05+00:00","og_image":[{"width":1633,"height":547,"url":"https:\/\/www.pilgrim.es\/wp-content\/uploads\/2019\/03\/camino_primitivo_etapa_4.jpg","type":"image\/jpeg"}],"twitter_card":"summary_large_image","twitter_site":"@pilgrim_es","twitter_misc":{"Gesch\u00e4tzte Lesezeit":"5\u00a0Minuten"},"schema":{"@context":"https:\/\/schema.org","@graph":[{"@type":"WebPage","@id":"https:\/\/www.pilgrim.es\/de\/primitiver-weg\/etappe-4-tineo-pola-de-allande\/","url":"https:\/\/www.pilgrim.es\/de\/primitiver-weg\/etappe-4-tineo-pola-de-allande\/","name":"Camino de Santiago desde Tineo a Pola de Allande | Camino de Santiago","isPartOf":{"@id":"https:\/\/www.pilgrim.es\/de\/#website"},"primaryImageOfPage":{"@id":"https:\/\/www.pilgrim.es\/de\/primitiver-weg\/etappe-4-tineo-pola-de-allande\/#primaryimage"},"image":{"@id":"https:\/\/www.pilgrim.es\/de\/primitiver-weg\/etappe-4-tineo-pola-de-allande\/#primaryimage"},"thumbnailUrl":"https:\/\/www.pilgrim.es\/wp-content\/uploads\/2019\/03\/camino_primitivo_etapa_4.jpg","datePublished":"2019-05-23T16:21:36+00:00","dateModified":"2025-03-24T16:38:05+00:00","description":"Camino Primitivo: Etapa 4 del Camino de Santiago que discurre entre las localidades de Tineo y Pola de Allande. Descubre toda la informaci\u00f3n y planifica tu etapa.","breadcrumb":{"@id":"https:\/\/www.pilgrim.es\/de\/primitiver-weg\/etappe-4-tineo-pola-de-allande\/#breadcrumb"},"inLanguage":"de","potentialAction":[{"@type":"ReadAction","target":["https:\/\/www.pilgrim.es\/de\/primitiver-weg\/etappe-4-tineo-pola-de-allande\/"]}]},{"@type":"ImageObject","inLanguage":"de","@id":"https:\/\/www.pilgrim.es\/de\/primitiver-weg\/etappe-4-tineo-pola-de-allande\/#primaryimage","url":"https:\/\/www.pilgrim.es\/wp-content\/uploads\/2019\/03\/camino_primitivo_etapa_4.jpg","contentUrl":"https:\/\/www.pilgrim.es\/wp-content\/uploads\/2019\/03\/camino_primitivo_etapa_4.jpg","width":1633,"height":547,"caption":"Landkarte Etappe 4 Primitiver Weg (Urweg)"},{"@type":"BreadcrumbList","@id":"https:\/\/www.pilgrim.es\/de\/primitiver-weg\/etappe-4-tineo-pola-de-allande\/#breadcrumb","itemListElement":[{"@type":"ListItem","position":1,"name":"Camino de Santiago","item":"https:\/\/www.pilgrim.es\/de\/"},{"@type":"ListItem","position":2,"name":"Primitiver Weg (Urweg) | Etappe 4: Tineo &#8211; Pola de Allande"}]},{"@type":"WebSite","@id":"https:\/\/www.pilgrim.es\/de\/#website","url":"https:\/\/www.pilgrim.es\/de\/","name":"Pilgrim","description":"Camino de Santiago | Caminamos Contigo","publisher":{"@id":"https:\/\/www.pilgrim.es\/de\/#organization"},"potentialAction":[{"@type":"SearchAction","target":{"@type":"EntryPoint","urlTemplate":"https:\/\/www.pilgrim.es\/de\/?s={search_term_string}"},"query-input":{"@type":"PropertyValueSpecification","valueRequired":true,"valueName":"search_term_string"}}],"inLanguage":"de"},{"@type":"Organization","@id":"https:\/\/www.pilgrim.es\/de\/#organization","name":"Pilgrim Camino de Santiago","url":"https:\/\/www.pilgrim.es\/de\/","logo":{"@type":"ImageObject","inLanguage":"de","@id":"https:\/\/www.pilgrim.es\/de\/#\/schema\/logo\/image\/","url":"https:\/\/www.pilgrim.es\/wp-content\/uploads\/2019\/04\/logo_pilgrim.png","contentUrl":"https:\/\/www.pilgrim.es\/wp-content\/uploads\/2019\/04\/logo_pilgrim.png","width":512,"height":512,"caption":"Pilgrim Camino de Santiago"},"image":{"@id":"https:\/\/www.pilgrim.es\/de\/#\/schema\/logo\/image\/"},"sameAs":["https:\/\/www.facebook.com\/pilgrim.es\/","https:\/\/x.com\/pilgrim_es","https:\/\/www.instagram.com\/pilgrim.es\/","https:\/\/www.linkedin.com\/company\/pilgrim-camino-de-santiago\/","https:\/\/www.pinterest.es\/pilgrimcaminodesantiago\/","https:\/\/www.youtube.com\/channel\/UCIv2ZzFLXVqthkNF32rKedw\/featured"]}]}},"_links":{"self":[{"href":"https:\/\/www.pilgrim.es\/de\/wp-json\/wp\/v2\/pages\/38803","targetHints":{"allow":["GET"]}}],"collection":[{"href":"https:\/\/www.pilgrim.es\/de\/wp-json\/wp\/v2\/pages"}],"about":[{"href":"https:\/\/www.pilgrim.es\/de\/wp-json\/wp\/v2\/types\/page"}],"author":[{"embeddable":true,"href":"https:\/\/www.pilgrim.es\/de\/wp-json\/wp\/v2\/users\/4"}],"replies":[{"embeddable":true,"href":"https:\/\/www.pilgrim.es\/de\/wp-json\/wp\/v2\/comments?post=38803"}],"version-history":[{"count":4,"href":"https:\/\/www.pilgrim.es\/de\/wp-json\/wp\/v2\/pages\/38803\/revisions"}],"predecessor-version":[{"id":94704,"href":"https:\/\/www.pilgrim.es\/de\/wp-json\/wp\/v2\/pages\/38803\/revisions\/94704"}],"up":[{"embeddable":true,"href":"https:\/\/www.pilgrim.es\/de\/wp-json\/wp\/v2\/pages\/10635"}],"wp:featuredmedia":[{"embeddable":true,"href":"https:\/\/www.pilgrim.es\/de\/wp-json\/wp\/v2\/media\/13015"}],"wp:attachment":[{"href":"https:\/\/www.pilgrim.es\/de\/wp-json\/wp\/v2\/media?parent=38803"}],"wp:term":[{"taxonomy":"category","embeddable":true,"href":"https:\/\/www.pilgrim.es\/de\/wp-json\/wp\/v2\/categories?post=38803"},{"taxonomy":"post_tag","embeddable":true,"href":"https:\/\/www.pilgrim.es\/de\/wp-json\/wp\/v2\/tags?post=38803"}],"curies":[{"name":"wp","href":"https:\/\/api.w.org\/{rel}","templated":true}]}}