{"id":38795,"date":"2019-05-23T10:28:50","date_gmt":"2019-05-23T10:28:50","guid":{"rendered":"https:\/\/prod.pilgrim.es\/primitiver-weg\/etappe-3-salas-tineo\/"},"modified":"2025-03-24T16:38:01","modified_gmt":"2025-03-24T16:38:01","slug":"etappe-3-salas-tineo","status":"publish","type":"page","link":"https:\/\/www.pilgrim.es\/de\/primitiver-weg\/etappe-3-salas-tineo\/","title":{"rendered":"Primitiver Weg (Urweg) | Etappe 3: Salas -Tineo"},"content":{"rendered":" <section id=\"heroStage\">\n  <h1>Primitiver Weg (Urweg): Etappe 3<\/h1>\n  <div>\n    <div class=\"hero\" data-background=\"https:\/\/cdn.pilgrim.es\/web\/caminos\/camino-primitivo\/pueblos\/salas.jpg\">\n      <div class=\"hero__container\">\n        <div class=\"hero__container__labels\">\n          <p>Walk<\/p>\n          <p>14 Etappe \/ 310 Kms<\/p>\n        <\/div>\n        <div class=\"hero__container__stage-name\">\n          <h2>\n            Salas <br \/>\n            <span>&#10093;<\/span>\n            Tineo\n          <\/h2>\n          <p>19.8 Km<\/p>\n        <\/div>\n        <div class=\"hero__container__stage-changer\">\n            <div class=\"stage-control\">\n              <a class=\"stage-control__link\" href=\"\/de\/primitiver-weg\/etappe-2-gradosan-juan-de-villapanada-salas\/\"><span>&#10094;<\/span> Etappe 2<\/a>\n            <\/div>\n          <div class=\"stage-control\">\n            <a class=\"stage-control__link\" href=\"\/de\/primitiver-weg\/etappe-4-tineo-pola-de-allande\/\">Etappe 4 <span>&#10095;<\/span><\/a>\n          <\/div>\n        <\/div>\n      <\/div>\n    <\/div>\n    <div class=\"planner\"><div\r\n  class=\"p-col-span-1 p-rounded-lg p-px-5 p-h-full\"\r\n  style=\"background-image: url('https:\/\/cdn.pilgrim.es\/web\/pilgrim-planner\/bg-plugin-planificador.webp')\"\r\n  rel=\"preload\"\r\n  fetchpriority=\"high\"\r\n  >\r\n    <div class=\"p-text-center p-pt-5 p-text-white p-text-2xl p-font-semibold\">\r\n      Plane deinen Weg    <\/div>\r\n    <div\r\n            id='primary-app'\r\n            data-name='banner'\r\n            data-api='https:\/\/pathfinder.pilgrim.es\/api\/pathfinder\/v2'\r\n            data-mode='normal'\r\n            data-lang='de'\r\n            data-route='1'\r\n            data-destiny='https:\/\/planificador.pilgrim.es'\r\n            data-modality='1'\r\n            data-inline=''\r\n        ><\/div><\/div><\/div>\n  <\/div>\n<\/section>\n\n<section id=\"scoreBarsStage\">\n  <section>\r\n  <div class=\"p-flex p-flex-nowrap p-space-x-4 p-py-5 p-overflow-x-auto md:p-grid md:p-grid-cols-3 lg:p-grid-cols-5 md:p-gap-8 md:p-space-x-0 md:p-overflow-hidden scrollbar-thin\">\r\n    <div class=\"p-grid p-grid-cols-4 p-shrink-0 p-w-72 p-snap-start md:p-w-full\">\r\n        <div class=\"p-col-span-1 p-self-center p-text-center p-text-3xl\">\r\n            <i class=\"icon-influx\"><\/i>\r\n        <\/div>\r\n        <div class=\"p-col-span-3 p-flex p-flex-col p-items-start\">\r\n            <div class=\"p-text-start p-text-secondary p-mb-1 p-bold\"> Zustrom <\/div>\r\n            <div class=\"p-w-full p-bg-light p-rounded-full p-h-2 p-relative\">\r\n                <div class=\"p-bg-primary p-h-2 p-rounded-full p-absolute\" style=\"width: 60%;\"><\/div>\r\n            <\/div>\r\n        <\/div>\r\n    <\/div>\r\n\r\n    <div class=\"p-grid p-grid-cols-4 p-shrink-0 p-w-72 p-snap-start md:p-w-full\">\r\n        <div class=\"p-col-span-1 p-self-center p-text-center p-text-3xl\">\r\n            <i class=\"icon-difficulty\"><\/i>\r\n        <\/div>\r\n        <div class=\"p-col-span-3 p-flex p-flex-col p-items-start\">\r\n            <div class=\"p-text-start p-text-secondary p-mb-1 p-bold\"> Schwierigkeitsgrad <\/div>\r\n            <div class=\"p-w-full p-bg-light p-rounded-full p-h-2 p-relative\">\r\n                <div class=\"p-bg-primary p-h-2 p-rounded-full p-absolute\" style=\"width: 60%;\"><\/div>\r\n            <\/div>\r\n        <\/div>\r\n    <\/div>\r\n\r\n    <div class=\"p-grid p-grid-cols-4 p-shrink-0 p-w-72 p-snap-start md:p-w-full\">\r\n        <div class=\"p-col-span-1 p-self-center p-text-center p-text-3xl\">\r\n            <i class=\"icon-patrimony\"><\/i>\r\n        <\/div>\r\n        <div class=\"p-col-span-3 p-flex p-flex-col p-items-start\">\r\n            <div class=\"p-text-start p-text-secondary p-mb-1 p-bold\"> Kunst\/Geschichte <\/div>\r\n            <div class=\"p-w-full p-bg-light p-rounded-full p-h-2 p-relative\">\r\n                <div class=\"p-bg-primary p-h-2 p-rounded-full p-absolute\" style=\"width: 20%;\"><\/div>\r\n            <\/div>\r\n        <\/div>\r\n    <\/div>\r\n\r\n    <div class=\"p-grid p-grid-cols-4 p-shrink-0 p-w-72 p-snap-start md:p-w-full\">\r\n        <div class=\"p-col-span-1 p-self-center p-text-center p-text-3xl\">\r\n            <i class=\"icon-nature\"><\/i>\r\n        <\/div>\r\n        <div class=\"p-col-span-3 p-flex p-flex-col p-items-start\">\r\n            <div class=\"p-text-start p-text-secondary p-mb-1 p-bold\"> Natur <\/div>\r\n            <div class=\"p-w-full p-bg-light p-rounded-full p-h-2 p-relative\">\r\n                <div class=\"p-bg-primary p-h-2 p-rounded-full p-absolute\" style=\"width: 60%;\"><\/div>\r\n            <\/div>\r\n        <\/div>\r\n    <\/div>\r\n\r\n    <div class=\"p-grid p-grid-cols-4 p-shrink-0 p-w-72 p-snap-start md:p-w-full\">\r\n        <div class=\"p-col-span-1 p-self-center p-text-center p-text-3xl\">\r\n            <i class=\"icon-urban\"><\/i>\r\n        <\/div>\r\n        <div class=\"p-col-span-3 p-flex p-flex-col p-items-start\">\r\n            <div class=\"p-text-start p-text-secondary p-mb-1 p-bold\"> St\u00e4dtischer Weg <\/div>\r\n            <div class=\"p-w-full p-bg-light p-rounded-full p-h-2 p-relative\">\r\n                <div class=\"p-bg-primary p-h-2 p-rounded-full p-absolute\" style=\"width: 20%;\"><\/div>\r\n            <\/div>\r\n        <\/div>\r\n    <\/div>\r\n  <\/div>\r\n<\/section>\n<\/section>\n\n<div id=\"stage-list-section\"><div class=\"stage-list\">\n    <div class='stage-list__map-card'>\n        <div class='stage-list__map-card__map'>\n            <div class='stage-list__map-card__map__text'>\n                <h2> Pages <\/h2>\n                <p> Zu Fu\u00df<\/p>\n                <p> 0etappen<\/p>\n            <\/div>\n            <div class='stage-list__map-card__map__img'>\n                <img decoding=\"async\" src=\"\" alt=\" mapa \" \/>\n            <\/div>\n        <\/div>\n    <\/div>\n\n    <\/div>\n<\/div>\n\n<section id=\"navStage\">\n  <div>\n    <nav id=\"tab-navigation-section\" class=\"tab-navigation-section--cols-5\">\n      <a href=\"#infoSection\" class=\"active\">Information<\/a>\n       <a href=\"#profileSection\">Profil<\/a>\n       <a href=\"#itinerarySection\">Route<\/a>\n       <a href=\"#locationsSection\">Ortschaften<\/a>\n    <\/nav>\n\n    <div id=\"infoSection\">\n      <!-- Title Section with Orange Line -->\n      <div>\n        <h2 class=\"p-h2-stage\">Information<\/h2>\n        <hr class=\"orange-bar\" \/>\n        <h3 class=\"p-h3-stage\">\u00dcber diese Etappe<\/h3>\n      <\/div>\n\n      \n        <p>Wir werden diese Etappe beginnen, indem wir mehr als f\u00fcnf Kilometer bergauf nach Porciles steigen, das sich in etwa sechshundert Metern H\u00f6he \u00fcber dem Meeresspiegel befindet. Dann wird der Verlauf auf praktisch flachem Land fortgesetzt, entlang kleiner Bev\u00f6lkerungskerne, denen es in den meisten F\u00e4llen an Dienstleistungen mangelt, die aber eine lange jakobinische Tradition vorweisen.<\/p>\n      \n\n      <div class=\"recomendation-card\">\n        <div>\n          <i class=\"icon-logo-pilgrim\"><\/i>\n          <h5>Empfehlung Pilgrim<\/h5>\n        <\/div>\n\n        \n          <p>Schon als Erstes werden wir uns heute dem Aufstieg nach Porciles zwischen W\u00e4ldern voller \u00fcppiger Vegetation stellen. Es ist ratsam, ihn ruhig anzugehen und die Natur in ihrer reinsten Form zu genie\u00dfen. Radfahrer und Personen mit eingeschr\u00e4nkter Bewegungsfreiheit sollten insbesondere bei Regenwetter und verschlammtem Boden stets achtsam sein.<\/p>\n        \n      <\/div>\n    <\/div>\n\n    <div id=\"profileSection\">\n      <div>\n        <h2 class=\"p-h2-stage\">Entfernung und H\u00f6he<\/h2>\n        <hr class=\"orange-bar\" \/>\n        <h3 class=\"p-h3-stage\">Etappenprofil<\/h3>\n        <img decoding=\"async\" src=\"https:\/\/cdn.pilgrim.es\/web\/caminos\/camino-primitivo\/etapas\/etapa-3\/etapa3-perfil-salas-tineo.jpg\" alt=\"Stage profile etappe-3-salas-tineo\" \/>\n      <\/div>\n    <\/div>\n\n    <div id=\"itinerarySection\">\n      <h2 class=\"p-h2-stage\">Route<\/h2>\n      <hr \/>\n      <h3 class=\"p-h3-stage\">Itinerary<\/h3>\n\n      \n        <div>\n          <h4>Km 0 &#8211; Inicio<\/h4>\n\n          \n            <p>Wir werden den Fluss Nonaya \u00fcberqueren, um zur Hauptstra\u00dfe und zur &#8222;Plaza de la Campa&#8220; zu gelangen. \u00dcber letzteren gelangen wir zur &#8222;Vald\u00e9s Salas&#8220;- Burg aus dem XVI. Jahrhundert, Wohnhaus der Familie von Fernando Vald\u00e9s Salas, einem ber\u00fchmten religi\u00f6sen Politiker und Gr\u00fcnder der Universit\u00e4t von Oviedo. Dieses Palais wurde zum Kulturdenkmal erkl\u00e4rt und beherbergt derzeit mehrere Institutionen. Weiter entlang der &#8222;Ondinas&#8220;- Stra\u00dfe suchen wir den Verlauf des Flusses Nonaya, zu dem wir parallel nach und nach aufsteigen und ihn dank der Br\u00fccken von Borra und Carcab\u00f3n \u00fcberqueren. Etwas weiter, nach einem steilen Aufstieg, erreichen wir die Nationalstra\u00dfe N-634; und verlassen -nach einigen Schritten unter der Autobahn- den Asphalt, indem wir links in einen Weg einbiegen, der uns nach Porciles f\u00fchrt. Von hier ab wird das Gel\u00e4nde zunehmend flach und unsere Beine k\u00f6nnen sich etwas entspannen. Bereits in der benachbarten Pfarrgemeinde Bodenaya, kommen wir an der &#8222;Santa Mar\u00eda&#8220;- Kirche vorbei und biegen dort rechts ab, um zur Pilger- Herberge dieser Ortschaft zu gelangen.<\/p>\n          \n            <p>Kurz danach \u00fcberqueren wir die Nationalstra\u00dfe in Richtung La Espina, einer Ortschaft, die seit Jahrhunderten eng mit dem Jakobsweg verbunden ist und in der es vermutlich mehrere Pilger- Hospitale gegeben hat. Wir setzen die Etappe fort und nehmen an einem Rondell die Abzweigung nach rechts. Nur wenige Minuten sp\u00e4ter erreichten wir La Pereda und die bescheidene &#8222;Santo Cristo de los Afligidos&#8220;- Kapelle (Heiliger Christus der Betroffenen). Diese Wallfahrtskapelle geh\u00f6rte ebenfalls einem ehemaligen Pilger- Krankenhaus an und wurde f\u00fcr einige Jahre aufgegeben und den H\u00fchnern &#8222;\u00fcberlassen&#8220;. Doch Ende der 90er Jahre wurden Rehabilitationsarbeiten und erhebliche Verbesserungen vorgenommen. Wir biegen rechts ab und beginnen den Aufstieg in das &#8222;Reconco&#8220;- Viertel, dem eine Reihe kleiner D\u00f6rfer folgen, die alle der Pfarrgemeinde La Pereda angeh\u00f6ren. Etwa drei Kilometer weiter gehen wir bei El Pedregal in Richtung der Schnellstra\u00dfe AS-216, verlassen diese auf der H\u00f6he eines Weg- Kreuzes (Crucero), indem wir rechts abbiegen- und dann wieder links auf einen erdigen Weg. Wir haben etwas mehr als vier Kilometer vor uns, um Santa Eulalia zu erreichen. Kurz bevor wir den st\u00e4dtischen Friedhof erreichen, biegen wir rechts ab und gehen einen Weg hinunter, den wir am Ende links in Richtung des Flusses Ferroiro verlassen. Nachdem wir eine kleine Gruppe von H\u00e4usern hinter uns gelassen haben, umgehen wir den &#8222;San Roque&#8220;- Fu\u00dfballplatz und seine Wallfahrtskapelle, die der Legende nach vom Heiligen selbst eingerichtet wurde. Ihr Ursprung liegt h\u00f6chstwahrscheinlich aber bei den franz\u00f6sischen Pilgern, die nach Compostela wanderten. Wir nehmen erneut den Weg auf und gelangen entlang des &#8222;Paseo de los Frailes&#8220; an eine Pilgerstatue. Dort biegen wir links in Richtung der Pilger- Herberge ab, wo die heutige Etappe endet.<\/p>\n          \n\n          \n            <a class=\"town-link\" href=\"https:\/\/www.pilgrim.es\/de\/primitiver-weg\/salas\/\">\n              <div class=\"town-link__link-content\">\n                <div class=\"town-link__link-content__text\">\n                  <p>Lokale Informationen<\/p>\n                  <p>Polizei, medizinische Versorgung, Sehensw\u00fcrdigkeiten, Restaurants&#8230;<\/p>\n                <\/div>\n                <div class=\"town-link__link-content__town-btn\">\n                  <i class=\"icon-arrow\"><\/i>\n                <\/div>\n              <\/div>\n            <\/a>\n          \n        <\/div>\n        <hr \/>\n      \n      <div>\n        <h4>Km 19.8 &#8231; Tineo<\/h4>\n        <a class=\"town-link\" href=\"https:\/\/www.pilgrim.es\/de\/primitiver-weg\/tineo\/\">\n          <div class=\"town-link__link-content\">\n            <div class=\"town-link__link-content__text\">\n              <p>Lokale Informationen<\/p>\n              <p>Polizei, medizinische Versorgung, Sehensw\u00fcrdigkeiten, Restaurants&#8230;<\/p>\n            <\/div>\n            <div class=\"town-link__link-content__town-btn\">\n              <i class=\"icon-arrow\"><\/i>\n            <\/div>\n          <\/div>\n        <\/a>\n      <\/div>\n    <\/div>\n\n  <div id=\"locationsSection\">\n      <h2 class=\"p-h2-stage\">\u00d6rtlichkeiten<\/h2>\n      <hr \/>\n      <h3 class=\"p-h3-stage\">St\u00e4dte<\/h3>\n      <div class=\"grid-container\">\n\n        <div class=\"p-group card-stage p-max-w-full\">\n          <a href=\"https:\/\/www.pilgrim.es\/de\/primitiver-weg\/salas\/\" class=\"town-card\">\n            <div class=\"card-stage__header\">\n              <img decoding=\"async\" src=\"https:\/\/cdn.pilgrim.es\/web\/caminos\/camino-primitivo\/pueblos\/salas.jpg\" alt=\"Salas\" class=\"group-hover:p-scale-110\" \/>\n              <div class=\"card-overlay group-hover:p-opacity-50\"><\/div>\n            <\/div>\n            <div class=\"town-card__flex-container\">\n              <div class=\"town-card__flex-container__info\">\n                <h3>Salas<\/h3>\n                <p>Provincia: Asturias<\/p>\n              <\/div>\n              <div class=\"town-card__flex-container__btn\">\n                <i class=\"icon-arrow\"><\/i>\n              <\/div>\n            <\/div>\n          <\/a>\n        <\/div>\n        <div class=\"p-group card-stage p-max-w-full\">\n          <a href=\"https:\/\/www.pilgrim.es\/de\/primitiver-weg\/tineo\/\" class=\"town-card\">\n            <div class=\"card-stage__header\">\n              <img decoding=\"async\" src=\"https:\/\/cdn.pilgrim.es\/web\/caminos\/camino-primitivo\/pueblos\/tineo.jpg\" alt=\"Tineo\" class=\"group-hover:p-scale-110\" \/>\n              <div class=\"card-overlay group-hover:p-opacity-50\"><\/div>\n            <\/div>\n            <div class=\"town-card__flex-container\">\n              <div class=\"town-card__flex-container__info\">\n                <h3>Tineo<\/h3>\n                <p>Provincia: Asturias<\/p>\n              <\/div>\n              <div class=\"town-card__flex-container__btn\">\n                <i class=\"icon-arrow\"><\/i>\n              <\/div>\n            <\/div>\n          <\/a>\n        <\/div>\n      <\/div>\n    <\/div>\n    <hr class=\"single-bar\" \/>\n  <\/div>\n<\/section>\n\n<section id=\"stageChange\">\n  <div>\n    <a href=\"\/de\/primitiver-weg\/etappe-2-gradosan-juan-de-villapanada-salas\/\" class=\"change-btn\">\n    <div class=\"change-btn\">\n      <div class=\"btn-arrow previous\">\n        <i class=\"icon-arrow\"><\/i>\n      <\/div>\n      <div class=\"change-btn__info\">\n        <div>Etappe 2<\/div>\n        <p>\n          Grado \u276f <br> Salas\n        <\/p>\n      <\/div>\n    <\/div>\n    <\/a>\n    <a href=\"\/de\/primitiver-weg\/etappe-4-tineo-pola-de-allande\/\" class=\"change-btn\">\n      <div class=\"change-btn__info\">\n        <div>Etappe 4<\/div>\n        <p>\n          Tineo \u276f <br> Pola de Allande\n        <\/p>\n      <\/div>\n      <div class=\"btn-arrow\">\n        <i class=\"icon-arrow\"><\/i>\n      <\/div>\n    <\/a>\n  <\/div>\n<\/section> ","protected":false},"excerpt":{"rendered":"<p>Primitiver Weg (Urweg): Etappe 3 Walk 14 Etappe \/ 310 Kms Salas &#10093; Tineo 19.8 Km &#10094; Etappe 2 Etappe 4 &#10095; Information Profil Route Ortschaften Information \u00dcber diese Etappe Wir werden diese Etappe beginnen, indem wir mehr als f\u00fcnf Kilometer bergauf nach Porciles steigen, das sich in etwa sechshundert Metern H\u00f6he \u00fcber dem Meeresspiegel &hellip; <\/p>\n<p class=\"read_more\"><a href=\"https:\/\/www.pilgrim.es\/de\/primitiver-weg\/etappe-3-salas-tineo\/\">Leer m\u00e1s<\/a><\/p>\n","protected":false},"author":4,"featured_media":13005,"parent":10635,"menu_order":0,"comment_status":"closed","ping_status":"closed","template":"views\/template-new-web-design.blade.php","meta":{"footnotes":""},"categories":[],"tags":[],"class_list":["post-38795","page","type-page","status-publish","has-post-thumbnail","hentry"],"yoast_head":"<!-- This site is optimized with the Yoast SEO plugin v27.4 - https:\/\/yoast.com\/product\/yoast-seo-wordpress\/ -->\n<title>Camino Primitivo desde Salas a Tineo | Camino de Santiago | Pilgrim<\/title>\n<meta name=\"description\" content=\"Primitiver Weg (Urweg): Etappe 3 des Jakobsweges, der zwischen Salas und Tineo verl\u00e4uft. Entdecken Sie alle Informationen und planen Sie Ihre Etappe.\" \/>\n<meta name=\"robots\" content=\"index, follow, max-snippet:-1, max-image-preview:large, max-video-preview:-1\" \/>\n<link rel=\"canonical\" href=\"https:\/\/www.pilgrim.es\/de\/primitiver-weg\/etappe-3-salas-tineo\/\" \/>\n<meta property=\"og:locale\" content=\"de_DE\" \/>\n<meta property=\"og:type\" content=\"article\" \/>\n<meta property=\"og:title\" content=\"Camino Primitivo desde Salas a Tineo | Camino de Santiago | Pilgrim\" \/>\n<meta property=\"og:description\" content=\"Primitiver Weg (Urweg): Etappe 3 des Jakobsweges, der zwischen Salas und Tineo verl\u00e4uft. Entdecken Sie alle Informationen und planen Sie Ihre Etappe.\" \/>\n<meta property=\"og:url\" content=\"https:\/\/www.pilgrim.es\/de\/primitiver-weg\/etappe-3-salas-tineo\/\" \/>\n<meta property=\"og:site_name\" content=\"Pilgrim\" \/>\n<meta property=\"article:publisher\" content=\"https:\/\/www.facebook.com\/pilgrim.es\/\" \/>\n<meta property=\"article:modified_time\" content=\"2025-03-24T16:38:01+00:00\" \/>\n<meta property=\"og:image\" content=\"https:\/\/www.pilgrim.es\/wp-content\/uploads\/2019\/03\/camino_primitivo_etapa_3.jpg\" \/>\n\t<meta property=\"og:image:width\" content=\"1634\" \/>\n\t<meta property=\"og:image:height\" content=\"549\" \/>\n\t<meta property=\"og:image:type\" content=\"image\/jpeg\" \/>\n<meta name=\"twitter:card\" content=\"summary_large_image\" \/>\n<meta name=\"twitter:site\" content=\"@pilgrim_es\" \/>\n<meta name=\"twitter:label1\" content=\"Gesch\u00e4tzte Lesezeit\" \/>\n\t<meta name=\"twitter:data1\" content=\"3\u00a0Minuten\" \/>\n<script type=\"application\/ld+json\" class=\"yoast-schema-graph\">{\"@context\":\"https:\\\/\\\/schema.org\",\"@graph\":[{\"@type\":\"WebPage\",\"@id\":\"https:\\\/\\\/www.pilgrim.es\\\/de\\\/primitiver-weg\\\/etappe-3-salas-tineo\\\/\",\"url\":\"https:\\\/\\\/www.pilgrim.es\\\/de\\\/primitiver-weg\\\/etappe-3-salas-tineo\\\/\",\"name\":\"Camino Primitivo desde Salas a Tineo | Camino de Santiago | Pilgrim\",\"isPartOf\":{\"@id\":\"https:\\\/\\\/www.pilgrim.es\\\/de\\\/#website\"},\"primaryImageOfPage\":{\"@id\":\"https:\\\/\\\/www.pilgrim.es\\\/de\\\/primitiver-weg\\\/etappe-3-salas-tineo\\\/#primaryimage\"},\"image\":{\"@id\":\"https:\\\/\\\/www.pilgrim.es\\\/de\\\/primitiver-weg\\\/etappe-3-salas-tineo\\\/#primaryimage\"},\"thumbnailUrl\":\"https:\\\/\\\/www.pilgrim.es\\\/wp-content\\\/uploads\\\/2019\\\/03\\\/camino_primitivo_etapa_3.jpg\",\"datePublished\":\"2019-05-23T10:28:50+00:00\",\"dateModified\":\"2025-03-24T16:38:01+00:00\",\"description\":\"Primitiver Weg (Urweg): Etappe 3 des Jakobsweges, der zwischen Salas und Tineo verl\u00e4uft. Entdecken Sie alle Informationen und planen Sie Ihre Etappe.\",\"breadcrumb\":{\"@id\":\"https:\\\/\\\/www.pilgrim.es\\\/de\\\/primitiver-weg\\\/etappe-3-salas-tineo\\\/#breadcrumb\"},\"inLanguage\":\"de\",\"potentialAction\":[{\"@type\":\"ReadAction\",\"target\":[\"https:\\\/\\\/www.pilgrim.es\\\/de\\\/primitiver-weg\\\/etappe-3-salas-tineo\\\/\"]}]},{\"@type\":\"ImageObject\",\"inLanguage\":\"de\",\"@id\":\"https:\\\/\\\/www.pilgrim.es\\\/de\\\/primitiver-weg\\\/etappe-3-salas-tineo\\\/#primaryimage\",\"url\":\"https:\\\/\\\/www.pilgrim.es\\\/wp-content\\\/uploads\\\/2019\\\/03\\\/camino_primitivo_etapa_3.jpg\",\"contentUrl\":\"https:\\\/\\\/www.pilgrim.es\\\/wp-content\\\/uploads\\\/2019\\\/03\\\/camino_primitivo_etapa_3.jpg\",\"width\":1634,\"height\":549,\"caption\":\"Landkarte Etappe 3 Primitiver Weg (Urweg)\"},{\"@type\":\"BreadcrumbList\",\"@id\":\"https:\\\/\\\/www.pilgrim.es\\\/de\\\/primitiver-weg\\\/etappe-3-salas-tineo\\\/#breadcrumb\",\"itemListElement\":[{\"@type\":\"ListItem\",\"position\":1,\"name\":\"Camino de Santiago\",\"item\":\"https:\\\/\\\/www.pilgrim.es\\\/de\\\/\"},{\"@type\":\"ListItem\",\"position\":2,\"name\":\"Primitiver Weg (Urweg) | Etappe 3: Salas -Tineo\"}]},{\"@type\":\"WebSite\",\"@id\":\"https:\\\/\\\/www.pilgrim.es\\\/de\\\/#website\",\"url\":\"https:\\\/\\\/www.pilgrim.es\\\/de\\\/\",\"name\":\"Pilgrim\",\"description\":\"Camino de Santiago | Caminamos Contigo\",\"publisher\":{\"@id\":\"https:\\\/\\\/www.pilgrim.es\\\/de\\\/#organization\"},\"potentialAction\":[{\"@type\":\"SearchAction\",\"target\":{\"@type\":\"EntryPoint\",\"urlTemplate\":\"https:\\\/\\\/www.pilgrim.es\\\/de\\\/?s={search_term_string}\"},\"query-input\":{\"@type\":\"PropertyValueSpecification\",\"valueRequired\":true,\"valueName\":\"search_term_string\"}}],\"inLanguage\":\"de\"},{\"@type\":\"Organization\",\"@id\":\"https:\\\/\\\/www.pilgrim.es\\\/de\\\/#organization\",\"name\":\"Pilgrim Camino de Santiago\",\"url\":\"https:\\\/\\\/www.pilgrim.es\\\/de\\\/\",\"logo\":{\"@type\":\"ImageObject\",\"inLanguage\":\"de\",\"@id\":\"https:\\\/\\\/www.pilgrim.es\\\/de\\\/#\\\/schema\\\/logo\\\/image\\\/\",\"url\":\"https:\\\/\\\/www.pilgrim.es\\\/wp-content\\\/uploads\\\/2019\\\/04\\\/logo_pilgrim.png\",\"contentUrl\":\"https:\\\/\\\/www.pilgrim.es\\\/wp-content\\\/uploads\\\/2019\\\/04\\\/logo_pilgrim.png\",\"width\":512,\"height\":512,\"caption\":\"Pilgrim Camino de Santiago\"},\"image\":{\"@id\":\"https:\\\/\\\/www.pilgrim.es\\\/de\\\/#\\\/schema\\\/logo\\\/image\\\/\"},\"sameAs\":[\"https:\\\/\\\/www.facebook.com\\\/pilgrim.es\\\/\",\"https:\\\/\\\/x.com\\\/pilgrim_es\",\"https:\\\/\\\/www.instagram.com\\\/pilgrim.es\\\/\",\"https:\\\/\\\/www.linkedin.com\\\/company\\\/pilgrim-camino-de-santiago\\\/\",\"https:\\\/\\\/www.pinterest.es\\\/pilgrimcaminodesantiago\\\/\",\"https:\\\/\\\/www.youtube.com\\\/channel\\\/UCIv2ZzFLXVqthkNF32rKedw\\\/featured\"]}]}<\/script>\n<!-- \/ Yoast SEO plugin. -->","yoast_head_json":{"title":"Camino Primitivo desde Salas a Tineo | Camino de Santiago | Pilgrim","description":"Primitiver Weg (Urweg): Etappe 3 des Jakobsweges, der zwischen Salas und Tineo verl\u00e4uft. Entdecken Sie alle Informationen und planen Sie Ihre Etappe.","robots":{"index":"index","follow":"follow","max-snippet":"max-snippet:-1","max-image-preview":"max-image-preview:large","max-video-preview":"max-video-preview:-1"},"canonical":"https:\/\/www.pilgrim.es\/de\/primitiver-weg\/etappe-3-salas-tineo\/","og_locale":"de_DE","og_type":"article","og_title":"Camino Primitivo desde Salas a Tineo | Camino de Santiago | Pilgrim","og_description":"Primitiver Weg (Urweg): Etappe 3 des Jakobsweges, der zwischen Salas und Tineo verl\u00e4uft. Entdecken Sie alle Informationen und planen Sie Ihre Etappe.","og_url":"https:\/\/www.pilgrim.es\/de\/primitiver-weg\/etappe-3-salas-tineo\/","og_site_name":"Pilgrim","article_publisher":"https:\/\/www.facebook.com\/pilgrim.es\/","article_modified_time":"2025-03-24T16:38:01+00:00","og_image":[{"width":1634,"height":549,"url":"https:\/\/www.pilgrim.es\/wp-content\/uploads\/2019\/03\/camino_primitivo_etapa_3.jpg","type":"image\/jpeg"}],"twitter_card":"summary_large_image","twitter_site":"@pilgrim_es","twitter_misc":{"Gesch\u00e4tzte Lesezeit":"3\u00a0Minuten"},"schema":{"@context":"https:\/\/schema.org","@graph":[{"@type":"WebPage","@id":"https:\/\/www.pilgrim.es\/de\/primitiver-weg\/etappe-3-salas-tineo\/","url":"https:\/\/www.pilgrim.es\/de\/primitiver-weg\/etappe-3-salas-tineo\/","name":"Camino Primitivo desde Salas a Tineo | Camino de Santiago | Pilgrim","isPartOf":{"@id":"https:\/\/www.pilgrim.es\/de\/#website"},"primaryImageOfPage":{"@id":"https:\/\/www.pilgrim.es\/de\/primitiver-weg\/etappe-3-salas-tineo\/#primaryimage"},"image":{"@id":"https:\/\/www.pilgrim.es\/de\/primitiver-weg\/etappe-3-salas-tineo\/#primaryimage"},"thumbnailUrl":"https:\/\/www.pilgrim.es\/wp-content\/uploads\/2019\/03\/camino_primitivo_etapa_3.jpg","datePublished":"2019-05-23T10:28:50+00:00","dateModified":"2025-03-24T16:38:01+00:00","description":"Primitiver Weg (Urweg): Etappe 3 des Jakobsweges, der zwischen Salas und Tineo verl\u00e4uft. Entdecken Sie alle Informationen und planen Sie Ihre Etappe.","breadcrumb":{"@id":"https:\/\/www.pilgrim.es\/de\/primitiver-weg\/etappe-3-salas-tineo\/#breadcrumb"},"inLanguage":"de","potentialAction":[{"@type":"ReadAction","target":["https:\/\/www.pilgrim.es\/de\/primitiver-weg\/etappe-3-salas-tineo\/"]}]},{"@type":"ImageObject","inLanguage":"de","@id":"https:\/\/www.pilgrim.es\/de\/primitiver-weg\/etappe-3-salas-tineo\/#primaryimage","url":"https:\/\/www.pilgrim.es\/wp-content\/uploads\/2019\/03\/camino_primitivo_etapa_3.jpg","contentUrl":"https:\/\/www.pilgrim.es\/wp-content\/uploads\/2019\/03\/camino_primitivo_etapa_3.jpg","width":1634,"height":549,"caption":"Landkarte Etappe 3 Primitiver Weg (Urweg)"},{"@type":"BreadcrumbList","@id":"https:\/\/www.pilgrim.es\/de\/primitiver-weg\/etappe-3-salas-tineo\/#breadcrumb","itemListElement":[{"@type":"ListItem","position":1,"name":"Camino de Santiago","item":"https:\/\/www.pilgrim.es\/de\/"},{"@type":"ListItem","position":2,"name":"Primitiver Weg (Urweg) | Etappe 3: Salas -Tineo"}]},{"@type":"WebSite","@id":"https:\/\/www.pilgrim.es\/de\/#website","url":"https:\/\/www.pilgrim.es\/de\/","name":"Pilgrim","description":"Camino de Santiago | Caminamos Contigo","publisher":{"@id":"https:\/\/www.pilgrim.es\/de\/#organization"},"potentialAction":[{"@type":"SearchAction","target":{"@type":"EntryPoint","urlTemplate":"https:\/\/www.pilgrim.es\/de\/?s={search_term_string}"},"query-input":{"@type":"PropertyValueSpecification","valueRequired":true,"valueName":"search_term_string"}}],"inLanguage":"de"},{"@type":"Organization","@id":"https:\/\/www.pilgrim.es\/de\/#organization","name":"Pilgrim Camino de Santiago","url":"https:\/\/www.pilgrim.es\/de\/","logo":{"@type":"ImageObject","inLanguage":"de","@id":"https:\/\/www.pilgrim.es\/de\/#\/schema\/logo\/image\/","url":"https:\/\/www.pilgrim.es\/wp-content\/uploads\/2019\/04\/logo_pilgrim.png","contentUrl":"https:\/\/www.pilgrim.es\/wp-content\/uploads\/2019\/04\/logo_pilgrim.png","width":512,"height":512,"caption":"Pilgrim Camino de Santiago"},"image":{"@id":"https:\/\/www.pilgrim.es\/de\/#\/schema\/logo\/image\/"},"sameAs":["https:\/\/www.facebook.com\/pilgrim.es\/","https:\/\/x.com\/pilgrim_es","https:\/\/www.instagram.com\/pilgrim.es\/","https:\/\/www.linkedin.com\/company\/pilgrim-camino-de-santiago\/","https:\/\/www.pinterest.es\/pilgrimcaminodesantiago\/","https:\/\/www.youtube.com\/channel\/UCIv2ZzFLXVqthkNF32rKedw\/featured"]}]}},"_links":{"self":[{"href":"https:\/\/www.pilgrim.es\/de\/wp-json\/wp\/v2\/pages\/38795","targetHints":{"allow":["GET"]}}],"collection":[{"href":"https:\/\/www.pilgrim.es\/de\/wp-json\/wp\/v2\/pages"}],"about":[{"href":"https:\/\/www.pilgrim.es\/de\/wp-json\/wp\/v2\/types\/page"}],"author":[{"embeddable":true,"href":"https:\/\/www.pilgrim.es\/de\/wp-json\/wp\/v2\/users\/4"}],"replies":[{"embeddable":true,"href":"https:\/\/www.pilgrim.es\/de\/wp-json\/wp\/v2\/comments?post=38795"}],"version-history":[{"count":4,"href":"https:\/\/www.pilgrim.es\/de\/wp-json\/wp\/v2\/pages\/38795\/revisions"}],"predecessor-version":[{"id":94701,"href":"https:\/\/www.pilgrim.es\/de\/wp-json\/wp\/v2\/pages\/38795\/revisions\/94701"}],"up":[{"embeddable":true,"href":"https:\/\/www.pilgrim.es\/de\/wp-json\/wp\/v2\/pages\/10635"}],"wp:featuredmedia":[{"embeddable":true,"href":"https:\/\/www.pilgrim.es\/de\/wp-json\/wp\/v2\/media\/13005"}],"wp:attachment":[{"href":"https:\/\/www.pilgrim.es\/de\/wp-json\/wp\/v2\/media?parent=38795"}],"wp:term":[{"taxonomy":"category","embeddable":true,"href":"https:\/\/www.pilgrim.es\/de\/wp-json\/wp\/v2\/categories?post=38795"},{"taxonomy":"post_tag","embeddable":true,"href":"https:\/\/www.pilgrim.es\/de\/wp-json\/wp\/v2\/tags?post=38795"}],"curies":[{"name":"wp","href":"https:\/\/api.w.org\/{rel}","templated":true}]}}