{"id":38785,"date":"2019-05-22T15:43:54","date_gmt":"2019-05-22T15:43:54","guid":{"rendered":"https:\/\/prod.pilgrim.es\/primitiver-weg\/etappe-2-gradosan-juan-de-villapanada-salas\/"},"modified":"2025-08-26T10:46:45","modified_gmt":"2025-08-26T10:46:45","slug":"etappe-2-gradosan-juan-de-villapanada-salas","status":"publish","type":"page","link":"https:\/\/www.pilgrim.es\/de\/primitiver-weg\/etappe-2-gradosan-juan-de-villapanada-salas\/","title":{"rendered":"Primitiver Weg (Urweg) | Etappe 2: San Juan de Villapa\u00f1ada &#8211; Salas"},"content":{"rendered":"\n<section id=\"heroStage\">\n  <h1>Primitiver Weg (Urweg): Etappe 2<\/h1>\n  <div>\n    <div class=\"hero\" data-background=\"https:\/\/cdn.pilgrim.es\/web\/caminos\/camino-primitivo\/pueblos\/grado.jpg\">\n      <div class=\"hero__container\">\n        <div class=\"hero__container__labels\">\n          <p>Walk<\/p>\n          <p>14 Etappe \/ 310 Kms<\/p>\n        <\/div>\n        <div class=\"hero__container__stage-name\">\n          <h2>\n            Grado \/ San Juan de Villapa\u00f1ada <br \/>\n            <span>&#10093;<\/span>\n            Salas\n          <\/h2>\n          <p>22.1 Km<\/p>\n        <\/div>\n        <div class=\"hero__container__stage-changer\">\n            <div class=\"stage-control\">\n              <a class=\"stage-control__link\" href=\"https:\/\/www.pilgrim.es\/de\/primitiver-weg\/etappe-1-oviedo-gradosan-juan-de-villapanada\/\"><span>&#10094;<\/span> Etappe 1<\/a>\n            <\/div>\n          <div class=\"stage-control\">\n            <a class=\"stage-control__link\" href=\"https:\/\/www.pilgrim.es\/de\/primitiver-weg\/etappe-3-salas-tineo\/\">Etappe 3 <span>&#10095;<\/span><\/a>\n          <\/div>\n        <\/div>\n      <\/div>\n    <\/div>\n    <div class=\"planner\"><div\r\n  class=\"p-col-span-1 p-rounded-lg p-px-5 p-h-full\"\r\n  style=\"background-image: url('https:\/\/cdn.pilgrim.es\/web\/pilgrim-planner\/bg-plugin-planificador.webp')\"\r\n  rel=\"preload\"\r\n  fetchpriority=\"high\"\r\n  >\r\n    <div class=\"p-text-center p-pt-5 p-text-white p-text-2xl p-font-semibold\">\r\n      Plane deinen Weg    <\/div>\r\n    <div\r\n            id='primary-app'\r\n            data-name='banner'\r\n            data-api='https:\/\/pathfinder.pilgrim.es\/api\/pathfinder\/v2'\r\n            data-mode='normal'\r\n            data-lang='de'\r\n            data-route='1'\r\n            data-destiny='https:\/\/planificador.pilgrim.es'\r\n            data-modality='1'\r\n            data-inline=''\r\n        ><\/div><\/div><\/div>\n  <\/div>\n<\/section>\n\n<section id=\"scoreBarsStage\">\n  <section>\r\n  <div class=\"p-flex p-flex-nowrap p-space-x-4 p-py-5 p-overflow-x-auto md:p-grid md:p-grid-cols-3 lg:p-grid-cols-5 md:p-gap-8 md:p-space-x-0 md:p-overflow-hidden scrollbar-thin\">\r\n    <div class=\"p-grid p-grid-cols-4 p-shrink-0 p-w-72 p-snap-start md:p-w-full\">\r\n        <div class=\"p-col-span-1 p-self-center p-text-center p-text-3xl\">\r\n            <i class=\"icon-influx\"><\/i>\r\n        <\/div>\r\n        <div class=\"p-col-span-3 p-flex p-flex-col p-items-start\">\r\n            <div class=\"p-text-start p-text-secondary p-mb-1 p-bold\"> Zustrom <\/div>\r\n            <div class=\"p-w-full p-bg-light p-rounded-full p-h-2 p-relative\">\r\n                <div class=\"p-bg-primary p-h-2 p-rounded-full p-absolute\" style=\"width: 40%;\"><\/div>\r\n            <\/div>\r\n        <\/div>\r\n    <\/div>\r\n\r\n    <div class=\"p-grid p-grid-cols-4 p-shrink-0 p-w-72 p-snap-start md:p-w-full\">\r\n        <div class=\"p-col-span-1 p-self-center p-text-center p-text-3xl\">\r\n            <i class=\"icon-difficulty\"><\/i>\r\n        <\/div>\r\n        <div class=\"p-col-span-3 p-flex p-flex-col p-items-start\">\r\n            <div class=\"p-text-start p-text-secondary p-mb-1 p-bold\"> Schwierigkeitsgrad <\/div>\r\n            <div class=\"p-w-full p-bg-light p-rounded-full p-h-2 p-relative\">\r\n                <div class=\"p-bg-primary p-h-2 p-rounded-full p-absolute\" style=\"width: 60%;\"><\/div>\r\n            <\/div>\r\n        <\/div>\r\n    <\/div>\r\n\r\n    <div class=\"p-grid p-grid-cols-4 p-shrink-0 p-w-72 p-snap-start md:p-w-full\">\r\n        <div class=\"p-col-span-1 p-self-center p-text-center p-text-3xl\">\r\n            <i class=\"icon-patrimony\"><\/i>\r\n        <\/div>\r\n        <div class=\"p-col-span-3 p-flex p-flex-col p-items-start\">\r\n            <div class=\"p-text-start p-text-secondary p-mb-1 p-bold\"> Kunst\/Geschichte <\/div>\r\n            <div class=\"p-w-full p-bg-light p-rounded-full p-h-2 p-relative\">\r\n                <div class=\"p-bg-primary p-h-2 p-rounded-full p-absolute\" style=\"width: 40%;\"><\/div>\r\n            <\/div>\r\n        <\/div>\r\n    <\/div>\r\n\r\n    <div class=\"p-grid p-grid-cols-4 p-shrink-0 p-w-72 p-snap-start md:p-w-full\">\r\n        <div class=\"p-col-span-1 p-self-center p-text-center p-text-3xl\">\r\n            <i class=\"icon-nature\"><\/i>\r\n        <\/div>\r\n        <div class=\"p-col-span-3 p-flex p-flex-col p-items-start\">\r\n            <div class=\"p-text-start p-text-secondary p-mb-1 p-bold\"> Natur <\/div>\r\n            <div class=\"p-w-full p-bg-light p-rounded-full p-h-2 p-relative\">\r\n                <div class=\"p-bg-primary p-h-2 p-rounded-full p-absolute\" style=\"width: 60%;\"><\/div>\r\n            <\/div>\r\n        <\/div>\r\n    <\/div>\r\n\r\n    <div class=\"p-grid p-grid-cols-4 p-shrink-0 p-w-72 p-snap-start md:p-w-full\">\r\n        <div class=\"p-col-span-1 p-self-center p-text-center p-text-3xl\">\r\n            <i class=\"icon-urban\"><\/i>\r\n        <\/div>\r\n        <div class=\"p-col-span-3 p-flex p-flex-col p-items-start\">\r\n            <div class=\"p-text-start p-text-secondary p-mb-1 p-bold\"> St\u00e4dtischer Weg <\/div>\r\n            <div class=\"p-w-full p-bg-light p-rounded-full p-h-2 p-relative\">\r\n                <div class=\"p-bg-primary p-h-2 p-rounded-full p-absolute\" style=\"width: 20%;\"><\/div>\r\n            <\/div>\r\n        <\/div>\r\n    <\/div>\r\n  <\/div>\r\n<\/section>\n<\/section>\n\n<div id=\"stage-list-section\"><div class=\"stage-list\">\n    <div class='stage-list__map-card'>\n        <div class='stage-list__map-card__map'>\n            <div class='stage-list__map-card__map__text'>\n                <h2> Pages <\/h2>\n                <p> Zu Fu\u00df<\/p>\n                <p> 0etappen<\/p>\n            <\/div>\n            <div class='stage-list__map-card__map__img'>\n                <img decoding=\"async\" src=\"\" alt=\" mapa \" \/>\n            <\/div>\n        <\/div>\n    <\/div>\n\n    <\/div>\n<\/div>\n\n<section id=\"navStage\">\n  <div>\n    <nav id=\"tab-navigation-section\" class=\"tab-navigation-section--cols-5\">\n      <a href=\"#infoSection\" class=\"active\">Information<\/a>\n       <a href=\"#profileSection\">Profil<\/a>\n       <a href=\"#itinerarySection\">Route<\/a>\n       <a href=\"#locationsSection\">Ortschaften<\/a>\n    <\/nav>\n\n    <div id=\"infoSection\">\n      <!-- Title Section with Orange Line -->\n      <div>\n        <h2 class=\"p-h2-stage\">Information<\/h2>\n        <hr class=\"orange-bar\" \/>\n        <h3 class=\"p-h3-stage\">\u00dcber diese Etappe<\/h3>\n      <\/div>\n\n      \n        <p>In dieser Etappe wird uns der Fluss Narcea begleiten, anstatt des Nal\u00f3n. Dieser erste verl\u00e4uft entlang einer Vielzahl kleiner asturischer D\u00f6rfer inmitten wundersch\u00f6ner T\u00e4ler. Wir beginnen den Tag mit einem schwieriegen Aufstieg, von San Juli\u00e1n de Villapa\u00f1ada nach El Fresno, von wo aus wir wiederum nach La Doriga absteigen.<\/p>\n      \n\n      <div class=\"recomendation-card\">\n        <div>\n          <i class=\"icon-logo-pilgrim\"><\/i>\n          <h5>Empfehlung Pilgrim<\/h5>\n        <\/div>\n\n        \n          <p>Die Etappe beginnt mit einem steilen Aufstieg: An die &#8222;Nuestra Se\u00f1ora del Fresno&#8220;- Weihest\u00e4tte. Es ist ratsam, gut ausger\u00fcstet und vor allem beim anschlie\u00dfenden Abstieg sehr vorsichtig zu sein, wenn der Weg aufgrund des Regens schlammig ist.<\/p>\n        \n      <\/div>\n    <\/div>\n\n    <div id=\"profileSection\">\n      <div>\n        <h2 class=\"p-h2-stage\">Entfernung und H\u00f6he<\/h2>\n        <hr class=\"orange-bar\" \/>\n        <h3 class=\"p-h3-stage\">Etappenprofil<\/h3>\n        <img decoding=\"async\" src=\"https:\/\/cdn.pilgrim.es\/web\/caminos\/camino-primitivo\/etapas\/etapa-2\/etapa2-perfil-grado-salas.jpg\" alt=\"Stage profile etappe-2-gradosan-juan-de-villapanada-salas\" \/>\n      <\/div>\n    <\/div>\n\n    <div id=\"itinerarySection\">\n      <h2 class=\"p-h2-stage\">Route<\/h2>\n      <hr \/>\n      <h3 class=\"p-h3-stage\">Itinerary<\/h3>\n\n      \n        <div>\n          <h4>Km 0 &#8211; Inicio<\/h4>\n\n          \n            <p>Wenn wir von der Herberge von San Juan de Villapa\u00f1ada ausgehen, m\u00fcssen wir einige Meter die gestern begangene Strecke zur\u00fcckgehen und \u00fcberqueren den Bach. An der Kreuzung nach der Abzweigung zur Herberge, biegen wir rechts ab, um an die &#8222;Nuestra Se\u00f1ora del Fresno&#8220;- Weihest\u00e4tte zu gelangen. Wenn wir die H\u00f6he erreichen, k\u00f6nnen wir diesen Tempel aus dem XVI. Jahrhundert bewundern, der zahlreiche Verbesserungen -vor allem vom XVIII. Jahrhundert an- aufweist und aufgrund seiner strategischen Lage einer der meistbesuchten ganz Asturiens ist. Von der H\u00f6he aus kann man den Berg Naranco sehen und, wenn das Wetter es erlaubt, auch die &#8222;Montes del Sueve&#8220; (Gebirge) und den h\u00f6chsten Teil der &#8222;Picos de Europa&#8220;. Nach diesem obligatorischen Halt beginnen wir den Abstieg in Richtung des Bev\u00f6lkerungskerns von San Marcelo und k\u00f6nnen so die beeindruckende Aussicht auf das Tal genie\u00dfen. Zuerst \u00fcber einen schmalen Pfad und dann \u00fcber eine asphaltierte Stra\u00dfe erreichen wir die besagte Ortschaft, die dem Rathaus Salas angeh\u00f6rt. An einem Rondell, dass die Einfahrt in die Autobahn erm\u00f6glicht, nehmen wir eine Abzweigung nach links in Richtung Doriga. Unter Obstb\u00e4umen wandern wir zum Fluss Meredal, vorher kommen wir aber an der &#8222;Santa Eulalia de Doriga&#8220;- Kirche vorbei; einem Bauwerk romanischen Stils aus dem XII. Jahrhundert, das mehrere Gr\u00e4ber mit den Schilden der Dorigas bewahrt. In der N\u00e4he befindet sich auch der Palast von Doriga, ein Herrenhaus aus dem XIV. Jahrhundert, das Wohn- und Verteidigungs- Zwecken diente. Etwas weiter vorn sto\u00dfen wir auf eine Cafeteria, in der wir eine Pause zum Fr\u00fchst\u00fccken einlegen k\u00f6nnen. Sobald wir dieses Lokal verlassen, kommen wir in die Gegend von La Veiguina, wo wir von unserer Route auf einen Pfad nach links umgeleitet werden, um anschlie\u00dfend einen schmalen und rutschigen Weg Bergab in Richtung der N-634der zu nehmen. Auf dieser Schnellstra\u00dfe wandern wir weiter bis La Rodriga und gelangen an eine Br\u00fccke, die den Fluss Narcea \u00fcberquert, um Cornellana zu erreichen. Die Route f\u00fchrt nicht durch den Bev\u00f6lkerungskern, sondern nach dem \u00dcberqueren der Br\u00fccke nach links in Richtung des &#8222;San Salvador&#8220;- Klosters; eines architektonischen Komplexes aus dem XI. Jahrhundert, der sich durch seine Kirche und dem Z\u00f6nobium selbst auszeichnet. Nach Cornellana auszuweichen kann eine gute Option sein, da es sich um die einzige Ortschaft dieser Etappe handelt, die praktisch alle Dienstleistungen anbietet. Dazu m\u00fcssen wir auf der H\u00f6he eines Bazars links abbiegen und der &#8222;Avenida Jos\u00e9 Mar\u00eda Caballero&#8220; folgen.<\/p>\n          \n            <p>Wir setzen die Route fort und umgehen das Kloster an seiner linken Seite, um entlang der SL-7 nach Sobrerriba zu gelangen. Dort \u00fcberqueren wir die Stra\u00dfe, um den sch\u00f6nsten Teil dieser Etappe, den Aufstieg zum &#8222;Alto de Santa Eufemia&#8220; (Bergh\u00f6he), zu bew\u00e4ltigen. Zwischen T\u00e4lern und Fl\u00fcssen wandern wir durch eine idyllische Landschaft, wo wir einatmen und unsere Lungen mit der sauberen Luft des Berges f\u00fcllen k\u00f6nnen. Auf Wegen und Pfaden, die von Vegetation umgeben sind, kommen wir an einen Steinbruch im Dorf Lamas. Immer geradeaus, erreichen wir fast das Ufer des Flusses Nonaya, einem Nebenarm des Narcea. Wir biegen links ab, um nach Quintana und an die &#8222;Santiago de Villaz\u00f3n&#8220;- Kirche zu gelangen. Diese kleine Gemeinde hat in den letzten Jahren r\u00f6mische \u00dcberreste aus dem XIII. Jahrhundert in den Fundamenten des antiken Tempels enth\u00fcllt. Weiter auf dem primitiven Weg (Urweg), kommen wir an dem Jakobs- Brunnen vorbei; was die Bedeutung dieses Gebiets f\u00fcr die Pilger, die durch das Innere Asturiens nach Compostela wanderten, noch einmal unter Beweis stellt. Wir beginnen einen leichten Aufstieg entlang eines Weges, der sich links vor uns \u00f6ffnet und zwischen dem Fluss und dem Berghang verl\u00e4uft.<\/p>\n          \n            <p>&#8222;Casazorrina&#8220; erwartet uns nur wenige Meter nach dem \u00dcberqueren der Br\u00fccke; Wir spazieren entlang seiner engen Gassen und \u00fcberqueren die &#8222;Pasarela de la Devesa&#8220;, eine Fu\u00dfg\u00e4ngerbr\u00fccke nach Mallecin (n\u00e4chster Halt: Salas). Vorher m\u00fcssen wir noch eine Unterf\u00fchrung unter der Autobahn nehmen und sp\u00e4ter die Bundesstra\u00dfe \u00fcberqueren. Wir folgen der &#8222;Avenida Llaniello&#8220; bis zur &#8222;Plaza de la Campa&#8220; und erreichen die (private) Pilger- Herberge von Salas. Wenn wir uns f\u00fcr die st\u00e4dtische Herberge entscheiden, m\u00fcssen wir die &#8222;Avenida&#8220; in Richtung des Flusses \u00fcberqueren und &#8222;Casa Pacita&#8220; aufsuchen, wo wir informiert werden und die Schl\u00fcssel f\u00fcr die Herberge erhalten k\u00f6nnen.<\/p>\n          \n\n          \n            <a class=\"town-link\" href=\"https:\/\/www.pilgrim.es\/de\/primitiver-weg\/grado\/\">\n              <div class=\"town-link__link-content\">\n                <div class=\"town-link__link-content__text\">\n                  <p>Lokale Informationen<\/p>\n                  <p>Polizei, medizinische Versorgung, Sehensw\u00fcrdigkeiten, Restaurants&#8230;<\/p>\n                <\/div>\n                <div class=\"town-link__link-content__town-btn\">\n                  <i class=\"icon-arrow\"><\/i>\n                <\/div>\n              <\/div>\n            <\/a>\n          \n        <\/div>\n        <hr \/>\n      \n      <div>\n        <h4>Km 22.1 &#8231; Salas<\/h4>\n        <a class=\"town-link\" href=\"https:\/\/www.pilgrim.es\/de\/primitiver-weg\/salas\/\">\n          <div class=\"town-link__link-content\">\n            <div class=\"town-link__link-content__text\">\n              <p>Lokale Informationen<\/p>\n              <p>Polizei, medizinische Versorgung, Sehensw\u00fcrdigkeiten, Restaurants&#8230;<\/p>\n            <\/div>\n            <div class=\"town-link__link-content__town-btn\">\n              <i class=\"icon-arrow\"><\/i>\n            <\/div>\n          <\/div>\n        <\/a>\n      <\/div>\n    <\/div>\n\n  <div id=\"locationsSection\">\n      <h2 class=\"p-h2-stage\">\u00d6rtlichkeiten<\/h2>\n      <hr \/>\n      <h3 class=\"p-h3-stage\">St\u00e4dte<\/h3>\n      <div class=\"grid-container\">\n\n        <div class=\"p-group card-stage p-max-w-full\">\n          <a href=\"https:\/\/www.pilgrim.es\/de\/primitiver-weg\/grado\/\" class=\"town-card\">\n            <div class=\"card-stage__header\">\n              <img decoding=\"async\" src=\"https:\/\/cdn.pilgrim.es\/web\/caminos\/camino-primitivo\/pueblos\/grado.jpg\" alt=\"Grado \/ San Juan de Villapa\u00f1ada\" class=\"group-hover:p-scale-110\" \/>\n              <div class=\"card-overlay group-hover:p-opacity-50\"><\/div>\n            <\/div>\n            <div class=\"town-card__flex-container\">\n              <div class=\"town-card__flex-container__info\">\n                <h3>Grado \/ San Juan de Villapa\u00f1ada<\/h3>\n                <p>Provincia: Asturias<\/p>\n              <\/div>\n              <div class=\"town-card__flex-container__btn\">\n                <i class=\"icon-arrow\"><\/i>\n              <\/div>\n            <\/div>\n          <\/a>\n        <\/div>\n        <div class=\"p-group card-stage p-max-w-full\">\n          <a href=\"https:\/\/www.pilgrim.es\/de\/primitiver-weg\/salas\/\" class=\"town-card\">\n            <div class=\"card-stage__header\">\n              <img decoding=\"async\" src=\"https:\/\/cdn.pilgrim.es\/web\/caminos\/camino-primitivo\/pueblos\/salas.jpg\" alt=\"Salas\" class=\"group-hover:p-scale-110\" \/>\n              <div class=\"card-overlay group-hover:p-opacity-50\"><\/div>\n            <\/div>\n            <div class=\"town-card__flex-container\">\n              <div class=\"town-card__flex-container__info\">\n                <h3>Salas<\/h3>\n                <p>Provincia: Asturias<\/p>\n              <\/div>\n              <div class=\"town-card__flex-container__btn\">\n                <i class=\"icon-arrow\"><\/i>\n              <\/div>\n            <\/div>\n          <\/a>\n        <\/div>\n      <\/div>\n    <\/div>\n    <hr class=\"single-bar\" \/>\n  <\/div>\n<\/section>\n\n<section id=\"stageChange\">\n  <div>\n    <a href=\"https:\/\/www.pilgrim.es\/de\/primitiver-weg\/etappe-1-oviedo-gradosan-juan-de-villapanada\/\" class=\"change-btn\">\n    <div class=\"change-btn\">\n      <div class=\"btn-arrow previous\">\n        <i class=\"icon-arrow\"><\/i>\n      <\/div>\n      <div class=\"change-btn__info\">\n        <div>Etappe 1<\/div>\n        <p>\n          Oviedo \u276f <br> Grado\n        <\/p>\n      <\/div>\n    <\/div>\n    <\/a>\n    <a href=\"https:\/\/www.pilgrim.es\/de\/primitiver-weg\/etappe-3-salas-tineo\/\" class=\"change-btn\">\n      <div class=\"change-btn__info\">\n        <div>Etappe 3<\/div>\n        <p>\n          Salas \u276f <br> Tineo\n        <\/p>\n      <\/div>\n      <div class=\"btn-arrow\">\n        <i class=\"icon-arrow\"><\/i>\n      <\/div>\n    <\/a>\n  <\/div>\n<\/section>\n","protected":false},"excerpt":{"rendered":"<p>Primitiver Weg (Urweg): Etappe 2 Walk 14 Etappe \/ 310 Kms Grado \/ San Juan de Villapa\u00f1ada &#10093; Salas 22.1 Km &#10094; Etappe 1 Etappe 3 &#10095; Information Profil Route Ortschaften Information \u00dcber diese Etappe In dieser Etappe wird uns der Fluss Narcea begleiten, anstatt des Nal\u00f3n. Dieser erste verl\u00e4uft entlang einer Vielzahl kleiner asturischer &hellip; <\/p>\n<p class=\"read_more\"><a href=\"https:\/\/www.pilgrim.es\/de\/primitiver-weg\/etappe-2-gradosan-juan-de-villapanada-salas\/\">Leer m\u00e1s<\/a><\/p>\n","protected":false},"author":4,"featured_media":12995,"parent":10635,"menu_order":0,"comment_status":"closed","ping_status":"closed","template":"views\/template-new-web-design.blade.php","meta":{"footnotes":""},"categories":[],"tags":[],"class_list":["post-38785","page","type-page","status-publish","has-post-thumbnail","hentry"],"yoast_head":"<!-- This site is optimized with the Yoast SEO plugin v27.4 - https:\/\/yoast.com\/product\/yoast-seo-wordpress\/ -->\n<title>Camino Primitivo desde Grado a Salas | Camino de Santiago | Pilgrim<\/title>\n<meta name=\"description\" content=\"Primitiver Weg (Urweg): Etappe 2 des Jakobsweges, der zwischen den Ortschaften Grado und Salas verl\u00e4uft. Entdecken Sie alle Informationen und planen Sie Ihre Etappe.\" \/>\n<meta name=\"robots\" content=\"index, follow, max-snippet:-1, max-image-preview:large, max-video-preview:-1\" \/>\n<link rel=\"canonical\" href=\"https:\/\/www.pilgrim.es\/de\/primitiver-weg\/etappe-2-gradosan-juan-de-villapanada-salas\/\" \/>\n<meta property=\"og:locale\" content=\"de_DE\" \/>\n<meta property=\"og:type\" content=\"article\" \/>\n<meta property=\"og:title\" content=\"Camino Primitivo desde Grado a Salas | Camino de Santiago | Pilgrim\" \/>\n<meta property=\"og:description\" content=\"Primitiver Weg (Urweg): Etappe 2 des Jakobsweges, der zwischen den Ortschaften Grado und Salas verl\u00e4uft. Entdecken Sie alle Informationen und planen Sie Ihre Etappe.\" \/>\n<meta property=\"og:url\" content=\"https:\/\/www.pilgrim.es\/de\/primitiver-weg\/etappe-2-gradosan-juan-de-villapanada-salas\/\" \/>\n<meta property=\"og:site_name\" content=\"Pilgrim\" \/>\n<meta property=\"article:publisher\" content=\"https:\/\/www.facebook.com\/pilgrim.es\/\" \/>\n<meta property=\"article:modified_time\" content=\"2025-08-26T10:46:45+00:00\" \/>\n<meta property=\"og:image\" content=\"https:\/\/www.pilgrim.es\/wp-content\/uploads\/2019\/03\/camino_primitivo_etapa_2.jpg\" \/>\n\t<meta property=\"og:image:width\" content=\"1636\" \/>\n\t<meta property=\"og:image:height\" content=\"547\" \/>\n\t<meta property=\"og:image:type\" content=\"image\/jpeg\" \/>\n<meta name=\"twitter:card\" content=\"summary_large_image\" \/>\n<meta name=\"twitter:site\" content=\"@pilgrim_es\" \/>\n<meta name=\"twitter:label1\" content=\"Gesch\u00e4tzte Lesezeit\" \/>\n\t<meta name=\"twitter:data1\" content=\"5\u00a0Minuten\" \/>\n<script type=\"application\/ld+json\" class=\"yoast-schema-graph\">{\"@context\":\"https:\\\/\\\/schema.org\",\"@graph\":[{\"@type\":\"WebPage\",\"@id\":\"https:\\\/\\\/www.pilgrim.es\\\/de\\\/primitiver-weg\\\/etappe-2-gradosan-juan-de-villapanada-salas\\\/\",\"url\":\"https:\\\/\\\/www.pilgrim.es\\\/de\\\/primitiver-weg\\\/etappe-2-gradosan-juan-de-villapanada-salas\\\/\",\"name\":\"Camino Primitivo desde Grado a Salas | Camino de Santiago | Pilgrim\",\"isPartOf\":{\"@id\":\"https:\\\/\\\/www.pilgrim.es\\\/de\\\/#website\"},\"primaryImageOfPage\":{\"@id\":\"https:\\\/\\\/www.pilgrim.es\\\/de\\\/primitiver-weg\\\/etappe-2-gradosan-juan-de-villapanada-salas\\\/#primaryimage\"},\"image\":{\"@id\":\"https:\\\/\\\/www.pilgrim.es\\\/de\\\/primitiver-weg\\\/etappe-2-gradosan-juan-de-villapanada-salas\\\/#primaryimage\"},\"thumbnailUrl\":\"https:\\\/\\\/www.pilgrim.es\\\/wp-content\\\/uploads\\\/2019\\\/03\\\/camino_primitivo_etapa_2.jpg\",\"datePublished\":\"2019-05-22T15:43:54+00:00\",\"dateModified\":\"2025-08-26T10:46:45+00:00\",\"description\":\"Primitiver Weg (Urweg): Etappe 2 des Jakobsweges, der zwischen den Ortschaften Grado und Salas verl\u00e4uft. Entdecken Sie alle Informationen und planen Sie Ihre Etappe.\",\"breadcrumb\":{\"@id\":\"https:\\\/\\\/www.pilgrim.es\\\/de\\\/primitiver-weg\\\/etappe-2-gradosan-juan-de-villapanada-salas\\\/#breadcrumb\"},\"inLanguage\":\"de\",\"potentialAction\":[{\"@type\":\"ReadAction\",\"target\":[\"https:\\\/\\\/www.pilgrim.es\\\/de\\\/primitiver-weg\\\/etappe-2-gradosan-juan-de-villapanada-salas\\\/\"]}]},{\"@type\":\"ImageObject\",\"inLanguage\":\"de\",\"@id\":\"https:\\\/\\\/www.pilgrim.es\\\/de\\\/primitiver-weg\\\/etappe-2-gradosan-juan-de-villapanada-salas\\\/#primaryimage\",\"url\":\"https:\\\/\\\/www.pilgrim.es\\\/wp-content\\\/uploads\\\/2019\\\/03\\\/camino_primitivo_etapa_2.jpg\",\"contentUrl\":\"https:\\\/\\\/www.pilgrim.es\\\/wp-content\\\/uploads\\\/2019\\\/03\\\/camino_primitivo_etapa_2.jpg\",\"width\":1636,\"height\":547,\"caption\":\"Landkarte Etappe 2 Primitiver Weg (Urweg)\"},{\"@type\":\"BreadcrumbList\",\"@id\":\"https:\\\/\\\/www.pilgrim.es\\\/de\\\/primitiver-weg\\\/etappe-2-gradosan-juan-de-villapanada-salas\\\/#breadcrumb\",\"itemListElement\":[{\"@type\":\"ListItem\",\"position\":1,\"name\":\"Camino de Santiago\",\"item\":\"https:\\\/\\\/www.pilgrim.es\\\/de\\\/\"},{\"@type\":\"ListItem\",\"position\":2,\"name\":\"Der Primitive Weg (Urweg)\",\"item\":\"https:\\\/\\\/www.pilgrim.es\\\/de\\\/primitiver-weg\\\/\"},{\"@type\":\"ListItem\",\"position\":3,\"name\":\"Primitiver Weg (Urweg) | Etappe 2: San Juan de Villapa\u00f1ada &#8211; Salas\"}]},{\"@type\":\"WebSite\",\"@id\":\"https:\\\/\\\/www.pilgrim.es\\\/de\\\/#website\",\"url\":\"https:\\\/\\\/www.pilgrim.es\\\/de\\\/\",\"name\":\"Pilgrim\",\"description\":\"Camino de Santiago | Caminamos Contigo\",\"publisher\":{\"@id\":\"https:\\\/\\\/www.pilgrim.es\\\/de\\\/#organization\"},\"potentialAction\":[{\"@type\":\"SearchAction\",\"target\":{\"@type\":\"EntryPoint\",\"urlTemplate\":\"https:\\\/\\\/www.pilgrim.es\\\/de\\\/?s={search_term_string}\"},\"query-input\":{\"@type\":\"PropertyValueSpecification\",\"valueRequired\":true,\"valueName\":\"search_term_string\"}}],\"inLanguage\":\"de\"},{\"@type\":\"Organization\",\"@id\":\"https:\\\/\\\/www.pilgrim.es\\\/de\\\/#organization\",\"name\":\"Pilgrim Camino de Santiago\",\"url\":\"https:\\\/\\\/www.pilgrim.es\\\/de\\\/\",\"logo\":{\"@type\":\"ImageObject\",\"inLanguage\":\"de\",\"@id\":\"https:\\\/\\\/www.pilgrim.es\\\/de\\\/#\\\/schema\\\/logo\\\/image\\\/\",\"url\":\"https:\\\/\\\/www.pilgrim.es\\\/wp-content\\\/uploads\\\/2019\\\/04\\\/logo_pilgrim.png\",\"contentUrl\":\"https:\\\/\\\/www.pilgrim.es\\\/wp-content\\\/uploads\\\/2019\\\/04\\\/logo_pilgrim.png\",\"width\":512,\"height\":512,\"caption\":\"Pilgrim Camino de Santiago\"},\"image\":{\"@id\":\"https:\\\/\\\/www.pilgrim.es\\\/de\\\/#\\\/schema\\\/logo\\\/image\\\/\"},\"sameAs\":[\"https:\\\/\\\/www.facebook.com\\\/pilgrim.es\\\/\",\"https:\\\/\\\/x.com\\\/pilgrim_es\",\"https:\\\/\\\/www.instagram.com\\\/pilgrim.es\\\/\",\"https:\\\/\\\/www.linkedin.com\\\/company\\\/pilgrim-camino-de-santiago\\\/\",\"https:\\\/\\\/www.pinterest.es\\\/pilgrimcaminodesantiago\\\/\",\"https:\\\/\\\/www.youtube.com\\\/channel\\\/UCIv2ZzFLXVqthkNF32rKedw\\\/featured\"]}]}<\/script>\n<!-- \/ Yoast SEO plugin. -->","yoast_head_json":{"title":"Camino Primitivo desde Grado a Salas | Camino de Santiago | Pilgrim","description":"Primitiver Weg (Urweg): Etappe 2 des Jakobsweges, der zwischen den Ortschaften Grado und Salas verl\u00e4uft. Entdecken Sie alle Informationen und planen Sie Ihre Etappe.","robots":{"index":"index","follow":"follow","max-snippet":"max-snippet:-1","max-image-preview":"max-image-preview:large","max-video-preview":"max-video-preview:-1"},"canonical":"https:\/\/www.pilgrim.es\/de\/primitiver-weg\/etappe-2-gradosan-juan-de-villapanada-salas\/","og_locale":"de_DE","og_type":"article","og_title":"Camino Primitivo desde Grado a Salas | Camino de Santiago | Pilgrim","og_description":"Primitiver Weg (Urweg): Etappe 2 des Jakobsweges, der zwischen den Ortschaften Grado und Salas verl\u00e4uft. Entdecken Sie alle Informationen und planen Sie Ihre Etappe.","og_url":"https:\/\/www.pilgrim.es\/de\/primitiver-weg\/etappe-2-gradosan-juan-de-villapanada-salas\/","og_site_name":"Pilgrim","article_publisher":"https:\/\/www.facebook.com\/pilgrim.es\/","article_modified_time":"2025-08-26T10:46:45+00:00","og_image":[{"width":1636,"height":547,"url":"https:\/\/www.pilgrim.es\/wp-content\/uploads\/2019\/03\/camino_primitivo_etapa_2.jpg","type":"image\/jpeg"}],"twitter_card":"summary_large_image","twitter_site":"@pilgrim_es","twitter_misc":{"Gesch\u00e4tzte Lesezeit":"5\u00a0Minuten"},"schema":{"@context":"https:\/\/schema.org","@graph":[{"@type":"WebPage","@id":"https:\/\/www.pilgrim.es\/de\/primitiver-weg\/etappe-2-gradosan-juan-de-villapanada-salas\/","url":"https:\/\/www.pilgrim.es\/de\/primitiver-weg\/etappe-2-gradosan-juan-de-villapanada-salas\/","name":"Camino Primitivo desde Grado a Salas | Camino de Santiago | Pilgrim","isPartOf":{"@id":"https:\/\/www.pilgrim.es\/de\/#website"},"primaryImageOfPage":{"@id":"https:\/\/www.pilgrim.es\/de\/primitiver-weg\/etappe-2-gradosan-juan-de-villapanada-salas\/#primaryimage"},"image":{"@id":"https:\/\/www.pilgrim.es\/de\/primitiver-weg\/etappe-2-gradosan-juan-de-villapanada-salas\/#primaryimage"},"thumbnailUrl":"https:\/\/www.pilgrim.es\/wp-content\/uploads\/2019\/03\/camino_primitivo_etapa_2.jpg","datePublished":"2019-05-22T15:43:54+00:00","dateModified":"2025-08-26T10:46:45+00:00","description":"Primitiver Weg (Urweg): Etappe 2 des Jakobsweges, der zwischen den Ortschaften Grado und Salas verl\u00e4uft. Entdecken Sie alle Informationen und planen Sie Ihre Etappe.","breadcrumb":{"@id":"https:\/\/www.pilgrim.es\/de\/primitiver-weg\/etappe-2-gradosan-juan-de-villapanada-salas\/#breadcrumb"},"inLanguage":"de","potentialAction":[{"@type":"ReadAction","target":["https:\/\/www.pilgrim.es\/de\/primitiver-weg\/etappe-2-gradosan-juan-de-villapanada-salas\/"]}]},{"@type":"ImageObject","inLanguage":"de","@id":"https:\/\/www.pilgrim.es\/de\/primitiver-weg\/etappe-2-gradosan-juan-de-villapanada-salas\/#primaryimage","url":"https:\/\/www.pilgrim.es\/wp-content\/uploads\/2019\/03\/camino_primitivo_etapa_2.jpg","contentUrl":"https:\/\/www.pilgrim.es\/wp-content\/uploads\/2019\/03\/camino_primitivo_etapa_2.jpg","width":1636,"height":547,"caption":"Landkarte Etappe 2 Primitiver Weg (Urweg)"},{"@type":"BreadcrumbList","@id":"https:\/\/www.pilgrim.es\/de\/primitiver-weg\/etappe-2-gradosan-juan-de-villapanada-salas\/#breadcrumb","itemListElement":[{"@type":"ListItem","position":1,"name":"Camino de Santiago","item":"https:\/\/www.pilgrim.es\/de\/"},{"@type":"ListItem","position":2,"name":"Der Primitive Weg (Urweg)","item":"https:\/\/www.pilgrim.es\/de\/primitiver-weg\/"},{"@type":"ListItem","position":3,"name":"Primitiver Weg (Urweg) | Etappe 2: San Juan de Villapa\u00f1ada &#8211; Salas"}]},{"@type":"WebSite","@id":"https:\/\/www.pilgrim.es\/de\/#website","url":"https:\/\/www.pilgrim.es\/de\/","name":"Pilgrim","description":"Camino de Santiago | Caminamos Contigo","publisher":{"@id":"https:\/\/www.pilgrim.es\/de\/#organization"},"potentialAction":[{"@type":"SearchAction","target":{"@type":"EntryPoint","urlTemplate":"https:\/\/www.pilgrim.es\/de\/?s={search_term_string}"},"query-input":{"@type":"PropertyValueSpecification","valueRequired":true,"valueName":"search_term_string"}}],"inLanguage":"de"},{"@type":"Organization","@id":"https:\/\/www.pilgrim.es\/de\/#organization","name":"Pilgrim Camino de Santiago","url":"https:\/\/www.pilgrim.es\/de\/","logo":{"@type":"ImageObject","inLanguage":"de","@id":"https:\/\/www.pilgrim.es\/de\/#\/schema\/logo\/image\/","url":"https:\/\/www.pilgrim.es\/wp-content\/uploads\/2019\/04\/logo_pilgrim.png","contentUrl":"https:\/\/www.pilgrim.es\/wp-content\/uploads\/2019\/04\/logo_pilgrim.png","width":512,"height":512,"caption":"Pilgrim Camino de Santiago"},"image":{"@id":"https:\/\/www.pilgrim.es\/de\/#\/schema\/logo\/image\/"},"sameAs":["https:\/\/www.facebook.com\/pilgrim.es\/","https:\/\/x.com\/pilgrim_es","https:\/\/www.instagram.com\/pilgrim.es\/","https:\/\/www.linkedin.com\/company\/pilgrim-camino-de-santiago\/","https:\/\/www.pinterest.es\/pilgrimcaminodesantiago\/","https:\/\/www.youtube.com\/channel\/UCIv2ZzFLXVqthkNF32rKedw\/featured"]}]}},"_links":{"self":[{"href":"https:\/\/www.pilgrim.es\/de\/wp-json\/wp\/v2\/pages\/38785","targetHints":{"allow":["GET"]}}],"collection":[{"href":"https:\/\/www.pilgrim.es\/de\/wp-json\/wp\/v2\/pages"}],"about":[{"href":"https:\/\/www.pilgrim.es\/de\/wp-json\/wp\/v2\/types\/page"}],"author":[{"embeddable":true,"href":"https:\/\/www.pilgrim.es\/de\/wp-json\/wp\/v2\/users\/4"}],"replies":[{"embeddable":true,"href":"https:\/\/www.pilgrim.es\/de\/wp-json\/wp\/v2\/comments?post=38785"}],"version-history":[{"count":6,"href":"https:\/\/www.pilgrim.es\/de\/wp-json\/wp\/v2\/pages\/38785\/revisions"}],"predecessor-version":[{"id":135558,"href":"https:\/\/www.pilgrim.es\/de\/wp-json\/wp\/v2\/pages\/38785\/revisions\/135558"}],"up":[{"embeddable":true,"href":"https:\/\/www.pilgrim.es\/de\/wp-json\/wp\/v2\/pages\/10635"}],"wp:featuredmedia":[{"embeddable":true,"href":"https:\/\/www.pilgrim.es\/de\/wp-json\/wp\/v2\/media\/12995"}],"wp:attachment":[{"href":"https:\/\/www.pilgrim.es\/de\/wp-json\/wp\/v2\/media?parent=38785"}],"wp:term":[{"taxonomy":"category","embeddable":true,"href":"https:\/\/www.pilgrim.es\/de\/wp-json\/wp\/v2\/categories?post=38785"},{"taxonomy":"post_tag","embeddable":true,"href":"https:\/\/www.pilgrim.es\/de\/wp-json\/wp\/v2\/tags?post=38785"}],"curies":[{"name":"wp","href":"https:\/\/api.w.org\/{rel}","templated":true}]}}