{"id":38659,"date":"2019-05-16T16:03:36","date_gmt":"2019-05-16T16:03:36","guid":{"rendered":"https:\/\/prod.pilgrim.es\/jakobsweg-mit-dem-fahrrad\/"},"modified":"2026-04-07T14:09:13","modified_gmt":"2026-04-07T14:09:13","slug":"jakobsweg-mit-dem-fahrrad","status":"publish","type":"page","link":"https:\/\/www.pilgrim.es\/de\/jakobsweg-mit-dem-fahrrad\/","title":{"rendered":"Landing Jakobsweg mit dem Fahrrad"},"content":{"rendered":"\n<div id=\"landing-way-bike\">\n    <section>\n        <div \n            class=\"way-bike-hero\"\n            style=\"\n            background-image:\n            linear-gradient(to right bottom, rgba(0, 0, 0, 0.4), rgba(0, 0, 0, 0.4)),\n            url('https:\/\/cdn.pilgrim.es\/web\/landings\/camino-en-bici\/hero.jpg');\">\n            <div class=\"way-bike-hero__container\">\n                <h1>\n                    Sp\u00fcre die Magie des Caminos bei jedem Pedaltritt!\n                <\/h1>\n                <p>\n                    Eine andere Art, den Camino de Santiago zu erleben.\n                <\/p>\n            <\/div>\n            <div class=\"way-bike-hero__form-contact\">\n                <p class=\"title-form\">Wir helfen dir bei der Planung deines Caminos<\/p>\n                <p class=\"subtitle-form\">Gib uns deine Daten und wir beraten dich<\/p>\n                <!-- [plugin_planner] -->\n                <form method=\"post\" data-url=\"\/wp-admin\/admin-ajax.php\" id=\"planner--client\" class=\"flag-right form-client\">\n    <div class=\"form-data\">\n        <input name=\"form_id\" type=\"hidden\" value=\"Formulario contacto\">\n        <input name=\"type\" type=\"hidden\" value=\"planner_client\">\n        <input type=\"text\" name=\"nombre\" value=\"\" size=\"40\" class=\"form-control\" aria-required=\"true\" aria-invalid=\"false\" placeholder=\"Name\">\n        <input type=\"email\" name=\"email\" value=\"\" size=\"40\" class=\"form-control\" aria-required=\"true\" aria-invalid=\"false\" placeholder=\"E- Mail\">\n        <input type=\"text\" id=\"phone-input\" name=\"tel\" value=\"\" size=\"40\" class=\"phone-input form-control\" aria-required=\"true\" aria-invalid=\"false\" placeholder=\"Telefon\">\n        <input type=\"hidden\" name=\"telefono\">\n    <\/div>\n    <div class=\"form-checkbox\">\n        <span>\n            Pilgrim Travel, S.L. teilt gem\u00e4\u00df Regulierung 2016\/679 mit, dass die in diesem Formular verwendeten Daten sowohl f\u00fcr die Beantwortung der m\u00f6glichen Anfragen als auch f\u00fcr die Ver\u00f6ffentlichung der Kommentare verwendet werden, mit der Zustimmung des Nutzers. Sie k\u00f6nnen Ihre Rechte in \u00dcbereinstimmung mit unserer Datenschutzbestimmungen aus\u00fcben             <a href=\"https:\/\/www.pilgrim.es\/politica-de-privacidad\/\" target=\"_blank\" rel=\"noopener noreferrer nofollow\">Datenschutzerkl\u00e4rung.<\/a>\n        <\/span>\n    <\/div>\n\n    <div class=\"form-submit\">\n        <button id=\"planner--client-create\" type=\"submit\">Anfrage senden<\/button>\n        <div class=\"loadingDiv\"><i class=\"p-spinner\"><\/i><\/div>\n    <\/div>\n\n    <div class=\"contact-content-form-success\">\n        <p><i class=\"fas fa-check\"><\/i> Das Formular hat sich erfolgreich gesendet.<\/p>\n    <\/div>\n\n    <div class=\"contact-content-form-error\">\n        <span class=\"input-error\"><\/span>\n    <\/div>\n<\/form>\n            <\/div>\n        <\/div>\n    <\/section>\n    <section>\n        <div class=\"way-bike-compostela\">\n            <div class=\"way-bike-compostela__info\">\n                <h2>Erhalte deine Compostela<\/h2>\n                <p>Nur 200 km trennen dich davon, deine Compostela zu bekommen. Deshalb haben wir diese einzigartigen Erlebnisse f\u00fcr dich ausgew\u00e4hlt. Fangen wir an?<\/p>\n            <\/div>\n            <section>\n                <div class=\"way-bike-compostela__cards\">\n                    <div>\n                        <div class=\"experience-card-item\">\n                            <div class=\"card-experience p-relative\">\n                                <div class=\"experience-card-bg\" style=\"\n                          background-image: url('\/wp-content\/uploads\/2024\/07\/experiencia-en-bici-desde-oporto.jpg');\n                        \"><\/div>\n                                <div class=\"experience-card-content\">\n                                    <div class=\"label-info-modality\">\n                                        <p class=\"label-info-modality__type\">\n                                            Mit dem Rad\n                                        <\/p>\n                                        <p class=\"label-info-modality__score\">4,8 \u2605<\/p>\n                                    <\/div>\n                                    <h3>\n                                        <a href=\"https:\/\/www.pilgrim.es\/de\/erlebnisse\/portugiesischer-weg-mit-dem-fahrrad-ab-porto\/\"\n                                            target=\"_blank\" class=\"after:p-absolute after:p-inset-0\">Camino\n                                            Portugu\u00e9s en bici desde Oporto<\/a>\n                                    <\/h3>\n                                    <div class=\"label-info-experience\">\n                                        <div class=\"label-info-experience__icon\">\n                                            <i class=\"icon-signal\"><\/i>\n                                        <\/div>\n                                        <div class=\"label-info-experience__text\">\n                                            <p>242 km<\/p>\n                                        <\/div>\n                                    <\/div>\n                                    <div class=\"label-info-experience\">\n                                        <div class=\"label-info-experience__icon\">\n                                            <i class=\"icon-calendar\"><\/i>\n                                        <\/div>\n                                        <div class=\"label-info-experience__text\">\n                                            <p>5 Etappen<\/p>\n                                        <\/div>\n                                    <\/div>\n                                    <div class=\"label-info-experience\">\n                                        <div class=\"label-info-experience__icon\">\n                                            <i class=\"icon-nights\"><\/i>\n                                        <\/div>\n                                        <div class=\"label-info-experience__text\">\n                                            <p>6 N\u00e4chte<\/p>\n                                        <\/div>\n                                    <\/div>\n\n                                    <div class=\"label-info-price\">\n                                        <div class=\"label-info-price__items\">\n                                            <div>\n                                                <p class=\"label-from\">\n                                                    Ab\n                                                <\/p>\n                                                <p class=\"label-price\">490\u20ac<\/p>\n                                            <\/div>\n                                            <div class=\"label-arrow\">\n                                                <img decoding=\"async\" src=\"\/wp-content\/uploads\/2024\/07\/flecha-r.svg\"\n                                                    alt=\"rechtes Pfeilsymbol\" \/>\n                                            <\/div>\n                                        <\/div>\n                                    <\/div>\n                                <\/div>\n                            <\/div>\n                        <\/div>\n                        <div class=\"footer-info-card\">\n                            Oporto ist die perfekte Stadt, um die Radtour nach Santiago de Compostela zu beginnen. Entdecke sie!\n                        <\/div>\n                    <\/div>\n                    <div>\n                        <div class=\"experience-card-item\">\n                            <div class=\"card-experience p-relative\">\n                                <div class=\"experience-card-bg\" style=\"\n                              background-image: url('\/wp-content\/uploads\/2024\/07\/experiencia-en-bici-desde-oviedo.jpg');\n                            \"><\/div>\n                                <div class=\"experience-card-content\">\n                                    <div class=\"label-info-modality\">\n                                        <p class=\"label-info-modality__type\">\n                                            Mit dem Rad\n                                        <\/p>\n                                        <p class=\"label-info-modality__score\">4,7 \u2605<\/p>\n                                    <\/div>\n                                    <h3>\n                                        <a href=\"https:\/\/www.pilgrim.es\/de\/erlebnisse\/primitiver-weg-ab-oviedo-mit-dem-fahrrad\/\" target=\"_blank\"\n                                            class=\"after:p-absolute after:p-inset-0\">Camino\n                                            Primitivo en bici desde Oviedo<\/a>\n                                    <\/h3>\n                                    <div class=\"label-info-experience\">\n                                        <div class=\"label-info-experience__icon\">\n                                            <i class=\"icon-signal\"><\/i>\n                                        <\/div>\n                                        <div class=\"label-info-experience__text\">\n                                            <p>313 km<\/p>\n                                        <\/div>\n                                    <\/div>\n                                    <div class=\"label-info-experience\">\n                                        <div class=\"label-info-experience__icon\">\n                                            <i class=\"icon-calendar\"><\/i>\n                                        <\/div>\n                                        <div class=\"label-info-experience__text\">\n                                            <p>7 Etappen<\/p>\n                                        <\/div>\n                                    <\/div>\n                                    <div class=\"label-info-experience\">\n                                        <div class=\"label-info-experience__icon\">\n                                            <i class=\"icon-nights\"><\/i>\n                                        <\/div>\n                                        <div class=\"label-info-experience__text\">\n                                            <p>8 N\u00e4chte<\/p>\n                                        <\/div>\n                                    <\/div>\n\n                                    <div class=\"label-info-price\">\n                                        <div class=\"label-info-price__items\">\n                                            <div>\n                                                <p class=\"label-from\">\n                                                    Ab\n                                                <\/p>\n                                                <p class=\"label-price\">625\u20ac<\/p>\n                                            <\/div>\n                                            <div class=\"label-arrow\">\n                                                <img decoding=\"async\" src=\"\/wp-content\/uploads\/2024\/07\/flecha-r.svg\"\n                                                    alt=\"rechtes Pfeilsymbol\" \/>\n                                            <\/div>\n                                        <\/div>\n                                    <\/div>\n                                <\/div>\n                            <\/div>\n                        <\/div>\n                        <div class=\"footer-info-card\">\n                            Die \u00e4lteste Route wartet darauf, dass du die Kilometer zwischen Oviedo und der Stadt des Apostels zur\u00fccklegst.\n                        <\/div>\n                    <\/div>\n                    <div>\n                        <div class=\"experience-card-item\">\n                            <div class=\"card-experience p-relative\">\n                                <div class=\"experience-card-bg\" style=\"\n                              background-image: url('\/wp-content\/uploads\/2024\/07\/experiencia-en-bici-desde-ponferrada.jpg');\n                            \"><\/div>\n                                <div class=\"experience-card-content\">\n                                    <div class=\"label-info-modality\">\n                                        <p class=\"label-info-modality__type\">\n                                            Mit dem Rad\n                                        <\/p>\n                                        <p class=\"label-info-modality__score\">4,7 \u2605<\/p>\n                                    <\/div>\n                                    <h3>\n                                        <a href=\"https:\/\/www.pilgrim.es\/de\/erlebnisse\/franzoesischer-weg-mit-dem-fahrrad-ab-ponferrada\/\"\n                                            target=\"_blank\" class=\"after:p-absolute after:p-inset-0\">Camino\n                                            Franc\u00e9s en bici desde Ponferrada<\/a>\n                                    <\/h3>\n                                    <div class=\"label-info-experience\">\n                                        <div class=\"label-info-experience__icon\">\n                                            <i class=\"icon-signal\"><\/i>\n                                        <\/div>\n                                        <div class=\"label-info-experience__text\">\n                                            <p>205 km<\/p>\n                                        <\/div>\n                                    <\/div>\n                                    <div class=\"label-info-experience\">\n                                        <div class=\"label-info-experience__icon\">\n                                            <i class=\"icon-calendar\"><\/i>\n                                        <\/div>\n                                        <div class=\"label-info-experience__text\">\n                                            <p>4 Etappen<\/p>\n                                        <\/div>\n                                    <\/div>\n                                    <div class=\"label-info-experience\">\n                                        <div class=\"label-info-experience__icon\">\n                                            <i class=\"icon-nights\"><\/i>\n                                        <\/div>\n                                        <div class=\"label-info-experience__text\">\n                                            <p>5 N\u00e4chte<\/p>\n                                        <\/div>\n                                    <\/div>\n\n                                    <div class=\"label-info-price\">\n                                        <div class=\"label-info-price__items\">\n                                            <div>\n                                                <p class=\"label-from\">\n                                                    Ab\n                                                <\/p>\n                                                <p class=\"label-price\">385\u20ac<\/p>\n                                            <\/div>\n                                            <div class=\"label-arrow\">\n                                                <img decoding=\"async\" src=\"\/wp-content\/uploads\/2024\/07\/flecha-r.svg\"\n                                                    alt=\"rechtes Pfeilsymbol\" \/>\n                                            <\/div>\n                                        <\/div>\n                                    <\/div>\n                                <\/div>\n                            <\/div>\n                        <\/div>\n                        <div class=\"footer-info-card\">\n                            Entdecke auf bequeme und entspannte Weise eine der Routen mit der reichsten Geschichte. Du wirst Orte voller Magie kennenlernen.\n                        <\/div>\n                    <\/div>\n                <\/div>\n            <\/section>\n        <\/div>\n    <\/section>\n\n    <section id=\"nav-bike\" class=\"type-bikes\">\n        <div class=\"type-bikes__title\">\n            <h2>W\u00e4hle und miete das perfekte Fahrrad<\/h2>\n            <p>Wir bieten hochwertige, voll ausgestattete Fahrr\u00e4der, die speziell f\u00fcr den Camino entwickelt wurden.\n                Alle unsere Fahrr\u00e4der sind f\u00fcr lange Distanzen ausgelegt, mit hochwertigen Gangschaltungen und der M\u00f6glichkeit, Gep\u00e4cktaschen zu transportieren.<\/p>\n        <\/div>\n        <div class=\"type-bikes__content\">\n            <div>\n                <nav class=\"nav-tab-info nav-tab-info--2-cols\">\n                    <button id=\"ebike-tab\" data-target=\"ebike-lapierre\" data-image=\"ebike-lapierre-img\"\n                        class=\"nav-link-info active\">\n                        LAPIERRE OVERVOLT HT 7.6\n                    <\/button>\n                    <button id=\"bike-tab\" data-target=\"bike-megamo\" data-image=\"bike-megamo-img\" class=\"nav-link-info\">\n                        MEGAMO NATURAL 30\n                    <\/button>\n                <\/nav>\n                <div id=\"ebike-lapierre\" class=\"content-section-info\">\n                    <section class=\"p-grid p-grid-cols-2 p-gap-6\">\n                        <div class=\"p-flex p-gap-4\">\n                            <div class=\"p-w-14 p-h-14 p-rounded-xl p-bg-optional p-p-2\">\n                                <i class=\"icon-bike-brakes p-text-4xl\"><\/i>\n                            <\/div>\n                            <div class=\"p-flex p-flex-col p-text-sm\">\n                                <p class=\"p-font-bold\">Bremsen<\/p>\n                                <p>Shimano ASMRT30 203mm\/203mm Centerlock<\/p>\n                            <\/div>\n                        <\/div>\n                        <div class=\"p-flex p-gap-4\">\n                            <div class=\"p-w-14 p-h-14 p-rounded-xl p-bg-optional p-p-2\">\n                                <i class=\"icon-rear-derailleur p-text-4xl\"><\/i>\n                            <\/div>\n                            <div class=\"p-flex p-flex-col p-text-sm\">\n                                <p class=\"p-font-bold\">Schaltung<\/p>\n                                <p>Shimano Deore M4100 10s<\/p>\n                            <\/div>\n                        <\/div>\n                        <div class=\"p-flex p-gap-4\">\n                            <div class=\"p-w-14 p-h-14 p-rounded-xl p-bg-optional p-p-2\">\n                                <i class=\"icon-bike-frame p-text-4xl\"><\/i>\n                            <\/div>\n                            <div class=\"p-flex p-flex-col p-text-sm\">\n                                <p class=\"p-font-bold\">Rahmen<\/p>\n                                <p>Overvolt Yamaha Supreme 5 Alloy<\/p>\n                            <\/div>\n                        <\/div>\n                        <div class=\"p-flex p-gap-4\">\n                            <div class=\"p-w-14 p-h-14 p-rounded-xl p-bg-optional p-p-2\">\n                                <i class=\"icon-bike-fork p-text-4xl\"><\/i>\n                            <\/div>\n                            <div class=\"p-flex p-flex-col p-text-sm\">\n                                <p class=\"p-font-bold\">Gabel<\/p>\n                                <p>SR Suntour XCM 34 NLO 15&#215;110, 29&#8243;, 12mm Federweg<\/p>\n                            <\/div>\n                        <\/div>\n                    <\/section>\n                <\/div>\n                <div id=\"bike-megamo\" class=\"p-hidden content-section-info\">\n                    <section class=\"p-grid p-grid-cols-2 p-gap-6\">\n                        <div class=\"p-flex p-gap-4\">\n                            <div class=\"p-w-14 p-h-14 p-rounded-xl p-bg-optional p-p-2\">\n                                <i class=\"icon-bike-brakes p-text-4xl\"><\/i>\n                            <\/div>\n                            <div class=\"p-flex p-flex-col p-text-sm\">\n                                <p class=\"p-font-bold\">Bremsen<\/p>\n                                <p>Shimano MT200 hydraulische Scheibenbremsen<\/p>\n                            <\/div>\n                        <\/div>\n                        <div class=\"p-flex p-gap-4\">\n                            <div class=\"p-w-14 p-h-14 p-rounded-xl p-bg-optional p-p-2\">\n                                <i class=\"icon-rear-derailleur p-text-4xl\"><\/i>\n                            <\/div>\n                            <div class=\"p-flex p-flex-col p-text-sm\">\n                                <p class=\"p-font-bold\">Schaltung<\/p>\n                                <p>Shimano Deore 1&#215;11 G\u00e4nge<\/p>\n                            <\/div>\n                        <\/div>\n                        <div class=\"p-flex p-gap-4\">\n                            <div class=\"p-w-14 p-h-14 p-rounded-xl p-bg-optional p-p-2\">\n                                <i class=\"icon-bike-wheels p-text-4xl\"><\/i>\n                            <\/div>\n                            <div class=\"p-flex p-flex-col p-text-sm\">\n                                <p class=\"p-font-bold\">Laufr\u00e4der<\/p>\n                                <p>Megamo XCone Double Wall<\/p>\n                            <\/div>\n                        <\/div>\n                        <div class=\"p-flex p-gap-4\">\n                            <div class=\"p-w-14 p-h-14 p-rounded-xl p-bg-optional p-p-2\">\n                                <i class=\"icon-bike-frame p-text-4xl\"><\/i>\n                            <\/div>\n                            <div class=\"p-flex p-flex-col p-text-sm\">\n                                <p class=\"p-font-bold\">Rahmen<\/p>\n                                <p>Aluminium 6061 Triple Butted<\/p>\n                            <\/div>\n                        <\/div>\n                        <div class=\"p-flex p-gap-4\">\n                            <div class=\"p-w-14 p-h-14 p-rounded-xl p-bg-optional p-p-2\">\n                                <i class=\"icon-bike-fork p-text-4xl\"><\/i>\n                            <\/div>\n                            <div class=\"p-flex p-flex-col p-text-sm\">\n                                <p class=\"p-font-bold\">Gabeln<\/p>\n                                <p>RockShox Judy coil QR<\/p>\n                            <\/div>\n                        <\/div>\n                    <\/section>\n                <\/div>\n            <\/div>\n            <div class=\"p-w-2\/3 p-mx-auto p-self-center\">\n                <img decoding=\"async\" id=\"ebike-lapierre-img\" class=\"content-section-img p-self-center\"\n                    src=\"https:\/\/cdn.pilgrim.es\/web\/landings\/camino-en-bici\/overvolt.png\" alt=\"Lapierre Overvolt HT 7.6\">\n                <img decoding=\"async\" id=\"bike-megamo-img\" class=\"p-hidden content-section-img p-self-center\"\n                    src=\"https:\/\/cdn.pilgrim.es\/web\/landings\/camino-en-bici\/megamo.jpg\" alt=\"Megamo Natural 30\">\n            <\/div>\n\n        <\/div>\n    <\/section>\n\n    <div id=\"planner-bike\" class=\"planner-bike\">\n        <section class=\"planner-bike__content\">\n            <div class=\"planner-bike__reasons\">\n                <h2>Warum den Camino de Santiago machen?<\/h2>\n                <p class=\"subtitle-reasons\">Eine einzigartige Gelegenheit, abzuschalten und gleichzeitig dich selbst und andere Pilger kennenzulernen. Eine Reise, die \u00fcber die physische Distanz hinausgeht, denn sie erm\u00f6glicht dir:<\/p>\n                <ul>\n                    <li>\n                        <i class=\"icon-arrow\"><\/i>\n                        <p>Das Grab des Apostels zu besuchen<\/p>\n                    <\/li>\n                    <li>\n                        <i class=\"icon-arrow\"><\/i>\n                        <p>Ein neues Abenteuer zu erleben<\/p>\n                    <\/li>\n                    <li>\n                        <i class=\"icon-arrow\"><\/i>\n                        <p>Andere Pilger zu treffen<\/p>\n                    <\/li>\n                    <li>\n                        <i class=\"icon-arrow\"><\/i>\n                        <p>Pers\u00f6nliche Selbstverwirklichung<\/p>\n                    <\/li>\n                <\/ul>\n            <\/div>\n            <div class=\"planner\"><div\r\n  class=\"p-col-span-1 p-rounded-lg p-px-5 p-h-full\"\r\n  style=\"background-image: url('https:\/\/cdn.pilgrim.es\/web\/pilgrim-planner\/bg-plugin-planificador.webp')\"\r\n  rel=\"preload\"\r\n  fetchpriority=\"high\"\r\n  >\r\n    <div class=\"p-text-center p-pt-5 p-text-white p-text-2xl p-font-semibold\">\r\n      Plane deinen Weg    <\/div>\r\n    <div\r\n            id='primary-app'\r\n            data-name='banner'\r\n            data-api='https:\/\/pathfinder.pilgrim.es\/api\/pathfinder\/v2'\r\n            data-mode='normal'\r\n            data-lang='de'\r\n            data-route='1'\r\n            data-destiny='https:\/\/planificador.pilgrim.es'\r\n            data-modality='1'\r\n            data-inline=''\r\n        ><\/div><\/div><\/div>\n        <\/section>\n    <\/div>\n\n\n    <section>\n        <div class=\"bike-users\">\n            <div class=\"bike-users__img\">\n                <img decoding=\"async\" src=\"https:\/\/cdn.pilgrim.es\/web\/landings\/camino-en-bici\/usuarios.jpg\" alt=\"Pilger auf dem Fahrrad\">\n            <\/div>\n            <div class=\"bike-users__text\">\n                <h2 class=\"title-users\">\u00dcber 100.000 Nutzer<\/h2>\n                <p>haben Pilgrim vertraut, um ihre Reise zu organisieren.<\/p>\n                <button class=\"btn--primary\"><a href=\"#planner-bike\" class=\"p-text-white hover:p-text-light\">Starte dein Abenteuer<\/a><\/button>\n            <\/div>\n        <\/div>\n    <\/section>\n\n    <section id=\"easyWay\">\n        <h2>Mache deinen Camino mit dem Rad einfacher<\/h2>\n        <div class=\"cards-easy-way\">\n            <div class=\"cards-easy-way__item\">\n                <i class=\"icon-check\"><\/i>\n                <p class=\"label-card\">Ohne Komplikationen<\/p>\n                <p class=\"text-card\">Wir bieten dir alles, was du brauchst, damit du deinen Camino so bequem wie m\u00f6glich zur\u00fccklegen kannst.<\/p>\n            <\/div>\n            <div class=\"cards-easy-way__item\">\n                <i class=\"icon-servicios\"><\/i>\n                <p class=\"label-card\">Ohne Sorgen<\/p>\n                <p class=\"text-card\">Wir k\u00fcmmern uns um alles, sodass du dich nur darauf konzentrieren musst, das Erlebnis in vollen Z\u00fcgen zu genie\u00dfen.<\/p>\n            <\/div>\n            <div class=\"cards-easy-way__item\">\n                <i class=\"icon-clock\"><\/i>\n                <p class=\"label-card\">Ohne Wartezeiten<\/p>\n                <p class=\"text-card\">Wir stellen dir das Fahrrad am Start deiner Route zur Verf\u00fcgung und holen es am Ende deines Abenteuers wieder ab.<\/p>\n            <\/div>\n            <div class=\"cards-easy-way__item\">\n                <i class=\"icon-heart\"><\/i>\n                <p class=\"label-card\">Mit voller Gelassenheit<\/p>\n                <p class=\"text-card\">F\u00fchle dich sicher, falls irgendwelche Probleme auftreten sollten. Wir sind entlang des gesamten Caminos pr\u00e4sent.<\/p>\n            <\/div>\n        <\/div>\n    <\/section>\n\n    <section id=\"primaryWays\">\n        <div class=\"subtitle\">\n            <h2>Die bedeutendsten Radrouten<\/h2>\n        <\/div>\n        <div class=\"cards-primary-ways\">\n            <div>\n                <div class=\"cards-primary-ways__card card-best-experience p-group\">\n                        <div class=\"card-best-experience__header p-relative\">\n                            <div class=\"content-card\">\n                                <img decoding=\"async\" src=\"https:\/\/cdn.pilgrim.es\/web\/caminos\/home\/caminos-principales\/camino-frances.jpg\"\n                                    alt=\"Franz\u00f6sischer Weg\" class=\"img-card group-hover:p-scale-110\" \/>\n                                <div class=\"card-overlay group-hover:p-opacity-50\"><\/div>\n                                <div class=\"content-card__info-top p-h-full p-z-10\">\n                                    <div class=\"content-card__info-top__way\"><a href=\"https:\/\/www.pilgrim.es\/de\/franzosischer-weg\/\" class=\"after:p-absolute after:p-inset-0 p-text-white hover:p-text-light\">Camino <br> <span>Franc\u00e9s<\/span><\/a><\/div>\n                                    <div class=\"content-card__info-top__town p-self-start\">\n                                        <div>Burgos<\/div>\n                                    <\/div>\n                                <\/div>\n                                <div class=\"content-card__info-bottom\">\n                                    <div class=\"content-card__info-bottom__stages\">\n                                        <div class=\"col-enbici\">\n                                            <i class=\"icon-by-bike\"><\/i>\n                                            <div>\n                                                <p class=\"number-km\">741 km<\/p>\n                                                <p>14 Etappen<\/p>\n                                            <\/div>\n                                        <\/div>\n                                    <\/div>\n                                    <div class=\"content-card__info-bottom__btn\">\n                                        <button>\n                                            <i class=\"icon-arrow \"><\/i>\n                                        <\/button>\n                                    <\/div>\n                                <\/div>\n                            <\/div>\n                        <\/div>\n                <\/div>\n                <p class=\"cards-primary-ways__text\">Diese Route ist die ber\u00fchmteste unter den Jakobswegen und bietet dementsprechend die besten Serviceleistungen entlang ihres Verlaufs.<\/p>\n            <\/div>\n            <div>\n                <div class=\"cards-primary-ways__card card-best-experience p-group\">\n                        <div class=\"card-best-experience__header p-relative\">\n                            <div class=\"content-card\">\n                                <img decoding=\"async\" src=\"https:\/\/cdn.pilgrim.es\/web\/caminos\/home\/caminos-principales\/camino-portugues.jpg\"\n                                    alt=\"Portugiesischer Weg\" class=\"img-card group-hover:p-scale-110\" \/>\n                                <div class=\"card-overlay group-hover:p-opacity-50\"><\/div>\n                                <div class=\"content-card__info-top p-h-full p-z-10\">\n                                    <div class=\"content-card__info-top__way\"><a href=\"https:\/\/www.pilgrim.es\/de\/portugiesischer-weg\/\" class=\"after:p-absolute after:p-inset-0 p-text-white hover:p-text-light\">Camino <br> <span>Portugu\u00e9s<\/span><\/a><\/div>\n                                    <div class=\"content-card__info-top__town p-self-start\">\n                                        <div>Lisboa<\/div>\n                                    <\/div>\n                                <\/div>\n                                <div class=\"content-card__info-bottom\">\n                                    <div class=\"content-card__info-bottom__stages\">\n                                        <div class=\"col-enbici\">\n                                            <i class=\"icon-by-bike\"><\/i>\n                                            <div>\n                                                <p class=\"number-km\">582 km<\/p>\n                                                <p>11 Etappen<\/p>\n                                            <\/div>\n                                        <\/div>\n                                    <\/div>\n                                    <div class=\"content-card__info-bottom__btn\">\n                                        <button>\n                                            <i class=\"icon-arrow \"><\/i>\n                                        <\/button>\n                                    <\/div>\n                                <\/div>\n                            <\/div>\n                        <\/div>\n                <\/div>\n                <p class=\"cards-primary-ways__text\">Eine sehr abwechslungsreiche Route, da sie zwei eng verbundene L\u00e4nder durchquert: Portugal und Spanien. Zu Fu\u00df beginnt der Camino in Lissabon, aber f\u00fcr Radpilger ist der Start in Oporto bequemer. \u00dcber 200 km, die du nie vergessen wirst.<\/p>\n            <\/div>\n\n            <div>\n                <div class=\"cards-primary-ways__card card-best-experience p-group\">\n                        <div class=\"card-best-experience__header p-relative\">\n                            <div class=\"content-card\">\n                                <img decoding=\"async\" src=\"https:\/\/cdn.pilgrim.es\/web\/caminos\/home\/caminos-principales\/camino-norte.jpg\"\n                                    alt=\"N\u00f6rdlicher Weg\" class=\"img-card group-hover:p-scale-110\" \/>\n                                <div class=\"card-overlay group-hover:p-opacity-50\"><\/div>\n                                <div class=\"content-card__info-top p-h-full p-z-10\">\n                                    <div class=\"content-card__info-top__way\"><a href=\"https:\/\/www.pilgrim.es\/de\/weg-im-norden\/\" class=\"after:p-absolute after:p-inset-0 p-text-white hover:p-text-light\">Camino <br> <span>Del Norte<\/span><\/a><\/div>\n                                    <div class=\"content-card__info-top__town p-self-start\">\n                                        <div>Bilbao<\/div>\n                                    <\/div>\n                                <\/div>\n                                <div class=\"content-card__info-bottom\">\n                                    <div class=\"content-card__info-bottom__stages\">\n                                        <div class=\"col-enbici\">\n                                            <i class=\"icon-by-bike\"><\/i>\n                                            <div>\n                                                <p class=\"number-km\">827 km<\/p>\n                                                <p>18 Etappen<\/p>\n                                            <\/div>\n                                        <\/div>\n                                    <\/div>\n                                    <div class=\"content-card__info-bottom__btn\">\n                                        <button>\n                                            <i class=\"icon-arrow \"><\/i>\n                                        <\/button>\n                                    <\/div>\n                                <\/div>\n                            <\/div>\n                        <\/div>\n                <\/div>\n                <p class=\"cards-primary-ways__text\">Stell dir vor, auf Routen unterwegs zu sein, bei denen das Meer auf gr\u00fcne Wiesen trifft. Diese Route macht es m\u00f6glich! Durchquere ganz Nordspanien, w\u00e4hrend du mit der Kantabrischen See auf der einen und den typischen Landschaften des Nordens auf der anderen Seite radelst. Wenn du die sch\u00f6nsten Ausblicke auf dem Camino m\u00f6chtest, ist dies deine Route.<\/p>\n            <\/div>\n\n            <div>\n                <div class=\"cards-primary-ways__card card-best-experience p-group\">\n                        <div class=\"card-best-experience__header p-relative\">\n                            <div class=\"content-card\">\n                                <img decoding=\"async\" src=\"https:\/\/cdn.pilgrim.es\/web\/caminos\/home\/caminos-principales\/camino-primitivo.jpg\"\n                                    alt=\"Primitiver Weg\" class=\"img-card group-hover:p-scale-110\" \/>\n                                <div class=\"card-overlay group-hover:p-opacity-50\"><\/div>\n                                <div class=\"content-card__info-top p-h-full p-z-10\">\n                                    <div class=\"content-card__info-top__way\"><a href=\"https:\/\/www.pilgrim.es\/de\/primitiver-weg\/\" class=\"after:p-absolute after:p-inset-0 p-text-white hover:p-text-light\">Camino <br> <span>Primitivo<\/span><\/a><\/div>\n                                    <div class=\"content-card__info-top__town p-self-start\">\n                                        <div>Oviedo<\/div>\n                                    <\/div>\n                                <\/div>\n                                <div class=\"content-card__info-bottom\">\n                                    <div class=\"content-card__info-bottom__stages\">\n                                        <div class=\"col-enbici\">\n                                            <i class=\"icon-by-bike\"><\/i>\n                                            <div>\n                                                <p class=\"number-km\">313 km<\/p>\n                                                <p>7 Etappen<\/p>\n                                            <\/div>\n                                        <\/div>\n                                    <\/div>\n                                    <div class=\"content-card__info-bottom__btn\">\n                                        <button>\n                                            <i class=\"icon-arrow \"><\/i>\n                                        <\/button>\n                                    <\/div>\n                                <\/div>\n                            <\/div>\n                        <\/div>\n                <\/div>\n                <p class=\"cards-primary-ways__text\">Die urspr\u00fcngliche Route des Caminos. Obwohl sie bergig und manchmal anspruchsvoll ist, wagen sich immer mehr Pilger daran, um sich selbst zu \u00fcberwinden und ein Abenteuer zu erleben. Auf diesem Weg genie\u00dft du die unber\u00fchrte Natur von Asturien und Galicien.<\/p>\n            <\/div>\n        <\/div>\n    <\/section>\n<\/div>\n","protected":false},"excerpt":{"rendered":"<p>Sp\u00fcre die Magie des Caminos bei jedem Pedaltritt! Eine andere Art, den Camino de Santiago zu erleben. Wir helfen dir bei der Planung deines Caminos Gib uns deine Daten und wir beraten dich Erhalte deine Compostela Nur 200 km trennen dich davon, deine Compostela zu bekommen. Deshalb haben wir diese einzigartigen Erlebnisse f\u00fcr dich ausgew\u00e4hlt. &hellip; <\/p>\n<p class=\"read_more\"><a href=\"https:\/\/www.pilgrim.es\/de\/jakobsweg-mit-dem-fahrrad\/\">Leer m\u00e1s<\/a><\/p>\n","protected":false},"author":4,"featured_media":37986,"parent":0,"menu_order":0,"comment_status":"closed","ping_status":"closed","template":"views\/template-new-landing.blade.php","meta":{"footnotes":""},"categories":[],"tags":[],"class_list":["post-38659","page","type-page","status-publish","has-post-thumbnail","hentry"],"yoast_head":"<!-- This site is optimized with the Yoast SEO plugin v27.4 - https:\/\/yoast.com\/product\/yoast-seo-wordpress\/ -->\n<title>Jakobsweg mit dem Fahrrad | Planen Sie Ihr Abenteuer auf R\u00e4dern<\/title>\n<meta name=\"description\" content=\"Der Jakobsweg mit dem Fahrrad erfordert zus\u00e4tzliche M\u00fchen wie die Wahl des Fahrrads, die Suche nach einer geeigneten Unterkunft ... In Pilgrim helfen wir Ihnen, mit allem was n\u00f6tig ist.\" \/>\n<meta name=\"robots\" content=\"index, follow, max-snippet:-1, max-image-preview:large, max-video-preview:-1\" \/>\n<link rel=\"canonical\" href=\"https:\/\/www.pilgrim.es\/de\/jakobsweg-mit-dem-fahrrad\/\" \/>\n<meta property=\"og:locale\" content=\"de_DE\" \/>\n<meta property=\"og:type\" content=\"article\" \/>\n<meta property=\"og:title\" content=\"Jakobsweg mit dem Fahrrad | Planen Sie Ihr Abenteuer auf R\u00e4dern\" \/>\n<meta property=\"og:description\" content=\"Der Jakobsweg mit dem Fahrrad erfordert zus\u00e4tzliche M\u00fchen wie die Wahl des Fahrrads, die Suche nach einer geeigneten Unterkunft ... In Pilgrim helfen wir Ihnen, mit allem was n\u00f6tig ist.\" \/>\n<meta property=\"og:url\" content=\"https:\/\/www.pilgrim.es\/de\/jakobsweg-mit-dem-fahrrad\/\" \/>\n<meta property=\"og:site_name\" content=\"Pilgrim\" \/>\n<meta property=\"article:publisher\" content=\"https:\/\/www.facebook.com\/pilgrim.es\/\" \/>\n<meta property=\"article:modified_time\" content=\"2026-04-07T14:09:13+00:00\" \/>\n<meta property=\"og:image\" content=\"https:\/\/www.pilgrim.es\/wp-content\/uploads\/2019\/05\/img-v1-1.jpg\" \/>\n\t<meta property=\"og:image:width\" content=\"900\" \/>\n\t<meta property=\"og:image:height\" content=\"649\" \/>\n\t<meta property=\"og:image:type\" content=\"image\/jpeg\" \/>\n<meta name=\"twitter:card\" content=\"summary_large_image\" \/>\n<meta name=\"twitter:site\" content=\"@pilgrim_es\" \/>\n<meta name=\"twitter:label1\" content=\"Gesch\u00e4tzte Lesezeit\" \/>\n\t<meta name=\"twitter:data1\" content=\"3\u00a0Minuten\" \/>\n<script type=\"application\/ld+json\" class=\"yoast-schema-graph\">{\"@context\":\"https:\\\/\\\/schema.org\",\"@graph\":[{\"@type\":\"WebPage\",\"@id\":\"https:\\\/\\\/www.pilgrim.es\\\/de\\\/jakobsweg-mit-dem-fahrrad\\\/\",\"url\":\"https:\\\/\\\/www.pilgrim.es\\\/de\\\/jakobsweg-mit-dem-fahrrad\\\/\",\"name\":\"Jakobsweg mit dem Fahrrad | Planen Sie Ihr Abenteuer auf R\u00e4dern\",\"isPartOf\":{\"@id\":\"https:\\\/\\\/www.pilgrim.es\\\/de\\\/#website\"},\"primaryImageOfPage\":{\"@id\":\"https:\\\/\\\/www.pilgrim.es\\\/de\\\/jakobsweg-mit-dem-fahrrad\\\/#primaryimage\"},\"image\":{\"@id\":\"https:\\\/\\\/www.pilgrim.es\\\/de\\\/jakobsweg-mit-dem-fahrrad\\\/#primaryimage\"},\"thumbnailUrl\":\"https:\\\/\\\/www.pilgrim.es\\\/wp-content\\\/uploads\\\/2019\\\/05\\\/img-v1-1.jpg\",\"datePublished\":\"2019-05-16T16:03:36+00:00\",\"dateModified\":\"2026-04-07T14:09:13+00:00\",\"description\":\"Der Jakobsweg mit dem Fahrrad erfordert zus\u00e4tzliche M\u00fchen wie die Wahl des Fahrrads, die Suche nach einer geeigneten Unterkunft ... In Pilgrim helfen wir Ihnen, mit allem was n\u00f6tig ist.\",\"breadcrumb\":{\"@id\":\"https:\\\/\\\/www.pilgrim.es\\\/de\\\/jakobsweg-mit-dem-fahrrad\\\/#breadcrumb\"},\"inLanguage\":\"de\",\"potentialAction\":[{\"@type\":\"ReadAction\",\"target\":[\"https:\\\/\\\/www.pilgrim.es\\\/de\\\/jakobsweg-mit-dem-fahrrad\\\/\"]}]},{\"@type\":\"ImageObject\",\"inLanguage\":\"de\",\"@id\":\"https:\\\/\\\/www.pilgrim.es\\\/de\\\/jakobsweg-mit-dem-fahrrad\\\/#primaryimage\",\"url\":\"https:\\\/\\\/www.pilgrim.es\\\/wp-content\\\/uploads\\\/2019\\\/05\\\/img-v1-1.jpg\",\"contentUrl\":\"https:\\\/\\\/www.pilgrim.es\\\/wp-content\\\/uploads\\\/2019\\\/05\\\/img-v1-1.jpg\",\"width\":900,\"height\":649,\"caption\":\"Jakobsweg mit dem Fahrrad\"},{\"@type\":\"BreadcrumbList\",\"@id\":\"https:\\\/\\\/www.pilgrim.es\\\/de\\\/jakobsweg-mit-dem-fahrrad\\\/#breadcrumb\",\"itemListElement\":[{\"@type\":\"ListItem\",\"position\":1,\"name\":\"Camino de Santiago\",\"item\":\"https:\\\/\\\/www.pilgrim.es\\\/de\\\/\"},{\"@type\":\"ListItem\",\"position\":2,\"name\":\"Landing Jakobsweg mit dem Fahrrad\"}]},{\"@type\":\"WebSite\",\"@id\":\"https:\\\/\\\/www.pilgrim.es\\\/de\\\/#website\",\"url\":\"https:\\\/\\\/www.pilgrim.es\\\/de\\\/\",\"name\":\"Pilgrim\",\"description\":\"Camino de Santiago | Caminamos Contigo\",\"publisher\":{\"@id\":\"https:\\\/\\\/www.pilgrim.es\\\/de\\\/#organization\"},\"potentialAction\":[{\"@type\":\"SearchAction\",\"target\":{\"@type\":\"EntryPoint\",\"urlTemplate\":\"https:\\\/\\\/www.pilgrim.es\\\/de\\\/?s={search_term_string}\"},\"query-input\":{\"@type\":\"PropertyValueSpecification\",\"valueRequired\":true,\"valueName\":\"search_term_string\"}}],\"inLanguage\":\"de\"},{\"@type\":\"Organization\",\"@id\":\"https:\\\/\\\/www.pilgrim.es\\\/de\\\/#organization\",\"name\":\"Pilgrim Camino de Santiago\",\"url\":\"https:\\\/\\\/www.pilgrim.es\\\/de\\\/\",\"logo\":{\"@type\":\"ImageObject\",\"inLanguage\":\"de\",\"@id\":\"https:\\\/\\\/www.pilgrim.es\\\/de\\\/#\\\/schema\\\/logo\\\/image\\\/\",\"url\":\"https:\\\/\\\/www.pilgrim.es\\\/wp-content\\\/uploads\\\/2019\\\/04\\\/logo_pilgrim.png\",\"contentUrl\":\"https:\\\/\\\/www.pilgrim.es\\\/wp-content\\\/uploads\\\/2019\\\/04\\\/logo_pilgrim.png\",\"width\":512,\"height\":512,\"caption\":\"Pilgrim Camino de Santiago\"},\"image\":{\"@id\":\"https:\\\/\\\/www.pilgrim.es\\\/de\\\/#\\\/schema\\\/logo\\\/image\\\/\"},\"sameAs\":[\"https:\\\/\\\/www.facebook.com\\\/pilgrim.es\\\/\",\"https:\\\/\\\/x.com\\\/pilgrim_es\",\"https:\\\/\\\/www.instagram.com\\\/pilgrim.es\\\/\",\"https:\\\/\\\/www.linkedin.com\\\/company\\\/pilgrim-camino-de-santiago\\\/\",\"https:\\\/\\\/www.pinterest.es\\\/pilgrimcaminodesantiago\\\/\",\"https:\\\/\\\/www.youtube.com\\\/channel\\\/UCIv2ZzFLXVqthkNF32rKedw\\\/featured\"]}]}<\/script>\n<!-- \/ Yoast SEO plugin. -->","yoast_head_json":{"title":"Jakobsweg mit dem Fahrrad | Planen Sie Ihr Abenteuer auf R\u00e4dern","description":"Der Jakobsweg mit dem Fahrrad erfordert zus\u00e4tzliche M\u00fchen wie die Wahl des Fahrrads, die Suche nach einer geeigneten Unterkunft ... In Pilgrim helfen wir Ihnen, mit allem was n\u00f6tig ist.","robots":{"index":"index","follow":"follow","max-snippet":"max-snippet:-1","max-image-preview":"max-image-preview:large","max-video-preview":"max-video-preview:-1"},"canonical":"https:\/\/www.pilgrim.es\/de\/jakobsweg-mit-dem-fahrrad\/","og_locale":"de_DE","og_type":"article","og_title":"Jakobsweg mit dem Fahrrad | Planen Sie Ihr Abenteuer auf R\u00e4dern","og_description":"Der Jakobsweg mit dem Fahrrad erfordert zus\u00e4tzliche M\u00fchen wie die Wahl des Fahrrads, die Suche nach einer geeigneten Unterkunft ... In Pilgrim helfen wir Ihnen, mit allem was n\u00f6tig ist.","og_url":"https:\/\/www.pilgrim.es\/de\/jakobsweg-mit-dem-fahrrad\/","og_site_name":"Pilgrim","article_publisher":"https:\/\/www.facebook.com\/pilgrim.es\/","article_modified_time":"2026-04-07T14:09:13+00:00","og_image":[{"width":900,"height":649,"url":"https:\/\/www.pilgrim.es\/wp-content\/uploads\/2019\/05\/img-v1-1.jpg","type":"image\/jpeg"}],"twitter_card":"summary_large_image","twitter_site":"@pilgrim_es","twitter_misc":{"Gesch\u00e4tzte Lesezeit":"3\u00a0Minuten"},"schema":{"@context":"https:\/\/schema.org","@graph":[{"@type":"WebPage","@id":"https:\/\/www.pilgrim.es\/de\/jakobsweg-mit-dem-fahrrad\/","url":"https:\/\/www.pilgrim.es\/de\/jakobsweg-mit-dem-fahrrad\/","name":"Jakobsweg mit dem Fahrrad | Planen Sie Ihr Abenteuer auf R\u00e4dern","isPartOf":{"@id":"https:\/\/www.pilgrim.es\/de\/#website"},"primaryImageOfPage":{"@id":"https:\/\/www.pilgrim.es\/de\/jakobsweg-mit-dem-fahrrad\/#primaryimage"},"image":{"@id":"https:\/\/www.pilgrim.es\/de\/jakobsweg-mit-dem-fahrrad\/#primaryimage"},"thumbnailUrl":"https:\/\/www.pilgrim.es\/wp-content\/uploads\/2019\/05\/img-v1-1.jpg","datePublished":"2019-05-16T16:03:36+00:00","dateModified":"2026-04-07T14:09:13+00:00","description":"Der Jakobsweg mit dem Fahrrad erfordert zus\u00e4tzliche M\u00fchen wie die Wahl des Fahrrads, die Suche nach einer geeigneten Unterkunft ... In Pilgrim helfen wir Ihnen, mit allem was n\u00f6tig ist.","breadcrumb":{"@id":"https:\/\/www.pilgrim.es\/de\/jakobsweg-mit-dem-fahrrad\/#breadcrumb"},"inLanguage":"de","potentialAction":[{"@type":"ReadAction","target":["https:\/\/www.pilgrim.es\/de\/jakobsweg-mit-dem-fahrrad\/"]}]},{"@type":"ImageObject","inLanguage":"de","@id":"https:\/\/www.pilgrim.es\/de\/jakobsweg-mit-dem-fahrrad\/#primaryimage","url":"https:\/\/www.pilgrim.es\/wp-content\/uploads\/2019\/05\/img-v1-1.jpg","contentUrl":"https:\/\/www.pilgrim.es\/wp-content\/uploads\/2019\/05\/img-v1-1.jpg","width":900,"height":649,"caption":"Jakobsweg mit dem Fahrrad"},{"@type":"BreadcrumbList","@id":"https:\/\/www.pilgrim.es\/de\/jakobsweg-mit-dem-fahrrad\/#breadcrumb","itemListElement":[{"@type":"ListItem","position":1,"name":"Camino de Santiago","item":"https:\/\/www.pilgrim.es\/de\/"},{"@type":"ListItem","position":2,"name":"Landing Jakobsweg mit dem Fahrrad"}]},{"@type":"WebSite","@id":"https:\/\/www.pilgrim.es\/de\/#website","url":"https:\/\/www.pilgrim.es\/de\/","name":"Pilgrim","description":"Camino de Santiago | Caminamos Contigo","publisher":{"@id":"https:\/\/www.pilgrim.es\/de\/#organization"},"potentialAction":[{"@type":"SearchAction","target":{"@type":"EntryPoint","urlTemplate":"https:\/\/www.pilgrim.es\/de\/?s={search_term_string}"},"query-input":{"@type":"PropertyValueSpecification","valueRequired":true,"valueName":"search_term_string"}}],"inLanguage":"de"},{"@type":"Organization","@id":"https:\/\/www.pilgrim.es\/de\/#organization","name":"Pilgrim Camino de Santiago","url":"https:\/\/www.pilgrim.es\/de\/","logo":{"@type":"ImageObject","inLanguage":"de","@id":"https:\/\/www.pilgrim.es\/de\/#\/schema\/logo\/image\/","url":"https:\/\/www.pilgrim.es\/wp-content\/uploads\/2019\/04\/logo_pilgrim.png","contentUrl":"https:\/\/www.pilgrim.es\/wp-content\/uploads\/2019\/04\/logo_pilgrim.png","width":512,"height":512,"caption":"Pilgrim Camino de Santiago"},"image":{"@id":"https:\/\/www.pilgrim.es\/de\/#\/schema\/logo\/image\/"},"sameAs":["https:\/\/www.facebook.com\/pilgrim.es\/","https:\/\/x.com\/pilgrim_es","https:\/\/www.instagram.com\/pilgrim.es\/","https:\/\/www.linkedin.com\/company\/pilgrim-camino-de-santiago\/","https:\/\/www.pinterest.es\/pilgrimcaminodesantiago\/","https:\/\/www.youtube.com\/channel\/UCIv2ZzFLXVqthkNF32rKedw\/featured"]}]}},"_links":{"self":[{"href":"https:\/\/www.pilgrim.es\/de\/wp-json\/wp\/v2\/pages\/38659","targetHints":{"allow":["GET"]}}],"collection":[{"href":"https:\/\/www.pilgrim.es\/de\/wp-json\/wp\/v2\/pages"}],"about":[{"href":"https:\/\/www.pilgrim.es\/de\/wp-json\/wp\/v2\/types\/page"}],"author":[{"embeddable":true,"href":"https:\/\/www.pilgrim.es\/de\/wp-json\/wp\/v2\/users\/4"}],"replies":[{"embeddable":true,"href":"https:\/\/www.pilgrim.es\/de\/wp-json\/wp\/v2\/comments?post=38659"}],"version-history":[{"count":18,"href":"https:\/\/www.pilgrim.es\/de\/wp-json\/wp\/v2\/pages\/38659\/revisions"}],"predecessor-version":[{"id":140505,"href":"https:\/\/www.pilgrim.es\/de\/wp-json\/wp\/v2\/pages\/38659\/revisions\/140505"}],"wp:featuredmedia":[{"embeddable":true,"href":"https:\/\/www.pilgrim.es\/de\/wp-json\/wp\/v2\/media\/37986"}],"wp:attachment":[{"href":"https:\/\/www.pilgrim.es\/de\/wp-json\/wp\/v2\/media?parent=38659"}],"wp:term":[{"taxonomy":"category","embeddable":true,"href":"https:\/\/www.pilgrim.es\/de\/wp-json\/wp\/v2\/categories?post=38659"},{"taxonomy":"post_tag","embeddable":true,"href":"https:\/\/www.pilgrim.es\/de\/wp-json\/wp\/v2\/tags?post=38659"}],"curies":[{"name":"wp","href":"https:\/\/api.w.org\/{rel}","templated":true}]}}