{"id":38109,"date":"2019-05-13T18:32:34","date_gmt":"2019-05-13T18:32:34","guid":{"rendered":"https:\/\/prod.pilgrim.es\/portugiesischer-weg\/etappe-25-padron-santiago-de-compostela\/"},"modified":"2025-08-06T08:23:06","modified_gmt":"2025-08-06T08:23:06","slug":"etappe-25-padron-santiago-de-compostela","status":"publish","type":"page","link":"https:\/\/www.pilgrim.es\/de\/portugiesischer-weg\/etappe-25-padron-santiago-de-compostela\/","title":{"rendered":"Portugiesischer Weg | Etappe 25: Padr\u00f3n &#8211; Santiago de Compostela"},"content":{"rendered":"\n<section id=\"heroStage\">\n  <h1>Portugiesischer Weg: Etappe 25<\/h1>\n  <div>\n    <div class=\"hero\" data-background=\"https:\/\/cdn.pilgrim.es\/web\/caminos\/camino-portugues\/pueblos\/padron\/padron.jpg\">\n      <div class=\"hero__container\">\n        <div class=\"hero__container__labels\">\n          <p>Walk<\/p>\n          <p>25 Etappe \/ 620 Kms<\/p>\n        <\/div>\n        <div class=\"hero__container__stage-name\">\n          <h2>\n            Padr\u00f3n <br \/>\n            <span>&#10093;<\/span>\n            Santiago de Compostela\n          <\/h2>\n          <p>24.4 Km<\/p>\n        <\/div>\n        <div class=\"hero__container__stage-changer\">\n            <div class=\"stage-control\">\n              <a class=\"stage-control__link\" href=\"https:\/\/www.pilgrim.es\/de\/portugiesischer-weg\/etappe-24-caldas-de-reis-padron\/\"><span>&#10094;<\/span> Etappe 24<\/a>\n            <\/div>\n          <div class=\"stage-control\">\n            <a class=\"stage-control__link inactive\" href=\"https:\/\/www.pilgrim.es\/de\/portugiesischer-weg\/etappe-25-padron-santiago-de-compostela\/\">Etappe 25 <span>&#10095;<\/span><\/a>\n          <\/div>\n        <\/div>\n      <\/div>\n    <\/div>\n    <div class=\"planner\"><div\r\n  class=\"p-col-span-1 p-rounded-lg p-px-5 p-h-full\"\r\n  style=\"background-image: url('https:\/\/cdn.pilgrim.es\/web\/pilgrim-planner\/bg-plugin-planificador.webp')\"\r\n  rel=\"preload\"\r\n  fetchpriority=\"high\"\r\n  >\r\n    <div class=\"p-text-center p-pt-5 p-text-white p-text-2xl p-font-semibold\">\r\n      Plane deinen Weg    <\/div>\r\n    <div\r\n            id='primary-app'\r\n            data-name='banner'\r\n            data-api='https:\/\/pathfinder.pilgrim.es\/api\/pathfinder\/v2'\r\n            data-mode='normal'\r\n            data-lang='de'\r\n            data-route='1'\r\n            data-destiny='https:\/\/planificador.pilgrim.es'\r\n            data-modality='1'\r\n            data-inline=''\r\n        ><\/div><\/div><\/div>\n  <\/div>\n<\/section>\n\n<section id=\"scoreBarsStage\">\n  <section>\r\n  <div class=\"p-flex p-flex-nowrap p-space-x-4 p-py-5 p-overflow-x-auto md:p-grid md:p-grid-cols-3 lg:p-grid-cols-5 md:p-gap-8 md:p-space-x-0 md:p-overflow-hidden scrollbar-thin\">\r\n    <div class=\"p-grid p-grid-cols-4 p-shrink-0 p-w-72 p-snap-start md:p-w-full\">\r\n        <div class=\"p-col-span-1 p-self-center p-text-center p-text-3xl\">\r\n            <i class=\"icon-influx\"><\/i>\r\n        <\/div>\r\n        <div class=\"p-col-span-3 p-flex p-flex-col p-items-start\">\r\n            <div class=\"p-text-start p-text-secondary p-mb-1 p-bold\"> Zustrom <\/div>\r\n            <div class=\"p-w-full p-bg-light p-rounded-full p-h-2 p-relative\">\r\n                <div class=\"p-bg-primary p-h-2 p-rounded-full p-absolute\" style=\"width: 40%;\"><\/div>\r\n            <\/div>\r\n        <\/div>\r\n    <\/div>\r\n\r\n    <div class=\"p-grid p-grid-cols-4 p-shrink-0 p-w-72 p-snap-start md:p-w-full\">\r\n        <div class=\"p-col-span-1 p-self-center p-text-center p-text-3xl\">\r\n            <i class=\"icon-difficulty\"><\/i>\r\n        <\/div>\r\n        <div class=\"p-col-span-3 p-flex p-flex-col p-items-start\">\r\n            <div class=\"p-text-start p-text-secondary p-mb-1 p-bold\"> Schwierigkeitsgrad <\/div>\r\n            <div class=\"p-w-full p-bg-light p-rounded-full p-h-2 p-relative\">\r\n                <div class=\"p-bg-primary p-h-2 p-rounded-full p-absolute\" style=\"width: 100%;\"><\/div>\r\n            <\/div>\r\n        <\/div>\r\n    <\/div>\r\n\r\n    <div class=\"p-grid p-grid-cols-4 p-shrink-0 p-w-72 p-snap-start md:p-w-full\">\r\n        <div class=\"p-col-span-1 p-self-center p-text-center p-text-3xl\">\r\n            <i class=\"icon-patrimony\"><\/i>\r\n        <\/div>\r\n        <div class=\"p-col-span-3 p-flex p-flex-col p-items-start\">\r\n            <div class=\"p-text-start p-text-secondary p-mb-1 p-bold\"> Kunst\/Geschichte <\/div>\r\n            <div class=\"p-w-full p-bg-light p-rounded-full p-h-2 p-relative\">\r\n                <div class=\"p-bg-primary p-h-2 p-rounded-full p-absolute\" style=\"width: 80%;\"><\/div>\r\n            <\/div>\r\n        <\/div>\r\n    <\/div>\r\n\r\n    <div class=\"p-grid p-grid-cols-4 p-shrink-0 p-w-72 p-snap-start md:p-w-full\">\r\n        <div class=\"p-col-span-1 p-self-center p-text-center p-text-3xl\">\r\n            <i class=\"icon-nature\"><\/i>\r\n        <\/div>\r\n        <div class=\"p-col-span-3 p-flex p-flex-col p-items-start\">\r\n            <div class=\"p-text-start p-text-secondary p-mb-1 p-bold\"> Natur <\/div>\r\n            <div class=\"p-w-full p-bg-light p-rounded-full p-h-2 p-relative\">\r\n                <div class=\"p-bg-primary p-h-2 p-rounded-full p-absolute\" style=\"width: 40%;\"><\/div>\r\n            <\/div>\r\n        <\/div>\r\n    <\/div>\r\n\r\n    <div class=\"p-grid p-grid-cols-4 p-shrink-0 p-w-72 p-snap-start md:p-w-full\">\r\n        <div class=\"p-col-span-1 p-self-center p-text-center p-text-3xl\">\r\n            <i class=\"icon-urban\"><\/i>\r\n        <\/div>\r\n        <div class=\"p-col-span-3 p-flex p-flex-col p-items-start\">\r\n            <div class=\"p-text-start p-text-secondary p-mb-1 p-bold\"> St\u00e4dtischer Weg <\/div>\r\n            <div class=\"p-w-full p-bg-light p-rounded-full p-h-2 p-relative\">\r\n                <div class=\"p-bg-primary p-h-2 p-rounded-full p-absolute\" style=\"width: 60%;\"><\/div>\r\n            <\/div>\r\n        <\/div>\r\n    <\/div>\r\n  <\/div>\r\n<\/section>\n<\/section>\n\n<div id=\"stage-list-section\"><div class=\"stage-list\">\n    <div class='stage-list__map-card'>\n        <div class='stage-list__map-card__map'>\n            <div class='stage-list__map-card__map__text'>\n                <h2> Pages <\/h2>\n                <p> Zu Fu\u00df<\/p>\n                <p> 0etappen<\/p>\n            <\/div>\n            <div class='stage-list__map-card__map__img'>\n                <img decoding=\"async\" src=\"\" alt=\" mapa \" \/>\n            <\/div>\n        <\/div>\n    <\/div>\n\n    <\/div>\n<\/div>\n\n<section id=\"navStage\">\n  <div>\n    <nav id=\"tab-navigation-section\" class=\"tab-navigation-section--cols-4\">\n      <a href=\"#infoSection\" class=\"active\">Information<\/a>\n       <a href=\"#profileSection\">Profil<\/a>\n       <a href=\"#itinerarySection\">Route<\/a>\n       <a href=\"#locationsSection\">Ortschaften<\/a>\n    <\/nav>\n\n    <div id=\"infoSection\">\n      <!-- Title Section with Orange Line -->\n      <div>\n        <h2 class=\"p-h2-stage\">Information<\/h2>\n        <hr class=\"orange-bar\" \/>\n        <h3 class=\"p-h3-stage\">\u00dcber diese Etappe<\/h3>\n      <\/div>\n\n      \n        <p>Wir k\u00f6nnen Compostela bereits erahnen, wir stehen vor der letzten Etappe des portugiesischen Weges, in der wir nach mehr als 25 Kilometern -die beide Orte voneinander trennen- die Stadt des Apostels erreichen werden. Bevor wir ankommen, werden wir viele D\u00f6rfer und Stadtteile durchqueren, wie einst auch die J\u00fcnger von Jakobus, um seine sterblichen \u00dcberreste in seine letzte und ewige Ruhest\u00e4tte zu bringen.<\/p>\n      \n\n      <div class=\"recomendation-card\">\n        <div>\n          <i class=\"icon-logo-pilgrim\"><\/i>\n          <h5>Empfehlung Pilgrim<\/h5>\n        <\/div>\n\n        \n          <p>Es ist keine sehr anspruchsvolle Etappe, aber f\u00fcr diejenigen, die den H\u00fcgel von Cirauqui nicht ersteigen m\u00f6chten, gibt es eine alternative, ausgeschilderte Route. F\u00fcr die Radfahrer gibt es keine sehr schwierigen Strecken, aber bei widrigen Wetterverh\u00e4ltnissen, m\u00fcssen sie in den lehmigeren Gegenden, wo an Regentagen Schlamm \u00fcblich ist, absteigen. Auch in Cirauqui k\u00f6nnen diejenigen, die das historische Zentrum nicht besuchen m\u00f6chten, die Stadt auf der linken Seite umgehen und sp\u00e4ter den urspr\u00fcnglichen Verlauf wiederaufnehemen. Da Sie Strecken auf nationalen und regionalen Stra\u00dfen bew\u00e4ltigen, m\u00fcssen an einigen Stellen die erforderlichen Sicherheitsma\u00dfnahmen getroffen werden, um Unf\u00e4lle zu vermeiden.<\/p>\n        \n          <p>Personen mit eingeschr\u00e4nkter Bewegungsfreiheit werden den Weg an diesen Stra\u00dfenabschnitten ebenfalls unter besonderer Aufmerksamkeit vorsetzen m\u00fcssen.<\/p>\n        \n      <\/div>\n    <\/div>\n\n    <div id=\"profileSection\">\n      <div>\n        <h2 class=\"p-h2-stage\">Entfernung und H\u00f6he<\/h2>\n        <hr class=\"orange-bar\" \/>\n        <h3 class=\"p-h3-stage\">Etappenprofil<\/h3>\n        <img decoding=\"async\" src=\"https:\/\/cdn.pilgrim.es\/web\/caminos\/default.jpg\" alt=\"Stage profile etappe-25-padron-santiago-de-compostela\" \/>\n      <\/div>\n    <\/div>\n\n    <div id=\"itinerarySection\">\n      <h2 class=\"p-h2-stage\">Route<\/h2>\n      <hr \/>\n      <h3 class=\"p-h3-stage\">Itinerary<\/h3>\n\n      \n        <div>\n          <h4>Km 0 &#8211; Inicio<\/h4>\n\n          \n            <p>Wir verlassen Padr\u00f3n in Richtung des Flusses Sar, dessen Br\u00fccke wir \u00fcberqueren, um zur Jakobskirche zur\u00fcckzukehren. Sobald wir die &#8222;Espol\u00f3n&#8220;- Promenade erreicht haben, gehen wir in die &#8222;Murgaran&#8220;- Stra\u00dfe und biegen sp\u00e4ter rechts in die &#8222;Corredeoira da Barca&#8220; und &#8222;Dolores&#8220;- Stra\u00dfe ein. Wir \u00fcberqueren den Fluss erneut und betreten Iria Flavia, eine Pfarrgemeinde des Rathauses Padr\u00f3n, in welcher -der Legende nach- der Apostel Santiago zum ersten Mal auf spanischem Gebiet predigte. Au\u00dferdem kamen hier seine J\u00fcnger in einem Steinboot an, das sie an einem &#8222;Pedr\u00f3n&#8220; (Fels) anbanden, daher der heutige Name &#8222;Padr\u00f3n&#8220;. Dieser &#8222;Pedr\u00f3n&#8220; befindet sich derzeit unter dem Altar der &#8222;Santiago de Padr\u00f3n&#8220;- Kirche .<\/p>\n          \n            <p>Nach diesem obligatorischen Halt setzen wir den Marsch in Richtung der N-550 und der Bahngleise fort, die wir mit gro\u00dfer Vorsicht \u00fcberqueren. Wir werden an mehreren Gesch\u00e4ften, einem Hotel und einem Restaurant vorbeikommen, und lassen so den Asphalt hinter uns, um an einer Aufeinenderfolge kleiner D\u00f6rfer und Viertel entlangzuwandern. Auf der H\u00f6he von Vilar treffen wir wieder auf die Bahnstrecke und dann wieder auf die Stra\u00dfe; die wir \u00fcberqueren und deren Randstreifen entlanggehen, um so A Escravitude zu erreichen. Hier k\u00f6nnen wir die gleichnamige Weihest\u00e4tte besichtigen, die im XVI. Jahrhundert auf der sogenannten &#8222;Fonte Santa&#8220; (heiliger Brunnen) erbaut wurde. Der Legende nach heilte dieses Wasser einen unter Hypophobie (Angstlosigkeit) leidenden Pilger, der in die Stadt Compostela wanderte, um seine Genesung zu erbitten. Im Laufe seiner Pilgerschaft, machte er an dieser Quelle Halt, trank von ihrem Wasser, und war drei Tage sp\u00e4ter v\u00f6llig gesund. So rief er aus: &#8222;Danke, heilige Jungfrau, du hast mich von der Knechtschaft meines Leidens befreit!&#8220;- daher der Name dieser Ortschaft (&#8222;Escravitude&#8220;= Sklaverei auf Galicisch). Wenn wir diese Weihest\u00e4tte verlassen, nehmen wir eine Abzweigung nach Cruces, konkret zu seiner &#8222;Santa Mar\u00eda&#8220;- Kirche. Wir treffen wieder auf die Bahngleise und \u00fcberqueren diese mit gro\u00dfer Vorsicht, da es sich um einen weiteren Bahn\u00fcbergang ohne Schranken handelt. Etwas weiter vorn gehen wir auf der H\u00f6he von A Picara\u00f1a in die N-550 \u00fcber, wo wir mehrere Gesch\u00e4fte finden.<\/p>\n          \n            <p>Wir gehen weiter die Stra\u00dfe entlang, bis wir einen Rastplatz erreichen, wo wir links in Richtung Faramello und Teo abbiegen; in letzterer Ortschaft finden wir ebenfalls eine Herberge. Hier beginnt der schwierige Teil der Etappe. Verschiedene aufsteigende Pfade f\u00fchren uns nach R\u00faa de Francos, einem kleinen Dorf, von dem wir auf Wunsch nach Castro Lupario -auch Castro de Beca genannt- ausweichen k\u00f6nnen (ungef\u00e4hr zweieinhalb Kilometer entfernt). Es wird vermutet, dass dieser &#8222;Castrexo&#8220;- Standort die Hauptstadt der Amaecos und der Wohnort von K\u00f6nigin Lupa war: eine Figur der galicischen Mythologie, die im &#8222;Calixtino&#8220;- Kodex festgehalten wird. Der Legende nach wurden die sterblichen \u00dcberreste des Apostels bei seiner Ankunft in Iria Flavia vor\u00fcbergehend in ihrem Haus bewahrt. Wir kehren nach R\u00faa de Francos zur\u00fcck, hier befindet sich ebenfalls die &#8222;San Marti\u00f1o&#8220;- Wallfahrtskapelle und eines der \u00e4ltesten Weg- Kreuze (Crucero) Galiciens. Wir gehen noch einmal (bergab) in Richtung der Bahngleise, um sie in diesem Fall, anhand einer \u00dcberf\u00fchrung zu \u00fcberqueren; und erreichen so Osebe und den &#8222;Camino del R\u00edo Tinto&#8220; nach Pedreira. <\/p>\n          \n            <p>Die Ankunft in Milladoiro ist aufgrund des nahe gelegenen S\u00e4gewerks, &#8222;A Grela&#8220;, und eines Gewerbegebiets recht unbequem. Nachdem wir dieses Viertel von Santiago hinter uns gelassen haben, betreten wir f\u00fcr kurze Zeit wieder ein bewaldetes Gebiet, bevor wir den &#8222;Agro dos Mosteiros&#8220; bew\u00e4ltigen; wo wir aufatmen und erneut zu Kr\u00e4ften kommen k\u00f6nnen. In der Ferne hebt sich bereits der Umriss der Kathedrale und ihrer T\u00fcrme hervor. Wir wandern weiter mit dem Gedanken an die majest\u00e4tische Kathedrale in Richtung Rocha Vella, das der Pfarrei Conxo angeh\u00f6rt. Sp\u00e4ter m\u00fcssen wir den bereits bekannten Fluss Sil auf der H\u00f6he von Ponte Vella erneut \u00fcberqueren, um nach Conxo zu gelangen; wo die &#8222;Santa Mar\u00eda&#8220;- Kirche hervorzuheben ist, die in eine psychiatrische Klinik eingefasst ist. Wir stehen bereits vor den Toren der jakobinischen Stadt. Wir m\u00fcssen nur noch die Stra\u00dfen &#8222;Sanchez Freire&#8220;, &#8222;Garc\u00eda Prieto&#8220;, &#8222;Rosal\u00eda de Castro&#8220; und &#8222;Juan Carlos I&#8220; entlanggehen und erreichen &#8222;La Alameda&#8220;, einen gro\u00dfen Park mit drei gut differenzierten Bereichen: den &#8222;Paseo de la Alameda&#8220;, die &#8222;Carballeira de Santa Susana&#8220; und dem &#8222;Paseo de la Herradura&#8220;. Wir \u00fcberqueren einen Fu\u00dfg\u00e4nger\u00fcberweg und erreichen die &#8222;Porta Faxeira&#8220; (T\u00fcr), von der aus wir in die Altstadt gelangen.<\/p>\n          \n\n          \n            <a class=\"town-link\" href=\"https:\/\/www.pilgrim.es\/de\/portugiesischer-weg\/padron\/\">\n              <div class=\"town-link__link-content\">\n                <div class=\"town-link__link-content__text\">\n                  <p>Lokale Informationen<\/p>\n                  <p>Polizei, medizinische Versorgung, Sehensw\u00fcrdigkeiten, Restaurants&#8230;<\/p>\n                <\/div>\n                <div class=\"town-link__link-content__town-btn\">\n                  <i class=\"icon-arrow\"><\/i>\n                <\/div>\n              <\/div>\n            <\/a>\n          \n        <\/div>\n        <hr \/>\n      \n      <div>\n        <h4>Km 24.4 &#8231; Santiago de Compostela<\/h4>\n        <a class=\"town-link\" href=\"\/portugiesischer-weg\/santiago-de-compostela\">\n          <div class=\"town-link__link-content\">\n            <div class=\"town-link__link-content__text\">\n              <p>Lokale Informationen<\/p>\n              <p>Polizei, medizinische Versorgung, Sehensw\u00fcrdigkeiten, Restaurants&#8230;<\/p>\n            <\/div>\n            <div class=\"town-link__link-content__town-btn\">\n              <i class=\"icon-arrow\"><\/i>\n            <\/div>\n          <\/div>\n        <\/a>\n      <\/div>\n    <\/div>\n\n  <div id=\"locationsSection\">\n      <h2 class=\"p-h2-stage\">\u00d6rtlichkeiten<\/h2>\n      <hr \/>\n      <h3 class=\"p-h3-stage\">St\u00e4dte<\/h3>\n      <div class=\"grid-container\">\n\n        <div class=\"p-group card-stage p-max-w-full\">\n          <a href=\"https:\/\/www.pilgrim.es\/de\/portugiesischer-weg\/padron\/\" class=\"town-card\">\n            <div class=\"card-stage__header\">\n              <img decoding=\"async\" src=\"https:\/\/cdn.pilgrim.es\/web\/caminos\/camino-portugues\/pueblos\/padron\/padron.jpg\" alt=\"Padr\u00f3n\" class=\"group-hover:p-scale-110\" \/>\n              <div class=\"card-overlay group-hover:p-opacity-50\"><\/div>\n            <\/div>\n            <div class=\"town-card__flex-container\">\n              <div class=\"town-card__flex-container__info\">\n                <h3>Padr\u00f3n<\/h3>\n                <p>Provincia: A Coru\u00f1a<\/p>\n              <\/div>\n              <div class=\"town-card__flex-container__btn\">\n                <i class=\"icon-arrow\"><\/i>\n              <\/div>\n            <\/div>\n          <\/a>\n        <\/div>\n        <div class=\"p-group card-stage p-max-w-full\">\n          <a href=\"\/portugiesischer-weg\/santiago-de-compostela\/\" class=\"town-card\">\n            <div class=\"card-stage__header\">\n              <img decoding=\"async\" src=\"https:\/\/cdn.pilgrim.es\/web\/caminos\/default.jpg\" alt=\"Santiago de Compostela\" class=\"group-hover:p-scale-110\" \/>\n              <div class=\"card-overlay group-hover:p-opacity-50\"><\/div>\n            <\/div>\n            <div class=\"town-card__flex-container\">\n              <div class=\"town-card__flex-container__info\">\n                <h3>Santiago de Compostela<\/h3>\n                <p>Provincia: A Coru\u00f1a<\/p>\n              <\/div>\n              <div class=\"town-card__flex-container__btn\">\n                <i class=\"icon-arrow\"><\/i>\n              <\/div>\n            <\/div>\n          <\/a>\n        <\/div>\n      <\/div>\n    <\/div>\n    <hr class=\"single-bar\" \/>\n  <\/div>\n<\/section>\n\n<section id=\"stageChange\">\n  <div>\n    <a href=\"https:\/\/www.pilgrim.es\/de\/portugiesischer-weg\/etappe-24-caldas-de-reis-padron\/\" class=\"change-btn\">\n    <div class=\"change-btn\">\n      <div class=\"btn-arrow previous\">\n        <i class=\"icon-arrow\"><\/i>\n      <\/div>\n      <div class=\"change-btn__info\">\n        <div>Etappe 24<\/div>\n        <p>\n          Caldas de Reis \u276f <br> Padr\u00f3n\n        <\/p>\n      <\/div>\n    <\/div>\n    <\/a>\n    <a href=\"https:\/\/www.pilgrim.es\/de\/portugiesischer-weg\/etappe-25-padron-santiago-de-compostela\/\" class=\"change-btn inactive\">\n      <div class=\"change-btn__info\">\n        <div>Etappe 25<\/div>\n        <p>\n          Padr\u00f3n \u276f <br> Santiago de Compostela\n        <\/p>\n      <\/div>\n      <div class=\"btn-arrow\">\n        <i class=\"icon-arrow\"><\/i>\n      <\/div>\n    <\/a>\n  <\/div>\n<\/section>\n","protected":false},"excerpt":{"rendered":"<p>Portugiesischer Weg: Etappe 25 Walk 25 Etappe \/ 620 Kms Padr\u00f3n &#10093; Santiago de Compostela 24.4 Km &#10094; Etappe 24 Etappe 25 &#10095; Information Profil Route Ortschaften Information \u00dcber diese Etappe Wir k\u00f6nnen Compostela bereits erahnen, wir stehen vor der letzten Etappe des portugiesischen Weges, in der wir nach mehr als 25 Kilometern -die beide &hellip; <\/p>\n<p class=\"read_more\"><a href=\"https:\/\/www.pilgrim.es\/de\/portugiesischer-weg\/etappe-25-padron-santiago-de-compostela\/\">Leer m\u00e1s<\/a><\/p>\n","protected":false},"author":4,"featured_media":12648,"parent":10665,"menu_order":0,"comment_status":"closed","ping_status":"closed","template":"views\/template-new-web-design.blade.php","meta":{"footnotes":""},"categories":[],"tags":[],"class_list":["post-38109","page","type-page","status-publish","has-post-thumbnail","hentry"],"yoast_head":"<!-- This site is optimized with the Yoast SEO plugin v27.4 - https:\/\/yoast.com\/product\/yoast-seo-wordpress\/ -->\n<title>Camino Portugu\u00e9s desde Padr\u00f3n a Santiago de Compostela | Pilgrim<\/title>\n<meta name=\"description\" content=\"Portugiesischer Weg: Etappe 25 des Jakobsweges, der zwischen Padr\u00f3n und Santiago de Compostela verl\u00e4uft. Entdecken Sie alle Informationen, um Ihre Etappe zu planen.\" \/>\n<meta name=\"robots\" content=\"index, follow, max-snippet:-1, max-image-preview:large, max-video-preview:-1\" \/>\n<link rel=\"canonical\" href=\"https:\/\/www.pilgrim.es\/de\/portugiesischer-weg\/etappe-25-padron-santiago-de-compostela\/\" \/>\n<meta property=\"og:locale\" content=\"de_DE\" \/>\n<meta property=\"og:type\" content=\"article\" \/>\n<meta property=\"og:title\" content=\"Camino Portugu\u00e9s desde Padr\u00f3n a Santiago de Compostela | Pilgrim\" \/>\n<meta property=\"og:description\" content=\"Portugiesischer Weg: Etappe 25 des Jakobsweges, der zwischen Padr\u00f3n und Santiago de Compostela verl\u00e4uft. Entdecken Sie alle Informationen, um Ihre Etappe zu planen.\" \/>\n<meta property=\"og:url\" content=\"https:\/\/www.pilgrim.es\/de\/portugiesischer-weg\/etappe-25-padron-santiago-de-compostela\/\" \/>\n<meta property=\"og:site_name\" content=\"Pilgrim\" \/>\n<meta property=\"article:publisher\" content=\"https:\/\/www.facebook.com\/pilgrim.es\/\" \/>\n<meta property=\"article:modified_time\" content=\"2025-08-06T08:23:06+00:00\" \/>\n<meta property=\"og:image\" content=\"https:\/\/www.pilgrim.es\/wp-content\/uploads\/2019\/03\/camino_portugues_etapa_25.jpg\" \/>\n\t<meta property=\"og:image:width\" content=\"1634\" \/>\n\t<meta property=\"og:image:height\" content=\"549\" \/>\n\t<meta property=\"og:image:type\" content=\"image\/jpeg\" \/>\n<meta name=\"twitter:card\" content=\"summary_large_image\" \/>\n<meta name=\"twitter:site\" content=\"@pilgrim_es\" \/>\n<meta name=\"twitter:label1\" content=\"Gesch\u00e4tzte Lesezeit\" \/>\n\t<meta name=\"twitter:data1\" content=\"5\u00a0Minuten\" \/>\n<script type=\"application\/ld+json\" class=\"yoast-schema-graph\">{\"@context\":\"https:\\\/\\\/schema.org\",\"@graph\":[{\"@type\":\"WebPage\",\"@id\":\"https:\\\/\\\/www.pilgrim.es\\\/de\\\/portugiesischer-weg\\\/etappe-25-padron-santiago-de-compostela\\\/\",\"url\":\"https:\\\/\\\/www.pilgrim.es\\\/de\\\/portugiesischer-weg\\\/etappe-25-padron-santiago-de-compostela\\\/\",\"name\":\"Camino Portugu\u00e9s desde Padr\u00f3n a Santiago de Compostela | Pilgrim\",\"isPartOf\":{\"@id\":\"https:\\\/\\\/www.pilgrim.es\\\/de\\\/#website\"},\"primaryImageOfPage\":{\"@id\":\"https:\\\/\\\/www.pilgrim.es\\\/de\\\/portugiesischer-weg\\\/etappe-25-padron-santiago-de-compostela\\\/#primaryimage\"},\"image\":{\"@id\":\"https:\\\/\\\/www.pilgrim.es\\\/de\\\/portugiesischer-weg\\\/etappe-25-padron-santiago-de-compostela\\\/#primaryimage\"},\"thumbnailUrl\":\"https:\\\/\\\/www.pilgrim.es\\\/wp-content\\\/uploads\\\/2019\\\/03\\\/camino_portugues_etapa_25.jpg\",\"datePublished\":\"2019-05-13T18:32:34+00:00\",\"dateModified\":\"2025-08-06T08:23:06+00:00\",\"description\":\"Portugiesischer Weg: Etappe 25 des Jakobsweges, der zwischen Padr\u00f3n und Santiago de Compostela verl\u00e4uft. Entdecken Sie alle Informationen, um Ihre Etappe zu planen.\",\"breadcrumb\":{\"@id\":\"https:\\\/\\\/www.pilgrim.es\\\/de\\\/portugiesischer-weg\\\/etappe-25-padron-santiago-de-compostela\\\/#breadcrumb\"},\"inLanguage\":\"de\",\"potentialAction\":[{\"@type\":\"ReadAction\",\"target\":[\"https:\\\/\\\/www.pilgrim.es\\\/de\\\/portugiesischer-weg\\\/etappe-25-padron-santiago-de-compostela\\\/\"]}]},{\"@type\":\"ImageObject\",\"inLanguage\":\"de\",\"@id\":\"https:\\\/\\\/www.pilgrim.es\\\/de\\\/portugiesischer-weg\\\/etappe-25-padron-santiago-de-compostela\\\/#primaryimage\",\"url\":\"https:\\\/\\\/www.pilgrim.es\\\/wp-content\\\/uploads\\\/2019\\\/03\\\/camino_portugues_etapa_25.jpg\",\"contentUrl\":\"https:\\\/\\\/www.pilgrim.es\\\/wp-content\\\/uploads\\\/2019\\\/03\\\/camino_portugues_etapa_25.jpg\",\"width\":1634,\"height\":549,\"caption\":\"Landkarte Etappe 25 Portugiesischer Weg\"},{\"@type\":\"BreadcrumbList\",\"@id\":\"https:\\\/\\\/www.pilgrim.es\\\/de\\\/portugiesischer-weg\\\/etappe-25-padron-santiago-de-compostela\\\/#breadcrumb\",\"itemListElement\":[{\"@type\":\"ListItem\",\"position\":1,\"name\":\"Camino de Santiago\",\"item\":\"https:\\\/\\\/www.pilgrim.es\\\/de\\\/\"},{\"@type\":\"ListItem\",\"position\":2,\"name\":\"Portugiesischer Weg\",\"item\":\"https:\\\/\\\/www.pilgrim.es\\\/de\\\/portugiesischer-weg\\\/\"},{\"@type\":\"ListItem\",\"position\":3,\"name\":\"Portugiesischer Weg | Etappe 25: Padr\u00f3n &#8211; Santiago de Compostela\"}]},{\"@type\":\"WebSite\",\"@id\":\"https:\\\/\\\/www.pilgrim.es\\\/de\\\/#website\",\"url\":\"https:\\\/\\\/www.pilgrim.es\\\/de\\\/\",\"name\":\"Pilgrim\",\"description\":\"Camino de Santiago | Caminamos Contigo\",\"publisher\":{\"@id\":\"https:\\\/\\\/www.pilgrim.es\\\/de\\\/#organization\"},\"potentialAction\":[{\"@type\":\"SearchAction\",\"target\":{\"@type\":\"EntryPoint\",\"urlTemplate\":\"https:\\\/\\\/www.pilgrim.es\\\/de\\\/?s={search_term_string}\"},\"query-input\":{\"@type\":\"PropertyValueSpecification\",\"valueRequired\":true,\"valueName\":\"search_term_string\"}}],\"inLanguage\":\"de\"},{\"@type\":\"Organization\",\"@id\":\"https:\\\/\\\/www.pilgrim.es\\\/de\\\/#organization\",\"name\":\"Pilgrim Camino de Santiago\",\"url\":\"https:\\\/\\\/www.pilgrim.es\\\/de\\\/\",\"logo\":{\"@type\":\"ImageObject\",\"inLanguage\":\"de\",\"@id\":\"https:\\\/\\\/www.pilgrim.es\\\/de\\\/#\\\/schema\\\/logo\\\/image\\\/\",\"url\":\"https:\\\/\\\/www.pilgrim.es\\\/wp-content\\\/uploads\\\/2019\\\/04\\\/logo_pilgrim.png\",\"contentUrl\":\"https:\\\/\\\/www.pilgrim.es\\\/wp-content\\\/uploads\\\/2019\\\/04\\\/logo_pilgrim.png\",\"width\":512,\"height\":512,\"caption\":\"Pilgrim Camino de Santiago\"},\"image\":{\"@id\":\"https:\\\/\\\/www.pilgrim.es\\\/de\\\/#\\\/schema\\\/logo\\\/image\\\/\"},\"sameAs\":[\"https:\\\/\\\/www.facebook.com\\\/pilgrim.es\\\/\",\"https:\\\/\\\/x.com\\\/pilgrim_es\",\"https:\\\/\\\/www.instagram.com\\\/pilgrim.es\\\/\",\"https:\\\/\\\/www.linkedin.com\\\/company\\\/pilgrim-camino-de-santiago\\\/\",\"https:\\\/\\\/www.pinterest.es\\\/pilgrimcaminodesantiago\\\/\",\"https:\\\/\\\/www.youtube.com\\\/channel\\\/UCIv2ZzFLXVqthkNF32rKedw\\\/featured\"]}]}<\/script>\n<!-- \/ Yoast SEO plugin. -->","yoast_head_json":{"title":"Camino Portugu\u00e9s desde Padr\u00f3n a Santiago de Compostela | Pilgrim","description":"Portugiesischer Weg: Etappe 25 des Jakobsweges, der zwischen Padr\u00f3n und Santiago de Compostela verl\u00e4uft. Entdecken Sie alle Informationen, um Ihre Etappe zu planen.","robots":{"index":"index","follow":"follow","max-snippet":"max-snippet:-1","max-image-preview":"max-image-preview:large","max-video-preview":"max-video-preview:-1"},"canonical":"https:\/\/www.pilgrim.es\/de\/portugiesischer-weg\/etappe-25-padron-santiago-de-compostela\/","og_locale":"de_DE","og_type":"article","og_title":"Camino Portugu\u00e9s desde Padr\u00f3n a Santiago de Compostela | Pilgrim","og_description":"Portugiesischer Weg: Etappe 25 des Jakobsweges, der zwischen Padr\u00f3n und Santiago de Compostela verl\u00e4uft. Entdecken Sie alle Informationen, um Ihre Etappe zu planen.","og_url":"https:\/\/www.pilgrim.es\/de\/portugiesischer-weg\/etappe-25-padron-santiago-de-compostela\/","og_site_name":"Pilgrim","article_publisher":"https:\/\/www.facebook.com\/pilgrim.es\/","article_modified_time":"2025-08-06T08:23:06+00:00","og_image":[{"width":1634,"height":549,"url":"https:\/\/www.pilgrim.es\/wp-content\/uploads\/2019\/03\/camino_portugues_etapa_25.jpg","type":"image\/jpeg"}],"twitter_card":"summary_large_image","twitter_site":"@pilgrim_es","twitter_misc":{"Gesch\u00e4tzte Lesezeit":"5\u00a0Minuten"},"schema":{"@context":"https:\/\/schema.org","@graph":[{"@type":"WebPage","@id":"https:\/\/www.pilgrim.es\/de\/portugiesischer-weg\/etappe-25-padron-santiago-de-compostela\/","url":"https:\/\/www.pilgrim.es\/de\/portugiesischer-weg\/etappe-25-padron-santiago-de-compostela\/","name":"Camino Portugu\u00e9s desde Padr\u00f3n a Santiago de Compostela | Pilgrim","isPartOf":{"@id":"https:\/\/www.pilgrim.es\/de\/#website"},"primaryImageOfPage":{"@id":"https:\/\/www.pilgrim.es\/de\/portugiesischer-weg\/etappe-25-padron-santiago-de-compostela\/#primaryimage"},"image":{"@id":"https:\/\/www.pilgrim.es\/de\/portugiesischer-weg\/etappe-25-padron-santiago-de-compostela\/#primaryimage"},"thumbnailUrl":"https:\/\/www.pilgrim.es\/wp-content\/uploads\/2019\/03\/camino_portugues_etapa_25.jpg","datePublished":"2019-05-13T18:32:34+00:00","dateModified":"2025-08-06T08:23:06+00:00","description":"Portugiesischer Weg: Etappe 25 des Jakobsweges, der zwischen Padr\u00f3n und Santiago de Compostela verl\u00e4uft. Entdecken Sie alle Informationen, um Ihre Etappe zu planen.","breadcrumb":{"@id":"https:\/\/www.pilgrim.es\/de\/portugiesischer-weg\/etappe-25-padron-santiago-de-compostela\/#breadcrumb"},"inLanguage":"de","potentialAction":[{"@type":"ReadAction","target":["https:\/\/www.pilgrim.es\/de\/portugiesischer-weg\/etappe-25-padron-santiago-de-compostela\/"]}]},{"@type":"ImageObject","inLanguage":"de","@id":"https:\/\/www.pilgrim.es\/de\/portugiesischer-weg\/etappe-25-padron-santiago-de-compostela\/#primaryimage","url":"https:\/\/www.pilgrim.es\/wp-content\/uploads\/2019\/03\/camino_portugues_etapa_25.jpg","contentUrl":"https:\/\/www.pilgrim.es\/wp-content\/uploads\/2019\/03\/camino_portugues_etapa_25.jpg","width":1634,"height":549,"caption":"Landkarte Etappe 25 Portugiesischer Weg"},{"@type":"BreadcrumbList","@id":"https:\/\/www.pilgrim.es\/de\/portugiesischer-weg\/etappe-25-padron-santiago-de-compostela\/#breadcrumb","itemListElement":[{"@type":"ListItem","position":1,"name":"Camino de Santiago","item":"https:\/\/www.pilgrim.es\/de\/"},{"@type":"ListItem","position":2,"name":"Portugiesischer Weg","item":"https:\/\/www.pilgrim.es\/de\/portugiesischer-weg\/"},{"@type":"ListItem","position":3,"name":"Portugiesischer Weg | Etappe 25: Padr\u00f3n &#8211; Santiago de Compostela"}]},{"@type":"WebSite","@id":"https:\/\/www.pilgrim.es\/de\/#website","url":"https:\/\/www.pilgrim.es\/de\/","name":"Pilgrim","description":"Camino de Santiago | Caminamos Contigo","publisher":{"@id":"https:\/\/www.pilgrim.es\/de\/#organization"},"potentialAction":[{"@type":"SearchAction","target":{"@type":"EntryPoint","urlTemplate":"https:\/\/www.pilgrim.es\/de\/?s={search_term_string}"},"query-input":{"@type":"PropertyValueSpecification","valueRequired":true,"valueName":"search_term_string"}}],"inLanguage":"de"},{"@type":"Organization","@id":"https:\/\/www.pilgrim.es\/de\/#organization","name":"Pilgrim Camino de Santiago","url":"https:\/\/www.pilgrim.es\/de\/","logo":{"@type":"ImageObject","inLanguage":"de","@id":"https:\/\/www.pilgrim.es\/de\/#\/schema\/logo\/image\/","url":"https:\/\/www.pilgrim.es\/wp-content\/uploads\/2019\/04\/logo_pilgrim.png","contentUrl":"https:\/\/www.pilgrim.es\/wp-content\/uploads\/2019\/04\/logo_pilgrim.png","width":512,"height":512,"caption":"Pilgrim Camino de Santiago"},"image":{"@id":"https:\/\/www.pilgrim.es\/de\/#\/schema\/logo\/image\/"},"sameAs":["https:\/\/www.facebook.com\/pilgrim.es\/","https:\/\/x.com\/pilgrim_es","https:\/\/www.instagram.com\/pilgrim.es\/","https:\/\/www.linkedin.com\/company\/pilgrim-camino-de-santiago\/","https:\/\/www.pinterest.es\/pilgrimcaminodesantiago\/","https:\/\/www.youtube.com\/channel\/UCIv2ZzFLXVqthkNF32rKedw\/featured"]}]}},"_links":{"self":[{"href":"https:\/\/www.pilgrim.es\/de\/wp-json\/wp\/v2\/pages\/38109","targetHints":{"allow":["GET"]}}],"collection":[{"href":"https:\/\/www.pilgrim.es\/de\/wp-json\/wp\/v2\/pages"}],"about":[{"href":"https:\/\/www.pilgrim.es\/de\/wp-json\/wp\/v2\/types\/page"}],"author":[{"embeddable":true,"href":"https:\/\/www.pilgrim.es\/de\/wp-json\/wp\/v2\/users\/4"}],"replies":[{"embeddable":true,"href":"https:\/\/www.pilgrim.es\/de\/wp-json\/wp\/v2\/comments?post=38109"}],"version-history":[{"count":8,"href":"https:\/\/www.pilgrim.es\/de\/wp-json\/wp\/v2\/pages\/38109\/revisions"}],"predecessor-version":[{"id":134667,"href":"https:\/\/www.pilgrim.es\/de\/wp-json\/wp\/v2\/pages\/38109\/revisions\/134667"}],"up":[{"embeddable":true,"href":"https:\/\/www.pilgrim.es\/de\/wp-json\/wp\/v2\/pages\/10665"}],"wp:featuredmedia":[{"embeddable":true,"href":"https:\/\/www.pilgrim.es\/de\/wp-json\/wp\/v2\/media\/12648"}],"wp:attachment":[{"href":"https:\/\/www.pilgrim.es\/de\/wp-json\/wp\/v2\/media?parent=38109"}],"wp:term":[{"taxonomy":"category","embeddable":true,"href":"https:\/\/www.pilgrim.es\/de\/wp-json\/wp\/v2\/categories?post=38109"},{"taxonomy":"post_tag","embeddable":true,"href":"https:\/\/www.pilgrim.es\/de\/wp-json\/wp\/v2\/tags?post=38109"}],"curies":[{"name":"wp","href":"https:\/\/api.w.org\/{rel}","templated":true}]}}