{"id":37702,"date":"2019-05-07T17:42:03","date_gmt":"2019-05-07T17:42:03","guid":{"rendered":"https:\/\/prod.pilgrim.es\/portugiesischer-weg\/etappe-21-o-porrino-redondela\/"},"modified":"2025-08-06T08:05:35","modified_gmt":"2025-08-06T08:05:35","slug":"etappe-21-o-porrino-redondela","status":"publish","type":"page","link":"https:\/\/www.pilgrim.es\/de\/portugiesischer-weg\/etappe-21-o-porrino-redondela\/","title":{"rendered":"Portugiesischer Weg | Etappe 21: O Porri\u00f1o &#8211; Redondela"},"content":{"rendered":"\n<section id=\"heroStage\">\n  <h1>Portugiesischer Weg: Etappe 21<\/h1>\n  <div>\n    <div class=\"hero\" data-background=\"https:\/\/cdn.pilgrim.es\/web\/caminos\/camino-portugues\/pueblos\/o-porrino\/o-porrino.jpg\">\n      <div class=\"hero__container\">\n        <div class=\"hero__container__labels\">\n          <p>Walk<\/p>\n          <p>25 Etappe \/ 620 Kms<\/p>\n        <\/div>\n        <div class=\"hero__container__stage-name\">\n          <h2>\n            O Porri\u00f1o <br \/>\n            <span>&#10093;<\/span>\n            Redondela\n          <\/h2>\n          <p>16.3 Km<\/p>\n        <\/div>\n        <div class=\"hero__container__stage-changer\">\n            <div class=\"stage-control\">\n              <a class=\"stage-control__link\" href=\"https:\/\/www.pilgrim.es\/de\/portugiesischer-weg\/etappe-20-tui-o-porrino\/\"><span>&#10094;<\/span> Etappe 20<\/a>\n            <\/div>\n          <div class=\"stage-control\">\n            <a class=\"stage-control__link\" href=\"https:\/\/www.pilgrim.es\/de\/portugiesischer-weg\/etappe-22-redondela-pontevedra\/\">Etappe 22 <span>&#10095;<\/span><\/a>\n          <\/div>\n        <\/div>\n      <\/div>\n    <\/div>\n    <div class=\"planner\"><div\r\n  class=\"p-col-span-1 p-rounded-lg p-px-5 p-h-full\"\r\n  style=\"background-image: url('https:\/\/cdn.pilgrim.es\/web\/pilgrim-planner\/bg-plugin-planificador.webp')\"\r\n  rel=\"preload\"\r\n  fetchpriority=\"high\"\r\n  >\r\n    <div class=\"p-text-center p-pt-5 p-text-white p-text-2xl p-font-semibold\">\r\n      Plane deinen Weg    <\/div>\r\n    <div\r\n            id='primary-app'\r\n            data-name='banner'\r\n            data-api='https:\/\/pathfinder.pilgrim.es\/api\/pathfinder\/v2'\r\n            data-mode='normal'\r\n            data-lang='de'\r\n            data-route='1'\r\n            data-destiny='https:\/\/planificador.pilgrim.es'\r\n            data-modality='1'\r\n            data-inline=''\r\n        ><\/div><\/div><\/div>\n  <\/div>\n<\/section>\n\n<section id=\"scoreBarsStage\">\n  <section>\r\n  <div class=\"p-flex p-flex-nowrap p-space-x-4 p-py-5 p-overflow-x-auto md:p-grid md:p-grid-cols-3 lg:p-grid-cols-5 md:p-gap-8 md:p-space-x-0 md:p-overflow-hidden scrollbar-thin\">\r\n    <div class=\"p-grid p-grid-cols-4 p-shrink-0 p-w-72 p-snap-start md:p-w-full\">\r\n        <div class=\"p-col-span-1 p-self-center p-text-center p-text-3xl\">\r\n            <i class=\"icon-influx\"><\/i>\r\n        <\/div>\r\n        <div class=\"p-col-span-3 p-flex p-flex-col p-items-start\">\r\n            <div class=\"p-text-start p-text-secondary p-mb-1 p-bold\"> Zustrom <\/div>\r\n            <div class=\"p-w-full p-bg-light p-rounded-full p-h-2 p-relative\">\r\n                <div class=\"p-bg-primary p-h-2 p-rounded-full p-absolute\" style=\"width: 40%;\"><\/div>\r\n            <\/div>\r\n        <\/div>\r\n    <\/div>\r\n\r\n    <div class=\"p-grid p-grid-cols-4 p-shrink-0 p-w-72 p-snap-start md:p-w-full\">\r\n        <div class=\"p-col-span-1 p-self-center p-text-center p-text-3xl\">\r\n            <i class=\"icon-difficulty\"><\/i>\r\n        <\/div>\r\n        <div class=\"p-col-span-3 p-flex p-flex-col p-items-start\">\r\n            <div class=\"p-text-start p-text-secondary p-mb-1 p-bold\"> Schwierigkeitsgrad <\/div>\r\n            <div class=\"p-w-full p-bg-light p-rounded-full p-h-2 p-relative\">\r\n                <div class=\"p-bg-primary p-h-2 p-rounded-full p-absolute\" style=\"width: 100%;\"><\/div>\r\n            <\/div>\r\n        <\/div>\r\n    <\/div>\r\n\r\n    <div class=\"p-grid p-grid-cols-4 p-shrink-0 p-w-72 p-snap-start md:p-w-full\">\r\n        <div class=\"p-col-span-1 p-self-center p-text-center p-text-3xl\">\r\n            <i class=\"icon-patrimony\"><\/i>\r\n        <\/div>\r\n        <div class=\"p-col-span-3 p-flex p-flex-col p-items-start\">\r\n            <div class=\"p-text-start p-text-secondary p-mb-1 p-bold\"> Kunst\/Geschichte <\/div>\r\n            <div class=\"p-w-full p-bg-light p-rounded-full p-h-2 p-relative\">\r\n                <div class=\"p-bg-primary p-h-2 p-rounded-full p-absolute\" style=\"width: 40%;\"><\/div>\r\n            <\/div>\r\n        <\/div>\r\n    <\/div>\r\n\r\n    <div class=\"p-grid p-grid-cols-4 p-shrink-0 p-w-72 p-snap-start md:p-w-full\">\r\n        <div class=\"p-col-span-1 p-self-center p-text-center p-text-3xl\">\r\n            <i class=\"icon-nature\"><\/i>\r\n        <\/div>\r\n        <div class=\"p-col-span-3 p-flex p-flex-col p-items-start\">\r\n            <div class=\"p-text-start p-text-secondary p-mb-1 p-bold\"> Natur <\/div>\r\n            <div class=\"p-w-full p-bg-light p-rounded-full p-h-2 p-relative\">\r\n                <div class=\"p-bg-primary p-h-2 p-rounded-full p-absolute\" style=\"width: 40%;\"><\/div>\r\n            <\/div>\r\n        <\/div>\r\n    <\/div>\r\n\r\n    <div class=\"p-grid p-grid-cols-4 p-shrink-0 p-w-72 p-snap-start md:p-w-full\">\r\n        <div class=\"p-col-span-1 p-self-center p-text-center p-text-3xl\">\r\n            <i class=\"icon-urban\"><\/i>\r\n        <\/div>\r\n        <div class=\"p-col-span-3 p-flex p-flex-col p-items-start\">\r\n            <div class=\"p-text-start p-text-secondary p-mb-1 p-bold\"> St\u00e4dtischer Weg <\/div>\r\n            <div class=\"p-w-full p-bg-light p-rounded-full p-h-2 p-relative\">\r\n                <div class=\"p-bg-primary p-h-2 p-rounded-full p-absolute\" style=\"width: 40%;\"><\/div>\r\n            <\/div>\r\n        <\/div>\r\n    <\/div>\r\n  <\/div>\r\n<\/section>\n<\/section>\n\n<div id=\"stage-list-section\"><div class=\"stage-list\">\n    <div class='stage-list__map-card'>\n        <div class='stage-list__map-card__map'>\n            <div class='stage-list__map-card__map__text'>\n                <h2> Pages <\/h2>\n                <p> Zu Fu\u00df<\/p>\n                <p> 0etappen<\/p>\n            <\/div>\n            <div class='stage-list__map-card__map__img'>\n                <img decoding=\"async\" src=\"\" alt=\" mapa \" \/>\n            <\/div>\n        <\/div>\n    <\/div>\n\n    <\/div>\n<\/div>\n\n<section id=\"navStage\">\n  <div>\n    <nav id=\"tab-navigation-section\" class=\"tab-navigation-section--cols-5\">\n      <a href=\"#infoSection\" class=\"active\">Information<\/a>\n       <a href=\"#profileSection\">Profil<\/a>\n       <a href=\"#itinerarySection\">Route<\/a>\n       <a href=\"#locationsSection\">Ortschaften<\/a>\n    <\/nav>\n\n    <div id=\"infoSection\">\n      <!-- Title Section with Orange Line -->\n      <div>\n        <h2 class=\"p-h2-stage\">Information<\/h2>\n        <hr class=\"orange-bar\" \/>\n        <h3 class=\"p-h3-stage\">\u00dcber diese Etappe<\/h3>\n      <\/div>\n\n      \n        <p>Die Etappe O Porri\u00f1o &#8211; Redondela weist, \u00e4hnlich wie die vorherige, kaum Schwierigkeiten auf: gem\u00e4\u00dfigt und ohne gro\u00dfe H\u00f6henunterschiede. Hervorzuheben ist jedoch der Abschnitt, der die st\u00e4dtische Herberge von Mos mit der &#8222;Santiagui\u00f1o&#8220;- Kapelle verbindet. Es handelt sich um einen Anstieg von etwa drei Kilometern, der in 145 Metern abwechselnd steile H\u00e4nge (gleich am Anfang des Abschnitts) und ebene Strecken (am Ende) vorweist. Trauen Sie aber diesen ebenen Strecken nicht: sie wirken flacher als sie tats\u00e4chlich sind.<\/p>\n      \n        <p>Haben wir einmal diesen Abschnitt bew\u00e4ltigt, wandern wir weiter durch Orte, die Ihnen als Belohnung f\u00fcr die M\u00fche, wundersch\u00f6ne Landschaften bis Redondela bieten werden.<\/p>\n      \n\n      <div class=\"recomendation-card\">\n        <div>\n          <i class=\"icon-logo-pilgrim\"><\/i>\n          <h5>Empfehlung Pilgrim<\/h5>\n        <\/div>\n\n        \n          <p>In dieser Etappe sollten Sie an allen Kreuzungen der N-550 und den Abschnitten entlang des Randstreifens besondere Vorsicht walten lassen. Wir empfehlen desshalb, stets achtsam zu sein, und m\u00f6glichst reflektierende Kleidung zu tragen, mit der Sie im Voraus gut sichtbar sind. Diese Empfehlung ist auch von fahrradfahrenden Pilgern und Personen mit eingeschr\u00e4nkter Bewegungsfreiheit zu ber\u00fccksichtigen.<\/p>\n        \n          <p>Pilger, die diese Etappe mit dem Fahrrad zur\u00fccklegen, sollten bei der Abfahrt von O Santiagui\u00f1o besonders achtsam sein, da es sich um eine sehr steil abfallende Strecke handelt. Obwohl die Leichtigkeit der Beine nach dem Aufstieg einen Vorteil darstellt, sollten wir dennoch Vorsicht walten lassen.<\/p>\n        \n      <\/div>\n    <\/div>\n\n    <div id=\"profileSection\">\n      <div>\n        <h2 class=\"p-h2-stage\">Entfernung und H\u00f6he<\/h2>\n        <hr class=\"orange-bar\" \/>\n        <h3 class=\"p-h3-stage\">Etappenprofil<\/h3>\n        <img decoding=\"async\" src=\"https:\/\/cdn.pilgrim.es\/web\/caminos\/camino-portugues\/etapas\/etapa-21\/etapa21_perfil-o-porrino-redondela.jpg\" alt=\"Stage profile etappe-21-o-porrino-redondela\" \/>\n      <\/div>\n    <\/div>\n\n    <div id=\"itinerarySection\">\n      <h2 class=\"p-h2-stage\">Route<\/h2>\n      <hr \/>\n      <h3 class=\"p-h3-stage\">Itinerary<\/h3>\n\n      \n        <div>\n          <h4>Km 0 &#8211; Inicio<\/h4>\n\n          \n            <p>Von O Porri\u00f1o aus gehen wir in Richtung der N-550, konkret an einem Rondell vorbei, das den &#8222;Concello&#8220; de O Porri\u00f1o von dem von Mos trennt, wo Sie gro\u00dfe Gesch\u00e4fte finden k\u00f6nnen. Das Ende dieses Abschnitts ist sehr gef\u00e4hrlich. Sie sollten an dieser Stelle besonders auf die Schnellstra\u00dfe achten. Dann wandern wir weiter durch das Dorf Coto Filgueiras in Richtung Ameiro Longo. Dieses Dorf werden wir im Vorbeigehen, der N-550 zu, hinter uns lassen. Die Schnellstra\u00dfe f\u00fchrt uns zur Hauptkreuzung von Mos, wo wir auf eine provisorische Route ausweichen, um in das Dorf Vegadal zu gelangen und kurz danach auf die original Jakobinische Route zur\u00fcckzukehren.<\/p>\n          \n            <p>Wenn wir die Gemeinde Mos erreichen, k\u00f6nnen wir eine Pause einlegen, um Kr\u00e4fte f\u00fcr die n\u00e4chste Etappe zu sammeln und alle Sehensw\u00fcrdigkeiten zu besichtigen, die uns diese Ortschaft bietet; wie die Kirche oder das Herrenhaus (Pazo).<\/p>\n          \n            <p>Nachdem wir uns ausgeruht haben, steht uns der schwierigste Abschnitt der Etappe bevor, der Aufstieg nach Santiagui\u00f1o. W\u00e4hrend des gesamten Aufstiegs werden wir verschiedene sehr kleine D\u00f6rfer wie Cabaleiros, A Pereira oder Inxertado durchqueren. Auf dem Weg bis Santiagui\u00f1o de Antas -der h\u00f6chste Punkt der Etappe- werden sich Asphalt- mit Erdwegen abwechseln. Santiagui\u00f1o ist ein kleines Dorf, das abgesehen von der Natur, von der es umgeben ist, nur eine Kapelle besitzt. Diese l\u00e4d uns zu einem Besuch ein, w\u00e4hrend wir uns ausruhen, bevor wir erneut den Marsch nach Santiago aufnehmen. Sie feiert jeden 25. Juli ein gro\u00dfes Fest, das mit dem des Apostels zusammenf\u00e4llt. Aus diesem Grund weist die Fassade der Kapelle Darstellungen des Apostels Jakobus auf seinem Pferd und deren T\u00fcr die typischen Muscheln der Jakobinischen Route auf.<\/p>\n          \n            <p>Wir verlassen Santiagui\u00f1o und sto\u00dfen auf einen &#8222;Miliario&#8220; (Meilenstein, der von den R\u00f6mern zur Anzeige der Entfernungen verwendet wurde), der die verbleibenden Meilen f\u00fcr die Ankunft am Ziel anzeigt. Von diesem Punkt aus werden wir wieder abwechselnd die Stra\u00dfe und verschiedene Wege begehen, die uns durch D\u00f6rfer wie Casal do Monte, Barrio de Padr\u00f3n und O Souto f\u00fchren. Hier keheren wir erneut zur N-550 zur\u00fcck und gehen einen steilen Abstieg an.<\/p>\n          \n            <p>Wir betreten den &#8222;Concello&#8220; von Redondela und beginnen den Abstieg, von hier aus m\u00fcssen wir uns keinen Aufstiegen mehr stellen. W\u00e4hrend des Abstieges, werden wir von einigen Punkten aus Redondela sehen. Wir werden auch so kleine und ineinander gehende D\u00f6rfer vorfinden, dass wir nicht unterscheiden k\u00f6nnen werden, ob wir uns in dem einen oder dem anderen befinden. Der portugiesische Weg ist aber perfekt signalisiert, wir m\u00fcssen also keine Sorge tragen: die gelben Pfeile orientieren uns korrekt.<\/p>\n          \n            <p>Von O Muro aus wandern wir weiter und werden bald dem Beginn der Ortschaft Redondela und so dem Ende unserer Etappe entgegengehen. Obwohl viele Pilger sich entscheiden, bis nach Pontevedra fortzufahren, ist es schlie\u00dflich eine pers\u00f6nliche Entscheidung, in Redondela zu \u00fcbernachten- oder nicht.<\/p>\n          \n            <p>In Redondela angekommen, sehen Sie sowohl die Insel San Sim\u00f3n als auch die beiden Eisenbahnbr\u00fccken, die die Stadt \u00fcberqueren. Eine davon ist heute noch in Betrieb. Viele Pilger, die in Redondela Halt machen, leihen sich beim Rathaus Fahrr\u00e4der, um die Stadt zu besuchen und ihre Reize zu entdecken. Diese Fahrr\u00e4der wurden vom &#8222;Concello&#8220; den Besuchern von Redondela zu demselben Zweck zur Verf\u00fcgung gestellt. Im Jahr 2015 wurde vom &#8222;Concello&#8220; eine Bank im obersten Teil der Gemeinde eingeweiht, von der aus Sie die gesamte Flussm\u00fcndung in einer idyllischen Umgebung bewundern k\u00f6nnen.<\/p>\n          \n\n          \n            <a class=\"town-link\" href=\"https:\/\/www.pilgrim.es\/de\/portugiesischer-weg\/o-porrino\/\">\n              <div class=\"town-link__link-content\">\n                <div class=\"town-link__link-content__text\">\n                  <p>Lokale Informationen<\/p>\n                  <p>Polizei, medizinische Versorgung, Sehensw\u00fcrdigkeiten, Restaurants&#8230;<\/p>\n                <\/div>\n                <div class=\"town-link__link-content__town-btn\">\n                  <i class=\"icon-arrow\"><\/i>\n                <\/div>\n              <\/div>\n            <\/a>\n          \n        <\/div>\n        <hr \/>\n      \n      <div>\n        <h4>Km 16.3 &#8231; Redondela<\/h4>\n        <a class=\"town-link\" href=\"https:\/\/www.pilgrim.es\/de\/portugiesischer-weg\/redondela\/\">\n          <div class=\"town-link__link-content\">\n            <div class=\"town-link__link-content__text\">\n              <p>Lokale Informationen<\/p>\n              <p>Polizei, medizinische Versorgung, Sehensw\u00fcrdigkeiten, Restaurants&#8230;<\/p>\n            <\/div>\n            <div class=\"town-link__link-content__town-btn\">\n              <i class=\"icon-arrow\"><\/i>\n            <\/div>\n          <\/div>\n        <\/a>\n      <\/div>\n    <\/div>\n\n  <div id=\"locationsSection\">\n      <h2 class=\"p-h2-stage\">\u00d6rtlichkeiten<\/h2>\n      <hr \/>\n      <h3 class=\"p-h3-stage\">St\u00e4dte<\/h3>\n      <div class=\"grid-container\">\n\n        <div class=\"p-group card-stage p-max-w-full\">\n          <a href=\"https:\/\/www.pilgrim.es\/de\/portugiesischer-weg\/o-porrino\/\" class=\"town-card\">\n            <div class=\"card-stage__header\">\n              <img decoding=\"async\" src=\"https:\/\/cdn.pilgrim.es\/web\/caminos\/camino-portugues\/pueblos\/o-porrino\/o-porrino.jpg\" alt=\"O Porri\u00f1o\" class=\"group-hover:p-scale-110\" \/>\n              <div class=\"card-overlay group-hover:p-opacity-50\"><\/div>\n            <\/div>\n            <div class=\"town-card__flex-container\">\n              <div class=\"town-card__flex-container__info\">\n                <h3>O Porri\u00f1o<\/h3>\n                <p>Provincia: Pontevedra<\/p>\n              <\/div>\n              <div class=\"town-card__flex-container__btn\">\n                <i class=\"icon-arrow\"><\/i>\n              <\/div>\n            <\/div>\n          <\/a>\n        <\/div>\n        <div class=\"p-group card-stage p-max-w-full\">\n          <a href=\"https:\/\/www.pilgrim.es\/de\/portugiesischer-weg\/redondela\/\" class=\"town-card\">\n            <div class=\"card-stage__header\">\n              <img decoding=\"async\" src=\"https:\/\/cdn.pilgrim.es\/web\/caminos\/camino-portugues\/pueblos\/redondela\/redondela.jpg\" alt=\"Redondela\" class=\"group-hover:p-scale-110\" \/>\n              <div class=\"card-overlay group-hover:p-opacity-50\"><\/div>\n            <\/div>\n            <div class=\"town-card__flex-container\">\n              <div class=\"town-card__flex-container__info\">\n                <h3>Redondela<\/h3>\n                <p>Provincia: Pontevedra<\/p>\n              <\/div>\n              <div class=\"town-card__flex-container__btn\">\n                <i class=\"icon-arrow\"><\/i>\n              <\/div>\n            <\/div>\n          <\/a>\n        <\/div>\n      <\/div>\n    <\/div>\n    <hr class=\"single-bar\" \/>\n  <\/div>\n<\/section>\n\n<section id=\"stageChange\">\n  <div>\n    <a href=\"https:\/\/www.pilgrim.es\/de\/portugiesischer-weg\/etappe-20-tui-o-porrino\/\" class=\"change-btn\">\n    <div class=\"change-btn\">\n      <div class=\"btn-arrow previous\">\n        <i class=\"icon-arrow\"><\/i>\n      <\/div>\n      <div class=\"change-btn__info\">\n        <div>Etappe 20<\/div>\n        <p>\n          Tui \u276f <br> O Porri\u00f1o\n        <\/p>\n      <\/div>\n    <\/div>\n    <\/a>\n    <a href=\"https:\/\/www.pilgrim.es\/de\/portugiesischer-weg\/etappe-22-redondela-pontevedra\/\" class=\"change-btn\">\n      <div class=\"change-btn__info\">\n        <div>Etappe 22<\/div>\n        <p>\n          Redondela \u276f <br> Pontevedra\n        <\/p>\n      <\/div>\n      <div class=\"btn-arrow\">\n        <i class=\"icon-arrow\"><\/i>\n      <\/div>\n    <\/a>\n  <\/div>\n<\/section>\n","protected":false},"excerpt":{"rendered":"<p>Portugiesischer Weg: Etappe 21 Walk 25 Etappe \/ 620 Kms O Porri\u00f1o &#10093; Redondela 16.3 Km &#10094; Etappe 20 Etappe 22 &#10095; Information Profil Route Ortschaften Information \u00dcber diese Etappe Die Etappe O Porri\u00f1o &#8211; Redondela weist, \u00e4hnlich wie die vorherige, kaum Schwierigkeiten auf: gem\u00e4\u00dfigt und ohne gro\u00dfe H\u00f6henunterschiede. Hervorzuheben ist jedoch der Abschnitt, der &hellip; <\/p>\n<p class=\"read_more\"><a href=\"https:\/\/www.pilgrim.es\/de\/portugiesischer-weg\/etappe-21-o-porrino-redondela\/\">Leer m\u00e1s<\/a><\/p>\n","protected":false},"author":4,"featured_media":12610,"parent":10665,"menu_order":0,"comment_status":"closed","ping_status":"closed","template":"views\/template-new-web-design.blade.php","meta":{"footnotes":""},"categories":[],"tags":[],"class_list":["post-37702","page","type-page","status-publish","has-post-thumbnail","hentry"],"yoast_head":"<!-- This site is optimized with the Yoast SEO plugin v27.4 - https:\/\/yoast.com\/product\/yoast-seo-wordpress\/ -->\n<title>Camino Portugu\u00e9s desde O Porri\u00f1o a Redondela | Camino de Santiago<\/title>\n<meta name=\"description\" content=\"Portugiesischer Weg: Etappe 21 des Jakobsweges, der zwischen O Porri\u00f1o und Redondela verl\u00e4uft. Entdecken Sie alle notwendigen Informationen und planen Sie Ihre Etappe.\" \/>\n<meta name=\"robots\" content=\"index, follow, max-snippet:-1, max-image-preview:large, max-video-preview:-1\" \/>\n<link rel=\"canonical\" href=\"https:\/\/www.pilgrim.es\/de\/portugiesischer-weg\/etappe-21-o-porrino-redondela\/\" \/>\n<meta property=\"og:locale\" content=\"de_DE\" \/>\n<meta property=\"og:type\" content=\"article\" \/>\n<meta property=\"og:title\" content=\"Camino Portugu\u00e9s desde O Porri\u00f1o a Redondela | Camino de Santiago\" \/>\n<meta property=\"og:description\" content=\"Portugiesischer Weg: Etappe 21 des Jakobsweges, der zwischen O Porri\u00f1o und Redondela verl\u00e4uft. Entdecken Sie alle notwendigen Informationen und planen Sie Ihre Etappe.\" \/>\n<meta property=\"og:url\" content=\"https:\/\/www.pilgrim.es\/de\/portugiesischer-weg\/etappe-21-o-porrino-redondela\/\" \/>\n<meta property=\"og:site_name\" content=\"Pilgrim\" \/>\n<meta property=\"article:publisher\" content=\"https:\/\/www.facebook.com\/pilgrim.es\/\" \/>\n<meta property=\"article:modified_time\" content=\"2025-08-06T08:05:35+00:00\" \/>\n<meta property=\"og:image\" content=\"https:\/\/www.pilgrim.es\/wp-content\/uploads\/2019\/03\/camino_portugues_etapa_21.jpg\" \/>\n\t<meta property=\"og:image:width\" content=\"1633\" \/>\n\t<meta property=\"og:image:height\" content=\"548\" \/>\n\t<meta property=\"og:image:type\" content=\"image\/jpeg\" \/>\n<meta name=\"twitter:card\" content=\"summary_large_image\" \/>\n<meta name=\"twitter:site\" content=\"@pilgrim_es\" \/>\n<meta name=\"twitter:label1\" content=\"Gesch\u00e4tzte Lesezeit\" \/>\n\t<meta name=\"twitter:data1\" content=\"4\u00a0Minuten\" \/>\n<script type=\"application\/ld+json\" class=\"yoast-schema-graph\">{\"@context\":\"https:\\\/\\\/schema.org\",\"@graph\":[{\"@type\":\"WebPage\",\"@id\":\"https:\\\/\\\/www.pilgrim.es\\\/de\\\/portugiesischer-weg\\\/etappe-21-o-porrino-redondela\\\/\",\"url\":\"https:\\\/\\\/www.pilgrim.es\\\/de\\\/portugiesischer-weg\\\/etappe-21-o-porrino-redondela\\\/\",\"name\":\"Camino Portugu\u00e9s desde O Porri\u00f1o a Redondela | Camino de Santiago\",\"isPartOf\":{\"@id\":\"https:\\\/\\\/www.pilgrim.es\\\/de\\\/#website\"},\"primaryImageOfPage\":{\"@id\":\"https:\\\/\\\/www.pilgrim.es\\\/de\\\/portugiesischer-weg\\\/etappe-21-o-porrino-redondela\\\/#primaryimage\"},\"image\":{\"@id\":\"https:\\\/\\\/www.pilgrim.es\\\/de\\\/portugiesischer-weg\\\/etappe-21-o-porrino-redondela\\\/#primaryimage\"},\"thumbnailUrl\":\"https:\\\/\\\/www.pilgrim.es\\\/wp-content\\\/uploads\\\/2019\\\/03\\\/camino_portugues_etapa_21.jpg\",\"datePublished\":\"2019-05-07T17:42:03+00:00\",\"dateModified\":\"2025-08-06T08:05:35+00:00\",\"description\":\"Portugiesischer Weg: Etappe 21 des Jakobsweges, der zwischen O Porri\u00f1o und Redondela verl\u00e4uft. Entdecken Sie alle notwendigen Informationen und planen Sie Ihre Etappe.\",\"breadcrumb\":{\"@id\":\"https:\\\/\\\/www.pilgrim.es\\\/de\\\/portugiesischer-weg\\\/etappe-21-o-porrino-redondela\\\/#breadcrumb\"},\"inLanguage\":\"de\",\"potentialAction\":[{\"@type\":\"ReadAction\",\"target\":[\"https:\\\/\\\/www.pilgrim.es\\\/de\\\/portugiesischer-weg\\\/etappe-21-o-porrino-redondela\\\/\"]}]},{\"@type\":\"ImageObject\",\"inLanguage\":\"de\",\"@id\":\"https:\\\/\\\/www.pilgrim.es\\\/de\\\/portugiesischer-weg\\\/etappe-21-o-porrino-redondela\\\/#primaryimage\",\"url\":\"https:\\\/\\\/www.pilgrim.es\\\/wp-content\\\/uploads\\\/2019\\\/03\\\/camino_portugues_etapa_21.jpg\",\"contentUrl\":\"https:\\\/\\\/www.pilgrim.es\\\/wp-content\\\/uploads\\\/2019\\\/03\\\/camino_portugues_etapa_21.jpg\",\"width\":1633,\"height\":548,\"caption\":\"Landkarte Etappe 21 Portugiesischer Weg\"},{\"@type\":\"BreadcrumbList\",\"@id\":\"https:\\\/\\\/www.pilgrim.es\\\/de\\\/portugiesischer-weg\\\/etappe-21-o-porrino-redondela\\\/#breadcrumb\",\"itemListElement\":[{\"@type\":\"ListItem\",\"position\":1,\"name\":\"Camino de Santiago\",\"item\":\"https:\\\/\\\/www.pilgrim.es\\\/de\\\/\"},{\"@type\":\"ListItem\",\"position\":2,\"name\":\"Portugiesischer Weg\",\"item\":\"https:\\\/\\\/www.pilgrim.es\\\/de\\\/portugiesischer-weg\\\/\"},{\"@type\":\"ListItem\",\"position\":3,\"name\":\"Portugiesischer Weg | Etappe 21: O Porri\u00f1o &#8211; Redondela\"}]},{\"@type\":\"WebSite\",\"@id\":\"https:\\\/\\\/www.pilgrim.es\\\/de\\\/#website\",\"url\":\"https:\\\/\\\/www.pilgrim.es\\\/de\\\/\",\"name\":\"Pilgrim\",\"description\":\"Camino de Santiago | Caminamos Contigo\",\"publisher\":{\"@id\":\"https:\\\/\\\/www.pilgrim.es\\\/de\\\/#organization\"},\"potentialAction\":[{\"@type\":\"SearchAction\",\"target\":{\"@type\":\"EntryPoint\",\"urlTemplate\":\"https:\\\/\\\/www.pilgrim.es\\\/de\\\/?s={search_term_string}\"},\"query-input\":{\"@type\":\"PropertyValueSpecification\",\"valueRequired\":true,\"valueName\":\"search_term_string\"}}],\"inLanguage\":\"de\"},{\"@type\":\"Organization\",\"@id\":\"https:\\\/\\\/www.pilgrim.es\\\/de\\\/#organization\",\"name\":\"Pilgrim Camino de Santiago\",\"url\":\"https:\\\/\\\/www.pilgrim.es\\\/de\\\/\",\"logo\":{\"@type\":\"ImageObject\",\"inLanguage\":\"de\",\"@id\":\"https:\\\/\\\/www.pilgrim.es\\\/de\\\/#\\\/schema\\\/logo\\\/image\\\/\",\"url\":\"https:\\\/\\\/www.pilgrim.es\\\/wp-content\\\/uploads\\\/2019\\\/04\\\/logo_pilgrim.png\",\"contentUrl\":\"https:\\\/\\\/www.pilgrim.es\\\/wp-content\\\/uploads\\\/2019\\\/04\\\/logo_pilgrim.png\",\"width\":512,\"height\":512,\"caption\":\"Pilgrim Camino de Santiago\"},\"image\":{\"@id\":\"https:\\\/\\\/www.pilgrim.es\\\/de\\\/#\\\/schema\\\/logo\\\/image\\\/\"},\"sameAs\":[\"https:\\\/\\\/www.facebook.com\\\/pilgrim.es\\\/\",\"https:\\\/\\\/x.com\\\/pilgrim_es\",\"https:\\\/\\\/www.instagram.com\\\/pilgrim.es\\\/\",\"https:\\\/\\\/www.linkedin.com\\\/company\\\/pilgrim-camino-de-santiago\\\/\",\"https:\\\/\\\/www.pinterest.es\\\/pilgrimcaminodesantiago\\\/\",\"https:\\\/\\\/www.youtube.com\\\/channel\\\/UCIv2ZzFLXVqthkNF32rKedw\\\/featured\"]}]}<\/script>\n<!-- \/ Yoast SEO plugin. -->","yoast_head_json":{"title":"Camino Portugu\u00e9s desde O Porri\u00f1o a Redondela | Camino de Santiago","description":"Portugiesischer Weg: Etappe 21 des Jakobsweges, der zwischen O Porri\u00f1o und Redondela verl\u00e4uft. Entdecken Sie alle notwendigen Informationen und planen Sie Ihre Etappe.","robots":{"index":"index","follow":"follow","max-snippet":"max-snippet:-1","max-image-preview":"max-image-preview:large","max-video-preview":"max-video-preview:-1"},"canonical":"https:\/\/www.pilgrim.es\/de\/portugiesischer-weg\/etappe-21-o-porrino-redondela\/","og_locale":"de_DE","og_type":"article","og_title":"Camino Portugu\u00e9s desde O Porri\u00f1o a Redondela | Camino de Santiago","og_description":"Portugiesischer Weg: Etappe 21 des Jakobsweges, der zwischen O Porri\u00f1o und Redondela verl\u00e4uft. Entdecken Sie alle notwendigen Informationen und planen Sie Ihre Etappe.","og_url":"https:\/\/www.pilgrim.es\/de\/portugiesischer-weg\/etappe-21-o-porrino-redondela\/","og_site_name":"Pilgrim","article_publisher":"https:\/\/www.facebook.com\/pilgrim.es\/","article_modified_time":"2025-08-06T08:05:35+00:00","og_image":[{"width":1633,"height":548,"url":"https:\/\/www.pilgrim.es\/wp-content\/uploads\/2019\/03\/camino_portugues_etapa_21.jpg","type":"image\/jpeg"}],"twitter_card":"summary_large_image","twitter_site":"@pilgrim_es","twitter_misc":{"Gesch\u00e4tzte Lesezeit":"4\u00a0Minuten"},"schema":{"@context":"https:\/\/schema.org","@graph":[{"@type":"WebPage","@id":"https:\/\/www.pilgrim.es\/de\/portugiesischer-weg\/etappe-21-o-porrino-redondela\/","url":"https:\/\/www.pilgrim.es\/de\/portugiesischer-weg\/etappe-21-o-porrino-redondela\/","name":"Camino Portugu\u00e9s desde O Porri\u00f1o a Redondela | Camino de Santiago","isPartOf":{"@id":"https:\/\/www.pilgrim.es\/de\/#website"},"primaryImageOfPage":{"@id":"https:\/\/www.pilgrim.es\/de\/portugiesischer-weg\/etappe-21-o-porrino-redondela\/#primaryimage"},"image":{"@id":"https:\/\/www.pilgrim.es\/de\/portugiesischer-weg\/etappe-21-o-porrino-redondela\/#primaryimage"},"thumbnailUrl":"https:\/\/www.pilgrim.es\/wp-content\/uploads\/2019\/03\/camino_portugues_etapa_21.jpg","datePublished":"2019-05-07T17:42:03+00:00","dateModified":"2025-08-06T08:05:35+00:00","description":"Portugiesischer Weg: Etappe 21 des Jakobsweges, der zwischen O Porri\u00f1o und Redondela verl\u00e4uft. Entdecken Sie alle notwendigen Informationen und planen Sie Ihre Etappe.","breadcrumb":{"@id":"https:\/\/www.pilgrim.es\/de\/portugiesischer-weg\/etappe-21-o-porrino-redondela\/#breadcrumb"},"inLanguage":"de","potentialAction":[{"@type":"ReadAction","target":["https:\/\/www.pilgrim.es\/de\/portugiesischer-weg\/etappe-21-o-porrino-redondela\/"]}]},{"@type":"ImageObject","inLanguage":"de","@id":"https:\/\/www.pilgrim.es\/de\/portugiesischer-weg\/etappe-21-o-porrino-redondela\/#primaryimage","url":"https:\/\/www.pilgrim.es\/wp-content\/uploads\/2019\/03\/camino_portugues_etapa_21.jpg","contentUrl":"https:\/\/www.pilgrim.es\/wp-content\/uploads\/2019\/03\/camino_portugues_etapa_21.jpg","width":1633,"height":548,"caption":"Landkarte Etappe 21 Portugiesischer Weg"},{"@type":"BreadcrumbList","@id":"https:\/\/www.pilgrim.es\/de\/portugiesischer-weg\/etappe-21-o-porrino-redondela\/#breadcrumb","itemListElement":[{"@type":"ListItem","position":1,"name":"Camino de Santiago","item":"https:\/\/www.pilgrim.es\/de\/"},{"@type":"ListItem","position":2,"name":"Portugiesischer Weg","item":"https:\/\/www.pilgrim.es\/de\/portugiesischer-weg\/"},{"@type":"ListItem","position":3,"name":"Portugiesischer Weg | Etappe 21: O Porri\u00f1o &#8211; Redondela"}]},{"@type":"WebSite","@id":"https:\/\/www.pilgrim.es\/de\/#website","url":"https:\/\/www.pilgrim.es\/de\/","name":"Pilgrim","description":"Camino de Santiago | Caminamos Contigo","publisher":{"@id":"https:\/\/www.pilgrim.es\/de\/#organization"},"potentialAction":[{"@type":"SearchAction","target":{"@type":"EntryPoint","urlTemplate":"https:\/\/www.pilgrim.es\/de\/?s={search_term_string}"},"query-input":{"@type":"PropertyValueSpecification","valueRequired":true,"valueName":"search_term_string"}}],"inLanguage":"de"},{"@type":"Organization","@id":"https:\/\/www.pilgrim.es\/de\/#organization","name":"Pilgrim Camino de Santiago","url":"https:\/\/www.pilgrim.es\/de\/","logo":{"@type":"ImageObject","inLanguage":"de","@id":"https:\/\/www.pilgrim.es\/de\/#\/schema\/logo\/image\/","url":"https:\/\/www.pilgrim.es\/wp-content\/uploads\/2019\/04\/logo_pilgrim.png","contentUrl":"https:\/\/www.pilgrim.es\/wp-content\/uploads\/2019\/04\/logo_pilgrim.png","width":512,"height":512,"caption":"Pilgrim Camino de Santiago"},"image":{"@id":"https:\/\/www.pilgrim.es\/de\/#\/schema\/logo\/image\/"},"sameAs":["https:\/\/www.facebook.com\/pilgrim.es\/","https:\/\/x.com\/pilgrim_es","https:\/\/www.instagram.com\/pilgrim.es\/","https:\/\/www.linkedin.com\/company\/pilgrim-camino-de-santiago\/","https:\/\/www.pinterest.es\/pilgrimcaminodesantiago\/","https:\/\/www.youtube.com\/channel\/UCIv2ZzFLXVqthkNF32rKedw\/featured"]}]}},"_links":{"self":[{"href":"https:\/\/www.pilgrim.es\/de\/wp-json\/wp\/v2\/pages\/37702","targetHints":{"allow":["GET"]}}],"collection":[{"href":"https:\/\/www.pilgrim.es\/de\/wp-json\/wp\/v2\/pages"}],"about":[{"href":"https:\/\/www.pilgrim.es\/de\/wp-json\/wp\/v2\/types\/page"}],"author":[{"embeddable":true,"href":"https:\/\/www.pilgrim.es\/de\/wp-json\/wp\/v2\/users\/4"}],"replies":[{"embeddable":true,"href":"https:\/\/www.pilgrim.es\/de\/wp-json\/wp\/v2\/comments?post=37702"}],"version-history":[{"count":7,"href":"https:\/\/www.pilgrim.es\/de\/wp-json\/wp\/v2\/pages\/37702\/revisions"}],"predecessor-version":[{"id":134535,"href":"https:\/\/www.pilgrim.es\/de\/wp-json\/wp\/v2\/pages\/37702\/revisions\/134535"}],"up":[{"embeddable":true,"href":"https:\/\/www.pilgrim.es\/de\/wp-json\/wp\/v2\/pages\/10665"}],"wp:featuredmedia":[{"embeddable":true,"href":"https:\/\/www.pilgrim.es\/de\/wp-json\/wp\/v2\/media\/12610"}],"wp:attachment":[{"href":"https:\/\/www.pilgrim.es\/de\/wp-json\/wp\/v2\/media?parent=37702"}],"wp:term":[{"taxonomy":"category","embeddable":true,"href":"https:\/\/www.pilgrim.es\/de\/wp-json\/wp\/v2\/categories?post=37702"},{"taxonomy":"post_tag","embeddable":true,"href":"https:\/\/www.pilgrim.es\/de\/wp-json\/wp\/v2\/tags?post=37702"}],"curies":[{"name":"wp","href":"https:\/\/api.w.org\/{rel}","templated":true}]}}