{"id":37456,"date":"2019-05-02T14:39:29","date_gmt":"2019-05-02T14:39:29","guid":{"rendered":"https:\/\/prod.pilgrim.es\/portugiesischer-weg\/etappe-14-grijo-oporto\/"},"modified":"2025-08-06T08:22:03","modified_gmt":"2025-08-06T08:22:03","slug":"etappe-14-grijo-oporto","status":"publish","type":"page","link":"https:\/\/www.pilgrim.es\/de\/portugiesischer-weg\/etappe-14-grijo-oporto\/","title":{"rendered":"Portugiesischer Weg | Etappe 14: Grij\u00f3 &#8211; Oporto"},"content":{"rendered":"\n<section id=\"heroStage\">\n    <h1>Portugiesischer Weg: Etappe 14<\/h1>\n    <div>\n        <div class=\"hero\" data-background=\"https:\/\/cdn.pilgrim.es\/web\/caminos\/camino-portugues\/pueblos\/grijo\/grijo.jpg\">\n            <div class=\"hero__container\">\n                <div class=\"hero__container__labels\">\n                    <p>Walk<\/p>\n                    <p>25 Etappe \/ 620 Kms<\/p>\n                <\/div>\n                <div class=\"hero__container__stage-name\">\n                    <h2>\n                        Grij\u00f3 <br \/>\n                        <span>&#10093;<\/span>\n                        Oporto\n                    <\/h2>\n                    <p>15.1 Km<\/p>\n                <\/div>\n                <div class=\"hero__container__stage-changer\">\n                    <div class=\"stage-control\">\n                        <a class=\"stage-control__link\"\n                            href=\"https:\/\/www.pilgrim.es\/de\/portugiesischer-weg\/etappe-13-oliveira-de-azemeis-grijo\/\"><span>&#10094;<\/span>\n                            Etappe 13<\/a>\n                    <\/div>\n                    <div class=\"stage-control\">\n                        <a class=\"stage-control__link\"\n                            href=\"https:\/\/www.pilgrim.es\/de\/portugiesischer-weg\/etappe-15-oporto-sao-miguel-de-arcos\/\">Etappe\n                            15 <span>&#10095;<\/span><\/a>\n                    <\/div>\n                <\/div>\n            <\/div>\n        <\/div>\n        <div class=\"planner\"><div\r\n  class=\"p-col-span-1 p-rounded-lg p-px-5 p-h-full\"\r\n  style=\"background-image: url('https:\/\/cdn.pilgrim.es\/web\/pilgrim-planner\/bg-plugin-planificador.webp')\"\r\n  rel=\"preload\"\r\n  fetchpriority=\"high\"\r\n  >\r\n    <div class=\"p-text-center p-pt-5 p-text-white p-text-2xl p-font-semibold\">\r\n      Plane deinen Weg    <\/div>\r\n    <div\r\n            id='primary-app'\r\n            data-name='banner'\r\n            data-api='https:\/\/pathfinder.pilgrim.es\/api\/pathfinder\/v2'\r\n            data-mode='normal'\r\n            data-lang='de'\r\n            data-route='1'\r\n            data-destiny='https:\/\/planificador.pilgrim.es'\r\n            data-modality='1'\r\n            data-inline=''\r\n        ><\/div><\/div><\/div>\n    <\/div>\n<\/section>\n\n<section id=\"scoreBarsStage\">\n    <section>\r\n  <div class=\"p-flex p-flex-nowrap p-space-x-4 p-py-5 p-overflow-x-auto md:p-grid md:p-grid-cols-3 lg:p-grid-cols-5 md:p-gap-8 md:p-space-x-0 md:p-overflow-hidden scrollbar-thin\">\r\n    <div class=\"p-grid p-grid-cols-4 p-shrink-0 p-w-72 p-snap-start md:p-w-full\">\r\n        <div class=\"p-col-span-1 p-self-center p-text-center p-text-3xl\">\r\n            <i class=\"icon-influx\"><\/i>\r\n        <\/div>\r\n        <div class=\"p-col-span-3 p-flex p-flex-col p-items-start\">\r\n            <div class=\"p-text-start p-text-secondary p-mb-1 p-bold\"> Zustrom <\/div>\r\n            <div class=\"p-w-full p-bg-light p-rounded-full p-h-2 p-relative\">\r\n                <div class=\"p-bg-primary p-h-2 p-rounded-full p-absolute\" style=\"width: 40%;\"><\/div>\r\n            <\/div>\r\n        <\/div>\r\n    <\/div>\r\n\r\n    <div class=\"p-grid p-grid-cols-4 p-shrink-0 p-w-72 p-snap-start md:p-w-full\">\r\n        <div class=\"p-col-span-1 p-self-center p-text-center p-text-3xl\">\r\n            <i class=\"icon-difficulty\"><\/i>\r\n        <\/div>\r\n        <div class=\"p-col-span-3 p-flex p-flex-col p-items-start\">\r\n            <div class=\"p-text-start p-text-secondary p-mb-1 p-bold\"> Schwierigkeitsgrad <\/div>\r\n            <div class=\"p-w-full p-bg-light p-rounded-full p-h-2 p-relative\">\r\n                <div class=\"p-bg-primary p-h-2 p-rounded-full p-absolute\" style=\"width: 40%;\"><\/div>\r\n            <\/div>\r\n        <\/div>\r\n    <\/div>\r\n\r\n    <div class=\"p-grid p-grid-cols-4 p-shrink-0 p-w-72 p-snap-start md:p-w-full\">\r\n        <div class=\"p-col-span-1 p-self-center p-text-center p-text-3xl\">\r\n            <i class=\"icon-patrimony\"><\/i>\r\n        <\/div>\r\n        <div class=\"p-col-span-3 p-flex p-flex-col p-items-start\">\r\n            <div class=\"p-text-start p-text-secondary p-mb-1 p-bold\"> Kunst\/Geschichte <\/div>\r\n            <div class=\"p-w-full p-bg-light p-rounded-full p-h-2 p-relative\">\r\n                <div class=\"p-bg-primary p-h-2 p-rounded-full p-absolute\" style=\"width: 80%;\"><\/div>\r\n            <\/div>\r\n        <\/div>\r\n    <\/div>\r\n\r\n    <div class=\"p-grid p-grid-cols-4 p-shrink-0 p-w-72 p-snap-start md:p-w-full\">\r\n        <div class=\"p-col-span-1 p-self-center p-text-center p-text-3xl\">\r\n            <i class=\"icon-nature\"><\/i>\r\n        <\/div>\r\n        <div class=\"p-col-span-3 p-flex p-flex-col p-items-start\">\r\n            <div class=\"p-text-start p-text-secondary p-mb-1 p-bold\"> Natur <\/div>\r\n            <div class=\"p-w-full p-bg-light p-rounded-full p-h-2 p-relative\">\r\n                <div class=\"p-bg-primary p-h-2 p-rounded-full p-absolute\" style=\"width: 60%;\"><\/div>\r\n            <\/div>\r\n        <\/div>\r\n    <\/div>\r\n\r\n    <div class=\"p-grid p-grid-cols-4 p-shrink-0 p-w-72 p-snap-start md:p-w-full\">\r\n        <div class=\"p-col-span-1 p-self-center p-text-center p-text-3xl\">\r\n            <i class=\"icon-urban\"><\/i>\r\n        <\/div>\r\n        <div class=\"p-col-span-3 p-flex p-flex-col p-items-start\">\r\n            <div class=\"p-text-start p-text-secondary p-mb-1 p-bold\"> St\u00e4dtischer Weg <\/div>\r\n            <div class=\"p-w-full p-bg-light p-rounded-full p-h-2 p-relative\">\r\n                <div class=\"p-bg-primary p-h-2 p-rounded-full p-absolute\" style=\"width: 60%;\"><\/div>\r\n            <\/div>\r\n        <\/div>\r\n    <\/div>\r\n  <\/div>\r\n<\/section>\n<\/section>\n\n<div id=\"stage-list-section\"><div class=\"stage-list\">\n    <div class='stage-list__map-card'>\n        <div class='stage-list__map-card__map'>\n            <div class='stage-list__map-card__map__text'>\n                <h2> Pages <\/h2>\n                <p> Zu Fu\u00df<\/p>\n                <p> 0etappen<\/p>\n            <\/div>\n            <div class='stage-list__map-card__map__img'>\n                <img decoding=\"async\" src=\"\" alt=\" mapa \" \/>\n            <\/div>\n        <\/div>\n    <\/div>\n\n    <\/div>\n<\/div>\n\n<section id=\"navStage\">\n    <div>\n        <nav id=\"tab-navigation-section\" class=\"tab-navigation-section--cols-4\">\n            <a href=\"#infoSection\" class=\"active\">Information<\/a>\n            <a href=\"#profileSection\">Profil<\/a>\n            <a href=\"#itinerarySection\">Route<\/a>\n            <a href=\"#locationsSection\">Ortschaften<\/a>\n        <\/nav>\n\n        <div id=\"infoSection\">\n            <!-- Title Section with Orange Line -->\n            <div>\n                <h2 class=\"p-h2-stage\">Information<\/h2>\n                <hr class=\"orange-bar\" \/>\n                <h3 class=\"p-h3-stage\">\u00dcber diese Etappe<\/h3>\n            <\/div>\n\n\n            <p>Die &#8222;Stadt der Br\u00fccken&#8220; erwartet uns in nur zwanzig Kilometer Entfernung. Es handelt sich um die\n                zweitgr\u00f6\u00dfte Stadt des Landes: von den Gew\u00e4ssern des Duero begleitet, in deren Viertel und Gassen wir uns\n                verlieren wollten, um alle Geheimnisse ihres historischen Stadtkerns zu entdecken, der zum\n                Weltkulturerbe erkl\u00e4rt wurde.<\/p>\n\n\n            <div class=\"recomendation-card\">\n                <div>\n                    <i class=\"icon-logo-pilgrim\"><\/i>\n                    <h5>Empfehlung Pilgrim<\/h5>\n                <\/div>\n\n\n                <p>Wie in den \u00fcbrigen Gro\u00dfst\u00e4dten lohnt es sich, einen Tag lang haltzumachen und eine weitere Nacht hier\n                    zu verbringen, um dieses Erlebnis in vollen Z\u00fcgen zu genie\u00dfen, die wichtigsten Sehensw\u00fcrdigkeiten zu\n                    besuchen und die ausgezeichneten Weine zu kosten. Diese Etappe weist keine zus\u00e4tzlichen\n                    Schwierigkeiten f\u00fcr Radfahrer oder Personen mit eingeschr\u00e4nkter Bewegungsfreiheit auf.<\/p>\n\n            <\/div>\n        <\/div>\n\n        <div id=\"profileSection\">\n            <div>\n                <h2 class=\"p-h2-stage\">Entfernung und H\u00f6he<\/h2>\n                <hr class=\"orange-bar\" \/>\n                <h3 class=\"p-h3-stage\">Etappenprofil<\/h3>\n                <img decoding=\"async\" src=\"https:\/\/cdn.pilgrim.es\/web\/caminos\/camino-portugues\/etapas\/etapa-14\/etapa14_perfil-grijo-oporto.jpg\" alt=\"Stage profile etappe-14-grijo-oporto\" \/>\n            <\/div>\n        <\/div>\n\n        <div id=\"itinerarySection\">\n            <h2 class=\"p-h2-stage\">Route<\/h2>\n            <hr \/>\n            <h3 class=\"p-h3-stage\">Itinerary<\/h3>\n\n\n            <div>\n                <h4>Km 0 &#8211; Inicio<\/h4>\n\n\n                <p>Wenn wir von Grij\u00f3 ausgehen, m\u00fcssen wir nur die Stra\u00dfe neben dem Kloster durchqueren, um diesen Ort\n                    zu verlassen. An ihrem Ende biegen wir rechts in die &#8222;Rua da Guarda&#8220; ein. Immer in Richtung\n                    Sermonde, Asperela und Perosinho. Entlang alter Wege werden wir die Sierra dos Negrelos bis zum Ort\n                    Rechousa durchqueren. Von hier aus gehen wir auf der linken Seite in Richtung Vila Nova de Gaia, die\n                    wir \u00fcber die Stra\u00dfen &#8222;Da Rechousa&#8220; und &#8222;Alto das Torres&#8220; erreichen. Sobald wir in das Ortszentrum\n                    gelangen, gehen wir weiter entlang der Stra\u00dfen &#8222;Nova de Gaia&#8220;, &#8222;Soares dos Reis&#8220; und der &#8222;Avenida da\n                    Rep\u00fablica&#8220;. Von hier aus gehen wir bergab in Richtung der &#8222;General Torres&#8220;- Stra\u00dfe. Wenn wir diese\n                    \u00fcberquert haben, biegen wir links und dann rechts in die &#8222;Particular&#8220;- Stra\u00dfe ein. Eine weitere\n                    Abzweigung nach links f\u00fchrt uns an die &#8222;Sierra del Pilar&#8220; (Gebirgskette).<\/p>\n\n                <p>Als n\u00e4chstes \u00fcberqueren wir die &#8222;D. Luis&#8220;- Br\u00fccke und erreichen schlie\u00dflich die Stadt Porto, ber\u00fchmt\n                    f\u00fcr ihr historisches Erbe, ihre blumengeschm\u00fcckten G\u00e4rten und f\u00fcr ihren Wein. Es ist auch die\n                    zweitwichtigste Stadt des Landes nach Lissabon, mit ihrem historischen Zentrum, welches dank so\n                    wichtiger Monumente wie der Kathedrale, dem B\u00f6rsenpalast und dem Bischofspalast, zum Weltkulturerbe\n                    erkl\u00e4rt wurde; ohne die vielen Br\u00fccken \u00fcber dem Duero zu vergessen; deren Sch\u00f6nheit dieser gro\u00dfen\n                    Stadt den Titel &#8222;Stadt der Br\u00fccken&#8220; verlieh.<\/p>\n\n\n\n                <a class=\"town-link\" href=\"https:\/\/www.pilgrim.es\/de\/portugiesischer-weg\/grijo\/\">\n                    <div class=\"town-link__link-content\">\n                        <div class=\"town-link__link-content__text\">\n                            <p>Lokale Informationen<\/p>\n                            <p>Polizei, medizinische Versorgung, Sehensw\u00fcrdigkeiten, Restaurants&#8230;<\/p>\n                        <\/div>\n                        <div class=\"town-link__link-content__town-btn\">\n                            <i class=\"icon-arrow\"><\/i>\n                        <\/div>\n                    <\/div>\n                <\/a>\n\n            <\/div>\n            <hr \/>\n\n            <div>\n                <h4>Km 15.1 &#8231; Oporto<\/h4>\n                <a class=\"town-link\" href=\"https:\/\/www.pilgrim.es\/de\/portugiesischer-weg\/porto\/\">\n                    <div class=\"town-link__link-content\">\n                        <div class=\"town-link__link-content__text\">\n                            <p>Lokale Informationen<\/p>\n                            <p>Polizei, medizinische Versorgung, Sehensw\u00fcrdigkeiten, Restaurants&#8230;<\/p>\n                        <\/div>\n                        <div class=\"town-link__link-content__town-btn\">\n                            <i class=\"icon-arrow\"><\/i>\n                        <\/div>\n                    <\/div>\n                <\/a>\n            <\/div>\n        <\/div>\n\n        <div id=\"locationsSection\">\n            <h2 class=\"p-h2-stage\">\u00d6rtlichkeiten<\/h2>\n            <hr \/>\n            <h3 class=\"p-h3-stage\">St\u00e4dte<\/h3>\n            <div class=\"grid-container\">\n\n                <div class=\"p-group card-stage p-max-w-full\">\n                    <a href=\"https:\/\/www.pilgrim.es\/de\/portugiesischer-weg\/grijo\/\" class=\"town-card\">\n                        <div class=\"card-stage__header\">\n                            <img decoding=\"async\" src=\"https:\/\/cdn.pilgrim.es\/web\/caminos\/camino-portugues\/pueblos\/grijo\/grijo.jpg\"\n                                alt=\"Grij\u00f3\" class=\"group-hover:p-scale-110\" \/>\n                            <div class=\"card-overlay group-hover:p-opacity-50\"><\/div>\n                        <\/div>\n                        <div class=\"town-card__flex-container\">\n                            <div class=\"town-card__flex-container__info\">\n                                <h3>Grij\u00f3<\/h3>\n                                <p>Distrito: Porto<\/p>\n                            <\/div>\n                            <div class=\"town-card__flex-container__btn\">\n                                <i class=\"icon-arrow\"><\/i>\n                            <\/div>\n                        <\/div>\n                    <\/a>\n                <\/div>\n                <div class=\"p-group card-stage p-max-w-full\">\n                    <a href=\"https:\/\/www.pilgrim.es\/de\/portugiesischer-weg\/porto\/\" class=\"town-card\">\n                        <div class=\"card-stage__header\">\n                            <img decoding=\"async\" src=\"https:\/\/cdn.pilgrim.es\/web\/caminos\/camino-portugues\/pueblos\/porto\/porto.jpg\"\n                                alt=\"Oporto\" class=\"group-hover:p-scale-110\" \/>\n                            <div class=\"card-overlay group-hover:p-opacity-50\"><\/div>\n                        <\/div>\n                        <div class=\"town-card__flex-container\">\n                            <div class=\"town-card__flex-container__info\">\n                                <h3>Oporto<\/h3>\n                                <p>Distrito: Porto<\/p>\n                            <\/div>\n                            <div class=\"town-card__flex-container__btn\">\n                                <i class=\"icon-arrow\"><\/i>\n                            <\/div>\n                        <\/div>\n                    <\/a>\n                <\/div>\n            <\/div>\n        <\/div>\n        <hr class=\"single-bar\" \/>\n    <\/div>\n<\/section>\n\n<section id=\"stageChange\">\n    <div>\n        <a href=\"https:\/\/www.pilgrim.es\/de\/portugiesischer-weg\/etappe-13-oliveira-de-azemeis-grijo\/\" class=\"change-btn\">\n            <div class=\"change-btn\">\n                <div class=\"btn-arrow previous\">\n                    <i class=\"icon-arrow\"><\/i>\n                <\/div>\n                <div class=\"change-btn__info\">\n                    <div>Etappe 13<\/div>\n                    <p>\n                        Oliveira de Azem\u00e9is \u276f <br> Grij\u00f3\n                    <\/p>\n                <\/div>\n            <\/div>\n        <\/a>\n        <a href=\"https:\/\/www.pilgrim.es\/de\/portugiesischer-weg\/etappe-15-oporto-sao-miguel-de-arcos\/\" class=\"change-btn\">\n            <div class=\"change-btn__info\">\n                <div>Etappe 15<\/div>\n                <p>\n                    Oporto \u276f <br> S\u00e3o Miguel de Arcos\n                <\/p>\n            <\/div>\n            <div class=\"btn-arrow\">\n                <i class=\"icon-arrow\"><\/i>\n            <\/div>\n        <\/a>\n    <\/div>\n<\/section>\n","protected":false},"excerpt":{"rendered":"<p>Portugiesischer Weg: Etappe 14 Walk 25 Etappe \/ 620 Kms Grij\u00f3 &#10093; Oporto 15.1 Km &#10094; Etappe 13 Etappe 15 &#10095; Information Profil Route Ortschaften Information \u00dcber diese Etappe Die &#8222;Stadt der Br\u00fccken&#8220; erwartet uns in nur zwanzig Kilometer Entfernung. Es handelt sich um die zweitgr\u00f6\u00dfte Stadt des Landes: von den Gew\u00e4ssern des Duero begleitet, &hellip; <\/p>\n<p class=\"read_more\"><a href=\"https:\/\/www.pilgrim.es\/de\/portugiesischer-weg\/etappe-14-grijo-oporto\/\">Leer m\u00e1s<\/a><\/p>\n","protected":false},"author":4,"featured_media":12540,"parent":10665,"menu_order":0,"comment_status":"closed","ping_status":"closed","template":"views\/template-new-web-design.blade.php","meta":{"footnotes":""},"categories":[],"tags":[],"class_list":["post-37456","page","type-page","status-publish","has-post-thumbnail","hentry"],"yoast_head":"<!-- This site is optimized with the Yoast SEO plugin v27.4 - https:\/\/yoast.com\/product\/yoast-seo-wordpress\/ -->\n<title>Camino Portugu\u00e9s desde Grij\u00f3 a Oporto | Camino de Santiago | Pilgrim<\/title>\n<meta name=\"description\" content=\"Portugiesischer Weg: Etappe 14 des Jakobsweges, der zwischen Grij\u00f3 und Oporto verl\u00e4uft. Entdecken Sie alle notwendigen Informationen und planen Sie Ihre Etappe.\" \/>\n<meta name=\"robots\" content=\"index, follow, max-snippet:-1, max-image-preview:large, max-video-preview:-1\" \/>\n<link rel=\"canonical\" href=\"https:\/\/www.pilgrim.es\/de\/portugiesischer-weg\/etappe-14-grijo-oporto\/\" \/>\n<meta property=\"og:locale\" content=\"de_DE\" \/>\n<meta property=\"og:type\" content=\"article\" \/>\n<meta property=\"og:title\" content=\"Camino Portugu\u00e9s desde Grij\u00f3 a Oporto | Camino de Santiago | Pilgrim\" \/>\n<meta property=\"og:description\" content=\"Portugiesischer Weg: Etappe 14 des Jakobsweges, der zwischen Grij\u00f3 und Oporto verl\u00e4uft. Entdecken Sie alle notwendigen Informationen und planen Sie Ihre Etappe.\" \/>\n<meta property=\"og:url\" content=\"https:\/\/www.pilgrim.es\/de\/portugiesischer-weg\/etappe-14-grijo-oporto\/\" \/>\n<meta property=\"og:site_name\" content=\"Pilgrim\" \/>\n<meta property=\"article:publisher\" content=\"https:\/\/www.facebook.com\/pilgrim.es\/\" \/>\n<meta property=\"article:modified_time\" content=\"2025-08-06T08:22:03+00:00\" \/>\n<meta property=\"og:image\" content=\"https:\/\/www.pilgrim.es\/wp-content\/uploads\/2019\/03\/camino_portugues_etapa_14.jpg\" \/>\n\t<meta property=\"og:image:width\" content=\"1635\" \/>\n\t<meta property=\"og:image:height\" content=\"547\" \/>\n\t<meta property=\"og:image:type\" content=\"image\/jpeg\" \/>\n<meta name=\"twitter:card\" content=\"summary_large_image\" \/>\n<meta name=\"twitter:site\" content=\"@pilgrim_es\" \/>\n<meta name=\"twitter:label1\" content=\"Gesch\u00e4tzte Lesezeit\" \/>\n\t<meta name=\"twitter:data1\" content=\"2\u00a0Minuten\" \/>\n<script type=\"application\/ld+json\" class=\"yoast-schema-graph\">{\"@context\":\"https:\\\/\\\/schema.org\",\"@graph\":[{\"@type\":\"WebPage\",\"@id\":\"https:\\\/\\\/www.pilgrim.es\\\/de\\\/portugiesischer-weg\\\/etappe-14-grijo-oporto\\\/\",\"url\":\"https:\\\/\\\/www.pilgrim.es\\\/de\\\/portugiesischer-weg\\\/etappe-14-grijo-oporto\\\/\",\"name\":\"Camino Portugu\u00e9s desde Grij\u00f3 a Oporto | Camino de Santiago | Pilgrim\",\"isPartOf\":{\"@id\":\"https:\\\/\\\/www.pilgrim.es\\\/de\\\/#website\"},\"primaryImageOfPage\":{\"@id\":\"https:\\\/\\\/www.pilgrim.es\\\/de\\\/portugiesischer-weg\\\/etappe-14-grijo-oporto\\\/#primaryimage\"},\"image\":{\"@id\":\"https:\\\/\\\/www.pilgrim.es\\\/de\\\/portugiesischer-weg\\\/etappe-14-grijo-oporto\\\/#primaryimage\"},\"thumbnailUrl\":\"https:\\\/\\\/www.pilgrim.es\\\/wp-content\\\/uploads\\\/2019\\\/03\\\/camino_portugues_etapa_14.jpg\",\"datePublished\":\"2019-05-02T14:39:29+00:00\",\"dateModified\":\"2025-08-06T08:22:03+00:00\",\"description\":\"Portugiesischer Weg: Etappe 14 des Jakobsweges, der zwischen Grij\u00f3 und Oporto verl\u00e4uft. Entdecken Sie alle notwendigen Informationen und planen Sie Ihre Etappe.\",\"breadcrumb\":{\"@id\":\"https:\\\/\\\/www.pilgrim.es\\\/de\\\/portugiesischer-weg\\\/etappe-14-grijo-oporto\\\/#breadcrumb\"},\"inLanguage\":\"de\",\"potentialAction\":[{\"@type\":\"ReadAction\",\"target\":[\"https:\\\/\\\/www.pilgrim.es\\\/de\\\/portugiesischer-weg\\\/etappe-14-grijo-oporto\\\/\"]}]},{\"@type\":\"ImageObject\",\"inLanguage\":\"de\",\"@id\":\"https:\\\/\\\/www.pilgrim.es\\\/de\\\/portugiesischer-weg\\\/etappe-14-grijo-oporto\\\/#primaryimage\",\"url\":\"https:\\\/\\\/www.pilgrim.es\\\/wp-content\\\/uploads\\\/2019\\\/03\\\/camino_portugues_etapa_14.jpg\",\"contentUrl\":\"https:\\\/\\\/www.pilgrim.es\\\/wp-content\\\/uploads\\\/2019\\\/03\\\/camino_portugues_etapa_14.jpg\",\"width\":1635,\"height\":547,\"caption\":\"Landkarte Etappe 14 Portugiesischer Weg\"},{\"@type\":\"BreadcrumbList\",\"@id\":\"https:\\\/\\\/www.pilgrim.es\\\/de\\\/portugiesischer-weg\\\/etappe-14-grijo-oporto\\\/#breadcrumb\",\"itemListElement\":[{\"@type\":\"ListItem\",\"position\":1,\"name\":\"Camino de Santiago\",\"item\":\"https:\\\/\\\/www.pilgrim.es\\\/de\\\/\"},{\"@type\":\"ListItem\",\"position\":2,\"name\":\"Portugiesischer Weg\",\"item\":\"https:\\\/\\\/www.pilgrim.es\\\/de\\\/portugiesischer-weg\\\/\"},{\"@type\":\"ListItem\",\"position\":3,\"name\":\"Portugiesischer Weg | Etappe 14: Grij\u00f3 &#8211; Oporto\"}]},{\"@type\":\"WebSite\",\"@id\":\"https:\\\/\\\/www.pilgrim.es\\\/de\\\/#website\",\"url\":\"https:\\\/\\\/www.pilgrim.es\\\/de\\\/\",\"name\":\"Pilgrim\",\"description\":\"Camino de Santiago | Caminamos Contigo\",\"publisher\":{\"@id\":\"https:\\\/\\\/www.pilgrim.es\\\/de\\\/#organization\"},\"potentialAction\":[{\"@type\":\"SearchAction\",\"target\":{\"@type\":\"EntryPoint\",\"urlTemplate\":\"https:\\\/\\\/www.pilgrim.es\\\/de\\\/?s={search_term_string}\"},\"query-input\":{\"@type\":\"PropertyValueSpecification\",\"valueRequired\":true,\"valueName\":\"search_term_string\"}}],\"inLanguage\":\"de\"},{\"@type\":\"Organization\",\"@id\":\"https:\\\/\\\/www.pilgrim.es\\\/de\\\/#organization\",\"name\":\"Pilgrim Camino de Santiago\",\"url\":\"https:\\\/\\\/www.pilgrim.es\\\/de\\\/\",\"logo\":{\"@type\":\"ImageObject\",\"inLanguage\":\"de\",\"@id\":\"https:\\\/\\\/www.pilgrim.es\\\/de\\\/#\\\/schema\\\/logo\\\/image\\\/\",\"url\":\"https:\\\/\\\/www.pilgrim.es\\\/wp-content\\\/uploads\\\/2019\\\/04\\\/logo_pilgrim.png\",\"contentUrl\":\"https:\\\/\\\/www.pilgrim.es\\\/wp-content\\\/uploads\\\/2019\\\/04\\\/logo_pilgrim.png\",\"width\":512,\"height\":512,\"caption\":\"Pilgrim Camino de Santiago\"},\"image\":{\"@id\":\"https:\\\/\\\/www.pilgrim.es\\\/de\\\/#\\\/schema\\\/logo\\\/image\\\/\"},\"sameAs\":[\"https:\\\/\\\/www.facebook.com\\\/pilgrim.es\\\/\",\"https:\\\/\\\/x.com\\\/pilgrim_es\",\"https:\\\/\\\/www.instagram.com\\\/pilgrim.es\\\/\",\"https:\\\/\\\/www.linkedin.com\\\/company\\\/pilgrim-camino-de-santiago\\\/\",\"https:\\\/\\\/www.pinterest.es\\\/pilgrimcaminodesantiago\\\/\",\"https:\\\/\\\/www.youtube.com\\\/channel\\\/UCIv2ZzFLXVqthkNF32rKedw\\\/featured\"]}]}<\/script>\n<!-- \/ Yoast SEO plugin. -->","yoast_head_json":{"title":"Camino Portugu\u00e9s desde Grij\u00f3 a Oporto | Camino de Santiago | Pilgrim","description":"Portugiesischer Weg: Etappe 14 des Jakobsweges, der zwischen Grij\u00f3 und Oporto verl\u00e4uft. Entdecken Sie alle notwendigen Informationen und planen Sie Ihre Etappe.","robots":{"index":"index","follow":"follow","max-snippet":"max-snippet:-1","max-image-preview":"max-image-preview:large","max-video-preview":"max-video-preview:-1"},"canonical":"https:\/\/www.pilgrim.es\/de\/portugiesischer-weg\/etappe-14-grijo-oporto\/","og_locale":"de_DE","og_type":"article","og_title":"Camino Portugu\u00e9s desde Grij\u00f3 a Oporto | Camino de Santiago | Pilgrim","og_description":"Portugiesischer Weg: Etappe 14 des Jakobsweges, der zwischen Grij\u00f3 und Oporto verl\u00e4uft. Entdecken Sie alle notwendigen Informationen und planen Sie Ihre Etappe.","og_url":"https:\/\/www.pilgrim.es\/de\/portugiesischer-weg\/etappe-14-grijo-oporto\/","og_site_name":"Pilgrim","article_publisher":"https:\/\/www.facebook.com\/pilgrim.es\/","article_modified_time":"2025-08-06T08:22:03+00:00","og_image":[{"width":1635,"height":547,"url":"https:\/\/www.pilgrim.es\/wp-content\/uploads\/2019\/03\/camino_portugues_etapa_14.jpg","type":"image\/jpeg"}],"twitter_card":"summary_large_image","twitter_site":"@pilgrim_es","twitter_misc":{"Gesch\u00e4tzte Lesezeit":"2\u00a0Minuten"},"schema":{"@context":"https:\/\/schema.org","@graph":[{"@type":"WebPage","@id":"https:\/\/www.pilgrim.es\/de\/portugiesischer-weg\/etappe-14-grijo-oporto\/","url":"https:\/\/www.pilgrim.es\/de\/portugiesischer-weg\/etappe-14-grijo-oporto\/","name":"Camino Portugu\u00e9s desde Grij\u00f3 a Oporto | Camino de Santiago | Pilgrim","isPartOf":{"@id":"https:\/\/www.pilgrim.es\/de\/#website"},"primaryImageOfPage":{"@id":"https:\/\/www.pilgrim.es\/de\/portugiesischer-weg\/etappe-14-grijo-oporto\/#primaryimage"},"image":{"@id":"https:\/\/www.pilgrim.es\/de\/portugiesischer-weg\/etappe-14-grijo-oporto\/#primaryimage"},"thumbnailUrl":"https:\/\/www.pilgrim.es\/wp-content\/uploads\/2019\/03\/camino_portugues_etapa_14.jpg","datePublished":"2019-05-02T14:39:29+00:00","dateModified":"2025-08-06T08:22:03+00:00","description":"Portugiesischer Weg: Etappe 14 des Jakobsweges, der zwischen Grij\u00f3 und Oporto verl\u00e4uft. Entdecken Sie alle notwendigen Informationen und planen Sie Ihre Etappe.","breadcrumb":{"@id":"https:\/\/www.pilgrim.es\/de\/portugiesischer-weg\/etappe-14-grijo-oporto\/#breadcrumb"},"inLanguage":"de","potentialAction":[{"@type":"ReadAction","target":["https:\/\/www.pilgrim.es\/de\/portugiesischer-weg\/etappe-14-grijo-oporto\/"]}]},{"@type":"ImageObject","inLanguage":"de","@id":"https:\/\/www.pilgrim.es\/de\/portugiesischer-weg\/etappe-14-grijo-oporto\/#primaryimage","url":"https:\/\/www.pilgrim.es\/wp-content\/uploads\/2019\/03\/camino_portugues_etapa_14.jpg","contentUrl":"https:\/\/www.pilgrim.es\/wp-content\/uploads\/2019\/03\/camino_portugues_etapa_14.jpg","width":1635,"height":547,"caption":"Landkarte Etappe 14 Portugiesischer Weg"},{"@type":"BreadcrumbList","@id":"https:\/\/www.pilgrim.es\/de\/portugiesischer-weg\/etappe-14-grijo-oporto\/#breadcrumb","itemListElement":[{"@type":"ListItem","position":1,"name":"Camino de Santiago","item":"https:\/\/www.pilgrim.es\/de\/"},{"@type":"ListItem","position":2,"name":"Portugiesischer Weg","item":"https:\/\/www.pilgrim.es\/de\/portugiesischer-weg\/"},{"@type":"ListItem","position":3,"name":"Portugiesischer Weg | Etappe 14: Grij\u00f3 &#8211; Oporto"}]},{"@type":"WebSite","@id":"https:\/\/www.pilgrim.es\/de\/#website","url":"https:\/\/www.pilgrim.es\/de\/","name":"Pilgrim","description":"Camino de Santiago | Caminamos Contigo","publisher":{"@id":"https:\/\/www.pilgrim.es\/de\/#organization"},"potentialAction":[{"@type":"SearchAction","target":{"@type":"EntryPoint","urlTemplate":"https:\/\/www.pilgrim.es\/de\/?s={search_term_string}"},"query-input":{"@type":"PropertyValueSpecification","valueRequired":true,"valueName":"search_term_string"}}],"inLanguage":"de"},{"@type":"Organization","@id":"https:\/\/www.pilgrim.es\/de\/#organization","name":"Pilgrim Camino de Santiago","url":"https:\/\/www.pilgrim.es\/de\/","logo":{"@type":"ImageObject","inLanguage":"de","@id":"https:\/\/www.pilgrim.es\/de\/#\/schema\/logo\/image\/","url":"https:\/\/www.pilgrim.es\/wp-content\/uploads\/2019\/04\/logo_pilgrim.png","contentUrl":"https:\/\/www.pilgrim.es\/wp-content\/uploads\/2019\/04\/logo_pilgrim.png","width":512,"height":512,"caption":"Pilgrim Camino de Santiago"},"image":{"@id":"https:\/\/www.pilgrim.es\/de\/#\/schema\/logo\/image\/"},"sameAs":["https:\/\/www.facebook.com\/pilgrim.es\/","https:\/\/x.com\/pilgrim_es","https:\/\/www.instagram.com\/pilgrim.es\/","https:\/\/www.linkedin.com\/company\/pilgrim-camino-de-santiago\/","https:\/\/www.pinterest.es\/pilgrimcaminodesantiago\/","https:\/\/www.youtube.com\/channel\/UCIv2ZzFLXVqthkNF32rKedw\/featured"]}]}},"_links":{"self":[{"href":"https:\/\/www.pilgrim.es\/de\/wp-json\/wp\/v2\/pages\/37456","targetHints":{"allow":["GET"]}}],"collection":[{"href":"https:\/\/www.pilgrim.es\/de\/wp-json\/wp\/v2\/pages"}],"about":[{"href":"https:\/\/www.pilgrim.es\/de\/wp-json\/wp\/v2\/types\/page"}],"author":[{"embeddable":true,"href":"https:\/\/www.pilgrim.es\/de\/wp-json\/wp\/v2\/users\/4"}],"replies":[{"embeddable":true,"href":"https:\/\/www.pilgrim.es\/de\/wp-json\/wp\/v2\/comments?post=37456"}],"version-history":[{"count":8,"href":"https:\/\/www.pilgrim.es\/de\/wp-json\/wp\/v2\/pages\/37456\/revisions"}],"predecessor-version":[{"id":134649,"href":"https:\/\/www.pilgrim.es\/de\/wp-json\/wp\/v2\/pages\/37456\/revisions\/134649"}],"up":[{"embeddable":true,"href":"https:\/\/www.pilgrim.es\/de\/wp-json\/wp\/v2\/pages\/10665"}],"wp:featuredmedia":[{"embeddable":true,"href":"https:\/\/www.pilgrim.es\/de\/wp-json\/wp\/v2\/media\/12540"}],"wp:attachment":[{"href":"https:\/\/www.pilgrim.es\/de\/wp-json\/wp\/v2\/media?parent=37456"}],"wp:term":[{"taxonomy":"category","embeddable":true,"href":"https:\/\/www.pilgrim.es\/de\/wp-json\/wp\/v2\/categories?post=37456"},{"taxonomy":"post_tag","embeddable":true,"href":"https:\/\/www.pilgrim.es\/de\/wp-json\/wp\/v2\/tags?post=37456"}],"curies":[{"name":"wp","href":"https:\/\/api.w.org\/{rel}","templated":true}]}}