{"id":36424,"date":"2019-04-26T17:29:38","date_gmt":"2019-04-26T17:29:38","guid":{"rendered":"https:\/\/desarrollo.pilgrim.es\/portugiesischer-weg\/etappe-13-oliveira-de-azemeis-grijo\/"},"modified":"2025-08-06T07:55:24","modified_gmt":"2025-08-06T07:55:24","slug":"etappe-13-oliveira-de-azemeis-grijo","status":"publish","type":"page","link":"https:\/\/www.pilgrim.es\/de\/portugiesischer-weg\/etappe-13-oliveira-de-azemeis-grijo\/","title":{"rendered":"Portugiesischer Weg | Etappe 13: Oliveira de Azem\u00e9is &#8211; Grij\u00f3"},"content":{"rendered":"\n<section id=\"heroStage\">\n  <h1>Portugiesischer Weg: Etappe 13<\/h1>\n  <div>\n    <div class=\"hero\" data-background=\"https:\/\/cdn.pilgrim.es\/web\/caminos\/camino-portugues\/pueblos\/oliveira-de-azemeis\/oliveira-de-azemeis.jpg\">\n      <div class=\"hero__container\">\n        <div class=\"hero__container__labels\">\n          <p>Walk<\/p>\n          <p>25 Etappe \/ 620 Kms<\/p>\n        <\/div>\n        <div class=\"hero__container__stage-name\">\n          <h2>\n            Oliveira de Azem\u00e9is <br \/>\n            <span>&#10093;<\/span>\n            Grij\u00f3\n          <\/h2>\n          <p>28.1 Km<\/p>\n        <\/div>\n        <div class=\"hero__container__stage-changer\">\n            <div class=\"stage-control\">\n              <a class=\"stage-control__link\" href=\"https:\/\/www.pilgrim.es\/de\/portugiesischer-weg\/etappe-12-albergaria-a-velha-oliveira-de-azemeis\/\"><span>&#10094;<\/span> Etappe 12<\/a>\n            <\/div>\n          <div class=\"stage-control\">\n            <a class=\"stage-control__link\" href=\"https:\/\/www.pilgrim.es\/de\/portugiesischer-weg\/etappe-14-grijo-oporto\/\">Etappe 14 <span>&#10095;<\/span><\/a>\n          <\/div>\n        <\/div>\n      <\/div>\n    <\/div>\n    <div class=\"planner\"><div\r\n  class=\"p-col-span-1 p-rounded-lg p-px-5 p-h-full\"\r\n  style=\"background-image: url('https:\/\/cdn.pilgrim.es\/web\/pilgrim-planner\/bg-plugin-planificador.webp')\"\r\n  rel=\"preload\"\r\n  fetchpriority=\"high\"\r\n  >\r\n    <div class=\"p-text-center p-pt-5 p-text-white p-text-2xl p-font-semibold\">\r\n      Plane deinen Weg    <\/div>\r\n    <div\r\n            id='primary-app'\r\n            data-name='banner'\r\n            data-api='https:\/\/pathfinder.pilgrim.es\/api\/pathfinder\/v2'\r\n            data-mode='normal'\r\n            data-lang='de'\r\n            data-route='1'\r\n            data-destiny='https:\/\/planificador.pilgrim.es'\r\n            data-modality='1'\r\n            data-inline=''\r\n        ><\/div><\/div><\/div>\n  <\/div>\n<\/section>\n\n<section id=\"scoreBarsStage\">\n  <section>\r\n  <div class=\"p-flex p-flex-nowrap p-space-x-4 p-py-5 p-overflow-x-auto md:p-grid md:p-grid-cols-3 lg:p-grid-cols-5 md:p-gap-8 md:p-space-x-0 md:p-overflow-hidden scrollbar-thin\">\r\n    <div class=\"p-grid p-grid-cols-4 p-shrink-0 p-w-72 p-snap-start md:p-w-full\">\r\n        <div class=\"p-col-span-1 p-self-center p-text-center p-text-3xl\">\r\n            <i class=\"icon-influx\"><\/i>\r\n        <\/div>\r\n        <div class=\"p-col-span-3 p-flex p-flex-col p-items-start\">\r\n            <div class=\"p-text-start p-text-secondary p-mb-1 p-bold\"> Zustrom <\/div>\r\n            <div class=\"p-w-full p-bg-light p-rounded-full p-h-2 p-relative\">\r\n                <div class=\"p-bg-primary p-h-2 p-rounded-full p-absolute\" style=\"width: 40%;\"><\/div>\r\n            <\/div>\r\n        <\/div>\r\n    <\/div>\r\n\r\n    <div class=\"p-grid p-grid-cols-4 p-shrink-0 p-w-72 p-snap-start md:p-w-full\">\r\n        <div class=\"p-col-span-1 p-self-center p-text-center p-text-3xl\">\r\n            <i class=\"icon-difficulty\"><\/i>\r\n        <\/div>\r\n        <div class=\"p-col-span-3 p-flex p-flex-col p-items-start\">\r\n            <div class=\"p-text-start p-text-secondary p-mb-1 p-bold\"> Schwierigkeitsgrad <\/div>\r\n            <div class=\"p-w-full p-bg-light p-rounded-full p-h-2 p-relative\">\r\n                <div class=\"p-bg-primary p-h-2 p-rounded-full p-absolute\" style=\"width: 40%;\"><\/div>\r\n            <\/div>\r\n        <\/div>\r\n    <\/div>\r\n\r\n    <div class=\"p-grid p-grid-cols-4 p-shrink-0 p-w-72 p-snap-start md:p-w-full\">\r\n        <div class=\"p-col-span-1 p-self-center p-text-center p-text-3xl\">\r\n            <i class=\"icon-patrimony\"><\/i>\r\n        <\/div>\r\n        <div class=\"p-col-span-3 p-flex p-flex-col p-items-start\">\r\n            <div class=\"p-text-start p-text-secondary p-mb-1 p-bold\"> Kunst\/Geschichte <\/div>\r\n            <div class=\"p-w-full p-bg-light p-rounded-full p-h-2 p-relative\">\r\n                <div class=\"p-bg-primary p-h-2 p-rounded-full p-absolute\" style=\"width: 20%;\"><\/div>\r\n            <\/div>\r\n        <\/div>\r\n    <\/div>\r\n\r\n    <div class=\"p-grid p-grid-cols-4 p-shrink-0 p-w-72 p-snap-start md:p-w-full\">\r\n        <div class=\"p-col-span-1 p-self-center p-text-center p-text-3xl\">\r\n            <i class=\"icon-nature\"><\/i>\r\n        <\/div>\r\n        <div class=\"p-col-span-3 p-flex p-flex-col p-items-start\">\r\n            <div class=\"p-text-start p-text-secondary p-mb-1 p-bold\"> Natur <\/div>\r\n            <div class=\"p-w-full p-bg-light p-rounded-full p-h-2 p-relative\">\r\n                <div class=\"p-bg-primary p-h-2 p-rounded-full p-absolute\" style=\"width: 20%;\"><\/div>\r\n            <\/div>\r\n        <\/div>\r\n    <\/div>\r\n\r\n    <div class=\"p-grid p-grid-cols-4 p-shrink-0 p-w-72 p-snap-start md:p-w-full\">\r\n        <div class=\"p-col-span-1 p-self-center p-text-center p-text-3xl\">\r\n            <i class=\"icon-urban\"><\/i>\r\n        <\/div>\r\n        <div class=\"p-col-span-3 p-flex p-flex-col p-items-start\">\r\n            <div class=\"p-text-start p-text-secondary p-mb-1 p-bold\"> St\u00e4dtischer Weg <\/div>\r\n            <div class=\"p-w-full p-bg-light p-rounded-full p-h-2 p-relative\">\r\n                <div class=\"p-bg-primary p-h-2 p-rounded-full p-absolute\" style=\"width: 20%;\"><\/div>\r\n            <\/div>\r\n        <\/div>\r\n    <\/div>\r\n  <\/div>\r\n<\/section>\n<\/section>\n\n<div id=\"stage-list-section\"><div class=\"stage-list\">\n    <div class='stage-list__map-card'>\n        <div class='stage-list__map-card__map'>\n            <div class='stage-list__map-card__map__text'>\n                <h2> Pages <\/h2>\n                <p> Zu Fu\u00df<\/p>\n                <p> 0etappen<\/p>\n            <\/div>\n            <div class='stage-list__map-card__map__img'>\n                <img decoding=\"async\" src=\"\" alt=\" mapa \" \/>\n            <\/div>\n        <\/div>\n    <\/div>\n\n    <\/div>\n<\/div>\n\n<section id=\"navStage\">\n  <div>\n    <nav id=\"tab-navigation-section\" class=\"tab-navigation-section--cols-5\">\n      <a href=\"#infoSection\" class=\"active\">Information<\/a>\n       <a href=\"#profileSection\">Profil<\/a>\n       <a href=\"#itinerarySection\">Route<\/a>\n       <a href=\"#locationsSection\">Ortschaften<\/a>\n    <\/nav>\n\n    <div id=\"infoSection\">\n      <!-- Title Section with Orange Line -->\n      <div>\n        <h2 class=\"p-h2-stage\">Information<\/h2>\n        <hr class=\"orange-bar\" \/>\n        <h3 class=\"p-h3-stage\">\u00dcber diese Etappe<\/h3>\n      <\/div>\n\n      \n        <p>Heute werden wir etwas mehr als drei\u00dfig Kilometer zur\u00fccklegen, vorbei an Orten wie Cucuj\u00e3es, mit viel Geschichte: ein obligatorischer Halt, um das Kloster zu besuchen. Wir haben die M\u00f6glichkeit in Arrifama oder Lourosa diese Etappe zu beenden- oder weiter nach Grij\u00f3 zu wandern; &#8222;freguesia&#8220;, die der Gemeinde Vila Nova de Gaia angeh\u00f6rt.<\/p>\n      \n\n      <div class=\"recomendation-card\">\n        <div>\n          <i class=\"icon-logo-pilgrim\"><\/i>\n          <h5>Empfehlung Pilgrim<\/h5>\n        <\/div>\n\n        \n          <p>Wir werden mehrere Bev\u00f6lkerungskerne durchqueren und an vielen anderen vorbeikommen: So haben wir immer die M\u00f6glichkeit, leicht von der Route abzuweichen, um Dienstleistungen jeder Art zu finden. In Grij\u00f3 werden wir weder eine Herberge noch andere Unterk\u00fcnfte finden, um die Nacht zu verbringen. Wir m\u00fcssten also das Zentrum von Vila Nova de Gaia erreichen oder vorher in der Herberge von Arrifana oder S\u00e3o Jo\u00e3o da Madeira \u00fcbernachten. Diese Etappe weist keine zus\u00e4tzlichen Schwierigkeiten f\u00fcr Radfahrer oder Personen mit eingeschr\u00e4nkter Bewegungsfreiheit auf.<\/p>\n        \n      <\/div>\n    <\/div>\n\n    <div id=\"profileSection\">\n      <div>\n        <h2 class=\"p-h2-stage\">Entfernung und H\u00f6he<\/h2>\n        <hr class=\"orange-bar\" \/>\n        <h3 class=\"p-h3-stage\">Etappenprofil<\/h3>\n        <img decoding=\"async\" src=\"https:\/\/cdn.pilgrim.es\/web\/caminos\/camino-portugues\/etapas\/etapa-13\/etapa13_perfil-oliveira-de-azemeis-grijo.jpg\" alt=\"Stage profile etappe-13-oliveira-de-azemeis-grijo\" \/>\n      <\/div>\n    <\/div>\n\n    <div id=\"itinerarySection\">\n      <h2 class=\"p-h2-stage\">Route<\/h2>\n      <hr \/>\n      <h3 class=\"p-h3-stage\">Itinerary<\/h3>\n\n      \n        <div>\n          <h4>Km 0 &#8211; Inicio<\/h4>\n\n          \n            <p>Wenn wir Oliveira von seiner Hauptkirche aus verlassen, m\u00fcssen wir links in die Stra\u00dfen &#8222;Bento Carqueja&#8220; und &#8222;Da Industria&#8220; einbiegen. Anschlie\u00dfend \u00fcberqueren wir eine Br\u00fccke und gehen weiter in Richtung Cucuj\u00e3es: vor dem &#8222;Ponte do Salgueiro&#8220; (Br\u00fccke) biegen wir rechts ab. Es ist eine Region mit privilegierten geographischen und nat\u00fcrlichen Bedingungen und beg\u00fcnstigte die Ansiedlung vieler V\u00f6lker und Kulturen, wie die T\u00fardulos und sp\u00e4ter der R\u00f6mer, Sueben, Westgoten und Araber. Etwas weiter nach dieser Br\u00fccke kommen wir an das &#8222;S\u00e3o Martinho do Couto de Cucuj\u00e3es&#8220;- Benediktinerkloster, das dem &#8222;San Bento&#8220;- Orden angeh\u00f6rt. Ein wenig sp\u00e4ter verlassen wir den Asphalt, um nach O Couto aufzusteigen, dann wieder hinunter, auf eine andere mittelalterliche Br\u00fccke zu, und steigen schlie\u00dflich zum Ort von Faria de Cima wieder auf. Wenn wir letztere Ortschaft erreichen, biegen wir links in die &#8222;Largo da Senhora dos Milagres&#8220;- Stra\u00dfe und die &#8222;Avenida Doutor Renato Araujo&#8220; ein, bis wir nach dem zweiten Rondell eine Azweigung nach rechts nehmen. Konkret gehen wir weiter auf der &#8222;Padre Ant\u00f3nio Maria Pinho&#8220;- Stra\u00dfe und kommen an der &#8222;S\u00e3o Jo\u00e3o da Madeira&#8220;- Kirche vorbei, die im XIX. Jahrhundert erbaut wurde und &#8222;San Jo\u00e3o Baptista&#8220; (Johannes der T\u00e4ufer) gewidmet ist.<\/p>\n          \n            <p>Dieser Tempel zeichnet sich durch die N\u00fcchternheit seiner \u00e4u\u00dferen Linien aus. Nach diesem Halt gehen wir links weiter in die &#8222;Largo Luis Ribeiro&#8220;- Stra\u00dfe, von der wir wieder nach links in die Stra\u00dfen &#8222;Oliveira J\u00fanior&#8220; und sp\u00e4ter die &#8222;Da Fundi\u00e7\u00e3o&#8220; einbiegen; womit wir schlie\u00dflich diese Region verlassen. Entlang der &#8222;De V\u00e1zea&#8220;- Stra\u00dfe, in Richtung Arrifana, kommen wir an der &#8222;Senhora do O&#8220;- Kapelle vorbei und nehmen daraufhin die &#8222;Largo da Igreja&#8220;- Stra\u00dfe aufw\u00e4rts. Nach einer Reihe von Landwegen und Stra\u00dfen n\u00e4hern wir uns Infesas. Haben wir die Ortschaft hinter uns gelassen, m\u00fcssen wir rechts abbiegen und bergauf in Richtung einer Wohnsiedlung gehen. Dieser Weg f\u00fchrt sp\u00e4ter an die uns bereits bekannte Schnellstra\u00dfe IC2, der wir bis Malaposta folgen.<\/p>\n          \n            <p>Von hier aus wandern wir entlang der R\u00f6merstra\u00dfe durch die Orte Airas, Carvalhosa, Monte Grande und Lourosa, wo wir erneut die Schnellstra\u00dfe bis Ordem aufnehmen. Beim Verlassen dieser Ortschaft biegen wir links ab, \u00fcberqueren die asphaltierte Stra\u00dfe mit gro\u00dfer Vorsicht und erreichen so Ermil und wenige Meter weiter, Goda. Grij\u00f3 ist nur knapp f\u00fcnf Kilometer entfernt, wenn wir die Abzweigungen \u00fcber Loureiro de Baixo und Santa Rita nehmen.<\/p>\n          \n            <p>Auf diesem Weg erreichen wir die &#8222;freguesia&#8220; (Gemeinde) Grij\u00f3, die dem Rathaus von Vila Nova de Gaia angeh\u00f6rt. Wie d\u00fcrfen uns den Besuch des wundersch\u00f6nen &#8222;S\u00e3o Salvador&#8220;- Klosters nicht entgehen lassen. Es ist auch als &#8222;Mosteiro de Grij\u00f3&#8220; bekannt, und hat seine Wurzeln im &#8222;Santo Agostinho&#8220;- Orden des X. Jahrhunderts. Sein Inneres verbirgt eines der \u00e4ltesten Grabm\u00e4ler des ganzen Landes, in dem die \u00dcberreste von Rodrigo Sanches von Portugal, (unehelicher) Sohn des K\u00f6nigs Sancho I von Portugal, ruhen.<\/p>\n          \n\n          \n            <a class=\"town-link\" href=\"https:\/\/www.pilgrim.es\/de\/portugiesischer-weg\/oliveira-de-azemeis\/\">\n              <div class=\"town-link__link-content\">\n                <div class=\"town-link__link-content__text\">\n                  <p>Lokale Informationen<\/p>\n                  <p>Polizei, medizinische Versorgung, Sehensw\u00fcrdigkeiten, Restaurants&#8230;<\/p>\n                <\/div>\n                <div class=\"town-link__link-content__town-btn\">\n                  <i class=\"icon-arrow\"><\/i>\n                <\/div>\n              <\/div>\n            <\/a>\n          \n        <\/div>\n        <hr \/>\n      \n      <div>\n        <h4>Km 28.1 &#8231; Grij\u00f3<\/h4>\n        <a class=\"town-link\" href=\"https:\/\/www.pilgrim.es\/de\/portugiesischer-weg\/grijo\/\">\n          <div class=\"town-link__link-content\">\n            <div class=\"town-link__link-content__text\">\n              <p>Lokale Informationen<\/p>\n              <p>Polizei, medizinische Versorgung, Sehensw\u00fcrdigkeiten, Restaurants&#8230;<\/p>\n            <\/div>\n            <div class=\"town-link__link-content__town-btn\">\n              <i class=\"icon-arrow\"><\/i>\n            <\/div>\n          <\/div>\n        <\/a>\n      <\/div>\n    <\/div>\n\n  <div id=\"locationsSection\">\n      <h2 class=\"p-h2-stage\">\u00d6rtlichkeiten<\/h2>\n      <hr \/>\n      <h3 class=\"p-h3-stage\">St\u00e4dte<\/h3>\n      <div class=\"grid-container\">\n\n        <div class=\"p-group card-stage p-max-w-full\">\n          <a href=\"https:\/\/www.pilgrim.es\/de\/portugiesischer-weg\/oliveira-de-azemeis\/\" class=\"town-card\">\n            <div class=\"card-stage__header\">\n              <img decoding=\"async\" src=\"https:\/\/cdn.pilgrim.es\/web\/caminos\/camino-portugues\/pueblos\/oliveira-de-azemeis\/oliveira-de-azemeis.jpg\" alt=\"Oliveira de Azem\u00e9is\" class=\"group-hover:p-scale-110\" \/>\n              <div class=\"card-overlay group-hover:p-opacity-50\"><\/div>\n            <\/div>\n            <div class=\"town-card__flex-container\">\n              <div class=\"town-card__flex-container__info\">\n                <h3>Oliveira de Azem\u00e9is<\/h3>\n                <p>Distrito: Aveiro<\/p>\n              <\/div>\n              <div class=\"town-card__flex-container__btn\">\n                <i class=\"icon-arrow\"><\/i>\n              <\/div>\n            <\/div>\n          <\/a>\n        <\/div>\n        <div class=\"p-group card-stage p-max-w-full\">\n          <a href=\"https:\/\/www.pilgrim.es\/de\/portugiesischer-weg\/grijo\/\" class=\"town-card\">\n            <div class=\"card-stage__header\">\n              <img decoding=\"async\" src=\"https:\/\/cdn.pilgrim.es\/web\/caminos\/camino-portugues\/pueblos\/grijo\/grijo.jpg\" alt=\"Grij\u00f3\" class=\"group-hover:p-scale-110\" \/>\n              <div class=\"card-overlay group-hover:p-opacity-50\"><\/div>\n            <\/div>\n            <div class=\"town-card__flex-container\">\n              <div class=\"town-card__flex-container__info\">\n                <h3>Grij\u00f3<\/h3>\n                <p>Distrito: Porto<\/p>\n              <\/div>\n              <div class=\"town-card__flex-container__btn\">\n                <i class=\"icon-arrow\"><\/i>\n              <\/div>\n            <\/div>\n          <\/a>\n        <\/div>\n      <\/div>\n    <\/div>\n    <hr class=\"single-bar\" \/>\n  <\/div>\n<\/section>\n\n<section id=\"stageChange\">\n  <div>\n    <a href=\"https:\/\/www.pilgrim.es\/de\/portugiesischer-weg\/etappe-12-albergaria-a-velha-oliveira-de-azemeis\/\" class=\"change-btn\">\n    <div class=\"change-btn\">\n      <div class=\"btn-arrow previous\">\n        <i class=\"icon-arrow\"><\/i>\n      <\/div>\n      <div class=\"change-btn__info\">\n        <div>Etappe 12<\/div>\n        <p>\n          Albergaria-a-Velha \u276f <br> Oliveira de Azem\u00e9is\n        <\/p>\n      <\/div>\n    <\/div>\n    <\/a>\n    <a href=\"https:\/\/www.pilgrim.es\/de\/portugiesischer-weg\/etappe-14-grijo-oporto\/\" class=\"change-btn\">\n      <div class=\"change-btn__info\">\n        <div>Etappe 14<\/div>\n        <p>\n          Grij\u00f3 \u276f <br> Oporto\n        <\/p>\n      <\/div>\n      <div class=\"btn-arrow\">\n        <i class=\"icon-arrow\"><\/i>\n      <\/div>\n    <\/a>\n  <\/div>\n<\/section>\n","protected":false},"excerpt":{"rendered":"<p>Portugiesischer Weg: Etappe 13 Walk 25 Etappe \/ 620 Kms Oliveira de Azem\u00e9is &#10093; Grij\u00f3 28.1 Km &#10094; Etappe 12 Etappe 14 &#10095; Information Profil Route Ortschaften Information \u00dcber diese Etappe Heute werden wir etwas mehr als drei\u00dfig Kilometer zur\u00fccklegen, vorbei an Orten wie Cucuj\u00e3es, mit viel Geschichte: ein obligatorischer Halt, um das Kloster zu &hellip; <\/p>\n<p class=\"read_more\"><a href=\"https:\/\/www.pilgrim.es\/de\/portugiesischer-weg\/etappe-13-oliveira-de-azemeis-grijo\/\">Leer m\u00e1s<\/a><\/p>\n","protected":false},"author":4,"featured_media":12530,"parent":10665,"menu_order":0,"comment_status":"closed","ping_status":"closed","template":"views\/template-new-web-design.blade.php","meta":{"footnotes":""},"categories":[],"tags":[],"class_list":["post-36424","page","type-page","status-publish","has-post-thumbnail","hentry"],"yoast_head":"<!-- This site is optimized with the Yoast SEO plugin v27.4 - https:\/\/yoast.com\/product\/yoast-seo-wordpress\/ -->\n<title>Camino Portugu\u00e9s desde Oliveira de Azem\u00e9is a Grij\u00f3 | Camino de Santiago<\/title>\n<meta name=\"description\" content=\"Portugiesischer Weg: Etappe 12 des Jakobsweges,der zwischen Oliveira de Azem\u00e9is und Grij\u00f3 verl\u00e4uft. Entdecken Sie alle notwendigen Informationen und planen Sie Ihre Etappe.\" \/>\n<meta name=\"robots\" content=\"index, follow, max-snippet:-1, max-image-preview:large, max-video-preview:-1\" \/>\n<link rel=\"canonical\" href=\"https:\/\/www.pilgrim.es\/de\/portugiesischer-weg\/etappe-13-oliveira-de-azemeis-grijo\/\" \/>\n<meta property=\"og:locale\" content=\"de_DE\" \/>\n<meta property=\"og:type\" content=\"article\" \/>\n<meta property=\"og:title\" content=\"Camino Portugu\u00e9s desde Oliveira de Azem\u00e9is a Grij\u00f3 | Camino de Santiago\" \/>\n<meta property=\"og:description\" content=\"Portugiesischer Weg: Etappe 12 des Jakobsweges,der zwischen Oliveira de Azem\u00e9is und Grij\u00f3 verl\u00e4uft. Entdecken Sie alle notwendigen Informationen und planen Sie Ihre Etappe.\" \/>\n<meta property=\"og:url\" content=\"https:\/\/www.pilgrim.es\/de\/portugiesischer-weg\/etappe-13-oliveira-de-azemeis-grijo\/\" \/>\n<meta property=\"og:site_name\" content=\"Pilgrim\" \/>\n<meta property=\"article:publisher\" content=\"https:\/\/www.facebook.com\/pilgrim.es\/\" \/>\n<meta property=\"article:modified_time\" content=\"2025-08-06T07:55:24+00:00\" \/>\n<meta property=\"og:image\" content=\"https:\/\/www.pilgrim.es\/wp-content\/uploads\/2019\/03\/camino_portugues_etapa_13.jpg\" \/>\n\t<meta property=\"og:image:width\" content=\"1633\" \/>\n\t<meta property=\"og:image:height\" content=\"549\" \/>\n\t<meta property=\"og:image:type\" content=\"image\/jpeg\" \/>\n<meta name=\"twitter:card\" content=\"summary_large_image\" \/>\n<meta name=\"twitter:site\" content=\"@pilgrim_es\" \/>\n<meta name=\"twitter:label1\" content=\"Gesch\u00e4tzte Lesezeit\" \/>\n\t<meta name=\"twitter:data1\" content=\"4\u00a0Minuten\" \/>\n<script type=\"application\/ld+json\" class=\"yoast-schema-graph\">{\"@context\":\"https:\\\/\\\/schema.org\",\"@graph\":[{\"@type\":\"WebPage\",\"@id\":\"https:\\\/\\\/www.pilgrim.es\\\/de\\\/portugiesischer-weg\\\/etappe-13-oliveira-de-azemeis-grijo\\\/\",\"url\":\"https:\\\/\\\/www.pilgrim.es\\\/de\\\/portugiesischer-weg\\\/etappe-13-oliveira-de-azemeis-grijo\\\/\",\"name\":\"Camino Portugu\u00e9s desde Oliveira de Azem\u00e9is a Grij\u00f3 | Camino de Santiago\",\"isPartOf\":{\"@id\":\"https:\\\/\\\/www.pilgrim.es\\\/de\\\/#website\"},\"primaryImageOfPage\":{\"@id\":\"https:\\\/\\\/www.pilgrim.es\\\/de\\\/portugiesischer-weg\\\/etappe-13-oliveira-de-azemeis-grijo\\\/#primaryimage\"},\"image\":{\"@id\":\"https:\\\/\\\/www.pilgrim.es\\\/de\\\/portugiesischer-weg\\\/etappe-13-oliveira-de-azemeis-grijo\\\/#primaryimage\"},\"thumbnailUrl\":\"https:\\\/\\\/www.pilgrim.es\\\/wp-content\\\/uploads\\\/2019\\\/03\\\/camino_portugues_etapa_13.jpg\",\"datePublished\":\"2019-04-26T17:29:38+00:00\",\"dateModified\":\"2025-08-06T07:55:24+00:00\",\"description\":\"Portugiesischer Weg: Etappe 12 des Jakobsweges,der zwischen Oliveira de Azem\u00e9is und Grij\u00f3 verl\u00e4uft. Entdecken Sie alle notwendigen Informationen und planen Sie Ihre Etappe.\",\"breadcrumb\":{\"@id\":\"https:\\\/\\\/www.pilgrim.es\\\/de\\\/portugiesischer-weg\\\/etappe-13-oliveira-de-azemeis-grijo\\\/#breadcrumb\"},\"inLanguage\":\"de\",\"potentialAction\":[{\"@type\":\"ReadAction\",\"target\":[\"https:\\\/\\\/www.pilgrim.es\\\/de\\\/portugiesischer-weg\\\/etappe-13-oliveira-de-azemeis-grijo\\\/\"]}]},{\"@type\":\"ImageObject\",\"inLanguage\":\"de\",\"@id\":\"https:\\\/\\\/www.pilgrim.es\\\/de\\\/portugiesischer-weg\\\/etappe-13-oliveira-de-azemeis-grijo\\\/#primaryimage\",\"url\":\"https:\\\/\\\/www.pilgrim.es\\\/wp-content\\\/uploads\\\/2019\\\/03\\\/camino_portugues_etapa_13.jpg\",\"contentUrl\":\"https:\\\/\\\/www.pilgrim.es\\\/wp-content\\\/uploads\\\/2019\\\/03\\\/camino_portugues_etapa_13.jpg\",\"width\":1633,\"height\":549,\"caption\":\"Landkarte Etappe 13 Portugiesischer Weg\"},{\"@type\":\"BreadcrumbList\",\"@id\":\"https:\\\/\\\/www.pilgrim.es\\\/de\\\/portugiesischer-weg\\\/etappe-13-oliveira-de-azemeis-grijo\\\/#breadcrumb\",\"itemListElement\":[{\"@type\":\"ListItem\",\"position\":1,\"name\":\"Camino de Santiago\",\"item\":\"https:\\\/\\\/www.pilgrim.es\\\/de\\\/\"},{\"@type\":\"ListItem\",\"position\":2,\"name\":\"Portugiesischer Weg\",\"item\":\"https:\\\/\\\/www.pilgrim.es\\\/de\\\/portugiesischer-weg\\\/\"},{\"@type\":\"ListItem\",\"position\":3,\"name\":\"Portugiesischer Weg | Etappe 13: Oliveira de Azem\u00e9is &#8211; Grij\u00f3\"}]},{\"@type\":\"WebSite\",\"@id\":\"https:\\\/\\\/www.pilgrim.es\\\/de\\\/#website\",\"url\":\"https:\\\/\\\/www.pilgrim.es\\\/de\\\/\",\"name\":\"Pilgrim\",\"description\":\"Camino de Santiago | Caminamos Contigo\",\"publisher\":{\"@id\":\"https:\\\/\\\/www.pilgrim.es\\\/de\\\/#organization\"},\"potentialAction\":[{\"@type\":\"SearchAction\",\"target\":{\"@type\":\"EntryPoint\",\"urlTemplate\":\"https:\\\/\\\/www.pilgrim.es\\\/de\\\/?s={search_term_string}\"},\"query-input\":{\"@type\":\"PropertyValueSpecification\",\"valueRequired\":true,\"valueName\":\"search_term_string\"}}],\"inLanguage\":\"de\"},{\"@type\":\"Organization\",\"@id\":\"https:\\\/\\\/www.pilgrim.es\\\/de\\\/#organization\",\"name\":\"Pilgrim Camino de Santiago\",\"url\":\"https:\\\/\\\/www.pilgrim.es\\\/de\\\/\",\"logo\":{\"@type\":\"ImageObject\",\"inLanguage\":\"de\",\"@id\":\"https:\\\/\\\/www.pilgrim.es\\\/de\\\/#\\\/schema\\\/logo\\\/image\\\/\",\"url\":\"https:\\\/\\\/www.pilgrim.es\\\/wp-content\\\/uploads\\\/2019\\\/04\\\/logo_pilgrim.png\",\"contentUrl\":\"https:\\\/\\\/www.pilgrim.es\\\/wp-content\\\/uploads\\\/2019\\\/04\\\/logo_pilgrim.png\",\"width\":512,\"height\":512,\"caption\":\"Pilgrim Camino de Santiago\"},\"image\":{\"@id\":\"https:\\\/\\\/www.pilgrim.es\\\/de\\\/#\\\/schema\\\/logo\\\/image\\\/\"},\"sameAs\":[\"https:\\\/\\\/www.facebook.com\\\/pilgrim.es\\\/\",\"https:\\\/\\\/x.com\\\/pilgrim_es\",\"https:\\\/\\\/www.instagram.com\\\/pilgrim.es\\\/\",\"https:\\\/\\\/www.linkedin.com\\\/company\\\/pilgrim-camino-de-santiago\\\/\",\"https:\\\/\\\/www.pinterest.es\\\/pilgrimcaminodesantiago\\\/\",\"https:\\\/\\\/www.youtube.com\\\/channel\\\/UCIv2ZzFLXVqthkNF32rKedw\\\/featured\"]}]}<\/script>\n<!-- \/ Yoast SEO plugin. -->","yoast_head_json":{"title":"Camino Portugu\u00e9s desde Oliveira de Azem\u00e9is a Grij\u00f3 | Camino de Santiago","description":"Portugiesischer Weg: Etappe 12 des Jakobsweges,der zwischen Oliveira de Azem\u00e9is und Grij\u00f3 verl\u00e4uft. Entdecken Sie alle notwendigen Informationen und planen Sie Ihre Etappe.","robots":{"index":"index","follow":"follow","max-snippet":"max-snippet:-1","max-image-preview":"max-image-preview:large","max-video-preview":"max-video-preview:-1"},"canonical":"https:\/\/www.pilgrim.es\/de\/portugiesischer-weg\/etappe-13-oliveira-de-azemeis-grijo\/","og_locale":"de_DE","og_type":"article","og_title":"Camino Portugu\u00e9s desde Oliveira de Azem\u00e9is a Grij\u00f3 | Camino de Santiago","og_description":"Portugiesischer Weg: Etappe 12 des Jakobsweges,der zwischen Oliveira de Azem\u00e9is und Grij\u00f3 verl\u00e4uft. Entdecken Sie alle notwendigen Informationen und planen Sie Ihre Etappe.","og_url":"https:\/\/www.pilgrim.es\/de\/portugiesischer-weg\/etappe-13-oliveira-de-azemeis-grijo\/","og_site_name":"Pilgrim","article_publisher":"https:\/\/www.facebook.com\/pilgrim.es\/","article_modified_time":"2025-08-06T07:55:24+00:00","og_image":[{"width":1633,"height":549,"url":"https:\/\/www.pilgrim.es\/wp-content\/uploads\/2019\/03\/camino_portugues_etapa_13.jpg","type":"image\/jpeg"}],"twitter_card":"summary_large_image","twitter_site":"@pilgrim_es","twitter_misc":{"Gesch\u00e4tzte Lesezeit":"4\u00a0Minuten"},"schema":{"@context":"https:\/\/schema.org","@graph":[{"@type":"WebPage","@id":"https:\/\/www.pilgrim.es\/de\/portugiesischer-weg\/etappe-13-oliveira-de-azemeis-grijo\/","url":"https:\/\/www.pilgrim.es\/de\/portugiesischer-weg\/etappe-13-oliveira-de-azemeis-grijo\/","name":"Camino Portugu\u00e9s desde Oliveira de Azem\u00e9is a Grij\u00f3 | Camino de Santiago","isPartOf":{"@id":"https:\/\/www.pilgrim.es\/de\/#website"},"primaryImageOfPage":{"@id":"https:\/\/www.pilgrim.es\/de\/portugiesischer-weg\/etappe-13-oliveira-de-azemeis-grijo\/#primaryimage"},"image":{"@id":"https:\/\/www.pilgrim.es\/de\/portugiesischer-weg\/etappe-13-oliveira-de-azemeis-grijo\/#primaryimage"},"thumbnailUrl":"https:\/\/www.pilgrim.es\/wp-content\/uploads\/2019\/03\/camino_portugues_etapa_13.jpg","datePublished":"2019-04-26T17:29:38+00:00","dateModified":"2025-08-06T07:55:24+00:00","description":"Portugiesischer Weg: Etappe 12 des Jakobsweges,der zwischen Oliveira de Azem\u00e9is und Grij\u00f3 verl\u00e4uft. Entdecken Sie alle notwendigen Informationen und planen Sie Ihre Etappe.","breadcrumb":{"@id":"https:\/\/www.pilgrim.es\/de\/portugiesischer-weg\/etappe-13-oliveira-de-azemeis-grijo\/#breadcrumb"},"inLanguage":"de","potentialAction":[{"@type":"ReadAction","target":["https:\/\/www.pilgrim.es\/de\/portugiesischer-weg\/etappe-13-oliveira-de-azemeis-grijo\/"]}]},{"@type":"ImageObject","inLanguage":"de","@id":"https:\/\/www.pilgrim.es\/de\/portugiesischer-weg\/etappe-13-oliveira-de-azemeis-grijo\/#primaryimage","url":"https:\/\/www.pilgrim.es\/wp-content\/uploads\/2019\/03\/camino_portugues_etapa_13.jpg","contentUrl":"https:\/\/www.pilgrim.es\/wp-content\/uploads\/2019\/03\/camino_portugues_etapa_13.jpg","width":1633,"height":549,"caption":"Landkarte Etappe 13 Portugiesischer Weg"},{"@type":"BreadcrumbList","@id":"https:\/\/www.pilgrim.es\/de\/portugiesischer-weg\/etappe-13-oliveira-de-azemeis-grijo\/#breadcrumb","itemListElement":[{"@type":"ListItem","position":1,"name":"Camino de Santiago","item":"https:\/\/www.pilgrim.es\/de\/"},{"@type":"ListItem","position":2,"name":"Portugiesischer Weg","item":"https:\/\/www.pilgrim.es\/de\/portugiesischer-weg\/"},{"@type":"ListItem","position":3,"name":"Portugiesischer Weg | Etappe 13: Oliveira de Azem\u00e9is &#8211; Grij\u00f3"}]},{"@type":"WebSite","@id":"https:\/\/www.pilgrim.es\/de\/#website","url":"https:\/\/www.pilgrim.es\/de\/","name":"Pilgrim","description":"Camino de Santiago | Caminamos Contigo","publisher":{"@id":"https:\/\/www.pilgrim.es\/de\/#organization"},"potentialAction":[{"@type":"SearchAction","target":{"@type":"EntryPoint","urlTemplate":"https:\/\/www.pilgrim.es\/de\/?s={search_term_string}"},"query-input":{"@type":"PropertyValueSpecification","valueRequired":true,"valueName":"search_term_string"}}],"inLanguage":"de"},{"@type":"Organization","@id":"https:\/\/www.pilgrim.es\/de\/#organization","name":"Pilgrim Camino de Santiago","url":"https:\/\/www.pilgrim.es\/de\/","logo":{"@type":"ImageObject","inLanguage":"de","@id":"https:\/\/www.pilgrim.es\/de\/#\/schema\/logo\/image\/","url":"https:\/\/www.pilgrim.es\/wp-content\/uploads\/2019\/04\/logo_pilgrim.png","contentUrl":"https:\/\/www.pilgrim.es\/wp-content\/uploads\/2019\/04\/logo_pilgrim.png","width":512,"height":512,"caption":"Pilgrim Camino de Santiago"},"image":{"@id":"https:\/\/www.pilgrim.es\/de\/#\/schema\/logo\/image\/"},"sameAs":["https:\/\/www.facebook.com\/pilgrim.es\/","https:\/\/x.com\/pilgrim_es","https:\/\/www.instagram.com\/pilgrim.es\/","https:\/\/www.linkedin.com\/company\/pilgrim-camino-de-santiago\/","https:\/\/www.pinterest.es\/pilgrimcaminodesantiago\/","https:\/\/www.youtube.com\/channel\/UCIv2ZzFLXVqthkNF32rKedw\/featured"]}]}},"_links":{"self":[{"href":"https:\/\/www.pilgrim.es\/de\/wp-json\/wp\/v2\/pages\/36424","targetHints":{"allow":["GET"]}}],"collection":[{"href":"https:\/\/www.pilgrim.es\/de\/wp-json\/wp\/v2\/pages"}],"about":[{"href":"https:\/\/www.pilgrim.es\/de\/wp-json\/wp\/v2\/types\/page"}],"author":[{"embeddable":true,"href":"https:\/\/www.pilgrim.es\/de\/wp-json\/wp\/v2\/users\/4"}],"replies":[{"embeddable":true,"href":"https:\/\/www.pilgrim.es\/de\/wp-json\/wp\/v2\/comments?post=36424"}],"version-history":[{"count":6,"href":"https:\/\/www.pilgrim.es\/de\/wp-json\/wp\/v2\/pages\/36424\/revisions"}],"predecessor-version":[{"id":134415,"href":"https:\/\/www.pilgrim.es\/de\/wp-json\/wp\/v2\/pages\/36424\/revisions\/134415"}],"up":[{"embeddable":true,"href":"https:\/\/www.pilgrim.es\/de\/wp-json\/wp\/v2\/pages\/10665"}],"wp:featuredmedia":[{"embeddable":true,"href":"https:\/\/www.pilgrim.es\/de\/wp-json\/wp\/v2\/media\/12530"}],"wp:attachment":[{"href":"https:\/\/www.pilgrim.es\/de\/wp-json\/wp\/v2\/media?parent=36424"}],"wp:term":[{"taxonomy":"category","embeddable":true,"href":"https:\/\/www.pilgrim.es\/de\/wp-json\/wp\/v2\/categories?post=36424"},{"taxonomy":"post_tag","embeddable":true,"href":"https:\/\/www.pilgrim.es\/de\/wp-json\/wp\/v2\/tags?post=36424"}],"curies":[{"name":"wp","href":"https:\/\/api.w.org\/{rel}","templated":true}]}}