{"id":35768,"date":"2019-04-23T10:38:46","date_gmt":"2019-04-23T10:38:46","guid":{"rendered":"https:\/\/desarrollo.pilgrim.es\/portugiesischer-weg\/etappe-7-alvaiazere-rabacal\/"},"modified":"2025-08-06T07:38:23","modified_gmt":"2025-08-06T07:38:23","slug":"etappe-7-alvaiazere-rabacal","status":"publish","type":"page","link":"https:\/\/www.pilgrim.es\/de\/portugiesischer-weg\/etappe-7-alvaiazere-rabacal\/","title":{"rendered":"Portugiesischer Weg | Etappe 7: Alvai\u00e1zere &#8211; Raba\u00e7al"},"content":{"rendered":"\n<section id=\"heroStage\">\n  <h1>Portugiesischer Weg: Etappe 7<\/h1>\n  <div>\n    <div class=\"hero\" data-background=\"https:\/\/cdn.pilgrim.es\/web\/caminos\/camino-portugues\/pueblos\/alvaiazere\/alvaiazere.jpg\">\n      <div class=\"hero__container\">\n        <div class=\"hero__container__labels\">\n          <p>Walk<\/p>\n          <p>25 Etappe \/ 620 Kms<\/p>\n        <\/div>\n        <div class=\"hero__container__stage-name\">\n          <h2>\n            Alvai\u00e1zere <br \/>\n            <span>&#10093;<\/span>\n            Raba\u00e7al\n          <\/h2>\n          <p>31.7 Km<\/p>\n        <\/div>\n        <div class=\"hero__container__stage-changer\">\n            <div class=\"stage-control\">\n              <a class=\"stage-control__link\" href=\"https:\/\/www.pilgrim.es\/de\/portugiesischer-weg\/etappe-6-tomar-alvaiazere\/\"><span>&#10094;<\/span> Etappe 6<\/a>\n            <\/div>\n          <div class=\"stage-control\">\n            <a class=\"stage-control__link\" href=\"https:\/\/www.pilgrim.es\/de\/portugiesischer-weg\/etappe-8-rabacal-coimbra\/\">Etappe 8 <span>&#10095;<\/span><\/a>\n          <\/div>\n        <\/div>\n      <\/div>\n    <\/div>\n    <div class=\"planner\"><div\r\n  class=\"p-col-span-1 p-rounded-lg p-px-5 p-h-full\"\r\n  style=\"background-image: url('https:\/\/cdn.pilgrim.es\/web\/pilgrim-planner\/bg-plugin-planificador.webp')\"\r\n  rel=\"preload\"\r\n  fetchpriority=\"high\"\r\n  >\r\n    <div class=\"p-text-center p-pt-5 p-text-white p-text-2xl p-font-semibold\">\r\n      Plane deinen Weg    <\/div>\r\n    <div\r\n            id='primary-app'\r\n            data-name='banner'\r\n            data-api='https:\/\/pathfinder.pilgrim.es\/api\/pathfinder\/v2'\r\n            data-mode='normal'\r\n            data-lang='de'\r\n            data-route='1'\r\n            data-destiny='https:\/\/planificador.pilgrim.es'\r\n            data-modality='1'\r\n            data-inline=''\r\n        ><\/div><\/div><\/div>\n  <\/div>\n<\/section>\n\n<section id=\"scoreBarsStage\">\n  <section>\r\n  <div class=\"p-flex p-flex-nowrap p-space-x-4 p-py-5 p-overflow-x-auto md:p-grid md:p-grid-cols-3 lg:p-grid-cols-5 md:p-gap-8 md:p-space-x-0 md:p-overflow-hidden scrollbar-thin\">\r\n    <div class=\"p-grid p-grid-cols-4 p-shrink-0 p-w-72 p-snap-start md:p-w-full\">\r\n        <div class=\"p-col-span-1 p-self-center p-text-center p-text-3xl\">\r\n            <i class=\"icon-influx\"><\/i>\r\n        <\/div>\r\n        <div class=\"p-col-span-3 p-flex p-flex-col p-items-start\">\r\n            <div class=\"p-text-start p-text-secondary p-mb-1 p-bold\"> Zustrom <\/div>\r\n            <div class=\"p-w-full p-bg-light p-rounded-full p-h-2 p-relative\">\r\n                <div class=\"p-bg-primary p-h-2 p-rounded-full p-absolute\" style=\"width: 60%;\"><\/div>\r\n            <\/div>\r\n        <\/div>\r\n    <\/div>\r\n\r\n    <div class=\"p-grid p-grid-cols-4 p-shrink-0 p-w-72 p-snap-start md:p-w-full\">\r\n        <div class=\"p-col-span-1 p-self-center p-text-center p-text-3xl\">\r\n            <i class=\"icon-difficulty\"><\/i>\r\n        <\/div>\r\n        <div class=\"p-col-span-3 p-flex p-flex-col p-items-start\">\r\n            <div class=\"p-text-start p-text-secondary p-mb-1 p-bold\"> Schwierigkeitsgrad <\/div>\r\n            <div class=\"p-w-full p-bg-light p-rounded-full p-h-2 p-relative\">\r\n                <div class=\"p-bg-primary p-h-2 p-rounded-full p-absolute\" style=\"width: 40%;\"><\/div>\r\n            <\/div>\r\n        <\/div>\r\n    <\/div>\r\n\r\n    <div class=\"p-grid p-grid-cols-4 p-shrink-0 p-w-72 p-snap-start md:p-w-full\">\r\n        <div class=\"p-col-span-1 p-self-center p-text-center p-text-3xl\">\r\n            <i class=\"icon-patrimony\"><\/i>\r\n        <\/div>\r\n        <div class=\"p-col-span-3 p-flex p-flex-col p-items-start\">\r\n            <div class=\"p-text-start p-text-secondary p-mb-1 p-bold\"> Kunst\/Geschichte <\/div>\r\n            <div class=\"p-w-full p-bg-light p-rounded-full p-h-2 p-relative\">\r\n                <div class=\"p-bg-primary p-h-2 p-rounded-full p-absolute\" style=\"width: 40%;\"><\/div>\r\n            <\/div>\r\n        <\/div>\r\n    <\/div>\r\n\r\n    <div class=\"p-grid p-grid-cols-4 p-shrink-0 p-w-72 p-snap-start md:p-w-full\">\r\n        <div class=\"p-col-span-1 p-self-center p-text-center p-text-3xl\">\r\n            <i class=\"icon-nature\"><\/i>\r\n        <\/div>\r\n        <div class=\"p-col-span-3 p-flex p-flex-col p-items-start\">\r\n            <div class=\"p-text-start p-text-secondary p-mb-1 p-bold\"> Natur <\/div>\r\n            <div class=\"p-w-full p-bg-light p-rounded-full p-h-2 p-relative\">\r\n                <div class=\"p-bg-primary p-h-2 p-rounded-full p-absolute\" style=\"width: 60%;\"><\/div>\r\n            <\/div>\r\n        <\/div>\r\n    <\/div>\r\n\r\n    <div class=\"p-grid p-grid-cols-4 p-shrink-0 p-w-72 p-snap-start md:p-w-full\">\r\n        <div class=\"p-col-span-1 p-self-center p-text-center p-text-3xl\">\r\n            <i class=\"icon-urban\"><\/i>\r\n        <\/div>\r\n        <div class=\"p-col-span-3 p-flex p-flex-col p-items-start\">\r\n            <div class=\"p-text-start p-text-secondary p-mb-1 p-bold\"> St\u00e4dtischer Weg <\/div>\r\n            <div class=\"p-w-full p-bg-light p-rounded-full p-h-2 p-relative\">\r\n                <div class=\"p-bg-primary p-h-2 p-rounded-full p-absolute\" style=\"width: 40%;\"><\/div>\r\n            <\/div>\r\n        <\/div>\r\n    <\/div>\r\n  <\/div>\r\n<\/section>\n<\/section>\n\n<div id=\"stage-list-section\"><div class=\"stage-list\">\n    <div class='stage-list__map-card'>\n        <div class='stage-list__map-card__map'>\n            <div class='stage-list__map-card__map__text'>\n                <h2> Pages <\/h2>\n                <p> Zu Fu\u00df<\/p>\n                <p> 0etappen<\/p>\n            <\/div>\n            <div class='stage-list__map-card__map__img'>\n                <img decoding=\"async\" src=\"\" alt=\" mapa \" \/>\n            <\/div>\n        <\/div>\n    <\/div>\n\n    <\/div>\n<\/div>\n\n<section id=\"navStage\">\n  <div>\n    <nav id=\"tab-navigation-section\" class=\"tab-navigation-section--cols-5\">\n      <a href=\"#infoSection\" class=\"active\">Information<\/a>\n       <a href=\"#profileSection\">Profil<\/a>\n       <a href=\"#itinerarySection\">Route<\/a>\n       <a href=\"#locationsSection\">Ortschaften<\/a>\n    <\/nav>\n\n    <div id=\"infoSection\">\n      <!-- Title Section with Orange Line -->\n      <div>\n        <h2 class=\"p-h2-stage\">Information<\/h2>\n        <hr class=\"orange-bar\" \/>\n        <h3 class=\"p-h3-stage\">\u00dcber diese Etappe<\/h3>\n      <\/div>\n\n      \n        <p>Auf der R\u00f6merstra\u00dfe setzen wir diese Tages- Route fort und machen auf halbem Weg in der Ortschaft Ansi\u00e3o Halt, die f\u00fcr den &#8222;Santiago da Guarda&#8220;- Monumental- Komplex ber\u00fchmt ist. Von jahrhundertealten Legenden umgeben, wandern wir nach und nach auf Raba\u00e7al zu; dabei werden uns die \u00dcberreste seiner majest\u00e4tischen &#8222;Germanelo&#8220;- Burg (rechts des Verlaufs) willkommen hei\u00dfen.<\/p>\n      \n\n      <div class=\"recomendation-card\">\n        <div>\n          <i class=\"icon-logo-pilgrim\"><\/i>\n          <h5>Empfehlung Pilgrim<\/h5>\n        <\/div>\n\n        \n          <p>Wenn Sie in Ans\u00e3o haltmachen m\u00f6chten, k\u00f6nnen Sie die Etappe in zwei teilen und in dieser sch\u00f6nen Stadt eine Pause einlegen, wo Sie alle gew\u00fcnschten Dienstleistungen finden werden. Diese Etappe weist keine zus\u00e4tzlichen Schwierigkeiten f\u00fcr Radfahrer oder Personen mit eingeschr\u00e4nkter Bewegungsfreiheit auf.<\/p>\n        \n      <\/div>\n    <\/div>\n\n    <div id=\"profileSection\">\n      <div>\n        <h2 class=\"p-h2-stage\">Entfernung und H\u00f6he<\/h2>\n        <hr class=\"orange-bar\" \/>\n        <h3 class=\"p-h3-stage\">Etappenprofil<\/h3>\n        <img decoding=\"async\" src=\"https:\/\/cdn.pilgrim.es\/web\/caminos\/camino-portugues\/etapas\/etapa-7\/etapa7_perfil-alvaiazere-rabacal.jpg\" alt=\"Stage profile etappe-7-alvaiazere-rabacal\" \/>\n      <\/div>\n    <\/div>\n\n    <div id=\"itinerarySection\">\n      <h2 class=\"p-h2-stage\">Route<\/h2>\n      <hr \/>\n      <h3 class=\"p-h3-stage\">Itinerary<\/h3>\n\n      \n        <div>\n          <h4>Km 0 &#8211; Inicio<\/h4>\n\n          \n            <p>Wir velassen Alvai\u00e1zere an seiner Kirche vorbei und biegen rechts in die &#8222;D.Sancho I&#8220;- Stra\u00dfe ein; um dem mittelalterlichen Weg, der uns schon gestern geleitet hat, in die Orte Laranjais, Vendas und Venda do Negro zu folgen. Wir befinden uns in der &#8222;Sierra de Ariques&#8220; (Gebirgskette), die sich durch eine reiche Artenvielfalt auszeichnet, und hundertj\u00e4hrige Eichen, Rosenb\u00fcsche, Olivenb\u00e4ume und zahlreiche Wildtiere wie Wildschweine, F\u00fcchse und Flederm\u00e4use beherbergt. Nach Angaben der jakobinischen Route werden wir an folgenden Orten vorbeikommen: Gramatinha, Casal Maduros, Casal do Soeiro und schlie\u00dflich (\u00fcber die Schnellstra\u00dfe) Ansi\u00e3o.<\/p>\n          \n            <p>Diese &#8222;Villa&#8220;, die zum Bezirk Leiria geh\u00f6rt, zeichnet sich durch den &#8222;Solar dos Condes de Castelo Melhor&#8220; aus, der zum Nationaldenkmal erkl\u00e4rt wurde und derzeit im Besitz der Stadtkammer ist. Es ist das einzige Bauwerk manuelinischer Architektur in der gesamten Region, das seit dem XV. Jahrhundert bis zum heutigen Tage erhalten geblieben ist. Wir erreichen diese Ortschaft also \u00fcber die &#8222;Dr. Adriano Rego&#8220;- Stra\u00dfe, wo sich eine weitere der Hauptsehensw\u00fcrdigkeiten dieser Gegend befindet, die als &#8222;Pelourinho de Ansi\u00e3o&#8220; bekannt ist. Es handelt sich dabei um einen Pranger des XVII. Jahrhunderts, der vor der oben genannten Residenz zu Ehren des Grafen von Ericeira errichtet wurde. Sp\u00e4ter werden wir auch an dem &#8222;Padr\u00e3o de Ansi\u00e3o&#8220; aus dem XVI. Jahrhundert vorbeikommen: Denkmal, das in Dankbarkeit an &#8222;D. Lu\u00eds de Meneses&#8220; errichtet wurde (dritter Graf von Ericeira, dem eine weitreichende milit\u00e4rische und politische Karriere zugeschrieben wird).<\/p>\n          \n            <p>Nach diesem obligatorischen Halt, um Ansi\u00e3o zu besuchen, wandern wir weiter in Richtung des &#8222;Ponte da Cal&#8220;, einer Br\u00fccke aus dem XVII. Jahrhundert, die Teil des ehemaligen Verlaufs zwischen Coimbra und Lissabon war. Es sind sogar die Becken erhalten geblieben, wo die heilige K\u00f6nigin Isabel sich erfrischt haben soll, wenn sie sich in diesen Landen aufhielt. Anhand der Signalisierung erreichen wir sp\u00e4ter die &#8222;Fonte Santa&#8220; (heilige Quelle), wo der Legende nach im XVII. Jahrhundert die Jungfrau Maria erschien. Von Nebos aus nehmen wir einen Weg nach links, der uns bis &#8222;Venda do Brasil&#8220; und anschlie\u00dfend bis &#8222;Casais da Granja&#8220; f\u00fchrt.<\/p>\n          \n            <p>Bergauf werden wir uns Alvorge n\u00e4hern, um diese Ortschaft im Anschluss anhand der &#8222;Miguel David Namora&#8220;- Stra\u00dfe zu durchqueren, an der sich die &#8222;Misericordia&#8220;- Kirche befindet. Rechts an der Kirche vorbei nehmen wir einen Weg, der uns zu den Ruinen von &#8222;Quinta da Ladeia&#8220; f\u00fchrt. Die restlichen Kilometer legen wir \u00fcber Landwege in st\u00e4ndiger N\u00e4he der N348 zur\u00fcck. Immer in Richtung Raba\u00e7al wandern wir weiter entlang der \u00dcberreste der R\u00f6merstra\u00dfe und werden von den Ruinen der &#8222;Germanelo&#8220;- Burg empfangen, die von D. Afonso Henriques auf einem ehemaligen &#8222;Castro&#8220; (keltische Festung) erbaut wurde.<\/p>\n          \n\n          \n            <a class=\"town-link\" href=\"https:\/\/www.pilgrim.es\/de\/portugiesischer-weg\/alvaiazere\/\">\n              <div class=\"town-link__link-content\">\n                <div class=\"town-link__link-content__text\">\n                  <p>Lokale Informationen<\/p>\n                  <p>Polizei, medizinische Versorgung, Sehensw\u00fcrdigkeiten, Restaurants&#8230;<\/p>\n                <\/div>\n                <div class=\"town-link__link-content__town-btn\">\n                  <i class=\"icon-arrow\"><\/i>\n                <\/div>\n              <\/div>\n            <\/a>\n          \n        <\/div>\n        <hr \/>\n      \n      <div>\n        <h4>Km 31.7 &#8231; Raba\u00e7al<\/h4>\n        <a class=\"town-link\" href=\"https:\/\/www.pilgrim.es\/de\/portugiesischer-weg\/rabacal\/\">\n          <div class=\"town-link__link-content\">\n            <div class=\"town-link__link-content__text\">\n              <p>Lokale Informationen<\/p>\n              <p>Polizei, medizinische Versorgung, Sehensw\u00fcrdigkeiten, Restaurants&#8230;<\/p>\n            <\/div>\n            <div class=\"town-link__link-content__town-btn\">\n              <i class=\"icon-arrow\"><\/i>\n            <\/div>\n          <\/div>\n        <\/a>\n      <\/div>\n    <\/div>\n\n  <div id=\"locationsSection\">\n      <h2 class=\"p-h2-stage\">\u00d6rtlichkeiten<\/h2>\n      <hr \/>\n      <h3 class=\"p-h3-stage\">St\u00e4dte<\/h3>\n      <div class=\"grid-container\">\n\n        <div class=\"p-group card-stage p-max-w-full\">\n          <a href=\"https:\/\/www.pilgrim.es\/de\/portugiesischer-weg\/alvaiazere\/\" class=\"town-card\">\n            <div class=\"card-stage__header\">\n              <img decoding=\"async\" src=\"https:\/\/cdn.pilgrim.es\/web\/caminos\/camino-portugues\/pueblos\/alvaiazere\/alvaiazere.jpg\" alt=\"Alvai\u00e1zere\" class=\"group-hover:p-scale-110\" \/>\n              <div class=\"card-overlay group-hover:p-opacity-50\"><\/div>\n            <\/div>\n            <div class=\"town-card__flex-container\">\n              <div class=\"town-card__flex-container__info\">\n                <h3>Alvai\u00e1zere<\/h3>\n                <p>Distrito: Leiria<\/p>\n              <\/div>\n              <div class=\"town-card__flex-container__btn\">\n                <i class=\"icon-arrow\"><\/i>\n              <\/div>\n            <\/div>\n          <\/a>\n        <\/div>\n        <div class=\"p-group card-stage p-max-w-full\">\n          <a href=\"https:\/\/www.pilgrim.es\/de\/portugiesischer-weg\/rabacal\/\" class=\"town-card\">\n            <div class=\"card-stage__header\">\n              <img decoding=\"async\" src=\"https:\/\/cdn.pilgrim.es\/web\/caminos\/camino-portugues\/pueblos\/rabacal\/rabacal.jpg\" alt=\"Raba\u00e7al\" class=\"group-hover:p-scale-110\" \/>\n              <div class=\"card-overlay group-hover:p-opacity-50\"><\/div>\n            <\/div>\n            <div class=\"town-card__flex-container\">\n              <div class=\"town-card__flex-container__info\">\n                <h3>Raba\u00e7al<\/h3>\n                <p>Distrito: Coimbra<\/p>\n              <\/div>\n              <div class=\"town-card__flex-container__btn\">\n                <i class=\"icon-arrow\"><\/i>\n              <\/div>\n            <\/div>\n          <\/a>\n        <\/div>\n      <\/div>\n    <\/div>\n    <hr class=\"single-bar\" \/>\n  <\/div>\n<\/section>\n\n<section id=\"stageChange\">\n  <div>\n    <a href=\"https:\/\/www.pilgrim.es\/de\/portugiesischer-weg\/etappe-6-tomar-alvaiazere\/\" class=\"change-btn\">\n    <div class=\"change-btn\">\n      <div class=\"btn-arrow previous\">\n        <i class=\"icon-arrow\"><\/i>\n      <\/div>\n      <div class=\"change-btn__info\">\n        <div>Etappe 6<\/div>\n        <p>\n          Tomar \u276f <br> Alvai\u00e1zere\n        <\/p>\n      <\/div>\n    <\/div>\n    <\/a>\n    <a href=\"https:\/\/www.pilgrim.es\/de\/portugiesischer-weg\/etappe-8-rabacal-coimbra\/\" class=\"change-btn\">\n      <div class=\"change-btn__info\">\n        <div>Etappe 8<\/div>\n        <p>\n          Raba\u00e7al \u276f <br> Coimbra\n        <\/p>\n      <\/div>\n      <div class=\"btn-arrow\">\n        <i class=\"icon-arrow\"><\/i>\n      <\/div>\n    <\/a>\n  <\/div>\n<\/section>\n","protected":false},"excerpt":{"rendered":"<p>Portugiesischer Weg: Etappe 7 Walk 25 Etappe \/ 620 Kms Alvai\u00e1zere &#10093; Raba\u00e7al 31.7 Km &#10094; Etappe 6 Etappe 8 &#10095; Information Profil Route Ortschaften Information \u00dcber diese Etappe Auf der R\u00f6merstra\u00dfe setzen wir diese Tages- Route fort und machen auf halbem Weg in der Ortschaft Ansi\u00e3o Halt, die f\u00fcr den &#8222;Santiago da Guarda&#8220;- Monumental- &hellip; <\/p>\n<p class=\"read_more\"><a href=\"https:\/\/www.pilgrim.es\/de\/portugiesischer-weg\/etappe-7-alvaiazere-rabacal\/\">Leer m\u00e1s<\/a><\/p>\n","protected":false},"author":4,"featured_media":12472,"parent":10665,"menu_order":0,"comment_status":"closed","ping_status":"closed","template":"views\/template-new-web-design.blade.php","meta":{"footnotes":""},"categories":[],"tags":[],"class_list":["post-35768","page","type-page","status-publish","has-post-thumbnail","hentry"],"yoast_head":"<!-- This site is optimized with the Yoast SEO plugin v27.4 - https:\/\/yoast.com\/product\/yoast-seo-wordpress\/ -->\n<title>Camino Portugu\u00e9s desde Alvai\u00e0zere a Raba\u00e7al | Camino de Santiago<\/title>\n<meta name=\"description\" content=\"Portugiesischer Weg: Etappe 7 des Jakobsweges, der zwischen Alvai\u00e0zere und Raba\u00e7al verl\u00e4uft. Entdecken Sie alle notwendigen Informationen und planen Sie Ihre Etappe.\" \/>\n<meta name=\"robots\" content=\"index, follow, max-snippet:-1, max-image-preview:large, max-video-preview:-1\" \/>\n<link rel=\"canonical\" href=\"https:\/\/www.pilgrim.es\/de\/portugiesischer-weg\/etappe-7-alvaiazere-rabacal\/\" \/>\n<meta property=\"og:locale\" content=\"de_DE\" \/>\n<meta property=\"og:type\" content=\"article\" \/>\n<meta property=\"og:title\" content=\"Camino Portugu\u00e9s desde Alvai\u00e0zere a Raba\u00e7al | Camino de Santiago\" \/>\n<meta property=\"og:description\" content=\"Portugiesischer Weg: Etappe 7 des Jakobsweges, der zwischen Alvai\u00e0zere und Raba\u00e7al verl\u00e4uft. Entdecken Sie alle notwendigen Informationen und planen Sie Ihre Etappe.\" \/>\n<meta property=\"og:url\" content=\"https:\/\/www.pilgrim.es\/de\/portugiesischer-weg\/etappe-7-alvaiazere-rabacal\/\" \/>\n<meta property=\"og:site_name\" content=\"Pilgrim\" \/>\n<meta property=\"article:publisher\" content=\"https:\/\/www.facebook.com\/pilgrim.es\/\" \/>\n<meta property=\"article:modified_time\" content=\"2025-08-06T07:38:23+00:00\" \/>\n<meta property=\"og:image\" content=\"https:\/\/www.pilgrim.es\/wp-content\/uploads\/2019\/03\/camino_portugues_etapa_7.jpg\" \/>\n\t<meta property=\"og:image:width\" content=\"1633\" \/>\n\t<meta property=\"og:image:height\" content=\"547\" \/>\n\t<meta property=\"og:image:type\" content=\"image\/jpeg\" \/>\n<meta name=\"twitter:card\" content=\"summary_large_image\" \/>\n<meta name=\"twitter:site\" content=\"@pilgrim_es\" \/>\n<meta name=\"twitter:label1\" content=\"Gesch\u00e4tzte Lesezeit\" \/>\n\t<meta name=\"twitter:data1\" content=\"3\u00a0Minuten\" \/>\n<script type=\"application\/ld+json\" class=\"yoast-schema-graph\">{\"@context\":\"https:\\\/\\\/schema.org\",\"@graph\":[{\"@type\":\"WebPage\",\"@id\":\"https:\\\/\\\/www.pilgrim.es\\\/de\\\/portugiesischer-weg\\\/etappe-7-alvaiazere-rabacal\\\/\",\"url\":\"https:\\\/\\\/www.pilgrim.es\\\/de\\\/portugiesischer-weg\\\/etappe-7-alvaiazere-rabacal\\\/\",\"name\":\"Camino Portugu\u00e9s desde Alvai\u00e0zere a Raba\u00e7al | Camino de Santiago\",\"isPartOf\":{\"@id\":\"https:\\\/\\\/www.pilgrim.es\\\/de\\\/#website\"},\"primaryImageOfPage\":{\"@id\":\"https:\\\/\\\/www.pilgrim.es\\\/de\\\/portugiesischer-weg\\\/etappe-7-alvaiazere-rabacal\\\/#primaryimage\"},\"image\":{\"@id\":\"https:\\\/\\\/www.pilgrim.es\\\/de\\\/portugiesischer-weg\\\/etappe-7-alvaiazere-rabacal\\\/#primaryimage\"},\"thumbnailUrl\":\"https:\\\/\\\/www.pilgrim.es\\\/wp-content\\\/uploads\\\/2019\\\/03\\\/camino_portugues_etapa_7.jpg\",\"datePublished\":\"2019-04-23T10:38:46+00:00\",\"dateModified\":\"2025-08-06T07:38:23+00:00\",\"description\":\"Portugiesischer Weg: Etappe 7 des Jakobsweges, der zwischen Alvai\u00e0zere und Raba\u00e7al verl\u00e4uft. Entdecken Sie alle notwendigen Informationen und planen Sie Ihre Etappe.\",\"breadcrumb\":{\"@id\":\"https:\\\/\\\/www.pilgrim.es\\\/de\\\/portugiesischer-weg\\\/etappe-7-alvaiazere-rabacal\\\/#breadcrumb\"},\"inLanguage\":\"de\",\"potentialAction\":[{\"@type\":\"ReadAction\",\"target\":[\"https:\\\/\\\/www.pilgrim.es\\\/de\\\/portugiesischer-weg\\\/etappe-7-alvaiazere-rabacal\\\/\"]}]},{\"@type\":\"ImageObject\",\"inLanguage\":\"de\",\"@id\":\"https:\\\/\\\/www.pilgrim.es\\\/de\\\/portugiesischer-weg\\\/etappe-7-alvaiazere-rabacal\\\/#primaryimage\",\"url\":\"https:\\\/\\\/www.pilgrim.es\\\/wp-content\\\/uploads\\\/2019\\\/03\\\/camino_portugues_etapa_7.jpg\",\"contentUrl\":\"https:\\\/\\\/www.pilgrim.es\\\/wp-content\\\/uploads\\\/2019\\\/03\\\/camino_portugues_etapa_7.jpg\",\"width\":1633,\"height\":547,\"caption\":\"Landkarte Etappe 7 Portugiesischer Weg\"},{\"@type\":\"BreadcrumbList\",\"@id\":\"https:\\\/\\\/www.pilgrim.es\\\/de\\\/portugiesischer-weg\\\/etappe-7-alvaiazere-rabacal\\\/#breadcrumb\",\"itemListElement\":[{\"@type\":\"ListItem\",\"position\":1,\"name\":\"Camino de Santiago\",\"item\":\"https:\\\/\\\/www.pilgrim.es\\\/de\\\/\"},{\"@type\":\"ListItem\",\"position\":2,\"name\":\"Portugiesischer Weg\",\"item\":\"https:\\\/\\\/www.pilgrim.es\\\/de\\\/portugiesischer-weg\\\/\"},{\"@type\":\"ListItem\",\"position\":3,\"name\":\"Portugiesischer Weg | Etappe 7: Alvai\u00e1zere &#8211; Raba\u00e7al\"}]},{\"@type\":\"WebSite\",\"@id\":\"https:\\\/\\\/www.pilgrim.es\\\/de\\\/#website\",\"url\":\"https:\\\/\\\/www.pilgrim.es\\\/de\\\/\",\"name\":\"Pilgrim\",\"description\":\"Camino de Santiago | Caminamos Contigo\",\"publisher\":{\"@id\":\"https:\\\/\\\/www.pilgrim.es\\\/de\\\/#organization\"},\"potentialAction\":[{\"@type\":\"SearchAction\",\"target\":{\"@type\":\"EntryPoint\",\"urlTemplate\":\"https:\\\/\\\/www.pilgrim.es\\\/de\\\/?s={search_term_string}\"},\"query-input\":{\"@type\":\"PropertyValueSpecification\",\"valueRequired\":true,\"valueName\":\"search_term_string\"}}],\"inLanguage\":\"de\"},{\"@type\":\"Organization\",\"@id\":\"https:\\\/\\\/www.pilgrim.es\\\/de\\\/#organization\",\"name\":\"Pilgrim Camino de Santiago\",\"url\":\"https:\\\/\\\/www.pilgrim.es\\\/de\\\/\",\"logo\":{\"@type\":\"ImageObject\",\"inLanguage\":\"de\",\"@id\":\"https:\\\/\\\/www.pilgrim.es\\\/de\\\/#\\\/schema\\\/logo\\\/image\\\/\",\"url\":\"https:\\\/\\\/www.pilgrim.es\\\/wp-content\\\/uploads\\\/2019\\\/04\\\/logo_pilgrim.png\",\"contentUrl\":\"https:\\\/\\\/www.pilgrim.es\\\/wp-content\\\/uploads\\\/2019\\\/04\\\/logo_pilgrim.png\",\"width\":512,\"height\":512,\"caption\":\"Pilgrim Camino de Santiago\"},\"image\":{\"@id\":\"https:\\\/\\\/www.pilgrim.es\\\/de\\\/#\\\/schema\\\/logo\\\/image\\\/\"},\"sameAs\":[\"https:\\\/\\\/www.facebook.com\\\/pilgrim.es\\\/\",\"https:\\\/\\\/x.com\\\/pilgrim_es\",\"https:\\\/\\\/www.instagram.com\\\/pilgrim.es\\\/\",\"https:\\\/\\\/www.linkedin.com\\\/company\\\/pilgrim-camino-de-santiago\\\/\",\"https:\\\/\\\/www.pinterest.es\\\/pilgrimcaminodesantiago\\\/\",\"https:\\\/\\\/www.youtube.com\\\/channel\\\/UCIv2ZzFLXVqthkNF32rKedw\\\/featured\"]}]}<\/script>\n<!-- \/ Yoast SEO plugin. -->","yoast_head_json":{"title":"Camino Portugu\u00e9s desde Alvai\u00e0zere a Raba\u00e7al | Camino de Santiago","description":"Portugiesischer Weg: Etappe 7 des Jakobsweges, der zwischen Alvai\u00e0zere und Raba\u00e7al verl\u00e4uft. Entdecken Sie alle notwendigen Informationen und planen Sie Ihre Etappe.","robots":{"index":"index","follow":"follow","max-snippet":"max-snippet:-1","max-image-preview":"max-image-preview:large","max-video-preview":"max-video-preview:-1"},"canonical":"https:\/\/www.pilgrim.es\/de\/portugiesischer-weg\/etappe-7-alvaiazere-rabacal\/","og_locale":"de_DE","og_type":"article","og_title":"Camino Portugu\u00e9s desde Alvai\u00e0zere a Raba\u00e7al | Camino de Santiago","og_description":"Portugiesischer Weg: Etappe 7 des Jakobsweges, der zwischen Alvai\u00e0zere und Raba\u00e7al verl\u00e4uft. Entdecken Sie alle notwendigen Informationen und planen Sie Ihre Etappe.","og_url":"https:\/\/www.pilgrim.es\/de\/portugiesischer-weg\/etappe-7-alvaiazere-rabacal\/","og_site_name":"Pilgrim","article_publisher":"https:\/\/www.facebook.com\/pilgrim.es\/","article_modified_time":"2025-08-06T07:38:23+00:00","og_image":[{"width":1633,"height":547,"url":"https:\/\/www.pilgrim.es\/wp-content\/uploads\/2019\/03\/camino_portugues_etapa_7.jpg","type":"image\/jpeg"}],"twitter_card":"summary_large_image","twitter_site":"@pilgrim_es","twitter_misc":{"Gesch\u00e4tzte Lesezeit":"3\u00a0Minuten"},"schema":{"@context":"https:\/\/schema.org","@graph":[{"@type":"WebPage","@id":"https:\/\/www.pilgrim.es\/de\/portugiesischer-weg\/etappe-7-alvaiazere-rabacal\/","url":"https:\/\/www.pilgrim.es\/de\/portugiesischer-weg\/etappe-7-alvaiazere-rabacal\/","name":"Camino Portugu\u00e9s desde Alvai\u00e0zere a Raba\u00e7al | Camino de Santiago","isPartOf":{"@id":"https:\/\/www.pilgrim.es\/de\/#website"},"primaryImageOfPage":{"@id":"https:\/\/www.pilgrim.es\/de\/portugiesischer-weg\/etappe-7-alvaiazere-rabacal\/#primaryimage"},"image":{"@id":"https:\/\/www.pilgrim.es\/de\/portugiesischer-weg\/etappe-7-alvaiazere-rabacal\/#primaryimage"},"thumbnailUrl":"https:\/\/www.pilgrim.es\/wp-content\/uploads\/2019\/03\/camino_portugues_etapa_7.jpg","datePublished":"2019-04-23T10:38:46+00:00","dateModified":"2025-08-06T07:38:23+00:00","description":"Portugiesischer Weg: Etappe 7 des Jakobsweges, der zwischen Alvai\u00e0zere und Raba\u00e7al verl\u00e4uft. Entdecken Sie alle notwendigen Informationen und planen Sie Ihre Etappe.","breadcrumb":{"@id":"https:\/\/www.pilgrim.es\/de\/portugiesischer-weg\/etappe-7-alvaiazere-rabacal\/#breadcrumb"},"inLanguage":"de","potentialAction":[{"@type":"ReadAction","target":["https:\/\/www.pilgrim.es\/de\/portugiesischer-weg\/etappe-7-alvaiazere-rabacal\/"]}]},{"@type":"ImageObject","inLanguage":"de","@id":"https:\/\/www.pilgrim.es\/de\/portugiesischer-weg\/etappe-7-alvaiazere-rabacal\/#primaryimage","url":"https:\/\/www.pilgrim.es\/wp-content\/uploads\/2019\/03\/camino_portugues_etapa_7.jpg","contentUrl":"https:\/\/www.pilgrim.es\/wp-content\/uploads\/2019\/03\/camino_portugues_etapa_7.jpg","width":1633,"height":547,"caption":"Landkarte Etappe 7 Portugiesischer Weg"},{"@type":"BreadcrumbList","@id":"https:\/\/www.pilgrim.es\/de\/portugiesischer-weg\/etappe-7-alvaiazere-rabacal\/#breadcrumb","itemListElement":[{"@type":"ListItem","position":1,"name":"Camino de Santiago","item":"https:\/\/www.pilgrim.es\/de\/"},{"@type":"ListItem","position":2,"name":"Portugiesischer Weg","item":"https:\/\/www.pilgrim.es\/de\/portugiesischer-weg\/"},{"@type":"ListItem","position":3,"name":"Portugiesischer Weg | Etappe 7: Alvai\u00e1zere &#8211; Raba\u00e7al"}]},{"@type":"WebSite","@id":"https:\/\/www.pilgrim.es\/de\/#website","url":"https:\/\/www.pilgrim.es\/de\/","name":"Pilgrim","description":"Camino de Santiago | Caminamos Contigo","publisher":{"@id":"https:\/\/www.pilgrim.es\/de\/#organization"},"potentialAction":[{"@type":"SearchAction","target":{"@type":"EntryPoint","urlTemplate":"https:\/\/www.pilgrim.es\/de\/?s={search_term_string}"},"query-input":{"@type":"PropertyValueSpecification","valueRequired":true,"valueName":"search_term_string"}}],"inLanguage":"de"},{"@type":"Organization","@id":"https:\/\/www.pilgrim.es\/de\/#organization","name":"Pilgrim Camino de Santiago","url":"https:\/\/www.pilgrim.es\/de\/","logo":{"@type":"ImageObject","inLanguage":"de","@id":"https:\/\/www.pilgrim.es\/de\/#\/schema\/logo\/image\/","url":"https:\/\/www.pilgrim.es\/wp-content\/uploads\/2019\/04\/logo_pilgrim.png","contentUrl":"https:\/\/www.pilgrim.es\/wp-content\/uploads\/2019\/04\/logo_pilgrim.png","width":512,"height":512,"caption":"Pilgrim Camino de Santiago"},"image":{"@id":"https:\/\/www.pilgrim.es\/de\/#\/schema\/logo\/image\/"},"sameAs":["https:\/\/www.facebook.com\/pilgrim.es\/","https:\/\/x.com\/pilgrim_es","https:\/\/www.instagram.com\/pilgrim.es\/","https:\/\/www.linkedin.com\/company\/pilgrim-camino-de-santiago\/","https:\/\/www.pinterest.es\/pilgrimcaminodesantiago\/","https:\/\/www.youtube.com\/channel\/UCIv2ZzFLXVqthkNF32rKedw\/featured"]}]}},"_links":{"self":[{"href":"https:\/\/www.pilgrim.es\/de\/wp-json\/wp\/v2\/pages\/35768","targetHints":{"allow":["GET"]}}],"collection":[{"href":"https:\/\/www.pilgrim.es\/de\/wp-json\/wp\/v2\/pages"}],"about":[{"href":"https:\/\/www.pilgrim.es\/de\/wp-json\/wp\/v2\/types\/page"}],"author":[{"embeddable":true,"href":"https:\/\/www.pilgrim.es\/de\/wp-json\/wp\/v2\/users\/4"}],"replies":[{"embeddable":true,"href":"https:\/\/www.pilgrim.es\/de\/wp-json\/wp\/v2\/comments?post=35768"}],"version-history":[{"count":6,"href":"https:\/\/www.pilgrim.es\/de\/wp-json\/wp\/v2\/pages\/35768\/revisions"}],"predecessor-version":[{"id":134226,"href":"https:\/\/www.pilgrim.es\/de\/wp-json\/wp\/v2\/pages\/35768\/revisions\/134226"}],"up":[{"embeddable":true,"href":"https:\/\/www.pilgrim.es\/de\/wp-json\/wp\/v2\/pages\/10665"}],"wp:featuredmedia":[{"embeddable":true,"href":"https:\/\/www.pilgrim.es\/de\/wp-json\/wp\/v2\/media\/12472"}],"wp:attachment":[{"href":"https:\/\/www.pilgrim.es\/de\/wp-json\/wp\/v2\/media?parent=35768"}],"wp:term":[{"taxonomy":"category","embeddable":true,"href":"https:\/\/www.pilgrim.es\/de\/wp-json\/wp\/v2\/categories?post=35768"},{"taxonomy":"post_tag","embeddable":true,"href":"https:\/\/www.pilgrim.es\/de\/wp-json\/wp\/v2\/tags?post=35768"}],"curies":[{"name":"wp","href":"https:\/\/api.w.org\/{rel}","templated":true}]}}