{"id":34082,"date":"2019-04-12T16:53:03","date_gmt":"2019-04-12T16:53:03","guid":{"rendered":"https:\/\/desarrollo.pilgrim.es\/franzosischer-weg\/etappe-31-melide-arzua\/"},"modified":"2025-04-30T10:08:39","modified_gmt":"2025-04-30T10:08:39","slug":"etappe-31-melide-arzua","status":"publish","type":"page","link":"https:\/\/www.pilgrim.es\/de\/franzosischer-weg\/etappe-31-melide-arzua\/","title":{"rendered":"Franz\u00f6sischer Weg | Etappe 31: Melide &#8211; Arz\u00faa"},"content":{"rendered":"\n<section id=\"heroStage\">\n\t<h1>Franz\u00f6sischer Weg &#8231; Etappe 31 Fortsetzung des Primitiven Wegs (Urweg)<\/h1>\n\t<div>\n\t\t<div class=\"hero\" data-background=\"https:\/\/cdn.pilgrim.es\/web\/caminos\/camino-frances\/pueblos\/melide\/melide.jpg\">\n\t\t\t<div class=\"hero__container\">\n\t\t\t\t<div class=\"hero__container__labels\">\n\t\t\t\t\t<p>zu Fu\u00df<\/p>\n\t\t\t\t\t<p>33 etappen \/ 764 kms<\/p>\n\t\t\t\t<\/div>\n\t\t\t\t<div class=\"hero__container__stage-name\">\n\t\t\t\t\t<h2>\n\t\t\t\t\t\tMelide <br \/>\n\t\t\t\t\t\t<span>&#10093;<\/span>\n\t\t\t\t\t\tArz\u00faa\n\t\t\t\t\t<\/h2>\n\t\t\t\t\t<p>14 Km<\/p>\n\t\t\t\t<\/div>\n\t\t\t\t<div class=\"hero__container__stage-changer\">\n\t\t\t\t\t<div class=\"stage-control\">\n\t\t\t\t\t\t<a class=\"stage-control__link\"\n\t\t\t\t\t\t\thref=\"https:\/\/www.pilgrim.es\/de\/primitiver-weg\/etappe-11-san-romao-da-retorta-melide\/\"><span>&#10094;<\/span>\n\t\t\t\t\t\t\tEtappe 11<\/a>\n\t\t\t\t\t<\/div>\n\t\t\t\t\t<div class=\"stage-control\">\n\t\t\t\t\t\t<a class=\"stage-control__link\" href=\"\/de\/primitiver-weg\/etappe-32-arzua-o-pedrouzo\/\">Etappe 32\n\t\t\t\t\t\t\t(Franz\u00f6sischer Weg)\n\t\t\t\t\t\t\t<span>&#10095;<\/span><\/a>\n\t\t\t\t\t<\/div>\n\t\t\t\t<\/div>\n\t\t\t<\/div>\n\t\t<\/div>\n\t\t<div class=\"planner\"><div\r\n  class=\"p-col-span-1 p-rounded-lg p-px-5 p-h-full\"\r\n  style=\"background-image: url('https:\/\/cdn.pilgrim.es\/web\/pilgrim-planner\/bg-plugin-planificador.webp')\"\r\n  rel=\"preload\"\r\n  fetchpriority=\"high\"\r\n  >\r\n    <div class=\"p-text-center p-pt-5 p-text-white p-text-2xl p-font-semibold\">\r\n      Plane deinen Weg    <\/div>\r\n    <div\r\n            id='primary-app'\r\n            data-name='banner'\r\n            data-api='https:\/\/pathfinder.pilgrim.es\/api\/pathfinder\/v2'\r\n            data-mode='normal'\r\n            data-lang='de'\r\n            data-route='1'\r\n            data-destiny='https:\/\/planificador.pilgrim.es'\r\n            data-modality='1'\r\n            data-inline=''\r\n        ><\/div><\/div><\/div>\n\t<\/div>\n<\/section>\n\n<section id=\"scoreBarsStage\">\n\t<section>\r\n  <div class=\"p-flex p-flex-nowrap p-space-x-4 p-py-5 p-overflow-x-auto md:p-grid md:p-grid-cols-3 lg:p-grid-cols-5 md:p-gap-8 md:p-space-x-0 md:p-overflow-hidden scrollbar-thin\">\r\n    <div class=\"p-grid p-grid-cols-4 p-shrink-0 p-w-72 p-snap-start md:p-w-full\">\r\n        <div class=\"p-col-span-1 p-self-center p-text-center p-text-3xl\">\r\n            <i class=\"icon-influx\"><\/i>\r\n        <\/div>\r\n        <div class=\"p-col-span-3 p-flex p-flex-col p-items-start\">\r\n            <div class=\"p-text-start p-text-secondary p-mb-1 p-bold\"> Zustrom <\/div>\r\n            <div class=\"p-w-full p-bg-light p-rounded-full p-h-2 p-relative\">\r\n                <div class=\"p-bg-primary p-h-2 p-rounded-full p-absolute\" style=\"width: 100%;\"><\/div>\r\n            <\/div>\r\n        <\/div>\r\n    <\/div>\r\n\r\n    <div class=\"p-grid p-grid-cols-4 p-shrink-0 p-w-72 p-snap-start md:p-w-full\">\r\n        <div class=\"p-col-span-1 p-self-center p-text-center p-text-3xl\">\r\n            <i class=\"icon-difficulty\"><\/i>\r\n        <\/div>\r\n        <div class=\"p-col-span-3 p-flex p-flex-col p-items-start\">\r\n            <div class=\"p-text-start p-text-secondary p-mb-1 p-bold\"> Schwierigkeitsgrad <\/div>\r\n            <div class=\"p-w-full p-bg-light p-rounded-full p-h-2 p-relative\">\r\n                <div class=\"p-bg-primary p-h-2 p-rounded-full p-absolute\" style=\"width: 40%;\"><\/div>\r\n            <\/div>\r\n        <\/div>\r\n    <\/div>\r\n\r\n    <div class=\"p-grid p-grid-cols-4 p-shrink-0 p-w-72 p-snap-start md:p-w-full\">\r\n        <div class=\"p-col-span-1 p-self-center p-text-center p-text-3xl\">\r\n            <i class=\"icon-patrimony\"><\/i>\r\n        <\/div>\r\n        <div class=\"p-col-span-3 p-flex p-flex-col p-items-start\">\r\n            <div class=\"p-text-start p-text-secondary p-mb-1 p-bold\"> Kunst\/Geschichte <\/div>\r\n            <div class=\"p-w-full p-bg-light p-rounded-full p-h-2 p-relative\">\r\n                <div class=\"p-bg-primary p-h-2 p-rounded-full p-absolute\" style=\"width: 40%;\"><\/div>\r\n            <\/div>\r\n        <\/div>\r\n    <\/div>\r\n\r\n    <div class=\"p-grid p-grid-cols-4 p-shrink-0 p-w-72 p-snap-start md:p-w-full\">\r\n        <div class=\"p-col-span-1 p-self-center p-text-center p-text-3xl\">\r\n            <i class=\"icon-nature\"><\/i>\r\n        <\/div>\r\n        <div class=\"p-col-span-3 p-flex p-flex-col p-items-start\">\r\n            <div class=\"p-text-start p-text-secondary p-mb-1 p-bold\"> Natur <\/div>\r\n            <div class=\"p-w-full p-bg-light p-rounded-full p-h-2 p-relative\">\r\n                <div class=\"p-bg-primary p-h-2 p-rounded-full p-absolute\" style=\"width: 60%;\"><\/div>\r\n            <\/div>\r\n        <\/div>\r\n    <\/div>\r\n\r\n    <div class=\"p-grid p-grid-cols-4 p-shrink-0 p-w-72 p-snap-start md:p-w-full\">\r\n        <div class=\"p-col-span-1 p-self-center p-text-center p-text-3xl\">\r\n            <i class=\"icon-urban\"><\/i>\r\n        <\/div>\r\n        <div class=\"p-col-span-3 p-flex p-flex-col p-items-start\">\r\n            <div class=\"p-text-start p-text-secondary p-mb-1 p-bold\"> St\u00e4dtischer Weg <\/div>\r\n            <div class=\"p-w-full p-bg-light p-rounded-full p-h-2 p-relative\">\r\n                <div class=\"p-bg-primary p-h-2 p-rounded-full p-absolute\" style=\"width: 40%;\"><\/div>\r\n            <\/div>\r\n        <\/div>\r\n    <\/div>\r\n  <\/div>\r\n<\/section>\n<\/section>\n\n<div id=\"stage-list-section\"><div class=\"stage-list\">\n    <div class='stage-list__map-card'>\n        <div class='stage-list__map-card__map'>\n            <div class='stage-list__map-card__map__text'>\n                <h2> Pages <\/h2>\n                <p> Zu Fu\u00df<\/p>\n                <p> 0etappen<\/p>\n            <\/div>\n            <div class='stage-list__map-card__map__img'>\n                <img decoding=\"async\" src=\"\" alt=\" mapa \" \/>\n            <\/div>\n        <\/div>\n    <\/div>\n\n    <\/div>\n<\/div>\n\n<section id=\"navStage\">\n\t<div>\n\t\t<nav id=\"tab-navigation-section\" class=\"tab-navigation-section--cols-4\">\n\t\t\t<a href=\"#infoSection\" class=\"active\">Informationen<\/a>\n\t\t\t<a href=\"#profileSection\">Profil<\/a>\n\t\t\t<a href=\"#itinerarySection\">Reiseplan<\/a>\n\t\t\t<a href=\"#locationsSection\">\u00d6rtlichkeiten<\/a>\n\t\t<\/nav>\n\n\t\t<div id=\"infoSection\">\n\t\t\t<!-- Title Section with Orange Line -->\n\t\t\t<div>\n\t\t\t\t<h4 class=\"p-h4--section\">Informationen<\/h4>\n\t\t\t\t<hr class=\"orange-bar\" \/>\n\t\t\t\t<h3 class=\"p-h3\">Auf dieser Etappe<\/h3>\n\t\t\t<\/div>\n\n\t\t\t<!-- Main Content Section -->\n\t\t\t<p>\n\t\t\t\tEs handelt sich um eine Etappe mit einem zerkl\u00fcfteten und unregelm\u00e4\u00dfigen Profil, auf der\n\t\t\t\tes h\u00e4ufig kurze, aber k\u00f6rperlich schwierige Anstiege gibt, in denen Abschnitte in einem\n\t\t\t\tau\u00dfergew\u00f6hnlichen Erhaltungszustand, die durch wundersch\u00f6ne D\u00f6rfer im tiefen Galicien\n\t\t\t\tf\u00fchren, mit weniger lohnenden Gebieten wie Industriegebieten oder Abschnitten in einem\n\t\t\t\tdeutlich besseren Erhaltungszustand koexistieren. Am Zielort Arzua angekommen, treffen\n\t\t\t\tdie Pilger des Franz\u00f6sischen Weges auf die Pilger des N\u00f6rdlichen Weges, um die letzten\n\t\t\t\tbeiden Etappen zu bew\u00e4ltigen, die sie von Compostela trennen\n\t\t\t<\/p>\n\n\t\t\t<div class=\"recomendation-card\">\n\t\t\t\t<div>\n\t\t\t\t\t<i class=\"icon-logo-pilgrim\"><\/i>\n\t\t\t\t\t<h5>Empfehlung f\u00fcr Pilgrim<\/h5>\n\t\t\t\t<\/div>\n\n\t\t\t\t<p>\n\t\t\t\t\tEs ist f\u00fcr Personen mit eingeschr\u00e4nkter Bewegungsfreiheit erforderlich, die M\u00f6glichkeit in Erw\u00e4gung\n\t\t\t\t\tzu ziehen, die Nationalstra\u00dfe LU-663 als alternative Route zu w\u00e4hlen; wobei zu ber\u00fccksichtigen ist,\n\t\t\t\t\tdass keine Randstreifen vorhanden sind. Es ist also \u00e4u\u00dferste Vorsicht geboten.\n\t\t\t\t\tF\u00fcr Radfahrer ist diese eine Etappe mittlerer Schwierigkeit: Obwohl sie bei Regenwetter komplizierte\n\t\t\t\t\tAbfahrten aufweist, sind diese immer dann leicht zu bew\u00e4ltigen, wenn die notwendigen\n\t\t\t\t\tVorsichtsma\u00dfnahmen getroffen werden und \u00fcber das ad\u00e4quate Fahrrad verf\u00fcgt wird.\n\t\t\t\t<\/p>\n\t\t\t<\/div>\n\t\t<\/div>\n\n\t\t<div id=\"profileSection\">\n\t\t\t<div>\n\t\t\t\t<h4 class=\"p-h4--section\">Entfernung und H\u00f6henlage<\/h4>\n\t\t\t\t<hr class=\"orange-bar\" \/>\n\t\t\t\t<h3 class=\"p-h3\">B\u00fchnenprofil<\/h3>\n\t\t\t\t<img decoding=\"async\" src=\"https:\/\/cdn.pilgrim.es\/web\/caminos\/camino-primitivo\/etapas\/etapa-12\/etapa12-perfil-melide_arzua.jpg\"\n\t\t\t\t\talt=\"B\u00fchnenprofil\" \/>\n\t\t\t<\/div>\n\t\t<\/div>\n\n\t\t<div id=\"itinerarySection\">\n\t\t\t<h4 class=\"p-h4--section\">Route<\/h4>\n\t\t\t<hr \/>\n\t\t\t<h3 class=\"p-h3\">Reiseplan<\/h3>\n\t\t\t<div>\n\t\t\t\t<h4>Km 0 &#8231; Melide<\/h4>\n\t\t\t\t<p>\n\t\t\t\t\tWir verabschieden uns von einem der gr\u00f6\u00dften D\u00f6rfer entlang der franz\u00f6sischen Route in\n\t\t\t\t\tGalicien: Melide. Wir k\u00f6nnen dieses Land nicht verlassen, ohne den weltber\u00fchmten\n\t\t\t\t\tTintenfisch zu probieren, und wir haben ein breites gastronomisches Angebot in dieser\n\t\t\t\t\tStadt, die als das Epizentrum der galicischen Gemeinschaft gilt und reich an kulturellen\n\t\t\t\t\tund patrimonialen Reicht\u00fcmern ist, die wir w\u00e4hrend unseres Aufenthalts nicht verpassen\n\t\t\t\t\tsollten.\n\t\t\t\t\tWir setzen unseren Weg auf der Nationalstra\u00dfe 547 fort, die wir \u00fcberqueren, um in die\n\t\t\t\t\tRegionalstra\u00dfe 4603 nach San Marti\u00f1o einzubiegen. Wenige Meter weiter biegen wir\n\t\t\t\t\trechts ab nach Santa Mar\u00eda de Melide, einem kleinen Dorf, in dem eine romanische\n\t\t\t\t\tKirche mit einer spektakul\u00e4ren Fassade darauf wartet, von den Augen des Pilgers und,\n\t\t\t\t\twenn Sie m\u00f6chten, auch von Ihrer Kamera aufgenommen zu werden.\n\t\t\t\t<\/p>\n\t\t\t\t<a class=\"town-link\" href=\"https:\/\/www.pilgrim.es\/de\/franzosischer-weg\/melide\/\">\n\t\t\t\t\t<div class=\"town-link__link-content\">\n\t\t\t\t\t\t<div class=\"town-link__link-content__text\">\n\t\t\t\t\t\t\t<p>Lokale Informationen<\/p>\n\t\t\t\t\t\t\t<p>Polizei, medizinische Versorgung, Sehenswertes, Essen&#8230;<\/p>\n\t\t\t\t\t\t<\/div>\n\t\t\t\t\t\t<div class=\"town-link__link-content__town-btn\">\n\t\t\t\t\t\t\t<i class=\"icon-arrow\"><\/i>\n\t\t\t\t\t\t<\/div>\n\t\t\t\t\t<\/div>\n\t\t\t\t<\/a>\n\t\t\t<\/div>\n\t\t\t<hr \/>\n\t\t\t<div>\n\t\t\t\t<h4>Km 5,6 &#8231; Boente<\/h4>\n\t\t\t\t<p>\n\t\t\t\t\tZwischen weiten Wiesen und Eukalyptusw\u00e4ldern durchqueren wir die Orte Raido und\n\t\t\t\t\tParabispo, um den Bach Valverde zu \u00fcberqueren, wo uns auf der anderen Seite der Ort\n\t\t\t\t\tPeroxa erwartet, Vorraum der Gemeinde Boenete, die von der Nationalstra\u00dfe in zwei\n\t\t\t\t\tTeile geteilt wird und wo wir eine Cafeteria und zwei private Herbergen finden, sowie die\n\t\t\t\t\tQuelle der Saleta, ein Ort, den Hunderte von Pilgern nutzen, um ihre Kantinen mit\n\t\t\t\t\tnat\u00fcrlichem Wasser zu f\u00fcllen.\n\t\t\t\t<\/p>\n\t\t\t<\/div>\n\t\t\t<hr \/>\n\t\t\t<div>\n\t\t\t\t<h4>Km 7,9 &#8231; Fraga Alta (Casta\u00f1eda)<\/h4>\n\t\t\t\t<p>\n\t\t\t\t\tWir verlassen Boente an einem steilen Hang, der uns zu den Gemeinden Figueiroa und\n\t\t\t\t\tCasta\u00f1eda f\u00fchrt, wo wir wieder zum Ribeiral-Bach hinabsteigen, der zwischen den\n\t\t\t\t\tGemeinden Pedrido und Rio liegt. An dieser Stelle wird der Camino zum x-ten Mal steil,\n\t\t\t\t\twir \u00fcberqueren erneut die Stra\u00dfe und erreichen ein kurzes St\u00fcck Kopfsteinpflaster, wo\n\t\t\t\t\twir bergab zum vielleicht magischsten Ort unserer gesamten Etappe, Ribadiso, mit einer\n\t\t\t\t\tidealen Albergue zum \u00dcbernachten, gehen.\n\t\t\t\t<\/p>\n\t\t\t<\/div>\n\t\t\t<hr \/>\n\t\t\t<div>\n\t\t\t\t<h4>Km 11,0 &#8231; Ribadiso de Baixo<\/h4>\n\t\t\t\t<p>\n\t\t\t\t\tWir erreichen Ribadiso \u00fcber eine Br\u00fccke \u00fcber den Fluss Iso, an dessen Ufer sich die\n\t\t\t\t\tbereits erw\u00e4hnte Herberge befindet, mit einer direkten Treppe zum Fluss und einem\n\t\t\t\t\tRastplatz, den wir auf anderen Etappen kaum finden werden. Wenn man Ribadiso\n\t\t\t\t\tverl\u00e4sst, verl\u00e4sst man nicht nur diese paradiesische Enklave, sondern muss auch die\n\t\t\t\t\tverbleibenden 3,4 km nach Arz\u00faa zur\u00fccklegen, die \u00fcber eine abscheuliche Piste f\u00fchren,\n\t\t\t\t\tdie auf einem parallel zur Nationalstra\u00dfe verlaufenden Wirtschaftsweg verl\u00e4uft. Sobald\n\t\t\t\t\tdas Gel\u00e4nde flacher wird, sehen wir endlich das Ortseingangsschild von Arz\u00faa, das uns\n\t\t\t\t\tnur 900 Meter vom Dorfzentrum entfernt empf\u00e4ngt, wo wir unsere Etappe beenden und\n\t\t\t\t\talle notwendigen Dienstleistungen finden, um den Tag ausklingen zu lassen, ohne zu\n\t\t\t\t\tvergessen, den K\u00e4se mit Ursprungsbezeichnung zu probieren, der in dieser Gegend\n\t\t\t\t\thergestellt wird.\n\t\t\t\t<\/p>\n\t\t\t<\/div>\n\t\t\t<hr \/>\n\t\t\t<div>\n\t\t\t\t<h4>Km 14,1 &#8231; Arz\u00faa<\/h4>\n\t\t\t\t<a class=\"town-link\" href=\"https:\/\/www.pilgrim.es\/de\/franzosischer-weg\/arzua\/\">\n\t\t\t\t\t<div class=\"town-link__link-content\">\n\t\t\t\t\t\t<div class=\"town-link__link-content__text\">\n\t\t\t\t\t\t\t<p>Lokale Informationen<\/p>\n\t\t\t\t\t\t\t<p>Polizei, medizinische Versorgung, Sehenswertes, Essen&#8230;<\/p>\n\t\t\t\t\t\t<\/div>\n\t\t\t\t\t\t<div class=\"town-link__link-content__town-btn\">\n\t\t\t\t\t\t\t<i class=\"icon-arrow\"><\/i>\n\t\t\t\t\t\t<\/div>\n\t\t\t\t\t<\/div>\n\t\t\t\t<\/a>\n\t\t\t<\/div>\n\t\t\t<hr \/>\n\t\t<\/div>\n\n\t\t<div id=\"locationsSection\">\n\t\t\t<h4 class=\"p-h4--section\">\u00d6rtlichkeiten<\/h4>\n\t\t\t<hr \/>\n\t\t\t<h3 class=\"p-h3\">D\u00f6rfer<\/h3>\n\t\t\t<div class=\"grid-container\">\n\t\t\t\t<div class=\"p-group card-stage p-max-w-full\">\n\t\t\t\t\t<a href=\"https:\/\/www.pilgrim.es\/de\/franzosischer-weg\/melide\/\" class=\"town-card\">\n\t\t\t\t\t\t<div class=\"card-stage__header\">\n\t\t\t\t\t\t\t<img decoding=\"async\" src=\"https:\/\/cdn.pilgrim.es\/web\/caminos\/camino-frances\/pueblos\/melide\/melide.jpg\"\n\t\t\t\t\t\t\t\talt=\"Melide\" class=\"group-hover:p-scale-110\" \/>\n\t\t\t\t\t\t\t<div class=\"card-overlay group-hover:p-opacity-50\"><\/div>\n\t\t\t\t\t\t<\/div>\n\t\t\t\t\t\t<div class=\"town-card__flex-container\">\n\t\t\t\t\t\t\t<div class=\"town-card__flex-container__info\">\n\t\t\t\t\t\t\t\t<h3>Melide<\/h3>\n\t\t\t\t\t\t\t\t<p>Provinz: A Coru\u00f1a<\/p>\n\t\t\t\t\t\t\t<\/div>\n\t\t\t\t\t\t\t<div class=\"town-card__flex-container__btn\">\n\t\t\t\t\t\t\t\t<i class=\"icon-arrow\"><\/i>\n\t\t\t\t\t\t\t<\/div>\n\t\t\t\t\t\t<\/div>\n\t\t\t\t\t<\/a>\n\t\t\t\t<\/div>\n\t\t\t\t<div class=\"p-group card-stage p-max-w-full\">\n\t\t\t\t\t<a href=\"https:\/\/www.pilgrim.es\/de\/franzosischer-weg\/arzua\/\" class=\"town-card\">\n\t\t\t\t\t\t<div class=\"card-stage__header\">\n\t\t\t\t\t\t\t<img decoding=\"async\" src=\"https:\/\/cdn.pilgrim.es\/web\/caminos\/camino-frances\/pueblos\/arzua\/arzua.jpg\"\n\t\t\t\t\t\t\t\talt=\"Arz\u00faa\" class=\"group-hover:p-scale-110\" \/>\n\t\t\t\t\t\t\t<div class=\"card-overlay group-hover:p-opacity-50\"><\/div>\n\t\t\t\t\t\t<\/div>\n\t\t\t\t\t\t<div class=\"town-card__flex-container\">\n\t\t\t\t\t\t\t<div class=\"town-card__flex-container__info\">\n\t\t\t\t\t\t\t\t<h3>Arz\u00faa<\/h3>\n\t\t\t\t\t\t\t\t<p>Provinz: A Coru\u00f1a<\/p>\n\t\t\t\t\t\t\t<\/div>\n\t\t\t\t\t\t\t<div class=\"town-card__flex-container__btn\">\n\t\t\t\t\t\t\t\t<i class=\"icon-arrow\"><\/i>\n\t\t\t\t\t\t\t<\/div>\n\t\t\t\t\t\t<\/div>\n\t\t\t\t\t<\/a>\n\t\t\t\t<\/div>\n\t\t\t<\/div>\n\t\t<\/div>\n\t\t<hr class=\"single-bar\" \/>\n\t<\/div>\n<\/section>\n\n<section id=\"stageChange\">\n\t<div>\n\t\t<a href=\"https:\/\/www.pilgrim.es\/de\/primitiver-weg\/etappe-11-san-romao-da-retorta-melide\/\" class=\"change-btn\">\n\t\t\t<div class=\"btn-arrow previous\">\n\t\t\t\t<i class=\"icon-arrow\"><\/i>\n\t\t\t<\/div>\n\t\t\t<div class=\"change-btn__info\">\n\t\t\t\t<div>Etappe 11<\/div>\n\t\t\t\t<p>\n\t\t\t\t\tFerreira &#10095; <br \/>\n\t\t\t\t\tMelide\n\t\t\t\t<\/p>\n\t\t\t<\/div>\n\t\t<\/a>\n\t\t<a href=\"\/de\/primitiver-weg\/etappe-32-arzua-o-pedrouzo\/\" class=\"change-btn\">\n\t\t\t<div class=\"change-btn__info\">\n\t\t\t\t<div>Etappe 32 (Franz\u00f6sischer Weg)<\/div>\n\t\t\t\t<p>\n\t\t\t\t\tArz\u00faa &#10095; <br \/>\n\t\t\t\t\tO Pedrouzo\n\t\t\t\t<\/p>\n\t\t\t<\/div>\n\t\t\t<div class=\"btn-arrow\">\n\t\t\t\t<i class=\"icon-arrow\"><\/i>\n\t\t\t<\/div>\n\t\t<\/a>\n\t<\/div>\n<\/section>\n","protected":false},"excerpt":{"rendered":"<p>Franz\u00f6sischer Weg &#8231; Etappe 31 Fortsetzung des Primitiven Wegs (Urweg) zu Fu\u00df 33 etappen \/ 764 kms Melide &#10093; Arz\u00faa 14 Km &#10094; Etappe 11 Etappe 32 (Franz\u00f6sischer Weg) &#10095; Informationen Profil Reiseplan \u00d6rtlichkeiten Informationen Auf dieser Etappe Es handelt sich um eine Etappe mit einem zerkl\u00fcfteten und unregelm\u00e4\u00dfigen Profil, auf der es h\u00e4ufig kurze, &hellip; <\/p>\n<p class=\"read_more\"><a href=\"https:\/\/www.pilgrim.es\/de\/franzosischer-weg\/etappe-31-melide-arzua\/\">Leer m\u00e1s<\/a><\/p>\n","protected":false},"author":4,"featured_media":13095,"parent":10659,"menu_order":0,"comment_status":"closed","ping_status":"closed","template":"views\/template-new-web-design.blade.php","meta":{"footnotes":""},"categories":[],"tags":[],"class_list":["post-34082","page","type-page","status-publish","has-post-thumbnail","hentry"],"yoast_head":"<!-- This site is optimized with the Yoast SEO plugin v27.4 - https:\/\/yoast.com\/product\/yoast-seo-wordpress\/ -->\n<title>Camino de Santiago desde Melide | Camino Primitivo | Pilgrim<\/title>\n<meta name=\"description\" content=\"Franz\u00f6sischer Weg: Etappe 31 des Jakobsweges, der zwischen den Ortschaften Melide und Arz\u00faa verl\u00e4uft. Entdecken Sie alle Informationen und planen Sie Ihre Etappe.\" \/>\n<meta name=\"robots\" content=\"index, follow, max-snippet:-1, max-image-preview:large, max-video-preview:-1\" \/>\n<link rel=\"canonical\" href=\"https:\/\/www.pilgrim.es\/de\/franzosischer-weg\/etappe-31-melide-arzua\/\" \/>\n<meta property=\"og:locale\" content=\"de_DE\" \/>\n<meta property=\"og:type\" content=\"article\" \/>\n<meta property=\"og:title\" content=\"Camino de Santiago desde Melide | Camino Primitivo | Pilgrim\" \/>\n<meta property=\"og:description\" content=\"Franz\u00f6sischer Weg: Etappe 31 des Jakobsweges, der zwischen den Ortschaften Melide und Arz\u00faa verl\u00e4uft. Entdecken Sie alle Informationen und planen Sie Ihre Etappe.\" \/>\n<meta property=\"og:url\" content=\"https:\/\/www.pilgrim.es\/de\/franzosischer-weg\/etappe-31-melide-arzua\/\" \/>\n<meta property=\"og:site_name\" content=\"Pilgrim\" \/>\n<meta property=\"article:publisher\" content=\"https:\/\/www.facebook.com\/pilgrim.es\/\" \/>\n<meta property=\"article:modified_time\" content=\"2025-04-30T10:08:39+00:00\" \/>\n<meta property=\"og:image\" content=\"https:\/\/www.pilgrim.es\/wp-content\/uploads\/2019\/03\/camino_frances_etapa_31.jpg\" \/>\n\t<meta property=\"og:image:width\" content=\"1632\" \/>\n\t<meta property=\"og:image:height\" content=\"546\" \/>\n\t<meta property=\"og:image:type\" content=\"image\/jpeg\" \/>\n<meta name=\"twitter:card\" content=\"summary_large_image\" \/>\n<meta name=\"twitter:site\" content=\"@pilgrim_es\" \/>\n<meta name=\"twitter:label1\" content=\"Gesch\u00e4tzte Lesezeit\" \/>\n\t<meta name=\"twitter:data1\" content=\"7\u00a0Minuten\" \/>\n<script type=\"application\/ld+json\" class=\"yoast-schema-graph\">{\"@context\":\"https:\\\/\\\/schema.org\",\"@graph\":[{\"@type\":\"WebPage\",\"@id\":\"https:\\\/\\\/www.pilgrim.es\\\/de\\\/franzosischer-weg\\\/etappe-31-melide-arzua\\\/\",\"url\":\"https:\\\/\\\/www.pilgrim.es\\\/de\\\/franzosischer-weg\\\/etappe-31-melide-arzua\\\/\",\"name\":\"Camino de Santiago desde Melide | Camino Primitivo | Pilgrim\",\"isPartOf\":{\"@id\":\"https:\\\/\\\/www.pilgrim.es\\\/de\\\/#website\"},\"primaryImageOfPage\":{\"@id\":\"https:\\\/\\\/www.pilgrim.es\\\/de\\\/franzosischer-weg\\\/etappe-31-melide-arzua\\\/#primaryimage\"},\"image\":{\"@id\":\"https:\\\/\\\/www.pilgrim.es\\\/de\\\/franzosischer-weg\\\/etappe-31-melide-arzua\\\/#primaryimage\"},\"thumbnailUrl\":\"https:\\\/\\\/www.pilgrim.es\\\/wp-content\\\/uploads\\\/2019\\\/03\\\/camino_frances_etapa_31.jpg\",\"datePublished\":\"2019-04-12T16:53:03+00:00\",\"dateModified\":\"2025-04-30T10:08:39+00:00\",\"description\":\"Franz\u00f6sischer Weg: Etappe 31 des Jakobsweges, der zwischen den Ortschaften Melide und Arz\u00faa verl\u00e4uft. Entdecken Sie alle Informationen und planen Sie Ihre Etappe.\",\"breadcrumb\":{\"@id\":\"https:\\\/\\\/www.pilgrim.es\\\/de\\\/franzosischer-weg\\\/etappe-31-melide-arzua\\\/#breadcrumb\"},\"inLanguage\":\"de\",\"potentialAction\":[{\"@type\":\"ReadAction\",\"target\":[\"https:\\\/\\\/www.pilgrim.es\\\/de\\\/franzosischer-weg\\\/etappe-31-melide-arzua\\\/\"]}]},{\"@type\":\"ImageObject\",\"inLanguage\":\"de\",\"@id\":\"https:\\\/\\\/www.pilgrim.es\\\/de\\\/franzosischer-weg\\\/etappe-31-melide-arzua\\\/#primaryimage\",\"url\":\"https:\\\/\\\/www.pilgrim.es\\\/wp-content\\\/uploads\\\/2019\\\/03\\\/camino_frances_etapa_31.jpg\",\"contentUrl\":\"https:\\\/\\\/www.pilgrim.es\\\/wp-content\\\/uploads\\\/2019\\\/03\\\/camino_frances_etapa_31.jpg\",\"width\":1632,\"height\":546,\"caption\":\"Landkarte Etappe 31 Franz\u00f6sischer Weg\"},{\"@type\":\"BreadcrumbList\",\"@id\":\"https:\\\/\\\/www.pilgrim.es\\\/de\\\/franzosischer-weg\\\/etappe-31-melide-arzua\\\/#breadcrumb\",\"itemListElement\":[{\"@type\":\"ListItem\",\"position\":1,\"name\":\"Camino de Santiago\",\"item\":\"https:\\\/\\\/www.pilgrim.es\\\/de\\\/\"},{\"@type\":\"ListItem\",\"position\":2,\"name\":\"Franz\u00f6sischer Weg\",\"item\":\"https:\\\/\\\/www.pilgrim.es\\\/de\\\/franzosischer-weg\\\/\"},{\"@type\":\"ListItem\",\"position\":3,\"name\":\"Franz\u00f6sischer Weg | Etappe 31: Melide &#8211; Arz\u00faa\"}]},{\"@type\":\"WebSite\",\"@id\":\"https:\\\/\\\/www.pilgrim.es\\\/de\\\/#website\",\"url\":\"https:\\\/\\\/www.pilgrim.es\\\/de\\\/\",\"name\":\"Pilgrim\",\"description\":\"Camino de Santiago | Caminamos Contigo\",\"publisher\":{\"@id\":\"https:\\\/\\\/www.pilgrim.es\\\/de\\\/#organization\"},\"potentialAction\":[{\"@type\":\"SearchAction\",\"target\":{\"@type\":\"EntryPoint\",\"urlTemplate\":\"https:\\\/\\\/www.pilgrim.es\\\/de\\\/?s={search_term_string}\"},\"query-input\":{\"@type\":\"PropertyValueSpecification\",\"valueRequired\":true,\"valueName\":\"search_term_string\"}}],\"inLanguage\":\"de\"},{\"@type\":\"Organization\",\"@id\":\"https:\\\/\\\/www.pilgrim.es\\\/de\\\/#organization\",\"name\":\"Pilgrim Camino de Santiago\",\"url\":\"https:\\\/\\\/www.pilgrim.es\\\/de\\\/\",\"logo\":{\"@type\":\"ImageObject\",\"inLanguage\":\"de\",\"@id\":\"https:\\\/\\\/www.pilgrim.es\\\/de\\\/#\\\/schema\\\/logo\\\/image\\\/\",\"url\":\"https:\\\/\\\/www.pilgrim.es\\\/wp-content\\\/uploads\\\/2019\\\/04\\\/logo_pilgrim.png\",\"contentUrl\":\"https:\\\/\\\/www.pilgrim.es\\\/wp-content\\\/uploads\\\/2019\\\/04\\\/logo_pilgrim.png\",\"width\":512,\"height\":512,\"caption\":\"Pilgrim Camino de Santiago\"},\"image\":{\"@id\":\"https:\\\/\\\/www.pilgrim.es\\\/de\\\/#\\\/schema\\\/logo\\\/image\\\/\"},\"sameAs\":[\"https:\\\/\\\/www.facebook.com\\\/pilgrim.es\\\/\",\"https:\\\/\\\/x.com\\\/pilgrim_es\",\"https:\\\/\\\/www.instagram.com\\\/pilgrim.es\\\/\",\"https:\\\/\\\/www.linkedin.com\\\/company\\\/pilgrim-camino-de-santiago\\\/\",\"https:\\\/\\\/www.pinterest.es\\\/pilgrimcaminodesantiago\\\/\",\"https:\\\/\\\/www.youtube.com\\\/channel\\\/UCIv2ZzFLXVqthkNF32rKedw\\\/featured\"]}]}<\/script>\n<!-- \/ Yoast SEO plugin. -->","yoast_head_json":{"title":"Camino de Santiago desde Melide | Camino Primitivo | Pilgrim","description":"Franz\u00f6sischer Weg: Etappe 31 des Jakobsweges, der zwischen den Ortschaften Melide und Arz\u00faa verl\u00e4uft. Entdecken Sie alle Informationen und planen Sie Ihre Etappe.","robots":{"index":"index","follow":"follow","max-snippet":"max-snippet:-1","max-image-preview":"max-image-preview:large","max-video-preview":"max-video-preview:-1"},"canonical":"https:\/\/www.pilgrim.es\/de\/franzosischer-weg\/etappe-31-melide-arzua\/","og_locale":"de_DE","og_type":"article","og_title":"Camino de Santiago desde Melide | Camino Primitivo | Pilgrim","og_description":"Franz\u00f6sischer Weg: Etappe 31 des Jakobsweges, der zwischen den Ortschaften Melide und Arz\u00faa verl\u00e4uft. Entdecken Sie alle Informationen und planen Sie Ihre Etappe.","og_url":"https:\/\/www.pilgrim.es\/de\/franzosischer-weg\/etappe-31-melide-arzua\/","og_site_name":"Pilgrim","article_publisher":"https:\/\/www.facebook.com\/pilgrim.es\/","article_modified_time":"2025-04-30T10:08:39+00:00","og_image":[{"width":1632,"height":546,"url":"https:\/\/www.pilgrim.es\/wp-content\/uploads\/2019\/03\/camino_frances_etapa_31.jpg","type":"image\/jpeg"}],"twitter_card":"summary_large_image","twitter_site":"@pilgrim_es","twitter_misc":{"Gesch\u00e4tzte Lesezeit":"7\u00a0Minuten"},"schema":{"@context":"https:\/\/schema.org","@graph":[{"@type":"WebPage","@id":"https:\/\/www.pilgrim.es\/de\/franzosischer-weg\/etappe-31-melide-arzua\/","url":"https:\/\/www.pilgrim.es\/de\/franzosischer-weg\/etappe-31-melide-arzua\/","name":"Camino de Santiago desde Melide | Camino Primitivo | Pilgrim","isPartOf":{"@id":"https:\/\/www.pilgrim.es\/de\/#website"},"primaryImageOfPage":{"@id":"https:\/\/www.pilgrim.es\/de\/franzosischer-weg\/etappe-31-melide-arzua\/#primaryimage"},"image":{"@id":"https:\/\/www.pilgrim.es\/de\/franzosischer-weg\/etappe-31-melide-arzua\/#primaryimage"},"thumbnailUrl":"https:\/\/www.pilgrim.es\/wp-content\/uploads\/2019\/03\/camino_frances_etapa_31.jpg","datePublished":"2019-04-12T16:53:03+00:00","dateModified":"2025-04-30T10:08:39+00:00","description":"Franz\u00f6sischer Weg: Etappe 31 des Jakobsweges, der zwischen den Ortschaften Melide und Arz\u00faa verl\u00e4uft. Entdecken Sie alle Informationen und planen Sie Ihre Etappe.","breadcrumb":{"@id":"https:\/\/www.pilgrim.es\/de\/franzosischer-weg\/etappe-31-melide-arzua\/#breadcrumb"},"inLanguage":"de","potentialAction":[{"@type":"ReadAction","target":["https:\/\/www.pilgrim.es\/de\/franzosischer-weg\/etappe-31-melide-arzua\/"]}]},{"@type":"ImageObject","inLanguage":"de","@id":"https:\/\/www.pilgrim.es\/de\/franzosischer-weg\/etappe-31-melide-arzua\/#primaryimage","url":"https:\/\/www.pilgrim.es\/wp-content\/uploads\/2019\/03\/camino_frances_etapa_31.jpg","contentUrl":"https:\/\/www.pilgrim.es\/wp-content\/uploads\/2019\/03\/camino_frances_etapa_31.jpg","width":1632,"height":546,"caption":"Landkarte Etappe 31 Franz\u00f6sischer Weg"},{"@type":"BreadcrumbList","@id":"https:\/\/www.pilgrim.es\/de\/franzosischer-weg\/etappe-31-melide-arzua\/#breadcrumb","itemListElement":[{"@type":"ListItem","position":1,"name":"Camino de Santiago","item":"https:\/\/www.pilgrim.es\/de\/"},{"@type":"ListItem","position":2,"name":"Franz\u00f6sischer Weg","item":"https:\/\/www.pilgrim.es\/de\/franzosischer-weg\/"},{"@type":"ListItem","position":3,"name":"Franz\u00f6sischer Weg | Etappe 31: Melide &#8211; Arz\u00faa"}]},{"@type":"WebSite","@id":"https:\/\/www.pilgrim.es\/de\/#website","url":"https:\/\/www.pilgrim.es\/de\/","name":"Pilgrim","description":"Camino de Santiago | Caminamos Contigo","publisher":{"@id":"https:\/\/www.pilgrim.es\/de\/#organization"},"potentialAction":[{"@type":"SearchAction","target":{"@type":"EntryPoint","urlTemplate":"https:\/\/www.pilgrim.es\/de\/?s={search_term_string}"},"query-input":{"@type":"PropertyValueSpecification","valueRequired":true,"valueName":"search_term_string"}}],"inLanguage":"de"},{"@type":"Organization","@id":"https:\/\/www.pilgrim.es\/de\/#organization","name":"Pilgrim Camino de Santiago","url":"https:\/\/www.pilgrim.es\/de\/","logo":{"@type":"ImageObject","inLanguage":"de","@id":"https:\/\/www.pilgrim.es\/de\/#\/schema\/logo\/image\/","url":"https:\/\/www.pilgrim.es\/wp-content\/uploads\/2019\/04\/logo_pilgrim.png","contentUrl":"https:\/\/www.pilgrim.es\/wp-content\/uploads\/2019\/04\/logo_pilgrim.png","width":512,"height":512,"caption":"Pilgrim Camino de Santiago"},"image":{"@id":"https:\/\/www.pilgrim.es\/de\/#\/schema\/logo\/image\/"},"sameAs":["https:\/\/www.facebook.com\/pilgrim.es\/","https:\/\/x.com\/pilgrim_es","https:\/\/www.instagram.com\/pilgrim.es\/","https:\/\/www.linkedin.com\/company\/pilgrim-camino-de-santiago\/","https:\/\/www.pinterest.es\/pilgrimcaminodesantiago\/","https:\/\/www.youtube.com\/channel\/UCIv2ZzFLXVqthkNF32rKedw\/featured"]}]}},"_links":{"self":[{"href":"https:\/\/www.pilgrim.es\/de\/wp-json\/wp\/v2\/pages\/34082","targetHints":{"allow":["GET"]}}],"collection":[{"href":"https:\/\/www.pilgrim.es\/de\/wp-json\/wp\/v2\/pages"}],"about":[{"href":"https:\/\/www.pilgrim.es\/de\/wp-json\/wp\/v2\/types\/page"}],"author":[{"embeddable":true,"href":"https:\/\/www.pilgrim.es\/de\/wp-json\/wp\/v2\/users\/4"}],"replies":[{"embeddable":true,"href":"https:\/\/www.pilgrim.es\/de\/wp-json\/wp\/v2\/comments?post=34082"}],"version-history":[{"count":13,"href":"https:\/\/www.pilgrim.es\/de\/wp-json\/wp\/v2\/pages\/34082\/revisions"}],"predecessor-version":[{"id":130311,"href":"https:\/\/www.pilgrim.es\/de\/wp-json\/wp\/v2\/pages\/34082\/revisions\/130311"}],"up":[{"embeddable":true,"href":"https:\/\/www.pilgrim.es\/de\/wp-json\/wp\/v2\/pages\/10659"}],"wp:featuredmedia":[{"embeddable":true,"href":"https:\/\/www.pilgrim.es\/de\/wp-json\/wp\/v2\/media\/13095"}],"wp:attachment":[{"href":"https:\/\/www.pilgrim.es\/de\/wp-json\/wp\/v2\/media?parent=34082"}],"wp:term":[{"taxonomy":"category","embeddable":true,"href":"https:\/\/www.pilgrim.es\/de\/wp-json\/wp\/v2\/categories?post=34082"},{"taxonomy":"post_tag","embeddable":true,"href":"https:\/\/www.pilgrim.es\/de\/wp-json\/wp\/v2\/tags?post=34082"}],"curies":[{"name":"wp","href":"https:\/\/api.w.org\/{rel}","templated":true}]}}