{"id":32964,"date":"2019-04-11T09:05:01","date_gmt":"2019-04-11T09:05:01","guid":{"rendered":"https:\/\/desarrollo.pilgrim.es\/weg-im-norden\/etappe-29-abadin-vilalba\/"},"modified":"2025-04-24T12:25:08","modified_gmt":"2025-04-24T12:25:08","slug":"etappe-30-abadin-vilalba","status":"publish","type":"page","link":"https:\/\/www.pilgrim.es\/de\/weg-im-norden\/etappe-30-abadin-vilalba\/","title":{"rendered":"Weg im Norden | Etappe 30: Abad\u00edn &#8211; Vilalba"},"content":{"rendered":"\n<section id=\"heroStage\">\n  <h1>Weg im Norden &#8231; Etappe 30<\/h1>\n  <div>\n    <div\n      class=\"hero\"\n      data-background=\"https:\/\/cdn.pilgrim.es\/web\/caminos\/camino-norte\/pueblos\/abadin.jpg\"\n    >\n      <div class=\"hero__container\">\n        <div class=\"hero__container__labels\">\n          <p>zu Fu\u00df<\/p>\n          <p>35 etappes \/ 824 kms<\/p>\n        <\/div>\n        <div class=\"hero__container__stage-name\">\n          <h2>Abad\u00edn<br \/><span>\u276d<\/span> Vilalba<\/h2>\n          <p>20,8 Km<\/p>\n        <\/div>\n        <div class=\"hero__container__stage-changer\">\n          <div class=\"stage-control\">\n            <a\n              class=\"stage-control__link\"\n              href=\"https:\/\/www.pilgrim.es\/de\/weg-im-norden\/etappe-29-lourenza-abadin\/\"\n              ><span>&#10094;<\/span> Etappe 29<\/a\n            >\n          <\/div>\n          <div class=\"stage-control\">\n            <a\n              class=\"stage-control__link\"\n              href=\"https:\/\/www.pilgrim.es\/de\/weg-im-norden\/etappe-31-vilalba-baamonde\/\"\n              >Etappe 31 <span>&#10095;<\/span><\/a\n            >\n          <\/div>\n        <\/div>\n      <\/div>\n    <\/div>\n    <div class=\"planner\"><div\r\n  class=\"p-col-span-1 p-rounded-lg p-px-5 p-h-full\"\r\n  style=\"background-image: url('https:\/\/cdn.pilgrim.es\/web\/pilgrim-planner\/bg-plugin-planificador.webp')\"\r\n  rel=\"preload\"\r\n  fetchpriority=\"high\"\r\n  >\r\n    <div class=\"p-text-center p-pt-5 p-text-white p-text-2xl p-font-semibold\">\r\n      Plane deinen Weg    <\/div>\r\n    <div\r\n            id='primary-app'\r\n            data-name='banner'\r\n            data-api='https:\/\/pathfinder.pilgrim.es\/api\/pathfinder\/v2'\r\n            data-mode='normal'\r\n            data-lang='de'\r\n            data-route='1'\r\n            data-destiny='https:\/\/planificador.pilgrim.es'\r\n            data-modality='1'\r\n            data-inline=''\r\n        ><\/div><\/div><\/div>\n  <\/div>\n<\/section>\n<section id=\"scoreBarsStage\">\n  <section>\r\n  <div class=\"p-flex p-flex-nowrap p-space-x-4 p-py-5 p-overflow-x-auto md:p-grid md:p-grid-cols-3 lg:p-grid-cols-5 md:p-gap-8 md:p-space-x-0 md:p-overflow-hidden scrollbar-thin\">\r\n    <div class=\"p-grid p-grid-cols-4 p-shrink-0 p-w-72 p-snap-start md:p-w-full\">\r\n        <div class=\"p-col-span-1 p-self-center p-text-center p-text-3xl\">\r\n            <i class=\"icon-influx\"><\/i>\r\n        <\/div>\r\n        <div class=\"p-col-span-3 p-flex p-flex-col p-items-start\">\r\n            <div class=\"p-text-start p-text-secondary p-mb-1 p-bold\"> Zustrom <\/div>\r\n            <div class=\"p-w-full p-bg-light p-rounded-full p-h-2 p-relative\">\r\n                <div class=\"p-bg-primary p-h-2 p-rounded-full p-absolute\" style=\"width: 60%;\"><\/div>\r\n            <\/div>\r\n        <\/div>\r\n    <\/div>\r\n\r\n    <div class=\"p-grid p-grid-cols-4 p-shrink-0 p-w-72 p-snap-start md:p-w-full\">\r\n        <div class=\"p-col-span-1 p-self-center p-text-center p-text-3xl\">\r\n            <i class=\"icon-difficulty\"><\/i>\r\n        <\/div>\r\n        <div class=\"p-col-span-3 p-flex p-flex-col p-items-start\">\r\n            <div class=\"p-text-start p-text-secondary p-mb-1 p-bold\"> Schwierigkeitsgrad <\/div>\r\n            <div class=\"p-w-full p-bg-light p-rounded-full p-h-2 p-relative\">\r\n                <div class=\"p-bg-primary p-h-2 p-rounded-full p-absolute\" style=\"width: 20%;\"><\/div>\r\n            <\/div>\r\n        <\/div>\r\n    <\/div>\r\n\r\n    <div class=\"p-grid p-grid-cols-4 p-shrink-0 p-w-72 p-snap-start md:p-w-full\">\r\n        <div class=\"p-col-span-1 p-self-center p-text-center p-text-3xl\">\r\n            <i class=\"icon-patrimony\"><\/i>\r\n        <\/div>\r\n        <div class=\"p-col-span-3 p-flex p-flex-col p-items-start\">\r\n            <div class=\"p-text-start p-text-secondary p-mb-1 p-bold\"> Kunst\/Geschichte <\/div>\r\n            <div class=\"p-w-full p-bg-light p-rounded-full p-h-2 p-relative\">\r\n                <div class=\"p-bg-primary p-h-2 p-rounded-full p-absolute\" style=\"width: 40%;\"><\/div>\r\n            <\/div>\r\n        <\/div>\r\n    <\/div>\r\n\r\n    <div class=\"p-grid p-grid-cols-4 p-shrink-0 p-w-72 p-snap-start md:p-w-full\">\r\n        <div class=\"p-col-span-1 p-self-center p-text-center p-text-3xl\">\r\n            <i class=\"icon-nature\"><\/i>\r\n        <\/div>\r\n        <div class=\"p-col-span-3 p-flex p-flex-col p-items-start\">\r\n            <div class=\"p-text-start p-text-secondary p-mb-1 p-bold\"> Natur <\/div>\r\n            <div class=\"p-w-full p-bg-light p-rounded-full p-h-2 p-relative\">\r\n                <div class=\"p-bg-primary p-h-2 p-rounded-full p-absolute\" style=\"width: 60%;\"><\/div>\r\n            <\/div>\r\n        <\/div>\r\n    <\/div>\r\n\r\n    <div class=\"p-grid p-grid-cols-4 p-shrink-0 p-w-72 p-snap-start md:p-w-full\">\r\n        <div class=\"p-col-span-1 p-self-center p-text-center p-text-3xl\">\r\n            <i class=\"icon-urban\"><\/i>\r\n        <\/div>\r\n        <div class=\"p-col-span-3 p-flex p-flex-col p-items-start\">\r\n            <div class=\"p-text-start p-text-secondary p-mb-1 p-bold\"> St\u00e4dtischer Weg <\/div>\r\n            <div class=\"p-w-full p-bg-light p-rounded-full p-h-2 p-relative\">\r\n                <div class=\"p-bg-primary p-h-2 p-rounded-full p-absolute\" style=\"width: 20%;\"><\/div>\r\n            <\/div>\r\n        <\/div>\r\n    <\/div>\r\n  <\/div>\r\n<\/section>\n<\/section>\n<div id=\"stage-list-section\"><div class=\"stage-list\">\n    <div class='stage-list__map-card'>\n        <div class='stage-list__map-card__map'>\n            <div class='stage-list__map-card__map__text'>\n                <h2> Pages <\/h2>\n                <p> Zu Fu\u00df<\/p>\n                <p> 0etappen<\/p>\n            <\/div>\n            <div class='stage-list__map-card__map__img'>\n                <img decoding=\"async\" src=\"\" alt=\" mapa \" \/>\n            <\/div>\n        <\/div>\n    <\/div>\n\n    <\/div>\n<\/div>\n<section id=\"navStage\">\n  <div>\n    <nav class=\"tab-navigation-section--cols-4\" id=\"tab-navigation-section\">\n      <a class=\"active\" href=\"#infoSection\">Information<\/a>\n      <a href=\"#profileSection\">Etappenprofil<\/a>\n      <a href=\"#itinerarySection\">Reiseplan<\/a>\n      <a href=\"#locationsSection\">Ortschaften<\/a>\n    <\/nav>\n    <div id=\"infoSection\">\n      <div>\n        <h2 class=\"p-h2-stage\">Information<\/h2>\n        <hr class=\"orange-bar\" \/>\n        <h3 class=\"p-h3-stage\">Information su questa tappa<\/h3>\n      <\/div>\n      <p>\n        Die Etappe zeichnet sich durch ihr flaches Profil aus, wie wir dem Namen\n        des Gebiets entnehmen k\u00f6nnen, in dem wir uns befinden: \u201eA Terra Ch\u00e1\u201c\n        (\u201eFlaches Land\u201c auf Galicisch). Wir wandern zwischen unendlichen mit\n        Vieh besprenkelten gr\u00fcnen Wiesen, aber immer in der N\u00e4he der\n        Nationalstra\u00dfe, deren Anwesenheit die Existenz zahlreicher Lokale\n        entlang der Etappe erm\u00f6glicht.\n      <\/p>\n      <div class=\"recomendation-card\">\n        <div>\n          <i class=\"icon-logo-pilgrim\"><\/i>\n          <h5>Empfehlung Pilgrim<\/h5>\n        <\/div>\n        <p>\n          Da das Gel\u00e4nde sanft und ohne Steigungen ist, werden die Pilger\n          keinerlei Hindernisse haben, diese Etappe zu bew\u00e4ltigen. Es gibt auch\n          nicht allzu viel Stra\u00dfenverkehr, aber wie immer empfehlen wir, an den\n          Kreuzungen der N-634 Vorsicht walten zu lassen. Diese Etappe stellt\n          keine zus\u00e4tzlichen Schwierigkeiten f\u00fcr Radfahrer oder Personen mit\n          eingeschr\u00e4nkter Mobilit\u00e4t dar.\n        <\/p>\n      <\/div>\n    <\/div>\n    <div id=\"profileSection\">\n      <div>\n        <h2 class=\"p-h2-stage\">Entfernung und H\u00f6he<\/h2>\n        <hr class=\"orange-bar\" \/>\n        <h3 class=\"p-h3-stage\">Etappenprofil<\/h3>\n        <img decoding=\"async\"\n          alt=\"Etappenprofil\"\n          src=\"https:\/\/cdn.pilgrim.es\/web\/caminos\/camino-norte\/etapas\/etapa-30\/etapa30-perfil-abadin-vilalba.jpg\"\n        \/>\n      <\/div>\n    <\/div>\n    <div id=\"itinerarySection\">\n      <h2 class=\"p-h2-stage\">Percorso<\/h2>\n      <hr \/>\n      <h3 class=\"p-h3-stage\">Reiseplan<\/h3>\n      <div>\n        <h4>Km 0 &#8231; Abad\u00edn<\/h4>\n        <p>\n          Vom B\u00fcrgersteig des Rathauses aus \u00fcberqueren wir die Stra\u00dfe, um zur\n          \u00f6ffentlichen Schule zu gelangen. Vor der Schule angekommen, biegen wir\n          links neben einem gr\u00fcnen Geb\u00e4ude (Postamt und Amtsgericht) ab. Wir\n          folgen einer asphaltierten Stra\u00dfe und biegen nach einem Kilometer\n          rechts auf einen grasbewachsenen Pfad ab, wo ein sehr sch\u00f6ner\n          Abschnitt beginnt; wir steigen hinab, um den Fluss Anllo \u00fcber eine\n          Holzbr\u00fccke zu \u00fcberqueren, und steigen wieder hinauf, um links auf\n          einen neuen asphaltierten Weg abzubiegen, vorbei an den H\u00e4usern von\n          Ponterroxal. Nach 2,5 km \u00fcberqueren wir eine Br\u00fccke \u00fcber die Autobahn\n          A-8 und erreichen As Paredes (Gemeinde Castromaior).\n        <\/p>\n        <a class=\"town-link\" href=\"https:\/\/www.pilgrim.es\/de\/weg-im-norden\/abadin\/\">\n          <div class=\"town-link__link-content\">\n            <div class=\"town-link__link-content__text\">\n              <p>Information Local<\/p>\n              <p>\n                Polizei, medizinische Versorgung, Sehensw\u00fcrdigkeiten,\n                Restaurants&#8230;\n              <\/p>\n            <\/div>\n            <div class=\"town-link__link-content__town-btn\">\n              <i class=\"icon-arrow\"><\/i>\n            <\/div>\n          <\/div>\n        <\/a>\n      <\/div>\n      <hr \/>\n      <div>\n        <h4>Km 5,8 &#8231; As Paredes (Castromaior)<\/h4>\n        <p>\n          Wir setzen unseren Abstieg auf einem von Vegetation umgebenen Pfad\n          fort; wir \u00fcberqueren eine Br\u00fccke \u00fcber den Fluss Arnela und dann eine\n          Unterf\u00fchrung unter der Autobahn hindurch, wobei wir das kleine Dorf O\n          Barral passieren; 1,3 km weiter \u00fcberqueren wir die Autobahn erneut\n          durch eine weitere Unterf\u00fchrung und erreichen bald das Dorf Marti\u00f1\u00e1n\n          an der Nationalstra\u00dfe N-634.\n        <\/p>\n      <\/div>\n      <hr \/>\n      <div>\n        <h4>Km 8,8 &#8231; Marti\u00f1\u00e1n<\/h4>\n        <p>\n          Wir \u00fcberqueren die Stra\u00dfe und gehen geradeaus auf einem asphaltierten\n          Weg weiter. Nach 800 Metern \u00fcberqueren wir den Fluss Bat\u00e1n auf der A\n          Ponte Vella, einer wundersch\u00f6nen Br\u00fccke aus dem 17. Jahrhundert. Wir\n          gehen in der gleichen Richtung auf angenehmen unbefestigten Wegen\n          weiter, mit einigen kurzen asphaltierten Abschnitten, bis wir im Ort O\n          Campo do Cristo (Gemeinde Goiriz), in der N\u00e4he der Kirche und ihres\n          Friedhofs, wieder auf die Nationalstra\u00dfe N-634 treffen.\n        <\/p>\n      <\/div>\n      <hr \/>\n      <div>\n        <h4>Km 15 &#8231; O Campo do Cristo (Goiriz)<\/h4>\n        <p>\n          Wir gehen links auf dem Seitenstreifen der Nationalstra\u00dfe weiter,\n          \u00fcberqueren sie und biegen nach 150 Metern rechts auf einen Pfad ab.\n          Nach 1,5 km biegen wir links auf eine asphaltierte Stra\u00dfe ein und nach\n          250 Metern, an einer Gabelung, gehen wir geradeaus weiter. Nach 1 km\n          m\u00fcndet unser Weg in die alte Trasse der Nationalstra\u00dfe (jetzt ohne\n          Verkehr). Wir gehen auf der Allee (ehemalige N-634) weiter und\n          erreichen einen Kreisverkehr, wo uns die Kilometersteine anweisen,\n          rechts abzubiegen, um auf eine Fu\u00dfg\u00e4ngerbr\u00fccke \u00fcber die Stra\u00dfe LU-861\n          zu gelangen, die uns zu einer kurzen Umleitung zwingt. Der Weg f\u00fchrt\n          dann auf dem Camino Camporredondo weiter, zuerst unbefestigt und dann\n          asphaltiert, der uns ins Zentrum von Vilalba bringt. Sobald wir in die\n          Stadt kommen, m\u00fcssen wir auf die Pfeile achten: Nachdem wir die\n          Hauptallee (Via Campo de Puente) entlanggegangen sind, biegen wir\n          rechts ab, um die Via Porta de Cima bis zur Plaza Santa Mar\u00eda zu\n          gehen, wo sich die Pfarrkirche und links der mittelalterliche Turm der\n          Familie Andrade befindet, der in ein Parador de Turismo umgewandelt\n          wurde.\n        <\/p>\n      <\/div>\n      <hr \/>\n      <div>\n        <h4>Km 20,8 &#8231; Vilalba<\/h4>\n        <p><\/p>\n        <a class=\"town-link\" href=\"https:\/\/www.pilgrim.es\/de\/weg-im-norden\/vilalba\/\">\n          <div class=\"town-link__link-content\">\n            <div class=\"town-link__link-content__text\">\n              <p>Information Local<\/p>\n              <p>\n                Polizei, medizinische Versorgung, Sehensw\u00fcrdigkeiten,\n                Restaurants&#8230;\n              <\/p>\n            <\/div>\n            <div class=\"town-link__link-content__town-btn\">\n              <i class=\"icon-arrow\"><\/i>\n            <\/div>\n          <\/div>\n        <\/a>\n      <\/div>\n    <\/div>\n    <div id=\"locationsSection\">\n      <h2 class=\"p-h2-stage\">Ortschaften<\/h2>\n      <hr \/>\n      <h3 class=\"p-h3-stage\">St\u00e4dte<\/h3>\n      <div class=\"grid-container\">\n        <div class=\"p-group card-stage p-max-w-full\">\n          <a class=\"town-card\" href=\"https:\/\/www.pilgrim.es\/de\/weg-im-norden\/abadin\/\">\n            <div class=\"card-stage__header\">\n              <img decoding=\"async\"\n                alt=\"Abad\u00edn\"\n                class=\"group-hover:p-scale-110\"\n                src=\"https:\/\/cdn.pilgrim.es\/web\/caminos\/camino-norte\/pueblos\/abadin.jpg\"\n              \/>\n              <div class=\"card-overlay group-hover:p-opacity-50\"><\/div>\n            <\/div>\n            <div class=\"town-card__flex-container\">\n              <div class=\"town-card__flex-container__info\">\n                <h3>Abad\u00edn<\/h3>\n                <p>Provinz: Lugo<\/p>\n              <\/div>\n              <div class=\"town-card__flex-container__btn\">\n                <i class=\"icon-arrow\"><\/i>\n              <\/div>\n            <\/div>\n          <\/a>\n        <\/div>\n        <div class=\"p-group card-stage p-max-w-full\">\n          <a class=\"town-card\" href=\"https:\/\/www.pilgrim.es\/de\/weg-im-norden\/vilalba\/\">\n            <div class=\"card-stage__header\">\n              <img decoding=\"async\"\n                alt=\"Lourenza\"\n                class=\"group-hover:p-scale-110\"\n                src=\"https:\/\/cdn.pilgrim.es\/web\/caminos\/camino-norte\/pueblos\/vilalba.jpg\"\n              \/>\n              <div class=\"card-overlay group-hover:p-opacity-50\"><\/div>\n            <\/div>\n            <div class=\"town-card__flex-container\">\n              <div class=\"town-card__flex-container__info\">\n                <h3>Vilalba<\/h3>\n                <p>Provinz: Lugo<\/p>\n              <\/div>\n              <div class=\"town-card__flex-container__btn\">\n                <i class=\"icon-arrow\"><\/i>\n              <\/div>\n            <\/div>\n          <\/a>\n        <\/div>\n      <\/div>\n    <\/div>\n    <hr class=\"single-bar\" \/>\n  <\/div>\n<\/section>\n<section id=\"stageChange\">\n  <div>\n    <a class=\"change-btn\" href=\"https:\/\/www.pilgrim.es\/de\/weg-im-norden\/etappe-29-lourenza-abadin\/\">\n      <div class=\"change-btn\">\n        <div class=\"btn-arrow previous\">\n          <i class=\"icon-arrow\"><\/i>\n        <\/div>\n        <div class=\"change-btn__info\">\n          <div>Etappe 29<\/div>\n          <p>Lourenz\u00e1 &#10095; <br \/>Abad\u00edn<\/p>\n        <\/div>\n      <\/div>\n    <\/a>\n    <a class=\"change-btn\" href=\"https:\/\/www.pilgrim.es\/de\/weg-im-norden\/etappe-31-vilalba-baamonde\/\">\n      <div class=\"change-btn__info\">\n        <div>Etappe 31<\/div>\n        <p>Vilalba &#10095; <br \/>Baamonde<\/p>\n      <\/div>\n      <div class=\"btn-arrow\">\n        <i class=\"icon-arrow\"><\/i>\n      <\/div>\n    <\/a>\n  <\/div>\n<\/section>\n\n\n\n\n<p><\/p>\n","protected":false},"excerpt":{"rendered":"<p>Weg im Norden &#8231; Etappe 30 zu Fu\u00df 35 etappes \/ 824 kms Abad\u00edn\u276d Vilalba 20,8 Km &#10094; Etappe 29 Etappe 31 &#10095; Information Etappenprofil Reiseplan Ortschaften Information Information su questa tappa Die Etappe zeichnet sich durch ihr flaches Profil aus, wie wir dem Namen des Gebiets entnehmen k\u00f6nnen, in dem wir uns befinden: \u201eA &hellip; <\/p>\n<p class=\"read_more\"><a href=\"https:\/\/www.pilgrim.es\/de\/weg-im-norden\/etappe-30-abadin-vilalba\/\">Leer m\u00e1s<\/a><\/p>\n","protected":false},"author":4,"featured_media":11728,"parent":10670,"menu_order":0,"comment_status":"closed","ping_status":"closed","template":"views\/template-new-web-design.blade.php","meta":{"footnotes":""},"categories":[],"tags":[],"class_list":["post-32964","page","type-page","status-publish","has-post-thumbnail","hentry"],"yoast_head":"<!-- This site is optimized with the Yoast SEO plugin v27.4 - https:\/\/yoast.com\/product\/yoast-seo-wordpress\/ -->\n<title>Camino del Norte desde Abad\u00edn a Vilalba | Camino de Santiago | Pilgrim<\/title>\n<meta name=\"description\" content=\"Weg im Norden: Etappe 29 des Jakobsweges, der zwischen den Ortschaften Abad\u00edn und Vilalba verl\u00e4uft. Entdecken Sie alle Informationen und planen Sie Ihre Etappe.\" \/>\n<meta name=\"robots\" content=\"index, follow, max-snippet:-1, max-image-preview:large, max-video-preview:-1\" \/>\n<link rel=\"canonical\" href=\"https:\/\/www.pilgrim.es\/de\/weg-im-norden\/etappe-30-abadin-vilalba\/\" \/>\n<meta property=\"og:locale\" content=\"de_DE\" \/>\n<meta property=\"og:type\" content=\"article\" \/>\n<meta property=\"og:title\" content=\"Camino del Norte desde Abad\u00edn a Vilalba | Camino de Santiago | Pilgrim\" \/>\n<meta property=\"og:description\" content=\"Weg im Norden: Etappe 29 des Jakobsweges, der zwischen den Ortschaften Abad\u00edn und Vilalba verl\u00e4uft. Entdecken Sie alle Informationen und planen Sie Ihre Etappe.\" \/>\n<meta property=\"og:url\" content=\"https:\/\/www.pilgrim.es\/de\/weg-im-norden\/etappe-30-abadin-vilalba\/\" \/>\n<meta property=\"og:site_name\" content=\"Pilgrim\" \/>\n<meta property=\"article:publisher\" content=\"https:\/\/www.facebook.com\/pilgrim.es\/\" \/>\n<meta property=\"article:modified_time\" content=\"2025-04-24T12:25:08+00:00\" \/>\n<meta property=\"og:image\" content=\"https:\/\/www.pilgrim.es\/wp-content\/uploads\/2019\/02\/camino_norte_etapa_29.jpg\" \/>\n\t<meta property=\"og:image:width\" content=\"1634\" \/>\n\t<meta property=\"og:image:height\" content=\"547\" \/>\n\t<meta property=\"og:image:type\" content=\"image\/jpeg\" \/>\n<meta name=\"twitter:card\" content=\"summary_large_image\" \/>\n<meta name=\"twitter:site\" content=\"@pilgrim_es\" \/>\n<meta name=\"twitter:label1\" content=\"Gesch\u00e4tzte Lesezeit\" \/>\n\t<meta name=\"twitter:data1\" content=\"3\u00a0Minuten\" \/>\n<script type=\"application\/ld+json\" class=\"yoast-schema-graph\">{\"@context\":\"https:\\\/\\\/schema.org\",\"@graph\":[{\"@type\":\"WebPage\",\"@id\":\"https:\\\/\\\/www.pilgrim.es\\\/de\\\/weg-im-norden\\\/etappe-30-abadin-vilalba\\\/\",\"url\":\"https:\\\/\\\/www.pilgrim.es\\\/de\\\/weg-im-norden\\\/etappe-30-abadin-vilalba\\\/\",\"name\":\"Camino del Norte desde Abad\u00edn a Vilalba | Camino de Santiago | Pilgrim\",\"isPartOf\":{\"@id\":\"https:\\\/\\\/www.pilgrim.es\\\/de\\\/#website\"},\"primaryImageOfPage\":{\"@id\":\"https:\\\/\\\/www.pilgrim.es\\\/de\\\/weg-im-norden\\\/etappe-30-abadin-vilalba\\\/#primaryimage\"},\"image\":{\"@id\":\"https:\\\/\\\/www.pilgrim.es\\\/de\\\/weg-im-norden\\\/etappe-30-abadin-vilalba\\\/#primaryimage\"},\"thumbnailUrl\":\"https:\\\/\\\/www.pilgrim.es\\\/wp-content\\\/uploads\\\/2019\\\/02\\\/camino_norte_etapa_29.jpg\",\"datePublished\":\"2019-04-11T09:05:01+00:00\",\"dateModified\":\"2025-04-24T12:25:08+00:00\",\"description\":\"Weg im Norden: Etappe 29 des Jakobsweges, der zwischen den Ortschaften Abad\u00edn und Vilalba verl\u00e4uft. Entdecken Sie alle Informationen und planen Sie Ihre Etappe.\",\"breadcrumb\":{\"@id\":\"https:\\\/\\\/www.pilgrim.es\\\/de\\\/weg-im-norden\\\/etappe-30-abadin-vilalba\\\/#breadcrumb\"},\"inLanguage\":\"de\",\"potentialAction\":[{\"@type\":\"ReadAction\",\"target\":[\"https:\\\/\\\/www.pilgrim.es\\\/de\\\/weg-im-norden\\\/etappe-30-abadin-vilalba\\\/\"]}]},{\"@type\":\"ImageObject\",\"inLanguage\":\"de\",\"@id\":\"https:\\\/\\\/www.pilgrim.es\\\/de\\\/weg-im-norden\\\/etappe-30-abadin-vilalba\\\/#primaryimage\",\"url\":\"https:\\\/\\\/www.pilgrim.es\\\/wp-content\\\/uploads\\\/2019\\\/02\\\/camino_norte_etapa_29.jpg\",\"contentUrl\":\"https:\\\/\\\/www.pilgrim.es\\\/wp-content\\\/uploads\\\/2019\\\/02\\\/camino_norte_etapa_29.jpg\",\"width\":1634,\"height\":547,\"caption\":\"Landkarte Etappe 29 Weg im Norden\"},{\"@type\":\"BreadcrumbList\",\"@id\":\"https:\\\/\\\/www.pilgrim.es\\\/de\\\/weg-im-norden\\\/etappe-30-abadin-vilalba\\\/#breadcrumb\",\"itemListElement\":[{\"@type\":\"ListItem\",\"position\":1,\"name\":\"Camino de Santiago\",\"item\":\"https:\\\/\\\/www.pilgrim.es\\\/de\\\/\"},{\"@type\":\"ListItem\",\"position\":2,\"name\":\"Weg im Norden\",\"item\":\"https:\\\/\\\/www.pilgrim.es\\\/de\\\/weg-im-norden\\\/\"},{\"@type\":\"ListItem\",\"position\":3,\"name\":\"Weg im Norden | Etappe 30: Abad\u00edn &#8211; Vilalba\"}]},{\"@type\":\"WebSite\",\"@id\":\"https:\\\/\\\/www.pilgrim.es\\\/de\\\/#website\",\"url\":\"https:\\\/\\\/www.pilgrim.es\\\/de\\\/\",\"name\":\"Pilgrim\",\"description\":\"Camino de Santiago | Caminamos Contigo\",\"publisher\":{\"@id\":\"https:\\\/\\\/www.pilgrim.es\\\/de\\\/#organization\"},\"potentialAction\":[{\"@type\":\"SearchAction\",\"target\":{\"@type\":\"EntryPoint\",\"urlTemplate\":\"https:\\\/\\\/www.pilgrim.es\\\/de\\\/?s={search_term_string}\"},\"query-input\":{\"@type\":\"PropertyValueSpecification\",\"valueRequired\":true,\"valueName\":\"search_term_string\"}}],\"inLanguage\":\"de\"},{\"@type\":\"Organization\",\"@id\":\"https:\\\/\\\/www.pilgrim.es\\\/de\\\/#organization\",\"name\":\"Pilgrim Camino de Santiago\",\"url\":\"https:\\\/\\\/www.pilgrim.es\\\/de\\\/\",\"logo\":{\"@type\":\"ImageObject\",\"inLanguage\":\"de\",\"@id\":\"https:\\\/\\\/www.pilgrim.es\\\/de\\\/#\\\/schema\\\/logo\\\/image\\\/\",\"url\":\"https:\\\/\\\/www.pilgrim.es\\\/wp-content\\\/uploads\\\/2019\\\/04\\\/logo_pilgrim.png\",\"contentUrl\":\"https:\\\/\\\/www.pilgrim.es\\\/wp-content\\\/uploads\\\/2019\\\/04\\\/logo_pilgrim.png\",\"width\":512,\"height\":512,\"caption\":\"Pilgrim Camino de Santiago\"},\"image\":{\"@id\":\"https:\\\/\\\/www.pilgrim.es\\\/de\\\/#\\\/schema\\\/logo\\\/image\\\/\"},\"sameAs\":[\"https:\\\/\\\/www.facebook.com\\\/pilgrim.es\\\/\",\"https:\\\/\\\/x.com\\\/pilgrim_es\",\"https:\\\/\\\/www.instagram.com\\\/pilgrim.es\\\/\",\"https:\\\/\\\/www.linkedin.com\\\/company\\\/pilgrim-camino-de-santiago\\\/\",\"https:\\\/\\\/www.pinterest.es\\\/pilgrimcaminodesantiago\\\/\",\"https:\\\/\\\/www.youtube.com\\\/channel\\\/UCIv2ZzFLXVqthkNF32rKedw\\\/featured\"]}]}<\/script>\n<!-- \/ Yoast SEO plugin. -->","yoast_head_json":{"title":"Camino del Norte desde Abad\u00edn a Vilalba | Camino de Santiago | Pilgrim","description":"Weg im Norden: Etappe 29 des Jakobsweges, der zwischen den Ortschaften Abad\u00edn und Vilalba verl\u00e4uft. Entdecken Sie alle Informationen und planen Sie Ihre Etappe.","robots":{"index":"index","follow":"follow","max-snippet":"max-snippet:-1","max-image-preview":"max-image-preview:large","max-video-preview":"max-video-preview:-1"},"canonical":"https:\/\/www.pilgrim.es\/de\/weg-im-norden\/etappe-30-abadin-vilalba\/","og_locale":"de_DE","og_type":"article","og_title":"Camino del Norte desde Abad\u00edn a Vilalba | Camino de Santiago | Pilgrim","og_description":"Weg im Norden: Etappe 29 des Jakobsweges, der zwischen den Ortschaften Abad\u00edn und Vilalba verl\u00e4uft. Entdecken Sie alle Informationen und planen Sie Ihre Etappe.","og_url":"https:\/\/www.pilgrim.es\/de\/weg-im-norden\/etappe-30-abadin-vilalba\/","og_site_name":"Pilgrim","article_publisher":"https:\/\/www.facebook.com\/pilgrim.es\/","article_modified_time":"2025-04-24T12:25:08+00:00","og_image":[{"width":1634,"height":547,"url":"https:\/\/www.pilgrim.es\/wp-content\/uploads\/2019\/02\/camino_norte_etapa_29.jpg","type":"image\/jpeg"}],"twitter_card":"summary_large_image","twitter_site":"@pilgrim_es","twitter_misc":{"Gesch\u00e4tzte Lesezeit":"3\u00a0Minuten"},"schema":{"@context":"https:\/\/schema.org","@graph":[{"@type":"WebPage","@id":"https:\/\/www.pilgrim.es\/de\/weg-im-norden\/etappe-30-abadin-vilalba\/","url":"https:\/\/www.pilgrim.es\/de\/weg-im-norden\/etappe-30-abadin-vilalba\/","name":"Camino del Norte desde Abad\u00edn a Vilalba | Camino de Santiago | Pilgrim","isPartOf":{"@id":"https:\/\/www.pilgrim.es\/de\/#website"},"primaryImageOfPage":{"@id":"https:\/\/www.pilgrim.es\/de\/weg-im-norden\/etappe-30-abadin-vilalba\/#primaryimage"},"image":{"@id":"https:\/\/www.pilgrim.es\/de\/weg-im-norden\/etappe-30-abadin-vilalba\/#primaryimage"},"thumbnailUrl":"https:\/\/www.pilgrim.es\/wp-content\/uploads\/2019\/02\/camino_norte_etapa_29.jpg","datePublished":"2019-04-11T09:05:01+00:00","dateModified":"2025-04-24T12:25:08+00:00","description":"Weg im Norden: Etappe 29 des Jakobsweges, der zwischen den Ortschaften Abad\u00edn und Vilalba verl\u00e4uft. Entdecken Sie alle Informationen und planen Sie Ihre Etappe.","breadcrumb":{"@id":"https:\/\/www.pilgrim.es\/de\/weg-im-norden\/etappe-30-abadin-vilalba\/#breadcrumb"},"inLanguage":"de","potentialAction":[{"@type":"ReadAction","target":["https:\/\/www.pilgrim.es\/de\/weg-im-norden\/etappe-30-abadin-vilalba\/"]}]},{"@type":"ImageObject","inLanguage":"de","@id":"https:\/\/www.pilgrim.es\/de\/weg-im-norden\/etappe-30-abadin-vilalba\/#primaryimage","url":"https:\/\/www.pilgrim.es\/wp-content\/uploads\/2019\/02\/camino_norte_etapa_29.jpg","contentUrl":"https:\/\/www.pilgrim.es\/wp-content\/uploads\/2019\/02\/camino_norte_etapa_29.jpg","width":1634,"height":547,"caption":"Landkarte Etappe 29 Weg im Norden"},{"@type":"BreadcrumbList","@id":"https:\/\/www.pilgrim.es\/de\/weg-im-norden\/etappe-30-abadin-vilalba\/#breadcrumb","itemListElement":[{"@type":"ListItem","position":1,"name":"Camino de Santiago","item":"https:\/\/www.pilgrim.es\/de\/"},{"@type":"ListItem","position":2,"name":"Weg im Norden","item":"https:\/\/www.pilgrim.es\/de\/weg-im-norden\/"},{"@type":"ListItem","position":3,"name":"Weg im Norden | Etappe 30: Abad\u00edn &#8211; Vilalba"}]},{"@type":"WebSite","@id":"https:\/\/www.pilgrim.es\/de\/#website","url":"https:\/\/www.pilgrim.es\/de\/","name":"Pilgrim","description":"Camino de Santiago | Caminamos Contigo","publisher":{"@id":"https:\/\/www.pilgrim.es\/de\/#organization"},"potentialAction":[{"@type":"SearchAction","target":{"@type":"EntryPoint","urlTemplate":"https:\/\/www.pilgrim.es\/de\/?s={search_term_string}"},"query-input":{"@type":"PropertyValueSpecification","valueRequired":true,"valueName":"search_term_string"}}],"inLanguage":"de"},{"@type":"Organization","@id":"https:\/\/www.pilgrim.es\/de\/#organization","name":"Pilgrim Camino de Santiago","url":"https:\/\/www.pilgrim.es\/de\/","logo":{"@type":"ImageObject","inLanguage":"de","@id":"https:\/\/www.pilgrim.es\/de\/#\/schema\/logo\/image\/","url":"https:\/\/www.pilgrim.es\/wp-content\/uploads\/2019\/04\/logo_pilgrim.png","contentUrl":"https:\/\/www.pilgrim.es\/wp-content\/uploads\/2019\/04\/logo_pilgrim.png","width":512,"height":512,"caption":"Pilgrim Camino de Santiago"},"image":{"@id":"https:\/\/www.pilgrim.es\/de\/#\/schema\/logo\/image\/"},"sameAs":["https:\/\/www.facebook.com\/pilgrim.es\/","https:\/\/x.com\/pilgrim_es","https:\/\/www.instagram.com\/pilgrim.es\/","https:\/\/www.linkedin.com\/company\/pilgrim-camino-de-santiago\/","https:\/\/www.pinterest.es\/pilgrimcaminodesantiago\/","https:\/\/www.youtube.com\/channel\/UCIv2ZzFLXVqthkNF32rKedw\/featured"]}]}},"_links":{"self":[{"href":"https:\/\/www.pilgrim.es\/de\/wp-json\/wp\/v2\/pages\/32964","targetHints":{"allow":["GET"]}}],"collection":[{"href":"https:\/\/www.pilgrim.es\/de\/wp-json\/wp\/v2\/pages"}],"about":[{"href":"https:\/\/www.pilgrim.es\/de\/wp-json\/wp\/v2\/types\/page"}],"author":[{"embeddable":true,"href":"https:\/\/www.pilgrim.es\/de\/wp-json\/wp\/v2\/users\/4"}],"replies":[{"embeddable":true,"href":"https:\/\/www.pilgrim.es\/de\/wp-json\/wp\/v2\/comments?post=32964"}],"version-history":[{"count":12,"href":"https:\/\/www.pilgrim.es\/de\/wp-json\/wp\/v2\/pages\/32964\/revisions"}],"predecessor-version":[{"id":129528,"href":"https:\/\/www.pilgrim.es\/de\/wp-json\/wp\/v2\/pages\/32964\/revisions\/129528"}],"up":[{"embeddable":true,"href":"https:\/\/www.pilgrim.es\/de\/wp-json\/wp\/v2\/pages\/10670"}],"wp:featuredmedia":[{"embeddable":true,"href":"https:\/\/www.pilgrim.es\/de\/wp-json\/wp\/v2\/media\/11728"}],"wp:attachment":[{"href":"https:\/\/www.pilgrim.es\/de\/wp-json\/wp\/v2\/media?parent=32964"}],"wp:term":[{"taxonomy":"category","embeddable":true,"href":"https:\/\/www.pilgrim.es\/de\/wp-json\/wp\/v2\/categories?post=32964"},{"taxonomy":"post_tag","embeddable":true,"href":"https:\/\/www.pilgrim.es\/de\/wp-json\/wp\/v2\/tags?post=32964"}],"curies":[{"name":"wp","href":"https:\/\/api.w.org\/{rel}","templated":true}]}}