{"id":32691,"date":"2019-04-10T16:08:36","date_gmt":"2019-04-10T16:08:36","guid":{"rendered":"https:\/\/desarrollo.pilgrim.es\/weg-im-norden\/etappe-28-lourenza-abadin\/"},"modified":"2025-04-24T12:21:35","modified_gmt":"2025-04-24T12:21:35","slug":"etappe-29-lourenza-abadin","status":"publish","type":"page","link":"https:\/\/www.pilgrim.es\/de\/weg-im-norden\/etappe-29-lourenza-abadin\/","title":{"rendered":"Weg im Norden | Etappe 29: Lourenz\u00e1 &#8211; Abad\u00edn"},"content":{"rendered":"\n<section id=\"heroStage\">\n  <h1>Weg im Norden &#8231; Etappe 29<\/h1>\n  <div>\n    <div\n      class=\"hero\"\n      data-background=\"https:\/\/cdn.pilgrim.es\/web\/caminos\/camino-norte\/pueblos\/lourenza.jpg\"\n    >\n      <div class=\"hero__container\">\n        <div class=\"hero__container__labels\">\n          <p>zu Fu\u00df<\/p>\n          <p>35 etappes \/ 824 kms<\/p>\n        <\/div>\n        <div class=\"hero__container__stage-name\">\n          <h2>Lourenz\u00e1<br \/><span>\u276d<\/span> Abad\u00edn<\/h2>\n          <p>25,2 Km<\/p>\n        <\/div>\n        <div class=\"hero__container__stage-changer\">\n          <div class=\"stage-control\">\n            <a\n              class=\"stage-control__link\"\n              href=\"https:\/\/www.pilgrim.es\/de\/weg-im-norden\/etappe-28-ribadeo-lourenza\/\"\n              ><span>&#10094;<\/span> Etappe 28<\/a\n            >\n          <\/div>\n          <div class=\"stage-control\">\n            <a\n              class=\"stage-control__link\"\n              href=\"https:\/\/www.pilgrim.es\/de\/weg-im-norden\/etappe-30-abadin-vilalba\/\"\n              >Etappe 30 <span>&#10095;<\/span><\/a\n            >\n          <\/div>\n        <\/div>\n      <\/div>\n    <\/div>\n    <div class=\"planner\"><div\r\n  class=\"p-col-span-1 p-rounded-lg p-px-5 p-h-full\"\r\n  style=\"background-image: url('https:\/\/cdn.pilgrim.es\/web\/pilgrim-planner\/bg-plugin-planificador.webp')\"\r\n  rel=\"preload\"\r\n  fetchpriority=\"high\"\r\n  >\r\n    <div class=\"p-text-center p-pt-5 p-text-white p-text-2xl p-font-semibold\">\r\n      Plane deinen Weg    <\/div>\r\n    <div\r\n            id='primary-app'\r\n            data-name='banner'\r\n            data-api='https:\/\/pathfinder.pilgrim.es\/api\/pathfinder\/v2'\r\n            data-mode='normal'\r\n            data-lang='de'\r\n            data-route='1'\r\n            data-destiny='https:\/\/planificador.pilgrim.es'\r\n            data-modality='1'\r\n            data-inline=''\r\n        ><\/div><\/div><\/div>\n  <\/div>\n<\/section>\n<section id=\"scoreBarsStage\">\n  <section>\r\n  <div class=\"p-flex p-flex-nowrap p-space-x-4 p-py-5 p-overflow-x-auto md:p-grid md:p-grid-cols-3 lg:p-grid-cols-5 md:p-gap-8 md:p-space-x-0 md:p-overflow-hidden scrollbar-thin\">\r\n    <div class=\"p-grid p-grid-cols-4 p-shrink-0 p-w-72 p-snap-start md:p-w-full\">\r\n        <div class=\"p-col-span-1 p-self-center p-text-center p-text-3xl\">\r\n            <i class=\"icon-influx\"><\/i>\r\n        <\/div>\r\n        <div class=\"p-col-span-3 p-flex p-flex-col p-items-start\">\r\n            <div class=\"p-text-start p-text-secondary p-mb-1 p-bold\"> Zustrom <\/div>\r\n            <div class=\"p-w-full p-bg-light p-rounded-full p-h-2 p-relative\">\r\n                <div class=\"p-bg-primary p-h-2 p-rounded-full p-absolute\" style=\"width: 60%;\"><\/div>\r\n            <\/div>\r\n        <\/div>\r\n    <\/div>\r\n\r\n    <div class=\"p-grid p-grid-cols-4 p-shrink-0 p-w-72 p-snap-start md:p-w-full\">\r\n        <div class=\"p-col-span-1 p-self-center p-text-center p-text-3xl\">\r\n            <i class=\"icon-difficulty\"><\/i>\r\n        <\/div>\r\n        <div class=\"p-col-span-3 p-flex p-flex-col p-items-start\">\r\n            <div class=\"p-text-start p-text-secondary p-mb-1 p-bold\"> Schwierigkeitsgrad <\/div>\r\n            <div class=\"p-w-full p-bg-light p-rounded-full p-h-2 p-relative\">\r\n                <div class=\"p-bg-primary p-h-2 p-rounded-full p-absolute\" style=\"width: 60%;\"><\/div>\r\n            <\/div>\r\n        <\/div>\r\n    <\/div>\r\n\r\n    <div class=\"p-grid p-grid-cols-4 p-shrink-0 p-w-72 p-snap-start md:p-w-full\">\r\n        <div class=\"p-col-span-1 p-self-center p-text-center p-text-3xl\">\r\n            <i class=\"icon-patrimony\"><\/i>\r\n        <\/div>\r\n        <div class=\"p-col-span-3 p-flex p-flex-col p-items-start\">\r\n            <div class=\"p-text-start p-text-secondary p-mb-1 p-bold\"> Kunst\/Geschichte <\/div>\r\n            <div class=\"p-w-full p-bg-light p-rounded-full p-h-2 p-relative\">\r\n                <div class=\"p-bg-primary p-h-2 p-rounded-full p-absolute\" style=\"width: 20%;\"><\/div>\r\n            <\/div>\r\n        <\/div>\r\n    <\/div>\r\n\r\n    <div class=\"p-grid p-grid-cols-4 p-shrink-0 p-w-72 p-snap-start md:p-w-full\">\r\n        <div class=\"p-col-span-1 p-self-center p-text-center p-text-3xl\">\r\n            <i class=\"icon-nature\"><\/i>\r\n        <\/div>\r\n        <div class=\"p-col-span-3 p-flex p-flex-col p-items-start\">\r\n            <div class=\"p-text-start p-text-secondary p-mb-1 p-bold\"> Natur <\/div>\r\n            <div class=\"p-w-full p-bg-light p-rounded-full p-h-2 p-relative\">\r\n                <div class=\"p-bg-primary p-h-2 p-rounded-full p-absolute\" style=\"width: 60%;\"><\/div>\r\n            <\/div>\r\n        <\/div>\r\n    <\/div>\r\n\r\n    <div class=\"p-grid p-grid-cols-4 p-shrink-0 p-w-72 p-snap-start md:p-w-full\">\r\n        <div class=\"p-col-span-1 p-self-center p-text-center p-text-3xl\">\r\n            <i class=\"icon-urban\"><\/i>\r\n        <\/div>\r\n        <div class=\"p-col-span-3 p-flex p-flex-col p-items-start\">\r\n            <div class=\"p-text-start p-text-secondary p-mb-1 p-bold\"> St\u00e4dtischer Weg <\/div>\r\n            <div class=\"p-w-full p-bg-light p-rounded-full p-h-2 p-relative\">\r\n                <div class=\"p-bg-primary p-h-2 p-rounded-full p-absolute\" style=\"width: 20%;\"><\/div>\r\n            <\/div>\r\n        <\/div>\r\n    <\/div>\r\n  <\/div>\r\n<\/section>\n<\/section>\n<div id=\"stage-list-section\"><div class=\"stage-list\">\n    <div class='stage-list__map-card'>\n        <div class='stage-list__map-card__map'>\n            <div class='stage-list__map-card__map__text'>\n                <h2> Pages <\/h2>\n                <p> Zu Fu\u00df<\/p>\n                <p> 0etappen<\/p>\n            <\/div>\n            <div class='stage-list__map-card__map__img'>\n                <img decoding=\"async\" src=\"\" alt=\" mapa \" \/>\n            <\/div>\n        <\/div>\n    <\/div>\n\n    <\/div>\n<\/div>\n<section id=\"navStage\">\n  <div>\n    <nav class=\"tab-navigation-section--cols-4\" id=\"tab-navigation-section\">\n      <a class=\"active\" href=\"#infoSection\">Information<\/a>\n      <a href=\"#profileSection\">Etappenprofil<\/a>\n      <a href=\"#itinerarySection\">Reiseplan<\/a>\n      <a href=\"#locationsSection\">Ortschaften<\/a>\n    <\/nav>\n    <div id=\"infoSection\">\n      <div>\n        <h2 class=\"p-h2-stage\">Information<\/h2>\n        <hr class=\"orange-bar\" \/>\n        <h3 class=\"p-h3-stage\">Information su questa tappa<\/h3>\n      <\/div>\n      <p>\n        Im Gegensatz zum gestrigen Tag, durchqueren wir heute nicht so viele\n        kleine D\u00f6rfer, sondern erreichen eine der sieben ehemaligen Hauptst\u00e4dte\n        des K\u00f6nigreichs Galicien: Mondo\u00f1edo. Die st\u00e4ndigen Anstiege werden durch\n        \u00fcppige W\u00e4lder und unvergleichliche Landschaften ausgeglichen, bis wir im\n        Hafen von Xesta ankommen; von wo aus wir einen spektakul\u00e4ren Blick auf\n        das gesamte Tal genie\u00dfen k\u00f6nnen.\n      <\/p>\n      <div class=\"recomendation-card\">\n        <div>\n          <i class=\"icon-logo-pilgrim\"><\/i>\n          <h5>Empfehlung Pilgrim<\/h5>\n        <\/div>\n        <p>\n          Es ist ziemlich \u00fcblich, dass Radfahrer zwischen den Gemeinden Lourenz\u00e1\n          und Mondo\u00f1edo auf der N-634 weiterfahren, um enge Stra\u00dfen und\n          instabile Stra\u00dfenbel\u00e4ge an einigen Stellen zu vermeiden. F\u00fcr Personen\n          mit eingeschr\u00e4nkter Mobilit\u00e4t wird empfohlen, der Stra\u00dfe zu folgen.\n        <\/p>\n      <\/div>\n    <\/div>\n    <div id=\"profileSection\">\n      <div>\n        <h2 class=\"p-h2-stage\">Entfernung und H\u00f6he<\/h2>\n        <hr class=\"orange-bar\" \/>\n        <h3 class=\"p-h3-stage\">Etappenprofil<\/h3>\n        <img decoding=\"async\"\n          alt=\"Etappenprofil\"\n          src=\"https:\/\/cdn.pilgrim.es\/web\/caminos\/camino-norte\/etapas\/etapa-29\/etapa29-perfil-lourenza-abadin.jpg\"\n        \/>\n      <\/div>\n    <\/div>\n    <div id=\"itinerarySection\">\n      <h2 class=\"p-h2-stage\">Percorso<\/h2>\n      <hr \/>\n      <h3 class=\"p-h3-stage\">Reiseplan<\/h3>\n      <div>\n        <h4>Km 0 &#8231; Lourenz\u00e1<\/h4>\n        <p>\n          Wir verlassen den Platz und gehen die Avenida de Mondo\u00f1edo entlang.\n          Nach nur 130 Metern biegen wir rechts in eine Gasse ein. Wir gehen\n          einen steilen Pfad hinauf, passieren hinter dem Friedhof und nehmen\n          einen Schotterweg, der neben einem Elektrizit\u00e4tsturm beginnt. Ab hier\n          stimmen unsere Pfeile mit einem anderen markierten Weg \u00fcberein, dem\n          Cami\u00f1o natural de San Rosendo, der durch eine l\u00e4ndliche Gegend mit\n          sehr sch\u00f6nen Landschaften f\u00fchrt. Nach 1,9 km passieren wir die H\u00e4user\n          von Arroxo. Wir gehen unter den Br\u00fccken der Autobahn A-8 hindurch und\n          folgen einem Pfad, der parallel zur Stra\u00dfe N-634 verl\u00e4uft. Nach 600\n          Metern erreichen wir die H\u00e4user von Ogrobe.\n        <\/p>\n        <a class=\"town-link\" href=\"https:\/\/www.pilgrim.es\/de\/weg-im-norden\/vilanova-de-lourenza\/\">\n          <div class=\"town-link__link-content\">\n            <div class=\"town-link__link-content__text\">\n              <p>Information Local<\/p>\n              <p>\n                Polizei, medizinische Versorgung, Sehensw\u00fcrdigkeiten,\n                Restaurants&#8230;\n              <\/p>\n            <\/div>\n            <div class=\"town-link__link-content__town-btn\">\n              <i class=\"icon-arrow\"><\/i>\n            <\/div>\n          <\/div>\n        <\/a>\n      <\/div>\n      <hr \/>\n      <div>\n        <h4>Km 3,8 &#8231; Ogrobe<\/h4>\n        <p>\n          Unser Weg f\u00fchrt links, vorbei an der Kapelle der Virxe de Guadalupe.\n          Wir biegen auf einen abw\u00e4rtsf\u00fchrenden Pfad ein, der uns zur\u00fcck in den\n          Wald f\u00fchrt, entlang eines Friedhofs; wir folgen einem schmalen Pfad,\n          der neben den H\u00e4usern von San Pedro da Torre endet. Nach 700 Metern\n          durchqueren wir das Dorf Reguengo und 500 Meter weiter den Ort San\n          Paio.\n        <\/p>\n        <p>\n          Von hier aus steigen wir hinab zur Stra\u00dfe N-634, der wir vorsichtig\n          auf der linken Seite folgen; nach 300 Metern verlassen wir sie rechts,\n          \u00fcberqueren eine historische Steinbr\u00fccke \u00fcber den Fluss Vali\u00f1adares und\n          biegen in die R\u00faa de San L\u00e1zaro ein.\n        <\/p>\n        <p>\n          Wir kommen an einer Kapelle vorbei, die San L\u00e1zaro gewidmet ist. Wir\n          gehen geradeaus auf dem B\u00fcrgersteig weiter, vorbei an einigen gro\u00dfen\n          H\u00e4usern von Indianos, bis wir einen Kreisverkehr erreichen; dann\n          nehmen wir die R\u00faa San Antonio, leicht links. Nachdem wir den\n          Busbahnhof passiert haben, gelangen wir ins Zentrum von Mondo\u00f1edo,\n          indem wir die R\u00faa do Cami\u00f1o Norte entlanggehen, die dann zur R\u00faa Pardo\n          de Cela wird; diese f\u00fchrt uns ins historische Zentrum, wo sich die\n          Kathedrale befindet.\n        <\/p>\n      <\/div>\n      <hr \/>\n      <div>\n        <h4>Km 9,0 &#8231; Mondo\u00f1edo<\/h4>\n        <p>\n          Wir verlassen den Platz der Kathedrale in Richtung Fonte Vella; wir\n          biegen sofort links in die R\u00faa Rigueira ein, der wir bergauf bis zum\n          Ende folgen, zu den Toren des historischen Zentrums. Hier biegen wir\n          auf eine wenig befahrene Nebenstra\u00dfe ein, der wir die n\u00e4chsten 8,7 km\n          bis nach Lousada folgen werden.\n        <\/p>\n        <p>\n          Gerne! Hier ist die deutsche \u00dcbersetzung des italienischen Textes: Wir\n          verlassen den Platz der Kathedrale in Richtung Fonte Vella; wir biegen\n          sofort links in die R\u00faa Rigueira ein, der wir bergauf bis zum Ende\n          folgen, zu den Toren des historischen Zentrums. Hier biegen wir auf\n          eine wenig befahrene Nebenstra\u00dfe ein, der wir die n\u00e4chsten 8,7 km bis\n          nach Lousada folgen werden. Der erste Kilometer der Nebenstra\u00dfe ist\n          ein steiler Anstieg und bietet einen guten Blick auf Mondo\u00f1edo;\n          gl\u00fccklicherweise werden die Steigungen sanfter und wir k\u00f6nnen leicht\n          weitergehen. Auf halbem Weg folgen wir dem sch\u00f6nen Tal von\n          Vali\u00f1adares. Der erste Ort, den wir durchqueren, ist San Cayetano und\n          nach 1,3 km Maariz. Immer auf Asphalt passieren wir die D\u00f6rfer Paad\u00edn\n          und O Vilar.\n        <\/p>\n        <p>\n          Wir erreichen die Kapelle San Vicente de Trig\u00e1s aus dem 16.\n          Jahrhundert mit einem kleinen Friedhof daneben. Allm\u00e4hlich ansteigend\n          durch malerische Landschaften erreichen wir das kleine Dorf Lousada,\n          das oben im Tal liegt.\n        <\/p>\n      <\/div>\n      <hr \/>\n      <div>\n        <h4>Km 18,2 &#8231; Lousada<\/h4>\n        <p>\n          Direkt nach Lousada biegen wir links auf einen unbefestigten Weg ab,\n          der hinunter zum Bach Carballo f\u00fchrt. Dann beginnt ein ziemlich\n          steiler Anstieg im Wald, gekennzeichnet durch einige Serpentinen und\n          einen H\u00f6henunterschied von etwas mehr als 100 Metern bis zum Pass von\n          A Xesta. Hier treffen wir auf die Autobahn A-8.\n        <\/p>\n        <p>\n          Fr\u00fcher f\u00fchrte der Weg an der Einsiedelei San Cosme da Monta\u00f1a vorbei,\n          die wir von der anderen Seite des Kreisverkehrs der Schnellstra\u00dfe\n          sehen k\u00f6nnen. Aber der aktuelle Weg verl\u00e4uft parallel zur Autobahn,\n          entlang eines unbefestigten Weges f\u00fcr 450 Meter, danach biegen wir\n          rechts ab und \u00fcberqueren die Nationalstra\u00dfe N-634 (Vorsicht, es gibt\n          keine Fu\u00dfg\u00e4nger\u00fcberwege); wir gehen geradeaus weiter und nach 250\n          Metern biegen wir links auf einen Pfad ein.\n        <\/p>\n        <p>\n          Wir setzen unseren Weg in westlicher Richtung fort und gelangen durch\n          idyllische Landschaften in die Terra Ch\u00e1, die innere Hochebene von\n          Lugo, die von gr\u00fcnen Wiesen umgeben von kleinen W\u00e4ldern und einigen\n          verstreuten Bauernh\u00f6fen gepr\u00e4gt ist. Nach 1,5 km biegen wir links auf\n          eine Stra\u00dfe ab, die kurz darauf in eine andere, wenig befahrene Stra\u00dfe\n          m\u00fcndet. Wir passieren einen Brunnen und nach 900 Metern m\u00fcndet rechts\n          der sogenannte &#8222;Hauptweg&#8220; ein, der vom Berg herabf\u00fchrt, fast am\n          Ortseingang von Gont\u00e1n.\n        <\/p>\n      <\/div>\n      <hr \/>\n      <div>\n        <h4>Km 24,8 &#8231; Gont\u00e1n<\/h4>\n        <p>\n          Wir \u00fcberqueren eine Br\u00fccke \u00fcber einen Bach und verlassen Gont\u00e1n, indem\n          wir rechts neben einer Fabrik auf eine gepflasterte Stra\u00dfe einbiegen,\n          auf der wir zur Nationalstra\u00dfe N-634 hinaufgehen; wir folgen deren\n          B\u00fcrgersteig und erreichen schon bald den Ort Abad\u00edn, wo es\n          verschiedene Unterk\u00fcnfte, Bars und Restaurants gibt. Wir k\u00f6nnen unsere\n          Pilgerausweise im Casa do Concello (Rathaus) abstempeln lassen, einem\n          kobaltblauen Geb\u00e4ude, an dem eine Plakette unsere H\u00f6he angibt: 512\n          Meter \u00fcber dem Meeresspiegel.\n        <\/p>\n      <\/div>\n      <hr \/>\n      <div>\n        <h4>Km 25,2 &#8231; Abad\u00edn<\/h4>\n        <a class=\"town-link\" href=\"https:\/\/www.pilgrim.es\/de\/weg-im-norden\/abadin\/\">\n          <div class=\"town-link__link-content\">\n            <div class=\"town-link__link-content__text\">\n              <p>Information Local<\/p>\n              <p>\n                Polizei, medizinische Versorgung, Sehensw\u00fcrdigkeiten,\n                Restaurants&#8230;\n              <\/p>\n            <\/div>\n            <div class=\"town-link__link-content__town-btn\">\n              <i class=\"icon-arrow\"><\/i>\n            <\/div>\n          <\/div>\n        <\/a>\n      <\/div>\n    <\/div>\n    <div id=\"locationsSection\">\n      <h2 class=\"p-h2-stage\">Ortschaften<\/h2>\n      <hr \/>\n      <h3 class=\"p-h3-stage\">St\u00e4dte<\/h3>\n      <div class=\"grid-container\">\n        <div class=\"p-group card-stage p-max-w-full\">\n          <a class=\"town-card\" href=\"https:\/\/www.pilgrim.es\/de\/weg-im-norden\/vilanova-de-lourenza\/\">\n            <div class=\"card-stage__header\">\n              <img decoding=\"async\"\n                alt=\"Lourenz\u00e1\"\n                class=\"group-hover:p-scale-110\"\n                src=\"https:\/\/cdn.pilgrim.es\/web\/caminos\/camino-norte\/pueblos\/lourenza.jpg\"\n              \/>\n              <div class=\"card-overlay group-hover:p-opacity-50\"><\/div>\n            <\/div>\n            <div class=\"town-card__flex-container\">\n              <div class=\"town-card__flex-container__info\">\n                <h3>Lourenz\u00e1<\/h3>\n                <p>Provinz: Lugo<\/p>\n              <\/div>\n              <div class=\"town-card__flex-container__btn\">\n                <i class=\"icon-arrow\"><\/i>\n              <\/div>\n            <\/div>\n          <\/a>\n        <\/div>\n        <div class=\"p-group card-stage p-max-w-full\">\n          <a class=\"town-card\" href=\"https:\/\/www.pilgrim.es\/de\/weg-im-norden\/abadin\/\">\n            <div class=\"card-stage__header\">\n              <img decoding=\"async\"\n                alt=\"Lourenza\"\n                class=\"group-hover:p-scale-110\"\n                src=\"https:\/\/cdn.pilgrim.es\/web\/caminos\/camino-norte\/pueblos\/abadin.jpg\"\n              \/>\n              <div class=\"card-overlay group-hover:p-opacity-50\"><\/div>\n            <\/div>\n            <div class=\"town-card__flex-container\">\n              <div class=\"town-card__flex-container__info\">\n                <h3>Abad\u00edn<\/h3>\n                <p>Provinz: Lugo<\/p>\n              <\/div>\n              <div class=\"town-card__flex-container__btn\">\n                <i class=\"icon-arrow\"><\/i>\n              <\/div>\n            <\/div>\n          <\/a>\n        <\/div>\n      <\/div>\n    <\/div>\n    <hr class=\"single-bar\" \/>\n  <\/div>\n<\/section>\n<section id=\"stageChange\">\n  <div>\n    <a class=\"change-btn\" href=\"https:\/\/www.pilgrim.es\/de\/weg-im-norden\/etappe-28-ribadeo-lourenza\/\">\n      <div class=\"change-btn\">\n        <div class=\"btn-arrow previous\">\n          <i class=\"icon-arrow\"><\/i>\n        <\/div>\n        <div class=\"change-btn__info\">\n          <div>Etappe 28<\/div>\n          <p>Ribadeo &#10095; <br \/>Lourenz\u00e1<\/p>\n        <\/div>\n      <\/div>\n    <\/a>\n    <a class=\"change-btn\" href=\"https:\/\/www.pilgrim.es\/de\/weg-im-norden\/etappe-30-abadin-vilalba\/\">\n      <div class=\"change-btn__info\">\n        <div>Etappe 30<\/div>\n        <p>Abad\u00edn &#10095; <br \/>Vilalba<\/p>\n      <\/div>\n      <div class=\"btn-arrow\">\n        <i class=\"icon-arrow\"><\/i>\n      <\/div>\n    <\/a>\n  <\/div>\n<\/section>\n\n\n\n\n<p><\/p>\n","protected":false},"excerpt":{"rendered":"<p>Weg im Norden &#8231; Etappe 29 zu Fu\u00df 35 etappes \/ 824 kms Lourenz\u00e1\u276d Abad\u00edn 25,2 Km &#10094; Etappe 28 Etappe 30 &#10095; Information Etappenprofil Reiseplan Ortschaften Information Information su questa tappa Im Gegensatz zum gestrigen Tag, durchqueren wir heute nicht so viele kleine D\u00f6rfer, sondern erreichen eine der sieben ehemaligen Hauptst\u00e4dte des K\u00f6nigreichs Galicien: &hellip; <\/p>\n<p class=\"read_more\"><a href=\"https:\/\/www.pilgrim.es\/de\/weg-im-norden\/etappe-29-lourenza-abadin\/\">Leer m\u00e1s<\/a><\/p>\n","protected":false},"author":4,"featured_media":11720,"parent":10670,"menu_order":0,"comment_status":"closed","ping_status":"closed","template":"views\/template-new-web-design.blade.php","meta":{"footnotes":""},"categories":[],"tags":[],"class_list":["post-32691","page","type-page","status-publish","has-post-thumbnail","hentry"],"yoast_head":"<!-- This site is optimized with the Yoast SEO plugin v27.4 - https:\/\/yoast.com\/product\/yoast-seo-wordpress\/ -->\n<title>Camino del Norte desde Lourenz\u00e1 a Abad\u00edn | Camino de Santiago | Pilgrim<\/title>\n<meta name=\"description\" content=\"Weg im Norden: Etappe 28 des Jakobsweges, der zwischen den D\u00f6rfern Lourenz\u00e1 und Abad\u00edn verl\u00e4uft. Entdecken Sie alle Informationen und planen Sie Ihre Etappe.\" \/>\n<meta name=\"robots\" content=\"index, follow, max-snippet:-1, max-image-preview:large, max-video-preview:-1\" \/>\n<link rel=\"canonical\" href=\"https:\/\/www.pilgrim.es\/de\/weg-im-norden\/etappe-29-lourenza-abadin\/\" \/>\n<meta property=\"og:locale\" content=\"de_DE\" \/>\n<meta property=\"og:type\" content=\"article\" \/>\n<meta property=\"og:title\" content=\"Camino del Norte desde Lourenz\u00e1 a Abad\u00edn | Camino de Santiago | Pilgrim\" \/>\n<meta property=\"og:description\" content=\"Weg im Norden: Etappe 28 des Jakobsweges, der zwischen den D\u00f6rfern Lourenz\u00e1 und Abad\u00edn verl\u00e4uft. Entdecken Sie alle Informationen und planen Sie Ihre Etappe.\" \/>\n<meta property=\"og:url\" content=\"https:\/\/www.pilgrim.es\/de\/weg-im-norden\/etappe-29-lourenza-abadin\/\" \/>\n<meta property=\"og:site_name\" content=\"Pilgrim\" \/>\n<meta property=\"article:publisher\" content=\"https:\/\/www.facebook.com\/pilgrim.es\/\" \/>\n<meta property=\"article:modified_time\" content=\"2025-04-24T12:21:35+00:00\" \/>\n<meta property=\"og:image\" content=\"https:\/\/www.pilgrim.es\/wp-content\/uploads\/2019\/02\/camino_norte_etapa_28.jpg\" \/>\n\t<meta property=\"og:image:width\" content=\"1632\" \/>\n\t<meta property=\"og:image:height\" content=\"547\" \/>\n\t<meta property=\"og:image:type\" content=\"image\/jpeg\" \/>\n<meta name=\"twitter:card\" content=\"summary_large_image\" \/>\n<meta name=\"twitter:site\" content=\"@pilgrim_es\" \/>\n<meta name=\"twitter:label1\" content=\"Gesch\u00e4tzte Lesezeit\" \/>\n\t<meta name=\"twitter:data1\" content=\"5\u00a0Minuten\" \/>\n<script type=\"application\/ld+json\" class=\"yoast-schema-graph\">{\"@context\":\"https:\\\/\\\/schema.org\",\"@graph\":[{\"@type\":\"WebPage\",\"@id\":\"https:\\\/\\\/www.pilgrim.es\\\/de\\\/weg-im-norden\\\/etappe-29-lourenza-abadin\\\/\",\"url\":\"https:\\\/\\\/www.pilgrim.es\\\/de\\\/weg-im-norden\\\/etappe-29-lourenza-abadin\\\/\",\"name\":\"Camino del Norte desde Lourenz\u00e1 a Abad\u00edn | Camino de Santiago | Pilgrim\",\"isPartOf\":{\"@id\":\"https:\\\/\\\/www.pilgrim.es\\\/de\\\/#website\"},\"primaryImageOfPage\":{\"@id\":\"https:\\\/\\\/www.pilgrim.es\\\/de\\\/weg-im-norden\\\/etappe-29-lourenza-abadin\\\/#primaryimage\"},\"image\":{\"@id\":\"https:\\\/\\\/www.pilgrim.es\\\/de\\\/weg-im-norden\\\/etappe-29-lourenza-abadin\\\/#primaryimage\"},\"thumbnailUrl\":\"https:\\\/\\\/www.pilgrim.es\\\/wp-content\\\/uploads\\\/2019\\\/02\\\/camino_norte_etapa_28.jpg\",\"datePublished\":\"2019-04-10T16:08:36+00:00\",\"dateModified\":\"2025-04-24T12:21:35+00:00\",\"description\":\"Weg im Norden: Etappe 28 des Jakobsweges, der zwischen den D\u00f6rfern Lourenz\u00e1 und Abad\u00edn verl\u00e4uft. Entdecken Sie alle Informationen und planen Sie Ihre Etappe.\",\"breadcrumb\":{\"@id\":\"https:\\\/\\\/www.pilgrim.es\\\/de\\\/weg-im-norden\\\/etappe-29-lourenza-abadin\\\/#breadcrumb\"},\"inLanguage\":\"de\",\"potentialAction\":[{\"@type\":\"ReadAction\",\"target\":[\"https:\\\/\\\/www.pilgrim.es\\\/de\\\/weg-im-norden\\\/etappe-29-lourenza-abadin\\\/\"]}]},{\"@type\":\"ImageObject\",\"inLanguage\":\"de\",\"@id\":\"https:\\\/\\\/www.pilgrim.es\\\/de\\\/weg-im-norden\\\/etappe-29-lourenza-abadin\\\/#primaryimage\",\"url\":\"https:\\\/\\\/www.pilgrim.es\\\/wp-content\\\/uploads\\\/2019\\\/02\\\/camino_norte_etapa_28.jpg\",\"contentUrl\":\"https:\\\/\\\/www.pilgrim.es\\\/wp-content\\\/uploads\\\/2019\\\/02\\\/camino_norte_etapa_28.jpg\",\"width\":1632,\"height\":547,\"caption\":\"Landkarte Etappe 28 Weg im Norden\"},{\"@type\":\"BreadcrumbList\",\"@id\":\"https:\\\/\\\/www.pilgrim.es\\\/de\\\/weg-im-norden\\\/etappe-29-lourenza-abadin\\\/#breadcrumb\",\"itemListElement\":[{\"@type\":\"ListItem\",\"position\":1,\"name\":\"Camino de Santiago\",\"item\":\"https:\\\/\\\/www.pilgrim.es\\\/de\\\/\"},{\"@type\":\"ListItem\",\"position\":2,\"name\":\"Weg im Norden\",\"item\":\"https:\\\/\\\/www.pilgrim.es\\\/de\\\/weg-im-norden\\\/\"},{\"@type\":\"ListItem\",\"position\":3,\"name\":\"Weg im Norden | Etappe 29: Lourenz\u00e1 &#8211; Abad\u00edn\"}]},{\"@type\":\"WebSite\",\"@id\":\"https:\\\/\\\/www.pilgrim.es\\\/de\\\/#website\",\"url\":\"https:\\\/\\\/www.pilgrim.es\\\/de\\\/\",\"name\":\"Pilgrim\",\"description\":\"Camino de Santiago | Caminamos Contigo\",\"publisher\":{\"@id\":\"https:\\\/\\\/www.pilgrim.es\\\/de\\\/#organization\"},\"potentialAction\":[{\"@type\":\"SearchAction\",\"target\":{\"@type\":\"EntryPoint\",\"urlTemplate\":\"https:\\\/\\\/www.pilgrim.es\\\/de\\\/?s={search_term_string}\"},\"query-input\":{\"@type\":\"PropertyValueSpecification\",\"valueRequired\":true,\"valueName\":\"search_term_string\"}}],\"inLanguage\":\"de\"},{\"@type\":\"Organization\",\"@id\":\"https:\\\/\\\/www.pilgrim.es\\\/de\\\/#organization\",\"name\":\"Pilgrim Camino de Santiago\",\"url\":\"https:\\\/\\\/www.pilgrim.es\\\/de\\\/\",\"logo\":{\"@type\":\"ImageObject\",\"inLanguage\":\"de\",\"@id\":\"https:\\\/\\\/www.pilgrim.es\\\/de\\\/#\\\/schema\\\/logo\\\/image\\\/\",\"url\":\"https:\\\/\\\/www.pilgrim.es\\\/wp-content\\\/uploads\\\/2019\\\/04\\\/logo_pilgrim.png\",\"contentUrl\":\"https:\\\/\\\/www.pilgrim.es\\\/wp-content\\\/uploads\\\/2019\\\/04\\\/logo_pilgrim.png\",\"width\":512,\"height\":512,\"caption\":\"Pilgrim Camino de Santiago\"},\"image\":{\"@id\":\"https:\\\/\\\/www.pilgrim.es\\\/de\\\/#\\\/schema\\\/logo\\\/image\\\/\"},\"sameAs\":[\"https:\\\/\\\/www.facebook.com\\\/pilgrim.es\\\/\",\"https:\\\/\\\/x.com\\\/pilgrim_es\",\"https:\\\/\\\/www.instagram.com\\\/pilgrim.es\\\/\",\"https:\\\/\\\/www.linkedin.com\\\/company\\\/pilgrim-camino-de-santiago\\\/\",\"https:\\\/\\\/www.pinterest.es\\\/pilgrimcaminodesantiago\\\/\",\"https:\\\/\\\/www.youtube.com\\\/channel\\\/UCIv2ZzFLXVqthkNF32rKedw\\\/featured\"]}]}<\/script>\n<!-- \/ Yoast SEO plugin. -->","yoast_head_json":{"title":"Camino del Norte desde Lourenz\u00e1 a Abad\u00edn | Camino de Santiago | Pilgrim","description":"Weg im Norden: Etappe 28 des Jakobsweges, der zwischen den D\u00f6rfern Lourenz\u00e1 und Abad\u00edn verl\u00e4uft. Entdecken Sie alle Informationen und planen Sie Ihre Etappe.","robots":{"index":"index","follow":"follow","max-snippet":"max-snippet:-1","max-image-preview":"max-image-preview:large","max-video-preview":"max-video-preview:-1"},"canonical":"https:\/\/www.pilgrim.es\/de\/weg-im-norden\/etappe-29-lourenza-abadin\/","og_locale":"de_DE","og_type":"article","og_title":"Camino del Norte desde Lourenz\u00e1 a Abad\u00edn | Camino de Santiago | Pilgrim","og_description":"Weg im Norden: Etappe 28 des Jakobsweges, der zwischen den D\u00f6rfern Lourenz\u00e1 und Abad\u00edn verl\u00e4uft. Entdecken Sie alle Informationen und planen Sie Ihre Etappe.","og_url":"https:\/\/www.pilgrim.es\/de\/weg-im-norden\/etappe-29-lourenza-abadin\/","og_site_name":"Pilgrim","article_publisher":"https:\/\/www.facebook.com\/pilgrim.es\/","article_modified_time":"2025-04-24T12:21:35+00:00","og_image":[{"width":1632,"height":547,"url":"https:\/\/www.pilgrim.es\/wp-content\/uploads\/2019\/02\/camino_norte_etapa_28.jpg","type":"image\/jpeg"}],"twitter_card":"summary_large_image","twitter_site":"@pilgrim_es","twitter_misc":{"Gesch\u00e4tzte Lesezeit":"5\u00a0Minuten"},"schema":{"@context":"https:\/\/schema.org","@graph":[{"@type":"WebPage","@id":"https:\/\/www.pilgrim.es\/de\/weg-im-norden\/etappe-29-lourenza-abadin\/","url":"https:\/\/www.pilgrim.es\/de\/weg-im-norden\/etappe-29-lourenza-abadin\/","name":"Camino del Norte desde Lourenz\u00e1 a Abad\u00edn | Camino de Santiago | Pilgrim","isPartOf":{"@id":"https:\/\/www.pilgrim.es\/de\/#website"},"primaryImageOfPage":{"@id":"https:\/\/www.pilgrim.es\/de\/weg-im-norden\/etappe-29-lourenza-abadin\/#primaryimage"},"image":{"@id":"https:\/\/www.pilgrim.es\/de\/weg-im-norden\/etappe-29-lourenza-abadin\/#primaryimage"},"thumbnailUrl":"https:\/\/www.pilgrim.es\/wp-content\/uploads\/2019\/02\/camino_norte_etapa_28.jpg","datePublished":"2019-04-10T16:08:36+00:00","dateModified":"2025-04-24T12:21:35+00:00","description":"Weg im Norden: Etappe 28 des Jakobsweges, der zwischen den D\u00f6rfern Lourenz\u00e1 und Abad\u00edn verl\u00e4uft. Entdecken Sie alle Informationen und planen Sie Ihre Etappe.","breadcrumb":{"@id":"https:\/\/www.pilgrim.es\/de\/weg-im-norden\/etappe-29-lourenza-abadin\/#breadcrumb"},"inLanguage":"de","potentialAction":[{"@type":"ReadAction","target":["https:\/\/www.pilgrim.es\/de\/weg-im-norden\/etappe-29-lourenza-abadin\/"]}]},{"@type":"ImageObject","inLanguage":"de","@id":"https:\/\/www.pilgrim.es\/de\/weg-im-norden\/etappe-29-lourenza-abadin\/#primaryimage","url":"https:\/\/www.pilgrim.es\/wp-content\/uploads\/2019\/02\/camino_norte_etapa_28.jpg","contentUrl":"https:\/\/www.pilgrim.es\/wp-content\/uploads\/2019\/02\/camino_norte_etapa_28.jpg","width":1632,"height":547,"caption":"Landkarte Etappe 28 Weg im Norden"},{"@type":"BreadcrumbList","@id":"https:\/\/www.pilgrim.es\/de\/weg-im-norden\/etappe-29-lourenza-abadin\/#breadcrumb","itemListElement":[{"@type":"ListItem","position":1,"name":"Camino de Santiago","item":"https:\/\/www.pilgrim.es\/de\/"},{"@type":"ListItem","position":2,"name":"Weg im Norden","item":"https:\/\/www.pilgrim.es\/de\/weg-im-norden\/"},{"@type":"ListItem","position":3,"name":"Weg im Norden | Etappe 29: Lourenz\u00e1 &#8211; Abad\u00edn"}]},{"@type":"WebSite","@id":"https:\/\/www.pilgrim.es\/de\/#website","url":"https:\/\/www.pilgrim.es\/de\/","name":"Pilgrim","description":"Camino de Santiago | Caminamos Contigo","publisher":{"@id":"https:\/\/www.pilgrim.es\/de\/#organization"},"potentialAction":[{"@type":"SearchAction","target":{"@type":"EntryPoint","urlTemplate":"https:\/\/www.pilgrim.es\/de\/?s={search_term_string}"},"query-input":{"@type":"PropertyValueSpecification","valueRequired":true,"valueName":"search_term_string"}}],"inLanguage":"de"},{"@type":"Organization","@id":"https:\/\/www.pilgrim.es\/de\/#organization","name":"Pilgrim Camino de Santiago","url":"https:\/\/www.pilgrim.es\/de\/","logo":{"@type":"ImageObject","inLanguage":"de","@id":"https:\/\/www.pilgrim.es\/de\/#\/schema\/logo\/image\/","url":"https:\/\/www.pilgrim.es\/wp-content\/uploads\/2019\/04\/logo_pilgrim.png","contentUrl":"https:\/\/www.pilgrim.es\/wp-content\/uploads\/2019\/04\/logo_pilgrim.png","width":512,"height":512,"caption":"Pilgrim Camino de Santiago"},"image":{"@id":"https:\/\/www.pilgrim.es\/de\/#\/schema\/logo\/image\/"},"sameAs":["https:\/\/www.facebook.com\/pilgrim.es\/","https:\/\/x.com\/pilgrim_es","https:\/\/www.instagram.com\/pilgrim.es\/","https:\/\/www.linkedin.com\/company\/pilgrim-camino-de-santiago\/","https:\/\/www.pinterest.es\/pilgrimcaminodesantiago\/","https:\/\/www.youtube.com\/channel\/UCIv2ZzFLXVqthkNF32rKedw\/featured"]}]}},"_links":{"self":[{"href":"https:\/\/www.pilgrim.es\/de\/wp-json\/wp\/v2\/pages\/32691","targetHints":{"allow":["GET"]}}],"collection":[{"href":"https:\/\/www.pilgrim.es\/de\/wp-json\/wp\/v2\/pages"}],"about":[{"href":"https:\/\/www.pilgrim.es\/de\/wp-json\/wp\/v2\/types\/page"}],"author":[{"embeddable":true,"href":"https:\/\/www.pilgrim.es\/de\/wp-json\/wp\/v2\/users\/4"}],"replies":[{"embeddable":true,"href":"https:\/\/www.pilgrim.es\/de\/wp-json\/wp\/v2\/comments?post=32691"}],"version-history":[{"count":9,"href":"https:\/\/www.pilgrim.es\/de\/wp-json\/wp\/v2\/pages\/32691\/revisions"}],"predecessor-version":[{"id":129522,"href":"https:\/\/www.pilgrim.es\/de\/wp-json\/wp\/v2\/pages\/32691\/revisions\/129522"}],"up":[{"embeddable":true,"href":"https:\/\/www.pilgrim.es\/de\/wp-json\/wp\/v2\/pages\/10670"}],"wp:featuredmedia":[{"embeddable":true,"href":"https:\/\/www.pilgrim.es\/de\/wp-json\/wp\/v2\/media\/11720"}],"wp:attachment":[{"href":"https:\/\/www.pilgrim.es\/de\/wp-json\/wp\/v2\/media?parent=32691"}],"wp:term":[{"taxonomy":"category","embeddable":true,"href":"https:\/\/www.pilgrim.es\/de\/wp-json\/wp\/v2\/categories?post=32691"},{"taxonomy":"post_tag","embeddable":true,"href":"https:\/\/www.pilgrim.es\/de\/wp-json\/wp\/v2\/tags?post=32691"}],"curies":[{"name":"wp","href":"https:\/\/api.w.org\/{rel}","templated":true}]}}