{"id":32394,"date":"2019-04-10T10:11:32","date_gmt":"2019-04-10T10:11:32","guid":{"rendered":"https:\/\/desarrollo.pilgrim.es\/weg-im-norden\/etappe-27-ribadeo-lourenza\/"},"modified":"2025-04-24T12:15:03","modified_gmt":"2025-04-24T12:15:03","slug":"etappe-28-ribadeo-lourenza","status":"publish","type":"page","link":"https:\/\/www.pilgrim.es\/de\/weg-im-norden\/etappe-28-ribadeo-lourenza\/","title":{"rendered":"Weg im Norden | Etappe 28: Ribadeo &#8211; Lourenz\u00e1"},"content":{"rendered":"\n<section id=\"heroStage\">\n  <h1>Weg im Norden &#8231; Etappe 28<\/h1>\n  <div>\n    <div\n      class=\"hero\"\n      data-background=\"https:\/\/cdn.pilgrim.es\/web\/caminos\/camino-norte\/pueblos\/ribadeo.jpg\"\n    >\n      <div class=\"hero__container\">\n        <div class=\"hero__container__labels\">\n          <p>zu Fu\u00df<\/p>\n          <p>35 etappes \/ 824 kms<\/p>\n        <\/div>\n        <div class=\"hero__container__stage-name\">\n          <h2>Ribadeo<br \/><span>\u276d<\/span> Lourenz\u00e1<\/h2>\n          <p>28,4 Km<\/p>\n        <\/div>\n        <div class=\"hero__container__stage-changer\">\n          <div class=\"stage-control\">\n            <a\n              class=\"stage-control__link\"\n              href=\"https:\/\/www.pilgrim.es\/de\/weg-im-norden\/etappe-27-la-caridad-ribadeo\/\"\n              ><span>&#10094;<\/span> Etappe 27<\/a\n            >\n          <\/div>\n          <div class=\"stage-control\">\n            <a\n              class=\"stage-control__link\"\n              href=\"https:\/\/www.pilgrim.es\/de\/weg-im-norden\/etappe-29-lourenza-abadin\/\"\n              >Etappe 29 <span>&#10095;<\/span><\/a\n            >\n          <\/div>\n        <\/div>\n      <\/div>\n    <\/div>\n    <div class=\"planner\"><div\r\n  class=\"p-col-span-1 p-rounded-lg p-px-5 p-h-full\"\r\n  style=\"background-image: url('https:\/\/cdn.pilgrim.es\/web\/pilgrim-planner\/bg-plugin-planificador.webp')\"\r\n  rel=\"preload\"\r\n  fetchpriority=\"high\"\r\n  >\r\n    <div class=\"p-text-center p-pt-5 p-text-white p-text-2xl p-font-semibold\">\r\n      Plane deinen Weg    <\/div>\r\n    <div\r\n            id='primary-app'\r\n            data-name='banner'\r\n            data-api='https:\/\/pathfinder.pilgrim.es\/api\/pathfinder\/v2'\r\n            data-mode='normal'\r\n            data-lang='de'\r\n            data-route='1'\r\n            data-destiny='https:\/\/planificador.pilgrim.es'\r\n            data-modality='1'\r\n            data-inline=''\r\n        ><\/div><\/div><\/div>\n  <\/div>\n<\/section>\n<section id=\"scoreBarsStage\">\n  <section>\r\n  <div class=\"p-flex p-flex-nowrap p-space-x-4 p-py-5 p-overflow-x-auto md:p-grid md:p-grid-cols-3 lg:p-grid-cols-5 md:p-gap-8 md:p-space-x-0 md:p-overflow-hidden scrollbar-thin\">\r\n    <div class=\"p-grid p-grid-cols-4 p-shrink-0 p-w-72 p-snap-start md:p-w-full\">\r\n        <div class=\"p-col-span-1 p-self-center p-text-center p-text-3xl\">\r\n            <i class=\"icon-influx\"><\/i>\r\n        <\/div>\r\n        <div class=\"p-col-span-3 p-flex p-flex-col p-items-start\">\r\n            <div class=\"p-text-start p-text-secondary p-mb-1 p-bold\"> Zustrom <\/div>\r\n            <div class=\"p-w-full p-bg-light p-rounded-full p-h-2 p-relative\">\r\n                <div class=\"p-bg-primary p-h-2 p-rounded-full p-absolute\" style=\"width: 60%;\"><\/div>\r\n            <\/div>\r\n        <\/div>\r\n    <\/div>\r\n\r\n    <div class=\"p-grid p-grid-cols-4 p-shrink-0 p-w-72 p-snap-start md:p-w-full\">\r\n        <div class=\"p-col-span-1 p-self-center p-text-center p-text-3xl\">\r\n            <i class=\"icon-difficulty\"><\/i>\r\n        <\/div>\r\n        <div class=\"p-col-span-3 p-flex p-flex-col p-items-start\">\r\n            <div class=\"p-text-start p-text-secondary p-mb-1 p-bold\"> Schwierigkeitsgrad <\/div>\r\n            <div class=\"p-w-full p-bg-light p-rounded-full p-h-2 p-relative\">\r\n                <div class=\"p-bg-primary p-h-2 p-rounded-full p-absolute\" style=\"width: 80%;\"><\/div>\r\n            <\/div>\r\n        <\/div>\r\n    <\/div>\r\n\r\n    <div class=\"p-grid p-grid-cols-4 p-shrink-0 p-w-72 p-snap-start md:p-w-full\">\r\n        <div class=\"p-col-span-1 p-self-center p-text-center p-text-3xl\">\r\n            <i class=\"icon-patrimony\"><\/i>\r\n        <\/div>\r\n        <div class=\"p-col-span-3 p-flex p-flex-col p-items-start\">\r\n            <div class=\"p-text-start p-text-secondary p-mb-1 p-bold\"> Kunst\/Geschichte <\/div>\r\n            <div class=\"p-w-full p-bg-light p-rounded-full p-h-2 p-relative\">\r\n                <div class=\"p-bg-primary p-h-2 p-rounded-full p-absolute\" style=\"width: 40%;\"><\/div>\r\n            <\/div>\r\n        <\/div>\r\n    <\/div>\r\n\r\n    <div class=\"p-grid p-grid-cols-4 p-shrink-0 p-w-72 p-snap-start md:p-w-full\">\r\n        <div class=\"p-col-span-1 p-self-center p-text-center p-text-3xl\">\r\n            <i class=\"icon-nature\"><\/i>\r\n        <\/div>\r\n        <div class=\"p-col-span-3 p-flex p-flex-col p-items-start\">\r\n            <div class=\"p-text-start p-text-secondary p-mb-1 p-bold\"> Natur <\/div>\r\n            <div class=\"p-w-full p-bg-light p-rounded-full p-h-2 p-relative\">\r\n                <div class=\"p-bg-primary p-h-2 p-rounded-full p-absolute\" style=\"width: 80%;\"><\/div>\r\n            <\/div>\r\n        <\/div>\r\n    <\/div>\r\n\r\n    <div class=\"p-grid p-grid-cols-4 p-shrink-0 p-w-72 p-snap-start md:p-w-full\">\r\n        <div class=\"p-col-span-1 p-self-center p-text-center p-text-3xl\">\r\n            <i class=\"icon-urban\"><\/i>\r\n        <\/div>\r\n        <div class=\"p-col-span-3 p-flex p-flex-col p-items-start\">\r\n            <div class=\"p-text-start p-text-secondary p-mb-1 p-bold\"> St\u00e4dtischer Weg <\/div>\r\n            <div class=\"p-w-full p-bg-light p-rounded-full p-h-2 p-relative\">\r\n                <div class=\"p-bg-primary p-h-2 p-rounded-full p-absolute\" style=\"width: 20%;\"><\/div>\r\n            <\/div>\r\n        <\/div>\r\n    <\/div>\r\n  <\/div>\r\n<\/section>\n<\/section>\n<div id=\"stage-list-section\"><div class=\"stage-list\">\n    <div class='stage-list__map-card'>\n        <div class='stage-list__map-card__map'>\n            <div class='stage-list__map-card__map__text'>\n                <h2> Pages <\/h2>\n                <p> Zu Fu\u00df<\/p>\n                <p> 0etappen<\/p>\n            <\/div>\n            <div class='stage-list__map-card__map__img'>\n                <img decoding=\"async\" src=\"\" alt=\" mapa \" \/>\n            <\/div>\n        <\/div>\n    <\/div>\n\n    <\/div>\n<\/div>\n<section id=\"navStage\">\n  <div>\n    <nav class=\"tab-navigation-section--cols-4\" id=\"tab-navigation-section\">\n      <a class=\"active\" href=\"#infoSection\">Information<\/a>\n      <a href=\"#profileSection\">Etappenprofil<\/a>\n      <a href=\"#itinerarySection\">Reiseplan<\/a>\n      <a href=\"#locationsSection\">Ortschaften<\/a>\n    <\/nav>\n    <div id=\"infoSection\">\n      <div>\n        <h2 class=\"p-h2-stage\">Information<\/h2>\n        <hr class=\"orange-bar\" \/>\n        <h3 class=\"p-h3-stage\">Information su questa tappa<\/h3>\n      <\/div>\n      <p>\n        Der Verlauf des Wegs im Norden beginnt in Galicien, vom\n        mittelalterlichen Dorf Ribadeo aus, einem Grenzort zwischen der Provinz\n        Lugo und Asturien. Die T\u00e4tigkeit in diesem Dorf war schon immer eng mit\n        seiner Flussm\u00fcndung verbunden, da sie auch den Zugang aus dem\n        nord\u00f6stlichen Teil der Halbinsel nach Galicien erm\u00f6glicht. Diese erste\n        Etappe von fast drei\u00dfig Kilometern ist f\u00fcr die Mehrheit der Pilger\n        zug\u00e4nglich, wobei nur die steilen H\u00e4nge in A Ponte Arante und derjenige,\n        der Zugang zu Lourenz\u00e1 bietet, hervorzuheben sind. Trotz einiger\n        Herbergen, die wir auf dem Weg vorfinden werden, empfehlen wir, weiter\n        nach Lourenz\u00e1 zu wandern und das hervorragende Kulturerbe, wie die\n        Schloss- Burg \u201eCastillo de Tovar\u201c, zu genie\u00dfen.\n      <\/p>\n      <div class=\"recomendation-card\">\n        <div>\n          <i class=\"icon-logo-pilgrim\"><\/i>\n          <h5>Empfehlung Pilgrim<\/h5>\n        <\/div>\n        <p>\n          Der Beginn dieser Etappe in Ribadeo kann f\u00fcr mehr als einen Pilger\n          verwirrend sein, da die Beschilderung in dieser Stadt etwas unklar\n          sein kann. Es reicht aus, den auf der Route angegebenen Hinweisen zu\n          folgen.\n        <\/p>\n        <p>\n          Wie bereits erw\u00e4hnt, ist es ratsam, einzuplanen, dass man etwas mehr\n          als f\u00fcnfzehn Kilometer ohne jegliche Versorgung zur\u00fccklegen muss, und\n          es ist notwendig, in Vilela nachzutanken.\n        <\/p>\n        <p>\n          Radfahrer werden nur bei dem Anstieg nach A Ponte Arante und in\n          einigen schlammigen Abschnitten w\u00e4hrend der Regenzeit auf\n          Schwierigkeiten sto\u00dfen, daher ist besondere Vorsicht geboten, ebenso\n          wie f\u00fcr Menschen mit eingeschr\u00e4nkter Mobilit\u00e4t. In diesem Fall wird\n          empfohlen, zwischen Vilela und A Ponte der Stra\u00dfe LU-133 bis zum\n          Einsiedelei Nosa Se\u00f1ora das Virtudes zu folgen.\n        <\/p>\n      <\/div>\n    <\/div>\n    <div id=\"profileSection\">\n      <div>\n        <h2 class=\"p-h2-stage\">Entfernung und H\u00f6he<\/h2>\n        <hr class=\"orange-bar\" \/>\n        <h3 class=\"p-h3-stage\">Etappenprofil<\/h3>\n        <img decoding=\"async\"\n          alt=\"Etappenprofil\"\n          src=\"https:\/\/cdn.pilgrim.es\/web\/caminos\/camino-norte\/etapas\/etapa-28\/etapa28-perfil-ribadeo-lourenza.jpg\"\n        \/>\n      <\/div>\n    <\/div>\n    <div id=\"itinerarySection\">\n      <h2 class=\"p-h2-stage\">Percorso<\/h2>\n      <hr \/>\n      <h3 class=\"p-h3-stage\">Reiseplan<\/h3>\n      <div>\n        <h4>Km 0 &#8231; Ribadeo<\/h4>\n        <p>\n          Partimos von Plaza de Espa\u00f1a, gehen an der Pfarrkirche vorbei und\n          nehmen die R\u00faa San Francisco. Wir \u00fcberqueren die Avenida de Asturias\n          und gehen geradeaus, biegen dann rechts in die R\u00faa Diputaci\u00f3n ein, die\n          sp\u00e4ter zur R\u00faa San L\u00e1zaro wird. Wir gehen an der Kapelle von San\n          L\u00e1zaro vorbei.\n        <\/p>\n        <p>\n          Wir gehen geradeaus f\u00fcr 200 Meter und nehmen an einer Kreuzung die\n          Stra\u00dfe nach links. Ab hier kennzeichnen Steine den Weg, der zwischen\n          H\u00e4usern und Villen bis zum Ausgang des Dorfes f\u00fchrt. Wir \u00fcberqueren\n          eine Br\u00fccke \u00fcber eine Stra\u00dfe und wenig sp\u00e4ter eine weitere \u00fcber die\n          Eisenbahnlinie, bis wir die H\u00e4user des Viertels Ove erreichen. Am\n          Eingang biegt die Stra\u00dfe nach rechts ab und 100 Meter sp\u00e4ter nach\n          links. Wir gewinnen allm\u00e4hlich an H\u00f6he und verlaufen entlang des\n          Berges Santa Cruz; wenn wir zur\u00fcckblicken, haben wir einen guten Blick\n          auf das Estuario mit Ribadeo auf der galicischen Seite und der Stadt\n          Castropol auf der asturischen Seite. Wir setzen unseren Weg durch eine\n          wellige Landschaft fort, zwischen kleinen W\u00e4ldern und l\u00e4ndlichen\n          Gebieten, bis wir schlie\u00dflich auf die Stra\u00dfe LU-P-5207 sto\u00dfen, die wir\n          nach links nehmen; in der N\u00e4he der Einsiedelei des Carmen biegen wir\n          rechts ab und erreichen das kleine Dorf Vilela.\n        <\/p>\n        <a class=\"town-link\" href=\"https:\/\/www.pilgrim.es\/de\/weg-im-norden\/ribadeo\/\">\n          <div class=\"town-link__link-content\">\n            <div class=\"town-link__link-content__text\">\n              <p>Information Local<\/p>\n              <p>\n                Polizei, medizinische Versorgung, Sehensw\u00fcrdigkeiten,\n                Restaurants&#8230;\n              <\/p>\n            <\/div>\n            <div class=\"town-link__link-content__town-btn\">\n              <i class=\"icon-arrow\"><\/i>\n            <\/div>\n          <\/div>\n        <\/a>\n      <\/div>\n      <hr \/>\n      <div>\n        <h4>Km 6,3 &#8231; Villela<\/h4>\n        <p>\n          Wir \u00fcberqueren die H\u00e4user und steigen weiter, um nach 350 Metern das\n          Dorf A Pena zu erreichen. Wir verlassen die Stra\u00dfe und biegen rechts\n          auf einen asphaltierten Weg ab, der in Richtung des Dorfes Celeiros\n          f\u00fchrt, vorbei an Wiesen und W\u00e4ldern. Nach 1,7 km, nach den H\u00e4usern von\n          O Vilar, biegen wir rechts auf einen Schotterweg ab. Nachdem wir den\n          Schotterweg genommen haben, setzen wir unseren Weg 2,3 km fort, durch\n          Felder und W\u00e4lder, parallel zur Stra\u00dfe LU133, bis wir diese erreichen.\n          Wir \u00fcberqueren die Stra\u00dfe und nehmen einen abw\u00e4rts f\u00fchrenden Pfad in\n          Richtung des kleinen Dorfes A Ponte de Arante, das im Tal des Baches\n          Lexoso liegt. Wir \u00fcberqueren die Br\u00fccke und erreichen die Kirche der\n          Virtudes.\n        <\/p>\n      <\/div>\n      <hr \/>\n      <div>\n        <h4>Km 11,0 &#8231; A Ponte de Arante<\/h4>\n        <p>\n          Am Ausgang biegen wir rechts auf einen steilen Pfad ab, der nach dem\n          \u00dcberqueren eines Abschnitts zwischen den Feldern einen dichten\n          Eukalyptuswald durchquert. Weiter treffen wir auf eine asphaltierte\n          Stra\u00dfe, die wir nach 250 Metern verlassen, um einen Waldweg auf der\n          linken Seite zu nehmen. Wir setzen den Aufstieg entlang von Pfaden\n          fort, die durch den Wald f\u00fchren, bis wir eine H\u00f6he von 370 Metern\n          erreichen. Endlich \u00f6ffnet sich die Landschaft und vor uns erscheint\n          ein sch\u00f6nes Tal mit Wiesen und Vieh, das uns in das Dorf Vilamart\u00edn\n          Pequeno f\u00fchrt.\n        <\/p>\n      <\/div>\n      <hr \/>\n      <div>\n        <h4>Km 17,2 &#8231; Villamart\u00edn Pequeno<\/h4>\n        <p>\n          Kurz vor dem Friedhof biegt der Pfad links ab und f\u00fchrt an der Kirche\n          San Xo\u00e1n Degolado vorbei. Danach steigen wir bis zu einem Bach (Rego\n          de Portobragan hinab) und beginnen einen steilen Aufstieg, der uns zum\n          Dorf Vilamart\u00edn Grande f\u00fchrt, das auf einem H\u00fcgel liegt. Wir erreichen\n          die Kapelle del Carmen.\n        <\/p>\n      <\/div>\n      <hr \/>\n      <div>\n        <h4>Km 18,6 &#8231; Villamart\u00edn Grande<\/h4>\n        <p>\n          Wir \u00fcberqueren die Stra\u00dfe LU-P-6103 und fahren dann bergab auf der\n          wenig befahrenen Stra\u00dfe LU-P-0609 weiter, von der aus man eine\n          herrliche Aussicht auf das Tal von Cabarcos genie\u00dfen kann. Wir fahren\n          weiter bis Gond\u00e1n, ein kleines Dorf mit verstreuten H\u00e4usern.\n        <\/p>\n      <\/div>\n      <hr \/>\n      <div>\n        <h4>Km 20,9 &#8231; Gond\u00e1n<\/h4>\n        <p>\n          Der Pfad setzt sich leicht bergab auf derselben Stra\u00dfe fort, wie wir\n          gekommen sind; am Ausgang von Gond\u00e1n biegen wir rechts in einen\n          asphaltierten Weg ein und drehen nach 200 Metern nach links. Wir\n          setzen unseren Weg durch h\u00fcgeliges Gel\u00e4nde fort und genie\u00dfen\n          wundersch\u00f6ne Ausblicke auf das Tal von Cabarcos. Nach 800 Metern\n          erreichen wir wieder die Stra\u00dfe und passieren das st\u00e4dtische\n          Pilgerhaus von San Xusto de Cabarcos, das fr\u00fcher die alte Dorfschule\n          beherbergte.\n        <\/p>\n      <\/div>\n      <hr \/>\n      <div>\n        <h4>Km 22,7 &#8231; San Xusto de Cabarcos<\/h4>\n        <p>\n          Wir \u00fcberqueren vorsichtig eine Kurve und verlassen dann die Stra\u00dfe,\n          indem wir nach links in eine andere Stra\u00dfe abbiegen. Wir folgen der\n          Stra\u00dfe bergauf und biegen vor dem Friedhof nach links auf einen\n          unbefestigten Weg ein, der zun\u00e4chst durch eine Wiese und dann durch\n          einen Eukalyptuswald f\u00fchrt. Wir setzen unseren Weg auf unbefestigten\n          Pfaden f\u00fcr 2,4 km fort, bis wir eine asphaltierte Stra\u00dfe erreichen.\n          Wir folgen dieser f\u00fcr nur 30 Meter und verlassen sie dann nach rechts.\n          Von hier aus ist Lourenz\u00e1 zu sehen. Wir steigen hinunter zum\n          Fu\u00dfballplatz und zur Kapelle von Santa Cruz, vor der wir nach rechts\n          in einen Pfad abbiegen, der in eine ziemlich rutschige Rampe f\u00fchrt,\n          die uns zu den ersten H\u00e4usern von Vilanova de Lourenz\u00e1 bringt.\n        <\/p>\n        <p>\n          Im Zentrum der Stadt angekommen, gehen wir hinunter zum Flussbett des\n          Baos, um ihn \u00fcber die Ponte de Pedra zu \u00fcberqueren, die\n          mittelalterlichen Ursprungs ist und einen einzigen Bogen hat. Wir\n          \u00fcberqueren die Stra\u00dfe LU-153 und gehen geradeaus entlang der R\u00faa\n          Montero Villegas in Richtung Stadtzentrum. Auf der Plaza del Conde\n          Santo befinden sich das Rathaus, das im Geb\u00e4ude des ehemaligen\n          Benediktinerklosters San Salvador untergebracht ist, sowie die Kirche\n          von Santa Mar\u00eda.\n        <\/p>\n      <\/div>\n      <hr \/>\n      <div>\n        <h4>Km 28,4 &#8231; Lourenz\u00e1<\/h4>\n        <a class=\"town-link\" href=\"https:\/\/www.pilgrim.es\/de\/weg-im-norden\/vilanova-de-lourenza\/\">\n          <div class=\"town-link__link-content\">\n            <div class=\"town-link__link-content__text\">\n              <p>Information Local<\/p>\n              <p>\n                Polizei, medizinische Versorgung, Sehensw\u00fcrdigkeiten,\n                Restaurants&#8230;\n              <\/p>\n            <\/div>\n            <div class=\"town-link__link-content__town-btn\">\n              <i class=\"icon-arrow\"><\/i>\n            <\/div>\n          <\/div>\n        <\/a>\n      <\/div>\n    <\/div>\n    <div id=\"locationsSection\">\n      <h2 class=\"p-h2-stage\">Ortschaften<\/h2>\n      <hr \/>\n      <h3 class=\"p-h3-stage\">St\u00e4dte<\/h3>\n      <div class=\"grid-container\">\n        <div class=\"p-group card-stage p-max-w-full\">\n          <a class=\"town-card\" href=\"https:\/\/www.pilgrim.es\/de\/weg-im-norden\/ribadeo\/\">\n            <div class=\"card-stage__header\">\n              <img decoding=\"async\"\n                alt=\"Ribadeo\"\n                class=\"group-hover:p-scale-110\"\n                src=\"https:\/\/cdn.pilgrim.es\/web\/caminos\/camino-norte\/pueblos\/ribadeo.jpg\"\n              \/>\n              <div class=\"card-overlay group-hover:p-opacity-50\"><\/div>\n            <\/div>\n            <div class=\"town-card__flex-container\">\n              <div class=\"town-card__flex-container__info\">\n                <h3>Ribadeo<\/h3>\n                <p>Provinz: Lugo<\/p>\n              <\/div>\n              <div class=\"town-card__flex-container__btn\">\n                <i class=\"icon-arrow\"><\/i>\n              <\/div>\n            <\/div>\n          <\/a>\n        <\/div>\n        <div class=\"p-group card-stage p-max-w-full\">\n          <a class=\"town-card\" href=\"https:\/\/www.pilgrim.es\/de\/weg-im-norden\/vilanova-de-lourenza\/\">\n            <div class=\"card-stage__header\">\n              <img decoding=\"async\"\n                alt=\"Lourenza\"\n                class=\"group-hover:p-scale-110\"\n                src=\"https:\/\/cdn.pilgrim.es\/web\/caminos\/camino-norte\/pueblos\/lourenza.jpg\"\n              \/>\n              <div class=\"card-overlay group-hover:p-opacity-50\"><\/div>\n            <\/div>\n            <div class=\"town-card__flex-container\">\n              <div class=\"town-card__flex-container__info\">\n                <h3>Lourenz\u00e1<\/h3>\n                <p>Provinz: Lugo<\/p>\n              <\/div>\n              <div class=\"town-card__flex-container__btn\">\n                <i class=\"icon-arrow\"><\/i>\n              <\/div>\n            <\/div>\n          <\/a>\n        <\/div>\n      <\/div>\n    <\/div>\n    <hr class=\"single-bar\" \/>\n  <\/div>\n<\/section>\n<section id=\"stageChange\">\n  <div>\n    <a\n      class=\"change-btn\"\n      href=\"https:\/\/www.pilgrim.es\/de\/weg-im-norden\/etappe-27-la-caridad-ribadeo\/\"\n    >\n      <div class=\"change-btn\">\n        <div class=\"btn-arrow previous\">\n          <i class=\"icon-arrow\"><\/i>\n        <\/div>\n        <div class=\"change-btn__info\">\n          <div>Etappe 27<\/div>\n          <p>La Caridad &#10095; <br \/>Ribadeo<\/p>\n        <\/div>\n      <\/div>\n    <\/a>\n    <a class=\"change-btn\" href=\"https:\/\/www.pilgrim.es\/de\/weg-im-norden\/etappe-29-lourenza-abadin\/\">\n      <div class=\"change-btn__info\">\n        <div>Etappe 29<\/div>\n        <p>Lourenz\u00e1 &#10095; <br \/>Abad\u00edn<\/p>\n      <\/div>\n      <div class=\"btn-arrow\">\n        <i class=\"icon-arrow\"><\/i>\n      <\/div>\n    <\/a>\n  <\/div>\n<\/section>\n\n","protected":false},"excerpt":{"rendered":"<p>Weg im Norden &#8231; Etappe 28 zu Fu\u00df 35 etappes \/ 824 kms Ribadeo\u276d Lourenz\u00e1 28,4 Km &#10094; Etappe 27 Etappe 29 &#10095; Information Etappenprofil Reiseplan Ortschaften Information Information su questa tappa Der Verlauf des Wegs im Norden beginnt in Galicien, vom mittelalterlichen Dorf Ribadeo aus, einem Grenzort zwischen der Provinz Lugo und Asturien. Die &hellip; <\/p>\n<p class=\"read_more\"><a href=\"https:\/\/www.pilgrim.es\/de\/weg-im-norden\/etappe-28-ribadeo-lourenza\/\">Leer m\u00e1s<\/a><\/p>\n","protected":false},"author":4,"featured_media":11712,"parent":10670,"menu_order":0,"comment_status":"closed","ping_status":"closed","template":"views\/template-new-web-design.blade.php","meta":{"footnotes":""},"categories":[],"tags":[],"class_list":["post-32394","page","type-page","status-publish","has-post-thumbnail","hentry"],"yoast_head":"<!-- This site is optimized with the Yoast SEO plugin v27.4 - https:\/\/yoast.com\/product\/yoast-seo-wordpress\/ -->\n<title>Camino del Norte desde Ribadeo a Lourenz\u00e1 | Camino de Santiago | Pilgrim<\/title>\n<meta name=\"description\" content=\"Weg im Norden: Etappe 27 des Jakobsweges, der zwischen den D\u00f6rfern Ribadeo und Lourenz\u00e1 verl\u00e4uft. Entdecken Sie alle Informationen und planen Sie Ihre Etappe.\" \/>\n<meta name=\"robots\" content=\"index, follow, max-snippet:-1, max-image-preview:large, max-video-preview:-1\" \/>\n<link rel=\"canonical\" href=\"https:\/\/www.pilgrim.es\/de\/weg-im-norden\/etappe-28-ribadeo-lourenza\/\" \/>\n<meta property=\"og:locale\" content=\"de_DE\" \/>\n<meta property=\"og:type\" content=\"article\" \/>\n<meta property=\"og:title\" content=\"Camino del Norte desde Ribadeo a Lourenz\u00e1 | Camino de Santiago | Pilgrim\" \/>\n<meta property=\"og:description\" content=\"Weg im Norden: Etappe 27 des Jakobsweges, der zwischen den D\u00f6rfern Ribadeo und Lourenz\u00e1 verl\u00e4uft. Entdecken Sie alle Informationen und planen Sie Ihre Etappe.\" \/>\n<meta property=\"og:url\" content=\"https:\/\/www.pilgrim.es\/de\/weg-im-norden\/etappe-28-ribadeo-lourenza\/\" \/>\n<meta property=\"og:site_name\" content=\"Pilgrim\" \/>\n<meta property=\"article:publisher\" content=\"https:\/\/www.facebook.com\/pilgrim.es\/\" \/>\n<meta property=\"article:modified_time\" content=\"2025-04-24T12:15:03+00:00\" \/>\n<meta property=\"og:image\" content=\"https:\/\/www.pilgrim.es\/wp-content\/uploads\/2019\/02\/camino_norte_etapa_27.jpg\" \/>\n\t<meta property=\"og:image:width\" content=\"1634\" \/>\n\t<meta property=\"og:image:height\" content=\"546\" \/>\n\t<meta property=\"og:image:type\" content=\"image\/jpeg\" \/>\n<meta name=\"twitter:card\" content=\"summary_large_image\" \/>\n<meta name=\"twitter:site\" content=\"@pilgrim_es\" \/>\n<meta name=\"twitter:label1\" content=\"Gesch\u00e4tzte Lesezeit\" \/>\n\t<meta name=\"twitter:data1\" content=\"6\u00a0Minuten\" \/>\n<script type=\"application\/ld+json\" class=\"yoast-schema-graph\">{\"@context\":\"https:\\\/\\\/schema.org\",\"@graph\":[{\"@type\":\"WebPage\",\"@id\":\"https:\\\/\\\/www.pilgrim.es\\\/de\\\/weg-im-norden\\\/etappe-28-ribadeo-lourenza\\\/\",\"url\":\"https:\\\/\\\/www.pilgrim.es\\\/de\\\/weg-im-norden\\\/etappe-28-ribadeo-lourenza\\\/\",\"name\":\"Camino del Norte desde Ribadeo a Lourenz\u00e1 | Camino de Santiago | Pilgrim\",\"isPartOf\":{\"@id\":\"https:\\\/\\\/www.pilgrim.es\\\/de\\\/#website\"},\"primaryImageOfPage\":{\"@id\":\"https:\\\/\\\/www.pilgrim.es\\\/de\\\/weg-im-norden\\\/etappe-28-ribadeo-lourenza\\\/#primaryimage\"},\"image\":{\"@id\":\"https:\\\/\\\/www.pilgrim.es\\\/de\\\/weg-im-norden\\\/etappe-28-ribadeo-lourenza\\\/#primaryimage\"},\"thumbnailUrl\":\"https:\\\/\\\/www.pilgrim.es\\\/wp-content\\\/uploads\\\/2019\\\/02\\\/camino_norte_etapa_27.jpg\",\"datePublished\":\"2019-04-10T10:11:32+00:00\",\"dateModified\":\"2025-04-24T12:15:03+00:00\",\"description\":\"Weg im Norden: Etappe 27 des Jakobsweges, der zwischen den D\u00f6rfern Ribadeo und Lourenz\u00e1 verl\u00e4uft. Entdecken Sie alle Informationen und planen Sie Ihre Etappe.\",\"breadcrumb\":{\"@id\":\"https:\\\/\\\/www.pilgrim.es\\\/de\\\/weg-im-norden\\\/etappe-28-ribadeo-lourenza\\\/#breadcrumb\"},\"inLanguage\":\"de\",\"potentialAction\":[{\"@type\":\"ReadAction\",\"target\":[\"https:\\\/\\\/www.pilgrim.es\\\/de\\\/weg-im-norden\\\/etappe-28-ribadeo-lourenza\\\/\"]}]},{\"@type\":\"ImageObject\",\"inLanguage\":\"de\",\"@id\":\"https:\\\/\\\/www.pilgrim.es\\\/de\\\/weg-im-norden\\\/etappe-28-ribadeo-lourenza\\\/#primaryimage\",\"url\":\"https:\\\/\\\/www.pilgrim.es\\\/wp-content\\\/uploads\\\/2019\\\/02\\\/camino_norte_etapa_27.jpg\",\"contentUrl\":\"https:\\\/\\\/www.pilgrim.es\\\/wp-content\\\/uploads\\\/2019\\\/02\\\/camino_norte_etapa_27.jpg\",\"width\":1634,\"height\":546,\"caption\":\"Landkarte Etappe 27 Weg im Norden\"},{\"@type\":\"BreadcrumbList\",\"@id\":\"https:\\\/\\\/www.pilgrim.es\\\/de\\\/weg-im-norden\\\/etappe-28-ribadeo-lourenza\\\/#breadcrumb\",\"itemListElement\":[{\"@type\":\"ListItem\",\"position\":1,\"name\":\"Camino de Santiago\",\"item\":\"https:\\\/\\\/www.pilgrim.es\\\/de\\\/\"},{\"@type\":\"ListItem\",\"position\":2,\"name\":\"Weg im Norden\",\"item\":\"https:\\\/\\\/www.pilgrim.es\\\/de\\\/weg-im-norden\\\/\"},{\"@type\":\"ListItem\",\"position\":3,\"name\":\"Weg im Norden | Etappe 28: Ribadeo &#8211; Lourenz\u00e1\"}]},{\"@type\":\"WebSite\",\"@id\":\"https:\\\/\\\/www.pilgrim.es\\\/de\\\/#website\",\"url\":\"https:\\\/\\\/www.pilgrim.es\\\/de\\\/\",\"name\":\"Pilgrim\",\"description\":\"Camino de Santiago | Caminamos Contigo\",\"publisher\":{\"@id\":\"https:\\\/\\\/www.pilgrim.es\\\/de\\\/#organization\"},\"potentialAction\":[{\"@type\":\"SearchAction\",\"target\":{\"@type\":\"EntryPoint\",\"urlTemplate\":\"https:\\\/\\\/www.pilgrim.es\\\/de\\\/?s={search_term_string}\"},\"query-input\":{\"@type\":\"PropertyValueSpecification\",\"valueRequired\":true,\"valueName\":\"search_term_string\"}}],\"inLanguage\":\"de\"},{\"@type\":\"Organization\",\"@id\":\"https:\\\/\\\/www.pilgrim.es\\\/de\\\/#organization\",\"name\":\"Pilgrim Camino de Santiago\",\"url\":\"https:\\\/\\\/www.pilgrim.es\\\/de\\\/\",\"logo\":{\"@type\":\"ImageObject\",\"inLanguage\":\"de\",\"@id\":\"https:\\\/\\\/www.pilgrim.es\\\/de\\\/#\\\/schema\\\/logo\\\/image\\\/\",\"url\":\"https:\\\/\\\/www.pilgrim.es\\\/wp-content\\\/uploads\\\/2019\\\/04\\\/logo_pilgrim.png\",\"contentUrl\":\"https:\\\/\\\/www.pilgrim.es\\\/wp-content\\\/uploads\\\/2019\\\/04\\\/logo_pilgrim.png\",\"width\":512,\"height\":512,\"caption\":\"Pilgrim Camino de Santiago\"},\"image\":{\"@id\":\"https:\\\/\\\/www.pilgrim.es\\\/de\\\/#\\\/schema\\\/logo\\\/image\\\/\"},\"sameAs\":[\"https:\\\/\\\/www.facebook.com\\\/pilgrim.es\\\/\",\"https:\\\/\\\/x.com\\\/pilgrim_es\",\"https:\\\/\\\/www.instagram.com\\\/pilgrim.es\\\/\",\"https:\\\/\\\/www.linkedin.com\\\/company\\\/pilgrim-camino-de-santiago\\\/\",\"https:\\\/\\\/www.pinterest.es\\\/pilgrimcaminodesantiago\\\/\",\"https:\\\/\\\/www.youtube.com\\\/channel\\\/UCIv2ZzFLXVqthkNF32rKedw\\\/featured\"]}]}<\/script>\n<!-- \/ Yoast SEO plugin. -->","yoast_head_json":{"title":"Camino del Norte desde Ribadeo a Lourenz\u00e1 | Camino de Santiago | Pilgrim","description":"Weg im Norden: Etappe 27 des Jakobsweges, der zwischen den D\u00f6rfern Ribadeo und Lourenz\u00e1 verl\u00e4uft. Entdecken Sie alle Informationen und planen Sie Ihre Etappe.","robots":{"index":"index","follow":"follow","max-snippet":"max-snippet:-1","max-image-preview":"max-image-preview:large","max-video-preview":"max-video-preview:-1"},"canonical":"https:\/\/www.pilgrim.es\/de\/weg-im-norden\/etappe-28-ribadeo-lourenza\/","og_locale":"de_DE","og_type":"article","og_title":"Camino del Norte desde Ribadeo a Lourenz\u00e1 | Camino de Santiago | Pilgrim","og_description":"Weg im Norden: Etappe 27 des Jakobsweges, der zwischen den D\u00f6rfern Ribadeo und Lourenz\u00e1 verl\u00e4uft. Entdecken Sie alle Informationen und planen Sie Ihre Etappe.","og_url":"https:\/\/www.pilgrim.es\/de\/weg-im-norden\/etappe-28-ribadeo-lourenza\/","og_site_name":"Pilgrim","article_publisher":"https:\/\/www.facebook.com\/pilgrim.es\/","article_modified_time":"2025-04-24T12:15:03+00:00","og_image":[{"width":1634,"height":546,"url":"https:\/\/www.pilgrim.es\/wp-content\/uploads\/2019\/02\/camino_norte_etapa_27.jpg","type":"image\/jpeg"}],"twitter_card":"summary_large_image","twitter_site":"@pilgrim_es","twitter_misc":{"Gesch\u00e4tzte Lesezeit":"6\u00a0Minuten"},"schema":{"@context":"https:\/\/schema.org","@graph":[{"@type":"WebPage","@id":"https:\/\/www.pilgrim.es\/de\/weg-im-norden\/etappe-28-ribadeo-lourenza\/","url":"https:\/\/www.pilgrim.es\/de\/weg-im-norden\/etappe-28-ribadeo-lourenza\/","name":"Camino del Norte desde Ribadeo a Lourenz\u00e1 | Camino de Santiago | Pilgrim","isPartOf":{"@id":"https:\/\/www.pilgrim.es\/de\/#website"},"primaryImageOfPage":{"@id":"https:\/\/www.pilgrim.es\/de\/weg-im-norden\/etappe-28-ribadeo-lourenza\/#primaryimage"},"image":{"@id":"https:\/\/www.pilgrim.es\/de\/weg-im-norden\/etappe-28-ribadeo-lourenza\/#primaryimage"},"thumbnailUrl":"https:\/\/www.pilgrim.es\/wp-content\/uploads\/2019\/02\/camino_norte_etapa_27.jpg","datePublished":"2019-04-10T10:11:32+00:00","dateModified":"2025-04-24T12:15:03+00:00","description":"Weg im Norden: Etappe 27 des Jakobsweges, der zwischen den D\u00f6rfern Ribadeo und Lourenz\u00e1 verl\u00e4uft. Entdecken Sie alle Informationen und planen Sie Ihre Etappe.","breadcrumb":{"@id":"https:\/\/www.pilgrim.es\/de\/weg-im-norden\/etappe-28-ribadeo-lourenza\/#breadcrumb"},"inLanguage":"de","potentialAction":[{"@type":"ReadAction","target":["https:\/\/www.pilgrim.es\/de\/weg-im-norden\/etappe-28-ribadeo-lourenza\/"]}]},{"@type":"ImageObject","inLanguage":"de","@id":"https:\/\/www.pilgrim.es\/de\/weg-im-norden\/etappe-28-ribadeo-lourenza\/#primaryimage","url":"https:\/\/www.pilgrim.es\/wp-content\/uploads\/2019\/02\/camino_norte_etapa_27.jpg","contentUrl":"https:\/\/www.pilgrim.es\/wp-content\/uploads\/2019\/02\/camino_norte_etapa_27.jpg","width":1634,"height":546,"caption":"Landkarte Etappe 27 Weg im Norden"},{"@type":"BreadcrumbList","@id":"https:\/\/www.pilgrim.es\/de\/weg-im-norden\/etappe-28-ribadeo-lourenza\/#breadcrumb","itemListElement":[{"@type":"ListItem","position":1,"name":"Camino de Santiago","item":"https:\/\/www.pilgrim.es\/de\/"},{"@type":"ListItem","position":2,"name":"Weg im Norden","item":"https:\/\/www.pilgrim.es\/de\/weg-im-norden\/"},{"@type":"ListItem","position":3,"name":"Weg im Norden | Etappe 28: Ribadeo &#8211; Lourenz\u00e1"}]},{"@type":"WebSite","@id":"https:\/\/www.pilgrim.es\/de\/#website","url":"https:\/\/www.pilgrim.es\/de\/","name":"Pilgrim","description":"Camino de Santiago | Caminamos Contigo","publisher":{"@id":"https:\/\/www.pilgrim.es\/de\/#organization"},"potentialAction":[{"@type":"SearchAction","target":{"@type":"EntryPoint","urlTemplate":"https:\/\/www.pilgrim.es\/de\/?s={search_term_string}"},"query-input":{"@type":"PropertyValueSpecification","valueRequired":true,"valueName":"search_term_string"}}],"inLanguage":"de"},{"@type":"Organization","@id":"https:\/\/www.pilgrim.es\/de\/#organization","name":"Pilgrim Camino de Santiago","url":"https:\/\/www.pilgrim.es\/de\/","logo":{"@type":"ImageObject","inLanguage":"de","@id":"https:\/\/www.pilgrim.es\/de\/#\/schema\/logo\/image\/","url":"https:\/\/www.pilgrim.es\/wp-content\/uploads\/2019\/04\/logo_pilgrim.png","contentUrl":"https:\/\/www.pilgrim.es\/wp-content\/uploads\/2019\/04\/logo_pilgrim.png","width":512,"height":512,"caption":"Pilgrim Camino de Santiago"},"image":{"@id":"https:\/\/www.pilgrim.es\/de\/#\/schema\/logo\/image\/"},"sameAs":["https:\/\/www.facebook.com\/pilgrim.es\/","https:\/\/x.com\/pilgrim_es","https:\/\/www.instagram.com\/pilgrim.es\/","https:\/\/www.linkedin.com\/company\/pilgrim-camino-de-santiago\/","https:\/\/www.pinterest.es\/pilgrimcaminodesantiago\/","https:\/\/www.youtube.com\/channel\/UCIv2ZzFLXVqthkNF32rKedw\/featured"]}]}},"_links":{"self":[{"href":"https:\/\/www.pilgrim.es\/de\/wp-json\/wp\/v2\/pages\/32394","targetHints":{"allow":["GET"]}}],"collection":[{"href":"https:\/\/www.pilgrim.es\/de\/wp-json\/wp\/v2\/pages"}],"about":[{"href":"https:\/\/www.pilgrim.es\/de\/wp-json\/wp\/v2\/types\/page"}],"author":[{"embeddable":true,"href":"https:\/\/www.pilgrim.es\/de\/wp-json\/wp\/v2\/users\/4"}],"replies":[{"embeddable":true,"href":"https:\/\/www.pilgrim.es\/de\/wp-json\/wp\/v2\/comments?post=32394"}],"version-history":[{"count":11,"href":"https:\/\/www.pilgrim.es\/de\/wp-json\/wp\/v2\/pages\/32394\/revisions"}],"predecessor-version":[{"id":129516,"href":"https:\/\/www.pilgrim.es\/de\/wp-json\/wp\/v2\/pages\/32394\/revisions\/129516"}],"up":[{"embeddable":true,"href":"https:\/\/www.pilgrim.es\/de\/wp-json\/wp\/v2\/pages\/10670"}],"wp:featuredmedia":[{"embeddable":true,"href":"https:\/\/www.pilgrim.es\/de\/wp-json\/wp\/v2\/media\/11712"}],"wp:attachment":[{"href":"https:\/\/www.pilgrim.es\/de\/wp-json\/wp\/v2\/media?parent=32394"}],"wp:term":[{"taxonomy":"category","embeddable":true,"href":"https:\/\/www.pilgrim.es\/de\/wp-json\/wp\/v2\/categories?post=32394"},{"taxonomy":"post_tag","embeddable":true,"href":"https:\/\/www.pilgrim.es\/de\/wp-json\/wp\/v2\/tags?post=32394"}],"curies":[{"name":"wp","href":"https:\/\/api.w.org\/{rel}","templated":true}]}}