{"id":31943,"date":"2019-04-09T10:53:14","date_gmt":"2019-04-09T10:53:14","guid":{"rendered":"https:\/\/desarrollo.pilgrim.es\/weg-im-norden\/etappe-26-la-caridad-ribadeo\/"},"modified":"2025-04-24T12:10:30","modified_gmt":"2025-04-24T12:10:30","slug":"etappe-27-la-caridad-ribadeo","status":"publish","type":"page","link":"https:\/\/www.pilgrim.es\/de\/weg-im-norden\/etappe-27-la-caridad-ribadeo\/","title":{"rendered":"Weg im Norden | Etappe 27: La Caridad &#8211; Ribadeo"},"content":{"rendered":"\n<section id=\"heroStage\">\n  <h1>Weg im Norden &#8231; Etappe 27<\/h1>\n  <div>\n    <div\n      class=\"hero\"\n      data-background=\"https:\/\/cdn.pilgrim.es\/web\/caminos\/camino-norte\/pueblos\/la-caridad.jpg\"\n    >\n      <div class=\"hero__container\">\n        <div class=\"hero__container__labels\">\n          <p>zu Fu\u00df<\/p>\n          <p>35 etappes \/ 824 kms<\/p>\n        <\/div>\n        <div class=\"hero__container__stage-name\">\n          <h2>La caridad<br \/><span>\u276d<\/span> Ribadeo<\/h2>\n          <p>21,3 Km<\/p>\n        <\/div>\n        <div class=\"hero__container__stage-changer\">\n          <div class=\"stage-control\">\n            <a\n              class=\"stage-control__link\"\n              href=\"https:\/\/www.pilgrim.es\/de\/weg-im-norden\/etappe-26-luarca-la-caridad\/\"\n              ><span>&#10094;<\/span> Etappe 26<\/a\n            >\n          <\/div>\n          <div class=\"stage-control\">\n            <a\n              class=\"stage-control__link\"\n              href=\"https:\/\/www.pilgrim.es\/de\/weg-im-norden\/etappe-28-ribadeo-lourenza\/\"\n              >Etappe 28 <span>&#10095;<\/span><\/a\n            >\n          <\/div>\n        <\/div>\n      <\/div>\n    <\/div>\n    <div class=\"planner\"><div\r\n  class=\"p-col-span-1 p-rounded-lg p-px-5 p-h-full\"\r\n  style=\"background-image: url('https:\/\/cdn.pilgrim.es\/web\/pilgrim-planner\/bg-plugin-planificador.webp')\"\r\n  rel=\"preload\"\r\n  fetchpriority=\"high\"\r\n  >\r\n    <div class=\"p-text-center p-pt-5 p-text-white p-text-2xl p-font-semibold\">\r\n      Plane deinen Weg    <\/div>\r\n    <div\r\n            id='primary-app'\r\n            data-name='banner'\r\n            data-api='https:\/\/pathfinder.pilgrim.es\/api\/pathfinder\/v2'\r\n            data-mode='normal'\r\n            data-lang='de'\r\n            data-route='1'\r\n            data-destiny='https:\/\/planificador.pilgrim.es'\r\n            data-modality='1'\r\n            data-inline=''\r\n        ><\/div><\/div><\/div>\n  <\/div>\n<\/section>\n<section id=\"scoreBarsStage\">\n  <section>\r\n  <div class=\"p-flex p-flex-nowrap p-space-x-4 p-py-5 p-overflow-x-auto md:p-grid md:p-grid-cols-3 lg:p-grid-cols-5 md:p-gap-8 md:p-space-x-0 md:p-overflow-hidden scrollbar-thin\">\r\n    <div class=\"p-grid p-grid-cols-4 p-shrink-0 p-w-72 p-snap-start md:p-w-full\">\r\n        <div class=\"p-col-span-1 p-self-center p-text-center p-text-3xl\">\r\n            <i class=\"icon-influx\"><\/i>\r\n        <\/div>\r\n        <div class=\"p-col-span-3 p-flex p-flex-col p-items-start\">\r\n            <div class=\"p-text-start p-text-secondary p-mb-1 p-bold\"> Zustrom <\/div>\r\n            <div class=\"p-w-full p-bg-light p-rounded-full p-h-2 p-relative\">\r\n                <div class=\"p-bg-primary p-h-2 p-rounded-full p-absolute\" style=\"width: 40%;\"><\/div>\r\n            <\/div>\r\n        <\/div>\r\n    <\/div>\r\n\r\n    <div class=\"p-grid p-grid-cols-4 p-shrink-0 p-w-72 p-snap-start md:p-w-full\">\r\n        <div class=\"p-col-span-1 p-self-center p-text-center p-text-3xl\">\r\n            <i class=\"icon-difficulty\"><\/i>\r\n        <\/div>\r\n        <div class=\"p-col-span-3 p-flex p-flex-col p-items-start\">\r\n            <div class=\"p-text-start p-text-secondary p-mb-1 p-bold\"> Schwierigkeitsgrad <\/div>\r\n            <div class=\"p-w-full p-bg-light p-rounded-full p-h-2 p-relative\">\r\n                <div class=\"p-bg-primary p-h-2 p-rounded-full p-absolute\" style=\"width: 20%;\"><\/div>\r\n            <\/div>\r\n        <\/div>\r\n    <\/div>\r\n\r\n    <div class=\"p-grid p-grid-cols-4 p-shrink-0 p-w-72 p-snap-start md:p-w-full\">\r\n        <div class=\"p-col-span-1 p-self-center p-text-center p-text-3xl\">\r\n            <i class=\"icon-patrimony\"><\/i>\r\n        <\/div>\r\n        <div class=\"p-col-span-3 p-flex p-flex-col p-items-start\">\r\n            <div class=\"p-text-start p-text-secondary p-mb-1 p-bold\"> Kunst\/Geschichte <\/div>\r\n            <div class=\"p-w-full p-bg-light p-rounded-full p-h-2 p-relative\">\r\n                <div class=\"p-bg-primary p-h-2 p-rounded-full p-absolute\" style=\"width: 60%;\"><\/div>\r\n            <\/div>\r\n        <\/div>\r\n    <\/div>\r\n\r\n    <div class=\"p-grid p-grid-cols-4 p-shrink-0 p-w-72 p-snap-start md:p-w-full\">\r\n        <div class=\"p-col-span-1 p-self-center p-text-center p-text-3xl\">\r\n            <i class=\"icon-nature\"><\/i>\r\n        <\/div>\r\n        <div class=\"p-col-span-3 p-flex p-flex-col p-items-start\">\r\n            <div class=\"p-text-start p-text-secondary p-mb-1 p-bold\"> Natur <\/div>\r\n            <div class=\"p-w-full p-bg-light p-rounded-full p-h-2 p-relative\">\r\n                <div class=\"p-bg-primary p-h-2 p-rounded-full p-absolute\" style=\"width: 40%;\"><\/div>\r\n            <\/div>\r\n        <\/div>\r\n    <\/div>\r\n\r\n    <div class=\"p-grid p-grid-cols-4 p-shrink-0 p-w-72 p-snap-start md:p-w-full\">\r\n        <div class=\"p-col-span-1 p-self-center p-text-center p-text-3xl\">\r\n            <i class=\"icon-urban\"><\/i>\r\n        <\/div>\r\n        <div class=\"p-col-span-3 p-flex p-flex-col p-items-start\">\r\n            <div class=\"p-text-start p-text-secondary p-mb-1 p-bold\"> St\u00e4dtischer Weg <\/div>\r\n            <div class=\"p-w-full p-bg-light p-rounded-full p-h-2 p-relative\">\r\n                <div class=\"p-bg-primary p-h-2 p-rounded-full p-absolute\" style=\"width: 20%;\"><\/div>\r\n            <\/div>\r\n        <\/div>\r\n    <\/div>\r\n  <\/div>\r\n<\/section>\n<\/section>\n<div id=\"stage-list-section\"><div class=\"stage-list\">\n    <div class='stage-list__map-card'>\n        <div class='stage-list__map-card__map'>\n            <div class='stage-list__map-card__map__text'>\n                <h2> Pages <\/h2>\n                <p> Zu Fu\u00df<\/p>\n                <p> 0etappen<\/p>\n            <\/div>\n            <div class='stage-list__map-card__map__img'>\n                <img decoding=\"async\" src=\"\" alt=\" mapa \" \/>\n            <\/div>\n        <\/div>\n    <\/div>\n\n    <\/div>\n<\/div>\n<section id=\"navStage\">\n  <div>\n    <nav class=\"tab-navigation-section--cols-4\" id=\"tab-navigation-section\">\n      <a class=\"active\" href=\"#infoSection\">Information<\/a>\n      <a href=\"#profileSection\">Etappenprofil<\/a>\n      <a href=\"#itinerarySection\">Reiseplan<\/a>\n      <a href=\"#locationsSection\">Ortschaften<\/a>\n    <\/nav>\n    <div id=\"infoSection\">\n      <div>\n        <h2 class=\"p-h2-stage\">Information<\/h2>\n        <hr class=\"orange-bar\" \/>\n        <h3 class=\"p-h3-stage\">Information su questa tappa<\/h3>\n      <\/div>\n      <p>\n        In dieser Etappe verabschieden wir uns von Asturien, um Ribadeo, die\n        erste galicische Gemeinde (wie der Schl\u00fcssel seines Wappens zeigt, das\n        den Eingang nach Galicien symbolisiert) herzlich willkommen zu hei\u00dfen.\n        Ehemalig wurde die galicische Gemeinde etwas weiter s\u00fcdlich \u00fcber Vegadeo\n        erschlossen, aber der Bau des \u201ePuente de los Santos\u201c (Heiligenbr\u00fccke)\n        zwischen Ribadeo und Castropol in den sp\u00e4ten achtziger Jahren ver\u00e4nderte\n        diese Route erheblich. Diejenigen, die lieber an der K\u00fcste entlang\n        wandern und Tapia de Casariego besuchen m\u00f6chten, werden auch die\n        M\u00f6glichkeit dazu haben\n      <\/p>\n      <div class=\"recomendation-card\">\n        <div>\n          <i class=\"icon-logo-pilgrim\"><\/i>\n          <h5>Empfehlung Pilgrim<\/h5>\n        <\/div>\n        <p>\n          Wir m\u00fcssen im Voraus die Variante planen, der wir folgen werden, um\n          Komplikationen zu vermeiden. Der Unterschied in der Kilometerzahl ist\n          nicht sehr gro\u00df, daher besteht die Entscheidung nur darin, ob wir\n          Tapia de Casariego besuchen oder ins Landesinnere weitergehen wollen.\n          Au\u00dferdem darf man nicht vergessen, dass sich beim Eintritt nach\n          Galicien die Richtung der Muscheln \u00e4ndert! Jetzt m\u00fcssen wir auf den\n          offenen Teil der Muscheln achten. Diese Etappe stellt keine Probleme\n          f\u00fcr Radfahrer oder Menschen mit eingeschr\u00e4nkter Mobilit\u00e4t dar.\n        <\/p>\n      <\/div>\n    <\/div>\n    <div id=\"profileSection\">\n      <div>\n        <h2 class=\"p-h2-stage\">Entfernung und H\u00f6he<\/h2>\n        <hr class=\"orange-bar\" \/>\n        <h3 class=\"p-h3-stage\">Etappenprofil<\/h3>\n        <img decoding=\"async\"\n          alt=\"Etappenprofil\"\n          src=\"https:\/\/cdn.pilgrim.es\/web\/caminos\/camino-norte\/etapas\/etapa-27\/etapa27-perfil-la-caridad-ribadeo.jpg\"\n        \/>\n      <\/div>\n    <\/div>\n    <div id=\"itinerarySection\">\n      <h2 class=\"p-h2-stage\">Percorso<\/h2>\n      <hr \/>\n      <h3 class=\"p-h3-stage\">Reiseplan<\/h3>\n      <div>\n        <h4>Km 0 &#8231; La Caridad<\/h4>\n        <p>\n          Wir durchqueren La Caridad entlang der Alleen von Asturien und\n          Galicien, ohne die Richtung zu \u00e4ndern. Am Ausgang nehmen wir einen\n          grasbewachsenen Weg rechts, der bis zu einem Bach f\u00fchrt. Nach dem\n          anschlie\u00dfenden Anstieg \u00fcberqueren wir die Nationalstra\u00dfe N634 und\n          setzen unseren Weg auf der asphaltierten Stra\u00dfe fort; wir passieren\n          das Viertel San Pelayo und gehen geradeaus weiter.\n        <\/p>\n        <p>\n          Wir erreichen Valdepares, wo wir in die Nationalstra\u00dfe N-634\n          einbiegen.\n        <\/p>\n        <a class=\"town-link\" href=\"https:\/\/www.pilgrim.es\/de\/weg-im-norden\/la-caridad\/\">\n          <div class=\"town-link__link-content\">\n            <div class=\"town-link__link-content__text\">\n              <p>Information Local<\/p>\n              <p>\n                Polizei, medizinische Versorgung, Sehensw\u00fcrdigkeiten,\n                Restaurants&#8230;\n              <\/p>\n            <\/div>\n            <div class=\"town-link__link-content__town-btn\">\n              <i class=\"icon-arrow\"><\/i>\n            <\/div>\n          <\/div>\n        <\/a>\n      <\/div>\n      <hr \/>\n      <div>\n        <h4>Km 3,1 &#8231; Valdepares<\/h4>\n        <p>\n          Wir folgen der Nationalstra\u00dfe f\u00fcr 100 Meter und biegen dann in einen\n          weiteren kleinen Weg links ab. Wir passieren die Ortschaft El Viso und\n          biegen sp\u00e4ter rechts in eine Schotterstra\u00dfe ab, um die Nationalstra\u00dfe\n          zu \u00fcberqueren und in eine lokale Stra\u00dfe einzufahren: Wir folgen dieser\n          bis zum \u00dcberqueren des Flusses Porc\u00eda, der sich in der N\u00e4he des\n          gleichnamigen Stadtteils befindet.\n        <\/p>\n      <\/div>\n      <hr \/>\n      <div>\n        <h4>Km 5,1 &#8231; Porc\u00eda<\/h4>\n        <p>\n          Nach der Br\u00fccke verlassen wir die Stra\u00dfe und biegen rechts in eine\n          steigende Stra\u00dfe ab. Wir erreichen einen Meilenstein, der anzeigt:\n          geradeaus nach Tapia de Casariego; links nach Tol. Wir folgen der\n          offiziellen Stra\u00dfe, biegen links nach Tol ab, \u00fcberqueren die\n          Nationalstra\u00dfe und fahren weiter auf einer asphaltierten Stra\u00dfe.\n        <\/p>\n        <p>\n          Wir \u00fcberqueren eine Br\u00fccke \u00fcber die Autobahn A-8 und biegen rechts in\n          eine unbefestigte Stra\u00dfe ab. Kurz darauf \u00fcberqueren wir die Stra\u00dfe\n          AS-23 und fahren weiter auf einer Stra\u00dfe im Wald.\n        <\/p>\n        <p>\n          Am Eingang des Dorfes Brul biegen wir links in eine unbefestigte\n          Stra\u00dfe ab. Wir fahren dann weiter auf asphaltierten Wegen mit ein paar\n          Kurven, bis wir die Stra\u00dfe AS-31 in der N\u00e4he von Tol erreichen.\n        <\/p>\n      <\/div>\n      <hr \/>\n      <div>\n        <h4>Km 12,9 &#8231; Toi<\/h4>\n        <p>Wir \u00fcberqueren die Stadt auf der Stra\u00dfe AS-31.<\/p>\n        <p>\n          Wieder einmal erreichen wir eine Kreuzung, an der ein Meilenstein uns\n          anzeigt, dass wir f\u00fcr Vegadeo die Stra\u00dfe nach Castropol nehmen m\u00fcssen,\n          w\u00e4hrend wir f\u00fcr Ribadeo auf der gleichen Stra\u00dfe AS-31 weiterfahren\n          m\u00fcssen. Wir fahren in Richtung Ribadeo. Weiter, an der Kreuzung mit\n          der N-640, fahren wir geradeaus weiter auf der gleichen AS-31 und\n          passieren Barres.\n        <\/p>\n      <\/div>\n      <hr \/>\n      <div>\n        <h4>Km 18,5 &#8231; Figueras<\/h4>\n        <p>\n          Wir fahren weiter entlang der AS-31 und erreichen einen Kreisverkehr;\n          links und parallel zur Schnellstra\u00dfe erreichen wir die Puente de los\n          Santos. Wir \u00fcberqueren das \u00c4stuar des Eo auf dieser Br\u00fccke, \u00fcber einen\n          Fu\u00dfg\u00e4ngerweg, und lassen die Asturien hinter uns, w\u00e4hrend wir in\n          Galicien eintreten. Nach der Br\u00fccke biegen wir links in die Avenida\n          Rosal\u00eda de Castro ab; wir fahren 250 Meter und biegen dann links in\n          die Stra\u00dfe Justo Barreiro ab, und nach einer Rechtskurve k\u00f6nnen wir\n          ins Stadtzentrum fahren, entweder \u00fcber die Stra\u00dfe Leopoldo Calvo\n          Sotelo oder \u00fcber die kleinere parallel verlaufende Stra\u00dfe, San Miguel.\n        <\/p>\n      <\/div>\n      <hr \/>\n      <div>\n        <h4>Km 21,3 &#8231; Ribadeo<\/h4>\n        <a class=\"town-link\" href=\"https:\/\/www.pilgrim.es\/de\/weg-im-norden\/ribadeo\/\">\n          <div class=\"town-link__link-content\">\n            <div class=\"town-link__link-content__text\">\n              <p>Information Local<\/p>\n              <p>\n                Polizei, medizinische Versorgung, Sehensw\u00fcrdigkeiten,\n                Restaurants&#8230;\n              <\/p>\n            <\/div>\n            <div class=\"town-link__link-content__town-btn\">\n              <i class=\"icon-arrow\"><\/i>\n            <\/div>\n          <\/div>\n        <\/a>\n      <\/div>\n    <\/div>\n    <div id=\"locationsSection\">\n      <h2 class=\"p-h2-stage\">Ortschaften<\/h2>\n      <hr \/>\n      <h3 class=\"p-h3-stage\">St\u00e4dte<\/h3>\n      <div class=\"grid-container\">\n        <div class=\"p-group card-stage p-max-w-full\">\n          <a class=\"town-card\" href=\"https:\/\/www.pilgrim.es\/de\/weg-im-norden\/la-caridad\/\">\n            <div class=\"card-stage__header\">\n              <img decoding=\"async\"\n                alt=\"La caridad\"\n                class=\"group-hover:p-scale-110\"\n                src=\"https:\/\/cdn.pilgrim.es\/web\/caminos\/camino-norte\/pueblos\/la-caridad.jpg\"\n              \/>\n              <div class=\"card-overlay group-hover:p-opacity-50\"><\/div>\n            <\/div>\n            <div class=\"town-card__flex-container\">\n              <div class=\"town-card__flex-container__info\">\n                <h3>La caridad<\/h3>\n                <p>Provinz: Asturias<\/p>\n              <\/div>\n              <div class=\"town-card__flex-container__btn\">\n                <i class=\"icon-arrow\"><\/i>\n              <\/div>\n            <\/div>\n          <\/a>\n        <\/div>\n        <div class=\"p-group card-stage p-max-w-full\">\n          <a class=\"town-card\" href=\"https:\/\/www.pilgrim.es\/de\/weg-im-norden\/ribadeo\/\">\n            <div class=\"card-stage__header\">\n              <img decoding=\"async\"\n                alt=\"Ribadeo\"\n                class=\"group-hover:p-scale-110\"\n                src=\"https:\/\/cdn.pilgrim.es\/web\/caminos\/camino-norte\/pueblos\/ribadeo.jpg\"\n              \/>\n              <div class=\"card-overlay group-hover:p-opacity-50\"><\/div>\n            <\/div>\n            <div class=\"town-card__flex-container\">\n              <div class=\"town-card__flex-container__info\">\n                <h3>Ribadeo<\/h3>\n                <p>Provinz: Asturias<\/p>\n              <\/div>\n              <div class=\"town-card__flex-container__btn\">\n                <i class=\"icon-arrow\"><\/i>\n              <\/div>\n            <\/div>\n          <\/a>\n        <\/div>\n      <\/div>\n    <\/div>\n    <hr class=\"single-bar\" \/>\n  <\/div>\n<\/section>\n<section id=\"stageChange\">\n  <div>\n    <a class=\"change-btn\" href=\"https:\/\/www.pilgrim.es\/de\/weg-im-norden\/etappe-26-luarca-la-caridad\/\">\n      <div class=\"change-btn\">\n        <div class=\"btn-arrow previous\">\n          <i class=\"icon-arrow\"><\/i>\n        <\/div>\n        <div class=\"change-btn__info\">\n          <div>Etappe 26<\/div>\n          <p>Cadavedo &#10095; <br \/>Luarca<\/p>\n        <\/div>\n      <\/div>\n    <\/a>\n    <a class=\"change-btn\" href=\"https:\/\/www.pilgrim.es\/de\/weg-im-norden\/etappe-28-ribadeo-lourenza\/\">\n      <div class=\"change-btn__info\">\n        <div>Etappe 28<\/div>\n        <p>Ribadeo &#10095; <br \/>Lourenza<\/p>\n      <\/div>\n      <div class=\"btn-arrow\">\n        <i class=\"icon-arrow\"><\/i>\n      <\/div>\n    <\/a>\n  <\/div>\n<\/section>\n\n\n\n\n<p><\/p>\n","protected":false},"excerpt":{"rendered":"<p>Weg im Norden &#8231; Etappe 27 zu Fu\u00df 35 etappes \/ 824 kms La caridad\u276d Ribadeo 21,3 Km &#10094; Etappe 26 Etappe 28 &#10095; Information Etappenprofil Reiseplan Ortschaften Information Information su questa tappa In dieser Etappe verabschieden wir uns von Asturien, um Ribadeo, die erste galicische Gemeinde (wie der Schl\u00fcssel seines Wappens zeigt, das den &hellip; <\/p>\n<p class=\"read_more\"><a href=\"https:\/\/www.pilgrim.es\/de\/weg-im-norden\/etappe-27-la-caridad-ribadeo\/\">Leer m\u00e1s<\/a><\/p>\n","protected":false},"author":4,"featured_media":11704,"parent":10670,"menu_order":0,"comment_status":"closed","ping_status":"closed","template":"views\/template-new-web-design.blade.php","meta":{"footnotes":""},"categories":[],"tags":[],"class_list":["post-31943","page","type-page","status-publish","has-post-thumbnail","hentry"],"yoast_head":"<!-- This site is optimized with the Yoast SEO plugin v27.4 - https:\/\/yoast.com\/product\/yoast-seo-wordpress\/ -->\n<title>Camino del Norte desde La Caridad a Ribadeo | Camino de Santiago | Pilgrim<\/title>\n<meta name=\"description\" content=\"Weg im Norden: Etappe 26 des Jakobsweges, der zwischen La Caridad und Ribadeo verl\u00e4uft. Entdecken Sie alle Informationen und planen Sie Ihre Etappe.\" \/>\n<meta name=\"robots\" content=\"index, follow, max-snippet:-1, max-image-preview:large, max-video-preview:-1\" \/>\n<link rel=\"canonical\" href=\"https:\/\/www.pilgrim.es\/de\/weg-im-norden\/etappe-27-la-caridad-ribadeo\/\" \/>\n<meta property=\"og:locale\" content=\"de_DE\" \/>\n<meta property=\"og:type\" content=\"article\" \/>\n<meta property=\"og:title\" content=\"Camino del Norte desde La Caridad a Ribadeo | Camino de Santiago | Pilgrim\" \/>\n<meta property=\"og:description\" content=\"Weg im Norden: Etappe 26 des Jakobsweges, der zwischen La Caridad und Ribadeo verl\u00e4uft. Entdecken Sie alle Informationen und planen Sie Ihre Etappe.\" \/>\n<meta property=\"og:url\" content=\"https:\/\/www.pilgrim.es\/de\/weg-im-norden\/etappe-27-la-caridad-ribadeo\/\" \/>\n<meta property=\"og:site_name\" content=\"Pilgrim\" \/>\n<meta property=\"article:publisher\" content=\"https:\/\/www.facebook.com\/pilgrim.es\/\" \/>\n<meta property=\"article:modified_time\" content=\"2025-04-24T12:10:30+00:00\" \/>\n<meta property=\"og:image\" content=\"https:\/\/www.pilgrim.es\/wp-content\/uploads\/2019\/02\/camino_norte_etapa_26.jpg\" \/>\n\t<meta property=\"og:image:width\" content=\"1632\" \/>\n\t<meta property=\"og:image:height\" content=\"550\" \/>\n\t<meta property=\"og:image:type\" content=\"image\/jpeg\" \/>\n<meta name=\"twitter:card\" content=\"summary_large_image\" \/>\n<meta name=\"twitter:site\" content=\"@pilgrim_es\" \/>\n<meta name=\"twitter:label1\" content=\"Gesch\u00e4tzte Lesezeit\" \/>\n\t<meta name=\"twitter:data1\" content=\"4\u00a0Minuten\" \/>\n<script type=\"application\/ld+json\" class=\"yoast-schema-graph\">{\"@context\":\"https:\\\/\\\/schema.org\",\"@graph\":[{\"@type\":\"WebPage\",\"@id\":\"https:\\\/\\\/www.pilgrim.es\\\/de\\\/weg-im-norden\\\/etappe-27-la-caridad-ribadeo\\\/\",\"url\":\"https:\\\/\\\/www.pilgrim.es\\\/de\\\/weg-im-norden\\\/etappe-27-la-caridad-ribadeo\\\/\",\"name\":\"Camino del Norte desde La Caridad a Ribadeo | Camino de Santiago | Pilgrim\",\"isPartOf\":{\"@id\":\"https:\\\/\\\/www.pilgrim.es\\\/de\\\/#website\"},\"primaryImageOfPage\":{\"@id\":\"https:\\\/\\\/www.pilgrim.es\\\/de\\\/weg-im-norden\\\/etappe-27-la-caridad-ribadeo\\\/#primaryimage\"},\"image\":{\"@id\":\"https:\\\/\\\/www.pilgrim.es\\\/de\\\/weg-im-norden\\\/etappe-27-la-caridad-ribadeo\\\/#primaryimage\"},\"thumbnailUrl\":\"https:\\\/\\\/www.pilgrim.es\\\/wp-content\\\/uploads\\\/2019\\\/02\\\/camino_norte_etapa_26.jpg\",\"datePublished\":\"2019-04-09T10:53:14+00:00\",\"dateModified\":\"2025-04-24T12:10:30+00:00\",\"description\":\"Weg im Norden: Etappe 26 des Jakobsweges, der zwischen La Caridad und Ribadeo verl\u00e4uft. Entdecken Sie alle Informationen und planen Sie Ihre Etappe.\",\"breadcrumb\":{\"@id\":\"https:\\\/\\\/www.pilgrim.es\\\/de\\\/weg-im-norden\\\/etappe-27-la-caridad-ribadeo\\\/#breadcrumb\"},\"inLanguage\":\"de\",\"potentialAction\":[{\"@type\":\"ReadAction\",\"target\":[\"https:\\\/\\\/www.pilgrim.es\\\/de\\\/weg-im-norden\\\/etappe-27-la-caridad-ribadeo\\\/\"]}]},{\"@type\":\"ImageObject\",\"inLanguage\":\"de\",\"@id\":\"https:\\\/\\\/www.pilgrim.es\\\/de\\\/weg-im-norden\\\/etappe-27-la-caridad-ribadeo\\\/#primaryimage\",\"url\":\"https:\\\/\\\/www.pilgrim.es\\\/wp-content\\\/uploads\\\/2019\\\/02\\\/camino_norte_etapa_26.jpg\",\"contentUrl\":\"https:\\\/\\\/www.pilgrim.es\\\/wp-content\\\/uploads\\\/2019\\\/02\\\/camino_norte_etapa_26.jpg\",\"width\":1632,\"height\":550,\"caption\":\"Landkarte Etappe 26 Weg im Norden\"},{\"@type\":\"BreadcrumbList\",\"@id\":\"https:\\\/\\\/www.pilgrim.es\\\/de\\\/weg-im-norden\\\/etappe-27-la-caridad-ribadeo\\\/#breadcrumb\",\"itemListElement\":[{\"@type\":\"ListItem\",\"position\":1,\"name\":\"Camino de Santiago\",\"item\":\"https:\\\/\\\/www.pilgrim.es\\\/de\\\/\"},{\"@type\":\"ListItem\",\"position\":2,\"name\":\"Weg im Norden\",\"item\":\"https:\\\/\\\/www.pilgrim.es\\\/de\\\/weg-im-norden\\\/\"},{\"@type\":\"ListItem\",\"position\":3,\"name\":\"Weg im Norden | Etappe 27: La Caridad &#8211; Ribadeo\"}]},{\"@type\":\"WebSite\",\"@id\":\"https:\\\/\\\/www.pilgrim.es\\\/de\\\/#website\",\"url\":\"https:\\\/\\\/www.pilgrim.es\\\/de\\\/\",\"name\":\"Pilgrim\",\"description\":\"Camino de Santiago | Caminamos Contigo\",\"publisher\":{\"@id\":\"https:\\\/\\\/www.pilgrim.es\\\/de\\\/#organization\"},\"potentialAction\":[{\"@type\":\"SearchAction\",\"target\":{\"@type\":\"EntryPoint\",\"urlTemplate\":\"https:\\\/\\\/www.pilgrim.es\\\/de\\\/?s={search_term_string}\"},\"query-input\":{\"@type\":\"PropertyValueSpecification\",\"valueRequired\":true,\"valueName\":\"search_term_string\"}}],\"inLanguage\":\"de\"},{\"@type\":\"Organization\",\"@id\":\"https:\\\/\\\/www.pilgrim.es\\\/de\\\/#organization\",\"name\":\"Pilgrim Camino de Santiago\",\"url\":\"https:\\\/\\\/www.pilgrim.es\\\/de\\\/\",\"logo\":{\"@type\":\"ImageObject\",\"inLanguage\":\"de\",\"@id\":\"https:\\\/\\\/www.pilgrim.es\\\/de\\\/#\\\/schema\\\/logo\\\/image\\\/\",\"url\":\"https:\\\/\\\/www.pilgrim.es\\\/wp-content\\\/uploads\\\/2019\\\/04\\\/logo_pilgrim.png\",\"contentUrl\":\"https:\\\/\\\/www.pilgrim.es\\\/wp-content\\\/uploads\\\/2019\\\/04\\\/logo_pilgrim.png\",\"width\":512,\"height\":512,\"caption\":\"Pilgrim Camino de Santiago\"},\"image\":{\"@id\":\"https:\\\/\\\/www.pilgrim.es\\\/de\\\/#\\\/schema\\\/logo\\\/image\\\/\"},\"sameAs\":[\"https:\\\/\\\/www.facebook.com\\\/pilgrim.es\\\/\",\"https:\\\/\\\/x.com\\\/pilgrim_es\",\"https:\\\/\\\/www.instagram.com\\\/pilgrim.es\\\/\",\"https:\\\/\\\/www.linkedin.com\\\/company\\\/pilgrim-camino-de-santiago\\\/\",\"https:\\\/\\\/www.pinterest.es\\\/pilgrimcaminodesantiago\\\/\",\"https:\\\/\\\/www.youtube.com\\\/channel\\\/UCIv2ZzFLXVqthkNF32rKedw\\\/featured\"]}]}<\/script>\n<!-- \/ Yoast SEO plugin. -->","yoast_head_json":{"title":"Camino del Norte desde La Caridad a Ribadeo | Camino de Santiago | Pilgrim","description":"Weg im Norden: Etappe 26 des Jakobsweges, der zwischen La Caridad und Ribadeo verl\u00e4uft. Entdecken Sie alle Informationen und planen Sie Ihre Etappe.","robots":{"index":"index","follow":"follow","max-snippet":"max-snippet:-1","max-image-preview":"max-image-preview:large","max-video-preview":"max-video-preview:-1"},"canonical":"https:\/\/www.pilgrim.es\/de\/weg-im-norden\/etappe-27-la-caridad-ribadeo\/","og_locale":"de_DE","og_type":"article","og_title":"Camino del Norte desde La Caridad a Ribadeo | Camino de Santiago | Pilgrim","og_description":"Weg im Norden: Etappe 26 des Jakobsweges, der zwischen La Caridad und Ribadeo verl\u00e4uft. Entdecken Sie alle Informationen und planen Sie Ihre Etappe.","og_url":"https:\/\/www.pilgrim.es\/de\/weg-im-norden\/etappe-27-la-caridad-ribadeo\/","og_site_name":"Pilgrim","article_publisher":"https:\/\/www.facebook.com\/pilgrim.es\/","article_modified_time":"2025-04-24T12:10:30+00:00","og_image":[{"width":1632,"height":550,"url":"https:\/\/www.pilgrim.es\/wp-content\/uploads\/2019\/02\/camino_norte_etapa_26.jpg","type":"image\/jpeg"}],"twitter_card":"summary_large_image","twitter_site":"@pilgrim_es","twitter_misc":{"Gesch\u00e4tzte Lesezeit":"4\u00a0Minuten"},"schema":{"@context":"https:\/\/schema.org","@graph":[{"@type":"WebPage","@id":"https:\/\/www.pilgrim.es\/de\/weg-im-norden\/etappe-27-la-caridad-ribadeo\/","url":"https:\/\/www.pilgrim.es\/de\/weg-im-norden\/etappe-27-la-caridad-ribadeo\/","name":"Camino del Norte desde La Caridad a Ribadeo | Camino de Santiago | Pilgrim","isPartOf":{"@id":"https:\/\/www.pilgrim.es\/de\/#website"},"primaryImageOfPage":{"@id":"https:\/\/www.pilgrim.es\/de\/weg-im-norden\/etappe-27-la-caridad-ribadeo\/#primaryimage"},"image":{"@id":"https:\/\/www.pilgrim.es\/de\/weg-im-norden\/etappe-27-la-caridad-ribadeo\/#primaryimage"},"thumbnailUrl":"https:\/\/www.pilgrim.es\/wp-content\/uploads\/2019\/02\/camino_norte_etapa_26.jpg","datePublished":"2019-04-09T10:53:14+00:00","dateModified":"2025-04-24T12:10:30+00:00","description":"Weg im Norden: Etappe 26 des Jakobsweges, der zwischen La Caridad und Ribadeo verl\u00e4uft. Entdecken Sie alle Informationen und planen Sie Ihre Etappe.","breadcrumb":{"@id":"https:\/\/www.pilgrim.es\/de\/weg-im-norden\/etappe-27-la-caridad-ribadeo\/#breadcrumb"},"inLanguage":"de","potentialAction":[{"@type":"ReadAction","target":["https:\/\/www.pilgrim.es\/de\/weg-im-norden\/etappe-27-la-caridad-ribadeo\/"]}]},{"@type":"ImageObject","inLanguage":"de","@id":"https:\/\/www.pilgrim.es\/de\/weg-im-norden\/etappe-27-la-caridad-ribadeo\/#primaryimage","url":"https:\/\/www.pilgrim.es\/wp-content\/uploads\/2019\/02\/camino_norte_etapa_26.jpg","contentUrl":"https:\/\/www.pilgrim.es\/wp-content\/uploads\/2019\/02\/camino_norte_etapa_26.jpg","width":1632,"height":550,"caption":"Landkarte Etappe 26 Weg im Norden"},{"@type":"BreadcrumbList","@id":"https:\/\/www.pilgrim.es\/de\/weg-im-norden\/etappe-27-la-caridad-ribadeo\/#breadcrumb","itemListElement":[{"@type":"ListItem","position":1,"name":"Camino de Santiago","item":"https:\/\/www.pilgrim.es\/de\/"},{"@type":"ListItem","position":2,"name":"Weg im Norden","item":"https:\/\/www.pilgrim.es\/de\/weg-im-norden\/"},{"@type":"ListItem","position":3,"name":"Weg im Norden | Etappe 27: La Caridad &#8211; Ribadeo"}]},{"@type":"WebSite","@id":"https:\/\/www.pilgrim.es\/de\/#website","url":"https:\/\/www.pilgrim.es\/de\/","name":"Pilgrim","description":"Camino de Santiago | Caminamos Contigo","publisher":{"@id":"https:\/\/www.pilgrim.es\/de\/#organization"},"potentialAction":[{"@type":"SearchAction","target":{"@type":"EntryPoint","urlTemplate":"https:\/\/www.pilgrim.es\/de\/?s={search_term_string}"},"query-input":{"@type":"PropertyValueSpecification","valueRequired":true,"valueName":"search_term_string"}}],"inLanguage":"de"},{"@type":"Organization","@id":"https:\/\/www.pilgrim.es\/de\/#organization","name":"Pilgrim Camino de Santiago","url":"https:\/\/www.pilgrim.es\/de\/","logo":{"@type":"ImageObject","inLanguage":"de","@id":"https:\/\/www.pilgrim.es\/de\/#\/schema\/logo\/image\/","url":"https:\/\/www.pilgrim.es\/wp-content\/uploads\/2019\/04\/logo_pilgrim.png","contentUrl":"https:\/\/www.pilgrim.es\/wp-content\/uploads\/2019\/04\/logo_pilgrim.png","width":512,"height":512,"caption":"Pilgrim Camino de Santiago"},"image":{"@id":"https:\/\/www.pilgrim.es\/de\/#\/schema\/logo\/image\/"},"sameAs":["https:\/\/www.facebook.com\/pilgrim.es\/","https:\/\/x.com\/pilgrim_es","https:\/\/www.instagram.com\/pilgrim.es\/","https:\/\/www.linkedin.com\/company\/pilgrim-camino-de-santiago\/","https:\/\/www.pinterest.es\/pilgrimcaminodesantiago\/","https:\/\/www.youtube.com\/channel\/UCIv2ZzFLXVqthkNF32rKedw\/featured"]}]}},"_links":{"self":[{"href":"https:\/\/www.pilgrim.es\/de\/wp-json\/wp\/v2\/pages\/31943","targetHints":{"allow":["GET"]}}],"collection":[{"href":"https:\/\/www.pilgrim.es\/de\/wp-json\/wp\/v2\/pages"}],"about":[{"href":"https:\/\/www.pilgrim.es\/de\/wp-json\/wp\/v2\/types\/page"}],"author":[{"embeddable":true,"href":"https:\/\/www.pilgrim.es\/de\/wp-json\/wp\/v2\/users\/4"}],"replies":[{"embeddable":true,"href":"https:\/\/www.pilgrim.es\/de\/wp-json\/wp\/v2\/comments?post=31943"}],"version-history":[{"count":13,"href":"https:\/\/www.pilgrim.es\/de\/wp-json\/wp\/v2\/pages\/31943\/revisions"}],"predecessor-version":[{"id":129504,"href":"https:\/\/www.pilgrim.es\/de\/wp-json\/wp\/v2\/pages\/31943\/revisions\/129504"}],"up":[{"embeddable":true,"href":"https:\/\/www.pilgrim.es\/de\/wp-json\/wp\/v2\/pages\/10670"}],"wp:featuredmedia":[{"embeddable":true,"href":"https:\/\/www.pilgrim.es\/de\/wp-json\/wp\/v2\/media\/11704"}],"wp:attachment":[{"href":"https:\/\/www.pilgrim.es\/de\/wp-json\/wp\/v2\/media?parent=31943"}],"wp:term":[{"taxonomy":"category","embeddable":true,"href":"https:\/\/www.pilgrim.es\/de\/wp-json\/wp\/v2\/categories?post=31943"},{"taxonomy":"post_tag","embeddable":true,"href":"https:\/\/www.pilgrim.es\/de\/wp-json\/wp\/v2\/tags?post=31943"}],"curies":[{"name":"wp","href":"https:\/\/api.w.org\/{rel}","templated":true}]}}