{"id":31159,"date":"2019-04-08T15:10:50","date_gmt":"2019-04-08T15:10:50","guid":{"rendered":"https:\/\/desarrollo.pilgrim.es\/weg-im-norden\/etappe-25-luarca-la-caridad\/"},"modified":"2025-04-24T12:00:11","modified_gmt":"2025-04-24T12:00:11","slug":"etappe-26-luarca-la-caridad","status":"publish","type":"page","link":"https:\/\/www.pilgrim.es\/de\/weg-im-norden\/etappe-26-luarca-la-caridad\/","title":{"rendered":"Weg im Norden | Etappe 26: Luarca &#8211; La Caridad"},"content":{"rendered":"\n<section id=\"heroStage\">\n  <h1>Weg im Norden &#8231; Etappe 26<\/h1>\n  <div>\n    <div\n      class=\"hero\"\n      data-background=\"https:\/\/cdn.pilgrim.es\/web\/caminos\/camino-norte\/pueblos\/luarca.jpg\"\n    >\n      <div class=\"hero__container\">\n        <div class=\"hero__container__labels\">\n          <p>zu Fu\u00df<\/p>\n          <p>35 etappes \/ 824 kms<\/p>\n        <\/div>\n        <div class=\"hero__container__stage-name\">\n          <h2>Luarca<br \/><span>\u276d<\/span> La caridad<\/h2>\n          <p>30,5 Km<\/p>\n        <\/div>\n        <div class=\"hero__container__stage-changer\">\n          <div class=\"stage-control\">\n            <a\n              class=\"stage-control__link\"\n              href=\"https:\/\/www.pilgrim.es\/de\/weg-im-norden\/etappe-25-cadavedo-luarca\/\"\n              ><span>&#10094;<\/span> Etappe 25<\/a\n            >\n          <\/div>\n          <div class=\"stage-control\">\n            <a\n              class=\"stage-control__link\"\n              href=\"https:\/\/www.pilgrim.es\/de\/weg-im-norden\/etappe-27-la-caridad-ribadeo\/\"\n              >Etappe 27 <span>&#10095;<\/span><\/a\n            >\n          <\/div>\n        <\/div>\n      <\/div>\n    <\/div>\n    <div class=\"planner\"><div\r\n  class=\"p-col-span-1 p-rounded-lg p-px-5 p-h-full\"\r\n  style=\"background-image: url('https:\/\/cdn.pilgrim.es\/web\/pilgrim-planner\/bg-plugin-planificador.webp')\"\r\n  rel=\"preload\"\r\n  fetchpriority=\"high\"\r\n  >\r\n    <div class=\"p-text-center p-pt-5 p-text-white p-text-2xl p-font-semibold\">\r\n      Plane deinen Weg    <\/div>\r\n    <div\r\n            id='primary-app'\r\n            data-name='banner'\r\n            data-api='https:\/\/pathfinder.pilgrim.es\/api\/pathfinder\/v2'\r\n            data-mode='normal'\r\n            data-lang='de'\r\n            data-route='1'\r\n            data-destiny='https:\/\/planificador.pilgrim.es'\r\n            data-modality='1'\r\n            data-inline=''\r\n        ><\/div><\/div><\/div>\n  <\/div>\n<\/section>\n<section id=\"scoreBarsStage\">\n  <section>\r\n  <div class=\"p-flex p-flex-nowrap p-space-x-4 p-py-5 p-overflow-x-auto md:p-grid md:p-grid-cols-3 lg:p-grid-cols-5 md:p-gap-8 md:p-space-x-0 md:p-overflow-hidden scrollbar-thin\">\r\n    <div class=\"p-grid p-grid-cols-4 p-shrink-0 p-w-72 p-snap-start md:p-w-full\">\r\n        <div class=\"p-col-span-1 p-self-center p-text-center p-text-3xl\">\r\n            <i class=\"icon-influx\"><\/i>\r\n        <\/div>\r\n        <div class=\"p-col-span-3 p-flex p-flex-col p-items-start\">\r\n            <div class=\"p-text-start p-text-secondary p-mb-1 p-bold\"> Zustrom <\/div>\r\n            <div class=\"p-w-full p-bg-light p-rounded-full p-h-2 p-relative\">\r\n                <div class=\"p-bg-primary p-h-2 p-rounded-full p-absolute\" style=\"width: 40%;\"><\/div>\r\n            <\/div>\r\n        <\/div>\r\n    <\/div>\r\n\r\n    <div class=\"p-grid p-grid-cols-4 p-shrink-0 p-w-72 p-snap-start md:p-w-full\">\r\n        <div class=\"p-col-span-1 p-self-center p-text-center p-text-3xl\">\r\n            <i class=\"icon-difficulty\"><\/i>\r\n        <\/div>\r\n        <div class=\"p-col-span-3 p-flex p-flex-col p-items-start\">\r\n            <div class=\"p-text-start p-text-secondary p-mb-1 p-bold\"> Schwierigkeitsgrad <\/div>\r\n            <div class=\"p-w-full p-bg-light p-rounded-full p-h-2 p-relative\">\r\n                <div class=\"p-bg-primary p-h-2 p-rounded-full p-absolute\" style=\"width: 60%;\"><\/div>\r\n            <\/div>\r\n        <\/div>\r\n    <\/div>\r\n\r\n    <div class=\"p-grid p-grid-cols-4 p-shrink-0 p-w-72 p-snap-start md:p-w-full\">\r\n        <div class=\"p-col-span-1 p-self-center p-text-center p-text-3xl\">\r\n            <i class=\"icon-patrimony\"><\/i>\r\n        <\/div>\r\n        <div class=\"p-col-span-3 p-flex p-flex-col p-items-start\">\r\n            <div class=\"p-text-start p-text-secondary p-mb-1 p-bold\"> Kunst\/Geschichte <\/div>\r\n            <div class=\"p-w-full p-bg-light p-rounded-full p-h-2 p-relative\">\r\n                <div class=\"p-bg-primary p-h-2 p-rounded-full p-absolute\" style=\"width: 40%;\"><\/div>\r\n            <\/div>\r\n        <\/div>\r\n    <\/div>\r\n\r\n    <div class=\"p-grid p-grid-cols-4 p-shrink-0 p-w-72 p-snap-start md:p-w-full\">\r\n        <div class=\"p-col-span-1 p-self-center p-text-center p-text-3xl\">\r\n            <i class=\"icon-nature\"><\/i>\r\n        <\/div>\r\n        <div class=\"p-col-span-3 p-flex p-flex-col p-items-start\">\r\n            <div class=\"p-text-start p-text-secondary p-mb-1 p-bold\"> Natur <\/div>\r\n            <div class=\"p-w-full p-bg-light p-rounded-full p-h-2 p-relative\">\r\n                <div class=\"p-bg-primary p-h-2 p-rounded-full p-absolute\" style=\"width: 40%;\"><\/div>\r\n            <\/div>\r\n        <\/div>\r\n    <\/div>\r\n\r\n    <div class=\"p-grid p-grid-cols-4 p-shrink-0 p-w-72 p-snap-start md:p-w-full\">\r\n        <div class=\"p-col-span-1 p-self-center p-text-center p-text-3xl\">\r\n            <i class=\"icon-urban\"><\/i>\r\n        <\/div>\r\n        <div class=\"p-col-span-3 p-flex p-flex-col p-items-start\">\r\n            <div class=\"p-text-start p-text-secondary p-mb-1 p-bold\"> St\u00e4dtischer Weg <\/div>\r\n            <div class=\"p-w-full p-bg-light p-rounded-full p-h-2 p-relative\">\r\n                <div class=\"p-bg-primary p-h-2 p-rounded-full p-absolute\" style=\"width: 20%;\"><\/div>\r\n            <\/div>\r\n        <\/div>\r\n    <\/div>\r\n  <\/div>\r\n<\/section>\n<\/section>\n<div id=\"stage-list-section\"><div class=\"stage-list\">\n    <div class='stage-list__map-card'>\n        <div class='stage-list__map-card__map'>\n            <div class='stage-list__map-card__map__text'>\n                <h2> Pages <\/h2>\n                <p> Zu Fu\u00df<\/p>\n                <p> 0etappen<\/p>\n            <\/div>\n            <div class='stage-list__map-card__map__img'>\n                <img decoding=\"async\" src=\"\" alt=\" mapa \" \/>\n            <\/div>\n        <\/div>\n    <\/div>\n\n    <\/div>\n<\/div>\n<section id=\"navStage\">\n  <div>\n    <nav class=\"tab-navigation-section--cols-4\" id=\"tab-navigation-section\">\n      <a class=\"active\" href=\"#infoSection\">Information<\/a>\n      <a href=\"#profileSection\">Etappenprofil<\/a>\n      <a href=\"#itinerarySection\">Reiseplan<\/a>\n      <a href=\"#locationsSection\">Ortschaften<\/a>\n    <\/nav>\n    <div id=\"infoSection\">\n      <div>\n        <h2 class=\"p-h2-stage\">Information<\/h2>\n        <hr class=\"orange-bar\" \/>\n        <h3 class=\"p-h3-stage\">Information su questa tappa<\/h3>\n      <\/div>\n      <p>\n        Eine monotone Etappe, auf der sich Strecken entlang der Nationalstra\u00dfe\n        und ihr nahen Wegen abwechseln. Wir \u00fcberqueren den Fluss Navia, einen\n        der wichtigsten und wasserreichsten des kantabrischen Gebietes (der in\n        Pedrafita do Cebreiro -dem Ansatzgspunkt des franz\u00f6sischen Weges in\n        Galicien- entspringt), um der Hauptstadt der Gemeinde El Franco, La\n        Caridad, n\u00e4her zu kommen.\n      <\/p>\n      <div class=\"recomendation-card\">\n        <div>\n          <i class=\"icon-logo-pilgrim\"><\/i>\n          <h5>Empfehlung Pilgrim<\/h5>\n        <\/div>\n        <p>\n          Monotone Etappe, mit h\u00e4ufigem Wechsel zwischen Abschnitten auf der\n          Stra\u00dfe und sehr nahe beieinander liegenden Stra\u00dfen. Wir werden den\n          Fluss Navia \u00fcberqueren, einen der wichtigsten und wasserreichsten\n          Fl\u00fcsse der Kantabrischen K\u00fcste, der in Pedrafita do Cebreiro\n          entspringt, dem Eingangspunkt des franz\u00f6sischen Weges in Galicien, um\n          uns der Hauptstadt des Rates von El Franco zu n\u00e4hern: La Caridad.\n        <\/p>\n      <\/div>\n    <\/div>\n    <div id=\"profileSection\">\n      <div>\n        <h2 class=\"p-h2-stage\">Entfernung und H\u00f6he<\/h2>\n        <hr class=\"orange-bar\" \/>\n        <h3 class=\"p-h3-stage\">Etappenprofil<\/h3>\n        <img decoding=\"async\"\n          alt=\"Etappenprofil\"\n          src=\"https:\/\/cdn.pilgrim.es\/web\/caminos\/camino-norte\/etapas\/etapa-26\/etapa26-perfil-luarca-la-caridad.jpg\"\n        \/>\n      <\/div>\n    <\/div>\n    <div id=\"itinerarySection\">\n      <h2 class=\"p-h2-stage\">Percorso<\/h2>\n      <hr \/>\n      <h3 class=\"p-h3-stage\">Reiseplan<\/h3>\n      <div>\n        <h4>Km 0 &#8231; Luarca<\/h4>\n        <p>\n          Vom Plaza de Alfonso X (Rathaus) gehen wir die Calle Ur\u00eda entlang und\n          biegen rechts ab, um die enge Calle de La Pe\u00f1a hinaufzusteigen, die\n          mehrere Kurven hat; oben wird uns ein Schild auffordern, rechts zum\n          Eremitage von San Roque abzubiegen, das nur 100 Meter entfernt ist und\n          einen guten Blick auf Luarca und seinen Hafen bietet.\n        <\/p>\n        <p>\n          Der Pfad biegt jedoch nach links ab, entlang des Camino Real. Dieser\n          f\u00fchrt zu einer lokalen Stra\u00dfe: wir folgen ihr einige Meter nach rechts\n          und nehmen dann einen anderen Pfad nach links. Wir durchqueren das\n          Viertel Ribadebajo und steigen hinab zu den Ruinen der alten Kirche\n          und des Friedhofs von Santiago. Kurz darauf passieren wir das Viertel\n          Taborcias und erreichen Villuir, auf gleicher H\u00f6he wie die\n          Nationalstra\u00dfe N-634.\n        <\/p>\n        <a class=\"town-link\" href=\"https:\/\/www.pilgrim.es\/de\/weg-im-norden\/luarca\/\">\n          <div class=\"town-link__link-content\">\n            <div class=\"town-link__link-content__text\">\n              <p>Information Local<\/p>\n              <p>\n                Polizei, medizinische Versorgung, Sehensw\u00fcrdigkeiten,\n                Restaurants&#8230;\n              <\/p>\n            <\/div>\n            <div class=\"town-link__link-content__town-btn\">\n              <i class=\"icon-arrow\"><\/i>\n            <\/div>\n          <\/div>\n        <\/a>\n      <\/div>\n      <hr \/>\n      <div>\n        <h4>Km 3,5 &#8231; Villuir<\/h4>\n        <p>\n          Wir \u00fcberqueren die Nationalstra\u00dfe N-634 und nehmen die lokale Stra\u00dfe\n          in Richtung Constancios; wir folgen kleinen Pfaden, entweder\n          asphaltiert oder unbefestigt, durch den weiten Raum zwischen der\n          Nationalstra\u00dfe, die wir etwa 300-500 Meter lang an unserer rechten\n          Seite behalten, und der Autobahn A-8 (am Fu\u00df eines bescheidenen\n          Gebirgskamms), die wir 100-300 Meter lang an unserer linken Seite\n          behalten.\n        <\/p>\n        <p>\n          Wir \u00fcberqueren die Stra\u00dfe AS-37 und gehen geradeaus weiter, bergauf.\n          Kurz darauf biegen wir rechts auf eine breite unbefestigte Stra\u00dfe ab,\n          die f\u00fcr den Bau der Autobahn A-8 angelegt wurde und uns nach einem\n          kurzen Anstieg bergab bis zur Nationalstra\u00dfe f\u00fchrt.\n        <\/p>\n        <p>\n          Wir erreichen die Nationalstra\u00dfe N-634 und folgen ihr nach links. Wir\n          n\u00e4hern uns dem riesigen Viadukt der A-8 \u00fcber das Tal des Flusses\n          Barayo; wir fahren die Nationalstra\u00dfe entlang, ohne unter dem Viadukt\n          hindurchzufahren.\n        <\/p>\n        <p>\n          Mit Freude verlassen wir die Nationalstra\u00dfe und biegen links in eine\n          kleine asphaltierte Stra\u00dfe ab, die bergauf f\u00fchrt. Weiter vorne\n          durchqueren wir die Ortschaft Bao y Barayo, die heute im Gebiet von\n          Villapedre liegt.\n        <\/p>\n      <\/div>\n      <hr \/>\n      <div>\n        <h4>Km 12,5 &#8231; Villapedre<\/h4>\n        <p>\n          Wir gehen 80 Meter entlang der Nationalstra\u00dfe und nehmen einen Pfad\n          auf der rechten Seite, passieren die Kirche von Santiago (18.\n          Jahrhundert) und \u00fcberqueren die Eisenbahnlinie durch einen Tunnel.\n          Weiter vorne \u00fcberqueren wir erneut die N-634, um in Pi\u00f1era\n          einzutreten.\n        <\/p>\n      <\/div>\n      <hr \/>\n      <div>\n        <h4>Km 14,5 &#8231; Pi\u00f1era<\/h4>\n        <p>\n          Wir durchqueren das kleine Dorf und biegen nach 300 Metern rechts ab,\n          um die Eisenbahnlinie \u00fcber eine Br\u00fccke zu \u00fcberqueren; danach passieren\n          wir die Kirche von San Salvador und erreichen die Nationalstra\u00dfe. Wir\n          folgen der Nationalstra\u00dfe nach links und verlassen sie nach 300 Metern\n          rechts, um einen Pfad zu nehmen, der in einen Wald f\u00fchrt. Wir\n          \u00fcberqueren ein B\u00e4chlein \u00fcber eine kleine Holzbr\u00fccke und erreichen kurz\n          darauf eine unbefestigte Stra\u00dfe, der wir nach links folgen; nach 300\n          Metern biegen wir rechts ab. Wir setzen unseren Weg geradeaus entlang\n          der lokalen Stra\u00dfe NV-3 fort, bis wir die Industriezone von La\n          Colorada erreichen.\n        <\/p>\n      <\/div>\n      <hr \/>\n      <div>\n        <h4>Km 18,6 &#8231; La Colorada<\/h4>\n        <p>\n          Direkt nach dem Hotel Blanco biegen wir links in eine Stra\u00dfe ab und\n          nehmen nach 200 Metern einen grasbewachsenen Pfad auf der rechten\n          Seite, der sp\u00e4ter zu einer asphaltierten Stra\u00dfe wird. Bald kehren wir\n          auf die Stra\u00dfe NV-3 zur\u00fcck, der wir nach links folgen, um in Navia\n          einzutreten.\n        <\/p>\n      <\/div>\n      <hr \/>\n      <div>\n        <h4>Km 20,1 &#8231; Navia<\/h4>\n        <p>\n          Vor dem Rathausplatz machen wir ein Zickzack nach rechts und links und\n          nehmen die Stra\u00dfe Mariano Lui\u00f1a, um dann bis zur Avenida Regueral\n          (N-634) hinunterzugehen, die wir nach rechts entlangfahren. Nachdem\n          wir unter dem Eisenbahnviadukt hindurchgefahren sind, \u00fcberqueren wir\n          den Fluss Navia auf der N-634 und gelangen so nach El Esp\u00edn.\n        <\/p>\n        <p>\n          An der zweiten Kreuzung biegen wir links auf die Stra\u00dfe C\u00d1-3 in\n          Richtung Folgueras ab; wir fahren sie 300 Meter bergauf entlang, mit\n          einem sch\u00f6nen Blick auf Navia und seinen Flussm\u00fcndungsbereich, bis wir\n          rechts auf eine lokale Stra\u00dfe in Richtung Jarrio abbiegen. So\n          erreichen wir das Dorf Jarrio, nahe dem Eremitage von Santa Ana.\n        <\/p>\n      <\/div>\n      <hr \/>\n      <div>\n        <h4>Km 22,7 &#8231; Jarrio<\/h4>\n        <p>\n          Der Pfad f\u00fchrt in einen kurzen und malerischen Tunnel aus Pflanzen,\n          \u00fcberquert dann die CN-1 und setzt seinen Weg in dieselbe Richtung\n          entlang einer asphaltierten Stra\u00dfe fort. Weiter vorne verl\u00e4uft der\n          Pfad parallel zur A-8, die wir rechts sehen k\u00f6nnen. Wir \u00fcberqueren die\n          Autobahn A-8 \u00fcber eine Br\u00fccke und nehmen einen kleineren Pfad auf der\n          linken Seite; wir durchqueren die Ortschaft Torce.\n        <\/p>\n        <p>\n          Wir \u00fcberqueren die Nationalstra\u00dfe N-634 und fahren parallel dazu, nur\n          wenige Meter entfernt. Nach 600 Metern \u00fcberqueren wir sie erneut und\n          fahren wieder parallel dazu. Jetzt befindet sie sich auf unserer\n          rechten Seite.\n        <\/p>\n      <\/div>\n      <hr \/>\n      <div>\n        <h4>Km 26,6 &#8231; Cartavio<\/h4>\n        <p>\n          Nur etwa dreieinhalb Kilometer trennen uns von unserem Ziel: La\n          Caridad, die Pfarrei und Hauptstadt der Gemeinde El Franco, wo wir\n          endlich entspannen und unsere schmerzenden F\u00fc\u00dfe am steinigen Strand\n          von Pormenande oder im Freizeitbereich neben der Pilgerherberge\n          ausruhen k\u00f6nnen.\n        <\/p>\n        <p>\n          Nach La Caridad gelangen wir \u00fcber die Avenida de Asturias und die\n          Calle Pelayo bis zum Parque Mar\u00eda Cristina.\n        <\/p>\n      <\/div>\n      <hr \/>\n      <div>\n        <h4>Km 29,0 &#8231; Arboces<\/h4>\n        <p>\n          Uscendo da Arboces entriamo nella strada nazionale e, pochi metri\n          dopo, senza attraversarla, imbocchiamo un sentiero sterrato sulla\n          sinistra. Poco dopo passiamo attraverso un sottopassaggio sotto la\n          strada FR-1 e pi\u00f9 avanti attraversiamo la strada nazionale N-634 per\n          imboccare un piccolo sentiero; usciamo accanto all&#8217;ostello dei\n          pellegrini e proseguiamo fino all&#8217;Avenida de Asturias che percorriamo\n          sulla sinistra.Dann, ohne sie zu \u00fcberqueren, nehmen wir einen\n          unbefestigten Pfad auf der linken Seite. Kurz darauf passieren wir\n          einen Tunnel unter der Stra\u00dfe FR-1 und weiter vorne \u00fcberqueren wir die\n          Nationalstra\u00dfe N-634, um einen kleinen Pfad zu nehmen; wir gehen am\n          Pilgerherberge vorbei und setzen unseren Weg bis zur Avenida de\n          Asturias fort, die wir nach links entlangfahren.\n        <\/p>\n        <p>\n          Wir sind in La Caridad; am Eingang, an der Kreuzung, m\u00fcssen wir\n          geradeaus weiterfahren, um in die Stadt zu gelangen.\n        <\/p>\n      <\/div>\n      <hr \/>\n      <div>\n        <h4>Km 30.5 &#8231; La Caridad<\/h4>\n        <a class=\"town-link\" href=\"https:\/\/www.pilgrim.es\/de\/weg-im-norden\/la-caridad\/\">\n          <div class=\"town-link__link-content\">\n            <div class=\"town-link__link-content__text\">\n              <p>Information Local<\/p>\n              <p>\n                Polizei, medizinische Versorgung, Sehensw\u00fcrdigkeiten,\n                Restaurants&#8230;\n              <\/p>\n            <\/div>\n            <div class=\"town-link__link-content__town-btn\">\n              <i class=\"icon-arrow\"><\/i>\n            <\/div>\n          <\/div>\n        <\/a>\n      <\/div>\n    <\/div>\n    <div id=\"locationsSection\">\n      <h2 class=\"p-h2-stage\">Ortschaften<\/h2>\n      <hr \/>\n      <h3 class=\"p-h3-stage\">St\u00e4dte<\/h3>\n      <div class=\"grid-container\">\n        <div class=\"p-group card-stage p-max-w-full\">\n          <a class=\"town-card\" href=\"https:\/\/www.pilgrim.es\/de\/weg-im-norden\/luarca\/\">\n            <div class=\"card-stage__header\">\n              <img decoding=\"async\"\n                alt=\"Luarca\"\n                class=\"group-hover:p-scale-110\"\n                src=\"https:\/\/cdn.pilgrim.es\/web\/caminos\/camino-norte\/pueblos\/luarca.jpg\"\n              \/>\n              <div class=\"card-overlay group-hover:p-opacity-50\"><\/div>\n            <\/div>\n            <div class=\"town-card__flex-container\">\n              <div class=\"town-card__flex-container__info\">\n                <h3>Luarca<\/h3>\n                <p>Provinz: Asturias<\/p>\n              <\/div>\n              <div class=\"town-card__flex-container__btn\">\n                <i class=\"icon-arrow\"><\/i>\n              <\/div>\n            <\/div>\n          <\/a>\n        <\/div>\n        <div class=\"p-group card-stage p-max-w-full\">\n          <a class=\"town-card\" href=\"https:\/\/www.pilgrim.es\/de\/weg-im-norden\/la-caridad\/\">\n            <div class=\"card-stage__header\">\n              <img decoding=\"async\"\n                alt=\"La caridad\"\n                class=\"group-hover:p-scale-110\"\n                src=\"https:\/\/cdn.pilgrim.es\/web\/caminos\/camino-norte\/pueblos\/la-caridad.jpg\"\n              \/>\n              <div class=\"card-overlay group-hover:p-opacity-50\"><\/div>\n            <\/div>\n            <div class=\"town-card__flex-container\">\n              <div class=\"town-card__flex-container__info\">\n                <h3>La caridad<\/h3>\n                <p>Provinz: Asturias<\/p>\n              <\/div>\n              <div class=\"town-card__flex-container__btn\">\n                <i class=\"icon-arrow\"><\/i>\n              <\/div>\n            <\/div>\n          <\/a>\n        <\/div>\n      <\/div>\n    <\/div>\n    <hr class=\"single-bar\" \/>\n  <\/div>\n<\/section>\n<section id=\"stageChange\">\n  <div>\n    <a class=\"change-btn\" href=\"https:\/\/www.pilgrim.es\/de\/weg-im-norden\/etappe-25-cadavedo-luarca\/\">\n      <div class=\"change-btn\">\n        <div class=\"btn-arrow previous\">\n          <i class=\"icon-arrow\"><\/i>\n        <\/div>\n        <div class=\"change-btn__info\">\n          <div>Etappe 25<\/div>\n          <p>Cadavedo &#10095; <br \/>Luarca<\/p>\n        <\/div>\n      <\/div>\n    <\/a>\n    <a\n      class=\"change-btn\"\n      href=\"https:\/\/www.pilgrim.es\/de\/weg-im-norden\/etappe-27-la-caridad-ribadeo\/\"\n    >\n      <div class=\"change-btn__info\">\n        <div>Etappe 27<\/div>\n        <p>La caridad &#10095; <br \/>Ribadeo<\/p>\n      <\/div>\n      <div class=\"btn-arrow\">\n        <i class=\"icon-arrow\"><\/i>\n      <\/div>\n    <\/a>\n  <\/div>\n<\/section>\n\n","protected":false},"excerpt":{"rendered":"<p>Weg im Norden &#8231; Etappe 26 zu Fu\u00df 35 etappes \/ 824 kms Luarca\u276d La caridad 30,5 Km &#10094; Etappe 25 Etappe 27 &#10095; Information Etappenprofil Reiseplan Ortschaften Information Information su questa tappa Eine monotone Etappe, auf der sich Strecken entlang der Nationalstra\u00dfe und ihr nahen Wegen abwechseln. Wir \u00fcberqueren den Fluss Navia, einen der &hellip; <\/p>\n<p class=\"read_more\"><a href=\"https:\/\/www.pilgrim.es\/de\/weg-im-norden\/etappe-26-luarca-la-caridad\/\">Leer m\u00e1s<\/a><\/p>\n","protected":false},"author":4,"featured_media":11696,"parent":10670,"menu_order":0,"comment_status":"closed","ping_status":"closed","template":"views\/template-new-web-design.blade.php","meta":{"footnotes":""},"categories":[],"tags":[],"class_list":["post-31159","page","type-page","status-publish","has-post-thumbnail","hentry"],"yoast_head":"<!-- This site is optimized with the Yoast SEO plugin v27.4 - https:\/\/yoast.com\/product\/yoast-seo-wordpress\/ -->\n<title>Camino del Norte desde Luarca a La Caridad | Camino de Santiago | Pilgrim<\/title>\n<meta name=\"description\" content=\"Weg im Norden: Etappe 25 des Jakobsweges, der zwischen den Ortschaften Luarca und La Caridad verl\u00e4uft. Entdecken Sie alle Informationen und planen Sie Ihre Etappe.\" \/>\n<meta name=\"robots\" content=\"index, follow, max-snippet:-1, max-image-preview:large, max-video-preview:-1\" \/>\n<link rel=\"canonical\" href=\"https:\/\/www.pilgrim.es\/de\/weg-im-norden\/etappe-26-luarca-la-caridad\/\" \/>\n<meta property=\"og:locale\" content=\"de_DE\" \/>\n<meta property=\"og:type\" content=\"article\" \/>\n<meta property=\"og:title\" content=\"Camino del Norte desde Luarca a La Caridad | Camino de Santiago | Pilgrim\" \/>\n<meta property=\"og:description\" content=\"Weg im Norden: Etappe 25 des Jakobsweges, der zwischen den Ortschaften Luarca und La Caridad verl\u00e4uft. Entdecken Sie alle Informationen und planen Sie Ihre Etappe.\" \/>\n<meta property=\"og:url\" content=\"https:\/\/www.pilgrim.es\/de\/weg-im-norden\/etappe-26-luarca-la-caridad\/\" \/>\n<meta property=\"og:site_name\" content=\"Pilgrim\" \/>\n<meta property=\"article:publisher\" content=\"https:\/\/www.facebook.com\/pilgrim.es\/\" \/>\n<meta property=\"article:modified_time\" content=\"2025-04-24T12:00:11+00:00\" \/>\n<meta property=\"og:image\" content=\"https:\/\/www.pilgrim.es\/wp-content\/uploads\/2019\/02\/camino_norte_etapa_25.jpg\" \/>\n\t<meta property=\"og:image:width\" content=\"1637\" \/>\n\t<meta property=\"og:image:height\" content=\"550\" \/>\n\t<meta property=\"og:image:type\" content=\"image\/jpeg\" \/>\n<meta name=\"twitter:card\" content=\"summary_large_image\" \/>\n<meta name=\"twitter:site\" content=\"@pilgrim_es\" \/>\n<meta name=\"twitter:label1\" content=\"Gesch\u00e4tzte Lesezeit\" \/>\n\t<meta name=\"twitter:data1\" content=\"6\u00a0Minuten\" \/>\n<script type=\"application\/ld+json\" class=\"yoast-schema-graph\">{\"@context\":\"https:\\\/\\\/schema.org\",\"@graph\":[{\"@type\":\"WebPage\",\"@id\":\"https:\\\/\\\/www.pilgrim.es\\\/de\\\/weg-im-norden\\\/etappe-26-luarca-la-caridad\\\/\",\"url\":\"https:\\\/\\\/www.pilgrim.es\\\/de\\\/weg-im-norden\\\/etappe-26-luarca-la-caridad\\\/\",\"name\":\"Camino del Norte desde Luarca a La Caridad | Camino de Santiago | Pilgrim\",\"isPartOf\":{\"@id\":\"https:\\\/\\\/www.pilgrim.es\\\/de\\\/#website\"},\"primaryImageOfPage\":{\"@id\":\"https:\\\/\\\/www.pilgrim.es\\\/de\\\/weg-im-norden\\\/etappe-26-luarca-la-caridad\\\/#primaryimage\"},\"image\":{\"@id\":\"https:\\\/\\\/www.pilgrim.es\\\/de\\\/weg-im-norden\\\/etappe-26-luarca-la-caridad\\\/#primaryimage\"},\"thumbnailUrl\":\"https:\\\/\\\/www.pilgrim.es\\\/wp-content\\\/uploads\\\/2019\\\/02\\\/camino_norte_etapa_25.jpg\",\"datePublished\":\"2019-04-08T15:10:50+00:00\",\"dateModified\":\"2025-04-24T12:00:11+00:00\",\"description\":\"Weg im Norden: Etappe 25 des Jakobsweges, der zwischen den Ortschaften Luarca und La Caridad verl\u00e4uft. Entdecken Sie alle Informationen und planen Sie Ihre Etappe.\",\"breadcrumb\":{\"@id\":\"https:\\\/\\\/www.pilgrim.es\\\/de\\\/weg-im-norden\\\/etappe-26-luarca-la-caridad\\\/#breadcrumb\"},\"inLanguage\":\"de\",\"potentialAction\":[{\"@type\":\"ReadAction\",\"target\":[\"https:\\\/\\\/www.pilgrim.es\\\/de\\\/weg-im-norden\\\/etappe-26-luarca-la-caridad\\\/\"]}]},{\"@type\":\"ImageObject\",\"inLanguage\":\"de\",\"@id\":\"https:\\\/\\\/www.pilgrim.es\\\/de\\\/weg-im-norden\\\/etappe-26-luarca-la-caridad\\\/#primaryimage\",\"url\":\"https:\\\/\\\/www.pilgrim.es\\\/wp-content\\\/uploads\\\/2019\\\/02\\\/camino_norte_etapa_25.jpg\",\"contentUrl\":\"https:\\\/\\\/www.pilgrim.es\\\/wp-content\\\/uploads\\\/2019\\\/02\\\/camino_norte_etapa_25.jpg\",\"width\":1637,\"height\":550,\"caption\":\"Landkarte Etappe 25 Weg im Norden\"},{\"@type\":\"BreadcrumbList\",\"@id\":\"https:\\\/\\\/www.pilgrim.es\\\/de\\\/weg-im-norden\\\/etappe-26-luarca-la-caridad\\\/#breadcrumb\",\"itemListElement\":[{\"@type\":\"ListItem\",\"position\":1,\"name\":\"Camino de Santiago\",\"item\":\"https:\\\/\\\/www.pilgrim.es\\\/de\\\/\"},{\"@type\":\"ListItem\",\"position\":2,\"name\":\"Weg im Norden\",\"item\":\"https:\\\/\\\/www.pilgrim.es\\\/de\\\/weg-im-norden\\\/\"},{\"@type\":\"ListItem\",\"position\":3,\"name\":\"Weg im Norden | Etappe 26: Luarca &#8211; La Caridad\"}]},{\"@type\":\"WebSite\",\"@id\":\"https:\\\/\\\/www.pilgrim.es\\\/de\\\/#website\",\"url\":\"https:\\\/\\\/www.pilgrim.es\\\/de\\\/\",\"name\":\"Pilgrim\",\"description\":\"Camino de Santiago | Caminamos Contigo\",\"publisher\":{\"@id\":\"https:\\\/\\\/www.pilgrim.es\\\/de\\\/#organization\"},\"potentialAction\":[{\"@type\":\"SearchAction\",\"target\":{\"@type\":\"EntryPoint\",\"urlTemplate\":\"https:\\\/\\\/www.pilgrim.es\\\/de\\\/?s={search_term_string}\"},\"query-input\":{\"@type\":\"PropertyValueSpecification\",\"valueRequired\":true,\"valueName\":\"search_term_string\"}}],\"inLanguage\":\"de\"},{\"@type\":\"Organization\",\"@id\":\"https:\\\/\\\/www.pilgrim.es\\\/de\\\/#organization\",\"name\":\"Pilgrim Camino de Santiago\",\"url\":\"https:\\\/\\\/www.pilgrim.es\\\/de\\\/\",\"logo\":{\"@type\":\"ImageObject\",\"inLanguage\":\"de\",\"@id\":\"https:\\\/\\\/www.pilgrim.es\\\/de\\\/#\\\/schema\\\/logo\\\/image\\\/\",\"url\":\"https:\\\/\\\/www.pilgrim.es\\\/wp-content\\\/uploads\\\/2019\\\/04\\\/logo_pilgrim.png\",\"contentUrl\":\"https:\\\/\\\/www.pilgrim.es\\\/wp-content\\\/uploads\\\/2019\\\/04\\\/logo_pilgrim.png\",\"width\":512,\"height\":512,\"caption\":\"Pilgrim Camino de Santiago\"},\"image\":{\"@id\":\"https:\\\/\\\/www.pilgrim.es\\\/de\\\/#\\\/schema\\\/logo\\\/image\\\/\"},\"sameAs\":[\"https:\\\/\\\/www.facebook.com\\\/pilgrim.es\\\/\",\"https:\\\/\\\/x.com\\\/pilgrim_es\",\"https:\\\/\\\/www.instagram.com\\\/pilgrim.es\\\/\",\"https:\\\/\\\/www.linkedin.com\\\/company\\\/pilgrim-camino-de-santiago\\\/\",\"https:\\\/\\\/www.pinterest.es\\\/pilgrimcaminodesantiago\\\/\",\"https:\\\/\\\/www.youtube.com\\\/channel\\\/UCIv2ZzFLXVqthkNF32rKedw\\\/featured\"]}]}<\/script>\n<!-- \/ Yoast SEO plugin. -->","yoast_head_json":{"title":"Camino del Norte desde Luarca a La Caridad | Camino de Santiago | Pilgrim","description":"Weg im Norden: Etappe 25 des Jakobsweges, der zwischen den Ortschaften Luarca und La Caridad verl\u00e4uft. Entdecken Sie alle Informationen und planen Sie Ihre Etappe.","robots":{"index":"index","follow":"follow","max-snippet":"max-snippet:-1","max-image-preview":"max-image-preview:large","max-video-preview":"max-video-preview:-1"},"canonical":"https:\/\/www.pilgrim.es\/de\/weg-im-norden\/etappe-26-luarca-la-caridad\/","og_locale":"de_DE","og_type":"article","og_title":"Camino del Norte desde Luarca a La Caridad | Camino de Santiago | Pilgrim","og_description":"Weg im Norden: Etappe 25 des Jakobsweges, der zwischen den Ortschaften Luarca und La Caridad verl\u00e4uft. Entdecken Sie alle Informationen und planen Sie Ihre Etappe.","og_url":"https:\/\/www.pilgrim.es\/de\/weg-im-norden\/etappe-26-luarca-la-caridad\/","og_site_name":"Pilgrim","article_publisher":"https:\/\/www.facebook.com\/pilgrim.es\/","article_modified_time":"2025-04-24T12:00:11+00:00","og_image":[{"width":1637,"height":550,"url":"https:\/\/www.pilgrim.es\/wp-content\/uploads\/2019\/02\/camino_norte_etapa_25.jpg","type":"image\/jpeg"}],"twitter_card":"summary_large_image","twitter_site":"@pilgrim_es","twitter_misc":{"Gesch\u00e4tzte Lesezeit":"6\u00a0Minuten"},"schema":{"@context":"https:\/\/schema.org","@graph":[{"@type":"WebPage","@id":"https:\/\/www.pilgrim.es\/de\/weg-im-norden\/etappe-26-luarca-la-caridad\/","url":"https:\/\/www.pilgrim.es\/de\/weg-im-norden\/etappe-26-luarca-la-caridad\/","name":"Camino del Norte desde Luarca a La Caridad | Camino de Santiago | Pilgrim","isPartOf":{"@id":"https:\/\/www.pilgrim.es\/de\/#website"},"primaryImageOfPage":{"@id":"https:\/\/www.pilgrim.es\/de\/weg-im-norden\/etappe-26-luarca-la-caridad\/#primaryimage"},"image":{"@id":"https:\/\/www.pilgrim.es\/de\/weg-im-norden\/etappe-26-luarca-la-caridad\/#primaryimage"},"thumbnailUrl":"https:\/\/www.pilgrim.es\/wp-content\/uploads\/2019\/02\/camino_norte_etapa_25.jpg","datePublished":"2019-04-08T15:10:50+00:00","dateModified":"2025-04-24T12:00:11+00:00","description":"Weg im Norden: Etappe 25 des Jakobsweges, der zwischen den Ortschaften Luarca und La Caridad verl\u00e4uft. Entdecken Sie alle Informationen und planen Sie Ihre Etappe.","breadcrumb":{"@id":"https:\/\/www.pilgrim.es\/de\/weg-im-norden\/etappe-26-luarca-la-caridad\/#breadcrumb"},"inLanguage":"de","potentialAction":[{"@type":"ReadAction","target":["https:\/\/www.pilgrim.es\/de\/weg-im-norden\/etappe-26-luarca-la-caridad\/"]}]},{"@type":"ImageObject","inLanguage":"de","@id":"https:\/\/www.pilgrim.es\/de\/weg-im-norden\/etappe-26-luarca-la-caridad\/#primaryimage","url":"https:\/\/www.pilgrim.es\/wp-content\/uploads\/2019\/02\/camino_norte_etapa_25.jpg","contentUrl":"https:\/\/www.pilgrim.es\/wp-content\/uploads\/2019\/02\/camino_norte_etapa_25.jpg","width":1637,"height":550,"caption":"Landkarte Etappe 25 Weg im Norden"},{"@type":"BreadcrumbList","@id":"https:\/\/www.pilgrim.es\/de\/weg-im-norden\/etappe-26-luarca-la-caridad\/#breadcrumb","itemListElement":[{"@type":"ListItem","position":1,"name":"Camino de Santiago","item":"https:\/\/www.pilgrim.es\/de\/"},{"@type":"ListItem","position":2,"name":"Weg im Norden","item":"https:\/\/www.pilgrim.es\/de\/weg-im-norden\/"},{"@type":"ListItem","position":3,"name":"Weg im Norden | Etappe 26: Luarca &#8211; La Caridad"}]},{"@type":"WebSite","@id":"https:\/\/www.pilgrim.es\/de\/#website","url":"https:\/\/www.pilgrim.es\/de\/","name":"Pilgrim","description":"Camino de Santiago | Caminamos Contigo","publisher":{"@id":"https:\/\/www.pilgrim.es\/de\/#organization"},"potentialAction":[{"@type":"SearchAction","target":{"@type":"EntryPoint","urlTemplate":"https:\/\/www.pilgrim.es\/de\/?s={search_term_string}"},"query-input":{"@type":"PropertyValueSpecification","valueRequired":true,"valueName":"search_term_string"}}],"inLanguage":"de"},{"@type":"Organization","@id":"https:\/\/www.pilgrim.es\/de\/#organization","name":"Pilgrim Camino de Santiago","url":"https:\/\/www.pilgrim.es\/de\/","logo":{"@type":"ImageObject","inLanguage":"de","@id":"https:\/\/www.pilgrim.es\/de\/#\/schema\/logo\/image\/","url":"https:\/\/www.pilgrim.es\/wp-content\/uploads\/2019\/04\/logo_pilgrim.png","contentUrl":"https:\/\/www.pilgrim.es\/wp-content\/uploads\/2019\/04\/logo_pilgrim.png","width":512,"height":512,"caption":"Pilgrim Camino de Santiago"},"image":{"@id":"https:\/\/www.pilgrim.es\/de\/#\/schema\/logo\/image\/"},"sameAs":["https:\/\/www.facebook.com\/pilgrim.es\/","https:\/\/x.com\/pilgrim_es","https:\/\/www.instagram.com\/pilgrim.es\/","https:\/\/www.linkedin.com\/company\/pilgrim-camino-de-santiago\/","https:\/\/www.pinterest.es\/pilgrimcaminodesantiago\/","https:\/\/www.youtube.com\/channel\/UCIv2ZzFLXVqthkNF32rKedw\/featured"]}]}},"_links":{"self":[{"href":"https:\/\/www.pilgrim.es\/de\/wp-json\/wp\/v2\/pages\/31159","targetHints":{"allow":["GET"]}}],"collection":[{"href":"https:\/\/www.pilgrim.es\/de\/wp-json\/wp\/v2\/pages"}],"about":[{"href":"https:\/\/www.pilgrim.es\/de\/wp-json\/wp\/v2\/types\/page"}],"author":[{"embeddable":true,"href":"https:\/\/www.pilgrim.es\/de\/wp-json\/wp\/v2\/users\/4"}],"replies":[{"embeddable":true,"href":"https:\/\/www.pilgrim.es\/de\/wp-json\/wp\/v2\/comments?post=31159"}],"version-history":[{"count":13,"href":"https:\/\/www.pilgrim.es\/de\/wp-json\/wp\/v2\/pages\/31159\/revisions"}],"predecessor-version":[{"id":129486,"href":"https:\/\/www.pilgrim.es\/de\/wp-json\/wp\/v2\/pages\/31159\/revisions\/129486"}],"up":[{"embeddable":true,"href":"https:\/\/www.pilgrim.es\/de\/wp-json\/wp\/v2\/pages\/10670"}],"wp:featuredmedia":[{"embeddable":true,"href":"https:\/\/www.pilgrim.es\/de\/wp-json\/wp\/v2\/media\/11696"}],"wp:attachment":[{"href":"https:\/\/www.pilgrim.es\/de\/wp-json\/wp\/v2\/media?parent=31159"}],"wp:term":[{"taxonomy":"category","embeddable":true,"href":"https:\/\/www.pilgrim.es\/de\/wp-json\/wp\/v2\/categories?post=31159"},{"taxonomy":"post_tag","embeddable":true,"href":"https:\/\/www.pilgrim.es\/de\/wp-json\/wp\/v2\/tags?post=31159"}],"curies":[{"name":"wp","href":"https:\/\/api.w.org\/{rel}","templated":true}]}}