{"id":28129,"date":"2019-04-08T11:10:44","date_gmt":"2019-04-08T11:10:44","guid":{"rendered":"https:\/\/desarrollo.pilgrim.es\/weg-im-norden\/etappe-24-cadavedo-luarca\/"},"modified":"2025-04-24T11:52:38","modified_gmt":"2025-04-24T11:52:38","slug":"etappe-25-cadavedo-luarca","status":"publish","type":"page","link":"https:\/\/www.pilgrim.es\/de\/weg-im-norden\/etappe-25-cadavedo-luarca\/","title":{"rendered":"Weg im Norden | Etappe 25: Cadavedo &#8211; Luarca"},"content":{"rendered":"\n<section id=\"heroStage\">\n  <h1>Weg im Norden &#8231; Etappe 25<\/h1>\n  <div>\n    <div\n      class=\"hero\"\n      data-background=\"https:\/\/cdn.pilgrim.es\/web\/caminos\/camino-norte\/pueblos\/cadavedo.jpg\"\n    >\n      <div class=\"hero__container\">\n        <div class=\"hero__container__labels\">\n          <p>zu Fu\u00df<\/p>\n          <p>35 etappes \/ 824 kms<\/p>\n        <\/div>\n        <div class=\"hero__container__stage-name\">\n          <h2>Cadavedo<br \/><span>\u276d<\/span> Luarca<\/h2>\n          <p>15,3 Km<\/p>\n        <\/div>\n        <div class=\"hero__container__stage-changer\">\n          <div class=\"stage-control\">\n            <a\n              class=\"stage-control__link\"\n              href=\"https:\/\/www.pilgrim.es\/de\/weg-im-norden\/etappe-24-soto-de-luina-cadavedo\/\"\n              ><span>&#10094;<\/span> Etappe 24<\/a\n            >\n          <\/div>\n          <div class=\"stage-control\">\n            <a\n              class=\"stage-control__link\"\n              href=\"https:\/\/www.pilgrim.es\/de\/weg-im-norden\/etappe-26-luarca-la-caridad\/\"\n              >Etappe 26 <span>&#10095;<\/span><\/a\n            >\n          <\/div>\n        <\/div>\n      <\/div>\n    <\/div>\n    <div class=\"planner\"><div\r\n  class=\"p-col-span-1 p-rounded-lg p-px-5 p-h-full\"\r\n  style=\"background-image: url('https:\/\/cdn.pilgrim.es\/web\/pilgrim-planner\/bg-plugin-planificador.webp')\"\r\n  rel=\"preload\"\r\n  fetchpriority=\"high\"\r\n  >\r\n    <div class=\"p-text-center p-pt-5 p-text-white p-text-2xl p-font-semibold\">\r\n      Plane deinen Weg    <\/div>\r\n    <div\r\n            id='primary-app'\r\n            data-name='banner'\r\n            data-api='https:\/\/pathfinder.pilgrim.es\/api\/pathfinder\/v2'\r\n            data-mode='normal'\r\n            data-lang='de'\r\n            data-route='1'\r\n            data-destiny='https:\/\/planificador.pilgrim.es'\r\n            data-modality='1'\r\n            data-inline=''\r\n        ><\/div><\/div><\/div>\n  <\/div>\n<\/section>\n<section id=\"scoreBarsStage\">\n  <section>\r\n  <div class=\"p-flex p-flex-nowrap p-space-x-4 p-py-5 p-overflow-x-auto md:p-grid md:p-grid-cols-3 lg:p-grid-cols-5 md:p-gap-8 md:p-space-x-0 md:p-overflow-hidden scrollbar-thin\">\r\n    <div class=\"p-grid p-grid-cols-4 p-shrink-0 p-w-72 p-snap-start md:p-w-full\">\r\n        <div class=\"p-col-span-1 p-self-center p-text-center p-text-3xl\">\r\n            <i class=\"icon-influx\"><\/i>\r\n        <\/div>\r\n        <div class=\"p-col-span-3 p-flex p-flex-col p-items-start\">\r\n            <div class=\"p-text-start p-text-secondary p-mb-1 p-bold\"> Zustrom <\/div>\r\n            <div class=\"p-w-full p-bg-light p-rounded-full p-h-2 p-relative\">\r\n                <div class=\"p-bg-primary p-h-2 p-rounded-full p-absolute\" style=\"width: 40%;\"><\/div>\r\n            <\/div>\r\n        <\/div>\r\n    <\/div>\r\n\r\n    <div class=\"p-grid p-grid-cols-4 p-shrink-0 p-w-72 p-snap-start md:p-w-full\">\r\n        <div class=\"p-col-span-1 p-self-center p-text-center p-text-3xl\">\r\n            <i class=\"icon-difficulty\"><\/i>\r\n        <\/div>\r\n        <div class=\"p-col-span-3 p-flex p-flex-col p-items-start\">\r\n            <div class=\"p-text-start p-text-secondary p-mb-1 p-bold\"> Schwierigkeitsgrad <\/div>\r\n            <div class=\"p-w-full p-bg-light p-rounded-full p-h-2 p-relative\">\r\n                <div class=\"p-bg-primary p-h-2 p-rounded-full p-absolute\" style=\"width: 40%;\"><\/div>\r\n            <\/div>\r\n        <\/div>\r\n    <\/div>\r\n\r\n    <div class=\"p-grid p-grid-cols-4 p-shrink-0 p-w-72 p-snap-start md:p-w-full\">\r\n        <div class=\"p-col-span-1 p-self-center p-text-center p-text-3xl\">\r\n            <i class=\"icon-patrimony\"><\/i>\r\n        <\/div>\r\n        <div class=\"p-col-span-3 p-flex p-flex-col p-items-start\">\r\n            <div class=\"p-text-start p-text-secondary p-mb-1 p-bold\"> Kunst\/Geschichte <\/div>\r\n            <div class=\"p-w-full p-bg-light p-rounded-full p-h-2 p-relative\">\r\n                <div class=\"p-bg-primary p-h-2 p-rounded-full p-absolute\" style=\"width: 40%;\"><\/div>\r\n            <\/div>\r\n        <\/div>\r\n    <\/div>\r\n\r\n    <div class=\"p-grid p-grid-cols-4 p-shrink-0 p-w-72 p-snap-start md:p-w-full\">\r\n        <div class=\"p-col-span-1 p-self-center p-text-center p-text-3xl\">\r\n            <i class=\"icon-nature\"><\/i>\r\n        <\/div>\r\n        <div class=\"p-col-span-3 p-flex p-flex-col p-items-start\">\r\n            <div class=\"p-text-start p-text-secondary p-mb-1 p-bold\"> Natur <\/div>\r\n            <div class=\"p-w-full p-bg-light p-rounded-full p-h-2 p-relative\">\r\n                <div class=\"p-bg-primary p-h-2 p-rounded-full p-absolute\" style=\"width: 60%;\"><\/div>\r\n            <\/div>\r\n        <\/div>\r\n    <\/div>\r\n\r\n    <div class=\"p-grid p-grid-cols-4 p-shrink-0 p-w-72 p-snap-start md:p-w-full\">\r\n        <div class=\"p-col-span-1 p-self-center p-text-center p-text-3xl\">\r\n            <i class=\"icon-urban\"><\/i>\r\n        <\/div>\r\n        <div class=\"p-col-span-3 p-flex p-flex-col p-items-start\">\r\n            <div class=\"p-text-start p-text-secondary p-mb-1 p-bold\"> St\u00e4dtischer Weg <\/div>\r\n            <div class=\"p-w-full p-bg-light p-rounded-full p-h-2 p-relative\">\r\n                <div class=\"p-bg-primary p-h-2 p-rounded-full p-absolute\" style=\"width: 20%;\"><\/div>\r\n            <\/div>\r\n        <\/div>\r\n    <\/div>\r\n  <\/div>\r\n<\/section>\n<\/section>\n<div id=\"stage-list-section\"><div class=\"stage-list\">\n    <div class='stage-list__map-card'>\n        <div class='stage-list__map-card__map'>\n            <div class='stage-list__map-card__map__text'>\n                <h2> Pages <\/h2>\n                <p> Zu Fu\u00df<\/p>\n                <p> 0etappen<\/p>\n            <\/div>\n            <div class='stage-list__map-card__map__img'>\n                <img decoding=\"async\" src=\"\" alt=\" mapa \" \/>\n            <\/div>\n        <\/div>\n    <\/div>\n\n    <\/div>\n<\/div>\n<section id=\"navStage\">\n  <div>\n    <nav class=\"tab-navigation-section--cols-4\" id=\"tab-navigation-section\">\n      <a class=\"active\" href=\"#infoSection\">Information<\/a>\n      <a href=\"#profileSection\">Etappenprofil<\/a>\n      <a href=\"#itinerarySection\">Reiseplan<\/a>\n      <a href=\"#locationsSection\">Ortschaften<\/a>\n    <\/nav>\n    <div id=\"infoSection\">\n      <div>\n        <h2 class=\"p-h2-stage\">Information<\/h2>\n        <hr class=\"orange-bar\" \/>\n        <h3 class=\"p-h3-stage\">Information su questa tappa<\/h3>\n      <\/div>\n      <p>\n        Eine kurze Etappe von etwas mehr als f\u00fcnfzehn Kilometern- perfekt, um\n        jeden Winkel der Ortschaft Luarca auszukosten.\n      <\/p>\n      <div class=\"recomendation-card\">\n        <div>\n          <i class=\"icon-logo-pilgrim\"><\/i>\n          <h5>Empfehlung Pilgrim<\/h5>\n        <\/div>\n        <p>\n          Da es sich um eine kurze Etappe handelt, haben wir die M\u00f6glichkeit,\n          durch Luarca zu schlendern \u2013 eine Stadt, die als eine der sch\u00f6nsten in\n          Asturien gilt. Luarca wird als eine der sch\u00f6nsten St\u00e4dte Asturiens\n          angesehen.\n        <\/p>\n      <\/div>\n    <\/div>\n    <div id=\"profileSection\">\n      <div>\n        <h2 class=\"p-h2-stage\">Entfernung und H\u00f6he<\/h2>\n        <hr class=\"orange-bar\" \/>\n        <h3 class=\"p-h3-stage\">Etappenprofil<\/h3>\n        <img decoding=\"async\"\n          alt=\"Etappenprofil\"\n          src=\"https:\/\/cdn.pilgrim.es\/web\/caminos\/camino-norte\/etapas\/etapa-25\/etapa25-perfil-cadavedo-luarca.jpg\"\n        \/>\n      <\/div>\n    <\/div>\n    <div id=\"itinerarySection\">\n      <h2 class=\"p-h2-stage\">Percorso<\/h2>\n      <hr \/>\n      <h3 class=\"p-h3-stage\">Reiseplan<\/h3>\n      <div>\n        <h4>Km 0 &#8231; Cadavedo<\/h4>\n        <p>\n          Wir folgen der Nationalstra\u00dfe einige Meter und nehmen dann eine\n          diagonal nach rechts verlaufende Stra\u00dfe, die uns sp\u00e4ter wieder auf\n          dieselbe Stra\u00dfe zur\u00fcckf\u00fchrt. Kurz bevor wir einen Kreisverkehr\n          erreichen, biegen wir rechts auf einen Schotterweg ab. Wir kommen in\n          das kleine Dorf Villademoros.\n        <\/p>\n        <a class=\"town-link\" href=\"https:\/\/www.pilgrim.es\/de\/weg-im-norden\/cadavedo\/\">\n          <div class=\"town-link__link-content\">\n            <div class=\"town-link__link-content__text\">\n              <p>Information Local<\/p>\n              <p>\n                Polizei, medizinische Versorgung, Sehensw\u00fcrdigkeiten,\n                Restaurants&#8230;\n              <\/p>\n            <\/div>\n            <div class=\"town-link__link-content__town-btn\">\n              <i class=\"icon-arrow\"><\/i>\n            <\/div>\n          <\/div>\n        <\/a>\n      <\/div>\n      <hr \/>\n      <div>\n        <h4>Km 1,4 &#8231; Villademoros<\/h4>\n        <p>\n          Wir durchqueren das Dorf und entfernen uns auf einem Schotterweg. Wir\n          erreichen San Crist\u00f3bal, ein weiteres kleines Dorf. Wir setzen unseren\n          Weg in dieselbe Richtung fort, auf einem Schotterweg. Dann kommen wir\n          auf die Nationalstra\u00dfe N-632 und folgen ihr, wobei wir die Pfeile\n          ignorieren, die uns auffordern, rechts in Richtung Zentrum von Queru\u00e1s\n          abzubiegen, da dies eine unn\u00f6tige Umleitung ist.\n        <\/p>\n      <\/div>\n      <hr \/>\n      <div>\n        <h4>Km 5 &#8231; Quer\u00faas<\/h4>\n        <p>\n          Wir folgen parallel zur Nationalstra\u00dfe bis zu einem Kreisverkehr,\n          biegen dann links ab, um unter der A-8 hindurchzufahren. Wir erreichen\n          einen weiteren Kreisverkehr und nehmen eine Schotterstra\u00dfe nach\n          rechts, die uns nach Chano de Canero f\u00fchrt.\n        <\/p>\n        <p>\n          Hier geht es eine Stra\u00dfe hinunter, um zun\u00e4chst die Nationalstra\u00dfe und\n          dann ein Gew\u00e4sser zu \u00fcberqueren. Auf einem sch\u00f6nen, von B\u00e4umen\n          ges\u00e4umten Pfad steigen wir bis zur Kirche von San Miguel de Canero\n          hinauf.\n        <\/p>\n      <\/div>\n      <hr \/>\n      <div>\n        <h4>Km 6,3 &#8231; Canero<\/h4>\n        <p>\n          Wir biegen rechts in der N\u00e4he der Kirche ab und folgen einem\n          Schotterweg, der uns in einen wundersch\u00f6nen Wald aus Kastanien- und\n          Eichenb\u00e4umen f\u00fchrt. Am Ende erreichen wir eine lokale Stra\u00dfe, die uns\n          bis zu einem Kreisverkehr bringt; wir \u00fcberqueren den Fluss Esva nach\n          links \u00fcber die Br\u00fccke der N-634 und fahren auf ihr weiter.\n        <\/p>\n        <p>\n          Hinter dem Hotel Canero beginnt ein Pfad mit einem steilen Anstieg,\n          der uns nach dem \u00dcberqueren der N-634 bis zur Autobahn f\u00fchrt: wir\n          bewegen uns parallel dazu.\n        <\/p>\n        <p>\n          Wir \u00fcberqueren die Autobahn A-8 \u00fcber eine Br\u00fccke und biegen nach 150\n          Metern links auf eine unbefestigte Stra\u00dfe ab. Kurz darauf \u00fcberqueren\n          wir die N-634, nehmen sie f\u00fcr einige Meter und verlassen sie dann nach\n          rechts. Danach gelangen wir wieder auf dieselbe Stra\u00dfe, bis wir sie\n          erneut rechts verlassen m\u00fcssen. Ein unbefestigter Pfad mit Aussicht\n          auf das Meer in der Ferne f\u00fchrt uns direkt nach Barcia.\n        <\/p>\n      <\/div>\n      <hr \/>\n      <div>\n        <h4>Km 12,2 &#8231; Barcia<\/h4>\n        <p>\n          Wir fahren weiter auf verschiedenen Stra\u00dfen, bis wir die lokale Stra\u00dfe\n          Luarca VA-1 erreichen; wir folgen ihr 300 Meter und biegen dann nach\n          links ab, obwohl wir kurz darauf wieder auf dieselbe Stra\u00dfe\n          zur\u00fcckkehren.\n        <\/p>\n        <p>\n          Sobald wir eine Schule passieren, erreichen wir die Kreuzung der\n          Stra\u00dfe nach La Atalaya und, auf der linken Seite, die Calle de la\n          Carril: die Stra\u00dfe f\u00fchrt weiter bergab ins Zentrum von Luarca entlang\n          eines gepflasterten Pfades.\n        <\/p>\n      <\/div>\n      <hr \/>\n      <div>\n        <h4>Km 15,3 &#8231; Luarca<\/h4>\n        <a class=\"town-link\" href=\"https:\/\/www.pilgrim.es\/de\/weg-im-norden\/luarca\/\">\n          <div class=\"town-link__link-content\">\n            <div class=\"town-link__link-content__text\">\n              <p>Information Local<\/p>\n              <p>\n                Polizei, medizinische Versorgung, Sehensw\u00fcrdigkeiten,\n                Restaurants&#8230;\n              <\/p>\n            <\/div>\n            <div class=\"town-link__link-content__town-btn\">\n              <i class=\"icon-arrow\"><\/i>\n            <\/div>\n          <\/div>\n        <\/a>\n      <\/div>\n    <\/div>\n    <div id=\"locationsSection\">\n      <h2 class=\"p-h2-stage\">Ortschaften<\/h2>\n      <hr \/>\n      <h3 class=\"p-h3-stage\">St\u00e4dte<\/h3>\n      <div class=\"grid-container\">\n        <div class=\"p-group card-stage p-max-w-full\">\n          <a class=\"town-card\" href=\"https:\/\/www.pilgrim.es\/de\/weg-im-norden\/cadavedo\/\">\n            <div class=\"card-stage__header\">\n              <img decoding=\"async\"\n                alt=\"Cadavedo\"\n                class=\"group-hover:p-scale-110\"\n                src=\"https:\/\/cdn.pilgrim.es\/web\/caminos\/camino-norte\/pueblos\/cadavedo.jpg\"\n              \/>\n              <div class=\"card-overlay group-hover:p-opacity-50\"><\/div>\n            <\/div>\n            <div class=\"town-card__flex-container\">\n              <div class=\"town-card__flex-container__info\">\n                <h3>Cadavedo<\/h3>\n                <p>Provinz: Asturias<\/p>\n              <\/div>\n              <div class=\"town-card__flex-container__btn\">\n                <i class=\"icon-arrow\"><\/i>\n              <\/div>\n            <\/div>\n          <\/a>\n        <\/div>\n        <div class=\"p-group card-stage p-max-w-full\">\n          <a class=\"town-card\" href=\"https:\/\/www.pilgrim.es\/de\/weg-im-norden\/luarca\/\">\n            <div class=\"card-stage__header\">\n              <img decoding=\"async\"\n                alt=\"Luarca\"\n                class=\"group-hover:p-scale-110\"\n                src=\"https:\/\/cdn.pilgrim.es\/web\/caminos\/camino-norte\/pueblos\/luarca.jpg\"\n              \/>\n              <div class=\"card-overlay group-hover:p-opacity-50\"><\/div>\n            <\/div>\n            <div class=\"town-card__flex-container\">\n              <div class=\"town-card__flex-container__info\">\n                <h3>Luarca<\/h3>\n                <p>Provinz: Asturias<\/p>\n              <\/div>\n              <div class=\"town-card__flex-container__btn\">\n                <i class=\"icon-arrow\"><\/i>\n              <\/div>\n            <\/div>\n          <\/a>\n        <\/div>\n      <\/div>\n    <\/div>\n    <hr class=\"single-bar\" \/>\n  <\/div>\n<\/section>\n<section id=\"stageChange\">\n  <div>\n    <a\n      class=\"change-btn\"\n      href=\"https:\/\/www.pilgrim.es\/de\/weg-im-norden\/etappe-24-soto-de-luina-cadavedo\/\"\n    >\n      <div class=\"change-btn\">\n        <div class=\"btn-arrow previous\">\n          <i class=\"icon-arrow\"><\/i>\n        <\/div>\n        <div class=\"change-btn__info\">\n          <div>Etappe 24<\/div>\n          <p>Soto de Lui\u00f1a &#10095; <br \/>Cadavedo<\/p>\n        <\/div>\n      <\/div>\n    <\/a>\n    <a class=\"change-btn\" href=\"https:\/\/www.pilgrim.es\/de\/weg-im-norden\/etappe-26-luarca-la-caridad\/\">\n      <div class=\"change-btn__info\">\n        <div>Etappe 26<\/div>\n        <p>Luarca &#10095; <br \/>La Caridad<\/p>\n      <\/div>\n      <div class=\"btn-arrow\">\n        <i class=\"icon-arrow\"><\/i>\n      <\/div>\n    <\/a>\n  <\/div>\n<\/section>\n\n\n\n\n<p><\/p>\n","protected":false},"excerpt":{"rendered":"<p>Weg im Norden &#8231; Etappe 25 zu Fu\u00df 35 etappes \/ 824 kms Cadavedo\u276d Luarca 15,3 Km &#10094; Etappe 24 Etappe 26 &#10095; Information Etappenprofil Reiseplan Ortschaften Information Information su questa tappa Eine kurze Etappe von etwas mehr als f\u00fcnfzehn Kilometern- perfekt, um jeden Winkel der Ortschaft Luarca auszukosten. Empfehlung Pilgrim Da es sich um &hellip; <\/p>\n<p class=\"read_more\"><a href=\"https:\/\/www.pilgrim.es\/de\/weg-im-norden\/etappe-25-cadavedo-luarca\/\">Leer m\u00e1s<\/a><\/p>\n","protected":false},"author":4,"featured_media":11688,"parent":10670,"menu_order":0,"comment_status":"closed","ping_status":"closed","template":"views\/template-new-web-design.blade.php","meta":{"footnotes":""},"categories":[],"tags":[],"class_list":["post-28129","page","type-page","status-publish","has-post-thumbnail","hentry"],"yoast_head":"<!-- This site is optimized with the Yoast SEO plugin v27.4 - https:\/\/yoast.com\/product\/yoast-seo-wordpress\/ -->\n<title>Camino del Norte desde Cadavedo a Luarca | Camino de Santiago | Pilgrim<\/title>\n<meta name=\"description\" content=\"Weg im Norden: Etappe 24 des Jakobsweges, der zwischen den Ortschaften Cadavedo und Luarca verl\u00e4uft. Entdecken Sie alle Informationen und planen Sie Ihre Etappe\" \/>\n<meta name=\"robots\" content=\"index, follow, max-snippet:-1, max-image-preview:large, max-video-preview:-1\" \/>\n<link rel=\"canonical\" href=\"https:\/\/www.pilgrim.es\/de\/weg-im-norden\/etappe-25-cadavedo-luarca\/\" \/>\n<meta property=\"og:locale\" content=\"de_DE\" \/>\n<meta property=\"og:type\" content=\"article\" \/>\n<meta property=\"og:title\" content=\"Camino del Norte desde Cadavedo a Luarca | Camino de Santiago | Pilgrim\" \/>\n<meta property=\"og:description\" content=\"Weg im Norden: Etappe 24 des Jakobsweges, der zwischen den Ortschaften Cadavedo und Luarca verl\u00e4uft. Entdecken Sie alle Informationen und planen Sie Ihre Etappe\" \/>\n<meta property=\"og:url\" content=\"https:\/\/www.pilgrim.es\/de\/weg-im-norden\/etappe-25-cadavedo-luarca\/\" \/>\n<meta property=\"og:site_name\" content=\"Pilgrim\" \/>\n<meta property=\"article:publisher\" content=\"https:\/\/www.facebook.com\/pilgrim.es\/\" \/>\n<meta property=\"article:modified_time\" content=\"2025-04-24T11:52:38+00:00\" \/>\n<meta property=\"og:image\" content=\"https:\/\/www.pilgrim.es\/wp-content\/uploads\/2019\/02\/camino_norte_etapa_24.jpg\" \/>\n\t<meta property=\"og:image:width\" content=\"1636\" \/>\n\t<meta property=\"og:image:height\" content=\"547\" \/>\n\t<meta property=\"og:image:type\" content=\"image\/jpeg\" \/>\n<meta name=\"twitter:card\" content=\"summary_large_image\" \/>\n<meta name=\"twitter:site\" content=\"@pilgrim_es\" \/>\n<meta name=\"twitter:label1\" content=\"Gesch\u00e4tzte Lesezeit\" \/>\n\t<meta name=\"twitter:data1\" content=\"3\u00a0Minuten\" \/>\n<script type=\"application\/ld+json\" class=\"yoast-schema-graph\">{\"@context\":\"https:\\\/\\\/schema.org\",\"@graph\":[{\"@type\":\"WebPage\",\"@id\":\"https:\\\/\\\/www.pilgrim.es\\\/de\\\/weg-im-norden\\\/etappe-25-cadavedo-luarca\\\/\",\"url\":\"https:\\\/\\\/www.pilgrim.es\\\/de\\\/weg-im-norden\\\/etappe-25-cadavedo-luarca\\\/\",\"name\":\"Camino del Norte desde Cadavedo a Luarca | Camino de Santiago | Pilgrim\",\"isPartOf\":{\"@id\":\"https:\\\/\\\/www.pilgrim.es\\\/de\\\/#website\"},\"primaryImageOfPage\":{\"@id\":\"https:\\\/\\\/www.pilgrim.es\\\/de\\\/weg-im-norden\\\/etappe-25-cadavedo-luarca\\\/#primaryimage\"},\"image\":{\"@id\":\"https:\\\/\\\/www.pilgrim.es\\\/de\\\/weg-im-norden\\\/etappe-25-cadavedo-luarca\\\/#primaryimage\"},\"thumbnailUrl\":\"https:\\\/\\\/www.pilgrim.es\\\/wp-content\\\/uploads\\\/2019\\\/02\\\/camino_norte_etapa_24.jpg\",\"datePublished\":\"2019-04-08T11:10:44+00:00\",\"dateModified\":\"2025-04-24T11:52:38+00:00\",\"description\":\"Weg im Norden: Etappe 24 des Jakobsweges, der zwischen den Ortschaften Cadavedo und Luarca verl\u00e4uft. Entdecken Sie alle Informationen und planen Sie Ihre Etappe\",\"breadcrumb\":{\"@id\":\"https:\\\/\\\/www.pilgrim.es\\\/de\\\/weg-im-norden\\\/etappe-25-cadavedo-luarca\\\/#breadcrumb\"},\"inLanguage\":\"de\",\"potentialAction\":[{\"@type\":\"ReadAction\",\"target\":[\"https:\\\/\\\/www.pilgrim.es\\\/de\\\/weg-im-norden\\\/etappe-25-cadavedo-luarca\\\/\"]}]},{\"@type\":\"ImageObject\",\"inLanguage\":\"de\",\"@id\":\"https:\\\/\\\/www.pilgrim.es\\\/de\\\/weg-im-norden\\\/etappe-25-cadavedo-luarca\\\/#primaryimage\",\"url\":\"https:\\\/\\\/www.pilgrim.es\\\/wp-content\\\/uploads\\\/2019\\\/02\\\/camino_norte_etapa_24.jpg\",\"contentUrl\":\"https:\\\/\\\/www.pilgrim.es\\\/wp-content\\\/uploads\\\/2019\\\/02\\\/camino_norte_etapa_24.jpg\",\"width\":1636,\"height\":547,\"caption\":\"Landkarte Etappe 24 Weg im Norden\"},{\"@type\":\"BreadcrumbList\",\"@id\":\"https:\\\/\\\/www.pilgrim.es\\\/de\\\/weg-im-norden\\\/etappe-25-cadavedo-luarca\\\/#breadcrumb\",\"itemListElement\":[{\"@type\":\"ListItem\",\"position\":1,\"name\":\"Camino de Santiago\",\"item\":\"https:\\\/\\\/www.pilgrim.es\\\/de\\\/\"},{\"@type\":\"ListItem\",\"position\":2,\"name\":\"Weg im Norden\",\"item\":\"https:\\\/\\\/www.pilgrim.es\\\/de\\\/weg-im-norden\\\/\"},{\"@type\":\"ListItem\",\"position\":3,\"name\":\"Weg im Norden | Etappe 25: Cadavedo &#8211; Luarca\"}]},{\"@type\":\"WebSite\",\"@id\":\"https:\\\/\\\/www.pilgrim.es\\\/de\\\/#website\",\"url\":\"https:\\\/\\\/www.pilgrim.es\\\/de\\\/\",\"name\":\"Pilgrim\",\"description\":\"Camino de Santiago | Caminamos Contigo\",\"publisher\":{\"@id\":\"https:\\\/\\\/www.pilgrim.es\\\/de\\\/#organization\"},\"potentialAction\":[{\"@type\":\"SearchAction\",\"target\":{\"@type\":\"EntryPoint\",\"urlTemplate\":\"https:\\\/\\\/www.pilgrim.es\\\/de\\\/?s={search_term_string}\"},\"query-input\":{\"@type\":\"PropertyValueSpecification\",\"valueRequired\":true,\"valueName\":\"search_term_string\"}}],\"inLanguage\":\"de\"},{\"@type\":\"Organization\",\"@id\":\"https:\\\/\\\/www.pilgrim.es\\\/de\\\/#organization\",\"name\":\"Pilgrim Camino de Santiago\",\"url\":\"https:\\\/\\\/www.pilgrim.es\\\/de\\\/\",\"logo\":{\"@type\":\"ImageObject\",\"inLanguage\":\"de\",\"@id\":\"https:\\\/\\\/www.pilgrim.es\\\/de\\\/#\\\/schema\\\/logo\\\/image\\\/\",\"url\":\"https:\\\/\\\/www.pilgrim.es\\\/wp-content\\\/uploads\\\/2019\\\/04\\\/logo_pilgrim.png\",\"contentUrl\":\"https:\\\/\\\/www.pilgrim.es\\\/wp-content\\\/uploads\\\/2019\\\/04\\\/logo_pilgrim.png\",\"width\":512,\"height\":512,\"caption\":\"Pilgrim Camino de Santiago\"},\"image\":{\"@id\":\"https:\\\/\\\/www.pilgrim.es\\\/de\\\/#\\\/schema\\\/logo\\\/image\\\/\"},\"sameAs\":[\"https:\\\/\\\/www.facebook.com\\\/pilgrim.es\\\/\",\"https:\\\/\\\/x.com\\\/pilgrim_es\",\"https:\\\/\\\/www.instagram.com\\\/pilgrim.es\\\/\",\"https:\\\/\\\/www.linkedin.com\\\/company\\\/pilgrim-camino-de-santiago\\\/\",\"https:\\\/\\\/www.pinterest.es\\\/pilgrimcaminodesantiago\\\/\",\"https:\\\/\\\/www.youtube.com\\\/channel\\\/UCIv2ZzFLXVqthkNF32rKedw\\\/featured\"]}]}<\/script>\n<!-- \/ Yoast SEO plugin. -->","yoast_head_json":{"title":"Camino del Norte desde Cadavedo a Luarca | Camino de Santiago | Pilgrim","description":"Weg im Norden: Etappe 24 des Jakobsweges, der zwischen den Ortschaften Cadavedo und Luarca verl\u00e4uft. Entdecken Sie alle Informationen und planen Sie Ihre Etappe","robots":{"index":"index","follow":"follow","max-snippet":"max-snippet:-1","max-image-preview":"max-image-preview:large","max-video-preview":"max-video-preview:-1"},"canonical":"https:\/\/www.pilgrim.es\/de\/weg-im-norden\/etappe-25-cadavedo-luarca\/","og_locale":"de_DE","og_type":"article","og_title":"Camino del Norte desde Cadavedo a Luarca | Camino de Santiago | Pilgrim","og_description":"Weg im Norden: Etappe 24 des Jakobsweges, der zwischen den Ortschaften Cadavedo und Luarca verl\u00e4uft. Entdecken Sie alle Informationen und planen Sie Ihre Etappe","og_url":"https:\/\/www.pilgrim.es\/de\/weg-im-norden\/etappe-25-cadavedo-luarca\/","og_site_name":"Pilgrim","article_publisher":"https:\/\/www.facebook.com\/pilgrim.es\/","article_modified_time":"2025-04-24T11:52:38+00:00","og_image":[{"width":1636,"height":547,"url":"https:\/\/www.pilgrim.es\/wp-content\/uploads\/2019\/02\/camino_norte_etapa_24.jpg","type":"image\/jpeg"}],"twitter_card":"summary_large_image","twitter_site":"@pilgrim_es","twitter_misc":{"Gesch\u00e4tzte Lesezeit":"3\u00a0Minuten"},"schema":{"@context":"https:\/\/schema.org","@graph":[{"@type":"WebPage","@id":"https:\/\/www.pilgrim.es\/de\/weg-im-norden\/etappe-25-cadavedo-luarca\/","url":"https:\/\/www.pilgrim.es\/de\/weg-im-norden\/etappe-25-cadavedo-luarca\/","name":"Camino del Norte desde Cadavedo a Luarca | Camino de Santiago | Pilgrim","isPartOf":{"@id":"https:\/\/www.pilgrim.es\/de\/#website"},"primaryImageOfPage":{"@id":"https:\/\/www.pilgrim.es\/de\/weg-im-norden\/etappe-25-cadavedo-luarca\/#primaryimage"},"image":{"@id":"https:\/\/www.pilgrim.es\/de\/weg-im-norden\/etappe-25-cadavedo-luarca\/#primaryimage"},"thumbnailUrl":"https:\/\/www.pilgrim.es\/wp-content\/uploads\/2019\/02\/camino_norte_etapa_24.jpg","datePublished":"2019-04-08T11:10:44+00:00","dateModified":"2025-04-24T11:52:38+00:00","description":"Weg im Norden: Etappe 24 des Jakobsweges, der zwischen den Ortschaften Cadavedo und Luarca verl\u00e4uft. Entdecken Sie alle Informationen und planen Sie Ihre Etappe","breadcrumb":{"@id":"https:\/\/www.pilgrim.es\/de\/weg-im-norden\/etappe-25-cadavedo-luarca\/#breadcrumb"},"inLanguage":"de","potentialAction":[{"@type":"ReadAction","target":["https:\/\/www.pilgrim.es\/de\/weg-im-norden\/etappe-25-cadavedo-luarca\/"]}]},{"@type":"ImageObject","inLanguage":"de","@id":"https:\/\/www.pilgrim.es\/de\/weg-im-norden\/etappe-25-cadavedo-luarca\/#primaryimage","url":"https:\/\/www.pilgrim.es\/wp-content\/uploads\/2019\/02\/camino_norte_etapa_24.jpg","contentUrl":"https:\/\/www.pilgrim.es\/wp-content\/uploads\/2019\/02\/camino_norte_etapa_24.jpg","width":1636,"height":547,"caption":"Landkarte Etappe 24 Weg im Norden"},{"@type":"BreadcrumbList","@id":"https:\/\/www.pilgrim.es\/de\/weg-im-norden\/etappe-25-cadavedo-luarca\/#breadcrumb","itemListElement":[{"@type":"ListItem","position":1,"name":"Camino de Santiago","item":"https:\/\/www.pilgrim.es\/de\/"},{"@type":"ListItem","position":2,"name":"Weg im Norden","item":"https:\/\/www.pilgrim.es\/de\/weg-im-norden\/"},{"@type":"ListItem","position":3,"name":"Weg im Norden | Etappe 25: Cadavedo &#8211; Luarca"}]},{"@type":"WebSite","@id":"https:\/\/www.pilgrim.es\/de\/#website","url":"https:\/\/www.pilgrim.es\/de\/","name":"Pilgrim","description":"Camino de Santiago | Caminamos Contigo","publisher":{"@id":"https:\/\/www.pilgrim.es\/de\/#organization"},"potentialAction":[{"@type":"SearchAction","target":{"@type":"EntryPoint","urlTemplate":"https:\/\/www.pilgrim.es\/de\/?s={search_term_string}"},"query-input":{"@type":"PropertyValueSpecification","valueRequired":true,"valueName":"search_term_string"}}],"inLanguage":"de"},{"@type":"Organization","@id":"https:\/\/www.pilgrim.es\/de\/#organization","name":"Pilgrim Camino de Santiago","url":"https:\/\/www.pilgrim.es\/de\/","logo":{"@type":"ImageObject","inLanguage":"de","@id":"https:\/\/www.pilgrim.es\/de\/#\/schema\/logo\/image\/","url":"https:\/\/www.pilgrim.es\/wp-content\/uploads\/2019\/04\/logo_pilgrim.png","contentUrl":"https:\/\/www.pilgrim.es\/wp-content\/uploads\/2019\/04\/logo_pilgrim.png","width":512,"height":512,"caption":"Pilgrim Camino de Santiago"},"image":{"@id":"https:\/\/www.pilgrim.es\/de\/#\/schema\/logo\/image\/"},"sameAs":["https:\/\/www.facebook.com\/pilgrim.es\/","https:\/\/x.com\/pilgrim_es","https:\/\/www.instagram.com\/pilgrim.es\/","https:\/\/www.linkedin.com\/company\/pilgrim-camino-de-santiago\/","https:\/\/www.pinterest.es\/pilgrimcaminodesantiago\/","https:\/\/www.youtube.com\/channel\/UCIv2ZzFLXVqthkNF32rKedw\/featured"]}]}},"_links":{"self":[{"href":"https:\/\/www.pilgrim.es\/de\/wp-json\/wp\/v2\/pages\/28129","targetHints":{"allow":["GET"]}}],"collection":[{"href":"https:\/\/www.pilgrim.es\/de\/wp-json\/wp\/v2\/pages"}],"about":[{"href":"https:\/\/www.pilgrim.es\/de\/wp-json\/wp\/v2\/types\/page"}],"author":[{"embeddable":true,"href":"https:\/\/www.pilgrim.es\/de\/wp-json\/wp\/v2\/users\/4"}],"replies":[{"embeddable":true,"href":"https:\/\/www.pilgrim.es\/de\/wp-json\/wp\/v2\/comments?post=28129"}],"version-history":[{"count":22,"href":"https:\/\/www.pilgrim.es\/de\/wp-json\/wp\/v2\/pages\/28129\/revisions"}],"predecessor-version":[{"id":129474,"href":"https:\/\/www.pilgrim.es\/de\/wp-json\/wp\/v2\/pages\/28129\/revisions\/129474"}],"up":[{"embeddable":true,"href":"https:\/\/www.pilgrim.es\/de\/wp-json\/wp\/v2\/pages\/10670"}],"wp:featuredmedia":[{"embeddable":true,"href":"https:\/\/www.pilgrim.es\/de\/wp-json\/wp\/v2\/media\/11688"}],"wp:attachment":[{"href":"https:\/\/www.pilgrim.es\/de\/wp-json\/wp\/v2\/media?parent=28129"}],"wp:term":[{"taxonomy":"category","embeddable":true,"href":"https:\/\/www.pilgrim.es\/de\/wp-json\/wp\/v2\/categories?post=28129"},{"taxonomy":"post_tag","embeddable":true,"href":"https:\/\/www.pilgrim.es\/de\/wp-json\/wp\/v2\/tags?post=28129"}],"curies":[{"name":"wp","href":"https:\/\/api.w.org\/{rel}","templated":true}]}}