{"id":17083,"date":"2019-04-04T15:09:00","date_gmt":"2019-04-04T15:09:00","guid":{"rendered":"https:\/\/desarrollo.pilgrim.es\/weg-im-norden\/etappe-21-aviles-muros-de-nalon\/"},"modified":"2025-04-24T11:40:22","modified_gmt":"2025-04-24T11:40:22","slug":"etappe-22-aviles-muros-de-nalon","status":"publish","type":"page","link":"https:\/\/www.pilgrim.es\/de\/weg-im-norden\/etappe-22-aviles-muros-de-nalon\/","title":{"rendered":"Weg im Norden | Etappe 22: Avil\u00e9s &#8211; Muros de Nal\u00f3n"},"content":{"rendered":"\n<section id=\"heroStage\">\n  <h1>Weg im Norden &#8231; Etappe 22<\/h1>\n  <div>\n    <div\n      class=\"hero\"\n      data-background=\"https:\/\/cdn.pilgrim.es\/web\/caminos\/camino-norte\/pueblos\/aviles.jpg\"\n    >\n      <div class=\"hero__container\">\n        <div class=\"hero__container__labels\">\n          <p>zu Fu\u00df<\/p>\n          <p>35 etappes \/ 824 kms<\/p>\n        <\/div>\n        <div class=\"hero__container__stage-name\">\n          <h2>Avil\u00e9s<br \/><span>\u276d<\/span> Muros de Nal\u00f3n<\/h2>\n          <p>23,2 Km<\/p>\n        <\/div>\n        <div class=\"hero__container__stage-changer\">\n          <div class=\"stage-control\">\n            <a\n              class=\"stage-control__link\"\n              href=\"https:\/\/www.pilgrim.es\/de\/weg-im-norden\/etappe-21-gijon-aviles\/\"\n              ><span>&#10094;<\/span> Etappe 21\n            <\/a>\n          <\/div>\n          <div class=\"stage-control\">\n            <a\n              class=\"stage-control__link\"\n              href=\"https:\/\/www.pilgrim.es\/de\/weg-im-norden\/etappe-23-muros-de-nalon-soto-de-luina\/\"\n              >Etappe 23 <span>&#10095;<\/span><\/a\n            >\n          <\/div>\n        <\/div>\n      <\/div>\n    <\/div>\n    <div class=\"planner\"><div\r\n  class=\"p-col-span-1 p-rounded-lg p-px-5 p-h-full\"\r\n  style=\"background-image: url('https:\/\/cdn.pilgrim.es\/web\/pilgrim-planner\/bg-plugin-planificador.webp')\"\r\n  rel=\"preload\"\r\n  fetchpriority=\"high\"\r\n  >\r\n    <div class=\"p-text-center p-pt-5 p-text-white p-text-2xl p-font-semibold\">\r\n      Plane deinen Weg    <\/div>\r\n    <div\r\n            id='primary-app'\r\n            data-name='banner'\r\n            data-api='https:\/\/pathfinder.pilgrim.es\/api\/pathfinder\/v2'\r\n            data-mode='normal'\r\n            data-lang='de'\r\n            data-route='1'\r\n            data-destiny='https:\/\/planificador.pilgrim.es'\r\n            data-modality='1'\r\n            data-inline=''\r\n        ><\/div><\/div><\/div>\n  <\/div>\n<\/section>\n<section id=\"scoreBarsStage\">\n  <section>\r\n  <div class=\"p-flex p-flex-nowrap p-space-x-4 p-py-5 p-overflow-x-auto md:p-grid md:p-grid-cols-3 lg:p-grid-cols-5 md:p-gap-8 md:p-space-x-0 md:p-overflow-hidden scrollbar-thin\">\r\n    <div class=\"p-grid p-grid-cols-4 p-shrink-0 p-w-72 p-snap-start md:p-w-full\">\r\n        <div class=\"p-col-span-1 p-self-center p-text-center p-text-3xl\">\r\n            <i class=\"icon-influx\"><\/i>\r\n        <\/div>\r\n        <div class=\"p-col-span-3 p-flex p-flex-col p-items-start\">\r\n            <div class=\"p-text-start p-text-secondary p-mb-1 p-bold\"> Zustrom <\/div>\r\n            <div class=\"p-w-full p-bg-light p-rounded-full p-h-2 p-relative\">\r\n                <div class=\"p-bg-primary p-h-2 p-rounded-full p-absolute\" style=\"width: 40%;\"><\/div>\r\n            <\/div>\r\n        <\/div>\r\n    <\/div>\r\n\r\n    <div class=\"p-grid p-grid-cols-4 p-shrink-0 p-w-72 p-snap-start md:p-w-full\">\r\n        <div class=\"p-col-span-1 p-self-center p-text-center p-text-3xl\">\r\n            <i class=\"icon-difficulty\"><\/i>\r\n        <\/div>\r\n        <div class=\"p-col-span-3 p-flex p-flex-col p-items-start\">\r\n            <div class=\"p-text-start p-text-secondary p-mb-1 p-bold\"> Schwierigkeitsgrad <\/div>\r\n            <div class=\"p-w-full p-bg-light p-rounded-full p-h-2 p-relative\">\r\n                <div class=\"p-bg-primary p-h-2 p-rounded-full p-absolute\" style=\"width: 40%;\"><\/div>\r\n            <\/div>\r\n        <\/div>\r\n    <\/div>\r\n\r\n    <div class=\"p-grid p-grid-cols-4 p-shrink-0 p-w-72 p-snap-start md:p-w-full\">\r\n        <div class=\"p-col-span-1 p-self-center p-text-center p-text-3xl\">\r\n            <i class=\"icon-patrimony\"><\/i>\r\n        <\/div>\r\n        <div class=\"p-col-span-3 p-flex p-flex-col p-items-start\">\r\n            <div class=\"p-text-start p-text-secondary p-mb-1 p-bold\"> Kunst\/Geschichte <\/div>\r\n            <div class=\"p-w-full p-bg-light p-rounded-full p-h-2 p-relative\">\r\n                <div class=\"p-bg-primary p-h-2 p-rounded-full p-absolute\" style=\"width: 40%;\"><\/div>\r\n            <\/div>\r\n        <\/div>\r\n    <\/div>\r\n\r\n    <div class=\"p-grid p-grid-cols-4 p-shrink-0 p-w-72 p-snap-start md:p-w-full\">\r\n        <div class=\"p-col-span-1 p-self-center p-text-center p-text-3xl\">\r\n            <i class=\"icon-nature\"><\/i>\r\n        <\/div>\r\n        <div class=\"p-col-span-3 p-flex p-flex-col p-items-start\">\r\n            <div class=\"p-text-start p-text-secondary p-mb-1 p-bold\"> Natur <\/div>\r\n            <div class=\"p-w-full p-bg-light p-rounded-full p-h-2 p-relative\">\r\n                <div class=\"p-bg-primary p-h-2 p-rounded-full p-absolute\" style=\"width: 60%;\"><\/div>\r\n            <\/div>\r\n        <\/div>\r\n    <\/div>\r\n\r\n    <div class=\"p-grid p-grid-cols-4 p-shrink-0 p-w-72 p-snap-start md:p-w-full\">\r\n        <div class=\"p-col-span-1 p-self-center p-text-center p-text-3xl\">\r\n            <i class=\"icon-urban\"><\/i>\r\n        <\/div>\r\n        <div class=\"p-col-span-3 p-flex p-flex-col p-items-start\">\r\n            <div class=\"p-text-start p-text-secondary p-mb-1 p-bold\"> St\u00e4dtischer Weg <\/div>\r\n            <div class=\"p-w-full p-bg-light p-rounded-full p-h-2 p-relative\">\r\n                <div class=\"p-bg-primary p-h-2 p-rounded-full p-absolute\" style=\"width: 20%;\"><\/div>\r\n            <\/div>\r\n        <\/div>\r\n    <\/div>\r\n  <\/div>\r\n<\/section>\n<\/section>\n<div id=\"stage-list-section\"><div class=\"stage-list\">\n    <div class='stage-list__map-card'>\n        <div class='stage-list__map-card__map'>\n            <div class='stage-list__map-card__map__text'>\n                <h2> Pages <\/h2>\n                <p> Zu Fu\u00df<\/p>\n                <p> 0etappen<\/p>\n            <\/div>\n            <div class='stage-list__map-card__map__img'>\n                <img decoding=\"async\" src=\"\" alt=\" mapa \" \/>\n            <\/div>\n        <\/div>\n    <\/div>\n\n    <\/div>\n<\/div>\n<section id=\"navStage\">\n  <div>\n    <nav class=\"tab-navigation-section--cols-4\" id=\"tab-navigation-section\">\n      <a class=\"active\" href=\"#infoSection\">Information<\/a>\n      <a href=\"#profileSection\">Etappenprofil<\/a>\n      <a href=\"#itinerarySection\">Reiseplan<\/a>\n      <a href=\"#locationsSection\">Ortschaften<\/a>\n    <\/nav>\n    <div id=\"infoSection\">\n      <div>\n        <h2 class=\"p-h2-stage\">Information<\/h2>\n        <hr class=\"orange-bar\" \/>\n        <h3 class=\"p-h3\">Information su questa tappa<\/h3>\n      <\/div>\n      <p>\n        Diese Etappe hat wenig mit der vorherigen zu tun. Wir k\u00f6nnten sie sogar\n        als \u201eBeinbrecher\u201c bezeichnen, da wir uns in vielen Gelegenheiten\n        Bergauf- und Bergabstrecken stellen m\u00fcssen, um Fl\u00fcsse, B\u00e4che,\n        Autobahnen, Aqu\u00e4dukte, Str\u00e4nde und viele D\u00f6rfer und Viertel entlang des\n        Weges zu meistern.\n      <\/p>\n      <div class=\"recomendation-card\">\n        <div>\n          <i class=\"icon-logo-pilgrim\"><\/i>\n          <h5>Empfehlung Pilgrim<\/h5>\n        <\/div>\n        <p>\n          An diesem Punkt gibt es zwei m\u00f6gliche Alternativen zur urspr\u00fcnglichen\n          Route. Die erste besteht darin, vom Aussichtspunkt von Espiritu Santo\n          in Richtung El Pito, entlang der K\u00fcste und vorbei am Strand von\n          Aguilar. von Espiritu Santo nach El Pito, entlang der K\u00fcste und vorbei\n          am Strand von Aguilar. dem Strand von Aguilar. Die zweite, die\n          unmittelbar nach der der \u00dcberquerung des Flusses Nal\u00f3n und der nach\n          San Esteban de Pravia, von wo aus sie nach Muros de Nal\u00f3n f\u00fchrt. I\n          Radfahrer und Personen mit eingeschr\u00e4nkter Mobilit\u00e4t m\u00fcssen auf dieser\n          auf dieser Etappe h\u00f6chste Aufmerksamkeit.\n        <\/p>\n      <\/div>\n    <\/div>\n    <div id=\"profileSection\">\n      <div>\n        <h2 class=\"p-h2-stage\">Entfernung und H\u00f6he<\/h2>\n        <hr class=\"orange-bar\" \/>\n        <h3 class=\"p-h3\">Etappenprofil<\/h3>\n        <img decoding=\"async\"\n          alt=\"Etappenprofil\"\n          src=\"https:\/\/cdn.pilgrim.es\/web\/caminos\/camino-norte\/etapas\/etapa-22\/etapa22-perfil-aviles-muros-de-nalon.jpg\"\n        \/>\n      <\/div>\n    <\/div>\n    <div id=\"itinerarySection\">\n      <h2 class=\"p-h2-stage\">Percorso<\/h2>\n      <hr \/>\n      <h3 class=\"p-h3\">Reiseplan<\/h3>\n      <div>\n        <h4>Km 0 &#8231; Avil\u00e9s<\/h4>\n        <p>\n          Von der Plaza Espa\u00f1a nehmen wir die Calle la Ferrer\u00eda bis zum Muelle\n          Park, den wir links abbiegen; hinter dem Kreisverkehr mit\n          Wasserfont\u00e4ne nehmen wir die Fu\u00dfg\u00e4ngerzone Calle Estaci\u00f3n bis zur\n          alten Kirche von Sabugo. An dieser Kirche gehen wir links vorbei und\n          am Ende wir im Zickzack nach links und rechts, um in die Avenida de\n          Germania, die uns aus der Stadt herausf\u00fchrt. Diese Allee f\u00fchrt weiter\n          auf eine stetig ansteigende Gemeindestra\u00dfe. Wir erreichen das\n          Wohngebiet Campo del Conde erreichen, nehmen wir die Stra\u00dfe nach\n          rechts in Richtung der Stadt Salinas. Wir beenden den Abstieg auf\n          einem Feldweg, der links abzweigt. Wir \u00fcberqueren die Nationalstra\u00dfe\n          N-632 und \u00fcberqueren auf der Avenida Ra\u00edces Avenida Ra\u00edces \u00fcberqueren\n          wir den gleichnamigen Fluss und nehmen die Doctor Fleming Stra\u00dfe nach\n          links bis zum Ende.\n        <\/p>\n        <a class=\"town-link\" href=\"https:\/\/www.pilgrim.es\/de\/weg-im-norden\/aviles\/\">\n          <div class=\"town-link__link-content\">\n            <div class=\"town-link__link-content__text\">\n              <p>Information Local<\/p>\n              <p>\n                Polizei, medizinische Versorgung, Sehensw\u00fcrdigkeiten,\n                Restaurants&#8230;\n              <\/p>\n            <\/div>\n            <div class=\"town-link__link-content__town-btn\">\n              <i class=\"icon-arrow\"><\/i>\n            <\/div>\n          <\/div>\n        <\/a>\n      <\/div>\n      <hr \/>\n      <div>\n        <h4>Km 5,4 &#8231; Salinas<\/h4>\n        <p>\n          Wir \u00fcberqueren die Calle Niconar Pi\u00f1ola und gehen in der gleichen\n          Richtung wir die Stra\u00dfe Ram\u00f3n y Cajal und biegen am Ende dieser Stra\u00dfe\n          biegen wir links in die Stra\u00dfe Pr\u00edncipe de Asturias und nach 70 Metern\n          biegen wir in einem Winkel von mehr als 90 Grad nach rechts in die\n          Calle Torner ein, die weiter Avenida San Mart\u00edn bergauf f\u00fchrt. Danach\n          biegen wir links in einen einen unbefestigten Weg und fahren weiter\n          durch die Stra\u00dfen des Dorfes El Cueto. Wir kommen an der Kirche San\n          Mart\u00edn de Laspra vorbei.\n        <\/p>\n      <\/div>\n      <hr \/>\n      <div>\n        <h4>Km 6,9 &#8231; San Mart\u00edn de Laspra<\/h4>\n        <p>\n          Wir fahren stetig bergab und durchqueren dabei den Stadtteil\n          Casta\u00f1alona. Wir \u00fcberqueren die Stra\u00dfe nach Piedras Blancas, einer\n          Stadt die wir auf der linken Seite sehen werden. Wir fahren weiter in\n          dieselbe Richtung, Wir durchqueren den Weiler El Villar und biegen\n          rechts auf einen gepflasterten Weg bergauf.\n        <\/p>\n        <p>\n          Bei dem Dorf El Muro kommen wir auf eine lokale Stra\u00dfe und folgen wir\n          folgen ihr nach links. Ab hier beginnt eine lange Strecke mit bequemen\n          unbefestigten und gepflasterten Wegen, die sich durch eine l\u00e4ndliche\n          und bewaldete Umgebung schl\u00e4ngeln. bewaldete Umgebung. Schlie\u00dflich\n          f\u00fchrt uns eine bergab f\u00fchrende Schotterstra\u00dfe zum n\u00e4chsten Dorf:\n          Santiago del Monte.\n        <\/p>\n      <\/div>\n      <hr \/>\n      <div>\n        <h4>Km 12,7 &#8231; Santiago del Monte<\/h4>\n        <p>\n          Wir \u00fcberqueren die Stra\u00dfe CT-1, klettern an der sch\u00f6nen Kirche von\n          Santiago del Monte und \u00fcberqueren kurz darauf die Stra\u00dfe die\n          Nationalstra\u00dfe N-643 und biegen in die Landstra\u00dfe Richtung La Arena\n          und Ran\u00f3n (AS-318).\n        <\/p>\n        <p>\n          Unten \u00fcberqueren wir dann die Autobahn A-81. Nach 500 Metern biegen\n          wir links in einen Waldweg ein; hier beginnt ein langer langen\n          Waldweges mit einer ersten kurzen Steigung und einer zweiten langen\n          Abfahrt. Zweiter langer Abstieg. Am Ende \u00fcberqueren wir die AS-318, um\n          nach El Castillo aufzusteigen, benannt nach der Burg von San Mart\u00edn.\n          Wir folgen einer angenehmen Asphaltstra\u00dfe mit Blick auf die Burg und\n          die M\u00fcndung des Nal\u00f3n erreichen wir den gro\u00dfen gro\u00dfen Kreisverkehr am\n          Rande von Soto del Barco.\n        <\/p>\n      <\/div>\n      <hr \/>\n      <div>\n        <h4>Km 19 &#8231; Soto del Barco<\/h4>\n        <p>\n          Am Kreisverkehr biegen wir rechts in die Calle de la Magdalena ab.\n          Dies ist die alte Nationalstra\u00dfe, auf der wir hinunterfahren bis zur\n          Br\u00fccke \u00fcber die Flussm\u00fcndung der neuen Nationalstra\u00dfe.\n        <\/p>\n        <p>\n          Wir \u00fcberqueren die Flussm\u00fcndung des Nal\u00f3n auf der Br\u00fccke der\n          Nationalstra\u00dfe N-632. Dann geht es ein weiteres St\u00fcck am Ufer der\n          Nationalstra\u00dfe entlang Nationalstra\u00dfe. Wir verlassen die\n          Nationalstra\u00dfe und biegen links auf einen links auf einen Feldweg, der\n          steil ansteigt. Wir erreichen kurz zu einer Stra\u00dfe, durchqueren das\n          Era-Viertel, erreichen erreichen wieder die Nationalstra\u00dfe N-632,\n          fahren nur 70 Meter auf ihr und nehmen wir rechts einen kleinen\n          Grasweg; wir \u00fcberqueren \u00fcberqueren wir eine kleine Stra\u00dfe und steigen\n          durch enge Gassen hinauf zum Zentrum von Muros de Nal\u00f3n.\n        <\/p>\n      <\/div>\n      <hr \/>\n      <div>\n        <h4>Km 23,2 &#8231; Muros de Nal\u00f3n<\/h4>\n        <a class=\"town-link\" href=\"https:\/\/www.pilgrim.es\/de\/weg-im-norden\/muros-de-nalon\/\">\n          <div class=\"town-link__link-content\">\n            <div class=\"town-link__link-content__text\">\n              <p>Information Local<\/p>\n              <p>\n                Polizei, medizinische Versorgung, Sehensw\u00fcrdigkeiten,\n                Restaurants&#8230;\n              <\/p>\n            <\/div>\n            <div class=\"town-link__link-content__town-btn\">\n              <i class=\"icon-arrow\"><\/i>\n            <\/div>\n          <\/div>\n        <\/a>\n      <\/div>\n    <\/div>\n    <div id=\"locationsSection\">\n      <h2 class=\"p-h2-stage\">Ortschaften<\/h2>\n      <hr \/>\n      <h3 class=\"p-h3\">St\u00e4dte<\/h3>\n      <div class=\"grid-container\">\n        <div class=\"p-group card-stage p-max-w-full\">\n          <a class=\"town-card\" href=\"https:\/\/www.pilgrim.es\/de\/weg-im-norden\/gijon\/\">\n            <div class=\"card-stage__header\">\n              <img decoding=\"async\"\n                alt=\"Avil\u00e9s\"\n                class=\"group-hover:p-scale-110\"\n                src=\"https:\/\/cdn.pilgrim.es\/web\/caminos\/camino-norte\/pueblos\/aviles.jpg\"\n              \/>\n              <div class=\"card-overlay group-hover:p-opacity-50\"><\/div>\n            <\/div>\n            <div class=\"town-card__flex-container\">\n              <div class=\"town-card__flex-container__info\">\n                <h3>Avil\u00e9s<\/h3>\n                <p>Provinz: Asturias<\/p>\n              <\/div>\n              <div class=\"town-card__flex-container__btn\">\n                <i class=\"icon-arrow\"><\/i>\n              <\/div>\n            <\/div>\n          <\/a>\n        <\/div>\n        <div class=\"p-group card-stage p-max-w-full\">\n          <a class=\"town-card\" href=\"https:\/\/www.pilgrim.es\/de\/weg-im-norden\/muros-de-nalon\/\">\n            <div class=\"card-stage__header\">\n              <img decoding=\"async\"\n                alt=\"Muros de nalon\"\n                class=\"group-hover:p-scale-110\"\n                src=\"https:\/\/cdn.pilgrim.es\/web\/caminos\/camino-norte\/pueblos\/muros-de-nalon.jpg\"\n              \/>\n              <div class=\"card-overlay group-hover:p-opacity-50\"><\/div>\n            <\/div>\n            <div class=\"town-card__flex-container\">\n              <div class=\"town-card__flex-container__info\">\n                <h3>Muros de Nal\u00f3n<\/h3>\n                <p>Provinz: Asturias<\/p>\n              <\/div>\n              <div class=\"town-card__flex-container__btn\">\n                <i class=\"icon-arrow\"><\/i>\n              <\/div>\n            <\/div>\n          <\/a>\n        <\/div>\n      <\/div>\n    <\/div>\n    <hr class=\"single-bar\" \/>\n  <\/div>\n<\/section>\n<section id=\"stageChange\">\n  <div>\n    <a class=\"change-btn\" href=\"https:\/\/www.pilgrim.es\/de\/weg-im-norden\/etappe-21-gijon-aviles\/\">\n      <div class=\"change-btn\">\n        <div class=\"btn-arrow previous\">\n          <i class=\"icon-arrow\"><\/i>\n        <\/div>\n        <div class=\"change-btn__info\">\n          <div>Etappe 21<\/div>\n          <p>Gij\u00f3n &#10095;<br \/>Avil\u00e9s<\/p>\n        <\/div>\n      <\/div>\n    <\/a>\n    <a\n      class=\"change-btn\"\n      href=\"https:\/\/www.pilgrim.es\/de\/weg-im-norden\/etappe-23-muros-de-nalon-soto-de-luina\/\"\n    >\n      <div class=\"change-btn__info\">\n        <div>Etappe 23<\/div>\n        <p>Muros de Nal\u00f3n &#10095;<br \/>Soto de Lui\u00f1a<\/p>\n      <\/div>\n      <div class=\"btn-arrow\">\n        <i class=\"icon-arrow\"><\/i>\n      <\/div>\n    <\/a>\n  <\/div>\n<\/section>\n\n\n\n\n<p><\/p>\n","protected":false},"excerpt":{"rendered":"<p>Weg im Norden &#8231; Etappe 22 zu Fu\u00df 35 etappes \/ 824 kms Avil\u00e9s\u276d Muros de Nal\u00f3n 23,2 Km &#10094; Etappe 21 Etappe 23 &#10095; Information Etappenprofil Reiseplan Ortschaften Information Information su questa tappa Diese Etappe hat wenig mit der vorherigen zu tun. Wir k\u00f6nnten sie sogar als \u201eBeinbrecher\u201c bezeichnen, da wir uns in vielen &hellip; <\/p>\n<p class=\"read_more\"><a href=\"https:\/\/www.pilgrim.es\/de\/weg-im-norden\/etappe-22-aviles-muros-de-nalon\/\">Leer m\u00e1s<\/a><\/p>\n","protected":false},"author":4,"featured_media":11660,"parent":10670,"menu_order":0,"comment_status":"closed","ping_status":"closed","template":"views\/template-new-web-design.blade.php","meta":{"footnotes":""},"categories":[],"tags":[],"class_list":["post-17083","page","type-page","status-publish","has-post-thumbnail","hentry"],"yoast_head":"<!-- This site is optimized with the Yoast SEO plugin v27.4 - https:\/\/yoast.com\/product\/yoast-seo-wordpress\/ -->\n<title>Camino del Norte desde Avil\u00e9s a Muros de Nal\u00f3n | Camino de Santiago | Pilgrim<\/title>\n<meta name=\"description\" content=\"Weg im Norden: Etappe 21 des Jakobsweges, der zwischen Avil\u00e9s und Muros de Nal\u00f3n verl\u00e4uft. Entdecken Sie alle Informationen und planen Sie Ihre Etappe.\" \/>\n<meta name=\"robots\" content=\"index, follow, max-snippet:-1, max-image-preview:large, max-video-preview:-1\" \/>\n<link rel=\"canonical\" href=\"https:\/\/www.pilgrim.es\/de\/weg-im-norden\/etappe-22-aviles-muros-de-nalon\/\" \/>\n<meta property=\"og:locale\" content=\"de_DE\" \/>\n<meta property=\"og:type\" content=\"article\" \/>\n<meta property=\"og:title\" content=\"Camino del Norte desde Avil\u00e9s a Muros de Nal\u00f3n | Camino de Santiago | Pilgrim\" \/>\n<meta property=\"og:description\" content=\"Weg im Norden: Etappe 21 des Jakobsweges, der zwischen Avil\u00e9s und Muros de Nal\u00f3n verl\u00e4uft. Entdecken Sie alle Informationen und planen Sie Ihre Etappe.\" \/>\n<meta property=\"og:url\" content=\"https:\/\/www.pilgrim.es\/de\/weg-im-norden\/etappe-22-aviles-muros-de-nalon\/\" \/>\n<meta property=\"og:site_name\" content=\"Pilgrim\" \/>\n<meta property=\"article:publisher\" content=\"https:\/\/www.facebook.com\/pilgrim.es\/\" \/>\n<meta property=\"article:modified_time\" content=\"2025-04-24T11:40:22+00:00\" \/>\n<meta property=\"og:image\" content=\"https:\/\/www.pilgrim.es\/wp-content\/uploads\/2019\/02\/camino_norte_etapa_21.jpg\" \/>\n\t<meta property=\"og:image:width\" content=\"1631\" \/>\n\t<meta property=\"og:image:height\" content=\"552\" \/>\n\t<meta property=\"og:image:type\" content=\"image\/jpeg\" \/>\n<meta name=\"twitter:card\" content=\"summary_large_image\" \/>\n<meta name=\"twitter:site\" content=\"@pilgrim_es\" \/>\n<meta name=\"twitter:label1\" content=\"Gesch\u00e4tzte Lesezeit\" \/>\n\t<meta name=\"twitter:data1\" content=\"4\u00a0Minuten\" \/>\n<script type=\"application\/ld+json\" class=\"yoast-schema-graph\">{\"@context\":\"https:\\\/\\\/schema.org\",\"@graph\":[{\"@type\":\"WebPage\",\"@id\":\"https:\\\/\\\/www.pilgrim.es\\\/de\\\/weg-im-norden\\\/etappe-22-aviles-muros-de-nalon\\\/\",\"url\":\"https:\\\/\\\/www.pilgrim.es\\\/de\\\/weg-im-norden\\\/etappe-22-aviles-muros-de-nalon\\\/\",\"name\":\"Camino del Norte desde Avil\u00e9s a Muros de Nal\u00f3n | Camino de Santiago | Pilgrim\",\"isPartOf\":{\"@id\":\"https:\\\/\\\/www.pilgrim.es\\\/de\\\/#website\"},\"primaryImageOfPage\":{\"@id\":\"https:\\\/\\\/www.pilgrim.es\\\/de\\\/weg-im-norden\\\/etappe-22-aviles-muros-de-nalon\\\/#primaryimage\"},\"image\":{\"@id\":\"https:\\\/\\\/www.pilgrim.es\\\/de\\\/weg-im-norden\\\/etappe-22-aviles-muros-de-nalon\\\/#primaryimage\"},\"thumbnailUrl\":\"https:\\\/\\\/www.pilgrim.es\\\/wp-content\\\/uploads\\\/2019\\\/02\\\/camino_norte_etapa_21.jpg\",\"datePublished\":\"2019-04-04T15:09:00+00:00\",\"dateModified\":\"2025-04-24T11:40:22+00:00\",\"description\":\"Weg im Norden: Etappe 21 des Jakobsweges, der zwischen Avil\u00e9s und Muros de Nal\u00f3n verl\u00e4uft. Entdecken Sie alle Informationen und planen Sie Ihre Etappe.\",\"breadcrumb\":{\"@id\":\"https:\\\/\\\/www.pilgrim.es\\\/de\\\/weg-im-norden\\\/etappe-22-aviles-muros-de-nalon\\\/#breadcrumb\"},\"inLanguage\":\"de\",\"potentialAction\":[{\"@type\":\"ReadAction\",\"target\":[\"https:\\\/\\\/www.pilgrim.es\\\/de\\\/weg-im-norden\\\/etappe-22-aviles-muros-de-nalon\\\/\"]}]},{\"@type\":\"ImageObject\",\"inLanguage\":\"de\",\"@id\":\"https:\\\/\\\/www.pilgrim.es\\\/de\\\/weg-im-norden\\\/etappe-22-aviles-muros-de-nalon\\\/#primaryimage\",\"url\":\"https:\\\/\\\/www.pilgrim.es\\\/wp-content\\\/uploads\\\/2019\\\/02\\\/camino_norte_etapa_21.jpg\",\"contentUrl\":\"https:\\\/\\\/www.pilgrim.es\\\/wp-content\\\/uploads\\\/2019\\\/02\\\/camino_norte_etapa_21.jpg\",\"width\":1631,\"height\":552,\"caption\":\"Landkarte Etappe 21 Weg im Norden\"},{\"@type\":\"BreadcrumbList\",\"@id\":\"https:\\\/\\\/www.pilgrim.es\\\/de\\\/weg-im-norden\\\/etappe-22-aviles-muros-de-nalon\\\/#breadcrumb\",\"itemListElement\":[{\"@type\":\"ListItem\",\"position\":1,\"name\":\"Camino de Santiago\",\"item\":\"https:\\\/\\\/www.pilgrim.es\\\/de\\\/\"},{\"@type\":\"ListItem\",\"position\":2,\"name\":\"Weg im Norden\",\"item\":\"https:\\\/\\\/www.pilgrim.es\\\/de\\\/weg-im-norden\\\/\"},{\"@type\":\"ListItem\",\"position\":3,\"name\":\"Weg im Norden | Etappe 22: Avil\u00e9s &#8211; Muros de Nal\u00f3n\"}]},{\"@type\":\"WebSite\",\"@id\":\"https:\\\/\\\/www.pilgrim.es\\\/de\\\/#website\",\"url\":\"https:\\\/\\\/www.pilgrim.es\\\/de\\\/\",\"name\":\"Pilgrim\",\"description\":\"Camino de Santiago | Caminamos Contigo\",\"publisher\":{\"@id\":\"https:\\\/\\\/www.pilgrim.es\\\/de\\\/#organization\"},\"potentialAction\":[{\"@type\":\"SearchAction\",\"target\":{\"@type\":\"EntryPoint\",\"urlTemplate\":\"https:\\\/\\\/www.pilgrim.es\\\/de\\\/?s={search_term_string}\"},\"query-input\":{\"@type\":\"PropertyValueSpecification\",\"valueRequired\":true,\"valueName\":\"search_term_string\"}}],\"inLanguage\":\"de\"},{\"@type\":\"Organization\",\"@id\":\"https:\\\/\\\/www.pilgrim.es\\\/de\\\/#organization\",\"name\":\"Pilgrim Camino de Santiago\",\"url\":\"https:\\\/\\\/www.pilgrim.es\\\/de\\\/\",\"logo\":{\"@type\":\"ImageObject\",\"inLanguage\":\"de\",\"@id\":\"https:\\\/\\\/www.pilgrim.es\\\/de\\\/#\\\/schema\\\/logo\\\/image\\\/\",\"url\":\"https:\\\/\\\/www.pilgrim.es\\\/wp-content\\\/uploads\\\/2019\\\/04\\\/logo_pilgrim.png\",\"contentUrl\":\"https:\\\/\\\/www.pilgrim.es\\\/wp-content\\\/uploads\\\/2019\\\/04\\\/logo_pilgrim.png\",\"width\":512,\"height\":512,\"caption\":\"Pilgrim Camino de Santiago\"},\"image\":{\"@id\":\"https:\\\/\\\/www.pilgrim.es\\\/de\\\/#\\\/schema\\\/logo\\\/image\\\/\"},\"sameAs\":[\"https:\\\/\\\/www.facebook.com\\\/pilgrim.es\\\/\",\"https:\\\/\\\/x.com\\\/pilgrim_es\",\"https:\\\/\\\/www.instagram.com\\\/pilgrim.es\\\/\",\"https:\\\/\\\/www.linkedin.com\\\/company\\\/pilgrim-camino-de-santiago\\\/\",\"https:\\\/\\\/www.pinterest.es\\\/pilgrimcaminodesantiago\\\/\",\"https:\\\/\\\/www.youtube.com\\\/channel\\\/UCIv2ZzFLXVqthkNF32rKedw\\\/featured\"]}]}<\/script>\n<!-- \/ Yoast SEO plugin. -->","yoast_head_json":{"title":"Camino del Norte desde Avil\u00e9s a Muros de Nal\u00f3n | Camino de Santiago | Pilgrim","description":"Weg im Norden: Etappe 21 des Jakobsweges, der zwischen Avil\u00e9s und Muros de Nal\u00f3n verl\u00e4uft. Entdecken Sie alle Informationen und planen Sie Ihre Etappe.","robots":{"index":"index","follow":"follow","max-snippet":"max-snippet:-1","max-image-preview":"max-image-preview:large","max-video-preview":"max-video-preview:-1"},"canonical":"https:\/\/www.pilgrim.es\/de\/weg-im-norden\/etappe-22-aviles-muros-de-nalon\/","og_locale":"de_DE","og_type":"article","og_title":"Camino del Norte desde Avil\u00e9s a Muros de Nal\u00f3n | Camino de Santiago | Pilgrim","og_description":"Weg im Norden: Etappe 21 des Jakobsweges, der zwischen Avil\u00e9s und Muros de Nal\u00f3n verl\u00e4uft. Entdecken Sie alle Informationen und planen Sie Ihre Etappe.","og_url":"https:\/\/www.pilgrim.es\/de\/weg-im-norden\/etappe-22-aviles-muros-de-nalon\/","og_site_name":"Pilgrim","article_publisher":"https:\/\/www.facebook.com\/pilgrim.es\/","article_modified_time":"2025-04-24T11:40:22+00:00","og_image":[{"width":1631,"height":552,"url":"https:\/\/www.pilgrim.es\/wp-content\/uploads\/2019\/02\/camino_norte_etapa_21.jpg","type":"image\/jpeg"}],"twitter_card":"summary_large_image","twitter_site":"@pilgrim_es","twitter_misc":{"Gesch\u00e4tzte Lesezeit":"4\u00a0Minuten"},"schema":{"@context":"https:\/\/schema.org","@graph":[{"@type":"WebPage","@id":"https:\/\/www.pilgrim.es\/de\/weg-im-norden\/etappe-22-aviles-muros-de-nalon\/","url":"https:\/\/www.pilgrim.es\/de\/weg-im-norden\/etappe-22-aviles-muros-de-nalon\/","name":"Camino del Norte desde Avil\u00e9s a Muros de Nal\u00f3n | Camino de Santiago | Pilgrim","isPartOf":{"@id":"https:\/\/www.pilgrim.es\/de\/#website"},"primaryImageOfPage":{"@id":"https:\/\/www.pilgrim.es\/de\/weg-im-norden\/etappe-22-aviles-muros-de-nalon\/#primaryimage"},"image":{"@id":"https:\/\/www.pilgrim.es\/de\/weg-im-norden\/etappe-22-aviles-muros-de-nalon\/#primaryimage"},"thumbnailUrl":"https:\/\/www.pilgrim.es\/wp-content\/uploads\/2019\/02\/camino_norte_etapa_21.jpg","datePublished":"2019-04-04T15:09:00+00:00","dateModified":"2025-04-24T11:40:22+00:00","description":"Weg im Norden: Etappe 21 des Jakobsweges, der zwischen Avil\u00e9s und Muros de Nal\u00f3n verl\u00e4uft. Entdecken Sie alle Informationen und planen Sie Ihre Etappe.","breadcrumb":{"@id":"https:\/\/www.pilgrim.es\/de\/weg-im-norden\/etappe-22-aviles-muros-de-nalon\/#breadcrumb"},"inLanguage":"de","potentialAction":[{"@type":"ReadAction","target":["https:\/\/www.pilgrim.es\/de\/weg-im-norden\/etappe-22-aviles-muros-de-nalon\/"]}]},{"@type":"ImageObject","inLanguage":"de","@id":"https:\/\/www.pilgrim.es\/de\/weg-im-norden\/etappe-22-aviles-muros-de-nalon\/#primaryimage","url":"https:\/\/www.pilgrim.es\/wp-content\/uploads\/2019\/02\/camino_norte_etapa_21.jpg","contentUrl":"https:\/\/www.pilgrim.es\/wp-content\/uploads\/2019\/02\/camino_norte_etapa_21.jpg","width":1631,"height":552,"caption":"Landkarte Etappe 21 Weg im Norden"},{"@type":"BreadcrumbList","@id":"https:\/\/www.pilgrim.es\/de\/weg-im-norden\/etappe-22-aviles-muros-de-nalon\/#breadcrumb","itemListElement":[{"@type":"ListItem","position":1,"name":"Camino de Santiago","item":"https:\/\/www.pilgrim.es\/de\/"},{"@type":"ListItem","position":2,"name":"Weg im Norden","item":"https:\/\/www.pilgrim.es\/de\/weg-im-norden\/"},{"@type":"ListItem","position":3,"name":"Weg im Norden | Etappe 22: Avil\u00e9s &#8211; Muros de Nal\u00f3n"}]},{"@type":"WebSite","@id":"https:\/\/www.pilgrim.es\/de\/#website","url":"https:\/\/www.pilgrim.es\/de\/","name":"Pilgrim","description":"Camino de Santiago | Caminamos Contigo","publisher":{"@id":"https:\/\/www.pilgrim.es\/de\/#organization"},"potentialAction":[{"@type":"SearchAction","target":{"@type":"EntryPoint","urlTemplate":"https:\/\/www.pilgrim.es\/de\/?s={search_term_string}"},"query-input":{"@type":"PropertyValueSpecification","valueRequired":true,"valueName":"search_term_string"}}],"inLanguage":"de"},{"@type":"Organization","@id":"https:\/\/www.pilgrim.es\/de\/#organization","name":"Pilgrim Camino de Santiago","url":"https:\/\/www.pilgrim.es\/de\/","logo":{"@type":"ImageObject","inLanguage":"de","@id":"https:\/\/www.pilgrim.es\/de\/#\/schema\/logo\/image\/","url":"https:\/\/www.pilgrim.es\/wp-content\/uploads\/2019\/04\/logo_pilgrim.png","contentUrl":"https:\/\/www.pilgrim.es\/wp-content\/uploads\/2019\/04\/logo_pilgrim.png","width":512,"height":512,"caption":"Pilgrim Camino de Santiago"},"image":{"@id":"https:\/\/www.pilgrim.es\/de\/#\/schema\/logo\/image\/"},"sameAs":["https:\/\/www.facebook.com\/pilgrim.es\/","https:\/\/x.com\/pilgrim_es","https:\/\/www.instagram.com\/pilgrim.es\/","https:\/\/www.linkedin.com\/company\/pilgrim-camino-de-santiago\/","https:\/\/www.pinterest.es\/pilgrimcaminodesantiago\/","https:\/\/www.youtube.com\/channel\/UCIv2ZzFLXVqthkNF32rKedw\/featured"]}]}},"_links":{"self":[{"href":"https:\/\/www.pilgrim.es\/de\/wp-json\/wp\/v2\/pages\/17083","targetHints":{"allow":["GET"]}}],"collection":[{"href":"https:\/\/www.pilgrim.es\/de\/wp-json\/wp\/v2\/pages"}],"about":[{"href":"https:\/\/www.pilgrim.es\/de\/wp-json\/wp\/v2\/types\/page"}],"author":[{"embeddable":true,"href":"https:\/\/www.pilgrim.es\/de\/wp-json\/wp\/v2\/users\/4"}],"replies":[{"embeddable":true,"href":"https:\/\/www.pilgrim.es\/de\/wp-json\/wp\/v2\/comments?post=17083"}],"version-history":[{"count":22,"href":"https:\/\/www.pilgrim.es\/de\/wp-json\/wp\/v2\/pages\/17083\/revisions"}],"predecessor-version":[{"id":129450,"href":"https:\/\/www.pilgrim.es\/de\/wp-json\/wp\/v2\/pages\/17083\/revisions\/129450"}],"up":[{"embeddable":true,"href":"https:\/\/www.pilgrim.es\/de\/wp-json\/wp\/v2\/pages\/10670"}],"wp:featuredmedia":[{"embeddable":true,"href":"https:\/\/www.pilgrim.es\/de\/wp-json\/wp\/v2\/media\/11660"}],"wp:attachment":[{"href":"https:\/\/www.pilgrim.es\/de\/wp-json\/wp\/v2\/media?parent=17083"}],"wp:term":[{"taxonomy":"category","embeddable":true,"href":"https:\/\/www.pilgrim.es\/de\/wp-json\/wp\/v2\/categories?post=17083"},{"taxonomy":"post_tag","embeddable":true,"href":"https:\/\/www.pilgrim.es\/de\/wp-json\/wp\/v2\/tags?post=17083"}],"curies":[{"name":"wp","href":"https:\/\/api.w.org\/{rel}","templated":true}]}}