{"id":14747,"date":"2019-03-25T18:32:17","date_gmt":"2019-03-25T18:32:17","guid":{"rendered":"https:\/\/desarrollo.pilgrim.es\/weg-im-norden\/etappe-11-laredo-guemes\/"},"modified":"2025-04-14T14:07:20","modified_gmt":"2025-04-14T14:07:20","slug":"etappe-11-laredo-guemes","status":"publish","type":"page","link":"https:\/\/www.pilgrim.es\/de\/weg-im-norden\/etappe-11-laredo-guemes\/","title":{"rendered":"Weg im Norden | Etappe 11: Laredo &#8211; G\u00fcemes"},"content":{"rendered":" <section id=\"heroStage\">\n  <h1>Weg im Norden: Etappe 11<\/h1>\n  <div>\n    <div class=\"hero\" data-background=\"https:\/\/cdn.pilgrim.es\/web\/caminos\/camino-norte\/pueblos\/laredo.jpg\">\n      <div class=\"hero__container\">\n        <div class=\"hero__container__labels\">\n          <p>Walk<\/p>\n          <p>35 Etappe \/ 804 Kms<\/p>\n        <\/div>\n        <div class=\"hero__container__stage-name\">\n          <h2>\n            Laredo <br \/>\n            <span>&#10093;<\/span>\n            G\u00fcemes\n          <\/h2>\n          <p>28.7 Km<\/p>\n        <\/div>\n        <div class=\"hero__container__stage-changer\">\n            <div class=\"stage-control\">\n              <a class=\"stage-control__link\" href=\"\/de\/weg-im-norden\/etappe-10-castro-urdiales-laredo\/\"><span>&#10094;<\/span> Etappe 10<\/a>\n            <\/div>\n          <div class=\"stage-control\">\n            <a class=\"stage-control__link\" href=\"\/de\/weg-im-norden\/etappe-12-guemes-santander\/\">Etappe 12 <span>&#10095;<\/span><\/a>\n          <\/div>\n        <\/div>\n      <\/div>\n    <\/div>\n    <div class=\"planner\"><div\r\n  class=\"p-col-span-1 p-rounded-lg p-px-5 p-h-full\"\r\n  style=\"background-image: url('https:\/\/cdn.pilgrim.es\/web\/pilgrim-planner\/bg-plugin-planificador.webp')\"\r\n  rel=\"preload\"\r\n  fetchpriority=\"high\"\r\n  >\r\n    <div class=\"p-text-center p-pt-5 p-text-white p-text-2xl p-font-semibold\">\r\n      Plane deinen Weg    <\/div>\r\n    <div\r\n            id='primary-app'\r\n            data-name='banner'\r\n            data-api='https:\/\/pathfinder.pilgrim.es\/api\/pathfinder\/v2'\r\n            data-mode='normal'\r\n            data-lang='de'\r\n            data-route='1'\r\n            data-destiny='https:\/\/planificador.pilgrim.es'\r\n            data-modality='1'\r\n            data-inline=''\r\n        ><\/div><\/div><\/div>\n  <\/div>\n<\/section>\n\n<section id=\"scoreBarsStage\">\n  <section>\r\n  <div class=\"p-flex p-flex-nowrap p-space-x-4 p-py-5 p-overflow-x-auto md:p-grid md:p-grid-cols-3 lg:p-grid-cols-5 md:p-gap-8 md:p-space-x-0 md:p-overflow-hidden scrollbar-thin\">\r\n    <div class=\"p-grid p-grid-cols-4 p-shrink-0 p-w-72 p-snap-start md:p-w-full\">\r\n        <div class=\"p-col-span-1 p-self-center p-text-center p-text-3xl\">\r\n            <i class=\"icon-influx\"><\/i>\r\n        <\/div>\r\n        <div class=\"p-col-span-3 p-flex p-flex-col p-items-start\">\r\n            <div class=\"p-text-start p-text-secondary p-mb-1 p-bold\"> Zustrom <\/div>\r\n            <div class=\"p-w-full p-bg-light p-rounded-full p-h-2 p-relative\">\r\n                <div class=\"p-bg-primary p-h-2 p-rounded-full p-absolute\" style=\"width: 60%;\"><\/div>\r\n            <\/div>\r\n        <\/div>\r\n    <\/div>\r\n\r\n    <div class=\"p-grid p-grid-cols-4 p-shrink-0 p-w-72 p-snap-start md:p-w-full\">\r\n        <div class=\"p-col-span-1 p-self-center p-text-center p-text-3xl\">\r\n            <i class=\"icon-difficulty\"><\/i>\r\n        <\/div>\r\n        <div class=\"p-col-span-3 p-flex p-flex-col p-items-start\">\r\n            <div class=\"p-text-start p-text-secondary p-mb-1 p-bold\"> Schwierigkeitsgrad <\/div>\r\n            <div class=\"p-w-full p-bg-light p-rounded-full p-h-2 p-relative\">\r\n                <div class=\"p-bg-primary p-h-2 p-rounded-full p-absolute\" style=\"width: 40%;\"><\/div>\r\n            <\/div>\r\n        <\/div>\r\n    <\/div>\r\n\r\n    <div class=\"p-grid p-grid-cols-4 p-shrink-0 p-w-72 p-snap-start md:p-w-full\">\r\n        <div class=\"p-col-span-1 p-self-center p-text-center p-text-3xl\">\r\n            <i class=\"icon-patrimony\"><\/i>\r\n        <\/div>\r\n        <div class=\"p-col-span-3 p-flex p-flex-col p-items-start\">\r\n            <div class=\"p-text-start p-text-secondary p-mb-1 p-bold\"> Kunst\/Geschichte <\/div>\r\n            <div class=\"p-w-full p-bg-light p-rounded-full p-h-2 p-relative\">\r\n                <div class=\"p-bg-primary p-h-2 p-rounded-full p-absolute\" style=\"width: 20%;\"><\/div>\r\n            <\/div>\r\n        <\/div>\r\n    <\/div>\r\n\r\n    <div class=\"p-grid p-grid-cols-4 p-shrink-0 p-w-72 p-snap-start md:p-w-full\">\r\n        <div class=\"p-col-span-1 p-self-center p-text-center p-text-3xl\">\r\n            <i class=\"icon-nature\"><\/i>\r\n        <\/div>\r\n        <div class=\"p-col-span-3 p-flex p-flex-col p-items-start\">\r\n            <div class=\"p-text-start p-text-secondary p-mb-1 p-bold\"> Natur <\/div>\r\n            <div class=\"p-w-full p-bg-light p-rounded-full p-h-2 p-relative\">\r\n                <div class=\"p-bg-primary p-h-2 p-rounded-full p-absolute\" style=\"width: 60%;\"><\/div>\r\n            <\/div>\r\n        <\/div>\r\n    <\/div>\r\n\r\n    <div class=\"p-grid p-grid-cols-4 p-shrink-0 p-w-72 p-snap-start md:p-w-full\">\r\n        <div class=\"p-col-span-1 p-self-center p-text-center p-text-3xl\">\r\n            <i class=\"icon-urban\"><\/i>\r\n        <\/div>\r\n        <div class=\"p-col-span-3 p-flex p-flex-col p-items-start\">\r\n            <div class=\"p-text-start p-text-secondary p-mb-1 p-bold\"> St\u00e4dtischer Weg <\/div>\r\n            <div class=\"p-w-full p-bg-light p-rounded-full p-h-2 p-relative\">\r\n                <div class=\"p-bg-primary p-h-2 p-rounded-full p-absolute\" style=\"width: 20%;\"><\/div>\r\n            <\/div>\r\n        <\/div>\r\n    <\/div>\r\n  <\/div>\r\n<\/section>\n<\/section>\n\n<div id=\"stage-list-section\"><div class=\"stage-list\">\n    <div class='stage-list__map-card'>\n        <div class='stage-list__map-card__map'>\n            <div class='stage-list__map-card__map__text'>\n                <h2> Pages <\/h2>\n                <p> Zu Fu\u00df<\/p>\n                <p> 0etappen<\/p>\n            <\/div>\n            <div class='stage-list__map-card__map__img'>\n                <img decoding=\"async\" src=\"\" alt=\" mapa \" \/>\n            <\/div>\n        <\/div>\n    <\/div>\n\n    <\/div>\n<\/div>\n\n<section id=\"navStage\">\n  <div>\n    <nav id=\"tab-navigation-section\" class=\"tab-navigation-section--cols-5\">\n      <a href=\"#infoSection\" class=\"active\">Information<\/a>\n       <a href=\"#profileSection\">Profil<\/a>\n       <a href=\"#itinerarySection\">Route<\/a>\n       <a href=\"#locationsSection\">Ortschaften<\/a>\n    <\/nav>\n\n    <div id=\"infoSection\">\n      <!-- Title Section with Orange Line -->\n      <div>\n        <h2 class=\"p-h2-stage\">Information<\/h2>\n        <hr class=\"orange-bar\" \/>\n        <h3 class=\"p-h3-stage\">\u00dcber diese Etappe<\/h3>\n      <\/div>\n\n      \n        <p>F\u00fcr alle, die diese Bootsfahrt genie\u00dfen k\u00f6nnen, ist das \u00dcberqueren der Flussm\u00fcndung nach Santo\u00f1a ein einzigartiges Erlebnis mit spektakul\u00e4rer Aussicht. Diejenigen, die im Winter reisen, m\u00fcssen von der Innlands- Route abweichen oder diese Strecke in einem \u00f6ffentlichen oder privaten Verkehrsmittel zur\u00fccklegen. Jede der beiden Alternativen f\u00fchrt jedoch durch wundersch\u00f6ne von den S\u00fcmpfen von Santo\u00f1a und Noja umgebenen Orte, die tausend Geschichten zu erz\u00e4hlen haben.<\/p>\n      \n\n      <div class=\"recomendation-card\">\n        <div>\n          <i class=\"icon-logo-pilgrim\"><\/i>\n          <h5>Empfehlung Pilgrim<\/h5>\n        <\/div>\n\n        \n          <p>Wenn wir im Winter reisen, k\u00f6nnen wir entweder direkt mit dem Bus von Laredo nach Santo\u00f1a fahren oder die Innland- Variante des Weges w\u00e4hlen. Diese verl\u00e4uft \u00fcber Colindres, Ort, den wir \u00fcber die Nationalstra\u00dfe von Laredo erreichen. Der n\u00e4chste Gemeindebezirk, in den wir kommen, ist Treto; unter den gleichen Bedingungen wie im vorherigen Abschnitt. Beim Verlassen der Ortschaft, m\u00fcssen wir Acht geben, denn auf demselben Weg m\u00fcssen wir einige Meter weiter eine Abzweigung nehmen, konkret in Richtung Santo\u00f1a. Nur dreihundert Meter weiter biegen wir wieder nach links in Richtung des &#8222;Cicero&#8220;- Viertels ab. Wir kommen an die &#8222;San Pelayo&#8220;- Pfarrkirche aus dem XVII. Jahrhundert, die auf einem ehemaligen Kloster des XI. Jahrhunderts erbaut wurde; und nehmen einen asphaltierten Weg, der in einen erdigen Pfad parallel zur Schnellstra\u00dfe \u00fcbergeht. Am Ende des Pfades gelangen wir an den Palast und die Kapelle von Rugama im &#8222;Bodega&#8220;- Viertel. Diese Konstruktion aus dem XVIII. Jahrhundert, die zum historischen Kulturdenkmal erkl\u00e4rt wurde, ist heute Privateigentum. Wir wandern weiter auf erdigen Wegen und erreichen so Gama, und sp\u00e4ter Escalante; zwei sehr nahe beieinander liegende D\u00f6rfer. Wenn wir in dieser Ortschaft ankommen, k\u00f6nnen wir \u00fcber Asphalt bis Noja weiterwandern oder von dieser selben Stra\u00dfe aus rechts in Richtung der &#8222;Santa Cruz&#8220;- Kirche abbiegen. Dieser Tempel aus dem XVI. Jahrhundert war urspr\u00fcnglich ein Kloster, das mit der Familie von Ceballos und sp\u00e4ter mit der von Guevara verbunden war. Nachdem wir den Tempel besucht haben, wandern wir auf asphaltierten Wegen weiter bis wir die Stra\u00dfe nach Argo\u00f1os erreichen, die uns \u00fcber eine Abzweigung nach links in diese selbe Ortschaft f\u00fchrt. Wenn wir uns f\u00fcr die Stra\u00dfe entschieden haben, m\u00fcssen wir auf der CA-141 weitergehen und sp\u00e4ter auf die Landstra\u00dfe, die nach Noja f\u00fchrt, ausweichen. Wenn wir aber von der &#8222;Santa Cruz&#8220;- Kirche kommen, wandern wir in Richtung K\u00fcste und des &#8222;De Berria&#8220;- Strandes weiter. Bevor wir ihn erreichen, m\u00fcssen wir \u00fcber einen Pfad nach links den &#8222;El Brusco&#8220; heraufsteigen, um schlie\u00dflich den Strand von Noja und sp\u00e4ter den Bev\u00f6lkerungskern dieser Ortschaft zu erreichen.<\/p>\n        \n      <\/div>\n    <\/div>\n\n    <div id=\"profileSection\">\n      <div>\n        <h2 class=\"p-h2-stage\">Entfernung und H\u00f6he<\/h2>\n        <hr class=\"orange-bar\" \/>\n        <h3 class=\"p-h3-stage\">Etappenprofil<\/h3>\n        <img decoding=\"async\" src=\"https:\/\/cdn.pilgrim.es\/web\/caminos\/camino-norte\/etapas\/etapa-11\/etapa11_perfil-laredo-guemes.jpg\" alt=\"Stage profile etappe-11-laredo-guemes\" \/>\n      <\/div>\n    <\/div>\n\n    <div id=\"itinerarySection\">\n      <h2 class=\"p-h2-stage\">Route<\/h2>\n      <hr \/>\n      <h3 class=\"p-h3-stage\">Itinerary<\/h3>\n\n      \n        <div>\n          <h4><\/h4>\n\n          \n            <p>Wir beginnen diese neue Etappe von der &#8222;Plaza de la Constituci\u00f3n&#8220; (Verfassungsplatz) aus, neben dem Sankt Franziskus- Kloster und dem Rathaus. \u00dcber die &#8222;L\u00f3pez- Se\u00f1a&#8220;- Stra\u00dfe erreichen wir in nur wenigen Minuten die Strandpromenade von Salv\u00e9, wo wir bei gutem Wetter die F\u00fc\u00dfe bei einem Spaziergang auf seinem feinen, goldenen Sand ausruhen k\u00f6nnen. Dieser etwas mehr als vier Kilometer lange Strand wird durch den alten Hafen von El Canto und El Puntal am anderen Ende gesch\u00fctzt. Wenn wir im Sommer reisen, ist die beste Option, ein Boot zu nehmen, das uns von El Puntal nach Santo\u00f1a bringt. Dieser Service steht jedoch nur zwischen M\u00e4rz und Dezember zur Verf\u00fcgung, und l\u00e4sst uns au\u00dferhalb dieser Zeitspanne den Bus ab Laredo als Alternative. Oder wir entscheiden uns f\u00fcr die Innland- Route \u00fcber Colindres; etwas l\u00e4nger als der Original-Verlauf, und im Abschnitt &#8222;Vergessen Sie nicht zu beachten&#8220; beschrieben. Nachdem wir die Flussm\u00fcndung \u00fcberquert haben, durchqueren wir die Stadt, von der &#8222;Plaza de la Concordia&#8220; aus, entlang der &#8222;Santander&#8220;- Stra\u00dfe, immer geradeaus.<\/p>\n          \n            <p>Wenn wir den &#8222;San Antonio&#8220;- Platz erreichen, biegen wir in die Stra\u00dfe &#8222;Del Manzanedo&#8220; ein, gehen am n\u00e4chsten Rondell geradeaus und biegen dann in die Stra\u00dfe &#8222;De la Alameda&#8220; ein; mit Blickpunkt auf den &#8222;Berria&#8220;- Strand. In der Antike war Santo\u00f1a praktisch eine Insel, aber nach und nach bildete sich im heutigen Gebiet der S\u00fcmpfe ein Isthmus. Dieses Feuchtgebiet gilt als Naturgebiet von gro\u00dfer Bedeutung, sowohl f\u00fcr die Existenz einer abwechslungsreichen Meeresfauna als auch f\u00fcr die Zugv\u00f6gel aus dem Norden und dem Zentrum des europ\u00e4ischen Kontinents. Weiterhin am Strand entlang, n\u00e4hern wir uns &#8222;El Brusco&#8220;, einem Vorgebirge von fast hundert Metern H\u00f6he, das die Str\u00e4nde &#8222;Berria&#8220; und &#8222;Trengand\u00edn&#8220;, die bereits der Stadt Noja angeh\u00f6ren, in zwei teilt. Wir gelangen in die Stadt \u00fcber den Platz &#8222;De la Villa&#8220;, zu Ehren der Konzession des Titels &#8222;Villa&#8220; von Seiten Felipes IV. Hier befindet sich die Sankt Petrus- Kirche. Dieser Tempel besteht aus einem gro\u00dfen gotischen Turm, der die urspr\u00fcngliche Kapelle des angrenzenden Klosters bewahrt hat. Bereits im Stadtgebiet, \u00fcberqueren wir den Platz und gehen die angrenzende Stra\u00dfe &#8222;De los Cuadrillos&#8220; entlang. Auf dieser Stra\u00dfe biegen wir links ab, und gleich danach rechts in die &#8222;Del Valle&#8220;- Stra\u00dfe . An der n\u00e4chsten Kreuzung biegen wir wieder links ab und sobald wir das Fu\u00dfballfeld erreichen, betreten wir das &#8222;Cabanzo- Viertel. Wir gehen an den folgenden Kreuzungen links und rechts im Zickzack und durchqueren eine Unterf\u00fchrung der CA-147, dem Eingang zum Bev\u00f6lkerungskern von San Pantale\u00f3n in Castillo Siete Villas. Wir durchqueren die Stra\u00dfen der Nachbarschaft und gehen zur\u00fcck zur besagten Landstra\u00dfe; \u00fcberqueren diese und gehen weiter auf dem rechten Randstreifen bis zur ersten Kreuzung, an der wir links abbiegen. Wir gehen an der &#8222;San Pantale\u00f3n&#8220;- Kapelle vorbei und durchqueren die Viertel &#8222;San Juan&#8220;, &#8222;La Pedrosa&#8220; und &#8222;El Castillo&#8220;, das sich durch die Sankt Petrus- Kirche und ihrem Turm auszeichnen, welche zum Kulturgut erkl\u00e4rt wurden.<\/p>\n          \n            <p>Dies ist auch der Punkt an dem wir uns mit den Pilgern, die sich f\u00fcr die Innland- Route entschieden haben, wiedertreffen. Gleich hinter dem Tempel biegen wir rechts ab und ein paar Meter weiter, nach links auf einen Pfad in das &#8222;Monar&#8220;- Viertel, in der Umgegend Meruelos. Vom Tal aus kommen wir an der Kirche von San Miguel vorbei, vorheriger Schritt, um erneut an die Kreisstra\u00dfe zu gelangen. Dieser folgen wir bis zu einer Abzweigung nach links, auf H\u00f6he einer Bushaltestelle. Bereits im &#8222;Solorga&#8220;- Viertel, m\u00fcssen wir den Fluss \u00fcberqueren. Von \u00fcppiger Vegetation umgeben, kommen wir an einer alten M\u00fchle vorbei und atmen wieder die reinste Luft des Waldes. Wir m\u00fcssen Kr\u00e4fte tanken und tief durchatmen, da wir in wenigen Metern nach Bareyo aufsteigen m\u00fcssen. Zwischenzeitig kehren wir auf dem Weg der &#8222;Venera&#8220; zur Kreisstra\u00dfe zur\u00fcck, nachdem wir die kleine &#8222;San Roque&#8220;- Wallfahrtskapelle hinter uns gelassen haben. Wenn wir dem Asphalt folgen, f\u00fchrt der Weg links weiter; wenn wir aber in die entgegengesetzte Richtung weitergehen, finden wir in weniger als zehn Minuten Entfernung die romanische &#8222;Santa Mar\u00eda de Bareyo&#8220;- Kirche, die zum Kulturgut erkl\u00e4rt wurde. Obwohl keine genaue Datierung vorliegt, wird gesch\u00e4tzt, dass ihre Grundmauern zwischen Ende des XII. und Beginn des XIII. Jahrhunderts gesetzt wurden. Bis zum heutigen Tag sind die Apsis, das Presbyterium, das Querschiff und die Struktur \u00fcber der Kuppel erhalten geblieben, was den Lichteinfall in den Tempel erleichtert. Nach diesem kleinen Abstecher gehen wir in Richtung der aufsteigenden Stra\u00dfe zur\u00fcck, an einem Campingplatz vorbei, wo wir endlich den Abstieg beginnen. Wir durchqueren Villanueva, Ortschaft, die bereits G\u00fcemes angeh\u00f6rt, um \u00fcber den &#8222;De la Moraza&#8220;- Weg die Kreisstra\u00dfe zu erreichen und zu \u00fcberqueren. Die &#8222;San Juli\u00e1n&#8220;- Wallfahrtskapelle, romanischen Grundrisses, aber mit einem einzigartigen gotischen Kirchenschiff, war zu Beginn ein Pilger- Krankenhaus und befindet sich im &#8222;El Cagigal&#8220;- Viertel; vorheriger Schritt zum Ende dieser Etappe in G\u00fcemes.<\/p>\n          \n\n          \n        <\/div>\n        <hr \/>\n      \n      <div>\n        <h4>Km 28.7 &#8231; G\u00fcemes<\/h4>\n        <a class=\"town-link\" href=\"https:\/\/www.pilgrim.es\/de\/weg-im-norden\/guemes\/\">\n          <div class=\"town-link__link-content\">\n            <div class=\"town-link__link-content__text\">\n              <p>Lokale Informationen<\/p>\n              <p>Polizei, medizinische Versorgung, Sehensw\u00fcrdigkeiten, Restaurants&#8230;<\/p>\n            <\/div>\n            <div class=\"town-link__link-content__town-btn\">\n              <i class=\"icon-arrow\"><\/i>\n            <\/div>\n          <\/div>\n        <\/a>\n      <\/div>\n    <\/div>\n\n  <div id=\"locationsSection\">\n      <h2 class=\"p-h2-stage\">\u00d6rtlichkeiten<\/h2>\n      <hr \/>\n      <h3 class=\"p-h3-stage\">St\u00e4dte<\/h3>\n      <div class=\"grid-container\">\n\n        <div class=\"p-group card-stage p-max-w-full\">\n          <a href=\"https:\/\/www.pilgrim.es\/de\/weg-im-norden\/laredo\/\" class=\"town-card\">\n            <div class=\"card-stage__header\">\n              <img decoding=\"async\" src=\"https:\/\/cdn.pilgrim.es\/web\/caminos\/camino-norte\/pueblos\/laredo.jpg\" alt=\"Laredo\" class=\"group-hover:p-scale-110\" \/>\n              <div class=\"card-overlay group-hover:p-opacity-50\"><\/div>\n            <\/div>\n            <div class=\"town-card__flex-container\">\n              <div class=\"town-card__flex-container__info\">\n                <h4>Laredo<\/h4>\n                <p>Provincia: Cantabria<\/p>\n              <\/div>\n              <div class=\"town-card__flex-container__btn\">\n                <i class=\"icon-arrow\"><\/i>\n              <\/div>\n            <\/div>\n          <\/a>\n        <\/div>\n        <div class=\"p-group card-stage p-max-w-full\">\n          <a href=\"https:\/\/www.pilgrim.es\/de\/weg-im-norden\/guemes\/\" class=\"town-card\">\n            <div class=\"card-stage__header\">\n              <img decoding=\"async\" src=\"https:\/\/cdn.pilgrim.es\/web\/caminos\/camino-norte\/pueblos\/guemes.jpg\" alt=\"G\u00fcemes\" class=\"group-hover:p-scale-110\" \/>\n              <div class=\"card-overlay group-hover:p-opacity-50\"><\/div>\n            <\/div>\n            <div class=\"town-card__flex-container\">\n              <div class=\"town-card__flex-container__info\">\n                <h4>G\u00fcemes<\/h4>\n                <p>Provincia: Cantabria<\/p>\n              <\/div>\n              <div class=\"town-card__flex-container__btn\">\n                <i class=\"icon-arrow\"><\/i>\n              <\/div>\n            <\/div>\n          <\/a>\n        <\/div>\n      <\/div>\n    <\/div>\n    <hr class=\"single-bar\" \/>\n  <\/div>\n<\/section>\n\n<section id=\"stageChange\">\n  <div>\n    <a href=\"\/de\/weg-im-norden\/etappe-10-castro-urdiales-laredo\/\" class=\"change-btn\">\n    <div class=\"change-btn\">\n      <div class=\"btn-arrow previous\">\n        <i class=\"icon-arrow\"><\/i>\n      <\/div>\n      <div class=\"change-btn__info\">\n        <div>Etappe 10<\/div>\n        <p>\n          Castro Urdiales \u276f <br> Laredo\n        <\/p>\n      <\/div>\n    <\/div>\n    <\/a>\n    <a href=\"\/de\/weg-im-norden\/etappe-12-guemes-santander\/\" class=\"change-btn\">\n      <div class=\"change-btn__info\">\n        <div>Etappe 12<\/div>\n        <p>\n          G\u00fcemes \u276f <br> Santander\n        <\/p>\n      <\/div>\n      <div class=\"btn-arrow\">\n        <i class=\"icon-arrow\"><\/i>\n      <\/div>\n    <\/a>\n  <\/div>\n<\/section> ","protected":false},"excerpt":{"rendered":"<p>Weg im Norden: Etappe 11 Walk 35 Etappe \/ 804 Kms Laredo &#10093; G\u00fcemes 28.7 Km &#10094; Etappe 10 Etappe 12 &#10095; Information Profil Route Ortschaften Information \u00dcber diese Etappe F\u00fcr alle, die diese Bootsfahrt genie\u00dfen k\u00f6nnen, ist das \u00dcberqueren der Flussm\u00fcndung nach Santo\u00f1a ein einzigartiges Erlebnis mit spektakul\u00e4rer Aussicht. Diejenigen, die im Winter reisen, &hellip; <\/p>\n<p class=\"read_more\"><a href=\"https:\/\/www.pilgrim.es\/de\/weg-im-norden\/etappe-11-laredo-guemes\/\">Leer m\u00e1s<\/a><\/p>\n","protected":false},"author":4,"featured_media":11574,"parent":10670,"menu_order":0,"comment_status":"closed","ping_status":"closed","template":"views\/template-new-web-design.blade.php","meta":{"footnotes":""},"categories":[],"tags":[],"class_list":["post-14747","page","type-page","status-publish","has-post-thumbnail","hentry"],"yoast_head":"<!-- This site is optimized with the Yoast SEO plugin v27.4 - https:\/\/yoast.com\/product\/yoast-seo-wordpress\/ -->\n<title>Camino del Norte desde Laredo a G\u00fcemes | Camino de Santiago | Pilgrim<\/title>\n<meta name=\"description\" content=\"Weg im Norden: Etappe 11 des Jakobsweges, der zwischen den Ortschaften Laredo und G\u00fcemes verl\u00e4uft. Entdecken Sie alle Informationen und planen Sie Ihre Etappe.\" \/>\n<meta name=\"robots\" content=\"index, follow, max-snippet:-1, max-image-preview:large, max-video-preview:-1\" \/>\n<link rel=\"canonical\" href=\"https:\/\/www.pilgrim.es\/de\/weg-im-norden\/etappe-11-laredo-guemes\/\" \/>\n<meta property=\"og:locale\" content=\"de_DE\" \/>\n<meta property=\"og:type\" content=\"article\" \/>\n<meta property=\"og:title\" content=\"Camino del Norte desde Laredo a G\u00fcemes | Camino de Santiago | Pilgrim\" \/>\n<meta property=\"og:description\" content=\"Weg im Norden: Etappe 11 des Jakobsweges, der zwischen den Ortschaften Laredo und G\u00fcemes verl\u00e4uft. Entdecken Sie alle Informationen und planen Sie Ihre Etappe.\" \/>\n<meta property=\"og:url\" content=\"https:\/\/www.pilgrim.es\/de\/weg-im-norden\/etappe-11-laredo-guemes\/\" \/>\n<meta property=\"og:site_name\" content=\"Pilgrim\" \/>\n<meta property=\"article:publisher\" content=\"https:\/\/www.facebook.com\/pilgrim.es\/\" \/>\n<meta property=\"article:modified_time\" content=\"2025-04-14T14:07:20+00:00\" \/>\n<meta property=\"og:image\" content=\"https:\/\/www.pilgrim.es\/wp-content\/uploads\/2019\/02\/camino_norte_etapa_11.png\" \/>\n\t<meta property=\"og:image:width\" content=\"1629\" \/>\n\t<meta property=\"og:image:height\" content=\"547\" \/>\n\t<meta property=\"og:image:type\" content=\"image\/png\" \/>\n<meta name=\"twitter:card\" content=\"summary_large_image\" \/>\n<meta name=\"twitter:site\" content=\"@pilgrim_es\" \/>\n<meta name=\"twitter:label1\" content=\"Gesch\u00e4tzte Lesezeit\" \/>\n\t<meta name=\"twitter:data1\" content=\"7\u00a0Minuten\" \/>\n<script type=\"application\/ld+json\" class=\"yoast-schema-graph\">{\"@context\":\"https:\\\/\\\/schema.org\",\"@graph\":[{\"@type\":\"WebPage\",\"@id\":\"https:\\\/\\\/www.pilgrim.es\\\/de\\\/weg-im-norden\\\/etappe-11-laredo-guemes\\\/\",\"url\":\"https:\\\/\\\/www.pilgrim.es\\\/de\\\/weg-im-norden\\\/etappe-11-laredo-guemes\\\/\",\"name\":\"Camino del Norte desde Laredo a G\u00fcemes | Camino de Santiago | Pilgrim\",\"isPartOf\":{\"@id\":\"https:\\\/\\\/www.pilgrim.es\\\/de\\\/#website\"},\"primaryImageOfPage\":{\"@id\":\"https:\\\/\\\/www.pilgrim.es\\\/de\\\/weg-im-norden\\\/etappe-11-laredo-guemes\\\/#primaryimage\"},\"image\":{\"@id\":\"https:\\\/\\\/www.pilgrim.es\\\/de\\\/weg-im-norden\\\/etappe-11-laredo-guemes\\\/#primaryimage\"},\"thumbnailUrl\":\"https:\\\/\\\/www.pilgrim.es\\\/wp-content\\\/uploads\\\/2019\\\/02\\\/camino_norte_etapa_11.png\",\"datePublished\":\"2019-03-25T18:32:17+00:00\",\"dateModified\":\"2025-04-14T14:07:20+00:00\",\"description\":\"Weg im Norden: Etappe 11 des Jakobsweges, der zwischen den Ortschaften Laredo und G\u00fcemes verl\u00e4uft. Entdecken Sie alle Informationen und planen Sie Ihre Etappe.\",\"breadcrumb\":{\"@id\":\"https:\\\/\\\/www.pilgrim.es\\\/de\\\/weg-im-norden\\\/etappe-11-laredo-guemes\\\/#breadcrumb\"},\"inLanguage\":\"de\",\"potentialAction\":[{\"@type\":\"ReadAction\",\"target\":[\"https:\\\/\\\/www.pilgrim.es\\\/de\\\/weg-im-norden\\\/etappe-11-laredo-guemes\\\/\"]}]},{\"@type\":\"ImageObject\",\"inLanguage\":\"de\",\"@id\":\"https:\\\/\\\/www.pilgrim.es\\\/de\\\/weg-im-norden\\\/etappe-11-laredo-guemes\\\/#primaryimage\",\"url\":\"https:\\\/\\\/www.pilgrim.es\\\/wp-content\\\/uploads\\\/2019\\\/02\\\/camino_norte_etapa_11.png\",\"contentUrl\":\"https:\\\/\\\/www.pilgrim.es\\\/wp-content\\\/uploads\\\/2019\\\/02\\\/camino_norte_etapa_11.png\",\"width\":1629,\"height\":547,\"caption\":\"Landkarte Etappe 11 Weg im Norden\"},{\"@type\":\"BreadcrumbList\",\"@id\":\"https:\\\/\\\/www.pilgrim.es\\\/de\\\/weg-im-norden\\\/etappe-11-laredo-guemes\\\/#breadcrumb\",\"itemListElement\":[{\"@type\":\"ListItem\",\"position\":1,\"name\":\"Camino de Santiago\",\"item\":\"https:\\\/\\\/www.pilgrim.es\\\/de\\\/\"},{\"@type\":\"ListItem\",\"position\":2,\"name\":\"Weg im Norden | Etappe 11: Laredo &#8211; G\u00fcemes\"}]},{\"@type\":\"WebSite\",\"@id\":\"https:\\\/\\\/www.pilgrim.es\\\/de\\\/#website\",\"url\":\"https:\\\/\\\/www.pilgrim.es\\\/de\\\/\",\"name\":\"Pilgrim\",\"description\":\"Camino de Santiago | Caminamos Contigo\",\"publisher\":{\"@id\":\"https:\\\/\\\/www.pilgrim.es\\\/de\\\/#organization\"},\"potentialAction\":[{\"@type\":\"SearchAction\",\"target\":{\"@type\":\"EntryPoint\",\"urlTemplate\":\"https:\\\/\\\/www.pilgrim.es\\\/de\\\/?s={search_term_string}\"},\"query-input\":{\"@type\":\"PropertyValueSpecification\",\"valueRequired\":true,\"valueName\":\"search_term_string\"}}],\"inLanguage\":\"de\"},{\"@type\":\"Organization\",\"@id\":\"https:\\\/\\\/www.pilgrim.es\\\/de\\\/#organization\",\"name\":\"Pilgrim Camino de Santiago\",\"url\":\"https:\\\/\\\/www.pilgrim.es\\\/de\\\/\",\"logo\":{\"@type\":\"ImageObject\",\"inLanguage\":\"de\",\"@id\":\"https:\\\/\\\/www.pilgrim.es\\\/de\\\/#\\\/schema\\\/logo\\\/image\\\/\",\"url\":\"https:\\\/\\\/www.pilgrim.es\\\/wp-content\\\/uploads\\\/2019\\\/04\\\/logo_pilgrim.png\",\"contentUrl\":\"https:\\\/\\\/www.pilgrim.es\\\/wp-content\\\/uploads\\\/2019\\\/04\\\/logo_pilgrim.png\",\"width\":512,\"height\":512,\"caption\":\"Pilgrim Camino de Santiago\"},\"image\":{\"@id\":\"https:\\\/\\\/www.pilgrim.es\\\/de\\\/#\\\/schema\\\/logo\\\/image\\\/\"},\"sameAs\":[\"https:\\\/\\\/www.facebook.com\\\/pilgrim.es\\\/\",\"https:\\\/\\\/x.com\\\/pilgrim_es\",\"https:\\\/\\\/www.instagram.com\\\/pilgrim.es\\\/\",\"https:\\\/\\\/www.linkedin.com\\\/company\\\/pilgrim-camino-de-santiago\\\/\",\"https:\\\/\\\/www.pinterest.es\\\/pilgrimcaminodesantiago\\\/\",\"https:\\\/\\\/www.youtube.com\\\/channel\\\/UCIv2ZzFLXVqthkNF32rKedw\\\/featured\"]}]}<\/script>\n<!-- \/ Yoast SEO plugin. -->","yoast_head_json":{"title":"Camino del Norte desde Laredo a G\u00fcemes | Camino de Santiago | Pilgrim","description":"Weg im Norden: Etappe 11 des Jakobsweges, der zwischen den Ortschaften Laredo und G\u00fcemes verl\u00e4uft. Entdecken Sie alle Informationen und planen Sie Ihre Etappe.","robots":{"index":"index","follow":"follow","max-snippet":"max-snippet:-1","max-image-preview":"max-image-preview:large","max-video-preview":"max-video-preview:-1"},"canonical":"https:\/\/www.pilgrim.es\/de\/weg-im-norden\/etappe-11-laredo-guemes\/","og_locale":"de_DE","og_type":"article","og_title":"Camino del Norte desde Laredo a G\u00fcemes | Camino de Santiago | Pilgrim","og_description":"Weg im Norden: Etappe 11 des Jakobsweges, der zwischen den Ortschaften Laredo und G\u00fcemes verl\u00e4uft. Entdecken Sie alle Informationen und planen Sie Ihre Etappe.","og_url":"https:\/\/www.pilgrim.es\/de\/weg-im-norden\/etappe-11-laredo-guemes\/","og_site_name":"Pilgrim","article_publisher":"https:\/\/www.facebook.com\/pilgrim.es\/","article_modified_time":"2025-04-14T14:07:20+00:00","og_image":[{"width":1629,"height":547,"url":"https:\/\/www.pilgrim.es\/wp-content\/uploads\/2019\/02\/camino_norte_etapa_11.png","type":"image\/png"}],"twitter_card":"summary_large_image","twitter_site":"@pilgrim_es","twitter_misc":{"Gesch\u00e4tzte Lesezeit":"7\u00a0Minuten"},"schema":{"@context":"https:\/\/schema.org","@graph":[{"@type":"WebPage","@id":"https:\/\/www.pilgrim.es\/de\/weg-im-norden\/etappe-11-laredo-guemes\/","url":"https:\/\/www.pilgrim.es\/de\/weg-im-norden\/etappe-11-laredo-guemes\/","name":"Camino del Norte desde Laredo a G\u00fcemes | Camino de Santiago | Pilgrim","isPartOf":{"@id":"https:\/\/www.pilgrim.es\/de\/#website"},"primaryImageOfPage":{"@id":"https:\/\/www.pilgrim.es\/de\/weg-im-norden\/etappe-11-laredo-guemes\/#primaryimage"},"image":{"@id":"https:\/\/www.pilgrim.es\/de\/weg-im-norden\/etappe-11-laredo-guemes\/#primaryimage"},"thumbnailUrl":"https:\/\/www.pilgrim.es\/wp-content\/uploads\/2019\/02\/camino_norte_etapa_11.png","datePublished":"2019-03-25T18:32:17+00:00","dateModified":"2025-04-14T14:07:20+00:00","description":"Weg im Norden: Etappe 11 des Jakobsweges, der zwischen den Ortschaften Laredo und G\u00fcemes verl\u00e4uft. Entdecken Sie alle Informationen und planen Sie Ihre Etappe.","breadcrumb":{"@id":"https:\/\/www.pilgrim.es\/de\/weg-im-norden\/etappe-11-laredo-guemes\/#breadcrumb"},"inLanguage":"de","potentialAction":[{"@type":"ReadAction","target":["https:\/\/www.pilgrim.es\/de\/weg-im-norden\/etappe-11-laredo-guemes\/"]}]},{"@type":"ImageObject","inLanguage":"de","@id":"https:\/\/www.pilgrim.es\/de\/weg-im-norden\/etappe-11-laredo-guemes\/#primaryimage","url":"https:\/\/www.pilgrim.es\/wp-content\/uploads\/2019\/02\/camino_norte_etapa_11.png","contentUrl":"https:\/\/www.pilgrim.es\/wp-content\/uploads\/2019\/02\/camino_norte_etapa_11.png","width":1629,"height":547,"caption":"Landkarte Etappe 11 Weg im Norden"},{"@type":"BreadcrumbList","@id":"https:\/\/www.pilgrim.es\/de\/weg-im-norden\/etappe-11-laredo-guemes\/#breadcrumb","itemListElement":[{"@type":"ListItem","position":1,"name":"Camino de Santiago","item":"https:\/\/www.pilgrim.es\/de\/"},{"@type":"ListItem","position":2,"name":"Weg im Norden | Etappe 11: Laredo &#8211; G\u00fcemes"}]},{"@type":"WebSite","@id":"https:\/\/www.pilgrim.es\/de\/#website","url":"https:\/\/www.pilgrim.es\/de\/","name":"Pilgrim","description":"Camino de Santiago | Caminamos Contigo","publisher":{"@id":"https:\/\/www.pilgrim.es\/de\/#organization"},"potentialAction":[{"@type":"SearchAction","target":{"@type":"EntryPoint","urlTemplate":"https:\/\/www.pilgrim.es\/de\/?s={search_term_string}"},"query-input":{"@type":"PropertyValueSpecification","valueRequired":true,"valueName":"search_term_string"}}],"inLanguage":"de"},{"@type":"Organization","@id":"https:\/\/www.pilgrim.es\/de\/#organization","name":"Pilgrim Camino de Santiago","url":"https:\/\/www.pilgrim.es\/de\/","logo":{"@type":"ImageObject","inLanguage":"de","@id":"https:\/\/www.pilgrim.es\/de\/#\/schema\/logo\/image\/","url":"https:\/\/www.pilgrim.es\/wp-content\/uploads\/2019\/04\/logo_pilgrim.png","contentUrl":"https:\/\/www.pilgrim.es\/wp-content\/uploads\/2019\/04\/logo_pilgrim.png","width":512,"height":512,"caption":"Pilgrim Camino de Santiago"},"image":{"@id":"https:\/\/www.pilgrim.es\/de\/#\/schema\/logo\/image\/"},"sameAs":["https:\/\/www.facebook.com\/pilgrim.es\/","https:\/\/x.com\/pilgrim_es","https:\/\/www.instagram.com\/pilgrim.es\/","https:\/\/www.linkedin.com\/company\/pilgrim-camino-de-santiago\/","https:\/\/www.pinterest.es\/pilgrimcaminodesantiago\/","https:\/\/www.youtube.com\/channel\/UCIv2ZzFLXVqthkNF32rKedw\/featured"]}]}},"_links":{"self":[{"href":"https:\/\/www.pilgrim.es\/de\/wp-json\/wp\/v2\/pages\/14747","targetHints":{"allow":["GET"]}}],"collection":[{"href":"https:\/\/www.pilgrim.es\/de\/wp-json\/wp\/v2\/pages"}],"about":[{"href":"https:\/\/www.pilgrim.es\/de\/wp-json\/wp\/v2\/types\/page"}],"author":[{"embeddable":true,"href":"https:\/\/www.pilgrim.es\/de\/wp-json\/wp\/v2\/users\/4"}],"replies":[{"embeddable":true,"href":"https:\/\/www.pilgrim.es\/de\/wp-json\/wp\/v2\/comments?post=14747"}],"version-history":[{"count":22,"href":"https:\/\/www.pilgrim.es\/de\/wp-json\/wp\/v2\/pages\/14747\/revisions"}],"predecessor-version":[{"id":127113,"href":"https:\/\/www.pilgrim.es\/de\/wp-json\/wp\/v2\/pages\/14747\/revisions\/127113"}],"up":[{"embeddable":true,"href":"https:\/\/www.pilgrim.es\/de\/wp-json\/wp\/v2\/pages\/10670"}],"wp:featuredmedia":[{"embeddable":true,"href":"https:\/\/www.pilgrim.es\/de\/wp-json\/wp\/v2\/media\/11574"}],"wp:attachment":[{"href":"https:\/\/www.pilgrim.es\/de\/wp-json\/wp\/v2\/media?parent=14747"}],"wp:term":[{"taxonomy":"category","embeddable":true,"href":"https:\/\/www.pilgrim.es\/de\/wp-json\/wp\/v2\/categories?post=14747"},{"taxonomy":"post_tag","embeddable":true,"href":"https:\/\/www.pilgrim.es\/de\/wp-json\/wp\/v2\/tags?post=14747"}],"curies":[{"name":"wp","href":"https:\/\/api.w.org\/{rel}","templated":true}]}}