{"id":13978,"date":"2019-03-22T15:28:41","date_gmt":"2019-03-22T15:28:41","guid":{"rendered":"https:\/\/desarrollo.pilgrim.es\/weg-im-norden\/etappe-10-castro-urdiales-laredo\/"},"modified":"2025-04-14T14:07:15","modified_gmt":"2025-04-14T14:07:15","slug":"etappe-10-castro-urdiales-laredo","status":"publish","type":"page","link":"https:\/\/www.pilgrim.es\/de\/weg-im-norden\/etappe-10-castro-urdiales-laredo\/","title":{"rendered":"Weg im Norden | Etappe 10: Castro Urdiales &#8211; Laredo"},"content":{"rendered":" <section id=\"heroStage\">\n  <h1>Weg im Norden: Etappe 10<\/h1>\n  <div>\n    <div class=\"hero\" data-background=\"https:\/\/cdn.pilgrim.es\/web\/caminos\/camino-norte\/pueblos\/castro-urdiales.jpg\">\n      <div class=\"hero__container\">\n        <div class=\"hero__container__labels\">\n          <p>Walk<\/p>\n          <p>35 Etappe \/ 804 Kms<\/p>\n        <\/div>\n        <div class=\"hero__container__stage-name\">\n          <h2>\n            Castro Urdiales <br \/>\n            <span>&#10093;<\/span>\n            Laredo\n          <\/h2>\n          <p>25.7 Km<\/p>\n        <\/div>\n        <div class=\"hero__container__stage-changer\">\n            <div class=\"stage-control\">\n              <a class=\"stage-control__link\" href=\"\/de\/weg-im-norden\/etappe-9-portugalete-pobenacastro-urdiales\/\"><span>&#10094;<\/span> Etappe 9<\/a>\n            <\/div>\n          <div class=\"stage-control\">\n            <a class=\"stage-control__link\" href=\"\/de\/weg-im-norden\/etappe-11-laredo-guemes\/\">Etappe 11 <span>&#10095;<\/span><\/a>\n          <\/div>\n        <\/div>\n      <\/div>\n    <\/div>\n    <div class=\"planner\"><div\r\n  class=\"p-col-span-1 p-rounded-lg p-px-5 p-h-full\"\r\n  style=\"background-image: url('https:\/\/cdn.pilgrim.es\/web\/pilgrim-planner\/bg-plugin-planificador.webp')\"\r\n  rel=\"preload\"\r\n  fetchpriority=\"high\"\r\n  >\r\n    <div class=\"p-text-center p-pt-5 p-text-white p-text-2xl p-font-semibold\">\r\n      Plane deinen Weg    <\/div>\r\n    <div\r\n            id='primary-app'\r\n            data-name='banner'\r\n            data-api='https:\/\/pathfinder.pilgrim.es\/api\/pathfinder\/v2'\r\n            data-mode='normal'\r\n            data-lang='de'\r\n            data-route='1'\r\n            data-destiny='https:\/\/planificador.pilgrim.es'\r\n            data-modality='1'\r\n            data-inline=''\r\n        ><\/div><\/div><\/div>\n  <\/div>\n<\/section>\n\n<section id=\"scoreBarsStage\">\n  <section>\r\n  <div class=\"p-flex p-flex-nowrap p-space-x-4 p-py-5 p-overflow-x-auto md:p-grid md:p-grid-cols-3 lg:p-grid-cols-5 md:p-gap-8 md:p-space-x-0 md:p-overflow-hidden scrollbar-thin\">\r\n    <div class=\"p-grid p-grid-cols-4 p-shrink-0 p-w-72 p-snap-start md:p-w-full\">\r\n        <div class=\"p-col-span-1 p-self-center p-text-center p-text-3xl\">\r\n            <i class=\"icon-influx\"><\/i>\r\n        <\/div>\r\n        <div class=\"p-col-span-3 p-flex p-flex-col p-items-start\">\r\n            <div class=\"p-text-start p-text-secondary p-mb-1 p-bold\"> Zustrom <\/div>\r\n            <div class=\"p-w-full p-bg-light p-rounded-full p-h-2 p-relative\">\r\n                <div class=\"p-bg-primary p-h-2 p-rounded-full p-absolute\" style=\"width: 60%;\"><\/div>\r\n            <\/div>\r\n        <\/div>\r\n    <\/div>\r\n\r\n    <div class=\"p-grid p-grid-cols-4 p-shrink-0 p-w-72 p-snap-start md:p-w-full\">\r\n        <div class=\"p-col-span-1 p-self-center p-text-center p-text-3xl\">\r\n            <i class=\"icon-difficulty\"><\/i>\r\n        <\/div>\r\n        <div class=\"p-col-span-3 p-flex p-flex-col p-items-start\">\r\n            <div class=\"p-text-start p-text-secondary p-mb-1 p-bold\"> Schwierigkeitsgrad <\/div>\r\n            <div class=\"p-w-full p-bg-light p-rounded-full p-h-2 p-relative\">\r\n                <div class=\"p-bg-primary p-h-2 p-rounded-full p-absolute\" style=\"width: 40%;\"><\/div>\r\n            <\/div>\r\n        <\/div>\r\n    <\/div>\r\n\r\n    <div class=\"p-grid p-grid-cols-4 p-shrink-0 p-w-72 p-snap-start md:p-w-full\">\r\n        <div class=\"p-col-span-1 p-self-center p-text-center p-text-3xl\">\r\n            <i class=\"icon-patrimony\"><\/i>\r\n        <\/div>\r\n        <div class=\"p-col-span-3 p-flex p-flex-col p-items-start\">\r\n            <div class=\"p-text-start p-text-secondary p-mb-1 p-bold\"> Kunst\/Geschichte <\/div>\r\n            <div class=\"p-w-full p-bg-light p-rounded-full p-h-2 p-relative\">\r\n                <div class=\"p-bg-primary p-h-2 p-rounded-full p-absolute\" style=\"width: 40%;\"><\/div>\r\n            <\/div>\r\n        <\/div>\r\n    <\/div>\r\n\r\n    <div class=\"p-grid p-grid-cols-4 p-shrink-0 p-w-72 p-snap-start md:p-w-full\">\r\n        <div class=\"p-col-span-1 p-self-center p-text-center p-text-3xl\">\r\n            <i class=\"icon-nature\"><\/i>\r\n        <\/div>\r\n        <div class=\"p-col-span-3 p-flex p-flex-col p-items-start\">\r\n            <div class=\"p-text-start p-text-secondary p-mb-1 p-bold\"> Natur <\/div>\r\n            <div class=\"p-w-full p-bg-light p-rounded-full p-h-2 p-relative\">\r\n                <div class=\"p-bg-primary p-h-2 p-rounded-full p-absolute\" style=\"width: 60%;\"><\/div>\r\n            <\/div>\r\n        <\/div>\r\n    <\/div>\r\n\r\n    <div class=\"p-grid p-grid-cols-4 p-shrink-0 p-w-72 p-snap-start md:p-w-full\">\r\n        <div class=\"p-col-span-1 p-self-center p-text-center p-text-3xl\">\r\n            <i class=\"icon-urban\"><\/i>\r\n        <\/div>\r\n        <div class=\"p-col-span-3 p-flex p-flex-col p-items-start\">\r\n            <div class=\"p-text-start p-text-secondary p-mb-1 p-bold\"> St\u00e4dtischer Weg <\/div>\r\n            <div class=\"p-w-full p-bg-light p-rounded-full p-h-2 p-relative\">\r\n                <div class=\"p-bg-primary p-h-2 p-rounded-full p-absolute\" style=\"width: 20%;\"><\/div>\r\n            <\/div>\r\n        <\/div>\r\n    <\/div>\r\n  <\/div>\r\n<\/section>\n<\/section>\n\n<div id=\"stage-list-section\"><div class=\"stage-list\">\n    <div class='stage-list__map-card'>\n        <div class='stage-list__map-card__map'>\n            <div class='stage-list__map-card__map__text'>\n                <h2> Pages <\/h2>\n                <p> Zu Fu\u00df<\/p>\n                <p> 0etappen<\/p>\n            <\/div>\n            <div class='stage-list__map-card__map__img'>\n                <img decoding=\"async\" src=\"\" alt=\" mapa \" \/>\n            <\/div>\n        <\/div>\n    <\/div>\n\n    <\/div>\n<\/div>\n\n<section id=\"navStage\">\n  <div>\n    <nav id=\"tab-navigation-section\" class=\"tab-navigation-section--cols-5\">\n      <a href=\"#infoSection\" class=\"active\">Information<\/a>\n       <a href=\"#profileSection\">Profil<\/a>\n       <a href=\"#itinerarySection\">Route<\/a>\n       <a href=\"#locationsSection\">Ortschaften<\/a>\n    <\/nav>\n\n    <div id=\"infoSection\">\n      <!-- Title Section with Orange Line -->\n      <div>\n        <h2 class=\"p-h2-stage\">Information<\/h2>\n        <hr class=\"orange-bar\" \/>\n        <h3 class=\"p-h3-stage\">\u00dcber diese Etappe<\/h3>\n      <\/div>\n\n      \n        <p>Wieder dringen wir momentan ins Landesinnere ein und verblieben in den Gebieten von Castro Urdiales, um in Laredo, ehemaliges Territorium der Coniscos (antiker kantabrischer Stamm), einzutauchen. Wir m\u00fcssen nur nach Lugarejos aufsteigen, in etwas mehr als zweihundert Meter H\u00f6he; dies ist ein einfacher Aufstieg und der einzige, den wir auf unserer heutigen Etappe finden werden.<\/p>\n      \n\n      <div class=\"recomendation-card\">\n        <div>\n          <i class=\"icon-logo-pilgrim\"><\/i>\n          <h5>Empfehlung Pilgrim<\/h5>\n        <\/div>\n\n        \n          <p>Der Aufstieg nach Lugarejos kann an einigen Stellen unsere k\u00f6rperliche Ausdauer auf die Probe stellen, ist aber in den meisten F\u00e4llen leicht zu bew\u00e4ltigen. Die Strecke weist keine zus\u00e4tzlichen Schwierigkeiten f\u00fcr Radfahrer oder Personen mit eingeschr\u00e4nkter Bewegungsfreiheit auf.<\/p>\n        \n      <\/div>\n    <\/div>\n\n    <div id=\"profileSection\">\n      <div>\n        <h2 class=\"p-h2-stage\">Entfernung und H\u00f6he<\/h2>\n        <hr class=\"orange-bar\" \/>\n        <h3 class=\"p-h3-stage\">Etappenprofil<\/h3>\n        <img decoding=\"async\" src=\"https:\/\/cdn.pilgrim.es\/web\/caminos\/camino-norte\/etapas\/etapa-10\/etapa10_perfil-castro-urdiales-laredo.jpg\" alt=\"Stage profile etappe-10-castro-urdiales-laredo\" \/>\n      <\/div>\n    <\/div>\n\n    <div id=\"itinerarySection\">\n      <h2 class=\"p-h2-stage\">Route<\/h2>\n      <hr \/>\n      <h3 class=\"p-h3-stage\">Itinerary<\/h3>\n\n      \n        <div>\n          <h4><\/h4>\n\n          \n            <p>Wir verabschieden uns von Castro in der &#8222;Santa Mar\u00eda de la Asunci\u00f3n&#8220;- Kirche, an der K\u00fcste des Kantabrischen Meeres. \u00dcber die Stra\u00dfen &#8222;Arturo D\u00fao Vidal&#8220; und &#8222;Silvestre Ochoa&#8220; gehen wir auf die Nationalstra\u00dfe zu, wo wir rechts abbiegen und zum &#8222;Campijo&#8220; aufsteigen. Oben angekommen, nehmen wir links eine Unterf\u00fchrung, unter der Autobahn in Richtung eines Campingplatzes und biegen dann wieder rechts ab, sobald wir die Unterf\u00fchrung verlassen. An der n\u00e4chsten Kreuzung biegen wir erneut nach rechts in Richtung Allendelagua ab. In dieser Ortschaft, die Castro Urdiales angeh\u00f6rt, befinden sich die Ruinen des mittelalterlichen Turms der Templer, eine antike Burg aus dem XIV. Jahrhundert, deren Bau dem Tempelorden zugeschrieben wird. Wir gehen weiter am Hang des &#8222;Monte de San Ant\u00f3n&#8220; entlang, kommen am Sankt Markus- Tempel vorbei, n\u00e4hern uns der Autobahn, und gehen die n\u00e4chsten Meter auf einer Parallelstra\u00dfe bis Cerdigo. Um das Stadtzentrum zu erreichen, m\u00fcssen wir erneut unter der A-8 (Schnellstra\u00dfe) hindurchgehen und dann die N-634 (Nationalstra\u00dfe) \u00fcberqueren. \u00dcber einen asphaltierten Weg und dann entlang eines Pfades kehren wir zur K\u00fcste zur\u00fcck und n\u00e4hern uns Islares. Die Route verl\u00e4uft entlang der &#8222;Casal&#8220;- Stra\u00dfe; wenn wir aber etwas kaufen wollen, m\u00fcssen wir auf die Nationalstra\u00dfe ausweichen, um hinter dem Campingplatz von Arenillas erneut auf den Original- Verlauf zu treffen. Von hier aus wandern wir auf dem Randstreifen weiter. Wir wandern -von S\u00fcmpfen umgeben- von der M\u00fcndung des Flusses Ag\u00fcera in das kantabrische Innenland. Nach einer Unterf\u00fchrung unter der Autobahn m\u00fcssen wir die zwei Optionen absch\u00e4tzen, die sich ergeben: Die erste ist, dem Randstreifen der Nationalstra\u00dfe bis Mollaneda zu folgen, um dann nach Iseca Vieja auf die urspr\u00fcngliche Route zu treffen.<\/p>\n          \n            <p>Die traditionelle Route f\u00fchrt \u00fcber einen aufsteigenden Pfad, der direkt am Viadukt entsteht. Dieser Weg f\u00fchrt uns zuerst nach Nocina, Ortschaft, die \u00fcber eine Herberge verf\u00fcgt. Wir wandern weiter in Richtung der Regionalstra\u00dfe CA-151, kommen ins &#8222;Rioseco&#8220;- Viertel und k\u00f6nnen aus der Ferne die &#8222;San Vicente de la Maza&#8220;- Kirche im Renaissancestil des XVI. Jahrhunderts betrachten. Beim Betreten von Rioseco biegen wir links in das &#8222;Pomar&#8220;- Viertel ein und \u00fcberqueren einen Bach. Sobald wir ihn \u00fcberquert haben, nehmen wir den Weg, der uns rechts an ein Wohngebiet f\u00fchrt, und kommen an den &#8222;San Lorenzo&#8220; und &#8222;San Blas&#8220;- Wallfahrtskapellen vorbei, die bereits im &#8222;Revilla&#8220;- Viertel liegen.<\/p>\n          \n            <p>Wieder treffen wir auf die Kreisstra\u00dfe, der wir bis an ein Rondell folgen. Wir befinden uns bereits in der N\u00e4he von El Puente, wo wir alle Art von Dienstleistungen finden k\u00f6nnen. Der Verlauf der Route bringt uns an den Fluss und ins &#8222;Magdalena&#8220;- Viertel, wo wir -bevor wir eine Kirche erreichen- den Asphalt beiseite lassen und den steilen Abstieg nach Lugarejos beginnen. Begleitet von einer Vielzahl an Pinien spazieren wir entlang des sogenannten &#8222;Camino de Liendo&#8220; und verlassen ihn an einer Gabelung, an der wir nach rechts ausweichen, um den Gipfel zu erreichen. Das Gel\u00e4nde l\u00e4sst uns aufatmen- aber, nachdem wir einige Meter gegangen sind, beginnen wir den ebenso harten Abstieg ins Tal von Liendo. Wir werden noch einmal auf die Autobahn und einer weiteren unterirdischen Passage treffen, woraufhin wir nach rechts auf die Viertel &#8222;Rocillo&#8220;, &#8222;Sope\u00f1a&#8220; und &#8222;Hazas&#8220; zugehen; ein m\u00f6glicher Endpunkt der Etappe f\u00fcr diejenigen, die sich daf\u00fcr entscheiden. Wenn wir noch Kr\u00e4fte haben, folgen wir weiterhin der Stra\u00dfe in Richtung der N-634- erneut bergauf. Wir k\u00f6nnen geradeaus weiterwandern oder nach Tarrueza absteigen. Wir m\u00f6chten vormerken, dass uns dann wieder ein Aufstieg zur Nationalstra\u00dfe bevorsteht, um Laredo zu erreichen. Wenn wir die Stra\u00dfe weiter entlanggehen, m\u00fcssen wir im &#8222;La Arenosa&#8220;- Viertel nach rechts abbiegen und gelangen so an den hervorragenden Aussichtspunkt von &#8222;La Torre&#8220; (der Turm)- perfekt, um die Kamera zu ergreifen und einen Moment auszuruhen.<\/p>\n          \n            <p>Wir sind ganz in der N\u00e4he von Laredo. Neben einem Weg- Kreuz (crucero) biegen wir links ab und \u00fcberqueren die Stra\u00dfe, um geradeaus eine Treppe herabzusteigen. Auf diese Weise erreichen wir die Kapelle des Heiligen Geistes (Esp\u00edritu Santo), in die wir durch das &#8222;San Lorenzo&#8220;- Tor gelangen. Entlang der gleichnamigen Stra\u00dfe erreichen wir die Pilger- Herberge und beenden die heutige Etappe.<\/p>\n          \n\n          \n        <\/div>\n        <hr \/>\n      \n      <div>\n        <h4>Km 25.7 &#8231; Laredo<\/h4>\n        <a class=\"town-link\" href=\"https:\/\/www.pilgrim.es\/de\/weg-im-norden\/laredo\/\">\n          <div class=\"town-link__link-content\">\n            <div class=\"town-link__link-content__text\">\n              <p>Lokale Informationen<\/p>\n              <p>Polizei, medizinische Versorgung, Sehensw\u00fcrdigkeiten, Restaurants&#8230;<\/p>\n            <\/div>\n            <div class=\"town-link__link-content__town-btn\">\n              <i class=\"icon-arrow\"><\/i>\n            <\/div>\n          <\/div>\n        <\/a>\n      <\/div>\n    <\/div>\n\n  <div id=\"locationsSection\">\n      <h2 class=\"p-h2-stage\">\u00d6rtlichkeiten<\/h2>\n      <hr \/>\n      <h3 class=\"p-h3-stage\">St\u00e4dte<\/h3>\n      <div class=\"grid-container\">\n\n        <div class=\"p-group card-stage p-max-w-full\">\n          <a href=\"https:\/\/www.pilgrim.es\/de\/weg-im-norden\/castro-urdiales\/\" class=\"town-card\">\n            <div class=\"card-stage__header\">\n              <img decoding=\"async\" src=\"https:\/\/cdn.pilgrim.es\/web\/caminos\/camino-norte\/pueblos\/castro-urdiales.jpg\" alt=\"Castro Urdiales\" class=\"group-hover:p-scale-110\" \/>\n              <div class=\"card-overlay group-hover:p-opacity-50\"><\/div>\n            <\/div>\n            <div class=\"town-card__flex-container\">\n              <div class=\"town-card__flex-container__info\">\n                <h4>Castro Urdiales<\/h4>\n                <p>Provincia: Cantabria<\/p>\n              <\/div>\n              <div class=\"town-card__flex-container__btn\">\n                <i class=\"icon-arrow\"><\/i>\n              <\/div>\n            <\/div>\n          <\/a>\n        <\/div>\n        <div class=\"p-group card-stage p-max-w-full\">\n          <a href=\"https:\/\/www.pilgrim.es\/de\/weg-im-norden\/laredo\/\" class=\"town-card\">\n            <div class=\"card-stage__header\">\n              <img decoding=\"async\" src=\"https:\/\/cdn.pilgrim.es\/web\/caminos\/camino-norte\/pueblos\/laredo.jpg\" alt=\"Laredo\" class=\"group-hover:p-scale-110\" \/>\n              <div class=\"card-overlay group-hover:p-opacity-50\"><\/div>\n            <\/div>\n            <div class=\"town-card__flex-container\">\n              <div class=\"town-card__flex-container__info\">\n                <h4>Laredo<\/h4>\n                <p>Provincia: Cantabria<\/p>\n              <\/div>\n              <div class=\"town-card__flex-container__btn\">\n                <i class=\"icon-arrow\"><\/i>\n              <\/div>\n            <\/div>\n          <\/a>\n        <\/div>\n      <\/div>\n    <\/div>\n    <hr class=\"single-bar\" \/>\n  <\/div>\n<\/section>\n\n<section id=\"stageChange\">\n  <div>\n    <a href=\"\/de\/weg-im-norden\/etappe-9-portugalete-pobenacastro-urdiales\/\" class=\"change-btn\">\n    <div class=\"change-btn\">\n      <div class=\"btn-arrow previous\">\n        <i class=\"icon-arrow\"><\/i>\n      <\/div>\n      <div class=\"change-btn__info\">\n        <div>Etappe 9<\/div>\n        <p>\n          Portugalete \u276f <br> Castro Urdiales\n        <\/p>\n      <\/div>\n    <\/div>\n    <\/a>\n    <a href=\"\/de\/weg-im-norden\/etappe-11-laredo-guemes\/\" class=\"change-btn\">\n      <div class=\"change-btn__info\">\n        <div>Etappe 11<\/div>\n        <p>\n          Laredo \u276f <br> G\u00fcemes\n        <\/p>\n      <\/div>\n      <div class=\"btn-arrow\">\n        <i class=\"icon-arrow\"><\/i>\n      <\/div>\n    <\/a>\n  <\/div>\n<\/section> ","protected":false},"excerpt":{"rendered":"<p>Weg im Norden: Etappe 10 Walk 35 Etappe \/ 804 Kms Castro Urdiales &#10093; Laredo 25.7 Km &#10094; Etappe 9 Etappe 11 &#10095; Information Profil Route Ortschaften Information \u00dcber diese Etappe Wieder dringen wir momentan ins Landesinnere ein und verblieben in den Gebieten von Castro Urdiales, um in Laredo, ehemaliges Territorium der Coniscos (antiker kantabrischer &hellip; <\/p>\n<p class=\"read_more\"><a href=\"https:\/\/www.pilgrim.es\/de\/weg-im-norden\/etappe-10-castro-urdiales-laredo\/\">Leer m\u00e1s<\/a><\/p>\n","protected":false},"author":4,"featured_media":11566,"parent":10670,"menu_order":0,"comment_status":"closed","ping_status":"closed","template":"views\/template-new-web-design.blade.php","meta":{"footnotes":""},"categories":[],"tags":[],"class_list":["post-13978","page","type-page","status-publish","has-post-thumbnail","hentry"],"yoast_head":"<!-- This site is optimized with the Yoast SEO plugin v27.4 - https:\/\/yoast.com\/product\/yoast-seo-wordpress\/ -->\n<title>Camino del Norte desde Castro Urdiales a Laredo | Camino de Santiago<\/title>\n<meta name=\"description\" content=\"Weg im Norden: Etappe 10 des Jakobsweges, der zwischen Castro Urdiales und Laredo verl\u00e4uft. Entdecken Sie alle Informationen und planen Sie Ihre Etappe.\" \/>\n<meta name=\"robots\" content=\"index, follow, max-snippet:-1, max-image-preview:large, max-video-preview:-1\" \/>\n<link rel=\"canonical\" href=\"https:\/\/www.pilgrim.es\/de\/weg-im-norden\/etappe-10-castro-urdiales-laredo\/\" \/>\n<meta property=\"og:locale\" content=\"de_DE\" \/>\n<meta property=\"og:type\" content=\"article\" \/>\n<meta property=\"og:title\" content=\"Camino del Norte desde Castro Urdiales a Laredo | Camino de Santiago\" \/>\n<meta property=\"og:description\" content=\"Weg im Norden: Etappe 10 des Jakobsweges, der zwischen Castro Urdiales und Laredo verl\u00e4uft. Entdecken Sie alle Informationen und planen Sie Ihre Etappe.\" \/>\n<meta property=\"og:url\" content=\"https:\/\/www.pilgrim.es\/de\/weg-im-norden\/etappe-10-castro-urdiales-laredo\/\" \/>\n<meta property=\"og:site_name\" content=\"Pilgrim\" \/>\n<meta property=\"article:publisher\" content=\"https:\/\/www.facebook.com\/pilgrim.es\/\" \/>\n<meta property=\"article:modified_time\" content=\"2025-04-14T14:07:15+00:00\" \/>\n<meta property=\"og:image\" content=\"https:\/\/www.pilgrim.es\/wp-content\/uploads\/2019\/02\/camino_norte_etapa_10.jpg\" \/>\n\t<meta property=\"og:image:width\" content=\"1637\" \/>\n\t<meta property=\"og:image:height\" content=\"548\" \/>\n\t<meta property=\"og:image:type\" content=\"image\/jpeg\" \/>\n<meta name=\"twitter:card\" content=\"summary_large_image\" \/>\n<meta name=\"twitter:site\" content=\"@pilgrim_es\" \/>\n<meta name=\"twitter:label1\" content=\"Gesch\u00e4tzte Lesezeit\" \/>\n\t<meta name=\"twitter:data1\" content=\"5\u00a0Minuten\" \/>\n<script type=\"application\/ld+json\" class=\"yoast-schema-graph\">{\"@context\":\"https:\\\/\\\/schema.org\",\"@graph\":[{\"@type\":\"WebPage\",\"@id\":\"https:\\\/\\\/www.pilgrim.es\\\/de\\\/weg-im-norden\\\/etappe-10-castro-urdiales-laredo\\\/\",\"url\":\"https:\\\/\\\/www.pilgrim.es\\\/de\\\/weg-im-norden\\\/etappe-10-castro-urdiales-laredo\\\/\",\"name\":\"Camino del Norte desde Castro Urdiales a Laredo | Camino de Santiago\",\"isPartOf\":{\"@id\":\"https:\\\/\\\/www.pilgrim.es\\\/de\\\/#website\"},\"primaryImageOfPage\":{\"@id\":\"https:\\\/\\\/www.pilgrim.es\\\/de\\\/weg-im-norden\\\/etappe-10-castro-urdiales-laredo\\\/#primaryimage\"},\"image\":{\"@id\":\"https:\\\/\\\/www.pilgrim.es\\\/de\\\/weg-im-norden\\\/etappe-10-castro-urdiales-laredo\\\/#primaryimage\"},\"thumbnailUrl\":\"https:\\\/\\\/www.pilgrim.es\\\/wp-content\\\/uploads\\\/2019\\\/02\\\/camino_norte_etapa_10.jpg\",\"datePublished\":\"2019-03-22T15:28:41+00:00\",\"dateModified\":\"2025-04-14T14:07:15+00:00\",\"description\":\"Weg im Norden: Etappe 10 des Jakobsweges, der zwischen Castro Urdiales und Laredo verl\u00e4uft. Entdecken Sie alle Informationen und planen Sie Ihre Etappe.\",\"breadcrumb\":{\"@id\":\"https:\\\/\\\/www.pilgrim.es\\\/de\\\/weg-im-norden\\\/etappe-10-castro-urdiales-laredo\\\/#breadcrumb\"},\"inLanguage\":\"de\",\"potentialAction\":[{\"@type\":\"ReadAction\",\"target\":[\"https:\\\/\\\/www.pilgrim.es\\\/de\\\/weg-im-norden\\\/etappe-10-castro-urdiales-laredo\\\/\"]}]},{\"@type\":\"ImageObject\",\"inLanguage\":\"de\",\"@id\":\"https:\\\/\\\/www.pilgrim.es\\\/de\\\/weg-im-norden\\\/etappe-10-castro-urdiales-laredo\\\/#primaryimage\",\"url\":\"https:\\\/\\\/www.pilgrim.es\\\/wp-content\\\/uploads\\\/2019\\\/02\\\/camino_norte_etapa_10.jpg\",\"contentUrl\":\"https:\\\/\\\/www.pilgrim.es\\\/wp-content\\\/uploads\\\/2019\\\/02\\\/camino_norte_etapa_10.jpg\",\"width\":1637,\"height\":548,\"caption\":\"Landkarte Etappe 10 Weg im Norden\"},{\"@type\":\"BreadcrumbList\",\"@id\":\"https:\\\/\\\/www.pilgrim.es\\\/de\\\/weg-im-norden\\\/etappe-10-castro-urdiales-laredo\\\/#breadcrumb\",\"itemListElement\":[{\"@type\":\"ListItem\",\"position\":1,\"name\":\"Camino de Santiago\",\"item\":\"https:\\\/\\\/www.pilgrim.es\\\/de\\\/\"},{\"@type\":\"ListItem\",\"position\":2,\"name\":\"Weg im Norden | Etappe 10: Castro Urdiales &#8211; Laredo\"}]},{\"@type\":\"WebSite\",\"@id\":\"https:\\\/\\\/www.pilgrim.es\\\/de\\\/#website\",\"url\":\"https:\\\/\\\/www.pilgrim.es\\\/de\\\/\",\"name\":\"Pilgrim\",\"description\":\"Camino de Santiago | Caminamos Contigo\",\"publisher\":{\"@id\":\"https:\\\/\\\/www.pilgrim.es\\\/de\\\/#organization\"},\"potentialAction\":[{\"@type\":\"SearchAction\",\"target\":{\"@type\":\"EntryPoint\",\"urlTemplate\":\"https:\\\/\\\/www.pilgrim.es\\\/de\\\/?s={search_term_string}\"},\"query-input\":{\"@type\":\"PropertyValueSpecification\",\"valueRequired\":true,\"valueName\":\"search_term_string\"}}],\"inLanguage\":\"de\"},{\"@type\":\"Organization\",\"@id\":\"https:\\\/\\\/www.pilgrim.es\\\/de\\\/#organization\",\"name\":\"Pilgrim Camino de Santiago\",\"url\":\"https:\\\/\\\/www.pilgrim.es\\\/de\\\/\",\"logo\":{\"@type\":\"ImageObject\",\"inLanguage\":\"de\",\"@id\":\"https:\\\/\\\/www.pilgrim.es\\\/de\\\/#\\\/schema\\\/logo\\\/image\\\/\",\"url\":\"https:\\\/\\\/www.pilgrim.es\\\/wp-content\\\/uploads\\\/2019\\\/04\\\/logo_pilgrim.png\",\"contentUrl\":\"https:\\\/\\\/www.pilgrim.es\\\/wp-content\\\/uploads\\\/2019\\\/04\\\/logo_pilgrim.png\",\"width\":512,\"height\":512,\"caption\":\"Pilgrim Camino de Santiago\"},\"image\":{\"@id\":\"https:\\\/\\\/www.pilgrim.es\\\/de\\\/#\\\/schema\\\/logo\\\/image\\\/\"},\"sameAs\":[\"https:\\\/\\\/www.facebook.com\\\/pilgrim.es\\\/\",\"https:\\\/\\\/x.com\\\/pilgrim_es\",\"https:\\\/\\\/www.instagram.com\\\/pilgrim.es\\\/\",\"https:\\\/\\\/www.linkedin.com\\\/company\\\/pilgrim-camino-de-santiago\\\/\",\"https:\\\/\\\/www.pinterest.es\\\/pilgrimcaminodesantiago\\\/\",\"https:\\\/\\\/www.youtube.com\\\/channel\\\/UCIv2ZzFLXVqthkNF32rKedw\\\/featured\"]}]}<\/script>\n<!-- \/ Yoast SEO plugin. -->","yoast_head_json":{"title":"Camino del Norte desde Castro Urdiales a Laredo | Camino de Santiago","description":"Weg im Norden: Etappe 10 des Jakobsweges, der zwischen Castro Urdiales und Laredo verl\u00e4uft. Entdecken Sie alle Informationen und planen Sie Ihre Etappe.","robots":{"index":"index","follow":"follow","max-snippet":"max-snippet:-1","max-image-preview":"max-image-preview:large","max-video-preview":"max-video-preview:-1"},"canonical":"https:\/\/www.pilgrim.es\/de\/weg-im-norden\/etappe-10-castro-urdiales-laredo\/","og_locale":"de_DE","og_type":"article","og_title":"Camino del Norte desde Castro Urdiales a Laredo | Camino de Santiago","og_description":"Weg im Norden: Etappe 10 des Jakobsweges, der zwischen Castro Urdiales und Laredo verl\u00e4uft. Entdecken Sie alle Informationen und planen Sie Ihre Etappe.","og_url":"https:\/\/www.pilgrim.es\/de\/weg-im-norden\/etappe-10-castro-urdiales-laredo\/","og_site_name":"Pilgrim","article_publisher":"https:\/\/www.facebook.com\/pilgrim.es\/","article_modified_time":"2025-04-14T14:07:15+00:00","og_image":[{"width":1637,"height":548,"url":"https:\/\/www.pilgrim.es\/wp-content\/uploads\/2019\/02\/camino_norte_etapa_10.jpg","type":"image\/jpeg"}],"twitter_card":"summary_large_image","twitter_site":"@pilgrim_es","twitter_misc":{"Gesch\u00e4tzte Lesezeit":"5\u00a0Minuten"},"schema":{"@context":"https:\/\/schema.org","@graph":[{"@type":"WebPage","@id":"https:\/\/www.pilgrim.es\/de\/weg-im-norden\/etappe-10-castro-urdiales-laredo\/","url":"https:\/\/www.pilgrim.es\/de\/weg-im-norden\/etappe-10-castro-urdiales-laredo\/","name":"Camino del Norte desde Castro Urdiales a Laredo | Camino de Santiago","isPartOf":{"@id":"https:\/\/www.pilgrim.es\/de\/#website"},"primaryImageOfPage":{"@id":"https:\/\/www.pilgrim.es\/de\/weg-im-norden\/etappe-10-castro-urdiales-laredo\/#primaryimage"},"image":{"@id":"https:\/\/www.pilgrim.es\/de\/weg-im-norden\/etappe-10-castro-urdiales-laredo\/#primaryimage"},"thumbnailUrl":"https:\/\/www.pilgrim.es\/wp-content\/uploads\/2019\/02\/camino_norte_etapa_10.jpg","datePublished":"2019-03-22T15:28:41+00:00","dateModified":"2025-04-14T14:07:15+00:00","description":"Weg im Norden: Etappe 10 des Jakobsweges, der zwischen Castro Urdiales und Laredo verl\u00e4uft. Entdecken Sie alle Informationen und planen Sie Ihre Etappe.","breadcrumb":{"@id":"https:\/\/www.pilgrim.es\/de\/weg-im-norden\/etappe-10-castro-urdiales-laredo\/#breadcrumb"},"inLanguage":"de","potentialAction":[{"@type":"ReadAction","target":["https:\/\/www.pilgrim.es\/de\/weg-im-norden\/etappe-10-castro-urdiales-laredo\/"]}]},{"@type":"ImageObject","inLanguage":"de","@id":"https:\/\/www.pilgrim.es\/de\/weg-im-norden\/etappe-10-castro-urdiales-laredo\/#primaryimage","url":"https:\/\/www.pilgrim.es\/wp-content\/uploads\/2019\/02\/camino_norte_etapa_10.jpg","contentUrl":"https:\/\/www.pilgrim.es\/wp-content\/uploads\/2019\/02\/camino_norte_etapa_10.jpg","width":1637,"height":548,"caption":"Landkarte Etappe 10 Weg im Norden"},{"@type":"BreadcrumbList","@id":"https:\/\/www.pilgrim.es\/de\/weg-im-norden\/etappe-10-castro-urdiales-laredo\/#breadcrumb","itemListElement":[{"@type":"ListItem","position":1,"name":"Camino de Santiago","item":"https:\/\/www.pilgrim.es\/de\/"},{"@type":"ListItem","position":2,"name":"Weg im Norden | Etappe 10: Castro Urdiales &#8211; Laredo"}]},{"@type":"WebSite","@id":"https:\/\/www.pilgrim.es\/de\/#website","url":"https:\/\/www.pilgrim.es\/de\/","name":"Pilgrim","description":"Camino de Santiago | Caminamos Contigo","publisher":{"@id":"https:\/\/www.pilgrim.es\/de\/#organization"},"potentialAction":[{"@type":"SearchAction","target":{"@type":"EntryPoint","urlTemplate":"https:\/\/www.pilgrim.es\/de\/?s={search_term_string}"},"query-input":{"@type":"PropertyValueSpecification","valueRequired":true,"valueName":"search_term_string"}}],"inLanguage":"de"},{"@type":"Organization","@id":"https:\/\/www.pilgrim.es\/de\/#organization","name":"Pilgrim Camino de Santiago","url":"https:\/\/www.pilgrim.es\/de\/","logo":{"@type":"ImageObject","inLanguage":"de","@id":"https:\/\/www.pilgrim.es\/de\/#\/schema\/logo\/image\/","url":"https:\/\/www.pilgrim.es\/wp-content\/uploads\/2019\/04\/logo_pilgrim.png","contentUrl":"https:\/\/www.pilgrim.es\/wp-content\/uploads\/2019\/04\/logo_pilgrim.png","width":512,"height":512,"caption":"Pilgrim Camino de Santiago"},"image":{"@id":"https:\/\/www.pilgrim.es\/de\/#\/schema\/logo\/image\/"},"sameAs":["https:\/\/www.facebook.com\/pilgrim.es\/","https:\/\/x.com\/pilgrim_es","https:\/\/www.instagram.com\/pilgrim.es\/","https:\/\/www.linkedin.com\/company\/pilgrim-camino-de-santiago\/","https:\/\/www.pinterest.es\/pilgrimcaminodesantiago\/","https:\/\/www.youtube.com\/channel\/UCIv2ZzFLXVqthkNF32rKedw\/featured"]}]}},"_links":{"self":[{"href":"https:\/\/www.pilgrim.es\/de\/wp-json\/wp\/v2\/pages\/13978","targetHints":{"allow":["GET"]}}],"collection":[{"href":"https:\/\/www.pilgrim.es\/de\/wp-json\/wp\/v2\/pages"}],"about":[{"href":"https:\/\/www.pilgrim.es\/de\/wp-json\/wp\/v2\/types\/page"}],"author":[{"embeddable":true,"href":"https:\/\/www.pilgrim.es\/de\/wp-json\/wp\/v2\/users\/4"}],"replies":[{"embeddable":true,"href":"https:\/\/www.pilgrim.es\/de\/wp-json\/wp\/v2\/comments?post=13978"}],"version-history":[{"count":33,"href":"https:\/\/www.pilgrim.es\/de\/wp-json\/wp\/v2\/pages\/13978\/revisions"}],"predecessor-version":[{"id":127110,"href":"https:\/\/www.pilgrim.es\/de\/wp-json\/wp\/v2\/pages\/13978\/revisions\/127110"}],"up":[{"embeddable":true,"href":"https:\/\/www.pilgrim.es\/de\/wp-json\/wp\/v2\/pages\/10670"}],"wp:featuredmedia":[{"embeddable":true,"href":"https:\/\/www.pilgrim.es\/de\/wp-json\/wp\/v2\/media\/11566"}],"wp:attachment":[{"href":"https:\/\/www.pilgrim.es\/de\/wp-json\/wp\/v2\/media?parent=13978"}],"wp:term":[{"taxonomy":"category","embeddable":true,"href":"https:\/\/www.pilgrim.es\/de\/wp-json\/wp\/v2\/categories?post=13978"},{"taxonomy":"post_tag","embeddable":true,"href":"https:\/\/www.pilgrim.es\/de\/wp-json\/wp\/v2\/tags?post=13978"}],"curies":[{"name":"wp","href":"https:\/\/api.w.org\/{rel}","templated":true}]}}