{"id":12229,"date":"2019-03-07T10:41:41","date_gmt":"2019-03-07T10:41:41","guid":{"rendered":"https:\/\/desarrollo.pilgrim.es\/franzosischer-weg\/etappe-31-palas-arzua\/"},"modified":"2025-03-24T15:25:43","modified_gmt":"2025-03-24T15:25:43","slug":"etappe-31-palas-arzua","status":"publish","type":"page","link":"https:\/\/www.pilgrim.es\/de\/franzosischer-weg\/etappe-31-palas-arzua\/","title":{"rendered":"Franz\u00f6sischer Weg | Etappe 31: Palas de Rei &#8211; Arz\u00faa"},"content":{"rendered":" <section id=\"heroStage\">\n  <h1>Franz\u00f6sischer Weg: Etappe 31<\/h1>\n  <div>\n    <div class=\"hero\" data-background=\"https:\/\/cdn.pilgrim.es\/web\/caminos\/camino-frances\/pueblos\/palas-de-rei\/palas-de-rei.jpg\">\n      <div class=\"hero__container\">\n        <div class=\"hero__container__labels\">\n          <p>Walk<\/p>\n          <p>33 Etappe \/ 764 Kms<\/p>\n        <\/div>\n        <div class=\"hero__container__stage-name\">\n          <h2>\n            Palas de Rei <br \/>\n            <span>&#10093;<\/span>\n            Arz\u00faa\n          <\/h2>\n          <p>28.5 Km<\/p>\n        <\/div>\n        <div class=\"hero__container__stage-changer\">\n            <div class=\"stage-control\">\n              <a class=\"stage-control__link\" href=\"\/de\/franzosischer-weg\/etappe-30-portomarin-palas-de-rei\/\"><span>&#10094;<\/span> Etappe 30<\/a>\n            <\/div>\n          <div class=\"stage-control\">\n            <a class=\"stage-control__link\" href=\"\/de\/franzosischer-weg\/etappe-32-arzua-o-pedrouzo\/\">Etappe 32 <span>&#10095;<\/span><\/a>\n          <\/div>\n        <\/div>\n      <\/div>\n    <\/div>\n    <div class=\"planner\"><div\r\n  class=\"p-col-span-1 p-rounded-lg p-px-5 p-h-full\"\r\n  style=\"background-image: url('https:\/\/cdn.pilgrim.es\/web\/pilgrim-planner\/bg-plugin-planificador.webp')\"\r\n  rel=\"preload\"\r\n  fetchpriority=\"high\"\r\n  >\r\n    <div class=\"p-text-center p-pt-5 p-text-white p-text-2xl p-font-semibold\">\r\n      Plane deinen Weg    <\/div>\r\n    <div\r\n            id='primary-app'\r\n            data-name='banner'\r\n            data-api='https:\/\/pathfinder.pilgrim.es\/api\/pathfinder\/v2'\r\n            data-mode='normal'\r\n            data-lang='de'\r\n            data-route='1'\r\n            data-destiny='https:\/\/planificador.pilgrim.es'\r\n            data-modality='1'\r\n            data-inline=''\r\n        ><\/div><\/div><\/div>\n  <\/div>\n<\/section>\n\n<section id=\"scoreBarsStage\">\n  <section>\r\n  <div class=\"p-flex p-flex-nowrap p-space-x-4 p-py-5 p-overflow-x-auto md:p-grid md:p-grid-cols-3 lg:p-grid-cols-5 md:p-gap-8 md:p-space-x-0 md:p-overflow-hidden scrollbar-thin\">\r\n    <div class=\"p-grid p-grid-cols-4 p-shrink-0 p-w-72 p-snap-start md:p-w-full\">\r\n        <div class=\"p-col-span-1 p-self-center p-text-center p-text-3xl\">\r\n            <i class=\"icon-influx\"><\/i>\r\n        <\/div>\r\n        <div class=\"p-col-span-3 p-flex p-flex-col p-items-start\">\r\n            <div class=\"p-text-start p-text-secondary p-mb-1 p-bold\"> Zustrom <\/div>\r\n            <div class=\"p-w-full p-bg-light p-rounded-full p-h-2 p-relative\">\r\n                <div class=\"p-bg-primary p-h-2 p-rounded-full p-absolute\" style=\"width: 60%;\"><\/div>\r\n            <\/div>\r\n        <\/div>\r\n    <\/div>\r\n\r\n    <div class=\"p-grid p-grid-cols-4 p-shrink-0 p-w-72 p-snap-start md:p-w-full\">\r\n        <div class=\"p-col-span-1 p-self-center p-text-center p-text-3xl\">\r\n            <i class=\"icon-difficulty\"><\/i>\r\n        <\/div>\r\n        <div class=\"p-col-span-3 p-flex p-flex-col p-items-start\">\r\n            <div class=\"p-text-start p-text-secondary p-mb-1 p-bold\"> Schwierigkeitsgrad <\/div>\r\n            <div class=\"p-w-full p-bg-light p-rounded-full p-h-2 p-relative\">\r\n                <div class=\"p-bg-primary p-h-2 p-rounded-full p-absolute\" style=\"width: 100%;\"><\/div>\r\n            <\/div>\r\n        <\/div>\r\n    <\/div>\r\n\r\n    <div class=\"p-grid p-grid-cols-4 p-shrink-0 p-w-72 p-snap-start md:p-w-full\">\r\n        <div class=\"p-col-span-1 p-self-center p-text-center p-text-3xl\">\r\n            <i class=\"icon-patrimony\"><\/i>\r\n        <\/div>\r\n        <div class=\"p-col-span-3 p-flex p-flex-col p-items-start\">\r\n            <div class=\"p-text-start p-text-secondary p-mb-1 p-bold\"> Kunst\/Geschichte <\/div>\r\n            <div class=\"p-w-full p-bg-light p-rounded-full p-h-2 p-relative\">\r\n                <div class=\"p-bg-primary p-h-2 p-rounded-full p-absolute\" style=\"width: 40%;\"><\/div>\r\n            <\/div>\r\n        <\/div>\r\n    <\/div>\r\n\r\n    <div class=\"p-grid p-grid-cols-4 p-shrink-0 p-w-72 p-snap-start md:p-w-full\">\r\n        <div class=\"p-col-span-1 p-self-center p-text-center p-text-3xl\">\r\n            <i class=\"icon-nature\"><\/i>\r\n        <\/div>\r\n        <div class=\"p-col-span-3 p-flex p-flex-col p-items-start\">\r\n            <div class=\"p-text-start p-text-secondary p-mb-1 p-bold\"> Natur <\/div>\r\n            <div class=\"p-w-full p-bg-light p-rounded-full p-h-2 p-relative\">\r\n                <div class=\"p-bg-primary p-h-2 p-rounded-full p-absolute\" style=\"width: 60%;\"><\/div>\r\n            <\/div>\r\n        <\/div>\r\n    <\/div>\r\n\r\n    <div class=\"p-grid p-grid-cols-4 p-shrink-0 p-w-72 p-snap-start md:p-w-full\">\r\n        <div class=\"p-col-span-1 p-self-center p-text-center p-text-3xl\">\r\n            <i class=\"icon-urban\"><\/i>\r\n        <\/div>\r\n        <div class=\"p-col-span-3 p-flex p-flex-col p-items-start\">\r\n            <div class=\"p-text-start p-text-secondary p-mb-1 p-bold\"> St\u00e4dtischer Weg <\/div>\r\n            <div class=\"p-w-full p-bg-light p-rounded-full p-h-2 p-relative\">\r\n                <div class=\"p-bg-primary p-h-2 p-rounded-full p-absolute\" style=\"width: 40%;\"><\/div>\r\n            <\/div>\r\n        <\/div>\r\n    <\/div>\r\n  <\/div>\r\n<\/section>\n<\/section>\n\n<div id=\"stage-list-section\"><div class=\"stage-list\">\n    <div class='stage-list__map-card'>\n        <div class='stage-list__map-card__map'>\n            <div class='stage-list__map-card__map__text'>\n                <h2> Pages <\/h2>\n                <p> Zu Fu\u00df<\/p>\n                <p> 0etappen<\/p>\n            <\/div>\n            <div class='stage-list__map-card__map__img'>\n                <img decoding=\"async\" src=\"\" alt=\" mapa \" \/>\n            <\/div>\n        <\/div>\n    <\/div>\n\n    <\/div>\n<\/div>\n\n<section id=\"navStage\">\n  <div>\n    <nav id=\"tab-navigation-section\" class=\"tab-navigation-section--cols-5\">\n      <a href=\"#infoSection\" class=\"active\">Information<\/a>\n       <a href=\"#profileSection\">Profil<\/a>\n       <a href=\"#itinerarySection\">Route<\/a>\n       <a href=\"#locationsSection\">Ortschaften<\/a>\n    <\/nav>\n\n    <div id=\"infoSection\">\n      <!-- Title Section with Orange Line -->\n      <div>\n        <h2 class=\"p-h2-stage\">Information<\/h2>\n        <hr class=\"orange-bar\" \/>\n        <h3 class=\"p-h3-stage\">\u00dcber diese Etappe<\/h3>\n      <\/div>\n\n      \n        <p>Diese ist die Etappe der gr\u00f6\u00dften Entfernung von denen, die durch galicisches Gebiet verlaufen. In dieser Etappe werden wir die Provinz Lugo verlassen, um in die letzte der Provinzen zu gelangen, durch die sie verl\u00e4uft: A Coru\u00f1a. Wir betreten diese \u00fcber das Dorf O Coto, an der Grenze zwischen den beiden Provinzen. Es ist eine anspruchsvolle Etappe mit einem unregelm\u00e4\u00dfigen Profil, die h\u00e4ufig kurze, aber k\u00f6rperlich anstrengende Anstiege aufweist. W\u00e4hrend diesen Verlaufes wechseln sich Abschnitte in einem au\u00dfergew\u00f6hnlichen Erhaltungszustand, die wunderbare D\u00f6rfer des tiefen Galiciens durchqueren, mit weniger belebenden Industriegebieten oder Abschnitten mit einem sehr verbesserungsf\u00e4higen Erhaltungszustand ab.<\/p>\n      \n        <p>Am Zielort Arz\u00faa angekommen, treffen die Pilger des franz\u00f6sischen Weges auf diejenigen, die \u00fcber den Weg im Norden kommen; um die beiden letzten Etappen, die sie von Compostela trennen, gemeinsam zu meistern.<\/p>\n      \n\n      <div class=\"recomendation-card\">\n        <div>\n          <i class=\"icon-logo-pilgrim\"><\/i>\n          <h5>Empfehlung Pilgrim<\/h5>\n        <\/div>\n\n        \n          <p>Einige Abschnitte dieser Etappe sind aufgrund des stetigen Wechsels zwischen aufsteigenden und absteigenden H\u00e4ngen in nicht sehr gut erhaltenen und in den Wintermonaten nassen Strecken schwierig; insbesondere zwischen Palas de Rei und Casanova. Daher ist es f\u00fcr Personen mit eingeschr\u00e4nkter Bewegungsfreiheit erforderlich, die M\u00f6glichkeit in Erw\u00e4gung zu ziehen, die Nationalstra\u00dfe LU-663 als alternative Route zu w\u00e4hlen; wobei zu ber\u00fccksichtigen ist, dass keine Randstreifen vorhanden sind. Es ist also \u00e4u\u00dferste Vorsicht geboten.<\/p>\n        \n          <p>F\u00fcr Radfahrer ist diese eine Etappe mittlerer Schwierigkeit: Obwohl sie bei Regenwetter komplizierte Abfahrten aufweist, sind diese immer dann leicht zu bew\u00e4ltigen, wenn die notwendigen Vorsichtsma\u00dfnahmen getroffen werden und \u00fcber das ad\u00e4quate Fahrrad verf\u00fcgt wird.<\/p>\n        \n          <p>F\u00fcr diejenigen, die nicht \u00fcber die angemessene k\u00f6rperliche Vorbereitung verf\u00fcgen, ist es zweckm\u00e4\u00dfig, die Etappe in zwei Tagesrouten zu unterteilen:<\/p>\n        \n          <p><strong>Etappe 1: Palas de Rei \u2013 Melide<\/strong>, \u00fcber eine Strecke von 15 km.<\/p>\n        \n          <p><strong>Etappe 2: Melide \u2013 Arz\u00faa<\/strong>, \u00fcber eine Strecke von 14,5 km.<\/p>\n        \n      <\/div>\n    <\/div>\n\n    <div id=\"profileSection\">\n      <div>\n        <h2 class=\"p-h2-stage\">Entfernung und H\u00f6he<\/h2>\n        <hr class=\"orange-bar\" \/>\n        <h3 class=\"p-h3-stage\">Etappenprofil<\/h3>\n        <img decoding=\"async\" src=\"https:\/\/cdn.pilgrim.es\/web\/caminos\/camino-frances\/etapas\/etapa-31-palas-arzua\/etapa31-perfil-palas-arzua.jpg\" alt=\"Stage profile etappe-31-palas-arzua\" \/>\n      <\/div>\n    <\/div>\n\n    <div id=\"itinerarySection\">\n      <h2 class=\"p-h2-stage\">Route<\/h2>\n      <hr \/>\n      <h3 class=\"p-h3-stage\">Itinerary<\/h3>\n\n      \n        <div>\n          <h4>Km 0 &#8211; Inicio<\/h4>\n\n          \n            <p>Der Weg verl\u00e4sst die Ortschaft Palas de Rei \u00fcber die Nationalstra\u00dfe 547, genauer gesagt am Kilometer 35, an dem wir rechts abbiegen und der Signalisierung ein paar Meter in Richtung Curuxas folgen. Nach dieser kurzen Abzweigung kehren wir auf einem gepflasterten Weg auf die Nationalstra\u00dfe zur\u00fcck . Wieder auf der rechten Seite verlassen wir die Stra\u00dfe entlang der Signalisierung nach Carballal und durchqueren das Dorf Riba anhand eines steilen Anstieges. Beim Verlassen des Dorfes gehen wir wieder bergab, um zur\u00fcck auf die Stra\u00dfe zu sto\u00dfen und diese zu \u00fcberqueren. Dieses Mal gehen wir von ihrem linken Rand ab und folgen einem Pilger- Markstein der uns den Pfad anzeigt, auf dem wir nach San Xuli\u00e1n do Cami\u00f1o -in circa. 3 km Enfernung- gelangen. Sobald wir das Dorf hinter uns gelassen haben, gibt der Asphalt wieder ein nat\u00fcrlicheres Terrain frei; \u00fcber einen steinigen Erdweg erreichen wir einige Meter entfernt eine schlecht ausgeschilderte Kreuzung, die uns zwingt, eine Entscheidung zu treffen. In diesem Fall folgen wir unserem Verlauf weiterhin geradeaus.<\/p>\n          \n            <p>Wir bew\u00e4ltigen eine Reihe von H\u00f6hen und Tiefen und genie\u00dfen eine der spektakul\u00e4rsten Streckenabschnitte mit imposanten Landschaften, die des Filmes &#8222;El Bosque Animado&#8220; (Zeichentrick) w\u00fcrdig sind: Gezweig, Steine und ein einheitliches Gr\u00fcn umarmen dieses wunderbare Land das wir einfach Galicien nennen . Wir genie\u00dfen den Zauber des Jakobsweges, w\u00e4hrend wir den Fluss Pambre \u00fcberqueren und den Ort Ponte Campa\u00f1a hinter uns lassen, der zur Gemeinde Mato geh\u00f6rt. Die n\u00e4chste Ortschaft, die wir durqueren ist Casanova; wo ihre Ahnenh\u00e4user, die tausend Geschichten galicischer K\u00e4mpfernaturen verbergen, unsere Aufmerksamkeit auf sich ziehen. An diesem Punkt, nach etwa 5,6 km, finden wir eine \u00f6ffentliche und eine private Herberge; letztere wird ebenfalls als touristisches Landhaus (casa de turismo rural) genutzt. Danach gehen wir einige Meter auf dem asphaltierten Weg weiter und lassen ihn links zur\u00fcck, um erneut auf den Pfad zu gelangen, der uns in das Tal von Porto de Bois f\u00fchrt. Hier werden wir seinen Fluss \u00fcberqueren, um wiederum bergauf in Richtung Campanilla zu wandern. Hier angekommen, m\u00fcssen wir haltmachen und zur\u00fcckschauen, da es Zeit ist, sich von der Provinz Lugo zu verabschieden. Am n\u00e4chsten Punkt unserer Reise, o Coto, wird uns ein Pilger- Meilenstein darauf hinweisen, dass wir zum ersten Mal Land der Provinz A Coru\u00f1a betreten haben.<\/p>\n          \n            <p>Der Ort O Coto weist ein touristisches Landhaus zur Unterkunft (casa de turismo rural) und ein Lebensmittelgesch\u00e4ft auf, wo wir bei Bedarf Kr\u00e4fte sch\u00f6pfen k\u00f6nnen. Nach der Bevorratung setzen wir unseren Marsch fort und verlassen die Landtra\u00dfe auf der linken Seite \u00fcber einen Weg, der zum Dorf Leboreiro f\u00fchrt; einem der spektakul\u00e4rsten D\u00f6rfer der Etappe mit einem beeindruckenden Kopfsteinpflasterboden und einem Weg- Kreuz (cruceiro), das die &#8222;Santa Mar\u00eda de Leboreiro&#8220;- Kirche ank\u00fcndigt; die vom Landes- Kultur- Ministerium als &#8222;Meilenstein des Kulturerbes&#8220; des Jakobsweges erkl\u00e4rt wurde. Wir fahren fort und der Grenzstein 56 gibt an, dass wir uns in Discabio befinden, Ort, der Zugang zu einem der langweiligsten Abschnitte der Etappe bietet: Dieser verl\u00e4uft parallel zur Nationalstra\u00dfe \u00fcber eine Nebenstra\u00dfe und durquert das Industriegel\u00e4nde von Melide. Wir werden jetzt das Erholungsgebiet des Flusses Furelos kennenlernen, wo wir \u00fcber eine imposante mittelalterliche Br\u00fccke mit vier B\u00f6gen diesen Nebenfluss des Ulla \u00fcberqueren, und so in die Pfarrgemeinde Furelos gelangen. Dies ist der Auftakt zu unserer Ankunft in Melide, einer der gr\u00f6\u00dften D\u00f6rfer des franz\u00f6sischen Weges in Galicien.<\/p>\n          \n            <p>Wir k\u00f6nnen Melide nicht verlassen, ohne seinen ber\u00fchmten Oktopus zu probieren, au\u00dferdem finden wir ein breites gastronomisches Angebot in diesem Dorf, das als ein Schwerpunkt in der galicischen Gemeinde gilt und reich an Historischem- und Kulturerbe ist; was wir w\u00e4hrend unseres Aufenthaltes nicht au\u00dfer Acht lassen sollten.<\/p>\n          \n            <p>Wir setzen unseren Weg wieder entlang der Nationalstra\u00dfe 547 fort, die wir \u00fcberqueren, um in die Kreisstra\u00dfe 4603 in Richtung San Marti\u00f1o \u00fcberzugehen, und biegen ein paar Meter weiter in Richtung Santa Maria de Melide nach rechts ab; einem kleinen Dorf, in dem sich eine romanische Kirche mit spektakul\u00e4rer Fassade befindet, die darauf wartet bewundert -und wenn wir m\u00f6chten, auch fotografiert- zu werden. Zwischen weitreichenden Wiesen und Eukalyptusw\u00e4ldern durchqueren wir die Orte Raido und Parabispo, um auch den Bach &#8222;Valverde&#8220; zu \u00fcberqueren; wo uns am anderen Ufer A Peroxa inerhalb der Pfarrgemeinde Boente erwartet, die durch die Nationalstra\u00dfe zweigeteilt ist. Wir finden hier eine Cafeteria und zwei private Herbergen, sowie die &#8222;La Saleta&#8220;- Quelle, an der hunderte von Pilgern die Gelegenheit nutzen, ihre Feldflaschen mit nat\u00fcrlichem Wasser zu f\u00fcllen.<\/p>\n          \n            <p>Wir verlassen Boente \u00fcber einen schwierig zu ersteigenden Hang, der uns zu den Pfarrgemeinden von Figueiroa und Casta\u00f1eda f\u00fchrt. Von wo aus wir wieder zum Bach &#8222;Ribeiral&#8220; hinabsteigen, der sich zwischen den Pfarrgemeinden Pedrido und R\u00edo befindet. An diesem Punkt steigt der Weg zum wiederholten Male an, wo wir die Stra\u00dfe erneut \u00fcberqueren und an einen kurzen Abschnitt mit Kopfsteinpflaster sto\u00dfen. Von hier aus nehmen wir den Abstieg in den vielleicht magischsten Ort unserer gesamten Etappe an: Ribadiso- wo wir eine ideale Herberge zur \u00dcbernachtung finden. Wir kommen \u00fcber eine Br\u00fccke am Fluss Iso nach Ribadiso, an dessen Ufer sich die oben erw\u00e4hnte Herberge befindet; mit einer Treppe, die uns direkt zum Fluss f\u00fchrt, und einem Entspannungsbereich, den wir in anderen Etappen kaum finden werden. Ribadiso zu verlassen bedeutet nicht nur, diese paradiesische Umgebung hinter uns zu lassen, sondern auch die 3,4 km bergauf, die bis nach Arz\u00faa verbleiben, entlang einer Nebenstra\u00dfe parallel zur Nationalstra\u00dfe zu bew\u00e4ltigen. Sobald der Boden ebener wird, sehen wir endlich das Schild, das uns knapp 900 Meter vom Dorf entfernt in Arz\u00faa willkommen hei\u00dft. Hier werden wir alle notwendigen Dienstleistungen finden, um unsere Etappe zu beenden- allerdings nicht ohne den K\u00e4se mit Ursprungsbezeichnung zu probieren, der in dieser Gegend hergestellt wird.<\/p>\n          \n\n          \n            <a class=\"town-link\" href=\"https:\/\/www.pilgrim.es\/de\/franzosischer-weg\/palas-de-rei\/\">\n              <div class=\"town-link__link-content\">\n                <div class=\"town-link__link-content__text\">\n                  <p>Lokale Informationen<\/p>\n                  <p>Polizei, medizinische Versorgung, Sehensw\u00fcrdigkeiten, Restaurants&#8230;<\/p>\n                <\/div>\n                <div class=\"town-link__link-content__town-btn\">\n                  <i class=\"icon-arrow\"><\/i>\n                <\/div>\n              <\/div>\n            <\/a>\n          \n        <\/div>\n        <hr \/>\n      \n      <div>\n        <h4>Km 28.5 &#8231; Arz\u00faa<\/h4>\n        <a class=\"town-link\" href=\"https:\/\/www.pilgrim.es\/de\/franzosischer-weg\/arzua\/\">\n          <div class=\"town-link__link-content\">\n            <div class=\"town-link__link-content__text\">\n              <p>Lokale Informationen<\/p>\n              <p>Polizei, medizinische Versorgung, Sehensw\u00fcrdigkeiten, Restaurants&#8230;<\/p>\n            <\/div>\n            <div class=\"town-link__link-content__town-btn\">\n              <i class=\"icon-arrow\"><\/i>\n            <\/div>\n          <\/div>\n        <\/a>\n      <\/div>\n    <\/div>\n\n  <div id=\"locationsSection\">\n      <h2 class=\"p-h2-stage\">\u00d6rtlichkeiten<\/h2>\n      <hr \/>\n      <h3 class=\"p-h3-stage\">St\u00e4dte<\/h3>\n      <div class=\"grid-container\">\n\n        <div class=\"p-group card-stage p-max-w-full\">\n          <a href=\"https:\/\/www.pilgrim.es\/de\/franzosischer-weg\/palas-de-rei\/\" class=\"town-card\">\n            <div class=\"card-stage__header\">\n              <img decoding=\"async\" src=\"https:\/\/cdn.pilgrim.es\/web\/caminos\/camino-frances\/pueblos\/palas-de-rei\/palas-de-rei.jpg\" alt=\"Palas de Rei\" class=\"group-hover:p-scale-110\" \/>\n              <div class=\"card-overlay group-hover:p-opacity-50\"><\/div>\n            <\/div>\n            <div class=\"town-card__flex-container\">\n              <div class=\"town-card__flex-container__info\">\n                <h3>Palas de Rei<\/h3>\n                <p>Provincia: Lugo<\/p>\n              <\/div>\n              <div class=\"town-card__flex-container__btn\">\n                <i class=\"icon-arrow\"><\/i>\n              <\/div>\n            <\/div>\n          <\/a>\n        <\/div>\n        <div class=\"p-group card-stage p-max-w-full\">\n          <a href=\"https:\/\/www.pilgrim.es\/de\/franzosischer-weg\/arzua\/\" class=\"town-card\">\n            <div class=\"card-stage__header\">\n              <img decoding=\"async\" src=\"https:\/\/cdn.pilgrim.es\/web\/caminos\/camino-frances\/pueblos\/arzua\/arzua.jpg\" alt=\"Arz\u00faa\" class=\"group-hover:p-scale-110\" \/>\n              <div class=\"card-overlay group-hover:p-opacity-50\"><\/div>\n            <\/div>\n            <div class=\"town-card__flex-container\">\n              <div class=\"town-card__flex-container__info\">\n                <h3>Arz\u00faa<\/h3>\n                <p>Provincia: A Coru\u00f1a<\/p>\n              <\/div>\n              <div class=\"town-card__flex-container__btn\">\n                <i class=\"icon-arrow\"><\/i>\n              <\/div>\n            <\/div>\n          <\/a>\n        <\/div>\n      <\/div>\n    <\/div>\n    <hr class=\"single-bar\" \/>\n  <\/div>\n<\/section>\n\n<section id=\"stageChange\">\n  <div>\n    <a href=\"\/de\/franzosischer-weg\/etappe-30-portomarin-palas-de-rei\/\" class=\"change-btn\">\n    <div class=\"change-btn\">\n      <div class=\"btn-arrow previous\">\n        <i class=\"icon-arrow\"><\/i>\n      <\/div>\n      <div class=\"change-btn__info\">\n        <div>Etappe 30<\/div>\n        <p>\n          Portomar\u00edn \u276f <br> Palas de Rei\n        <\/p>\n      <\/div>\n    <\/div>\n    <\/a>\n    <a href=\"\/de\/franzosischer-weg\/etappe-32-arzua-o-pedrouzo\/\" class=\"change-btn\">\n      <div class=\"change-btn__info\">\n        <div>Etappe 32<\/div>\n        <p>\n          Arz\u00faa \u276f <br> O Pedrouzo\n        <\/p>\n      <\/div>\n      <div class=\"btn-arrow\">\n        <i class=\"icon-arrow\"><\/i>\n      <\/div>\n    <\/a>\n  <\/div>\n<\/section> ","protected":false},"excerpt":{"rendered":"<p>Franz\u00f6sischer Weg: Etappe 31 Walk 33 Etappe \/ 764 Kms Palas de Rei &#10093; Arz\u00faa 28.5 Km &#10094; Etappe 30 Etappe 32 &#10095; Information Profil Route Ortschaften Information \u00dcber diese Etappe Diese ist die Etappe der gr\u00f6\u00dften Entfernung von denen, die durch galicisches Gebiet verlaufen. In dieser Etappe werden wir die Provinz Lugo verlassen, um &hellip; <\/p>\n<p class=\"read_more\"><a href=\"https:\/\/www.pilgrim.es\/de\/franzosischer-weg\/etappe-31-palas-arzua\/\">Leer m\u00e1s<\/a><\/p>\n","protected":false},"author":4,"featured_media":11435,"parent":10659,"menu_order":0,"comment_status":"closed","ping_status":"closed","template":"views\/template-new-web-design.blade.php","meta":{"footnotes":""},"categories":[],"tags":[],"class_list":["post-12229","page","type-page","status-publish","has-post-thumbnail","hentry"],"yoast_head":"<!-- This site is optimized with the Yoast SEO plugin v27.4 - https:\/\/yoast.com\/product\/yoast-seo-wordpress\/ -->\n<title>Camino Franc\u00e9s desde Palas de Rei a Arz\u00faa | Camino de Santiago | Pilgrim<\/title>\n<meta name=\"description\" content=\"Franz\u00f6sischer Weg: Etappe 31 des Jakobsweges, der zwischen Palas de Rei und Arz\u00faa verl\u00e4uft. Entdecken Sie alle interessanten Informationen und planen Sie Ihre Etappe.\" \/>\n<meta name=\"robots\" content=\"index, follow, max-snippet:-1, max-image-preview:large, max-video-preview:-1\" \/>\n<link rel=\"canonical\" href=\"https:\/\/www.pilgrim.es\/de\/franzosischer-weg\/etappe-31-palas-arzua\/\" \/>\n<meta property=\"og:locale\" content=\"de_DE\" \/>\n<meta property=\"og:type\" content=\"article\" \/>\n<meta property=\"og:title\" content=\"Camino Franc\u00e9s desde Palas de Rei a Arz\u00faa | Camino de Santiago | Pilgrim\" \/>\n<meta property=\"og:description\" content=\"Franz\u00f6sischer Weg: Etappe 31 des Jakobsweges, der zwischen Palas de Rei und Arz\u00faa verl\u00e4uft. Entdecken Sie alle interessanten Informationen und planen Sie Ihre Etappe.\" \/>\n<meta property=\"og:url\" content=\"https:\/\/www.pilgrim.es\/de\/franzosischer-weg\/etappe-31-palas-arzua\/\" \/>\n<meta property=\"og:site_name\" content=\"Pilgrim\" \/>\n<meta property=\"article:publisher\" content=\"https:\/\/www.facebook.com\/pilgrim.es\/\" \/>\n<meta property=\"article:modified_time\" content=\"2025-03-24T15:25:43+00:00\" \/>\n<meta property=\"og:image\" content=\"https:\/\/www.pilgrim.es\/wp-content\/uploads\/2019\/02\/camino_frances_etapa_31.jpg\" \/>\n\t<meta property=\"og:image:width\" content=\"1633\" \/>\n\t<meta property=\"og:image:height\" content=\"547\" \/>\n\t<meta property=\"og:image:type\" content=\"image\/jpeg\" \/>\n<meta name=\"twitter:card\" content=\"summary_large_image\" \/>\n<meta name=\"twitter:site\" content=\"@pilgrim_es\" \/>\n<meta name=\"twitter:label1\" content=\"Gesch\u00e4tzte Lesezeit\" \/>\n\t<meta name=\"twitter:data1\" content=\"7\u00a0Minuten\" \/>\n<script type=\"application\/ld+json\" class=\"yoast-schema-graph\">{\"@context\":\"https:\\\/\\\/schema.org\",\"@graph\":[{\"@type\":\"WebPage\",\"@id\":\"https:\\\/\\\/www.pilgrim.es\\\/de\\\/franzosischer-weg\\\/etappe-31-palas-arzua\\\/\",\"url\":\"https:\\\/\\\/www.pilgrim.es\\\/de\\\/franzosischer-weg\\\/etappe-31-palas-arzua\\\/\",\"name\":\"Camino Franc\u00e9s desde Palas de Rei a Arz\u00faa | Camino de Santiago | Pilgrim\",\"isPartOf\":{\"@id\":\"https:\\\/\\\/www.pilgrim.es\\\/de\\\/#website\"},\"primaryImageOfPage\":{\"@id\":\"https:\\\/\\\/www.pilgrim.es\\\/de\\\/franzosischer-weg\\\/etappe-31-palas-arzua\\\/#primaryimage\"},\"image\":{\"@id\":\"https:\\\/\\\/www.pilgrim.es\\\/de\\\/franzosischer-weg\\\/etappe-31-palas-arzua\\\/#primaryimage\"},\"thumbnailUrl\":\"https:\\\/\\\/www.pilgrim.es\\\/wp-content\\\/uploads\\\/2019\\\/02\\\/camino_frances_etapa_31.jpg\",\"datePublished\":\"2019-03-07T10:41:41+00:00\",\"dateModified\":\"2025-03-24T15:25:43+00:00\",\"description\":\"Franz\u00f6sischer Weg: Etappe 31 des Jakobsweges, der zwischen Palas de Rei und Arz\u00faa verl\u00e4uft. Entdecken Sie alle interessanten Informationen und planen Sie Ihre Etappe.\",\"breadcrumb\":{\"@id\":\"https:\\\/\\\/www.pilgrim.es\\\/de\\\/franzosischer-weg\\\/etappe-31-palas-arzua\\\/#breadcrumb\"},\"inLanguage\":\"de\",\"potentialAction\":[{\"@type\":\"ReadAction\",\"target\":[\"https:\\\/\\\/www.pilgrim.es\\\/de\\\/franzosischer-weg\\\/etappe-31-palas-arzua\\\/\"]}]},{\"@type\":\"ImageObject\",\"inLanguage\":\"de\",\"@id\":\"https:\\\/\\\/www.pilgrim.es\\\/de\\\/franzosischer-weg\\\/etappe-31-palas-arzua\\\/#primaryimage\",\"url\":\"https:\\\/\\\/www.pilgrim.es\\\/wp-content\\\/uploads\\\/2019\\\/02\\\/camino_frances_etapa_31.jpg\",\"contentUrl\":\"https:\\\/\\\/www.pilgrim.es\\\/wp-content\\\/uploads\\\/2019\\\/02\\\/camino_frances_etapa_31.jpg\",\"width\":1633,\"height\":547,\"caption\":\"Landkarte Etappe 31 Franz\u00f6sischer Weg\"},{\"@type\":\"BreadcrumbList\",\"@id\":\"https:\\\/\\\/www.pilgrim.es\\\/de\\\/franzosischer-weg\\\/etappe-31-palas-arzua\\\/#breadcrumb\",\"itemListElement\":[{\"@type\":\"ListItem\",\"position\":1,\"name\":\"Camino de Santiago\",\"item\":\"https:\\\/\\\/www.pilgrim.es\\\/de\\\/\"},{\"@type\":\"ListItem\",\"position\":2,\"name\":\"Franz\u00f6sischer Weg | Etappe 31: Palas de Rei &#8211; Arz\u00faa\"}]},{\"@type\":\"WebSite\",\"@id\":\"https:\\\/\\\/www.pilgrim.es\\\/de\\\/#website\",\"url\":\"https:\\\/\\\/www.pilgrim.es\\\/de\\\/\",\"name\":\"Pilgrim\",\"description\":\"Camino de Santiago | Caminamos Contigo\",\"publisher\":{\"@id\":\"https:\\\/\\\/www.pilgrim.es\\\/de\\\/#organization\"},\"potentialAction\":[{\"@type\":\"SearchAction\",\"target\":{\"@type\":\"EntryPoint\",\"urlTemplate\":\"https:\\\/\\\/www.pilgrim.es\\\/de\\\/?s={search_term_string}\"},\"query-input\":{\"@type\":\"PropertyValueSpecification\",\"valueRequired\":true,\"valueName\":\"search_term_string\"}}],\"inLanguage\":\"de\"},{\"@type\":\"Organization\",\"@id\":\"https:\\\/\\\/www.pilgrim.es\\\/de\\\/#organization\",\"name\":\"Pilgrim Camino de Santiago\",\"url\":\"https:\\\/\\\/www.pilgrim.es\\\/de\\\/\",\"logo\":{\"@type\":\"ImageObject\",\"inLanguage\":\"de\",\"@id\":\"https:\\\/\\\/www.pilgrim.es\\\/de\\\/#\\\/schema\\\/logo\\\/image\\\/\",\"url\":\"https:\\\/\\\/www.pilgrim.es\\\/wp-content\\\/uploads\\\/2019\\\/04\\\/logo_pilgrim.png\",\"contentUrl\":\"https:\\\/\\\/www.pilgrim.es\\\/wp-content\\\/uploads\\\/2019\\\/04\\\/logo_pilgrim.png\",\"width\":512,\"height\":512,\"caption\":\"Pilgrim Camino de Santiago\"},\"image\":{\"@id\":\"https:\\\/\\\/www.pilgrim.es\\\/de\\\/#\\\/schema\\\/logo\\\/image\\\/\"},\"sameAs\":[\"https:\\\/\\\/www.facebook.com\\\/pilgrim.es\\\/\",\"https:\\\/\\\/x.com\\\/pilgrim_es\",\"https:\\\/\\\/www.instagram.com\\\/pilgrim.es\\\/\",\"https:\\\/\\\/www.linkedin.com\\\/company\\\/pilgrim-camino-de-santiago\\\/\",\"https:\\\/\\\/www.pinterest.es\\\/pilgrimcaminodesantiago\\\/\",\"https:\\\/\\\/www.youtube.com\\\/channel\\\/UCIv2ZzFLXVqthkNF32rKedw\\\/featured\"]}]}<\/script>\n<!-- \/ Yoast SEO plugin. -->","yoast_head_json":{"title":"Camino Franc\u00e9s desde Palas de Rei a Arz\u00faa | Camino de Santiago | Pilgrim","description":"Franz\u00f6sischer Weg: Etappe 31 des Jakobsweges, der zwischen Palas de Rei und Arz\u00faa verl\u00e4uft. Entdecken Sie alle interessanten Informationen und planen Sie Ihre Etappe.","robots":{"index":"index","follow":"follow","max-snippet":"max-snippet:-1","max-image-preview":"max-image-preview:large","max-video-preview":"max-video-preview:-1"},"canonical":"https:\/\/www.pilgrim.es\/de\/franzosischer-weg\/etappe-31-palas-arzua\/","og_locale":"de_DE","og_type":"article","og_title":"Camino Franc\u00e9s desde Palas de Rei a Arz\u00faa | Camino de Santiago | Pilgrim","og_description":"Franz\u00f6sischer Weg: Etappe 31 des Jakobsweges, der zwischen Palas de Rei und Arz\u00faa verl\u00e4uft. Entdecken Sie alle interessanten Informationen und planen Sie Ihre Etappe.","og_url":"https:\/\/www.pilgrim.es\/de\/franzosischer-weg\/etappe-31-palas-arzua\/","og_site_name":"Pilgrim","article_publisher":"https:\/\/www.facebook.com\/pilgrim.es\/","article_modified_time":"2025-03-24T15:25:43+00:00","og_image":[{"width":1633,"height":547,"url":"https:\/\/www.pilgrim.es\/wp-content\/uploads\/2019\/02\/camino_frances_etapa_31.jpg","type":"image\/jpeg"}],"twitter_card":"summary_large_image","twitter_site":"@pilgrim_es","twitter_misc":{"Gesch\u00e4tzte Lesezeit":"7\u00a0Minuten"},"schema":{"@context":"https:\/\/schema.org","@graph":[{"@type":"WebPage","@id":"https:\/\/www.pilgrim.es\/de\/franzosischer-weg\/etappe-31-palas-arzua\/","url":"https:\/\/www.pilgrim.es\/de\/franzosischer-weg\/etappe-31-palas-arzua\/","name":"Camino Franc\u00e9s desde Palas de Rei a Arz\u00faa | Camino de Santiago | Pilgrim","isPartOf":{"@id":"https:\/\/www.pilgrim.es\/de\/#website"},"primaryImageOfPage":{"@id":"https:\/\/www.pilgrim.es\/de\/franzosischer-weg\/etappe-31-palas-arzua\/#primaryimage"},"image":{"@id":"https:\/\/www.pilgrim.es\/de\/franzosischer-weg\/etappe-31-palas-arzua\/#primaryimage"},"thumbnailUrl":"https:\/\/www.pilgrim.es\/wp-content\/uploads\/2019\/02\/camino_frances_etapa_31.jpg","datePublished":"2019-03-07T10:41:41+00:00","dateModified":"2025-03-24T15:25:43+00:00","description":"Franz\u00f6sischer Weg: Etappe 31 des Jakobsweges, der zwischen Palas de Rei und Arz\u00faa verl\u00e4uft. Entdecken Sie alle interessanten Informationen und planen Sie Ihre Etappe.","breadcrumb":{"@id":"https:\/\/www.pilgrim.es\/de\/franzosischer-weg\/etappe-31-palas-arzua\/#breadcrumb"},"inLanguage":"de","potentialAction":[{"@type":"ReadAction","target":["https:\/\/www.pilgrim.es\/de\/franzosischer-weg\/etappe-31-palas-arzua\/"]}]},{"@type":"ImageObject","inLanguage":"de","@id":"https:\/\/www.pilgrim.es\/de\/franzosischer-weg\/etappe-31-palas-arzua\/#primaryimage","url":"https:\/\/www.pilgrim.es\/wp-content\/uploads\/2019\/02\/camino_frances_etapa_31.jpg","contentUrl":"https:\/\/www.pilgrim.es\/wp-content\/uploads\/2019\/02\/camino_frances_etapa_31.jpg","width":1633,"height":547,"caption":"Landkarte Etappe 31 Franz\u00f6sischer Weg"},{"@type":"BreadcrumbList","@id":"https:\/\/www.pilgrim.es\/de\/franzosischer-weg\/etappe-31-palas-arzua\/#breadcrumb","itemListElement":[{"@type":"ListItem","position":1,"name":"Camino de Santiago","item":"https:\/\/www.pilgrim.es\/de\/"},{"@type":"ListItem","position":2,"name":"Franz\u00f6sischer Weg | Etappe 31: Palas de Rei &#8211; Arz\u00faa"}]},{"@type":"WebSite","@id":"https:\/\/www.pilgrim.es\/de\/#website","url":"https:\/\/www.pilgrim.es\/de\/","name":"Pilgrim","description":"Camino de Santiago | Caminamos Contigo","publisher":{"@id":"https:\/\/www.pilgrim.es\/de\/#organization"},"potentialAction":[{"@type":"SearchAction","target":{"@type":"EntryPoint","urlTemplate":"https:\/\/www.pilgrim.es\/de\/?s={search_term_string}"},"query-input":{"@type":"PropertyValueSpecification","valueRequired":true,"valueName":"search_term_string"}}],"inLanguage":"de"},{"@type":"Organization","@id":"https:\/\/www.pilgrim.es\/de\/#organization","name":"Pilgrim Camino de Santiago","url":"https:\/\/www.pilgrim.es\/de\/","logo":{"@type":"ImageObject","inLanguage":"de","@id":"https:\/\/www.pilgrim.es\/de\/#\/schema\/logo\/image\/","url":"https:\/\/www.pilgrim.es\/wp-content\/uploads\/2019\/04\/logo_pilgrim.png","contentUrl":"https:\/\/www.pilgrim.es\/wp-content\/uploads\/2019\/04\/logo_pilgrim.png","width":512,"height":512,"caption":"Pilgrim Camino de Santiago"},"image":{"@id":"https:\/\/www.pilgrim.es\/de\/#\/schema\/logo\/image\/"},"sameAs":["https:\/\/www.facebook.com\/pilgrim.es\/","https:\/\/x.com\/pilgrim_es","https:\/\/www.instagram.com\/pilgrim.es\/","https:\/\/www.linkedin.com\/company\/pilgrim-camino-de-santiago\/","https:\/\/www.pinterest.es\/pilgrimcaminodesantiago\/","https:\/\/www.youtube.com\/channel\/UCIv2ZzFLXVqthkNF32rKedw\/featured"]}]}},"_links":{"self":[{"href":"https:\/\/www.pilgrim.es\/de\/wp-json\/wp\/v2\/pages\/12229","targetHints":{"allow":["GET"]}}],"collection":[{"href":"https:\/\/www.pilgrim.es\/de\/wp-json\/wp\/v2\/pages"}],"about":[{"href":"https:\/\/www.pilgrim.es\/de\/wp-json\/wp\/v2\/types\/page"}],"author":[{"embeddable":true,"href":"https:\/\/www.pilgrim.es\/de\/wp-json\/wp\/v2\/users\/4"}],"replies":[{"embeddable":true,"href":"https:\/\/www.pilgrim.es\/de\/wp-json\/wp\/v2\/comments?post=12229"}],"version-history":[{"count":12,"href":"https:\/\/www.pilgrim.es\/de\/wp-json\/wp\/v2\/pages\/12229\/revisions"}],"predecessor-version":[{"id":93612,"href":"https:\/\/www.pilgrim.es\/de\/wp-json\/wp\/v2\/pages\/12229\/revisions\/93612"}],"up":[{"embeddable":true,"href":"https:\/\/www.pilgrim.es\/de\/wp-json\/wp\/v2\/pages\/10659"}],"wp:featuredmedia":[{"embeddable":true,"href":"https:\/\/www.pilgrim.es\/de\/wp-json\/wp\/v2\/media\/11435"}],"wp:attachment":[{"href":"https:\/\/www.pilgrim.es\/de\/wp-json\/wp\/v2\/media?parent=12229"}],"wp:term":[{"taxonomy":"category","embeddable":true,"href":"https:\/\/www.pilgrim.es\/de\/wp-json\/wp\/v2\/categories?post=12229"},{"taxonomy":"post_tag","embeddable":true,"href":"https:\/\/www.pilgrim.es\/de\/wp-json\/wp\/v2\/tags?post=12229"}],"curies":[{"name":"wp","href":"https:\/\/api.w.org\/{rel}","templated":true}]}}