{"id":11918,"date":"2019-03-01T18:43:29","date_gmt":"2019-03-01T18:43:29","guid":{"rendered":"https:\/\/desarrollo.pilgrim.es\/franzosischer-weg\/etappe-28-triacastela-sarria\/"},"modified":"2025-07-01T08:19:31","modified_gmt":"2025-07-01T08:19:31","slug":"etappe-28-triacastela-sarria","status":"publish","type":"page","link":"https:\/\/www.pilgrim.es\/de\/franzosischer-weg\/etappe-28-triacastela-sarria\/","title":{"rendered":"Franz\u00f6sischer Weg | Etappe 28: Triacastela &#8211; Sarria"},"content":{"rendered":"\n<section id=\"heroStage\">\n\t<h1>Franz\u00f6sischer Weg &#8231; Etappe 28<\/h1>\n\t<div>\n\t\t<div class=\"hero\"\n\t\t\tdata-background=\"https:\/\/cdn.pilgrim.es\/web\/caminos\/camino-frances\/pueblos\/triacastela\/triacastela.jpg\">\n\t\t\t<div class=\"hero__container\">\n\t\t\t\t<div class=\"hero__container__labels\">\n\t\t\t\t\t<p>zu Fu<\/p>\n\t\t\t\t\t<p>33 EtappeN \/ 764 Kms<\/p>\n\t\t\t\t<\/div>\n\t\t\t\t<div class=\"hero__container__stage-name\">\n\t\t\t\t\t<h2>\n\t\t\t\t\t\tTriacastela <br \/>\n\t\t\t\t\t\t<span>&#10093;<\/span>\n\t\t\t\t\t\tSarria\n\t\t\t\t\t<\/h2>\n\t\t\t\t\t<p>17,8 Km<\/p>\n\t\t\t\t<\/div>\n\t\t\t\t<div class=\"hero__container__stage-changer\">\n\t\t\t\t\t<div class=\"stage-control\">\n\t\t\t\t\t\t<a class=\"stage-control__link\"\n\t\t\t\t\t\t\thref=\"https:\/\/www.pilgrim.es\/de\/franzosischer-weg\/etappe-27-o-cebreiro-triacastela\/\"><span>&#10094;<\/span> Etappe\n\t\t\t\t\t\t\t27<\/a>\n\t\t\t\t\t<\/div>\n\t\t\t\t\t<div class=\"stage-control\">\n\t\t\t\t\t\t<a class=\"stage-control__link\" href=\"https:\/\/www.pilgrim.es\/de\/franzosischer-weg\/etappe-29-sarria-portomarin\/\">Etappe\n\t\t\t\t\t\t\t29 <span>&#10095;<\/span><\/a>\n\t\t\t\t\t<\/div>\n\t\t\t\t<\/div>\n\t\t\t<\/div>\n\t\t<\/div>\n\t\t<div class=\"planner\"><div\r\n  class=\"p-col-span-1 p-rounded-lg p-px-5 p-h-full\"\r\n  style=\"background-image: url('https:\/\/cdn.pilgrim.es\/web\/pilgrim-planner\/bg-plugin-planificador.webp')\"\r\n  rel=\"preload\"\r\n  fetchpriority=\"high\"\r\n  >\r\n    <div class=\"p-text-center p-pt-5 p-text-white p-text-2xl p-font-semibold\">\r\n      Plane deinen Weg    <\/div>\r\n    <div\r\n            id='primary-app'\r\n            data-name='banner'\r\n            data-api='https:\/\/pathfinder.pilgrim.es\/api\/pathfinder\/v2'\r\n            data-mode='normal'\r\n            data-lang='de'\r\n            data-route='1'\r\n            data-destiny='https:\/\/planificador.pilgrim.es'\r\n            data-modality='1'\r\n            data-inline=''\r\n        ><\/div><\/div><\/div>\n\t<\/div>\n<\/section>\n\n<section id=\"scoreBarsStage\">\n\t<section>\r\n  <div class=\"p-flex p-flex-nowrap p-space-x-4 p-py-5 p-overflow-x-auto md:p-grid md:p-grid-cols-3 lg:p-grid-cols-5 md:p-gap-8 md:p-space-x-0 md:p-overflow-hidden scrollbar-thin\">\r\n    <div class=\"p-grid p-grid-cols-4 p-shrink-0 p-w-72 p-snap-start md:p-w-full\">\r\n        <div class=\"p-col-span-1 p-self-center p-text-center p-text-3xl\">\r\n            <i class=\"icon-influx\"><\/i>\r\n        <\/div>\r\n        <div class=\"p-col-span-3 p-flex p-flex-col p-items-start\">\r\n            <div class=\"p-text-start p-text-secondary p-mb-1 p-bold\"> Zustrom <\/div>\r\n            <div class=\"p-w-full p-bg-light p-rounded-full p-h-2 p-relative\">\r\n                <div class=\"p-bg-primary p-h-2 p-rounded-full p-absolute\" style=\"width: 40%;\"><\/div>\r\n            <\/div>\r\n        <\/div>\r\n    <\/div>\r\n\r\n    <div class=\"p-grid p-grid-cols-4 p-shrink-0 p-w-72 p-snap-start md:p-w-full\">\r\n        <div class=\"p-col-span-1 p-self-center p-text-center p-text-3xl\">\r\n            <i class=\"icon-difficulty\"><\/i>\r\n        <\/div>\r\n        <div class=\"p-col-span-3 p-flex p-flex-col p-items-start\">\r\n            <div class=\"p-text-start p-text-secondary p-mb-1 p-bold\"> Schwierigkeitsgrad <\/div>\r\n            <div class=\"p-w-full p-bg-light p-rounded-full p-h-2 p-relative\">\r\n                <div class=\"p-bg-primary p-h-2 p-rounded-full p-absolute\" style=\"width: 80%;\"><\/div>\r\n            <\/div>\r\n        <\/div>\r\n    <\/div>\r\n\r\n    <div class=\"p-grid p-grid-cols-4 p-shrink-0 p-w-72 p-snap-start md:p-w-full\">\r\n        <div class=\"p-col-span-1 p-self-center p-text-center p-text-3xl\">\r\n            <i class=\"icon-patrimony\"><\/i>\r\n        <\/div>\r\n        <div class=\"p-col-span-3 p-flex p-flex-col p-items-start\">\r\n            <div class=\"p-text-start p-text-secondary p-mb-1 p-bold\"> Kunst\/Geschichte <\/div>\r\n            <div class=\"p-w-full p-bg-light p-rounded-full p-h-2 p-relative\">\r\n                <div class=\"p-bg-primary p-h-2 p-rounded-full p-absolute\" style=\"width: 60%;\"><\/div>\r\n            <\/div>\r\n        <\/div>\r\n    <\/div>\r\n\r\n    <div class=\"p-grid p-grid-cols-4 p-shrink-0 p-w-72 p-snap-start md:p-w-full\">\r\n        <div class=\"p-col-span-1 p-self-center p-text-center p-text-3xl\">\r\n            <i class=\"icon-nature\"><\/i>\r\n        <\/div>\r\n        <div class=\"p-col-span-3 p-flex p-flex-col p-items-start\">\r\n            <div class=\"p-text-start p-text-secondary p-mb-1 p-bold\"> Natur <\/div>\r\n            <div class=\"p-w-full p-bg-light p-rounded-full p-h-2 p-relative\">\r\n                <div class=\"p-bg-primary p-h-2 p-rounded-full p-absolute\" style=\"width: 80%;\"><\/div>\r\n            <\/div>\r\n        <\/div>\r\n    <\/div>\r\n\r\n    <div class=\"p-grid p-grid-cols-4 p-shrink-0 p-w-72 p-snap-start md:p-w-full\">\r\n        <div class=\"p-col-span-1 p-self-center p-text-center p-text-3xl\">\r\n            <i class=\"icon-urban\"><\/i>\r\n        <\/div>\r\n        <div class=\"p-col-span-3 p-flex p-flex-col p-items-start\">\r\n            <div class=\"p-text-start p-text-secondary p-mb-1 p-bold\"> St\u00e4dtischer Weg <\/div>\r\n            <div class=\"p-w-full p-bg-light p-rounded-full p-h-2 p-relative\">\r\n                <div class=\"p-bg-primary p-h-2 p-rounded-full p-absolute\" style=\"width: 20%;\"><\/div>\r\n            <\/div>\r\n        <\/div>\r\n    <\/div>\r\n  <\/div>\r\n<\/section>\n<\/section>\n\n<div id=\"stage-list-section\"><div class=\"stage-list\">\n    <div class='stage-list__map-card'>\n        <div class='stage-list__map-card__map'>\n            <div class='stage-list__map-card__map__text'>\n                <h2> Pages <\/h2>\n                <p> Zu Fu\u00df<\/p>\n                <p> 0etappen<\/p>\n            <\/div>\n            <div class='stage-list__map-card__map__img'>\n                <img decoding=\"async\" src=\"\" alt=\" mapa \" \/>\n            <\/div>\n        <\/div>\n    <\/div>\n\n    <\/div>\n<\/div>\n\n<section id=\"navStage\">\n\t<div>\n\t\t<nav id=\"tab-navigation-section\" class=\"tab-navigation-section--cols-4\">\n\t\t\t<a href=\"#infoSection\" class=\"active\">Information<\/a>\n\t\t\t<a href=\"#profileSection\">Profil<\/a>\n\t\t\t<a href=\"#itinerarySection\">Route<\/a>\n\t\t\t<a href=\"#locationsSection\">Ortschaften<\/a>\n\t\t<\/nav>\n\n\t\t<div id=\"infoSection\">\n\t\t\t<!-- Title Section with Orange Line -->\n\t\t\t<div>\n\t\t\t\t<h2 class=\"p-h2-stage\">Information<\/h2>\n\t\t\t\t<hr class=\"orange-bar\" \/>\n\t\t\t\t<h3 class=\"p-h3-stage\">\u00dcber diese Etappe<\/h3>\n\t\t\t<\/div>\n\n\n\t\t\t<p>\u00dcber San Xil oder \u00fcber Samos? Ein gro\u00dfes Dilemma, denn beides sind Wege von\n\t\t\t\th\u00f6chstem Interesse. Durch das Tal von San Xil durchqueren wir eines der sch\u00f6nsten\n\t\t\t\tT\u00e4ler der gesamten Jakobsroute; durch Samos, das 7,2 km l\u00e4nger ist, durchqueren wir\n\t\t\t\tspektakul\u00e4re Eichen- und Kastanienw\u00e4lder an den Ufern des Flusses Oribio (oder Sarria),\n\t\t\t\tund wir besuchen auch das au\u00dfergew\u00f6hnliche Kloster von Samos.\n\t\t\t<\/p>\n\n\t\t\t<p>Auf dieser Etappe k\u00f6nnen wir die magische und stille Natur zwischen W\u00e4ldern und\n\t\t\t\tD\u00f6rfern genie\u00dfen, die nicht allzu viele Dienstleistungen f\u00fcr den Pilger bereithalten, so\n\t\t\t\tdass die Versorgung in der Mitte dieser Etappe viel komplizierter ist als an jedem\n\t\t\t\tanderen Punkt unseres Weges.\n\t\t\t<\/p>\n\n\n\t\t\t<div class=\"recomendation-card\">\n\t\t\t\t<div>\n\t\t\t\t\t<i class=\"icon-logo-pilgrim\"><\/i>\n\t\t\t\t\t<h5>Empfehlung Pilgrim<\/h5>\n\t\t\t\t<\/div>\n\n\n\t\t\t\t<p>F\u00fcr Pilger auf R\u00e4dern ist diese eine einfache Etappe, da sie lange Strecken \u00fcber Asphalt verl\u00e4uft. Es\n\t\t\t\t\tsollte daher stets auf den Auto- Verkehr geachtet werden, da sie zahlreiche Stellen aufweist, an\n\t\t\t\t\tdenen kein Randstreifen vorhanden ist. Wenn wir den Verlauf nach Samos w\u00e4hlen, k\u00f6nnen wir beim\n\t\t\t\t\tVerlassen des Ortes entscheiden, die Strecke in Richtung Sarria weiterhin \u00fcber Asphalt zu\n\t\t\t\t\tbew\u00e4ltigen- anstatt den Aufstieg der markierten Route nach Pascais in Kauf zu nehmen. Wir werden\n\t\t\t\t\tkurze, komplizierte Abschnitte f\u00fcr Radfahrer und Personen mit eingeschr\u00e4nkter Bewegungsfreiheit\n\t\t\t\t\tvorfinden: lose Steine auf dem Weg k\u00f6nnen bei Regenwetter das Vorankommen erschweren. <\/p>\n\n\t\t\t\t<p>Personen mit eingeschr\u00e4nkter Bewegungsfreiheit oder geringer k\u00f6rperlicher Verfassung k\u00f6nnen auf den\n\t\t\t\t\tBergauf- Strecken mit den steilen H\u00e4ngen, die wir in dieser Etappe finden, Schwierigkeiten haben.\n\t\t\t\t\tEntlang der am meisten vernachl\u00e4ssigten Zonen, k\u00f6nnten uns sogar gefallene B\u00e4ume und \u00c4ste den\n\t\t\t\t\tFortgang erschwerlich machen. Es ist besonders wichtig zu beachten, dass das Fehlen eines\n\t\t\t\t\tRandstreifens f\u00fcr alle ein ernstes Problem ist, insbesondere wenn wir uns im Rollstuhl oder mit dem\n\t\t\t\t\tFahrrad bewegen.<\/p>\n\n\t\t\t<\/div>\n\t\t<\/div>\n\n\t\t<div id=\"profileSection\">\n\t\t\t<nav class=\"nav-tab-info nav-tab-info--2-cols\">\n\t\t\t\t<button id=\"sanXilTab\" class=\"nav-different-ways-info active\">\n\t\t\t\t\tVariante \u00fcber San Xil\n\t\t\t\t<\/button>\n\t\t\t\t<button id=\"samosTab\" class=\"nav-different-ways-info\">\n\t\t\t\t\tVariante \u00fcber Samos\n\t\t\t\t<\/button>\n\t\t\t<\/nav>\n\t\t\t<div>\n\t\t\t\t<h2 class=\"p-h2-stage\">Entfernung und H\u00f6he<\/h2>\n\t\t\t\t<hr class=\"orange-bar\" \/>\n\t\t\t\t<div class=\"sanXilContent\">\n\t\t\t\t\t<h3 class=\"p-h3-stage\">Etappenprofil durch San Xil<\/h3>\n\t\t\t\t\t<img decoding=\"async\" src=\"https:\/\/cdn.pilgrim.es\/web\/caminos\/camino-frances\/etapas\/etapa-28-triacastela-sarria\/etapa28b-perfil-triacastela-sarria.jpg\"\n\t\t\t\t\t\talt=\"Etappenprofil durch Samos\" \/>\n\t\t\t\t<\/div>\n\t\t\t\t<div class=\"samosContent p-hidden\">\n\t\t\t\t\t<h3 class=\"p-h3-stage\">Etappenprofil durch Samos<\/h3>\n                                        <img decoding=\"async\" src=\"https:\/\/cdn.pilgrim.es\/web\/caminos\/camino-frances\/etapas\/etapa-28-triacastela-sarria\/etapa28a-perfil-triacastela-sarria.jpg\"\n\t\t\t\t\t\talt=\"Etappenprofil durch San Xil\" \/>\n\t\t\t\t\t\n\t\t\t\t<\/div>\n\t\t\t<\/div>\n\t\t<\/div>\n\n\t\t<div id=\"itinerarySection\">\n\t\t\t<h2 class=\"p-h2-stage\">Route<\/h2>\n\t\t\t<hr \/>\n\t\t\t<div class=\"sanXilContent\">\n\t\t\t\t<h3 class=\"p-h3-stage\">Reiseplan durch San Xil<\/h3>\n\t\t\t\t<div>\n\t\t\t\t\t<h4>Km 0 &#8231; Triacastela<\/h4>\n\t\t\t\t\t<p>\n\t\t\t\t\t\tAm Ende der lange Allee Avenida Camilo Jos\u00e9 Cela biegen wir rechts ab (links, um durch\n\t\t\t\t\t\tSamos zu laufen), kommen auf die Stra\u00dfe LU-633 und \u00fcberqueren diese, um eine lokale\n\t\t\t\t\t\tStra\u00dfe in Richtung San Xil zu nehmen.\n\t\t\t\t\t<\/p>\n\t\t\t\t\t<a class=\"town-link\" href=\"https:\/\/www.pilgrim.es\/de\/franzosischer-weg\/triacastela\/\">\n\t\t\t\t\t\t<div class=\"town-link__link-content\">\n\t\t\t\t\t\t\t<div class=\"town-link__link-content__text\">\n\t\t\t\t\t\t\t\t<p>Lokale informationen<\/p>\n\t\t\t\t\t\t\t\t<p>Polizei, medizinische Versorgung, Sehensw\u00fcrdigkeiten, Restaurants\u2026<\/p>\n\t\t\t\t\t\t\t<\/div>\n\t\t\t\t\t\t\t<div class=\"town-link__link-content__town-btn\">\n\t\t\t\t\t\t\t\t<i class=\"icon-arrow\"><\/i>\n\t\t\t\t\t\t\t<\/div>\n\t\t\t\t\t\t<\/div>\n\t\t\t\t\t<\/a>\n\t\t\t\t<\/div>\n\t\t\t\t<hr \/>\n\n\t\t\t\t<div>\n\n\t\t\t\t\t<h4>Km 1,9 &#8231; A Balsa<\/h4>\n\n\t\t\t\t\t<p>\n\t\t\t\t\t\tAuf einem unbefestigten Weg geht es stetig bergauf bis zur Fonte dos Lameiros, die an\n\t\t\t\t\t\teiner gro\u00dfen Muschel zu erkennen ist; danach setzen wir unseren Aufstieg auf einem\n\t\t\t\t\t\tasphaltierten Weg fort.\n\t\t\t\t\t<\/p>\n\t\t\t\t<\/div>\n\t\t\t\t<hr \/>\n\n\t\t\t\t<div>\n\n\t\t\t\t\t<h4>Km 3,7 &#8231; San Xil<\/h4>\n\n\t\t\t\t\t<p>\n\t\t\t\t\t\tWir steigen auf demselben Weg weiter auf. Nach knapp zwei Kilometern erreichen wir den\n\t\t\t\t\t\tAlto de Riocabo und fahren in gleicher Richtung weiter. Weiter geht es durch einen\n\t\t\t\t\t\tsch\u00f6nen Korridor, der durch einen von Kastanien und Eichen dominierten Wald f\u00fchrt.\n\t\t\t\t\t<\/p>\n\t\t\t\t<\/div>\n\t\t\t\t<hr \/>\n\n\t\t\t\t<div>\n\n\t\t\t\t\t<h4>Km 6,7 &#8231; Mont\u00e1n<\/h4>\n\n\t\t\t\t\t<p>\n\t\t\t\t\t\tWir fahren weiter bergab, durchqueren das Dorf Fontearcuda, \u00fcberqueren die Stra\u00dfe LUP-5602 und\n\t\t\t\t\t\ttreffen wenig sp\u00e4ter auf dieselbe Stra\u00dfe, um nach Furela weiterzufahren.\n\t\t\t\t\t<\/p>\n\t\t\t\t<\/div>\n\t\t\t\t<hr \/>\n\n\t\t\t\t<div>\n\n\t\t\t\t\t<h4>Km 9,9 &#8231; Furela<\/h4>\n\n\t\t\t\t\t<p>\n\t\t\t\t\t\tAm Ortsausgang von Furela \u00fcberqueren wir erneut die Stra\u00dfe LU-P-5602 und gehen auf\n\t\t\t\t\t\teinem parallel zu ihr verlaufenden Weg weiter.\n\t\t\t\t\t<\/p>\n\t\t\t\t<\/div>\n\t\t\t\t<hr \/>\n\n\t\t\t\t<div>\n\n\t\t\t\t\t<h4>Km 11,1 &#8231; Pint\u00edn<\/h4>\n\n\t\t\t\t\t<p>\n\t\t\t\t\t\tWir gehen weiter in dieselbe Richtung, kehren wieder zur Stra\u00dfe zur\u00fcck und nehmen die\n\t\t\t\t\t\tAbk\u00fcrzung nach links.\n\t\t\t\t\t<\/p>\n\t\t\t\t<\/div>\n\t\t\t\t<hr \/>\n\n\t\t\t\t<div>\n\t\t\t\t\t<h4>Km 12,7 &#8231; Calvor<\/h4>\n\t\t\t\t\t<p>\n\t\t\t\t\t\tWir gehen ein paar Meter auf der Stra\u00dfe LU-P-5602, bis wir sie \u00fcberqueren und einen\n\t\t\t\t\t\tWeg nach rechts nehmen.\n\t\t\t\t\t<\/p>\n\t\t\t\t<\/div>\n\t\t\t\t<hr \/>\n\n\t\t\t\t<div>\n\t\t\t\t\t<h4>Km 13,3 &#8231; Aguiada<\/h4>\n\t\t\t\t\t<p>\n\t\t\t\t\t\tWir kehren auf der gleichen Stra\u00dfe LU-P-5602 zur\u00fcck und folgen ihr parallel.\n\t\t\t\t\t<\/p>\n\t\t\t\t<\/div>\n\t\t\t\t<hr \/>\n\n\t\t\t\t<div>\n\t\t\t\t\t<h4>Km 14 &#8231; San Mamede do Cami\u00f1o<\/h4>\n\t\t\t\t\t<p>\n\t\t\t\t\t\t\u00dcber einen Fu\u00dfg\u00e4ngerweg, der parallel zur Stra\u00dfe LU-P-5602 verl\u00e4uft, erreichen wir\n\t\t\t\t\t\tSarria. Wir erreichen die Strasse R\u00faa Calvo Sotelo (LU-633): Wir \u00fcberqueren sie und\n\t\t\t\t\t\tlaufen geradeaus weiter \u00fcber die Strasse R\u00faa Mestre Saavedra und die Strasse R\u00faa do\n\t\t\t\t\t\tPeregrino. Wir \u00fcberqueren den Fluss Sarria, folgen der Allee Avenida Benigno Quiroga\n\t\t\t\t\t\tetwa 40 Meter nach rechts und biegen dann links in eine Fu\u00dfg\u00e4ngertreppe (Escalinata\n\t\t\t\t\t\tMaior) ein, die uns zur Strasse R\u00faa Maior hinauff\u00fchrt.\n\t\t\t\t\t<\/p>\n\t\t\t\t<\/div>\n\t\t\t\t<hr \/>\n\n\t\t\t\t<div>\n\t\t\t\t\t<h4>Km 17,8 &#8231; Sarria<\/h4>\n\t\t\t\t\t<a class=\"town-link\" href=\"https:\/\/www.pilgrim.es\/de\/franzosischer-weg\/sarria\/\">\n\t\t\t\t\t\t<div class=\"town-link__link-content\">\n\t\t\t\t\t\t\t<div class=\"town-link__link-content__text\">\n\t\t\t\t\t\t\t\t<p>Lokale informationen<\/p>\n\t\t\t\t\t\t\t\t<p>Polizei, medizinische Versorgung, Sehensw\u00fcrdigkeiten, Restaurants\u2026<\/p>\n\t\t\t\t\t\t\t<\/div>\n\t\t\t\t\t\t\t<div class=\"town-link__link-content__town-btn\">\n\t\t\t\t\t\t\t\t<i class=\"icon-arrow\"><\/i>\n\t\t\t\t\t\t\t<\/div>\n\t\t\t\t\t\t<\/div>\n\t\t\t\t\t<\/a>\n\t\t\t\t<\/div>\n\t\t\t<\/div>\n\t\t\t<div class=\"samosContent p-hidden\">\n\t\t\t\t<h3 class=\"p-h3-stage\">Reiseplan durch Samos<\/h3>\n\t\t\t\t<div>\n\t\t\t\t\t<h4>Km 0 &#8231; Triacastela<\/h4>\n\t\t\t\t\t<p>\n\t\t\t\t\t\tWir \u00fcberqueren die Hauptstra\u00dfe von Triacastela, um den Ort zu verlassen, und hier m\u00fcssen wir die\n\t\t\t\t\t\tEntscheidung treffen, die unsere Reise bestimmen wird. Am Ortsausgang erwartet uns eine\n\t\t\t\t\t\tWeggabelung, an der wir die Wahl haben, die Umgehungsstra\u00dfe von Samos zu nehmen oder die oben\n\t\t\t\t\t\tbeschriebene urspr\u00fcngliche Route fortzusetzen. In diesem Fall entscheiden wir uns f\u00fcr die linke\n\t\t\t\t\t\tRoute, die auf dem Seitenstreifen der Stra\u00dfe verl\u00e4uft und uns durch Samos f\u00fchren wird.\n\t\t\t\t\t<\/p>\n\t\t\t\t\t<a class=\"town-link\" href=\"https:\/\/www.pilgrim.es\/de\/franzosischer-weg\/triacastela\/\">\n\t\t\t\t\t\t<div class=\"town-link__link-content\">\n\t\t\t\t\t\t\t<div class=\"town-link__link-content__text\">\n\t\t\t\t\t\t\t\t<p>Lokale informationen<\/p>\n\t\t\t\t\t\t\t\t<p>Polizei, medizinische Versorgung, Sehensw\u00fcrdigkeiten, Restaurants\u2026<\/p>\n\t\t\t\t\t\t\t<\/div>\n\t\t\t\t\t\t\t<div class=\"town-link__link-content__town-btn\">\n\t\t\t\t\t\t\t\t<i class=\"icon-arrow\"><\/i>\n\t\t\t\t\t\t\t<\/div>\n\t\t\t\t\t\t<\/div>\n\t\t\t\t\t<\/a>\n\t\t\t\t<\/div>\n\t\t\t\t<hr \/>\n\n\t\t\t\t<div>\n\n\t\t\t\t\t<h4>Km 4 &#8231; San Cristovo do Real<\/h4>\n\n\t\t\t\t\t<p>\n\t\t\t\t\t\tWir kommen in San Cristovo do Real an, wo sich der Pazo de Lus\u00edo befindet. Wir m\u00fcssen der Stra\u00dfe\n\t\t\t\t\t\tnach Renche folgen. Es gibt gelbe Pfeile auf der rechten Seite der Stra\u00dfe, aber das ist ein\n\t\t\t\t\t\tgr\u00f6\u00dferes Risiko, da wir in die gleiche Richtung wie der Verkehr gehen.\n\t\t\t\t\t<\/p>\n\t\t\t\t<\/div>\n\t\t\t\t<hr \/>\n\n\t\t\t\t<div>\n\n\t\t\t\t\t<h4>Km 5,6 &#8231; Renche<\/h4>\n\n\t\t\t\t\t<p>\n\t\t\t\t\t\tWir \u00fcberqueren den Fluss Oribio, der von nun an Sarria genannt wird. In der N\u00e4he des Flusses\n\t\t\t\t\t\tsteigen wir zum Dorf Lastres hinauf, wo wir einen Weg nehmen, um Freituxe zu erreichen.\n\t\t\t\t\t<\/p>\n\t\t\t\t<\/div>\n\t\t\t\t<hr \/>\n\n\t\t\t\t<div>\n\n\t\t\t\t\t<h4>Km 7,3 &#8231; Freituxe<\/h4>\n\t\t\t\t\t<p>\n\t\t\t\t\t\tWir durchqueren das Dorf und beginnen den Abstieg zum n\u00e4chsten Dorf.\n\t\t\t\t\t<\/p>\n\t\t\t\t<\/div>\n\t\t\t\t<hr \/>\n\n\t\t\t\t<div>\n\t\t\t\t\t<h4>Km 8,6 &#8231; San Marti\u00f1o do Real<\/h4>\n\t\t\t\t\t<p>\n\t\t\t\t\t\tWir \u00fcberqueren die Stra\u00dfe LU-633 durch einen Tunnel und fahren weiter nach Samos, wo sich ein\n\t\t\t\t\t\tvon einer imposanten Mauer umgebenes Benediktinerkloster aus dem 17. Jahrhundert, das von einer\n\t\t\t\t\t\timposanten Mauer umgeben ist und von jedermann besichtigt werden kann. Nur wenige hundert Meter\n\t\t\t\t\t\tentfernt befindet sich ein weiteres interessantes Bauwerk, die Kapelle des Erl\u00f6sers, die im 9.\n\t\t\t\t\t<\/p>\n\t\t\t\t<\/div>\n\t\t\t\t<hr \/>\n\n\t\t\t\t<div>\n\n\t\t\t\t\t<h4>Km 10,2 &#8231; Samos<\/h4>\n\t\t\t\t\t<p>\n\t\t\t\t\t\tIn Samos werden die ber\u00fchmten Biskuitkuchen nach dem Rezept des Klosters hergestellt, das auf\n\t\t\t\t\t\teine mehr als 250-j\u00e4hrige Geschichte zur\u00fcckblicken kann. Wir durchqueren das Dorf entlang der\n\t\t\t\t\t\tHauptallee und nehmen die Stra\u00dfe LU-663. Wir kommen an einem Pilgerdenkmal vorbei und erreichen\n\t\t\t\t\t\tTeigu\u00edn, wo wir Tische finden, um zu Mittag zu essen oder uns f\u00fcr ein paar Minuten auszuruhen.\n\t\t\t\t\t\tWir verlassen die Stra\u00dfe und nehmen einen Weg, der uns \u00fcber einen steilen Anstieg nach Pascais\n\t\t\t\t\t\tf\u00fchrt.\n\t\t\t\t\t<\/p>\n\t\t\t\t<\/div>\n\t\t\t\t<hr \/>\n\n\t\t\t\t<div>\n\t\t\t\t\t<h4>Km 13,4 &#8231; Pascais<\/h4>\n\t\t\t\t\t<p>\n\t\t\t\t\t\tNach Pascais geht es \u00fcber eine &#8222;corredeira&#8220; auf der linken Seite hinunter.\n\t\t\t\t\t<\/p>\n\t\t\t\t<\/div>\n\t\t\t\t<hr \/>\n\n\t\t\t\t<div>\n\t\t\t\t\t<h4>Km 15,3 &#8231; Gorolfe<\/h4>\n\t\t\t\t\t<p>\n\t\t\t\t\t\tWeiter geht es \u00fcber mehrere geteerte Stra\u00dfen nach Sivil.\n\t\t\t\t\t<\/p>\n\t\t\t\t<\/div>\n\t\t\t\t<hr \/>\n\n\t\t\t\t<div>\n\t\t\t\t\t<h4>Km 18,6 &#8231; Sivil<\/h4>\n\t\t\t\t\t<p>\n\t\t\t\t\t\tWir verabschieden uns von der Gemeinde Samos und fahren \u00fcber Perros in die Gemeinde Sarria.\n\t\t\t\t\t\tNachdem wir die Stra\u00dfe \u00fcberquert haben, erreichen wir Aguiada.\n\t\t\t\t\t<\/p>\n\t\t\t\t<\/div>\n\t\t\t\t<hr \/>\n\n\t\t\t\t<div>\n\t\t\t\t\t<h4>Km 20,5 &#8231; Aguiada<\/h4>\n\t\t\t\t\t<p>\n\t\t\t\t\t\tHier ist der Anschlusspunkt f\u00fcr die Pilger, die von der Umgehungsstra\u00dfe von San Xil kommen. Wir\n\t\t\t\t\t\tgehen parallel zur Stra\u00dfe weiter.\n\t\t\t\t\t<\/p>\n\t\t\t\t<\/div>\n\t\t\t\t<hr \/>\n\n\t\t\t\t<div>\n\t\t\t\t\t<h4>Km 21,2 &#8231; San Mamede do Cami\u00f1o<\/h4>\n\t\t\t\t\t<p>\n\t\t\t\t\t\tNachdem wir dieses Dorf durchquert haben, fahren wir weiter auf einem Weg, der parallel zur\n\t\t\t\t\t\tStra\u00dfe verl\u00e4uft und uns nach Sarria f\u00fchren wird.\n\t\t\t\t\t<\/p>\n\t\t\t\t<\/div>\n\t\t\t\t<hr \/>\n\n\t\t\t\t<div>\n\t\t\t\t\t<h4>Km 25 &#8231; Sarria<\/h4>\n\t\t\t\t\t<a class=\"town-link\" href=\"https:\/\/www.pilgrim.es\/de\/franzosischer-weg\/sarria\/\">\n\t\t\t\t\t\t<div class=\"town-link__link-content\">\n\t\t\t\t\t\t\t<div class=\"town-link__link-content__text\">\n\t\t\t\t\t\t\t\t<p>Lokale informationen<\/p>\n\t\t\t\t\t\t\t\t<p>Polizei, medizinische Versorgung, Sehensw\u00fcrdigkeiten, Restaurants\u2026<\/p>\n\t\t\t\t\t\t\t<\/div>\n\t\t\t\t\t\t\t<div class=\"town-link__link-content__town-btn\">\n\t\t\t\t\t\t\t\t<i class=\"icon-arrow\"><\/i>\n\t\t\t\t\t\t\t<\/div>\n\t\t\t\t\t\t<\/div>\n\t\t\t\t\t<\/a>\n\t\t\t\t<\/div>\n\t\t\t<\/div>\n\t\t<\/div>\n\n\t\t<div id=\"locationsSection\">\n\t\t\t<h2 class=\"p-h2-stage\">\u00d6rtlichkeiten<\/h2>\n\t\t\t<hr \/>\n\t\t\t<h3 class=\"p-h3-stage\">St\u00e4dte<\/h3>\n\t\t\t<div class=\"grid-container\">\n\n\t\t\t\t<div class=\"p-group card-stage p-max-w-full\">\n\t\t\t\t\t<a href=\"https:\/\/www.pilgrim.es\/de\/franzosischer-weg\/triacastela\/\" class=\"town-card\">\n\t\t\t\t\t\t<div class=\"card-stage__header\">\n\t\t\t\t\t\t\t<img decoding=\"async\" src=\"https:\/\/cdn.pilgrim.es\/web\/caminos\/camino-frances\/pueblos\/triacastela\/triacastela.jpg\"\n\t\t\t\t\t\t\t\talt=\"Triacastela\" class=\"group-hover:p-scale-110\" \/>\n\t\t\t\t\t\t\t<div class=\"card-overlay group-hover:p-opacity-50\"><\/div>\n\t\t\t\t\t\t<\/div>\n\t\t\t\t\t\t<div class=\"town-card__flex-container\">\n\t\t\t\t\t\t\t<div class=\"town-card__flex-container__info\">\n\t\t\t\t\t\t\t\t<h3>Triacastela<\/h3>\n\t\t\t\t\t\t\t\t<p>Provinz: Lugo<\/p>\n\t\t\t\t\t\t\t<\/div>\n\t\t\t\t\t\t\t<div class=\"town-card__flex-container__btn\">\n\t\t\t\t\t\t\t\t<i class=\"icon-arrow\"><\/i>\n\t\t\t\t\t\t\t<\/div>\n\t\t\t\t\t\t<\/div>\n\t\t\t\t\t<\/a>\n\t\t\t\t<\/div>\n\t\t\t\t<div class=\"p-group card-stage p-max-w-full\">\n\t\t\t\t\t<a href=\"https:\/\/www.pilgrim.es\/de\/franzosischer-weg\/sarria\/\" class=\"town-card\">\n\t\t\t\t\t\t<div class=\"card-stage__header\">\n\t\t\t\t\t\t\t<img decoding=\"async\" src=\"https:\/\/cdn.pilgrim.es\/web\/caminos\/camino-frances\/pueblos\/sarria\/sarria.jpg\"\n\t\t\t\t\t\t\t\talt=\"Sarria\" class=\"group-hover:p-scale-110\" \/>\n\t\t\t\t\t\t\t<div class=\"card-overlay group-hover:p-opacity-50\"><\/div>\n\t\t\t\t\t\t<\/div>\n\t\t\t\t\t\t<div class=\"town-card__flex-container\">\n\t\t\t\t\t\t\t<div class=\"town-card__flex-container__info\">\n\t\t\t\t\t\t\t\t<h3>Sarria<\/h3>\n\t\t\t\t\t\t\t\t<p>Provinz: Lugo<\/p>\n\t\t\t\t\t\t\t<\/div>\n\t\t\t\t\t\t\t<div class=\"town-card__flex-container__btn\">\n\t\t\t\t\t\t\t\t<i class=\"icon-arrow\"><\/i>\n\t\t\t\t\t\t\t<\/div>\n\t\t\t\t\t\t<\/div>\n\t\t\t\t\t<\/a>\n\t\t\t\t<\/div>\n\t\t\t<\/div>\n\t\t<\/div>\n\t\t<hr class=\"single-bar\" \/>\n\t<\/div>\n<\/section>\n\n<section id=\"stageChange\">\n\t<div>\n\t\t<a href=\"https:\/\/www.pilgrim.es\/de\/franzosischer-weg\/etappe-27-o-cebreiro-triacastela\/\" class=\"change-btn\">\n\t\t\t<div class=\"change-btn\">\n\t\t\t\t<div class=\"btn-arrow previous\">\n\t\t\t\t\t<i class=\"icon-arrow\"><\/i>\n\t\t\t\t<\/div>\n\t\t\t\t<div class=\"change-btn__info\">\n\t\t\t\t\t<div>Etappe 27<\/div>\n\t\t\t\t\t<p>\n\t\t\t\t\t\tO Cebreiro \u276f <br> Triacastela\n\t\t\t\t\t<\/p>\n\t\t\t\t<\/div>\n\t\t\t<\/div>\n\t\t<\/a>\n\t\t<a href=\"https:\/\/www.pilgrim.es\/de\/franzosischer-weg\/etappe-29-sarria-portomarin\/\" class=\"change-btn\">\n\t\t\t<div class=\"change-btn__info\">\n\t\t\t\t<div>Etappe 29<\/div>\n\t\t\t\t<p>\n\t\t\t\t\tSarria \u276f <br> Portomar\u00edn\n\t\t\t\t<\/p>\n\t\t\t<\/div>\n\t\t\t<div class=\"btn-arrow\">\n\t\t\t\t<i class=\"icon-arrow\"><\/i>\n\t\t\t<\/div>\n\t\t<\/a>\n\t<\/div>\n<\/section>\n","protected":false},"excerpt":{"rendered":"<p>Franz\u00f6sischer Weg &#8231; Etappe 28 zu Fu 33 EtappeN \/ 764 Kms Triacastela &#10093; Sarria 17,8 Km &#10094; Etappe 27 Etappe 29 &#10095; Information Profil Route Ortschaften Information \u00dcber diese Etappe \u00dcber San Xil oder \u00fcber Samos? Ein gro\u00dfes Dilemma, denn beides sind Wege von h\u00f6chstem Interesse. Durch das Tal von San Xil durchqueren wir &hellip; <\/p>\n<p class=\"read_more\"><a href=\"https:\/\/www.pilgrim.es\/de\/franzosischer-weg\/etappe-28-triacastela-sarria\/\">Leer m\u00e1s<\/a><\/p>\n","protected":false},"author":4,"featured_media":11406,"parent":10659,"menu_order":0,"comment_status":"closed","ping_status":"closed","template":"views\/template-new-web-design.blade.php","meta":{"footnotes":""},"categories":[],"tags":[],"class_list":["post-11918","page","type-page","status-publish","has-post-thumbnail","hentry"],"yoast_head":"<!-- This site is optimized with the Yoast SEO plugin v27.4 - https:\/\/yoast.com\/product\/yoast-seo-wordpress\/ -->\n<title>Camino Franc\u00e9s desde Triacastela a Sarria | Camino de Santiago | Pilgrim<\/title>\n<meta name=\"description\" content=\"Franz\u00f6sischer Weg: Etappe 28 des Jakobsweges, der zwischen Triacastela und Sarria verl\u00e4uift. Entdecken Sie alle notwendigen Informationen und planen Sie Ihre Etappe.\" \/>\n<meta name=\"robots\" content=\"index, follow, max-snippet:-1, max-image-preview:large, max-video-preview:-1\" \/>\n<link rel=\"canonical\" href=\"https:\/\/www.pilgrim.es\/de\/franzosischer-weg\/etappe-28-triacastela-sarria\/\" \/>\n<meta property=\"og:locale\" content=\"de_DE\" \/>\n<meta property=\"og:type\" content=\"article\" \/>\n<meta property=\"og:title\" content=\"Camino Franc\u00e9s desde Triacastela a Sarria | Camino de Santiago | Pilgrim\" \/>\n<meta property=\"og:description\" content=\"Franz\u00f6sischer Weg: Etappe 28 des Jakobsweges, der zwischen Triacastela und Sarria verl\u00e4uift. Entdecken Sie alle notwendigen Informationen und planen Sie Ihre Etappe.\" \/>\n<meta property=\"og:url\" content=\"https:\/\/www.pilgrim.es\/de\/franzosischer-weg\/etappe-28-triacastela-sarria\/\" \/>\n<meta property=\"og:site_name\" content=\"Pilgrim\" \/>\n<meta property=\"article:publisher\" content=\"https:\/\/www.facebook.com\/pilgrim.es\/\" \/>\n<meta property=\"article:modified_time\" content=\"2025-07-01T08:19:31+00:00\" \/>\n<meta property=\"og:image\" content=\"https:\/\/www.pilgrim.es\/wp-content\/uploads\/2019\/02\/camino_frances_etapa_28.jpg\" \/>\n\t<meta property=\"og:image:width\" content=\"1635\" \/>\n\t<meta property=\"og:image:height\" content=\"548\" \/>\n\t<meta property=\"og:image:type\" content=\"image\/jpeg\" \/>\n<meta name=\"twitter:card\" content=\"summary_large_image\" \/>\n<meta name=\"twitter:site\" content=\"@pilgrim_es\" \/>\n<meta name=\"twitter:label1\" content=\"Gesch\u00e4tzte Lesezeit\" \/>\n\t<meta name=\"twitter:data1\" content=\"6\u00a0Minuten\" \/>\n<script type=\"application\/ld+json\" class=\"yoast-schema-graph\">{\"@context\":\"https:\\\/\\\/schema.org\",\"@graph\":[{\"@type\":\"WebPage\",\"@id\":\"https:\\\/\\\/www.pilgrim.es\\\/de\\\/franzosischer-weg\\\/etappe-28-triacastela-sarria\\\/\",\"url\":\"https:\\\/\\\/www.pilgrim.es\\\/de\\\/franzosischer-weg\\\/etappe-28-triacastela-sarria\\\/\",\"name\":\"Camino Franc\u00e9s desde Triacastela a Sarria | Camino de Santiago | Pilgrim\",\"isPartOf\":{\"@id\":\"https:\\\/\\\/www.pilgrim.es\\\/de\\\/#website\"},\"primaryImageOfPage\":{\"@id\":\"https:\\\/\\\/www.pilgrim.es\\\/de\\\/franzosischer-weg\\\/etappe-28-triacastela-sarria\\\/#primaryimage\"},\"image\":{\"@id\":\"https:\\\/\\\/www.pilgrim.es\\\/de\\\/franzosischer-weg\\\/etappe-28-triacastela-sarria\\\/#primaryimage\"},\"thumbnailUrl\":\"https:\\\/\\\/www.pilgrim.es\\\/wp-content\\\/uploads\\\/2019\\\/02\\\/camino_frances_etapa_28.jpg\",\"datePublished\":\"2019-03-01T18:43:29+00:00\",\"dateModified\":\"2025-07-01T08:19:31+00:00\",\"description\":\"Franz\u00f6sischer Weg: Etappe 28 des Jakobsweges, der zwischen Triacastela und Sarria verl\u00e4uift. Entdecken Sie alle notwendigen Informationen und planen Sie Ihre Etappe.\",\"breadcrumb\":{\"@id\":\"https:\\\/\\\/www.pilgrim.es\\\/de\\\/franzosischer-weg\\\/etappe-28-triacastela-sarria\\\/#breadcrumb\"},\"inLanguage\":\"de\",\"potentialAction\":[{\"@type\":\"ReadAction\",\"target\":[\"https:\\\/\\\/www.pilgrim.es\\\/de\\\/franzosischer-weg\\\/etappe-28-triacastela-sarria\\\/\"]}]},{\"@type\":\"ImageObject\",\"inLanguage\":\"de\",\"@id\":\"https:\\\/\\\/www.pilgrim.es\\\/de\\\/franzosischer-weg\\\/etappe-28-triacastela-sarria\\\/#primaryimage\",\"url\":\"https:\\\/\\\/www.pilgrim.es\\\/wp-content\\\/uploads\\\/2019\\\/02\\\/camino_frances_etapa_28.jpg\",\"contentUrl\":\"https:\\\/\\\/www.pilgrim.es\\\/wp-content\\\/uploads\\\/2019\\\/02\\\/camino_frances_etapa_28.jpg\",\"width\":1635,\"height\":548,\"caption\":\"Landkarte Etappe 28 Franz\u00f6sischer Weg\"},{\"@type\":\"BreadcrumbList\",\"@id\":\"https:\\\/\\\/www.pilgrim.es\\\/de\\\/franzosischer-weg\\\/etappe-28-triacastela-sarria\\\/#breadcrumb\",\"itemListElement\":[{\"@type\":\"ListItem\",\"position\":1,\"name\":\"Camino de Santiago\",\"item\":\"https:\\\/\\\/www.pilgrim.es\\\/de\\\/\"},{\"@type\":\"ListItem\",\"position\":2,\"name\":\"Franz\u00f6sischer Weg\",\"item\":\"https:\\\/\\\/www.pilgrim.es\\\/de\\\/franzosischer-weg\\\/\"},{\"@type\":\"ListItem\",\"position\":3,\"name\":\"Franz\u00f6sischer Weg | Etappe 28: Triacastela &#8211; Sarria\"}]},{\"@type\":\"WebSite\",\"@id\":\"https:\\\/\\\/www.pilgrim.es\\\/de\\\/#website\",\"url\":\"https:\\\/\\\/www.pilgrim.es\\\/de\\\/\",\"name\":\"Pilgrim\",\"description\":\"Camino de Santiago | Caminamos Contigo\",\"publisher\":{\"@id\":\"https:\\\/\\\/www.pilgrim.es\\\/de\\\/#organization\"},\"potentialAction\":[{\"@type\":\"SearchAction\",\"target\":{\"@type\":\"EntryPoint\",\"urlTemplate\":\"https:\\\/\\\/www.pilgrim.es\\\/de\\\/?s={search_term_string}\"},\"query-input\":{\"@type\":\"PropertyValueSpecification\",\"valueRequired\":true,\"valueName\":\"search_term_string\"}}],\"inLanguage\":\"de\"},{\"@type\":\"Organization\",\"@id\":\"https:\\\/\\\/www.pilgrim.es\\\/de\\\/#organization\",\"name\":\"Pilgrim Camino de Santiago\",\"url\":\"https:\\\/\\\/www.pilgrim.es\\\/de\\\/\",\"logo\":{\"@type\":\"ImageObject\",\"inLanguage\":\"de\",\"@id\":\"https:\\\/\\\/www.pilgrim.es\\\/de\\\/#\\\/schema\\\/logo\\\/image\\\/\",\"url\":\"https:\\\/\\\/www.pilgrim.es\\\/wp-content\\\/uploads\\\/2019\\\/04\\\/logo_pilgrim.png\",\"contentUrl\":\"https:\\\/\\\/www.pilgrim.es\\\/wp-content\\\/uploads\\\/2019\\\/04\\\/logo_pilgrim.png\",\"width\":512,\"height\":512,\"caption\":\"Pilgrim Camino de Santiago\"},\"image\":{\"@id\":\"https:\\\/\\\/www.pilgrim.es\\\/de\\\/#\\\/schema\\\/logo\\\/image\\\/\"},\"sameAs\":[\"https:\\\/\\\/www.facebook.com\\\/pilgrim.es\\\/\",\"https:\\\/\\\/x.com\\\/pilgrim_es\",\"https:\\\/\\\/www.instagram.com\\\/pilgrim.es\\\/\",\"https:\\\/\\\/www.linkedin.com\\\/company\\\/pilgrim-camino-de-santiago\\\/\",\"https:\\\/\\\/www.pinterest.es\\\/pilgrimcaminodesantiago\\\/\",\"https:\\\/\\\/www.youtube.com\\\/channel\\\/UCIv2ZzFLXVqthkNF32rKedw\\\/featured\"]}]}<\/script>\n<!-- \/ Yoast SEO plugin. -->","yoast_head_json":{"title":"Camino Franc\u00e9s desde Triacastela a Sarria | Camino de Santiago | Pilgrim","description":"Franz\u00f6sischer Weg: Etappe 28 des Jakobsweges, der zwischen Triacastela und Sarria verl\u00e4uift. Entdecken Sie alle notwendigen Informationen und planen Sie Ihre Etappe.","robots":{"index":"index","follow":"follow","max-snippet":"max-snippet:-1","max-image-preview":"max-image-preview:large","max-video-preview":"max-video-preview:-1"},"canonical":"https:\/\/www.pilgrim.es\/de\/franzosischer-weg\/etappe-28-triacastela-sarria\/","og_locale":"de_DE","og_type":"article","og_title":"Camino Franc\u00e9s desde Triacastela a Sarria | Camino de Santiago | Pilgrim","og_description":"Franz\u00f6sischer Weg: Etappe 28 des Jakobsweges, der zwischen Triacastela und Sarria verl\u00e4uift. Entdecken Sie alle notwendigen Informationen und planen Sie Ihre Etappe.","og_url":"https:\/\/www.pilgrim.es\/de\/franzosischer-weg\/etappe-28-triacastela-sarria\/","og_site_name":"Pilgrim","article_publisher":"https:\/\/www.facebook.com\/pilgrim.es\/","article_modified_time":"2025-07-01T08:19:31+00:00","og_image":[{"width":1635,"height":548,"url":"https:\/\/www.pilgrim.es\/wp-content\/uploads\/2019\/02\/camino_frances_etapa_28.jpg","type":"image\/jpeg"}],"twitter_card":"summary_large_image","twitter_site":"@pilgrim_es","twitter_misc":{"Gesch\u00e4tzte Lesezeit":"6\u00a0Minuten"},"schema":{"@context":"https:\/\/schema.org","@graph":[{"@type":"WebPage","@id":"https:\/\/www.pilgrim.es\/de\/franzosischer-weg\/etappe-28-triacastela-sarria\/","url":"https:\/\/www.pilgrim.es\/de\/franzosischer-weg\/etappe-28-triacastela-sarria\/","name":"Camino Franc\u00e9s desde Triacastela a Sarria | Camino de Santiago | Pilgrim","isPartOf":{"@id":"https:\/\/www.pilgrim.es\/de\/#website"},"primaryImageOfPage":{"@id":"https:\/\/www.pilgrim.es\/de\/franzosischer-weg\/etappe-28-triacastela-sarria\/#primaryimage"},"image":{"@id":"https:\/\/www.pilgrim.es\/de\/franzosischer-weg\/etappe-28-triacastela-sarria\/#primaryimage"},"thumbnailUrl":"https:\/\/www.pilgrim.es\/wp-content\/uploads\/2019\/02\/camino_frances_etapa_28.jpg","datePublished":"2019-03-01T18:43:29+00:00","dateModified":"2025-07-01T08:19:31+00:00","description":"Franz\u00f6sischer Weg: Etappe 28 des Jakobsweges, der zwischen Triacastela und Sarria verl\u00e4uift. Entdecken Sie alle notwendigen Informationen und planen Sie Ihre Etappe.","breadcrumb":{"@id":"https:\/\/www.pilgrim.es\/de\/franzosischer-weg\/etappe-28-triacastela-sarria\/#breadcrumb"},"inLanguage":"de","potentialAction":[{"@type":"ReadAction","target":["https:\/\/www.pilgrim.es\/de\/franzosischer-weg\/etappe-28-triacastela-sarria\/"]}]},{"@type":"ImageObject","inLanguage":"de","@id":"https:\/\/www.pilgrim.es\/de\/franzosischer-weg\/etappe-28-triacastela-sarria\/#primaryimage","url":"https:\/\/www.pilgrim.es\/wp-content\/uploads\/2019\/02\/camino_frances_etapa_28.jpg","contentUrl":"https:\/\/www.pilgrim.es\/wp-content\/uploads\/2019\/02\/camino_frances_etapa_28.jpg","width":1635,"height":548,"caption":"Landkarte Etappe 28 Franz\u00f6sischer Weg"},{"@type":"BreadcrumbList","@id":"https:\/\/www.pilgrim.es\/de\/franzosischer-weg\/etappe-28-triacastela-sarria\/#breadcrumb","itemListElement":[{"@type":"ListItem","position":1,"name":"Camino de Santiago","item":"https:\/\/www.pilgrim.es\/de\/"},{"@type":"ListItem","position":2,"name":"Franz\u00f6sischer Weg","item":"https:\/\/www.pilgrim.es\/de\/franzosischer-weg\/"},{"@type":"ListItem","position":3,"name":"Franz\u00f6sischer Weg | Etappe 28: Triacastela &#8211; Sarria"}]},{"@type":"WebSite","@id":"https:\/\/www.pilgrim.es\/de\/#website","url":"https:\/\/www.pilgrim.es\/de\/","name":"Pilgrim","description":"Camino de Santiago | Caminamos Contigo","publisher":{"@id":"https:\/\/www.pilgrim.es\/de\/#organization"},"potentialAction":[{"@type":"SearchAction","target":{"@type":"EntryPoint","urlTemplate":"https:\/\/www.pilgrim.es\/de\/?s={search_term_string}"},"query-input":{"@type":"PropertyValueSpecification","valueRequired":true,"valueName":"search_term_string"}}],"inLanguage":"de"},{"@type":"Organization","@id":"https:\/\/www.pilgrim.es\/de\/#organization","name":"Pilgrim Camino de Santiago","url":"https:\/\/www.pilgrim.es\/de\/","logo":{"@type":"ImageObject","inLanguage":"de","@id":"https:\/\/www.pilgrim.es\/de\/#\/schema\/logo\/image\/","url":"https:\/\/www.pilgrim.es\/wp-content\/uploads\/2019\/04\/logo_pilgrim.png","contentUrl":"https:\/\/www.pilgrim.es\/wp-content\/uploads\/2019\/04\/logo_pilgrim.png","width":512,"height":512,"caption":"Pilgrim Camino de Santiago"},"image":{"@id":"https:\/\/www.pilgrim.es\/de\/#\/schema\/logo\/image\/"},"sameAs":["https:\/\/www.facebook.com\/pilgrim.es\/","https:\/\/x.com\/pilgrim_es","https:\/\/www.instagram.com\/pilgrim.es\/","https:\/\/www.linkedin.com\/company\/pilgrim-camino-de-santiago\/","https:\/\/www.pinterest.es\/pilgrimcaminodesantiago\/","https:\/\/www.youtube.com\/channel\/UCIv2ZzFLXVqthkNF32rKedw\/featured"]}]}},"_links":{"self":[{"href":"https:\/\/www.pilgrim.es\/de\/wp-json\/wp\/v2\/pages\/11918","targetHints":{"allow":["GET"]}}],"collection":[{"href":"https:\/\/www.pilgrim.es\/de\/wp-json\/wp\/v2\/pages"}],"about":[{"href":"https:\/\/www.pilgrim.es\/de\/wp-json\/wp\/v2\/types\/page"}],"author":[{"embeddable":true,"href":"https:\/\/www.pilgrim.es\/de\/wp-json\/wp\/v2\/users\/4"}],"replies":[{"embeddable":true,"href":"https:\/\/www.pilgrim.es\/de\/wp-json\/wp\/v2\/comments?post=11918"}],"version-history":[{"count":24,"href":"https:\/\/www.pilgrim.es\/de\/wp-json\/wp\/v2\/pages\/11918\/revisions"}],"predecessor-version":[{"id":132735,"href":"https:\/\/www.pilgrim.es\/de\/wp-json\/wp\/v2\/pages\/11918\/revisions\/132735"}],"up":[{"embeddable":true,"href":"https:\/\/www.pilgrim.es\/de\/wp-json\/wp\/v2\/pages\/10659"}],"wp:featuredmedia":[{"embeddable":true,"href":"https:\/\/www.pilgrim.es\/de\/wp-json\/wp\/v2\/media\/11406"}],"wp:attachment":[{"href":"https:\/\/www.pilgrim.es\/de\/wp-json\/wp\/v2\/media?parent=11918"}],"wp:term":[{"taxonomy":"category","embeddable":true,"href":"https:\/\/www.pilgrim.es\/de\/wp-json\/wp\/v2\/categories?post=11918"},{"taxonomy":"post_tag","embeddable":true,"href":"https:\/\/www.pilgrim.es\/de\/wp-json\/wp\/v2\/tags?post=11918"}],"curies":[{"name":"wp","href":"https:\/\/api.w.org\/{rel}","templated":true}]}}