{"id":11459,"date":"2019-02-26T12:36:27","date_gmt":"2019-02-26T12:36:27","guid":{"rendered":"https:\/\/desarrollo.pilgrim.es\/franzosischer-weg\/etappe-18-terradillos-de-los-templarios-bercianos-del-real-camino\/"},"modified":"2025-03-24T15:24:38","modified_gmt":"2025-03-24T15:24:38","slug":"etappe-18-terradillos-de-los-templarios-bercianos-del-real-camino","status":"publish","type":"page","link":"https:\/\/www.pilgrim.es\/de\/franzosischer-weg\/etappe-18-terradillos-de-los-templarios-bercianos-del-real-camino\/","title":{"rendered":"Franz\u00f6sischer Weg | Etappe 18: Terradillos de los Templarios &#8211; Bercianos del Real Camino"},"content":{"rendered":" <section id=\"heroStage\">\n  <h1>Franz\u00f6sischer Weg: Etappe 18<\/h1>\n  <div>\n    <div class=\"hero\" data-background=\"https:\/\/cdn.pilgrim.es\/web\/caminos\/camino-frances\/pueblos\/terradillos-de-los-templarios\/terradillos-de-los-templarios.jpg\">\n      <div class=\"hero__container\">\n        <div class=\"hero__container__labels\">\n          <p>Walk<\/p>\n          <p>33 Etappe \/ 764 Kms<\/p>\n        <\/div>\n        <div class=\"hero__container__stage-name\">\n          <h2>\n            Terradillos de los Templarios <br \/>\n            <span>&#10093;<\/span>\n            Bercianos del Real Camino\n          <\/h2>\n          <p>23.2 Km<\/p>\n        <\/div>\n        <div class=\"hero__container__stage-changer\">\n            <div class=\"stage-control\">\n              <a class=\"stage-control__link\" href=\"\/de\/franzosischer-weg\/etappe-17-carrion-de-los-condes-terradillo-de-los-templarios\/\"><span>&#10094;<\/span> Etappe 17<\/a>\n            <\/div>\n          <div class=\"stage-control\">\n            <a class=\"stage-control__link\" href=\"\/de\/franzosischer-weg\/etappe-19-bercianos-del-real-camino-mansilla-de-las-mulas\/\">Etappe 19 <span>&#10095;<\/span><\/a>\n          <\/div>\n        <\/div>\n      <\/div>\n    <\/div>\n    <div class=\"planner\"><div\r\n  class=\"p-col-span-1 p-rounded-lg p-px-5 p-h-full\"\r\n  style=\"background-image: url('https:\/\/cdn.pilgrim.es\/web\/pilgrim-planner\/bg-plugin-planificador.webp')\"\r\n  rel=\"preload\"\r\n  fetchpriority=\"high\"\r\n  >\r\n    <div class=\"p-text-center p-pt-5 p-text-white p-text-2xl p-font-semibold\">\r\n      Plane deinen Weg    <\/div>\r\n    <div\r\n            id='primary-app'\r\n            data-name='banner'\r\n            data-api='https:\/\/pathfinder.pilgrim.es\/api\/pathfinder\/v2'\r\n            data-mode='normal'\r\n            data-lang='de'\r\n            data-route='1'\r\n            data-destiny='https:\/\/planificador.pilgrim.es'\r\n            data-modality='1'\r\n            data-inline=''\r\n        ><\/div><\/div><\/div>\n  <\/div>\n<\/section>\n\n<section id=\"scoreBarsStage\">\n  <section>\r\n  <div class=\"p-flex p-flex-nowrap p-space-x-4 p-py-5 p-overflow-x-auto md:p-grid md:p-grid-cols-3 lg:p-grid-cols-5 md:p-gap-8 md:p-space-x-0 md:p-overflow-hidden scrollbar-thin\">\r\n    <div class=\"p-grid p-grid-cols-4 p-shrink-0 p-w-72 p-snap-start md:p-w-full\">\r\n        <div class=\"p-col-span-1 p-self-center p-text-center p-text-3xl\">\r\n            <i class=\"icon-influx\"><\/i>\r\n        <\/div>\r\n        <div class=\"p-col-span-3 p-flex p-flex-col p-items-start\">\r\n            <div class=\"p-text-start p-text-secondary p-mb-1 p-bold\"> Zustrom <\/div>\r\n            <div class=\"p-w-full p-bg-light p-rounded-full p-h-2 p-relative\">\r\n                <div class=\"p-bg-primary p-h-2 p-rounded-full p-absolute\" style=\"width: 40%;\"><\/div>\r\n            <\/div>\r\n        <\/div>\r\n    <\/div>\r\n\r\n    <div class=\"p-grid p-grid-cols-4 p-shrink-0 p-w-72 p-snap-start md:p-w-full\">\r\n        <div class=\"p-col-span-1 p-self-center p-text-center p-text-3xl\">\r\n            <i class=\"icon-difficulty\"><\/i>\r\n        <\/div>\r\n        <div class=\"p-col-span-3 p-flex p-flex-col p-items-start\">\r\n            <div class=\"p-text-start p-text-secondary p-mb-1 p-bold\"> Schwierigkeitsgrad <\/div>\r\n            <div class=\"p-w-full p-bg-light p-rounded-full p-h-2 p-relative\">\r\n                <div class=\"p-bg-primary p-h-2 p-rounded-full p-absolute\" style=\"width: 60%;\"><\/div>\r\n            <\/div>\r\n        <\/div>\r\n    <\/div>\r\n\r\n    <div class=\"p-grid p-grid-cols-4 p-shrink-0 p-w-72 p-snap-start md:p-w-full\">\r\n        <div class=\"p-col-span-1 p-self-center p-text-center p-text-3xl\">\r\n            <i class=\"icon-patrimony\"><\/i>\r\n        <\/div>\r\n        <div class=\"p-col-span-3 p-flex p-flex-col p-items-start\">\r\n            <div class=\"p-text-start p-text-secondary p-mb-1 p-bold\"> Kunst\/Geschichte <\/div>\r\n            <div class=\"p-w-full p-bg-light p-rounded-full p-h-2 p-relative\">\r\n                <div class=\"p-bg-primary p-h-2 p-rounded-full p-absolute\" style=\"width: 20%;\"><\/div>\r\n            <\/div>\r\n        <\/div>\r\n    <\/div>\r\n\r\n    <div class=\"p-grid p-grid-cols-4 p-shrink-0 p-w-72 p-snap-start md:p-w-full\">\r\n        <div class=\"p-col-span-1 p-self-center p-text-center p-text-3xl\">\r\n            <i class=\"icon-nature\"><\/i>\r\n        <\/div>\r\n        <div class=\"p-col-span-3 p-flex p-flex-col p-items-start\">\r\n            <div class=\"p-text-start p-text-secondary p-mb-1 p-bold\"> Natur <\/div>\r\n            <div class=\"p-w-full p-bg-light p-rounded-full p-h-2 p-relative\">\r\n                <div class=\"p-bg-primary p-h-2 p-rounded-full p-absolute\" style=\"width: 40%;\"><\/div>\r\n            <\/div>\r\n        <\/div>\r\n    <\/div>\r\n\r\n    <div class=\"p-grid p-grid-cols-4 p-shrink-0 p-w-72 p-snap-start md:p-w-full\">\r\n        <div class=\"p-col-span-1 p-self-center p-text-center p-text-3xl\">\r\n            <i class=\"icon-urban\"><\/i>\r\n        <\/div>\r\n        <div class=\"p-col-span-3 p-flex p-flex-col p-items-start\">\r\n            <div class=\"p-text-start p-text-secondary p-mb-1 p-bold\"> St\u00e4dtischer Weg <\/div>\r\n            <div class=\"p-w-full p-bg-light p-rounded-full p-h-2 p-relative\">\r\n                <div class=\"p-bg-primary p-h-2 p-rounded-full p-absolute\" style=\"width: 20%;\"><\/div>\r\n            <\/div>\r\n        <\/div>\r\n    <\/div>\r\n  <\/div>\r\n<\/section>\n<\/section>\n\n<div id=\"stage-list-section\"><div class=\"stage-list\">\n    <div class='stage-list__map-card'>\n        <div class='stage-list__map-card__map'>\n            <div class='stage-list__map-card__map__text'>\n                <h2> Pages <\/h2>\n                <p> Zu Fu\u00df<\/p>\n                <p> 0etappen<\/p>\n            <\/div>\n            <div class='stage-list__map-card__map__img'>\n                <img decoding=\"async\" src=\"\" alt=\" mapa \" \/>\n            <\/div>\n        <\/div>\n    <\/div>\n\n    <\/div>\n<\/div>\n\n<section id=\"navStage\">\n  <div>\n    <nav id=\"tab-navigation-section\" class=\"tab-navigation-section--cols-5\">\n      <a href=\"#infoSection\" class=\"active\">Information<\/a>\n       <a href=\"#profileSection\">Profil<\/a>\n       <a href=\"#itinerarySection\">Route<\/a>\n       <a href=\"#locationsSection\">Ortschaften<\/a>\n    <\/nav>\n\n    <div id=\"infoSection\">\n      <!-- Title Section with Orange Line -->\n      <div>\n        <h2 class=\"p-h2-stage\">Information<\/h2>\n        <hr class=\"orange-bar\" \/>\n        <h3 class=\"p-h3-stage\">\u00dcber diese Etappe<\/h3>\n      <\/div>\n\n      \n        <p>Palencia er\u00f6ffnet uns den Weg in die Provinz Le\u00f3n, diese wird von der l\u00e4ngsten Strecke des franz\u00f6sischen Weges durchquert: insgesamt zweihundertf\u00fcnfzehn Kilometer. Nach Sahag\u00fan verzweigt sich der Weg und bietet uns zwei Optionen, um nach El Burgo Ranero zu gelangen. Erst einmal werden wir aber in Bercianos del Real Camino Halt machen.<\/p>\n      \n\n      <div class=\"recomendation-card\">\n        <div>\n          <i class=\"icon-logo-pilgrim\"><\/i>\n          <h5>Empfehlung Pilgrim<\/h5>\n        <\/div>\n\n        \n          <p>In den mehr als zwanzig Kilometern, die wir heute marschieren werden, m\u00fcssen nicht viele Unebenheiten bew\u00e4ltigt werden; es werden sich uns auch keine schwierigen Strecken er\u00f6ffnen. Personen mit Behinderung k\u00f6nnen sich problemlos \u00fcber ein meist ebenes Gel\u00e4nde bewegen; mit Ausnahme eines Abstiegs beim Verlassen Bercianos, der mit Besonderer Vorsicht genommen werden sollte. Die Radfahrer werden ebenfalls keine Hindernisse auf diesen drei\u03b2ig Kilometern vorfinden, und k\u00f6nnen sogar gem\u00e4\u03b2igte Geschwindigkeiten erzielen.<\/p>\n        \n      <\/div>\n    <\/div>\n\n    <div id=\"profileSection\">\n      <div>\n        <h2 class=\"p-h2-stage\">Entfernung und H\u00f6he<\/h2>\n        <hr class=\"orange-bar\" \/>\n        <h3 class=\"p-h3-stage\">Etappenprofil<\/h3>\n        <img decoding=\"async\" src=\"https:\/\/cdn.pilgrim.es\/web\/caminos\/camino-frances\/etapas\/etapa-18-terradillos-de-los-templarios-bercianos-del-real-camino\/etapa18-perfil-terradillos-de-los-templarios-bercianos-del-real-camino.jpg\" alt=\"Stage profile etappe-18-terradillos-de-los-templarios-bercianos-del-real-camino\" \/>\n      <\/div>\n    <\/div>\n\n    <div id=\"itinerarySection\">\n      <h2 class=\"p-h2-stage\">Route<\/h2>\n      <hr \/>\n      <h3 class=\"p-h3-stage\">Itinerary<\/h3>\n\n      \n        <div>\n          <h4>Km 0 &#8211; Inicio<\/h4>\n\n          \n            <p>Wir lassen die historische Kulisse der Tempelritter hinter uns, um nach Moratinos Kurs zu nehmen; unser erster Halt der heutigen Route, in etwas mehr als drei Kilometer Entfernung. Der Asphalt bringt uns an einen Weg, der bis zu unserem Eintreffen in Moratinos von weitl\u00e4ufigen Getreidefeldern begleitet wird. Hier k\u00f6nnen wir den einfachen aber dennoch sch\u00f6nen Tempel Sankt Thomas von Aquin besuchen, der aufgrund seiner \u201cJungfrau mit ihrem Kind\u201c aus dem XVI. Jahrhundert hervorzuheben ist. Danach biegen wir nach linnks ab, gehen aus dem Stadtkern hinaus, deren H\u00e4user aus Luftziegel bestehen, und begeben uns auf den Weg nach San Nicol\u00e1s del Real Camino- letze Ortschaft Palencias auf dem franz\u00f6sischen Weg. <\/p>\n          \n            <p>Hier finden wir eine Herberge und verschiedene Lokale, wo wir uns etwas ausruhen k\u00f6nnen, bevor wir in Richtung Saha\u00fan aufbrechen (erneut gehen wir parallel zur Nationalstrta\u03b2e 120). Wir gelangen \u00fcber die Stra\u03b2e \u201cRonda de la Estaci\u00f3n\u201c in den Stadtkern; nachdem wir die Eisenbahngleise anhand einer \u00dcberf\u00fchrung \u00fcberquert haben, erreichen wir die \u00f6rtliche Herberge. Die Ausdehnung dieser Ortschaft ist direkt mit der dort errichteten Weihest\u00e4tte verbunden, die den M\u00e4rtyrern Facundo y Primitivo gewidmet ist. Diese hat sich mit Ankunft des \u201cDe Cluny\u201c- Ordens als Tempel konsolidiert, und weist heutzutage verschiedene als Kulturgut ausgezeichnete Monumente auf: die Sankt Lorenz-, und Sankt Thyrsus- Kirchen, die \u201cDe la Peregrina\u201c und das \u201cReal de San Benito\u201c-Kloster. Diese geh\u00f6ren alle der Mudejar- Stilrichtung an.<\/p>\n          \n            <p>Wir verlassen diese Ortschaft \u00fcber die \u201cHerrer\u00eda-\u201c und \u201cAntonio Nicol\u00e1s\u201c- Stra\u03b2en und den Fluss Cea. Auf dieser Strecke werden uns die B\u00e4ume entlang der N-120 Schatten und Schutz spenden Etwa vier Kilometer weiter sollten wir eine Verzweigung beachten, die uns irrt\u00fcmlich nach Calzadilla de los Hermanillos f\u00fchren k\u00f6nnte: wir m\u00fcssen an dieser Stelle den Weg in Richtung Bercianos W\u00e4hlen. So wandern wir die n\u00e4chsten drei\u03b2ig Kilometer \u00fcber einen speziell f\u00fcr die Pilger eingerichteten Pfad. Nach circa einer Stunde Marsch gelangen wir (zu unserer linken Seite) an die \u201cNuestra Se\u00f1ora de Perales\u201c- Wallfahrtskapelle. Nur einige Kilometer weiter erreichen wir bereits Bercianos del Real Camino, wo ein kristall- klares Wasser spendender Brunnen uns in die Haupstra\u03b2e f\u00fchrt. Hier finden wir alle notwendigen Dienstleistungen, um uns mit Proviant auszustatten und uns sp\u00e4ter in die Pilger- Herberge oder anderen Unterkunft unserer Wahl, zur\u00fcckzuziehen.<\/p>\n          \n\n          \n            <a class=\"town-link\" href=\"https:\/\/www.pilgrim.es\/de\/franzosischer-weg\/terradillos-de-los-templarios\/\">\n              <div class=\"town-link__link-content\">\n                <div class=\"town-link__link-content__text\">\n                  <p>Lokale Informationen<\/p>\n                  <p>Polizei, medizinische Versorgung, Sehensw\u00fcrdigkeiten, Restaurants&#8230;<\/p>\n                <\/div>\n                <div class=\"town-link__link-content__town-btn\">\n                  <i class=\"icon-arrow\"><\/i>\n                <\/div>\n              <\/div>\n            <\/a>\n          \n        <\/div>\n        <hr \/>\n      \n      <div>\n        <h4>Km 23.2 &#8231; Bercianos del Real Camino<\/h4>\n        <a class=\"town-link\" href=\"https:\/\/www.pilgrim.es\/de\/franzosischer-weg\/bercianos-del-real-camino\/\">\n          <div class=\"town-link__link-content\">\n            <div class=\"town-link__link-content__text\">\n              <p>Lokale Informationen<\/p>\n              <p>Polizei, medizinische Versorgung, Sehensw\u00fcrdigkeiten, Restaurants&#8230;<\/p>\n            <\/div>\n            <div class=\"town-link__link-content__town-btn\">\n              <i class=\"icon-arrow\"><\/i>\n            <\/div>\n          <\/div>\n        <\/a>\n      <\/div>\n    <\/div>\n\n  <div id=\"locationsSection\">\n      <h2 class=\"p-h2-stage\">\u00d6rtlichkeiten<\/h2>\n      <hr \/>\n      <h3 class=\"p-h3-stage\">St\u00e4dte<\/h3>\n      <div class=\"grid-container\">\n\n        <div class=\"p-group card-stage p-max-w-full\">\n          <a href=\"https:\/\/www.pilgrim.es\/de\/franzosischer-weg\/terradillos-de-los-templarios\/\" class=\"town-card\">\n            <div class=\"card-stage__header\">\n              <img decoding=\"async\" src=\"https:\/\/cdn.pilgrim.es\/web\/caminos\/camino-frances\/pueblos\/terradillos-de-los-templarios\/terradillos-de-los-templarios.jpg\" alt=\"Terradillos de los Templarios\" class=\"group-hover:p-scale-110\" \/>\n              <div class=\"card-overlay group-hover:p-opacity-50\"><\/div>\n            <\/div>\n            <div class=\"town-card__flex-container\">\n              <div class=\"town-card__flex-container__info\">\n                <h3>Terradillos de los Templarios<\/h3>\n                <p>Provincia: Palencia<\/p>\n              <\/div>\n              <div class=\"town-card__flex-container__btn\">\n                <i class=\"icon-arrow\"><\/i>\n              <\/div>\n            <\/div>\n          <\/a>\n        <\/div>\n        <div class=\"p-group card-stage p-max-w-full\">\n          <a href=\"https:\/\/www.pilgrim.es\/de\/franzosischer-weg\/bercianos-del-real-camino\/\" class=\"town-card\">\n            <div class=\"card-stage__header\">\n              <img decoding=\"async\" src=\"https:\/\/cdn.pilgrim.es\/web\/caminos\/camino-frances\/pueblos\/bercianos-del-real-camino\/bercianos-del-real-camino.jpg\" alt=\"Bercianos del Real Camino\" class=\"group-hover:p-scale-110\" \/>\n              <div class=\"card-overlay group-hover:p-opacity-50\"><\/div>\n            <\/div>\n            <div class=\"town-card__flex-container\">\n              <div class=\"town-card__flex-container__info\">\n                <h3>Bercianos del Real Camino<\/h3>\n                <p>Provincia: Le\u00f3n<\/p>\n              <\/div>\n              <div class=\"town-card__flex-container__btn\">\n                <i class=\"icon-arrow\"><\/i>\n              <\/div>\n            <\/div>\n          <\/a>\n        <\/div>\n      <\/div>\n    <\/div>\n    <hr class=\"single-bar\" \/>\n  <\/div>\n<\/section>\n\n<section id=\"stageChange\">\n  <div>\n    <a href=\"\/de\/franzosischer-weg\/etappe-17-carrion-de-los-condes-terradillo-de-los-templarios\/\" class=\"change-btn\">\n    <div class=\"change-btn\">\n      <div class=\"btn-arrow previous\">\n        <i class=\"icon-arrow\"><\/i>\n      <\/div>\n      <div class=\"change-btn__info\">\n        <div>Etappe 17<\/div>\n        <p>\n          Carri\u00f3n de los Condes \u276f <br> Terradillos de los Templarios\n        <\/p>\n      <\/div>\n    <\/div>\n    <\/a>\n    <a href=\"\/de\/franzosischer-weg\/etappe-19-bercianos-del-real-camino-mansilla-de-las-mulas\/\" class=\"change-btn\">\n      <div class=\"change-btn__info\">\n        <div>Etappe 19<\/div>\n        <p>\n          Bercianos del Real Camino \u276f <br> Mansilla de las Mulas\n        <\/p>\n      <\/div>\n      <div class=\"btn-arrow\">\n        <i class=\"icon-arrow\"><\/i>\n      <\/div>\n    <\/a>\n  <\/div>\n<\/section> ","protected":false},"excerpt":{"rendered":"<p>Franz\u00f6sischer Weg: Etappe 18 Walk 33 Etappe \/ 764 Kms Terradillos de los Templarios &#10093; Bercianos del Real Camino 23.2 Km &#10094; Etappe 17 Etappe 19 &#10095; Information Profil Route Ortschaften Information \u00dcber diese Etappe Palencia er\u00f6ffnet uns den Weg in die Provinz Le\u00f3n, diese wird von der l\u00e4ngsten Strecke des franz\u00f6sischen Weges durchquert: insgesamt &hellip; <\/p>\n<p class=\"read_more\"><a href=\"https:\/\/www.pilgrim.es\/de\/franzosischer-weg\/etappe-18-terradillos-de-los-templarios-bercianos-del-real-camino\/\">Leer m\u00e1s<\/a><\/p>\n","protected":false},"author":4,"featured_media":11276,"parent":10659,"menu_order":0,"comment_status":"closed","ping_status":"closed","template":"views\/template-new-web-design.blade.php","meta":{"footnotes":""},"categories":[],"tags":[],"class_list":["post-11459","page","type-page","status-publish","has-post-thumbnail","hentry"],"yoast_head":"<!-- This site is optimized with the Yoast SEO plugin v27.4 - https:\/\/yoast.com\/product\/yoast-seo-wordpress\/ -->\n<title>Franz\u00f6sischer Weg | Etappe 18: Terradillos - Bercianos del Real Camino<\/title>\n<meta name=\"description\" content=\"Franz\u00f6sischer Weg: Etappe 18 des Jakobsweges, der zwischen Terradillos de los Templarios und Bercianos del Real Camino verl\u00e4uft. Entdecken Sie alle Informationen.\" \/>\n<meta name=\"robots\" content=\"index, follow, max-snippet:-1, max-image-preview:large, max-video-preview:-1\" \/>\n<link rel=\"canonical\" href=\"https:\/\/www.pilgrim.es\/de\/franzosischer-weg\/etappe-18-terradillos-de-los-templarios-bercianos-del-real-camino\/\" \/>\n<meta property=\"og:locale\" content=\"de_DE\" \/>\n<meta property=\"og:type\" content=\"article\" \/>\n<meta property=\"og:title\" content=\"Franz\u00f6sischer Weg | Etappe 18: Terradillos - Bercianos del Real Camino\" \/>\n<meta property=\"og:description\" content=\"Franz\u00f6sischer Weg: Etappe 18 des Jakobsweges, der zwischen Terradillos de los Templarios und Bercianos del Real Camino verl\u00e4uft. Entdecken Sie alle Informationen.\" \/>\n<meta property=\"og:url\" content=\"https:\/\/www.pilgrim.es\/de\/franzosischer-weg\/etappe-18-terradillos-de-los-templarios-bercianos-del-real-camino\/\" \/>\n<meta property=\"og:site_name\" content=\"Pilgrim\" \/>\n<meta property=\"article:publisher\" content=\"https:\/\/www.facebook.com\/pilgrim.es\/\" \/>\n<meta property=\"article:modified_time\" content=\"2025-03-24T15:24:38+00:00\" \/>\n<meta property=\"og:image\" content=\"https:\/\/www.pilgrim.es\/wp-content\/uploads\/2019\/02\/camino_frances_etapa_18.jpg\" \/>\n\t<meta property=\"og:image:width\" content=\"1631\" \/>\n\t<meta property=\"og:image:height\" content=\"550\" \/>\n\t<meta property=\"og:image:type\" content=\"image\/jpeg\" \/>\n<meta name=\"twitter:card\" content=\"summary_large_image\" \/>\n<meta name=\"twitter:site\" content=\"@pilgrim_es\" \/>\n<meta name=\"twitter:label1\" content=\"Gesch\u00e4tzte Lesezeit\" \/>\n\t<meta name=\"twitter:data1\" content=\"3\u00a0Minuten\" \/>\n<script type=\"application\/ld+json\" class=\"yoast-schema-graph\">{\"@context\":\"https:\\\/\\\/schema.org\",\"@graph\":[{\"@type\":\"WebPage\",\"@id\":\"https:\\\/\\\/www.pilgrim.es\\\/de\\\/franzosischer-weg\\\/etappe-18-terradillos-de-los-templarios-bercianos-del-real-camino\\\/\",\"url\":\"https:\\\/\\\/www.pilgrim.es\\\/de\\\/franzosischer-weg\\\/etappe-18-terradillos-de-los-templarios-bercianos-del-real-camino\\\/\",\"name\":\"Franz\u00f6sischer Weg | Etappe 18: Terradillos - Bercianos del Real Camino\",\"isPartOf\":{\"@id\":\"https:\\\/\\\/www.pilgrim.es\\\/de\\\/#website\"},\"primaryImageOfPage\":{\"@id\":\"https:\\\/\\\/www.pilgrim.es\\\/de\\\/franzosischer-weg\\\/etappe-18-terradillos-de-los-templarios-bercianos-del-real-camino\\\/#primaryimage\"},\"image\":{\"@id\":\"https:\\\/\\\/www.pilgrim.es\\\/de\\\/franzosischer-weg\\\/etappe-18-terradillos-de-los-templarios-bercianos-del-real-camino\\\/#primaryimage\"},\"thumbnailUrl\":\"https:\\\/\\\/www.pilgrim.es\\\/wp-content\\\/uploads\\\/2019\\\/02\\\/camino_frances_etapa_18.jpg\",\"datePublished\":\"2019-02-26T12:36:27+00:00\",\"dateModified\":\"2025-03-24T15:24:38+00:00\",\"description\":\"Franz\u00f6sischer Weg: Etappe 18 des Jakobsweges, der zwischen Terradillos de los Templarios und Bercianos del Real Camino verl\u00e4uft. Entdecken Sie alle Informationen.\",\"breadcrumb\":{\"@id\":\"https:\\\/\\\/www.pilgrim.es\\\/de\\\/franzosischer-weg\\\/etappe-18-terradillos-de-los-templarios-bercianos-del-real-camino\\\/#breadcrumb\"},\"inLanguage\":\"de\",\"potentialAction\":[{\"@type\":\"ReadAction\",\"target\":[\"https:\\\/\\\/www.pilgrim.es\\\/de\\\/franzosischer-weg\\\/etappe-18-terradillos-de-los-templarios-bercianos-del-real-camino\\\/\"]}]},{\"@type\":\"ImageObject\",\"inLanguage\":\"de\",\"@id\":\"https:\\\/\\\/www.pilgrim.es\\\/de\\\/franzosischer-weg\\\/etappe-18-terradillos-de-los-templarios-bercianos-del-real-camino\\\/#primaryimage\",\"url\":\"https:\\\/\\\/www.pilgrim.es\\\/wp-content\\\/uploads\\\/2019\\\/02\\\/camino_frances_etapa_18.jpg\",\"contentUrl\":\"https:\\\/\\\/www.pilgrim.es\\\/wp-content\\\/uploads\\\/2019\\\/02\\\/camino_frances_etapa_18.jpg\",\"width\":1631,\"height\":550,\"caption\":\"Landkarte Etappe 18 Franz\u00f6sischer Weg\"},{\"@type\":\"BreadcrumbList\",\"@id\":\"https:\\\/\\\/www.pilgrim.es\\\/de\\\/franzosischer-weg\\\/etappe-18-terradillos-de-los-templarios-bercianos-del-real-camino\\\/#breadcrumb\",\"itemListElement\":[{\"@type\":\"ListItem\",\"position\":1,\"name\":\"Camino de Santiago\",\"item\":\"https:\\\/\\\/www.pilgrim.es\\\/de\\\/\"},{\"@type\":\"ListItem\",\"position\":2,\"name\":\"Franz\u00f6sischer Weg | Etappe 18: Terradillos de los Templarios &#8211; Bercianos del Real Camino\"}]},{\"@type\":\"WebSite\",\"@id\":\"https:\\\/\\\/www.pilgrim.es\\\/de\\\/#website\",\"url\":\"https:\\\/\\\/www.pilgrim.es\\\/de\\\/\",\"name\":\"Pilgrim\",\"description\":\"Camino de Santiago | Caminamos Contigo\",\"publisher\":{\"@id\":\"https:\\\/\\\/www.pilgrim.es\\\/de\\\/#organization\"},\"potentialAction\":[{\"@type\":\"SearchAction\",\"target\":{\"@type\":\"EntryPoint\",\"urlTemplate\":\"https:\\\/\\\/www.pilgrim.es\\\/de\\\/?s={search_term_string}\"},\"query-input\":{\"@type\":\"PropertyValueSpecification\",\"valueRequired\":true,\"valueName\":\"search_term_string\"}}],\"inLanguage\":\"de\"},{\"@type\":\"Organization\",\"@id\":\"https:\\\/\\\/www.pilgrim.es\\\/de\\\/#organization\",\"name\":\"Pilgrim Camino de Santiago\",\"url\":\"https:\\\/\\\/www.pilgrim.es\\\/de\\\/\",\"logo\":{\"@type\":\"ImageObject\",\"inLanguage\":\"de\",\"@id\":\"https:\\\/\\\/www.pilgrim.es\\\/de\\\/#\\\/schema\\\/logo\\\/image\\\/\",\"url\":\"https:\\\/\\\/www.pilgrim.es\\\/wp-content\\\/uploads\\\/2019\\\/04\\\/logo_pilgrim.png\",\"contentUrl\":\"https:\\\/\\\/www.pilgrim.es\\\/wp-content\\\/uploads\\\/2019\\\/04\\\/logo_pilgrim.png\",\"width\":512,\"height\":512,\"caption\":\"Pilgrim Camino de Santiago\"},\"image\":{\"@id\":\"https:\\\/\\\/www.pilgrim.es\\\/de\\\/#\\\/schema\\\/logo\\\/image\\\/\"},\"sameAs\":[\"https:\\\/\\\/www.facebook.com\\\/pilgrim.es\\\/\",\"https:\\\/\\\/x.com\\\/pilgrim_es\",\"https:\\\/\\\/www.instagram.com\\\/pilgrim.es\\\/\",\"https:\\\/\\\/www.linkedin.com\\\/company\\\/pilgrim-camino-de-santiago\\\/\",\"https:\\\/\\\/www.pinterest.es\\\/pilgrimcaminodesantiago\\\/\",\"https:\\\/\\\/www.youtube.com\\\/channel\\\/UCIv2ZzFLXVqthkNF32rKedw\\\/featured\"]}]}<\/script>\n<!-- \/ Yoast SEO plugin. -->","yoast_head_json":{"title":"Franz\u00f6sischer Weg | Etappe 18: Terradillos - Bercianos del Real Camino","description":"Franz\u00f6sischer Weg: Etappe 18 des Jakobsweges, der zwischen Terradillos de los Templarios und Bercianos del Real Camino verl\u00e4uft. Entdecken Sie alle Informationen.","robots":{"index":"index","follow":"follow","max-snippet":"max-snippet:-1","max-image-preview":"max-image-preview:large","max-video-preview":"max-video-preview:-1"},"canonical":"https:\/\/www.pilgrim.es\/de\/franzosischer-weg\/etappe-18-terradillos-de-los-templarios-bercianos-del-real-camino\/","og_locale":"de_DE","og_type":"article","og_title":"Franz\u00f6sischer Weg | Etappe 18: Terradillos - Bercianos del Real Camino","og_description":"Franz\u00f6sischer Weg: Etappe 18 des Jakobsweges, der zwischen Terradillos de los Templarios und Bercianos del Real Camino verl\u00e4uft. Entdecken Sie alle Informationen.","og_url":"https:\/\/www.pilgrim.es\/de\/franzosischer-weg\/etappe-18-terradillos-de-los-templarios-bercianos-del-real-camino\/","og_site_name":"Pilgrim","article_publisher":"https:\/\/www.facebook.com\/pilgrim.es\/","article_modified_time":"2025-03-24T15:24:38+00:00","og_image":[{"width":1631,"height":550,"url":"https:\/\/www.pilgrim.es\/wp-content\/uploads\/2019\/02\/camino_frances_etapa_18.jpg","type":"image\/jpeg"}],"twitter_card":"summary_large_image","twitter_site":"@pilgrim_es","twitter_misc":{"Gesch\u00e4tzte Lesezeit":"3\u00a0Minuten"},"schema":{"@context":"https:\/\/schema.org","@graph":[{"@type":"WebPage","@id":"https:\/\/www.pilgrim.es\/de\/franzosischer-weg\/etappe-18-terradillos-de-los-templarios-bercianos-del-real-camino\/","url":"https:\/\/www.pilgrim.es\/de\/franzosischer-weg\/etappe-18-terradillos-de-los-templarios-bercianos-del-real-camino\/","name":"Franz\u00f6sischer Weg | Etappe 18: Terradillos - Bercianos del Real Camino","isPartOf":{"@id":"https:\/\/www.pilgrim.es\/de\/#website"},"primaryImageOfPage":{"@id":"https:\/\/www.pilgrim.es\/de\/franzosischer-weg\/etappe-18-terradillos-de-los-templarios-bercianos-del-real-camino\/#primaryimage"},"image":{"@id":"https:\/\/www.pilgrim.es\/de\/franzosischer-weg\/etappe-18-terradillos-de-los-templarios-bercianos-del-real-camino\/#primaryimage"},"thumbnailUrl":"https:\/\/www.pilgrim.es\/wp-content\/uploads\/2019\/02\/camino_frances_etapa_18.jpg","datePublished":"2019-02-26T12:36:27+00:00","dateModified":"2025-03-24T15:24:38+00:00","description":"Franz\u00f6sischer Weg: Etappe 18 des Jakobsweges, der zwischen Terradillos de los Templarios und Bercianos del Real Camino verl\u00e4uft. Entdecken Sie alle Informationen.","breadcrumb":{"@id":"https:\/\/www.pilgrim.es\/de\/franzosischer-weg\/etappe-18-terradillos-de-los-templarios-bercianos-del-real-camino\/#breadcrumb"},"inLanguage":"de","potentialAction":[{"@type":"ReadAction","target":["https:\/\/www.pilgrim.es\/de\/franzosischer-weg\/etappe-18-terradillos-de-los-templarios-bercianos-del-real-camino\/"]}]},{"@type":"ImageObject","inLanguage":"de","@id":"https:\/\/www.pilgrim.es\/de\/franzosischer-weg\/etappe-18-terradillos-de-los-templarios-bercianos-del-real-camino\/#primaryimage","url":"https:\/\/www.pilgrim.es\/wp-content\/uploads\/2019\/02\/camino_frances_etapa_18.jpg","contentUrl":"https:\/\/www.pilgrim.es\/wp-content\/uploads\/2019\/02\/camino_frances_etapa_18.jpg","width":1631,"height":550,"caption":"Landkarte Etappe 18 Franz\u00f6sischer Weg"},{"@type":"BreadcrumbList","@id":"https:\/\/www.pilgrim.es\/de\/franzosischer-weg\/etappe-18-terradillos-de-los-templarios-bercianos-del-real-camino\/#breadcrumb","itemListElement":[{"@type":"ListItem","position":1,"name":"Camino de Santiago","item":"https:\/\/www.pilgrim.es\/de\/"},{"@type":"ListItem","position":2,"name":"Franz\u00f6sischer Weg | Etappe 18: Terradillos de los Templarios &#8211; Bercianos del Real Camino"}]},{"@type":"WebSite","@id":"https:\/\/www.pilgrim.es\/de\/#website","url":"https:\/\/www.pilgrim.es\/de\/","name":"Pilgrim","description":"Camino de Santiago | Caminamos Contigo","publisher":{"@id":"https:\/\/www.pilgrim.es\/de\/#organization"},"potentialAction":[{"@type":"SearchAction","target":{"@type":"EntryPoint","urlTemplate":"https:\/\/www.pilgrim.es\/de\/?s={search_term_string}"},"query-input":{"@type":"PropertyValueSpecification","valueRequired":true,"valueName":"search_term_string"}}],"inLanguage":"de"},{"@type":"Organization","@id":"https:\/\/www.pilgrim.es\/de\/#organization","name":"Pilgrim Camino de Santiago","url":"https:\/\/www.pilgrim.es\/de\/","logo":{"@type":"ImageObject","inLanguage":"de","@id":"https:\/\/www.pilgrim.es\/de\/#\/schema\/logo\/image\/","url":"https:\/\/www.pilgrim.es\/wp-content\/uploads\/2019\/04\/logo_pilgrim.png","contentUrl":"https:\/\/www.pilgrim.es\/wp-content\/uploads\/2019\/04\/logo_pilgrim.png","width":512,"height":512,"caption":"Pilgrim Camino de Santiago"},"image":{"@id":"https:\/\/www.pilgrim.es\/de\/#\/schema\/logo\/image\/"},"sameAs":["https:\/\/www.facebook.com\/pilgrim.es\/","https:\/\/x.com\/pilgrim_es","https:\/\/www.instagram.com\/pilgrim.es\/","https:\/\/www.linkedin.com\/company\/pilgrim-camino-de-santiago\/","https:\/\/www.pinterest.es\/pilgrimcaminodesantiago\/","https:\/\/www.youtube.com\/channel\/UCIv2ZzFLXVqthkNF32rKedw\/featured"]}]}},"_links":{"self":[{"href":"https:\/\/www.pilgrim.es\/de\/wp-json\/wp\/v2\/pages\/11459","targetHints":{"allow":["GET"]}}],"collection":[{"href":"https:\/\/www.pilgrim.es\/de\/wp-json\/wp\/v2\/pages"}],"about":[{"href":"https:\/\/www.pilgrim.es\/de\/wp-json\/wp\/v2\/types\/page"}],"author":[{"embeddable":true,"href":"https:\/\/www.pilgrim.es\/de\/wp-json\/wp\/v2\/users\/4"}],"replies":[{"embeddable":true,"href":"https:\/\/www.pilgrim.es\/de\/wp-json\/wp\/v2\/comments?post=11459"}],"version-history":[{"count":15,"href":"https:\/\/www.pilgrim.es\/de\/wp-json\/wp\/v2\/pages\/11459\/revisions"}],"predecessor-version":[{"id":93579,"href":"https:\/\/www.pilgrim.es\/de\/wp-json\/wp\/v2\/pages\/11459\/revisions\/93579"}],"up":[{"embeddable":true,"href":"https:\/\/www.pilgrim.es\/de\/wp-json\/wp\/v2\/pages\/10659"}],"wp:featuredmedia":[{"embeddable":true,"href":"https:\/\/www.pilgrim.es\/de\/wp-json\/wp\/v2\/media\/11276"}],"wp:attachment":[{"href":"https:\/\/www.pilgrim.es\/de\/wp-json\/wp\/v2\/media?parent=11459"}],"wp:term":[{"taxonomy":"category","embeddable":true,"href":"https:\/\/www.pilgrim.es\/de\/wp-json\/wp\/v2\/categories?post=11459"},{"taxonomy":"post_tag","embeddable":true,"href":"https:\/\/www.pilgrim.es\/de\/wp-json\/wp\/v2\/tags?post=11459"}],"curies":[{"name":"wp","href":"https:\/\/api.w.org\/{rel}","templated":true}]}}