{"id":11332,"date":"2019-02-25T17:49:03","date_gmt":"2019-02-25T17:49:03","guid":{"rendered":"https:\/\/desarrollo.pilgrim.es\/franzosischer-weg\/etappe-17-carrion-de-los-condes-terradillo-de-los-templarios\/"},"modified":"2025-03-24T15:24:31","modified_gmt":"2025-03-24T15:24:31","slug":"etappe-17-carrion-de-los-condes-terradillo-de-los-templarios","status":"publish","type":"page","link":"https:\/\/www.pilgrim.es\/de\/franzosischer-weg\/etappe-17-carrion-de-los-condes-terradillo-de-los-templarios\/","title":{"rendered":"Franz\u00f6sischer Weg | Etappe 17: Carri\u00f3n de los Condes &#8211; Terradillo de los Templarios"},"content":{"rendered":" <section id=\"heroStage\">\n  <h1>Franz\u00f6sischer Weg: Etappe 17<\/h1>\n  <div>\n    <div class=\"hero\" data-background=\"https:\/\/cdn.pilgrim.es\/web\/caminos\/camino-frances\/pueblos\/carrion-de-los-condes\/carrion-de-los-condes.jpg\">\n      <div class=\"hero__container\">\n        <div class=\"hero__container__labels\">\n          <p>Walk<\/p>\n          <p>33 Etappe \/ 764 Kms<\/p>\n        <\/div>\n        <div class=\"hero__container__stage-name\">\n          <h2>\n            Carri\u00f3n de los Condes <br \/>\n            <span>&#10093;<\/span>\n            Terradillos de los Templarios\n          <\/h2>\n          <p>26.3 Km<\/p>\n        <\/div>\n        <div class=\"hero__container__stage-changer\">\n            <div class=\"stage-control\">\n              <a class=\"stage-control__link\" href=\"\/de\/franzosischer-weg\/etappe-16-fromista-carrion-de-los-condes\/\"><span>&#10094;<\/span> Etappe 16<\/a>\n            <\/div>\n          <div class=\"stage-control\">\n            <a class=\"stage-control__link\" href=\"\/de\/franzosischer-weg\/etappe-18-terradillos-de-los-templarios-bercianos-del-real-camino\/\">Etappe 18 <span>&#10095;<\/span><\/a>\n          <\/div>\n        <\/div>\n      <\/div>\n    <\/div>\n    <div class=\"planner\"><div\r\n  class=\"p-col-span-1 p-rounded-lg p-px-5 p-h-full\"\r\n  style=\"background-image: url('https:\/\/cdn.pilgrim.es\/web\/pilgrim-planner\/bg-plugin-planificador.webp')\"\r\n  rel=\"preload\"\r\n  fetchpriority=\"high\"\r\n  >\r\n    <div class=\"p-text-center p-pt-5 p-text-white p-text-2xl p-font-semibold\">\r\n      Plane deinen Weg    <\/div>\r\n    <div\r\n            id='primary-app'\r\n            data-name='banner'\r\n            data-api='https:\/\/pathfinder.pilgrim.es\/api\/pathfinder\/v2'\r\n            data-mode='normal'\r\n            data-lang='de'\r\n            data-route='1'\r\n            data-destiny='https:\/\/planificador.pilgrim.es'\r\n            data-modality='1'\r\n            data-inline=''\r\n        ><\/div><\/div><\/div>\n  <\/div>\n<\/section>\n\n<section id=\"scoreBarsStage\">\n  <section>\r\n  <div class=\"p-flex p-flex-nowrap p-space-x-4 p-py-5 p-overflow-x-auto md:p-grid md:p-grid-cols-3 lg:p-grid-cols-5 md:p-gap-8 md:p-space-x-0 md:p-overflow-hidden scrollbar-thin\">\r\n    <div class=\"p-grid p-grid-cols-4 p-shrink-0 p-w-72 p-snap-start md:p-w-full\">\r\n        <div class=\"p-col-span-1 p-self-center p-text-center p-text-3xl\">\r\n            <i class=\"icon-influx\"><\/i>\r\n        <\/div>\r\n        <div class=\"p-col-span-3 p-flex p-flex-col p-items-start\">\r\n            <div class=\"p-text-start p-text-secondary p-mb-1 p-bold\"> Zustrom <\/div>\r\n            <div class=\"p-w-full p-bg-light p-rounded-full p-h-2 p-relative\">\r\n                <div class=\"p-bg-primary p-h-2 p-rounded-full p-absolute\" style=\"width: 40%;\"><\/div>\r\n            <\/div>\r\n        <\/div>\r\n    <\/div>\r\n\r\n    <div class=\"p-grid p-grid-cols-4 p-shrink-0 p-w-72 p-snap-start md:p-w-full\">\r\n        <div class=\"p-col-span-1 p-self-center p-text-center p-text-3xl\">\r\n            <i class=\"icon-difficulty\"><\/i>\r\n        <\/div>\r\n        <div class=\"p-col-span-3 p-flex p-flex-col p-items-start\">\r\n            <div class=\"p-text-start p-text-secondary p-mb-1 p-bold\"> Schwierigkeitsgrad <\/div>\r\n            <div class=\"p-w-full p-bg-light p-rounded-full p-h-2 p-relative\">\r\n                <div class=\"p-bg-primary p-h-2 p-rounded-full p-absolute\" style=\"width: 40%;\"><\/div>\r\n            <\/div>\r\n        <\/div>\r\n    <\/div>\r\n\r\n    <div class=\"p-grid p-grid-cols-4 p-shrink-0 p-w-72 p-snap-start md:p-w-full\">\r\n        <div class=\"p-col-span-1 p-self-center p-text-center p-text-3xl\">\r\n            <i class=\"icon-patrimony\"><\/i>\r\n        <\/div>\r\n        <div class=\"p-col-span-3 p-flex p-flex-col p-items-start\">\r\n            <div class=\"p-text-start p-text-secondary p-mb-1 p-bold\"> Kunst\/Geschichte <\/div>\r\n            <div class=\"p-w-full p-bg-light p-rounded-full p-h-2 p-relative\">\r\n                <div class=\"p-bg-primary p-h-2 p-rounded-full p-absolute\" style=\"width: 20%;\"><\/div>\r\n            <\/div>\r\n        <\/div>\r\n    <\/div>\r\n\r\n    <div class=\"p-grid p-grid-cols-4 p-shrink-0 p-w-72 p-snap-start md:p-w-full\">\r\n        <div class=\"p-col-span-1 p-self-center p-text-center p-text-3xl\">\r\n            <i class=\"icon-nature\"><\/i>\r\n        <\/div>\r\n        <div class=\"p-col-span-3 p-flex p-flex-col p-items-start\">\r\n            <div class=\"p-text-start p-text-secondary p-mb-1 p-bold\"> Natur <\/div>\r\n            <div class=\"p-w-full p-bg-light p-rounded-full p-h-2 p-relative\">\r\n                <div class=\"p-bg-primary p-h-2 p-rounded-full p-absolute\" style=\"width: 40%;\"><\/div>\r\n            <\/div>\r\n        <\/div>\r\n    <\/div>\r\n\r\n    <div class=\"p-grid p-grid-cols-4 p-shrink-0 p-w-72 p-snap-start md:p-w-full\">\r\n        <div class=\"p-col-span-1 p-self-center p-text-center p-text-3xl\">\r\n            <i class=\"icon-urban\"><\/i>\r\n        <\/div>\r\n        <div class=\"p-col-span-3 p-flex p-flex-col p-items-start\">\r\n            <div class=\"p-text-start p-text-secondary p-mb-1 p-bold\"> St\u00e4dtischer Weg <\/div>\r\n            <div class=\"p-w-full p-bg-light p-rounded-full p-h-2 p-relative\">\r\n                <div class=\"p-bg-primary p-h-2 p-rounded-full p-absolute\" style=\"width: 20%;\"><\/div>\r\n            <\/div>\r\n        <\/div>\r\n    <\/div>\r\n  <\/div>\r\n<\/section>\n<\/section>\n\n<div id=\"stage-list-section\"><div class=\"stage-list\">\n    <div class='stage-list__map-card'>\n        <div class='stage-list__map-card__map'>\n            <div class='stage-list__map-card__map__text'>\n                <h2> Pages <\/h2>\n                <p> Zu Fu\u00df<\/p>\n                <p> 0etappen<\/p>\n            <\/div>\n            <div class='stage-list__map-card__map__img'>\n                <img decoding=\"async\" src=\"\" alt=\" mapa \" \/>\n            <\/div>\n        <\/div>\n    <\/div>\n\n    <\/div>\n<\/div>\n\n<section id=\"navStage\">\n  <div>\n    <nav id=\"tab-navigation-section\" class=\"tab-navigation-section--cols-5\">\n      <a href=\"#infoSection\" class=\"active\">Information<\/a>\n       <a href=\"#profileSection\">Profil<\/a>\n       <a href=\"#itinerarySection\">Route<\/a>\n       <a href=\"#locationsSection\">Ortschaften<\/a>\n    <\/nav>\n\n    <div id=\"infoSection\">\n      <!-- Title Section with Orange Line -->\n      <div>\n        <h2 class=\"p-h2-stage\">Information<\/h2>\n        <hr class=\"orange-bar\" \/>\n        <h3 class=\"p-h3-stage\">\u00dcber diese Etappe<\/h3>\n      <\/div>\n\n      \n        <p>Die Gel\u00e4ndebeschaffenheit in dieser Etappe wird keine gro\u03b2e Herausforderung darstellen; doch so die L\u00e4nge der Strecke \u00fcber etwas mehr als zehn Kilometer, in denen wir au\u03b2erdem keine Dienstleistungen finden werden. Ebenfalls werden wir nicht an vielen D\u00f6rfern vorbeikommen; es ist also notwendig \u00fcber gen\u00fcgend Wasser f\u00fcr diese Strecke zu verf\u00fcgen, insbesondere in den Sommermonaten. Erneut werden uns die unendlich erscheinenden Geraden zwischen Getreidefeldern den Marsch etwas monoton gestalten; allerdings gehen wir auf der \u201cV\u00eda Aquitania\u201d selbst- eine ehemalige R\u00f6merstra\u03b2e, die Bordeaux mit Astorga verband. Auf diese Weise nehmen wir den Marsch wieder auf, erstmalig nach Terradillos de los Templarios, wo die Legende der \u201cHenne mit den Goldenen Eeiern\u201d herstammt.<\/p>\n      \n\n      <div class=\"recomendation-card\">\n        <div>\n          <i class=\"icon-logo-pilgrim\"><\/i>\n          <h5>Empfehlung Pilgrim<\/h5>\n        <\/div>\n\n        \n          <p>Wie in der gestrigen Etappe, weist diese aufgrund ihrer Gel\u00e4ndebeschaffenheit keine Schwierigkeiten auf. Aber wir werden von Carri\u00f3n de los Condes an bis zu Calzadilla de La Cueza keine Dienstleistungen finden- nicht einmal einen Brunnen zum Auff\u00fcllen unserer Feldflaschen. In einigen Monaten k\u00f6nnen wir nahe der \u201cAbad\u00eda de Benev\u00edvere\u201c eine \u201cAmbulante Schnellgastst\u00e4tte\u201c finden; da diese allerdings nicht immer zu unserer Verf\u00fcgung steht, ist es empfehlenswert uns ausreichend zu proviantieren- insbesondere mit Wasser. Wie immer, ist \u00e4u\u03b2erste Vorsicht an den Stra\u03b2enkreuzungen geboten, da an der Nationalstra\u03b2e durchgehend Verkehr herrscht.<\/p>\n        \n          <p>Die radfahrenden Pilger werden keine Probleme zur Bew\u00e4ltigung dieser Etappe vorfinden. Personen mit Behinderung wird allerdings empfohlen die N-120 von Carri\u00f3n de los Condes an zu nehmen, da die \u201cV\u00eda Aquitana\u201c lose Steine und schlammige Strecken aufweisen kann (jahreszeitenabh\u00e4ngend).<\/p>\n        \n          <p>Erneut wird die Hitze in den Sommermonaten unser prinzipieller Gegner sein; da wir \u00fcber fast zehn Kilometer hinweg in dieser Etappe keinen Schatten finden werden.<\/p>\n        \n      <\/div>\n    <\/div>\n\n    <div id=\"profileSection\">\n      <div>\n        <h2 class=\"p-h2-stage\">Entfernung und H\u00f6he<\/h2>\n        <hr class=\"orange-bar\" \/>\n        <h3 class=\"p-h3-stage\">Etappenprofil<\/h3>\n        <img decoding=\"async\" src=\"https:\/\/cdn.pilgrim.es\/web\/caminos\/camino-frances\/etapas\/etapa-17-carrion-de-los-condes-terradillos-de-los-templarios\/etapa17-perfil-carrion-de-los-condes-terradillos-de-los-templarios.jpg\" alt=\"Stage profile etappe-17-carrion-de-los-condes-terradillo-de-los-templarios\" \/>\n      <\/div>\n    <\/div>\n\n    <div id=\"itinerarySection\">\n      <h2 class=\"p-h2-stage\">Route<\/h2>\n      <hr \/>\n      <h3 class=\"p-h3-stage\">Itinerary<\/h3>\n\n      \n        <div>\n          <h4>Km 0 &#8211; Inicio<\/h4>\n\n          \n            <p>Wir lassen Carri\u00f3n de los Condes hinter uns, indem wir eine Br\u00fccke \u00fcberqueren, und gelangen so ohne Verzug an das \u201cMonasterio de San Zoilo\u201d (Kloster) in der Umgegend dieser Ortschaft. An der rechten Seite des Klosters wird uns ein Steinmal den Jakobsweg anzeigen. Wir \u00fcberqueren ein Rondell und gehen geradeaus weiter die \u201cAvenida de Donantes\u201d entlang.<\/p>\n          \n            <p>Wir m\u00fcssen zun\u00e4chst die N-120 \u00fcberqueren, um dann die PR-2411 \u00fcber etwas mehr als drei Kilometer bis nach Villotilla entlang zu wandern (links der Fahrbahn). Bevor wir auf die \u201cV\u00eda Aquitania\u201d kommen, k\u00f6nnen wir die Reste der \u201cAbad\u00eda de Benev\u00edvere\u201d auf der rechten Seite erahnen: Ein vom XII. Jahrhundert datierendes Kloster, das nach der S\u00e4kularisierung von Mendiz\u00e1bal zerst\u00f6rt wurde. Einige Meter weiter betreten wir bereits die famose R\u00f6merstra\u03b2e; welcher wir \u00fcber etwas mehr als zehn Kilometer ohne Schatten und Schutz folgen. Im Mittelalter konnten die frommen Wanderer sich in einem der existierenden Pilger- Hospitale ausruhen und Kr\u00e4fte sammeln. Da uns aber heutzutage diese M\u00f6glichkeit leider nicht geboten wird, m\u00fcssen wir diese Strecke mit Ruhe und viel Geduld meistern.<\/p>\n          \n            <p>Wir kommen an einem Rastplatz vorbei, der \u00fcber keinen Brunnen verf\u00fcgt, und gehen weiter bis zu einer Kreuzung. Bevor wir diese erreichen, finden wir hier in der Hochsaison eine \u201cAmbulante Schnellgastst\u00e4tte\u201c, die uns wie eine Oase in der W\u00fcste erscheint. Einige Kilometer weiter erinnert uns ein Schild daran, dass wir uns in der bekannten \u201cCa\u00f1ada Real Leonesa\u201c befinden, eine der wichtigsten Routen des Weidenwechsels (Transhumanz) der Iberischen Halbinsel.<\/p>\n          \n            <p>In Begleitung der Pappeln m\u00fcssen wir weitere vier Kilometer marschieren um an die erste Bergh\u00f6he des Tages zu gelangen: Calzadilla de la Cueza, wo wir etwas essen und Proviant kaufen k\u00f6nnen. Wir umgehen sp\u00e4ter diese Ortschaft an ihrer linken Seite entlang bis zu einer Kreuzung der N-120. Diese gehen wir rechts entlang bis wir auf einen parallelen Weg gelangen. Dieser f\u00fchrt uns bis zu dem antiken Kloster \u201cSanta Mar\u00eda de las Tiendas\u201c, auch als \u201cHospital del Gran Caballero\u201c bekannt. Dieses wurde von dem Jakobus- Orden im XII. Jahrhundert errichtet, und erm\u00f6glichte den sp\u00e4teren Bau des Klosters. Es wurde bis ins XIX. Jahrhundert bet\u00e4tigt, und verfiel letztlich im Laufe der Zeit.<\/p>\n          \n            <p>Wir betreten jetzt den Asphalt, um erneut zum der Nationalstra\u03b2e parallelen Weg zu gelangen; und gehen diesen bis zu einem Rastplatz entlang. Hier haben wir zwei Optionen: An der Nationalstra\u03b2e entlang bis nach L\u00e9digos zu marschieren (wir m\u00fcsssen in dem Fall die Stra\u03b2e \u00fcberqueren und eine Abzweigung nach rechts nehmen) oder diese zu verlassen, und \u00fcber einen Weg bis zu einer Pfarrkirche zu kommen (wir m\u00fcssen im zweiten Fall nach dem Rastplatz links abbiegen). Beide Optionen weisen circa dieselben Kilometeranzahl und Schwierigkeitsgrad auf.<\/p>\n          \n            <p>In L\u00e9digos k\u00f6nnen wir den Tempel besuchen, in dem der Apostel Jakobus in seinen drei Verk\u00f6rperungen verehrt wird: Der Pilger, der Apostel und der \u201cMatamoros\u201d (Verfechter Spaniens gegen die Mauren). Viele Pilger entscheiden, in dieser Ortschaft zu \u00fcbernachten, da sie \u00fcber zwei Herbergen Verf\u00fcgt. Von dieser Bergh\u00f6he aus, k\u00f6nnen wir bereits das Ziel dieser Etappe ersehen: Terradillos de los Templarios; in nur etwas mehr als drei Kilometer Entfernung. Dieser Ort steht in nahem Zusammenhang mit dem Orden der Tempelritter, au\u03b2erdem soll hier die \u201cHenne mit den goldenen Eiern\u201c begraben sein.<\/p>\n          \n\n          \n            <a class=\"town-link\" href=\"https:\/\/www.pilgrim.es\/de\/franzosischer-weg\/carrion-de-los-condes\/\">\n              <div class=\"town-link__link-content\">\n                <div class=\"town-link__link-content__text\">\n                  <p>Lokale Informationen<\/p>\n                  <p>Polizei, medizinische Versorgung, Sehensw\u00fcrdigkeiten, Restaurants&#8230;<\/p>\n                <\/div>\n                <div class=\"town-link__link-content__town-btn\">\n                  <i class=\"icon-arrow\"><\/i>\n                <\/div>\n              <\/div>\n            <\/a>\n          \n        <\/div>\n        <hr \/>\n      \n      <div>\n        <h4>Km 26.3 &#8231; Terradillos de los Templarios<\/h4>\n        <a class=\"town-link\" href=\"https:\/\/www.pilgrim.es\/de\/franzosischer-weg\/terradillos-de-los-templarios\/\">\n          <div class=\"town-link__link-content\">\n            <div class=\"town-link__link-content__text\">\n              <p>Lokale Informationen<\/p>\n              <p>Polizei, medizinische Versorgung, Sehensw\u00fcrdigkeiten, Restaurants&#8230;<\/p>\n            <\/div>\n            <div class=\"town-link__link-content__town-btn\">\n              <i class=\"icon-arrow\"><\/i>\n            <\/div>\n          <\/div>\n        <\/a>\n      <\/div>\n    <\/div>\n\n  <div id=\"locationsSection\">\n      <h2 class=\"p-h2-stage\">\u00d6rtlichkeiten<\/h2>\n      <hr \/>\n      <h3 class=\"p-h3-stage\">St\u00e4dte<\/h3>\n      <div class=\"grid-container\">\n\n        <div class=\"p-group card-stage p-max-w-full\">\n          <a href=\"https:\/\/www.pilgrim.es\/de\/franzosischer-weg\/carrion-de-los-condes\/\" class=\"town-card\">\n            <div class=\"card-stage__header\">\n              <img decoding=\"async\" src=\"https:\/\/cdn.pilgrim.es\/web\/caminos\/camino-frances\/pueblos\/carrion-de-los-condes\/carrion-de-los-condes.jpg\" alt=\"Carri\u00f3n de los Condes\" class=\"group-hover:p-scale-110\" \/>\n              <div class=\"card-overlay group-hover:p-opacity-50\"><\/div>\n            <\/div>\n            <div class=\"town-card__flex-container\">\n              <div class=\"town-card__flex-container__info\">\n                <h3>Carri\u00f3n de los Condes<\/h3>\n                <p>Provincia: Palencia<\/p>\n              <\/div>\n              <div class=\"town-card__flex-container__btn\">\n                <i class=\"icon-arrow\"><\/i>\n              <\/div>\n            <\/div>\n          <\/a>\n        <\/div>\n        <div class=\"p-group card-stage p-max-w-full\">\n          <a href=\"https:\/\/www.pilgrim.es\/de\/franzosischer-weg\/terradillos-de-los-templarios\/\" class=\"town-card\">\n            <div class=\"card-stage__header\">\n              <img decoding=\"async\" src=\"https:\/\/cdn.pilgrim.es\/web\/caminos\/camino-frances\/pueblos\/terradillos-de-los-templarios\/terradillos-de-los-templarios.jpg\" alt=\"Terradillos de los Templarios\" class=\"group-hover:p-scale-110\" \/>\n              <div class=\"card-overlay group-hover:p-opacity-50\"><\/div>\n            <\/div>\n            <div class=\"town-card__flex-container\">\n              <div class=\"town-card__flex-container__info\">\n                <h3>Terradillos de los Templarios<\/h3>\n                <p>Provincia: Palencia<\/p>\n              <\/div>\n              <div class=\"town-card__flex-container__btn\">\n                <i class=\"icon-arrow\"><\/i>\n              <\/div>\n            <\/div>\n          <\/a>\n        <\/div>\n      <\/div>\n    <\/div>\n    <hr class=\"single-bar\" \/>\n  <\/div>\n<\/section>\n\n<section id=\"stageChange\">\n  <div>\n    <a href=\"\/de\/franzosischer-weg\/etappe-16-fromista-carrion-de-los-condes\/\" class=\"change-btn\">\n    <div class=\"change-btn\">\n      <div class=\"btn-arrow previous\">\n        <i class=\"icon-arrow\"><\/i>\n      <\/div>\n      <div class=\"change-btn__info\">\n        <div>Etappe 16<\/div>\n        <p>\n          Fr\u00f3mista \u276f <br> Carri\u00f3n de los Condes\n        <\/p>\n      <\/div>\n    <\/div>\n    <\/a>\n    <a href=\"\/de\/franzosischer-weg\/etappe-18-terradillos-de-los-templarios-bercianos-del-real-camino\/\" class=\"change-btn\">\n      <div class=\"change-btn__info\">\n        <div>Etappe 18<\/div>\n        <p>\n          Terradillos de los Templarios \u276f <br> Bercianos del Real Camino\n        <\/p>\n      <\/div>\n      <div class=\"btn-arrow\">\n        <i class=\"icon-arrow\"><\/i>\n      <\/div>\n    <\/a>\n  <\/div>\n<\/section> ","protected":false},"excerpt":{"rendered":"<p>Franz\u00f6sischer Weg: Etappe 17 Walk 33 Etappe \/ 764 Kms Carri\u00f3n de los Condes &#10093; Terradillos de los Templarios 26.3 Km &#10094; Etappe 16 Etappe 18 &#10095; Information Profil Route Ortschaften Information \u00dcber diese Etappe Die Gel\u00e4ndebeschaffenheit in dieser Etappe wird keine gro\u03b2e Herausforderung darstellen; doch so die L\u00e4nge der Strecke \u00fcber etwas mehr als &hellip; <\/p>\n<p class=\"read_more\"><a href=\"https:\/\/www.pilgrim.es\/de\/franzosischer-weg\/etappe-17-carrion-de-los-condes-terradillo-de-los-templarios\/\">Leer m\u00e1s<\/a><\/p>\n","protected":false},"author":4,"featured_media":11266,"parent":10659,"menu_order":0,"comment_status":"closed","ping_status":"closed","template":"views\/template-new-web-design.blade.php","meta":{"footnotes":""},"categories":[],"tags":[],"class_list":["post-11332","page","type-page","status-publish","has-post-thumbnail","hentry"],"yoast_head":"<!-- This site is optimized with the Yoast SEO plugin v27.4 - https:\/\/yoast.com\/product\/yoast-seo-wordpress\/ -->\n<title>Franz\u00f6sischer Weg | Etappe 17: Carri\u00f3n - Terradillo de los Templarios<\/title>\n<meta name=\"description\" content=\"Franz\u00f6sischer Weg: Etappe 17 des Jakobsweges, der zwischen Carri\u00f3n de los Condes und Terradillo de los Templarios verl\u00e4uft. Vollst\u00e4ndige Information zu dieser Etappe\" \/>\n<meta name=\"robots\" content=\"index, follow, max-snippet:-1, max-image-preview:large, max-video-preview:-1\" \/>\n<link rel=\"canonical\" href=\"https:\/\/www.pilgrim.es\/de\/franzosischer-weg\/etappe-17-carrion-de-los-condes-terradillo-de-los-templarios\/\" \/>\n<meta property=\"og:locale\" content=\"de_DE\" \/>\n<meta property=\"og:type\" content=\"article\" \/>\n<meta property=\"og:title\" content=\"Franz\u00f6sischer Weg | Etappe 17: Carri\u00f3n - Terradillo de los Templarios\" \/>\n<meta property=\"og:description\" content=\"Franz\u00f6sischer Weg: Etappe 17 des Jakobsweges, der zwischen Carri\u00f3n de los Condes und Terradillo de los Templarios verl\u00e4uft. Vollst\u00e4ndige Information zu dieser Etappe\" \/>\n<meta property=\"og:url\" content=\"https:\/\/www.pilgrim.es\/de\/franzosischer-weg\/etappe-17-carrion-de-los-condes-terradillo-de-los-templarios\/\" \/>\n<meta property=\"og:site_name\" content=\"Pilgrim\" \/>\n<meta property=\"article:publisher\" content=\"https:\/\/www.facebook.com\/pilgrim.es\/\" \/>\n<meta property=\"article:modified_time\" content=\"2025-03-24T15:24:31+00:00\" \/>\n<meta property=\"og:image\" content=\"https:\/\/www.pilgrim.es\/wp-content\/uploads\/2019\/02\/camino_frances_etapa_17.jpg\" \/>\n\t<meta property=\"og:image:width\" content=\"1634\" \/>\n\t<meta property=\"og:image:height\" content=\"548\" \/>\n\t<meta property=\"og:image:type\" content=\"image\/jpeg\" \/>\n<meta name=\"twitter:card\" content=\"summary_large_image\" \/>\n<meta name=\"twitter:site\" content=\"@pilgrim_es\" \/>\n<meta name=\"twitter:label1\" content=\"Gesch\u00e4tzte Lesezeit\" \/>\n\t<meta name=\"twitter:data1\" content=\"5\u00a0Minuten\" \/>\n<script type=\"application\/ld+json\" class=\"yoast-schema-graph\">{\"@context\":\"https:\\\/\\\/schema.org\",\"@graph\":[{\"@type\":\"WebPage\",\"@id\":\"https:\\\/\\\/www.pilgrim.es\\\/de\\\/franzosischer-weg\\\/etappe-17-carrion-de-los-condes-terradillo-de-los-templarios\\\/\",\"url\":\"https:\\\/\\\/www.pilgrim.es\\\/de\\\/franzosischer-weg\\\/etappe-17-carrion-de-los-condes-terradillo-de-los-templarios\\\/\",\"name\":\"Franz\u00f6sischer Weg | Etappe 17: Carri\u00f3n - Terradillo de los Templarios\",\"isPartOf\":{\"@id\":\"https:\\\/\\\/www.pilgrim.es\\\/de\\\/#website\"},\"primaryImageOfPage\":{\"@id\":\"https:\\\/\\\/www.pilgrim.es\\\/de\\\/franzosischer-weg\\\/etappe-17-carrion-de-los-condes-terradillo-de-los-templarios\\\/#primaryimage\"},\"image\":{\"@id\":\"https:\\\/\\\/www.pilgrim.es\\\/de\\\/franzosischer-weg\\\/etappe-17-carrion-de-los-condes-terradillo-de-los-templarios\\\/#primaryimage\"},\"thumbnailUrl\":\"https:\\\/\\\/www.pilgrim.es\\\/wp-content\\\/uploads\\\/2019\\\/02\\\/camino_frances_etapa_17.jpg\",\"datePublished\":\"2019-02-25T17:49:03+00:00\",\"dateModified\":\"2025-03-24T15:24:31+00:00\",\"description\":\"Franz\u00f6sischer Weg: Etappe 17 des Jakobsweges, der zwischen Carri\u00f3n de los Condes und Terradillo de los Templarios verl\u00e4uft. Vollst\u00e4ndige Information zu dieser Etappe\",\"breadcrumb\":{\"@id\":\"https:\\\/\\\/www.pilgrim.es\\\/de\\\/franzosischer-weg\\\/etappe-17-carrion-de-los-condes-terradillo-de-los-templarios\\\/#breadcrumb\"},\"inLanguage\":\"de\",\"potentialAction\":[{\"@type\":\"ReadAction\",\"target\":[\"https:\\\/\\\/www.pilgrim.es\\\/de\\\/franzosischer-weg\\\/etappe-17-carrion-de-los-condes-terradillo-de-los-templarios\\\/\"]}]},{\"@type\":\"ImageObject\",\"inLanguage\":\"de\",\"@id\":\"https:\\\/\\\/www.pilgrim.es\\\/de\\\/franzosischer-weg\\\/etappe-17-carrion-de-los-condes-terradillo-de-los-templarios\\\/#primaryimage\",\"url\":\"https:\\\/\\\/www.pilgrim.es\\\/wp-content\\\/uploads\\\/2019\\\/02\\\/camino_frances_etapa_17.jpg\",\"contentUrl\":\"https:\\\/\\\/www.pilgrim.es\\\/wp-content\\\/uploads\\\/2019\\\/02\\\/camino_frances_etapa_17.jpg\",\"width\":1634,\"height\":548,\"caption\":\"Landkarte Etappe 17 Franz\u00f6sischer Weg\"},{\"@type\":\"BreadcrumbList\",\"@id\":\"https:\\\/\\\/www.pilgrim.es\\\/de\\\/franzosischer-weg\\\/etappe-17-carrion-de-los-condes-terradillo-de-los-templarios\\\/#breadcrumb\",\"itemListElement\":[{\"@type\":\"ListItem\",\"position\":1,\"name\":\"Camino de Santiago\",\"item\":\"https:\\\/\\\/www.pilgrim.es\\\/de\\\/\"},{\"@type\":\"ListItem\",\"position\":2,\"name\":\"Franz\u00f6sischer Weg | Etappe 17: Carri\u00f3n de los Condes &#8211; Terradillo de los Templarios\"}]},{\"@type\":\"WebSite\",\"@id\":\"https:\\\/\\\/www.pilgrim.es\\\/de\\\/#website\",\"url\":\"https:\\\/\\\/www.pilgrim.es\\\/de\\\/\",\"name\":\"Pilgrim\",\"description\":\"Camino de Santiago | Caminamos Contigo\",\"publisher\":{\"@id\":\"https:\\\/\\\/www.pilgrim.es\\\/de\\\/#organization\"},\"potentialAction\":[{\"@type\":\"SearchAction\",\"target\":{\"@type\":\"EntryPoint\",\"urlTemplate\":\"https:\\\/\\\/www.pilgrim.es\\\/de\\\/?s={search_term_string}\"},\"query-input\":{\"@type\":\"PropertyValueSpecification\",\"valueRequired\":true,\"valueName\":\"search_term_string\"}}],\"inLanguage\":\"de\"},{\"@type\":\"Organization\",\"@id\":\"https:\\\/\\\/www.pilgrim.es\\\/de\\\/#organization\",\"name\":\"Pilgrim Camino de Santiago\",\"url\":\"https:\\\/\\\/www.pilgrim.es\\\/de\\\/\",\"logo\":{\"@type\":\"ImageObject\",\"inLanguage\":\"de\",\"@id\":\"https:\\\/\\\/www.pilgrim.es\\\/de\\\/#\\\/schema\\\/logo\\\/image\\\/\",\"url\":\"https:\\\/\\\/www.pilgrim.es\\\/wp-content\\\/uploads\\\/2019\\\/04\\\/logo_pilgrim.png\",\"contentUrl\":\"https:\\\/\\\/www.pilgrim.es\\\/wp-content\\\/uploads\\\/2019\\\/04\\\/logo_pilgrim.png\",\"width\":512,\"height\":512,\"caption\":\"Pilgrim Camino de Santiago\"},\"image\":{\"@id\":\"https:\\\/\\\/www.pilgrim.es\\\/de\\\/#\\\/schema\\\/logo\\\/image\\\/\"},\"sameAs\":[\"https:\\\/\\\/www.facebook.com\\\/pilgrim.es\\\/\",\"https:\\\/\\\/x.com\\\/pilgrim_es\",\"https:\\\/\\\/www.instagram.com\\\/pilgrim.es\\\/\",\"https:\\\/\\\/www.linkedin.com\\\/company\\\/pilgrim-camino-de-santiago\\\/\",\"https:\\\/\\\/www.pinterest.es\\\/pilgrimcaminodesantiago\\\/\",\"https:\\\/\\\/www.youtube.com\\\/channel\\\/UCIv2ZzFLXVqthkNF32rKedw\\\/featured\"]}]}<\/script>\n<!-- \/ Yoast SEO plugin. -->","yoast_head_json":{"title":"Franz\u00f6sischer Weg | Etappe 17: Carri\u00f3n - Terradillo de los Templarios","description":"Franz\u00f6sischer Weg: Etappe 17 des Jakobsweges, der zwischen Carri\u00f3n de los Condes und Terradillo de los Templarios verl\u00e4uft. Vollst\u00e4ndige Information zu dieser Etappe","robots":{"index":"index","follow":"follow","max-snippet":"max-snippet:-1","max-image-preview":"max-image-preview:large","max-video-preview":"max-video-preview:-1"},"canonical":"https:\/\/www.pilgrim.es\/de\/franzosischer-weg\/etappe-17-carrion-de-los-condes-terradillo-de-los-templarios\/","og_locale":"de_DE","og_type":"article","og_title":"Franz\u00f6sischer Weg | Etappe 17: Carri\u00f3n - Terradillo de los Templarios","og_description":"Franz\u00f6sischer Weg: Etappe 17 des Jakobsweges, der zwischen Carri\u00f3n de los Condes und Terradillo de los Templarios verl\u00e4uft. Vollst\u00e4ndige Information zu dieser Etappe","og_url":"https:\/\/www.pilgrim.es\/de\/franzosischer-weg\/etappe-17-carrion-de-los-condes-terradillo-de-los-templarios\/","og_site_name":"Pilgrim","article_publisher":"https:\/\/www.facebook.com\/pilgrim.es\/","article_modified_time":"2025-03-24T15:24:31+00:00","og_image":[{"width":1634,"height":548,"url":"https:\/\/www.pilgrim.es\/wp-content\/uploads\/2019\/02\/camino_frances_etapa_17.jpg","type":"image\/jpeg"}],"twitter_card":"summary_large_image","twitter_site":"@pilgrim_es","twitter_misc":{"Gesch\u00e4tzte Lesezeit":"5\u00a0Minuten"},"schema":{"@context":"https:\/\/schema.org","@graph":[{"@type":"WebPage","@id":"https:\/\/www.pilgrim.es\/de\/franzosischer-weg\/etappe-17-carrion-de-los-condes-terradillo-de-los-templarios\/","url":"https:\/\/www.pilgrim.es\/de\/franzosischer-weg\/etappe-17-carrion-de-los-condes-terradillo-de-los-templarios\/","name":"Franz\u00f6sischer Weg | Etappe 17: Carri\u00f3n - Terradillo de los Templarios","isPartOf":{"@id":"https:\/\/www.pilgrim.es\/de\/#website"},"primaryImageOfPage":{"@id":"https:\/\/www.pilgrim.es\/de\/franzosischer-weg\/etappe-17-carrion-de-los-condes-terradillo-de-los-templarios\/#primaryimage"},"image":{"@id":"https:\/\/www.pilgrim.es\/de\/franzosischer-weg\/etappe-17-carrion-de-los-condes-terradillo-de-los-templarios\/#primaryimage"},"thumbnailUrl":"https:\/\/www.pilgrim.es\/wp-content\/uploads\/2019\/02\/camino_frances_etapa_17.jpg","datePublished":"2019-02-25T17:49:03+00:00","dateModified":"2025-03-24T15:24:31+00:00","description":"Franz\u00f6sischer Weg: Etappe 17 des Jakobsweges, der zwischen Carri\u00f3n de los Condes und Terradillo de los Templarios verl\u00e4uft. Vollst\u00e4ndige Information zu dieser Etappe","breadcrumb":{"@id":"https:\/\/www.pilgrim.es\/de\/franzosischer-weg\/etappe-17-carrion-de-los-condes-terradillo-de-los-templarios\/#breadcrumb"},"inLanguage":"de","potentialAction":[{"@type":"ReadAction","target":["https:\/\/www.pilgrim.es\/de\/franzosischer-weg\/etappe-17-carrion-de-los-condes-terradillo-de-los-templarios\/"]}]},{"@type":"ImageObject","inLanguage":"de","@id":"https:\/\/www.pilgrim.es\/de\/franzosischer-weg\/etappe-17-carrion-de-los-condes-terradillo-de-los-templarios\/#primaryimage","url":"https:\/\/www.pilgrim.es\/wp-content\/uploads\/2019\/02\/camino_frances_etapa_17.jpg","contentUrl":"https:\/\/www.pilgrim.es\/wp-content\/uploads\/2019\/02\/camino_frances_etapa_17.jpg","width":1634,"height":548,"caption":"Landkarte Etappe 17 Franz\u00f6sischer Weg"},{"@type":"BreadcrumbList","@id":"https:\/\/www.pilgrim.es\/de\/franzosischer-weg\/etappe-17-carrion-de-los-condes-terradillo-de-los-templarios\/#breadcrumb","itemListElement":[{"@type":"ListItem","position":1,"name":"Camino de Santiago","item":"https:\/\/www.pilgrim.es\/de\/"},{"@type":"ListItem","position":2,"name":"Franz\u00f6sischer Weg | Etappe 17: Carri\u00f3n de los Condes &#8211; Terradillo de los Templarios"}]},{"@type":"WebSite","@id":"https:\/\/www.pilgrim.es\/de\/#website","url":"https:\/\/www.pilgrim.es\/de\/","name":"Pilgrim","description":"Camino de Santiago | Caminamos Contigo","publisher":{"@id":"https:\/\/www.pilgrim.es\/de\/#organization"},"potentialAction":[{"@type":"SearchAction","target":{"@type":"EntryPoint","urlTemplate":"https:\/\/www.pilgrim.es\/de\/?s={search_term_string}"},"query-input":{"@type":"PropertyValueSpecification","valueRequired":true,"valueName":"search_term_string"}}],"inLanguage":"de"},{"@type":"Organization","@id":"https:\/\/www.pilgrim.es\/de\/#organization","name":"Pilgrim Camino de Santiago","url":"https:\/\/www.pilgrim.es\/de\/","logo":{"@type":"ImageObject","inLanguage":"de","@id":"https:\/\/www.pilgrim.es\/de\/#\/schema\/logo\/image\/","url":"https:\/\/www.pilgrim.es\/wp-content\/uploads\/2019\/04\/logo_pilgrim.png","contentUrl":"https:\/\/www.pilgrim.es\/wp-content\/uploads\/2019\/04\/logo_pilgrim.png","width":512,"height":512,"caption":"Pilgrim Camino de Santiago"},"image":{"@id":"https:\/\/www.pilgrim.es\/de\/#\/schema\/logo\/image\/"},"sameAs":["https:\/\/www.facebook.com\/pilgrim.es\/","https:\/\/x.com\/pilgrim_es","https:\/\/www.instagram.com\/pilgrim.es\/","https:\/\/www.linkedin.com\/company\/pilgrim-camino-de-santiago\/","https:\/\/www.pinterest.es\/pilgrimcaminodesantiago\/","https:\/\/www.youtube.com\/channel\/UCIv2ZzFLXVqthkNF32rKedw\/featured"]}]}},"_links":{"self":[{"href":"https:\/\/www.pilgrim.es\/de\/wp-json\/wp\/v2\/pages\/11332","targetHints":{"allow":["GET"]}}],"collection":[{"href":"https:\/\/www.pilgrim.es\/de\/wp-json\/wp\/v2\/pages"}],"about":[{"href":"https:\/\/www.pilgrim.es\/de\/wp-json\/wp\/v2\/types\/page"}],"author":[{"embeddable":true,"href":"https:\/\/www.pilgrim.es\/de\/wp-json\/wp\/v2\/users\/4"}],"replies":[{"embeddable":true,"href":"https:\/\/www.pilgrim.es\/de\/wp-json\/wp\/v2\/comments?post=11332"}],"version-history":[{"count":12,"href":"https:\/\/www.pilgrim.es\/de\/wp-json\/wp\/v2\/pages\/11332\/revisions"}],"predecessor-version":[{"id":93576,"href":"https:\/\/www.pilgrim.es\/de\/wp-json\/wp\/v2\/pages\/11332\/revisions\/93576"}],"up":[{"embeddable":true,"href":"https:\/\/www.pilgrim.es\/de\/wp-json\/wp\/v2\/pages\/10659"}],"wp:featuredmedia":[{"embeddable":true,"href":"https:\/\/www.pilgrim.es\/de\/wp-json\/wp\/v2\/media\/11266"}],"wp:attachment":[{"href":"https:\/\/www.pilgrim.es\/de\/wp-json\/wp\/v2\/media?parent=11332"}],"wp:term":[{"taxonomy":"category","embeddable":true,"href":"https:\/\/www.pilgrim.es\/de\/wp-json\/wp\/v2\/categories?post=11332"},{"taxonomy":"post_tag","embeddable":true,"href":"https:\/\/www.pilgrim.es\/de\/wp-json\/wp\/v2\/tags?post=11332"}],"curies":[{"name":"wp","href":"https:\/\/api.w.org\/{rel}","templated":true}]}}