{"id":11235,"date":"2019-02-22T18:14:40","date_gmt":"2019-02-22T18:14:40","guid":{"rendered":"https:\/\/desarrollo.pilgrim.es\/franzosischer-weg\/franzosischer-weg-etappe-11-belorado-san-juan-de-ortega\/"},"modified":"2025-03-24T15:23:49","modified_gmt":"2025-03-24T15:23:49","slug":"etappe-11-belorado-san-juan-de-ortega","status":"publish","type":"page","link":"https:\/\/www.pilgrim.es\/de\/franzosischer-weg\/etappe-11-belorado-san-juan-de-ortega\/","title":{"rendered":"Franz\u00f6sischer Weg | Etappe 11: Belorado &#8211; San Juan de Ortega"},"content":{"rendered":" <section id=\"heroStage\">\n  <h1>Franz\u00f6sischer Weg: Etappe 11<\/h1>\n  <div>\n    <div class=\"hero\" data-background=\"https:\/\/cdn.pilgrim.es\/web\/caminos\/camino-frances\/pueblos\/belorado\/belorado.jpg\">\n      <div class=\"hero__container\">\n        <div class=\"hero__container__labels\">\n          <p>Walk<\/p>\n          <p>33 Etappe \/ 764 Kms<\/p>\n        <\/div>\n        <div class=\"hero__container__stage-name\">\n          <h2>\n            Belorado <br \/>\n            <span>&#10093;<\/span>\n            San Juan de Ortega\n          <\/h2>\n          <p>23,9 Km<\/p>\n        <\/div>\n        <div class=\"hero__container__stage-changer\">\n            <div class=\"stage-control\">\n              <a class=\"stage-control__link\" href=\"\/de\/franzosischer-weg\/etappe-10-santo-domingo-de-la-calzada-belorado\/\"><span>&#10094;<\/span> Etappe 10<\/a>\n            <\/div>\n          <div class=\"stage-control\">\n            <a class=\"stage-control__link\" href=\"\/de\/franzosischer-weg\/etappe-12-san-juan-de-ortega-burgos\/\">Etappe 12 <span>&#10095;<\/span><\/a>\n          <\/div>\n        <\/div>\n      <\/div>\n    <\/div>\n    <div class=\"planner\"><div\r\n  class=\"p-col-span-1 p-rounded-lg p-px-5 p-h-full\"\r\n  style=\"background-image: url('https:\/\/cdn.pilgrim.es\/web\/pilgrim-planner\/bg-plugin-planificador.webp')\"\r\n  rel=\"preload\"\r\n  fetchpriority=\"high\"\r\n  >\r\n    <div class=\"p-text-center p-pt-5 p-text-white p-text-2xl p-font-semibold\">\r\n      Plane deinen Weg    <\/div>\r\n    <div\r\n            id='primary-app'\r\n            data-name='banner'\r\n            data-api='https:\/\/pathfinder.pilgrim.es\/api\/pathfinder\/v2'\r\n            data-mode='normal'\r\n            data-lang='de'\r\n            data-route='1'\r\n            data-destiny='https:\/\/planificador.pilgrim.es'\r\n            data-modality='1'\r\n            data-inline=''\r\n        ><\/div><\/div><\/div>\n  <\/div>\n<\/section>\n\n<section id=\"scoreBarsStage\">\n  <section>\r\n  <div class=\"p-flex p-flex-nowrap p-space-x-4 p-py-5 p-overflow-x-auto md:p-grid md:p-grid-cols-3 lg:p-grid-cols-5 md:p-gap-8 md:p-space-x-0 md:p-overflow-hidden scrollbar-thin\">\r\n    <div class=\"p-grid p-grid-cols-4 p-shrink-0 p-w-72 p-snap-start md:p-w-full\">\r\n        <div class=\"p-col-span-1 p-self-center p-text-center p-text-3xl\">\r\n            <i class=\"icon-influx\"><\/i>\r\n        <\/div>\r\n        <div class=\"p-col-span-3 p-flex p-flex-col p-items-start\">\r\n            <div class=\"p-text-start p-text-secondary p-mb-1 p-bold\"> Zustrom <\/div>\r\n            <div class=\"p-w-full p-bg-light p-rounded-full p-h-2 p-relative\">\r\n                <div class=\"p-bg-primary p-h-2 p-rounded-full p-absolute\" style=\"width: 40%;\"><\/div>\r\n            <\/div>\r\n        <\/div>\r\n    <\/div>\r\n\r\n    <div class=\"p-grid p-grid-cols-4 p-shrink-0 p-w-72 p-snap-start md:p-w-full\">\r\n        <div class=\"p-col-span-1 p-self-center p-text-center p-text-3xl\">\r\n            <i class=\"icon-difficulty\"><\/i>\r\n        <\/div>\r\n        <div class=\"p-col-span-3 p-flex p-flex-col p-items-start\">\r\n            <div class=\"p-text-start p-text-secondary p-mb-1 p-bold\"> Schwierigkeitsgrad <\/div>\r\n            <div class=\"p-w-full p-bg-light p-rounded-full p-h-2 p-relative\">\r\n                <div class=\"p-bg-primary p-h-2 p-rounded-full p-absolute\" style=\"width: 20%;\"><\/div>\r\n            <\/div>\r\n        <\/div>\r\n    <\/div>\r\n\r\n    <div class=\"p-grid p-grid-cols-4 p-shrink-0 p-w-72 p-snap-start md:p-w-full\">\r\n        <div class=\"p-col-span-1 p-self-center p-text-center p-text-3xl\">\r\n            <i class=\"icon-patrimony\"><\/i>\r\n        <\/div>\r\n        <div class=\"p-col-span-3 p-flex p-flex-col p-items-start\">\r\n            <div class=\"p-text-start p-text-secondary p-mb-1 p-bold\"> Kunst\/Geschichte <\/div>\r\n            <div class=\"p-w-full p-bg-light p-rounded-full p-h-2 p-relative\">\r\n                <div class=\"p-bg-primary p-h-2 p-rounded-full p-absolute\" style=\"width: 20%;\"><\/div>\r\n            <\/div>\r\n        <\/div>\r\n    <\/div>\r\n\r\n    <div class=\"p-grid p-grid-cols-4 p-shrink-0 p-w-72 p-snap-start md:p-w-full\">\r\n        <div class=\"p-col-span-1 p-self-center p-text-center p-text-3xl\">\r\n            <i class=\"icon-nature\"><\/i>\r\n        <\/div>\r\n        <div class=\"p-col-span-3 p-flex p-flex-col p-items-start\">\r\n            <div class=\"p-text-start p-text-secondary p-mb-1 p-bold\"> Natur <\/div>\r\n            <div class=\"p-w-full p-bg-light p-rounded-full p-h-2 p-relative\">\r\n                <div class=\"p-bg-primary p-h-2 p-rounded-full p-absolute\" style=\"width: 60%;\"><\/div>\r\n            <\/div>\r\n        <\/div>\r\n    <\/div>\r\n\r\n    <div class=\"p-grid p-grid-cols-4 p-shrink-0 p-w-72 p-snap-start md:p-w-full\">\r\n        <div class=\"p-col-span-1 p-self-center p-text-center p-text-3xl\">\r\n            <i class=\"icon-urban\"><\/i>\r\n        <\/div>\r\n        <div class=\"p-col-span-3 p-flex p-flex-col p-items-start\">\r\n            <div class=\"p-text-start p-text-secondary p-mb-1 p-bold\"> St\u00e4dtischer Weg <\/div>\r\n            <div class=\"p-w-full p-bg-light p-rounded-full p-h-2 p-relative\">\r\n                <div class=\"p-bg-primary p-h-2 p-rounded-full p-absolute\" style=\"width: 40%;\"><\/div>\r\n            <\/div>\r\n        <\/div>\r\n    <\/div>\r\n  <\/div>\r\n<\/section>\n<\/section>\n\n<div id=\"stage-list-section\"><div class=\"stage-list\">\n    <div class='stage-list__map-card'>\n        <div class='stage-list__map-card__map'>\n            <div class='stage-list__map-card__map__text'>\n                <h2> Pages <\/h2>\n                <p> Zu Fu\u00df<\/p>\n                <p> 0etappen<\/p>\n            <\/div>\n            <div class='stage-list__map-card__map__img'>\n                <img decoding=\"async\" src=\"\" alt=\" mapa \" \/>\n            <\/div>\n        <\/div>\n    <\/div>\n\n    <\/div>\n<\/div>\n\n<section id=\"navStage\">\n  <div>\n    <nav id=\"tab-navigation-section\" class=\"tab-navigation-section--cols-5\">\n      <a href=\"#infoSection\" class=\"active\">Information<\/a>\n       <a href=\"#profileSection\">Profil<\/a>\n       <a href=\"#itinerarySection\">Route<\/a>\n       <a href=\"#locationsSection\">Ortschaften<\/a>\n    <\/nav>\n\n    <div id=\"infoSection\">\n      <!-- Title Section with Orange Line -->\n      <div>\n        <h2 class=\"p-h2-stage\">Information<\/h2>\n        <hr class=\"orange-bar\" \/>\n        <h3 class=\"p-h3-stage\">\u00dcber diese Etappe<\/h3>\n      <\/div>\n\n      \n        <p>Der heutige Tag wird zwischen Berglandschaften und einsamen Wegen verstreichen, auf denen wir abschalten und uns unseren Gedanken \u00fcberlassen k\u00f6nnen. Diese Etappe kann in zwei Teilstrecken dividiert werden: Die erste verl\u00e4uft fast ohne steile H\u00e4nge zwischen typischen D\u00f6rfern des Weges. Die zweite beginnt in Villafranca, von wo aus wir den Anstieg auf das Gebirge \u201cMontes de Oca\u201d nehmen m\u00fcssen. Nur die B\u00e4ume und das Fl\u00fcstern des Windes werden uns auf dieser Strecke mit Aussicht auf San Juan de Ortega begleiten.<\/p>\n      \n\n      <div class=\"recomendation-card\">\n        <div>\n          <i class=\"icon-logo-pilgrim\"><\/i>\n          <h5>Empfehlung Pilgrim<\/h5>\n        <\/div>\n\n        \n          <p>F\u00fcr Personen mit eingeschr\u00e4nkter Bewegungsfreiheit ist diese Etappe kategorisch undurchf\u00fchrbar (von einigen kurzen Strecken abgesehen). Der Transport mit einem Verkehrsmittel bis nach San Juan de Ortega ist also notwendig. F\u00fcr die Radfahrer werden sich einige Strecken als kompliziert erweisen, allerdings sollten sie generell keine Probleme haben, diese Etappe zu bew\u00e4ltigen.<\/p>\n        \n          <p>Bei Regen werden die Abschnitte \u00fcber Land mit gr\u00f6\u03b2ter Wahrscheinlichkeit schlammig sein, es wird also im schlimmsten Fall empfohlen, \u00fcber die N-120 auszuweichen; insbesondere beim Anstieg nach Villafranca.<\/p>\n        \n      <\/div>\n    <\/div>\n\n    <div id=\"profileSection\">\n      <div>\n        <h2 class=\"p-h2-stage\">Entfernung und H\u00f6he<\/h2>\n        <hr class=\"orange-bar\" \/>\n        <h3 class=\"p-h3-stage\">Etappenprofil<\/h3>\n        <img decoding=\"async\" src=\"https:\/\/cdn.pilgrim.es\/web\/caminos\/camino-frances\/etapas\/etapa-11-belorado-san-juan-de-ortega\/etapa11-perfil-belorado-san-juan-de-ortega.jpg\" alt=\"Stage profile etappe-11-belorado-san-juan-de-ortega\" \/>\n      <\/div>\n    <\/div>\n\n    <div id=\"itinerarySection\">\n      <h2 class=\"p-h2-stage\">Route<\/h2>\n      <hr \/>\n      <h3 class=\"p-h3-stage\">Itinerary<\/h3>\n\n      \n        <div>\n          <h4>Km 0 &#8211; Inicio<\/h4>\n\n          \n            <p>Wir verlassen Belorado \u00fcber die Stra\u03b2e \u201cHip\u00f3lito L\u00f3pez Bernal\u201d und die \u201cAvenida del Camino de Santiago\u201d, um auf die N-120 und den Fluss Tir\u00f3n zu treffen; haben wir diesen \u00fcberquert, gehen wir einen der Landstra\u03b2e parallelen Pfad bis zu einer Tankstelle entlang. Hier nehmen wir den Weg nach Tosantos, das unser erster Halt sein wird.<\/p>\n          \n            <p>Ein Rastplatz wird uns am Eingang dieses typischen Dorfes des Weges willkommen hei\u03b2en, wo wir eine Cafeteria finden k\u00f6nnen, um zu fr\u00fchst\u00fccken- und eine Herberge. In der Anh\u00f6he k\u00f6nnen wir eine Weihest\u00e4tte ausfindig machen, die \u201cErmita de la Virgen de la Piedra\u201d- im Inneren des Berges errichtet. In der Umgebung befinden sich einige H\u00f6hlen und Grotten, wo ehemalige Eremiten des Altertums zur Verehrung der Jungfrau einsiedelten. Nach links ab, nehmen wir einen Weg, der uns in die n\u00e4chste Ortschaft f\u00fchrt: Villambistia; eine kleine Gemeinde mit einer Sankt Stefan gewidmeten Pfarrkirche. In ihrem Inneren k\u00f6nnen wir verschiedene Renaissance- Altarbilder bewundern. Eine Legende sagt, dass aus ihrem Brunnen Wasser mit heilenden Kr\u00e4ften quillt. Diejenigen Pilger, die sich an ihm erfrischen, sollen ihre Vitalit\u00e4t zur\u00fcckgewinnen und sich die M\u00fcdgikeit absch\u00fctteln k\u00f6nnen.<\/p>\n          \n            <p>Nachdem wir unsere Kr\u00e4fte an diesem heilenden Brunnen wiederhergestellt haben, kreuzen wir die N-120 und nehmen so den Marsch in Richtung Espinosa del Camino wieder auf. Dort k\u00f6nnen wir haltmachen und in einem ihrer Lokale etwas essen. Wir umgehen einen kleinen H\u00fcgel und gelangen an die Reste des antiken \u201cMonasterio moz\u00e1rabe de San F\u00e9lix\u201d (Kloster), welches auf einer ehemaligen r\u00f6mischen \u201cVilla\u201d errichtet wurde. Man glaubt, die sterblichen \u00dcberreste des Gr\u00fcnders der Stadt Burgos und Graf Kastiliens, Diego Porcelos, l\u00e4gen dort begraben.<\/p>\n          \n            <p>Wir nehmen erneut den Weg auf, um die N-120 rechts entlang zu gehen und ersehen Villafranca de Montes de Oca, wo wir heute haltmachen werden. Bevor wir den Anstieg beginnen, m\u00fcssen wir uns verproviantieren; da uns zw\u00f6lf Kilometer bis zur n\u00e4chsten Ortschaft erwarten, und wir auf dieser Strecke keine weitere M\u00f6glichkeit dazu finden werden. Wir k\u00f6nnen die Jakobskirche besuchen, deren \u201cPuerta del Perd\u00f3n\u201d (Tor der Vergebung) nur im Jakobus- Jahr ge\u00f6ffnet wird, und so den Pilgern, die den Weg nach Santiago nicht komplett verrichten k\u00f6nnen, das Jubil\u00e4um vereinfacht. Dieser Tempel mit barocker Kapelle weist drei Skulturen und ein Taufbecken auf, das mit einer gro\u03b2en, nat\u00fcrlichen Muschel ausgearbeitet ist. Wir lassen die Kirche und das antike \u201cHospital de peregrinos de la Reina\u201d (heutzutage ein Hotel) zu unserer linken Seite zur\u00fcck, um die komplizierteste Strecke der heutigen Route -den Aufstieg nach San Juan de Ortega- anzugehen.<\/p>\n          \n            <p>Bis zu den Montes de Oca finden wir eine Landschaft einer gro\u03b2en Sch\u00f6nheit vor, allerdings werden die Steigungen dem einen oder anderen Pilger seine Schwierigkeiten machen. Diese Gebirgskette wird als der nat\u00fcrliche \u00dcbergang zwischen den Talebenen Riojas und der Hochebene Burgos, \u00fcber das Iberische Gebirge hinweg, angesehen. Im Altertum waren die Pilger, von der Schwierigkeit der Steigungen abgesehen, ebenfalls den \u00dcbelt\u00e4tern ausgesetzt, die sich im Buschwerk versteckten, um sie auszupl\u00fcndern. Heutzutage l\u00e4d uns die Abgeschiedenheit dieser W\u00e4lder dazu ein, abzuschalten und die Landschaft zu genie\u03b2en, in der wir Buchen, Eichen und Eschen finden.<\/p>\n          \n            <p>Nach fast zwei Kilometern bergauf, k\u00f6nnen wir von dem \u201cSan Mill\u00e1n de la Demanda\u201d- Aussichtspunkt aus aufatmen; von hier ab sind die Anstiege sachter. \u00dcber einen Waldweg gelangen wir an ein Denkmal, das den Gefallenen des spanischen B\u00fcrgerkrieges gewidmet ist; anhand einer kleinen Br\u00fccke \u00fcberqueren wir dann den Fluss Catarr\u00f3n. Wir m\u00fcssen uns ein letztes Mal bem\u00fchen, um den Anstieg zum Alto de la Pedraja in 1.150 Metern H\u00f6he zu bew\u00e4ltigen. Hier erwartet uns der Sankt Nikolaus von Bari- Tempel, der von San Juan de Ortega erbaut wurde. Dieser letztere, dessen reeller Name Juan de Vel\u00e1zquez war, ist Sch\u00fcler von Santo Domingo de la Calzada gewesen. Er widmete sein Leben den Pilgern, indem er die Errichtung von Br\u00fccken, gepflasterten Wegen und Herbergen finanzierte. Sein Gr\u00f6\u03b2ter Bau ist die kl\u00f6sterliche Kirche, die j\u00e4hrlich Zeuge des bekannten \u201cMilagro de la Luz\u201d (Lichtwunder) ist. Jeden 21. M\u00e4rz und 22. September, bei Tagundnachtgleiche im Fr\u00fchling und Herbst, flutet das Licht eines der Fenster das \u201cCapitel de la Anunciaci\u00f3n\u201d (Kapitell der Verk\u00fcndung) und erl\u00e4uchtet auf diese Weise die gemei\u00dfelte Szene. Wenn wir an diesen Tagen reisen, d\u00fcrfen wir uns dieses sch\u00f6ne Ereignis (das um 17Uhr geschieht) nicht entgehen lassen; Es ist perfekt, um diese elfte Etappe zu beenden.<\/p>\n          \n\n          \n            <a class=\"town-link\" href=\"https:\/\/www.pilgrim.es\/de\/franzosischer-weg\/belorado\/\">\n              <div class=\"town-link__link-content\">\n                <div class=\"town-link__link-content__text\">\n                  <p>Lokale Informationen<\/p>\n                  <p>Polizei, medizinische Versorgung, Sehensw\u00fcrdigkeiten, Restaurants&#8230;<\/p>\n                <\/div>\n                <div class=\"town-link__link-content__town-btn\">\n                  <i class=\"icon-arrow\"><\/i>\n                <\/div>\n              <\/div>\n            <\/a>\n          \n        <\/div>\n        <hr \/>\n      \n      <div>\n        <h4>Km 23,9 &#8231; San Juan de Ortega<\/h4>\n        <a class=\"town-link\" href=\"https:\/\/www.pilgrim.es\/de\/franzosischer-weg\/san-juan-de-ortega\/\">\n          <div class=\"town-link__link-content\">\n            <div class=\"town-link__link-content__text\">\n              <p>Lokale Informationen<\/p>\n              <p>Polizei, medizinische Versorgung, Sehensw\u00fcrdigkeiten, Restaurants&#8230;<\/p>\n            <\/div>\n            <div class=\"town-link__link-content__town-btn\">\n              <i class=\"icon-arrow\"><\/i>\n            <\/div>\n          <\/div>\n        <\/a>\n      <\/div>\n    <\/div>\n\n  <div id=\"locationsSection\">\n      <h2 class=\"p-h2-stage\">\u00d6rtlichkeiten<\/h2>\n      <hr \/>\n      <h3 class=\"p-h3-stage\">St\u00e4dte<\/h3>\n      <div class=\"grid-container\">\n\n        <div class=\"p-group card-stage p-max-w-full\">\n          <a href=\"https:\/\/www.pilgrim.es\/de\/franzosischer-weg\/belorado\/\" class=\"town-card\">\n            <div class=\"card-stage__header\">\n              <img decoding=\"async\" src=\"https:\/\/cdn.pilgrim.es\/web\/caminos\/camino-frances\/pueblos\/belorado\/belorado.jpg\" alt=\"Belorado\" class=\"group-hover:p-scale-110\" \/>\n              <div class=\"card-overlay group-hover:p-opacity-50\"><\/div>\n            <\/div>\n            <div class=\"town-card__flex-container\">\n              <div class=\"town-card__flex-container__info\">\n                <h3>Belorado<\/h3>\n                <p>Provincia: Burgos<\/p>\n              <\/div>\n              <div class=\"town-card__flex-container__btn\">\n                <i class=\"icon-arrow\"><\/i>\n              <\/div>\n            <\/div>\n          <\/a>\n        <\/div>\n        <div class=\"p-group card-stage p-max-w-full\">\n          <a href=\"https:\/\/www.pilgrim.es\/de\/franzosischer-weg\/san-juan-de-ortega\/\" class=\"town-card\">\n            <div class=\"card-stage__header\">\n              <img decoding=\"async\" src=\"https:\/\/cdn.pilgrim.es\/web\/caminos\/camino-frances\/pueblos\/san-juan-de-ortega\/san-juan-de-ortega.jpg\" alt=\"San Juan de Ortega\" class=\"group-hover:p-scale-110\" \/>\n              <div class=\"card-overlay group-hover:p-opacity-50\"><\/div>\n            <\/div>\n            <div class=\"town-card__flex-container\">\n              <div class=\"town-card__flex-container__info\">\n                <h3>San Juan de Ortega<\/h3>\n                <p>Provincia: Burgos<\/p>\n              <\/div>\n              <div class=\"town-card__flex-container__btn\">\n                <i class=\"icon-arrow\"><\/i>\n              <\/div>\n            <\/div>\n          <\/a>\n        <\/div>\n      <\/div>\n    <\/div>\n    <hr class=\"single-bar\" \/>\n  <\/div>\n<\/section>\n\n<section id=\"stageChange\">\n  <div>\n    <a href=\"\/de\/franzosischer-weg\/etappe-10-santo-domingo-de-la-calzada-belorado\/\" class=\"change-btn\">\n    <div class=\"change-btn\">\n      <div class=\"btn-arrow previous\">\n        <i class=\"icon-arrow\"><\/i>\n      <\/div>\n      <div class=\"change-btn__info\">\n        <div>Etappe 10<\/div>\n        <p>\n          Santo Domingo de la Calzada \u276f <br> Belorado\n        <\/p>\n      <\/div>\n    <\/div>\n    <\/a>\n    <a href=\"\/de\/franzosischer-weg\/etappe-12-san-juan-de-ortega-burgos\/\" class=\"change-btn\">\n      <div class=\"change-btn__info\">\n        <div>Etappe 12<\/div>\n        <p>\n          San Juan de Ortega \u276f <br> Burgos\n        <\/p>\n      <\/div>\n      <div class=\"btn-arrow\">\n        <i class=\"icon-arrow\"><\/i>\n      <\/div>\n    <\/a>\n  <\/div>\n<\/section> ","protected":false},"excerpt":{"rendered":"<p>Franz\u00f6sischer Weg: Etappe 11 Walk 33 Etappe \/ 764 Kms Belorado &#10093; San Juan de Ortega 23,9 Km &#10094; Etappe 10 Etappe 12 &#10095; Information Profil Route Ortschaften Information \u00dcber diese Etappe Der heutige Tag wird zwischen Berglandschaften und einsamen Wegen verstreichen, auf denen wir abschalten und uns unseren Gedanken \u00fcberlassen k\u00f6nnen. Diese Etappe kann &hellip; <\/p>\n<p class=\"read_more\"><a href=\"https:\/\/www.pilgrim.es\/de\/franzosischer-weg\/etappe-11-belorado-san-juan-de-ortega\/\">Leer m\u00e1s<\/a><\/p>\n","protected":false},"author":4,"featured_media":10914,"parent":10659,"menu_order":0,"comment_status":"closed","ping_status":"closed","template":"views\/template-new-web-design.blade.php","meta":{"footnotes":""},"categories":[],"tags":[],"class_list":["post-11235","page","type-page","status-publish","has-post-thumbnail","hentry"],"yoast_head":"<!-- This site is optimized with the Yoast SEO plugin v27.4 - https:\/\/yoast.com\/product\/yoast-seo-wordpress\/ -->\n<title>Camino Franc\u00e9s desde San Juan de Ortega a Belorado | Pilgrim.es<\/title>\n<meta name=\"description\" content=\"Franz\u00f6sischer Weg: Etappe 11 des Jakobsweges, der zwischen San Juan de Ortega und Belorado verl\u00e4uft. Entdecken Sie alle notwendigen Informationen zu dieser Etappe.\" \/>\n<meta name=\"robots\" content=\"index, follow, max-snippet:-1, max-image-preview:large, max-video-preview:-1\" \/>\n<link rel=\"canonical\" href=\"https:\/\/www.pilgrim.es\/de\/franzosischer-weg\/etappe-11-belorado-san-juan-de-ortega\/\" \/>\n<meta property=\"og:locale\" content=\"de_DE\" \/>\n<meta property=\"og:type\" content=\"article\" \/>\n<meta property=\"og:title\" content=\"Camino Franc\u00e9s desde San Juan de Ortega a Belorado | Pilgrim.es\" \/>\n<meta property=\"og:description\" content=\"Franz\u00f6sischer Weg: Etappe 11 des Jakobsweges, der zwischen San Juan de Ortega und Belorado verl\u00e4uft. Entdecken Sie alle notwendigen Informationen zu dieser Etappe.\" \/>\n<meta property=\"og:url\" content=\"https:\/\/www.pilgrim.es\/de\/franzosischer-weg\/etappe-11-belorado-san-juan-de-ortega\/\" \/>\n<meta property=\"og:site_name\" content=\"Pilgrim\" \/>\n<meta property=\"article:publisher\" content=\"https:\/\/www.facebook.com\/pilgrim.es\/\" \/>\n<meta property=\"article:modified_time\" content=\"2025-03-24T15:23:49+00:00\" \/>\n<meta property=\"og:image\" content=\"https:\/\/www.pilgrim.es\/wp-content\/uploads\/2019\/02\/camino_frances_etapa_11.jpg\" \/>\n\t<meta property=\"og:image:width\" content=\"1634\" \/>\n\t<meta property=\"og:image:height\" content=\"547\" \/>\n\t<meta property=\"og:image:type\" content=\"image\/jpeg\" \/>\n<meta name=\"twitter:card\" content=\"summary_large_image\" \/>\n<meta name=\"twitter:site\" content=\"@pilgrim_es\" \/>\n<meta name=\"twitter:label1\" content=\"Gesch\u00e4tzte Lesezeit\" \/>\n\t<meta name=\"twitter:data1\" content=\"5\u00a0Minuten\" \/>\n<script type=\"application\/ld+json\" class=\"yoast-schema-graph\">{\"@context\":\"https:\\\/\\\/schema.org\",\"@graph\":[{\"@type\":\"WebPage\",\"@id\":\"https:\\\/\\\/www.pilgrim.es\\\/de\\\/franzosischer-weg\\\/etappe-11-belorado-san-juan-de-ortega\\\/\",\"url\":\"https:\\\/\\\/www.pilgrim.es\\\/de\\\/franzosischer-weg\\\/etappe-11-belorado-san-juan-de-ortega\\\/\",\"name\":\"Camino Franc\u00e9s desde San Juan de Ortega a Belorado | Pilgrim.es\",\"isPartOf\":{\"@id\":\"https:\\\/\\\/www.pilgrim.es\\\/de\\\/#website\"},\"primaryImageOfPage\":{\"@id\":\"https:\\\/\\\/www.pilgrim.es\\\/de\\\/franzosischer-weg\\\/etappe-11-belorado-san-juan-de-ortega\\\/#primaryimage\"},\"image\":{\"@id\":\"https:\\\/\\\/www.pilgrim.es\\\/de\\\/franzosischer-weg\\\/etappe-11-belorado-san-juan-de-ortega\\\/#primaryimage\"},\"thumbnailUrl\":\"https:\\\/\\\/www.pilgrim.es\\\/wp-content\\\/uploads\\\/2019\\\/02\\\/camino_frances_etapa_11.jpg\",\"datePublished\":\"2019-02-22T18:14:40+00:00\",\"dateModified\":\"2025-03-24T15:23:49+00:00\",\"description\":\"Franz\u00f6sischer Weg: Etappe 11 des Jakobsweges, der zwischen San Juan de Ortega und Belorado verl\u00e4uft. Entdecken Sie alle notwendigen Informationen zu dieser Etappe.\",\"breadcrumb\":{\"@id\":\"https:\\\/\\\/www.pilgrim.es\\\/de\\\/franzosischer-weg\\\/etappe-11-belorado-san-juan-de-ortega\\\/#breadcrumb\"},\"inLanguage\":\"de\",\"potentialAction\":[{\"@type\":\"ReadAction\",\"target\":[\"https:\\\/\\\/www.pilgrim.es\\\/de\\\/franzosischer-weg\\\/etappe-11-belorado-san-juan-de-ortega\\\/\"]}]},{\"@type\":\"ImageObject\",\"inLanguage\":\"de\",\"@id\":\"https:\\\/\\\/www.pilgrim.es\\\/de\\\/franzosischer-weg\\\/etappe-11-belorado-san-juan-de-ortega\\\/#primaryimage\",\"url\":\"https:\\\/\\\/www.pilgrim.es\\\/wp-content\\\/uploads\\\/2019\\\/02\\\/camino_frances_etapa_11.jpg\",\"contentUrl\":\"https:\\\/\\\/www.pilgrim.es\\\/wp-content\\\/uploads\\\/2019\\\/02\\\/camino_frances_etapa_11.jpg\",\"width\":1634,\"height\":547,\"caption\":\"Landkarte Etappe 11 Franz\u00f6sischer Weg\"},{\"@type\":\"BreadcrumbList\",\"@id\":\"https:\\\/\\\/www.pilgrim.es\\\/de\\\/franzosischer-weg\\\/etappe-11-belorado-san-juan-de-ortega\\\/#breadcrumb\",\"itemListElement\":[{\"@type\":\"ListItem\",\"position\":1,\"name\":\"Camino de Santiago\",\"item\":\"https:\\\/\\\/www.pilgrim.es\\\/de\\\/\"},{\"@type\":\"ListItem\",\"position\":2,\"name\":\"Franz\u00f6sischer Weg | Etappe 11: Belorado &#8211; San Juan de Ortega\"}]},{\"@type\":\"WebSite\",\"@id\":\"https:\\\/\\\/www.pilgrim.es\\\/de\\\/#website\",\"url\":\"https:\\\/\\\/www.pilgrim.es\\\/de\\\/\",\"name\":\"Pilgrim\",\"description\":\"Camino de Santiago | Caminamos Contigo\",\"publisher\":{\"@id\":\"https:\\\/\\\/www.pilgrim.es\\\/de\\\/#organization\"},\"potentialAction\":[{\"@type\":\"SearchAction\",\"target\":{\"@type\":\"EntryPoint\",\"urlTemplate\":\"https:\\\/\\\/www.pilgrim.es\\\/de\\\/?s={search_term_string}\"},\"query-input\":{\"@type\":\"PropertyValueSpecification\",\"valueRequired\":true,\"valueName\":\"search_term_string\"}}],\"inLanguage\":\"de\"},{\"@type\":\"Organization\",\"@id\":\"https:\\\/\\\/www.pilgrim.es\\\/de\\\/#organization\",\"name\":\"Pilgrim Camino de Santiago\",\"url\":\"https:\\\/\\\/www.pilgrim.es\\\/de\\\/\",\"logo\":{\"@type\":\"ImageObject\",\"inLanguage\":\"de\",\"@id\":\"https:\\\/\\\/www.pilgrim.es\\\/de\\\/#\\\/schema\\\/logo\\\/image\\\/\",\"url\":\"https:\\\/\\\/www.pilgrim.es\\\/wp-content\\\/uploads\\\/2019\\\/04\\\/logo_pilgrim.png\",\"contentUrl\":\"https:\\\/\\\/www.pilgrim.es\\\/wp-content\\\/uploads\\\/2019\\\/04\\\/logo_pilgrim.png\",\"width\":512,\"height\":512,\"caption\":\"Pilgrim Camino de Santiago\"},\"image\":{\"@id\":\"https:\\\/\\\/www.pilgrim.es\\\/de\\\/#\\\/schema\\\/logo\\\/image\\\/\"},\"sameAs\":[\"https:\\\/\\\/www.facebook.com\\\/pilgrim.es\\\/\",\"https:\\\/\\\/x.com\\\/pilgrim_es\",\"https:\\\/\\\/www.instagram.com\\\/pilgrim.es\\\/\",\"https:\\\/\\\/www.linkedin.com\\\/company\\\/pilgrim-camino-de-santiago\\\/\",\"https:\\\/\\\/www.pinterest.es\\\/pilgrimcaminodesantiago\\\/\",\"https:\\\/\\\/www.youtube.com\\\/channel\\\/UCIv2ZzFLXVqthkNF32rKedw\\\/featured\"]}]}<\/script>\n<!-- \/ Yoast SEO plugin. -->","yoast_head_json":{"title":"Camino Franc\u00e9s desde San Juan de Ortega a Belorado | Pilgrim.es","description":"Franz\u00f6sischer Weg: Etappe 11 des Jakobsweges, der zwischen San Juan de Ortega und Belorado verl\u00e4uft. Entdecken Sie alle notwendigen Informationen zu dieser Etappe.","robots":{"index":"index","follow":"follow","max-snippet":"max-snippet:-1","max-image-preview":"max-image-preview:large","max-video-preview":"max-video-preview:-1"},"canonical":"https:\/\/www.pilgrim.es\/de\/franzosischer-weg\/etappe-11-belorado-san-juan-de-ortega\/","og_locale":"de_DE","og_type":"article","og_title":"Camino Franc\u00e9s desde San Juan de Ortega a Belorado | Pilgrim.es","og_description":"Franz\u00f6sischer Weg: Etappe 11 des Jakobsweges, der zwischen San Juan de Ortega und Belorado verl\u00e4uft. Entdecken Sie alle notwendigen Informationen zu dieser Etappe.","og_url":"https:\/\/www.pilgrim.es\/de\/franzosischer-weg\/etappe-11-belorado-san-juan-de-ortega\/","og_site_name":"Pilgrim","article_publisher":"https:\/\/www.facebook.com\/pilgrim.es\/","article_modified_time":"2025-03-24T15:23:49+00:00","og_image":[{"width":1634,"height":547,"url":"https:\/\/www.pilgrim.es\/wp-content\/uploads\/2019\/02\/camino_frances_etapa_11.jpg","type":"image\/jpeg"}],"twitter_card":"summary_large_image","twitter_site":"@pilgrim_es","twitter_misc":{"Gesch\u00e4tzte Lesezeit":"5\u00a0Minuten"},"schema":{"@context":"https:\/\/schema.org","@graph":[{"@type":"WebPage","@id":"https:\/\/www.pilgrim.es\/de\/franzosischer-weg\/etappe-11-belorado-san-juan-de-ortega\/","url":"https:\/\/www.pilgrim.es\/de\/franzosischer-weg\/etappe-11-belorado-san-juan-de-ortega\/","name":"Camino Franc\u00e9s desde San Juan de Ortega a Belorado | Pilgrim.es","isPartOf":{"@id":"https:\/\/www.pilgrim.es\/de\/#website"},"primaryImageOfPage":{"@id":"https:\/\/www.pilgrim.es\/de\/franzosischer-weg\/etappe-11-belorado-san-juan-de-ortega\/#primaryimage"},"image":{"@id":"https:\/\/www.pilgrim.es\/de\/franzosischer-weg\/etappe-11-belorado-san-juan-de-ortega\/#primaryimage"},"thumbnailUrl":"https:\/\/www.pilgrim.es\/wp-content\/uploads\/2019\/02\/camino_frances_etapa_11.jpg","datePublished":"2019-02-22T18:14:40+00:00","dateModified":"2025-03-24T15:23:49+00:00","description":"Franz\u00f6sischer Weg: Etappe 11 des Jakobsweges, der zwischen San Juan de Ortega und Belorado verl\u00e4uft. Entdecken Sie alle notwendigen Informationen zu dieser Etappe.","breadcrumb":{"@id":"https:\/\/www.pilgrim.es\/de\/franzosischer-weg\/etappe-11-belorado-san-juan-de-ortega\/#breadcrumb"},"inLanguage":"de","potentialAction":[{"@type":"ReadAction","target":["https:\/\/www.pilgrim.es\/de\/franzosischer-weg\/etappe-11-belorado-san-juan-de-ortega\/"]}]},{"@type":"ImageObject","inLanguage":"de","@id":"https:\/\/www.pilgrim.es\/de\/franzosischer-weg\/etappe-11-belorado-san-juan-de-ortega\/#primaryimage","url":"https:\/\/www.pilgrim.es\/wp-content\/uploads\/2019\/02\/camino_frances_etapa_11.jpg","contentUrl":"https:\/\/www.pilgrim.es\/wp-content\/uploads\/2019\/02\/camino_frances_etapa_11.jpg","width":1634,"height":547,"caption":"Landkarte Etappe 11 Franz\u00f6sischer Weg"},{"@type":"BreadcrumbList","@id":"https:\/\/www.pilgrim.es\/de\/franzosischer-weg\/etappe-11-belorado-san-juan-de-ortega\/#breadcrumb","itemListElement":[{"@type":"ListItem","position":1,"name":"Camino de Santiago","item":"https:\/\/www.pilgrim.es\/de\/"},{"@type":"ListItem","position":2,"name":"Franz\u00f6sischer Weg | Etappe 11: Belorado &#8211; San Juan de Ortega"}]},{"@type":"WebSite","@id":"https:\/\/www.pilgrim.es\/de\/#website","url":"https:\/\/www.pilgrim.es\/de\/","name":"Pilgrim","description":"Camino de Santiago | Caminamos Contigo","publisher":{"@id":"https:\/\/www.pilgrim.es\/de\/#organization"},"potentialAction":[{"@type":"SearchAction","target":{"@type":"EntryPoint","urlTemplate":"https:\/\/www.pilgrim.es\/de\/?s={search_term_string}"},"query-input":{"@type":"PropertyValueSpecification","valueRequired":true,"valueName":"search_term_string"}}],"inLanguage":"de"},{"@type":"Organization","@id":"https:\/\/www.pilgrim.es\/de\/#organization","name":"Pilgrim Camino de Santiago","url":"https:\/\/www.pilgrim.es\/de\/","logo":{"@type":"ImageObject","inLanguage":"de","@id":"https:\/\/www.pilgrim.es\/de\/#\/schema\/logo\/image\/","url":"https:\/\/www.pilgrim.es\/wp-content\/uploads\/2019\/04\/logo_pilgrim.png","contentUrl":"https:\/\/www.pilgrim.es\/wp-content\/uploads\/2019\/04\/logo_pilgrim.png","width":512,"height":512,"caption":"Pilgrim Camino de Santiago"},"image":{"@id":"https:\/\/www.pilgrim.es\/de\/#\/schema\/logo\/image\/"},"sameAs":["https:\/\/www.facebook.com\/pilgrim.es\/","https:\/\/x.com\/pilgrim_es","https:\/\/www.instagram.com\/pilgrim.es\/","https:\/\/www.linkedin.com\/company\/pilgrim-camino-de-santiago\/","https:\/\/www.pinterest.es\/pilgrimcaminodesantiago\/","https:\/\/www.youtube.com\/channel\/UCIv2ZzFLXVqthkNF32rKedw\/featured"]}]}},"_links":{"self":[{"href":"https:\/\/www.pilgrim.es\/de\/wp-json\/wp\/v2\/pages\/11235","targetHints":{"allow":["GET"]}}],"collection":[{"href":"https:\/\/www.pilgrim.es\/de\/wp-json\/wp\/v2\/pages"}],"about":[{"href":"https:\/\/www.pilgrim.es\/de\/wp-json\/wp\/v2\/types\/page"}],"author":[{"embeddable":true,"href":"https:\/\/www.pilgrim.es\/de\/wp-json\/wp\/v2\/users\/4"}],"replies":[{"embeddable":true,"href":"https:\/\/www.pilgrim.es\/de\/wp-json\/wp\/v2\/comments?post=11235"}],"version-history":[{"count":16,"href":"https:\/\/www.pilgrim.es\/de\/wp-json\/wp\/v2\/pages\/11235\/revisions"}],"predecessor-version":[{"id":93558,"href":"https:\/\/www.pilgrim.es\/de\/wp-json\/wp\/v2\/pages\/11235\/revisions\/93558"}],"up":[{"embeddable":true,"href":"https:\/\/www.pilgrim.es\/de\/wp-json\/wp\/v2\/pages\/10659"}],"wp:featuredmedia":[{"embeddable":true,"href":"https:\/\/www.pilgrim.es\/de\/wp-json\/wp\/v2\/media\/10914"}],"wp:attachment":[{"href":"https:\/\/www.pilgrim.es\/de\/wp-json\/wp\/v2\/media?parent=11235"}],"wp:term":[{"taxonomy":"category","embeddable":true,"href":"https:\/\/www.pilgrim.es\/de\/wp-json\/wp\/v2\/categories?post=11235"},{"taxonomy":"post_tag","embeddable":true,"href":"https:\/\/www.pilgrim.es\/de\/wp-json\/wp\/v2\/tags?post=11235"}],"curies":[{"name":"wp","href":"https:\/\/api.w.org\/{rel}","templated":true}]}}