{"id":11220,"date":"2019-02-22T14:36:33","date_gmt":"2019-02-22T14:36:33","guid":{"rendered":"https:\/\/desarrollo.pilgrim.es\/franzosischer-weg\/franzosischer-weg-etappe-9-najera-santo-domingo-de-la-calzada\/"},"modified":"2025-03-24T15:23:38","modified_gmt":"2025-03-24T15:23:38","slug":"etappe-9-najera-santo-domingo-de-la-calzada","status":"publish","type":"page","link":"https:\/\/www.pilgrim.es\/de\/franzosischer-weg\/etappe-9-najera-santo-domingo-de-la-calzada\/","title":{"rendered":"Franz\u00f6sischer Weg | Etappe 9: N\u00e1jera &#8211; Santo Domingo de la Calzada"},"content":{"rendered":" <section id=\"heroStage\">\n  <h1>Franz\u00f6sischer Weg: Etappe 9<\/h1>\n  <div>\n    <div class=\"hero\" data-background=\"https:\/\/cdn.pilgrim.es\/web\/caminos\/camino-frances\/pueblos\/najera\/najera.jpg\">\n      <div class=\"hero__container\">\n        <div class=\"hero__container__labels\">\n          <p>Walk<\/p>\n          <p>33 Etappe \/ 764 Kms<\/p>\n        <\/div>\n        <div class=\"hero__container__stage-name\">\n          <h2>\n            N\u00e1jera <br \/>\n            <span>&#10093;<\/span>\n            Santo Domingo de la Calzada\n          <\/h2>\n          <p>20,7 Km<\/p>\n        <\/div>\n        <div class=\"hero__container__stage-changer\">\n            <div class=\"stage-control\">\n              <a class=\"stage-control__link\" href=\"\/de\/franzosischer-weg\/etappe-8-logrono-najera\/\"><span>&#10094;<\/span> Etappe 8<\/a>\n            <\/div>\n          <div class=\"stage-control\">\n            <a class=\"stage-control__link\" href=\"\/de\/franzosischer-weg\/etappe-10-santo-domingo-de-la-calzada-belorado\/\">Etappe 10 <span>&#10095;<\/span><\/a>\n          <\/div>\n        <\/div>\n      <\/div>\n    <\/div>\n    <div class=\"planner\"><div\r\n  class=\"p-col-span-1 p-rounded-lg p-px-5 p-h-full\"\r\n  style=\"background-image: url('https:\/\/cdn.pilgrim.es\/web\/pilgrim-planner\/bg-plugin-planificador.webp')\"\r\n  rel=\"preload\"\r\n  fetchpriority=\"high\"\r\n  >\r\n    <div class=\"p-text-center p-pt-5 p-text-white p-text-2xl p-font-semibold\">\r\n      Plane deinen Weg    <\/div>\r\n    <div\r\n            id='primary-app'\r\n            data-name='banner'\r\n            data-api='https:\/\/pathfinder.pilgrim.es\/api\/pathfinder\/v2'\r\n            data-mode='normal'\r\n            data-lang='de'\r\n            data-route='1'\r\n            data-destiny='https:\/\/planificador.pilgrim.es'\r\n            data-modality='1'\r\n            data-inline=''\r\n        ><\/div><\/div><\/div>\n  <\/div>\n<\/section>\n\n<section id=\"scoreBarsStage\">\n  <section>\r\n  <div class=\"p-flex p-flex-nowrap p-space-x-4 p-py-5 p-overflow-x-auto md:p-grid md:p-grid-cols-3 lg:p-grid-cols-5 md:p-gap-8 md:p-space-x-0 md:p-overflow-hidden scrollbar-thin\">\r\n    <div class=\"p-grid p-grid-cols-4 p-shrink-0 p-w-72 p-snap-start md:p-w-full\">\r\n        <div class=\"p-col-span-1 p-self-center p-text-center p-text-3xl\">\r\n            <i class=\"icon-influx\"><\/i>\r\n        <\/div>\r\n        <div class=\"p-col-span-3 p-flex p-flex-col p-items-start\">\r\n            <div class=\"p-text-start p-text-secondary p-mb-1 p-bold\"> Zustrom <\/div>\r\n            <div class=\"p-w-full p-bg-light p-rounded-full p-h-2 p-relative\">\r\n                <div class=\"p-bg-primary p-h-2 p-rounded-full p-absolute\" style=\"width: 20%;\"><\/div>\r\n            <\/div>\r\n        <\/div>\r\n    <\/div>\r\n\r\n    <div class=\"p-grid p-grid-cols-4 p-shrink-0 p-w-72 p-snap-start md:p-w-full\">\r\n        <div class=\"p-col-span-1 p-self-center p-text-center p-text-3xl\">\r\n            <i class=\"icon-difficulty\"><\/i>\r\n        <\/div>\r\n        <div class=\"p-col-span-3 p-flex p-flex-col p-items-start\">\r\n            <div class=\"p-text-start p-text-secondary p-mb-1 p-bold\"> Schwierigkeitsgrad <\/div>\r\n            <div class=\"p-w-full p-bg-light p-rounded-full p-h-2 p-relative\">\r\n                <div class=\"p-bg-primary p-h-2 p-rounded-full p-absolute\" style=\"width: 20%;\"><\/div>\r\n            <\/div>\r\n        <\/div>\r\n    <\/div>\r\n\r\n    <div class=\"p-grid p-grid-cols-4 p-shrink-0 p-w-72 p-snap-start md:p-w-full\">\r\n        <div class=\"p-col-span-1 p-self-center p-text-center p-text-3xl\">\r\n            <i class=\"icon-patrimony\"><\/i>\r\n        <\/div>\r\n        <div class=\"p-col-span-3 p-flex p-flex-col p-items-start\">\r\n            <div class=\"p-text-start p-text-secondary p-mb-1 p-bold\"> Kunst\/Geschichte <\/div>\r\n            <div class=\"p-w-full p-bg-light p-rounded-full p-h-2 p-relative\">\r\n                <div class=\"p-bg-primary p-h-2 p-rounded-full p-absolute\" style=\"width: 20%;\"><\/div>\r\n            <\/div>\r\n        <\/div>\r\n    <\/div>\r\n\r\n    <div class=\"p-grid p-grid-cols-4 p-shrink-0 p-w-72 p-snap-start md:p-w-full\">\r\n        <div class=\"p-col-span-1 p-self-center p-text-center p-text-3xl\">\r\n            <i class=\"icon-nature\"><\/i>\r\n        <\/div>\r\n        <div class=\"p-col-span-3 p-flex p-flex-col p-items-start\">\r\n            <div class=\"p-text-start p-text-secondary p-mb-1 p-bold\"> Natur <\/div>\r\n            <div class=\"p-w-full p-bg-light p-rounded-full p-h-2 p-relative\">\r\n                <div class=\"p-bg-primary p-h-2 p-rounded-full p-absolute\" style=\"width: 60%;\"><\/div>\r\n            <\/div>\r\n        <\/div>\r\n    <\/div>\r\n\r\n    <div class=\"p-grid p-grid-cols-4 p-shrink-0 p-w-72 p-snap-start md:p-w-full\">\r\n        <div class=\"p-col-span-1 p-self-center p-text-center p-text-3xl\">\r\n            <i class=\"icon-urban\"><\/i>\r\n        <\/div>\r\n        <div class=\"p-col-span-3 p-flex p-flex-col p-items-start\">\r\n            <div class=\"p-text-start p-text-secondary p-mb-1 p-bold\"> St\u00e4dtischer Weg <\/div>\r\n            <div class=\"p-w-full p-bg-light p-rounded-full p-h-2 p-relative\">\r\n                <div class=\"p-bg-primary p-h-2 p-rounded-full p-absolute\" style=\"width: 20%;\"><\/div>\r\n            <\/div>\r\n        <\/div>\r\n    <\/div>\r\n  <\/div>\r\n<\/section>\n<\/section>\n\n<div id=\"stage-list-section\"><div class=\"stage-list\">\n    <div class='stage-list__map-card'>\n        <div class='stage-list__map-card__map'>\n            <div class='stage-list__map-card__map__text'>\n                <h2> Pages <\/h2>\n                <p> Zu Fu\u00df<\/p>\n                <p> 0etappen<\/p>\n            <\/div>\n            <div class='stage-list__map-card__map__img'>\n                <img decoding=\"async\" src=\"\" alt=\" mapa \" \/>\n            <\/div>\n        <\/div>\n    <\/div>\n\n    <\/div>\n<\/div>\n\n<section id=\"navStage\">\n  <div>\n    <nav id=\"tab-navigation-section\" class=\"tab-navigation-section--cols-5\">\n      <a href=\"#infoSection\" class=\"active\">Information<\/a>\n       <a href=\"#profileSection\">Profil<\/a>\n       <a href=\"#itinerarySection\">Route<\/a>\n       <a href=\"#locationsSection\">Ortschaften<\/a>\n    <\/nav>\n\n    <div id=\"infoSection\">\n      <!-- Title Section with Orange Line -->\n      <div>\n        <h2 class=\"p-h2-stage\">Information<\/h2>\n        <hr class=\"orange-bar\" \/>\n        <h3 class=\"p-h3-stage\">\u00dcber diese Etappe<\/h3>\n      <\/div>\n\n      \n        <p>Wir machen uns auf den Weg, um in eine seiner magischsten Ortschaften zu kommen: Santo Domingo de la Calzada- wo der Legende nach, das \u201cWunder des Hahns und der Henne\u201d gewirkt wurde. Diese neunte Etappe verstreicht zwischen weitreichenden Getreidefeldern und landwirtschaftlichen Gebieten. Sie ist -die vorherige eingerechnet- eine der l\u00e4ngsten Etappen des franz\u00f6sischen Weges. Das wird aber f\u00fcr die bereits erfahrenen Pilger kein Problem darstellen, da die Jakobus- Route uns mit sch\u00f6nen Landschaften und neuen magischen Geschichten belohnt.<\/p>\n      \n\n      <div class=\"recomendation-card\">\n        <div>\n          <i class=\"icon-logo-pilgrim\"><\/i>\n          <h5>Empfehlung Pilgrim<\/h5>\n        <\/div>\n\n        \n          <p>Diese Etappe weist keine schwierigen Unebenheiten oder gef\u00e4hrliche Strecken auf, aber der Aufstieg nach Cirue\u00f1a kann f\u00fcr Personen mit eingeschr\u00e4nkter Bewegungsfreiheit kompliziert sein. In diesen F\u00e4llen empfehlen wir dem Verlauf der N-120 zu folgen; immer unter erh\u00f6hter Aufmerksamkeit, da diese Landstra\u03b2e eine hohe Verkehrsdichte an verschieden Punkten und Tageszeiten aufweist.<\/p>\n        \n          <p>Die Radfahrer m\u00fcssen sich heute angesichts der sanften Gebirgsbeschreibung dieser Etappe keiner Herausforderung stellen. Das Gl\u00fcck ist heute auf ihrer Seite, da sie die Abzweigung nach San Mill\u00e1n leichter bew\u00e4ltigen k\u00f6nnen werden.<\/p>\n        \n      <\/div>\n    <\/div>\n\n    <div id=\"profileSection\">\n      <div>\n        <h2 class=\"p-h2-stage\">Entfernung und H\u00f6he<\/h2>\n        <hr class=\"orange-bar\" \/>\n        <h3 class=\"p-h3-stage\">Etappenprofil<\/h3>\n        <img decoding=\"async\" src=\"https:\/\/cdn.pilgrim.es\/web\/caminos\/camino-frances\/etapas\/etapa-9-najera-santo-domingo-de-la-calzada\/etapa9-perfil-najera-santo-domingo-de-la-calzada.jpg\" alt=\"Stage profile etappe-9-najera-santo-domingo-de-la-calzada\" \/>\n      <\/div>\n    <\/div>\n\n    <div id=\"itinerarySection\">\n      <h2 class=\"p-h2-stage\">Route<\/h2>\n      <hr \/>\n      <h3 class=\"p-h3-stage\">Itinerary<\/h3>\n\n      \n        <div>\n          <h4>Km 0 &#8211; Inicio<\/h4>\n\n          \n            <p>Wir beginnen die heutige Etappe mit dem \u201cMonasterio de Santa Mar\u00eda la Real\u201d (Kloster), an dessen Fassade man verschiedene architektonische Stilichtungen erkennen kann. F\u00fcr die Erbauung dieses Klosters war der K\u00f6nig Don Garc\u00eda S\u00e1nchez III verantwortlich: Der Legende nach, zur Verehrung der heiligen Jungfrau. Diese sollte ihm bei der Jagd behilflich gewesen sein, indem er in einer H\u00f6hle auf eine mysteri\u00f6se Gestallt der Madonna, eine Glocke und einen Lilienstrauss stie\u03b2. Dieses Geb\u00e4ude ist aufgrund des \u201cClaustro de los Caballeros\u201d hervorzuheben, da es sich um eine Begr\u00e4bnisst\u00e4tte einer Vielzahl Adeliger des XVI. Jahrhunderts handelt.<\/p>\n          \n            <p>An einer Seite des Klosters gehen wir die &#8222;Costanilla&#8220;-Stra\u00dfe entlang und lassen N\u00e1jera und den Wasserlauf &#8222;Arroyo de Pozuelos&#8220;(oder &#8222;Valdeca\u00f1as&#8220;) hinter uns in Richtung Azofra. Ein asphaltierter Weg f\u00fchrt uns direkt an die erste Gemeinde dieser Etappe. Wir durchqueren Azofra \u00fcber ihre Hauptstra\u00dfe, wo wir alle notwendigen Leistungen erhalten k\u00f6nnen: Wozu wir bis in zehn Kilometer weiter nicht mehr die M\u00f6glichkeit haben werden. Es ist also empfehlenswert, uns mit Proviant und vor allem Wasser zu versorgen, insbesondere in den Sommermonaten. Diese &#8222;Stra\u00dfen-Ortschaft&#8220; ist arabischen Ursprungs und wurde eigens f\u00fcr den Weg errichtet; sie wies sogar ein Pilger- Hospital bis zum XIX. Jahrhundert auf. Wir k\u00f6nnen hier die &#8222;Nuestra Se\u00f1ora de los \u00c1ngeles&#8220;- Kirche besichtigen, wo wir eine Skultur des Apostels Jakobus finden.<\/p>\n          \n            <p>Wenn wir zu einem Park gelangen, m\u00fcssen wir entscheiden, welcher Weg zu nehmen ist: Der eine verfolgt die Original-Route bis nach Cirue\u00f1a, der andere weicht nach San Mill\u00e1n de la Cogolla ab, dessen Kloster tausendj\u00e4hrige Sch\u00e4tze verborgen h\u00e4lt. Beide Wege vereinen sich nach einer Strecke wieder, um den Verlauf bis nach Cirue\u00f1a zu verfolgen.<\/p>\n          \n            <p>Wenn wir entscheiden nach San Mill\u00e1n (etwas weniger als zwanzig Kilometer entfernt) zu gehen, nehmen wir die Landstra\u00dfe LR-206 in Richtung Alesanco. Viele Pilger besuchen diesen Ort, da man hier zwei Baudenkm\u00e4ler finden kann, die als Weltkulturerbe ausgezeichnet wurden: Die &#8222;Suso- und Yuso&#8220;- Kl\u00f6ster, als \u201cMonasterio de San Mill\u00e1n\u201d bekannt, obwohl es sich um zwei verschiedene Monumente handelt. Hier finden wir Sch\u00e4tze unermesslichen Wertes, wie das Scriptorium Sankt Millans, eines der antiksten Europas; und eine Vielzahl an &#8222;C\u00f3dices&#8220;, die Zeuge des kulturellen Wertes dieser Orschaft sind. In einigen dieser Texte finden wir die ersten geschriebenen Worte in den Sprachen Euskera und Navarro- Aragonisch, aus diesem Grunde ist San Millan auch als &#8222;Wiege der Sprache&#8220; bekannt. Um uns mit denjenigen Pilgern, die entschieden haben, diese Orschaft nicht kennenzulernen wiederzuvereinen, m\u00fcssen wir nur die Landstra\u00dfe LR-204 (oder Villar de Torres) entlanggehen; die sich nach einer Strecke dem Originalverlauf anschlie\u00dft.<\/p>\n          \n            <p>Entscheiden wir aber San Mill\u00e1n nicht zu besuchen, m\u00fcssen wir die Landstra\u03b2e entlang nach rechts in Richtung Alesanco marschieren. Wir sollten achtgeben, dass uns der Brunnen \u201cFuente de los Romeros\u201d nicht entgeht, da er sich unterhalb der Stra\u03b2e ein wenig versteckt h\u00e4lt. Hier nehmen wir eine Abzweigung nach links und marschieren \u00fcber asphaltierte und erdige Wege einige Kilometer weiter.<\/p>\n          \n            <p>Bevor wir an die \u201cTempler\u201d-Anh\u00f6he gelangen, werden wir an einem \u201cSchandpfahl\u201d aus dem XVI. Jahrhundert vorbeikommen. Dieses Denkmal weist uns darauf hin, dass wir uns in einem herrenlosen Gebiet befinden. In vielen F\u00e4llen wurde diese steinerne S\u00e4ule dazu benutzt, um Banditen und Verbrecher hinzurichten; seine korrekte Bezeichnung w\u00e4re somit also, \u201cPranger\u201d.<\/p>\n          \n            <p>Wir folgen momentan dem Verlauf der N-120, und sehen im Vorbeigehen, wie sich die Landschaft ver\u00e4ndert. Wir lassen La Rioja hinter uns- und die typischen Getreidefelder Kastiliens weisen uns daruaf hin. Es erwarten uns einige schwierige Kilometer, in denen wir weder Schatten noch Dienstleistungen finden werden; so wird es uns auf dieser Strecke dringender erscheinen, an unser Ziel zu gelangen. Ein \u201cmerendero\u201d (Picknickplatz) wird uns erm\u00f6glichen neue Kr\u00e4fte zu sammeln, um erneut den Marsch in Richtung Cirue\u00f1a aufzunehmen- an einem Golfplatz und einem neuen Wohngebiet vorbei. Hier k\u00f6nnen wir nach rechts nach Ciri\u00f1uela abweichen, Ortschaft die uns ebenfalls alle Dienstleistungen anbietet. Wenn wir uns an die Wohnanlage halten, und nach einem kleinen Anstieg nach links abbiegen, kommen wir an der Cafeteria des Golfplatzes vorbei. \u00dcber die Stra\u03b2e \u201cBarrio Bajero\u201d gelangen wir an eine Landstra\u03b2e und etwas weiter an ein Verkehrskreisel, wo wir einen Landweg entlang geradeaus weitermarschieren.<\/p>\n          \n            <p>Nach einem Spaziergang zwischen Getreidefeldern, ersehen wir endlich die majest\u00e4tische Kathedrale von Santo Domingo de la Calzada. Wir erreichen die Ortschaft an einigen Industriehallen der Umgegend und einem Fu\u03b2ballplatz vorbei. Wir biegen nach links in die Stra\u03b2en \u201c12 de Mayo\u201d und \u201cMayor\u201d ab, und gelangen so schon fast an das ersehnte Ziel unserer heutigen Route. Doch nicht ohne die Konkathedrale zu besichtigen, die als Kulturgut ausgezeichnet wurde. Sie ist auf einer primitiven romanischen Kirche aus dem XII. Jahrhundert errichtet worden, was zu einem Zusammenfluss verschiedener architektonischer Silrichtungen (vom romanischen bis hin zum barrocken oder gotischen) f\u00fchrte. An der Grabst\u00e4tte k\u00f6nnen wir der Legende des \u201cHahns und der Henne\u201d gedenken: Es soll sich im XIV. Jahrhundert ein M\u00e4dchen der Rioja im einen deutschen Pilger, der mit seinen Eltern in einem Gasthof untergebracht war, verliebt haben. Als dieser sie aber ablehnte, versteckte sie einen Silber- Becher in seinem Gep\u00e4ck und beschuldigte ihn des Raubes; woraufhin er zum Tode verurteilt wurde. Nachdem er zu Unrecht geh\u00e4ngt worden war, \u00f6ffnete er erneut seine Augen und versicherte seinen Eltern, dass er sein Leben dem Apostel verdankte. Als diese dem Vogt, der gerade zu Tisch sa\u03b2, die Mitteilung machten, rief dieser aus: \u201cEuer Sohn ist lebendig wie dieser Hahn und diese Henne, die ich gerade verspeisen wollte, bevor ihr mich bel\u00e4stigt habt!\u201d Im selben Moment soll das Gefl\u00fcgel mitsamt seiner Federn und fr\u00f6hlich gackernd, unter den versteinerten Blicken der Anwesenden, vom Teller geflogen sein. So sagt eine volkst\u00fcmliche Redensart: \u201cEn Santo Domingo de la Calzada, donde cant\u00f3 la gallina despu\u00e9s de asada\u201d. (In Santo Domingo de la Calzada, wo die Henne sang, nachdem sie gebraten wurde.)<\/p>\n          \n\n          \n            <a class=\"town-link\" href=\"https:\/\/www.pilgrim.es\/de\/franzosischer-weg\/najera\/\">\n              <div class=\"town-link__link-content\">\n                <div class=\"town-link__link-content__text\">\n                  <p>Lokale Informationen<\/p>\n                  <p>Polizei, medizinische Versorgung, Sehensw\u00fcrdigkeiten, Restaurants&#8230;<\/p>\n                <\/div>\n                <div class=\"town-link__link-content__town-btn\">\n                  <i class=\"icon-arrow\"><\/i>\n                <\/div>\n              <\/div>\n            <\/a>\n          \n        <\/div>\n        <hr \/>\n      \n      <div>\n        <h4>Km 20,7 &#8231; Santo Domingo de la Calzada<\/h4>\n        <a class=\"town-link\" href=\"https:\/\/www.pilgrim.es\/de\/franzosischer-weg\/santo-domingo-de-la-calzada\/\">\n          <div class=\"town-link__link-content\">\n            <div class=\"town-link__link-content__text\">\n              <p>Lokale Informationen<\/p>\n              <p>Polizei, medizinische Versorgung, Sehensw\u00fcrdigkeiten, Restaurants&#8230;<\/p>\n            <\/div>\n            <div class=\"town-link__link-content__town-btn\">\n              <i class=\"icon-arrow\"><\/i>\n            <\/div>\n          <\/div>\n        <\/a>\n      <\/div>\n    <\/div>\n\n  <div id=\"locationsSection\">\n      <h2 class=\"p-h2-stage\">\u00d6rtlichkeiten<\/h2>\n      <hr \/>\n      <h3 class=\"p-h3-stage\">St\u00e4dte<\/h3>\n      <div class=\"grid-container\">\n\n        <div class=\"p-group card-stage p-max-w-full\">\n          <a href=\"https:\/\/www.pilgrim.es\/de\/franzosischer-weg\/najera\/\" class=\"town-card\">\n            <div class=\"card-stage__header\">\n              <img decoding=\"async\" src=\"https:\/\/cdn.pilgrim.es\/web\/caminos\/camino-frances\/pueblos\/najera\/najera.jpg\" alt=\"N\u00e1jera\" class=\"group-hover:p-scale-110\" \/>\n              <div class=\"card-overlay group-hover:p-opacity-50\"><\/div>\n            <\/div>\n            <div class=\"town-card__flex-container\">\n              <div class=\"town-card__flex-container__info\">\n                <h3>N\u00e1jera<\/h3>\n                <p>Provincia: La Rioja<\/p>\n              <\/div>\n              <div class=\"town-card__flex-container__btn\">\n                <i class=\"icon-arrow\"><\/i>\n              <\/div>\n            <\/div>\n          <\/a>\n        <\/div>\n        <div class=\"p-group card-stage p-max-w-full\">\n          <a href=\"https:\/\/www.pilgrim.es\/de\/franzosischer-weg\/santo-domingo-de-la-calzada\/\" class=\"town-card\">\n            <div class=\"card-stage__header\">\n              <img decoding=\"async\" src=\"https:\/\/cdn.pilgrim.es\/web\/caminos\/camino-frances\/pueblos\/santo-domingo-de-la-calzada\/santo-domingo-de-la-calzada.jpg\" alt=\"Santo Domingo de la Calzada\" class=\"group-hover:p-scale-110\" \/>\n              <div class=\"card-overlay group-hover:p-opacity-50\"><\/div>\n            <\/div>\n            <div class=\"town-card__flex-container\">\n              <div class=\"town-card__flex-container__info\">\n                <h3>Santo Domingo de la Calzada<\/h3>\n                <p>Provincia: La Rioja<\/p>\n              <\/div>\n              <div class=\"town-card__flex-container__btn\">\n                <i class=\"icon-arrow\"><\/i>\n              <\/div>\n            <\/div>\n          <\/a>\n        <\/div>\n      <\/div>\n    <\/div>\n    <hr class=\"single-bar\" \/>\n  <\/div>\n<\/section>\n\n<section id=\"stageChange\">\n  <div>\n    <a href=\"\/de\/franzosischer-weg\/etappe-8-logrono-najera\/\" class=\"change-btn\">\n    <div class=\"change-btn\">\n      <div class=\"btn-arrow previous\">\n        <i class=\"icon-arrow\"><\/i>\n      <\/div>\n      <div class=\"change-btn__info\">\n        <div>Etappe 8<\/div>\n        <p>\n          Logro\u00f1o \u276f <br> N\u00e1jera\n        <\/p>\n      <\/div>\n    <\/div>\n    <\/a>\n    <a href=\"\/de\/franzosischer-weg\/etappe-10-santo-domingo-de-la-calzada-belorado\/\" class=\"change-btn\">\n      <div class=\"change-btn__info\">\n        <div>Etappe 10<\/div>\n        <p>\n          Santo Domingo de la Calzada \u276f <br> Belorado\n        <\/p>\n      <\/div>\n      <div class=\"btn-arrow\">\n        <i class=\"icon-arrow\"><\/i>\n      <\/div>\n    <\/a>\n  <\/div>\n<\/section> ","protected":false},"excerpt":{"rendered":"<p>Franz\u00f6sischer Weg: Etappe 9 Walk 33 Etappe \/ 764 Kms N\u00e1jera &#10093; Santo Domingo de la Calzada 20,7 Km &#10094; Etappe 8 Etappe 10 &#10095; Information Profil Route Ortschaften Information \u00dcber diese Etappe Wir machen uns auf den Weg, um in eine seiner magischsten Ortschaften zu kommen: Santo Domingo de la Calzada- wo der Legende &hellip; <\/p>\n<p class=\"read_more\"><a href=\"https:\/\/www.pilgrim.es\/de\/franzosischer-weg\/etappe-9-najera-santo-domingo-de-la-calzada\/\">Leer m\u00e1s<\/a><\/p>\n","protected":false},"author":4,"featured_media":10898,"parent":10659,"menu_order":0,"comment_status":"closed","ping_status":"closed","template":"views\/template-new-web-design.blade.php","meta":{"footnotes":""},"categories":[],"tags":[],"class_list":["post-11220","page","type-page","status-publish","has-post-thumbnail","hentry"],"yoast_head":"<!-- This site is optimized with the Yoast SEO plugin v27.4 - https:\/\/yoast.com\/product\/yoast-seo-wordpress\/ -->\n<title>Camino Franc\u00e9s desde N\u00e1jera a Santo Domingo de la Calzada | Pilgrim<\/title>\n<meta name=\"description\" content=\"Franz\u00f6sischer Weg: Etappe 9 des Jakobsweges, der zwischen N\u00e1jera und Santo Domingo de la Calzada verl\u00e4uft. Entdecken Sie alle Informationen zu dieser Etappe\" \/>\n<meta name=\"robots\" content=\"index, follow, max-snippet:-1, max-image-preview:large, max-video-preview:-1\" \/>\n<link rel=\"canonical\" href=\"https:\/\/www.pilgrim.es\/de\/franzosischer-weg\/etappe-9-najera-santo-domingo-de-la-calzada\/\" \/>\n<meta property=\"og:locale\" content=\"de_DE\" \/>\n<meta property=\"og:type\" content=\"article\" \/>\n<meta property=\"og:title\" content=\"Camino Franc\u00e9s desde N\u00e1jera a Santo Domingo de la Calzada | Pilgrim\" \/>\n<meta property=\"og:description\" content=\"Franz\u00f6sischer Weg: Etappe 9 des Jakobsweges, der zwischen N\u00e1jera und Santo Domingo de la Calzada verl\u00e4uft. Entdecken Sie alle Informationen zu dieser Etappe\" \/>\n<meta property=\"og:url\" content=\"https:\/\/www.pilgrim.es\/de\/franzosischer-weg\/etappe-9-najera-santo-domingo-de-la-calzada\/\" \/>\n<meta property=\"og:site_name\" content=\"Pilgrim\" \/>\n<meta property=\"article:publisher\" content=\"https:\/\/www.facebook.com\/pilgrim.es\/\" \/>\n<meta property=\"article:modified_time\" content=\"2025-03-24T15:23:38+00:00\" \/>\n<meta property=\"og:image\" content=\"https:\/\/www.pilgrim.es\/wp-content\/uploads\/2019\/02\/camino_frances_etapa_9.jpg\" \/>\n\t<meta property=\"og:image:width\" content=\"1633\" \/>\n\t<meta property=\"og:image:height\" content=\"547\" \/>\n\t<meta property=\"og:image:type\" content=\"image\/jpeg\" \/>\n<meta name=\"twitter:card\" content=\"summary_large_image\" \/>\n<meta name=\"twitter:site\" content=\"@pilgrim_es\" \/>\n<meta name=\"twitter:label1\" content=\"Gesch\u00e4tzte Lesezeit\" \/>\n\t<meta name=\"twitter:data1\" content=\"6\u00a0Minuten\" \/>\n<script type=\"application\/ld+json\" class=\"yoast-schema-graph\">{\"@context\":\"https:\\\/\\\/schema.org\",\"@graph\":[{\"@type\":\"WebPage\",\"@id\":\"https:\\\/\\\/www.pilgrim.es\\\/de\\\/franzosischer-weg\\\/etappe-9-najera-santo-domingo-de-la-calzada\\\/\",\"url\":\"https:\\\/\\\/www.pilgrim.es\\\/de\\\/franzosischer-weg\\\/etappe-9-najera-santo-domingo-de-la-calzada\\\/\",\"name\":\"Camino Franc\u00e9s desde N\u00e1jera a Santo Domingo de la Calzada | Pilgrim\",\"isPartOf\":{\"@id\":\"https:\\\/\\\/www.pilgrim.es\\\/de\\\/#website\"},\"primaryImageOfPage\":{\"@id\":\"https:\\\/\\\/www.pilgrim.es\\\/de\\\/franzosischer-weg\\\/etappe-9-najera-santo-domingo-de-la-calzada\\\/#primaryimage\"},\"image\":{\"@id\":\"https:\\\/\\\/www.pilgrim.es\\\/de\\\/franzosischer-weg\\\/etappe-9-najera-santo-domingo-de-la-calzada\\\/#primaryimage\"},\"thumbnailUrl\":\"https:\\\/\\\/www.pilgrim.es\\\/wp-content\\\/uploads\\\/2019\\\/02\\\/camino_frances_etapa_9.jpg\",\"datePublished\":\"2019-02-22T14:36:33+00:00\",\"dateModified\":\"2025-03-24T15:23:38+00:00\",\"description\":\"Franz\u00f6sischer Weg: Etappe 9 des Jakobsweges, der zwischen N\u00e1jera und Santo Domingo de la Calzada verl\u00e4uft. Entdecken Sie alle Informationen zu dieser Etappe\",\"breadcrumb\":{\"@id\":\"https:\\\/\\\/www.pilgrim.es\\\/de\\\/franzosischer-weg\\\/etappe-9-najera-santo-domingo-de-la-calzada\\\/#breadcrumb\"},\"inLanguage\":\"de\",\"potentialAction\":[{\"@type\":\"ReadAction\",\"target\":[\"https:\\\/\\\/www.pilgrim.es\\\/de\\\/franzosischer-weg\\\/etappe-9-najera-santo-domingo-de-la-calzada\\\/\"]}]},{\"@type\":\"ImageObject\",\"inLanguage\":\"de\",\"@id\":\"https:\\\/\\\/www.pilgrim.es\\\/de\\\/franzosischer-weg\\\/etappe-9-najera-santo-domingo-de-la-calzada\\\/#primaryimage\",\"url\":\"https:\\\/\\\/www.pilgrim.es\\\/wp-content\\\/uploads\\\/2019\\\/02\\\/camino_frances_etapa_9.jpg\",\"contentUrl\":\"https:\\\/\\\/www.pilgrim.es\\\/wp-content\\\/uploads\\\/2019\\\/02\\\/camino_frances_etapa_9.jpg\",\"width\":1633,\"height\":547,\"caption\":\"Landkarte Etappe 9 Franz\u00f6sischer Weg\"},{\"@type\":\"BreadcrumbList\",\"@id\":\"https:\\\/\\\/www.pilgrim.es\\\/de\\\/franzosischer-weg\\\/etappe-9-najera-santo-domingo-de-la-calzada\\\/#breadcrumb\",\"itemListElement\":[{\"@type\":\"ListItem\",\"position\":1,\"name\":\"Camino de Santiago\",\"item\":\"https:\\\/\\\/www.pilgrim.es\\\/de\\\/\"},{\"@type\":\"ListItem\",\"position\":2,\"name\":\"Franz\u00f6sischer Weg | Etappe 9: N\u00e1jera &#8211; Santo Domingo de la Calzada\"}]},{\"@type\":\"WebSite\",\"@id\":\"https:\\\/\\\/www.pilgrim.es\\\/de\\\/#website\",\"url\":\"https:\\\/\\\/www.pilgrim.es\\\/de\\\/\",\"name\":\"Pilgrim\",\"description\":\"Camino de Santiago | Caminamos Contigo\",\"publisher\":{\"@id\":\"https:\\\/\\\/www.pilgrim.es\\\/de\\\/#organization\"},\"potentialAction\":[{\"@type\":\"SearchAction\",\"target\":{\"@type\":\"EntryPoint\",\"urlTemplate\":\"https:\\\/\\\/www.pilgrim.es\\\/de\\\/?s={search_term_string}\"},\"query-input\":{\"@type\":\"PropertyValueSpecification\",\"valueRequired\":true,\"valueName\":\"search_term_string\"}}],\"inLanguage\":\"de\"},{\"@type\":\"Organization\",\"@id\":\"https:\\\/\\\/www.pilgrim.es\\\/de\\\/#organization\",\"name\":\"Pilgrim Camino de Santiago\",\"url\":\"https:\\\/\\\/www.pilgrim.es\\\/de\\\/\",\"logo\":{\"@type\":\"ImageObject\",\"inLanguage\":\"de\",\"@id\":\"https:\\\/\\\/www.pilgrim.es\\\/de\\\/#\\\/schema\\\/logo\\\/image\\\/\",\"url\":\"https:\\\/\\\/www.pilgrim.es\\\/wp-content\\\/uploads\\\/2019\\\/04\\\/logo_pilgrim.png\",\"contentUrl\":\"https:\\\/\\\/www.pilgrim.es\\\/wp-content\\\/uploads\\\/2019\\\/04\\\/logo_pilgrim.png\",\"width\":512,\"height\":512,\"caption\":\"Pilgrim Camino de Santiago\"},\"image\":{\"@id\":\"https:\\\/\\\/www.pilgrim.es\\\/de\\\/#\\\/schema\\\/logo\\\/image\\\/\"},\"sameAs\":[\"https:\\\/\\\/www.facebook.com\\\/pilgrim.es\\\/\",\"https:\\\/\\\/x.com\\\/pilgrim_es\",\"https:\\\/\\\/www.instagram.com\\\/pilgrim.es\\\/\",\"https:\\\/\\\/www.linkedin.com\\\/company\\\/pilgrim-camino-de-santiago\\\/\",\"https:\\\/\\\/www.pinterest.es\\\/pilgrimcaminodesantiago\\\/\",\"https:\\\/\\\/www.youtube.com\\\/channel\\\/UCIv2ZzFLXVqthkNF32rKedw\\\/featured\"]}]}<\/script>\n<!-- \/ Yoast SEO plugin. -->","yoast_head_json":{"title":"Camino Franc\u00e9s desde N\u00e1jera a Santo Domingo de la Calzada | Pilgrim","description":"Franz\u00f6sischer Weg: Etappe 9 des Jakobsweges, der zwischen N\u00e1jera und Santo Domingo de la Calzada verl\u00e4uft. Entdecken Sie alle Informationen zu dieser Etappe","robots":{"index":"index","follow":"follow","max-snippet":"max-snippet:-1","max-image-preview":"max-image-preview:large","max-video-preview":"max-video-preview:-1"},"canonical":"https:\/\/www.pilgrim.es\/de\/franzosischer-weg\/etappe-9-najera-santo-domingo-de-la-calzada\/","og_locale":"de_DE","og_type":"article","og_title":"Camino Franc\u00e9s desde N\u00e1jera a Santo Domingo de la Calzada | Pilgrim","og_description":"Franz\u00f6sischer Weg: Etappe 9 des Jakobsweges, der zwischen N\u00e1jera und Santo Domingo de la Calzada verl\u00e4uft. Entdecken Sie alle Informationen zu dieser Etappe","og_url":"https:\/\/www.pilgrim.es\/de\/franzosischer-weg\/etappe-9-najera-santo-domingo-de-la-calzada\/","og_site_name":"Pilgrim","article_publisher":"https:\/\/www.facebook.com\/pilgrim.es\/","article_modified_time":"2025-03-24T15:23:38+00:00","og_image":[{"width":1633,"height":547,"url":"https:\/\/www.pilgrim.es\/wp-content\/uploads\/2019\/02\/camino_frances_etapa_9.jpg","type":"image\/jpeg"}],"twitter_card":"summary_large_image","twitter_site":"@pilgrim_es","twitter_misc":{"Gesch\u00e4tzte Lesezeit":"6\u00a0Minuten"},"schema":{"@context":"https:\/\/schema.org","@graph":[{"@type":"WebPage","@id":"https:\/\/www.pilgrim.es\/de\/franzosischer-weg\/etappe-9-najera-santo-domingo-de-la-calzada\/","url":"https:\/\/www.pilgrim.es\/de\/franzosischer-weg\/etappe-9-najera-santo-domingo-de-la-calzada\/","name":"Camino Franc\u00e9s desde N\u00e1jera a Santo Domingo de la Calzada | Pilgrim","isPartOf":{"@id":"https:\/\/www.pilgrim.es\/de\/#website"},"primaryImageOfPage":{"@id":"https:\/\/www.pilgrim.es\/de\/franzosischer-weg\/etappe-9-najera-santo-domingo-de-la-calzada\/#primaryimage"},"image":{"@id":"https:\/\/www.pilgrim.es\/de\/franzosischer-weg\/etappe-9-najera-santo-domingo-de-la-calzada\/#primaryimage"},"thumbnailUrl":"https:\/\/www.pilgrim.es\/wp-content\/uploads\/2019\/02\/camino_frances_etapa_9.jpg","datePublished":"2019-02-22T14:36:33+00:00","dateModified":"2025-03-24T15:23:38+00:00","description":"Franz\u00f6sischer Weg: Etappe 9 des Jakobsweges, der zwischen N\u00e1jera und Santo Domingo de la Calzada verl\u00e4uft. Entdecken Sie alle Informationen zu dieser Etappe","breadcrumb":{"@id":"https:\/\/www.pilgrim.es\/de\/franzosischer-weg\/etappe-9-najera-santo-domingo-de-la-calzada\/#breadcrumb"},"inLanguage":"de","potentialAction":[{"@type":"ReadAction","target":["https:\/\/www.pilgrim.es\/de\/franzosischer-weg\/etappe-9-najera-santo-domingo-de-la-calzada\/"]}]},{"@type":"ImageObject","inLanguage":"de","@id":"https:\/\/www.pilgrim.es\/de\/franzosischer-weg\/etappe-9-najera-santo-domingo-de-la-calzada\/#primaryimage","url":"https:\/\/www.pilgrim.es\/wp-content\/uploads\/2019\/02\/camino_frances_etapa_9.jpg","contentUrl":"https:\/\/www.pilgrim.es\/wp-content\/uploads\/2019\/02\/camino_frances_etapa_9.jpg","width":1633,"height":547,"caption":"Landkarte Etappe 9 Franz\u00f6sischer Weg"},{"@type":"BreadcrumbList","@id":"https:\/\/www.pilgrim.es\/de\/franzosischer-weg\/etappe-9-najera-santo-domingo-de-la-calzada\/#breadcrumb","itemListElement":[{"@type":"ListItem","position":1,"name":"Camino de Santiago","item":"https:\/\/www.pilgrim.es\/de\/"},{"@type":"ListItem","position":2,"name":"Franz\u00f6sischer Weg | Etappe 9: N\u00e1jera &#8211; Santo Domingo de la Calzada"}]},{"@type":"WebSite","@id":"https:\/\/www.pilgrim.es\/de\/#website","url":"https:\/\/www.pilgrim.es\/de\/","name":"Pilgrim","description":"Camino de Santiago | Caminamos Contigo","publisher":{"@id":"https:\/\/www.pilgrim.es\/de\/#organization"},"potentialAction":[{"@type":"SearchAction","target":{"@type":"EntryPoint","urlTemplate":"https:\/\/www.pilgrim.es\/de\/?s={search_term_string}"},"query-input":{"@type":"PropertyValueSpecification","valueRequired":true,"valueName":"search_term_string"}}],"inLanguage":"de"},{"@type":"Organization","@id":"https:\/\/www.pilgrim.es\/de\/#organization","name":"Pilgrim Camino de Santiago","url":"https:\/\/www.pilgrim.es\/de\/","logo":{"@type":"ImageObject","inLanguage":"de","@id":"https:\/\/www.pilgrim.es\/de\/#\/schema\/logo\/image\/","url":"https:\/\/www.pilgrim.es\/wp-content\/uploads\/2019\/04\/logo_pilgrim.png","contentUrl":"https:\/\/www.pilgrim.es\/wp-content\/uploads\/2019\/04\/logo_pilgrim.png","width":512,"height":512,"caption":"Pilgrim Camino de Santiago"},"image":{"@id":"https:\/\/www.pilgrim.es\/de\/#\/schema\/logo\/image\/"},"sameAs":["https:\/\/www.facebook.com\/pilgrim.es\/","https:\/\/x.com\/pilgrim_es","https:\/\/www.instagram.com\/pilgrim.es\/","https:\/\/www.linkedin.com\/company\/pilgrim-camino-de-santiago\/","https:\/\/www.pinterest.es\/pilgrimcaminodesantiago\/","https:\/\/www.youtube.com\/channel\/UCIv2ZzFLXVqthkNF32rKedw\/featured"]}]}},"_links":{"self":[{"href":"https:\/\/www.pilgrim.es\/de\/wp-json\/wp\/v2\/pages\/11220","targetHints":{"allow":["GET"]}}],"collection":[{"href":"https:\/\/www.pilgrim.es\/de\/wp-json\/wp\/v2\/pages"}],"about":[{"href":"https:\/\/www.pilgrim.es\/de\/wp-json\/wp\/v2\/types\/page"}],"author":[{"embeddable":true,"href":"https:\/\/www.pilgrim.es\/de\/wp-json\/wp\/v2\/users\/4"}],"replies":[{"embeddable":true,"href":"https:\/\/www.pilgrim.es\/de\/wp-json\/wp\/v2\/comments?post=11220"}],"version-history":[{"count":10,"href":"https:\/\/www.pilgrim.es\/de\/wp-json\/wp\/v2\/pages\/11220\/revisions"}],"predecessor-version":[{"id":93552,"href":"https:\/\/www.pilgrim.es\/de\/wp-json\/wp\/v2\/pages\/11220\/revisions\/93552"}],"up":[{"embeddable":true,"href":"https:\/\/www.pilgrim.es\/de\/wp-json\/wp\/v2\/pages\/10659"}],"wp:featuredmedia":[{"embeddable":true,"href":"https:\/\/www.pilgrim.es\/de\/wp-json\/wp\/v2\/media\/10898"}],"wp:attachment":[{"href":"https:\/\/www.pilgrim.es\/de\/wp-json\/wp\/v2\/media?parent=11220"}],"wp:term":[{"taxonomy":"category","embeddable":true,"href":"https:\/\/www.pilgrim.es\/de\/wp-json\/wp\/v2\/categories?post=11220"},{"taxonomy":"post_tag","embeddable":true,"href":"https:\/\/www.pilgrim.es\/de\/wp-json\/wp\/v2\/tags?post=11220"}],"curies":[{"name":"wp","href":"https:\/\/api.w.org\/{rel}","templated":true}]}}