{"id":11166,"date":"2019-02-19T14:58:59","date_gmt":"2019-02-19T14:58:59","guid":{"rendered":"https:\/\/desarrollo.pilgrim.es\/franzosischer-weg\/franzosischer-weg-etappe-6-estella-los-arcos\/"},"modified":"2025-03-24T15:23:22","modified_gmt":"2025-03-24T15:23:22","slug":"etappe-6-estella-los-arcos","status":"publish","type":"page","link":"https:\/\/www.pilgrim.es\/de\/franzosischer-weg\/etappe-6-estella-los-arcos\/","title":{"rendered":"Franz\u00f6sischer Weg | Etappe 6: Estella &#8211; Los Arcos"},"content":{"rendered":" <section id=\"heroStage\">\n  <h1>Franz\u00f6sischer Weg: Etappe 6<\/h1>\n  <div>\n    <div class=\"hero\" data-background=\"https:\/\/cdn.pilgrim.es\/web\/caminos\/camino-frances\/pueblos\/estella\/estella.jpg\">\n      <div class=\"hero__container\">\n        <div class=\"hero__container__labels\">\n          <p>Walk<\/p>\n          <p>33 Etappe \/ 764 Kms<\/p>\n        <\/div>\n        <div class=\"hero__container__stage-name\">\n          <h2>\n            Estella <br \/>\n            <span>&#10093;<\/span>\n            Los Arcos\n          <\/h2>\n          <p>21,3 Km<\/p>\n        <\/div>\n        <div class=\"hero__container__stage-changer\">\n            <div class=\"stage-control\">\n              <a class=\"stage-control__link\" href=\"\/de\/franzosischer-weg\/etappe-5-puente-de-la-reina-estella\/\"><span>&#10094;<\/span> Etappe 5<\/a>\n            <\/div>\n          <div class=\"stage-control\">\n            <a class=\"stage-control__link\" href=\"\/de\/franzosischer-weg\/etappe-7-los-arcos-logrono\/\">Etappe 7 <span>&#10095;<\/span><\/a>\n          <\/div>\n        <\/div>\n      <\/div>\n    <\/div>\n    <div class=\"planner\"><div\r\n  class=\"p-col-span-1 p-rounded-lg p-px-5 p-h-full\"\r\n  style=\"background-image: url('https:\/\/cdn.pilgrim.es\/web\/pilgrim-planner\/bg-plugin-planificador.webp')\"\r\n  rel=\"preload\"\r\n  fetchpriority=\"high\"\r\n  >\r\n    <div class=\"p-text-center p-pt-5 p-text-white p-text-2xl p-font-semibold\">\r\n      Plane deinen Weg    <\/div>\r\n    <div\r\n            id='primary-app'\r\n            data-name='banner'\r\n            data-api='https:\/\/pathfinder.pilgrim.es\/api\/pathfinder\/v2'\r\n            data-mode='normal'\r\n            data-lang='de'\r\n            data-route='1'\r\n            data-destiny='https:\/\/planificador.pilgrim.es'\r\n            data-modality='1'\r\n            data-inline=''\r\n        ><\/div><\/div><\/div>\n  <\/div>\n<\/section>\n\n<section id=\"scoreBarsStage\">\n  <section>\r\n  <div class=\"p-flex p-flex-nowrap p-space-x-4 p-py-5 p-overflow-x-auto md:p-grid md:p-grid-cols-3 lg:p-grid-cols-5 md:p-gap-8 md:p-space-x-0 md:p-overflow-hidden scrollbar-thin\">\r\n    <div class=\"p-grid p-grid-cols-4 p-shrink-0 p-w-72 p-snap-start md:p-w-full\">\r\n        <div class=\"p-col-span-1 p-self-center p-text-center p-text-3xl\">\r\n            <i class=\"icon-influx\"><\/i>\r\n        <\/div>\r\n        <div class=\"p-col-span-3 p-flex p-flex-col p-items-start\">\r\n            <div class=\"p-text-start p-text-secondary p-mb-1 p-bold\"> Zustrom <\/div>\r\n            <div class=\"p-w-full p-bg-light p-rounded-full p-h-2 p-relative\">\r\n                <div class=\"p-bg-primary p-h-2 p-rounded-full p-absolute\" style=\"width: 40%;\"><\/div>\r\n            <\/div>\r\n        <\/div>\r\n    <\/div>\r\n\r\n    <div class=\"p-grid p-grid-cols-4 p-shrink-0 p-w-72 p-snap-start md:p-w-full\">\r\n        <div class=\"p-col-span-1 p-self-center p-text-center p-text-3xl\">\r\n            <i class=\"icon-difficulty\"><\/i>\r\n        <\/div>\r\n        <div class=\"p-col-span-3 p-flex p-flex-col p-items-start\">\r\n            <div class=\"p-text-start p-text-secondary p-mb-1 p-bold\"> Schwierigkeitsgrad <\/div>\r\n            <div class=\"p-w-full p-bg-light p-rounded-full p-h-2 p-relative\">\r\n                <div class=\"p-bg-primary p-h-2 p-rounded-full p-absolute\" style=\"width: 60%;\"><\/div>\r\n            <\/div>\r\n        <\/div>\r\n    <\/div>\r\n\r\n    <div class=\"p-grid p-grid-cols-4 p-shrink-0 p-w-72 p-snap-start md:p-w-full\">\r\n        <div class=\"p-col-span-1 p-self-center p-text-center p-text-3xl\">\r\n            <i class=\"icon-patrimony\"><\/i>\r\n        <\/div>\r\n        <div class=\"p-col-span-3 p-flex p-flex-col p-items-start\">\r\n            <div class=\"p-text-start p-text-secondary p-mb-1 p-bold\"> Kunst\/Geschichte <\/div>\r\n            <div class=\"p-w-full p-bg-light p-rounded-full p-h-2 p-relative\">\r\n                <div class=\"p-bg-primary p-h-2 p-rounded-full p-absolute\" style=\"width: 20%;\"><\/div>\r\n            <\/div>\r\n        <\/div>\r\n    <\/div>\r\n\r\n    <div class=\"p-grid p-grid-cols-4 p-shrink-0 p-w-72 p-snap-start md:p-w-full\">\r\n        <div class=\"p-col-span-1 p-self-center p-text-center p-text-3xl\">\r\n            <i class=\"icon-nature\"><\/i>\r\n        <\/div>\r\n        <div class=\"p-col-span-3 p-flex p-flex-col p-items-start\">\r\n            <div class=\"p-text-start p-text-secondary p-mb-1 p-bold\"> Natur <\/div>\r\n            <div class=\"p-w-full p-bg-light p-rounded-full p-h-2 p-relative\">\r\n                <div class=\"p-bg-primary p-h-2 p-rounded-full p-absolute\" style=\"width: 60%;\"><\/div>\r\n            <\/div>\r\n        <\/div>\r\n    <\/div>\r\n\r\n    <div class=\"p-grid p-grid-cols-4 p-shrink-0 p-w-72 p-snap-start md:p-w-full\">\r\n        <div class=\"p-col-span-1 p-self-center p-text-center p-text-3xl\">\r\n            <i class=\"icon-urban\"><\/i>\r\n        <\/div>\r\n        <div class=\"p-col-span-3 p-flex p-flex-col p-items-start\">\r\n            <div class=\"p-text-start p-text-secondary p-mb-1 p-bold\"> St\u00e4dtischer Weg <\/div>\r\n            <div class=\"p-w-full p-bg-light p-rounded-full p-h-2 p-relative\">\r\n                <div class=\"p-bg-primary p-h-2 p-rounded-full p-absolute\" style=\"width: 20%;\"><\/div>\r\n            <\/div>\r\n        <\/div>\r\n    <\/div>\r\n  <\/div>\r\n<\/section>\n<\/section>\n\n<div id=\"stage-list-section\"><div class=\"stage-list\">\n    <div class='stage-list__map-card'>\n        <div class='stage-list__map-card__map'>\n            <div class='stage-list__map-card__map__text'>\n                <h2> Pages <\/h2>\n                <p> Zu Fu\u00df<\/p>\n                <p> 0etappen<\/p>\n            <\/div>\n            <div class='stage-list__map-card__map__img'>\n                <img decoding=\"async\" src=\"\" alt=\" mapa \" \/>\n            <\/div>\n        <\/div>\n    <\/div>\n\n    <\/div>\n<\/div>\n\n<section id=\"navStage\">\n  <div>\n    <nav id=\"tab-navigation-section\" class=\"tab-navigation-section--cols-5\">\n      <a href=\"#infoSection\" class=\"active\">Information<\/a>\n       <a href=\"#profileSection\">Profil<\/a>\n       <a href=\"#itinerarySection\">Route<\/a>\n       <a href=\"#locationsSection\">Ortschaften<\/a>\n    <\/nav>\n\n    <div id=\"infoSection\">\n      <!-- Title Section with Orange Line -->\n      <div>\n        <h2 class=\"p-h2-stage\">Information<\/h2>\n        <hr class=\"orange-bar\" \/>\n        <h3 class=\"p-h3-stage\">\u00dcber diese Etappe<\/h3>\n      <\/div>\n\n      \n        <p>Wir durchschreiten die vielseitigen zwanzig Kilometer, die Estella von der Ortschaft Los Arcos entfernen, zwischen Olivenb\u00e4umen, bewaldeten-, w\u00fcstenartigen- und sogar verwilderten Gebieten. Die einzige Herausforderung wird der Aufstieg nach Villamayor de Monjard\u00edn sein; und an einigen Punkten, die Unm\u00f6glichkeit sich bei Regen oder intensiver Sonne unterzustellen. Wir k\u00f6nnen unseren Tagesmarsch in Los Arcos beenden oder nach Torres del R\u00edo -neun Kilometer weiter- fortsetzen; von wo aus Logro\u00f1o nur noch einen Steinwurf entfernt ist.<\/p>\n      \n\n      <div class=\"recomendation-card\">\n        <div>\n          <i class=\"icon-logo-pilgrim\"><\/i>\n          <h5>Empfehlung Pilgrim<\/h5>\n        <\/div>\n\n        \n          <p>Die Gebirgsbeschreibung dieser Strecke des Weges ist zug\u00e4nglich. Sie weist kontinuierliche aber leichte H\u00f6hen und Tiefen auf, die einfach zu meistern sind. Mit Ausnahme des Aufstieges nach Villamayor de Monjard\u00edn. Wie am vorherigen Tag m\u00fcssen wir immer achtsam sein, wenn wir parallel zu der N-111 gehen; insbesondere bei dichtem Verkehr zu Spitzenzeiten.<\/p>\n        \n          <p>Zur Auswahl der Ortschaften, die diese sechste Etappe beenden, k\u00f6nnen wir zwischen einer Vielzahl an Unterk\u00fcnften in Los Arcos, oder neun Kilometer weiter in Torres del R\u00edo entscheiden.<\/p>\n        \n          <p>Die Strecke zwischen Villamayor de Monjard\u00edn und Los Arcos weist keine M\u00f6glichkeit auf, uns mit Proviant auszustatten: Wir m\u00fcssen also vor dem Aufbruch daf\u00fcr Sorge tragen. Insbesondere in den Sommermonaten m\u00fcsssen wir unsere Feldflaschen bewusst auff\u00fcllen. Bevor wir nach Los Arcos kommen, finden wir in \u00c1zqueta und Sansol Unterkunft, falls wir lieber in diesen Ortschaften \u00fcbernachten wollen.<\/p>\n        \n          <p>F\u00fcr Personen mit Behinderung ist es empfehlenswert, sich von \u00c1zqueta bis Villamayor de Monjard\u00edn oder Los Arcos auf der N-111 zu bewegen: immer auf dem Randstreifen und mit reflektierender Weste bekleidet, um m\u00f6gliche Unf\u00e4lle zu vermeiden.<\/p>\n        \n      <\/div>\n    <\/div>\n\n    <div id=\"profileSection\">\n      <div>\n        <h2 class=\"p-h2-stage\">Entfernung und H\u00f6he<\/h2>\n        <hr class=\"orange-bar\" \/>\n        <h3 class=\"p-h3-stage\">Etappenprofil<\/h3>\n        <img decoding=\"async\" src=\"https:\/\/cdn.pilgrim.es\/web\/caminos\/camino-frances\/etapas\/etapa-6-estella-los-arcos\/etapa6-perfil-estella-los-arcos.jpg\" alt=\"Stage profile etappe-6-estella-los-arcos\" \/>\n      <\/div>\n    <\/div>\n\n    <div id=\"itinerarySection\">\n      <h2 class=\"p-h2-stage\">Route<\/h2>\n      <hr \/>\n      <h3 class=\"p-h3-stage\">Itinerary<\/h3>\n\n      \n        <div>\n          <h4>Km 0 &#8211; Inicio<\/h4>\n\n          \n            <p>Wir verlassen Estella \u00fcber die Stra\u03b2e \u201cSan Nicol\u00e1s\u201d, entlang des Flussufers des Ega; und verabschieden uns von dem majest\u00e4tischen &#8222;Palacio de los Reyes de Navarra&#8220; (K\u00f6nigsschloss) und der Sankt Petrus- Kirche. Entlang der Landstra\u03b2e werden wir auf eine Tankstelle sto\u03b2en; eine Skultur an einem Rondell (rotonda), wird unser Bezugspunt sein, um nach rechts auszuweichen. Nur ein einhalb Kilometer weiter erreichen wir das \u201cSe\u00f1or\u00edo Eclesi\u00e1stico de Ayegui\u201d (kirchliches Herrenhaus).<\/p>\n          \n            <p>Wir gehen auf die Suche des bekannten \u201cBrunnens des Weines\u201d von Irache. Aber bevor wir dort ankommen, m\u00fcssen wir einen anderen hinter uns lassen, an diesem finden wir die Ortsbestimmung der Herberge dieser Stadt. Erneut gehen wir auf die Staatsstra\u00dfe zu, um nach einer kurzen Strecke, unseren Durst an einem zum kostenlosen Gebrauch installierten Doppel-Hahn zu l\u00f6schen- und mit unseren Weggef\u00e4hrten anzusto\u03b2en. Wir haben die Wahl: aus einem sprie\u03b2t frisches Wasser, aus dem anderen flie\u03b2t Wein aus den eigenen Kellereien Iraches. Nach diesem obligatorischen Halt, wenden wir uns einem der wichtigsten Kloster Navarras zu: Das \u201cMonasterio medieval de Irache\u201d (mittelalterlich). Im Laufe der Zeit hat es eine Vielzahl von Wanderern aufgenommen, da es -wie auch viele andere Kloster- ein Hospital f\u00fcr Pilger gewesen ist (tats\u00e4chlich, das erste Navarras). Seine Mauern waren auch stiller Zeuge der Schrecken des Krieges, als Krankenanstalt w\u00e4hrend der carlistischen Auseinandersetzungen. Ebenfalls hatte sich dort im Nachhinein eine Universit\u00e4t niedergelassen, bis es schlie\u03b2lich in ein Kloster verwandelt wurde. Wir sollten die Gelegenheit nutzen, eine der wichtigsten mittelalterlichen Bauten der Gemeinde Navarras zu bewundern.<\/p>\n          \n            <p>Wir nehmen erneut den Weg auf und finden zwei Optionen vor: Die erste, k\u00fcrzere, durchquert geradeaus die \u201cLaderas de Montejurra\u201d (Berghang) \u00fcber ein bewaldetes Gebiet bis nach Luquin; die zweite geht \u00fcber die Abzweigung nach rechts bis nach Azqueta und Villamayor de Monjard\u00edn. Diese letztere ist die von der Mehrheit der Pilger gew\u00e4hlte Originalroute, aus diesem Grund nehmen wir die Abzweigung. Hier gelangen wir erneut an die N-111, \u00fcberqueren diese, und marschieren weiter einen sekund\u00e4ren Weg entlang; zwischen einem Campingplatz und einer Wohnsiedlung. Mit Ausnahme der Kreuzung der Landstra\u03b2e nach Ig\u00fazquiza, verstreicht die restliche Strecke bis nach \u00c1zqueta \u00fcber Landwege und Kernel-Felder, deren stetige Unebenheiten eine Herausforderung f\u00fcr unsere Beine darstellen.<\/p>\n          \n            <p>Haben wir unseren Trekking- oder Spazierstock zu Hause vergessen, ist Pablo Sanz Zudaire da (auch als \u201cPablito el de las Varas\u201d bekannt), um uns netterweise einen zu unserer Verf\u00fcgung zu stellen- und uns alles \u00fcber Tricks zu erkl\u00e4ren, wie ein Haselstrauch- Gehstock handzuhaben ist. Eine \u201cWissenschaft\u201d, die uns erm\u00f6glichen wird, den Rest des Weges in optimalen Konditionen zu bestehen. Seine Erfahrung ist kein Zufall, denn er wird als eine der ersten Personen angesehen, die den Jakobsweg -um die sechziger Jahre herum- mit dem Fahrrad gemacht haben. Seitdem hat er so oft, sowohl zu Fu\u03b2 als auch auf R\u00e4dern wiederholt, dass er nicht einmal mehr genau wei\u03b2, welches die genaue Anzahl ist. Wir verabschieden uns von Pablo und machen uns erneut auf unseren Weg, an Industriehallen vorbei und dann zwischen Weinbergen nach links, in Richtung Villamayor de Monjard\u00edn.<\/p>\n          \n            <p>Bevor wir in Villamayor de Monjard\u00edn ankommen, k\u00f6nnen wir unseren Durst an der \u201cFuente de los Moros\u201d l\u00f6schen, einem Brunnen, der seit dem XIII. Jahrhundert den Pilgern, die auf diesen Gipfel steigen, zu trinken gibt. Jetzt sollten wir einen Halt machen, sowohl um uns mit Proviant auszustatten (bis zum Ende der Etappe werden wir keine weitere M\u00f6glichkeit dazu finden), als auch um eines der Schmuckst\u00fccke des Weges zu besichtigen: Die Sankt Andreas- Kirche. Im Inneren diesen Tempels aus dem XII. Jahrhundert befindet sich ein beeindruckendes, in Silber gefertigtes Prozessions-Kreuz. Obwohl sein romanisches Portal mit Kapitellen, das der Schlacht zwischen Carlomagno und einem Prinzen Navarras gedenkt, auch sein \u00c4u\u00dferes in eine architektonische Sch\u00f6nheit verwandelt. Hoch im Dorf befinden sich die Ruinen des Antiken Schlosses \u201cSan Esteban de Deyo\u201d, als \u201cNationalerbe von Touristischem Interesse\u201d ausgezeichnet.<\/p>\n          \n            <p>Wir verabschieden uns von der mittelalterlichen Kleinstadt zwischen Weinbergen und abfallenden H\u00e4ngen, die uns den Weg \u00fcber unendliche Ackerfelder und sekund\u00e4re Landstra\u03b2en er\u00f6ffnen. Ein etwas mehr als zwei Stunden langer Marsch erwartet uns; wir m\u00fcssen also geduldig mit der etwas monotonen Landschaft sein. Bevor wir in Los Arcos ankommen, k\u00f6nnen wir in einer Cafeteria mit dem Namen \u201cLa Flecha Amarilla\u201d, wo kalte Getr\u00e4nke, Sandwiches und sogar Tellergerichte (w\u00e4hrend der Hauptsaison, normalerweise von April bis Oktober) serviert werden, haltmachen.<\/p>\n          \n            <p>Nur ein einhalb Stunden Weg entfernen uns von los Arcos, Ortschaft die wir \u00fcber ihre Haupstra\u03b2e (Calle Mayor) erreichen. Auf dem \u201cSanta Maria\u201d- Platz k\u00f6nnen wir ein wenig rasten und die Kirche desselben Namens besuchen. F\u00fcr einige wird die diese Etappe hier ein Ende finden, aber viele andere werden Kr\u00e4fte sch\u00f6pfen um bis nach Torres del R\u00edo fortzufahren. Nachdem wir das Portal \u201cDe Castilla\u201d durquert haben, nehmen wir die Br\u00fccke \u00fcber den Fluss Odr\u00f3n und marschieren weiter entlang eines der N-111 parallelen Pfades. Circa drei Kilometer weiter, wenn das Signal- Schild uns auf die Abzweigung aufmerksam macht, nehmen wir diese nach rechts bis zum \u201cRegato de San Pedro\u201d, und erreichen auf diese Weise Sansol \u00fcber die Landstra\u03b2e.<\/p>\n          \n            <p>Nach einem kurzen Abstieg, kommen wir nach Torres del R\u00edo, wo sich zwischen ihren mittelalterlichen Stra\u03b2en die \u201cSanto Sepulcro\u201d- Kirche (heilige Grabst\u00e4tte) befindet. Man glaubt, dass sie \u00fcber einen Leuchtturm verf\u00fcgte, der die Pilger seit dem XII. Jahrhundert f\u00fchrte; und von den Tempelrittern erbaut worden sein k\u00f6nnte. So beenden wir unseren heutigen Tagesmarsch.<\/p>\n          \n\n          \n            <a class=\"town-link\" href=\"https:\/\/www.pilgrim.es\/de\/franzosischer-weg\/estella\/\">\n              <div class=\"town-link__link-content\">\n                <div class=\"town-link__link-content__text\">\n                  <p>Lokale Informationen<\/p>\n                  <p>Polizei, medizinische Versorgung, Sehensw\u00fcrdigkeiten, Restaurants&#8230;<\/p>\n                <\/div>\n                <div class=\"town-link__link-content__town-btn\">\n                  <i class=\"icon-arrow\"><\/i>\n                <\/div>\n              <\/div>\n            <\/a>\n          \n        <\/div>\n        <hr \/>\n      \n      <div>\n        <h4>Km 21,3 &#8231; Los Arcos<\/h4>\n        <a class=\"town-link\" href=\"https:\/\/www.pilgrim.es\/de\/franzosischer-weg\/los-arcos\/\">\n          <div class=\"town-link__link-content\">\n            <div class=\"town-link__link-content__text\">\n              <p>Lokale Informationen<\/p>\n              <p>Polizei, medizinische Versorgung, Sehensw\u00fcrdigkeiten, Restaurants&#8230;<\/p>\n            <\/div>\n            <div class=\"town-link__link-content__town-btn\">\n              <i class=\"icon-arrow\"><\/i>\n            <\/div>\n          <\/div>\n        <\/a>\n      <\/div>\n    <\/div>\n\n  <div id=\"locationsSection\">\n      <h2 class=\"p-h2-stage\">\u00d6rtlichkeiten<\/h2>\n      <hr \/>\n      <h3 class=\"p-h3-stage\">St\u00e4dte<\/h3>\n      <div class=\"grid-container\">\n\n        <div class=\"p-group card-stage p-max-w-full\">\n          <a href=\"https:\/\/www.pilgrim.es\/de\/franzosischer-weg\/estella\/\" class=\"town-card\">\n            <div class=\"card-stage__header\">\n              <img decoding=\"async\" src=\"https:\/\/cdn.pilgrim.es\/web\/caminos\/camino-frances\/pueblos\/estella\/estella.jpg\" alt=\"Estella\" class=\"group-hover:p-scale-110\" \/>\n              <div class=\"card-overlay group-hover:p-opacity-50\"><\/div>\n            <\/div>\n            <div class=\"town-card__flex-container\">\n              <div class=\"town-card__flex-container__info\">\n                <h3>Estella<\/h3>\n                <p>Provincia: Navarra<\/p>\n              <\/div>\n              <div class=\"town-card__flex-container__btn\">\n                <i class=\"icon-arrow\"><\/i>\n              <\/div>\n            <\/div>\n          <\/a>\n        <\/div>\n        <div class=\"p-group card-stage p-max-w-full\">\n          <a href=\"https:\/\/www.pilgrim.es\/de\/franzosischer-weg\/los-arcos\/\" class=\"town-card\">\n            <div class=\"card-stage__header\">\n              <img decoding=\"async\" src=\"https:\/\/cdn.pilgrim.es\/web\/caminos\/camino-frances\/pueblos\/los-arcos\/los-arcos.jpg\" alt=\"Los Arcos\" class=\"group-hover:p-scale-110\" \/>\n              <div class=\"card-overlay group-hover:p-opacity-50\"><\/div>\n            <\/div>\n            <div class=\"town-card__flex-container\">\n              <div class=\"town-card__flex-container__info\">\n                <h3>Los Arcos<\/h3>\n                <p>Provincia: Navarra<\/p>\n              <\/div>\n              <div class=\"town-card__flex-container__btn\">\n                <i class=\"icon-arrow\"><\/i>\n              <\/div>\n            <\/div>\n          <\/a>\n        <\/div>\n      <\/div>\n    <\/div>\n    <hr class=\"single-bar\" \/>\n  <\/div>\n<\/section>\n\n<section id=\"stageChange\">\n  <div>\n    <a href=\"\/de\/franzosischer-weg\/etappe-5-puente-de-la-reina-estella\/\" class=\"change-btn\">\n    <div class=\"change-btn\">\n      <div class=\"btn-arrow previous\">\n        <i class=\"icon-arrow\"><\/i>\n      <\/div>\n      <div class=\"change-btn__info\">\n        <div>Etappe 5<\/div>\n        <p>\n          Puente de la Reina \u276f <br> Estella\n        <\/p>\n      <\/div>\n    <\/div>\n    <\/a>\n    <a href=\"\/de\/franzosischer-weg\/etappe-7-los-arcos-logrono\/\" class=\"change-btn\">\n      <div class=\"change-btn__info\">\n        <div>Etappe 7<\/div>\n        <p>\n          Los Arcos \u276f <br> Logro\u00f1o\n        <\/p>\n      <\/div>\n      <div class=\"btn-arrow\">\n        <i class=\"icon-arrow\"><\/i>\n      <\/div>\n    <\/a>\n  <\/div>\n<\/section> ","protected":false},"excerpt":{"rendered":"<p>Franz\u00f6sischer Weg: Etappe 6 Walk 33 Etappe \/ 764 Kms Estella &#10093; Los Arcos 21,3 Km &#10094; Etappe 5 Etappe 7 &#10095; Information Profil Route Ortschaften Information \u00dcber diese Etappe Wir durchschreiten die vielseitigen zwanzig Kilometer, die Estella von der Ortschaft Los Arcos entfernen, zwischen Olivenb\u00e4umen, bewaldeten-, w\u00fcstenartigen- und sogar verwilderten Gebieten. Die einzige Herausforderung &hellip; <\/p>\n<p class=\"read_more\"><a href=\"https:\/\/www.pilgrim.es\/de\/franzosischer-weg\/etappe-6-estella-los-arcos\/\">Leer m\u00e1s<\/a><\/p>\n","protected":false},"author":4,"featured_media":10868,"parent":10659,"menu_order":0,"comment_status":"closed","ping_status":"closed","template":"views\/template-new-web-design.blade.php","meta":{"footnotes":""},"categories":[],"tags":[],"class_list":["post-11166","page","type-page","status-publish","has-post-thumbnail","hentry"],"yoast_head":"<!-- This site is optimized with the Yoast SEO plugin v27.4 - https:\/\/yoast.com\/product\/yoast-seo-wordpress\/ -->\n<title>Camino Franc\u00e9s desde Estella a Los Arcos | Camino de Santiago | Pilgrim<\/title>\n<meta name=\"description\" content=\"Franz\u00f6sischer Weg: Etappe 6 des Jakobsweges, der zwischen Estella und Los Arcos verl\u00e4uft. Entdecken Sie alle Informationen zu dieser Etappe und planen Sie Ihre Route.\" \/>\n<meta name=\"robots\" content=\"index, follow, max-snippet:-1, max-image-preview:large, max-video-preview:-1\" \/>\n<link rel=\"canonical\" href=\"https:\/\/www.pilgrim.es\/de\/franzosischer-weg\/etappe-6-estella-los-arcos\/\" \/>\n<meta property=\"og:locale\" content=\"de_DE\" \/>\n<meta property=\"og:type\" content=\"article\" \/>\n<meta property=\"og:title\" content=\"Camino Franc\u00e9s desde Estella a Los Arcos | Camino de Santiago | Pilgrim\" \/>\n<meta property=\"og:description\" content=\"Franz\u00f6sischer Weg: Etappe 6 des Jakobsweges, der zwischen Estella und Los Arcos verl\u00e4uft. Entdecken Sie alle Informationen zu dieser Etappe und planen Sie Ihre Route.\" \/>\n<meta property=\"og:url\" content=\"https:\/\/www.pilgrim.es\/de\/franzosischer-weg\/etappe-6-estella-los-arcos\/\" \/>\n<meta property=\"og:site_name\" content=\"Pilgrim\" \/>\n<meta property=\"article:publisher\" content=\"https:\/\/www.facebook.com\/pilgrim.es\/\" \/>\n<meta property=\"article:modified_time\" content=\"2025-03-24T15:23:22+00:00\" \/>\n<meta property=\"og:image\" content=\"https:\/\/www.pilgrim.es\/wp-content\/uploads\/2019\/02\/camino_frances_etapa_6.jpg\" \/>\n\t<meta property=\"og:image:width\" content=\"1633\" \/>\n\t<meta property=\"og:image:height\" content=\"547\" \/>\n\t<meta property=\"og:image:type\" content=\"image\/jpeg\" \/>\n<meta name=\"twitter:card\" content=\"summary_large_image\" \/>\n<meta name=\"twitter:site\" content=\"@pilgrim_es\" \/>\n<meta name=\"twitter:label1\" content=\"Gesch\u00e4tzte Lesezeit\" \/>\n\t<meta name=\"twitter:data1\" content=\"6\u00a0Minuten\" \/>\n<script type=\"application\/ld+json\" class=\"yoast-schema-graph\">{\"@context\":\"https:\\\/\\\/schema.org\",\"@graph\":[{\"@type\":\"WebPage\",\"@id\":\"https:\\\/\\\/www.pilgrim.es\\\/de\\\/franzosischer-weg\\\/etappe-6-estella-los-arcos\\\/\",\"url\":\"https:\\\/\\\/www.pilgrim.es\\\/de\\\/franzosischer-weg\\\/etappe-6-estella-los-arcos\\\/\",\"name\":\"Camino Franc\u00e9s desde Estella a Los Arcos | Camino de Santiago | Pilgrim\",\"isPartOf\":{\"@id\":\"https:\\\/\\\/www.pilgrim.es\\\/de\\\/#website\"},\"primaryImageOfPage\":{\"@id\":\"https:\\\/\\\/www.pilgrim.es\\\/de\\\/franzosischer-weg\\\/etappe-6-estella-los-arcos\\\/#primaryimage\"},\"image\":{\"@id\":\"https:\\\/\\\/www.pilgrim.es\\\/de\\\/franzosischer-weg\\\/etappe-6-estella-los-arcos\\\/#primaryimage\"},\"thumbnailUrl\":\"https:\\\/\\\/www.pilgrim.es\\\/wp-content\\\/uploads\\\/2019\\\/02\\\/camino_frances_etapa_6.jpg\",\"datePublished\":\"2019-02-19T14:58:59+00:00\",\"dateModified\":\"2025-03-24T15:23:22+00:00\",\"description\":\"Franz\u00f6sischer Weg: Etappe 6 des Jakobsweges, der zwischen Estella und Los Arcos verl\u00e4uft. Entdecken Sie alle Informationen zu dieser Etappe und planen Sie Ihre Route.\",\"breadcrumb\":{\"@id\":\"https:\\\/\\\/www.pilgrim.es\\\/de\\\/franzosischer-weg\\\/etappe-6-estella-los-arcos\\\/#breadcrumb\"},\"inLanguage\":\"de\",\"potentialAction\":[{\"@type\":\"ReadAction\",\"target\":[\"https:\\\/\\\/www.pilgrim.es\\\/de\\\/franzosischer-weg\\\/etappe-6-estella-los-arcos\\\/\"]}]},{\"@type\":\"ImageObject\",\"inLanguage\":\"de\",\"@id\":\"https:\\\/\\\/www.pilgrim.es\\\/de\\\/franzosischer-weg\\\/etappe-6-estella-los-arcos\\\/#primaryimage\",\"url\":\"https:\\\/\\\/www.pilgrim.es\\\/wp-content\\\/uploads\\\/2019\\\/02\\\/camino_frances_etapa_6.jpg\",\"contentUrl\":\"https:\\\/\\\/www.pilgrim.es\\\/wp-content\\\/uploads\\\/2019\\\/02\\\/camino_frances_etapa_6.jpg\",\"width\":1633,\"height\":547,\"caption\":\"Landkarte Etappe 6 Franz\u00f6sischer Weg\"},{\"@type\":\"BreadcrumbList\",\"@id\":\"https:\\\/\\\/www.pilgrim.es\\\/de\\\/franzosischer-weg\\\/etappe-6-estella-los-arcos\\\/#breadcrumb\",\"itemListElement\":[{\"@type\":\"ListItem\",\"position\":1,\"name\":\"Camino de Santiago\",\"item\":\"https:\\\/\\\/www.pilgrim.es\\\/de\\\/\"},{\"@type\":\"ListItem\",\"position\":2,\"name\":\"Franz\u00f6sischer Weg | Etappe 6: Estella &#8211; Los Arcos\"}]},{\"@type\":\"WebSite\",\"@id\":\"https:\\\/\\\/www.pilgrim.es\\\/de\\\/#website\",\"url\":\"https:\\\/\\\/www.pilgrim.es\\\/de\\\/\",\"name\":\"Pilgrim\",\"description\":\"Camino de Santiago | Caminamos Contigo\",\"publisher\":{\"@id\":\"https:\\\/\\\/www.pilgrim.es\\\/de\\\/#organization\"},\"potentialAction\":[{\"@type\":\"SearchAction\",\"target\":{\"@type\":\"EntryPoint\",\"urlTemplate\":\"https:\\\/\\\/www.pilgrim.es\\\/de\\\/?s={search_term_string}\"},\"query-input\":{\"@type\":\"PropertyValueSpecification\",\"valueRequired\":true,\"valueName\":\"search_term_string\"}}],\"inLanguage\":\"de\"},{\"@type\":\"Organization\",\"@id\":\"https:\\\/\\\/www.pilgrim.es\\\/de\\\/#organization\",\"name\":\"Pilgrim Camino de Santiago\",\"url\":\"https:\\\/\\\/www.pilgrim.es\\\/de\\\/\",\"logo\":{\"@type\":\"ImageObject\",\"inLanguage\":\"de\",\"@id\":\"https:\\\/\\\/www.pilgrim.es\\\/de\\\/#\\\/schema\\\/logo\\\/image\\\/\",\"url\":\"https:\\\/\\\/www.pilgrim.es\\\/wp-content\\\/uploads\\\/2019\\\/04\\\/logo_pilgrim.png\",\"contentUrl\":\"https:\\\/\\\/www.pilgrim.es\\\/wp-content\\\/uploads\\\/2019\\\/04\\\/logo_pilgrim.png\",\"width\":512,\"height\":512,\"caption\":\"Pilgrim Camino de Santiago\"},\"image\":{\"@id\":\"https:\\\/\\\/www.pilgrim.es\\\/de\\\/#\\\/schema\\\/logo\\\/image\\\/\"},\"sameAs\":[\"https:\\\/\\\/www.facebook.com\\\/pilgrim.es\\\/\",\"https:\\\/\\\/x.com\\\/pilgrim_es\",\"https:\\\/\\\/www.instagram.com\\\/pilgrim.es\\\/\",\"https:\\\/\\\/www.linkedin.com\\\/company\\\/pilgrim-camino-de-santiago\\\/\",\"https:\\\/\\\/www.pinterest.es\\\/pilgrimcaminodesantiago\\\/\",\"https:\\\/\\\/www.youtube.com\\\/channel\\\/UCIv2ZzFLXVqthkNF32rKedw\\\/featured\"]}]}<\/script>\n<!-- \/ Yoast SEO plugin. -->","yoast_head_json":{"title":"Camino Franc\u00e9s desde Estella a Los Arcos | Camino de Santiago | Pilgrim","description":"Franz\u00f6sischer Weg: Etappe 6 des Jakobsweges, der zwischen Estella und Los Arcos verl\u00e4uft. Entdecken Sie alle Informationen zu dieser Etappe und planen Sie Ihre Route.","robots":{"index":"index","follow":"follow","max-snippet":"max-snippet:-1","max-image-preview":"max-image-preview:large","max-video-preview":"max-video-preview:-1"},"canonical":"https:\/\/www.pilgrim.es\/de\/franzosischer-weg\/etappe-6-estella-los-arcos\/","og_locale":"de_DE","og_type":"article","og_title":"Camino Franc\u00e9s desde Estella a Los Arcos | Camino de Santiago | Pilgrim","og_description":"Franz\u00f6sischer Weg: Etappe 6 des Jakobsweges, der zwischen Estella und Los Arcos verl\u00e4uft. Entdecken Sie alle Informationen zu dieser Etappe und planen Sie Ihre Route.","og_url":"https:\/\/www.pilgrim.es\/de\/franzosischer-weg\/etappe-6-estella-los-arcos\/","og_site_name":"Pilgrim","article_publisher":"https:\/\/www.facebook.com\/pilgrim.es\/","article_modified_time":"2025-03-24T15:23:22+00:00","og_image":[{"width":1633,"height":547,"url":"https:\/\/www.pilgrim.es\/wp-content\/uploads\/2019\/02\/camino_frances_etapa_6.jpg","type":"image\/jpeg"}],"twitter_card":"summary_large_image","twitter_site":"@pilgrim_es","twitter_misc":{"Gesch\u00e4tzte Lesezeit":"6\u00a0Minuten"},"schema":{"@context":"https:\/\/schema.org","@graph":[{"@type":"WebPage","@id":"https:\/\/www.pilgrim.es\/de\/franzosischer-weg\/etappe-6-estella-los-arcos\/","url":"https:\/\/www.pilgrim.es\/de\/franzosischer-weg\/etappe-6-estella-los-arcos\/","name":"Camino Franc\u00e9s desde Estella a Los Arcos | Camino de Santiago | Pilgrim","isPartOf":{"@id":"https:\/\/www.pilgrim.es\/de\/#website"},"primaryImageOfPage":{"@id":"https:\/\/www.pilgrim.es\/de\/franzosischer-weg\/etappe-6-estella-los-arcos\/#primaryimage"},"image":{"@id":"https:\/\/www.pilgrim.es\/de\/franzosischer-weg\/etappe-6-estella-los-arcos\/#primaryimage"},"thumbnailUrl":"https:\/\/www.pilgrim.es\/wp-content\/uploads\/2019\/02\/camino_frances_etapa_6.jpg","datePublished":"2019-02-19T14:58:59+00:00","dateModified":"2025-03-24T15:23:22+00:00","description":"Franz\u00f6sischer Weg: Etappe 6 des Jakobsweges, der zwischen Estella und Los Arcos verl\u00e4uft. Entdecken Sie alle Informationen zu dieser Etappe und planen Sie Ihre Route.","breadcrumb":{"@id":"https:\/\/www.pilgrim.es\/de\/franzosischer-weg\/etappe-6-estella-los-arcos\/#breadcrumb"},"inLanguage":"de","potentialAction":[{"@type":"ReadAction","target":["https:\/\/www.pilgrim.es\/de\/franzosischer-weg\/etappe-6-estella-los-arcos\/"]}]},{"@type":"ImageObject","inLanguage":"de","@id":"https:\/\/www.pilgrim.es\/de\/franzosischer-weg\/etappe-6-estella-los-arcos\/#primaryimage","url":"https:\/\/www.pilgrim.es\/wp-content\/uploads\/2019\/02\/camino_frances_etapa_6.jpg","contentUrl":"https:\/\/www.pilgrim.es\/wp-content\/uploads\/2019\/02\/camino_frances_etapa_6.jpg","width":1633,"height":547,"caption":"Landkarte Etappe 6 Franz\u00f6sischer Weg"},{"@type":"BreadcrumbList","@id":"https:\/\/www.pilgrim.es\/de\/franzosischer-weg\/etappe-6-estella-los-arcos\/#breadcrumb","itemListElement":[{"@type":"ListItem","position":1,"name":"Camino de Santiago","item":"https:\/\/www.pilgrim.es\/de\/"},{"@type":"ListItem","position":2,"name":"Franz\u00f6sischer Weg | Etappe 6: Estella &#8211; Los Arcos"}]},{"@type":"WebSite","@id":"https:\/\/www.pilgrim.es\/de\/#website","url":"https:\/\/www.pilgrim.es\/de\/","name":"Pilgrim","description":"Camino de Santiago | Caminamos Contigo","publisher":{"@id":"https:\/\/www.pilgrim.es\/de\/#organization"},"potentialAction":[{"@type":"SearchAction","target":{"@type":"EntryPoint","urlTemplate":"https:\/\/www.pilgrim.es\/de\/?s={search_term_string}"},"query-input":{"@type":"PropertyValueSpecification","valueRequired":true,"valueName":"search_term_string"}}],"inLanguage":"de"},{"@type":"Organization","@id":"https:\/\/www.pilgrim.es\/de\/#organization","name":"Pilgrim Camino de Santiago","url":"https:\/\/www.pilgrim.es\/de\/","logo":{"@type":"ImageObject","inLanguage":"de","@id":"https:\/\/www.pilgrim.es\/de\/#\/schema\/logo\/image\/","url":"https:\/\/www.pilgrim.es\/wp-content\/uploads\/2019\/04\/logo_pilgrim.png","contentUrl":"https:\/\/www.pilgrim.es\/wp-content\/uploads\/2019\/04\/logo_pilgrim.png","width":512,"height":512,"caption":"Pilgrim Camino de Santiago"},"image":{"@id":"https:\/\/www.pilgrim.es\/de\/#\/schema\/logo\/image\/"},"sameAs":["https:\/\/www.facebook.com\/pilgrim.es\/","https:\/\/x.com\/pilgrim_es","https:\/\/www.instagram.com\/pilgrim.es\/","https:\/\/www.linkedin.com\/company\/pilgrim-camino-de-santiago\/","https:\/\/www.pinterest.es\/pilgrimcaminodesantiago\/","https:\/\/www.youtube.com\/channel\/UCIv2ZzFLXVqthkNF32rKedw\/featured"]}]}},"_links":{"self":[{"href":"https:\/\/www.pilgrim.es\/de\/wp-json\/wp\/v2\/pages\/11166","targetHints":{"allow":["GET"]}}],"collection":[{"href":"https:\/\/www.pilgrim.es\/de\/wp-json\/wp\/v2\/pages"}],"about":[{"href":"https:\/\/www.pilgrim.es\/de\/wp-json\/wp\/v2\/types\/page"}],"author":[{"embeddable":true,"href":"https:\/\/www.pilgrim.es\/de\/wp-json\/wp\/v2\/users\/4"}],"replies":[{"embeddable":true,"href":"https:\/\/www.pilgrim.es\/de\/wp-json\/wp\/v2\/comments?post=11166"}],"version-history":[{"count":12,"href":"https:\/\/www.pilgrim.es\/de\/wp-json\/wp\/v2\/pages\/11166\/revisions"}],"predecessor-version":[{"id":93543,"href":"https:\/\/www.pilgrim.es\/de\/wp-json\/wp\/v2\/pages\/11166\/revisions\/93543"}],"up":[{"embeddable":true,"href":"https:\/\/www.pilgrim.es\/de\/wp-json\/wp\/v2\/pages\/10659"}],"wp:featuredmedia":[{"embeddable":true,"href":"https:\/\/www.pilgrim.es\/de\/wp-json\/wp\/v2\/media\/10868"}],"wp:attachment":[{"href":"https:\/\/www.pilgrim.es\/de\/wp-json\/wp\/v2\/media?parent=11166"}],"wp:term":[{"taxonomy":"category","embeddable":true,"href":"https:\/\/www.pilgrim.es\/de\/wp-json\/wp\/v2\/categories?post=11166"},{"taxonomy":"post_tag","embeddable":true,"href":"https:\/\/www.pilgrim.es\/de\/wp-json\/wp\/v2\/tags?post=11166"}],"curies":[{"name":"wp","href":"https:\/\/api.w.org\/{rel}","templated":true}]}}