{"id":11040,"date":"2019-02-18T18:12:43","date_gmt":"2019-02-18T18:12:43","guid":{"rendered":"https:\/\/desarrollo.pilgrim.es\/routen-des-jakobsweges\/"},"modified":"2025-11-25T08:21:01","modified_gmt":"2025-11-25T08:21:01","slug":"wege","status":"publish","type":"page","link":"https:\/\/www.pilgrim.es\/de\/wege\/","title":{"rendered":"Routen des Jakobsweges"},"content":{"rendered":"\n<div id=\"ways\">\n  <section id=\"heroWays\">\n    <h1>Jakobsweg: Wege, Etappen, Karten und D\u00f6rfer<\/h1>\n    <div class=\"main-content\">\n      <div class=\"main-content__col-map\">\n        <img decoding=\"async\" src=\"https:\/\/cdn.pilgrim.es\/web\/caminos\/home\/todos-los-caminos.jpg\" alt=\"Karte aller Wege\" \/>\n      <\/div>\n      <div class=\"main-content__col-planner\"><div\r\n  class=\"p-col-span-1 p-rounded-lg p-px-5 p-h-full\"\r\n  style=\"background-image: url('https:\/\/cdn.pilgrim.es\/web\/pilgrim-planner\/bg-plugin-planificador.webp')\"\r\n  rel=\"preload\"\r\n  fetchpriority=\"high\"\r\n  >\r\n    <div class=\"p-text-center p-pt-5 p-text-white p-text-2xl p-font-semibold\">\r\n      Plane deinen Weg    <\/div>\r\n    <div\r\n            id='primary-app'\r\n            data-name='banner'\r\n            data-api='https:\/\/pathfinder.pilgrim.es\/api\/pathfinder\/v2'\r\n            data-mode='normal'\r\n            data-lang='de'\r\n            data-route='1'\r\n            data-destiny='https:\/\/planificador.pilgrim.es'\r\n            data-modality='1'\r\n            data-inline=''\r\n        ><\/div><\/div><\/div>\n    <\/div>\n    <div class=\"anchor-bar\">\n      <div>\n        <i class=\"icon-info p-self-center\"><\/i>\n        <p><b>Bist du weit von den Hauptwegen entfernt? Entdecke alternative Routen!<\/b> Es gibt zahlreiche\n          Routen, die aus ganz Spanien starten und sich mit den wichtigsten Jakobswegen verbinden.<\/p>\n      <\/div>\n      <a href=\"#secondaryWays\">\n        <button class=\"btn-arrow\">\n          <i class=\"icon-arrow\"><\/i>\n        <\/button>\n      <\/a>\n    <\/div>\n  <\/section>\n\n\n  <section id=\"primaryWays\">\n    <div class=\"subtitle\">\n      <p class=\"p-uppercase p-text-gray p-font-['Rasa']\">Hauptwege<\/p>\n      <hr class=\"orange-bar\" \/>\n      <h2>Informationen, Etappen, Karten und Sehensw\u00fcrdigkeiten<\/h2>\n      <p class=\"p-py-5\">1997 erkl\u00e4rte der Europarat den Jakobsweg zur ersten Europ\u00e4ischen Kulturroute und erkannte\n        an, dass &#8222;die Routen des Jakobswegs ein Symbol sind, da sie fast tausend Jahre europ\u00e4ischer Geschichte\n        widerspiegeln und als Modell f\u00fcr kulturelle Zusammenarbeit in ganz Europa dienen.&#8220;<\/p>\n    <\/div>\n    <div class=\"cards-primary-ways\">\n      <div>\n        <div class=\"cards-primary-ways__card card-best-experience p-group\" data-title=\"Franz\u00f6sischer Weg\"\n             data-content='[\"Es gibt Aufzeichnungen \u00fcber diesen Weg seit dem Jahr 1135, insbesondere in Archiven des Codex Calixtinus, wo erstmals die Entfernungen zwischen dem Grab des Apostels Jakobus und vielen der wichtigsten europ\u00e4ischen St\u00e4dte vermerkt wurden. All dies zusammen mit den aktuellen Informationen macht diese Route zur am besten dokumentierten.\", \"Aufgrund der christlichen Kultur wurde dieser Jakobsweg zur Route mit der h\u00f6chsten Anzahl an Pilgern im mittelalterlichen Europa, da viele das begehrte Grab in Santiago de Compostela sehen wollten. Dies f\u00fchrte dazu, dass er immer mehr an Bedeutung gewann und schlie\u00dflich als die weltweit bekannteste Route anerkannt wurde, was ihm auch wirtschaftliche und soziale Anerkennung einbrachte.\", \"Heute ist dies die meistbegangene Route, da sie international am bekanntesten ist. Daher ist sie auch am besten ausgestattet, um die gro\u00dfe Anzahl von Pilgern zu versorgen, die diesen Weg gehen. Sie erstreckt sich \u00fcber etwa 760 km entlang des n\u00f6rdlichen Teils der iberischen Halbinsel, aufgeteilt in 31 Etappen, beginnend in Saint Jean Pied de Port...\"]'\n             data-link=\"\/de\/franzosischer-weg\/\">\n\n          <div class=\"card-best-experience__header\">\n            <div class=\"content-card\">\n              <img decoding=\"async\" src=\"https:\/\/cdn.pilgrim.es\/web\/caminos\/home\/caminos-principales\/camino-frances.jpg\" alt=\"Franz\u00f6sischer Weg\"\n                   class=\"img-card group-hover:p-scale-110\" \/>\n              <div class=\"card-overlay group-hover:p-opacity-50\"><\/div>\n              <div class=\"content-card__info-top p-h-full p-z-10\">\n                <h3 class=\"content-card__info-top__way\">\n                  <a\n                    href=\"https:\/\/www.pilgrim.es\/de\/franzosischer-weg\/\"\n                    class=\"after:p-absolute after:p-inset-0 p-text-white hover:p-text-light\"\n                  >\n                    <span>Franz\u00f6sischer<\/span>\n                    <br \/>\n                    Weg\n                  <\/a>\n                <\/h3>\n                <div class=\"content-card__info-top__town p-self-start\">\n                  <div>Burgos<\/div>\n                <\/div>\n              <\/div>\n              <div class=\"content-card__info-bottom\">\n                <div class=\"content-card__info-bottom__stages\">\n                  <div class=\"col-apie\">\n                    <i class=\"icon-on-foot\"><\/i>\n                    <div>\n                      <p class=\"number-km\">764 km<\/p>\n                      <p>33 Etappen<\/p>\n                    <\/div>\n                  <\/div>\n                  <div class=\"col-enbici\">\n                    <i class=\"icon-by-bike\"><\/i>\n                    <div>\n                      <p class=\"number-km\">741 km<\/p>\n                      <p>14 Etappen<\/p>\n                    <\/div>\n                  <\/div>\n                <\/div>\n                <div class=\"content-card__info-bottom__btn\">\n                  <button>\n                    <i class=\"icon-arrow \"><\/i>\n                  <\/button>\n                <\/div>\n              <\/div>\n            <\/div>\n          <\/div>\n\n        <\/div>\n        <p class=\"cards-primary-ways__text\">Diese Route, die im Codex Calixtinus (12. Jahrhundert) beschrieben\n          ist, ist die historisch bedeutendste. An ihrem Startpunkt treffen sich die meisten europ\u00e4ischen\n          Routen.<\/p>\n        <button class=\"cards-primary-ways__btn\" data-toggle=\"modal-history\" type=\"button\">Geschichte\n          &#8599;<\/button>\n        <div class=\"cards-primary-ways__variant\">\n          <p class=\"variant-title\">\n            Variante des Franz\u00f6sischen Weges\n          <\/p>\n\n          <div class=\"variant-info\">\n            <img decoding=\"async\" src=\"https:\/\/cdn.pilgrim.es\/web\/caminos\/home\/mapas-variantes\/camino-aragones.jpg\" alt=\"Aragonesischer Weg\">\n            <div>\n              <hr class=\"hr-top\">\n              <div class=\"variant-way p-group p-relative\">\n                <div>\n                  <a\n                    href=\"https:\/\/www.pilgrim.es\/de\/aragonischer-weg\/\"\n                    class=\"after:p-absolute after:p-inset-0 p-col-span-3 p-text-secondary\"\n                  >\n                    Aragonesischer\n                    Weg\n                    <br>\n                    <span>205 km<\/span>\n                  <\/a>\n                <\/div>\n                <button class=\"group-hover:p-opacity-50\">\n                  <i class=\"icon-arrow\"><\/i>\n                <\/button>\n              <\/div>\n              <hr class=\"hr-bottom\">\n            <\/div>\n          <\/div>\n\n        <\/div>\n      <\/div>\n      <div>\n        <div class=\"cards-primary-ways__card card-best-experience p-group\" data-title=\"Portugiesischer Weg\"\n             data-content='[\"Diese Route des Jakobswegs gewann nach der Unabh\u00e4ngigkeit Portugals im 12. Jahrhundert zunehmend an Bedeutung und wurde von K\u00f6nig Alfons I. genutzt. Die Reise von portugiesischem Gebiet zur Hauptstadt Compostela ging \u00fcber spirituelle Gr\u00fcnde hinaus. Aufgrund der Unabh\u00e4ngigkeit nahmen kulturelle und wirtschaftliche Motive zu und st\u00e4rkten die Beziehungen zwischen den Nachbarregionen. Dies f\u00fchrte dazu, dass ein Wegenetz aus portugiesischen Gebieten entstand, das bis heute erhalten blieb und eine geschichtstr\u00e4chtige Route zwischen dem Nachbarland und der galicischen Gemeinschaft schuf.\", \"Viele K\u00f6nige, Adelige und Geistliche trugen mit ihren Pilgerreisen dazu bei, dass der Jakobsweg an Bedeutung gewann und heute zu den meistbegangenen Routen geh\u00f6rt. Ein Beispiel ist K\u00f6nigin Isabella von Portugal, die nach ihrer Pilgerreise zur Kathedrale von Santiago dem Apostel ihre Krone als Kaiserin des Heiligen R\u00f6mischen Reiches anbot \u2013 dies geschah im 14. Jahrhundert. Nach ihrem Tod wurden ihre sterblichen \u00dcberreste in der portugiesischen Stadt Coimbra mit einem Pilgerstab bestattet, wie sie es vor ihrem Ableben gew\u00fcnscht hatte...\"]'\n             data-link=\"\/de\/portugiesischer-weg\/\">\n\n          <div class=\"card-best-experience__header p-relative\">\n            <div class=\"content-card\">\n              <img decoding=\"async\" src=\"https:\/\/cdn.pilgrim.es\/web\/caminos\/home\/caminos-principales\/camino-portugues.jpg\"\n                   alt=\"Portugiesischer Weg\" class=\"img-card group-hover:p-scale-110\" \/>\n              <div class=\"card-overlay group-hover:p-opacity-50\"><\/div>\n              <div class=\"content-card__info-top p-h-full p-z-10\">\n                <h3 class=\"content-card__info-top__way\">\n                  <a\n                    href=\"https:\/\/www.pilgrim.es\/de\/portugiesischer-weg\/\"\n                    class=\"after:p-absolute after:p-inset-0 p-text-white hover:p-text-light\"\n                  >\n                    <span>Portugiesischer<\/span>\n                    <br \/>\n                    Weg\n                  <\/a>\n                <\/h3>\n                <div class=\"content-card__info-top__town p-self-start\">\n                  <div>Lissabon<\/div>\n                <\/div>\n              <\/div>\n              <div class=\"content-card__info-bottom\">\n                <div class=\"content-card__info-bottom__stages\">\n                  <div class=\"col-apie\">\n                    <i class=\"icon-on-foot\"><\/i>\n                    <div>\n                      <p class=\"number-km\">620 km<\/p>\n                      <p>25 Etappen<\/p>\n                    <\/div>\n                  <\/div>\n                  <div class=\"col-enbici\">\n                    <i class=\"icon-by-bike\"><\/i>\n                    <div>\n                      <p class=\"number-km\">582 km<\/p>\n                      <p>11 Etappen<\/p>\n                    <\/div>\n                  <\/div>\n                <\/div>\n                <div class=\"content-card__info-bottom__btn\">\n                  <button>\n                    <i class=\"icon-arrow\"><\/i>\n                  <\/button>\n                <\/div>\n              <\/div>\n            <\/div>\n          <\/div>\n\n        <\/div>\n        <p class=\"cards-primary-ways__text\">Die zweitbeliebteste Route mit antiken Stra\u00dfen und Wegen aus der\n          R\u00f6merzeit, die von ber\u00fchmten Pilgern genutzt wurden.<\/p>\n        <button class=\"cards-primary-ways__btn\" data-toggle=\"modal-history\" type=\"button\">Geschichte\n          &#8599;<\/button>\n        <div class=\"cards-primary-ways__variant\">\n          <p class=\"variant-title\">\n            Variante des Portugiesischen Weges\n          <\/p>\n\n          <div class=\"variant-info\">\n            <img decoding=\"async\" src=\"https:\/\/cdn.pilgrim.es\/web\/caminos\/home\/mapas-variantes\/camino-portugues-variante-espiritual.jpg\"\n                 alt=\"Spiritueller Weg\">\n            <div>\n              <hr class=\"hr-top\">\n              <div class=\"variant-way p-group p-relative\">\n                <div><a href=\"https:\/\/www.pilgrim.es\/de\/erlebnisse\/portugiesischer-weg-ab-tui-ueber-die-spirituelle-variante\/\"\n                        class=\"after:p-absolute after:p-inset-0 p-col-span-3 p-text-secondary\">Spiritueller\n                  Weg <br> <span>266 km<\/span><\/a><\/div>\n                <button class=\"group-hover:p-opacity-50\">\n                  <i class=\"icon-arrow\"><\/i>\n                <\/button>\n              <\/div>\n              <hr class=\"hr-bottom\">\n            <\/div>\n          <\/div>\n\n        <\/div>\n      <\/div>\n\n      <div>\n        <div\n          class=\"cards-primary-ways__card card-best-experience p-group\"\n          data-title=\"Portugiesischer K\u00fcstenweg\"\n          data-content='[\"Die Route ist gr\u00f6\u00dftenteils flach und das ganze Jahr \u00fcber begehbar. Sie verl\u00e4uft zwischen Klippen, Bergen und M\u00fcndungen. Der Weg beginnt in der bedeutenden Stadt Porto und f\u00fchrt durch St\u00e4dte wie P\u00f3voa de Varzim, Viana do Castelo, Esposende, A Guarda, Baiona\u2026\", \"Der Fluss Mi\u00f1o erwartet an der Grenze zu Galicien die Pilger, die aus Portugal kommen. Jahrhundertelang war die Hauptoption, ins Landesinnere in Richtung Tui abzubiegen, aber wer der K\u00fcstenroute bis nach Galicien folgt, kann eine andere M\u00f6glichkeit nutzen: Von Caminha aus mit der F\u00e4hre nach A Guarda \u00fcbersetzen.\"]'\n          data-link=\"\/de\/portugiesischer-weg-entlang-der-kuste\/\"\n        >\n          <div class=\"card-best-experience__header p-relative\">\n            <div class=\"content-card\">\n              <img decoding=\"async\" src=\"https:\/\/cdn.pilgrim.es\/web\/caminos\/home\/caminos-principales\/camino-portugues-costa.jpg\"\n                   alt=\"Portugiesischer K\u00fcstenweg\" class=\"img-card group-hover:p-scale-110\" \/>\n              <div class=\"card-overlay group-hover:p-opacity-50\"><\/div>\n              <div class=\"content-card__info-top p-h-full p-z-10\">\n                <h3 class=\"content-card__info-top__way\">\n                  <a\n                    href=\"https:\/\/www.pilgrim.es\/de\/portugiesischer-weg-entlang-der-kuste\/\"\n                    class=\"after:p-absolute after:p-inset-0 p-text-white hover:p-text-light\"\n                  >\n                    <span>\n                      Portugiesischer Weg\n                      <br \/>\n                      Entlang der K\u00fcste\n                    <\/span>\n                    <br \/>\n                    Weg\n                  <\/a>\n                <\/h3>\n                <div class=\"content-card__info-top__town p-self-start\">\n                  <div>Porto<\/div>\n                <\/div>\n              <\/div>\n              <div class=\"content-card__info-bottom\">\n                <div class=\"content-card__info-bottom__stages\">\n                  <div class=\"col-apie\">\n                    <i class=\"icon-on-foot\"><\/i>\n                    <div>\n                      <p class=\"number-km\">266 km<\/p>\n                      <p>13 Etappen<\/p>\n                    <\/div>\n                  <\/div>\n                  <div class=\"col-enbici\">\n                    <i class=\"icon-by-bike\"><\/i>\n                    <div>\n                      <p class=\"number-km\">268 km<\/p>\n                      <p>4 Etappen<\/p>\n                    <\/div>\n                  <\/div>\n                <\/div>\n                <div class=\"content-card__info-bottom__btn\">\n                  <button>\n                    <i class=\"icon-arrow\"><\/i>\n                  <\/button>\n                <\/div>\n              <\/div>\n            <\/div>\n          <\/div>\n\n        <\/div>\n        <p class=\"cards-primary-ways__text\">Der K\u00fcstenweg wird auch als \u201eMonastischer Weg\u201c bezeichnet, da\n          entlang der Strecke zahlreiche Kl\u00f6ster zu finden sind.<\/p>\n        <button class=\"cards-primary-ways__btn\" data-toggle=\"modal-history\" type=\"button\">Geschichte\n          &#8599;<\/button>\n        <div class=\"cards-primary-ways__variant\">\n          <p class=\"variant-title\">\n            Variante des Portugiesischen Weges\n          <\/p>\n\n          <div class=\"variant-info\">\n            <img decoding=\"async\" src=\"https:\/\/cdn.pilgrim.es\/web\/caminos\/home\/mapas-variantes\/camino-portugues-variante-espiritual.jpg\"\n                 alt=\"Spiritueller Weg\">\n            <div>\n              <hr class=\"hr-top\">\n              <div class=\"variant-way p-group p-relative\">\n                <div><a href=\"https:\/\/www.pilgrim.es\/experiencias\/camino-portugues-desde-tui-la-variante-espiritual\/\"\n                        class=\"after:p-absolute after:p-inset-0 p-col-span-3 p-text-secondary\">Spiritueller\n                  Weg <br> <span>266 km<\/span><\/a><\/div>\n                <button class=\"group-hover:p-opacity-50\">\n                  <i class=\"icon-arrow\"><\/i>\n                <\/button>\n              <\/div>\n              <hr class=\"hr-bottom\">\n            <\/div>\n          <\/div>\n\n        <\/div>\n      <\/div>\n\n      <div>\n        <div class=\"cards-primary-ways__card card-best-experience p-group\" data-title=\"Nordweg\"\n             data-content='[\"Sein Verlauf erstreckt sich \u00fcber die gesamte Nordk\u00fcste Spaniens, von den baskischen Landen bis nach Santiago de Compostela, entlang der K\u00fcsten des Kantabrischen Meeres. Er beginnt in Ir\u00fan und f\u00fchrt durch beeindruckende St\u00e4dte wie San Sebasti\u00e1n, Bilbao, Santander oder Gij\u00f3n. Sobald er die galicische Grenze erreicht, f\u00fchrt er durch die Stadt Ribadeo in der Provinz Lugo, nur 180 Kilometer von der Kathedrale von Santiago entfernt.\", \"Nach dem Camino Primitivo gilt er als eine der geschichtstr\u00e4chtigsten Routen, vergleichbar mit der franz\u00f6sischen Route. Viele K\u00f6nige und K\u00f6niginnen europ\u00e4ischer L\u00e4nder reisten auf diesem Weg, um letztendlich die Reliquien des Apostels zu verehren. Nach der R\u00fcckeroberung der von den Muslimen besetzten hispanischen Gebiete verlor diese Route an Bedeutung zugunsten der franz\u00f6sischen Route, die zudem im 12. Jahrhundert verst\u00e4rkt von der spanischen Monarchie gef\u00f6rdert wurde. Dennoch entschieden sich viele Pilger weiterhin f\u00fcr die K\u00fcstenroute durch die baskischen und kantabrischen H\u00e4fen, weshalb sie auch als K\u00fcstenweg bekannt ist...\"]'\n             data-link=\"\/de\/weg-im-norden\/\">\n\n          <div class=\"card-best-experience__header p-relative\">\n            <div class=\"content-card\">\n              <img decoding=\"async\" src=\"https:\/\/cdn.pilgrim.es\/web\/caminos\/home\/caminos-principales\/camino-norte.jpg\" alt=\"Nordweg\"\n                   class=\"img-card group-hover:p-scale-110\" \/>\n              <div class=\"card-overlay group-hover:p-opacity-50\"><\/div>\n              <div class=\"content-card__info-top p-h-full p-z-10\">\n                <h3 class=\"content-card__info-top__way\">\n                  <a\n                    href=\"https:\/\/www.pilgrim.es\/de\/weg-im-norden\/\"\n                    class=\"after:p-absolute after:p-inset-0 p-text-white hover:p-text-light\"\n                  >\n                    <span>N\u00f6rdlicher<\/span>\n                    <br>\n                    Weg\n                  <\/a>\n                <\/h3>\n                <div class=\"content-card__info-top__town p-self-start\">\n                  <div>Bilbao<\/div>\n                <\/div>\n              <\/div>\n              <div class=\"content-card__info-bottom\">\n                <div class=\"content-card__info-bottom__stages\">\n                  <div class=\"col-apie\">\n                    <i class=\"icon-on-foot\"><\/i>\n                    <div>\n                      <p class=\"number-km\">824 km<\/p>\n                      <p>34 Etappen<\/p>\n                    <\/div>\n                  <\/div>\n                  <div class=\"col-enbici\">\n                    <i class=\"icon-by-bike\"><\/i>\n                    <div>\n                      <p class=\"number-km\">827 km<\/p>\n                      <p>18 Etappen<\/p>\n                    <\/div>\n                  <\/div>\n                <\/div>\n                <div class=\"content-card__info-bottom__btn\">\n                  <button>\n                    <i class=\"icon-arrow\"><\/i>\n                  <\/button>\n                <\/div>\n              <\/div>\n            <\/div>\n          <\/div>\n\n        <\/div>\n        <p class=\"cards-primary-ways__text\">Ein mittelalterlicher Weg, gest\u00fctzt durch religi\u00f6se Orden, Tempel\n          und Hospit\u00e4ler. Er verl\u00e4uft haupts\u00e4chlich durch K\u00fcstenst\u00e4dte.<\/p>\n        <button class=\"cards-primary-ways__btn\" data-toggle=\"modal-history\" type=\"button\">Geschichte\n          &#8599;<\/button>\n        <div class=\"cards-primary-ways__variant\">\n          <p class=\"variant-title\">\n            Variante des Nordwegs\n          <\/p>\n\n          <div class=\"variant-info\">\n            <img decoding=\"async\" src=\"https:\/\/cdn.pilgrim.es\/web\/caminos\/home\/mapas-variantes\/camino-vasco-norte.jpg\" alt=\"Baskischer Weg\">\n            <div>\n              <hr class=\"hr-top\">\n              <div class=\"variant-way p-group p-relative\">\n                <div><a href=\"https:\/\/www.pilgrim.es\/de\/baskischer-weg\/\"\n                        class=\"after:p-absolute after:p-inset-0 p-col-span-3 p-text-secondary\">Baskischer\n                  Nordweg <br> <span>252 km \/ 199 km<\/span><\/a><\/div>\n                <button class=\"group-hover:p-opacity-50\">\n                  <i class=\"icon-arrow\"><\/i>\n                <\/button>\n              <\/div>\n              <hr class=\"hr-bottom\">\n            <\/div>\n          <\/div>\n\n        <\/div>\n      <\/div>\n\n      <div>\n        <div class=\"cards-primary-ways__card card-best-experience p-group\" data-title=\"Englischer Weg\"\n             data-content='[\"Aufgrund der Lage der Eingangsh\u00e4fen der St\u00e4dte Ferrol und A Coru\u00f1a entstand diese galicische Route. Nicht nur englische Seefahrer segelten an den galicischen K\u00fcsten entlang; auch Schotten, Iren sowie viele aus Skandinavien und den Niederlanden erreichten den Hafen, um dann auf dem Landweg \u00fcber Handelsrouten und Pfade weiterzureisen. Die Pilgerreisen gewannen unter den Seefahrern ab Mitte des 14. Jahrhunderts an Bedeutung, als sie begannen, christliche Heiligt\u00fcmer au\u00dferhalb ihrer Heimatl\u00e4nder zu erkunden.\", \"120 km trennen die St\u00e4dte Ferrol und Santiago de Compostela. Eine Strecke voller Geschichte und kulturellem Erbe, in der jede Etappe von \u00fcppigem Gr\u00fcn dominiert wird und Ruhe die Pilger begleitet \u2013 fernab der Menschenmassen anderer Routen. Es gibt zwei Varianten: von Ferrol oder von A Coru\u00f1a. Die erste Variante besteht aus 5 Etappen, w\u00e4hrend A Coru\u00f1a nur 3 Etappen von Santiago entfernt liegt...\"]'\n             data-link=\"\/de\/englischer-weg\/\">\n\n          <div class=\"card-best-experience__header p-relative\">\n            <div class=\"content-card\">\n              <img decoding=\"async\" src=\"https:\/\/cdn.pilgrim.es\/web\/caminos\/home\/caminos-principales\/camino-ingles.jpg\" alt=\"Englischer Weg\"\n                   class=\"img-card group-hover:p-scale-110\" \/>\n              <div class=\"card-overlay group-hover:p-opacity-50\"><\/div>\n              <div class=\"content-card__info-top p-h-full p-z-10\">\n                <h3 class=\"content-card__info-top__way\">\n                  <a\n                    href=\"https:\/\/www.pilgrim.es\/de\/englischer-weg\/\"\n                    class=\"after:p-absolute after:p-inset-0 p-text-white hover:p-text-light\"\n                  >\n                    <span>Englischer<\/span>\n                    <br \/>\n                    Weg\n                  <\/a>\n                <\/h3>\n                <div class=\"content-card__info-top__town p-self-start\">\n                  <div>Ferrol<\/div>\n                <\/div>\n              <\/div>\n              <div class=\"content-card__info-bottom\">\n                <div class=\"content-card__info-bottom__stages\">\n                  <div class=\"col-apie\">\n                    <i class=\"icon-on-foot\"><\/i>\n                    <div>\n                      <p class=\"number-km\">119 km<\/p>\n                      <p>6 Etappen<\/p>\n                    <\/div>\n                  <\/div>\n                <\/div>\n                <div class=\"content-card__info-bottom__btn\">\n                  <button>\n                    <i class=\"icon-arrow\"><\/i>\n                  <\/button>\n                <\/div>\n              <\/div>\n            <\/div>\n          <\/div>\n\n        <\/div>\n        <p class=\"cards-primary-ways__text\">Die einzige Route mit Ursprung im Meer, \u00fcber die Pilger aus\n          Gro\u00dfbritannien, Irland und Nordeuropa an Land gingen.<\/p>\n        <button class=\"cards-primary-ways__btn\" data-toggle=\"modal-history\" type=\"button\">Geschichte\n          &#8599;<\/button>\n        <div class=\"cards-primary-ways__variant\">\n          <p class=\"variant-title\">\n            Variante des Englischen Weges\n          <\/p>\n\n          <div class=\"variant-info\">\n            <img decoding=\"async\" src=\"https:\/\/cdn.pilgrim.es\/web\/caminos\/home\/mapas-variantes\/camino-ingles-coruna.jpg\"\n                 alt=\"Englischer Weg von A Coru\u00f1a\">\n            <div>\n              <hr class=\"hr-top\">\n              <div class=\"variant-way p-group p-relative\">\n                <div><a href=\"https:\/\/www.pilgrim.es\/camino-de-santiago-desde-a-coruna-conseguir-compostela\/\"\n                        class=\"after:p-absolute after:p-inset-0 p-col-span-3 p-text-secondary\">Englischer\n                  Weg von A Coru\u00f1a <br> <span>98 km<\/span><\/a><\/div>\n                <button class=\"group-hover:p-opacity-50\">\n                  <i class=\"icon-arrow\"><\/i>\n                <\/button>\n              <\/div>\n              <hr class=\"hr-bottom\">\n            <\/div>\n          <\/div>\n\n        <\/div>\n      <\/div>\n\n\n      <div>\n        <div class=\"cards-primary-ways__card card-best-experience p-group\" data-title=\"Silberweg\"\n             data-content='[\"Dieser Weg entstand in der r\u00f6mischen Zeit. Urspr\u00fcnglich war er eine gepflasterte Stra\u00dfe des antiken Imperiums, die durch Hispania f\u00fchrte, von der Stadt M\u00e9rida (Augusta Em\u00e9rita) bis nach Astorga (Art\u00farica Augusta). Er war eine der Hauptverkehrsachsen im Westen der iberischen Halbinsel, wodurch diese Route zur bevorzugten Strecke wurde, um aus dem S\u00fcden in die Hauptstadt Compostela zu gelangen.\", \"Nach der R\u00fcckeroberung der s\u00fcdlichen Gebiete von der muslimischen Armee wurde die Route k\u00fcnstlich in Richtung S\u00fcden erweitert. Im 10. Jahrhundert pl\u00fcnderte Almanzor die Kathedrale von Santiago und lie\u00df die Glocken in den S\u00fcden transportieren, wobei christliche Gefangene als Tr\u00e4ger nach C\u00f3rdoba genutzt wurden. Dies war die erste gro\u00dfe Pilgerbewegung entlang dieser Strecke. Sp\u00e4ter, nach der Rekristianisierung der iberischen Gebiete, wurden die Glocken \u00fcber die Silberroute zur\u00fcckgebracht, was die Basis f\u00fcr k\u00fcnftige Pilgerreisen aus Andalusien und Extremadura nach Galicien legte...\"]'\n             data-link=\"\/de\/silber-route\/\">\n\n          <div class=\"card-best-experience__header p-relative\">\n            <div class=\"content-card\">\n              <img decoding=\"async\" src=\"https:\/\/cdn.pilgrim.es\/web\/caminos\/home\/caminos-principales\/via-plata.jpg\" alt=\"Silberweg\"\n                   class=\"img-card group-hover:p-scale-110\" \/>\n              <div class=\"card-overlay group-hover:p-opacity-50\"><\/div>\n              <div class=\"content-card__info-top p-h-full p-z-10\">\n                <h3 class=\"content-card__info-top__way\">\n                  <a\n                    href=\"https:\/\/www.pilgrim.es\/de\/silber-route\/\"\n                    class=\"after:p-absolute after:p-inset-0 p-text-white hover:p-text-light\"\n                  >\n                    <span>Die Silberroute<\/span>\n                    <br \/>\n                    Die\n                  <\/a>\n                <\/h3>\n                <div class=\"content-card__info-top__town p-self-start\">\n                  <div>Sevilla<\/div>\n                <\/div>\n              <\/div>\n              <div class=\"content-card__info-bottom\">\n                <div class=\"content-card__info-bottom__stages\">\n                  <div class=\"col-apie\">\n                    <i class=\"icon-on-foot\"><\/i>\n                    <div>\n                      <p class=\"number-km\">970 km<\/p>\n                      <p>36 Etappen<\/p>\n                    <\/div>\n                  <\/div>\n                  <div class=\"col-enbici\">\n                    <i class=\"icon-by-bike\"><\/i>\n                    <div>\n                      <p class=\"number-km\">960 km<\/p>\n                      <p>16 Etappen<\/p>\n                    <\/div>\n                  <\/div>\n                <\/div>\n                <div class=\"content-card__info-bottom__btn\">\n                  <button>\n                    <i class=\"icon-arrow\"><\/i>\n                  <\/button>\n                <\/div>\n              <\/div>\n            <\/div>\n          <\/div>\n\n        <\/div>\n        <p class=\"cards-primary-ways__text\">Die l\u00e4ngste Route, die die Halbinsel von S\u00fcden nach Norden\n          durchquert. Eine Gelegenheit, historisch bedeutende Orte und ein gro\u00dfartiges k\u00fcnstlerisches Erbe\n          kennenzulernen.<\/p>\n        <button class=\"cards-primary-ways__btn\" data-toggle=\"modal-history\" type=\"button\">Geschichte\n          &#8599;<\/button>\n        <div class=\"cards-primary-ways__variant\">\n          <p class=\"variant-title\">\n            Variante des Silberwegs\n          <\/p>\n\n          <div class=\"variant-info\">\n            <img decoding=\"async\" src=\"https:\/\/cdn.pilgrim.es\/web\/caminos\/home\/mapas-variantes\/camino-sanabres.jpg\" alt=\"Sanabrischer Weg\">\n            <div>\n              <hr class=\"hr-top\">\n              <div class=\"variant-way p-group p-relative\">\n                <div><a href=\"https:\/\/www.pilgrim.es\/de\/sanabres-weg\/\"\n                        class=\"after:p-absolute after:p-inset-0 p-col-span-3 p-text-secondary\">Sanabrischer\n                  Weg <br> <span>369 km<\/span><\/a><\/div>\n                <button class=\"group-hover:p-opacity-50\">\n                  <i class=\"icon-arrow\"><\/i>\n                <\/button>\n              <\/div>\n              <hr class=\"hr-bottom\">\n            <\/div>\n          <\/div>\n\n        <\/div>\n      <\/div>\n\n      <div>\n        <div class=\"cards-primary-ways__card card-best-experience p-group\" data-title=\"Urspr\u00fcnglicher Weg\"\n             data-content='[\"Kaum war das Grab des Apostels Jakobus im Jahr 813 entdeckt worden, machte sich Alfons II., genannt der Keusche und damals K\u00f6nig von Gallaecia, auf den Weg nach Galicien, um dieses unglaubliche Ereignis zu erleben. Er nahm den Weg, der durch das Landesinnere Asturiens f\u00fchrte, um nach Lugo zu gelangen, und setzte von dort seine Reise zur Hauptstadt Compostela fort. Bei seiner Ankunft befahl er den Bau einer Kirche zur Verehrung des Apostels, in der seine sterblichen \u00dcberreste aufbewahrt werden sollten. Damit legte er den Grundstein f\u00fcr die heute weltweit bekannte Kathedrale und schuf zugleich den ersten aller Jakobswege \u2013 den Urspr\u00fcnglichen Weg.\", \"Dies ist eine wunderbare M\u00f6glichkeit, die wahren Urspr\u00fcnge der Pilgerreise zu entdecken. Er beginnt in Oviedo, durchquert den westlichen Teil des F\u00fcrstentums Asturien und f\u00fchrt durch die Provinz Lugo nach Galicien. Schlie\u00dflich verbindet er sich mit der franz\u00f6sischen Route in der Gemeinde Melide, nur 55 km von Santiago de Compostela entfernt. Die Strecke beeindruckt durch ihre landschaftliche Sch\u00f6nheit und bietet zudem zahlreiche historische und kulturelle Sch\u00e4tze\u2026\"]'\n             data-link=\"\/de\/primitiver-weg\/\">\n\n          <div class=\"card-best-experience__header p-relative\">\n            <div class=\"content-card\">\n              <img decoding=\"async\" src=\"https:\/\/cdn.pilgrim.es\/web\/caminos\/home\/caminos-principales\/camino-primitivo.jpg\"\n                   alt=\"Urspr\u00fcnglicher Weg\" class=\"img-card group-hover:p-scale-110\" \/>\n              <div class=\"card-overlay group-hover:p-opacity-50\"><\/div>\n              <div class=\"content-card__info-top p-h-full p-z-10\">\n                <h3 class=\"content-card__info-top__way\">\n                  <a\n                    href=\"https:\/\/www.pilgrim.es\/de\/primitiver-weg\/\"\n                    class=\"after:p-absolute after:p-inset-0 p-text-white hover:p-text-light\"\n                  >\n                    <span>Primitiver<\/span>\n                    <br>\n                    Weg\n                  <\/a>\n                <\/h3>\n                <div class=\"content-card__info-top__town p-self-start\">\n                  <div>Oviedo<\/div>\n                <\/div>\n              <\/div>\n              <div class=\"content-card__info-bottom\">\n                <div class=\"content-card__info-bottom__stages\">\n                  <div class=\"col-apie\">\n                    <i class=\"icon-on-foot\"><\/i>\n                    <div>\n                      <p class=\"number-km\">313 km<\/p>\n                      <p>14 Etappen<\/p>\n                    <\/div>\n                  <\/div>\n                  <div class=\"col-enbici\">\n                    <i class=\"icon-by-bike\"><\/i>\n                    <div>\n                      <p class=\"number-km\">313 km<\/p>\n                      <p>7 Etappen<\/p>\n                    <\/div>\n                  <\/div>\n                <\/div>\n                <div class=\"content-card__info-bottom__btn\">\n                  <button>\n                    <i class=\"icon-arrow\"><\/i>\n                  <\/button>\n                <\/div>\n              <\/div>\n            <\/div>\n          <\/div>\n\n        <\/div>\n        <p class=\"cards-primary-ways__text\">Auch bekannt als der Originalweg, war er der erste aller Jakobswege.\n          Alfons II. nahm diese Route im 9. Jahrhundert, um nach Compostela zu gelangen.<\/p>\n        <button class=\"cards-primary-ways__btn\" data-toggle=\"modal-history\" type=\"button\">Geschichte\n          &#8599;<\/button>\n      <\/div>\n\n      <div>\n        <div class=\"cards-primary-ways__card card-best-experience p-group\" data-title=\"Winterweg\"\n             data-content='[\"Die Wintermonate k\u00f6nnen auf einigen Abschnitten des Jakobswegs sehr hart sein. Auch wenn die Landschaft in dieser Jahreszeit faszinierend ist, treffen Pilger in Ponferrada auf schneebedeckte Gebiete und schlammige Wege, die eine angemessene Pilgerreise erschweren. Die feuchte K\u00e4lte, die bis in die Knochen dringt, zwang viele Pilger dazu, eine alternative Route nach Galicien zu finden \u2013 sicherer und weniger anstrengend. So entstand der Winterweg.\", \"Heutzutage hat diese alternative Route jedoch ihre saisonale Nutzung verloren und wird unabh\u00e4ngig von der Jahreszeit immer beliebter. Dies liegt an den zahlreichen Landschaften und kulturellen Sch\u00e4tzen, die sie zu bieten hat, weshalb sich viele Pilger zu jeder Jahreszeit auf den Weg machen. Besonders empfohlen wird sie im Fr\u00fchling, um die herrlichen Landschaften zu genie\u00dfen, und im Sommer, um den Menschenmassen der franz\u00f6sischen Hauptroute zu entgehen\u2026\"]'\n             data-link=\"\/de\/winter-weg\/\">\n\n          <div class=\"card-best-experience__header p-relative\">\n            <div class=\"content-card\">\n              <img decoding=\"async\" src=\"https:\/\/cdn.pilgrim.es\/web\/caminos\/home\/caminos-principales\/camino-invierno.jpg\" alt=\"Winterweg\"\n                   class=\"img-card group-hover:p-scale-110\" \/>\n              <div class=\"card-overlay group-hover:p-opacity-50\"><\/div>\n              <div class=\"content-card__info-top p-h-full p-z-10\">\n                <h3 class=\"content-card__info-top__way\">\n                  <a\n                    href=\"https:\/\/www.pilgrim.es\/de\/winter-weg\/\"\n                    class=\"after:p-absolute after:p-inset-0 p-text-white hover:p-text-light\"\n                  >\n                    <span>Winterweg<\/span>\n                  <\/a>\n                <\/h3>\n                <div class=\"content-card__info-top__town p-self-start\">\n                  <div>Ponferrada<\/div>\n                <\/div>\n              <\/div>\n              <div class=\"content-card__info-bottom\">\n                <div class=\"content-card__info-bottom__stages\">\n                  <div class=\"col-apie\">\n                    <i class=\"icon-on-foot\"><\/i>\n                    <div>\n                      <p class=\"number-km\">263 km<\/p>\n                      <p>10 Etappen<\/p>\n                    <\/div>\n                  <\/div>\n                <\/div>\n                <div class=\"content-card__info-bottom__btn\">\n                  <button>\n                    <i class=\"icon-arrow\"><\/i>\n                  <\/button>\n                <\/div>\n              <\/div>\n            <\/div>\n          <\/div>\n\n        <\/div>\n        <p class=\"cards-primary-ways__text\">Basierend auf einer bereits von den R\u00f6mern genutzten Route entstand\n          dieser Weg, um die widrigen Winterbedingungen in dieser Region des Jakobswegs zu umgehen.<\/p>\n        <button class=\"cards-primary-ways__btn\" data-toggle=\"modal-history\" type=\"button\">Geschichte\n          &#8599;<\/button>\n      <\/div>\n\n      <div>\n        <div class=\"cards-primary-ways__card card-best-experience p-group\" data-title=\"Epilog Fisterra-Mux\u00eda\"\n             data-content='[\"Fisterra, vom lateinischen finis terrae (Ende der Erde), hat eine Geschichte, die lange vor den Pilgerreisen beginnt. An diesem Ort vermuten einige Forscher die antike Stadt Dugium mit der legend\u00e4ren Atlantis sowie die Ansiedlung des keltischen Stammes der Nerios, die aus dem S\u00fcden der Iberischen Halbinsel kamen. Die Wahl dieser Gegend war kein Zufall, da man glaubte, dass das Kap Finisterre das letzte bekannte Land der Welt war. So begannen sie, zahlreiche Siedlungen und Bauwerke zu errichten, um die Sonne zu verehren, die jeden Tag wieder aus den Gew\u00e4ssern des Atlantischen Ozeans aufstieg.\", \"Es gab einst einen bedeutenden Altar und spirituellen Ort zu Ehren der Sonne, das Ara Solis. Sowohl die Kelten als auch sp\u00e4ter die R\u00f6mer pilgerten zu diesem Tempel. Der Legende nach war es der Apostel Jakobus selbst, der dessen Zerst\u00f6rung anordnete, da er ihn als heidnischen Kult betrachtete. Eine gro\u00dfe Flut zerst\u00f6rte schlie\u00dflich das Ara Solis gegen den Willen der Bev\u00f6lkerung und verw\u00fcstete die gesamte Siedlung. Nur zwei Ochsen entkamen der Katastrophe \u2013 doch ihre Flucht war von kurzer Dauer, denn sie verwandelten sich sp\u00e4ter als g\u00f6ttliche Strafe in Stein und bildeten die heutigen Inseln Bois de Gures.\", \"Wie man sieht, ist die einzige Route, die von Santiago ausgeht, keine moderne Erfindung, wie viele glauben. J\u00fcngste Ausgrabungen in der Einsiedelei San Guillermo haben eine enge Verbindung mit dem Apostel sowie mit alten Traditionen und Kulten nachgewiesen\u2026\"]'\n             data-link=\"\/de\/epilog-fisterra-muxia\/\">\n\n          <div class=\"card-best-experience__header p-relative\">\n            <div class=\"content-card\">\n              <img decoding=\"async\" src=\"https:\/\/cdn.pilgrim.es\/web\/caminos\/home\/caminos-principales\/epilogo-fisterra-muxia.jpg\"\n                   alt=\"Epilog Fisterra-Mux\u00eda\" class=\"img-card group-hover:p-scale-110\" \/>\n              <div class=\"card-overlay group-hover:p-opacity-50\"><\/div>\n              <div class=\"content-card__info-top p-h-full p-z-10\">\n                <h3 class=\"content-card__info-top__way\">\n                  <a\n                    href=\"https:\/\/www.pilgrim.es\/de\/epilog-fisterra-muxia\/\"\n                    class=\"after:p-absolute after:p-inset-0 p-text-white hover:p-text-light\"\n                  >\n                    <span>Fisterra &#8211; Mux\u00eda<\/span>\n                    <br \/>\n                    Epilog\n                  <\/a>\n                <\/h3>\n                <div class=\"content-card__info-top__town p-self-start\">\n                  <div>Fisterra<\/div>\n                <\/div>\n              <\/div>\n              <div class=\"content-card__info-bottom\">\n                <div class=\"content-card__info-bottom__stages\">\n                  <div class=\"col-apie\">\n                    <i class=\"icon-on-foot\"><\/i>\n                    <div>\n                      <p class=\"number-km\">119 km<\/p>\n                      <p>5 Etappen<\/p>\n                    <\/div>\n                  <\/div>\n                <\/div>\n                <div class=\"content-card__info-bottom__btn\">\n                  <button>\n                    <i class=\"icon-arrow\"><\/i>\n                  <\/button>\n                <\/div>\n              <\/div>\n            <\/div>\n          <\/div>\n\n        <\/div>\n        <p class=\"cards-primary-ways__text\">Von den R\u00f6mern als Ende der Welt betrachtet. Hier wurde die Sonne\n          verehrt, die \u2013so glaubte man\u2013 jede Nacht im Atlantik versank.<\/p>\n        <button class=\"cards-primary-ways__btn\" data-toggle=\"modal-history\" type=\"button\">Geschichte\n          &#8599;<\/button>\n      <\/div>\n\n\n    <\/div>\n  <\/section>\n\n  <section id=\"secondaryWays\">\n    <div class=\"subtitle\">\n      <p class=\"p-uppercase p-text-gray p-font-['Rasa']\">Alternative Wege<\/p>\n      <hr class=\"orange-bar\" \/>\n      <h2>Sekund\u00e4re Routen des Jakobswegs<\/h2>\n      <p class=\"p-py-5\">Der Jakobsweg bildet ein weit verzweigtes Netz von Routen \u00fcber fast die gesamte Iberische\n        Halbinsel. Diese Routen dienen als Verbindungen zu den Hauptwegen und bieten zus\u00e4tzliche Strecken mit\n        gro\u00dfem landschaftlichem, historischem und kulturellem Wert.<\/p>\n    <\/div>\n    <div class=\"main-content p-my-10\">\n      <div class=\"main-content__col-map\">\n        <img decoding=\"async\" src=\"https:\/\/cdn.pilgrim.es\/web\/caminos\/home\/caminos-secundarios.jpg\" alt=\"Karte der sekund\u00e4ren Wege\" \/>\n      <\/div>\n      <div class=\"main-content__col-planner p-rounded-lg p-text-white p-p-10 p-text-center\"\n           style=\"background-image: url('\/wp-content\/uploads\/2024\/10\/bg-plugin-planificador.jpg')\">\n        <div class=\"map-planner\">\n          <p class=\"title-form\">Wir helfen dir bei der Planung deines Weges<\/p>\n          <p>Gib uns deine Daten und wir beraten dich<\/p>\n          <form method=\"post\" data-url=\"\/wp-admin\/admin-ajax.php\" id=\"planner--client\" class=\"flag-right form-client\">\n    <div class=\"form-data\">\n        <input name=\"form_id\" type=\"hidden\" value=\"Kontaktformular\">\n        <input name=\"type\" type=\"hidden\" value=\"planner_client\">\n        <input type=\"text\" name=\"nombre\" value=\"\" size=\"40\" class=\"form-control\" aria-required=\"true\" aria-invalid=\"false\" placeholder=\"Name\">\n        <input type=\"email\" name=\"email\" value=\"\" size=\"40\" class=\"form-control\" aria-required=\"true\" aria-invalid=\"false\" placeholder=\"E- Mail\">\n        <input type=\"text\" id=\"phone-input\" name=\"tel\" value=\"\" size=\"40\" class=\"phone-input form-control\" aria-required=\"true\" aria-invalid=\"false\" placeholder=\"Telefon\">\n        <input type=\"hidden\" name=\"telefono\">\n    <\/div>\n    <div class=\"form-checkbox\">\n        <span>\n            Pilgrim Travel, S.L. teilt gem\u00e4\u00df Regulierung 2016\/679 mit, dass die in diesem Formular verwendeten Daten sowohl f\u00fcr die Beantwortung der m\u00f6glichen Anfragen als auch f\u00fcr die Ver\u00f6ffentlichung der Kommentare verwendet werden, mit der Zustimmung des Nutzers. Sie k\u00f6nnen Ihre Rechte in \u00dcbereinstimmung mit unserer Datenschutzbestimmungen aus\u00fcben             <a href=\"https:\/\/www.pilgrim.es\/politica-de-privacidad\/\" target=\"_blank\" rel=\"noopener noreferrer nofollow\">Datenschutzerkl\u00e4rung.<\/a>\n        <\/span>\n    <\/div>\n\n    <div class=\"form-submit\">\n        <button id=\"planner--client-create\" type=\"submit\">Anfrage senden<\/button>\n        <div class=\"loadingDiv\"><i class=\"p-spinner\"><\/i><\/div>\n    <\/div>\n\n    <div class=\"contact-content-form-success\">\n        <p><i class=\"fas fa-check\"><\/i> Das Formular hat sich erfolgreich gesendet.<\/p>\n    <\/div>\n\n    <div class=\"contact-content-form-error\">\n        <span class=\"input-error\"><\/span>\n    <\/div>\n<\/form>\n        <\/div>\n      <\/div>\n    <\/div>\n\n    <div class=\"cards-primary-ways container-secondary-ways scrollbar-thin\">\n      <div class=\"card-stage p-max-w-full\">\n        <div class=\"cards-primary-ways__card card-best-experience p-group\">\n\n          <div class=\"card-best-experience__header\">\n            <div class=\"content-card\">\n              <img decoding=\"async\" src=\"https:\/\/cdn.pilgrim.es\/web\/caminos\/home\/caminos-secundarios\/salvador.jpg\" alt=\"Salvador-Weg\"\n                   class=\"group-hover:p-scale-110 p-h-64\" \/>\n              <div class=\"card-overlay group-hover:p-opacity-50\"><\/div>\n              <div class=\"content-card__info-top\">\n                <div class=\"content-card__info-top__way\"><\/div>\n                <div class=\"content-card__info-top__town p-self-start\">\n                  <div>Oviedo<\/div>\n                <\/div>\n              <\/div>\n              <div class=\"content-card__info-bottom\">\n                <div class=\"content-card__info-bottom__stages\">\n                  <div class=\"col-apie\">\n                    <i class=\"icon-on-foot\"><\/i>\n                    <div>\n                      <p class=\"number-km\">130 km<\/p>\n                      <p>5 Etappen<\/p>\n                    <\/div>\n                  <\/div>\n                <\/div>\n                <div class=\"content-card__info-bottom__btn p-right-2\">\n                  <button>\n                    <i class=\"icon-arrow\"><\/i>\n                  <\/button>\n                <\/div>\n              <\/div>\n            <\/div>\n          <\/div>\n\n        <\/div>\n        <h3 class=\"p-mt-5 p-font-bold p-text-secondary p-text-xl\"><a href=\"https:\/\/www.pilgrim.es\/el-camino-del-salvador\/\"\n                                                                     class=\"after:p-absolute after:p-inset-0 p-col-span-3 p-text-secondary hover:p-text-secondary\">Salvador-Weg<\/a>\n        <\/h3>\n        <p class=\"cards-primary-ways__text\">Auch bekannt als der San-Salvador-Weg, verbindet er Le\u00f3n mit Oviedo.\n          Traditionell machten Pilger einen Umweg nach Oviedo, um die Kathedrale San Salvador zu besuchen.\n          Einmal in Oviedo angekommen, folgten sie dem Urspr\u00fcnglichen Weg&#8230;<a href=\"https:\/\/www.pilgrim.es\/el-camino-del-salvador\/\"\n                                                                               class=\"p-underline\">Weiterlesen<\/a><\/p>\n        <div class=\"p-mt-5\">\n          <hr class=\"single-bar\">\n          <div class=\"p-grid p-grid-cols-2 p-justify-between p-text-sm\">\n            <p class=\"p-uppercase\">Verbindet mit<\/p>\n            <p class=\"p-text-end\">Franz\u00f6sischer Weg<\/p>\n          <\/div>\n          <hr class=\"single-bar\">\n        <\/div>\n      <\/div>\n\n      <div class=\"card-stage p-max-w-full\">\n        <div class=\"cards-primary-ways__card card-best-experience p-group\">\n\n          <div class=\"card-best-experience__header\">\n            <div class=\"content-card\">\n              <img decoding=\"async\" src=\"https:\/\/cdn.pilgrim.es\/web\/caminos\/home\/caminos-secundarios\/olvidado.jpg\" alt=\"Vergessener Weg\"\n                   class=\"group-hover:p-scale-110 p-h-64\" \/>\n              <div class=\"card-overlay group-hover:p-opacity-50\"><\/div>\n              <div class=\"content-card__info-top\">\n                <div class=\"content-card__info-top__way\"><\/div>\n                <div class=\"content-card__info-top__town p-self-start\">\n                  <div>Bilbao<\/div>\n                <\/div>\n              <\/div>\n              <div class=\"content-card__info-bottom\">\n                <div class=\"content-card__info-bottom__stages\">\n                  <div class=\"col-apie\">\n                    <i class=\"icon-on-foot\"><\/i>\n                    <div>\n                      <p class=\"number-km\">637 km<\/p>\n                      <p>18 Etappen<\/p>\n                    <\/div>\n                  <\/div>\n                <\/div>\n                <div class=\"content-card__info-bottom__btn p-right-2\">\n                  <button>\n                    <i class=\"icon-arrow\"><\/i>\n                  <\/button>\n                <\/div>\n              <\/div>\n            <\/div>\n          <\/div>\n\n        <\/div>\n        <h3 class=\"p-mt-5 p-font-bold p-text-secondary p-text-xl\"><a href=\"https:\/\/www.pilgrim.es\/el-camino-olvidado\/\"\n                                                                     class=\"after:p-absolute after:p-inset-0 p-col-span-3 p-text-secondary hover:p-text-secondary\">Vergessener\n          Weg<\/a><\/h3>\n        <p class=\"cards-primary-ways__text\">Dieser Weg ist als eine der ersten Routen in der Geschichte des\n          Jakobswegs dokumentiert. Er verbindet die St\u00e4dte Bilbao und Villafranca del Bierzo, um sich dann mit\n          dem Franz\u00f6sischen Weg oder dem Winterweg zu vereinen,\u2026 <a href=\"https:\/\/www.pilgrim.es\/el-camino-olvidado\/\"\n                                                                    class=\"p-underline\">Weiterlesen<\/a><\/p>\n        <div class=\"p-mt-5\">\n          <hr class=\"single-bar\">\n          <div class=\"p-grid p-grid-cols-2 p-justify-between p-text-sm\">\n            <p class=\"p-uppercase\">Verbindet mit<\/p>\n            <p class=\"p-text-end\">Franz\u00f6sischer Weg oder Winterweg<\/p>\n          <\/div>\n          <hr class=\"single-bar\">\n        <\/div>\n      <\/div>\n\n      <div class=\"card-stage p-max-w-full\">\n        <div class=\"cards-primary-ways__card card-best-experience p-group\">\n\n          <div class=\"card-best-experience__header\">\n            <div class=\"content-card\">\n              <img decoding=\"async\" src=\"https:\/\/cdn.pilgrim.es\/web\/caminos\/home\/caminos-secundarios\/vasco-interior.jpg\"\n                   alt=\"Innerer Baskischer Weg\" class=\"group-hover:p-scale-110 p-h-64\" \/>\n              <div class=\"card-overlay group-hover:p-opacity-50\"><\/div>\n              <div class=\"content-card__info-top\">\n                <div class=\"content-card__info-top__way\"><\/div>\n                <div class=\"content-card__info-top__town p-self-start\">\n                  <div>Ir\u00fan<\/div>\n                <\/div>\n              <\/div>\n              <div class=\"content-card__info-bottom\">\n                <div class=\"content-card__info-bottom__stages\">\n                  <div class=\"col-apie\">\n                    <i class=\"icon-on-foot\"><\/i>\n                    <div>\n                      <p class=\"number-km\">252 km oder 199 km<\/p>\n                      <p>12 Etappen oder 9 Etappen<\/p>\n                    <\/div>\n                  <\/div>\n                <\/div>\n                <div class=\"content-card__info-bottom__btn p-right-2\">\n                  <button>\n                    <i class=\"icon-arrow\"><\/i>\n                  <\/button>\n                <\/div>\n              <\/div>\n            <\/div>\n          <\/div>\n\n        <\/div>\n        <h3 class=\"p-mt-5 p-font-bold p-text-secondary p-text-xl\"><a href=\"https:\/\/www.pilgrim.es\/de\/baskischer-weg\/\"\n                                                                     class=\"after:p-absolute after:p-inset-0 p-col-span-3 p-text-secondary hover:p-text-secondary\">Innerer\n          Baskischer Weg<\/a><\/h3>\n        <p class=\"cards-primary-ways__text\">Er war eine zentrale Jakobsroute in der r\u00f6mischen Zeit, da er den\n          Zugang zum Zentrum der Iberischen Halbinsel von Ir\u00fan aus erm\u00f6glichte. Der Weg beginnt in Ir\u00fan und\n          trifft in Santo Domingo de la Calzada (La Rioja) auf den Franz\u00f6sischen Weg\u2026 <a href=\"https:\/\/www.pilgrim.es\/en\/camino-vasco\/\"\n                                                                                         class=\"p-underline\">Weiterlesen<\/a><\/p>\n        <div class=\"p-mt-5\">\n          <hr class=\"single-bar\">\n          <div class=\"p-grid p-grid-cols-2 p-justify-between p-text-sm\">\n            <p class=\"p-uppercase\">Verbindet mit<\/p>\n            <p class=\"p-text-end\">Franz\u00f6sischer Weg<\/p>\n          <\/div>\n          <hr class=\"single-bar\">\n        <\/div>\n      <\/div>\n\n      <div class=\"card-stage p-max-w-full\">\n        <div class=\"cards-primary-ways__card card-best-experience p-group\">\n\n          <div class=\"card-best-experience__header\">\n            <div class=\"content-card\">\n              <img decoding=\"async\" src=\"https:\/\/cdn.pilgrim.es\/web\/caminos\/home\/caminos-secundarios\/batzanes.jpg\" alt=\"Baztan-Weg\"\n                   class=\"group-hover:p-scale-110 p-h-64\" \/>\n              <div class=\"card-overlay group-hover:p-opacity-50\"><\/div>\n              <div class=\"content-card__info-top\">\n                <div class=\"content-card__info-top__way\"><\/div>\n                <div class=\"content-card__info-top__town p-self-start\">\n                  <div>Pamplona<\/div>\n                <\/div>\n              <\/div>\n              <div class=\"content-card__info-bottom\">\n                <div class=\"content-card__info-bottom__stages\">\n                  <div class=\"col-apie\">\n                    <i class=\"icon-on-foot\"><\/i>\n                    <div>\n                      <p class=\"number-km\">110 km<\/p>\n                      <p>6 Etappen<\/p>\n                    <\/div>\n                  <\/div>\n                <\/div>\n                <div class=\"content-card__info-bottom__btn p-right-2\">\n                  <button>\n                    <i class=\"icon-arrow\"><\/i>\n                  <\/button>\n                <\/div>\n              <\/div>\n            <\/div>\n          <\/div>\n\n        <\/div>\n        <h3 class=\"p-mt-5 p-font-bold p-text-secondary p-text-xl\">\n          <a\n            href=\"https:\/\/www.pilgrim.es\/de\/camino-baztanes\/\"\n            class=\"after:p-absolute after:p-inset-0 p-col-span-3 p-text-secondary hover:p-text-secondary\"\n          >\n            Baztan-Weg\n          <\/a>\n        <\/h3>\n        <p class=\"cards-primary-ways__text\">Er beginnt in Bayonne und endet in Pamplona, wo er sich mit dem\n          Franz\u00f6sischen Weg verbindet \u2013 109 km voller Geschichte. Dieser Weg wurde im Mittelalter sowohl von\n          Pilgern als auch von K\u00f6nigen und dem Milit\u00e4r h\u00e4ufig genutzt, weshalb man sich sehr um seinen\n          Wiederaufbau bem\u00fchte\u2026 <a href=\"https:\/\/www.pilgrim.es\/de\/camino-baztanes\/\" class=\"p-underline\">Weiterlesen<\/a><\/p>\n        <div class=\"p-mt-5\">\n          <hr class=\"single-bar\">\n          <div class=\"p-grid p-grid-cols-2 p-justify-between p-text-sm\">\n            <p class=\"p-uppercase\">Verbindet mit<\/p>\n            <p class=\"p-text-end\">Franz\u00f6sischer Weg<\/p>\n          <\/div>\n          <hr class=\"single-bar\">\n        <\/div>\n      <\/div>\n\n      <div class=\"card-stage p-max-w-full\">\n        <div class=\"cards-primary-ways__card card-best-experience p-group\">\n          <div class=\"card-best-experience__header\">\n            <div class=\"content-card\">\n              <img decoding=\"async\" src=\"https:\/\/cdn.pilgrim.es\/web\/caminos\/home\/caminos-secundarios\/podiensis.jpg\" alt=\"Podiensis-Weg\"\n                   class=\"group-hover:p-scale-110 p-h-64\" \/>\n              <div class=\"card-overlay group-hover:p-opacity-50\"><\/div>\n              <div class=\"content-card__info-top\">\n                <div class=\"content-card__info-top__way\"><\/div>\n                <div class=\"content-card__info-top__town p-self-start\">\n                  <div>Puy en Velay<\/div>\n                <\/div>\n              <\/div>\n              <div class=\"content-card__info-bottom\">\n                <div class=\"content-card__info-bottom__stages\">\n                  <div class=\"col-apie\">\n                    <i class=\"icon-on-foot\"><\/i>\n                    <div>\n                      <p class=\"number-km\">110 km<\/p>\n                      <p>6 Etappen<\/p>\n                    <\/div>\n                  <\/div>\n                <\/div>\n                <div class=\"content-card__info-bottom__btn p-right-2\">\n                  <button>\n                    <i class=\"icon-arrow\"><\/i>\n                  <\/button>\n                <\/div>\n              <\/div>\n            <\/div>\n          <\/div>\n        <\/div>\n        <h3 class=\"p-mt-5 p-font-bold p-text-secondary p-text-xl\">Via Podiensis<\/h3>\n        <p class=\"cards-primary-ways__text\">Auch bekannt als die Via Podiensis, beginnt dieser Weg in Le\n          Puy-en-Velay und f\u00fchrt bis zum Pass von Roncesvalles, wo er sich mit dem Franz\u00f6sischen Weg verbindet\n          \u2013 eine M\u00f6glichkeit, die steile Steigung nach St. Jean Pied de Port zu vermeiden\u2026<\/p>\n        <div class=\"p-mt-5\">\n          <hr class=\"single-bar\">\n          <div class=\"p-grid p-grid-cols-2 p-justify-between p-text-sm\">\n            <p class=\"p-uppercase\">Verbindet mit<\/p>\n            <p class=\"p-text-end\">Franz\u00f6sischer Weg<\/p>\n          <\/div>\n          <hr class=\"single-bar\">\n        <\/div>\n      <\/div>\n\n      <div class=\"card-stage p-max-w-full\">\n        <div class=\"cards-primary-ways__card card-best-experience p-group\">\n\n          <div class=\"card-best-experience__header\">\n            <div class=\"content-card\">\n              <img decoding=\"async\" src=\"https:\/\/cdn.pilgrim.es\/web\/caminos\/home\/caminos-secundarios\/aragones.jpg\" alt=\"Aragonischer Weg\"\n                   class=\"group-hover:p-scale-110 p-h-64\" \/>\n              <div class=\"card-overlay group-hover:p-opacity-50\"><\/div>\n              <div class=\"content-card__info-top\">\n                <div class=\"content-card__info-top__way\"><\/div>\n                <div class=\"content-card__info-top__town p-self-start\">\n                  <div>Somport<\/div>\n                <\/div>\n              <\/div>\n              <div class=\"content-card__info-bottom\">\n                <div class=\"content-card__info-bottom__stages\">\n                  <div class=\"col-apie\">\n                    <i class=\"icon-on-foot\"><\/i>\n                    <div>\n                      <p class=\"number-km\">205 km<\/p>\n                      <p>6 Etappen<\/p>\n                    <\/div>\n                  <\/div>\n                <\/div>\n                <div class=\"content-card__info-bottom__btn p-right-2\">\n                  <button>\n                    <i class=\"icon-arrow\"><\/i>\n                  <\/button>\n                <\/div>\n              <\/div>\n            <\/div>\n          <\/div>\n\n        <\/div>\n        <h3 class=\"p-mt-5 p-font-bold p-text-secondary p-text-xl\"><a href=\"https:\/\/www.pilgrim.es\/de\/aragonischer-weg\/\"\n                                                                     class=\"after:p-absolute after:p-inset-0 p-col-span-3 p-text-secondary hover:p-text-secondary\">Aragonischer\n          Weg<\/a><\/h3>\n        <p class=\"cards-primary-ways__text\">Er verbindet die spanisch-franz\u00f6sische Grenze in Somport mit der\n          Stadt Puente de la Reina in Navarra, wo er sich mit dem Franz\u00f6sischen Weg vereint. Eine alternative\n          Route, die es erm\u00f6glicht, die Natursch\u00f6nheiten Aragoniens in vollen Z\u00fcgen zu genie\u00dfen\u2026<a\n            href=\"https:\/\/www.pilgrim.es\/en\/camino-aragones\/\" class=\"p-underline\">Weiterlesen<\/a><\/p>\n        <div class=\"p-mt-5\">\n          <hr class=\"single-bar\">\n          <div class=\"p-grid p-grid-cols-2 p-justify-between p-text-sm\">\n            <p class=\"p-uppercase\">Verbindet mit<\/p>\n            <p class=\"p-text-end\">Franz\u00f6sischer Weg<\/p>\n          <\/div>\n          <hr class=\"single-bar\">\n        <\/div>\n      <\/div>\n\n      <div class=\"card-stage p-max-w-full\">\n        <div class=\"cards-primary-ways__card card-best-experience p-group\">\n\n          <div class=\"card-best-experience__header\">\n            <div class=\"content-card\">\n              <img decoding=\"async\" src=\"https:\/\/cdn.pilgrim.es\/web\/caminos\/home\/caminos-secundarios\/catalan.jpg\" alt=\"Katalanischer Weg\"\n                   class=\"group-hover:p-scale-110 p-h-64\" \/>\n              <div class=\"card-overlay group-hover:p-opacity-50\"><\/div>\n              <div class=\"content-card__info-top\">\n                <div class=\"content-card__info-top__way\"><\/div>\n                <div class=\"content-card__info-top__town p-self-start\">\n                  <div>Montserrat<\/div>\n                <\/div>\n              <\/div>\n              <div class=\"content-card__info-bottom\">\n                <div class=\"content-card__info-bottom__stages\">\n                  <div class=\"col-apie\">\n                    <i class=\"icon-on-foot\"><\/i>\n                    <div>\n                      <p class=\"number-km\">395 km<\/p>\n                      <p>19 Etappen<\/p>\n                    <\/div>\n                  <\/div>\n                <\/div>\n                <div class=\"content-card__info-bottom__btn p-right-2\">\n                  <button>\n                    <i class=\"icon-arrow\"><\/i>\n                  <\/button>\n                <\/div>\n              <\/div>\n            <\/div>\n          <\/div>\n\n        <\/div>\n        <h3 class=\"p-mt-5 p-font-bold p-text-secondary p-text-xl\"><a href=\"https:\/\/www.pilgrim.es\/cami-de-sant-jaume-camino-catalan\/\"\n                                                                     class=\"after:p-absolute after:p-inset-0 p-col-span-3 p-text-secondary hover:p-text-secondary\">Katalanischer\n          Weg \/ \u00dcber Zaragoza<\/a><\/h3>\n        <p class=\"cards-primary-ways__text\">Diese Route beginnt an der Grenze der Pyren\u00e4en und verl\u00e4uft von\n          Norden nach S\u00fcden durch Katalonien, bis sie Arag\u00f3n erreicht und sich dort in der Stadt Fuentes de\n          Ebro mit dem Ebro-Weg verbindet\u2026<a href=\"https:\/\/www.pilgrim.es\/cami-de-sant-jaume-camino-catalan\/\"\n                                             class=\"p-underline\">Weiterlesen<\/a><\/p>\n        <div class=\"p-mt-5\">\n          <hr class=\"single-bar\">\n          <div class=\"p-grid p-grid-cols-2 p-justify-between p-text-sm\">\n            <p class=\"p-uppercase\">Verbindet mit<\/p>\n            <p class=\"p-text-end\">Franz\u00f6sischer Weg<\/p>\n          <\/div>\n          <hr class=\"single-bar\">\n        <\/div>\n      <\/div>\n\n      <div class=\"card-stage p-max-w-full\">\n        <div class=\"cards-primary-ways__card card-best-experience p-group\">\n\n          <div class=\"card-best-experience__header\">\n            <div class=\"content-card\">\n              <img decoding=\"async\" src=\"https:\/\/cdn.pilgrim.es\/web\/caminos\/home\/caminos-secundarios\/ebro.jpg\" alt=\"Ebro-Weg\"\n                   class=\"group-hover:p-scale-110 p-h-64\" \/>\n              <div class=\"card-overlay group-hover:p-opacity-50\"><\/div>\n              <div class=\"content-card__info-top\">\n                <div class=\"content-card__info-top__way\"><\/div>\n                <div class=\"content-card__info-top__town p-self-start\">\n                  <div>Zaragoza<\/div>\n                <\/div>\n              <\/div>\n              <div class=\"content-card__info-bottom\">\n                <div class=\"content-card__info-bottom__stages\">\n                  <div class=\"col-apie\">\n                    <i class=\"icon-on-foot\"><\/i>\n                    <div>\n                      <p class=\"number-km\">362,8 km<\/p>\n                      <p>17 Etappen<\/p>\n                    <\/div>\n                  <\/div>\n                <\/div>\n                <div class=\"content-card__info-bottom__btn p-right-2\">\n                  <button>\n                    <i class=\"icon-arrow\"><\/i>\n                  <\/button>\n                <\/div>\n              <\/div>\n            <\/div>\n          <\/div>\n\n        <\/div>\n        <h3 class=\"p-mt-5 p-font-bold p-text-secondary p-text-xl\"><a href=\"https:\/\/www.pilgrim.es\/de\/camino-del-ebro\/\"\n                                                                     class=\"after:p-absolute after:p-inset-0 p-col-span-3 p-text-secondary hover:p-text-secondary\">Ebro-Weg<\/a>\n        <\/h3>\n        <p class=\"cards-primary-ways__text\">Er beginnt in der Stadt Deltebre und f\u00fchrt weiter nach Fuentes de\n          Ebro, wo er sich mit der Variante des Katalanischen Weges \u00fcber Zaragoza verbindet\u2026<a\n            href=\"https:\/\/www.pilgrim.es\/de\/camino-del-ebro\/\" class=\"p-underline\">Weiterlesen<\/a><\/p>\n        <div class=\"p-mt-5\">\n          <hr class=\"single-bar\">\n          <div class=\"p-grid p-grid-cols-2 p-justify-between p-text-sm\">\n            <p class=\"p-uppercase\">Verbindet mit<\/p>\n            <p class=\"p-text-end\">Franz\u00f6sischer Weg<\/p>\n          <\/div>\n          <hr class=\"single-bar\">\n        <\/div>\n      <\/div>\n\n      <div class=\"card-stage p-max-w-full\">\n        <div class=\"cards-primary-ways__card card-best-experience p-group\">\n\n          <div class=\"card-best-experience__header\">\n            <div class=\"content-card\">\n              <img decoding=\"async\" src=\"https:\/\/cdn.pilgrim.es\/web\/caminos\/home\/caminos-secundarios\/madrid.jpg\" alt=\"Madrid-Weg\"\n                   class=\"group-hover:p-scale-110 p-h-64\" \/>\n              <div class=\"card-overlay group-hover:p-opacity-50\"><\/div>\n              <div class=\"content-card__info-top\">\n                <div class=\"content-card__info-top__way\"><\/div>\n                <div class=\"content-card__info-top__town p-self-start\">\n                  <div>Madrid<\/div>\n                <\/div>\n              <\/div>\n              <div class=\"content-card__info-bottom\">\n                <div class=\"content-card__info-bottom__stages\">\n                  <div class=\"col-apie\">\n                    <i class=\"icon-on-foot\"><\/i>\n                    <div>\n                      <p class=\"number-km\">600 km<\/p>\n                      <p>29 Etappen<\/p>\n                    <\/div>\n                  <\/div>\n                <\/div>\n                <div class=\"content-card__info-bottom__btn p-right-2\">\n                  <button>\n                    <i class=\"icon-arrow\"><\/i>\n                  <\/button>\n                <\/div>\n              <\/div>\n            <\/div>\n          <\/div>\n\n        <\/div>\n        <h3 class=\"p-mt-5 p-font-bold p-text-secondary p-text-xl\"><a href=\"https:\/\/www.pilgrim.es\/de\/camino-de-santiago-desde-madrid\/\"\n                                                                     class=\"after:p-absolute after:p-inset-0 p-col-span-3 p-text-secondary hover:p-text-secondary\">Madrid-Weg<\/a>\n        <\/h3>\n        <p class=\"cards-primary-ways__text\">Er beginnt in der Hauptstadt Spaniens, \u00fcberquert die Sierra de\n          Guadarrama und f\u00fchrt durch einen gro\u00dfen Teil der n\u00f6rdlichen Meseta \u00fcber Segovia, Valladolid und Le\u00f3n\n          bis\u2026<a href=\"https:\/\/www.pilgrim.es\/de\/camino-de-santiago-desde-madrid\/\" class=\"p-underline\">Weiterlesen<\/a><\/p>\n        <div class=\"p-mt-5\">\n          <hr class=\"single-bar\">\n          <div class=\"p-grid p-grid-cols-2 p-justify-between p-text-sm\">\n            <p class=\"p-uppercase\">Verbindet mit<\/p>\n            <p class=\"p-text-end\">Franz\u00f6sischer Weg<\/p>\n          <\/div>\n          <hr class=\"single-bar\">\n        <\/div>\n      <\/div>\n\n      <div class=\"card-stage p-max-w-full\">\n        <div class=\"cards-primary-ways__card card-best-experience p-group\">\n\n          <div class=\"card-best-experience__header\">\n            <div class=\"content-card\">\n              <img decoding=\"async\" src=\"https:\/\/cdn.pilgrim.es\/web\/caminos\/home\/caminos-secundarios\/levante.jpg\" alt=\"Levante-Weg\"\n                   class=\"group-hover:p-scale-110 p-h-64\" \/>\n              <div class=\"card-overlay group-hover:p-opacity-50\"><\/div>\n              <div class=\"content-card__info-top\">\n                <div class=\"content-card__info-top__way\"><\/div>\n                <div class=\"content-card__info-top__town p-self-start\">\n                  <div>Valencia<\/div>\n                <\/div>\n              <\/div>\n              <div class=\"content-card__info-bottom\">\n                <div class=\"content-card__info-bottom__stages\">\n                  <div class=\"col-apie\">\n                    <i class=\"icon-on-foot\"><\/i>\n                    <div>\n                      <p class=\"number-km\">842 km<\/p>\n                      <p>42 Etappen<\/p>\n                    <\/div>\n                  <\/div>\n                <\/div>\n                <div class=\"content-card__info-bottom__btn p-right-2\">\n                  <button>\n                    <i class=\"icon-arrow\"><\/i>\n                  <\/button>\n                <\/div>\n              <\/div>\n            <\/div>\n          <\/div>\n\n        <\/div>\n        <h3 class=\"p-mt-5 p-font-bold p-text-secondary p-text-xl\"><a href=\"https:\/\/www.pilgrim.es\/de\/camino-de-levante\/\"\n                                                                     class=\"after:p-absolute after:p-inset-0 p-col-span-3 p-text-secondary hover:p-text-secondary\">Levante-Weg<\/a>\n        <\/h3>\n        <p class=\"cards-primary-ways__text\">Er beginnt in Valencia und durchquert f\u00fcnf Regionen, bevor er\n          Galicien erreicht, mit dem Ziel, die beiden gro\u00dfen Meere der Iberischen Halbinsel zu verbinden\u2026<a\n            href=\"https:\/\/www.pilgrim.es\/de\/camino-de-levante\/\" class=\"p-underline\">Weiterlesen<\/a><\/p>\n        <div class=\"p-mt-5\">\n          <hr class=\"single-bar\">\n          <div class=\"p-grid p-grid-cols-2 p-justify-between p-text-sm\">\n            <p class=\"p-uppercase\">Verbindet mit<\/p>\n            <p class=\"p-text-end\">Franz\u00f6sischer Weg<\/p>\n          <\/div>\n          <hr class=\"single-bar\">\n        <\/div>\n      <\/div>\n\n      <div class=\"card-stage p-max-w-full\">\n        <div class=\"cards-primary-ways__card card-best-experience p-group\">\n\n          <div class=\"card-best-experience__header\">\n            <div class=\"content-card\">\n              <img decoding=\"async\" src=\"https:\/\/cdn.pilgrim.es\/web\/caminos\/home\/caminos-secundarios\/lana.jpg\" alt=\"Wollroute\"\n                   class=\"group-hover:p-scale-110 p-h-64\" \/>\n              <div class=\"card-overlay group-hover:p-opacity-50\"><\/div>\n              <div class=\"content-card__info-top\">\n                <div class=\"content-card__info-top__way\"><\/div>\n                <div class=\"content-card__info-top__town p-self-start\">\n                  <div>Alicante<\/div>\n                <\/div>\n              <\/div>\n              <div class=\"content-card__info-bottom\">\n                <div class=\"content-card__info-bottom__stages\">\n                  <div class=\"col-apie\">\n                    <i class=\"icon-on-foot\"><\/i>\n                    <div>\n                      <p class=\"number-km\">1160 km<\/p>\n                      <p>48 Etappen<\/p>\n                    <\/div>\n                  <\/div>\n                <\/div>\n                <div class=\"content-card__info-bottom__btn p-right-2\">\n                  <button class=\"p-pointer-events-none\">\n                    <i class=\"icon-arrow\"><\/i>\n                  <\/button>\n                <\/div>\n              <\/div>\n            <\/div>\n          <\/div>\n\n        <\/div>\n        <h3 class=\"p-mt-5 p-font-bold p-text-secondary p-text-xl\">Wollroute \/ S\u00fcdost<\/h3>\n        <p class=\"cards-primary-ways__text\">Sie beginnt in Alicante und f\u00fchrt durch die Landschaften Kastiliens\n          bis nach Burgos, wo sie sich mit dem Franz\u00f6sischen Weg verbindet\u2026<\/p>\n        <div class=\"p-mt-5\">\n          <hr class=\"single-bar\">\n          <div class=\"p-grid p-grid-cols-2 p-justify-between p-text-sm\">\n            <p class=\"p-uppercase\">Verbindet mit<\/p>\n            <p class=\"p-text-end\">Franz\u00f6sischer Weg<\/p>\n          <\/div>\n          <hr class=\"single-bar\">\n        <\/div>\n      <\/div>\n\n      <div class=\"card-stage p-max-w-full\">\n        <div class=\"cards-primary-ways__card card-best-experience p-group\">\n\n          <div class=\"card-best-experience__header\">\n            <div class=\"content-card\">\n              <img decoding=\"async\" src=\"https:\/\/cdn.pilgrim.es\/web\/caminos\/home\/caminos-secundarios\/mozarabe.jpg\" alt=\"Mozarabischer Weg\"\n                   class=\"group-hover:p-scale-110 p-h-64\" \/>\n              <div class=\"card-overlay group-hover:p-opacity-50\"><\/div>\n              <div class=\"content-card__info-top\">\n                <div class=\"content-card__info-top__way\"><\/div>\n                <div class=\"content-card__info-top__town p-self-start\">\n                  <div>M\u00e1laga<\/div>\n                <\/div>\n              <\/div>\n              <div class=\"content-card__info-bottom\">\n                <div class=\"content-card__info-bottom__stages\">\n                  <div class=\"col-apie\">\n                    <i class=\"icon-on-foot\"><\/i>\n                    <div>\n                      <p class=\"number-km\">1039 km<\/p>\n                      <p>39 Etappen<\/p>\n                    <\/div>\n                  <\/div>\n                <\/div>\n                <div class=\"content-card__info-bottom__btn p-right-2\">\n                  <button class=\"p-pointer-events-none\">\n                    <i class=\"icon-arrow\"><\/i>\n                  <\/button>\n                <\/div>\n              <\/div>\n            <\/div>\n          <\/div>\n\n        <\/div>\n        <h3 class=\"p-mt-5 p-font-bold p-text-secondary p-text-xl\">Mozarabischer Weg<\/h3>\n        <p class=\"cards-primary-ways__text\">Diese Route hat drei verschiedene Ausgangspunkte in Andalusien:\n          M\u00e1laga, Almer\u00eda und Ja\u00e9n. Der Treffpunkt ist die Stadt Baena&#8230;<\/p>\n        <div class=\"p-mt-5\">\n          <hr class=\"single-bar\">\n          <div class=\"p-grid p-grid-cols-2 p-justify-between p-text-sm\">\n            <p class=\"p-uppercase\">Verbindet mit<\/p>\n            <p class=\"p-text-end\">Silberweg<\/p>\n          <\/div>\n          <hr class=\"single-bar\">\n        <\/div>\n      <\/div>\n\n      <div class=\"card-stage p-max-w-full\">\n        <div class=\"cards-primary-ways__card card-best-experience p-group\">\n\n          <div class=\"card-best-experience__header\">\n            <div class=\"content-card\">\n              <img decoding=\"async\" src=\"https:\/\/cdn.pilgrim.es\/web\/caminos\/home\/caminos-secundarios\/augusta.jpg\" alt=\"Via Augusta\"\n                   class=\"group-hover:p-scale-110 p-h-64\" \/>\n              <div class=\"card-overlay group-hover:p-opacity-50\"><\/div>\n              <div class=\"content-card__info-top\">\n                <div class=\"content-card__info-top__way\"><\/div>\n                <div class=\"content-card__info-top__town p-self-start\">\n                  <div>C\u00e1diz<\/div>\n                <\/div>\n              <\/div>\n              <div class=\"content-card__info-bottom\">\n                <div class=\"content-card__info-bottom__stages\">\n                  <div class=\"col-apie\">\n                    <i class=\"icon-on-foot\"><\/i>\n                    <div>\n                      <p class=\"number-km\">1142 km<\/p>\n                      <p>42 Etappen<\/p>\n                    <\/div>\n                  <\/div>\n                <\/div>\n                <div class=\"content-card__info-bottom__btn p-right-2\">\n                  <button>\n                    <i class=\"icon-arrow\"><\/i>\n                  <\/button>\n                <\/div>\n              <\/div>\n            <\/div>\n          <\/div>\n\n        <\/div>\n        <h3 class=\"p-mt-5 p-font-bold p-text-secondary p-text-xl\"><a href=\"https:\/\/www.pilgrim.es\/de\/via-augusta\/\"\n                                                                     class=\"after:p-absolute after:p-inset-0 p-col-span-3 p-text-secondary hover:p-text-secondary\">Via\n          Augusta<\/a><\/h3>\n        <p class=\"cards-primary-ways__text\">Sie beginnt in C\u00e1diz und endet in Sevilla, da in dieser gro\u00dfen Stadt\n          die Via de la Plata beginnt. Sie ist auch als Camino de C\u00e1diz bekannt\u2026<a href=\"https:\/\/www.pilgrim.es\/de\/via-augusta\/\"\n                                                                                   class=\"p-underline\">Weiterlesen<\/a><\/p>\n        <div class=\"p-mt-5\">\n          <hr class=\"single-bar\">\n          <div class=\"p-grid p-grid-cols-2 p-justify-between p-text-sm\">\n            <p class=\"p-uppercase\">Verbindet mit<\/p>\n            <p class=\"p-text-end\">Silberweg<\/p>\n          <\/div>\n          <hr class=\"single-bar\">\n        <\/div>\n      <\/div>\n\n      <div class=\"card-stage p-max-w-full\">\n        <div class=\"cards-primary-ways__card card-best-experience p-group\">\n\n          <div class=\"card-best-experience__header\">\n            <div class=\"content-card\">\n              <img decoding=\"async\" src=\"https:\/\/cdn.pilgrim.es\/web\/caminos\/home\/caminos-secundarios\/arousa.jpg\"\n                   alt=\"Route des Meeres von Arousa\" class=\"group-hover:p-scale-110 p-h-64\" \/>\n              <div class=\"card-overlay group-hover:p-opacity-50\"><\/div>\n              <div class=\"content-card__info-top\">\n                <div class=\"content-card__info-top__way\"><\/div>\n                <div class=\"content-card__info-top__town p-self-start\">\n                  <div>Insel Arousa<\/div>\n                <\/div>\n              <\/div>\n              <div class=\"content-card__info-bottom\">\n                <div class=\"content-card__info-bottom__stages\">\n                  <div class=\"col-apie\">\n                    <i class=\"icon-on-foot\"><\/i>\n                    <div>\n                      <p class=\"number-km\">102 km<\/p>\n                      <p>5 Etappen<\/p>\n                    <\/div>\n                  <\/div>\n                <\/div>\n                <div class=\"content-card__info-bottom__btn p-right-2\">\n                  <button>\n                    <i class=\"icon-arrow\"><\/i>\n                  <\/button>\n                <\/div>\n              <\/div>\n            <\/div>\n          <\/div>\n\n        <\/div>\n        <h3 class=\"p-mt-5 p-font-bold p-text-secondary p-text-xl\"><a\n          href=\"https:\/\/www.pilgrim.es\/camino-santiago-kayak-otra-forma-peregrinar\/\"\n          class=\"after:p-absolute after:p-inset-0 p-col-span-3 p-text-secondary hover:p-text-secondary\">Route\n          des Meeres von Arousa<\/a><\/h3>\n        <p class=\"cards-primary-ways__text\">Diese See- und Flussroute erinnert an die Ankunft des Apostels\n          Jakobus in Galicien \u00fcber das Meer.<a href=\"https:\/\/www.pilgrim.es\/camino-santiago-kayak-otra-forma-peregrinar\/\"\n                                               class=\"p-underline\">Weiterlesen<\/a><\/p>\n        <div class=\"p-mt-5\">\n          <hr class=\"single-bar\">\n          <div class=\"p-grid p-grid-cols-2 p-justify-between p-text-sm\">\n            <p class=\"p-uppercase\">Verbindet mit<\/p>\n            <p class=\"p-text-end\">Portugiesischer Weg<\/p>\n          <\/div>\n          <hr class=\"single-bar\">\n        <\/div>\n      <\/div>\n\n    <\/div>\n  <\/section>\n\n  <section id=\"nonJacobean\">\n    <div class=\"p-grid p-grid-cols-1 md:p-grid-cols-5 p-gap-8\">\n      <div class=\"p-col-span-2 p-w-full md:p-w-4\/5\">\n        <p class=\"p-uppercase p-text-gray p-font-['Rasa']\">Nicht-jakobinische Wege<\/p>\n        <hr class=\"orange-bar\">\n        <h2>Andere Pilgerwege, unabh\u00e4ngig von den Routen des Jakobswegs<\/h2>\n        <p>Es gibt weitere Pilger- und Wanderwege, die in ganz Spanien an Bedeutung gewonnen haben. Entdecke die\n          Informationen und Etappen zu jedem einzelnen.<\/p>\n      <\/div>\n      <div class=\"p-col-span-3\">\n        <div class=\"p-grid p-grid-cols-1 md:p-grid-cols-2 p-gap-4\">\n          <div class=\"card-stage p-max-w-full\">\n            <div class=\"cards-primary-ways__card card-best-experience p-group\">\n\n              <div class=\"card-best-experience__header\">\n                <div class=\"content-card\">\n                  <img decoding=\"async\" src=\"https:\/\/cdn.pilgrim.es\/web\/caminos\/home\/caminos-secundarios\/ucles.jpg\" alt=\"Ucl\u00e9s-Weg\"\n                       class=\"group-hover:p-scale-110 p-h-64\" \/>\n                  <div class=\"card-overlay group-hover:p-opacity-50\"><\/div>\n                  <div class=\"content-card__info-top\">\n                    <div class=\"content-card__info-top__way\"><\/div>\n                    <div class=\"content-card__info-top__town p-self-start\">\n                      <div>Kloster Ucl\u00e9s<\/div>\n                    <\/div>\n                  <\/div>\n                  <div class=\"content-card__info-bottom\">\n                    <div class=\"content-card__info-bottom__stages\">\n                      <div class=\"col-apie\">\n                        <i class=\"icon-on-foot\"><\/i>\n                        <div>\n                          <p class=\"number-km\">201 km<\/p>\n                          <p>9 Etappen<\/p>\n                        <\/div>\n                      <\/div>\n                    <\/div>\n                    <div class=\"content-card__info-bottom__btn p-right-2\">\n                      <button>\n                        <i class=\"icon-arrow\"><\/i>\n                      <\/button>\n                    <\/div>\n                  <\/div>\n                <\/div>\n              <\/div>\n\n            <\/div>\n            <h3 class=\"p-mt-5 p-font-bold p-text-secondary p-text-xl\"><a href=\"https:\/\/www.pilgrim.es\/de\/camino-de-ucles\/\"\n                                                                         class=\"after:p-absolute after:p-inset-0 p-col-span-3 p-text-secondary hover:p-text-secondary\">Ucl\u00e9s-Weg<\/a>\n            <\/h3>\n            <p class=\"cards-primary-ways__text\">Sein Ziel ist nicht Santiago, sondern das Kloster Ucl\u00e9s, ein\n              historisches Bauwerk, das im 10. Jahrhundert vom Orden von Santiago errichtet wurde.<a\n                href=\"https:\/\/www.pilgrim.es\/de\/camino-de-ucles\/\" class=\"p-underline\">Weiterlesen<\/a><\/p>\n          <\/div>\n          <div class=\"card-stage p-max-w-full\">\n            <div class=\"cards-primary-ways__card card-best-experience p-group\">\n\n              <div class=\"card-best-experience__header\">\n                <div class=\"content-card\">\n                  <img decoding=\"async\" src=\"https:\/\/cdn.pilgrim.es\/web\/caminos\/home\/caminos-secundarios\/lebaniego.jpg\" alt=\"Lebaniego-Weg\"\n                       class=\"group-hover:p-scale-110 p-h-64\" \/>\n                  <div class=\"card-overlay group-hover:p-opacity-50\"><\/div>\n                  <div class=\"content-card__info-top\">\n                    <div class=\"content-card__info-top__way\"><\/div>\n                    <div class=\"content-card__info-top__town p-self-start\">\n                      <div>San Vicente de la Barquera<\/div>\n                    <\/div>\n                  <\/div>\n                  <div class=\"content-card__info-bottom\">\n                    <div class=\"content-card__info-bottom__stages\">\n                      <div class=\"col-apie\">\n                        <i class=\"icon-on-foot\"><\/i>\n                        <div>\n                          <p class=\"number-km\">201 km<\/p>\n                          <p>9 Etappen<\/p>\n                        <\/div>\n                      <\/div>\n                    <\/div>\n                    <div class=\"content-card__info-bottom__btn p-right-2\">\n                      <button>\n                        <i class=\"icon-arrow\"><\/i>\n                      <\/button>\n                    <\/div>\n                  <\/div>\n                <\/div>\n              <\/div>\n\n            <\/div>\n            <h3 class=\"p-mt-5 p-font-bold p-text-secondary p-text-xl\"><a href=\"https:\/\/www.pilgrim.es\/de\/camino-lebaniego\/\"\n                                                                         class=\"after:p-absolute after:p-inset-0 p-col-span-3 p-text-secondary hover:p-text-secondary\">Lebaniego-Weg<\/a>\n            <\/h3>\n            <p class=\"cards-primary-ways__text\">Einer der Wege mit eigener Geschichte, unabh\u00e4ngig vom\n              Apostel Jakobus. Ber\u00fchmt f\u00fcr die Aufbewahrung eines der gr\u00f6\u00dften Reliquienkreuze im Kloster\n              Santo Toribio.<a href=\"https:\/\/www.pilgrim.es\/de\/camino-lebaniego\/\" class=\"p-underline\">Weiterlesen<\/a><\/p>\n          <\/div>\n          <div class=\"card-stage p-max-w-full\">\n            <div class=\"cards-primary-ways__card card-best-experience p-group\">\n\n              <div class=\"card-best-experience__header\">\n                <div class=\"content-card\">\n                  <img decoding=\"async\" src=\"https:\/\/cdn.pilgrim.es\/web\/caminos\/home\/caminos-secundarios\/faros.jpg\" alt=\"Cami\u00f1o dos Faros\"\n                       class=\"group-hover:p-scale-110 p-h-64\" \/>\n                  <div class=\"card-overlay group-hover:p-opacity-50\"><\/div>\n                  <div class=\"content-card__info-top\">\n                    <div class=\"content-card__info-top__way\"><\/div>\n                    <div class=\"content-card__info-top__town p-self-start\">\n                      <div>Malpica<\/div>\n                    <\/div>\n                  <\/div>\n                  <div class=\"content-card__info-bottom\">\n                    <div class=\"content-card__info-bottom__stages\">\n                      <div class=\"col-apie\">\n                        <i class=\"icon-on-foot\"><\/i>\n                        <div>\n                          <p class=\"number-km\">196 km<\/p>\n                          <p>8 Etappen<\/p>\n                        <\/div>\n                      <\/div>\n                    <\/div>\n                    <div class=\"content-card__info-bottom__btn p-right-2\">\n                      <button>\n                        <i class=\"icon-arrow\"><\/i>\n                      <\/button>\n                    <\/div>\n                  <\/div>\n                <\/div>\n              <\/div>\n\n            <\/div>\n            <h3 class=\"p-mt-5 p-font-bold p-text-secondary p-text-xl\"><a href=\"https:\/\/www.pilgrim.es\/o-camino-dos-faros\/\"\n                                                                         class=\"after:p-absolute after:p-inset-0 p-col-span-3 p-text-secondary hover:p-text-secondary\">Cami\u00f1o\n              dos Faros<\/a><\/h3>\n            <p class=\"cards-primary-ways__text\">Ein touristischer Weg, der die Sch\u00f6nheit der\n              K\u00fcstenlandschaften mit den Leuchtt\u00fcrmen entlang der \u201eCosta da Morte\u201c verbindet.<a\n                href=\"https:\/\/www.pilgrim.es\/o-camino-dos-faros\/\" class=\"p-underline\">Weiterlesen<\/a><\/p>\n          <\/div>\n        <\/div>\n      <\/div>\n    <\/div>\n  <\/section>\n  <section id=\"internationalWays\">\n    <div class=\"p-grid p-grid-cols-1 md:p-grid-cols-5 p-gap-8\">\n      <div class=\"p-col-span-2 p-w-full md:p-w-4\/5\">\n        <h4 class=\"p-uppercase p-text-gray p-font-['Rasa']\">Internationale Pilgerwege<\/h4>\n        <hr class=\"orange-bar\">\n        <h2>Weitere Pilgerwege in Asien und Europa<\/h2>\n        <p class=\"p-mt-10\">Entdecke alle wichtigen Informationen \u00fcber einige der bedeutendsten Pilgerrouten der\n          Welt \u2013 einige davon mit gro\u00dfer historischer Bedeutung und vielen \u00c4hnlichkeiten zum Jakobsweg.<\/p>\n      <\/div>\n      <div class=\"p-col-span-3\">\n        <div class=\"p-grid p-grid-cols-1 md:p-grid-cols-2 p-gap-4\">\n          <div class=\"card-stage p-max-w-full\">\n            <div class=\"cards-primary-ways__card card-best-experience p-group\">\n\n              <div class=\"card-best-experience__header\">\n                <div class=\"content-card\">\n                  <img decoding=\"async\" src=\"https:\/\/cdn.pilgrim.es\/web\/caminos\/home\/caminos-secundarios\/kumanokodo.jpg\" alt=\"Kumano Kodo\"\n                       class=\"group-hover:p-scale-110 p-h-64\" \/>\n                  <div class=\"card-overlay group-hover:p-opacity-50\"><\/div>\n                  <div class=\"content-card__info-top\">\n                    <div class=\"content-card__info-top__way\"><\/div>\n                    <div class=\"content-card__info-top__town p-self-start\">\n                      <div>Kumano Kodo<\/div>\n                    <\/div>\n                  <\/div>\n                  <div class=\"content-card__info-bottom\">\n                    <div class=\"content-card__info-bottom__stages\">\n                    <\/div>\n                    <div class=\"content-card__info-bottom__btn p-right-2\">\n                      <button>\n                        <i class=\"icon-arrow\"><\/i>\n                      <\/button>\n                    <\/div>\n                  <\/div>\n                <\/div>\n              <\/div>\n\n            <\/div>\n            <h3 class=\"p-mt-5 p-font-bold p-text-secondary p-text-xl\"><a href=\"https:\/\/www.pilgrim.es\/de\/camino-kumano-kodo\/\"\n                                                                         class=\"after:p-absolute after:p-inset-0 p-col-span-3 p-text-secondary hover:p-text-secondary\">Kumano\n              Kodo, Japan<\/a><\/h3>\n            <p class=\"cards-primary-ways__text\">Eine japanische Pilgerroute, die mit dem Jakobsweg verbunden\n              ist. Entdecke eine der wichtigsten Pilgerrouten der Welt\u2026<a href=\"https:\/\/www.pilgrim.es\/de\/camino-kumano-kodo\/\"\n                                                                          class=\"p-underline\">Weiterlesen<\/a><\/p>\n          <\/div>\n          <div class=\"card-stage p-max-w-full\">\n            <div class=\"cards-primary-ways__card card-best-experience p-group\">\n\n              <div class=\"card-best-experience__header\">\n                <div class=\"content-card\">\n                  <img decoding=\"async\" src=\"https:\/\/cdn.pilgrim.es\/web\/caminos\/home\/caminos-secundarios\/aragones.jpg\" alt=\"Via Francigena\"\n                       class=\"group-hover:p-scale-110 p-h-64\" \/>\n                  <div class=\"card-overlay group-hover:p-opacity-50\"><\/div>\n                  <div class=\"content-card__info-top\">\n                    <div class=\"content-card__info-top__way\"><\/div>\n                    <div class=\"content-card__info-top__town p-self-start\">\n                      <div>Canterbury<\/div>\n                    <\/div>\n                  <\/div>\n                  <div class=\"content-card__info-bottom\">\n                    <div class=\"content-card__info-bottom__stages\">\n                      <div class=\"col-apie\">\n                      <\/div>\n                    <\/div>\n                    <div class=\"content-card__info-bottom__btn p-right-2\">\n                      <button>\n                        <i class=\"icon-arrow\"><\/i>\n                      <\/button>\n                    <\/div>\n                  <\/div>\n                <\/div>\n              <\/div>\n\n            <\/div>\n            <h3 class=\"p-mt-5 p-font-bold p-text-secondary p-text-xl\"><a href=\"https:\/\/www.pilgrim.es\/de\/via-francigena\/\"\n                                                                         class=\"after:p-absolute after:p-inset-0 p-col-span-3 p-text-secondary hover:p-text-secondary\">Via\n              Francigena, Europa<\/a><\/h3>\n            <p class=\"cards-primary-ways__text\">Die Via Francigena f\u00fchrt vom Nordwesten Europas bis ins\n              Zentrum Italiens und endet auf dem Petersplatz im Vatikan.<a href=\"https:\/\/www.pilgrim.es\/de\/via-francigena\/\"\n                                                                           class=\"p-underline\">Weiterlesen<\/a><\/p>\n          <\/div>\n        <\/div>\n      <\/div>\n    <\/div>\n\n  <\/section>\n\n  <section id=\"faqs\">\n    <div class=\"title\">\n      <p class=\"p-uppercase p-text-gray p-font-['Rasa']\">\n        Praktische Informationen\n      <\/p>\n      <hr \/>\n      <h2>\n        H\u00e4ufig gestellte Fragen\n      <\/h2>\n    <\/div>\n    <div class=\"container\">\n      <div>\n        <button class=\"accordion-btn\">\n          <div class=\"accordion-btn__question\">\n            <h3>Welcher Jakobsweg ist der k\u00fcrzeste?<\/h3>\n            <span>+<\/span>\n          <\/div>\n          <hr \/>\n        <\/button>\n        <div class=\"accordion-content\">\n          <p>\n            Wenn man alle Kilometer der einzelnen Routen ber\u00fccksichtigt, ist der k\u00fcrzeste Jakobsweg die <a\n            class=\"p-underline\" href=\"https:\/\/www.pilgrim.es\/de\/epilog-fisterra-muxia\/\">Route Santiago-Finisterre<\/a>, die\n            letzte Strecke bis zum \u201eEnde der Welt\u201c in Galicien.\n          <\/p>\n        <\/div>\n      <\/div>\n      <div>\n        <button class=\"accordion-btn\">\n          <div class=\"accordion-btn__question\">\n            <h3>Welcher Jakobsweg ist der l\u00e4ngste?<\/h3>\n            <span>+<\/span>\n          <\/div>\n          <hr \/>\n        <\/button>\n        <div class=\"accordion-content\">\n          <p>\n            Ohne Verbindungswege und Nebenrouten zu ber\u00fccksichtigen, ist der l\u00e4ngste Jakobsweg der <a\n            class=\"p-underline\" href=\"https:\/\/www.pilgrim.es\/de\/weg-im-norden\/\">K\u00fcstenweg (Camino del Norte)<\/a> mit \u00fcber 820\n            km L\u00e4nge.\n          <\/p>\n        <\/div>\n      <\/div>\n      <div>\n        <button class=\"accordion-btn\">\n          <div class=\"accordion-btn__question\">\n            <h3>Welcher Jakobsweg ist der schwierigste?<\/h3>\n            <span>+<\/span>\n          <\/div>\n          <hr \/>\n        <\/button>\n        <div class=\"accordion-content\">\n          <p>\n            Der <a class=\"p-underline\" href=\"https:\/\/www.pilgrim.es\/de\/primitiver-weg\/\">Urspr\u00fcngliche Weg (Camino Primitivo)<\/a>\n            gilt als der h\u00e4rteste, da er durch bergiges Gel\u00e4nde f\u00fchrt, um die Grenze zwischen Galicien und\n            Asturien zu \u00fcberqueren.\n          <\/p>\n        <\/div>\n      <\/div>\n      <div>\n        <button class=\"accordion-btn\">\n          <div class=\"accordion-btn__question\">\n            <h3>Welcher Jakobsweg ist der einfachste?<\/h3>\n            <span>+<\/span>\n          <\/div>\n          <hr \/>\n        <\/button>\n        <div class=\"accordion-content\">\n          <p>\n            Die einfachste Route ist der <a class=\"p-underline\"\n                                            href=\"https:\/\/www.pilgrim.es\/en\/way-of-st-james-from-sarria\/\">Jakobsweg ab Sarria<\/a>, die letzten 100 km des\n            Franz\u00f6sischen Weges, die am h\u00e4ufigsten von Pilgern gew\u00e4hlt werden, die diese Erfahrung zum\n            ersten Mal machen.\n          <\/p>\n        <\/div>\n      <\/div>\n      <div>\n        <button class=\"accordion-btn\">\n          <div class=\"accordion-btn__question\">\n            <h3>Welcher Jakobsweg ist der sch\u00f6nste?<\/h3>\n            <span>+<\/span>\n          <\/div>\n          <hr \/>\n        <\/button>\n        <div class=\"accordion-content\">\n          <p>\n            Die Route mit den atemberaubendsten Landschaften ist <a class=\"p-underline\"\n                                                                    href=\"https:\/\/www.pilgrim.es\/de\/weg-im-norden\/\">der K\u00fcstenweg (Camino del Norte)<\/a>, da sie die Sch\u00f6nheit der\n            Natur, W\u00e4lder und der nordspanischen K\u00fcsten vereint.\n          <\/p>\n        <\/div>\n      <\/div>\n      <div>\n        <button class=\"accordion-btn\">\n          <div class=\"accordion-btn__question\">\n            <h3>Welche Jakobswege verlaufen entlang der K\u00fcste?<\/h3>\n            <span>+<\/span>\n          <\/div>\n          <hr \/>\n        <\/button>\n        <div class=\"accordion-content\">\n          <p>\n            Es gibt zwei Hauptwege des Jakobswegs, die entlang der K\u00fcste verlaufen:\n            <a\n              class=\"p-underline\"\n              href=\"https:\/\/www.pilgrim.es\/de\/weg-im-norden\/\"\n            >\n              der K\u00fcstenweg (Camino del Norte)\n            <\/a>\n            und\n            <a\n              class=\"p-underline\"\n              href=\"https:\/\/www.pilgrim.es\/de\/portugiesischer-weg-entlang-der-kuste\/\"\n            >\n              der Portugiesische K\u00fcstenweg\n            <\/a>\n            . Der erste verl\u00e4uft entlang der Kantabrischen K\u00fcste in Nordspanien,\n            w\u00e4hrend der zweite dieAtlantikk\u00fcste zwischen Nordportugal\n            und Galicien entlangf\u00fchrt.\n          <\/p>\n        <\/div>\n      <\/div>\n      <div>\n        <button class=\"accordion-btn\">\n          <div class=\"accordion-btn__question\">\n            <h3>Wie viele Kilometer muss man f\u00fcr den Jakobsweg zur\u00fccklegen?<\/h3>\n            <span>+<\/span>\n          <\/div>\n          <hr \/>\n        <\/button>\n        <div class=\"accordion-content\">\n          <p>\n            Die Mindestdistanz, um <a class=\"p-underline\" href=\"https:\/\/www.pilgrim.es\/planificar\/la-compostela\/\">die\n            Compostela<\/a> zu erhalten, betr\u00e4gt 100 km, wenn man zu Fu\u00df oder zu Pferd reist, und 200 km,\n            wenn man mit dem Fahrrad f\u00e4hrt.\n          <\/p>\n        <\/div>\n      <\/div>\n      <div>\n        <button class=\"accordion-btn\">\n          <div class=\"accordion-btn__question\">\n            <h3>Wo beginnt der Jakobsweg?<\/h3>\n            <span>+<\/span>\n          <\/div>\n          <hr \/>\n        <\/button>\n        <div class=\"accordion-content\">\n          <p>\n            Der Jakobsweg besteht aus vielen Routen, die jeweils an einem anderen Punkt beginnen: <a\n            class=\"p-underline\" href=\"https:\/\/www.pilgrim.es\/de\/franzosischer-weg\/\">Franz\u00f6sischer Weg<\/a> \u2013\n            Saint-Jean-Pied-de-Port, <a class=\"p-underline\" href=\"https:\/\/www.pilgrim.es\/de\/weg-im-norden\/\">K\u00fcstenweg<\/a> \u2013 Ir\u00fan,\n            <a class=\"p-underline\" href=\"https:\/\/www.pilgrim.es\/de\/portugiesischer-weg\/\">Portugiesischer Weg<\/a> \u2013 Lissabon, <a\n            class=\"p-underline\" href=\"https:\/\/www.pilgrim.es\/de\/englischer-weg\/\">Englischer Weg<\/a> \u2013 Ferrol\u2026\n          <\/p>\n        <\/div>\n      <\/div>\n    <\/div>\n  <\/section>\n\n<\/div>\n\n<!-- Modales  -->\n\n<div role=\"dialog\" id=\"modal-history\" aria-hidden=\"true\" class=\"modal fade p-opacity-0 p-invisible\" tabindex=\"-1\">\n  <div class=\"overlay-modal\" tabindex=\"-1\" data-dismiss=\"modal\"><\/div>\n\n  <article class=\"modal-content\" aria-labelledby=\"modal-title\" aria-describedby=\"modal-body\">\n    <header class=\"modal-header\">\n      <p class=\"title-modal\">Weg <br><span id=\"modal-title-sub\"><\/span><\/p>\n      <button type=\"button\" data-dismiss=\"modal\" aria-label=\"Close\">\n        <svg xmlns=\"http:\/\/www.w3.org\/2000\/svg\" width=\"22\" height=\"22\" viewBox=\"0 0 24 24\" fill=\"none\"\n             stroke=\"#7A8382\" stroke-width=\"2\" stroke-linecap=\"round\" stroke-linejoin=\"round\">\n          <line x1=\"18\" y1=\"6\" x2=\"6\" y2=\"18\"><\/line>\n          <line x1=\"6\" y1=\"6\" x2=\"18\" y2=\"18\"><\/line>\n        <\/svg>\n      <\/button>\n    <\/header>\n    <p class=\"text-history\">Geschichte<\/p>\n    <main class=\"modal-body\" id=\"modal-content\">\n    <\/main>\n    <footer class=\"modal-footer\">\n      <div class=\"modal-footer__content\">\n        <a href=\"#\" id=\"modal-link\">\n          <button type=\"button\" data-dismiss=\"modal\">\n            <p class=\"button-text\">Weg anzeigen<\/p>\n            <i class=\"icon-arrow button-icon\"><\/i>\n          <\/button>\n        <\/a>\n      <\/div>\n    <\/footer>\n  <\/article>\n<\/div>\n\n","protected":false},"excerpt":{"rendered":"<p>Jakobsweg: Wege, Etappen, Karten und D\u00f6rfer Bist du weit von den Hauptwegen entfernt? Entdecke alternative Routen! Es gibt zahlreiche Routen, die aus ganz Spanien starten und sich mit den wichtigsten Jakobswegen verbinden. Hauptwege Informationen, Etappen, Karten und Sehensw\u00fcrdigkeiten 1997 erkl\u00e4rte der Europarat den Jakobsweg zur ersten Europ\u00e4ischen Kulturroute und erkannte an, dass &#8222;die Routen des &hellip; <\/p>\n<p class=\"read_more\"><a href=\"https:\/\/www.pilgrim.es\/de\/wege\/\">Leer m\u00e1s<\/a><\/p>\n","protected":false},"author":4,"featured_media":6239,"parent":0,"menu_order":0,"comment_status":"closed","ping_status":"closed","template":"views\/template-new-web-design.blade.php","meta":{"footnotes":""},"categories":[],"tags":[],"class_list":["post-11040","page","type-page","status-publish","has-post-thumbnail","hentry"],"yoast_head":"<!-- This site is optimized with the Yoast SEO plugin v27.4 - https:\/\/yoast.com\/product\/yoast-seo-wordpress\/ -->\n<title>\u25b7 Alle Jakobswege | Haupt- Routen, Landkarten und Etappen<\/title>\n<meta name=\"description\" content=\"lll\u27a4 Entdecken Sie alle Routen des Jakobsweges mit Pilgrim \u2705 Umfassende Information, um Ihr Erlebnis in jeder Route zu planen: Landkarten, Etappen ...\" \/>\n<meta name=\"robots\" content=\"index, follow, max-snippet:-1, max-image-preview:large, max-video-preview:-1\" \/>\n<link rel=\"canonical\" href=\"https:\/\/www.pilgrim.es\/de\/wege\/\" \/>\n<meta property=\"og:locale\" content=\"de_DE\" \/>\n<meta property=\"og:type\" content=\"article\" \/>\n<meta property=\"og:title\" content=\"\u25b7 Alle Jakobswege | Haupt- Routen, Landkarten und Etappen\" \/>\n<meta property=\"og:description\" content=\"lll\u27a4 Entdecken Sie alle Routen des Jakobsweges mit Pilgrim \u2705 Umfassende Information, um Ihr Erlebnis in jeder Route zu planen: Landkarten, Etappen ...\" \/>\n<meta property=\"og:url\" content=\"https:\/\/www.pilgrim.es\/de\/wege\/\" \/>\n<meta property=\"og:site_name\" content=\"Pilgrim\" \/>\n<meta property=\"article:publisher\" content=\"https:\/\/www.facebook.com\/pilgrim.es\/\" \/>\n<meta property=\"article:modified_time\" content=\"2025-11-25T08:21:01+00:00\" \/>\n<meta property=\"og:image\" content=\"https:\/\/www.pilgrim.es\/wp-content\/uploads\/2019\/02\/mapa-full-01-1000x700.jpg\" \/>\n\t<meta property=\"og:image:width\" content=\"1000\" \/>\n\t<meta property=\"og:image:height\" content=\"700\" \/>\n\t<meta property=\"og:image:type\" content=\"image\/jpeg\" \/>\n<meta name=\"twitter:card\" content=\"summary_large_image\" \/>\n<meta name=\"twitter:site\" content=\"@pilgrim_es\" \/>\n<meta name=\"twitter:label1\" content=\"Gesch\u00e4tzte Lesezeit\" \/>\n\t<meta name=\"twitter:data1\" content=\"8\u00a0Minuten\" \/>\n<script type=\"application\/ld+json\" class=\"yoast-schema-graph\">{\"@context\":\"https:\\\/\\\/schema.org\",\"@graph\":[{\"@type\":\"WebPage\",\"@id\":\"https:\\\/\\\/www.pilgrim.es\\\/de\\\/wege\\\/\",\"url\":\"https:\\\/\\\/www.pilgrim.es\\\/de\\\/wege\\\/\",\"name\":\"\u25b7 Alle Jakobswege | Haupt- Routen, Landkarten und Etappen\",\"isPartOf\":{\"@id\":\"https:\\\/\\\/www.pilgrim.es\\\/de\\\/#website\"},\"primaryImageOfPage\":{\"@id\":\"https:\\\/\\\/www.pilgrim.es\\\/de\\\/wege\\\/#primaryimage\"},\"image\":{\"@id\":\"https:\\\/\\\/www.pilgrim.es\\\/de\\\/wege\\\/#primaryimage\"},\"thumbnailUrl\":\"https:\\\/\\\/www.pilgrim.es\\\/wp-content\\\/uploads\\\/2019\\\/02\\\/mapa-full-01-1000x700.jpg\",\"datePublished\":\"2019-02-18T18:12:43+00:00\",\"dateModified\":\"2025-11-25T08:21:01+00:00\",\"description\":\"lll\u27a4 Entdecken Sie alle Routen des Jakobsweges mit Pilgrim \u2705 Umfassende Information, um Ihr Erlebnis in jeder Route zu planen: Landkarten, Etappen ...\",\"breadcrumb\":{\"@id\":\"https:\\\/\\\/www.pilgrim.es\\\/de\\\/wege\\\/#breadcrumb\"},\"inLanguage\":\"de\",\"potentialAction\":[{\"@type\":\"ReadAction\",\"target\":[\"https:\\\/\\\/www.pilgrim.es\\\/de\\\/wege\\\/\"]}]},{\"@type\":\"ImageObject\",\"inLanguage\":\"de\",\"@id\":\"https:\\\/\\\/www.pilgrim.es\\\/de\\\/wege\\\/#primaryimage\",\"url\":\"https:\\\/\\\/www.pilgrim.es\\\/wp-content\\\/uploads\\\/2019\\\/02\\\/mapa-full-01-1000x700.jpg\",\"contentUrl\":\"https:\\\/\\\/www.pilgrim.es\\\/wp-content\\\/uploads\\\/2019\\\/02\\\/mapa-full-01-1000x700.jpg\",\"width\":1000,\"height\":700,\"caption\":\"Landkarte Jakobsweg\"},{\"@type\":\"BreadcrumbList\",\"@id\":\"https:\\\/\\\/www.pilgrim.es\\\/de\\\/wege\\\/#breadcrumb\",\"itemListElement\":[{\"@type\":\"ListItem\",\"position\":1,\"name\":\"Camino de Santiago\",\"item\":\"https:\\\/\\\/www.pilgrim.es\\\/de\\\/\"},{\"@type\":\"ListItem\",\"position\":2,\"name\":\"Routen des Jakobsweges\"}]},{\"@type\":\"WebSite\",\"@id\":\"https:\\\/\\\/www.pilgrim.es\\\/de\\\/#website\",\"url\":\"https:\\\/\\\/www.pilgrim.es\\\/de\\\/\",\"name\":\"Pilgrim\",\"description\":\"Camino de Santiago | Caminamos Contigo\",\"publisher\":{\"@id\":\"https:\\\/\\\/www.pilgrim.es\\\/de\\\/#organization\"},\"potentialAction\":[{\"@type\":\"SearchAction\",\"target\":{\"@type\":\"EntryPoint\",\"urlTemplate\":\"https:\\\/\\\/www.pilgrim.es\\\/de\\\/?s={search_term_string}\"},\"query-input\":{\"@type\":\"PropertyValueSpecification\",\"valueRequired\":true,\"valueName\":\"search_term_string\"}}],\"inLanguage\":\"de\"},{\"@type\":\"Organization\",\"@id\":\"https:\\\/\\\/www.pilgrim.es\\\/de\\\/#organization\",\"name\":\"Pilgrim Camino de Santiago\",\"url\":\"https:\\\/\\\/www.pilgrim.es\\\/de\\\/\",\"logo\":{\"@type\":\"ImageObject\",\"inLanguage\":\"de\",\"@id\":\"https:\\\/\\\/www.pilgrim.es\\\/de\\\/#\\\/schema\\\/logo\\\/image\\\/\",\"url\":\"https:\\\/\\\/www.pilgrim.es\\\/wp-content\\\/uploads\\\/2019\\\/04\\\/logo_pilgrim.png\",\"contentUrl\":\"https:\\\/\\\/www.pilgrim.es\\\/wp-content\\\/uploads\\\/2019\\\/04\\\/logo_pilgrim.png\",\"width\":512,\"height\":512,\"caption\":\"Pilgrim Camino de Santiago\"},\"image\":{\"@id\":\"https:\\\/\\\/www.pilgrim.es\\\/de\\\/#\\\/schema\\\/logo\\\/image\\\/\"},\"sameAs\":[\"https:\\\/\\\/www.facebook.com\\\/pilgrim.es\\\/\",\"https:\\\/\\\/x.com\\\/pilgrim_es\",\"https:\\\/\\\/www.instagram.com\\\/pilgrim.es\\\/\",\"https:\\\/\\\/www.linkedin.com\\\/company\\\/pilgrim-camino-de-santiago\\\/\",\"https:\\\/\\\/www.pinterest.es\\\/pilgrimcaminodesantiago\\\/\",\"https:\\\/\\\/www.youtube.com\\\/channel\\\/UCIv2ZzFLXVqthkNF32rKedw\\\/featured\"]}]}<\/script>\n<!-- \/ Yoast SEO plugin. -->","yoast_head_json":{"title":"\u25b7 Alle Jakobswege | Haupt- Routen, Landkarten und Etappen","description":"lll\u27a4 Entdecken Sie alle Routen des Jakobsweges mit Pilgrim \u2705 Umfassende Information, um Ihr Erlebnis in jeder Route zu planen: Landkarten, Etappen ...","robots":{"index":"index","follow":"follow","max-snippet":"max-snippet:-1","max-image-preview":"max-image-preview:large","max-video-preview":"max-video-preview:-1"},"canonical":"https:\/\/www.pilgrim.es\/de\/wege\/","og_locale":"de_DE","og_type":"article","og_title":"\u25b7 Alle Jakobswege | Haupt- Routen, Landkarten und Etappen","og_description":"lll\u27a4 Entdecken Sie alle Routen des Jakobsweges mit Pilgrim \u2705 Umfassende Information, um Ihr Erlebnis in jeder Route zu planen: Landkarten, Etappen ...","og_url":"https:\/\/www.pilgrim.es\/de\/wege\/","og_site_name":"Pilgrim","article_publisher":"https:\/\/www.facebook.com\/pilgrim.es\/","article_modified_time":"2025-11-25T08:21:01+00:00","og_image":[{"width":1000,"height":700,"url":"https:\/\/www.pilgrim.es\/wp-content\/uploads\/2019\/02\/mapa-full-01-1000x700.jpg","type":"image\/jpeg"}],"twitter_card":"summary_large_image","twitter_site":"@pilgrim_es","twitter_misc":{"Gesch\u00e4tzte Lesezeit":"8\u00a0Minuten"},"schema":{"@context":"https:\/\/schema.org","@graph":[{"@type":"WebPage","@id":"https:\/\/www.pilgrim.es\/de\/wege\/","url":"https:\/\/www.pilgrim.es\/de\/wege\/","name":"\u25b7 Alle Jakobswege | Haupt- Routen, Landkarten und Etappen","isPartOf":{"@id":"https:\/\/www.pilgrim.es\/de\/#website"},"primaryImageOfPage":{"@id":"https:\/\/www.pilgrim.es\/de\/wege\/#primaryimage"},"image":{"@id":"https:\/\/www.pilgrim.es\/de\/wege\/#primaryimage"},"thumbnailUrl":"https:\/\/www.pilgrim.es\/wp-content\/uploads\/2019\/02\/mapa-full-01-1000x700.jpg","datePublished":"2019-02-18T18:12:43+00:00","dateModified":"2025-11-25T08:21:01+00:00","description":"lll\u27a4 Entdecken Sie alle Routen des Jakobsweges mit Pilgrim \u2705 Umfassende Information, um Ihr Erlebnis in jeder Route zu planen: Landkarten, Etappen ...","breadcrumb":{"@id":"https:\/\/www.pilgrim.es\/de\/wege\/#breadcrumb"},"inLanguage":"de","potentialAction":[{"@type":"ReadAction","target":["https:\/\/www.pilgrim.es\/de\/wege\/"]}]},{"@type":"ImageObject","inLanguage":"de","@id":"https:\/\/www.pilgrim.es\/de\/wege\/#primaryimage","url":"https:\/\/www.pilgrim.es\/wp-content\/uploads\/2019\/02\/mapa-full-01-1000x700.jpg","contentUrl":"https:\/\/www.pilgrim.es\/wp-content\/uploads\/2019\/02\/mapa-full-01-1000x700.jpg","width":1000,"height":700,"caption":"Landkarte Jakobsweg"},{"@type":"BreadcrumbList","@id":"https:\/\/www.pilgrim.es\/de\/wege\/#breadcrumb","itemListElement":[{"@type":"ListItem","position":1,"name":"Camino de Santiago","item":"https:\/\/www.pilgrim.es\/de\/"},{"@type":"ListItem","position":2,"name":"Routen des Jakobsweges"}]},{"@type":"WebSite","@id":"https:\/\/www.pilgrim.es\/de\/#website","url":"https:\/\/www.pilgrim.es\/de\/","name":"Pilgrim","description":"Camino de Santiago | Caminamos Contigo","publisher":{"@id":"https:\/\/www.pilgrim.es\/de\/#organization"},"potentialAction":[{"@type":"SearchAction","target":{"@type":"EntryPoint","urlTemplate":"https:\/\/www.pilgrim.es\/de\/?s={search_term_string}"},"query-input":{"@type":"PropertyValueSpecification","valueRequired":true,"valueName":"search_term_string"}}],"inLanguage":"de"},{"@type":"Organization","@id":"https:\/\/www.pilgrim.es\/de\/#organization","name":"Pilgrim Camino de Santiago","url":"https:\/\/www.pilgrim.es\/de\/","logo":{"@type":"ImageObject","inLanguage":"de","@id":"https:\/\/www.pilgrim.es\/de\/#\/schema\/logo\/image\/","url":"https:\/\/www.pilgrim.es\/wp-content\/uploads\/2019\/04\/logo_pilgrim.png","contentUrl":"https:\/\/www.pilgrim.es\/wp-content\/uploads\/2019\/04\/logo_pilgrim.png","width":512,"height":512,"caption":"Pilgrim Camino de Santiago"},"image":{"@id":"https:\/\/www.pilgrim.es\/de\/#\/schema\/logo\/image\/"},"sameAs":["https:\/\/www.facebook.com\/pilgrim.es\/","https:\/\/x.com\/pilgrim_es","https:\/\/www.instagram.com\/pilgrim.es\/","https:\/\/www.linkedin.com\/company\/pilgrim-camino-de-santiago\/","https:\/\/www.pinterest.es\/pilgrimcaminodesantiago\/","https:\/\/www.youtube.com\/channel\/UCIv2ZzFLXVqthkNF32rKedw\/featured"]}]}},"_links":{"self":[{"href":"https:\/\/www.pilgrim.es\/de\/wp-json\/wp\/v2\/pages\/11040","targetHints":{"allow":["GET"]}}],"collection":[{"href":"https:\/\/www.pilgrim.es\/de\/wp-json\/wp\/v2\/pages"}],"about":[{"href":"https:\/\/www.pilgrim.es\/de\/wp-json\/wp\/v2\/types\/page"}],"author":[{"embeddable":true,"href":"https:\/\/www.pilgrim.es\/de\/wp-json\/wp\/v2\/users\/4"}],"replies":[{"embeddable":true,"href":"https:\/\/www.pilgrim.es\/de\/wp-json\/wp\/v2\/comments?post=11040"}],"version-history":[{"count":25,"href":"https:\/\/www.pilgrim.es\/de\/wp-json\/wp\/v2\/pages\/11040\/revisions"}],"predecessor-version":[{"id":139068,"href":"https:\/\/www.pilgrim.es\/de\/wp-json\/wp\/v2\/pages\/11040\/revisions\/139068"}],"wp:featuredmedia":[{"embeddable":true,"href":"https:\/\/www.pilgrim.es\/de\/wp-json\/wp\/v2\/media\/6239"}],"wp:attachment":[{"href":"https:\/\/www.pilgrim.es\/de\/wp-json\/wp\/v2\/media?parent=11040"}],"wp:term":[{"taxonomy":"category","embeddable":true,"href":"https:\/\/www.pilgrim.es\/de\/wp-json\/wp\/v2\/categories?post=11040"},{"taxonomy":"post_tag","embeddable":true,"href":"https:\/\/www.pilgrim.es\/de\/wp-json\/wp\/v2\/tags?post=11040"}],"curies":[{"name":"wp","href":"https:\/\/api.w.org\/{rel}","templated":true}]}}