{"id":10670,"date":"2019-02-11T15:01:04","date_gmt":"2019-02-11T15:01:04","guid":{"rendered":"https:\/\/desarrollo.pilgrim.es\/weg-im-norden\/"},"modified":"2025-11-21T13:13:13","modified_gmt":"2025-11-21T13:13:13","slug":"weg-im-norden","status":"publish","type":"page","link":"https:\/\/www.pilgrim.es\/de\/weg-im-norden\/","title":{"rendered":"Weg im Norden"},"content":{"rendered":"\n<div id=\"way\">\n  <section id=\"heroWay\">\n    <h1>Weg im Norden<\/h1>\n    <div class=\"options-stages\">\n      <p>\n        <a href=\"#stagesFoot\">35 Etappen zu Fu\u00df <\/a> \/\n        <a href=\"#stagesBike\">18 Etappen mit dem Fahrrad <\/a>\n      <\/p>\n    <\/div>\n    <div class=\"main-content\">\n      <div class=\"main-content__col-map\">\n        <img decoding=\"async\" src=\"https:\/\/cdn.pilgrim.es\/web\/caminos\/camino-norte\/home\/mapa-camino-norte.jpg\" alt=\"Landkarte Weg im Norden\" \/>\n      <\/div>\n      <div class=\"main-content__col-planner\"><div\r\n  class=\"p-col-span-1 p-rounded-lg p-px-5 p-h-full\"\r\n  style=\"background-image: url('https:\/\/cdn.pilgrim.es\/web\/pilgrim-planner\/bg-plugin-planificador.webp')\"\r\n  rel=\"preload\"\r\n  fetchpriority=\"high\"\r\n  >\r\n    <div class=\"p-text-center p-pt-5 p-text-white p-text-2xl p-font-semibold\">\r\n      Plane deinen Weg    <\/div>\r\n    <div\r\n            id='primary-app'\r\n            data-name='banner'\r\n            data-api='https:\/\/pathfinder.pilgrim.es\/api\/pathfinder\/v2'\r\n            data-mode='normal'\r\n            data-lang='de'\r\n            data-route='1'\r\n            data-destiny='https:\/\/planificador.pilgrim.es'\r\n            data-modality='1'\r\n            data-inline=''\r\n        ><\/div><\/div><\/div>\n    <\/div>\n  <\/section>\n\n  <section id=\"scoreBarsWay\">\n    <section>\r\n  <div class=\"p-flex p-flex-nowrap p-space-x-4 p-py-5 p-overflow-x-auto md:p-grid md:p-grid-cols-3 lg:p-grid-cols-5 md:p-gap-8 md:p-space-x-0 md:p-overflow-hidden scrollbar-thin\">\r\n    <div class=\"p-grid p-grid-cols-4 p-shrink-0 p-w-72 p-snap-start md:p-w-full\">\r\n        <div class=\"p-col-span-1 p-self-center p-text-center p-text-3xl\">\r\n            <i class=\"icon-influx\"><\/i>\r\n        <\/div>\r\n        <div class=\"p-col-span-3 p-flex p-flex-col p-items-start\">\r\n            <div class=\"p-text-start p-text-secondary p-mb-1 p-bold\"> Zustrom <\/div>\r\n            <div class=\"p-w-full p-bg-light p-rounded-full p-h-2 p-relative\">\r\n                <div class=\"p-bg-primary p-h-2 p-rounded-full p-absolute\" style=\"width: 40%;\"><\/div>\r\n            <\/div>\r\n        <\/div>\r\n    <\/div>\r\n\r\n    <div class=\"p-grid p-grid-cols-4 p-shrink-0 p-w-72 p-snap-start md:p-w-full\">\r\n        <div class=\"p-col-span-1 p-self-center p-text-center p-text-3xl\">\r\n            <i class=\"icon-difficulty\"><\/i>\r\n        <\/div>\r\n        <div class=\"p-col-span-3 p-flex p-flex-col p-items-start\">\r\n            <div class=\"p-text-start p-text-secondary p-mb-1 p-bold\"> Schwierigkeitsgrad <\/div>\r\n            <div class=\"p-w-full p-bg-light p-rounded-full p-h-2 p-relative\">\r\n                <div class=\"p-bg-primary p-h-2 p-rounded-full p-absolute\" style=\"width: 60%;\"><\/div>\r\n            <\/div>\r\n        <\/div>\r\n    <\/div>\r\n\r\n    <div class=\"p-grid p-grid-cols-4 p-shrink-0 p-w-72 p-snap-start md:p-w-full\">\r\n        <div class=\"p-col-span-1 p-self-center p-text-center p-text-3xl\">\r\n            <i class=\"icon-patrimony\"><\/i>\r\n        <\/div>\r\n        <div class=\"p-col-span-3 p-flex p-flex-col p-items-start\">\r\n            <div class=\"p-text-start p-text-secondary p-mb-1 p-bold\"> Kunst\/Geschichte <\/div>\r\n            <div class=\"p-w-full p-bg-light p-rounded-full p-h-2 p-relative\">\r\n                <div class=\"p-bg-primary p-h-2 p-rounded-full p-absolute\" style=\"width: 40%;\"><\/div>\r\n            <\/div>\r\n        <\/div>\r\n    <\/div>\r\n\r\n    <div class=\"p-grid p-grid-cols-4 p-shrink-0 p-w-72 p-snap-start md:p-w-full\">\r\n        <div class=\"p-col-span-1 p-self-center p-text-center p-text-3xl\">\r\n            <i class=\"icon-nature\"><\/i>\r\n        <\/div>\r\n        <div class=\"p-col-span-3 p-flex p-flex-col p-items-start\">\r\n            <div class=\"p-text-start p-text-secondary p-mb-1 p-bold\"> Natur <\/div>\r\n            <div class=\"p-w-full p-bg-light p-rounded-full p-h-2 p-relative\">\r\n                <div class=\"p-bg-primary p-h-2 p-rounded-full p-absolute\" style=\"width: 60%;\"><\/div>\r\n            <\/div>\r\n        <\/div>\r\n    <\/div>\r\n\r\n    <div class=\"p-grid p-grid-cols-4 p-shrink-0 p-w-72 p-snap-start md:p-w-full\">\r\n        <div class=\"p-col-span-1 p-self-center p-text-center p-text-3xl\">\r\n            <i class=\"icon-urban\"><\/i>\r\n        <\/div>\r\n        <div class=\"p-col-span-3 p-flex p-flex-col p-items-start\">\r\n            <div class=\"p-text-start p-text-secondary p-mb-1 p-bold\"> St\u00e4dtischer Weg <\/div>\r\n            <div class=\"p-w-full p-bg-light p-rounded-full p-h-2 p-relative\">\r\n                <div class=\"p-bg-primary p-h-2 p-rounded-full p-absolute\" style=\"width: 20%;\"><\/div>\r\n            <\/div>\r\n        <\/div>\r\n    <\/div>\r\n  <\/div>\r\n<\/section>\n  <\/section>\n\n  <section id=\"summaryWay\">\n    <div class=\"subtitle\">\n      <h4 class=\"p-h4--section\">Einen sch\u00f6nen Spaziergang!<\/h4>\n      <hr \/>\n    <\/div>\n    <div class=\"content-summary\">\n      <div class=\"content-summary__col-text\">\n        <h2>Warum den Weg im Norden w\u00e4hlen?<\/h2>\n\n        <p class=\"p-my-3\">\n          Wir finden in dieser Option eine\n          <strong>weniger massiv- bewanderte Strecke als die franz\u00f6sische<\/strong>, die eine gute Beschilderung, aber auch weniger Infrastruktur\n          aufweist. Es ist direkt nach der Silber-Route,<strong>die zweitl\u00e4ngste Route,<\/strong>die uns mit der Ruhe der K\u00fcstend\u00f6rfer, die wir auf dem Weg erreichen,\n          begleitet. Ihr Verlauf ist fortgehend ruhig, au\u00dfer in den Aufstiegen\n          in die Berge, bei denen wir all unsere Kr\u00e4fte ben\u00f6tigen werden.\n        <\/p>\n\n        <p class=\"p-mb-3\">\n          Der Weg im Norden ist m\u00f6glicherweise eine der Optionen, die uns eine\n          der\n          <strong>eindrucksvollsten landschaftlichen Sch\u00f6nheiten bieten<\/strong>; dank seines Verlaufes zwischen Meer und Bergen, der das Gr\u00fcn der\n          kleinen baskischen, kantabrischen, asturischen oder galicischen D\u00f6rfer\n          mit dem unber\u00fchrten Blau des Kantabrischen Meeres vereint. Dar\u00fcber\n          hinaus hat seine K\u00fcche den Ruf, triumphale Erinnerungen unserer Reise\n          zu wecken, daher steht\n          <strong>die Wahl dieser Route f\u00fcr den sicheren Erfolg<\/strong>, um\n          unserem Wunsch nach, den Zauber des\n          <a href=\"\/de\/\" class=\"p-underline\">Jakobsweges<\/a> zu entdecken.\n        <\/p>\n\n        <!-- Aqu\u00ed agregamos un contenedor para los p\u00e1rrafos ocultos -->\n        <div id=\"moreContent\" class=\"p-hidden\">\n          <p class=\"p-my-3\">\n            Der Weg im Norden verl\u00e4uft von Ost nach West \u00fcber die gesamte\n            Halbinsel, entlang des Kantabrischen Meeres und der wichtigsten\n            Gemeinden im Norden Spaniens. Er beginnt in Ir\u00fan mit Richtung\n            Compostela und hinterl\u00e4sst in St\u00e4dten wie San Sebasti\u00e1n, Bilbao,\n            Santander oder Gij\u00f3n eine unausl\u00f6schliche Spur, bis er in Galicien\n            eintrifft. Von Gij\u00f3n aus m\u00fcssen wir die\n            <strong>grundlegende Entscheidung unserer Pilgerreise<\/strong>\n            treffen, da wir die M\u00f6glichkeit haben, eine Abzweigung zu nehmen,\n            die uns nach Oviedo und auf den Urweg f\u00fchrt, oder aber den\n            <strong>Weg im Norden<\/strong> in Richtung Avil\u00e9s fortzusetzen und\n            \u00fcber Ribadeo Galicien zu erreichen, einer K\u00fcstengemeinde Lugos, die\n            uns etwa 180 km von unserer Ankunft in Santiago trennt.\n          <\/p>\n\n          <p class=\"p-mb-3\">\n            In San Vicente de la Barquera angekommen, einer Stadt Kantabriens,\n            bietet sich die M\u00f6glichkeit, einem Weg mit seiner eigenen Geschichte\n            zu folgen. Hervorzuheben ist, dass er \u00fcber sein eigenes\n            Jubil\u00e4umsjahr verf\u00fcgt, eine Ehre, die er mit den Pilgerschaften nach\n            Rom oder Santiago de Compostela selbst teilt. Dieser Verlauf hei\u00dft\n            \u201eCamino Lebaniego\u201c.\n          <\/p>\n        <\/div>\n        <button id=\"btnSeeMore\">Mehr sehen<\/button>\n        <button id=\"btnSeeLess\" class=\"p-hidden\">Weniger sehen<\/button>\n      <\/div>\n      <div class=\"content-summary__col-experiences\">\n        <section id=\"experiencesCarousel\" class=\"p-relative\">\r\n  <div id=\"experiencesCarousel\" class=\"p-container p-mx-auto p-relative p-w-full lg:p-w-4\/5\">\r\n    <button id=\"prev-slide-experiences\" class=\"slide-button material-symbols-rounded\">\r\n        <div class=\"p-self-item p-font-bold\">&#10094;<\/div>\r\n    <\/button>\r\n    <button id=\"next-slide-experiences\" class=\"slide-button material-symbols-rounded\">\r\n        <div class=\"p-font-bold\">&#10095;<\/div>\r\n    <\/button>\r\n    <div id=\"carousel\" class=\"container-slider p-self-center p-mt-10\">\r\n        <ul class=\"card-list card-list--less-gap\">\r\n                                                <div  class=\"card-item card-item--min\" data-category=\"norte\" data-mode=\"a-pie\">\r\n                        <div class=\"p-rounded-lg p-h-80 p-relative p-p-5 p-text-white p-max-w-[250px] lg:p-max-w-full experience-card-item\">\r\n                            <div class=\"experience-card-bg\" style=\"background-image: url('\/wp-content\/uploads\/2024\/07\/experiencia-norte-desde-vilalba.jpg');\"><\/div>\r\n                            <div class=\"experience-card-content p-h-72 card-item-container p-max-w-[250px] lg:p-max-w-full\">\r\n                                <div class=\"p-flex p-flex-wrap\">\r\n                                    <p class=\"p-col-auto p-m-0 p-px-2 p-border p-border-white p-rounded-lg p-text-sm p-self-center\">Zu Fu\u00df<\/p>\r\n                                    <p class=\"p-text-sm p-self-center p-px-4 p-mb-0\">4,8 \u2605<\/p>\r\n                                <\/div>\r\n                                <h3 class=\"p-font-['Inter'] p-normal-case p-text-base lg:p-text-xl p-font-bold p-my-5\"> <a href=\"\/experiencias\/camino-del-norte-desde-vilalba-pie\/\" id=\"camino-del-norte-desde-vilalba-pie\" target=\"_blank\" class=\"after:p-absolute after:p-inset-0 p-text-white hover:p-text-light\">Weg im Norden von Vilalba<\/a><\/h3>\r\n                                <div class=\"p-flex p-flex-wrap\">\r\n                                    <div class=\"p-col-auto p-flex p-self-center p-pr-0\">\r\n                                        <i class=\"icon-signal\"><\/i>\r\n                                    <\/div>\r\n                                    <div class=\"p-col-auto p-flex p-self-auto p-ml-2\">\r\n                                        <p class=\"p-m-0 p-text-sm p-font-bold\">120 Km<\/p>\r\n                                    <\/div>\r\n                                <\/div>\r\n                                <div class=\"p-flex p-flex-wrap p-my-1\">\r\n                                    <div class=\"p-col-auto p-flex p-self-center p-pr-0\">\r\n                                        <i class=\"icon-calendar\"><\/i>\r\n                                    <\/div>\r\n                                    <div class=\"p-col-auto p-flex p-self-auto p-ml-2\">\r\n                                        <p class=\"p-m-0 p-text-sm p-font-bold\">6 etappen<\/p>\r\n                                    <\/div>\r\n                                <\/div>\r\n                                <div class=\"p-flex p-flex-wrap\">\r\n                                    <div class=\"p-col-auto p-flex p-self-center p-pr-0\">\r\n                                        <i class=\"icon-nights\"><\/i>\r\n                                    <\/div>\r\n                                    <div class=\"p-col-auto p-flex p-align-self-auto p-ml-2\">\r\n                                        <p class=\"p-m-0 p-text-sm p-font-bold\">7 n\u00e4chte<\/p>\r\n                                    <\/div>\r\n                                <\/div>\r\n                                <div class=\"p-w-full p-absolute p-bottom-0 p-pb-3 p-pointer-events-none\">\r\n                                    <div class=\"p-flex p-justify-between\">\r\n                                        <div>\r\n                                            <p class=\"p-text-xs p-uppercase p-font-semibold p-my-1\">Ab<\/p>\r\n                                            <p class=\"p-text-2xl p-font-semibold p-mt-[-12px]\">455\u20ac<\/p>\r\n                                        <\/div>\r\n                                        <div class=\"p-text-white p-w-auto p-h-auto p-p-2 p-self-center p-rounded-full p-bg-dark-opacity\">\r\n                                            <img decoding=\"async\" src=\"\/wp-content\/uploads\/2024\/07\/flecha-r.svg\" alt=\"icono flecha derecha\" class=\"p-text-center p-self-center\">\r\n                                        <\/div>\r\n                                    <\/div>\r\n                                <\/div>\r\n                            <\/div>\r\n                        <\/div>\r\n                    <\/div>\r\n                                                                <div  class=\"card-item card-item--min\" data-category=\"frances\" data-mode=\"a-pie\">\r\n                        <div class=\"p-rounded-lg p-h-80 p-relative p-p-5 p-text-white p-max-w-[250px] lg:p-max-w-full experience-card-item\">\r\n                            <div class=\"experience-card-bg\" style=\"background-image: url('\/wp-content\/uploads\/2024\/07\/experiencia-frances-desde-sarria.jpg');\"><\/div>\r\n                            <div class=\"experience-card-content p-h-72 card-item-container p-max-w-[250px] lg:p-max-w-full\">\r\n                                <div class=\"p-flex p-flex-wrap\">\r\n                                    <p class=\"p-col-auto p-m-0 p-px-2 p-border p-border-white p-rounded-lg p-text-sm p-self-center\">Zu Fu\u00df<\/p>\r\n                                    <p class=\"p-text-sm p-self-center p-px-4 p-mb-0\">4,9 \u2605<\/p>\r\n                                <\/div>\r\n                                <h3 class=\"p-font-['Inter'] p-normal-case p-text-base lg:p-text-xl p-font-bold p-my-5\"> <a href=\"\/experiencias\/camino-frances-desde-sarria\/\" id=\"camino-frances-desde-sarria\" target=\"_blank\" class=\"after:p-absolute after:p-inset-0 p-text-white hover:p-text-light\">Franz\u00f6sischer Weg von Sarria<\/a><\/h3>\r\n                                <div class=\"p-flex p-flex-wrap\">\r\n                                    <div class=\"p-col-auto p-flex p-self-center p-pr-0\">\r\n                                        <i class=\"icon-signal\"><\/i>\r\n                                    <\/div>\r\n                                    <div class=\"p-col-auto p-flex p-self-auto p-ml-2\">\r\n                                        <p class=\"p-m-0 p-text-sm p-font-bold\">111 Km<\/p>\r\n                                    <\/div>\r\n                                <\/div>\r\n                                <div class=\"p-flex p-flex-wrap p-my-1\">\r\n                                    <div class=\"p-col-auto p-flex p-self-center p-pr-0\">\r\n                                        <i class=\"icon-calendar\"><\/i>\r\n                                    <\/div>\r\n                                    <div class=\"p-col-auto p-flex p-self-auto p-ml-2\">\r\n                                        <p class=\"p-m-0 p-text-sm p-font-bold\">5 etappen<\/p>\r\n                                    <\/div>\r\n                                <\/div>\r\n                                <div class=\"p-flex p-flex-wrap\">\r\n                                    <div class=\"p-col-auto p-flex p-self-center p-pr-0\">\r\n                                        <i class=\"icon-nights\"><\/i>\r\n                                    <\/div>\r\n                                    <div class=\"p-col-auto p-flex p-align-self-auto p-ml-2\">\r\n                                        <p class=\"p-m-0 p-text-sm p-font-bold\">6 n\u00e4chte<\/p>\r\n                                    <\/div>\r\n                                <\/div>\r\n                                <div class=\"p-w-full p-absolute p-bottom-0 p-pb-3 p-pointer-events-none\">\r\n                                    <div class=\"p-flex p-justify-between\">\r\n                                        <div>\r\n                                            <p class=\"p-text-xs p-uppercase p-font-semibold p-my-1\">Ab<\/p>\r\n                                            <p class=\"p-text-2xl p-font-semibold p-mt-[-12px]\">450\u20ac<\/p>\r\n                                        <\/div>\r\n                                        <div class=\"p-text-white p-w-auto p-h-auto p-p-2 p-self-center p-rounded-full p-bg-dark-opacity\">\r\n                                            <img decoding=\"async\" src=\"\/wp-content\/uploads\/2024\/07\/flecha-r.svg\" alt=\"icono flecha derecha\" class=\"p-text-center p-self-center\">\r\n                                        <\/div>\r\n                                    <\/div>\r\n                                <\/div>\r\n                            <\/div>\r\n                        <\/div>\r\n                    <\/div>\r\n                                                                <div  class=\"card-item card-item--min\" data-category=\"frances\" data-mode=\"a-pie\">\r\n                        <div class=\"p-rounded-lg p-h-80 p-relative p-p-5 p-text-white p-max-w-[250px] lg:p-max-w-full experience-card-item\">\r\n                            <div class=\"experience-card-bg\" style=\"background-image: url('\/wp-content\/uploads\/2024\/07\/experiencia-santiago-con-perro.jpg');\"><\/div>\r\n                            <div class=\"experience-card-content p-h-72 card-item-container p-max-w-[250px] lg:p-max-w-full\">\r\n                                <div class=\"p-flex p-flex-wrap\">\r\n                                    <p class=\"p-col-auto p-m-0 p-px-2 p-border p-border-white p-rounded-lg p-text-sm p-self-center\">Zu Fu\u00df<\/p>\r\n                                    <p class=\"p-text-sm p-self-center p-px-4 p-mb-0\">4,8 \u2605<\/p>\r\n                                <\/div>\r\n                                <h3 class=\"p-font-['Inter'] p-normal-case p-text-base lg:p-text-xl p-font-bold p-my-5\"> <a href=\"\/experiencias\/camino-frances-perro\/\" id=\"camino-frances-perro\" target=\"_blank\" class=\"after:p-absolute after:p-inset-0 p-text-white hover:p-text-light\">Franz\u00f6sische Art mit Hund<\/a><\/h3>\r\n                                <div class=\"p-flex p-flex-wrap\">\r\n                                    <div class=\"p-col-auto p-flex p-self-center p-pr-0\">\r\n                                        <i class=\"icon-signal\"><\/i>\r\n                                    <\/div>\r\n                                    <div class=\"p-col-auto p-flex p-self-auto p-ml-2\">\r\n                                        <p class=\"p-m-0 p-text-sm p-font-bold\">111 Km<\/p>\r\n                                    <\/div>\r\n                                <\/div>\r\n                                <div class=\"p-flex p-flex-wrap p-my-1\">\r\n                                    <div class=\"p-col-auto p-flex p-self-center p-pr-0\">\r\n                                        <i class=\"icon-calendar\"><\/i>\r\n                                    <\/div>\r\n                                    <div class=\"p-col-auto p-flex p-self-auto p-ml-2\">\r\n                                        <p class=\"p-m-0 p-text-sm p-font-bold\">5 etappen<\/p>\r\n                                    <\/div>\r\n                                <\/div>\r\n                                <div class=\"p-flex p-flex-wrap\">\r\n                                    <div class=\"p-col-auto p-flex p-self-center p-pr-0\">\r\n                                        <i class=\"icon-nights\"><\/i>\r\n                                    <\/div>\r\n                                    <div class=\"p-col-auto p-flex p-align-self-auto p-ml-2\">\r\n                                        <p class=\"p-m-0 p-text-sm p-font-bold\">6 n\u00e4chte<\/p>\r\n                                    <\/div>\r\n                                <\/div>\r\n                                <div class=\"p-w-full p-absolute p-bottom-0 p-pb-3 p-pointer-events-none\">\r\n                                    <div class=\"p-flex p-justify-between\">\r\n                                        <div>\r\n                                            <p class=\"p-text-xs p-uppercase p-font-semibold p-my-1\">Ab<\/p>\r\n                                            <p class=\"p-text-2xl p-font-semibold p-mt-[-12px]\">495\u20ac<\/p>\r\n                                        <\/div>\r\n                                        <div class=\"p-text-white p-w-auto p-h-auto p-p-2 p-self-center p-rounded-full p-bg-dark-opacity\">\r\n                                            <img decoding=\"async\" src=\"\/wp-content\/uploads\/2024\/07\/flecha-r.svg\" alt=\"icono flecha derecha\" class=\"p-text-center p-self-center\">\r\n                                        <\/div>\r\n                                    <\/div>\r\n                                <\/div>\r\n                            <\/div>\r\n                        <\/div>\r\n                    <\/div>\r\n                                                                <div  class=\"card-item card-item--min\" data-category=\"portugues\" data-mode=\"a-pie\">\r\n                        <div class=\"p-rounded-lg p-h-80 p-relative p-p-5 p-text-white p-max-w-[250px] lg:p-max-w-full experience-card-item\">\r\n                            <div class=\"experience-card-bg\" style=\"background-image: url('\/wp-content\/uploads\/2024\/07\/experiencia-portugues-desde-tui.jpg');\"><\/div>\r\n                            <div class=\"experience-card-content p-h-72 card-item-container p-max-w-[250px] lg:p-max-w-full\">\r\n                                <div class=\"p-flex p-flex-wrap\">\r\n                                    <p class=\"p-col-auto p-m-0 p-px-2 p-border p-border-white p-rounded-lg p-text-sm p-self-center\">Zu Fu\u00df<\/p>\r\n                                    <p class=\"p-text-sm p-self-center p-px-4 p-mb-0\">4,9 \u2605<\/p>\r\n                                <\/div>\r\n                                <h3 class=\"p-font-['Inter'] p-normal-case p-text-base lg:p-text-xl p-font-bold p-my-5\"> <a href=\"\/experiencias\/camino-portugues-desde-tui\/\" id=\"camino-portugues-desde-tui\" target=\"_blank\" class=\"after:p-absolute after:p-inset-0 p-text-white hover:p-text-light\">Portugiesischer Weg von Tui<\/a><\/h3>\r\n                                <div class=\"p-flex p-flex-wrap\">\r\n                                    <div class=\"p-col-auto p-flex p-self-center p-pr-0\">\r\n                                        <i class=\"icon-signal\"><\/i>\r\n                                    <\/div>\r\n                                    <div class=\"p-col-auto p-flex p-self-auto p-ml-2\">\r\n                                        <p class=\"p-m-0 p-text-sm p-font-bold\">115 Km<\/p>\r\n                                    <\/div>\r\n                                <\/div>\r\n                                <div class=\"p-flex p-flex-wrap p-my-1\">\r\n                                    <div class=\"p-col-auto p-flex p-self-center p-pr-0\">\r\n                                        <i class=\"icon-calendar\"><\/i>\r\n                                    <\/div>\r\n                                    <div class=\"p-col-auto p-flex p-self-auto p-ml-2\">\r\n                                        <p class=\"p-m-0 p-text-sm p-font-bold\">5 etappen<\/p>\r\n                                    <\/div>\r\n                                <\/div>\r\n                                <div class=\"p-flex p-flex-wrap\">\r\n                                    <div class=\"p-col-auto p-flex p-self-center p-pr-0\">\r\n                                        <i class=\"icon-nights\"><\/i>\r\n                                    <\/div>\r\n                                    <div class=\"p-col-auto p-flex p-align-self-auto p-ml-2\">\r\n                                        <p class=\"p-m-0 p-text-sm p-font-bold\">6 n\u00e4chte<\/p>\r\n                                    <\/div>\r\n                                <\/div>\r\n                                <div class=\"p-w-full p-absolute p-bottom-0 p-pb-3 p-pointer-events-none\">\r\n                                    <div class=\"p-flex p-justify-between\">\r\n                                        <div>\r\n                                            <p class=\"p-text-xs p-uppercase p-font-semibold p-my-1\">Ab<\/p>\r\n                                            <p class=\"p-text-2xl p-font-semibold p-mt-[-12px]\">450\u20ac<\/p>\r\n                                        <\/div>\r\n                                        <div class=\"p-text-white p-w-auto p-h-auto p-p-2 p-self-center p-rounded-full p-bg-dark-opacity\">\r\n                                            <img decoding=\"async\" src=\"\/wp-content\/uploads\/2024\/07\/flecha-r.svg\" alt=\"icono flecha derecha\" class=\"p-text-center p-self-center\">\r\n                                        <\/div>\r\n                                    <\/div>\r\n                                <\/div>\r\n                            <\/div>\r\n                        <\/div>\r\n                    <\/div>\r\n                                                                <div  class=\"card-item card-item--min\" data-category=\"ingles\" data-mode=\"a-pie\">\r\n                        <div class=\"p-rounded-lg p-h-80 p-relative p-p-5 p-text-white p-max-w-[250px] lg:p-max-w-full experience-card-item\">\r\n                            <div class=\"experience-card-bg\" style=\"background-image: url('\/wp-content\/uploads\/2024\/07\/experiencia-ingles-desde-ferrol.jpg');\"><\/div>\r\n                            <div class=\"experience-card-content p-h-72 card-item-container p-max-w-[250px] lg:p-max-w-full\">\r\n                                <div class=\"p-flex p-flex-wrap\">\r\n                                    <p class=\"p-col-auto p-m-0 p-px-2 p-border p-border-white p-rounded-lg p-text-sm p-self-center\">Zu Fu\u00df<\/p>\r\n                                    <p class=\"p-text-sm p-self-center p-px-4 p-mb-0\">4,7 \u2605<\/p>\r\n                                <\/div>\r\n                                <h3 class=\"p-font-['Inter'] p-normal-case p-text-base lg:p-text-xl p-font-bold p-my-5\"> <a href=\"\/experiencias\/camino-ingles-desde-ferrol\/\" id=\"camino-ingles-desde-ferrol\" target=\"_blank\" class=\"after:p-absolute after:p-inset-0 p-text-white hover:p-text-light\">Englischer Weg von Ferrol<\/a><\/h3>\r\n                                <div class=\"p-flex p-flex-wrap\">\r\n                                    <div class=\"p-col-auto p-flex p-self-center p-pr-0\">\r\n                                        <i class=\"icon-signal\"><\/i>\r\n                                    <\/div>\r\n                                    <div class=\"p-col-auto p-flex p-self-auto p-ml-2\">\r\n                                        <p class=\"p-m-0 p-text-sm p-font-bold\">116 Km<\/p>\r\n                                    <\/div>\r\n                                <\/div>\r\n                                <div class=\"p-flex p-flex-wrap p-my-1\">\r\n                                    <div class=\"p-col-auto p-flex p-self-center p-pr-0\">\r\n                                        <i class=\"icon-calendar\"><\/i>\r\n                                    <\/div>\r\n                                    <div class=\"p-col-auto p-flex p-self-auto p-ml-2\">\r\n                                        <p class=\"p-m-0 p-text-sm p-font-bold\">5 etappen<\/p>\r\n                                    <\/div>\r\n                                <\/div>\r\n                                <div class=\"p-flex p-flex-wrap\">\r\n                                    <div class=\"p-col-auto p-flex p-self-center p-pr-0\">\r\n                                        <i class=\"icon-nights\"><\/i>\r\n                                    <\/div>\r\n                                    <div class=\"p-col-auto p-flex p-align-self-auto p-ml-2\">\r\n                                        <p class=\"p-m-0 p-text-sm p-font-bold\">6 n\u00e4chte<\/p>\r\n                                    <\/div>\r\n                                <\/div>\r\n                                <div class=\"p-w-full p-absolute p-bottom-0 p-pb-3 p-pointer-events-none\">\r\n                                    <div class=\"p-flex p-justify-between\">\r\n                                        <div>\r\n                                            <p class=\"p-text-xs p-uppercase p-font-semibold p-my-1\">Ab<\/p>\r\n                                            <p class=\"p-text-2xl p-font-semibold p-mt-[-12px]\">450\u20ac<\/p>\r\n                                        <\/div>\r\n                                        <div class=\"p-text-white p-w-auto p-h-auto p-p-2 p-self-center p-rounded-full p-bg-dark-opacity\">\r\n                                            <img decoding=\"async\" src=\"\/wp-content\/uploads\/2024\/07\/flecha-r.svg\" alt=\"icono flecha derecha\" class=\"p-text-center p-self-center\">\r\n                                        <\/div>\r\n                                    <\/div>\r\n                                <\/div>\r\n                            <\/div>\r\n                        <\/div>\r\n                    <\/div>\r\n                                                                <div  class=\"card-item card-item--min\" data-category=\"fisterra\" data-mode=\"a-pie\">\r\n                        <div class=\"p-rounded-lg p-h-80 p-relative p-p-5 p-text-white p-max-w-[250px] lg:p-max-w-full experience-card-item\">\r\n                            <div class=\"experience-card-bg\" style=\"background-image: url('\/wp-content\/uploads\/2024\/07\/experiencia-santiago-a-fisterra.jpg');\"><\/div>\r\n                            <div class=\"experience-card-content p-h-72 card-item-container p-max-w-[250px] lg:p-max-w-full\">\r\n                                <div class=\"p-flex p-flex-wrap\">\r\n                                    <p class=\"p-col-auto p-m-0 p-px-2 p-border p-border-white p-rounded-lg p-text-sm p-self-center\">Zu Fu\u00df<\/p>\r\n                                    <p class=\"p-text-sm p-self-center p-px-4 p-mb-0\">4,8 \u2605<\/p>\r\n                                <\/div>\r\n                                <h3 class=\"p-font-['Inter'] p-normal-case p-text-base lg:p-text-xl p-font-bold p-my-5\"> <a href=\"\/experiencias\/camino-santiago-fisterra-caminando\/\" id=\"camino-santiago-fisterra-caminando\" target=\"_blank\" class=\"after:p-absolute after:p-inset-0 p-text-white hover:p-text-light\">Jakobsweg nach Fisterra<\/a><\/h3>\r\n                                <div class=\"p-flex p-flex-wrap\">\r\n                                    <div class=\"p-col-auto p-flex p-self-center p-pr-0\">\r\n                                        <i class=\"icon-signal\"><\/i>\r\n                                    <\/div>\r\n                                    <div class=\"p-col-auto p-flex p-self-auto p-ml-2\">\r\n                                        <p class=\"p-m-0 p-text-sm p-font-bold\">85 Km<\/p>\r\n                                    <\/div>\r\n                                <\/div>\r\n                                <div class=\"p-flex p-flex-wrap p-my-1\">\r\n                                    <div class=\"p-col-auto p-flex p-self-center p-pr-0\">\r\n                                        <i class=\"icon-calendar\"><\/i>\r\n                                    <\/div>\r\n                                    <div class=\"p-col-auto p-flex p-self-auto p-ml-2\">\r\n                                        <p class=\"p-m-0 p-text-sm p-font-bold\">3 etappen<\/p>\r\n                                    <\/div>\r\n                                <\/div>\r\n                                <div class=\"p-flex p-flex-wrap\">\r\n                                    <div class=\"p-col-auto p-flex p-self-center p-pr-0\">\r\n                                        <i class=\"icon-nights\"><\/i>\r\n                                    <\/div>\r\n                                    <div class=\"p-col-auto p-flex p-align-self-auto p-ml-2\">\r\n                                        <p class=\"p-m-0 p-text-sm p-font-bold\">4 n\u00e4chte<\/p>\r\n                                    <\/div>\r\n                                <\/div>\r\n                                <div class=\"p-w-full p-absolute p-bottom-0 p-pb-3 p-pointer-events-none\">\r\n                                    <div class=\"p-flex p-justify-between\">\r\n                                        <div>\r\n                                            <p class=\"p-text-xs p-uppercase p-font-semibold p-my-1\">Ab<\/p>\r\n                                            <p class=\"p-text-2xl p-font-semibold p-mt-[-12px]\">315\u20ac<\/p>\r\n                                        <\/div>\r\n                                        <div class=\"p-text-white p-w-auto p-h-auto p-p-2 p-self-center p-rounded-full p-bg-dark-opacity\">\r\n                                            <img decoding=\"async\" src=\"\/wp-content\/uploads\/2024\/07\/flecha-r.svg\" alt=\"icono flecha derecha\" class=\"p-text-center p-self-center\">\r\n                                        <\/div>\r\n                                    <\/div>\r\n                                <\/div>\r\n                            <\/div>\r\n                        <\/div>\r\n                    <\/div>\r\n                                                                <div  class=\"card-item card-item--min\" data-category=\"portugues\" data-mode=\"a-pie\">\r\n                        <div class=\"p-rounded-lg p-h-80 p-relative p-p-5 p-text-white p-max-w-[250px] lg:p-max-w-full experience-card-item\">\r\n                            <div class=\"experience-card-bg\" style=\"background-image: url('\/wp-content\/uploads\/2024\/07\/experiencia-en-bici-desde-oporto.jpg');\"><\/div>\r\n                            <div class=\"experience-card-content p-h-72 card-item-container p-max-w-[250px] lg:p-max-w-full\">\r\n                                <div class=\"p-flex p-flex-wrap\">\r\n                                    <p class=\"p-col-auto p-m-0 p-px-2 p-border p-border-white p-rounded-lg p-text-sm p-self-center\">Mit dem Fahrrad<\/p>\r\n                                    <p class=\"p-text-sm p-self-center p-px-4 p-mb-0\">4,8 \u2605<\/p>\r\n                                <\/div>\r\n                                <h3 class=\"p-font-['Inter'] p-normal-case p-text-base lg:p-text-xl p-font-bold p-my-5\"> <a href=\"\/experiencias\/camino-portugues-en-bicicleta-desde-oporto\/\" id=\"camino-portugues-en-bicicleta-desde-oporto\" target=\"_blank\" class=\"after:p-absolute after:p-inset-0 p-text-white hover:p-text-light\">Der portugiesische Weg mit dem Fahrrad Oporto<\/a><\/h3>\r\n                                <div class=\"p-flex p-flex-wrap\">\r\n                                    <div class=\"p-col-auto p-flex p-self-center p-pr-0\">\r\n                                        <i class=\"icon-signal\"><\/i>\r\n                                    <\/div>\r\n                                    <div class=\"p-col-auto p-flex p-self-auto p-ml-2\">\r\n                                        <p class=\"p-m-0 p-text-sm p-font-bold\">242 Km<\/p>\r\n                                    <\/div>\r\n                                <\/div>\r\n                                <div class=\"p-flex p-flex-wrap p-my-1\">\r\n                                    <div class=\"p-col-auto p-flex p-self-center p-pr-0\">\r\n                                        <i class=\"icon-calendar\"><\/i>\r\n                                    <\/div>\r\n                                    <div class=\"p-col-auto p-flex p-self-auto p-ml-2\">\r\n                                        <p class=\"p-m-0 p-text-sm p-font-bold\">5 etappen<\/p>\r\n                                    <\/div>\r\n                                <\/div>\r\n                                <div class=\"p-flex p-flex-wrap\">\r\n                                    <div class=\"p-col-auto p-flex p-self-center p-pr-0\">\r\n                                        <i class=\"icon-nights\"><\/i>\r\n                                    <\/div>\r\n                                    <div class=\"p-col-auto p-flex p-align-self-auto p-ml-2\">\r\n                                        <p class=\"p-m-0 p-text-sm p-font-bold\">6 n\u00e4chte<\/p>\r\n                                    <\/div>\r\n                                <\/div>\r\n                                <div class=\"p-w-full p-absolute p-bottom-0 p-pb-3 p-pointer-events-none\">\r\n                                    <div class=\"p-flex p-justify-between\">\r\n                                        <div>\r\n                                            <p class=\"p-text-xs p-uppercase p-font-semibold p-my-1\">Ab<\/p>\r\n                                            <p class=\"p-text-2xl p-font-semibold p-mt-[-12px]\">490\u20ac<\/p>\r\n                                        <\/div>\r\n                                        <div class=\"p-text-white p-w-auto p-h-auto p-p-2 p-self-center p-rounded-full p-bg-dark-opacity\">\r\n                                            <img decoding=\"async\" src=\"\/wp-content\/uploads\/2024\/07\/flecha-r.svg\" alt=\"icono flecha derecha\" class=\"p-text-center p-self-center\">\r\n                                        <\/div>\r\n                                    <\/div>\r\n                                <\/div>\r\n                            <\/div>\r\n                        <\/div>\r\n                    <\/div>\r\n                                                                <div  class=\"card-item card-item--min\" data-category=\"primitivo\" data-mode=\"a-pie\">\r\n                        <div class=\"p-rounded-lg p-h-80 p-relative p-p-5 p-text-white p-max-w-[250px] lg:p-max-w-full experience-card-item\">\r\n                            <div class=\"experience-card-bg\" style=\"background-image: url('\/wp-content\/uploads\/2024\/07\/experiencia-en-bici-desde-oviedo.jpg');\"><\/div>\r\n                            <div class=\"experience-card-content p-h-72 card-item-container p-max-w-[250px] lg:p-max-w-full\">\r\n                                <div class=\"p-flex p-flex-wrap\">\r\n                                    <p class=\"p-col-auto p-m-0 p-px-2 p-border p-border-white p-rounded-lg p-text-sm p-self-center\">Mit dem Fahrrad<\/p>\r\n                                    <p class=\"p-text-sm p-self-center p-px-4 p-mb-0\">4,8 \u2605<\/p>\r\n                                <\/div>\r\n                                <h3 class=\"p-font-['Inter'] p-normal-case p-text-base lg:p-text-xl p-font-bold p-my-5\"> <a href=\"\/experiencias\/camino-primitivo-desde-oviedo-bici\/\" id=\"camino-primitivo-desde-oviedo-bici\" target=\"_blank\" class=\"after:p-absolute after:p-inset-0 p-text-white hover:p-text-light\">Der primitive Weg mit dem Fahrrad von Oviedo aus<\/a><\/h3>\r\n                                <div class=\"p-flex p-flex-wrap\">\r\n                                    <div class=\"p-col-auto p-flex p-self-center p-pr-0\">\r\n                                        <i class=\"icon-signal\"><\/i>\r\n                                    <\/div>\r\n                                    <div class=\"p-col-auto p-flex p-self-auto p-ml-2\">\r\n                                        <p class=\"p-m-0 p-text-sm p-font-bold\">313 Km<\/p>\r\n                                    <\/div>\r\n                                <\/div>\r\n                                <div class=\"p-flex p-flex-wrap p-my-1\">\r\n                                    <div class=\"p-col-auto p-flex p-self-center p-pr-0\">\r\n                                        <i class=\"icon-calendar\"><\/i>\r\n                                    <\/div>\r\n                                    <div class=\"p-col-auto p-flex p-self-auto p-ml-2\">\r\n                                        <p class=\"p-m-0 p-text-sm p-font-bold\">7 etappen<\/p>\r\n                                    <\/div>\r\n                                <\/div>\r\n                                <div class=\"p-flex p-flex-wrap\">\r\n                                    <div class=\"p-col-auto p-flex p-self-center p-pr-0\">\r\n                                        <i class=\"icon-nights\"><\/i>\r\n                                    <\/div>\r\n                                    <div class=\"p-col-auto p-flex p-align-self-auto p-ml-2\">\r\n                                        <p class=\"p-m-0 p-text-sm p-font-bold\">8 n\u00e4chte<\/p>\r\n                                    <\/div>\r\n                                <\/div>\r\n                                <div class=\"p-w-full p-absolute p-bottom-0 p-pb-3 p-pointer-events-none\">\r\n                                    <div class=\"p-flex p-justify-between\">\r\n                                        <div>\r\n                                            <p class=\"p-text-xs p-uppercase p-font-semibold p-my-1\">Ab<\/p>\r\n                                            <p class=\"p-text-2xl p-font-semibold p-mt-[-12px]\">325\u20ac<\/p>\r\n                                        <\/div>\r\n                                        <div class=\"p-text-white p-w-auto p-h-auto p-p-2 p-self-center p-rounded-full p-bg-dark-opacity\">\r\n                                            <img decoding=\"async\" src=\"\/wp-content\/uploads\/2024\/07\/flecha-r.svg\" alt=\"icono flecha derecha\" class=\"p-text-center p-self-center\">\r\n                                        <\/div>\r\n                                    <\/div>\r\n                                <\/div>\r\n                            <\/div>\r\n                        <\/div>\r\n                    <\/div>\r\n                                        <div class=\"p-group card-item card-item--min p-p-5 p-relative p-rounded-lg p-bg-brown-light p-max-w-[250px] lg:p-max-w-full\">\r\n              <div class=\"p-h-full p-w-full p-flex p-justify-center p-z-10 p-rounded-lg\">\r\n                <div class=\"p-self-center p-flex p-flex-col p-justify-center p-text-center p-content-center\">\r\n                  <div class=\"p-border p-border-2 p-border-primary p-h-10 p-w-10 lg:p-h-16 lg:p-w-16 p-rounded-full p-mb-5 p-self-center\">\r\n                    <p class=\"p-self-center p-text-2xl lg:p-text-4xl p-text-primary\">+<\/p>\r\n                  <\/div>\r\n                  <p class=\"p-text-base lg:p-text-xl p-text-gray p-font-bold\">Siehe alle <br> unsere Erfahrungen<\/p>\r\n                  <button class=\"p-bg-primary p-my-5 p-rounded-lg p-px-5 p-py-2 hover:p-bg-primary-dark\">\r\n                    <a href=\"https:\/\/www.pilgrim.es\/de\/erlebnisse\/\"  class=\"after:p-absolute after:p-inset-0 p-text-white p-h-10 hover:p-text-white p-text-base lg:p-text-xl\">Mehr Routen<\/a>\r\n                  <\/button>\r\n                <\/div>\r\n              <\/div>\r\n            <\/div>\r\n        <\/ul>\r\n        <div class=\"slider-scrollbar\">\r\n            <div class=\"scrollbar-track\">\r\n                <div class=\"scrollbar-thumb\"><\/div>\r\n            <\/div>\r\n        <\/div>\r\n        <div id=\"indicators\" class=\"slider-indicators\"><\/div>\r\n    <\/div>\r\n  <\/div>\r\n<\/section>\r\n<script>\/\/ Aqu\u00ed va el c\u00f3digo JavaScript que maneja el slider\r\nconst initSlider = () => {\r\n  const imageList = document.querySelector(\".slider-wrapper .card-list\");\r\n  const slideButtons = document.querySelectorAll(\r\n    \".slider-wrapper .slide-button\"\r\n  );\r\n  const sliderScrollbar = document.querySelector(\r\n    \".container-slider .slider-scrollbar\"\r\n  );\r\n  const indicators = document.querySelectorAll(\".slider-indicators .indicator\");\r\n\r\n  if (sliderScrollbar && imageList && slideButtons) {\r\n    const scrollbarThumb =\r\n      sliderScrollbar.getElementsByClassName(\"scrollbar-thumb\");\r\n    const maxScrollLeft = imageList.scrollWidth - imageList.clientWidth;\r\n\r\n    \/\/ manejar scroll\r\n    scrollbarThumb.addEventListener(\"mousedown\", (e) => {\r\n      const startX = e.clientX;\r\n      const thumbPosition = scrollbarThumb.offsetLeft;\r\n      const maxThumbPosition =\r\n        sliderScrollbar.getBoundingClientRect().width -\r\n        scrollbarThumb.offsetWidth;\r\n\r\n      \/\/ actualizar posici\u00f3n con movimiento de rat\u00f3n\r\n      const handleMouseMove = (e) => {\r\n        const deltaX = e.clientX - startX;\r\n        const newThumbPosition = thumbPosition + deltaX;\r\n\r\n        \/\/ para que la scrollbar no se salga\r\n        const boundedPosition = Math.max(\r\n          0,\r\n          Math.min(maxThumbPosition, newThumbPosition)\r\n        );\r\n        const scrollPosition =\r\n          (boundedPosition \/ maxThumbPosition) * maxScrollLeft;\r\n\r\n        scrollbarThumb.style.left = `${boundedPosition}px`;\r\n        imageList.scrollLeft = scrollPosition;\r\n      };\r\n\r\n      \/\/ quitar escuchadores en mouse up\r\n      const handleMouseUp = () => {\r\n        document.removeEventListener(\"mousemove\", handleMouseMove);\r\n        document.removeEventListener(\"mouseup\", handleMouseUp);\r\n      };\r\n\r\n      \/\/ a\u00f1adir escuchadores para arrastre\r\n      document.addEventListener(\"mousemove\", handleMouseMove);\r\n      document.addEventListener(\"mouseup\", handleMouseUp);\r\n    });\r\n\r\n    \/\/ mover im\u00e1genes seg\u00fan los clicks al bot\u00f3n del slide\r\n    slideButtons.forEach((button) => {\r\n      button.addEventListener(\"click\", () => {\r\n        const direction = button.id === \"prev-slide\" ? -1 : 1;\r\n        const scrollAmount = imageList.clientWidth * direction;\r\n        imageList.scrollBy({ left: scrollAmount, behavior: \"smooth\" });\r\n        updateIndicators();\r\n      });\r\n    });\r\n\r\n    \/\/ mostrar o no los botones del slide seg\u00fan posici\u00f3n\r\n    const handleSlideButtons = () => {\r\n      slideButtons[0].style.display =\r\n        imageList.scrollLeft <= 0 ? \"none\" : \"flex\";\r\n      slideButtons[1].style.display =\r\n        imageList.scrollLeft >= maxScrollLeft ? \"none\" : \"flex\";\r\n    };\r\n\r\n    \/\/ actualizar posici\u00f3n de la scrollbar seg\u00fan posici\u00f3n\r\n    const updateScrollThumbPosition = () => {\r\n      const scrollPosition = imageList.scrollLeft;\r\n      const thumbPosition =\r\n        (scrollPosition \/ maxScrollLeft) *\r\n        (sliderScrollbar.clientWidth - scrollbarThumb.offsetWidth);\r\n      scrollbarThumb.style.left = `${thumbPosition}px`;\r\n    };\r\n\r\n    \/\/ actualizar indicadores seg\u00fan posici\u00f3n\r\n    const updateIndicators = () => {\r\n      const currentSlide = Math.round(\r\n        imageList.scrollLeft \/ imageList.clientWidth\r\n      );\r\n      indicators.forEach((indicator, index) => {\r\n        indicator.classList.toggle(\"active\", index === currentSlide);\r\n      });\r\n    };\r\n\r\n    \/\/ llamar funciones al hacer scroll en la lista\r\n    imageList.addEventListener(\"scroll\", () => {\r\n      updateScrollThumbPosition();\r\n      handleSlideButtons();\r\n      updateIndicators();\r\n    });\r\n\r\n    \/\/ a\u00f1adir eventos de click en los indicadores\r\n    indicators.forEach((indicator, index) => {\r\n      indicator.addEventListener(\"click\", () => {\r\n        const scrollPosition = index * imageList.clientWidth;\r\n        imageList.scrollTo({ left: scrollPosition, behavior: \"smooth\" });\r\n      });\r\n    });\r\n\r\n    \/\/ configuraci\u00f3n inicial\r\n    updateScrollThumbPosition();\r\n    handleSlideButtons();\r\n    updateIndicators();\r\n  }\r\n};\r\n\r\nwindow.addEventListener(\"resize\", initSlider);\r\nwindow.addEventListener(\"load\", initSlider);\r\n<\/script>\n      <\/div>\n    <\/div>\n  <\/section>\n  <section id=\"stagesFoot\">\n    <div class=\"subtitle\">\n      <h4 class=\"p-h4--section\">35 etappen \/ 804 <span class=\"p-normal-case\">Kms<\/span><\/h4>\n      <hr \/>\n      <h2>Etappen des Northern Way zu Fu\u00df<\/h2>\n    <\/div>\n    <div id=\"stagesContainer\" class=\"container-stages scrollbar-thin\">\n      <div class=\"p-group card-stage\">\n        <a href=\"https:\/\/www.pilgrim.es\/de\/weg-im-norden\/etappe-1-irun-san-sebastian\/\" class=\"hover:p-text-gray-dark\">\n          <div class=\"card-stage__header\">\n            <img decoding=\"async\" src=\"https:\/\/cdn.pilgrim.es\/web\/caminos\/camino-norte\/pueblos\/irun.jpg\" alt=\"Ir\u00fan\" class=\"group-hover:p-scale-110\" \/>\n            <div class=\"card-overlay group-hover:p-opacity-50\"><\/div>\n            <div class=\"number-stage\">\n              <span>1<\/span>\n            <\/div>\n          <\/div>\n\n          <div class=\"card-stage__body\">\n            <div class=\"title-stage\">\n              <h3 class=\"title-stage__start\">Ir\u00fan<\/h3>\n              <h3><span>&#10095;<\/span> San Sebasti\u00e1n<\/h3>\n              <div class=\"title-stage__tips\">\n                <h3>Etappe 1 :<\/h3>\n                <div><i class=\"icon-location\"><\/i> 24,7Km<\/div>\n                <div><i class=\"icon-clock\"><\/i> 5,5Std.<\/div>\n                <div><i class=\"icon-difficulty\"><\/i> 3\/5<\/div>\n              <\/div>\n            <\/div>\n            <button class=\"btn-arrow\">\n              <i class=\"icon-arrow\"><\/i>\n            <\/button>\n          <\/div>\n        <\/a>\n      <\/div>\n      <div class=\"p-group card-stage\">\n        <a href=\"https:\/\/www.pilgrim.es\/de\/weg-im-norden\/etappe-2-sansebastian-zarautz\/\" class=\"hover:p-text-gray-dark\">\n          <div class=\"card-stage__header\">\n            <img decoding=\"async\" src=\"https:\/\/cdn.pilgrim.es\/web\/caminos\/camino-norte\/pueblos\/san-sebastian.jpg\" alt=\"San Sebasti\u00e1n\" class=\"group-hover:p-scale-110\" \/>\n            <div class=\"card-overlay group-hover:p-opacity-50\"><\/div>\n            <div class=\"number-stage\">\n              <span>2<\/span>\n            <\/div>\n          <\/div>\n          <div class=\"card-stage__body\">\n            <div class=\"title-stage\">\n              <h3 class=\"title-stage__start\">San Sebasti\u00e1n<\/h3>\n              <h3><span>&#10095;<\/span> Zarautz<\/h3>\n              <div class=\"title-stage__tips\">\n                <h3>Etappe 2 :<\/h3>\n                <div><i class=\"icon-location\"><\/i> 22,1Km<\/div>\n                <div><i class=\"icon-clock\"><\/i> 5Std.<\/div>\n                <div><i class=\"icon-difficulty\"><\/i> 3\/5<\/div>\n              <\/div>\n            <\/div>\n            <button class=\"btn-arrow\">\n              <i class=\"icon-arrow\"><\/i>\n            <\/button>\n          <\/div>\n        <\/a>\n      <\/div>\n      <div class=\"p-group card-stage\">\n        <a href=\"https:\/\/www.pilgrim.es\/de\/weg-im-norden\/etappe-3-zarautz-deba\/\" class=\"hover:p-text-gray-dark\">\n          <div class=\"card-stage__header\">\n            <img decoding=\"async\" src=\"https:\/\/cdn.pilgrim.es\/web\/caminos\/camino-norte\/pueblos\/deba.jpg\" alt=\"Deba\" class=\"group-hover:p-scale-110\" \/>\n            <div class=\"card-overlay group-hover:p-opacity-50\"><\/div>\n            <div class=\"number-stage\">\n              <span>3<\/span>\n            <\/div>\n          <\/div>\n          <div class=\"card-stage__body\">\n            <div class=\"title-stage\">\n              <h3 class=\"title-stage__start\">Zarautz<\/h3>\n              <h3><span>&#10095;<\/span> Deba<\/h3>\n              <div class=\"title-stage__tips\">\n                <h3>Etappe 3 :<\/h3>\n                <div><i class=\"icon-location\"><\/i> 21Km<\/div>\n                <div><i class=\"icon-clock\"><\/i> 5Std.<\/div>\n                <div><i class=\"icon-difficulty\"><\/i> 3\/5<\/div>\n              <\/div>\n            <\/div>\n            <button class=\"btn-arrow\">\n              <i class=\"icon-arrow\"><\/i>\n            <\/button>\n          <\/div>\n        <\/a>\n      <\/div>\n      <div class=\"p-group card-stage\">\n        <a href=\"https:\/\/www.pilgrim.es\/de\/weg-im-norden\/etappe-4-deba-markinaxemein\/\" class=\"hover:p-text-gray-dark\">\n          <div class=\"card-stage__header\">\n            <img decoding=\"async\" src=\"https:\/\/cdn.pilgrim.es\/web\/caminos\/camino-norte\/pueblos\/markina.jpg\" alt=\"Markina\" class=\"group-hover:p-scale-110\" \/>\n            <div class=\"card-overlay group-hover:p-opacity-50\"><\/div>\n            <div class=\"number-stage\">\n              <span>4<\/span>\n            <\/div>\n          <\/div>\n          <div class=\"card-stage__body\">\n            <div class=\"title-stage\">\n              <h3 class=\"title-stage__start\">Deba<\/h3>\n              <h3><span>&#10095;<\/span> Markina<\/h3>\n              <div class=\"title-stage__tips\">\n                <h3>Etappe 4 :<\/h3>\n                <div><i class=\"icon-location\"><\/i> 24Km<\/div>\n                <div><i class=\"icon-clock\"><\/i> 5,5Std.<\/div>\n                <div><i class=\"icon-difficulty\"><\/i> 4\/5<\/div>\n              <\/div>\n            <\/div>\n            <button class=\"btn-arrow\">\n              <i class=\"icon-arrow\"><\/i>\n            <\/button>\n          <\/div>\n        <\/a>\n      <\/div>\n      <div class=\"p-group card-stage\">\n        <a href=\"https:\/\/www.pilgrim.es\/de\/weg-im-norden\/etappe-5-markinaxemein-guernika-lumo\/\" class=\"hover:p-text-gray-dark\">\n          <div class=\"card-stage__header\">\n            <img decoding=\"async\" src=\"https:\/\/cdn.pilgrim.es\/web\/caminos\/camino-norte\/pueblos\/gernika.jpg\" alt=\"Gernika\" class=\"group-hover:p-scale-110\" \/>\n            <div class=\"card-overlay group-hover:p-opacity-50\"><\/div>\n            <div class=\"number-stage\">\n              <span>5<\/span>\n            <\/div>\n          <\/div>\n          <div class=\"card-stage__body\">\n            <div class=\"title-stage\">\n              <h3 class=\"title-stage__start\">Markina<\/h3>\n              <h3><span>&#10095;<\/span> Gernika<\/h3>\n              <div class=\"title-stage__tips\">\n                <h3>Etappe 5 :<\/h3>\n                <div><i class=\"icon-location\"><\/i> 25,4Km<\/div>\n                <div><i class=\"icon-clock\"><\/i> 5,5Std.<\/div>\n                <div><i class=\"icon-difficulty\"><\/i> 3\/5<\/div>\n              <\/div>\n            <\/div>\n            <button class=\"btn-arrow\">\n              <i class=\"icon-arrow\"><\/i>\n            <\/button>\n          <\/div>\n        <\/a>\n      <\/div>\n      <div class=\"p-group card-stage\">\n        <a href=\"https:\/\/www.pilgrim.es\/de\/weg-im-norden\/etappe-6-guernika-lumo-lezama\/\" class=\"hover:p-text-gray-dark\">\n          <div class=\"card-stage__header\">\n            <img decoding=\"async\" src=\"https:\/\/cdn.pilgrim.es\/web\/caminos\/camino-norte\/pueblos\/lezama.jpg\" alt=\"Lezama\" class=\"group-hover:p-scale-110\" \/>\n            <div class=\"card-overlay group-hover:p-opacity-50\"><\/div>\n            <div class=\"number-stage\"><span>6<\/span><\/div>\n          <\/div>\n          <div class=\"card-stage__body\">\n            <div class=\"title-stage\">\n              <h3 class=\"title-stage__start\">Gernika<\/h3>\n              <h3><span>&#10095;<\/span> Lezama<\/h3>\n              <div class=\"title-stage__tips\">\n                <h3>Etappe 6 :<\/h3>\n                <div><i class=\"icon-location\"><\/i> 19,8Km<\/div>\n                <div><i class=\"icon-clock\"><\/i> 4,5Std.<\/div>\n                <div><i class=\"icon-difficulty\"><\/i> 3\/5<\/div>\n              <\/div>\n            <\/div>\n            <button class=\"btn-arrow\">\n              <i class=\"icon-arrow\"><\/i>\n            <\/button>\n          <\/div>\n        <\/a>\n      <\/div>\n\n      <div class=\"p-group card-stage\">\n        <a href=\"https:\/\/www.pilgrim.es\/de\/weg-im-norden\/etappe-7-lezama-bilbao\/\" class=\"hover:p-text-gray-dark\">\n          <div class=\"card-stage__header\">\n            <img decoding=\"async\" src=\"https:\/\/cdn.pilgrim.es\/web\/caminos\/camino-norte\/pueblos\/bilbao.jpg\" alt=\"Bilbao\" class=\"group-hover:p-scale-110\" \/>\n            <div class=\"card-overlay group-hover:p-opacity-50\"><\/div>\n            <div class=\"number-stage\"><span>7<\/span><\/div>\n          <\/div>\n          <div class=\"card-stage__body\">\n            <div class=\"title-stage\">\n              <h3 class=\"title-stage__start\">Lezama<\/h3>\n              <h3><span>&#10095;<\/span> Bilbao<\/h3>\n              <div class=\"title-stage__tips\">\n                <h3>Etappe 7 :<\/h3>\n                <div><i class=\"icon-location\"><\/i> 11Km<\/div>\n                <div><i class=\"icon-clock\"><\/i> 2,5Std.<\/div>\n                <div><i class=\"icon-difficulty\"><\/i> 2\/5<\/div>\n              <\/div>\n            <\/div>\n            <button class=\"btn-arrow\">\n              <i class=\"icon-arrow\"><\/i>\n            <\/button>\n          <\/div>\n        <\/a>\n      <\/div>\n\n      <div class=\"p-group card-stage\">\n        <a href=\"https:\/\/www.pilgrim.es\/de\/weg-im-norden\/etappe-8-bilbao-portugalete\/\" class=\"hover:p-text-gray-dark\">\n          <div class=\"card-stage__header\">\n            <img decoding=\"async\" src=\"https:\/\/cdn.pilgrim.es\/web\/caminos\/camino-norte\/pueblos\/portugalete.jpg\" alt=\"Portugalete\" class=\"group-hover:p-scale-110\" \/>\n            <div class=\"card-overlay group-hover:p-opacity-50\"><\/div>\n            <div class=\"number-stage\"><span>8<\/span><\/div>\n          <\/div>\n          <div class=\"card-stage__body\">\n            <div class=\"title-stage\">\n              <h3 class=\"title-stage__start\">Bilbao<\/h3>\n              <h3><span>&#10095;<\/span> Portugalete<\/h3>\n              <div class=\"title-stage__tips\">\n                <h3>Etappe 8 :<\/h3>\n                <div><i class=\"icon-location\"><\/i> 19,2Km<\/div>\n                <div><i class=\"icon-clock\"><\/i> 4,5Std.<\/div>\n                <div><i class=\"icon-difficulty\"><\/i> 2\/5<\/div>\n              <\/div>\n            <\/div>\n            <button class=\"btn-arrow\">\n              <i class=\"icon-arrow\"><\/i>\n            <\/button>\n          <\/div>\n        <\/a>\n      <\/div>\n\n      <div class=\"p-group card-stage\">\n        <a href=\"https:\/\/www.pilgrim.es\/de\/weg-im-norden\/etappe-9-portugalete-pobenacastro-urdiales\/\" class=\"hover:p-text-gray-dark\">\n          <div class=\"card-stage__header\">\n            <img decoding=\"async\" src=\"https:\/\/cdn.pilgrim.es\/web\/caminos\/camino-norte\/pueblos\/castro-urdiales.jpg\" alt=\"Castro Urdiales\" class=\"group-hover:p-scale-110\" \/>\n            <div class=\"card-overlay group-hover:p-opacity-50\"><\/div>\n            <div class=\"number-stage\"><span>9<\/span><\/div>\n          <\/div>\n          <div class=\"card-stage__body\">\n            <div class=\"title-stage\">\n              <h3 class=\"title-stage__start\">Portugalete<\/h3>\n              <h3><span>&#10095;<\/span> Castro Urdiales<\/h3>\n              <div class=\"title-stage__tips\">\n                <h3>Etappe 9 :<\/h3>\n                <div><i class=\"icon-location\"><\/i> 25,4Km<\/div>\n                <div><i class=\"icon-clock\"><\/i> 5,5Std.<\/div>\n                <div><i class=\"icon-difficulty\"><\/i> 3\/5<\/div>\n              <\/div>\n            <\/div>\n            <button class=\"btn-arrow\">\n              <i class=\"icon-arrow\"><\/i>\n            <\/button>\n          <\/div>\n        <\/a>\n      <\/div>\n\n      <div class=\"p-group card-stage\">\n        <a href=\"https:\/\/www.pilgrim.es\/de\/weg-im-norden\/etappe-10-castro-urdiales-laredo\/\" class=\"hover:p-text-gray-dark\">\n          <div class=\"card-stage__header\">\n            <img decoding=\"async\" src=\"https:\/\/cdn.pilgrim.es\/web\/caminos\/camino-norte\/pueblos\/laredo.jpg\" alt=\"Laredo\" class=\"group-hover:p-scale-110\" \/>\n            <div class=\"card-overlay group-hover:p-opacity-50\"><\/div>\n            <div class=\"number-stage\"><span>10<\/span><\/div>\n          <\/div>\n          <div class=\"card-stage__body\">\n            <div class=\"title-stage\">\n              <h3 class=\"title-stage__start\">Castro Urdiales<\/h3>\n              <h3><span>&#10095;<\/span> Laredo<\/h3>\n              <div class=\"title-stage__tips\">\n                <h3>Etappe 10 :<\/h3>\n                <div><i class=\"icon-location\"><\/i> 25,7Km<\/div>\n                <div><i class=\"icon-clock\"><\/i> 6Std.<\/div>\n                <div><i class=\"icon-difficulty\"><\/i> 3\/5<\/div>\n              <\/div>\n            <\/div>\n            <button class=\"btn-arrow\">\n              <i class=\"icon-arrow\"><\/i>\n            <\/button>\n          <\/div>\n        <\/a>\n      <\/div>\n\n      <div class=\"p-group card-stage\">\n        <a href=\"https:\/\/www.pilgrim.es\/de\/weg-im-norden\/etappe-11-laredo-guemes\/\" class=\"hover:p-text-gray-dark\">\n          <div class=\"card-stage__header\">\n            <img decoding=\"async\" src=\"https:\/\/cdn.pilgrim.es\/web\/caminos\/camino-norte\/pueblos\/guemes.jpg\" alt=\"Guemes\" class=\"group-hover:p-scale-110\" \/>\n            <div class=\"card-overlay group-hover:p-opacity-50\"><\/div>\n            <div class=\"number-stage\"><span>11<\/span><\/div>\n          <\/div>\n          <div class=\"card-stage__body\">\n            <div class=\"title-stage\">\n              <h3 class=\"title-stage__start\">Laredo<\/h3>\n              <h3><span>&#10095;<\/span> Guemes<\/h3>\n              <div class=\"title-stage__tips\">\n                <h3>Etappe 11 :<\/h3>\n                <div><i class=\"icon-location\"><\/i> 28,7km<\/div>\n                <div><i class=\"icon-clock\"><\/i> 6,5Std.<\/div>\n                <div><i class=\"icon-difficulty\"><\/i> 3\/5<\/div>\n              <\/div>\n            <\/div>\n            <button class=\"btn-arrow\">\n              <i class=\"icon-arrow\"><\/i>\n            <\/button>\n          <\/div>\n        <\/a>\n      <\/div>\n\n      <div class=\"p-group card-stage\">\n        <a href=\"https:\/\/www.pilgrim.es\/de\/weg-im-norden\/etappe-12-guemes-santander\/\" class=\"hover:p-text-gray-dark\">\n          <div class=\"card-stage__header\">\n            <img decoding=\"async\" src=\"https:\/\/cdn.pilgrim.es\/web\/caminos\/camino-norte\/pueblos\/santander.jpg\" alt=\"Santander\" class=\"group-hover:p-scale-110\" \/>\n            <div class=\"card-overlay group-hover:p-opacity-50\"><\/div>\n            <div class=\"number-stage\"><span>12<\/span><\/div>\n          <\/div>\n          <div class=\"card-stage__body\">\n            <div class=\"title-stage\">\n              <h3 class=\"title-stage__start\">Guemes<\/h3>\n              <h3><span>&#10095;<\/span> Santander<\/h3>\n              <div class=\"title-stage__tips\">\n                <h3>Etappe 12 :<\/h3>\n                <div><i class=\"icon-location\"><\/i> 15,3Km<\/div>\n                <div><i class=\"icon-clock\"><\/i> 3,5Std.<\/div>\n                <div><i class=\"icon-difficulty\"><\/i> 1\/5<\/div>\n              <\/div>\n            <\/div>\n            <button class=\"btn-arrow\">\n              <i class=\"icon-arrow\"><\/i>\n            <\/button>\n          <\/div>\n        <\/a>\n      <\/div>\n\n      <!-- M\u00e1s Etapas -->\n      <div class=\"p-group card-stage\">\n        <a href=\"https:\/\/www.pilgrim.es\/de\/weg-im-norden\/etappe-13-santander-santillana-del-mar\/\" class=\"hover:p-text-gray-dark\">\n          <div class=\"card-stage__header\">\n            <img decoding=\"async\" src=\"https:\/\/cdn.pilgrim.es\/web\/caminos\/camino-norte\/pueblos\/santillana-del-mar.jpg\" alt=\"Santillana del Mar\" class=\"group-hover:p-scale-110\" \/>\n            <div class=\"card-overlay group-hover:p-opacity-50\"><\/div>\n            <div class=\"number-stage\"><span>13<\/span><\/div>\n          <\/div>\n          <div class=\"card-stage__body\">\n            <div class=\"title-stage\">\n              <h3 class=\"title-stage__start\">Santander<\/h3>\n              <h3><span>&#10095;<\/span> Santillana del Mar<\/h3>\n              <div class=\"title-stage__tips\">\n                <h3>Etappe 13 :<\/h3>\n                <div><i class=\"icon-location\"><\/i> 36,3Km<\/div>\n                <div><i class=\"icon-clock\"><\/i> 8,5Std.<\/div>\n                <div><i class=\"icon-difficulty\"><\/i> 4\/5<\/div>\n              <\/div>\n            <\/div>\n            <button class=\"btn-arrow\">\n              <i class=\"icon-arrow\"><\/i>\n            <\/button>\n          <\/div>\n        <\/a>\n      <\/div>\n\n      <div class=\"p-group card-stage\">\n        <a href=\"https:\/\/www.pilgrim.es\/de\/weg-im-norden\/etappe-14-santillana-del-mar-comillas\/\" class=\"hover:p-text-gray-dark\">\n          <div class=\"card-stage__header\">\n            <img decoding=\"async\" src=\"https:\/\/cdn.pilgrim.es\/web\/caminos\/camino-norte\/pueblos\/comillas.jpg\" alt=\"Comillas\" class=\"group-hover:p-scale-110\" \/>\n            <div class=\"card-overlay group-hover:p-opacity-50\"><\/div>\n            <div class=\"number-stage\"><span>14<\/span><\/div>\n          <\/div>\n          <div class=\"card-stage__body\">\n            <div class=\"title-stage\">\n              <h3 class=\"title-stage__start\">Santillana del Mar<\/h3>\n              <h3><span>&#10095;<\/span> Comillas<\/h3>\n              <div class=\"title-stage__tips\">\n                <h3>Etappe 14 :<\/h3>\n                <div><i class=\"icon-location\"><\/i> 22,2Km<\/div>\n                <div><i class=\"icon-clock\"><\/i> 5Std.<\/div>\n                <div><i class=\"icon-difficulty\"><\/i> 2\/5<\/div>\n              <\/div>\n            <\/div>\n            <button class=\"btn-arrow\">\n              <i class=\"icon-arrow\"><\/i>\n            <\/button>\n          <\/div>\n        <\/a>\n      <\/div>\n\n      <div class=\"p-group card-stage\">\n        <a href=\"https:\/\/www.pilgrim.es\/de\/weg-im-norden\/etappe-15-comillas-colombres\/\" class=\"hover:p-text-gray-dark\">\n          <div class=\"card-stage__header\">\n            <img decoding=\"async\" src=\"https:\/\/cdn.pilgrim.es\/web\/caminos\/camino-norte\/pueblos\/colombres.jpg\" alt=\"Colombres\" class=\"group-hover:p-scale-110\" \/>\n            <div class=\"card-overlay group-hover:p-opacity-50\"><\/div>\n            <div class=\"number-stage\"><span>15<\/span><\/div>\n          <\/div>\n          <div class=\"card-stage__body\">\n            <div class=\"title-stage\">\n              <h3 class=\"title-stage__start\">Comillas<\/h3>\n              <h3><span>&#10095;<\/span> Colombres<\/h3>\n              <div class=\"title-stage__tips\">\n                <h3>Etappe 15 :<\/h3>\n                <div><i class=\"icon-location\"><\/i> 28Km<\/div>\n                <div><i class=\"icon-clock\"><\/i> 6Std.<\/div>\n                <div><i class=\"icon-difficulty\"><\/i> 3\/5<\/div>\n              <\/div>\n            <\/div>\n            <button class=\"btn-arrow\">\n              <i class=\"icon-arrow\"><\/i>\n            <\/button>\n          <\/div>\n        <\/a>\n      <\/div>\n\n      <div class=\"p-group card-stage\">\n        <a href=\"https:\/\/www.pilgrim.es\/de\/weg-im-norden\/etappe-16-colombres-llanes\/\" class=\"hover:p-text-gray-dark\">\n          <div class=\"card-stage__header\">\n            <img decoding=\"async\" src=\"https:\/\/cdn.pilgrim.es\/web\/caminos\/camino-norte\/pueblos\/llanes.jpg\" alt=\"Llanes\" class=\"group-hover:p-scale-110\" \/>\n            <div class=\"card-overlay group-hover:p-opacity-50\"><\/div>\n            <div class=\"number-stage\"><span>16<\/span><\/div>\n          <\/div>\n          <div class=\"card-stage__body\">\n            <div class=\"title-stage\">\n              <h3 class=\"title-stage__start\">Colombres<\/h3>\n              <h3><span>&#10095;<\/span> Llanes<\/h3>\n              <div class=\"title-stage__tips\">\n                <h3>Etappe 16 :<\/h3>\n                <div><i class=\"icon-location\"><\/i> 22,9Km<\/div>\n                <div><i class=\"icon-clock\"><\/i> 5Std.<\/div>\n                <div><i class=\"icon-difficulty\"><\/i> 2\/5<\/div>\n              <\/div>\n            <\/div>\n            <button class=\"btn-arrow\">\n              <i class=\"icon-arrow\"><\/i>\n            <\/button>\n          <\/div>\n        <\/a>\n      <\/div>\n\n      <div class=\"p-group card-stage\">\n        <a href=\"https:\/\/www.pilgrim.es\/de\/weg-im-norden\/etappe-17-llanes-ribadesella\/\" class=\"hover:p-text-gray-dark\">\n          <div class=\"card-stage__header\">\n            <img decoding=\"async\" src=\"https:\/\/cdn.pilgrim.es\/web\/caminos\/camino-norte\/pueblos\/ribadesella.jpg\" alt=\"Ribadesella\" class=\"group-hover:p-scale-110\" \/>\n            <div class=\"card-overlay group-hover:p-opacity-50\"><\/div>\n            <div class=\"number-stage\"><span>17<\/span><\/div>\n          <\/div>\n          <div class=\"card-stage__body\">\n            <div class=\"title-stage\">\n              <h3 class=\"title-stage__start\">Llanes<\/h3>\n              <h3><span>&#10095;<\/span> Ribadesella<\/h3>\n              <div class=\"title-stage__tips\">\n                <h3>Etappe 17 :<\/h3>\n                <div><i class=\"icon-location\"><\/i> 30Km<\/div>\n                <div><i class=\"icon-clock\"><\/i> 6Std.<\/div>\n                <div><i class=\"icon-difficulty\"><\/i> 3\/5<\/div>\n              <\/div>\n            <\/div>\n            <button class=\"btn-arrow\">\n              <i class=\"icon-arrow\"><\/i>\n            <\/button>\n          <\/div>\n        <\/a>\n      <\/div>\n\n      <div class=\"p-group card-stage\">\n        <a href=\"https:\/\/www.pilgrim.es\/de\/weg-im-norden\/etappe-18-ribadesella-colunga\/\" class=\"hover:p-text-gray-dark\">\n          <div class=\"card-stage__header\">\n            <img decoding=\"async\" src=\"https:\/\/cdn.pilgrim.es\/web\/caminos\/camino-norte\/pueblos\/colunga.jpg\" alt=\"Colunga\" class=\"group-hover:p-scale-110\" \/>\n            <div class=\"card-overlay group-hover:p-opacity-50\"><\/div>\n            <div class=\"number-stage\"><span>18<\/span><\/div>\n          <\/div>\n          <div class=\"card-stage__body\">\n            <div class=\"title-stage\">\n              <h3 class=\"title-stage__start\">Ribadesella<\/h3>\n              <h3><span>&#10095;<\/span> Colunga<\/h3>\n              <div class=\"title-stage__tips\">\n                <h3>Etappe 18 :<\/h3>\n                <div><i class=\"icon-location\"><\/i> 20Km<\/div>\n                <div><i class=\"icon-clock\"><\/i> 4,5Std.<\/div>\n                <div><i class=\"icon-difficulty\"><\/i> 2\/5<\/div>\n              <\/div>\n            <\/div>\n            <button class=\"btn-arrow\">\n              <i class=\"icon-arrow\"><\/i>\n            <\/button>\n          <\/div>\n        <\/a>\n      <\/div>\n\n      <div class=\"p-group card-stage\">\n        <a href=\"https:\/\/www.pilgrim.es\/de\/weg-im-norden\/etappe-19-colunga-villaviciosa\/\" class=\"hover:p-text-gray-dark\">\n          <div class=\"card-stage__header\">\n            <img decoding=\"async\" src=\"https:\/\/cdn.pilgrim.es\/web\/caminos\/camino-norte\/pueblos\/villaviciosa.jpg\" alt=\"Villaviciosa\" class=\"group-hover:p-scale-110\" \/>\n            <div class=\"card-overlay group-hover:p-opacity-50\"><\/div>\n            <div class=\"number-stage\"><span>19<\/span><\/div>\n          <\/div>\n          <div class=\"card-stage__body\">\n            <div class=\"title-stage\">\n              <h3 class=\"title-stage__start\">Colunga<\/h3>\n              <h3><span>&#10095;<\/span> Villaviciosa<\/h3>\n              <div class=\"title-stage__tips\">\n                <h3>Etappe 19 :<\/h3>\n                <div><i class=\"icon-location\"><\/i> 17,7Km<\/div>\n                <div><i class=\"icon-clock\"><\/i> 4Std.<\/div>\n                <div><i class=\"icon-difficulty\"><\/i> 2\/5<\/div>\n              <\/div>\n            <\/div>\n            <button class=\"btn-arrow\">\n              <i class=\"icon-arrow\"><\/i>\n            <\/button>\n          <\/div>\n        <\/a>\n      <\/div>\n\n      <div class=\"p-group card-stage\">\n        <a href=\"https:\/\/www.pilgrim.es\/de\/weg-im-norden\/etappe-20-villaviciosa-gijon\/\" class=\"hover:p-text-gray-dark\">\n          <div class=\"card-stage__header\">\n            <img decoding=\"async\" src=\"https:\/\/cdn.pilgrim.es\/web\/caminos\/camino-norte\/pueblos\/gijon.jpg\" alt=\"Gij\u00f3n\" class=\"group-hover:p-scale-110\" \/>\n            <div class=\"card-overlay group-hover:p-opacity-50\"><\/div>\n            <div class=\"number-stage\"><span>20<\/span><\/div>\n          <\/div>\n          <div class=\"card-stage__body\">\n            <div class=\"title-stage\">\n              <h3 class=\"title-stage__start\">Villaviciosa<\/h3>\n              <h3><span>&#10095;<\/span> Gij\u00f3n<\/h3>\n              <div class=\"title-stage__tips\">\n                <h3>Etappe 20 :<\/h3>\n                <div><i class=\"icon-location\"><\/i> 29,8Km<\/div>\n                <div><i class=\"icon-clock\"><\/i> 7Std.<\/div>\n                <div><i class=\"icon-difficulty\"><\/i> 4\/5<\/div>\n              <\/div>\n            <\/div>\n            <button class=\"btn-arrow\">\n              <i class=\"icon-arrow\"><\/i>\n            <\/button>\n          <\/div>\n        <\/a>\n      <\/div>\n\n      <div class=\"p-group card-stage\">\n        <a href=\"https:\/\/www.pilgrim.es\/de\/weg-im-norden\/etappe-21-gijon-aviles\/\" class=\"hover:p-text-gray-dark\">\n          <div class=\"card-stage__header\">\n            <img decoding=\"async\" src=\"https:\/\/cdn.pilgrim.es\/web\/caminos\/camino-norte\/pueblos\/aviles.jpg\" alt=\"Avil\u00e9s\" class=\"group-hover:p-scale-110\" \/>\n            <div class=\"card-overlay group-hover:p-opacity-50\"><\/div>\n            <div class=\"number-stage\"><span>21<\/span><\/div>\n          <\/div>\n          <div class=\"card-stage__body\">\n            <div class=\"title-stage\">\n              <h3 class=\"title-stage__start\">Gij\u00f3n<\/h3>\n              <h3><span>&#10095;<\/span> Avil\u00e9s<\/h3>\n              <div class=\"title-stage__tips\">\n                <h3>Etappe 21 :<\/h3>\n                <div><i class=\"icon-location\"><\/i> 25,4Km<\/div>\n                <div><i class=\"icon-clock\"><\/i> 5,5Std.<\/div>\n                <div><i class=\"icon-difficulty\"><\/i> 2\/5<\/div>\n              <\/div>\n            <\/div>\n            <button class=\"btn-arrow\">\n              <i class=\"icon-arrow\"><\/i>\n            <\/button>\n          <\/div>\n        <\/a>\n      <\/div>\n\n      <div class=\"p-group card-stage\">\n        <a href=\"https:\/\/www.pilgrim.es\/de\/weg-im-norden\/etappe-22-aviles-muros-de-nalon\/\" class=\"hover:p-text-gray-dark\">\n          <div class=\"card-stage__header\">\n            <img decoding=\"async\" src=\"https:\/\/cdn.pilgrim.es\/web\/caminos\/camino-norte\/pueblos\/muros-de-nalon.jpg\" alt=\"Muros de Nal\u00f3n\" class=\"group-hover:p-scale-110\" \/>\n            <div class=\"card-overlay group-hover:p-opacity-50\"><\/div>\n            <div class=\"number-stage\"><span>22<\/span><\/div>\n          <\/div>\n          <div class=\"card-stage__body\">\n            <div class=\"title-stage\">\n              <h3 class=\"title-stage__start\">Avil\u00e9s<\/h3>\n              <h3><span>&#10095;<\/span> Muros de Nal\u00f3n<\/h3>\n              <div class=\"title-stage__tips\">\n                <h3>Etappe 22 :<\/h3>\n                <div><i class=\"icon-location\"><\/i> 23,2Km<\/div>\n                <div><i class=\"icon-clock\"><\/i> 5Std.<\/div>\n                <div><i class=\"icon-difficulty\"><\/i> 2\/5<\/div>\n              <\/div>\n            <\/div>\n            <button class=\"btn-arrow\">\n              <i class=\"icon-arrow\"><\/i>\n            <\/button>\n          <\/div>\n        <\/a>\n      <\/div>\n\n      <div class=\"p-group card-stage\">\n        <a href=\"https:\/\/www.pilgrim.es\/de\/weg-im-norden\/etappe-23-muros-de-nalon-soto-de-luina\/\" class=\"hover:p-text-gray-dark\">\n          <div class=\"card-stage__header\">\n            <img decoding=\"async\" src=\"https:\/\/cdn.pilgrim.es\/web\/caminos\/camino-norte\/pueblos\/soto-de-luina.jpg\" alt=\"Soto de Lui\u00f1a\" class=\"group-hover:p-scale-110\" \/>\n            <div class=\"card-overlay group-hover:p-opacity-50\"><\/div>\n            <div class=\"number-stage\"><span>23<\/span><\/div>\n          <\/div>\n          <div class=\"card-stage__body\">\n            <div class=\"title-stage\">\n              <h3 class=\"title-stage__start\">Muros de nal\u00f3n<\/h3>\n              <h3><span>&#10095;<\/span> Soto de Lui\u00f1a<\/h3>\n              <div class=\"title-stage__tips\">\n                <h3>Etappe 23 :<\/h3>\n                <div><i class=\"icon-location\"><\/i> 15,3Km<\/div>\n                <div><i class=\"icon-clock\"><\/i> 3,5Std.<\/div>\n                <div><i class=\"icon-difficulty\"><\/i> 2\/5<\/div>\n              <\/div>\n            <\/div>\n            <button class=\"btn-arrow\">\n              <i class=\"icon-arrow\"><\/i>\n            <\/button>\n          <\/div>\n        <\/a>\n      <\/div>\n\n      <div class=\"p-group card-stage\">\n        <a href=\"https:\/\/www.pilgrim.es\/de\/weg-im-norden\/etappe-24-soto-de-luina-cadavedo\/\" class=\"hover:p-text-gray-dark\">\n          <div class=\"card-stage__header\">\n            <img decoding=\"async\" src=\"https:\/\/cdn.pilgrim.es\/web\/caminos\/camino-norte\/pueblos\/cadavedo.jpg\" alt=\"Cadavedo\" class=\"group-hover:p-scale-110\" \/>\n            <div class=\"card-overlay group-hover:p-opacity-50\"><\/div>\n            <div class=\"number-stage\"><span>24<\/span><\/div>\n          <\/div>\n          <div class=\"card-stage__body\">\n            <div class=\"title-stage\">\n              <h3 class=\"title-stage__start\">Soto de Lui\u00f1a<\/h3>\n              <h3><span>&#10095;<\/span> Cadavedo<\/h3>\n              <div class=\"title-stage__tips\">\n                <h3>Etappe 24 :<\/h3>\n                <div><i class=\"icon-location\"><\/i> 18,5Km<\/div>\n                <div><i class=\"icon-clock\"><\/i> 4Std.<\/div>\n                <div><i class=\"icon-difficulty\"><\/i> 3\/5<\/div>\n              <\/div>\n            <\/div>\n            <button class=\"btn-arrow\">\n              <i class=\"icon-arrow\"><\/i>\n            <\/button>\n          <\/div>\n        <\/a>\n      <\/div>\n\n      <div class=\"p-group card-stage\">\n        <a href=\"https:\/\/www.pilgrim.es\/de\/weg-im-norden\/etappe-25-cadavedo-luarca\/\" class=\"hover:p-text-gray-dark\">\n          <div class=\"card-stage__header\">\n            <img decoding=\"async\" src=\"https:\/\/cdn.pilgrim.es\/web\/caminos\/camino-norte\/pueblos\/luarca.jpg\" alt=\"Luarca\" class=\"group-hover:p-scale-110\" \/>\n            <div class=\"card-overlay group-hover:p-opacity-50\"><\/div>\n            <div class=\"number-stage\"><span>25<\/span><\/div>\n          <\/div>\n          <div class=\"card-stage__body\">\n            <div class=\"title-stage\">\n              <h3 class=\"title-stage__start\">Cadavedo<\/h3>\n              <h3><span>&#10095;<\/span> Luarca<\/h3>\n              <div class=\"title-stage__tips\">\n                <h3>Etappe 25 :<\/h3>\n                <div><i class=\"icon-location\"><\/i> 15,3Km<\/div>\n                <div><i class=\"icon-clock\"><\/i> 3,5Std.<\/div>\n                <div><i class=\"icon-difficulty\"><\/i> 2\/5<\/div>\n              <\/div>\n            <\/div>\n            <button class=\"btn-arrow\">\n              <i class=\"icon-arrow\"><\/i>\n            <\/button>\n          <\/div>\n        <\/a>\n      <\/div>\n\n      <div class=\"p-group card-stage\">\n        <a href=\"https:\/\/www.pilgrim.es\/de\/weg-im-norden\/etappe-26-luarca-la-caridad\/\" class=\"hover:p-text-gray-dark\">\n          <div class=\"card-stage__header\">\n            <img decoding=\"async\" src=\"https:\/\/cdn.pilgrim.es\/web\/caminos\/camino-norte\/pueblos\/la-caridad.jpg\" alt=\"La caridad\" class=\"group-hover:p-scale-110\" \/>\n            <div class=\"card-overlay group-hover:p-opacity-50\"><\/div>\n            <div class=\"number-stage\"><span>26<\/span><\/div>\n          <\/div>\n          <div class=\"card-stage__body\">\n            <div class=\"title-stage\">\n              <h3 class=\"title-stage__start\">Luarca<\/h3>\n              <h3><span>&#10095;<\/span> La caridad<\/h3>\n              <div class=\"title-stage__tips\">\n                <h3>Etappe 26 :<\/h3>\n                <div><i class=\"icon-location\"><\/i> 30,5Km<\/div>\n                <div><i class=\"icon-clock\"><\/i> 7Std.<\/div>\n                <div><i class=\"icon-difficulty\"><\/i> 3\/5<\/div>\n              <\/div>\n            <\/div>\n            <button class=\"btn-arrow\">\n              <i class=\"icon-arrow\"><\/i>\n            <\/button>\n          <\/div>\n        <\/a>\n      <\/div>\n\n      <div class=\"p-group card-stage\">\n        <a href=\"https:\/\/www.pilgrim.es\/de\/weg-im-norden\/etappe-27-la-caridad-ribadeo\/\" class=\"hover:p-text-gray-dark\">\n          <div class=\"card-stage__header\">\n            <img decoding=\"async\" src=\"https:\/\/cdn.pilgrim.es\/web\/caminos\/camino-norte\/pueblos\/ribadeo.jpg\" alt=\"Ribadeo\" class=\"group-hover:p-scale-110\" \/>\n            <div class=\"card-overlay group-hover:p-opacity-50\"><\/div>\n            <div class=\"number-stage\"><span>27<\/span><\/div>\n          <\/div>\n          <div class=\"card-stage__body\">\n            <div class=\"title-stage\">\n              <h3 class=\"title-stage__start\">La Caridad<\/h3>\n              <h3><span>&#10095;<\/span> Ribadeo<\/h3>\n              <div class=\"title-stage__tips\">\n                <h3>Etappe 27 :<\/h3>\n                <div><i class=\"icon-location\"><\/i> 21,3Km<\/div>\n                <div><i class=\"icon-clock\"><\/i> 5Std.<\/div>\n                <div><i class=\"icon-difficulty\"><\/i> 1\/5<\/div>\n              <\/div>\n            <\/div>\n            <button class=\"btn-arrow\">\n              <i class=\"icon-arrow\"><\/i>\n            <\/button>\n          <\/div>\n        <\/a>\n      <\/div>\n\n      <div class=\"p-group card-stage\">\n        <a href=\"https:\/\/www.pilgrim.es\/de\/weg-im-norden\/etappe-28-ribadeo-lourenza\/\" class=\"hover:p-text-gray-dark\">\n          <div class=\"card-stage__header\">\n            <img decoding=\"async\" src=\"https:\/\/cdn.pilgrim.es\/web\/caminos\/camino-norte\/pueblos\/lourenza.jpg\" alt=\"Lourenz\u00e1\" class=\"group-hover:p-scale-110\" \/>\n            <div class=\"card-overlay group-hover:p-opacity-50\"><\/div>\n            <div class=\"number-stage\"><span>28<\/span><\/div>\n          <\/div>\n          <div class=\"card-stage__body\">\n            <div class=\"title-stage\">\n              <h3 class=\"title-stage__start\">Ribadeo<\/h3>\n              <h3><span>&#10095;<\/span> Lourenz\u00e1<\/h3>\n              <div class=\"title-stage__tips\">\n                <h3>Etappe 28 :<\/h3>\n                <div><i class=\"icon-location\"><\/i> 28,4Km<\/div>\n                <div><i class=\"icon-clock\"><\/i> 6,5Std.<\/div>\n                <div><i class=\"icon-difficulty\"><\/i> 4\/5<\/div>\n              <\/div>\n            <\/div>\n            <button class=\"btn-arrow\">\n              <i class=\"icon-arrow\"><\/i>\n            <\/button>\n          <\/div>\n        <\/a>\n      <\/div>\n\n      <div class=\"p-group card-stage\">\n        <a href=\"https:\/\/www.pilgrim.es\/de\/weg-im-norden\/etappe-29-lourenza-abadin\/\" class=\"hover:p-text-gray-dark\">\n          <div class=\"card-stage__header\">\n            <img decoding=\"async\" src=\"https:\/\/cdn.pilgrim.es\/web\/caminos\/camino-norte\/pueblos\/abadin.jpg\" alt=\"Abad\u00edn\" class=\"group-hover:p-scale-110\" \/>\n            <div class=\"card-overlay group-hover:p-opacity-50\"><\/div>\n            <div class=\"number-stage\"><span>29<\/span><\/div>\n          <\/div>\n          <div class=\"card-stage__body\">\n            <div class=\"title-stage\">\n              <h3 class=\"title-stage__start\">Lourenz\u00e1<\/h3>\n              <h3><span>&#10095;<\/span> Abad\u00edn<\/h3>\n              <div class=\"title-stage__tips\">\n                <h3>Etappe 29 :<\/h3>\n                <div><i class=\"icon-location\"><\/i> 25,2Km<\/div>\n                <div><i class=\"icon-clock\"><\/i> 5,5Std.<\/div>\n                <div><i class=\"icon-difficulty\"><\/i> 3\/5<\/div>\n              <\/div>\n            <\/div>\n            <button class=\"btn-arrow\">\n              <i class=\"icon-arrow\"><\/i>\n            <\/button>\n          <\/div>\n        <\/a>\n      <\/div>\n\n      <div class=\"p-group card-stage\">\n        <a href=\"https:\/\/www.pilgrim.es\/de\/weg-im-norden\/etappe-30-abadin-vilalba\/\" class=\"hover:p-text-gray-dark\">\n          <div class=\"card-stage__header\">\n            <img decoding=\"async\" src=\"https:\/\/cdn.pilgrim.es\/web\/caminos\/camino-norte\/pueblos\/vilalba.jpg\" alt=\"Vilalba\" class=\"group-hover:p-scale-110\" \/>\n            <div class=\"card-overlay group-hover:p-opacity-50\"><\/div>\n            <div class=\"number-stage\"><span>30<\/span><\/div>\n          <\/div>\n          <div class=\"card-stage__body\">\n            <div class=\"title-stage\">\n              <h3 class=\"title-stage__start\">Abad\u00edn<\/h3>\n              <h3><span>&#10095;<\/span> Vilalba<\/h3>\n              <div class=\"title-stage__tips\">\n                <h3>Etappe 30 :<\/h3>\n                <div><i class=\"icon-location\"><\/i> 20,8Km<\/div>\n                <div><i class=\"icon-clock\"><\/i> 5Std.<\/div>\n                <div><i class=\"icon-difficulty\"><\/i> 1\/5<\/div>\n              <\/div>\n            <\/div>\n            <button class=\"btn-arrow\">\n              <i class=\"icon-arrow\"><\/i>\n            <\/button>\n          <\/div>\n        <\/a>\n      <\/div>\n\n      <div class=\"p-group card-stage\">\n        <a href=\"https:\/\/www.pilgrim.es\/de\/weg-im-norden\/etappe-31-vilalba-baamonde\/\" class=\"hover:p-text-gray-dark\">\n          <div class=\"card-stage__header\">\n            <img decoding=\"async\" src=\"https:\/\/cdn.pilgrim.es\/web\/caminos\/camino-norte\/pueblos\/baamonde.jpg\" alt=\"Baamonde\" class=\"group-hover:p-scale-110\" \/>\n            <div class=\"card-overlay group-hover:p-opacity-50\"><\/div>\n            <div class=\"number-stage\"><span>31<\/span><\/div>\n          <\/div>\n          <div class=\"card-stage__body\">\n            <div class=\"title-stage\">\n              <h3 class=\"title-stage__start\">Vilalba<\/h3>\n              <h3><span>&#10095;<\/span> Baamonde<\/h3>\n              <div class=\"title-stage__tips\">\n                <h3>Etappe 31 :<\/h3>\n                <div><i class=\"icon-location\"><\/i> 18,5Km<\/div>\n                <div><i class=\"icon-clock\"><\/i> 4Std.<\/div>\n                <div><i class=\"icon-difficulty\"><\/i> 1\/5<\/div>\n              <\/div>\n            <\/div>\n            <button class=\"btn-arrow\">\n              <i class=\"icon-arrow\"><\/i>\n            <\/button>\n          <\/div>\n        <\/a>\n      <\/div>\n\n      <div class=\"p-group card-stage\">\n        <a href=\"https:\/\/www.pilgrim.es\/de\/weg-im-norden\/etappe-32-baamonde-sobrado-dos-monxes\/\" class=\"hover:p-text-gray-dark\">\n          <div class=\"card-stage__header\">\n            <img decoding=\"async\" src=\"https:\/\/cdn.pilgrim.es\/web\/caminos\/camino-norte\/pueblos\/sobrado-dos-monxes.jpg\" alt=\"Sobrado dos Monxes\" class=\"group-hover:p-scale-110\" \/>\n            <div class=\"card-overlay group-hover:p-opacity-50\"><\/div>\n            <div class=\"number-stage\"><span>32<\/span><\/div>\n          <\/div>\n          <div class=\"card-stage__body\">\n            <div class=\"title-stage\">\n              <h3 class=\"title-stage__start\">Baamonde<\/h3>\n              <h3><span>&#10095;<\/span> Sobrado dos Monxes<\/h3>\n              <div class=\"title-stage__tips\">\n                <h3>Etappe 32 :<\/h3>\n                <div><i class=\"icon-location\"><\/i> 32Km<\/div>\n                <div><i class=\"icon-clock\"><\/i> 7Std.<\/div>\n                <div><i class=\"icon-difficulty\"><\/i> 4\/5<\/div>\n              <\/div>\n            <\/div>\n            <button class=\"btn-arrow\">\n              <i class=\"icon-arrow\"><\/i>\n            <\/button>\n          <\/div>\n        <\/a>\n      <\/div>\n\n      <div class=\"p-group card-stage\">\n        <a href=\"https:\/\/www.pilgrim.es\/de\/weg-im-norden\/etappe-33-sobrado-dos-monxes-arzua\/\" class=\"hover:p-text-gray-dark\">\n          <div class=\"card-stage__header\">\n            <img decoding=\"async\" src=\"https:\/\/cdn.pilgrim.es\/web\/caminos\/camino-frances\/pueblos\/arzua\/arzua.jpg\" alt=\"Arz\u00faa\" class=\"group-hover:p-scale-110\" \/>\n            <div class=\"card-overlay group-hover:p-opacity-50\"><\/div>\n            <div class=\"number-stage\"><span>33<\/span><\/div>\n          <\/div>\n          <div class=\"card-stage__body\">\n            <div class=\"title-stage\">\n              <h3 class=\"title-stage__start\">Sobrado dos Monxes<\/h3>\n              <h3><span>&#10095;<\/span> Arz\u00faa<\/h3>\n              <div class=\"title-stage__tips\">\n                <h3>Etappe 33 :<\/h3>\n                <div><i class=\"icon-location\"><\/i> 22Km<\/div>\n                <div><i class=\"icon-clock\"><\/i> 5Std.<\/div>\n                <div><i class=\"icon-difficulty\"><\/i> 2\/5<\/div>\n              <\/div>\n            <\/div>\n            <button class=\"btn-arrow\">\n              <i class=\"icon-arrow\"><\/i>\n            <\/button>\n          <\/div>\n        <\/a>\n      <\/div>\n\n      <div class=\"p-col-span-full\">\n        <h4 class=\"p-text-secondary p-text-xl\">\n          Fortsetzung des Franz\u00f6sischen Weges\n        <\/h4>\n      <\/div>\n\n      <div class=\"p-group card-stage\">\n        <a href=\"https:\/\/www.pilgrim.es\/de\/franzosischer-weg\/etappe-32-arzua-o-pedrouzo\/\" class=\"hover:p-text-gray-dark\">\n          <div class=\"card-stage__header\">\n            <img decoding=\"async\" src=\"https:\/\/cdn.pilgrim.es\/web\/caminos\/camino-frances\/pueblos\/o-pedrouzo\/o-pedrouzo.jpg\" alt=\"Pedrouzo\" class=\"group-hover:p-scale-110\" \/>\n            <div class=\"card-overlay group-hover:p-opacity-50\"><\/div>\n            <div class=\"number-stage\"><span>34<\/span><\/div>\n          <\/div>\n          <div class=\"card-stage__body\">\n            <div class=\"title-stage\">\n              <h3 class=\"title-stage__start\">Arz\u00faa<\/h3>\n              <h3><span>&#10095;<\/span> Pedrouzo<\/h3>\n              <div class=\"title-stage__tips\">\n                <h3>Etappe 34 :<\/h3>\n                <div><i class=\"icon-location\"><\/i> 19,3Km<\/div>\n                <div><i class=\"icon-clock\"><\/i> 4,5Std.<\/div>\n                <div><i class=\"icon-difficulty\"><\/i> 2\/5<\/div>\n              <\/div>\n            <\/div>\n            <button class=\"btn-arrow\">\n              <i class=\"icon-arrow\"><\/i>\n            <\/button>\n          <\/div>\n        <\/a>\n      <\/div>\n\n      <div class=\"p-group card-stage\">\n        <a href=\"https:\/\/www.pilgrim.es\/de\/franzosischer-weg\/etappe-33-o-pedrouzo-santiago-de-compostela\/\" class=\"hover:p-text-gray-dark\">\n          <div class=\"card-stage__header\">\n            <img decoding=\"async\" src=\"https:\/\/cdn.pilgrim.es\/web\/caminos\/camino-frances\/pueblos\/santiago-de-compostela\/santiago-de-compostela.jpg\" alt=\"Santiago de Compostela\" class=\"group-hover:p-scale-110\" \/>\n            <div class=\"card-overlay group-hover:p-opacity-50\"><\/div>\n            <div class=\"number-stage\"><span>35<\/span><\/div>\n          <\/div>\n          <div class=\"card-stage__body\">\n            <div class=\"title-stage\">\n              <h3 class=\"title-stage__start\">Pedrouzo<\/h3>\n              <h3><span>&#10095;<\/span> Santiago de Compostela<\/h3>\n              <div class=\"title-stage__tips\">\n                <h3>Etappe 35 :<\/h3>\n                <div><i class=\"icon-location\"><\/i> 19,4Km<\/div>\n                <div><i class=\"icon-clock\"><\/i> 4,5Std.<\/div>\n                <div><i class=\"icon-difficulty\"><\/i> 2\/5<\/div>\n              <\/div>\n            <\/div>\n            <button class=\"btn-arrow\">\n              <i class=\"icon-arrow\"><\/i>\n            <\/button>\n          <\/div>\n        <\/a>\n      <\/div>\n    <\/div>\n    <div id=\"showMoreStages\" class=\"show-more-stages\">\n      <button id=\"btnMoreStages\" class=\"btn-see-stages\">\n        Alleh Etappe sehen\n      <\/button>\n      <button id=\"btnLessStages\" class=\"p-hidden btn-see-stages\">\n        Weniger Etappen sehen\n      <\/button>\n    <\/div>\n  <\/section>\n\n  <section id=\"stagesBike\">\n    <div class=\"subtitle\">\n      <h4 class=\"p-h4--section\">18 etappen \/ 827 <span class=\"p-normal-case\">Kms<\/span><\/h4>\n      <hr \/>\n      <h2>Etappen Weg im Norden mit dem Fahrrad<\/h2>\n    <\/div>\n    <div class=\"container-stages-bike scrollbar-thin\">\n      <div class=\"card-stage-bike\">\n        <div class=\"info-stage-bike\">\n          <div class=\"info-stage-bike__col-start\">\n            <div>1.<\/div>\n            <div><span> Ir\u00fan <\/span><br \/>&#10095; Zarautz<\/div>\n            <p>\n              <i class=\"icon-location\"><\/i> 47Km &#8226;\n              <i class=\"icon-difficulty\"><\/i> 4\/5\n            <\/p>\n          <\/div>\n          <div class=\"info-stage-bike__col-end\">\n            <img decoding=\"async\" src=\"https:\/\/cdn.pilgrim.es\/web\/caminos\/camino-norte\/pueblos\/irun.jpg\" alt=\"Ir\u00fan\" \/>\n          <\/div>\n        <\/div>\n        <hr \/>\n      <\/div>\n      <div class=\"card-stage-bike\">\n        <div class=\"info-stage-bike\">\n          <div class=\"info-stage-bike__col-start\">\n            <div>2.<\/div>\n            <div><span>Zarautz <\/span><br \/>&#10095; Markina<\/div>\n            <p>\n              <i class=\"icon-location\"><\/i> 46Km &#8226;\n              <i class=\"icon-difficulty\"><\/i> 4\/5\n            <\/p>\n          <\/div>\n          <div class=\"info-stage-bike__col-end\">\n            <img decoding=\"async\" src=\"https:\/\/cdn.pilgrim.es\/web\/caminos\/camino-norte\/pueblos\/zarautz.jpg\" alt=\"Zarautz\" \/>\n          <\/div>\n        <\/div>\n        <hr \/>\n      <\/div>\n      <div class=\"card-stage-bike\">\n        <div class=\"info-stage-bike\">\n          <div class=\"info-stage-bike__col-start\">\n            <div>3.<\/div>\n            <div><span>Markina <\/span><br \/>&#10095; Bilbao<\/div>\n            <p>\n              <i class=\"icon-location\"><\/i> 57Km &#8226;\n              <i class=\"icon-difficulty\"><\/i> 3\/5\n            <\/p>\n          <\/div>\n          <div class=\"info-stage-bike__col-end\">\n            <img decoding=\"async\" src=\"https:\/\/cdn.pilgrim.es\/web\/caminos\/camino-norte\/pueblos\/markina.jpg\" alt=\"Markina\" \/>\n          <\/div>\n        <\/div>\n        <hr \/>\n      <\/div>\n      <div class=\"card-stage-bike\">\n        <div class=\"info-stage-bike\">\n          <div class=\"info-stage-bike__col-start\">\n            <div>4.<\/div>\n            <div><span>Bilbao <\/span><br \/>&#10095; Castro Urdiales<\/div>\n            <p>\n              <i class=\"icon-location\"><\/i> 48Km &#8226;\n              <i class=\"icon-difficulty\"><\/i> 3\/5\n            <\/p>\n          <\/div>\n          <div class=\"info-stage-bike__col-end\">\n            <img decoding=\"async\" src=\"https:\/\/cdn.pilgrim.es\/web\/caminos\/camino-norte\/pueblos\/bilbao.jpg\" alt=\"Bilbao\" \/>\n          <\/div>\n        <\/div>\n        <hr \/>\n      <\/div>\n      <div class=\"card-stage-bike\">\n        <div class=\"info-stage-bike\">\n          <div class=\"info-stage-bike__col-start\">\n            <div>5.<\/div>\n            <div><span>Castro Urdiales <\/span><br \/>&#10095; Noja<\/div>\n            <p>\n              <i class=\"icon-location\"><\/i> 41Km &#8226;\n              <i class=\"icon-difficulty\"><\/i> 3\/5\n            <\/p>\n          <\/div>\n          <div class=\"info-stage-bike__col-end\">\n            <img decoding=\"async\" src=\"https:\/\/cdn.pilgrim.es\/web\/caminos\/camino-norte\/pueblos\/castro-urdiales.jpg\" alt=\"Castro Urdiales\" \/>\n          <\/div>\n        <\/div>\n        <hr \/>\n      <\/div>\n      <div class=\"card-stage-bike\">\n        <div class=\"info-stage-bike\">\n          <div class=\"info-stage-bike__col-start\">\n            <div>6.<\/div>\n            <div><span>Noja <\/span><br \/>&#10095; Santander<\/div>\n            <p>\n              <i class=\"icon-location\"><\/i> 31Km &#8226;\n              <i class=\"icon-difficulty\"><\/i> 2\/5\n            <\/p>\n          <\/div>\n          <div class=\"info-stage-bike__col-end\">\n            <img decoding=\"async\" src=\"https:\/\/cdn.pilgrim.es\/web\/caminos\/camino-norte\/pueblos\/santander.jpg\" alt=\"Santander\" \/>\n          <\/div>\n        <\/div>\n        <hr \/>\n      <\/div>\n      <div class=\"card-stage-bike\">\n        <div class=\"info-stage-bike\">\n          <div class=\"info-stage-bike__col-start\">\n            <div>7.<\/div>\n            <div><span>Santander <\/span><br \/>&#10095; Santillana del Mar<\/div>\n            <p>\n              <i class=\"icon-location\"><\/i> 37Km &#8226;\n              <i class=\"icon-difficulty\"><\/i> 4\/5\n            <\/p>\n          <\/div>\n          <div class=\"info-stage-bike__col-end\">\n            <img decoding=\"async\" src=\"https:\/\/cdn.pilgrim.es\/web\/caminos\/camino-norte\/pueblos\/santillana-del-mar.jpg\" alt=\"Santillana del Mar\" \/>\n          <\/div>\n        <\/div>\n        <hr \/>\n      <\/div>\n      <div class=\"card-stage-bike\">\n        <div class=\"info-stage-bike\">\n          <div class=\"info-stage-bike__col-start\">\n            <div>8.<\/div>\n            <div><span>Santillana del Mar <\/span><br \/>&#10095; Colombres<\/div>\n            <p>\n              <i class=\"icon-location\"><\/i> 51Km &#8226;\n              <i class=\"icon-difficulty\"><\/i> 3\/5\n            <\/p>\n          <\/div>\n          <div class=\"info-stage-bike__col-end\">\n            <img decoding=\"async\" src=\"https:\/\/cdn.pilgrim.es\/web\/caminos\/camino-norte\/pueblos\/colombres.jpg\" alt=\"Colombres\" \/>\n          <\/div>\n        <\/div>\n        <hr \/>\n      <\/div>\n      <div class=\"card-stage-bike\">\n        <div class=\"info-stage-bike\">\n          <div class=\"info-stage-bike__col-start\">\n            <div>9.<\/div>\n            <div><span>Colombres <\/span><br \/>&#10095; Ribadesella<\/div>\n            <p>\n              <i class=\"icon-location\"><\/i> 55Km &#8226;\n              <i class=\"icon-difficulty\"><\/i> 4\/5\n            <\/p>\n          <\/div>\n          <div class=\"info-stage-bike__col-end\">\n            <img decoding=\"async\" src=\"https:\/\/cdn.pilgrim.es\/web\/caminos\/camino-norte\/pueblos\/ribadesella.jpg\" alt=\"Ribadesella\" \/>\n          <\/div>\n        <\/div>\n        <hr \/>\n      <\/div>\n      <div class=\"card-stage-bike\">\n        <div class=\"info-stage-bike\">\n          <div class=\"info-stage-bike__col-start\">\n            <div>10.<\/div>\n            <div><span>Ribadesella <\/span><br \/>&#10095; Villaviciosa<\/div>\n            <p>\n              <i class=\"icon-location\"><\/i> 38Km &#8226;\n              <i class=\"icon-difficulty\"><\/i> 5\/5\n            <\/p>\n          <\/div>\n          <div class=\"info-stage-bike__col-end\">\n            <img decoding=\"async\" src=\"https:\/\/cdn.pilgrim.es\/web\/caminos\/camino-norte\/pueblos\/villaviciosa.jpg\" alt=\"Villaviciosa\" \/>\n          <\/div>\n        <\/div>\n        <hr \/>\n      <\/div>\n      <div class=\"card-stage-bike\">\n        <div class=\"info-stage-bike\">\n          <div class=\"info-stage-bike__col-start\">\n            <div>11.<\/div>\n            <div><span>Villaviciosa <\/span><br \/>&#10095; Avil\u00e9s<\/div>\n            <p>\n              <i class=\"icon-location\"><\/i> 55Km &#8226;\n              <i class=\"icon-difficulty\"><\/i> 4\/5\n            <\/p>\n          <\/div>\n          <div class=\"info-stage-bike__col-end\">\n            <img decoding=\"async\" src=\"https:\/\/cdn.pilgrim.es\/web\/caminos\/camino-norte\/pueblos\/aviles.jpg\" alt=\"Avil\u00e9s\" \/>\n          <\/div>\n        <\/div>\n        <hr \/>\n      <\/div>\n      <div class=\"card-stage-bike\">\n        <div class=\"info-stage-bike\">\n          <div class=\"info-stage-bike__col-start\">\n            <div>12.<\/div>\n            <div><span>Avil\u00e9s <\/span><br \/>&#10095; Soto de Lui\u00f1a<\/div>\n            <p>\n              <i class=\"icon-location\"><\/i> 39Km &#8226;\n              <i class=\"icon-difficulty\"><\/i> 2\/5\n            <\/p>\n          <\/div>\n          <div class=\"info-stage-bike__col-end\">\n            <img decoding=\"async\" src=\"https:\/\/cdn.pilgrim.es\/web\/caminos\/camino-norte\/pueblos\/soto-de-luina.jpg\" alt=\"Soto de Lui\u00f1a\" \/>\n          <\/div>\n        <\/div>\n        <hr \/>\n      <\/div>\n      <div class=\"card-stage-bike\">\n        <div class=\"info-stage-bike\">\n          <div class=\"info-stage-bike__col-start\">\n            <div>13.<\/div>\n            <div><span>Soto de Lui\u00f1a <\/span><br \/>&#10095; Luarca<\/div>\n            <p>\n              <i class=\"icon-location\"><\/i> 39Km &#8226;\n              <i class=\"icon-difficulty\"><\/i> 3\/5\n            <\/p>\n          <\/div>\n          <div class=\"info-stage-bike__col-end\">\n            <img decoding=\"async\" src=\"https:\/\/cdn.pilgrim.es\/web\/caminos\/camino-norte\/pueblos\/luarca.jpg\" alt=\"Luarca\" \/>\n          <\/div>\n        <\/div>\n        <hr \/>\n      <\/div>\n\n      <div class=\"card-stage-bike\">\n        <div class=\"info-stage-bike\">\n          <div class=\"info-stage-bike__col-start\">\n            <div>14.<\/div>\n            <div><span>Luarca <\/span><br \/>&#10095; Ribadeo<\/div>\n            <p>\n              <i class=\"icon-location\"><\/i> 50Km &#8226;\n              <i class=\"icon-difficulty\"><\/i> 3\/5\n            <\/p>\n          <\/div>\n          <div class=\"info-stage-bike__col-end\">\n            <img decoding=\"async\" src=\"https:\/\/cdn.pilgrim.es\/web\/caminos\/camino-norte\/pueblos\/ribadeo.jpg\" alt=\"Ribadeo\" \/>\n          <\/div>\n        <\/div>\n        <hr \/>\n      <\/div>\n      <div class=\"card-stage-bike\">\n        <div class=\"info-stage-bike\">\n          <div class=\"info-stage-bike__col-start\">\n            <div>15.<\/div>\n            <div><span>Ribadeo <\/span><br \/>&#10095; Abad\u00edn<\/div>\n            <p>\n              <i class=\"icon-location\"><\/i> 52Km &#8226;\n              <i class=\"icon-difficulty\"><\/i> 4\/5\n            <\/p>\n          <\/div>\n          <div class=\"info-stage-bike__col-end\">\n            <img decoding=\"async\" src=\"https:\/\/cdn.pilgrim.es\/web\/caminos\/camino-norte\/pueblos\/abadin.jpg\" alt=\"Abad\u00edn\" \/>\n          <\/div>\n        <\/div>\n        <hr \/>\n      <\/div>\n      <div class=\"card-stage-bike\">\n        <div class=\"info-stage-bike\">\n          <div class=\"info-stage-bike__col-start\">\n            <div>16.<\/div>\n            <div><span>Abad\u00edn <\/span><br \/>&#10095; Baamonde<\/div>\n            <p>\n              <i class=\"icon-location\"><\/i> 39Km &#8226;\n              <i class=\"icon-difficulty\"><\/i> 1\/5\n            <\/p>\n          <\/div>\n          <div class=\"info-stage-bike__col-end\">\n            <img decoding=\"async\" src=\"https:\/\/cdn.pilgrim.es\/web\/caminos\/camino-norte\/pueblos\/baamonde.jpg\" alt=\"Baamonde\" \/>\n          <\/div>\n        <\/div>\n        <hr \/>\n      <\/div>\n      <div class=\"card-stage-bike\">\n        <div class=\"info-stage-bike\">\n          <div class=\"info-stage-bike__col-start\">\n            <div>17.<\/div>\n            <div><span>Baamonde <\/span><br \/>&#10095; Arz\u00faa<\/div>\n            <p>\n              <i class=\"icon-location\"><\/i> 63Km &#8226;\n              <i class=\"icon-difficulty\"><\/i> 4\/5\n            <\/p>\n          <\/div>\n          <div class=\"info-stage-bike__col-end\">\n            <img decoding=\"async\" src=\"https:\/\/cdn.pilgrim.es\/web\/caminos\/camino-frances\/pueblos\/arzua\/arzua.jpg\" alt=\"Arz\u00faa\" \/>\n          <\/div>\n        <\/div>\n        <hr \/>\n      <\/div>\n      <div class=\"card-stage-bike\">\n        <div class=\"info-stage-bike\">\n          <div class=\"info-stage-bike__col-start\">\n            <div>18.<\/div>\n            <div><span>Arz\u00faa <\/span><br \/>&#10095; Santiago de Compostela<\/div>\n            <p>\n              <i class=\"icon-location\"><\/i> 39Km &#8226;\n              <i class=\"icon-difficulty\"><\/i> 2\/5\n            <\/p>\n          <\/div>\n          <div class=\"info-stage-bike__col-end\">\n            <img decoding=\"async\" src=\"https:\/\/cdn.pilgrim.es\/web\/caminos\/camino-frances\/pueblos\/santiago-de-compostela\/santiago-de-compostela.jpg\" alt=\"Santiago de Compostela\" \/>\n          <\/div>\n        <\/div>\n        <hr \/>\n      <\/div>\n    <\/div>\n  <\/section>\n\n  <section id=\"citiesTowns\">\n    <div class=\"container-cities-towns\">\n      <h4 class=\"p-h4--section\">Dieser Weg wird Ihnen gefallen, wenn Sie\u2026<\/h4>\n      <hr class=\"orange-bar\" \/>\n      <h2>St\u00e4dte und Gemeinden<\/h2>\n      <div class=\"pills\">\n        <div class=\"label-pill label-pill--brown\">Geschichte<\/div>\n        <div class=\"label-pill label-pill--brown\">K\u00fcnstlerisches Erbe<\/div>\n        <div class=\"label-pill label-pill--brown\">Kathedralen<\/div>\n        <div class=\"label-pill label-pill--brown\">Kl\u00f6ster<\/div>\n        <div class=\"label-pill label-pill--brown\">Schl\u00f6sser<\/div>\n        <div class=\"label-pill label-pill--brown\">Architektur<\/div>\n      <\/div>\n    <\/div>\n  <\/section>\n\n  <div class=\"gallery-cities\">\n    <div class=\"item-gallery p-group \">\n      <img decoding=\"async\" src=\"https:\/\/cdn.pilgrim.es\/web\/caminos\/camino-norte\/pueblos\/san-sebastian.jpg\" alt=\"San Sebasti\u00e1n\" class=\"group-hover:p-scale-110\" \/>\n      <div class=\"overlay-darked group-hover:p-opacity-50\"><\/div>\n      <a class=\"stretched-link\" href=\"san-sebastian\/\"><p><b>San Sebasti\u00e1n<\/b><\/p><\/a>\n    <\/div>\n    <div class=\"item-gallery p-group\">\n      <img decoding=\"async\" src=\"https:\/\/cdn.pilgrim.es\/web\/caminos\/camino-norte\/pueblos\/bilbao.jpg\" alt=\"Bilbao\" class=\"group-hover:p-scale-110\"\/>\n      <div class=\"overlay-darked group-hover:p-opacity-50\"><\/div>\n      <a class=\"stretched-link\" href=\"bilbao\/\"><p><b>Bilbao<\/b><\/p><\/a>\n    <\/div>\n    <div class=\"item-gallery p-group\">\n      <img decoding=\"async\" src=\"https:\/\/cdn.pilgrim.es\/web\/caminos\/camino-norte\/pueblos\/santander.jpg\" alt=\"Santander\"  class=\"group-hover:p-scale-110\"\/>\n      <div class=\"overlay-darked group-hover:p-opacity-50\"><\/div>\n      <a class=\"stretched-link\" href=\"santander\/\"><p><b>Santander<\/b><\/p><\/a>\n    <\/div>\n    <div class=\"item-gallery p-group\">\n      <img decoding=\"async\" src=\"https:\/\/cdn.pilgrim.es\/web\/caminos\/camino-norte\/pueblos\/santillana-del-mar.jpg\" alt=\"Santillana del Mar\" class=\"group-hover:p-scale-110\"\/>\n      <div class=\"overlay-darked group-hover:p-opacity-50\"><\/div>\n      <a class=\"stretched-link\" href=\"santillana-del-mar\/\"><p><b>Santillana del Mar<\/b><\/p><\/a>\n    <\/div>\n    <div class=\"item-gallery p-group\">\n      <img decoding=\"async\" src=\"https:\/\/cdn.pilgrim.es\/web\/caminos\/camino-norte\/pueblos\/gijon.jpg\" alt=\"Gij\u00f3n\"  class=\"group-hover:p-scale-110\"\/>\n      <div class=\"overlay-darked group-hover:p-opacity-50\"><\/div>\n      <a class=\"stretched-link\" href=\"gijon\/\"><p><b>Gij\u00f3n<\/b><\/p><\/a>\n    <\/div>\n    <div class=\"item-gallery p-group\">\n      <img decoding=\"async\" src=\"https:\/\/cdn.pilgrim.es\/web\/caminos\/camino-norte\/pueblos\/ribadeo.jpg\" alt=\"Ribadeo\" class=\"group-hover:p-scale-110\"\/>\n      <div class=\"overlay-darked group-hover:p-opacity-50\"><\/div>\n      <a class=\"stretched-link\" href=\"ribadeo\/\"><p><b>Ribadeo<\/b><\/p><\/a>\n    <\/div>\n  <\/div>\n  <section id=\"infoWay\">\n    <div class=\"info-way-content\">\n      <nav class=\"nav-tab-info nav-tab-info--2-cols\">\n        <button id=\"infoTab\" data-target=\"history\" class=\"nav-link-info active\">\n          Weitere Informationen\n        <\/button>\n        <button id=\"profileTab\" data-target=\"profileWay\" class=\"nav-link-info\">\n          Profil des Weg\n        <\/button>\n      <\/nav>\n      <div id=\"history\" class=\"content-section-info\">\n        <div class=\"subtitle\">\n          <h4 class=\"p-h4--section\">Weitere Informationen&#8230;<\/h4>\n          <hr \/>\n          <h2>\u00dcber den weg im norden<\/h2>\n        <\/div>\n        <h3>Geschichte<\/h3>\n        <p class=\"p-mb-4\">\n          Es handelt sich um\n          <strong>eine der Routen mit l\u00e4ngster Vorgeschichte<\/strong>, neben dem\n          Primitiven Weg, und eines der franz\u00f6sischen Route nahekommenden\n          historischen Alters. Es war die Route, die oftmals von K\u00f6nigen des\n          gesamten europ\u00e4ischen Kontinents genutzt wurde, um Santiago zu\n          erreichen. Durch die Stabilisierung des s\u00fcdlichen Territoriums der\n          Halbinsel nach der Wiedereroberung und die Bevorzugung der\n          franz\u00f6sischen Route durch die Monarchie des XII. Jahrhunderts, verlor\n          sie jedoch an Bedeutung. Trotzdem gelang es den Pilgerfahrten, die\n          gelegentlich die H\u00e4fen der baskischen und kantabrischen K\u00fcste\n          erreichten, diese Route zu festigen,\n          <strong>die so auch als \u201eK\u00fcsten- Weg\u201c bekannt wurde.<\/strong>\n        <\/p>\n        <p>\n          Eminente Pilger trugen zu diesem Prozess der Wiedergeburt und\n          Festigung des n\u00f6rdlichen Weges bei, wie im Falle des heiligen\n          Franziskus von Assisi, der im Jahre 1214 nach Santiago pilgerte, und\n          der Legende nach zahlreiche Franziskaner- Tempel gr\u00fcndete. Die\n          Existenz dieser christlichen Tempel, Ansiedlungen der Tempelritter\n          oder Pilgerhospit\u00e4ler trugen ebenfalls dazu bei, der Route entlang der\n          K\u00fcste die Wichtigkeit zu verleihen, \u00fcber die sie heute verf\u00fcgt.\n        <\/p>\n      <\/div>\n      <div id=\"profileWay\" class=\"p-hidden content-section-info\">\n        <div class=\"subtitle\">\n          <h4 class=\"p-h4--section\">Profil des weg im nordem<\/h4>\n          <hr \/>\n          <h2>Entfernungen und H\u00f6henlage<\/h2>\n        <\/div>\n        <img decoding=\"async\" src=\"https:\/\/cdn.pilgrim.es\/web\/caminos\/camino-norte\/home\/perfil-camino-del-norte.jpg\" alt=\"Skizze Weg im Norden\" \/>\n      <\/div>\n    <\/div>\n  <\/section>\n\n  <section id=\"othersWays\" class=\"others-ways\">\n    <div class=\"others-ways__title\">\n      <h4 class=\"p-h4--section\">Es gibt viele andere Routen, sehen Sie sich die besten Alternativen an<\/h4>\n      <hr \/>\n      <h2>\n        Alternative Routen\n      <\/h2>\n    <\/div>\n    <div class=\"others-ways__content\">\n      <div>\n        <div class=\"each-way\">\n          <a href=\"https:\/\/www.pilgrim.es\/de\/primitiver-weg\/\">\n            <div class=\"each-way__title\">Der Primitive Weg (Urweg)<\/div>\n          <\/a>\n          <div class=\"each-way__tips\">\n            <p>313 km \/ 14 Tage<\/p>\n            <i class=\"icon-arrow\"><\/i>\n          <\/div>\n        <\/div>\n        <hr \/>\n      <\/div>\n      <div>\n        <div class=\"each-way\">\n          <a href=\"https:\/\/www.pilgrim.es\/de\/franzosischer-weg\/\">\n            <div class=\"each-way__title\">Franz\u00f6sischer Weg<\/div>\n          <\/a>\n          <div class=\"each-way__tips\">\n            <p>764 km \/ 33 Tage<\/p>\n            <i class=\"icon-arrow\"><\/i>\n          <\/div>\n        <\/div>\n        <hr \/>\n      <\/div>\n      <div>\n        <div class=\"each-way\">\n          <a href=\"https:\/\/www.pilgrim.es\/de\/englischer-weg\/\">\n            <div class=\"each-way__title\">Englischer Weg<\/div>\n          <\/a>\n          <div class=\"each-way__tips\">\n            <p>119 km \/ 6 Tage<\/p>\n            <i class=\"icon-arrow\"><\/i>\n          <\/div>\n        <\/div>\n        <hr \/>\n      <\/div>\n      <div>\n        <div class=\"each-way\">\n          <div class=\"each-way__title\">Weg von Sarria<\/div>\n\n          <div class=\"each-way__tips\">\n            <p>115 km \/ 5 Tage<\/p>\n            <i class=\"icon-arrow\"><\/i>\n          <\/div>\n        <\/div>\n        <hr \/>\n      <\/div>\n      <div>\n        <div class=\"each-way\">\n          <a href=\"https:\/\/www.pilgrim.es\/de\/portugiesischer-weg\/\">\n            <div class=\"each-way__title\">Portugiesischer Weg<\/div>\n          <\/a>\n          <div class=\"each-way__tips\">\n            <p>620 km \/ 25 Tage<\/p>\n            <i class=\"icon-arrow\"><\/i>\n          <\/div>\n        <\/div>\n        <hr \/>\n      <\/div>\n      <div>\n        <div class=\"each-way\">\n          <a href=\"https:\/\/www.pilgrim.es\/de\/silber-route\/\">\n            <div class=\"each-way__title\">Die Silber-Route<\/div>\n          <\/a>\n          <div class=\"each-way__tips\">\n            <p>960 km \/ 38 Tage<\/p>\n            <i class=\"icon-arrow\"><\/i>\n          <\/div>\n        <\/div>\n        <hr \/>\n      <\/div>\n    <\/div>\n  <\/section>\n  <section id=\"faqs\">\n    <div class=\"title\">\n      <h4 class=\"p-h4--section\">N\u00fctzliche Informationen<\/h4>\n      <hr \/>\n      <h2>H\u00e4ufig gestellte Fragen \u00fcber den Portugiesischen Weg<\/h2>\n    <\/div>\n    <div class=\"container\">\n      <div>\n        <button class=\"accordion-btn\">\n          <div class=\"accordion-btn__question\">\n            <h3>Aus wie vielen Etappen besteht der weg im norden?<\/h3>\n            <span>+<\/span>\n          <\/div>\n          <hr \/>\n        <\/button>\n        <div class=\"accordion-content\">\n          <p>\n            Wie aus der\n            <a href=\"#stagesFoot\" class=\"p-underline\">B\u00fchnenabschnitt<\/a>, der\n            Der Camino del Norte besteht aus insgesamt 35 Etappen \u00fcber eine\n            Strecke von 804 km, die in der baskischen Stadt Ir\u00fan beginnen. Wenn\n            Sie den\n            <a href=\"#stagesBike\" class=\"p-underline\">Der Nordweg mit dem Fahrrad<\/a>\n            Die Anzahl der Etappen wird 18 betragen.\n          <\/p>\n        <\/div>\n      <\/div>\n      <div>\n        <button class=\"accordion-btn\">\n          <div class=\"accordion-btn__question\">\n            <h3>Ist es notwendig, den gesamten N\u00f6rdlichen Weg zu gehen?<\/h3>\n            <span>+<\/span>\n          <\/div>\n          <hr \/>\n        <\/button>\n        <div class=\"accordion-content\">\n          <p>\n            Wenn Ihr Ziel ist es, die Compostela zu bekommen, m\u00fcssen Sie\n            mindestens die letzten 100 km des Camino machen, im Falle dieser\n            Route sind von der Stadt Vilalba gemacht. Allerdings, wenn Sie den\n            Camino mit dem Fahrrad zu tun, ist die Mindestdistanz 200 km, die\n            Sie von La Caridad f\u00fchren w\u00fcrde zu starten.\n          <\/p>\n        <\/div>\n      <\/div>\n      <div>\n        <button class=\"accordion-btn\">\n          <div class=\"accordion-btn__question\">\n            <h3>\n              Welches sind die ber\u00fchmtesten St\u00e4dte entlang des weg-im-norden\n            <\/h3>\n            <span>+<\/span>\n          <\/div>\n          <hr \/>\n        <\/button>\n        <div class=\"accordion-content\">\n          <p>\n            Entlang der Nordroute kommen Sie durch eine Vielzahl von St\u00e4dten,\n            die alle ihren eigenen Charme haben. Es gibt jedoch eine Reihe von\n            St\u00e4dten, in die sich die Pilger beim Durchqueren verlieben: San\n            Sebastian, Deba, Bilbao, Santander und Llanes, um nur einige zu\n            nennen.\n          <\/p>\n        <\/div>\n      <\/div>\n      <div>\n        <button class=\"accordion-btn\">\n          <div class=\"accordion-btn__question\">\n            <h3>Die sch\u00f6nsten Landschaften auf dem weg im norden<\/h3>\n            <span>+<\/span>\n          <\/div>\n          <hr \/>\n        <\/button>\n        <div class=\"accordion-content\">\n          <p>\n            Der weg im nordem ist landschaftlich einzigartig, da er an der K\u00fcste\n            Nordspaniens entlangf\u00fchrt verl\u00e4uft entlang der K\u00fcste Nordspaniens\n            und f\u00fchrt durch Wiesen und gr\u00fcne W\u00e4lder mit den f\u00fcr dieses Land\n            charakteristischen Wiesen und gr\u00fcnen W\u00e4ldern. Sie werden eine\n            Vielzahl von Str\u00e4nden entdecken, die Ihnen den Atem rauben werden.\n            jeder Pilger.\n          <\/p>\n        <\/div>\n      <\/div>\n      <div>\n        <button class=\"accordion-btn\">\n          <div class=\"accordion-btn__question\">\n            <h3>Kuriosit\u00e4ten auf dem weg im norden<\/h3>\n            <span>+<\/span>\n          <\/div>\n          <hr \/>\n        <\/button>\n        <div class=\"accordion-content\">\n          <p>\n            Der weg im nordem wird auch als\n            <a href=\"https:\/\/www.pilgrim.es\/de\/portugiesischer-weg-entlang-der-kuste\/\" class=\"p-underline\">K\u00fcstenweg<\/a>\n            wegen seiner Lage in der N\u00e4he des Kantabrischen Meeres. Sie war\n            w\u00e4hrend der muslimischen Eroberung der Iberischen Halbinsel und der\n            anschlie\u00dfenden Unsicherheit der franz\u00f6sischen Route von gro\u00dfer\n            Bedeutung. Die Route f\u00fchrt durch Regionen wie das Baskenland, das\n            als einer der Orte mit der besten Gastronomie der Welt gilt.\n          <\/p>\n        <\/div>\n      <\/div>\n      <div>\n        <button class=\"accordion-btn\">\n          <div class=\"accordion-btn__question\">\n            <h3>M\u00f6chten Sie mehr \u00fcber die Routen des Camino erfahren?<\/h3>\n            <span>+<\/span>\n          <\/div>\n          <hr \/>\n        <\/button>\n        <div class=\"accordion-content\">\n          <p>\n            Unter\n            <a href=\"\/de\/\" class=\"p-underline\">Pilgrim.es<\/a>\n            haben wir viel umfangreichere Informationen \u00fcber diese und viele\n            andere Routen. Besuchen Sie unsere Website und entdecken Sie alle\n            Routen, die den\n            <a href=\"https:\/\/www.pilgrim.es\/de\/wege\/\" class=\"p-underline\">Jakobsweg<\/a>\n            ausmachen, seine Etappen, Karten und sogar die St\u00e4dte mit den\n            entsprechenden Hinweisen, was es in den einzelnen Orten zu sehen\n            gibt.\n          <\/p>\n        <\/div>\n      <\/div>\n    <\/div>\n  <\/section>\n  <section id=\"infoPilgrim\">\n    <div class=\"title\">\n      <h4 class=\"p-h4--section\">Lernen Sie uns besser kennen<\/h4>\n      <hr \/>\n      <h2>Hilfe f\u00fcr Pilger seit 2016<\/h2>\n    <\/div>\n    <div class=\"content\">\n      <div class=\"content__card\">\n        <div class=\"content__card__icon\">\n          <i class=\"icon-users\"><\/i>\n        <\/div>\n        <p class=\"content__card__title\">Pilgrims<\/p>\n        <p class=\"content__card__quantity\">+54.000<\/p>\n      <\/div>\n      <div class=\"content__card\">\n        <div class=\"content__card__icon\">\n          <i class=\"icon-world\"><\/i>\n        <\/div>\n        <p class=\"content__card__title\">Nationalit\u00e4ten<\/p>\n        <p class=\"content__card__quantity\">+45<\/p>\n      <\/div>\n      <div class=\"content__card\">\n        <div class=\"content__card__icon\">\n          <i class=\"icon-star\"><\/i>\n        <\/div>\n        <p class=\"content__card__title\">Google Bewertung<\/p>\n        <p class=\"content__card__quantity\">4,7 &#9733;<\/p>\n      <\/div>\n      <div class=\"content__card\">\n        <div class=\"content__card__icon\">\n          <i class=\"icon-home\"><\/i>\n        <\/div>\n        <p class=\"content__card__title\">Verbundene Unternehmen<\/p>\n        <p class=\"content__card__quantity\">+7500<\/p>\n      <\/div>\n    <\/div>\n  <\/section>\n<\/div>\n\n","protected":false},"excerpt":{"rendered":"<p>Weg im Norden 35 Etappen zu Fu\u00df \/ 18 Etappen mit dem Fahrrad Einen sch\u00f6nen Spaziergang! Warum den Weg im Norden w\u00e4hlen? Wir finden in dieser Option eine weniger massiv- bewanderte Strecke als die franz\u00f6sische, die eine gute Beschilderung, aber auch weniger Infrastruktur aufweist. Es ist direkt nach der Silber-Route,die zweitl\u00e4ngste Route,die uns mit der &hellip; <\/p>\n<p class=\"read_more\"><a href=\"https:\/\/www.pilgrim.es\/de\/weg-im-norden\/\">Leer m\u00e1s<\/a><\/p>\n","protected":false},"author":4,"featured_media":10479,"parent":0,"menu_order":0,"comment_status":"closed","ping_status":"open","template":"views\/template-new-web-design.blade.php","meta":{"footnotes":""},"categories":[],"tags":[],"class_list":["post-10670","page","type-page","status-publish","has-post-thumbnail","hentry"],"yoast_head":"<!-- This site is optimized with the Yoast SEO plugin v27.4 - https:\/\/yoast.com\/product\/yoast-seo-wordpress\/ -->\n<title>\u25b7 Der Weg im Norden | Etappen und Landkarte | Jakobsweg | Pilgrim.es<\/title>\n<meta name=\"description\" content=\"Weg im Norden Entdecken Sie alle Informationen \u00fcber Etappen, Entfernungen, Interessenspunkte\/ Sehensw\u00fcrdigkeiten oder den Verlauf \u2705. Erleben Sie den Zauber des Jakobsweges.\" \/>\n<meta name=\"robots\" content=\"index, follow, max-snippet:-1, max-image-preview:large, max-video-preview:-1\" \/>\n<link rel=\"canonical\" href=\"https:\/\/www.pilgrim.es\/de\/weg-im-norden\/\" \/>\n<meta property=\"og:locale\" content=\"de_DE\" \/>\n<meta property=\"og:type\" content=\"article\" \/>\n<meta property=\"og:title\" content=\"\u25b7 Der Weg im Norden | Etappen und Landkarte | Jakobsweg | Pilgrim.es\" \/>\n<meta property=\"og:description\" content=\"Weg im Norden Entdecken Sie alle Informationen \u00fcber Etappen, Entfernungen, Interessenspunkte\/ Sehensw\u00fcrdigkeiten oder den Verlauf \u2705. Erleben Sie den Zauber des Jakobsweges.\" \/>\n<meta property=\"og:url\" content=\"https:\/\/www.pilgrim.es\/de\/weg-im-norden\/\" \/>\n<meta property=\"og:site_name\" content=\"Pilgrim\" \/>\n<meta property=\"article:publisher\" content=\"https:\/\/www.facebook.com\/pilgrim.es\/\" \/>\n<meta property=\"article:modified_time\" content=\"2025-11-21T13:13:13+00:00\" \/>\n<meta property=\"og:image\" content=\"https:\/\/www.pilgrim.es\/wp-content\/uploads\/2019\/02\/fondo-camino-del-norte-def-01.jpg\" \/>\n\t<meta property=\"og:image:width\" content=\"1131\" \/>\n\t<meta property=\"og:image:height\" content=\"523\" \/>\n\t<meta property=\"og:image:type\" content=\"image\/jpeg\" \/>\n<meta name=\"twitter:card\" content=\"summary_large_image\" \/>\n<meta name=\"twitter:site\" content=\"@pilgrim_es\" \/>\n<meta name=\"twitter:label1\" content=\"Gesch\u00e4tzte Lesezeit\" \/>\n\t<meta name=\"twitter:data1\" content=\"7\u00a0Minuten\" \/>\n<script type=\"application\/ld+json\" class=\"yoast-schema-graph\">{\"@context\":\"https:\\\/\\\/schema.org\",\"@graph\":[{\"@type\":\"WebPage\",\"@id\":\"https:\\\/\\\/www.pilgrim.es\\\/de\\\/weg-im-norden\\\/\",\"url\":\"https:\\\/\\\/www.pilgrim.es\\\/de\\\/weg-im-norden\\\/\",\"name\":\"\u25b7 Der Weg im Norden | Etappen und Landkarte | Jakobsweg | Pilgrim.es\",\"isPartOf\":{\"@id\":\"https:\\\/\\\/www.pilgrim.es\\\/de\\\/#website\"},\"primaryImageOfPage\":{\"@id\":\"https:\\\/\\\/www.pilgrim.es\\\/de\\\/weg-im-norden\\\/#primaryimage\"},\"image\":{\"@id\":\"https:\\\/\\\/www.pilgrim.es\\\/de\\\/weg-im-norden\\\/#primaryimage\"},\"thumbnailUrl\":\"https:\\\/\\\/www.pilgrim.es\\\/wp-content\\\/uploads\\\/2019\\\/02\\\/fondo-camino-del-norte-def-01.jpg\",\"datePublished\":\"2019-02-11T15:01:04+00:00\",\"dateModified\":\"2025-11-21T13:13:13+00:00\",\"description\":\"Weg im Norden Entdecken Sie alle Informationen \u00fcber Etappen, Entfernungen, Interessenspunkte\\\/ Sehensw\u00fcrdigkeiten oder den Verlauf \u2705. Erleben Sie den Zauber des Jakobsweges.\",\"breadcrumb\":{\"@id\":\"https:\\\/\\\/www.pilgrim.es\\\/de\\\/weg-im-norden\\\/#breadcrumb\"},\"inLanguage\":\"de\",\"potentialAction\":[{\"@type\":\"ReadAction\",\"target\":[\"https:\\\/\\\/www.pilgrim.es\\\/de\\\/weg-im-norden\\\/\"]}]},{\"@type\":\"ImageObject\",\"inLanguage\":\"de\",\"@id\":\"https:\\\/\\\/www.pilgrim.es\\\/de\\\/weg-im-norden\\\/#primaryimage\",\"url\":\"https:\\\/\\\/www.pilgrim.es\\\/wp-content\\\/uploads\\\/2019\\\/02\\\/fondo-camino-del-norte-def-01.jpg\",\"contentUrl\":\"https:\\\/\\\/www.pilgrim.es\\\/wp-content\\\/uploads\\\/2019\\\/02\\\/fondo-camino-del-norte-def-01.jpg\",\"width\":1131,\"height\":523,\"caption\":\"verlauf weg im norden\"},{\"@type\":\"BreadcrumbList\",\"@id\":\"https:\\\/\\\/www.pilgrim.es\\\/de\\\/weg-im-norden\\\/#breadcrumb\",\"itemListElement\":[{\"@type\":\"ListItem\",\"position\":1,\"name\":\"Camino de Santiago\",\"item\":\"https:\\\/\\\/www.pilgrim.es\\\/de\\\/\"},{\"@type\":\"ListItem\",\"position\":2,\"name\":\"Weg im Norden\"}]},{\"@type\":\"WebSite\",\"@id\":\"https:\\\/\\\/www.pilgrim.es\\\/de\\\/#website\",\"url\":\"https:\\\/\\\/www.pilgrim.es\\\/de\\\/\",\"name\":\"Pilgrim\",\"description\":\"Camino de Santiago | Caminamos Contigo\",\"publisher\":{\"@id\":\"https:\\\/\\\/www.pilgrim.es\\\/de\\\/#organization\"},\"potentialAction\":[{\"@type\":\"SearchAction\",\"target\":{\"@type\":\"EntryPoint\",\"urlTemplate\":\"https:\\\/\\\/www.pilgrim.es\\\/de\\\/?s={search_term_string}\"},\"query-input\":{\"@type\":\"PropertyValueSpecification\",\"valueRequired\":true,\"valueName\":\"search_term_string\"}}],\"inLanguage\":\"de\"},{\"@type\":\"Organization\",\"@id\":\"https:\\\/\\\/www.pilgrim.es\\\/de\\\/#organization\",\"name\":\"Pilgrim Camino de Santiago\",\"url\":\"https:\\\/\\\/www.pilgrim.es\\\/de\\\/\",\"logo\":{\"@type\":\"ImageObject\",\"inLanguage\":\"de\",\"@id\":\"https:\\\/\\\/www.pilgrim.es\\\/de\\\/#\\\/schema\\\/logo\\\/image\\\/\",\"url\":\"https:\\\/\\\/www.pilgrim.es\\\/wp-content\\\/uploads\\\/2019\\\/04\\\/logo_pilgrim.png\",\"contentUrl\":\"https:\\\/\\\/www.pilgrim.es\\\/wp-content\\\/uploads\\\/2019\\\/04\\\/logo_pilgrim.png\",\"width\":512,\"height\":512,\"caption\":\"Pilgrim Camino de Santiago\"},\"image\":{\"@id\":\"https:\\\/\\\/www.pilgrim.es\\\/de\\\/#\\\/schema\\\/logo\\\/image\\\/\"},\"sameAs\":[\"https:\\\/\\\/www.facebook.com\\\/pilgrim.es\\\/\",\"https:\\\/\\\/x.com\\\/pilgrim_es\",\"https:\\\/\\\/www.instagram.com\\\/pilgrim.es\\\/\",\"https:\\\/\\\/www.linkedin.com\\\/company\\\/pilgrim-camino-de-santiago\\\/\",\"https:\\\/\\\/www.pinterest.es\\\/pilgrimcaminodesantiago\\\/\",\"https:\\\/\\\/www.youtube.com\\\/channel\\\/UCIv2ZzFLXVqthkNF32rKedw\\\/featured\"]}]}<\/script>\n<!-- \/ Yoast SEO plugin. -->","yoast_head_json":{"title":"\u25b7 Der Weg im Norden | Etappen und Landkarte | Jakobsweg | Pilgrim.es","description":"Weg im Norden Entdecken Sie alle Informationen \u00fcber Etappen, Entfernungen, Interessenspunkte\/ Sehensw\u00fcrdigkeiten oder den Verlauf \u2705. Erleben Sie den Zauber des Jakobsweges.","robots":{"index":"index","follow":"follow","max-snippet":"max-snippet:-1","max-image-preview":"max-image-preview:large","max-video-preview":"max-video-preview:-1"},"canonical":"https:\/\/www.pilgrim.es\/de\/weg-im-norden\/","og_locale":"de_DE","og_type":"article","og_title":"\u25b7 Der Weg im Norden | Etappen und Landkarte | Jakobsweg | Pilgrim.es","og_description":"Weg im Norden Entdecken Sie alle Informationen \u00fcber Etappen, Entfernungen, Interessenspunkte\/ Sehensw\u00fcrdigkeiten oder den Verlauf \u2705. Erleben Sie den Zauber des Jakobsweges.","og_url":"https:\/\/www.pilgrim.es\/de\/weg-im-norden\/","og_site_name":"Pilgrim","article_publisher":"https:\/\/www.facebook.com\/pilgrim.es\/","article_modified_time":"2025-11-21T13:13:13+00:00","og_image":[{"width":1131,"height":523,"url":"https:\/\/www.pilgrim.es\/wp-content\/uploads\/2019\/02\/fondo-camino-del-norte-def-01.jpg","type":"image\/jpeg"}],"twitter_card":"summary_large_image","twitter_site":"@pilgrim_es","twitter_misc":{"Gesch\u00e4tzte Lesezeit":"7\u00a0Minuten"},"schema":{"@context":"https:\/\/schema.org","@graph":[{"@type":"WebPage","@id":"https:\/\/www.pilgrim.es\/de\/weg-im-norden\/","url":"https:\/\/www.pilgrim.es\/de\/weg-im-norden\/","name":"\u25b7 Der Weg im Norden | Etappen und Landkarte | Jakobsweg | Pilgrim.es","isPartOf":{"@id":"https:\/\/www.pilgrim.es\/de\/#website"},"primaryImageOfPage":{"@id":"https:\/\/www.pilgrim.es\/de\/weg-im-norden\/#primaryimage"},"image":{"@id":"https:\/\/www.pilgrim.es\/de\/weg-im-norden\/#primaryimage"},"thumbnailUrl":"https:\/\/www.pilgrim.es\/wp-content\/uploads\/2019\/02\/fondo-camino-del-norte-def-01.jpg","datePublished":"2019-02-11T15:01:04+00:00","dateModified":"2025-11-21T13:13:13+00:00","description":"Weg im Norden Entdecken Sie alle Informationen \u00fcber Etappen, Entfernungen, Interessenspunkte\/ Sehensw\u00fcrdigkeiten oder den Verlauf \u2705. Erleben Sie den Zauber des Jakobsweges.","breadcrumb":{"@id":"https:\/\/www.pilgrim.es\/de\/weg-im-norden\/#breadcrumb"},"inLanguage":"de","potentialAction":[{"@type":"ReadAction","target":["https:\/\/www.pilgrim.es\/de\/weg-im-norden\/"]}]},{"@type":"ImageObject","inLanguage":"de","@id":"https:\/\/www.pilgrim.es\/de\/weg-im-norden\/#primaryimage","url":"https:\/\/www.pilgrim.es\/wp-content\/uploads\/2019\/02\/fondo-camino-del-norte-def-01.jpg","contentUrl":"https:\/\/www.pilgrim.es\/wp-content\/uploads\/2019\/02\/fondo-camino-del-norte-def-01.jpg","width":1131,"height":523,"caption":"verlauf weg im norden"},{"@type":"BreadcrumbList","@id":"https:\/\/www.pilgrim.es\/de\/weg-im-norden\/#breadcrumb","itemListElement":[{"@type":"ListItem","position":1,"name":"Camino de Santiago","item":"https:\/\/www.pilgrim.es\/de\/"},{"@type":"ListItem","position":2,"name":"Weg im Norden"}]},{"@type":"WebSite","@id":"https:\/\/www.pilgrim.es\/de\/#website","url":"https:\/\/www.pilgrim.es\/de\/","name":"Pilgrim","description":"Camino de Santiago | Caminamos Contigo","publisher":{"@id":"https:\/\/www.pilgrim.es\/de\/#organization"},"potentialAction":[{"@type":"SearchAction","target":{"@type":"EntryPoint","urlTemplate":"https:\/\/www.pilgrim.es\/de\/?s={search_term_string}"},"query-input":{"@type":"PropertyValueSpecification","valueRequired":true,"valueName":"search_term_string"}}],"inLanguage":"de"},{"@type":"Organization","@id":"https:\/\/www.pilgrim.es\/de\/#organization","name":"Pilgrim Camino de Santiago","url":"https:\/\/www.pilgrim.es\/de\/","logo":{"@type":"ImageObject","inLanguage":"de","@id":"https:\/\/www.pilgrim.es\/de\/#\/schema\/logo\/image\/","url":"https:\/\/www.pilgrim.es\/wp-content\/uploads\/2019\/04\/logo_pilgrim.png","contentUrl":"https:\/\/www.pilgrim.es\/wp-content\/uploads\/2019\/04\/logo_pilgrim.png","width":512,"height":512,"caption":"Pilgrim Camino de Santiago"},"image":{"@id":"https:\/\/www.pilgrim.es\/de\/#\/schema\/logo\/image\/"},"sameAs":["https:\/\/www.facebook.com\/pilgrim.es\/","https:\/\/x.com\/pilgrim_es","https:\/\/www.instagram.com\/pilgrim.es\/","https:\/\/www.linkedin.com\/company\/pilgrim-camino-de-santiago\/","https:\/\/www.pinterest.es\/pilgrimcaminodesantiago\/","https:\/\/www.youtube.com\/channel\/UCIv2ZzFLXVqthkNF32rKedw\/featured"]}]}},"_links":{"self":[{"href":"https:\/\/www.pilgrim.es\/de\/wp-json\/wp\/v2\/pages\/10670","targetHints":{"allow":["GET"]}}],"collection":[{"href":"https:\/\/www.pilgrim.es\/de\/wp-json\/wp\/v2\/pages"}],"about":[{"href":"https:\/\/www.pilgrim.es\/de\/wp-json\/wp\/v2\/types\/page"}],"author":[{"embeddable":true,"href":"https:\/\/www.pilgrim.es\/de\/wp-json\/wp\/v2\/users\/4"}],"replies":[{"embeddable":true,"href":"https:\/\/www.pilgrim.es\/de\/wp-json\/wp\/v2\/comments?post=10670"}],"version-history":[{"count":45,"href":"https:\/\/www.pilgrim.es\/de\/wp-json\/wp\/v2\/pages\/10670\/revisions"}],"predecessor-version":[{"id":138615,"href":"https:\/\/www.pilgrim.es\/de\/wp-json\/wp\/v2\/pages\/10670\/revisions\/138615"}],"wp:featuredmedia":[{"embeddable":true,"href":"https:\/\/www.pilgrim.es\/de\/wp-json\/wp\/v2\/media\/10479"}],"wp:attachment":[{"href":"https:\/\/www.pilgrim.es\/de\/wp-json\/wp\/v2\/media?parent=10670"}],"wp:term":[{"taxonomy":"category","embeddable":true,"href":"https:\/\/www.pilgrim.es\/de\/wp-json\/wp\/v2\/categories?post=10670"},{"taxonomy":"post_tag","embeddable":true,"href":"https:\/\/www.pilgrim.es\/de\/wp-json\/wp\/v2\/tags?post=10670"}],"curies":[{"name":"wp","href":"https:\/\/api.w.org\/{rel}","templated":true}]}}