{"id":10647,"date":"2019-02-08T13:58:44","date_gmt":"2019-02-08T13:58:44","guid":{"rendered":"https:\/\/desarrollo.pilgrim.es\/portugiesischer-weg-entlang-der-kuste\/"},"modified":"2025-11-28T12:16:08","modified_gmt":"2025-11-28T12:16:08","slug":"portugiesischer-weg-entlang-der-kuste","status":"publish","type":"page","link":"https:\/\/www.pilgrim.es\/de\/portugiesischer-weg-entlang-der-kuste\/","title":{"rendered":"Portugiesischer Weg entlang der K\u00fcste"},"content":{"rendered":"\n<div id=\"way\">\n  <section id=\"heroWay\">\n    <h1>Portugiesischer Weg entlang der K\u00fcste<\/h1>\n    <div class=\"options-stages\">\n      <p>\n        <a href=\"#stagesFoot\">13 Ettapen zu Fu\u00df <\/a> \/\n        <a href=\"#stagesBike\">4 Ettapen mit dem Fahrrad<\/a>\n      <\/p>\n    <\/div>\n    <div class=\"main-content\">\n      <div class=\"main-content__col-map\">\n        <img decoding=\"async\" src=\"https:\/\/cdn.pilgrim.es\/web\/caminos\/camino-portugues\/home\/mapa-camino-portugues.jpg\" alt=\"Landkarte Portugiesischer Weg entlang der K\u00fcste\" \/>\n      <\/div>\n      <div class=\"main-content__col-planner\"><div\r\n  class=\"p-col-span-1 p-rounded-lg p-px-5 p-h-full\"\r\n  style=\"background-image: url('https:\/\/cdn.pilgrim.es\/web\/pilgrim-planner\/bg-plugin-planificador.webp')\"\r\n  rel=\"preload\"\r\n  fetchpriority=\"high\"\r\n  >\r\n    <div class=\"p-text-center p-pt-5 p-text-white p-text-2xl p-font-semibold\">\r\n      Plane deinen Weg    <\/div>\r\n    <div\r\n            id='primary-app'\r\n            data-name='banner'\r\n            data-api='https:\/\/pathfinder.pilgrim.es\/api\/pathfinder\/v2'\r\n            data-mode='normal'\r\n            data-lang='de'\r\n            data-route='1'\r\n            data-destiny='https:\/\/planificador.pilgrim.es'\r\n            data-modality='1'\r\n            data-inline=''\r\n        ><\/div><\/div><\/div>\n    <\/div>\n  <\/section>\n\n  <section id=\"scoreBarsWay\">\n    <section>\r\n  <div class=\"p-flex p-flex-nowrap p-space-x-4 p-py-5 p-overflow-x-auto md:p-grid md:p-grid-cols-3 lg:p-grid-cols-5 md:p-gap-8 md:p-space-x-0 md:p-overflow-hidden scrollbar-thin\">\r\n    <div class=\"p-grid p-grid-cols-4 p-shrink-0 p-w-72 p-snap-start md:p-w-full\">\r\n        <div class=\"p-col-span-1 p-self-center p-text-center p-text-3xl\">\r\n            <i class=\"icon-influx\"><\/i>\r\n        <\/div>\r\n        <div class=\"p-col-span-3 p-flex p-flex-col p-items-start\">\r\n            <div class=\"p-text-start p-text-secondary p-mb-1 p-bold\"> Zustrom <\/div>\r\n            <div class=\"p-w-full p-bg-light p-rounded-full p-h-2 p-relative\">\r\n                <div class=\"p-bg-primary p-h-2 p-rounded-full p-absolute\" style=\"width: 60%;\"><\/div>\r\n            <\/div>\r\n        <\/div>\r\n    <\/div>\r\n\r\n    <div class=\"p-grid p-grid-cols-4 p-shrink-0 p-w-72 p-snap-start md:p-w-full\">\r\n        <div class=\"p-col-span-1 p-self-center p-text-center p-text-3xl\">\r\n            <i class=\"icon-difficulty\"><\/i>\r\n        <\/div>\r\n        <div class=\"p-col-span-3 p-flex p-flex-col p-items-start\">\r\n            <div class=\"p-text-start p-text-secondary p-mb-1 p-bold\"> Schwierigkeitsgrad <\/div>\r\n            <div class=\"p-w-full p-bg-light p-rounded-full p-h-2 p-relative\">\r\n                <div class=\"p-bg-primary p-h-2 p-rounded-full p-absolute\" style=\"width: 40%;\"><\/div>\r\n            <\/div>\r\n        <\/div>\r\n    <\/div>\r\n\r\n    <div class=\"p-grid p-grid-cols-4 p-shrink-0 p-w-72 p-snap-start md:p-w-full\">\r\n        <div class=\"p-col-span-1 p-self-center p-text-center p-text-3xl\">\r\n            <i class=\"icon-patrimony\"><\/i>\r\n        <\/div>\r\n        <div class=\"p-col-span-3 p-flex p-flex-col p-items-start\">\r\n            <div class=\"p-text-start p-text-secondary p-mb-1 p-bold\"> Kunst\/Geschichte <\/div>\r\n            <div class=\"p-w-full p-bg-light p-rounded-full p-h-2 p-relative\">\r\n                <div class=\"p-bg-primary p-h-2 p-rounded-full p-absolute\" style=\"width: 60%;\"><\/div>\r\n            <\/div>\r\n        <\/div>\r\n    <\/div>\r\n\r\n    <div class=\"p-grid p-grid-cols-4 p-shrink-0 p-w-72 p-snap-start md:p-w-full\">\r\n        <div class=\"p-col-span-1 p-self-center p-text-center p-text-3xl\">\r\n            <i class=\"icon-nature\"><\/i>\r\n        <\/div>\r\n        <div class=\"p-col-span-3 p-flex p-flex-col p-items-start\">\r\n            <div class=\"p-text-start p-text-secondary p-mb-1 p-bold\"> Natur <\/div>\r\n            <div class=\"p-w-full p-bg-light p-rounded-full p-h-2 p-relative\">\r\n                <div class=\"p-bg-primary p-h-2 p-rounded-full p-absolute\" style=\"width: 40%;\"><\/div>\r\n            <\/div>\r\n        <\/div>\r\n    <\/div>\r\n\r\n    <div class=\"p-grid p-grid-cols-4 p-shrink-0 p-w-72 p-snap-start md:p-w-full\">\r\n        <div class=\"p-col-span-1 p-self-center p-text-center p-text-3xl\">\r\n            <i class=\"icon-urban\"><\/i>\r\n        <\/div>\r\n        <div class=\"p-col-span-3 p-flex p-flex-col p-items-start\">\r\n            <div class=\"p-text-start p-text-secondary p-mb-1 p-bold\"> St\u00e4dtischer Weg <\/div>\r\n            <div class=\"p-w-full p-bg-light p-rounded-full p-h-2 p-relative\">\r\n                <div class=\"p-bg-primary p-h-2 p-rounded-full p-absolute\" style=\"width: 20%;\"><\/div>\r\n            <\/div>\r\n        <\/div>\r\n    <\/div>\r\n  <\/div>\r\n<\/section>\n  <\/section>\n\n  <section id=\"summaryWay\">\n    <div class=\"subtitle\">\n      <h4 class=\"p-h4--section\">Einen sch\u00f6nen Spaziergang!<\/h4>\n      <hr \/>\n    <\/div>\n    <div class=\"content-summary\">\n      <div class=\"content-summary__col-text\">\n        <h2>Warum den portugiesischen Weg entlang der K\u00fcste w\u00e4hlen?<\/h2>\n\n        <p class=\"p-my-3\">\n          Die Route ist im Allgemeinen<strong>eben und das ganze Jahr \u00fcber wegsam<\/strong>; sie verl\u00e4uft zwischen Steilk\u00fcsten, Bergen und Flussm\u00fcndungen. Sie\n          beginnt in der wichtigen Stadt Porto und durchquert St\u00e4dte wie P\u00f3voa\n          de Varzim, Viana do Castelo, Esposende, A Guarda, Baiona\n        <\/p>\n        <p class=\"p-mb-3\">\n          Der Fluss Mi\u00f1o erwartet die Pilger aus Portugal vor den Toren\n          Galiciens. Am h\u00e4ufigsten fiel die Wahl jahrhundertelang auf die\n          Abzweigung ins Innenland in Richtung Tui. Die Route entlang der K\u00fcste\n          bis nach Galicien\n          <strong>ist jedoch auf andere Weise m\u00f6glicStd.<\/strong>: Von Caminha\n          aus k\u00f6nnen Sie die F\u00e4hre nach A Guarda nehmen.\n        <\/p>\n      <\/div>\n      <div class=\"content-summary__col-experiences\">\n        <section id=\"experiencesCarousel\" class=\"p-relative\">\r\n  <div id=\"experiencesCarousel\" class=\"p-container p-mx-auto p-relative p-w-full lg:p-w-4\/5\">\r\n    <button id=\"prev-slide-experiences\" class=\"slide-button material-symbols-rounded\">\r\n        <div class=\"p-self-item p-font-bold\">&#10094;<\/div>\r\n    <\/button>\r\n    <button id=\"next-slide-experiences\" class=\"slide-button material-symbols-rounded\">\r\n        <div class=\"p-font-bold\">&#10095;<\/div>\r\n    <\/button>\r\n    <div id=\"carousel\" class=\"container-slider p-self-center p-mt-10\">\r\n        <ul class=\"card-list card-list--less-gap\">\r\n                                                <div  class=\"card-item card-item--min\" data-category=\"portugues\" data-mode=\"a-pie\">\r\n                        <div class=\"p-rounded-lg p-h-80 p-relative p-p-5 p-text-white p-max-w-[250px] lg:p-max-w-full experience-card-item\">\r\n                            <div class=\"experience-card-bg\" style=\"background-image: url('\/wp-content\/uploads\/2024\/07\/experiencia-portugues-desde-tui.jpg');\"><\/div>\r\n                            <div class=\"experience-card-content p-h-72 card-item-container p-max-w-[250px] lg:p-max-w-full\">\r\n                                <div class=\"p-flex p-flex-wrap\">\r\n                                    <p class=\"p-col-auto p-m-0 p-px-2 p-border p-border-white p-rounded-lg p-text-sm p-self-center\">Zu Fu\u00df<\/p>\r\n                                    <p class=\"p-text-sm p-self-center p-px-4 p-mb-0\">4,9 \u2605<\/p>\r\n                                <\/div>\r\n                                <h3 class=\"p-font-['Inter'] p-normal-case p-text-base lg:p-text-xl p-font-bold p-my-5\"> <a href=\"\/experiencias\/camino-portugues-desde-tui\/\" id=\"camino-portugues-desde-tui\" target=\"_blank\" class=\"after:p-absolute after:p-inset-0 p-text-white hover:p-text-light\">Portugiesischer Weg von Tui<\/a><\/h3>\r\n                                <div class=\"p-flex p-flex-wrap\">\r\n                                    <div class=\"p-col-auto p-flex p-self-center p-pr-0\">\r\n                                        <i class=\"icon-signal\"><\/i>\r\n                                    <\/div>\r\n                                    <div class=\"p-col-auto p-flex p-self-auto p-ml-2\">\r\n                                        <p class=\"p-m-0 p-text-sm p-font-bold\">115 Km<\/p>\r\n                                    <\/div>\r\n                                <\/div>\r\n                                <div class=\"p-flex p-flex-wrap p-my-1\">\r\n                                    <div class=\"p-col-auto p-flex p-self-center p-pr-0\">\r\n                                        <i class=\"icon-calendar\"><\/i>\r\n                                    <\/div>\r\n                                    <div class=\"p-col-auto p-flex p-self-auto p-ml-2\">\r\n                                        <p class=\"p-m-0 p-text-sm p-font-bold\">5 etappen<\/p>\r\n                                    <\/div>\r\n                                <\/div>\r\n                                <div class=\"p-flex p-flex-wrap\">\r\n                                    <div class=\"p-col-auto p-flex p-self-center p-pr-0\">\r\n                                        <i class=\"icon-nights\"><\/i>\r\n                                    <\/div>\r\n                                    <div class=\"p-col-auto p-flex p-align-self-auto p-ml-2\">\r\n                                        <p class=\"p-m-0 p-text-sm p-font-bold\">6 n\u00e4chte<\/p>\r\n                                    <\/div>\r\n                                <\/div>\r\n                                <div class=\"p-w-full p-absolute p-bottom-0 p-pb-3 p-pointer-events-none\">\r\n                                    <div class=\"p-flex p-justify-between\">\r\n                                        <div>\r\n                                            <p class=\"p-text-xs p-uppercase p-font-semibold p-my-1\">Ab<\/p>\r\n                                            <p class=\"p-text-2xl p-font-semibold p-mt-[-12px]\">450\u20ac<\/p>\r\n                                        <\/div>\r\n                                        <div class=\"p-text-white p-w-auto p-h-auto p-p-2 p-self-center p-rounded-full p-bg-dark-opacity\">\r\n                                            <img decoding=\"async\" src=\"\/wp-content\/uploads\/2024\/07\/flecha-r.svg\" alt=\"icono flecha derecha\" class=\"p-text-center p-self-center\">\r\n                                        <\/div>\r\n                                    <\/div>\r\n                                <\/div>\r\n                            <\/div>\r\n                        <\/div>\r\n                    <\/div>\r\n                                                                <div  class=\"card-item card-item--min\" data-category=\"portugues\" data-mode=\"a-pie\">\r\n                        <div class=\"p-rounded-lg p-h-80 p-relative p-p-5 p-text-white p-max-w-[250px] lg:p-max-w-full experience-card-item\">\r\n                            <div class=\"experience-card-bg\" style=\"background-image: url('\/wp-content\/uploads\/2024\/07\/experiencia-en-bici-desde-oporto.jpg');\"><\/div>\r\n                            <div class=\"experience-card-content p-h-72 card-item-container p-max-w-[250px] lg:p-max-w-full\">\r\n                                <div class=\"p-flex p-flex-wrap\">\r\n                                    <p class=\"p-col-auto p-m-0 p-px-2 p-border p-border-white p-rounded-lg p-text-sm p-self-center\">Mit dem Fahrrad<\/p>\r\n                                    <p class=\"p-text-sm p-self-center p-px-4 p-mb-0\">4,8 \u2605<\/p>\r\n                                <\/div>\r\n                                <h3 class=\"p-font-['Inter'] p-normal-case p-text-base lg:p-text-xl p-font-bold p-my-5\"> <a href=\"\/experiencias\/camino-portugues-en-bicicleta-desde-oporto\/\" id=\"camino-portugues-en-bicicleta-desde-oporto\" target=\"_blank\" class=\"after:p-absolute after:p-inset-0 p-text-white hover:p-text-light\">Der portugiesische Weg mit dem Fahrrad Oporto<\/a><\/h3>\r\n                                <div class=\"p-flex p-flex-wrap\">\r\n                                    <div class=\"p-col-auto p-flex p-self-center p-pr-0\">\r\n                                        <i class=\"icon-signal\"><\/i>\r\n                                    <\/div>\r\n                                    <div class=\"p-col-auto p-flex p-self-auto p-ml-2\">\r\n                                        <p class=\"p-m-0 p-text-sm p-font-bold\">242 Km<\/p>\r\n                                    <\/div>\r\n                                <\/div>\r\n                                <div class=\"p-flex p-flex-wrap p-my-1\">\r\n                                    <div class=\"p-col-auto p-flex p-self-center p-pr-0\">\r\n                                        <i class=\"icon-calendar\"><\/i>\r\n                                    <\/div>\r\n                                    <div class=\"p-col-auto p-flex p-self-auto p-ml-2\">\r\n                                        <p class=\"p-m-0 p-text-sm p-font-bold\">5 etappen<\/p>\r\n                                    <\/div>\r\n                                <\/div>\r\n                                <div class=\"p-flex p-flex-wrap\">\r\n                                    <div class=\"p-col-auto p-flex p-self-center p-pr-0\">\r\n                                        <i class=\"icon-nights\"><\/i>\r\n                                    <\/div>\r\n                                    <div class=\"p-col-auto p-flex p-align-self-auto p-ml-2\">\r\n                                        <p class=\"p-m-0 p-text-sm p-font-bold\">6 n\u00e4chte<\/p>\r\n                                    <\/div>\r\n                                <\/div>\r\n                                <div class=\"p-w-full p-absolute p-bottom-0 p-pb-3 p-pointer-events-none\">\r\n                                    <div class=\"p-flex p-justify-between\">\r\n                                        <div>\r\n                                            <p class=\"p-text-xs p-uppercase p-font-semibold p-my-1\">Ab<\/p>\r\n                                            <p class=\"p-text-2xl p-font-semibold p-mt-[-12px]\">490\u20ac<\/p>\r\n                                        <\/div>\r\n                                        <div class=\"p-text-white p-w-auto p-h-auto p-p-2 p-self-center p-rounded-full p-bg-dark-opacity\">\r\n                                            <img decoding=\"async\" src=\"\/wp-content\/uploads\/2024\/07\/flecha-r.svg\" alt=\"icono flecha derecha\" class=\"p-text-center p-self-center\">\r\n                                        <\/div>\r\n                                    <\/div>\r\n                                <\/div>\r\n                            <\/div>\r\n                        <\/div>\r\n                    <\/div>\r\n                                                                <div  class=\"card-item card-item--min\" data-category=\"portugues\" data-mode=\"a-pie\">\r\n                        <div class=\"p-rounded-lg p-h-80 p-relative p-p-5 p-text-white p-max-w-[250px] lg:p-max-w-full experience-card-item\">\r\n                            <div class=\"experience-card-bg\" style=\"background-image: url('\/wp-content\/uploads\/2024\/07\/experiencia-portugues-costa-desde-oporto.jpg');\"><\/div>\r\n                            <div class=\"experience-card-content p-h-72 card-item-container p-max-w-[250px] lg:p-max-w-full\">\r\n                                <div class=\"p-flex p-flex-wrap\">\r\n                                    <p class=\"p-col-auto p-m-0 p-px-2 p-border p-border-white p-rounded-lg p-text-sm p-self-center\">Zu Fu\u00df<\/p>\r\n                                    <p class=\"p-text-sm p-self-center p-px-4 p-mb-0\">4,8 \u2605<\/p>\r\n                                <\/div>\r\n                                <h3 class=\"p-font-['Inter'] p-normal-case p-text-base lg:p-text-xl p-font-bold p-my-5\"> <a href=\"\/experiencias\/camino-portugues-costa-desde-oporto\/\" id=\"camino-portugues-costa-desde-oporto\" target=\"_blank\" class=\"after:p-absolute after:p-inset-0 p-text-white hover:p-text-light\">Portugiesischer Weg entlang der K\u00fcste von Porto<\/a><\/h3>\r\n                                <div class=\"p-flex p-flex-wrap\">\r\n                                    <div class=\"p-col-auto p-flex p-self-center p-pr-0\">\r\n                                        <i class=\"icon-signal\"><\/i>\r\n                                    <\/div>\r\n                                    <div class=\"p-col-auto p-flex p-self-auto p-ml-2\">\r\n                                        <p class=\"p-m-0 p-text-sm p-font-bold\">271 Km<\/p>\r\n                                    <\/div>\r\n                                <\/div>\r\n                                <div class=\"p-flex p-flex-wrap p-my-1\">\r\n                                    <div class=\"p-col-auto p-flex p-self-center p-pr-0\">\r\n                                        <i class=\"icon-calendar\"><\/i>\r\n                                    <\/div>\r\n                                    <div class=\"p-col-auto p-flex p-self-auto p-ml-2\">\r\n                                        <p class=\"p-m-0 p-text-sm p-font-bold\">13 etappen<\/p>\r\n                                    <\/div>\r\n                                <\/div>\r\n                                <div class=\"p-flex p-flex-wrap\">\r\n                                    <div class=\"p-col-auto p-flex p-self-center p-pr-0\">\r\n                                        <i class=\"icon-nights\"><\/i>\r\n                                    <\/div>\r\n                                    <div class=\"p-col-auto p-flex p-align-self-auto p-ml-2\">\r\n                                        <p class=\"p-m-0 p-text-sm p-font-bold\">14 n\u00e4chte<\/p>\r\n                                    <\/div>\r\n                                <\/div>\r\n                                <div class=\"p-w-full p-absolute p-bottom-0 p-pb-3 p-pointer-events-none\">\r\n                                    <div class=\"p-flex p-justify-between\">\r\n                                        <div>\r\n                                            <p class=\"p-text-xs p-uppercase p-font-semibold p-my-1\">Ab<\/p>\r\n                                            <p class=\"p-text-2xl p-font-semibold p-mt-[-12px]\">1100\u20ac<\/p>\r\n                                        <\/div>\r\n                                        <div class=\"p-text-white p-w-auto p-h-auto p-p-2 p-self-center p-rounded-full p-bg-dark-opacity\">\r\n                                            <img decoding=\"async\" src=\"\/wp-content\/uploads\/2024\/07\/flecha-r.svg\" alt=\"icono flecha derecha\" class=\"p-text-center p-self-center\">\r\n                                        <\/div>\r\n                                    <\/div>\r\n                                <\/div>\r\n                            <\/div>\r\n                        <\/div>\r\n                    <\/div>\r\n                                                                <div  class=\"card-item card-item--min\" data-category=\"portugues\" data-mode=\"a-pie\">\r\n                        <div class=\"p-rounded-lg p-h-80 p-relative p-p-5 p-text-white p-max-w-[250px] lg:p-max-w-full experience-card-item\">\r\n                            <div class=\"experience-card-bg\" style=\"background-image: url('\/wp-content\/uploads\/2024\/07\/experiencia-desde-tui-variante-espiritual.jpg');\"><\/div>\r\n                            <div class=\"experience-card-content p-h-72 card-item-container p-max-w-[250px] lg:p-max-w-full\">\r\n                                <div class=\"p-flex p-flex-wrap\">\r\n                                    <p class=\"p-col-auto p-m-0 p-px-2 p-border p-border-white p-rounded-lg p-text-sm p-self-center\">Zu Fu\u00df<\/p>\r\n                                    <p class=\"p-text-sm p-self-center p-px-4 p-mb-0\">4,9 \u2605<\/p>\r\n                                <\/div>\r\n                                <h3 class=\"p-font-['Inter'] p-normal-case p-text-base lg:p-text-xl p-font-bold p-my-5\"> <a href=\"\/experiencias\/camino-portugues-desde-tui-la-variante-espiritual\/\" id=\"camino-portugues-desde-tui-la-variante-espiritual\" target=\"_blank\" class=\"after:p-absolute after:p-inset-0 p-text-white hover:p-text-light\">Portugiesischer Weg von Tui durch die spirituelle Variante<\/a><\/h3>\r\n                                <div class=\"p-flex p-flex-wrap\">\r\n                                    <div class=\"p-col-auto p-flex p-self-center p-pr-0\">\r\n                                        <i class=\"icon-signal\"><\/i>\r\n                                    <\/div>\r\n                                    <div class=\"p-col-auto p-flex p-self-auto p-ml-2\">\r\n                                        <p class=\"p-m-0 p-text-sm p-font-bold\">146 Km<\/p>\r\n                                    <\/div>\r\n                                <\/div>\r\n                                <div class=\"p-flex p-flex-wrap p-my-1\">\r\n                                    <div class=\"p-col-auto p-flex p-self-center p-pr-0\">\r\n                                        <i class=\"icon-calendar\"><\/i>\r\n                                    <\/div>\r\n                                    <div class=\"p-col-auto p-flex p-self-auto p-ml-2\">\r\n                                        <p class=\"p-m-0 p-text-sm p-font-bold\">6 etappen<\/p>\r\n                                    <\/div>\r\n                                <\/div>\r\n                                <div class=\"p-flex p-flex-wrap\">\r\n                                    <div class=\"p-col-auto p-flex p-self-center p-pr-0\">\r\n                                        <i class=\"icon-nights\"><\/i>\r\n                                    <\/div>\r\n                                    <div class=\"p-col-auto p-flex p-align-self-auto p-ml-2\">\r\n                                        <p class=\"p-m-0 p-text-sm p-font-bold\">7 n\u00e4chte<\/p>\r\n                                    <\/div>\r\n                                <\/div>\r\n                                <div class=\"p-w-full p-absolute p-bottom-0 p-pb-3 p-pointer-events-none\">\r\n                                    <div class=\"p-flex p-justify-between\">\r\n                                        <div>\r\n                                            <p class=\"p-text-xs p-uppercase p-font-semibold p-my-1\">Ab<\/p>\r\n                                            <p class=\"p-text-2xl p-font-semibold p-mt-[-12px]\">550\u20ac<\/p>\r\n                                        <\/div>\r\n                                        <div class=\"p-text-white p-w-auto p-h-auto p-p-2 p-self-center p-rounded-full p-bg-dark-opacity\">\r\n                                            <img decoding=\"async\" src=\"\/wp-content\/uploads\/2024\/07\/flecha-r.svg\" alt=\"icono flecha derecha\" class=\"p-text-center p-self-center\">\r\n                                        <\/div>\r\n                                    <\/div>\r\n                                <\/div>\r\n                            <\/div>\r\n                        <\/div>\r\n                    <\/div>\r\n                                                                <div  class=\"card-item card-item--min\" data-category=\"frances\" data-mode=\"a-pie\">\r\n                        <div class=\"p-rounded-lg p-h-80 p-relative p-p-5 p-text-white p-max-w-[250px] lg:p-max-w-full experience-card-item\">\r\n                            <div class=\"experience-card-bg\" style=\"background-image: url('\/wp-content\/uploads\/2024\/07\/experiencia-frances-desde-sarria.jpg');\"><\/div>\r\n                            <div class=\"experience-card-content p-h-72 card-item-container p-max-w-[250px] lg:p-max-w-full\">\r\n                                <div class=\"p-flex p-flex-wrap\">\r\n                                    <p class=\"p-col-auto p-m-0 p-px-2 p-border p-border-white p-rounded-lg p-text-sm p-self-center\">Zu Fu\u00df<\/p>\r\n                                    <p class=\"p-text-sm p-self-center p-px-4 p-mb-0\">4,9 \u2605<\/p>\r\n                                <\/div>\r\n                                <h3 class=\"p-font-['Inter'] p-normal-case p-text-base lg:p-text-xl p-font-bold p-my-5\"> <a href=\"\/experiencias\/camino-frances-desde-sarria\/\" id=\"camino-frances-desde-sarria\" target=\"_blank\" class=\"after:p-absolute after:p-inset-0 p-text-white hover:p-text-light\">Franz\u00f6sischer Weg von Sarria<\/a><\/h3>\r\n                                <div class=\"p-flex p-flex-wrap\">\r\n                                    <div class=\"p-col-auto p-flex p-self-center p-pr-0\">\r\n                                        <i class=\"icon-signal\"><\/i>\r\n                                    <\/div>\r\n                                    <div class=\"p-col-auto p-flex p-self-auto p-ml-2\">\r\n                                        <p class=\"p-m-0 p-text-sm p-font-bold\">111 Km<\/p>\r\n                                    <\/div>\r\n                                <\/div>\r\n                                <div class=\"p-flex p-flex-wrap p-my-1\">\r\n                                    <div class=\"p-col-auto p-flex p-self-center p-pr-0\">\r\n                                        <i class=\"icon-calendar\"><\/i>\r\n                                    <\/div>\r\n                                    <div class=\"p-col-auto p-flex p-self-auto p-ml-2\">\r\n                                        <p class=\"p-m-0 p-text-sm p-font-bold\">5 etappen<\/p>\r\n                                    <\/div>\r\n                                <\/div>\r\n                                <div class=\"p-flex p-flex-wrap\">\r\n                                    <div class=\"p-col-auto p-flex p-self-center p-pr-0\">\r\n                                        <i class=\"icon-nights\"><\/i>\r\n                                    <\/div>\r\n                                    <div class=\"p-col-auto p-flex p-align-self-auto p-ml-2\">\r\n                                        <p class=\"p-m-0 p-text-sm p-font-bold\">6 n\u00e4chte<\/p>\r\n                                    <\/div>\r\n                                <\/div>\r\n                                <div class=\"p-w-full p-absolute p-bottom-0 p-pb-3 p-pointer-events-none\">\r\n                                    <div class=\"p-flex p-justify-between\">\r\n                                        <div>\r\n                                            <p class=\"p-text-xs p-uppercase p-font-semibold p-my-1\">Ab<\/p>\r\n                                            <p class=\"p-text-2xl p-font-semibold p-mt-[-12px]\">450\u20ac<\/p>\r\n                                        <\/div>\r\n                                        <div class=\"p-text-white p-w-auto p-h-auto p-p-2 p-self-center p-rounded-full p-bg-dark-opacity\">\r\n                                            <img decoding=\"async\" src=\"\/wp-content\/uploads\/2024\/07\/flecha-r.svg\" alt=\"icono flecha derecha\" class=\"p-text-center p-self-center\">\r\n                                        <\/div>\r\n                                    <\/div>\r\n                                <\/div>\r\n                            <\/div>\r\n                        <\/div>\r\n                    <\/div>\r\n                                                                <div  class=\"card-item card-item--min\" data-category=\"frances\" data-mode=\"a-pie\">\r\n                        <div class=\"p-rounded-lg p-h-80 p-relative p-p-5 p-text-white p-max-w-[250px] lg:p-max-w-full experience-card-item\">\r\n                            <div class=\"experience-card-bg\" style=\"background-image: url('\/wp-content\/uploads\/2024\/07\/experiencia-santiago-con-perro.jpg');\"><\/div>\r\n                            <div class=\"experience-card-content p-h-72 card-item-container p-max-w-[250px] lg:p-max-w-full\">\r\n                                <div class=\"p-flex p-flex-wrap\">\r\n                                    <p class=\"p-col-auto p-m-0 p-px-2 p-border p-border-white p-rounded-lg p-text-sm p-self-center\">Zu Fu\u00df<\/p>\r\n                                    <p class=\"p-text-sm p-self-center p-px-4 p-mb-0\">4,8 \u2605<\/p>\r\n                                <\/div>\r\n                                <h3 class=\"p-font-['Inter'] p-normal-case p-text-base lg:p-text-xl p-font-bold p-my-5\"> <a href=\"\/experiencias\/camino-frances-perro\/\" id=\"camino-frances-perro\" target=\"_blank\" class=\"after:p-absolute after:p-inset-0 p-text-white hover:p-text-light\">Franz\u00f6sische Art mit Hund<\/a><\/h3>\r\n                                <div class=\"p-flex p-flex-wrap\">\r\n                                    <div class=\"p-col-auto p-flex p-self-center p-pr-0\">\r\n                                        <i class=\"icon-signal\"><\/i>\r\n                                    <\/div>\r\n                                    <div class=\"p-col-auto p-flex p-self-auto p-ml-2\">\r\n                                        <p class=\"p-m-0 p-text-sm p-font-bold\">111 Km<\/p>\r\n                                    <\/div>\r\n                                <\/div>\r\n                                <div class=\"p-flex p-flex-wrap p-my-1\">\r\n                                    <div class=\"p-col-auto p-flex p-self-center p-pr-0\">\r\n                                        <i class=\"icon-calendar\"><\/i>\r\n                                    <\/div>\r\n                                    <div class=\"p-col-auto p-flex p-self-auto p-ml-2\">\r\n                                        <p class=\"p-m-0 p-text-sm p-font-bold\">5 etappen<\/p>\r\n                                    <\/div>\r\n                                <\/div>\r\n                                <div class=\"p-flex p-flex-wrap\">\r\n                                    <div class=\"p-col-auto p-flex p-self-center p-pr-0\">\r\n                                        <i class=\"icon-nights\"><\/i>\r\n                                    <\/div>\r\n                                    <div class=\"p-col-auto p-flex p-align-self-auto p-ml-2\">\r\n                                        <p class=\"p-m-0 p-text-sm p-font-bold\">6 n\u00e4chte<\/p>\r\n                                    <\/div>\r\n                                <\/div>\r\n                                <div class=\"p-w-full p-absolute p-bottom-0 p-pb-3 p-pointer-events-none\">\r\n                                    <div class=\"p-flex p-justify-between\">\r\n                                        <div>\r\n                                            <p class=\"p-text-xs p-uppercase p-font-semibold p-my-1\">Ab<\/p>\r\n                                            <p class=\"p-text-2xl p-font-semibold p-mt-[-12px]\">495\u20ac<\/p>\r\n                                        <\/div>\r\n                                        <div class=\"p-text-white p-w-auto p-h-auto p-p-2 p-self-center p-rounded-full p-bg-dark-opacity\">\r\n                                            <img decoding=\"async\" src=\"\/wp-content\/uploads\/2024\/07\/flecha-r.svg\" alt=\"icono flecha derecha\" class=\"p-text-center p-self-center\">\r\n                                        <\/div>\r\n                                    <\/div>\r\n                                <\/div>\r\n                            <\/div>\r\n                        <\/div>\r\n                    <\/div>\r\n                                                                <div  class=\"card-item card-item--min\" data-category=\"ingles\" data-mode=\"a-pie\">\r\n                        <div class=\"p-rounded-lg p-h-80 p-relative p-p-5 p-text-white p-max-w-[250px] lg:p-max-w-full experience-card-item\">\r\n                            <div class=\"experience-card-bg\" style=\"background-image: url('\/wp-content\/uploads\/2024\/07\/experiencia-ingles-desde-ferrol.jpg');\"><\/div>\r\n                            <div class=\"experience-card-content p-h-72 card-item-container p-max-w-[250px] lg:p-max-w-full\">\r\n                                <div class=\"p-flex p-flex-wrap\">\r\n                                    <p class=\"p-col-auto p-m-0 p-px-2 p-border p-border-white p-rounded-lg p-text-sm p-self-center\">Zu Fu\u00df<\/p>\r\n                                    <p class=\"p-text-sm p-self-center p-px-4 p-mb-0\">4,7 \u2605<\/p>\r\n                                <\/div>\r\n                                <h3 class=\"p-font-['Inter'] p-normal-case p-text-base lg:p-text-xl p-font-bold p-my-5\"> <a href=\"\/experiencias\/camino-ingles-desde-ferrol\/\" id=\"camino-ingles-desde-ferrol\" target=\"_blank\" class=\"after:p-absolute after:p-inset-0 p-text-white hover:p-text-light\">Englischer Weg von Ferrol<\/a><\/h3>\r\n                                <div class=\"p-flex p-flex-wrap\">\r\n                                    <div class=\"p-col-auto p-flex p-self-center p-pr-0\">\r\n                                        <i class=\"icon-signal\"><\/i>\r\n                                    <\/div>\r\n                                    <div class=\"p-col-auto p-flex p-self-auto p-ml-2\">\r\n                                        <p class=\"p-m-0 p-text-sm p-font-bold\">116 Km<\/p>\r\n                                    <\/div>\r\n                                <\/div>\r\n                                <div class=\"p-flex p-flex-wrap p-my-1\">\r\n                                    <div class=\"p-col-auto p-flex p-self-center p-pr-0\">\r\n                                        <i class=\"icon-calendar\"><\/i>\r\n                                    <\/div>\r\n                                    <div class=\"p-col-auto p-flex p-self-auto p-ml-2\">\r\n                                        <p class=\"p-m-0 p-text-sm p-font-bold\">5 etappen<\/p>\r\n                                    <\/div>\r\n                                <\/div>\r\n                                <div class=\"p-flex p-flex-wrap\">\r\n                                    <div class=\"p-col-auto p-flex p-self-center p-pr-0\">\r\n                                        <i class=\"icon-nights\"><\/i>\r\n                                    <\/div>\r\n                                    <div class=\"p-col-auto p-flex p-align-self-auto p-ml-2\">\r\n                                        <p class=\"p-m-0 p-text-sm p-font-bold\">6 n\u00e4chte<\/p>\r\n                                    <\/div>\r\n                                <\/div>\r\n                                <div class=\"p-w-full p-absolute p-bottom-0 p-pb-3 p-pointer-events-none\">\r\n                                    <div class=\"p-flex p-justify-between\">\r\n                                        <div>\r\n                                            <p class=\"p-text-xs p-uppercase p-font-semibold p-my-1\">Ab<\/p>\r\n                                            <p class=\"p-text-2xl p-font-semibold p-mt-[-12px]\">450\u20ac<\/p>\r\n                                        <\/div>\r\n                                        <div class=\"p-text-white p-w-auto p-h-auto p-p-2 p-self-center p-rounded-full p-bg-dark-opacity\">\r\n                                            <img decoding=\"async\" src=\"\/wp-content\/uploads\/2024\/07\/flecha-r.svg\" alt=\"icono flecha derecha\" class=\"p-text-center p-self-center\">\r\n                                        <\/div>\r\n                                    <\/div>\r\n                                <\/div>\r\n                            <\/div>\r\n                        <\/div>\r\n                    <\/div>\r\n                                                                <div  class=\"card-item card-item--min\" data-category=\"fisterra\" data-mode=\"a-pie\">\r\n                        <div class=\"p-rounded-lg p-h-80 p-relative p-p-5 p-text-white p-max-w-[250px] lg:p-max-w-full experience-card-item\">\r\n                            <div class=\"experience-card-bg\" style=\"background-image: url('\/wp-content\/uploads\/2024\/07\/experiencia-santiago-a-fisterra.jpg');\"><\/div>\r\n                            <div class=\"experience-card-content p-h-72 card-item-container p-max-w-[250px] lg:p-max-w-full\">\r\n                                <div class=\"p-flex p-flex-wrap\">\r\n                                    <p class=\"p-col-auto p-m-0 p-px-2 p-border p-border-white p-rounded-lg p-text-sm p-self-center\">Zu Fu\u00df<\/p>\r\n                                    <p class=\"p-text-sm p-self-center p-px-4 p-mb-0\">4,8 \u2605<\/p>\r\n                                <\/div>\r\n                                <h3 class=\"p-font-['Inter'] p-normal-case p-text-base lg:p-text-xl p-font-bold p-my-5\"> <a href=\"\/experiencias\/camino-santiago-fisterra-caminando\/\" id=\"camino-santiago-fisterra-caminando\" target=\"_blank\" class=\"after:p-absolute after:p-inset-0 p-text-white hover:p-text-light\">Jakobsweg nach Fisterra<\/a><\/h3>\r\n                                <div class=\"p-flex p-flex-wrap\">\r\n                                    <div class=\"p-col-auto p-flex p-self-center p-pr-0\">\r\n                                        <i class=\"icon-signal\"><\/i>\r\n                                    <\/div>\r\n                                    <div class=\"p-col-auto p-flex p-self-auto p-ml-2\">\r\n                                        <p class=\"p-m-0 p-text-sm p-font-bold\">85 Km<\/p>\r\n                                    <\/div>\r\n                                <\/div>\r\n                                <div class=\"p-flex p-flex-wrap p-my-1\">\r\n                                    <div class=\"p-col-auto p-flex p-self-center p-pr-0\">\r\n                                        <i class=\"icon-calendar\"><\/i>\r\n                                    <\/div>\r\n                                    <div class=\"p-col-auto p-flex p-self-auto p-ml-2\">\r\n                                        <p class=\"p-m-0 p-text-sm p-font-bold\">3 etappen<\/p>\r\n                                    <\/div>\r\n                                <\/div>\r\n                                <div class=\"p-flex p-flex-wrap\">\r\n                                    <div class=\"p-col-auto p-flex p-self-center p-pr-0\">\r\n                                        <i class=\"icon-nights\"><\/i>\r\n                                    <\/div>\r\n                                    <div class=\"p-col-auto p-flex p-align-self-auto p-ml-2\">\r\n                                        <p class=\"p-m-0 p-text-sm p-font-bold\">4 n\u00e4chte<\/p>\r\n                                    <\/div>\r\n                                <\/div>\r\n                                <div class=\"p-w-full p-absolute p-bottom-0 p-pb-3 p-pointer-events-none\">\r\n                                    <div class=\"p-flex p-justify-between\">\r\n                                        <div>\r\n                                            <p class=\"p-text-xs p-uppercase p-font-semibold p-my-1\">Ab<\/p>\r\n                                            <p class=\"p-text-2xl p-font-semibold p-mt-[-12px]\">315\u20ac<\/p>\r\n                                        <\/div>\r\n                                        <div class=\"p-text-white p-w-auto p-h-auto p-p-2 p-self-center p-rounded-full p-bg-dark-opacity\">\r\n                                            <img decoding=\"async\" src=\"\/wp-content\/uploads\/2024\/07\/flecha-r.svg\" alt=\"icono flecha derecha\" class=\"p-text-center p-self-center\">\r\n                                        <\/div>\r\n                                    <\/div>\r\n                                <\/div>\r\n                            <\/div>\r\n                        <\/div>\r\n                    <\/div>\r\n                                        <div class=\"p-group card-item card-item--min p-p-5 p-relative p-rounded-lg p-bg-brown-light p-max-w-[250px] lg:p-max-w-full\">\r\n              <div class=\"p-h-full p-w-full p-flex p-justify-center p-z-10 p-rounded-lg\">\r\n                <div class=\"p-self-center p-flex p-flex-col p-justify-center p-text-center p-content-center\">\r\n                  <div class=\"p-border p-border-2 p-border-primary p-h-10 p-w-10 lg:p-h-16 lg:p-w-16 p-rounded-full p-mb-5 p-self-center\">\r\n                    <p class=\"p-self-center p-text-2xl lg:p-text-4xl p-text-primary\">+<\/p>\r\n                  <\/div>\r\n                  <p class=\"p-text-base lg:p-text-xl p-text-gray p-font-bold\">Siehe alle <br> unsere Erfahrungen<\/p>\r\n                  <button class=\"p-bg-primary p-my-5 p-rounded-lg p-px-5 p-py-2 hover:p-bg-primary-dark\">\r\n                    <a href=\"https:\/\/www.pilgrim.es\/de\/erlebnisse\/\"  class=\"after:p-absolute after:p-inset-0 p-text-white p-h-10 hover:p-text-white p-text-base lg:p-text-xl\">Mehr Routen<\/a>\r\n                  <\/button>\r\n                <\/div>\r\n              <\/div>\r\n            <\/div>\r\n        <\/ul>\r\n        <div class=\"slider-scrollbar\">\r\n            <div class=\"scrollbar-track\">\r\n                <div class=\"scrollbar-thumb\"><\/div>\r\n            <\/div>\r\n        <\/div>\r\n        <div id=\"indicators\" class=\"slider-indicators\"><\/div>\r\n    <\/div>\r\n  <\/div>\r\n<\/section>\r\n<script>\/\/ Aqu\u00ed va el c\u00f3digo JavaScript que maneja el slider\r\nconst initSlider = () => {\r\n  const imageList = document.querySelector(\".slider-wrapper .card-list\");\r\n  const slideButtons = document.querySelectorAll(\r\n    \".slider-wrapper .slide-button\"\r\n  );\r\n  const sliderScrollbar = document.querySelector(\r\n    \".container-slider .slider-scrollbar\"\r\n  );\r\n  const indicators = document.querySelectorAll(\".slider-indicators .indicator\");\r\n\r\n  if (sliderScrollbar && imageList && slideButtons) {\r\n    const scrollbarThumb =\r\n      sliderScrollbar.getElementsByClassName(\"scrollbar-thumb\");\r\n    const maxScrollLeft = imageList.scrollWidth - imageList.clientWidth;\r\n\r\n    \/\/ manejar scroll\r\n    scrollbarThumb.addEventListener(\"mousedown\", (e) => {\r\n      const startX = e.clientX;\r\n      const thumbPosition = scrollbarThumb.offsetLeft;\r\n      const maxThumbPosition =\r\n        sliderScrollbar.getBoundingClientRect().width -\r\n        scrollbarThumb.offsetWidth;\r\n\r\n      \/\/ actualizar posici\u00f3n con movimiento de rat\u00f3n\r\n      const handleMouseMove = (e) => {\r\n        const deltaX = e.clientX - startX;\r\n        const newThumbPosition = thumbPosition + deltaX;\r\n\r\n        \/\/ para que la scrollbar no se salga\r\n        const boundedPosition = Math.max(\r\n          0,\r\n          Math.min(maxThumbPosition, newThumbPosition)\r\n        );\r\n        const scrollPosition =\r\n          (boundedPosition \/ maxThumbPosition) * maxScrollLeft;\r\n\r\n        scrollbarThumb.style.left = `${boundedPosition}px`;\r\n        imageList.scrollLeft = scrollPosition;\r\n      };\r\n\r\n      \/\/ quitar escuchadores en mouse up\r\n      const handleMouseUp = () => {\r\n        document.removeEventListener(\"mousemove\", handleMouseMove);\r\n        document.removeEventListener(\"mouseup\", handleMouseUp);\r\n      };\r\n\r\n      \/\/ a\u00f1adir escuchadores para arrastre\r\n      document.addEventListener(\"mousemove\", handleMouseMove);\r\n      document.addEventListener(\"mouseup\", handleMouseUp);\r\n    });\r\n\r\n    \/\/ mover im\u00e1genes seg\u00fan los clicks al bot\u00f3n del slide\r\n    slideButtons.forEach((button) => {\r\n      button.addEventListener(\"click\", () => {\r\n        const direction = button.id === \"prev-slide\" ? -1 : 1;\r\n        const scrollAmount = imageList.clientWidth * direction;\r\n        imageList.scrollBy({ left: scrollAmount, behavior: \"smooth\" });\r\n        updateIndicators();\r\n      });\r\n    });\r\n\r\n    \/\/ mostrar o no los botones del slide seg\u00fan posici\u00f3n\r\n    const handleSlideButtons = () => {\r\n      slideButtons[0].style.display =\r\n        imageList.scrollLeft <= 0 ? \"none\" : \"flex\";\r\n      slideButtons[1].style.display =\r\n        imageList.scrollLeft >= maxScrollLeft ? \"none\" : \"flex\";\r\n    };\r\n\r\n    \/\/ actualizar posici\u00f3n de la scrollbar seg\u00fan posici\u00f3n\r\n    const updateScrollThumbPosition = () => {\r\n      const scrollPosition = imageList.scrollLeft;\r\n      const thumbPosition =\r\n        (scrollPosition \/ maxScrollLeft) *\r\n        (sliderScrollbar.clientWidth - scrollbarThumb.offsetWidth);\r\n      scrollbarThumb.style.left = `${thumbPosition}px`;\r\n    };\r\n\r\n    \/\/ actualizar indicadores seg\u00fan posici\u00f3n\r\n    const updateIndicators = () => {\r\n      const currentSlide = Math.round(\r\n        imageList.scrollLeft \/ imageList.clientWidth\r\n      );\r\n      indicators.forEach((indicator, index) => {\r\n        indicator.classList.toggle(\"active\", index === currentSlide);\r\n      });\r\n    };\r\n\r\n    \/\/ llamar funciones al hacer scroll en la lista\r\n    imageList.addEventListener(\"scroll\", () => {\r\n      updateScrollThumbPosition();\r\n      handleSlideButtons();\r\n      updateIndicators();\r\n    });\r\n\r\n    \/\/ a\u00f1adir eventos de click en los indicadores\r\n    indicators.forEach((indicator, index) => {\r\n      indicator.addEventListener(\"click\", () => {\r\n        const scrollPosition = index * imageList.clientWidth;\r\n        imageList.scrollTo({ left: scrollPosition, behavior: \"smooth\" });\r\n      });\r\n    });\r\n\r\n    \/\/ configuraci\u00f3n inicial\r\n    updateScrollThumbPosition();\r\n    handleSlideButtons();\r\n    updateIndicators();\r\n  }\r\n};\r\n\r\nwindow.addEventListener(\"resize\", initSlider);\r\nwindow.addEventListener(\"load\", initSlider);\r\n<\/script>\n      <\/div>\n    <\/div>\n  <\/section>\n  <section id=\"stagesFoot\">\n    <div class=\"subtitle\">\n      <h4 class=\"p-h4--section\">13 Ettapen \/ 271 <span class=\"p-normal-case\">Kms<\/span><\/h4>\n      <hr \/>\n      <h2>Etappen des Portugiesischen Weges entlang der K\u00fcste zu Fu\u00df<\/h2>\n    <\/div>\n    <div id=\"stagesContainer\" class=\"container-stages scrollbar-thin\">\n      <div class=\"p-group card-stage\">\n        <a href=\"https:\/\/www.pilgrim.es\/en\/camino-portugues-along-the-coast\/stage-1-oporto-labruge\/\" class=\"hover:p-text-gray-dark\">\n          <div class=\"card-stage__header\">\n            <img decoding=\"async\" src=\"https:\/\/cdn.pilgrim.es\/web\/caminos\/camino-portugues\/pueblos\/porto\/porto.jpg\" alt=\"Oporto\" class=\"group-hover:p-scale-110\" \/>\n            <div class=\"card-overlay group-hover:p-opacity-50\"><\/div>\n            <div class=\"number-stage\">\n              <span>1<\/span>\n            <\/div>\n          <\/div>\n\n          <div class=\"card-stage__body\">\n            <div class=\"title-stage\">\n              <ph3 class=\"title-stage__start\">Oporto<\/ph3>\n              <ph3><span>&#10095;<\/span> Labruge<\/ph3>\n              <div class=\"title-stage__tips\">\n                <h3>Etappe 1 :<\/h3>\n                <div><i class=\"icon-location\"><\/i> 24,5Km<\/div>\n                <div><i class=\"icon-clock\"><\/i> 5,5Std.<\/div>\n                <div><i class=\"icon-difficulty\"><\/i> 2\/5<\/div>\n              <\/div>\n            <\/div>\n            <button class=\"btn-arrow\">\n              <i class=\"icon-arrow\"><\/i>\n            <\/button>\n          <\/div>\n        <\/a>\n      <\/div>\n      <div class=\"p-group card-stage\">\n        <a href=\"https:\/\/www.pilgrim.es\/en\/camino-portugues-along-the-coast\/stage-2-labruge-povoa-varzim\/\" class=\"hover:p-text-gray-dark\">\n          <div class=\"card-stage__header\">\n            <img decoding=\"async\" src=\"https:\/\/cdn.pilgrim.es\/web\/caminos\/camino-portugues-costa\/pueblos\/labruge.jpg\" alt=\"Labruge\" class=\"group-hover:p-scale-110\" \/>\n            <div class=\"card-overlay group-hover:p-opacity-50\"><\/div>\n            <div class=\"number-stage\">\n              <span>2<\/span>\n            <\/div>\n          <\/div>\n          <div class=\"card-stage__body\">\n            <div class=\"title-stage\">\n              <ph3 class=\"title-stage__start\">Labruge<\/ph3>\n              <ph3><span>&#10095;<\/span> P\u00f3voa de Varzim<\/ph3>\n              <div class=\"title-stage__tips\">\n                <h3>Etappe 2 :<\/h3>\n                <div><i class=\"icon-location\"><\/i> 14Km<\/div>\n                <div><i class=\"icon-clock\"><\/i> 3,5Std.<\/div>\n                <div><i class=\"icon-difficulty\"><\/i> 1\/5<\/div>\n              <\/div>\n            <\/div>\n            <button class=\"btn-arrow\">\n              <i class=\"icon-arrow\"><\/i>\n            <\/button>\n          <\/div>\n        <\/a>\n      <\/div>\n      <div class=\"p-group card-stage\">\n        <a href=\"https:\/\/www.pilgrim.es\/en\/camino-portugues-along-the-coast\/stage-3-povoa-varzim-esposende\/\" class=\"hover:p-text-gray-dark\">\n          <div class=\"card-stage__header\">\n            <img decoding=\"async\" src=\"https:\/\/cdn.pilgrim.es\/web\/caminos\/camino-portugues-costa\/pueblos\/esposende.jpg\" alt=\"Esposende\" class=\"group-hover:p-scale-110\" \/>\n            <div class=\"card-overlay group-hover:p-opacity-50\"><\/div>\n            <div class=\"number-stage\">\n              <span>3<\/span>\n            <\/div>\n          <\/div>\n          <div class=\"card-stage__body\">\n            <div class=\"title-stage\">\n              <ph3 class=\"title-stage__start\">P\u00f3voa de Varzim<\/ph3>\n              <ph3><span>&#10095;<\/span> Esposende&#8220;<\/ph3>\n              <div class=\"title-stage__tips\">\n                <h3>Etappe 3 :<\/h3>\n                <div><i class=\"icon-location\"><\/i> 20,2Km<\/div>\n                <div><i class=\"icon-clock\"><\/i> 4,5Std.<\/div>\n                <div><i class=\"icon-difficulty\"><\/i> 2\/5<\/div>\n              <\/div>\n            <\/div>\n            <button class=\"btn-arrow\">\n              <i class=\"icon-arrow\"><\/i>\n            <\/button>\n          <\/div>\n        <\/a>\n      <\/div>\n      <div class=\"p-group card-stage\">\n        <a href=\"https:\/\/www.pilgrim.es\/en\/camino-portugues-along-the-coast\/stage-4-esposende-viana-do-castelo\/\" class=\"hover:p-text-gray-dark\">\n          <div class=\"card-stage__header\">\n            <img decoding=\"async\" src=\"https:\/\/cdn.pilgrim.es\/web\/caminos\/camino-portugues-costa\/pueblos\/viana-do-castelo.jpg\" alt=\"Viana do Castelo\" class=\"group-hover:p-scale-110\" \/>\n            <div class=\"card-overlay group-hover:p-opacity-50\"><\/div>\n            <div class=\"number-stage\">\n              <span>4<\/span>\n            <\/div>\n          <\/div>\n          <div class=\"card-stage__body\">\n            <div class=\"title-stage\">\n              <ph3 class=\"title-stage__start\">Esposende<\/ph3>\n              <ph3><span>&#10095;<\/span> Viana do Castelo<\/ph3>\n              <div class=\"title-stage__tips\">\n                <h3>Etappe 4 :<\/h3>\n                <div><i class=\"icon-location\"><\/i> 25,1Km<\/div>\n                <div><i class=\"icon-clock\"><\/i> 5,5Std.<\/div>\n                <div><i class=\"icon-difficulty\"><\/i> 2\/5<\/div>\n              <\/div>\n            <\/div>\n            <button class=\"btn-arrow\">\n              <i class=\"icon-arrow\"><\/i>\n            <\/button>\n          <\/div>\n        <\/a>\n      <\/div>\n      <div class=\"p-group card-stage\">\n        <a href=\"https:\/\/www.pilgrim.es\/en\/camino-portugues-along-the-coast\/stage-5-viana-do-castelo-caminha\/\" class=\"hover:p-text-gray-dark\">\n          <div class=\"card-stage__header\">\n            <img decoding=\"async\" src=\"https:\/\/cdn.pilgrim.es\/web\/caminos\/camino-portugues-costa\/pueblos\/caminha.jpg\" alt=\"Caminha\" class=\"group-hover:p-scale-110\" \/>\n            <div class=\"card-overlay group-hover:p-opacity-50\"><\/div>\n            <div class=\"number-stage\">\n              <span>5<\/span>\n            <\/div>\n          <\/div>\n          <div class=\"card-stage__body\">\n            <div class=\"title-stage\">\n              <ph3 class=\"title-stage__start\">Viana do Castelo<\/ph3>\n              <ph3><span>&#10095;<\/span> Caminha<\/ph3>\n              <div class=\"title-stage__tips\">\n                <h3>Etappe 5 :<\/h3>\n                <div><i class=\"icon-location\"><\/i> 26,8Km<\/div>\n                <div><i class=\"icon-clock\"><\/i> 6Std.<\/div>\n                <div><i class=\"icon-difficulty\"><\/i> 3\/5<\/div>\n              <\/div>\n            <\/div>\n            <button class=\"btn-arrow\">\n              <i class=\"icon-arrow\"><\/i>\n            <\/button>\n          <\/div>\n        <\/a>\n      <\/div>\n      <div class=\"p-group card-stage\">\n        <a href=\"https:\/\/www.pilgrim.es\/en\/camino-portugues-along-the-coast\/stage-6-caminha-o-serrallo\/\" class=\"hover:p-text-gray-dark\">\n          <div class=\"card-stage__header\">\n            <img decoding=\"async\" src=\"https:\/\/cdn.pilgrim.es\/web\/caminos\/camino-portugues-costa\/pueblos\/o-serrallo.jpg\" alt=\"O Serrallo\" class=\"group-hover:p-scale-110\" \/>\n            <div class=\"card-overlay group-hover:p-opacity-50\"><\/div>\n            <div class=\"number-stage\"><span>6<\/span><\/div>\n          <\/div>\n          <div class=\"card-stage__body\">\n            <div class=\"title-stage\">\n              <ph3 class=\"title-stage__start\">Caminha<\/ph3>\n              <ph3><span>&#10095;<\/span> O Serrallo<\/ph3>\n              <div class=\"title-stage__tips\">\n                <h3>Etappe 6 :<\/h3>\n                <div><i class=\"icon-location\"><\/i> 20,7Km<\/div>\n                <div><i class=\"icon-clock\"><\/i> 5Std.<\/div>\n                <div><i class=\"icon-difficulty\"><\/i> 2\/5<\/div>\n              <\/div>\n            <\/div>\n            <button class=\"btn-arrow\">\n              <i class=\"icon-arrow\"><\/i>\n            <\/button>\n          <\/div>\n        <\/a>\n      <\/div>\n\n      <div class=\"p-group card-stage\">\n        <a href=\"https:\/\/www.pilgrim.es\/en\/camino-portugues-along-the-coast\/stage-7-o-serrallo-baiona\/\" class=\"hover:p-text-gray-dark\">\n          <div class=\"card-stage__header\">\n            <img decoding=\"async\" src=\"https:\/\/cdn.pilgrim.es\/web\/caminos\/camino-portugues-costa\/pueblos\/baiona.jpg\" alt=\"Baiona\" class=\"group-hover:p-scale-110\" \/>\n            <div class=\"card-overlay group-hover:p-opacity-50\"><\/div>\n            <div class=\"number-stage\"><span>7<\/span><\/div>\n          <\/div>\n          <div class=\"card-stage__body\">\n            <div class=\"title-stage\">\n              <ph3 class=\"title-stage__start\">O Serrallo<\/ph3>\n              <ph3><span>&#10095;<\/span> Baiona<\/ph3>\n              <div class=\"title-stage__tips\">\n                <h3>Etappe 7 :<\/h3>\n                <div><i class=\"icon-location\"><\/i> 14,4Km<\/div>\n                <div><i class=\"icon-clock\"><\/i> 3,5Std.<\/div>\n                <div><i class=\"icon-difficulty\"><\/i> 1\/5<\/div>\n              <\/div>\n            <\/div>\n            <button class=\"btn-arrow\">\n              <i class=\"icon-arrow\"><\/i>\n            <\/button>\n          <\/div>\n        <\/a>\n      <\/div>\n\n      <div class=\"p-group card-stage\">\n        <a href=\"https:\/\/www.pilgrim.es\/en\/camino-portugues-along-the-coast\/stage-8-baiona-vigo\/\" class=\"hover:p-text-gray-dark\">\n          <div class=\"card-stage__header\">\n            <img decoding=\"async\" src=\"https:\/\/cdn.pilgrim.es\/web\/caminos\/camino-portugues-costa\/pueblos\/vigo.jpg\" alt=\"Vigo\" class=\"group-hover:p-scale-110\" \/>\n            <div class=\"card-overlay group-hover:p-opacity-50\"><\/div>\n            <div class=\"number-stage\"><span>8<\/span><\/div>\n          <\/div>\n          <div class=\"card-stage__body\">\n            <div class=\"title-stage\">\n              <ph3 class=\"title-stage__start\">Baiona<\/ph3>\n              <ph3><span>&#10095;<\/span> Vigo<\/ph3>\n              <div class=\"title-stage__tips\">\n                <h3>Etappe 8 :<\/h3>\n                <div><i class=\"icon-location\"><\/i> 25,3Km<\/div>\n                <div><i class=\"icon-clock\"><\/i> 5,5Std.<\/div>\n                <div><i class=\"icon-difficulty\"><\/i> 2\/5<\/div>\n              <\/div>\n            <\/div>\n            <button class=\"btn-arrow\">\n              <i class=\"icon-arrow\"><\/i>\n            <\/button>\n          <\/div>\n        <\/a>\n      <\/div>\n\n      <div class=\"p-group card-stage\">\n        <a href=\"https:\/\/www.pilgrim.es\/en\/camino-portugues-along-the-coast\/stage-9-vigo-redondela\/\" class=\"hover:p-text-gray-dark\">\n          <div class=\"card-stage__header\">\n            <img decoding=\"async\" src=\"https:\/\/cdn.pilgrim.es\/web\/caminos\/camino-portugues\/pueblos\/redondela\/redondela.jpg\" alt=\"Redondela\" class=\"group-hover:p-scale-110\" \/>\n            <div class=\"card-overlay group-hover:p-opacity-50\"><\/div>\n            <div class=\"number-stage\"><span>9<\/span><\/div>\n          <\/div>\n          <div class=\"card-stage__body\">\n            <div class=\"title-stage\">\n              <ph3 class=\"title-stage__start\">Vigo<\/ph3>\n              <ph3><span>&#10095;<\/span> Redondela<\/ph3>\n              <div class=\"title-stage__tips\">\n                <h3>Etappe 9 :<\/h3>\n                <div><i class=\"icon-location\"><\/i> 16Km<\/div>\n                <div><i class=\"icon-clock\"><\/i> 3,5Std.<\/div>\n                <div><i class=\"icon-difficulty\"><\/i> 1\/5<\/div>\n              <\/div>\n            <\/div>\n            <button class=\"btn-arrow\">\n              <i class=\"icon-arrow\"><\/i>\n            <\/button>\n          <\/div>\n        <\/a>\n      <\/div>\n\n      <div class=\"card-stage\"><\/div>\n      <div class=\"card-stage\"><\/div>\n      <div class=\"card-stage\"><\/div>\n\n      <!-- M\u00e1s Etapas -->\n\n      <div class=\"p-col-span-full\">\n        <h4 class=\"p-text-secondary p-text-xl\">\n          Setzen Sie die Route mit der 22.Etappe des portugiesischen Weges fort\n        <\/h4>\n      <\/div>\n\n      <div class=\"p-group card-stage\">\n        <a href=\"https:\/\/www.pilgrim.es\/de\/portugiesischer-weg\/etappe-22-redondela-pontevedra\/\" class=\"hover:p-text-gray-dark\">\n          <div class=\"card-stage__header\">\n            <img decoding=\"async\" src=\"https:\/\/cdn.pilgrim.es\/web\/caminos\/camino-portugues\/pueblos\/pontevedra\/pontevedra.jpg\" alt=\"Pontevedra\" class=\"group-hover:p-scale-110\" \/>\n            <div class=\"card-overlay group-hover:p-opacity-50\"><\/div>\n            <div class=\"number-stage\"><span>10<\/span><\/div>\n          <\/div>\n          <div class=\"card-stage__body\">\n            <div class=\"title-stage\">\n              <ph3 class=\"title-stage__start\">Redondela<\/ph3>\n              <ph3><span>&#10095;<\/span> Pontevedra<\/ph3>\n              <div class=\"title-stage__tips\">\n                <h3>Etappe 10 :<\/h3>\n                <div><i class=\"icon-location\"><\/i> 19,6Km<\/div>\n                <div><i class=\"icon-clock\"><\/i> 4,5Std.<\/div>\n                <div><i class=\"icon-difficulty\"><\/i> 2\/5<\/div>\n              <\/div>\n            <\/div>\n            <button class=\"btn-arrow\">\n              <i class=\"icon-arrow\"><\/i>\n            <\/button>\n          <\/div>\n        <\/a>\n      <\/div>\n\n      <div class=\"p-group card-stage\">\n        <a href=\"https:\/\/www.pilgrim.es\/de\/portugiesischer-weg\/etappe-23-pontevedra-caldas-de-reis\/\" class=\"hover:p-text-gray-dark\">\n          <div class=\"card-stage__header\">\n            <img decoding=\"async\" src=\"https:\/\/cdn.pilgrim.es\/web\/caminos\/camino-portugues\/pueblos\/caldas-de-reis\/caldas-de-reis.jpg\" alt=\"Caldas de Reis\" class=\"group-hover:p-scale-110\" \/>\n            <div class=\"card-overlay group-hover:p-opacity-50\"><\/div>\n            <div class=\"number-stage\"><span>11<\/span><\/div>\n          <\/div>\n          <div class=\"card-stage__body\">\n            <div class=\"title-stage\">\n              <ph3 class=\"title-stage__start\">Pontevedra<\/ph3>\n              <ph3><span>&#10095;<\/span> Caldas de Reis<\/ph3>\n              <div class=\"title-stage__tips\">\n                <h3>Etappe 11 :<\/h3>\n                <div><i class=\"icon-location\"><\/i> 21,1km<\/div>\n                <div><i class=\"icon-clock\"><\/i> 5Std.<\/div>\n                <div><i class=\"icon-difficulty\"><\/i> 1\/5<\/div>\n              <\/div>\n            <\/div>\n            <button class=\"btn-arrow\">\n              <i class=\"icon-arrow\"><\/i>\n            <\/button>\n          <\/div>\n        <\/a>\n      <\/div>\n\n      <div class=\"p-group card-stage\">\n        <a href=\"https:\/\/www.pilgrim.es\/de\/portugiesischer-weg\/etappe-24-caldas-de-reis-padron\/\" class=\"hover:p-text-gray-dark\">\n          <div class=\"card-stage__header\">\n            <img decoding=\"async\" src=\"https:\/\/cdn.pilgrim.es\/web\/caminos\/camino-portugues\/pueblos\/padron\/padron.jpg\" alt=\"Padr\u00f3n\" class=\"group-hover:p-scale-110\" \/>\n            <div class=\"card-overlay group-hover:p-opacity-50\"><\/div>\n            <div class=\"number-stage\"><span>12<\/span><\/div>\n          <\/div>\n          <div class=\"card-stage__body\">\n            <div class=\"title-stage\">\n              <ph3 class=\"title-stage__start\">Caldas de Reis<\/ph3>\n              <ph3><span>&#10095;<\/span> Padr\u00f3n<\/ph3>\n              <div class=\"title-stage__tips\">\n                <h3>Etappe 12 :<\/h3>\n                <div><i class=\"icon-location\"><\/i> 18,6Km<\/div>\n                <div><i class=\"icon-clock\"><\/i> 4,5Std.<\/div>\n                <div><i class=\"icon-difficulty\"><\/i> 2\/5<\/div>\n              <\/div>\n            <\/div>\n            <button class=\"btn-arrow\">\n              <i class=\"icon-arrow\"><\/i>\n            <\/button>\n          <\/div>\n        <\/a>\n      <\/div>\n\n      <div class=\"p-group card-stage\">\n        <a href=\"https:\/\/www.pilgrim.es\/de\/portugiesischer-weg\/etappe-25-padron-santiago-de-compostela\/\" class=\"hover:p-text-gray-dark\">\n          <div class=\"card-stage__header\">\n            <img decoding=\"async\" src=\"https:\/\/cdn.pilgrim.es\/web\/caminos\/camino-frances\/pueblos\/santiago-de-compostela\/santiago-de-compostela.jpg\" alt=\"Santiago de Compostela\" class=\"group-hover:p-scale-110\" \/>\n            <div class=\"card-overlay group-hover:p-opacity-50\"><\/div>\n            <div class=\"number-stage\"><span>13<\/span><\/div>\n          <\/div>\n          <div class=\"card-stage__body\">\n            <div class=\"title-stage\">\n              <ph3 class=\"title-stage__start\">Padr\u00f3n<\/ph3>\n              <ph3><span>&#10095;<\/span> Santiago de Compostela<\/ph3>\n              <div class=\"title-stage__tips\">\n                <h3>Etappe 13 :<\/h3>\n                <div><i class=\"icon-location\"><\/i> 24,4Km<\/div>\n                <div><i class=\"icon-clock\"><\/i> 5,5Std.<\/div>\n                <div><i class=\"icon-difficulty\"><\/i> 2\/5<\/div>\n              <\/div>\n            <\/div>\n            <button class=\"btn-arrow\">\n              <i class=\"icon-arrow\"><\/i>\n            <\/button>\n          <\/div>\n        <\/a>\n      <\/div>\n    <\/div>\n    <div id=\"showMoreStages\" class=\"show-more-stages\">\n      <button id=\"btnMoreStages\" class=\"btn-see-stages\">\n        Alle Ettapen sehen\n      <\/button>\n      <button id=\"btnLessStages\" class=\"p-hidden btn-see-stages\">\n        Weniger Ettapen sehen\n      <\/button>\n    <\/div>\n  <\/section>\n\n  <section id=\"stagesBike\">\n    <div class=\"subtitle\">\n      <h4 class=\"p-h4--section\">4 Ettapen \/ 268 <span class=\"p-normal-case\">Kms<\/span><\/h4>\n      <hr \/>\n      <h2>Etappen Portugiesischer Weg entlang der K\u00fcste mit dem Fahrrad<\/h2>\n    <\/div>\n    <div class=\"container-stages-bike scrollbar-thin\">\n      <div class=\"card-stage-bike\">\n        <div class=\"info-stage-bike\">\n          <div class=\"info-stage-bike__col-start\">\n            <div>1.<\/div>\n            <div><span> Oporto <\/span><br \/>&#10095; Esposende<\/div>\n            <p>\n              <i class=\"icon-location\"><\/i> 58,7Km &#8226;\n              <i class=\"icon-difficulty\"><\/i> 4\/5\n            <\/p>\n          <\/div>\n          <div class=\"info-stage-bike__col-end\">\n            <img decoding=\"async\" src=\"https:\/\/cdn.pilgrim.es\/web\/caminos\/camino-portugues\/pueblos\/porto\/porto.jpg\" alt=\"Oporto\" \/>\n          <\/div>\n        <\/div>\n        <hr \/>\n      <\/div>\n      <div class=\"card-stage-bike\">\n        <div class=\"info-stage-bike\">\n          <div class=\"info-stage-bike__col-start\">\n            <div>2.<\/div>\n            <div><span>Esposende <\/span><br \/>&#10095; Baiona<\/div>\n            <p>\n              <i class=\"icon-location\"><\/i> 86,9Km &#8226;\n              <i class=\"icon-difficulty\"><\/i> 3\/5\n            <\/p>\n          <\/div>\n          <div class=\"info-stage-bike__col-end\">\n            <img decoding=\"async\" src=\"https:\/\/cdn.pilgrim.es\/web\/caminos\/camino-portugues-costa\/pueblos\/esposende.jpg\" alt=\"Esposende\" \/>\n          <\/div>\n        <\/div>\n        <hr \/>\n      <\/div>\n      <div class=\"card-stage-bike\">\n        <div class=\"info-stage-bike\">\n          <div class=\"info-stage-bike__col-start\">\n            <div>3.<\/div>\n            <div><span>Baiona <\/span><br \/>&#10095; Pontevedra<\/div>\n            <p>\n              <i class=\"icon-location\"><\/i> 60,9Km &#8226;\n              <i class=\"icon-difficulty\"><\/i> 4\/5\n            <\/p>\n          <\/div>\n          <div class=\"info-stage-bike__col-end\">\n            <img decoding=\"async\" src=\"https:\/\/cdn.pilgrim.es\/web\/caminos\/camino-portugues\/pueblos\/pontevedra\/pontevedra.jpg\" alt=\"Pontevedra\" \/>\n          <\/div>\n        <\/div>\n        <hr \/>\n      <\/div>\n      <div class=\"card-stage-bike\">\n        <div class=\"info-stage-bike\">\n          <div class=\"info-stage-bike__col-start\">\n            <div>4.<\/div>\n            <div>\n              <span>Pontevedra <\/span><br \/>&#10095; Santiago de Compostela\n            <\/div>\n            <p>\n              <i class=\"icon-location\"><\/i> 48Km &#8226;\n              <i class=\"icon-difficulty\"><\/i> 3\/5\n            <\/p>\n          <\/div>\n          <div class=\"info-stage-bike__col-end\">\n            <img decoding=\"async\" src=\"https:\/\/cdn.pilgrim.es\/web\/caminos\/camino-frances\/pueblos\/santiago-de-compostela\/santiago-de-compostela.jpg\" alt=\"Santiago de Compostela\" \/>\n          <\/div>\n        <\/div>\n        <hr \/>\n      <\/div>\n    <\/div>\n  <\/section>\n\n  <section id=\"citiesTowns\">\n    <div class=\"container-cities-towns\">\n      <h4 class=\"p-h4--section\">Dieser Weg wird Ihnen gefallen, wenn Sie\u2026<\/h4>\n      <hr class=\"orange-bar\" \/>\n      <h2>St\u00e4dte und Gemeinden<\/h2>\n      <div class=\"pills\">\n        <div class=\"label-pill label-pill--brown\">Geschichte<\/div>\n        <div class=\"label-pill label-pill--brown\">K\u00fcnstlerisches Erbe<\/div>\n        <div class=\"label-pill label-pill--brown\">Kathedralen<\/div>\n        <div class=\"label-pill label-pill--brown\">Kl\u00f6ster<\/div>\n        <div class=\"label-pill label-pill--brown\">Schl\u00f6sser<\/div>\n        <div class=\"label-pill label-pill--brown\">Architektur<\/div>\n      <\/div>\n    <\/div>\n  <\/section>\n\n  <div class=\"gallery-cities\">\n    <div class=\"item-gallery p-group\">\n      <img decoding=\"async\" src=\"https:\/\/cdn.pilgrim.es\/web\/caminos\/camino-portugues\/pueblos\/porto\/porto.jpg\" alt=\"Oporto\" class=\"group-hover:p-scale-110\"\/>\n      <div class=\"overlay-darked group-hover:p-opacity-50\"><\/div>\n      <a class=\"stretched-link\" href=\"https:\/\/www.pilgrim.es\/camino-portugues\/porto\/\"><p><b>Oporto<\/b><\/p><\/a>\n    <\/div>\n    <div class=\"item-gallery p-group\">\n      <img decoding=\"async\" src=\"https:\/\/cdn.pilgrim.es\/web\/caminos\/camino-portugues-costa\/pueblos\/povoa-de-varzim.jpg\" alt=\"P\u00f3voa de Varzim\" class=\"group-hover:p-scale-110\"\/>\n      <div class=\"overlay-darked group-hover:p-opacity-50\"><\/div>\n      <p><b>P\u00f3voa de Varzim<\/b><\/p>\n    <\/div>\n    <div class=\"item-gallery p-group\">\n      <img decoding=\"async\" src=\"https:\/\/cdn.pilgrim.es\/web\/caminos\/camino-portugues-costa\/pueblos\/viana-do-castelo.jpg\" alt=\"Viana do Castelo\" class=\"group-hover:p-scale-110\"\/>\n      <div class=\"overlay-darked group-hover:p-opacity-50\"><\/div>\n      <p><b>Viana do Castelo<\/b><\/p>\n    <\/div>\n    <div class=\"item-gallery p-group\">\n      <img decoding=\"async\" src=\"https:\/\/cdn.pilgrim.es\/web\/caminos\/camino-portugues-costa\/pueblos\/caminha.jpg\" alt=\"Caminha\" class=\"group-hover:p-scale-110\"\/>\n      <div class=\"overlay-darked group-hover:p-opacity-50\"><\/div>\n      <p><b>Caminha<\/b><\/p>\n    <\/div>\n    <div class=\"item-gallery p-group\">\n      <img decoding=\"async\" src=\"https:\/\/cdn.pilgrim.es\/web\/caminos\/camino-portugues-costa\/pueblos\/baiona.jpg\" alt=\"Baiona\" class=\"group-hover:p-scale-110\"\/>\n      <div class=\"overlay-darked group-hover:p-opacity-50\"><\/div>\n      <p><b>Baiona<\/b><\/p>\n    <\/div>\n    <div class=\"item-gallery p-group\">\n      <img decoding=\"async\" src=\"https:\/\/cdn.pilgrim.es\/web\/caminos\/camino-portugues\/pueblos\/redondela\/redondela.jpg\" alt=\"Redondela\" class=\"group-hover:p-scale-110\"\/>\n      <div class=\"overlay-darked group-hover:p-opacity-50\"><\/div>\n      <p><b>Redondela<\/b><\/p>\n    <\/div>\n  <\/div>\n\n  <section id=\"infoWay\">\n    <div class=\"info-way-content\">\n      <nav class=\"nav-tab-info nav-tab-info--2-cols\">\n        <button id=\"infoTab\" data-target=\"history\" class=\"nav-link-info active\">\n          Weitere informationen\n        <\/button>\n        <button id=\"profileTab\" data-target=\"profileWay\" class=\"nav-link-info\">\n          Profil des Weg\n        <\/button>\n      <\/nav>\n      <div id=\"history\" class=\"content-section-info\">\n        <div class=\"subtitle\">\n          <h4 class=\"p-h4--section\">Weitere informationen&#8230;<\/h4>\n          <hr \/>\n          <h2>\u00dcber den Portugiesischen Weg entlang der K\u00fcste<\/h2>\n        <\/div>\n        <h3>Geschichte<\/h3>\n        <p class=\"p-my-3\">\n          Der portugiesische Weg entlang der K\u00fcste ist eine Strecke, die erst\n          seit sehr kurzer Zeit<strong>als Jakobus- Route anerkannt<\/strong>\n          wurde. Diese Route umfasst 280 Kilometer, die Oporto von Santiago de\n          Compostela trennen, und verl\u00e4uft in mehreren Etappen entlang der\n          K\u00fcste. Diese Strecke besitzt mehrere attraktive Komponenten: die der\n          K\u00fcste nahen Naturlandschaften und die Ruhe einer bisher wenig\n          bekannten Route.\n        <\/p>\n        <p class=\"p-mb-3\">\n          Obwohl diese Route vor kurzer Zeit als solche erkannt wurde, ist sie\n          <strong>so alt wie die des klassischen portugiesischen Weges<\/strong>.\n          Sie ist auf den Anfang des IX. Jahrhunderts und der Entdeckung des\n          Grabes des Apostels Jakobus zur\u00fcckzuf\u00fchren. Diese brachte einen\n          Pilgerschaftszufluss, nicht nur aus Portugal, sondern aus ganz Europa\n          mit sich, der die verschiedenen Routen des Jakobsweges hervorbrachte.\n          Mit der Unabh\u00e4ngigkeit des Territoriums und der Ernennung von Alfonso\n          I. zum K\u00f6nig von Portugal, nahm jedoch die Bedeutung und Anzahl dieser\n          Wanderungen im XII. Jahrhundert zu.\n        <\/p>\n        <p class=\"p-mb-3\">\n          Von Portugal aus gibt es mehrere Verl\u00e4ufe, die galicisches Gebiet\n          erreichen, und die von vererbten r\u00f6mischen Routen markiert sind. Das\n          Kommen und Gehen von Pilgern, f\u00fchrte zu Verbindungen zwischen beiden\n          Gebieten, die nicht nur religi\u00f6sen Charakters, sondern auch\n          wirtschaftlich und kulturell von Interesse waren. Das Beispiel\n          zahlreicher K\u00f6nige, Kleriker und Adliger trug dazu bei, die\n          jakobinische Fr\u00f6mmigkeit in portugiesischem Territorium anzusiedeln,\n          die im Laufe der Jahre zunahm. Einige der\n          <strong>ber\u00fchmtesten dokumentierten Pilgerschaften<\/strong> sind die\n          der \u201eHeiligen K\u00f6nigin\u201c, Isabel von Portugal, die ihre Krone vor dem\n          Altar von Jakobus anbot und in Coimbra mit dem Pilgerstab begraben\n          wurde. Oder der portugiesische K\u00f6nig Manuel I., der 1502 nach Santiago\n          pilgerte und in Compostela befahl, Tag und Nacht den Jakobus-Tempel zu\n          beleuchten.\n        <\/p>\n        <p class=\"p-mb-3\">\n          Diese Strecke wurde ebenfalls\n          <strong>von Pilgern aus \u00dcbersee genutzt<\/strong>, die mit der Ankunft\n          in portugiesischen H\u00e4fen, von dort aus den Marsch nach Santiago de\n          Compostela begannen. Deshalb sind sowohl der Weg entlang der K\u00fcste,\n          als auch der klassische portugiesische Weg und der des Innenlandes,\n          bekannte jakobinische Routen. Der Weg entlang der K\u00fcste ist wegen der\n          zahlreichen Kl\u00f6ster, die ihn in seinem Verlauf begleiten, auch als\n          \u201eMonastischer Weg\u201c bekannt. Unter ihnen ist das \u201eSanta Mar\u00eda de Oia\u201c-\n          Kloster des Zisterzienser- Ordens aus dem XII. Jahrhundert\n          hervorzuheben, das in dem Dorf Oia in Pontevedra errichtet wurde; und\n          gro\u00dfen Einfluss im S\u00fcden Galiciens und im Norden Portugals hatte. Es\n          war ein obligatorischer Besuch f\u00fcr die Pilger, die diese Route\n          machten.\n        <\/p>\n        <p class=\"p-mb-3\">\n          So wie der Rest der jakobinischen Routen, erlebte er einen\n          fortschreitenden R\u00fcckgang im XVI. Jahrhundert. Jetzt, im XXI.\n          Jahrhundert, wird versucht ihn zu rehabilitieren und wiederzugewinnen,\n          da er aufgrund seiner Eigenschaften, Landschaften und sein reiches\n          k\u00fcnstlerisches Erbe eine sehr attraktive Alternative darstellt.\n        <\/p>\n      <\/div>\n      <div id=\"profileWay\" class=\"p-hidden content-section-info\">\n        <div class=\"subtitle\">\n          <h4 class=\"p-h4--section\">Profil der Portugiesischer Weg entlang der K\u00fcste<\/h4>\n          <hr \/>\n          <h2>Entfernungen und H\u00f6henlage<\/h2>\n        <\/div>\n        <img decoding=\"async\" src=\"https:\/\/cdn.pilgrim.es\/web\/caminos\/camino-portugues-costa\/home\/perfil-camino-portugues-costa.jpg\" alt=\"Skizze Portugiesischer Weg entlang der K\u00fcste\" \/>\n      <\/div>\n    <\/div>\n  <\/section>\n\n  <section id=\"othersWays\" class=\"others-ways\">\n    <div class=\"others-ways__title\">\n      <h4 class=\"p-h4--section\">Es gibt viele andere Routen, sehen Sie sich die besten Alternativen an<\/h4>\n      <hr \/>\n      <h2>\n        Alternative Routen\n      <\/h2>\n    <\/div>\n    <div class=\"others-ways__content\">\n      <div>\n        <div class=\"each-way\">\n          <a href=\"https:\/\/www.pilgrim.es\/de\/primitiver-weg\/\">\n            <div class=\"each-way__title\">Der Primitive Weg (Urweg)<\/div>\n          <\/a>\n          <div class=\"each-way__tips\">\n            <p>313 km \/ 14 Tage<\/p>\n            <i class=\"icon-arrow\"><\/i>\n          <\/div>\n        <\/div>\n        <hr \/>\n      <\/div>\n      <div>\n        <div class=\"each-way\">\n          <a href=\"https:\/\/www.pilgrim.es\/de\/franzosischer-weg\/\">\n            <div class=\"each-way__title\">Franz\u00f6sischer Weg<\/div>\n          <\/a>\n          <div class=\"each-way__tips\">\n            <p>764 km \/ 33 Tage<\/p>\n            <i class=\"icon-arrow\"><\/i>\n          <\/div>\n        <\/div>\n        <hr \/>\n      <\/div>\n      <div>\n        <div class=\"each-way\">\n          <a href=\"https:\/\/www.pilgrim.es\/de\/englischer-weg\/\">\n            <div class=\"each-way__title\">Englischer Weg<\/div>\n          <\/a>\n          <div class=\"each-way__tips\">\n            <p>119 km \/ 6 Tage<\/p>\n            <i class=\"icon-arrow\"><\/i>\n          <\/div>\n        <\/div>\n        <hr \/>\n      <\/div>\n      <div>\n        <div class=\"each-way\">\n          <div class=\"each-way__title\">Weg von Sarria<\/div>\n\n          <div class=\"each-way__tips\">\n            <p>115 km \/ 5 Tage<\/p>\n            <i class=\"icon-arrow\"><\/i>\n          <\/div>\n        <\/div>\n        <hr \/>\n      <\/div>\n      <div>\n        <div class=\"each-way\">\n          <a href=\"https:\/\/www.pilgrim.es\/de\/portugiesischer-weg\/\">\n            <div class=\"each-way__title\">Portugiesischer Weg<\/div>\n          <\/a>\n          <div class=\"each-way__tips\">\n            <p>620 km \/ 25 Tage<\/p>\n            <i class=\"icon-arrow\"><\/i>\n          <\/div>\n        <\/div>\n        <hr \/>\n      <\/div>\n      <div>\n        <div class=\"each-way\">\n          <a href=\"https:\/\/www.pilgrim.es\/de\/silber-route\/\">\n            <div class=\"each-way__title\">Die Silber-Route<\/div>\n          <\/a>\n          <div class=\"each-way__tips\">\n            <p>960 km \/ 38 Tage<\/p>\n            <i class=\"icon-arrow\"><\/i>\n          <\/div>\n        <\/div>\n        <hr \/>\n      <\/div>\n    <\/div>\n  <\/section>\n  <section id=\"faqs\">\n    <div class=\"title\">\n      <h4 class=\"p-h4--section\">N\u00fctzliche Informationen<\/h4>\n      <hr \/>\n      <h2>\n        H\u00e4ufig gestellte Fragen \u00fcber den Portugiesischen Weg entlang der K\u00fcste\n      <\/h2>\n    <\/div>\n    <div class=\"container\">\n      <div>\n        <button class=\"accordion-btn\">\n          <div class=\"accordion-btn__question\">\n            <h3>\n              Aus wie vielen Etappen besteht die Portugiesischen Weg entlang der\n              K\u00fcste?\n            <\/h3>\n            <span>+<\/span>\n          <\/div>\n          <hr \/>\n        <\/button>\n        <div class=\"accordion-content\">\n          <p>\n            Wie aus der\n            <a href=\"#stagesFoot\" class=\"p-underline\">B\u00fchnenabschnitt<\/a>, el\n            Die Portugiesische K\u00fcstenroute besteht aus insgesamt 13 Etappen \u00fcber\n            eine Strecke von 266 km, die in der portugiesischen Stadt Porto\n            beginnt. Wenn Sie die\n            <a href=\"#stagesBike\" class=\"p-underline\">Portugiesischen Weg entlang dem Fahrrad<\/a>\n            Es wird 4 Etappen geben.\n          <\/p>\n        <\/div>\n      <\/div>\n      <div>\n        <button class=\"accordion-btn\">\n          <div class=\"accordion-btn__question\">\n            <h3>\n              Muss man den gesamten Portugiesischen Weg entlang der K\u00fcste gehen?\n            <\/h3>\n            <span>+<\/span>\n          <\/div>\n          <hr \/>\n        <\/button>\n        <div class=\"accordion-content\">\n          <p>\n            Wenn Ihr Ziel ist es, die Compostela zu bekommen, m\u00fcssen Sie\n            mindestens die letzten 100 km des Camino zu tun, im Falle dieser\n            Route sind von der Stadt A Ramallosa gemacht. Allerdings, wenn Sie\n            den Camino mit dem Fahrrad zu tun, ist die Mindestentfernung 200 km,\n            die Sie von Porto starten w\u00fcrde f\u00fchren.\n          <\/p>\n        <\/div>\n      <\/div>\n      <div>\n        <button class=\"accordion-btn\">\n          <div class=\"accordion-btn__question\">\n            <h3>\n              Welches sind die ber\u00fchmtesten Orte des Portugiesischen Weges\n              entlang der der K\u00fcste?\n            <\/h3>\n            <span>+<\/span>\n          <\/div>\n          <hr \/>\n        <\/button>\n        <div class=\"accordion-content\">\n          <p>\n            Entlang der portugiesischen Route kommen Sie durch eine Vielzahl von\n            Orten, die alle ihren eigenen Charme haben. Es gibt jedoch eine\n            Reihe von D\u00f6rfern, in die sich die Pilger auf ihrer Reise verlieben,\n            n\u00e4mlich: Porto, P\u00f3voa de Varzim, Viana do Castelo und Caminha, um\n            nur einige zu nennen.\n          <\/p>\n        <\/div>\n      <\/div>\n      <div>\n        <button class=\"accordion-btn\">\n          <div class=\"accordion-btn__question\">\n            <h3>\n              Die sch\u00f6nsten Landschaften auf dem Portugiesischen Weg entlang der\n              K\u00fcste\n            <\/h3>\n            <span>+<\/span>\n          <\/div>\n          <hr \/>\n        <\/button>\n        <div class=\"accordion-content\">\n          <p>\n            Diese Route, zusammen mit der\n            <a href=\"https:\/\/www.pilgrim.es\/de\/weg-im-norden\/\" class=\"p-underline\">Weg im Nordem<\/a>,\n            ist der einzige, der vom Meer begleitet wird, in diesem Fall von der\n            portugiesischen K\u00fcste am Atlantischen Ozean. Dies wird Ihnen eine\n            Aussicht bieten, die Sie bei Ihren Schritten auf dem Camino\n            unterst\u00fctzen wird.\n          <\/p>\n        <\/div>\n      <\/div>\n      <div>\n        <button class=\"accordion-btn\">\n          <div class=\"accordion-btn__question\">\n            <h3>Kuriosit\u00e4ten des portugiesischen Weges entlang der K\u00fcste<\/h3>\n            <span>+<\/span>\n          <\/div>\n          <hr \/>\n        <\/button>\n        <div class=\"accordion-content\">\n          <p>\n            Obwohl sie genauso alt ist wie die\n            <a href=\"https:\/\/www.pilgrim.es\/de\/portugiesischer-weg\/\" class=\"p-underline\">die Hauptroute<\/a>, ist erst seit relativ kurzer Zeit als offizieller Pilgerweg\n            anerkannt, so dass er als junger Weg angesehen wird. In der Stadt\n            Redondela trifft er auf die Hauptroute.\n          <\/p>\n        <\/div>\n      <\/div>\n      <div>\n        <button class=\"accordion-btn\">\n          <div class=\"accordion-btn__question\">\n            <h3>M\u00f6chten Sie mehr \u00fcber die Routen des Camino erfahren?<\/h3>\n            <span>+<\/span>\n          <\/div>\n          <hr \/>\n        <\/button>\n        <div class=\"accordion-content\">\n          <p>\n            Unter\n            <a href=\"\/de\/\" class=\"p-underline\">Pilgrim.es<\/a>\n            haben wir viel umfangreichere Informationen \u00fcber diese und viele\n            andere Routen. Besuchen Sie unsere Website und entdecken Sie alle\n            Routen, die den\n            <a href=\"https:\/\/www.pilgrim.es\/de\/wege\/\" class=\"p-underline\">Jakobsweg<\/a>\n            ausmachen, seine Etappen, Karten und sogar die St\u00e4dte mit den\n            entsprechenden Hinweisen, was es in den einzelnen Orten zu sehen\n            gibt.\n          <\/p>\n        <\/div>\n      <\/div>\n    <\/div>\n  <\/section>\n  <section id=\"infoPilgrim\">\n    <div class=\"title\">\n      <h4 class=\"p-h4--section\">Lernen Sie uns besser kennen<\/h4>\n      <hr \/>\n      <h2>Hilfe f\u00fcr Pilger seit 2016<\/h2>\n    <\/div>\n    <div class=\"content\">\n      <div class=\"content__card\">\n        <div class=\"content__card__icon\">\n          <i class=\"icon-users\"><\/i>\n        <\/div>\n        <p class=\"content__card__title\">Pilgrims<\/p>\n        <p class=\"content__card__quantity\">+54.000<\/p>\n      <\/div>\n      <div class=\"content__card\">\n        <div class=\"content__card__icon\">\n          <i class=\"icon-world\"><\/i>\n        <\/div>\n        <p class=\"content__card__title\">Nationalit\u00e4ten<\/p>\n        <p class=\"content__card__quantity\">+45<\/p>\n      <\/div>\n      <div class=\"content__card\">\n        <div class=\"content__card__icon\">\n          <i class=\"icon-star\"><\/i>\n        <\/div>\n        <p class=\"content__card__title\">Google Bewertung<\/p>\n        <p class=\"content__card__quantity\">4,7 &#9733;<\/p>\n      <\/div>\n      <div class=\"content__card\">\n        <div class=\"content__card__icon\">\n          <i class=\"icon-home\"><\/i>\n        <\/div>\n        <p class=\"content__card__title\">Verbundene Unternehmen<\/p>\n        <p class=\"content__card__quantity\">+7500<\/p>\n      <\/div>\n    <\/div>\n  <\/section>\n<\/div>\n","protected":false},"excerpt":{"rendered":"<p>Portugiesischer Weg entlang der K\u00fcste 13 Ettapen zu Fu\u00df \/ 4 Ettapen mit dem Fahrrad Einen sch\u00f6nen Spaziergang! Warum den portugiesischen Weg entlang der K\u00fcste w\u00e4hlen? Die Route ist im Allgemeineneben und das ganze Jahr \u00fcber wegsam; sie verl\u00e4uft zwischen Steilk\u00fcsten, Bergen und Flussm\u00fcndungen. Sie beginnt in der wichtigen Stadt Porto und durchquert St\u00e4dte wie &hellip; <\/p>\n<p class=\"read_more\"><a href=\"https:\/\/www.pilgrim.es\/de\/portugiesischer-weg-entlang-der-kuste\/\">Leer m\u00e1s<\/a><\/p>\n","protected":false},"author":4,"featured_media":10493,"parent":0,"menu_order":0,"comment_status":"closed","ping_status":"closed","template":"views\/template-new-web-design.blade.php","meta":{"footnotes":""},"categories":[],"tags":[],"class_list":["post-10647","page","type-page","status-publish","has-post-thumbnail","hentry"],"yoast_head":"<!-- This site is optimized with the Yoast SEO plugin v27.4 - https:\/\/yoast.com\/product\/yoast-seo-wordpress\/ -->\n<title>\u25b7 Der portugiesische Weg entlang der K\u00fcste | Etappen und Landkarte | Von Oporto aus<\/title>\n<meta name=\"description\" content=\"ll\u27a4 Entdecken Sie alle Informationen \u00fcber den portugiesischen Weg entlang der K\u00fcste, Interessenspunkte\/ Sehensw\u00fcrdigkeiten, Etappen,Verlauf der Strecke, Entfernungen- und erleben Sie seinen Zauber.\" \/>\n<meta name=\"robots\" content=\"index, follow, max-snippet:-1, max-image-preview:large, max-video-preview:-1\" \/>\n<link rel=\"canonical\" href=\"https:\/\/www.pilgrim.es\/de\/portugiesischer-weg-entlang-der-kuste\/\" \/>\n<meta property=\"og:locale\" content=\"de_DE\" \/>\n<meta property=\"og:type\" content=\"article\" \/>\n<meta property=\"og:title\" content=\"\u25b7 Der portugiesische Weg entlang der K\u00fcste | Etappen und Landkarte | Von Oporto aus\" \/>\n<meta property=\"og:description\" content=\"ll\u27a4 Entdecken Sie alle Informationen \u00fcber den portugiesischen Weg entlang der K\u00fcste, Interessenspunkte\/ Sehensw\u00fcrdigkeiten, Etappen,Verlauf der Strecke, Entfernungen- und erleben Sie seinen Zauber.\" \/>\n<meta property=\"og:url\" content=\"https:\/\/www.pilgrim.es\/de\/portugiesischer-weg-entlang-der-kuste\/\" \/>\n<meta property=\"og:site_name\" content=\"Pilgrim\" \/>\n<meta property=\"article:publisher\" content=\"https:\/\/www.facebook.com\/pilgrim.es\/\" \/>\n<meta property=\"article:modified_time\" content=\"2025-11-28T12:16:08+00:00\" \/>\n<meta property=\"og:image\" content=\"https:\/\/www.pilgrim.es\/wp-content\/uploads\/2019\/02\/mapa-camino-portugues-por-la-costa-header.jpg\" \/>\n\t<meta property=\"og:image:width\" content=\"1131\" \/>\n\t<meta property=\"og:image:height\" content=\"523\" \/>\n\t<meta property=\"og:image:type\" content=\"image\/jpeg\" \/>\n<meta name=\"twitter:card\" content=\"summary_large_image\" \/>\n<meta name=\"twitter:site\" content=\"@pilgrim_es\" \/>\n<meta name=\"twitter:label1\" content=\"Gesch\u00e4tzte Lesezeit\" \/>\n\t<meta name=\"twitter:data1\" content=\"6\u00a0Minuten\" \/>\n<script type=\"application\/ld+json\" class=\"yoast-schema-graph\">{\"@context\":\"https:\\\/\\\/schema.org\",\"@graph\":[{\"@type\":\"WebPage\",\"@id\":\"https:\\\/\\\/www.pilgrim.es\\\/de\\\/portugiesischer-weg-entlang-der-kuste\\\/\",\"url\":\"https:\\\/\\\/www.pilgrim.es\\\/de\\\/portugiesischer-weg-entlang-der-kuste\\\/\",\"name\":\"\u25b7 Der portugiesische Weg entlang der K\u00fcste | Etappen und Landkarte | Von Oporto aus\",\"isPartOf\":{\"@id\":\"https:\\\/\\\/www.pilgrim.es\\\/de\\\/#website\"},\"primaryImageOfPage\":{\"@id\":\"https:\\\/\\\/www.pilgrim.es\\\/de\\\/portugiesischer-weg-entlang-der-kuste\\\/#primaryimage\"},\"image\":{\"@id\":\"https:\\\/\\\/www.pilgrim.es\\\/de\\\/portugiesischer-weg-entlang-der-kuste\\\/#primaryimage\"},\"thumbnailUrl\":\"https:\\\/\\\/www.pilgrim.es\\\/wp-content\\\/uploads\\\/2019\\\/02\\\/mapa-camino-portugues-por-la-costa-header.jpg\",\"datePublished\":\"2019-02-08T13:58:44+00:00\",\"dateModified\":\"2025-11-28T12:16:08+00:00\",\"description\":\"ll\u27a4 Entdecken Sie alle Informationen \u00fcber den portugiesischen Weg entlang der K\u00fcste, Interessenspunkte\\\/ Sehensw\u00fcrdigkeiten, Etappen,Verlauf der Strecke, Entfernungen- und erleben Sie seinen Zauber.\",\"breadcrumb\":{\"@id\":\"https:\\\/\\\/www.pilgrim.es\\\/de\\\/portugiesischer-weg-entlang-der-kuste\\\/#breadcrumb\"},\"inLanguage\":\"de\",\"potentialAction\":[{\"@type\":\"ReadAction\",\"target\":[\"https:\\\/\\\/www.pilgrim.es\\\/de\\\/portugiesischer-weg-entlang-der-kuste\\\/\"]}]},{\"@type\":\"ImageObject\",\"inLanguage\":\"de\",\"@id\":\"https:\\\/\\\/www.pilgrim.es\\\/de\\\/portugiesischer-weg-entlang-der-kuste\\\/#primaryimage\",\"url\":\"https:\\\/\\\/www.pilgrim.es\\\/wp-content\\\/uploads\\\/2019\\\/02\\\/mapa-camino-portugues-por-la-costa-header.jpg\",\"contentUrl\":\"https:\\\/\\\/www.pilgrim.es\\\/wp-content\\\/uploads\\\/2019\\\/02\\\/mapa-camino-portugues-por-la-costa-header.jpg\",\"width\":1131,\"height\":523,\"caption\":\"verlauf portugiesischer weg entlang der k\u00fcste\"},{\"@type\":\"BreadcrumbList\",\"@id\":\"https:\\\/\\\/www.pilgrim.es\\\/de\\\/portugiesischer-weg-entlang-der-kuste\\\/#breadcrumb\",\"itemListElement\":[{\"@type\":\"ListItem\",\"position\":1,\"name\":\"Camino de Santiago\",\"item\":\"https:\\\/\\\/www.pilgrim.es\\\/de\\\/\"},{\"@type\":\"ListItem\",\"position\":2,\"name\":\"Portugiesischer Weg entlang der K\u00fcste\"}]},{\"@type\":\"WebSite\",\"@id\":\"https:\\\/\\\/www.pilgrim.es\\\/de\\\/#website\",\"url\":\"https:\\\/\\\/www.pilgrim.es\\\/de\\\/\",\"name\":\"Pilgrim\",\"description\":\"Camino de Santiago | Caminamos Contigo\",\"publisher\":{\"@id\":\"https:\\\/\\\/www.pilgrim.es\\\/de\\\/#organization\"},\"potentialAction\":[{\"@type\":\"SearchAction\",\"target\":{\"@type\":\"EntryPoint\",\"urlTemplate\":\"https:\\\/\\\/www.pilgrim.es\\\/de\\\/?s={search_term_string}\"},\"query-input\":{\"@type\":\"PropertyValueSpecification\",\"valueRequired\":true,\"valueName\":\"search_term_string\"}}],\"inLanguage\":\"de\"},{\"@type\":\"Organization\",\"@id\":\"https:\\\/\\\/www.pilgrim.es\\\/de\\\/#organization\",\"name\":\"Pilgrim Camino de Santiago\",\"url\":\"https:\\\/\\\/www.pilgrim.es\\\/de\\\/\",\"logo\":{\"@type\":\"ImageObject\",\"inLanguage\":\"de\",\"@id\":\"https:\\\/\\\/www.pilgrim.es\\\/de\\\/#\\\/schema\\\/logo\\\/image\\\/\",\"url\":\"https:\\\/\\\/www.pilgrim.es\\\/wp-content\\\/uploads\\\/2019\\\/04\\\/logo_pilgrim.png\",\"contentUrl\":\"https:\\\/\\\/www.pilgrim.es\\\/wp-content\\\/uploads\\\/2019\\\/04\\\/logo_pilgrim.png\",\"width\":512,\"height\":512,\"caption\":\"Pilgrim Camino de Santiago\"},\"image\":{\"@id\":\"https:\\\/\\\/www.pilgrim.es\\\/de\\\/#\\\/schema\\\/logo\\\/image\\\/\"},\"sameAs\":[\"https:\\\/\\\/www.facebook.com\\\/pilgrim.es\\\/\",\"https:\\\/\\\/x.com\\\/pilgrim_es\",\"https:\\\/\\\/www.instagram.com\\\/pilgrim.es\\\/\",\"https:\\\/\\\/www.linkedin.com\\\/company\\\/pilgrim-camino-de-santiago\\\/\",\"https:\\\/\\\/www.pinterest.es\\\/pilgrimcaminodesantiago\\\/\",\"https:\\\/\\\/www.youtube.com\\\/channel\\\/UCIv2ZzFLXVqthkNF32rKedw\\\/featured\"]}]}<\/script>\n<!-- \/ Yoast SEO plugin. -->","yoast_head_json":{"title":"\u25b7 Der portugiesische Weg entlang der K\u00fcste | Etappen und Landkarte | Von Oporto aus","description":"ll\u27a4 Entdecken Sie alle Informationen \u00fcber den portugiesischen Weg entlang der K\u00fcste, Interessenspunkte\/ Sehensw\u00fcrdigkeiten, Etappen,Verlauf der Strecke, Entfernungen- und erleben Sie seinen Zauber.","robots":{"index":"index","follow":"follow","max-snippet":"max-snippet:-1","max-image-preview":"max-image-preview:large","max-video-preview":"max-video-preview:-1"},"canonical":"https:\/\/www.pilgrim.es\/de\/portugiesischer-weg-entlang-der-kuste\/","og_locale":"de_DE","og_type":"article","og_title":"\u25b7 Der portugiesische Weg entlang der K\u00fcste | Etappen und Landkarte | Von Oporto aus","og_description":"ll\u27a4 Entdecken Sie alle Informationen \u00fcber den portugiesischen Weg entlang der K\u00fcste, Interessenspunkte\/ Sehensw\u00fcrdigkeiten, Etappen,Verlauf der Strecke, Entfernungen- und erleben Sie seinen Zauber.","og_url":"https:\/\/www.pilgrim.es\/de\/portugiesischer-weg-entlang-der-kuste\/","og_site_name":"Pilgrim","article_publisher":"https:\/\/www.facebook.com\/pilgrim.es\/","article_modified_time":"2025-11-28T12:16:08+00:00","og_image":[{"width":1131,"height":523,"url":"https:\/\/www.pilgrim.es\/wp-content\/uploads\/2019\/02\/mapa-camino-portugues-por-la-costa-header.jpg","type":"image\/jpeg"}],"twitter_card":"summary_large_image","twitter_site":"@pilgrim_es","twitter_misc":{"Gesch\u00e4tzte Lesezeit":"6\u00a0Minuten"},"schema":{"@context":"https:\/\/schema.org","@graph":[{"@type":"WebPage","@id":"https:\/\/www.pilgrim.es\/de\/portugiesischer-weg-entlang-der-kuste\/","url":"https:\/\/www.pilgrim.es\/de\/portugiesischer-weg-entlang-der-kuste\/","name":"\u25b7 Der portugiesische Weg entlang der K\u00fcste | Etappen und Landkarte | Von Oporto aus","isPartOf":{"@id":"https:\/\/www.pilgrim.es\/de\/#website"},"primaryImageOfPage":{"@id":"https:\/\/www.pilgrim.es\/de\/portugiesischer-weg-entlang-der-kuste\/#primaryimage"},"image":{"@id":"https:\/\/www.pilgrim.es\/de\/portugiesischer-weg-entlang-der-kuste\/#primaryimage"},"thumbnailUrl":"https:\/\/www.pilgrim.es\/wp-content\/uploads\/2019\/02\/mapa-camino-portugues-por-la-costa-header.jpg","datePublished":"2019-02-08T13:58:44+00:00","dateModified":"2025-11-28T12:16:08+00:00","description":"ll\u27a4 Entdecken Sie alle Informationen \u00fcber den portugiesischen Weg entlang der K\u00fcste, Interessenspunkte\/ Sehensw\u00fcrdigkeiten, Etappen,Verlauf der Strecke, Entfernungen- und erleben Sie seinen Zauber.","breadcrumb":{"@id":"https:\/\/www.pilgrim.es\/de\/portugiesischer-weg-entlang-der-kuste\/#breadcrumb"},"inLanguage":"de","potentialAction":[{"@type":"ReadAction","target":["https:\/\/www.pilgrim.es\/de\/portugiesischer-weg-entlang-der-kuste\/"]}]},{"@type":"ImageObject","inLanguage":"de","@id":"https:\/\/www.pilgrim.es\/de\/portugiesischer-weg-entlang-der-kuste\/#primaryimage","url":"https:\/\/www.pilgrim.es\/wp-content\/uploads\/2019\/02\/mapa-camino-portugues-por-la-costa-header.jpg","contentUrl":"https:\/\/www.pilgrim.es\/wp-content\/uploads\/2019\/02\/mapa-camino-portugues-por-la-costa-header.jpg","width":1131,"height":523,"caption":"verlauf portugiesischer weg entlang der k\u00fcste"},{"@type":"BreadcrumbList","@id":"https:\/\/www.pilgrim.es\/de\/portugiesischer-weg-entlang-der-kuste\/#breadcrumb","itemListElement":[{"@type":"ListItem","position":1,"name":"Camino de Santiago","item":"https:\/\/www.pilgrim.es\/de\/"},{"@type":"ListItem","position":2,"name":"Portugiesischer Weg entlang der K\u00fcste"}]},{"@type":"WebSite","@id":"https:\/\/www.pilgrim.es\/de\/#website","url":"https:\/\/www.pilgrim.es\/de\/","name":"Pilgrim","description":"Camino de Santiago | Caminamos Contigo","publisher":{"@id":"https:\/\/www.pilgrim.es\/de\/#organization"},"potentialAction":[{"@type":"SearchAction","target":{"@type":"EntryPoint","urlTemplate":"https:\/\/www.pilgrim.es\/de\/?s={search_term_string}"},"query-input":{"@type":"PropertyValueSpecification","valueRequired":true,"valueName":"search_term_string"}}],"inLanguage":"de"},{"@type":"Organization","@id":"https:\/\/www.pilgrim.es\/de\/#organization","name":"Pilgrim Camino de Santiago","url":"https:\/\/www.pilgrim.es\/de\/","logo":{"@type":"ImageObject","inLanguage":"de","@id":"https:\/\/www.pilgrim.es\/de\/#\/schema\/logo\/image\/","url":"https:\/\/www.pilgrim.es\/wp-content\/uploads\/2019\/04\/logo_pilgrim.png","contentUrl":"https:\/\/www.pilgrim.es\/wp-content\/uploads\/2019\/04\/logo_pilgrim.png","width":512,"height":512,"caption":"Pilgrim Camino de Santiago"},"image":{"@id":"https:\/\/www.pilgrim.es\/de\/#\/schema\/logo\/image\/"},"sameAs":["https:\/\/www.facebook.com\/pilgrim.es\/","https:\/\/x.com\/pilgrim_es","https:\/\/www.instagram.com\/pilgrim.es\/","https:\/\/www.linkedin.com\/company\/pilgrim-camino-de-santiago\/","https:\/\/www.pinterest.es\/pilgrimcaminodesantiago\/","https:\/\/www.youtube.com\/channel\/UCIv2ZzFLXVqthkNF32rKedw\/featured"]}]}},"_links":{"self":[{"href":"https:\/\/www.pilgrim.es\/de\/wp-json\/wp\/v2\/pages\/10647","targetHints":{"allow":["GET"]}}],"collection":[{"href":"https:\/\/www.pilgrim.es\/de\/wp-json\/wp\/v2\/pages"}],"about":[{"href":"https:\/\/www.pilgrim.es\/de\/wp-json\/wp\/v2\/types\/page"}],"author":[{"embeddable":true,"href":"https:\/\/www.pilgrim.es\/de\/wp-json\/wp\/v2\/users\/4"}],"replies":[{"embeddable":true,"href":"https:\/\/www.pilgrim.es\/de\/wp-json\/wp\/v2\/comments?post=10647"}],"version-history":[{"count":43,"href":"https:\/\/www.pilgrim.es\/de\/wp-json\/wp\/v2\/pages\/10647\/revisions"}],"predecessor-version":[{"id":139464,"href":"https:\/\/www.pilgrim.es\/de\/wp-json\/wp\/v2\/pages\/10647\/revisions\/139464"}],"wp:featuredmedia":[{"embeddable":true,"href":"https:\/\/www.pilgrim.es\/de\/wp-json\/wp\/v2\/media\/10493"}],"wp:attachment":[{"href":"https:\/\/www.pilgrim.es\/de\/wp-json\/wp\/v2\/media?parent=10647"}],"wp:term":[{"taxonomy":"category","embeddable":true,"href":"https:\/\/www.pilgrim.es\/de\/wp-json\/wp\/v2\/categories?post=10647"},{"taxonomy":"post_tag","embeddable":true,"href":"https:\/\/www.pilgrim.es\/de\/wp-json\/wp\/v2\/tags?post=10647"}],"curies":[{"name":"wp","href":"https:\/\/api.w.org\/{rel}","templated":true}]}}