{"id":10635,"date":"2019-02-07T15:17:27","date_gmt":"2019-02-07T15:17:27","guid":{"rendered":"https:\/\/desarrollo.pilgrim.es\/der-primitive-weg\/"},"modified":"2025-11-24T08:59:38","modified_gmt":"2025-11-24T08:59:38","slug":"primitiver-weg","status":"publish","type":"page","link":"https:\/\/www.pilgrim.es\/de\/primitiver-weg\/","title":{"rendered":"Der Primitive Weg (Urweg)"},"content":{"rendered":"\n<div id=\"way\">\n  <section id=\"heroWay\">\n    <h1>Der Primitive Weg (Urweg)<\/h1>\n    <div class=\"options-stages\">\n      <p>\n        <a href=\"#stagesoFot\">14 Etappen zu Fu\u00df <\/a> \/\n        <a href=\"#stagesBike\">7 Etappen mit dem Fahrrad<\/a>\n      <\/p>\n    <\/div>\n    <div class=\"main-content\">\n      <div class=\"main-content__col-map\">\n        <img decoding=\"async\" src=\"https:\/\/cdn.pilgrim.es\/web\/caminos\/camino-primitivo\/home\/mapa-camino-primitivo.jpg\" alt=\"Landkarte Primitiver Weg\" \/>\n      <\/div>\n      <div class=\"main-content__col-planner\"><div\r\n  class=\"p-col-span-1 p-rounded-lg p-px-5 p-h-full\"\r\n  style=\"background-image: url('https:\/\/cdn.pilgrim.es\/web\/pilgrim-planner\/bg-plugin-planificador.webp')\"\r\n  rel=\"preload\"\r\n  fetchpriority=\"high\"\r\n  >\r\n    <div class=\"p-text-center p-pt-5 p-text-white p-text-2xl p-font-semibold\">\r\n      Plane deinen Weg    <\/div>\r\n    <div\r\n            id='primary-app'\r\n            data-name='banner'\r\n            data-api='https:\/\/pathfinder.pilgrim.es\/api\/pathfinder\/v2'\r\n            data-mode='normal'\r\n            data-lang='de'\r\n            data-route='1'\r\n            data-destiny='https:\/\/planificador.pilgrim.es'\r\n            data-modality='1'\r\n            data-inline=''\r\n        ><\/div><\/div><\/div>\n    <\/div>\n  <\/section>\n\n  <section id=\"scoreBarsWay\">\n    <section>\r\n  <div class=\"p-flex p-flex-nowrap p-space-x-4 p-py-5 p-overflow-x-auto md:p-grid md:p-grid-cols-3 lg:p-grid-cols-5 md:p-gap-8 md:p-space-x-0 md:p-overflow-hidden scrollbar-thin\">\r\n    <div class=\"p-grid p-grid-cols-4 p-shrink-0 p-w-72 p-snap-start md:p-w-full\">\r\n        <div class=\"p-col-span-1 p-self-center p-text-center p-text-3xl\">\r\n            <i class=\"icon-influx\"><\/i>\r\n        <\/div>\r\n        <div class=\"p-col-span-3 p-flex p-flex-col p-items-start\">\r\n            <div class=\"p-text-start p-text-secondary p-mb-1 p-bold\"> Zustrom <\/div>\r\n            <div class=\"p-w-full p-bg-light p-rounded-full p-h-2 p-relative\">\r\n                <div class=\"p-bg-primary p-h-2 p-rounded-full p-absolute\" style=\"width: 80%;\"><\/div>\r\n            <\/div>\r\n        <\/div>\r\n    <\/div>\r\n\r\n    <div class=\"p-grid p-grid-cols-4 p-shrink-0 p-w-72 p-snap-start md:p-w-full\">\r\n        <div class=\"p-col-span-1 p-self-center p-text-center p-text-3xl\">\r\n            <i class=\"icon-difficulty\"><\/i>\r\n        <\/div>\r\n        <div class=\"p-col-span-3 p-flex p-flex-col p-items-start\">\r\n            <div class=\"p-text-start p-text-secondary p-mb-1 p-bold\"> Schwierigkeitsgrad <\/div>\r\n            <div class=\"p-w-full p-bg-light p-rounded-full p-h-2 p-relative\">\r\n                <div class=\"p-bg-primary p-h-2 p-rounded-full p-absolute\" style=\"width: 60%;\"><\/div>\r\n            <\/div>\r\n        <\/div>\r\n    <\/div>\r\n\r\n    <div class=\"p-grid p-grid-cols-4 p-shrink-0 p-w-72 p-snap-start md:p-w-full\">\r\n        <div class=\"p-col-span-1 p-self-center p-text-center p-text-3xl\">\r\n            <i class=\"icon-patrimony\"><\/i>\r\n        <\/div>\r\n        <div class=\"p-col-span-3 p-flex p-flex-col p-items-start\">\r\n            <div class=\"p-text-start p-text-secondary p-mb-1 p-bold\"> Kunst\/Geschichte <\/div>\r\n            <div class=\"p-w-full p-bg-light p-rounded-full p-h-2 p-relative\">\r\n                <div class=\"p-bg-primary p-h-2 p-rounded-full p-absolute\" style=\"width: 40%;\"><\/div>\r\n            <\/div>\r\n        <\/div>\r\n    <\/div>\r\n\r\n    <div class=\"p-grid p-grid-cols-4 p-shrink-0 p-w-72 p-snap-start md:p-w-full\">\r\n        <div class=\"p-col-span-1 p-self-center p-text-center p-text-3xl\">\r\n            <i class=\"icon-nature\"><\/i>\r\n        <\/div>\r\n        <div class=\"p-col-span-3 p-flex p-flex-col p-items-start\">\r\n            <div class=\"p-text-start p-text-secondary p-mb-1 p-bold\"> Natur <\/div>\r\n            <div class=\"p-w-full p-bg-light p-rounded-full p-h-2 p-relative\">\r\n                <div class=\"p-bg-primary p-h-2 p-rounded-full p-absolute\" style=\"width: 60%;\"><\/div>\r\n            <\/div>\r\n        <\/div>\r\n    <\/div>\r\n\r\n    <div class=\"p-grid p-grid-cols-4 p-shrink-0 p-w-72 p-snap-start md:p-w-full\">\r\n        <div class=\"p-col-span-1 p-self-center p-text-center p-text-3xl\">\r\n            <i class=\"icon-urban\"><\/i>\r\n        <\/div>\r\n        <div class=\"p-col-span-3 p-flex p-flex-col p-items-start\">\r\n            <div class=\"p-text-start p-text-secondary p-mb-1 p-bold\"> St\u00e4dtischer Weg <\/div>\r\n            <div class=\"p-w-full p-bg-light p-rounded-full p-h-2 p-relative\">\r\n                <div class=\"p-bg-primary p-h-2 p-rounded-full p-absolute\" style=\"width: 20%;\"><\/div>\r\n            <\/div>\r\n        <\/div>\r\n    <\/div>\r\n  <\/div>\r\n<\/section>\n  <\/section>\n\n  <section id=\"summaryWay\">\n    <div class=\"subtitle\">\n      <h4 class=\"p-h4--section\">Einen sch\u00f6nen Spaziergang!<\/h4>\n      <hr \/>\n    <\/div>\n    <div class=\"content-summary\">\n      <div class=\"content-summary__col-text\">\n        <h2>Warum den Primitiven Weg w\u00e4hlen?<\/h2>\n\n        <p class=\"p-my-3\">\n          Der primitive Weg ist eine\n          <strong>wunderbare Option, um die wahren Wurzeln der Pilgerschaft zu\n            entdecken.<\/strong>\n          Von Oviedo aus \u00fcberqueren Sie das asturische F\u00fcrstentum nach Westen,\n          um durch die Provinz Lugo nach Galicien zu gelangen, und im Munizip\n          Melide auf den franz\u00f6sischen Weg zu sto\u00dfen; knapp 55km vor Santiago de\n          Compostela.\n        <\/p>\n\n        <p>\n          Die Route f\u00fchrt durch gering bev\u00f6lkerte Berggebiete und Landschaften\n          beeindruckender nat\u00fcrlicher Sch\u00f6nheit, mit kaum asphaltierten\n          Abschnitten der Strecke. Dar\u00fcber hinaus\n          <strong>ist das historische- und Kulturerbe von gro\u00dfem Umfang<\/strong>, vor allem in den beiden monumentalen St\u00e4dten Oviedo und Lugo, die\n          wir entlang unserer Route besuchen, sowie in Compostela selbst, die\n          uns bei unserer Ankunft erwartet.\n        <\/p>\n\n        <!-- Aqu\u00ed agregamos un contenedor para los p\u00e1rrafos ocultos -->\n        <div id=\"moreContent\" class=\"p-hidden\">\n          <h3>Ein schwierigerer Weg als normal<\/h3>\n          <p class=\"p-my-3\">\n            Es ist eine Route <strong>betr\u00e4chtlicher Schwierigkeit<\/strong>, mit\n            erheblichen Steigungen, wie in Puerto de Palo (vor Grandas de\n            Salime) und Abschnitten, die bei starken Regenf\u00e4llen tief\n            verschlammen k\u00f6nnen, was die Strecke noch komplizierter macht. Der\n            asturische Teil ist besser signalisiert als der galizische, trotzdem\n            ist es nicht schwierig, sich auf unserem Marsch orientieren zu\n            k\u00f6nnen, um nicht vom richtigen Weg abzuweichen.\n          <\/p>\n          <p class=\"p-mb-3\">\n            Die L\u00e4nge des Primitiven Weges betr\u00e4gt 321 km, von denen 170 durch\n            galizisches Gebiet f\u00fchren, nachdem wir \u00fcber A Fonsagrada die Provinz\n            Lugo betreten. Er ist in der Regel in 13 oder 14 Etappen mit einer\n            durchschnittlichen Dauer zwischen 20 und 30 km unterteilt. Der\n            gr\u00f6\u00dfte Nachteil der Route ist der\n            <strong>Mangel an \u00f6ffentlichen Herbergen<\/strong>, das private\n            Angebot an Unterkunft und Restaurants deckt jedoch die Bed\u00fcrfnisse\n            des Pilgers ab. F\u00fcr Radfahrer stellt sich das Problem dar, dass\n            diese Route kaum spezialisierte Dienstleistungen aufweist, was\n            Komplikationen mit sich bringen kann, da es sich um eine Strecke mit\n            schwierigem Verlauf und zahlreichen steilen H\u00e4ngen handelt.\n          <\/p>\n          <p class=\"p-mb-3\">\n            Kurzum, weist diese\n            <strong>Route eine gewisse Erschwernis, aber auch so eine Vielfalt\n              reizvoller Ecken, Gemeinden und Landschaften<\/strong>auf; die zwei der eindrucksvollsten Autonomen Gemeinschaften\n            Spaniens angeh\u00f6ren: Asturien und Galicien. Die h\u00e4ufigen Regenf\u00e4lle\n            im Norden, sind der Preis, den man f\u00fcr den Genuss des Zaubers\n            solcher geheimnisvollen Orte zahlen muss. Die asturischen T\u00e4ler und\n            der galizische Naturreichtum sind dennoch eine ausgiebige Belohnung\n            f\u00fcr den Pilger, der sich entscheidet, den vergangenen Schritten\n            Alfonso II.\u201cDes Keuschen\u201c zu folgen.\n          <\/p>\n        <\/div>\n        <button id=\"btnSeeMore\">Mehr sehen<\/button>\n        <button id=\"btnSeeLess\" class=\"p-hidden\">Weniger sehen<\/button>\n      <\/div>\n      <div class=\"content-summary__col-experiences\">\n        <section id=\"experiencesCarousel\" class=\"p-relative\">\r\n  <div id=\"experiencesCarousel\" class=\"p-container p-mx-auto p-relative p-w-full lg:p-w-4\/5\">\r\n    <button id=\"prev-slide-experiences\" class=\"slide-button material-symbols-rounded\">\r\n        <div class=\"p-self-item p-font-bold\">&#10094;<\/div>\r\n    <\/button>\r\n    <button id=\"next-slide-experiences\" class=\"slide-button material-symbols-rounded\">\r\n        <div class=\"p-font-bold\">&#10095;<\/div>\r\n    <\/button>\r\n    <div id=\"carousel\" class=\"container-slider p-self-center p-mt-10\">\r\n        <ul class=\"card-list card-list--less-gap\">\r\n                                                <div  class=\"card-item card-item--min\" data-category=\"primitivo\" data-mode=\"a-pie\">\r\n                        <div class=\"p-rounded-lg p-h-80 p-relative p-p-5 p-text-white p-max-w-[250px] lg:p-max-w-full experience-card-item\">\r\n                            <div class=\"experience-card-bg\" style=\"background-image: url('\/wp-content\/uploads\/2024\/07\/experiencia-en-bici-desde-oviedo.jpg');\"><\/div>\r\n                            <div class=\"experience-card-content p-h-72 card-item-container p-max-w-[250px] lg:p-max-w-full\">\r\n                                <div class=\"p-flex p-flex-wrap\">\r\n                                    <p class=\"p-col-auto p-m-0 p-px-2 p-border p-border-white p-rounded-lg p-text-sm p-self-center\">Mit dem Fahrrad<\/p>\r\n                                    <p class=\"p-text-sm p-self-center p-px-4 p-mb-0\">4,8 \u2605<\/p>\r\n                                <\/div>\r\n                                <h3 class=\"p-font-['Inter'] p-normal-case p-text-base lg:p-text-xl p-font-bold p-my-5\"> <a href=\"\/experiencias\/camino-primitivo-desde-oviedo-bici\/\" id=\"camino-primitivo-desde-oviedo-bici\" target=\"_blank\" class=\"after:p-absolute after:p-inset-0 p-text-white hover:p-text-light\">Der primitive Weg mit dem Fahrrad von Oviedo aus<\/a><\/h3>\r\n                                <div class=\"p-flex p-flex-wrap\">\r\n                                    <div class=\"p-col-auto p-flex p-self-center p-pr-0\">\r\n                                        <i class=\"icon-signal\"><\/i>\r\n                                    <\/div>\r\n                                    <div class=\"p-col-auto p-flex p-self-auto p-ml-2\">\r\n                                        <p class=\"p-m-0 p-text-sm p-font-bold\">313 Km<\/p>\r\n                                    <\/div>\r\n                                <\/div>\r\n                                <div class=\"p-flex p-flex-wrap p-my-1\">\r\n                                    <div class=\"p-col-auto p-flex p-self-center p-pr-0\">\r\n                                        <i class=\"icon-calendar\"><\/i>\r\n                                    <\/div>\r\n                                    <div class=\"p-col-auto p-flex p-self-auto p-ml-2\">\r\n                                        <p class=\"p-m-0 p-text-sm p-font-bold\">7 etappen<\/p>\r\n                                    <\/div>\r\n                                <\/div>\r\n                                <div class=\"p-flex p-flex-wrap\">\r\n                                    <div class=\"p-col-auto p-flex p-self-center p-pr-0\">\r\n                                        <i class=\"icon-nights\"><\/i>\r\n                                    <\/div>\r\n                                    <div class=\"p-col-auto p-flex p-align-self-auto p-ml-2\">\r\n                                        <p class=\"p-m-0 p-text-sm p-font-bold\">8 n\u00e4chte<\/p>\r\n                                    <\/div>\r\n                                <\/div>\r\n                                <div class=\"p-w-full p-absolute p-bottom-0 p-pb-3 p-pointer-events-none\">\r\n                                    <div class=\"p-flex p-justify-between\">\r\n                                        <div>\r\n                                            <p class=\"p-text-xs p-uppercase p-font-semibold p-my-1\">Ab<\/p>\r\n                                            <p class=\"p-text-2xl p-font-semibold p-mt-[-12px]\">325\u20ac<\/p>\r\n                                        <\/div>\r\n                                        <div class=\"p-text-white p-w-auto p-h-auto p-p-2 p-self-center p-rounded-full p-bg-dark-opacity\">\r\n                                            <img decoding=\"async\" src=\"\/wp-content\/uploads\/2024\/07\/flecha-r.svg\" alt=\"icono flecha derecha\" class=\"p-text-center p-self-center\">\r\n                                        <\/div>\r\n                                    <\/div>\r\n                                <\/div>\r\n                            <\/div>\r\n                        <\/div>\r\n                    <\/div>\r\n                                                                <div  class=\"card-item card-item--min\" data-category=\"primitivo\" data-mode=\"a-pie\">\r\n                        <div class=\"p-rounded-lg p-h-80 p-relative p-p-5 p-text-white p-max-w-[250px] lg:p-max-w-full experience-card-item\">\r\n                            <div class=\"experience-card-bg\" style=\"background-image: url('\/wp-content\/uploads\/2024\/07\/experiencia-primitivo-desde-lugo.jpg');\"><\/div>\r\n                            <div class=\"experience-card-content p-h-72 card-item-container p-max-w-[250px] lg:p-max-w-full\">\r\n                                <div class=\"p-flex p-flex-wrap\">\r\n                                    <p class=\"p-col-auto p-m-0 p-px-2 p-border p-border-white p-rounded-lg p-text-sm p-self-center\">Zu Fu\u00df<\/p>\r\n                                    <p class=\"p-text-sm p-self-center p-px-4 p-mb-0\">4,7 \u2605<\/p>\r\n                                <\/div>\r\n                                <h3 class=\"p-font-['Inter'] p-normal-case p-text-base lg:p-text-xl p-font-bold p-my-5\"> <a href=\"\/experiencias\/el-camino-primitivo-desde-lugo\/\" id=\"el-camino-primitivo-desde-lugo\" target=\"_blank\" class=\"after:p-absolute after:p-inset-0 p-text-white hover:p-text-light\">Primitiver Weg von Lugo<\/a><\/h3>\r\n                                <div class=\"p-flex p-flex-wrap\">\r\n                                    <div class=\"p-col-auto p-flex p-self-center p-pr-0\">\r\n                                        <i class=\"icon-signal\"><\/i>\r\n                                    <\/div>\r\n                                    <div class=\"p-col-auto p-flex p-self-auto p-ml-2\">\r\n                                        <p class=\"p-m-0 p-text-sm p-font-bold\">102 Km<\/p>\r\n                                    <\/div>\r\n                                <\/div>\r\n                                <div class=\"p-flex p-flex-wrap p-my-1\">\r\n                                    <div class=\"p-col-auto p-flex p-self-center p-pr-0\">\r\n                                        <i class=\"icon-calendar\"><\/i>\r\n                                    <\/div>\r\n                                    <div class=\"p-col-auto p-flex p-self-auto p-ml-2\">\r\n                                        <p class=\"p-m-0 p-text-sm p-font-bold\">5 etappen<\/p>\r\n                                    <\/div>\r\n                                <\/div>\r\n                                <div class=\"p-flex p-flex-wrap\">\r\n                                    <div class=\"p-col-auto p-flex p-self-center p-pr-0\">\r\n                                        <i class=\"icon-nights\"><\/i>\r\n                                    <\/div>\r\n                                    <div class=\"p-col-auto p-flex p-align-self-auto p-ml-2\">\r\n                                        <p class=\"p-m-0 p-text-sm p-font-bold\">6 n\u00e4chte<\/p>\r\n                                    <\/div>\r\n                                <\/div>\r\n                                <div class=\"p-w-full p-absolute p-bottom-0 p-pb-3 p-pointer-events-none\">\r\n                                    <div class=\"p-flex p-justify-between\">\r\n                                        <div>\r\n                                            <p class=\"p-text-xs p-uppercase p-font-semibold p-my-1\">Ab<\/p>\r\n                                            <p class=\"p-text-2xl p-font-semibold p-mt-[-12px]\">450\u20ac<\/p>\r\n                                        <\/div>\r\n                                        <div class=\"p-text-white p-w-auto p-h-auto p-p-2 p-self-center p-rounded-full p-bg-dark-opacity\">\r\n                                            <img decoding=\"async\" src=\"\/wp-content\/uploads\/2024\/07\/flecha-r.svg\" alt=\"icono flecha derecha\" class=\"p-text-center p-self-center\">\r\n                                        <\/div>\r\n                                    <\/div>\r\n                                <\/div>\r\n                            <\/div>\r\n                        <\/div>\r\n                    <\/div>\r\n                                                                <div  class=\"card-item card-item--min\" data-category=\"frances\" data-mode=\"a-pie\">\r\n                        <div class=\"p-rounded-lg p-h-80 p-relative p-p-5 p-text-white p-max-w-[250px] lg:p-max-w-full experience-card-item\">\r\n                            <div class=\"experience-card-bg\" style=\"background-image: url('\/wp-content\/uploads\/2024\/07\/experiencia-frances-desde-sarria.jpg');\"><\/div>\r\n                            <div class=\"experience-card-content p-h-72 card-item-container p-max-w-[250px] lg:p-max-w-full\">\r\n                                <div class=\"p-flex p-flex-wrap\">\r\n                                    <p class=\"p-col-auto p-m-0 p-px-2 p-border p-border-white p-rounded-lg p-text-sm p-self-center\">Zu Fu\u00df<\/p>\r\n                                    <p class=\"p-text-sm p-self-center p-px-4 p-mb-0\">4,9 \u2605<\/p>\r\n                                <\/div>\r\n                                <h3 class=\"p-font-['Inter'] p-normal-case p-text-base lg:p-text-xl p-font-bold p-my-5\"> <a href=\"\/experiencias\/camino-frances-desde-sarria\/\" id=\"camino-frances-desde-sarria\" target=\"_blank\" class=\"after:p-absolute after:p-inset-0 p-text-white hover:p-text-light\">Franz\u00f6sischer Weg von Sarria<\/a><\/h3>\r\n                                <div class=\"p-flex p-flex-wrap\">\r\n                                    <div class=\"p-col-auto p-flex p-self-center p-pr-0\">\r\n                                        <i class=\"icon-signal\"><\/i>\r\n                                    <\/div>\r\n                                    <div class=\"p-col-auto p-flex p-self-auto p-ml-2\">\r\n                                        <p class=\"p-m-0 p-text-sm p-font-bold\">111 Km<\/p>\r\n                                    <\/div>\r\n                                <\/div>\r\n                                <div class=\"p-flex p-flex-wrap p-my-1\">\r\n                                    <div class=\"p-col-auto p-flex p-self-center p-pr-0\">\r\n                                        <i class=\"icon-calendar\"><\/i>\r\n                                    <\/div>\r\n                                    <div class=\"p-col-auto p-flex p-self-auto p-ml-2\">\r\n                                        <p class=\"p-m-0 p-text-sm p-font-bold\">5 etappen<\/p>\r\n                                    <\/div>\r\n                                <\/div>\r\n                                <div class=\"p-flex p-flex-wrap\">\r\n                                    <div class=\"p-col-auto p-flex p-self-center p-pr-0\">\r\n                                        <i class=\"icon-nights\"><\/i>\r\n                                    <\/div>\r\n                                    <div class=\"p-col-auto p-flex p-align-self-auto p-ml-2\">\r\n                                        <p class=\"p-m-0 p-text-sm p-font-bold\">6 n\u00e4chte<\/p>\r\n                                    <\/div>\r\n                                <\/div>\r\n                                <div class=\"p-w-full p-absolute p-bottom-0 p-pb-3 p-pointer-events-none\">\r\n                                    <div class=\"p-flex p-justify-between\">\r\n                                        <div>\r\n                                            <p class=\"p-text-xs p-uppercase p-font-semibold p-my-1\">Ab<\/p>\r\n                                            <p class=\"p-text-2xl p-font-semibold p-mt-[-12px]\">450\u20ac<\/p>\r\n                                        <\/div>\r\n                                        <div class=\"p-text-white p-w-auto p-h-auto p-p-2 p-self-center p-rounded-full p-bg-dark-opacity\">\r\n                                            <img decoding=\"async\" src=\"\/wp-content\/uploads\/2024\/07\/flecha-r.svg\" alt=\"icono flecha derecha\" class=\"p-text-center p-self-center\">\r\n                                        <\/div>\r\n                                    <\/div>\r\n                                <\/div>\r\n                            <\/div>\r\n                        <\/div>\r\n                    <\/div>\r\n                                                                <div  class=\"card-item card-item--min\" data-category=\"frances\" data-mode=\"a-pie\">\r\n                        <div class=\"p-rounded-lg p-h-80 p-relative p-p-5 p-text-white p-max-w-[250px] lg:p-max-w-full experience-card-item\">\r\n                            <div class=\"experience-card-bg\" style=\"background-image: url('\/wp-content\/uploads\/2024\/07\/experiencia-santiago-con-perro.jpg');\"><\/div>\r\n                            <div class=\"experience-card-content p-h-72 card-item-container p-max-w-[250px] lg:p-max-w-full\">\r\n                                <div class=\"p-flex p-flex-wrap\">\r\n                                    <p class=\"p-col-auto p-m-0 p-px-2 p-border p-border-white p-rounded-lg p-text-sm p-self-center\">Zu Fu\u00df<\/p>\r\n                                    <p class=\"p-text-sm p-self-center p-px-4 p-mb-0\">4,8 \u2605<\/p>\r\n                                <\/div>\r\n                                <h3 class=\"p-font-['Inter'] p-normal-case p-text-base lg:p-text-xl p-font-bold p-my-5\"> <a href=\"\/experiencias\/camino-frances-perro\/\" id=\"camino-frances-perro\" target=\"_blank\" class=\"after:p-absolute after:p-inset-0 p-text-white hover:p-text-light\">Franz\u00f6sische Art mit Hund<\/a><\/h3>\r\n                                <div class=\"p-flex p-flex-wrap\">\r\n                                    <div class=\"p-col-auto p-flex p-self-center p-pr-0\">\r\n                                        <i class=\"icon-signal\"><\/i>\r\n                                    <\/div>\r\n                                    <div class=\"p-col-auto p-flex p-self-auto p-ml-2\">\r\n                                        <p class=\"p-m-0 p-text-sm p-font-bold\">111 Km<\/p>\r\n                                    <\/div>\r\n                                <\/div>\r\n                                <div class=\"p-flex p-flex-wrap p-my-1\">\r\n                                    <div class=\"p-col-auto p-flex p-self-center p-pr-0\">\r\n                                        <i class=\"icon-calendar\"><\/i>\r\n                                    <\/div>\r\n                                    <div class=\"p-col-auto p-flex p-self-auto p-ml-2\">\r\n                                        <p class=\"p-m-0 p-text-sm p-font-bold\">5 etappen<\/p>\r\n                                    <\/div>\r\n                                <\/div>\r\n                                <div class=\"p-flex p-flex-wrap\">\r\n                                    <div class=\"p-col-auto p-flex p-self-center p-pr-0\">\r\n                                        <i class=\"icon-nights\"><\/i>\r\n                                    <\/div>\r\n                                    <div class=\"p-col-auto p-flex p-align-self-auto p-ml-2\">\r\n                                        <p class=\"p-m-0 p-text-sm p-font-bold\">6 n\u00e4chte<\/p>\r\n                                    <\/div>\r\n                                <\/div>\r\n                                <div class=\"p-w-full p-absolute p-bottom-0 p-pb-3 p-pointer-events-none\">\r\n                                    <div class=\"p-flex p-justify-between\">\r\n                                        <div>\r\n                                            <p class=\"p-text-xs p-uppercase p-font-semibold p-my-1\">Ab<\/p>\r\n                                            <p class=\"p-text-2xl p-font-semibold p-mt-[-12px]\">495\u20ac<\/p>\r\n                                        <\/div>\r\n                                        <div class=\"p-text-white p-w-auto p-h-auto p-p-2 p-self-center p-rounded-full p-bg-dark-opacity\">\r\n                                            <img decoding=\"async\" src=\"\/wp-content\/uploads\/2024\/07\/flecha-r.svg\" alt=\"icono flecha derecha\" class=\"p-text-center p-self-center\">\r\n                                        <\/div>\r\n                                    <\/div>\r\n                                <\/div>\r\n                            <\/div>\r\n                        <\/div>\r\n                    <\/div>\r\n                                                                <div  class=\"card-item card-item--min\" data-category=\"portugues\" data-mode=\"a-pie\">\r\n                        <div class=\"p-rounded-lg p-h-80 p-relative p-p-5 p-text-white p-max-w-[250px] lg:p-max-w-full experience-card-item\">\r\n                            <div class=\"experience-card-bg\" style=\"background-image: url('\/wp-content\/uploads\/2024\/07\/experiencia-portugues-desde-tui.jpg');\"><\/div>\r\n                            <div class=\"experience-card-content p-h-72 card-item-container p-max-w-[250px] lg:p-max-w-full\">\r\n                                <div class=\"p-flex p-flex-wrap\">\r\n                                    <p class=\"p-col-auto p-m-0 p-px-2 p-border p-border-white p-rounded-lg p-text-sm p-self-center\">Zu Fu\u00df<\/p>\r\n                                    <p class=\"p-text-sm p-self-center p-px-4 p-mb-0\">4,9 \u2605<\/p>\r\n                                <\/div>\r\n                                <h3 class=\"p-font-['Inter'] p-normal-case p-text-base lg:p-text-xl p-font-bold p-my-5\"> <a href=\"\/experiencias\/camino-portugues-desde-tui\/\" id=\"camino-portugues-desde-tui\" target=\"_blank\" class=\"after:p-absolute after:p-inset-0 p-text-white hover:p-text-light\">Portugiesischer Weg von Tui<\/a><\/h3>\r\n                                <div class=\"p-flex p-flex-wrap\">\r\n                                    <div class=\"p-col-auto p-flex p-self-center p-pr-0\">\r\n                                        <i class=\"icon-signal\"><\/i>\r\n                                    <\/div>\r\n                                    <div class=\"p-col-auto p-flex p-self-auto p-ml-2\">\r\n                                        <p class=\"p-m-0 p-text-sm p-font-bold\">115 Km<\/p>\r\n                                    <\/div>\r\n                                <\/div>\r\n                                <div class=\"p-flex p-flex-wrap p-my-1\">\r\n                                    <div class=\"p-col-auto p-flex p-self-center p-pr-0\">\r\n                                        <i class=\"icon-calendar\"><\/i>\r\n                                    <\/div>\r\n                                    <div class=\"p-col-auto p-flex p-self-auto p-ml-2\">\r\n                                        <p class=\"p-m-0 p-text-sm p-font-bold\">5 etappen<\/p>\r\n                                    <\/div>\r\n                                <\/div>\r\n                                <div class=\"p-flex p-flex-wrap\">\r\n                                    <div class=\"p-col-auto p-flex p-self-center p-pr-0\">\r\n                                        <i class=\"icon-nights\"><\/i>\r\n                                    <\/div>\r\n                                    <div class=\"p-col-auto p-flex p-align-self-auto p-ml-2\">\r\n                                        <p class=\"p-m-0 p-text-sm p-font-bold\">6 n\u00e4chte<\/p>\r\n                                    <\/div>\r\n                                <\/div>\r\n                                <div class=\"p-w-full p-absolute p-bottom-0 p-pb-3 p-pointer-events-none\">\r\n                                    <div class=\"p-flex p-justify-between\">\r\n                                        <div>\r\n                                            <p class=\"p-text-xs p-uppercase p-font-semibold p-my-1\">Ab<\/p>\r\n                                            <p class=\"p-text-2xl p-font-semibold p-mt-[-12px]\">450\u20ac<\/p>\r\n                                        <\/div>\r\n                                        <div class=\"p-text-white p-w-auto p-h-auto p-p-2 p-self-center p-rounded-full p-bg-dark-opacity\">\r\n                                            <img decoding=\"async\" src=\"\/wp-content\/uploads\/2024\/07\/flecha-r.svg\" alt=\"icono flecha derecha\" class=\"p-text-center p-self-center\">\r\n                                        <\/div>\r\n                                    <\/div>\r\n                                <\/div>\r\n                            <\/div>\r\n                        <\/div>\r\n                    <\/div>\r\n                                                                <div  class=\"card-item card-item--min\" data-category=\"ingles\" data-mode=\"a-pie\">\r\n                        <div class=\"p-rounded-lg p-h-80 p-relative p-p-5 p-text-white p-max-w-[250px] lg:p-max-w-full experience-card-item\">\r\n                            <div class=\"experience-card-bg\" style=\"background-image: url('\/wp-content\/uploads\/2024\/07\/experiencia-ingles-desde-ferrol.jpg');\"><\/div>\r\n                            <div class=\"experience-card-content p-h-72 card-item-container p-max-w-[250px] lg:p-max-w-full\">\r\n                                <div class=\"p-flex p-flex-wrap\">\r\n                                    <p class=\"p-col-auto p-m-0 p-px-2 p-border p-border-white p-rounded-lg p-text-sm p-self-center\">Zu Fu\u00df<\/p>\r\n                                    <p class=\"p-text-sm p-self-center p-px-4 p-mb-0\">4,7 \u2605<\/p>\r\n                                <\/div>\r\n                                <h3 class=\"p-font-['Inter'] p-normal-case p-text-base lg:p-text-xl p-font-bold p-my-5\"> <a href=\"\/experiencias\/camino-ingles-desde-ferrol\/\" id=\"camino-ingles-desde-ferrol\" target=\"_blank\" class=\"after:p-absolute after:p-inset-0 p-text-white hover:p-text-light\">Englischer Weg von Ferrol<\/a><\/h3>\r\n                                <div class=\"p-flex p-flex-wrap\">\r\n                                    <div class=\"p-col-auto p-flex p-self-center p-pr-0\">\r\n                                        <i class=\"icon-signal\"><\/i>\r\n                                    <\/div>\r\n                                    <div class=\"p-col-auto p-flex p-self-auto p-ml-2\">\r\n                                        <p class=\"p-m-0 p-text-sm p-font-bold\">116 Km<\/p>\r\n                                    <\/div>\r\n                                <\/div>\r\n                                <div class=\"p-flex p-flex-wrap p-my-1\">\r\n                                    <div class=\"p-col-auto p-flex p-self-center p-pr-0\">\r\n                                        <i class=\"icon-calendar\"><\/i>\r\n                                    <\/div>\r\n                                    <div class=\"p-col-auto p-flex p-self-auto p-ml-2\">\r\n                                        <p class=\"p-m-0 p-text-sm p-font-bold\">5 etappen<\/p>\r\n                                    <\/div>\r\n                                <\/div>\r\n                                <div class=\"p-flex p-flex-wrap\">\r\n                                    <div class=\"p-col-auto p-flex p-self-center p-pr-0\">\r\n                                        <i class=\"icon-nights\"><\/i>\r\n                                    <\/div>\r\n                                    <div class=\"p-col-auto p-flex p-align-self-auto p-ml-2\">\r\n                                        <p class=\"p-m-0 p-text-sm p-font-bold\">6 n\u00e4chte<\/p>\r\n                                    <\/div>\r\n                                <\/div>\r\n                                <div class=\"p-w-full p-absolute p-bottom-0 p-pb-3 p-pointer-events-none\">\r\n                                    <div class=\"p-flex p-justify-between\">\r\n                                        <div>\r\n                                            <p class=\"p-text-xs p-uppercase p-font-semibold p-my-1\">Ab<\/p>\r\n                                            <p class=\"p-text-2xl p-font-semibold p-mt-[-12px]\">450\u20ac<\/p>\r\n                                        <\/div>\r\n                                        <div class=\"p-text-white p-w-auto p-h-auto p-p-2 p-self-center p-rounded-full p-bg-dark-opacity\">\r\n                                            <img decoding=\"async\" src=\"\/wp-content\/uploads\/2024\/07\/flecha-r.svg\" alt=\"icono flecha derecha\" class=\"p-text-center p-self-center\">\r\n                                        <\/div>\r\n                                    <\/div>\r\n                                <\/div>\r\n                            <\/div>\r\n                        <\/div>\r\n                    <\/div>\r\n                                                                <div  class=\"card-item card-item--min\" data-category=\"fisterra\" data-mode=\"a-pie\">\r\n                        <div class=\"p-rounded-lg p-h-80 p-relative p-p-5 p-text-white p-max-w-[250px] lg:p-max-w-full experience-card-item\">\r\n                            <div class=\"experience-card-bg\" style=\"background-image: url('\/wp-content\/uploads\/2024\/07\/experiencia-santiago-a-fisterra.jpg');\"><\/div>\r\n                            <div class=\"experience-card-content p-h-72 card-item-container p-max-w-[250px] lg:p-max-w-full\">\r\n                                <div class=\"p-flex p-flex-wrap\">\r\n                                    <p class=\"p-col-auto p-m-0 p-px-2 p-border p-border-white p-rounded-lg p-text-sm p-self-center\">Zu Fu\u00df<\/p>\r\n                                    <p class=\"p-text-sm p-self-center p-px-4 p-mb-0\">4,8 \u2605<\/p>\r\n                                <\/div>\r\n                                <h3 class=\"p-font-['Inter'] p-normal-case p-text-base lg:p-text-xl p-font-bold p-my-5\"> <a href=\"\/experiencias\/camino-santiago-fisterra-caminando\/\" id=\"camino-santiago-fisterra-caminando\" target=\"_blank\" class=\"after:p-absolute after:p-inset-0 p-text-white hover:p-text-light\">Jakobsweg nach Fisterra<\/a><\/h3>\r\n                                <div class=\"p-flex p-flex-wrap\">\r\n                                    <div class=\"p-col-auto p-flex p-self-center p-pr-0\">\r\n                                        <i class=\"icon-signal\"><\/i>\r\n                                    <\/div>\r\n                                    <div class=\"p-col-auto p-flex p-self-auto p-ml-2\">\r\n                                        <p class=\"p-m-0 p-text-sm p-font-bold\">85 Km<\/p>\r\n                                    <\/div>\r\n                                <\/div>\r\n                                <div class=\"p-flex p-flex-wrap p-my-1\">\r\n                                    <div class=\"p-col-auto p-flex p-self-center p-pr-0\">\r\n                                        <i class=\"icon-calendar\"><\/i>\r\n                                    <\/div>\r\n                                    <div class=\"p-col-auto p-flex p-self-auto p-ml-2\">\r\n                                        <p class=\"p-m-0 p-text-sm p-font-bold\">3 etappen<\/p>\r\n                                    <\/div>\r\n                                <\/div>\r\n                                <div class=\"p-flex p-flex-wrap\">\r\n                                    <div class=\"p-col-auto p-flex p-self-center p-pr-0\">\r\n                                        <i class=\"icon-nights\"><\/i>\r\n                                    <\/div>\r\n                                    <div class=\"p-col-auto p-flex p-align-self-auto p-ml-2\">\r\n                                        <p class=\"p-m-0 p-text-sm p-font-bold\">4 n\u00e4chte<\/p>\r\n                                    <\/div>\r\n                                <\/div>\r\n                                <div class=\"p-w-full p-absolute p-bottom-0 p-pb-3 p-pointer-events-none\">\r\n                                    <div class=\"p-flex p-justify-between\">\r\n                                        <div>\r\n                                            <p class=\"p-text-xs p-uppercase p-font-semibold p-my-1\">Ab<\/p>\r\n                                            <p class=\"p-text-2xl p-font-semibold p-mt-[-12px]\">315\u20ac<\/p>\r\n                                        <\/div>\r\n                                        <div class=\"p-text-white p-w-auto p-h-auto p-p-2 p-self-center p-rounded-full p-bg-dark-opacity\">\r\n                                            <img decoding=\"async\" src=\"\/wp-content\/uploads\/2024\/07\/flecha-r.svg\" alt=\"icono flecha derecha\" class=\"p-text-center p-self-center\">\r\n                                        <\/div>\r\n                                    <\/div>\r\n                                <\/div>\r\n                            <\/div>\r\n                        <\/div>\r\n                    <\/div>\r\n                                                                <div  class=\"card-item card-item--min\" data-category=\"portugues\" data-mode=\"a-pie\">\r\n                        <div class=\"p-rounded-lg p-h-80 p-relative p-p-5 p-text-white p-max-w-[250px] lg:p-max-w-full experience-card-item\">\r\n                            <div class=\"experience-card-bg\" style=\"background-image: url('\/wp-content\/uploads\/2024\/07\/experiencia-en-bici-desde-oporto.jpg');\"><\/div>\r\n                            <div class=\"experience-card-content p-h-72 card-item-container p-max-w-[250px] lg:p-max-w-full\">\r\n                                <div class=\"p-flex p-flex-wrap\">\r\n                                    <p class=\"p-col-auto p-m-0 p-px-2 p-border p-border-white p-rounded-lg p-text-sm p-self-center\">Mit dem Fahrrad<\/p>\r\n                                    <p class=\"p-text-sm p-self-center p-px-4 p-mb-0\">4,8 \u2605<\/p>\r\n                                <\/div>\r\n                                <h3 class=\"p-font-['Inter'] p-normal-case p-text-base lg:p-text-xl p-font-bold p-my-5\"> <a href=\"\/experiencias\/camino-portugues-en-bicicleta-desde-oporto\/\" id=\"camino-portugues-en-bicicleta-desde-oporto\" target=\"_blank\" class=\"after:p-absolute after:p-inset-0 p-text-white hover:p-text-light\">Der portugiesische Weg mit dem Fahrrad Oporto<\/a><\/h3>\r\n                                <div class=\"p-flex p-flex-wrap\">\r\n                                    <div class=\"p-col-auto p-flex p-self-center p-pr-0\">\r\n                                        <i class=\"icon-signal\"><\/i>\r\n                                    <\/div>\r\n                                    <div class=\"p-col-auto p-flex p-self-auto p-ml-2\">\r\n                                        <p class=\"p-m-0 p-text-sm p-font-bold\">242 Km<\/p>\r\n                                    <\/div>\r\n                                <\/div>\r\n                                <div class=\"p-flex p-flex-wrap p-my-1\">\r\n                                    <div class=\"p-col-auto p-flex p-self-center p-pr-0\">\r\n                                        <i class=\"icon-calendar\"><\/i>\r\n                                    <\/div>\r\n                                    <div class=\"p-col-auto p-flex p-self-auto p-ml-2\">\r\n                                        <p class=\"p-m-0 p-text-sm p-font-bold\">5 etappen<\/p>\r\n                                    <\/div>\r\n                                <\/div>\r\n                                <div class=\"p-flex p-flex-wrap\">\r\n                                    <div class=\"p-col-auto p-flex p-self-center p-pr-0\">\r\n                                        <i class=\"icon-nights\"><\/i>\r\n                                    <\/div>\r\n                                    <div class=\"p-col-auto p-flex p-align-self-auto p-ml-2\">\r\n                                        <p class=\"p-m-0 p-text-sm p-font-bold\">6 n\u00e4chte<\/p>\r\n                                    <\/div>\r\n                                <\/div>\r\n                                <div class=\"p-w-full p-absolute p-bottom-0 p-pb-3 p-pointer-events-none\">\r\n                                    <div class=\"p-flex p-justify-between\">\r\n                                        <div>\r\n                                            <p class=\"p-text-xs p-uppercase p-font-semibold p-my-1\">Ab<\/p>\r\n                                            <p class=\"p-text-2xl p-font-semibold p-mt-[-12px]\">490\u20ac<\/p>\r\n                                        <\/div>\r\n                                        <div class=\"p-text-white p-w-auto p-h-auto p-p-2 p-self-center p-rounded-full p-bg-dark-opacity\">\r\n                                            <img decoding=\"async\" src=\"\/wp-content\/uploads\/2024\/07\/flecha-r.svg\" alt=\"icono flecha derecha\" class=\"p-text-center p-self-center\">\r\n                                        <\/div>\r\n                                    <\/div>\r\n                                <\/div>\r\n                            <\/div>\r\n                        <\/div>\r\n                    <\/div>\r\n                                        <div class=\"p-group card-item card-item--min p-p-5 p-relative p-rounded-lg p-bg-brown-light p-max-w-[250px] lg:p-max-w-full\">\r\n              <div class=\"p-h-full p-w-full p-flex p-justify-center p-z-10 p-rounded-lg\">\r\n                <div class=\"p-self-center p-flex p-flex-col p-justify-center p-text-center p-content-center\">\r\n                  <div class=\"p-border p-border-2 p-border-primary p-h-10 p-w-10 lg:p-h-16 lg:p-w-16 p-rounded-full p-mb-5 p-self-center\">\r\n                    <p class=\"p-self-center p-text-2xl lg:p-text-4xl p-text-primary\">+<\/p>\r\n                  <\/div>\r\n                  <p class=\"p-text-base lg:p-text-xl p-text-gray p-font-bold\">Siehe alle <br> unsere Erfahrungen<\/p>\r\n                  <button class=\"p-bg-primary p-my-5 p-rounded-lg p-px-5 p-py-2 hover:p-bg-primary-dark\">\r\n                    <a href=\"https:\/\/www.pilgrim.es\/de\/erlebnisse\/\"  class=\"after:p-absolute after:p-inset-0 p-text-white p-h-10 hover:p-text-white p-text-base lg:p-text-xl\">Mehr Routen<\/a>\r\n                  <\/button>\r\n                <\/div>\r\n              <\/div>\r\n            <\/div>\r\n        <\/ul>\r\n        <div class=\"slider-scrollbar\">\r\n            <div class=\"scrollbar-track\">\r\n                <div class=\"scrollbar-thumb\"><\/div>\r\n            <\/div>\r\n        <\/div>\r\n        <div id=\"indicators\" class=\"slider-indicators\"><\/div>\r\n    <\/div>\r\n  <\/div>\r\n<\/section>\r\n<script>\/\/ Aqu\u00ed va el c\u00f3digo JavaScript que maneja el slider\r\nconst initSlider = () => {\r\n  const imageList = document.querySelector(\".slider-wrapper .card-list\");\r\n  const slideButtons = document.querySelectorAll(\r\n    \".slider-wrapper .slide-button\"\r\n  );\r\n  const sliderScrollbar = document.querySelector(\r\n    \".container-slider .slider-scrollbar\"\r\n  );\r\n  const indicators = document.querySelectorAll(\".slider-indicators .indicator\");\r\n\r\n  if (sliderScrollbar && imageList && slideButtons) {\r\n    const scrollbarThumb =\r\n      sliderScrollbar.getElementsByClassName(\"scrollbar-thumb\");\r\n    const maxScrollLeft = imageList.scrollWidth - imageList.clientWidth;\r\n\r\n    \/\/ manejar scroll\r\n    scrollbarThumb.addEventListener(\"mousedown\", (e) => {\r\n      const startX = e.clientX;\r\n      const thumbPosition = scrollbarThumb.offsetLeft;\r\n      const maxThumbPosition =\r\n        sliderScrollbar.getBoundingClientRect().width -\r\n        scrollbarThumb.offsetWidth;\r\n\r\n      \/\/ actualizar posici\u00f3n con movimiento de rat\u00f3n\r\n      const handleMouseMove = (e) => {\r\n        const deltaX = e.clientX - startX;\r\n        const newThumbPosition = thumbPosition + deltaX;\r\n\r\n        \/\/ para que la scrollbar no se salga\r\n        const boundedPosition = Math.max(\r\n          0,\r\n          Math.min(maxThumbPosition, newThumbPosition)\r\n        );\r\n        const scrollPosition =\r\n          (boundedPosition \/ maxThumbPosition) * maxScrollLeft;\r\n\r\n        scrollbarThumb.style.left = `${boundedPosition}px`;\r\n        imageList.scrollLeft = scrollPosition;\r\n      };\r\n\r\n      \/\/ quitar escuchadores en mouse up\r\n      const handleMouseUp = () => {\r\n        document.removeEventListener(\"mousemove\", handleMouseMove);\r\n        document.removeEventListener(\"mouseup\", handleMouseUp);\r\n      };\r\n\r\n      \/\/ a\u00f1adir escuchadores para arrastre\r\n      document.addEventListener(\"mousemove\", handleMouseMove);\r\n      document.addEventListener(\"mouseup\", handleMouseUp);\r\n    });\r\n\r\n    \/\/ mover im\u00e1genes seg\u00fan los clicks al bot\u00f3n del slide\r\n    slideButtons.forEach((button) => {\r\n      button.addEventListener(\"click\", () => {\r\n        const direction = button.id === \"prev-slide\" ? -1 : 1;\r\n        const scrollAmount = imageList.clientWidth * direction;\r\n        imageList.scrollBy({ left: scrollAmount, behavior: \"smooth\" });\r\n        updateIndicators();\r\n      });\r\n    });\r\n\r\n    \/\/ mostrar o no los botones del slide seg\u00fan posici\u00f3n\r\n    const handleSlideButtons = () => {\r\n      slideButtons[0].style.display =\r\n        imageList.scrollLeft <= 0 ? \"none\" : \"flex\";\r\n      slideButtons[1].style.display =\r\n        imageList.scrollLeft >= maxScrollLeft ? \"none\" : \"flex\";\r\n    };\r\n\r\n    \/\/ actualizar posici\u00f3n de la scrollbar seg\u00fan posici\u00f3n\r\n    const updateScrollThumbPosition = () => {\r\n      const scrollPosition = imageList.scrollLeft;\r\n      const thumbPosition =\r\n        (scrollPosition \/ maxScrollLeft) *\r\n        (sliderScrollbar.clientWidth - scrollbarThumb.offsetWidth);\r\n      scrollbarThumb.style.left = `${thumbPosition}px`;\r\n    };\r\n\r\n    \/\/ actualizar indicadores seg\u00fan posici\u00f3n\r\n    const updateIndicators = () => {\r\n      const currentSlide = Math.round(\r\n        imageList.scrollLeft \/ imageList.clientWidth\r\n      );\r\n      indicators.forEach((indicator, index) => {\r\n        indicator.classList.toggle(\"active\", index === currentSlide);\r\n      });\r\n    };\r\n\r\n    \/\/ llamar funciones al hacer scroll en la lista\r\n    imageList.addEventListener(\"scroll\", () => {\r\n      updateScrollThumbPosition();\r\n      handleSlideButtons();\r\n      updateIndicators();\r\n    });\r\n\r\n    \/\/ a\u00f1adir eventos de click en los indicadores\r\n    indicators.forEach((indicator, index) => {\r\n      indicator.addEventListener(\"click\", () => {\r\n        const scrollPosition = index * imageList.clientWidth;\r\n        imageList.scrollTo({ left: scrollPosition, behavior: \"smooth\" });\r\n      });\r\n    });\r\n\r\n    \/\/ configuraci\u00f3n inicial\r\n    updateScrollThumbPosition();\r\n    handleSlideButtons();\r\n    updateIndicators();\r\n  }\r\n};\r\n\r\nwindow.addEventListener(\"resize\", initSlider);\r\nwindow.addEventListener(\"load\", initSlider);\r\n<\/script>\n      <\/div>\n    <\/div>\n  <\/section>\n  <section id=\"stagesFoot\">\n    <div class=\"subtitle\">\n      <h4 class=\"p-h4--section\">14 etappen \/ 310 <span class=\"p-normal-case\">Kms<\/span><\/h4>\n      <hr \/>\n      <h2>Etappen des Primitiven Weges zu Fu\u00df<\/h2>\n    <\/div>\n    <div id=\"stagesContainer\" class=\"container-stages scrollbar-thin\">\n      <div class=\"p-group card-stage\">\n        <a href=\"https:\/\/www.pilgrim.es\/de\/primitiver-weg\/etappe-1-oviedo-gradosan-juan-de-villapanada\/\" class=\"hover:p-text-gray-dark\">\n          <div class=\"card-stage__header\">\n            <img decoding=\"async\" src=\"https:\/\/cdn.pilgrim.es\/web\/caminos\/camino-primitivo\/pueblos\/oviedo.jpg\" alt=\"Oviedo\" class=\"group-hover:p-scale-110\" \/>\n            <div class=\"card-overlay group-hover:p-opacity-50\"><\/div>\n            <div class=\"number-stage\">\n              <span>1<\/span>\n            <\/div>\n          <\/div>\n\n          <div class=\"card-stage__body\">\n            <div class=\"title-stage\">\n              <h3 class=\"title-stage__start\">Oviedo<\/h3>\n              <h3><span>&#10095;<\/span> Grado<\/h3>\n              <div class=\"title-stage__tips\">\n                <h3>Etappe 1 :<\/h3>\n                <div><i class=\"icon-location\"><\/i> 25,2Km<\/div>\n                <div><i class=\"icon-clock\"><\/i> 5,5Std.<\/div>\n                <div><i class=\"icon-difficulty\"><\/i> 3\/5<\/div>\n              <\/div>\n            <\/div>\n            <button class=\"btn-arrow\">\n              <i class=\"icon-arrow\"><\/i>\n            <\/button>\n          <\/div>\n        <\/a>\n      <\/div>\n      <div class=\"p-group card-stage\">\n        <a href=\"https:\/\/www.pilgrim.es\/de\/primitiver-weg\/etappe-2-gradosan-juan-de-villapanada-salas\/\" class=\"hover:p-text-gray-dark\">\n          <div class=\"card-stage__header\">\n            <img decoding=\"async\" src=\"https:\/\/cdn.pilgrim.es\/web\/caminos\/camino-primitivo\/pueblos\/grado.jpg\" alt=\"Grado\" class=\"group-hover:p-scale-110\" \/>\n            <div class=\"card-overlay group-hover:p-opacity-50\"><\/div>\n            <div class=\"number-stage\">\n              <span>2<\/span>\n            <\/div>\n          <\/div>\n          <div class=\"card-stage__body\">\n            <div class=\"title-stage\">\n              <h3 class=\"title-stage__start\">Grado<\/h3>\n              <h3><span>&#10095;<\/span> Salas<\/h3>\n              <div class=\"title-stage__tips\">\n                <h3>Etappe 2 :<\/h3>\n                <div><i class=\"icon-location\"><\/i> 22,1Km<\/div>\n                <div><i class=\"icon-clock\"><\/i> 5Std.<\/div>\n                <div><i class=\"icon-difficulty\"><\/i> 2\/5<\/div>\n              <\/div>\n            <\/div>\n            <button class=\"btn-arrow\">\n              <i class=\"icon-arrow\"><\/i>\n            <\/button>\n          <\/div>\n        <\/a>\n      <\/div>\n      <div class=\"p-group card-stage\">\n        <a href=\"https:\/\/www.pilgrim.es\/de\/primitiver-weg\/etappe-3-salas-tineo\/\" class=\"hover:p-text-gray-dark\">\n          <div class=\"card-stage__header\">\n            <img decoding=\"async\" src=\"https:\/\/cdn.pilgrim.es\/web\/caminos\/camino-primitivo\/pueblos\/tineo.jpg\" alt=\"Tineo\" class=\"group-hover:p-scale-110\" \/>\n            <div class=\"card-overlay group-hover:p-opacity-50\"><\/div>\n            <div class=\"number-stage\">\n              <span>3<\/span>\n            <\/div>\n          <\/div>\n          <div class=\"card-stage__body\">\n            <div class=\"title-stage\">\n              <h3 class=\"title-stage__start\">Salas<\/h3>\n              <h3><span>&#10095;<\/span> Tineo<\/h3>\n              <div class=\"title-stage__tips\">\n                <h3>Etappe 3 :<\/h3>\n                <div><i class=\"icon-location\"><\/i> 19,8Km<\/div>\n                <div><i class=\"icon-clock\"><\/i> 4,5Std.<\/div>\n                <div><i class=\"icon-difficulty\"><\/i> 3\/5<\/div>\n              <\/div>\n            <\/div>\n            <button class=\"btn-arrow\">\n              <i class=\"icon-arrow\"><\/i>\n            <\/button>\n          <\/div>\n        <\/a>\n      <\/div>\n      <div class=\"p-group card-stage\">\n        <a href=\"https:\/\/www.pilgrim.es\/de\/primitiver-weg\/etappe-4-tineo-pola-de-allande\/\" class=\"hover:p-text-gray-dark\">\n          <div class=\"card-stage__header\">\n            <img decoding=\"async\" src=\"https:\/\/cdn.pilgrim.es\/web\/caminos\/camino-primitivo\/pueblos\/pola-de-allande.jpg\" alt=\"Pola de Allande\" class=\"group-hover:p-scale-110\" \/>\n            <div class=\"card-overlay group-hover:p-opacity-50\"><\/div>\n            <div class=\"number-stage\">\n              <span>4<\/span>\n            <\/div>\n          <\/div>\n          <div class=\"card-stage__body\">\n            <div class=\"title-stage\">\n              <h3 class=\"title-stage__start\">Tineo<\/h3>\n              <h3><span>&#10095;<\/span> Pola de Allande<\/h3>\n              <div class=\"title-stage__tips\">\n                <h3>Etappe 4 :<\/h3>\n                <div><i class=\"icon-location\"><\/i> 27Km<\/div>\n                <div><i class=\"icon-clock\"><\/i> 6Std.<\/div>\n                <div><i class=\"icon-difficulty\"><\/i> 3\/5<\/div>\n              <\/div>\n            <\/div>\n            <button class=\"btn-arrow\">\n              <i class=\"icon-arrow\"><\/i>\n            <\/button>\n          <\/div>\n        <\/a>\n      <\/div>\n      <div class=\"p-group card-stage\">\n        <a href=\"https:\/\/www.pilgrim.es\/de\/primitiver-weg\/etappe-5-pola-de-allande-la-mesa\/\" class=\"hover:p-text-gray-dark\">\n          <div class=\"card-stage__header\">\n            <img decoding=\"async\" src=\"https:\/\/cdn.pilgrim.es\/web\/caminos\/camino-primitivo\/pueblos\/la-mesa.jpg\" alt=\"La Mesa\" class=\"group-hover:p-scale-110\" \/>\n            <div class=\"card-overlay group-hover:p-opacity-50\"><\/div>\n            <div class=\"number-stage\">\n              <span>5<\/span>\n            <\/div>\n          <\/div>\n          <div class=\"card-stage__body\">\n            <div class=\"title-stage\">\n              <h3 class=\"title-stage__start\">Pola de Allande<\/h3>\n              <h3><span>&#10095;<\/span> La Mesa<\/h3>\n              <div class=\"title-stage__tips\">\n                <h3>Etappe 5 :<\/h3>\n                <div><i class=\"icon-location\"><\/i> 21,9Km<\/div>\n                <div><i class=\"icon-clock\"><\/i> 5Std.<\/div>\n                <div><i class=\"icon-difficulty\"><\/i> 4\/5<\/div>\n              <\/div>\n            <\/div>\n            <button class=\"btn-arrow\">\n              <i class=\"icon-arrow\"><\/i>\n            <\/button>\n          <\/div>\n        <\/a>\n      <\/div>\n      <div class=\"p-group card-stage\">\n        <a href=\"https:\/\/www.pilgrim.es\/de\/primitiver-weg\/etappe-6-la-mesa-grandas-de-salime\/\" class=\"hover:p-text-gray-dark\">\n          <div class=\"card-stage__header\">\n            <img decoding=\"async\" src=\"https:\/\/cdn.pilgrim.es\/web\/caminos\/camino-primitivo\/pueblos\/grandas-de-salime.jpg\" alt=\"Grandas de Salime\" class=\"group-hover:p-scale-110\" \/>\n            <div class=\"card-overlay group-hover:p-opacity-50\"><\/div>\n            <div class=\"number-stage\"><span>6<\/span><\/div>\n          <\/div>\n          <div class=\"card-stage__body\">\n            <div class=\"title-stage\">\n              <h3 class=\"title-stage__start\">La Mesa<\/h3>\n              <h3><span>&#10095;<\/span> Grandas de Salime<\/h3>\n              <div class=\"title-stage__tips\">\n                <h3>Etappe 6 :<\/h3>\n                <div><i class=\"icon-location\"><\/i> 16Km<\/div>\n                <div><i class=\"icon-clock\"><\/i> 3,5Std.<\/div>\n                <div><i class=\"icon-difficulty\"><\/i> 3\/5<\/div>\n              <\/div>\n            <\/div>\n            <button class=\"btn-arrow\">\n              <i class=\"icon-arrow\"><\/i>\n            <\/button>\n          <\/div>\n        <\/a>\n      <\/div>\n\n      <div class=\"p-group card-stage\">\n        <a href=\"https:\/\/www.pilgrim.es\/de\/primitiver-weg\/etappe-7-grandas-de-salime-fonsagrada\/\" class=\"hover:p-text-gray-dark\">\n          <div class=\"card-stage__header\">\n            <img decoding=\"async\" src=\"https:\/\/cdn.pilgrim.es\/web\/caminos\/camino-primitivo\/pueblos\/fonsagrada.jpg\" alt=\"A Fonsagrada\" class=\"group-hover:p-scale-110\" \/>\n            <div class=\"card-overlay group-hover:p-opacity-50\"><\/div>\n            <div class=\"number-stage\"><span>7<\/span><\/div>\n          <\/div>\n          <div class=\"card-stage__body\">\n            <div class=\"title-stage\">\n              <h3 class=\"title-stage__start\">Grandas de Salime<\/h3>\n              <h3><span>&#10095;<\/span> A Fonsagrada<\/h3>\n              <div class=\"title-stage__tips\">\n                <h3>Etappe 7 :<\/h3>\n                <div><i class=\"icon-location\"><\/i> 25,2Km<\/div>\n                <div><i class=\"icon-clock\"><\/i> 5,5Std.<\/div>\n                <div><i class=\"icon-difficulty\"><\/i> 3\/5<\/div>\n              <\/div>\n            <\/div>\n            <button class=\"btn-arrow\">\n              <i class=\"icon-arrow\"><\/i>\n            <\/button>\n          <\/div>\n        <\/a>\n      <\/div>\n\n      <div class=\"p-group card-stage\">\n        <a href=\"https:\/\/www.pilgrim.es\/de\/primitiver-weg\/etappe-8-fonsagradapadron-o-cadavo-baleira\/\" class=\"hover:p-text-gray-dark\">\n          <div class=\"card-stage__header\">\n            <img decoding=\"async\" src=\"https:\/\/cdn.pilgrim.es\/web\/caminos\/camino-primitivo\/pueblos\/o-cadavo.jpg\" alt=\"O C\u00e1davo\" class=\"group-hover:p-scale-110\" \/>\n            <div class=\"card-overlay group-hover:p-opacity-50\"><\/div>\n            <div class=\"number-stage\"><span>8<\/span><\/div>\n          <\/div>\n          <div class=\"card-stage__body\">\n            <div class=\"title-stage\">\n              <h3 class=\"title-stage__start\">A Fonsagrada<\/h3>\n              <h3><span>&#10095;<\/span> O C\u00e1davo<\/h3>\n              <div class=\"title-stage__tips\">\n                <h3>Etappe 8 :<\/h3>\n                <div><i class=\"icon-location\"><\/i> 24,3Km<\/div>\n                <div><i class=\"icon-clock\"><\/i> 5,5Std.<\/div>\n                <div><i class=\"icon-difficulty\"><\/i> 3\/5<\/div>\n              <\/div>\n            <\/div>\n            <button class=\"btn-arrow\">\n              <i class=\"icon-arrow\"><\/i>\n            <\/button>\n          <\/div>\n        <\/a>\n      <\/div>\n\n      <div class=\"p-group card-stage\">\n        <a href=\"https:\/\/www.pilgrim.es\/de\/primitiver-weg\/etappe-9-o-cadavo-baleira-lugo\/\" class=\"hover:p-text-gray-dark\">\n          <div class=\"card-stage__header\">\n            <img decoding=\"async\" src=\"https:\/\/cdn.pilgrim.es\/web\/caminos\/camino-primitivo\/pueblos\/lugo.jpg\" alt=\"Lugo\" class=\"group-hover:p-scale-110\" \/>\n            <div class=\"card-overlay group-hover:p-opacity-50\"><\/div>\n            <div class=\"number-stage\"><span>9<\/span><\/div>\n          <\/div>\n          <div class=\"card-stage__body\">\n            <div class=\"title-stage\">\n              <h3 class=\"title-stage__start\">O C\u00e1davo<\/h3>\n              <h3><span>&#10095;<\/span> Lugo<\/h3>\n              <div class=\"title-stage__tips\">\n                <h3>Etappe 9 :<\/h3>\n                <div><i class=\"icon-location\"><\/i> 29,5Km<\/div>\n                <div><i class=\"icon-clock\"><\/i> 6,6Std.<\/div>\n                <div><i class=\"icon-difficulty\"><\/i> 3\/5<\/div>\n              <\/div>\n            <\/div>\n            <button class=\"btn-arrow\">\n              <i class=\"icon-arrow\"><\/i>\n            <\/button>\n          <\/div>\n        <\/a>\n      <\/div>\n\n      <div class=\"p-group card-stage\">\n        <a href=\"https:\/\/www.pilgrim.es\/de\/primitiver-weg\/etappe-10-lugo-san-romao-da-retorta\/\" class=\"hover:p-text-gray-dark\">\n          <div class=\"card-stage__header\">\n            <img decoding=\"async\" src=\"https:\/\/cdn.pilgrim.es\/web\/caminos\/camino-primitivo\/pueblos\/ferreira.jpg\" alt=\"Ferreira\" class=\"group-hover:p-scale-110\" \/>\n            <div class=\"card-overlay group-hover:p-opacity-50\"><\/div>\n            <div class=\"number-stage\"><span>10<\/span><\/div>\n          <\/div>\n          <div class=\"card-stage__body\">\n            <div class=\"title-stage\">\n              <h3 class=\"title-stage__start\">Lugo<\/h3>\n              <h3><span>&#10095;<\/span> Ferreira<\/h3>\n              <div class=\"title-stage__tips\">\n                <h3>Etappe 10 :<\/h3>\n                <div><i class=\"icon-location\"><\/i> 26,5Km<\/div>\n                <div><i class=\"icon-clock\"><\/i> 6Std.<\/div>\n                <div><i class=\"icon-difficulty\"><\/i> 2\/5<\/div>\n              <\/div>\n            <\/div>\n            <button class=\"btn-arrow\">\n              <i class=\"icon-arrow\"><\/i>\n            <\/button>\n          <\/div>\n        <\/a>\n      <\/div>\n\n      <div class=\"p-group card-stage\">\n        <a href=\"https:\/\/www.pilgrim.es\/de\/primitiver-weg\/etappe-11-san-romao-da-retorta-melide\/\" class=\"hover:p-text-gray-dark\">\n          <div class=\"card-stage__header\">\n            <img decoding=\"async\" src=\"https:\/\/cdn.pilgrim.es\/web\/caminos\/camino-primitivo\/pueblos\/melide.jpg\" alt=\"Melide\" class=\"group-hover:p-scale-110\" \/>\n            <div class=\"card-overlay group-hover:p-opacity-50\"><\/div>\n            <div class=\"number-stage\"><span>11<\/span><\/div>\n          <\/div>\n          <div class=\"card-stage__body\">\n            <div class=\"title-stage\">\n              <h3 class=\"title-stage__start\">Ferreira<\/h3>\n              <h3><span>&#10095;<\/span> Melide<\/h3>\n              <div class=\"title-stage__tips\">\n                <h3>Etappe 11 :<\/h3>\n                <div><i class=\"icon-location\"><\/i> 20km<\/div>\n                <div><i class=\"icon-clock\"><\/i> 4,5Std.<\/div>\n                <div><i class=\"icon-difficulty\"><\/i> 3\/5<\/div>\n              <\/div>\n            <\/div>\n            <button class=\"btn-arrow\">\n              <i class=\"icon-arrow\"><\/i>\n            <\/button>\n          <\/div>\n        <\/a>\n      <\/div>\n\n      <div class=\"p-group card-stage\"><\/div>\n\n      <!-- M\u00e1s Etapas -->\n      <div class=\"p-col-span-full\">\n        <h4 class=\"p-text-secondary p-text-xl\">\n          Folgen Sie dem franz\u00f6sischen Weg\n        <\/h4>\n      <\/div>\n\n      <div class=\"p-group card-stage\">\n        <a href=\"https:\/\/www.pilgrim.es\/de\/franzosischer-weg\/etappe-31-melide-arzua\/\" class=\"hover:p-text-gray-dark\">\n          <div class=\"card-stage__header\">\n            <img decoding=\"async\" src=\"https:\/\/cdn.pilgrim.es\/web\/caminos\/camino-frances\/pueblos\/arzua\/arzua.jpg\" alt=\"Arz\u00faa\" class=\"group-hover:p-scale-110\" \/>\n            <div class=\"card-overlay group-hover:p-opacity-50\"><\/div>\n            <div class=\"number-stage\"><span>12<\/span><\/div>\n          <\/div>\n          <div class=\"card-stage__body\">\n            <div class=\"title-stage\">\n              <h3 class=\"title-stage__start\">Melide<\/h3>\n              <h3><span>&#10095;<\/span> Arz\u00faa<\/h3>\n              <div class=\"title-stage__tips\">\n                <h3>Etappe 12 :<\/h3>\n                <div><i class=\"icon-location\"><\/i> 14,1Km<\/div>\n                <div><i class=\"icon-clock\"><\/i> 3Std.<\/div>\n                <div><i class=\"icon-difficulty\"><\/i> 2\/5<\/div>\n              <\/div>\n            <\/div>\n            <button class=\"btn-arrow\">\n              <i class=\"icon-arrow\"><\/i>\n            <\/button>\n          <\/div>\n        <\/a>\n      <\/div>\n\n      <div class=\"p-group card-stage\">\n        <a href=\"https:\/\/www.pilgrim.es\/de\/franzosischer-weg\/etappe-32-arzua-o-pedrouzo\/\" class=\"hover:p-text-gray-dark\">\n          <div class=\"card-stage__header\">\n            <img decoding=\"async\" src=\"https:\/\/cdn.pilgrim.es\/web\/caminos\/camino-frances\/pueblos\/o-pedrouzo\/o-pedrouzo.jpg\" alt=\"O Pedrouzo\" class=\"group-hover:p-scale-110\" \/>\n            <div class=\"card-overlay group-hover:p-opacity-50\"><\/div>\n            <div class=\"number-stage\"><span>13<\/span><\/div>\n          <\/div>\n          <div class=\"card-stage__body\">\n            <div class=\"title-stage\">\n              <h3 class=\"title-stage__start\">Arz\u00faa<\/h3>\n              <h3><span>&#10095;<\/span> Pedrouzo<\/h3>\n              <div class=\"title-stage__tips\">\n                <h3>Etappe 13 :<\/h3>\n                <div><i class=\"icon-location\"><\/i> 19,3Km<\/div>\n                <div><i class=\"icon-clock\"><\/i> 4,5Std.<\/div>\n                <div><i class=\"icon-difficulty\"><\/i> 2\/5<\/div>\n              <\/div>\n            <\/div>\n            <button class=\"btn-arrow\">\n              <i class=\"icon-arrow\"><\/i>\n            <\/button>\n          <\/div>\n        <\/a>\n      <\/div>\n\n      <div class=\"p-group card-stage\">\n        <a href=\"https:\/\/www.pilgrim.es\/de\/franzosischer-weg\/etappe-33-o-pedrouzo-santiago-de-compostela\/\" class=\"hover:p-text-gray-dark\">\n          <div class=\"card-stage__header\">\n            <img decoding=\"async\" src=\"https:\/\/cdn.pilgrim.es\/web\/caminos\/camino-frances\/pueblos\/santiago-de-compostela\/santiago-de-compostela.jpg\" alt=\"Santiago de Compostela\" class=\"group-hover:p-scale-110\" \/>\n            <div class=\"card-overlay group-hover:p-opacity-50\"><\/div>\n            <div class=\"number-stage\"><span>14<\/span><\/div>\n          <\/div>\n          <div class=\"card-stage__body\">\n            <div class=\"title-stage\">\n              <h3 class=\"title-stage__start\">Pedrouzo<\/h3>\n              <h3><span>&#10095;<\/span> Santiago de Compostela<\/h3>\n              <div class=\"title-stage__tips\">\n                <h3>Etappe 14 :<\/h3>\n                <div><i class=\"icon-location\"><\/i> 19,4Km<\/div>\n                <div><i class=\"icon-clock\"><\/i> 4,5Std.<\/div>\n                <div><i class=\"icon-difficulty\"><\/i> 2\/5<\/div>\n              <\/div>\n            <\/div>\n            <button class=\"btn-arrow\">\n              <i class=\"icon-arrow\"><\/i>\n            <\/button>\n          <\/div>\n        <\/a>\n      <\/div>\n    <\/div>\n    <div id=\"showMoreStages\" class=\"show-more-stages\">\n      <button id=\"btnMoreStages\" class=\"btn-see-stages\">\n        Alleh Etappen sehen\n      <\/button>\n      <button id=\"btnLessStages\" class=\"p-hidden btn-see-stages\">\n        Weniger Etappen sehen\n      <\/button>\n    <\/div>\n  <\/section>\n\n  <section id=\"stagesBike\">\n    <div class=\"subtitle\">\n      <h4 class=\"p-h4--section\">7 etappen \/ 313 <span class=\"p-normal-case\">Kms<\/span><\/h4>\n      <hr \/>\n      <h2>Etappen des Primitiven Weges mit dem Fahrrad<\/h2>\n    <\/div>\n    <div class=\"container-stages-bike scrollbar-thin\">\n      <div class=\"card-stage-bike\">\n        <div class=\"info-stage-bike\">\n          <div class=\"info-stage-bike__col-start\">\n            <div>1.<\/div>\n            <div><span> Oviedo <\/span><br \/>&#10095; Salas<\/div>\n            <p>\n              <i class=\"icon-location\"><\/i> 50Km &#8226;\n              <i class=\"icon-difficulty\"><\/i> 3\/5\n            <\/p>\n          <\/div>\n          <div class=\"info-stage-bike__col-end\">\n            <img decoding=\"async\" src=\"https:\/\/cdn.pilgrim.es\/web\/caminos\/camino-primitivo\/pueblos\/oviedo.jpg\" alt=\"Oviedo\" \/>\n          <\/div>\n        <\/div>\n        <hr \/>\n      <\/div>\n      <div class=\"card-stage-bike\">\n        <div class=\"info-stage-bike\">\n          <div class=\"info-stage-bike__col-start\">\n            <div>2.<\/div>\n            <div><span>Salas <\/span><br \/>&#10095; Pola de Allande<\/div>\n            <p>\n              <i class=\"icon-location\"><\/i> 48Km &#8226;\n              <i class=\"icon-difficulty\"><\/i> 3\/5\n            <\/p>\n          <\/div>\n          <div class=\"info-stage-bike__col-end\">\n            <img decoding=\"async\" src=\"https:\/\/cdn.pilgrim.es\/web\/caminos\/camino-primitivo\/pueblos\/salas.jpg\" alt=\"Salas\" \/>\n          <\/div>\n        <\/div>\n        <hr \/>\n      <\/div>\n      <div class=\"card-stage-bike\">\n        <div class=\"info-stage-bike\">\n          <div class=\"info-stage-bike__col-start\">\n            <div>3.<\/div>\n            <div>\n              <span>Pola de Allande <\/span><br \/>&#10095; Grandas de Salime\n            <\/div>\n            <p>\n              <i class=\"icon-location\"><\/i> 37Km &#8226;\n              <i class=\"icon-difficulty\"><\/i> 4\/5\n            <\/p>\n          <\/div>\n          <div class=\"info-stage-bike__col-end\">\n            <img decoding=\"async\" src=\"https:\/\/cdn.pilgrim.es\/web\/caminos\/camino-primitivo\/pueblos\/grandas-de-salime.jpg\" alt=\"Grandas de Salime\" \/>\n          <\/div>\n        <\/div>\n        <hr \/>\n      <\/div>\n      <div class=\"card-stage-bike\">\n        <div class=\"info-stage-bike\">\n          <div class=\"info-stage-bike__col-start\">\n            <div>4.<\/div>\n            <div><span>Grandas de Salime <\/span><br \/>&#10095; O C\u00e1davo<\/div>\n            <p>\n              <i class=\"icon-location\"><\/i> 53Km &#8226;\n              <i class=\"icon-difficulty\"><\/i> 3\/5\n            <\/p>\n          <\/div>\n          <div class=\"info-stage-bike__col-end\">\n            <img decoding=\"async\" src=\"https:\/\/cdn.pilgrim.es\/web\/caminos\/camino-primitivo\/pueblos\/o-cadavo.jpg\" alt=\"O C\u00e1davo\" \/>\n          <\/div>\n        <\/div>\n        <hr \/>\n      <\/div>\n      <div class=\"card-stage-bike\">\n        <div class=\"info-stage-bike\">\n          <div class=\"info-stage-bike__col-start\">\n            <div>5.<\/div>\n            <div><span>O C\u00e1davo <\/span><br \/>&#10095; San Romao da Retorta<\/div>\n            <p>\n              <i class=\"icon-location\"><\/i> 51Km &#8226;\n              <i class=\"icon-difficulty\"><\/i> 2\/5\n            <\/p>\n          <\/div>\n          <div class=\"info-stage-bike__col-end\">\n            <img decoding=\"async\" src=\"https:\/\/cdn.pilgrim.es\/web\/caminos\/camino-primitivo\/pueblos\/o-cadavo.jpg\" alt=\"O C\u00e1davo\" \/>\n          <\/div>\n        <\/div>\n        <hr \/>\n      <\/div>\n      <div class=\"card-stage-bike\">\n        <div class=\"info-stage-bike\">\n          <div class=\"info-stage-bike__col-start\">\n            <div>6.<\/div>\n            <div><span>San Romao da Retorta <\/span><br \/>&#10095; Arz\u00faa<\/div>\n            <p>\n              <i class=\"icon-location\"><\/i> 44Km &#8226;\n              <i class=\"icon-difficulty\"><\/i> 4\/5\n            <\/p>\n          <\/div>\n          <div class=\"info-stage-bike__col-end\">\n            <img decoding=\"async\" src=\"https:\/\/cdn.pilgrim.es\/web\/caminos\/camino-frances\/pueblos\/arzua\/arzua.jpg\" alt=\"Arz\u00faa\" \/>\n          <\/div>\n        <\/div>\n        <hr \/>\n      <\/div>\n      <div class=\"card-stage-bike\">\n        <div class=\"info-stage-bike\">\n          <div class=\"info-stage-bike__col-start\">\n            <div>7.<\/div>\n            <div><span>Arz\u00faa <\/span><br \/>&#10095; Santiago de Compostela<\/div>\n            <p>\n              <i class=\"icon-location\"><\/i> 39Km &#8226;\n              <i class=\"icon-difficulty\"><\/i> 2\/5\n            <\/p>\n          <\/div>\n          <div class=\"info-stage-bike__col-end\">\n            <img decoding=\"async\" src=\"https:\/\/cdn.pilgrim.es\/web\/caminos\/camino-frances\/pueblos\/santiago-de-compostela\/santiago-de-compostela.jpg\" alt=\"Santiago de Compostela\" \/>\n          <\/div>\n        <\/div>\n        <hr \/>\n      <\/div>\n    <\/div>\n  <\/section>\n\n  <section id=\"citiesTowns\">\n    <div class=\"container-cities-towns\">\n      <h4  class=\"p-h4--section\">Dieser Weg wird Ihnen gefallen, wenn Sie\u2026<\/h4>\n      <hr class=\"orange-bar\" \/>\n      <h2>St\u00e4dte und Gemeinden<\/h2>\n      <div class=\"pills\">\n        <div class=\"label-pill label-pill--brown\">Geschichte<\/div>\n        <div class=\"label-pill label-pill--brown\">K\u00fcnstlerisches Erbe<\/div>\n        <div class=\"label-pill label-pill--brown\">Kathedralen<\/div>\n        <div class=\"label-pill label-pill--brown\">Kl\u00f6ster<\/div>\n        <div class=\"label-pill label-pill--brown\">Schl\u00f6sser<\/div>\n        <div class=\"label-pill label-pill--brown\">Architektur<\/div>\n      <\/div>\n    <\/div>\n  <\/section>\n\n  <div class=\"gallery-cities\">\n    <div class=\"item-gallery p-group\">\n      <img decoding=\"async\" src=\"https:\/\/cdn.pilgrim.es\/web\/caminos\/camino-primitivo\/pueblos\/oviedo.jpg\" alt=\"Oviedo\" class=\"group-hover:p-scale-110\"\/>\n      <div class=\"overlay-darked group-hover:p-opacity-50\"><\/div>\n      <a class=\"stretched-link\" href=\"\/oviedo\/\"><p><b>Oviedo<\/b><\/p><\/a>\n    <\/div>\n    <div class=\"item-gallery p-group\">\n      <img decoding=\"async\" src=\"https:\/\/cdn.pilgrim.es\/web\/caminos\/camino-primitivo\/pueblos\/salas.jpg\" alt=\"Salas\" class=\"group-hover:p-scale-110\"\/>\n      <div class=\"overlay-darked group-hover:p-opacity-50\"><\/div>\n      <a class=\"stretched-link\" href=\"https:\/\/www.pilgrim.es\/de\/salas\/\"><p><b>Salas<\/b><\/p><\/a>\n    <\/div>\n    <div class=\"item-gallery p-group\">\n      <img decoding=\"async\" src=\"https:\/\/cdn.pilgrim.es\/web\/caminos\/camino-primitivo\/pueblos\/grandas-de-salime.jpg\" alt=\"Grandas de Salime\" class=\"group-hover:p-scale-110\"\/>\n      <div class=\"overlay-darked group-hover:p-opacity-50\"><\/div>\n      <a class=\"stretched-link\" href=\"\/grandas-de-salime\/\"><p><b>Grandas de Salime<\/b><\/p><\/a>\n    <\/div>\n    <div class=\"item-gallery p-group\">\n      <img decoding=\"async\" src=\"https:\/\/cdn.pilgrim.es\/web\/caminos\/camino-primitivo\/pueblos\/lugo.jpg\" alt=\"Lugo\" class=\"group-hover:p-scale-110\"\/>\n      <div class=\"overlay-darked group-hover:p-opacity-50\"><\/div>\n      <a class=\"stretched-link\" href=\"\/lugo\/\"><p><b>Lugo<\/b><\/p><\/a>\n    <\/div>\n    <div class=\"item-gallery p-group\">\n      <img decoding=\"async\" src=\"https:\/\/cdn.pilgrim.es\/web\/caminos\/camino-primitivo\/pueblos\/o-cadavo.jpg\" alt=\"O C\u00e1davo\" class=\"group-hover:p-scale-110\"\/>\n      <div class=\"overlay-darked group-hover:p-opacity-50\"><\/div>\n      <a class=\"stretched-link\" href=\"\/o-cadavo\/\"><p><b>O C\u00e1davo<\/b><\/p><\/a>\n    <\/div>\n    <div class=\"item-gallery p-group\">\n      <img decoding=\"async\" src=\"https:\/\/cdn.pilgrim.es\/web\/caminos\/camino-primitivo\/pueblos\/melide.jpg\" alt=\"Melide\" class=\"group-hover:p-scale-110\"\/>\n      <div class=\"overlay-darked group-hover:p-opacity-50\"><\/div>\n      <a class=\"stretched-link\" href=\"\/melide\/\"><p><b>Melide<\/b><\/p><\/a>\n    <\/div>\n  <\/div>\n\n  <section id=\"infoWay\">\n    <div class=\"info-way-content\">\n      <nav class=\"nav-tab-info nav-tab-info--2-cols\">\n        <button id=\"infoTab\" data-target=\"history\" class=\"nav-link-info active\">\n          Weitere Informationen\n        <\/button>\n        <button id=\"profileTab\" data-target=\"profileWay\" class=\"nav-link-info\">\n          Profil des Weg\n        <\/button>\n      <\/nav>\n      <div id=\"history\" class=\"content-section-info\">\n        <div class=\"subtitle\">\n          <h4 class=\"p-h4--section\">Weitere Informationen&#8230;<\/h4>\n          <hr \/>\n          <h2>Informationen \u00fcber den Primitiven Weg<\/h2>\n        <\/div>\n        <h3>Geschichte<\/h3>\n        <p class=\"p-my-3\">\n          Sobald das Grab des Apostels Jakobus im Jahre 813 entdeckt wurde, nahm\n          Alfonso II \u201c Der Keusche\u201c und damaliger K\u00f6nig der bekannten Gallaecia,\n          mit Hinblick auf den unglaublichen Fund, den Weg von Asturien in\n          galicisches Land auf. Er nahm den Pfad, der durch das Innenland\n          Asturiens nach Lugo und von dort aus weiter in die Hauptstadt von\n          Compostela f\u00fchrt, wo er bei seiner Ankunft den Auftrag erteilte, eine\n          Kultkirche zu errichten, in der die sterblichen \u00dcberreste des Apostels\n          ihre letzte Ruhe finden sollten. Und setzte somit den Grundstein\n          <strong>f\u00fcr die heute weltweit bekannte Kathedrale<\/strong> und des\n          ersten\n          <a href=\"https:\/\/www.pilgrim.es\/de\/wege\/\" class=\"p-underline\">aller Wege nach Santiago<\/a>:\n          des Primitiven.\n        <\/p>\n      <\/div>\n      <div id=\"profileWay\" class=\"p-hidden content-section-info\">\n        <div class=\"subtitle\">\n          <h4 class=\"p-h4--section\">Profil des Primitiven Wegs<\/h4>\n          <hr \/>\n          <h2>Entfernungen und H\u00f6henlage<\/h2>\n        <\/div>\n        <img decoding=\"async\" src=\"https:\/\/cdn.pilgrim.es\/web\/caminos\/camino-primitivo\/home\/perfil-camino-primitivo.jpg\" alt=\"Skizze Primitiver Weg\" \/>\n      <\/div>\n    <\/div>\n  <\/section>\n\n  <section id=\"othersWays\" class=\"others-ways\">\n    <div class=\"others-ways__title\">\n      <h4 class=\"p-h4--section\">Es gibt viele andere Routen, sehen Sie sich die besten Alternativen an<\/h4>\n      <hr \/>\n      <h2>\n        Alternative Routen\n      <\/h2>\n    <\/div>\n    <div class=\"others-ways__content\">\n      <div>\n        <div class=\"each-way\">\n          <a href=\"https:\/\/www.pilgrim.es\/de\/weg-im-norden\/\">\n            <div class=\"each-way__title\">Weg im Norden<\/div>\n          <\/a>\n          <div class=\"each-way__tips\">\n            <p>804 km \/ 35 Tage<\/p>\n            <i class=\"icon-arrow\"><\/i>\n          <\/div>\n        <\/div>\n        <hr \/>\n      <\/div>\n      <div>\n        <div class=\"each-way\">\n          <a href=\"https:\/\/www.pilgrim.es\/de\/franzosischer-weg\/\">\n            <div class=\"each-way__title\">Franz\u00f6sischer Weg<\/div>\n          <\/a>\n          <div class=\"each-way__tips\">\n            <p>764 km \/ 33 Tage<\/p>\n            <i class=\"icon-arrow\"><\/i>\n          <\/div>\n        <\/div>\n        <hr \/>\n      <\/div>\n      <div>\n        <div class=\"each-way\">\n          <a href=\"https:\/\/www.pilgrim.es\/de\/englischer-weg\/\">\n            <div class=\"each-way__title\">Englishcher Weg<\/div>\n          <\/a>\n          <div class=\"each-way__tips\">\n            <p>119 km \/ 6 Tage<\/p>\n            <i class=\"icon-arrow\"><\/i>\n          <\/div>\n        <\/div>\n        <hr \/>\n      <\/div>\n      <div>\n        <div class=\"each-way\">\n          <div class=\"each-way__title\">Weg von Sarria<\/div>\n\n          <div class=\"each-way__tips\">\n            <p>115 km \/ 5 Tage<\/p>\n            <i class=\"icon-arrow\"><\/i>\n          <\/div>\n        <\/div>\n        <hr \/>\n      <\/div>\n      <div>\n        <div class=\"each-way\">\n          <a href=\"https:\/\/www.pilgrim.es\/de\/portugiesischer-weg\/\">\n            <div class=\"each-way__title\">Portugiesischer Weg<\/div>\n          <\/a>\n          <div class=\"each-way__tips\">\n            <p>620 km \/ 25 Tage<\/p>\n            <i class=\"icon-arrow\"><\/i>\n          <\/div>\n        <\/div>\n        <hr \/>\n      <\/div>\n      <div>\n        <div class=\"each-way\">\n          <a href=\"https:\/\/www.pilgrim.es\/de\/silber-route\/\">\n            <div class=\"each-way__title\">Die Silber-Route<\/div>\n          <\/a>\n          <div class=\"each-way__tips\">\n            <p>960 km \/ 38 Tage<\/p>\n            <i class=\"icon-arrow\"><\/i>\n          <\/div>\n        <\/div>\n        <hr \/>\n      <\/div>\n    <\/div>\n  <\/section>\n  <section id=\"faqs\">\n    <div class=\"title\">\n      <h4 class=\"p-h4--section\">N\u00fctzliche Informationen<\/h4>\n      <hr \/>\n      <h2>H\u00e4ufig gestellte Fragen \u00fcber den Portugiesischen Weg<\/h2>\n    <\/div>\n    <div class=\"container\">\n      <div>\n        <button class=\"accordion-btn\">\n          <div class=\"accordion-btn__question\">\n            <h3>Aus wie vielen Stufen besteht der Primitive Weg?<\/h3>\n            <span>+<\/span>\n          <\/div>\n          <hr \/>\n        <\/button>\n        <div class=\"accordion-content\">\n          <p>\n            Wie aus der\n            <a href=\"#stagesFoot\" class=\"p-underline\">B\u00fchnenabschnitt<\/a>, Der\n            Primitive Weg besteht aus insgesamt 14 Etappen \u00fcber eine Strecke von\n            313 km und beginnt in der asturischen Hauptstadt Oviedo. Wenn Sie\n            den\n            <a href=\"#stagesBike\" class=\"p-underline\">Primitiver Weg mit dem Fahrrad<\/a>\n            wird es 7 Etappen geben.\n          <\/p>\n        <\/div>\n      <\/div>\n      <div>\n        <button class=\"accordion-btn\">\n          <div class=\"accordion-btn__question\">\n            <h3>Ist es notwendig, den gesamten Primitiven Weg zu gehen?<\/h3>\n            <span>+<\/span>\n          <\/div>\n          <hr \/>\n        <\/button>\n        <div class=\"accordion-content\">\n          <p>\n            Wenn Ihr Ziel ist es, die Compostela zu bekommen, m\u00fcssen Sie\n            mindestens die letzten 100 km des Camino zu tun, im Falle dieser\n            Route sind von der Stadt Baamonde gemacht. Allerdings, wenn Sie den\n            Camino mit dem Fahrrad zu tun, ist die Mindestdistanz 200 km, die\n            Sie von Pola de Allende f\u00fchren w\u00fcrde zu starten.\n          <\/p>\n        <\/div>\n      <\/div>\n      <div>\n        <button class=\"accordion-btn\">\n          <div class=\"accordion-btn__question\">\n            <h3>Welches sind die ber\u00fchmtesten Orte auf dem Primitive Way?<\/h3>\n            <span>+<\/span>\n          <\/div>\n          <hr \/>\n        <\/button>\n        <div class=\"accordion-content\">\n          <p>\n            Entlang der primitiven Route kommt man durch eine gro\u00dfe Anzahl von\n            Orten, die alle ihren eigenen Charme haben. Es gibt jedoch eine\n            Reihe von D\u00f6rfern, in die sich die Pilger auf ihrer Durchreise\n            verlieben, wie z. B.: Oviedo, Pola de Allande, Grandas de Salime\n            oder Lugo, um nur einige zu nennen.\n          <\/p>\n        <\/div>\n      <\/div>\n      <div>\n        <button class=\"accordion-btn\">\n          <div class=\"accordion-btn__question\">\n            <h3>Die sch\u00f6nsten Landschaften auf dem Primitive Way<\/h3>\n            <span>+<\/span>\n          <\/div>\n          <hr \/>\n        <\/button>\n        <div class=\"accordion-content\">\n          <p>\n            Der Primitive Weg verl\u00e4uft zwischen der gebirgigen Grenze, die die\n            Regionen Asturien und Galicien trennt. Asturien und Galicien trennt,\n            was uns erlaubt, die gr\u00fcne Landschaften zu genie\u00dfen und von einer\n            respektablen H\u00f6he, die bewundernswerte Ausblicke. Einer von ihnen\n            ist der Stausee von Grandas de Salime Stausee, der von einer\n            privilegierten Position aus in seiner privilegierten Lage entlang\n            der primitiven Route zu sehen ist.\n          <\/p>\n        <\/div>\n      <\/div>\n      <div>\n        <button class=\"accordion-btn\">\n          <div class=\"accordion-btn__question\">\n            <h3>Kuriosit\u00e4ten der primitiven Art<\/h3>\n            <span>+<\/span>\n          <\/div>\n          <hr \/>\n        <\/button>\n        <div class=\"accordion-content\">\n          <p>\n            Der Primitive Way hat die Ehre, der erste aller jakobinischen Wege\n            zu sein, obwohl die\n            <a href=\"https:\/\/www.pilgrim.es\/de\/franzosischer-weg\/\" class=\"p-underline\">Franzosischer Weg<\/a>\n            ist der am meisten bekannte. Die ersten Schritte von K\u00f6nig Alfonso\n            II. legten den Grundstein f\u00fcr die Geschichte des Jakobsweges. Da er\n            durch h\u00f6her gelegene Gebiete f\u00fchrt, ist er schwieriger als andere\n            Wege, was ihn zu einer Herausforderung macht und die Zahl der Pilger\n            aufgrund seiner Schwierigkeit verringert.\n          <\/p>\n        <\/div>\n      <\/div>\n      <div>\n        <button class=\"accordion-btn\">\n          <div class=\"accordion-btn__question\">\n            <h3>M\u00f6chten Sie mehr \u00fcber die Routen des Camino erfahren?<\/h3>\n            <span>+<\/span>\n          <\/div>\n          <hr \/>\n        <\/button>\n        <div class=\"accordion-content\">\n          <p>\n            Unter\n            <a href=\"\/de\/\" class=\"p-underline\">Pilgrim.es<\/a>\n            haben wir viel umfangreichere Informationen \u00fcber diese und viele\n            andere Routen. Besuchen Sie unsere Website und entdecken Sie alle\n            Routen, die den\n            <a href=\"https:\/\/www.pilgrim.es\/de\/wege\/\" class=\"p-underline\">Jakobsweg<\/a>\n            ausmachen, seine Etappen, Karten und sogar die St\u00e4dte mit den\n            entsprechenden Hinweisen, was es in den einzelnen Orten zu sehen\n            gibt.\n          <\/p>\n        <\/div>\n      <\/div>\n    <\/div>\n  <\/section>\n  <section id=\"infoPilgrim\">\n    <div class=\"title\">\n      <h4 class=\"p-h4--section\">Lernen Sie uns besser kennen<\/h4>\n      <hr \/>\n      <h2>Hilfe f\u00fcr Pilger seit 2016<\/h2>\n    <\/div>\n    <div class=\"content\">\n      <div class=\"content__card\">\n        <div class=\"content__card__icon\">\n          <i class=\"icon-users\"><\/i>\n        <\/div>\n        <p class=\"content__card__title\">Pilgrims<\/p>\n        <p class=\"content__card__quantity\">+54.000<\/p>\n      <\/div>\n      <div class=\"content__card\">\n        <div class=\"content__card__icon\">\n          <i class=\"icon-world\"><\/i>\n        <\/div>\n        <p class=\"content__card__title\">Nationalit\u00e4ten<\/p>\n        <p class=\"content__card__quantity\">+45<\/p>\n      <\/div>\n      <div class=\"content__card\">\n        <div class=\"content__card__icon\">\n          <i class=\"icon-star\"><\/i>\n        <\/div>\n        <p class=\"content__card__title\">Google Bewertung<\/p>\n        <p class=\"content__card__quantity\">4,7 &#9733;<\/p>\n      <\/div>\n      <div class=\"content__card\">\n        <div class=\"content__card__icon\">\n          <i class=\"icon-home\"><\/i>\n        <\/div>\n        <p class=\"content__card__title\">Verbundene Unternehmen<\/p>\n        <p class=\"content__card__quantity\">+7500<\/p>\n      <\/div>\n    <\/div>\n  <\/section>\n<\/div>\n\n","protected":false},"excerpt":{"rendered":"<p>Der Primitive Weg (Urweg) 14 Etappen zu Fu\u00df \/ 7 Etappen mit dem Fahrrad Einen sch\u00f6nen Spaziergang! Warum den Primitiven Weg w\u00e4hlen? Der primitive Weg ist eine wunderbare Option, um die wahren Wurzeln der Pilgerschaft zu entdecken. Von Oviedo aus \u00fcberqueren Sie das asturische F\u00fcrstentum nach Westen, um durch die Provinz Lugo nach Galicien zu &hellip; <\/p>\n<p class=\"read_more\"><a href=\"https:\/\/www.pilgrim.es\/de\/primitiver-weg\/\">Leer m\u00e1s<\/a><\/p>\n","protected":false},"author":4,"featured_media":10501,"parent":0,"menu_order":0,"comment_status":"closed","ping_status":"closed","template":"views\/template-new-web-design.blade.php","meta":{"footnotes":""},"categories":[],"tags":[],"class_list":["post-10635","page","type-page","status-publish","has-post-thumbnail","hentry"],"yoast_head":"<!-- This site is optimized with the Yoast SEO plugin v27.4 - https:\/\/yoast.com\/product\/yoast-seo-wordpress\/ -->\n<title>\u25b7 Der Primitive Weg (Urweg) | Etappen und Landkarte | Von Oviedo aus | Pilgrim<\/title>\n<meta name=\"description\" content=\"Der Primitive Weg \u2705 Hier finden Sie alle Informationen \u00fcber die Etappen, Entfernungen oder Interessenspunkte\/ Sehensw\u00fcrdigkeiten, die Sie zur Planung Ihres Jakobsweges von Oviedo aus ben\u00f6tigen.\" \/>\n<meta name=\"robots\" content=\"index, follow, max-snippet:-1, max-image-preview:large, max-video-preview:-1\" \/>\n<link rel=\"canonical\" href=\"https:\/\/www.pilgrim.es\/de\/primitiver-weg\/\" \/>\n<meta property=\"og:locale\" content=\"de_DE\" \/>\n<meta property=\"og:type\" content=\"article\" \/>\n<meta property=\"og:title\" content=\"\u25b7 Der Primitive Weg (Urweg) | Etappen und Landkarte | Von Oviedo aus | Pilgrim\" \/>\n<meta property=\"og:description\" content=\"Der Primitive Weg \u2705 Hier finden Sie alle Informationen \u00fcber die Etappen, Entfernungen oder Interessenspunkte\/ Sehensw\u00fcrdigkeiten, die Sie zur Planung Ihres Jakobsweges von Oviedo aus ben\u00f6tigen.\" \/>\n<meta property=\"og:url\" content=\"https:\/\/www.pilgrim.es\/de\/primitiver-weg\/\" \/>\n<meta property=\"og:site_name\" content=\"Pilgrim\" \/>\n<meta property=\"article:publisher\" content=\"https:\/\/www.facebook.com\/pilgrim.es\/\" \/>\n<meta property=\"article:modified_time\" content=\"2025-11-24T08:59:38+00:00\" \/>\n<meta property=\"og:image\" content=\"https:\/\/www.pilgrim.es\/wp-content\/uploads\/2019\/02\/fondo-camino-primitivo-01.jpg\" \/>\n\t<meta property=\"og:image:width\" content=\"1131\" \/>\n\t<meta property=\"og:image:height\" content=\"523\" \/>\n\t<meta property=\"og:image:type\" content=\"image\/jpeg\" \/>\n<meta name=\"twitter:card\" content=\"summary_large_image\" \/>\n<meta name=\"twitter:site\" content=\"@pilgrim_es\" \/>\n<meta name=\"twitter:label1\" content=\"Gesch\u00e4tzte Lesezeit\" \/>\n\t<meta name=\"twitter:data1\" content=\"6\u00a0Minuten\" \/>\n<script type=\"application\/ld+json\" class=\"yoast-schema-graph\">{\"@context\":\"https:\\\/\\\/schema.org\",\"@graph\":[{\"@type\":\"WebPage\",\"@id\":\"https:\\\/\\\/www.pilgrim.es\\\/de\\\/primitiver-weg\\\/\",\"url\":\"https:\\\/\\\/www.pilgrim.es\\\/de\\\/primitiver-weg\\\/\",\"name\":\"\u25b7 Der Primitive Weg (Urweg) | Etappen und Landkarte | Von Oviedo aus | Pilgrim\",\"isPartOf\":{\"@id\":\"https:\\\/\\\/www.pilgrim.es\\\/de\\\/#website\"},\"primaryImageOfPage\":{\"@id\":\"https:\\\/\\\/www.pilgrim.es\\\/de\\\/primitiver-weg\\\/#primaryimage\"},\"image\":{\"@id\":\"https:\\\/\\\/www.pilgrim.es\\\/de\\\/primitiver-weg\\\/#primaryimage\"},\"thumbnailUrl\":\"https:\\\/\\\/www.pilgrim.es\\\/wp-content\\\/uploads\\\/2019\\\/02\\\/fondo-camino-primitivo-01.jpg\",\"datePublished\":\"2019-02-07T15:17:27+00:00\",\"dateModified\":\"2025-11-24T08:59:38+00:00\",\"description\":\"Der Primitive Weg \u2705 Hier finden Sie alle Informationen \u00fcber die Etappen, Entfernungen oder Interessenspunkte\\\/ Sehensw\u00fcrdigkeiten, die Sie zur Planung Ihres Jakobsweges von Oviedo aus ben\u00f6tigen.\",\"breadcrumb\":{\"@id\":\"https:\\\/\\\/www.pilgrim.es\\\/de\\\/primitiver-weg\\\/#breadcrumb\"},\"inLanguage\":\"de\",\"potentialAction\":[{\"@type\":\"ReadAction\",\"target\":[\"https:\\\/\\\/www.pilgrim.es\\\/de\\\/primitiver-weg\\\/\"]}]},{\"@type\":\"ImageObject\",\"inLanguage\":\"de\",\"@id\":\"https:\\\/\\\/www.pilgrim.es\\\/de\\\/primitiver-weg\\\/#primaryimage\",\"url\":\"https:\\\/\\\/www.pilgrim.es\\\/wp-content\\\/uploads\\\/2019\\\/02\\\/fondo-camino-primitivo-01.jpg\",\"contentUrl\":\"https:\\\/\\\/www.pilgrim.es\\\/wp-content\\\/uploads\\\/2019\\\/02\\\/fondo-camino-primitivo-01.jpg\",\"width\":1131,\"height\":523,\"caption\":\"verlauf primitiver weg\"},{\"@type\":\"BreadcrumbList\",\"@id\":\"https:\\\/\\\/www.pilgrim.es\\\/de\\\/primitiver-weg\\\/#breadcrumb\",\"itemListElement\":[{\"@type\":\"ListItem\",\"position\":1,\"name\":\"Camino de Santiago\",\"item\":\"https:\\\/\\\/www.pilgrim.es\\\/de\\\/\"},{\"@type\":\"ListItem\",\"position\":2,\"name\":\"Der Primitive Weg (Urweg)\"}]},{\"@type\":\"WebSite\",\"@id\":\"https:\\\/\\\/www.pilgrim.es\\\/de\\\/#website\",\"url\":\"https:\\\/\\\/www.pilgrim.es\\\/de\\\/\",\"name\":\"Pilgrim\",\"description\":\"Camino de Santiago | Caminamos Contigo\",\"publisher\":{\"@id\":\"https:\\\/\\\/www.pilgrim.es\\\/de\\\/#organization\"},\"potentialAction\":[{\"@type\":\"SearchAction\",\"target\":{\"@type\":\"EntryPoint\",\"urlTemplate\":\"https:\\\/\\\/www.pilgrim.es\\\/de\\\/?s={search_term_string}\"},\"query-input\":{\"@type\":\"PropertyValueSpecification\",\"valueRequired\":true,\"valueName\":\"search_term_string\"}}],\"inLanguage\":\"de\"},{\"@type\":\"Organization\",\"@id\":\"https:\\\/\\\/www.pilgrim.es\\\/de\\\/#organization\",\"name\":\"Pilgrim Camino de Santiago\",\"url\":\"https:\\\/\\\/www.pilgrim.es\\\/de\\\/\",\"logo\":{\"@type\":\"ImageObject\",\"inLanguage\":\"de\",\"@id\":\"https:\\\/\\\/www.pilgrim.es\\\/de\\\/#\\\/schema\\\/logo\\\/image\\\/\",\"url\":\"https:\\\/\\\/www.pilgrim.es\\\/wp-content\\\/uploads\\\/2019\\\/04\\\/logo_pilgrim.png\",\"contentUrl\":\"https:\\\/\\\/www.pilgrim.es\\\/wp-content\\\/uploads\\\/2019\\\/04\\\/logo_pilgrim.png\",\"width\":512,\"height\":512,\"caption\":\"Pilgrim Camino de Santiago\"},\"image\":{\"@id\":\"https:\\\/\\\/www.pilgrim.es\\\/de\\\/#\\\/schema\\\/logo\\\/image\\\/\"},\"sameAs\":[\"https:\\\/\\\/www.facebook.com\\\/pilgrim.es\\\/\",\"https:\\\/\\\/x.com\\\/pilgrim_es\",\"https:\\\/\\\/www.instagram.com\\\/pilgrim.es\\\/\",\"https:\\\/\\\/www.linkedin.com\\\/company\\\/pilgrim-camino-de-santiago\\\/\",\"https:\\\/\\\/www.pinterest.es\\\/pilgrimcaminodesantiago\\\/\",\"https:\\\/\\\/www.youtube.com\\\/channel\\\/UCIv2ZzFLXVqthkNF32rKedw\\\/featured\"]}]}<\/script>\n<!-- \/ Yoast SEO plugin. -->","yoast_head_json":{"title":"\u25b7 Der Primitive Weg (Urweg) | Etappen und Landkarte | Von Oviedo aus | Pilgrim","description":"Der Primitive Weg \u2705 Hier finden Sie alle Informationen \u00fcber die Etappen, Entfernungen oder Interessenspunkte\/ Sehensw\u00fcrdigkeiten, die Sie zur Planung Ihres Jakobsweges von Oviedo aus ben\u00f6tigen.","robots":{"index":"index","follow":"follow","max-snippet":"max-snippet:-1","max-image-preview":"max-image-preview:large","max-video-preview":"max-video-preview:-1"},"canonical":"https:\/\/www.pilgrim.es\/de\/primitiver-weg\/","og_locale":"de_DE","og_type":"article","og_title":"\u25b7 Der Primitive Weg (Urweg) | Etappen und Landkarte | Von Oviedo aus | Pilgrim","og_description":"Der Primitive Weg \u2705 Hier finden Sie alle Informationen \u00fcber die Etappen, Entfernungen oder Interessenspunkte\/ Sehensw\u00fcrdigkeiten, die Sie zur Planung Ihres Jakobsweges von Oviedo aus ben\u00f6tigen.","og_url":"https:\/\/www.pilgrim.es\/de\/primitiver-weg\/","og_site_name":"Pilgrim","article_publisher":"https:\/\/www.facebook.com\/pilgrim.es\/","article_modified_time":"2025-11-24T08:59:38+00:00","og_image":[{"width":1131,"height":523,"url":"https:\/\/www.pilgrim.es\/wp-content\/uploads\/2019\/02\/fondo-camino-primitivo-01.jpg","type":"image\/jpeg"}],"twitter_card":"summary_large_image","twitter_site":"@pilgrim_es","twitter_misc":{"Gesch\u00e4tzte Lesezeit":"6\u00a0Minuten"},"schema":{"@context":"https:\/\/schema.org","@graph":[{"@type":"WebPage","@id":"https:\/\/www.pilgrim.es\/de\/primitiver-weg\/","url":"https:\/\/www.pilgrim.es\/de\/primitiver-weg\/","name":"\u25b7 Der Primitive Weg (Urweg) | Etappen und Landkarte | Von Oviedo aus | Pilgrim","isPartOf":{"@id":"https:\/\/www.pilgrim.es\/de\/#website"},"primaryImageOfPage":{"@id":"https:\/\/www.pilgrim.es\/de\/primitiver-weg\/#primaryimage"},"image":{"@id":"https:\/\/www.pilgrim.es\/de\/primitiver-weg\/#primaryimage"},"thumbnailUrl":"https:\/\/www.pilgrim.es\/wp-content\/uploads\/2019\/02\/fondo-camino-primitivo-01.jpg","datePublished":"2019-02-07T15:17:27+00:00","dateModified":"2025-11-24T08:59:38+00:00","description":"Der Primitive Weg \u2705 Hier finden Sie alle Informationen \u00fcber die Etappen, Entfernungen oder Interessenspunkte\/ Sehensw\u00fcrdigkeiten, die Sie zur Planung Ihres Jakobsweges von Oviedo aus ben\u00f6tigen.","breadcrumb":{"@id":"https:\/\/www.pilgrim.es\/de\/primitiver-weg\/#breadcrumb"},"inLanguage":"de","potentialAction":[{"@type":"ReadAction","target":["https:\/\/www.pilgrim.es\/de\/primitiver-weg\/"]}]},{"@type":"ImageObject","inLanguage":"de","@id":"https:\/\/www.pilgrim.es\/de\/primitiver-weg\/#primaryimage","url":"https:\/\/www.pilgrim.es\/wp-content\/uploads\/2019\/02\/fondo-camino-primitivo-01.jpg","contentUrl":"https:\/\/www.pilgrim.es\/wp-content\/uploads\/2019\/02\/fondo-camino-primitivo-01.jpg","width":1131,"height":523,"caption":"verlauf primitiver weg"},{"@type":"BreadcrumbList","@id":"https:\/\/www.pilgrim.es\/de\/primitiver-weg\/#breadcrumb","itemListElement":[{"@type":"ListItem","position":1,"name":"Camino de Santiago","item":"https:\/\/www.pilgrim.es\/de\/"},{"@type":"ListItem","position":2,"name":"Der Primitive Weg (Urweg)"}]},{"@type":"WebSite","@id":"https:\/\/www.pilgrim.es\/de\/#website","url":"https:\/\/www.pilgrim.es\/de\/","name":"Pilgrim","description":"Camino de Santiago | Caminamos Contigo","publisher":{"@id":"https:\/\/www.pilgrim.es\/de\/#organization"},"potentialAction":[{"@type":"SearchAction","target":{"@type":"EntryPoint","urlTemplate":"https:\/\/www.pilgrim.es\/de\/?s={search_term_string}"},"query-input":{"@type":"PropertyValueSpecification","valueRequired":true,"valueName":"search_term_string"}}],"inLanguage":"de"},{"@type":"Organization","@id":"https:\/\/www.pilgrim.es\/de\/#organization","name":"Pilgrim Camino de Santiago","url":"https:\/\/www.pilgrim.es\/de\/","logo":{"@type":"ImageObject","inLanguage":"de","@id":"https:\/\/www.pilgrim.es\/de\/#\/schema\/logo\/image\/","url":"https:\/\/www.pilgrim.es\/wp-content\/uploads\/2019\/04\/logo_pilgrim.png","contentUrl":"https:\/\/www.pilgrim.es\/wp-content\/uploads\/2019\/04\/logo_pilgrim.png","width":512,"height":512,"caption":"Pilgrim Camino de Santiago"},"image":{"@id":"https:\/\/www.pilgrim.es\/de\/#\/schema\/logo\/image\/"},"sameAs":["https:\/\/www.facebook.com\/pilgrim.es\/","https:\/\/x.com\/pilgrim_es","https:\/\/www.instagram.com\/pilgrim.es\/","https:\/\/www.linkedin.com\/company\/pilgrim-camino-de-santiago\/","https:\/\/www.pinterest.es\/pilgrimcaminodesantiago\/","https:\/\/www.youtube.com\/channel\/UCIv2ZzFLXVqthkNF32rKedw\/featured"]}]}},"_links":{"self":[{"href":"https:\/\/www.pilgrim.es\/de\/wp-json\/wp\/v2\/pages\/10635","targetHints":{"allow":["GET"]}}],"collection":[{"href":"https:\/\/www.pilgrim.es\/de\/wp-json\/wp\/v2\/pages"}],"about":[{"href":"https:\/\/www.pilgrim.es\/de\/wp-json\/wp\/v2\/types\/page"}],"author":[{"embeddable":true,"href":"https:\/\/www.pilgrim.es\/de\/wp-json\/wp\/v2\/users\/4"}],"replies":[{"embeddable":true,"href":"https:\/\/www.pilgrim.es\/de\/wp-json\/wp\/v2\/comments?post=10635"}],"version-history":[{"count":46,"href":"https:\/\/www.pilgrim.es\/de\/wp-json\/wp\/v2\/pages\/10635\/revisions"}],"predecessor-version":[{"id":138732,"href":"https:\/\/www.pilgrim.es\/de\/wp-json\/wp\/v2\/pages\/10635\/revisions\/138732"}],"wp:featuredmedia":[{"embeddable":true,"href":"https:\/\/www.pilgrim.es\/de\/wp-json\/wp\/v2\/media\/10501"}],"wp:attachment":[{"href":"https:\/\/www.pilgrim.es\/de\/wp-json\/wp\/v2\/media?parent=10635"}],"wp:term":[{"taxonomy":"category","embeddable":true,"href":"https:\/\/www.pilgrim.es\/de\/wp-json\/wp\/v2\/categories?post=10635"},{"taxonomy":"post_tag","embeddable":true,"href":"https:\/\/www.pilgrim.es\/de\/wp-json\/wp\/v2\/tags?post=10635"}],"curies":[{"name":"wp","href":"https:\/\/api.w.org\/{rel}","templated":true}]}}