{"id":10613,"date":"2019-02-07T09:21:50","date_gmt":"2019-02-07T09:21:50","guid":{"rendered":"https:\/\/desarrollo.pilgrim.es\/sanabres-weg\/"},"modified":"2025-11-25T11:17:07","modified_gmt":"2025-11-25T11:17:07","slug":"sanabres-weg","status":"publish","type":"page","link":"https:\/\/www.pilgrim.es\/de\/sanabres-weg\/","title":{"rendered":"Sanabr\u00e9s- Weg"},"content":{"rendered":"\n<div id=\"way\">\n  <section id=\"heroWay\">\n    <h1>Sanabr\u00e9s- Weg<\/h1>\n    <div class=\"options-stages\">\n      <p>\n        <a href=\"#stagesFoot\">13 Etappen zu Fu\u00df <\/a> \/\n        <a href=\"#stagesBike\">7 Ettapen mit dem Fahrrad<\/a>\n      <\/p>\n    <\/div>\n    <div class=\"main-content\">\n      <div class=\"main-content__col-map\">\n        <img decoding=\"async\" src=\"https:\/\/cdn.pilgrim.es\/web\/caminos\/camino-sanabres\/home\/mapa-camino-sanabres.jpg\" alt=\"Landkarte Sanabr\u00e9s- Weg\" \/>\n      <\/div>\n      <div class=\"main-content__col-planner\"><div\r\n  class=\"p-col-span-1 p-rounded-lg p-px-5 p-h-full\"\r\n  style=\"background-image: url('https:\/\/cdn.pilgrim.es\/web\/pilgrim-planner\/bg-plugin-planificador.webp')\"\r\n  rel=\"preload\"\r\n  fetchpriority=\"high\"\r\n  >\r\n    <div class=\"p-text-center p-pt-5 p-text-white p-text-2xl p-font-semibold\">\r\n      Plane deinen Weg    <\/div>\r\n    <div\r\n            id='primary-app'\r\n            data-name='banner'\r\n            data-api='https:\/\/pathfinder.pilgrim.es\/api\/pathfinder\/v2'\r\n            data-mode='normal'\r\n            data-lang='de'\r\n            data-route='1'\r\n            data-destiny='https:\/\/planificador.pilgrim.es'\r\n            data-modality='1'\r\n            data-inline=''\r\n        ><\/div><\/div><\/div>\n    <\/div>\n  <\/section>\n\n  <section id=\"scoreBarsWay\">\n    <section>\r\n  <div class=\"p-flex p-flex-nowrap p-space-x-4 p-py-5 p-overflow-x-auto md:p-grid md:p-grid-cols-3 lg:p-grid-cols-5 md:p-gap-8 md:p-space-x-0 md:p-overflow-hidden scrollbar-thin\">\r\n    <div class=\"p-grid p-grid-cols-4 p-shrink-0 p-w-72 p-snap-start md:p-w-full\">\r\n        <div class=\"p-col-span-1 p-self-center p-text-center p-text-3xl\">\r\n            <i class=\"icon-influx\"><\/i>\r\n        <\/div>\r\n        <div class=\"p-col-span-3 p-flex p-flex-col p-items-start\">\r\n            <div class=\"p-text-start p-text-secondary p-mb-1 p-bold\"> Zustrom <\/div>\r\n            <div class=\"p-w-full p-bg-light p-rounded-full p-h-2 p-relative\">\r\n                <div class=\"p-bg-primary p-h-2 p-rounded-full p-absolute\" style=\"width: 40%;\"><\/div>\r\n            <\/div>\r\n        <\/div>\r\n    <\/div>\r\n\r\n    <div class=\"p-grid p-grid-cols-4 p-shrink-0 p-w-72 p-snap-start md:p-w-full\">\r\n        <div class=\"p-col-span-1 p-self-center p-text-center p-text-3xl\">\r\n            <i class=\"icon-difficulty\"><\/i>\r\n        <\/div>\r\n        <div class=\"p-col-span-3 p-flex p-flex-col p-items-start\">\r\n            <div class=\"p-text-start p-text-secondary p-mb-1 p-bold\"> Schwierigkeitsgrad <\/div>\r\n            <div class=\"p-w-full p-bg-light p-rounded-full p-h-2 p-relative\">\r\n                <div class=\"p-bg-primary p-h-2 p-rounded-full p-absolute\" style=\"width: 60%;\"><\/div>\r\n            <\/div>\r\n        <\/div>\r\n    <\/div>\r\n\r\n    <div class=\"p-grid p-grid-cols-4 p-shrink-0 p-w-72 p-snap-start md:p-w-full\">\r\n        <div class=\"p-col-span-1 p-self-center p-text-center p-text-3xl\">\r\n            <i class=\"icon-patrimony\"><\/i>\r\n        <\/div>\r\n        <div class=\"p-col-span-3 p-flex p-flex-col p-items-start\">\r\n            <div class=\"p-text-start p-text-secondary p-mb-1 p-bold\"> Kunst\/Geschichte <\/div>\r\n            <div class=\"p-w-full p-bg-light p-rounded-full p-h-2 p-relative\">\r\n                <div class=\"p-bg-primary p-h-2 p-rounded-full p-absolute\" style=\"width: 40%;\"><\/div>\r\n            <\/div>\r\n        <\/div>\r\n    <\/div>\r\n\r\n    <div class=\"p-grid p-grid-cols-4 p-shrink-0 p-w-72 p-snap-start md:p-w-full\">\r\n        <div class=\"p-col-span-1 p-self-center p-text-center p-text-3xl\">\r\n            <i class=\"icon-nature\"><\/i>\r\n        <\/div>\r\n        <div class=\"p-col-span-3 p-flex p-flex-col p-items-start\">\r\n            <div class=\"p-text-start p-text-secondary p-mb-1 p-bold\"> Natur <\/div>\r\n            <div class=\"p-w-full p-bg-light p-rounded-full p-h-2 p-relative\">\r\n                <div class=\"p-bg-primary p-h-2 p-rounded-full p-absolute\" style=\"width: 60%;\"><\/div>\r\n            <\/div>\r\n        <\/div>\r\n    <\/div>\r\n\r\n    <div class=\"p-grid p-grid-cols-4 p-shrink-0 p-w-72 p-snap-start md:p-w-full\">\r\n        <div class=\"p-col-span-1 p-self-center p-text-center p-text-3xl\">\r\n            <i class=\"icon-urban\"><\/i>\r\n        <\/div>\r\n        <div class=\"p-col-span-3 p-flex p-flex-col p-items-start\">\r\n            <div class=\"p-text-start p-text-secondary p-mb-1 p-bold\"> St\u00e4dtischer Weg <\/div>\r\n            <div class=\"p-w-full p-bg-light p-rounded-full p-h-2 p-relative\">\r\n                <div class=\"p-bg-primary p-h-2 p-rounded-full p-absolute\" style=\"width: 20%;\"><\/div>\r\n            <\/div>\r\n        <\/div>\r\n    <\/div>\r\n  <\/div>\r\n<\/section>\n  <\/section>\n\n  <section id=\"summaryWay\">\n    <div class=\"subtitle\">\n      <h4 class=\"p-h4--section\">Einen sch\u00f6nen Spaziergang!<\/h4>\n      <hr \/>\n    <\/div>\n    <div class=\"content-summary\">\n      <div class=\"content-summary__col-text\">\n        <h2>Warum den Sanabr\u00e9s- Weg w\u00e4hlen?<\/h2>\n\n        <p class=\"p-my-3\">\n          Der Ausgangspunkt dieser Route ist die zur Provinz Zamora angeh\u00f6renden\n          Gemeinde Granja de la Moreruela, die vom Zisterzienser-Orden f\u00fcr die\n          Errichtung seines\n          <strong>ersten Klosters auf der Iberischen Halbinsel<\/strong>\n          ausgew\u00e4hlt wurde. Zuvor war dieser Ort als Santiago de Moreruela\n          bekannt, ein zuverl\u00e4ssiger Beweis f\u00fcr seine enge Verbindung mit dem\n          Jakobsweg. Aber nicht nur die Gl\u00e4ubigen folgten dieser Route, sondern\n          viele Reisende und Kaufleute nutzten diesen Ur- Weg, um zwischen so\n          weit entfernten Punkten wie dem Zentrum der Halbinsel und dem Norden\n          Spaniens eine Verbindung herzustellen. Er wurde auch als\n          Viehtriebstrecke und Transportweg f\u00fcr Kaufleute aus dem ganzen Land\n          genutzt. Hervorzuheben sind dabei die bekannten \u201eGehsteige\u201c (veredas),\n          die von den galicischen Bauern zur Erntezeit bis nach Kastilien\n          beschritten wurden. aus diesem Grund wurden entlang ihres Verlaufes\n          eine Vielzahl an Hospitalen, Herbergen und ebenfalls Tempel und\n          Kl\u00f6ster errichtet.\n        <\/p>\n\n        <p class=\"p-mb-3\">\n          Befinden wir uns einmal\n          <strong>in galizischem Gebiet, bieten sich uns zwei M\u00f6glchkeiten, den\n            Verlauf bis nach Santiago zu vervollst\u00e4ndingen.<\/strong>\n          Die k\u00fcrzere f\u00fchrt durch<strong>A Gudi\u00f1a und Laza<\/strong>, w\u00e4hrend die\n          andere <strong>nach Ver\u00edn<\/strong> ausweicht und der Strecke einige\n          Kilometer summiert; allerdings f\u00fcr Radfahrer empfehlenswert ist, da\n          sie gr\u00f6\u00dftenteils der Nationalstra\u00dfe entlang verstreicht. Letztere\n          erm\u00f6glicht au\u00dferdem die Verkn\u00fcpfung mit der Variante durch das\n          Innenland des portugiesischen Weges, konkret an der angrenzenden\n          Ortschaft Chaves. Die Signalisierung ist entlang des Verlaufes\n          meistens gut, da es sich um eine der antiksten historischen Routen\n          <a href=\"https:\/\/www.pilgrim.es\/de\/wege\/\" class=\"p-underline\">aller Wege, die nach Santiago f\u00fchren<\/a>, handelt.\n        <\/p>\n      <\/div>\n      <div class=\"content-summary__col-experiences\">\n        <section id=\"experiencesCarousel\" class=\"p-relative\">\r\n  <div id=\"experiencesCarousel\" class=\"p-container p-mx-auto p-relative p-w-full lg:p-w-4\/5\">\r\n    <button id=\"prev-slide-experiences\" class=\"slide-button material-symbols-rounded\">\r\n        <div class=\"p-self-item p-font-bold\">&#10094;<\/div>\r\n    <\/button>\r\n    <button id=\"next-slide-experiences\" class=\"slide-button material-symbols-rounded\">\r\n        <div class=\"p-font-bold\">&#10095;<\/div>\r\n    <\/button>\r\n    <div id=\"carousel\" class=\"container-slider p-self-center p-mt-10\">\r\n        <ul class=\"card-list card-list--less-gap\">\r\n                                                <div  class=\"card-item card-item--min\" data-category=\"frances\" data-mode=\"a-pie\">\r\n                        <div class=\"p-rounded-lg p-h-80 p-relative p-p-5 p-text-white p-max-w-[250px] lg:p-max-w-full experience-card-item\">\r\n                            <div class=\"experience-card-bg\" style=\"background-image: url('\/wp-content\/uploads\/2024\/07\/experiencia-frances-desde-sarria.jpg');\"><\/div>\r\n                            <div class=\"experience-card-content p-h-72 card-item-container p-max-w-[250px] lg:p-max-w-full\">\r\n                                <div class=\"p-flex p-flex-wrap\">\r\n                                    <p class=\"p-col-auto p-m-0 p-px-2 p-border p-border-white p-rounded-lg p-text-sm p-self-center\">Zu Fu\u00df<\/p>\r\n                                    <p class=\"p-text-sm p-self-center p-px-4 p-mb-0\">4,9 \u2605<\/p>\r\n                                <\/div>\r\n                                <h3 class=\"p-font-['Inter'] p-normal-case p-text-base lg:p-text-xl p-font-bold p-my-5\"> <a href=\"\/experiencias\/camino-frances-desde-sarria\/\" id=\"camino-frances-desde-sarria\" target=\"_blank\" class=\"after:p-absolute after:p-inset-0 p-text-white hover:p-text-light\">Franz\u00f6sischer Weg von Sarria<\/a><\/h3>\r\n                                <div class=\"p-flex p-flex-wrap\">\r\n                                    <div class=\"p-col-auto p-flex p-self-center p-pr-0\">\r\n                                        <i class=\"icon-signal\"><\/i>\r\n                                    <\/div>\r\n                                    <div class=\"p-col-auto p-flex p-self-auto p-ml-2\">\r\n                                        <p class=\"p-m-0 p-text-sm p-font-bold\">111 Km<\/p>\r\n                                    <\/div>\r\n                                <\/div>\r\n                                <div class=\"p-flex p-flex-wrap p-my-1\">\r\n                                    <div class=\"p-col-auto p-flex p-self-center p-pr-0\">\r\n                                        <i class=\"icon-calendar\"><\/i>\r\n                                    <\/div>\r\n                                    <div class=\"p-col-auto p-flex p-self-auto p-ml-2\">\r\n                                        <p class=\"p-m-0 p-text-sm p-font-bold\">5 etappen<\/p>\r\n                                    <\/div>\r\n                                <\/div>\r\n                                <div class=\"p-flex p-flex-wrap\">\r\n                                    <div class=\"p-col-auto p-flex p-self-center p-pr-0\">\r\n                                        <i class=\"icon-nights\"><\/i>\r\n                                    <\/div>\r\n                                    <div class=\"p-col-auto p-flex p-align-self-auto p-ml-2\">\r\n                                        <p class=\"p-m-0 p-text-sm p-font-bold\">6 n\u00e4chte<\/p>\r\n                                    <\/div>\r\n                                <\/div>\r\n                                <div class=\"p-w-full p-absolute p-bottom-0 p-pb-3 p-pointer-events-none\">\r\n                                    <div class=\"p-flex p-justify-between\">\r\n                                        <div>\r\n                                            <p class=\"p-text-xs p-uppercase p-font-semibold p-my-1\">Ab<\/p>\r\n                                            <p class=\"p-text-2xl p-font-semibold p-mt-[-12px]\">450\u20ac<\/p>\r\n                                        <\/div>\r\n                                        <div class=\"p-text-white p-w-auto p-h-auto p-p-2 p-self-center p-rounded-full p-bg-dark-opacity\">\r\n                                            <img decoding=\"async\" src=\"\/wp-content\/uploads\/2024\/07\/flecha-r.svg\" alt=\"icono flecha derecha\" class=\"p-text-center p-self-center\">\r\n                                        <\/div>\r\n                                    <\/div>\r\n                                <\/div>\r\n                            <\/div>\r\n                        <\/div>\r\n                    <\/div>\r\n                                                                <div  class=\"card-item card-item--min\" data-category=\"frances\" data-mode=\"a-pie\">\r\n                        <div class=\"p-rounded-lg p-h-80 p-relative p-p-5 p-text-white p-max-w-[250px] lg:p-max-w-full experience-card-item\">\r\n                            <div class=\"experience-card-bg\" style=\"background-image: url('\/wp-content\/uploads\/2024\/07\/experiencia-santiago-con-perro.jpg');\"><\/div>\r\n                            <div class=\"experience-card-content p-h-72 card-item-container p-max-w-[250px] lg:p-max-w-full\">\r\n                                <div class=\"p-flex p-flex-wrap\">\r\n                                    <p class=\"p-col-auto p-m-0 p-px-2 p-border p-border-white p-rounded-lg p-text-sm p-self-center\">Zu Fu\u00df<\/p>\r\n                                    <p class=\"p-text-sm p-self-center p-px-4 p-mb-0\">4,8 \u2605<\/p>\r\n                                <\/div>\r\n                                <h3 class=\"p-font-['Inter'] p-normal-case p-text-base lg:p-text-xl p-font-bold p-my-5\"> <a href=\"\/experiencias\/camino-frances-perro\/\" id=\"camino-frances-perro\" target=\"_blank\" class=\"after:p-absolute after:p-inset-0 p-text-white hover:p-text-light\">Franz\u00f6sische Art mit Hund<\/a><\/h3>\r\n                                <div class=\"p-flex p-flex-wrap\">\r\n                                    <div class=\"p-col-auto p-flex p-self-center p-pr-0\">\r\n                                        <i class=\"icon-signal\"><\/i>\r\n                                    <\/div>\r\n                                    <div class=\"p-col-auto p-flex p-self-auto p-ml-2\">\r\n                                        <p class=\"p-m-0 p-text-sm p-font-bold\">111 Km<\/p>\r\n                                    <\/div>\r\n                                <\/div>\r\n                                <div class=\"p-flex p-flex-wrap p-my-1\">\r\n                                    <div class=\"p-col-auto p-flex p-self-center p-pr-0\">\r\n                                        <i class=\"icon-calendar\"><\/i>\r\n                                    <\/div>\r\n                                    <div class=\"p-col-auto p-flex p-self-auto p-ml-2\">\r\n                                        <p class=\"p-m-0 p-text-sm p-font-bold\">5 etappen<\/p>\r\n                                    <\/div>\r\n                                <\/div>\r\n                                <div class=\"p-flex p-flex-wrap\">\r\n                                    <div class=\"p-col-auto p-flex p-self-center p-pr-0\">\r\n                                        <i class=\"icon-nights\"><\/i>\r\n                                    <\/div>\r\n                                    <div class=\"p-col-auto p-flex p-align-self-auto p-ml-2\">\r\n                                        <p class=\"p-m-0 p-text-sm p-font-bold\">6 n\u00e4chte<\/p>\r\n                                    <\/div>\r\n                                <\/div>\r\n                                <div class=\"p-w-full p-absolute p-bottom-0 p-pb-3 p-pointer-events-none\">\r\n                                    <div class=\"p-flex p-justify-between\">\r\n                                        <div>\r\n                                            <p class=\"p-text-xs p-uppercase p-font-semibold p-my-1\">Ab<\/p>\r\n                                            <p class=\"p-text-2xl p-font-semibold p-mt-[-12px]\">495\u20ac<\/p>\r\n                                        <\/div>\r\n                                        <div class=\"p-text-white p-w-auto p-h-auto p-p-2 p-self-center p-rounded-full p-bg-dark-opacity\">\r\n                                            <img decoding=\"async\" src=\"\/wp-content\/uploads\/2024\/07\/flecha-r.svg\" alt=\"icono flecha derecha\" class=\"p-text-center p-self-center\">\r\n                                        <\/div>\r\n                                    <\/div>\r\n                                <\/div>\r\n                            <\/div>\r\n                        <\/div>\r\n                    <\/div>\r\n                                                                <div  class=\"card-item card-item--min\" data-category=\"portugues\" data-mode=\"a-pie\">\r\n                        <div class=\"p-rounded-lg p-h-80 p-relative p-p-5 p-text-white p-max-w-[250px] lg:p-max-w-full experience-card-item\">\r\n                            <div class=\"experience-card-bg\" style=\"background-image: url('\/wp-content\/uploads\/2024\/07\/experiencia-portugues-desde-tui.jpg');\"><\/div>\r\n                            <div class=\"experience-card-content p-h-72 card-item-container p-max-w-[250px] lg:p-max-w-full\">\r\n                                <div class=\"p-flex p-flex-wrap\">\r\n                                    <p class=\"p-col-auto p-m-0 p-px-2 p-border p-border-white p-rounded-lg p-text-sm p-self-center\">Zu Fu\u00df<\/p>\r\n                                    <p class=\"p-text-sm p-self-center p-px-4 p-mb-0\">4,9 \u2605<\/p>\r\n                                <\/div>\r\n                                <h3 class=\"p-font-['Inter'] p-normal-case p-text-base lg:p-text-xl p-font-bold p-my-5\"> <a href=\"\/experiencias\/camino-portugues-desde-tui\/\" id=\"camino-portugues-desde-tui\" target=\"_blank\" class=\"after:p-absolute after:p-inset-0 p-text-white hover:p-text-light\">Portugiesischer Weg von Tui<\/a><\/h3>\r\n                                <div class=\"p-flex p-flex-wrap\">\r\n                                    <div class=\"p-col-auto p-flex p-self-center p-pr-0\">\r\n                                        <i class=\"icon-signal\"><\/i>\r\n                                    <\/div>\r\n                                    <div class=\"p-col-auto p-flex p-self-auto p-ml-2\">\r\n                                        <p class=\"p-m-0 p-text-sm p-font-bold\">115 Km<\/p>\r\n                                    <\/div>\r\n                                <\/div>\r\n                                <div class=\"p-flex p-flex-wrap p-my-1\">\r\n                                    <div class=\"p-col-auto p-flex p-self-center p-pr-0\">\r\n                                        <i class=\"icon-calendar\"><\/i>\r\n                                    <\/div>\r\n                                    <div class=\"p-col-auto p-flex p-self-auto p-ml-2\">\r\n                                        <p class=\"p-m-0 p-text-sm p-font-bold\">5 etappen<\/p>\r\n                                    <\/div>\r\n                                <\/div>\r\n                                <div class=\"p-flex p-flex-wrap\">\r\n                                    <div class=\"p-col-auto p-flex p-self-center p-pr-0\">\r\n                                        <i class=\"icon-nights\"><\/i>\r\n                                    <\/div>\r\n                                    <div class=\"p-col-auto p-flex p-align-self-auto p-ml-2\">\r\n                                        <p class=\"p-m-0 p-text-sm p-font-bold\">6 n\u00e4chte<\/p>\r\n                                    <\/div>\r\n                                <\/div>\r\n                                <div class=\"p-w-full p-absolute p-bottom-0 p-pb-3 p-pointer-events-none\">\r\n                                    <div class=\"p-flex p-justify-between\">\r\n                                        <div>\r\n                                            <p class=\"p-text-xs p-uppercase p-font-semibold p-my-1\">Ab<\/p>\r\n                                            <p class=\"p-text-2xl p-font-semibold p-mt-[-12px]\">450\u20ac<\/p>\r\n                                        <\/div>\r\n                                        <div class=\"p-text-white p-w-auto p-h-auto p-p-2 p-self-center p-rounded-full p-bg-dark-opacity\">\r\n                                            <img decoding=\"async\" src=\"\/wp-content\/uploads\/2024\/07\/flecha-r.svg\" alt=\"icono flecha derecha\" class=\"p-text-center p-self-center\">\r\n                                        <\/div>\r\n                                    <\/div>\r\n                                <\/div>\r\n                            <\/div>\r\n                        <\/div>\r\n                    <\/div>\r\n                                                                <div  class=\"card-item card-item--min\" data-category=\"ingles\" data-mode=\"a-pie\">\r\n                        <div class=\"p-rounded-lg p-h-80 p-relative p-p-5 p-text-white p-max-w-[250px] lg:p-max-w-full experience-card-item\">\r\n                            <div class=\"experience-card-bg\" style=\"background-image: url('\/wp-content\/uploads\/2024\/07\/experiencia-ingles-desde-ferrol.jpg');\"><\/div>\r\n                            <div class=\"experience-card-content p-h-72 card-item-container p-max-w-[250px] lg:p-max-w-full\">\r\n                                <div class=\"p-flex p-flex-wrap\">\r\n                                    <p class=\"p-col-auto p-m-0 p-px-2 p-border p-border-white p-rounded-lg p-text-sm p-self-center\">Zu Fu\u00df<\/p>\r\n                                    <p class=\"p-text-sm p-self-center p-px-4 p-mb-0\">4,7 \u2605<\/p>\r\n                                <\/div>\r\n                                <h3 class=\"p-font-['Inter'] p-normal-case p-text-base lg:p-text-xl p-font-bold p-my-5\"> <a href=\"\/experiencias\/camino-ingles-desde-ferrol\/\" id=\"camino-ingles-desde-ferrol\" target=\"_blank\" class=\"after:p-absolute after:p-inset-0 p-text-white hover:p-text-light\">Englischer Weg von Ferrol<\/a><\/h3>\r\n                                <div class=\"p-flex p-flex-wrap\">\r\n                                    <div class=\"p-col-auto p-flex p-self-center p-pr-0\">\r\n                                        <i class=\"icon-signal\"><\/i>\r\n                                    <\/div>\r\n                                    <div class=\"p-col-auto p-flex p-self-auto p-ml-2\">\r\n                                        <p class=\"p-m-0 p-text-sm p-font-bold\">116 Km<\/p>\r\n                                    <\/div>\r\n                                <\/div>\r\n                                <div class=\"p-flex p-flex-wrap p-my-1\">\r\n                                    <div class=\"p-col-auto p-flex p-self-center p-pr-0\">\r\n                                        <i class=\"icon-calendar\"><\/i>\r\n                                    <\/div>\r\n                                    <div class=\"p-col-auto p-flex p-self-auto p-ml-2\">\r\n                                        <p class=\"p-m-0 p-text-sm p-font-bold\">5 etappen<\/p>\r\n                                    <\/div>\r\n                                <\/div>\r\n                                <div class=\"p-flex p-flex-wrap\">\r\n                                    <div class=\"p-col-auto p-flex p-self-center p-pr-0\">\r\n                                        <i class=\"icon-nights\"><\/i>\r\n                                    <\/div>\r\n                                    <div class=\"p-col-auto p-flex p-align-self-auto p-ml-2\">\r\n                                        <p class=\"p-m-0 p-text-sm p-font-bold\">6 n\u00e4chte<\/p>\r\n                                    <\/div>\r\n                                <\/div>\r\n                                <div class=\"p-w-full p-absolute p-bottom-0 p-pb-3 p-pointer-events-none\">\r\n                                    <div class=\"p-flex p-justify-between\">\r\n                                        <div>\r\n                                            <p class=\"p-text-xs p-uppercase p-font-semibold p-my-1\">Ab<\/p>\r\n                                            <p class=\"p-text-2xl p-font-semibold p-mt-[-12px]\">450\u20ac<\/p>\r\n                                        <\/div>\r\n                                        <div class=\"p-text-white p-w-auto p-h-auto p-p-2 p-self-center p-rounded-full p-bg-dark-opacity\">\r\n                                            <img decoding=\"async\" src=\"\/wp-content\/uploads\/2024\/07\/flecha-r.svg\" alt=\"icono flecha derecha\" class=\"p-text-center p-self-center\">\r\n                                        <\/div>\r\n                                    <\/div>\r\n                                <\/div>\r\n                            <\/div>\r\n                        <\/div>\r\n                    <\/div>\r\n                                                                <div  class=\"card-item card-item--min\" data-category=\"fisterra\" data-mode=\"a-pie\">\r\n                        <div class=\"p-rounded-lg p-h-80 p-relative p-p-5 p-text-white p-max-w-[250px] lg:p-max-w-full experience-card-item\">\r\n                            <div class=\"experience-card-bg\" style=\"background-image: url('\/wp-content\/uploads\/2024\/07\/experiencia-santiago-a-fisterra.jpg');\"><\/div>\r\n                            <div class=\"experience-card-content p-h-72 card-item-container p-max-w-[250px] lg:p-max-w-full\">\r\n                                <div class=\"p-flex p-flex-wrap\">\r\n                                    <p class=\"p-col-auto p-m-0 p-px-2 p-border p-border-white p-rounded-lg p-text-sm p-self-center\">Zu Fu\u00df<\/p>\r\n                                    <p class=\"p-text-sm p-self-center p-px-4 p-mb-0\">4,8 \u2605<\/p>\r\n                                <\/div>\r\n                                <h3 class=\"p-font-['Inter'] p-normal-case p-text-base lg:p-text-xl p-font-bold p-my-5\"> <a href=\"\/experiencias\/camino-santiago-fisterra-caminando\/\" id=\"camino-santiago-fisterra-caminando\" target=\"_blank\" class=\"after:p-absolute after:p-inset-0 p-text-white hover:p-text-light\">Jakobsweg nach Fisterra<\/a><\/h3>\r\n                                <div class=\"p-flex p-flex-wrap\">\r\n                                    <div class=\"p-col-auto p-flex p-self-center p-pr-0\">\r\n                                        <i class=\"icon-signal\"><\/i>\r\n                                    <\/div>\r\n                                    <div class=\"p-col-auto p-flex p-self-auto p-ml-2\">\r\n                                        <p class=\"p-m-0 p-text-sm p-font-bold\">85 Km<\/p>\r\n                                    <\/div>\r\n                                <\/div>\r\n                                <div class=\"p-flex p-flex-wrap p-my-1\">\r\n                                    <div class=\"p-col-auto p-flex p-self-center p-pr-0\">\r\n                                        <i class=\"icon-calendar\"><\/i>\r\n                                    <\/div>\r\n                                    <div class=\"p-col-auto p-flex p-self-auto p-ml-2\">\r\n                                        <p class=\"p-m-0 p-text-sm p-font-bold\">3 etappen<\/p>\r\n                                    <\/div>\r\n                                <\/div>\r\n                                <div class=\"p-flex p-flex-wrap\">\r\n                                    <div class=\"p-col-auto p-flex p-self-center p-pr-0\">\r\n                                        <i class=\"icon-nights\"><\/i>\r\n                                    <\/div>\r\n                                    <div class=\"p-col-auto p-flex p-align-self-auto p-ml-2\">\r\n                                        <p class=\"p-m-0 p-text-sm p-font-bold\">4 n\u00e4chte<\/p>\r\n                                    <\/div>\r\n                                <\/div>\r\n                                <div class=\"p-w-full p-absolute p-bottom-0 p-pb-3 p-pointer-events-none\">\r\n                                    <div class=\"p-flex p-justify-between\">\r\n                                        <div>\r\n                                            <p class=\"p-text-xs p-uppercase p-font-semibold p-my-1\">Ab<\/p>\r\n                                            <p class=\"p-text-2xl p-font-semibold p-mt-[-12px]\">315\u20ac<\/p>\r\n                                        <\/div>\r\n                                        <div class=\"p-text-white p-w-auto p-h-auto p-p-2 p-self-center p-rounded-full p-bg-dark-opacity\">\r\n                                            <img decoding=\"async\" src=\"\/wp-content\/uploads\/2024\/07\/flecha-r.svg\" alt=\"icono flecha derecha\" class=\"p-text-center p-self-center\">\r\n                                        <\/div>\r\n                                    <\/div>\r\n                                <\/div>\r\n                            <\/div>\r\n                        <\/div>\r\n                    <\/div>\r\n                                                                <div  class=\"card-item card-item--min\" data-category=\"portugues\" data-mode=\"a-pie\">\r\n                        <div class=\"p-rounded-lg p-h-80 p-relative p-p-5 p-text-white p-max-w-[250px] lg:p-max-w-full experience-card-item\">\r\n                            <div class=\"experience-card-bg\" style=\"background-image: url('\/wp-content\/uploads\/2024\/07\/experiencia-en-bici-desde-oporto.jpg');\"><\/div>\r\n                            <div class=\"experience-card-content p-h-72 card-item-container p-max-w-[250px] lg:p-max-w-full\">\r\n                                <div class=\"p-flex p-flex-wrap\">\r\n                                    <p class=\"p-col-auto p-m-0 p-px-2 p-border p-border-white p-rounded-lg p-text-sm p-self-center\">Mit dem Fahrrad<\/p>\r\n                                    <p class=\"p-text-sm p-self-center p-px-4 p-mb-0\">4,8 \u2605<\/p>\r\n                                <\/div>\r\n                                <h3 class=\"p-font-['Inter'] p-normal-case p-text-base lg:p-text-xl p-font-bold p-my-5\"> <a href=\"\/experiencias\/camino-portugues-en-bicicleta-desde-oporto\/\" id=\"camino-portugues-en-bicicleta-desde-oporto\" target=\"_blank\" class=\"after:p-absolute after:p-inset-0 p-text-white hover:p-text-light\">Der portugiesische Weg mit dem Fahrrad Oporto<\/a><\/h3>\r\n                                <div class=\"p-flex p-flex-wrap\">\r\n                                    <div class=\"p-col-auto p-flex p-self-center p-pr-0\">\r\n                                        <i class=\"icon-signal\"><\/i>\r\n                                    <\/div>\r\n                                    <div class=\"p-col-auto p-flex p-self-auto p-ml-2\">\r\n                                        <p class=\"p-m-0 p-text-sm p-font-bold\">242 Km<\/p>\r\n                                    <\/div>\r\n                                <\/div>\r\n                                <div class=\"p-flex p-flex-wrap p-my-1\">\r\n                                    <div class=\"p-col-auto p-flex p-self-center p-pr-0\">\r\n                                        <i class=\"icon-calendar\"><\/i>\r\n                                    <\/div>\r\n                                    <div class=\"p-col-auto p-flex p-self-auto p-ml-2\">\r\n                                        <p class=\"p-m-0 p-text-sm p-font-bold\">5 etappen<\/p>\r\n                                    <\/div>\r\n                                <\/div>\r\n                                <div class=\"p-flex p-flex-wrap\">\r\n                                    <div class=\"p-col-auto p-flex p-self-center p-pr-0\">\r\n                                        <i class=\"icon-nights\"><\/i>\r\n                                    <\/div>\r\n                                    <div class=\"p-col-auto p-flex p-align-self-auto p-ml-2\">\r\n                                        <p class=\"p-m-0 p-text-sm p-font-bold\">6 n\u00e4chte<\/p>\r\n                                    <\/div>\r\n                                <\/div>\r\n                                <div class=\"p-w-full p-absolute p-bottom-0 p-pb-3 p-pointer-events-none\">\r\n                                    <div class=\"p-flex p-justify-between\">\r\n                                        <div>\r\n                                            <p class=\"p-text-xs p-uppercase p-font-semibold p-my-1\">Ab<\/p>\r\n                                            <p class=\"p-text-2xl p-font-semibold p-mt-[-12px]\">490\u20ac<\/p>\r\n                                        <\/div>\r\n                                        <div class=\"p-text-white p-w-auto p-h-auto p-p-2 p-self-center p-rounded-full p-bg-dark-opacity\">\r\n                                            <img decoding=\"async\" src=\"\/wp-content\/uploads\/2024\/07\/flecha-r.svg\" alt=\"icono flecha derecha\" class=\"p-text-center p-self-center\">\r\n                                        <\/div>\r\n                                    <\/div>\r\n                                <\/div>\r\n                            <\/div>\r\n                        <\/div>\r\n                    <\/div>\r\n                                                                <div  class=\"card-item card-item--min\" data-category=\"primitivo\" data-mode=\"a-pie\">\r\n                        <div class=\"p-rounded-lg p-h-80 p-relative p-p-5 p-text-white p-max-w-[250px] lg:p-max-w-full experience-card-item\">\r\n                            <div class=\"experience-card-bg\" style=\"background-image: url('\/wp-content\/uploads\/2024\/07\/experiencia-en-bici-desde-oviedo.jpg');\"><\/div>\r\n                            <div class=\"experience-card-content p-h-72 card-item-container p-max-w-[250px] lg:p-max-w-full\">\r\n                                <div class=\"p-flex p-flex-wrap\">\r\n                                    <p class=\"p-col-auto p-m-0 p-px-2 p-border p-border-white p-rounded-lg p-text-sm p-self-center\">Mit dem Fahrrad<\/p>\r\n                                    <p class=\"p-text-sm p-self-center p-px-4 p-mb-0\">4,8 \u2605<\/p>\r\n                                <\/div>\r\n                                <h3 class=\"p-font-['Inter'] p-normal-case p-text-base lg:p-text-xl p-font-bold p-my-5\"> <a href=\"\/experiencias\/camino-primitivo-desde-oviedo-bici\/\" id=\"camino-primitivo-desde-oviedo-bici\" target=\"_blank\" class=\"after:p-absolute after:p-inset-0 p-text-white hover:p-text-light\">Der primitive Weg mit dem Fahrrad von Oviedo aus<\/a><\/h3>\r\n                                <div class=\"p-flex p-flex-wrap\">\r\n                                    <div class=\"p-col-auto p-flex p-self-center p-pr-0\">\r\n                                        <i class=\"icon-signal\"><\/i>\r\n                                    <\/div>\r\n                                    <div class=\"p-col-auto p-flex p-self-auto p-ml-2\">\r\n                                        <p class=\"p-m-0 p-text-sm p-font-bold\">313 Km<\/p>\r\n                                    <\/div>\r\n                                <\/div>\r\n                                <div class=\"p-flex p-flex-wrap p-my-1\">\r\n                                    <div class=\"p-col-auto p-flex p-self-center p-pr-0\">\r\n                                        <i class=\"icon-calendar\"><\/i>\r\n                                    <\/div>\r\n                                    <div class=\"p-col-auto p-flex p-self-auto p-ml-2\">\r\n                                        <p class=\"p-m-0 p-text-sm p-font-bold\">7 etappen<\/p>\r\n                                    <\/div>\r\n                                <\/div>\r\n                                <div class=\"p-flex p-flex-wrap\">\r\n                                    <div class=\"p-col-auto p-flex p-self-center p-pr-0\">\r\n                                        <i class=\"icon-nights\"><\/i>\r\n                                    <\/div>\r\n                                    <div class=\"p-col-auto p-flex p-align-self-auto p-ml-2\">\r\n                                        <p class=\"p-m-0 p-text-sm p-font-bold\">8 n\u00e4chte<\/p>\r\n                                    <\/div>\r\n                                <\/div>\r\n                                <div class=\"p-w-full p-absolute p-bottom-0 p-pb-3 p-pointer-events-none\">\r\n                                    <div class=\"p-flex p-justify-between\">\r\n                                        <div>\r\n                                            <p class=\"p-text-xs p-uppercase p-font-semibold p-my-1\">Ab<\/p>\r\n                                            <p class=\"p-text-2xl p-font-semibold p-mt-[-12px]\">325\u20ac<\/p>\r\n                                        <\/div>\r\n                                        <div class=\"p-text-white p-w-auto p-h-auto p-p-2 p-self-center p-rounded-full p-bg-dark-opacity\">\r\n                                            <img decoding=\"async\" src=\"\/wp-content\/uploads\/2024\/07\/flecha-r.svg\" alt=\"icono flecha derecha\" class=\"p-text-center p-self-center\">\r\n                                        <\/div>\r\n                                    <\/div>\r\n                                <\/div>\r\n                            <\/div>\r\n                        <\/div>\r\n                    <\/div>\r\n                                                                <div  class=\"card-item card-item--min\" data-category=\"primitivo\" data-mode=\"a-pie\">\r\n                        <div class=\"p-rounded-lg p-h-80 p-relative p-p-5 p-text-white p-max-w-[250px] lg:p-max-w-full experience-card-item\">\r\n                            <div class=\"experience-card-bg\" style=\"background-image: url('\/wp-content\/uploads\/2024\/07\/experiencia-primitivo-desde-lugo.jpg');\"><\/div>\r\n                            <div class=\"experience-card-content p-h-72 card-item-container p-max-w-[250px] lg:p-max-w-full\">\r\n                                <div class=\"p-flex p-flex-wrap\">\r\n                                    <p class=\"p-col-auto p-m-0 p-px-2 p-border p-border-white p-rounded-lg p-text-sm p-self-center\">Zu Fu\u00df<\/p>\r\n                                    <p class=\"p-text-sm p-self-center p-px-4 p-mb-0\">4,7 \u2605<\/p>\r\n                                <\/div>\r\n                                <h3 class=\"p-font-['Inter'] p-normal-case p-text-base lg:p-text-xl p-font-bold p-my-5\"> <a href=\"\/experiencias\/el-camino-primitivo-desde-lugo\/\" id=\"el-camino-primitivo-desde-lugo\" target=\"_blank\" class=\"after:p-absolute after:p-inset-0 p-text-white hover:p-text-light\">Primitiver Weg von Lugo<\/a><\/h3>\r\n                                <div class=\"p-flex p-flex-wrap\">\r\n                                    <div class=\"p-col-auto p-flex p-self-center p-pr-0\">\r\n                                        <i class=\"icon-signal\"><\/i>\r\n                                    <\/div>\r\n                                    <div class=\"p-col-auto p-flex p-self-auto p-ml-2\">\r\n                                        <p class=\"p-m-0 p-text-sm p-font-bold\">102 Km<\/p>\r\n                                    <\/div>\r\n                                <\/div>\r\n                                <div class=\"p-flex p-flex-wrap p-my-1\">\r\n                                    <div class=\"p-col-auto p-flex p-self-center p-pr-0\">\r\n                                        <i class=\"icon-calendar\"><\/i>\r\n                                    <\/div>\r\n                                    <div class=\"p-col-auto p-flex p-self-auto p-ml-2\">\r\n                                        <p class=\"p-m-0 p-text-sm p-font-bold\">5 etappen<\/p>\r\n                                    <\/div>\r\n                                <\/div>\r\n                                <div class=\"p-flex p-flex-wrap\">\r\n                                    <div class=\"p-col-auto p-flex p-self-center p-pr-0\">\r\n                                        <i class=\"icon-nights\"><\/i>\r\n                                    <\/div>\r\n                                    <div class=\"p-col-auto p-flex p-align-self-auto p-ml-2\">\r\n                                        <p class=\"p-m-0 p-text-sm p-font-bold\">6 n\u00e4chte<\/p>\r\n                                    <\/div>\r\n                                <\/div>\r\n                                <div class=\"p-w-full p-absolute p-bottom-0 p-pb-3 p-pointer-events-none\">\r\n                                    <div class=\"p-flex p-justify-between\">\r\n                                        <div>\r\n                                            <p class=\"p-text-xs p-uppercase p-font-semibold p-my-1\">Ab<\/p>\r\n                                            <p class=\"p-text-2xl p-font-semibold p-mt-[-12px]\">450\u20ac<\/p>\r\n                                        <\/div>\r\n                                        <div class=\"p-text-white p-w-auto p-h-auto p-p-2 p-self-center p-rounded-full p-bg-dark-opacity\">\r\n                                            <img decoding=\"async\" src=\"\/wp-content\/uploads\/2024\/07\/flecha-r.svg\" alt=\"icono flecha derecha\" class=\"p-text-center p-self-center\">\r\n                                        <\/div>\r\n                                    <\/div>\r\n                                <\/div>\r\n                            <\/div>\r\n                        <\/div>\r\n                    <\/div>\r\n                                        <div class=\"p-group card-item card-item--min p-p-5 p-relative p-rounded-lg p-bg-brown-light p-max-w-[250px] lg:p-max-w-full\">\r\n              <div class=\"p-h-full p-w-full p-flex p-justify-center p-z-10 p-rounded-lg\">\r\n                <div class=\"p-self-center p-flex p-flex-col p-justify-center p-text-center p-content-center\">\r\n                  <div class=\"p-border p-border-2 p-border-primary p-h-10 p-w-10 lg:p-h-16 lg:p-w-16 p-rounded-full p-mb-5 p-self-center\">\r\n                    <p class=\"p-self-center p-text-2xl lg:p-text-4xl p-text-primary\">+<\/p>\r\n                  <\/div>\r\n                  <p class=\"p-text-base lg:p-text-xl p-text-gray p-font-bold\">Siehe alle <br> unsere Erfahrungen<\/p>\r\n                  <button class=\"p-bg-primary p-my-5 p-rounded-lg p-px-5 p-py-2 hover:p-bg-primary-dark\">\r\n                    <a href=\"https:\/\/www.pilgrim.es\/de\/erlebnisse\/\"  class=\"after:p-absolute after:p-inset-0 p-text-white p-h-10 hover:p-text-white p-text-base lg:p-text-xl\">Mehr Routen<\/a>\r\n                  <\/button>\r\n                <\/div>\r\n              <\/div>\r\n            <\/div>\r\n        <\/ul>\r\n        <div class=\"slider-scrollbar\">\r\n            <div class=\"scrollbar-track\">\r\n                <div class=\"scrollbar-thumb\"><\/div>\r\n            <\/div>\r\n        <\/div>\r\n        <div id=\"indicators\" class=\"slider-indicators\"><\/div>\r\n    <\/div>\r\n  <\/div>\r\n<\/section>\r\n<script>\/\/ Aqu\u00ed va el c\u00f3digo JavaScript que maneja el slider\r\nconst initSlider = () => {\r\n  const imageList = document.querySelector(\".slider-wrapper .card-list\");\r\n  const slideButtons = document.querySelectorAll(\r\n    \".slider-wrapper .slide-button\"\r\n  );\r\n  const sliderScrollbar = document.querySelector(\r\n    \".container-slider .slider-scrollbar\"\r\n  );\r\n  const indicators = document.querySelectorAll(\".slider-indicators .indicator\");\r\n\r\n  if (sliderScrollbar && imageList && slideButtons) {\r\n    const scrollbarThumb =\r\n      sliderScrollbar.getElementsByClassName(\"scrollbar-thumb\");\r\n    const maxScrollLeft = imageList.scrollWidth - imageList.clientWidth;\r\n\r\n    \/\/ manejar scroll\r\n    scrollbarThumb.addEventListener(\"mousedown\", (e) => {\r\n      const startX = e.clientX;\r\n      const thumbPosition = scrollbarThumb.offsetLeft;\r\n      const maxThumbPosition =\r\n        sliderScrollbar.getBoundingClientRect().width -\r\n        scrollbarThumb.offsetWidth;\r\n\r\n      \/\/ actualizar posici\u00f3n con movimiento de rat\u00f3n\r\n      const handleMouseMove = (e) => {\r\n        const deltaX = e.clientX - startX;\r\n        const newThumbPosition = thumbPosition + deltaX;\r\n\r\n        \/\/ para que la scrollbar no se salga\r\n        const boundedPosition = Math.max(\r\n          0,\r\n          Math.min(maxThumbPosition, newThumbPosition)\r\n        );\r\n        const scrollPosition =\r\n          (boundedPosition \/ maxThumbPosition) * maxScrollLeft;\r\n\r\n        scrollbarThumb.style.left = `${boundedPosition}px`;\r\n        imageList.scrollLeft = scrollPosition;\r\n      };\r\n\r\n      \/\/ quitar escuchadores en mouse up\r\n      const handleMouseUp = () => {\r\n        document.removeEventListener(\"mousemove\", handleMouseMove);\r\n        document.removeEventListener(\"mouseup\", handleMouseUp);\r\n      };\r\n\r\n      \/\/ a\u00f1adir escuchadores para arrastre\r\n      document.addEventListener(\"mousemove\", handleMouseMove);\r\n      document.addEventListener(\"mouseup\", handleMouseUp);\r\n    });\r\n\r\n    \/\/ mover im\u00e1genes seg\u00fan los clicks al bot\u00f3n del slide\r\n    slideButtons.forEach((button) => {\r\n      button.addEventListener(\"click\", () => {\r\n        const direction = button.id === \"prev-slide\" ? -1 : 1;\r\n        const scrollAmount = imageList.clientWidth * direction;\r\n        imageList.scrollBy({ left: scrollAmount, behavior: \"smooth\" });\r\n        updateIndicators();\r\n      });\r\n    });\r\n\r\n    \/\/ mostrar o no los botones del slide seg\u00fan posici\u00f3n\r\n    const handleSlideButtons = () => {\r\n      slideButtons[0].style.display =\r\n        imageList.scrollLeft <= 0 ? \"none\" : \"flex\";\r\n      slideButtons[1].style.display =\r\n        imageList.scrollLeft >= maxScrollLeft ? \"none\" : \"flex\";\r\n    };\r\n\r\n    \/\/ actualizar posici\u00f3n de la scrollbar seg\u00fan posici\u00f3n\r\n    const updateScrollThumbPosition = () => {\r\n      const scrollPosition = imageList.scrollLeft;\r\n      const thumbPosition =\r\n        (scrollPosition \/ maxScrollLeft) *\r\n        (sliderScrollbar.clientWidth - scrollbarThumb.offsetWidth);\r\n      scrollbarThumb.style.left = `${thumbPosition}px`;\r\n    };\r\n\r\n    \/\/ actualizar indicadores seg\u00fan posici\u00f3n\r\n    const updateIndicators = () => {\r\n      const currentSlide = Math.round(\r\n        imageList.scrollLeft \/ imageList.clientWidth\r\n      );\r\n      indicators.forEach((indicator, index) => {\r\n        indicator.classList.toggle(\"active\", index === currentSlide);\r\n      });\r\n    };\r\n\r\n    \/\/ llamar funciones al hacer scroll en la lista\r\n    imageList.addEventListener(\"scroll\", () => {\r\n      updateScrollThumbPosition();\r\n      handleSlideButtons();\r\n      updateIndicators();\r\n    });\r\n\r\n    \/\/ a\u00f1adir eventos de click en los indicadores\r\n    indicators.forEach((indicator, index) => {\r\n      indicator.addEventListener(\"click\", () => {\r\n        const scrollPosition = index * imageList.clientWidth;\r\n        imageList.scrollTo({ left: scrollPosition, behavior: \"smooth\" });\r\n      });\r\n    });\r\n\r\n    \/\/ configuraci\u00f3n inicial\r\n    updateScrollThumbPosition();\r\n    handleSlideButtons();\r\n    updateIndicators();\r\n  }\r\n};\r\n\r\nwindow.addEventListener(\"resize\", initSlider);\r\nwindow.addEventListener(\"load\", initSlider);\r\n<\/script>\n      <\/div>\n    <\/div>\n  <\/section>\n  <section id=\"stagesFoot\">\n    <div class=\"subtitle\">\n      <h4 class=\"p-h4--section\">13 Etappen \/ 364 <span class=\"p-normal-case\">Kms<\/span><\/h4>\n      <hr \/>\n      <h2>Etappen des Sanabr\u00e9s- Weg zu Fu\u00df<\/h2>\n    <\/div>\n    <div id=\"stagesContainer\" class=\"container-stages scrollbar-thin\">\n      <div class=\"p-group card-stage\">\n        <a href=\"https:\/\/www.pilgrim.es\/camino-sanabres\/etapa-1-granja-de-moreruela-tabara\/\" class=\"hover:p-text-gray-dark\">\n          <div class=\"card-stage__header\">\n            <img decoding=\"async\" src=\"https:\/\/cdn.pilgrim.es\/web\/caminos\/camino-sanabres\/pueblos\/granja-de-la-moreruela.jpg\" alt=\"Granja de la Moreruela\" class=\"group-hover:p-scale-110\" \/>\n            <div class=\"card-overlay group-hover:p-opacity-50\"><\/div>\n            <div class=\"number-stage\"><span>1<\/span><\/div>\n          <\/div>\n          <div class=\"card-stage__body\">\n            <div class=\"title-stage\">\n              <h3 class=\"title-stage__start\">Granja de la Moreruela<\/h3>\n              <h3><span>&#10095;<\/span> T\u00e1bara<\/h3>\n              <div class=\"title-stage__tips\">\n                <h3>Ettape 1 :<\/h3>\n                <div><i class=\"icon-location\"><\/i> 25,1Km<\/div>\n                <div><i class=\"icon-clock\"><\/i> 5,5Std.<\/div>\n                <div><i class=\"icon-difficulty\"><\/i> 2\/5<\/div>\n              <\/div>\n            <\/div>\n            <button class=\"btn-arrow\">\n              <i class=\"icon-arrow\"><\/i>\n            <\/button>\n          <\/div>\n        <\/a>\n      <\/div>\n\n      <div class=\"p-group card-stage\">\n        <a href=\"https:\/\/www.pilgrim.es\/camino-sanabres\/etapa-2-tabara-santa-marta-de-tera\/\" class=\"hover:p-text-gray-dark\">\n          <div class=\"card-stage__header\">\n            <img decoding=\"async\" src=\"https:\/\/cdn.pilgrim.es\/web\/caminos\/camino-sanabres\/pueblos\/tabara.jpg\" alt=\"T\u00e1bara\" class=\"group-hover:p-scale-110\" \/>\n            <div class=\"card-overlay group-hover:p-opacity-50\"><\/div>\n            <div class=\"number-stage\"><span>2<\/span><\/div>\n          <\/div>\n          <div class=\"card-stage__body\">\n            <div class=\"title-stage\">\n              <h3 class=\"title-stage__start\">T\u00e1bara<\/h3>\n              <h3><span>&#10095;<\/span> Santa Marta de Tera<\/h3>\n              <div class=\"title-stage__tips\">\n                <h3>Ettape 2 :<\/h3>\n                <div><i class=\"icon-location\"><\/i> 22,9Km<\/div>\n                <div><i class=\"icon-clock\"><\/i> 5Std.<\/div>\n                <div><i class=\"icon-difficulty\"><\/i> 2\/5<\/div>\n              <\/div>\n            <\/div>\n            <button class=\"btn-arrow\">\n              <i class=\"icon-arrow\"><\/i>\n            <\/button>\n          <\/div>\n        <\/a>\n      <\/div>\n\n      <div class=\"p-group card-stage\">\n        <a href=\"https:\/\/www.pilgrim.es\/camino-sanabres\/etapa-3-santa-marta-de-tera-mombuey\/\" class=\"hover:p-text-gray-dark\">\n          <div class=\"card-stage__header\">\n            <img decoding=\"async\" src=\"https:\/\/cdn.pilgrim.es\/web\/caminos\/camino-sanabres\/pueblos\/mombuey.jpg\" alt=\"Mombuey\" class=\"group-hover:p-scale-110\" \/>\n            <div class=\"card-overlay group-hover:p-opacity-50\"><\/div>\n            <div class=\"number-stage\"><span>3<\/span><\/div>\n          <\/div>\n          <div class=\"card-stage__body\">\n            <div class=\"title-stage\">\n              <h3 class=\"title-stage__start\">Santa Marta de Tera<\/h3>\n              <h3><span>&#10095;<\/span> Mombuey<\/h3>\n              <div class=\"title-stage__tips\">\n                <h3>Ettape 3 :<\/h3>\n                <div><i class=\"icon-location\"><\/i> 36,1Km<\/div>\n                <div><i class=\"icon-clock\"><\/i> 8,5Std.<\/div>\n                <div><i class=\"icon-difficulty\"><\/i> 4\/5<\/div>\n              <\/div>\n            <\/div>\n            <button class=\"btn-arrow\">\n              <i class=\"icon-arrow\"><\/i>\n            <\/button>\n          <\/div>\n        <\/a>\n      <\/div>\n\n      <div class=\"p-group card-stage\">\n        <a href=\"https:\/\/www.pilgrim.es\/camino-sanabres\/etapa-4-mombuey-puebla-de-sanabria\/\" class=\"hover:p-text-gray-dark\">\n          <div class=\"card-stage__header\">\n            <img decoding=\"async\" src=\"https:\/\/cdn.pilgrim.es\/web\/caminos\/camino-sanabres\/pueblos\/puebla-de-sanabria.jpg\" alt=\"Puebla de Sanabria\" class=\"group-hover:p-scale-110\" \/>\n            <div class=\"card-overlay group-hover:p-opacity-50\"><\/div>\n            <div class=\"number-stage\"><span>4<\/span><\/div>\n          <\/div>\n          <div class=\"card-stage__body\">\n            <div class=\"title-stage\">\n              <h3 class=\"title-stage__start\">Mombuey<\/h3>\n              <h3><span>&#10095;<\/span> Puebla de Sanabria<\/h3>\n              <div class=\"title-stage__tips\">\n                <h3>Ettape 4 :<\/h3>\n                <div><i class=\"icon-location\"><\/i> 31,7Km<\/div>\n                <div><i class=\"icon-clock\"><\/i> 7,5Std.<\/div>\n                <div><i class=\"icon-difficulty\"><\/i> 3\/5<\/div>\n              <\/div>\n            <\/div>\n            <button class=\"btn-arrow\">\n              <i class=\"icon-arrow\"><\/i>\n            <\/button>\n          <\/div>\n        <\/a>\n      <\/div>\n\n      <div class=\"p-group card-stage\">\n        <a href=\"https:\/\/www.pilgrim.es\/camino-sanabres\/etapa-5-puebla-de-sanabria-lubian\/\" class=\"hover:p-text-gray-dark\">\n          <div class=\"card-stage__header\">\n            <img decoding=\"async\" src=\"https:\/\/cdn.pilgrim.es\/web\/caminos\/camino-sanabres\/pueblos\/lubian.jpg\" alt=\"Lubi\u00e1n\" class=\"group-hover:p-scale-110\" \/>\n            <div class=\"card-overlay group-hover:p-opacity-50\"><\/div>\n            <div class=\"number-stage\"><span>5<\/span><\/div>\n          <\/div>\n          <div class=\"card-stage__body\">\n            <div class=\"title-stage\">\n              <h3 class=\"title-stage__start\">Puebla de Sanabria<\/h3>\n              <h3><span>&#10095;<\/span> Lubi\u00e1n<\/h3>\n              <div class=\"title-stage__tips\">\n                <h3>Ettape 5 :<\/h3>\n                <div><i class=\"icon-location\"><\/i> 29,6Km<\/div>\n                <div><i class=\"icon-clock\"><\/i> 7Std.<\/div>\n                <div><i class=\"icon-difficulty\"><\/i> 4\/5<\/div>\n              <\/div>\n            <\/div>\n            <button class=\"btn-arrow\">\n              <i class=\"icon-arrow\"><\/i>\n            <\/button>\n          <\/div>\n        <\/a>\n      <\/div>\n\n      <div class=\"p-group card-stage\">\n        <a href=\"https:\/\/www.pilgrim.es\/camino-sanabres\/etapa-6-lubian-a-gudina\/\" class=\"hover:p-text-gray-dark\">\n          <div class=\"card-stage__header\">\n            <img decoding=\"async\" src=\"https:\/\/cdn.pilgrim.es\/web\/caminos\/camino-sanabres\/pueblos\/a-gudina.jpg\" alt=\"A Gudi\u00f1a\" class=\"group-hover:p-scale-110\" \/>\n            <div class=\"card-overlay group-hover:p-opacity-50\"><\/div>\n            <div class=\"number-stage\"><span>6<\/span><\/div>\n          <\/div>\n          <div class=\"card-stage__body\">\n            <div class=\"title-stage\">\n              <h3 class=\"title-stage__start\">Lubi\u00e1n<\/h3>\n              <h3><span>&#10095;<\/span> A Gudi\u00f1a<\/h3>\n              <div class=\"title-stage__tips\">\n                <h3>Ettape 6 :<\/h3>\n                <div><i class=\"icon-location\"><\/i> 23,7Km<\/div>\n                <div><i class=\"icon-clock\"><\/i> 5,5Std.<\/div>\n                <div><i class=\"icon-difficulty\"><\/i> 3\/5<\/div>\n              <\/div>\n            <\/div>\n            <button class=\"btn-arrow\">\n              <i class=\"icon-arrow\"><\/i>\n            <\/button>\n          <\/div>\n        <\/a>\n      <\/div>\n\n      <div class=\"p-group card-stage\">\n        <a href=\"https:\/\/www.pilgrim.es\/camino-sanabres\/etapa-7-a-gudina-laza\/\" class=\"hover:p-text-gray-dark\">\n          <div class=\"card-stage__header\">\n            <img decoding=\"async\" src=\"https:\/\/cdn.pilgrim.es\/web\/caminos\/camino-sanabres\/pueblos\/laza.jpg\" alt=\"Laza\" class=\"group-hover:p-scale-110\" \/>\n            <div class=\"card-overlay group-hover:p-opacity-50\"><\/div>\n            <div class=\"number-stage\"><span>7<\/span><\/div>\n          <\/div>\n          <div class=\"card-stage__body\">\n            <div class=\"title-stage\">\n              <h3 class=\"title-stage__start\">A Gudi\u00f1a<\/h3>\n              <h3><span>&#10095;<\/span> Laza<\/h3>\n              <div class=\"title-stage__tips\">\n                <h3>Ettape 7 :<\/h3>\n                <div><i class=\"icon-location\"><\/i> 34Km<\/div>\n                <div><i class=\"icon-clock\"><\/i> 8Std.<\/div>\n                <div><i class=\"icon-difficulty\"><\/i> 4\/5<\/div>\n              <\/div>\n            <\/div>\n            <button class=\"btn-arrow\">\n              <i class=\"icon-arrow\"><\/i>\n            <\/button>\n          <\/div>\n        <\/a>\n      <\/div>\n\n      <div class=\"p-group card-stage\">\n        <a href=\"https:\/\/www.pilgrim.es\/camino-sanabres\/etapa-8-laza-xunqueira-de-ambia\/\" class=\"hover:p-text-gray-dark\">\n          <div class=\"card-stage__header\">\n            <img decoding=\"async\" src=\"https:\/\/cdn.pilgrim.es\/web\/caminos\/camino-sanabres\/pueblos\/xunqueira-de-ambia.jpg\" alt=\"Xunqueira de Amb\u00eda\" class=\"group-hover:p-scale-110\" \/>\n            <div class=\"card-overlay group-hover:p-opacity-50\"><\/div>\n            <div class=\"number-stage\"><span>8<\/span><\/div>\n          <\/div>\n          <div class=\"card-stage__body\">\n            <div class=\"title-stage\">\n              <h3 class=\"title-stage__start\">Laza<\/h3>\n              <h3><span>&#10095;<\/span> Xunqueira de Amb\u00eda<\/h3>\n              <div class=\"title-stage__tips\">\n                <h3>Ettape 8 :<\/h3>\n                <div><i class=\"icon-location\"><\/i> 33Km<\/div>\n                <div><i class=\"icon-clock\"><\/i> 7,5Std.<\/div>\n                <div><i class=\"icon-difficulty\"><\/i> 4\/5<\/div>\n              <\/div>\n            <\/div>\n            <button class=\"btn-arrow\">\n              <i class=\"icon-arrow\"><\/i>\n            <\/button>\n          <\/div>\n        <\/a>\n      <\/div>\n\n      <div class=\"p-group card-stage\">\n        <a href=\"https:\/\/www.pilgrim.es\/camino-sanabres\/etapa-9-xunqueira-de-ambia-ourense\/\" class=\"hover:p-text-gray-dark\">\n          <div class=\"card-stage__header\">\n            <img decoding=\"async\" src=\"https:\/\/cdn.pilgrim.es\/web\/caminos\/camino-sanabres\/pueblos\/ourense.jpg\" alt=\"Ourense\" class=\"group-hover:p-scale-110\" \/>\n            <div class=\"card-overlay group-hover:p-opacity-50\"><\/div>\n            <div class=\"number-stage\"><span>9<\/span><\/div>\n          <\/div>\n          <div class=\"card-stage__body\">\n            <div class=\"title-stage\">\n              <h3 class=\"title-stage__start\">Xunqueira de Amb\u00eda<\/h3>\n              <h3><span>&#10095;<\/span> Ourense<\/h3>\n              <div class=\"title-stage__tips\">\n                <h3>Ettape 9 :<\/h3>\n                <div><i class=\"icon-location\"><\/i> 21,8Km<\/div>\n                <div><i class=\"icon-clock\"><\/i> 5Std.<\/div>\n                <div><i class=\"icon-difficulty\"><\/i> 1\/5<\/div>\n              <\/div>\n            <\/div>\n            <button class=\"btn-arrow\">\n              <i class=\"icon-arrow\"><\/i>\n            <\/button>\n          <\/div>\n        <\/a>\n      <\/div>\n\n      <div class=\"p-group card-stage\">\n        <a href=\"https:\/\/www.pilgrim.es\/camino-sanabres\/etapa-10-ourense-cea\/\" class=\"hover:p-text-gray-dark\">\n          <div class=\"card-stage__header\">\n            <img decoding=\"async\" src=\"https:\/\/cdn.pilgrim.es\/web\/caminos\/camino-sanabres\/pueblos\/cea.jpg\" alt=\"Cea\" class=\"group-hover:p-scale-110\" \/>\n            <div class=\"card-overlay group-hover:p-opacity-50\"><\/div>\n            <div class=\"number-stage\"><span>10<\/span><\/div>\n          <\/div>\n          <div class=\"card-stage__body\">\n            <div class=\"title-stage\">\n              <h3 class=\"title-stage__start\">Ourense<\/h3>\n              <h3><span>&#10095;<\/span> Cea<\/h3>\n              <div class=\"title-stage__tips\">\n                <h3>Ettape 10 :<\/h3>\n                <div><i class=\"icon-location\"><\/i> 22,3Km<\/div>\n                <div><i class=\"icon-clock\"><\/i> 5Std.<\/div>\n                <div><i class=\"icon-difficulty\"><\/i> 3\/5<\/div>\n              <\/div>\n            <\/div>\n            <button class=\"btn-arrow\">\n              <i class=\"icon-arrow\"><\/i>\n            <\/button>\n          <\/div>\n        <\/a>\n      <\/div>\n\n      <div class=\"p-group card-stage\">\n        <a href=\"https:\/\/www.pilgrim.es\/camino-sanabres\/etapa-11-cea-a-laxe\/\" class=\"hover:p-text-gray-dark\">\n          <div class=\"card-stage__header\">\n            <img decoding=\"async\" src=\"https:\/\/cdn.pilgrim.es\/web\/caminos\/camino-invierno\/pueblos\/a-laxe.jpg\" alt=\"A Laxe\" class=\"group-hover:p-scale-110\" \/>\n            <div class=\"card-overlay group-hover:p-opacity-50\"><\/div>\n            <div class=\"number-stage\"><span>11<\/span><\/div>\n          <\/div>\n          <div class=\"card-stage__body\">\n            <div class=\"title-stage\">\n              <h3 class=\"title-stage__start\">Cea<\/h3>\n              <h3><span>&#10095;<\/span> A Laxe<\/h3>\n              <div class=\"title-stage__tips\">\n                <h3>Ettape 11 :<\/h3>\n                <div><i class=\"icon-location\"><\/i> 33,8Km<\/div>\n                <div><i class=\"icon-clock\"><\/i> 8Std.<\/div>\n                <div><i class=\"icon-difficulty\"><\/i> 3\/5<\/div>\n              <\/div>\n            <\/div>\n            <button class=\"btn-arrow\">\n              <i class=\"icon-arrow\"><\/i>\n            <\/button>\n          <\/div>\n        <\/a>\n      <\/div>\n\n      <div class=\"p-group card-stage\">\n        <a href=\"https:\/\/www.pilgrim.es\/camino-sanabres\/etapa-12-a-laxe-outeiro\/\" class=\"hover:p-text-gray-dark\">\n          <div class=\"card-stage__header\">\n            <img decoding=\"async\" src=\"https:\/\/cdn.pilgrim.es\/web\/caminos\/camino-invierno\/pueblos\/outeiro.jpg\" alt=\"Outeiro\" class=\"group-hover:p-scale-110\" \/>\n            <div class=\"card-overlay group-hover:p-opacity-50\"><\/div>\n            <div class=\"number-stage\"><span>12<\/span><\/div>\n          <\/div>\n          <div class=\"card-stage__body\">\n            <div class=\"title-stage\">\n              <h3 class=\"title-stage__start\">A Laxe<\/h3>\n              <h3><span>&#10095;<\/span> Outeiro<\/h3>\n              <div class=\"title-stage__tips\">\n                <h3>Ettape 12 :<\/h3>\n                <div><i class=\"icon-location\"><\/i> 33,1Km<\/div>\n                <div><i class=\"icon-clock\"><\/i> 7,5Std.<\/div>\n                <div><i class=\"icon-difficulty\"><\/i> 2\/5<\/div>\n              <\/div>\n            <\/div>\n            <button class=\"btn-arrow\">\n              <i class=\"icon-arrow\"><\/i>\n            <\/button>\n          <\/div>\n        <\/a>\n      <\/div>\n\n      <div class=\"p-group card-stage\">\n        <a href=\"https:\/\/www.pilgrim.es\/camino-sanabres\/etapa-13-outeiro-santiago-de-compostela\/\" class=\"hover:p-text-gray-dark\">\n          <div class=\"card-stage__header\">\n            <img decoding=\"async\" src=\"https:\/\/cdn.pilgrim.es\/web\/caminos\/camino-frances\/pueblos\/santiago-de-compostela\/santiago-de-compostela.jpg\" alt=\"Santiago de Compostela\" class=\"group-hover:p-scale-110\" \/>\n            <div class=\"card-overlay group-hover:p-opacity-50\"><\/div>\n            <div class=\"number-stage\"><span>13<\/span><\/div>\n          <\/div>\n          <div class=\"card-stage__body\">\n            <div class=\"title-stage\">\n              <h3 class=\"title-stage__start\">Outeiro<\/h3>\n              <h3><span>&#10095;<\/span> Santiago de Compostela<\/h3>\n              <div class=\"title-stage__tips\">\n                <h3>Ettape 13 :<\/h3>\n                <div><i class=\"icon-location\"><\/i> 16,7Km<\/div>\n                <div><i class=\"icon-clock\"><\/i> 4Std.<\/div>\n                <div><i class=\"icon-difficulty\"><\/i> 1\/5<\/div>\n              <\/div>\n            <\/div>\n            <button class=\"btn-arrow\">\n              <i class=\"icon-arrow\"><\/i>\n            <\/button>\n          <\/div>\n        <\/a>\n      <\/div>\n    <\/div>\n  <\/section>\n\n  <section id=\"stagesBike\">\n    <div class=\"subtitle\">\n      <h4 class=\"p-h4--section\">7 Ettapen \/ 363 <span class=\"p-normal-case\">Kms<\/span><\/h4>\n      <hr \/>\n      <h2>EEtappen Sanabr\u00e9s- Weg mit dem Fahrrad<\/h2>\n    <\/div>\n    <div class=\"container-stages-bike scrollbar-thin\">\n      <div class=\"card-stage-bike\">\n        <div class=\"info-stage-bike\">\n          <div class=\"info-stage-bike__col-start\">\n            <div>1.<\/div>\n            <div>\n              <span>Granja de Moreruela <\/span><br \/>&#10095; Santa Marta de\n              Tera\n            <\/div>\n            <p>\n              <i class=\"icon-location\"><\/i> 47Km &#8226;\n              <i class=\"icon-difficulty\"><\/i> 5\/5\n            <\/p>\n          <\/div>\n          <div class=\"info-stage-bike__col-end\">\n            <img decoding=\"async\" src=\"https:\/\/cdn.pilgrim.es\/web\/caminos\/camino-sanabres\/pueblos\/granja-de-la-moreruela.jpg\" alt=\"Granja de la Moreruela\" \/>\n          <\/div>\n        <\/div>\n        <hr \/>\n      <\/div>\n      <div class=\"card-stage-bike\">\n        <div class=\"info-stage-bike\">\n          <div class=\"info-stage-bike__col-start\">\n            <div>2.<\/div>\n            <div>\n              <span>Santa Marta de Tera <\/span><br \/>&#10095; Puebla de Sanabria\n            <\/div>\n            <p>\n              <i class=\"icon-location\"><\/i> 67Km &#8226;\n              <i class=\"icon-difficulty\"><\/i> 2\/5\n            <\/p>\n          <\/div>\n          <div class=\"info-stage-bike__col-end\">\n            <img decoding=\"async\" src=\"https:\/\/cdn.pilgrim.es\/web\/caminos\/camino-sanabres\/pueblos\/santa-marta-de-tera.jpg\" alt=\"Santa Marta de Tera\" \/>\n          <\/div>\n        <\/div>\n        <hr \/>\n      <\/div>\n      <div class=\"card-stage-bike\">\n        <div class=\"info-stage-bike\">\n          <div class=\"info-stage-bike__col-start\">\n            <div>3.<\/div>\n            <div><span>Puebla de Sanabria <\/span><br \/>&#10095; A Gudi\u00f1a<\/div>\n            <p>\n              <i class=\"icon-location\"><\/i> 53Km &#8226;\n              <i class=\"icon-difficulty\"><\/i> 2\/5\n            <\/p>\n          <\/div>\n          <div class=\"info-stage-bike__col-end\">\n            <img decoding=\"async\" src=\"https:\/\/cdn.pilgrim.es\/web\/caminos\/camino-sanabres\/pueblos\/a-gudina.jpg\" alt=\"A Gudi\u00f1a\" \/>\n          <\/div>\n        <\/div>\n        <hr \/>\n      <\/div>\n      <div class=\"card-stage-bike\">\n        <div class=\"info-stage-bike\">\n          <div class=\"info-stage-bike__col-start\">\n            <div>4.<\/div>\n            <div><span>A Gudi\u00f1a <\/span><br \/>&#10095; Xunqueira de Amb\u00eda<\/div>\n            <p>\n              <i class=\"icon-location\"><\/i> 66Km &#8226;\n              <i class=\"icon-difficulty\"><\/i> 2\/5\n            <\/p>\n          <\/div>\n          <div class=\"info-stage-bike__col-end\">\n            <img decoding=\"async\" src=\"https:\/\/cdn.pilgrim.es\/web\/caminos\/camino-sanabres\/pueblos\/xunqueira-de-ambia.jpg\" alt=\"Xunqueira de Amb\u00eda\" \/>\n          <\/div>\n        <\/div>\n        <hr \/>\n      <\/div>\n      <div class=\"card-stage-bike\">\n        <div class=\"info-stage-bike\">\n          <div class=\"info-stage-bike__col-start\">\n            <div>5.<\/div>\n            <div><span>Xunqueira de Amb\u00eda <\/span><br \/>&#10095; Cea<\/div>\n            <p>\n              <i class=\"icon-location\"><\/i> 44Km &#8226;\n              <i class=\"icon-difficulty\"><\/i> 2\/5\n            <\/p>\n          <\/div>\n          <div class=\"info-stage-bike__col-end\">\n            <img decoding=\"async\" src=\"https:\/\/cdn.pilgrim.es\/web\/caminos\/camino-sanabres\/pueblos\/cea.jpg\" alt=\"Cea\" \/>\n          <\/div>\n        <\/div>\n        <hr \/>\n      <\/div>\n      <div class=\"card-stage-bike\">\n        <div class=\"info-stage-bike\">\n          <div class=\"info-stage-bike__col-start\">\n            <div>6.<\/div>\n            <div><span>Cea <\/span><br \/>&#10095; Outeiro<\/div>\n            <p>\n              <i class=\"icon-location\"><\/i> 70Km &#8226;\n              <i class=\"icon-difficulty\"><\/i> 3\/5\n            <\/p>\n          <\/div>\n          <div class=\"info-stage-bike__col-end\">\n            <img decoding=\"async\" src=\"https:\/\/cdn.pilgrim.es\/web\/caminos\/camino-invierno\/pueblos\/outeiro.jpg\" alt=\"Outeiro\" \/>\n          <\/div>\n        <\/div>\n        <hr \/>\n      <\/div>\n      <div class=\"card-stage-bike\">\n        <div class=\"info-stage-bike\">\n          <div class=\"info-stage-bike__col-start\">\n            <div>7.<\/div>\n            <div>\n              <span>Outeiro <\/span><br \/>&#10095; Santiago de Compostela\n            <\/div>\n            <p>\n              <i class=\"icon-location\"><\/i> 16Km &#8226;\n              <i class=\"icon-difficulty\"><\/i> 1\/5\n            <\/p>\n          <\/div>\n          <div class=\"info-stage-bike__col-end\">\n            <img decoding=\"async\" src=\"https:\/\/cdn.pilgrim.es\/web\/caminos\/camino-frances\/pueblos\/santiago-de-compostela\/santiago-de-compostela.jpg\" alt=\"Santiago de Compostela\" \/>\n          <\/div>\n        <\/div>\n        <hr \/>\n      <\/div>\n    <\/div>\n  <\/section>\n\n  <section id=\"citiesTowns\">\n    <div class=\"container-cities-towns\">\n      <h4 class=\"p-h4--section\">Dieser Weg wird Ihnen gefallen, wenn Sie\u2026<\/h4>\n      <hr class=\"orange-bar\" \/>\n      <h2>St\u00e4dte und Gemeinden<\/h2>\n      <div class=\"pills\">\n        <div class=\"label-pill label-pill--brown\">Geschichte<\/div>\n        <div class=\"label-pill label-pill--brown\">K\u00fcnstlerisches Erbe<\/div>\n        <div class=\"label-pill label-pill--brown\">Kathedralen<\/div>\n        <div class=\"label-pill label-pill--brown\">Kl\u00f6ster<\/div>\n        <div class=\"label-pill label-pill--brown\">Schl\u00f6sser<\/div>\n        <div class=\"label-pill label-pill--brown\">Architektur<\/div>\n      <\/div>\n    <\/div>\n  <\/section>\n\n  <div class=\"gallery-cities\">\n    <div class=\"item-gallery p-group\">\n      <img decoding=\"async\" src=\"https:\/\/cdn.pilgrim.es\/web\/caminos\/camino-sanabres\/pueblos\/granja-de-la-moreruela.jpg\" alt=\"Granja de la Moreruela\"  class=\"group-hover:p-scale-110\"\/>\n      <div class=\"overlay-darked group-hover:p-opacity-50\"><\/div>\n      <a class=\"stretched-link\" href=\"https:\/\/www.pilgrim.es\/via-plata\/granja-de-moreruela\/\"><p><b>Granja de la Moreruela<\/b><\/p><\/a>\n    <\/div>\n    <div class=\"item-gallery p-group\">\n      <img decoding=\"async\" src=\"https:\/\/cdn.pilgrim.es\/web\/caminos\/camino-sanabres\/pueblos\/tabara.jpg\" alt=\"T\u00e1bara\" class=\"group-hover:p-scale-110\"\/>\n      <div class=\"overlay-darked group-hover:p-opacity-50\"><\/div>\n      <a class=\"stretched-link\" href=\"tabara\/\"><p><b>T\u00e1bara<\/b><\/p><\/a>\n    <\/div>\n    <div class=\"item-gallery p-group\">\n      <img decoding=\"async\" src=\"https:\/\/cdn.pilgrim.es\/web\/caminos\/camino-sanabres\/pueblos\/puebla-de-sanabria.jpg\" alt=\"Puebla de Sanabria\" class=\"group-hover:p-scale-110\"\/>\n      <div class=\"overlay-darked group-hover:p-opacity-50\"><\/div>\n      <a class=\"stretched-link\" href=\"puebla-de-sanabria\/\"><p><b>Puebla de Sanabria<\/b><\/p><\/a>\n    <\/div>\n    <div class=\"item-gallery p-group\">\n      <img decoding=\"async\" src=\"https:\/\/cdn.pilgrim.es\/web\/caminos\/camino-sanabres\/pueblos\/xunqueira-de-ambia.jpg\" alt=\"Xunqueira de Amb\u00eda\" class=\"group-hover:p-scale-110\"\/>\n      <div class=\"overlay-darked group-hover:p-opacity-50\"><\/div>\n      <a class=\"stretched-link\" href=\"xunqueira-de-ambia\/\"><p><b>Xunqueira de Amb\u00eda<\/b><\/p><\/a>\n    <\/div>\n    <div class=\"item-gallery p-group\">\n      <img decoding=\"async\" src=\"https:\/\/cdn.pilgrim.es\/web\/caminos\/camino-sanabres\/pueblos\/ourense.jpg\" alt=\"Ourense\" class=\"group-hover:p-scale-110\"\/>\n      <div class=\"overlay-darked group-hover:p-opacity-50\"><\/div>\n      <a class=\"stretched-link\" href=\"ourense\/\"><p><b>Ourense<\/b><\/p><\/a>\n    <\/div>\n    <div class=\"item-gallery p-group\">\n      <img decoding=\"async\" src=\"https:\/\/cdn.pilgrim.es\/web\/caminos\/camino-sanabres\/pueblos\/cea.jpg\" alt=\"Cea\" class=\"group-hover:p-scale-110\"\/>\n      <div class=\"overlay-darked group-hover:p-opacity-50\"><\/div>\n      <a class=\"stretched-link\" href=\"san-cristobal-de-cea\/\"><p><b>Cea<\/b><\/p><\/a>\n    <\/div>\n  <\/div>\n  <section id=\"infoWay\">\n    <div class=\"info-way-content\">\n      <nav class=\"nav-tab-info nav-tab-info--2-cols\">\n        <button id=\"infoTab\" data-target=\"history\" class=\"nav-link-info active\">\n          Weitere informationen\n        <\/button>\n        <button id=\"profileTab\" data-target=\"profileWay\" class=\"nav-link-info\">\n          Profil des Weg\n        <\/button>\n      <\/nav>\n      <div id=\"history\" class=\"content-section-info\">\n        <div class=\"subtitle\">\n          <h4 class=\"p-h4--section\">Weitere informationen&#8230;<\/h4>\n          <hr \/>\n          <h2>Informationen \u00fcber den Sanabr\u00e9s- Weg<\/h2>\n        <\/div>\n        <h3>Geschichte<\/h3>\n        <p class=\"p-my-3\">\n          Auch als \u201e<strong>Arabischer Weg<\/strong>\u201c bekannt, ist dies eine\n          Route, die lange Strecken entlang ehemaliger R\u00f6merstra\u00dfen verl\u00e4uft,\n          die von hunderten von V\u00f6lkern beschritten wurden- von den Kelten und\n          Ph\u00f6niziern \u00fcber die R\u00f6mer und Araber bis hin zu den christlichen\n          Pilgern, auf ihrem Weg nach Santiago de Compostela. Historisch gesehen\n          <strong>ging er immer einher<\/strong>mit der ber\u00fchmten\n          <a href=\"https:\/\/www.pilgrim.es\/de\/silber-route\/\" class=\"p-underline\">\u201eSilber-Route\u201c<\/a>,\n          die den S\u00fcden der Halbinsel mit dem Land des Apostels verkn\u00fcpfte. In\n          Zamora angekommen, entschieden sich viele f\u00fcr diese Variante, um\n          Astorga zu vermeiden und Galicien \u00fcber die Provinz Ourense zu\n          erreichen.\n        <\/p>\n      <\/div>\n      <div id=\"profileWay\" class=\"p-hidden content-section-info\">\n        <div class=\"subtitle\">\n          <h4 class=\"p-h4--section\">Profil des Sanabr\u00e9s- Weg<\/h4>\n          <hr \/>\n          <h2>Entfernungen und H\u00f6henlage<\/h2>\n        <\/div>\n        <img decoding=\"async\" src=\"https:\/\/cdn.pilgrim.es\/web\/caminos\/camino-sanabres\/home\/perfil-camino-sanabres.jpg\" alt=\"Skizze Sanabr\u00e9s- Weg\" \/>\n      <\/div>\n    <\/div>\n  <\/section>\n\n  <section id=\"othersWays\" class=\"others-ways\">\n    <div class=\"others-ways__title\">\n      <h4 class=\"p-h4--section\">Es gibt viele andere Routen, sehen Sie sich die besten Alternativen an<\/h4>\n      <hr \/>\n      <h2>\n        Alternative Routen\n      <\/h2>\n    <\/div>\n    <div class=\"others-ways__content\">\n      <div>\n        <div class=\"each-way\">\n          <a href=\"https:\/\/www.pilgrim.es\/de\/weg-im-norden\/\">\n            <div class=\"each-way__title\">Weg im Norden<\/div>\n          <\/a>\n          <div class=\"each-way__tips\">\n            <p>804 km \/ 35 tage<\/p>\n            <i class=\"icon-arrow\"><\/i>\n          <\/div>\n        <\/div>\n        <hr \/>\n      <\/div>\n      <div>\n        <div class=\"each-way\">\n          <a href=\"https:\/\/www.pilgrim.es\/de\/franzosischer-weg\/\">\n            <div class=\"each-way__title\">Franz\u00f6sischer Weg<\/div>\n          <\/a>\n          <div class=\"each-way__tips\">\n            <p>764 km \/ 33 tage<\/p>\n            <i class=\"icon-arrow\"><\/i>\n          <\/div>\n        <\/div>\n        <hr \/>\n      <\/div>\n      <div>\n        <div class=\"each-way\">\n          <a href=\"https:\/\/www.pilgrim.es\/de\/englischer-weg\/\">\n            <div class=\"each-way__title\">Englischer Weg<\/div>\n          <\/a>\n          <div class=\"each-way__tips\">\n            <p>119 km \/ 6 tage<\/p>\n            <i class=\"icon-arrow\"><\/i>\n          <\/div>\n        <\/div>\n        <hr \/>\n      <\/div>\n      <div>\n        <div class=\"each-way\">\n          <div class=\"each-way__title\">Weg von Sarria<\/div>\n\n          <div class=\"each-way__tips\">\n            <p>115 km \/ 5 tage<\/p>\n            <i class=\"icon-arrow\"><\/i>\n          <\/div>\n        <\/div>\n        <hr \/>\n      <\/div>\n      <div>\n        <div class=\"each-way\">\n          <a href=\"https:\/\/www.pilgrim.es\/de\/portugiesischer-weg-entlang-der-kuste\/\">\n            <div class=\"each-way__title\">\n              Portugiesischer Weg entlang der K\u00fcste\n            <\/div>\n          <\/a>\n          <div class=\"each-way__tips\">\n            <p>271 km \/ 13 tage<\/p>\n            <i class=\"icon-arrow\"><\/i>\n          <\/div>\n        <\/div>\n        <hr \/>\n      <\/div>\n      <div>\n        <div class=\"each-way\">\n          <a href=\"https:\/\/www.pilgrim.es\/de\/silber-route\/\">\n            <div class=\"each-way__title\">Die Silber-Route<\/div>\n          <\/a>\n          <div class=\"each-way__tips\">\n            <p>970 km \/ 36 tage<\/p>\n            <i class=\"icon-arrow\"><\/i>\n          <\/div>\n        <\/div>\n        <hr \/>\n      <\/div>\n    <\/div>\n  <\/section>\n  <section id=\"faqs\">\n    <div class=\"title\">\n      <h4 class=\"p-h4--section\">N\u00fctzliche Informationen<\/h4>\n      <hr \/>\n      <h2>H\u00e4ufig gestellte Fragen \u00fcber die Sanabr\u00e9s- Weg<\/h2>\n    <\/div>\n    <div class=\"container\">\n      <div>\n        <button class=\"accordion-btn\">\n          <div class=\"accordion-btn__question\">\n            <h3>Aus wie vielen Etappen besteht der Sanabr\u00e9s- Weg?<\/h3>\n            <span>+<\/span>\n          <\/div>\n          <hr \/>\n        <\/button>\n        <div class=\"accordion-content\">\n          <p>\n            Wie aus der\n            <a href=\"#stagesFoot\" class=\"p-underline\">B\u00fchnenabschnitt<\/a>, Der\n            Sanabr\u00e9s-Weg besteht aus insgesamt 13 Etappen mit einer L\u00e4nge von\n            369 km und beginnt in der kastilischen Stadt Granja de Moreruela.\n            Wenn Sie die\n            <a href=\"#stagesBike\" class=\"p-underline\">Sanabr\u00e9s- Weg mit dem Fahrrad<\/a>\n            Es wird 7 Etappen geben.\n          <\/p>\n        <\/div>\n      <\/div>\n      <div>\n        <button class=\"accordion-btn\">\n          <div class=\"accordion-btn__question\">\n            <h3>Ist es notwendig, den gesamten Sanabr\u00e9s- Weg zu gehen?<\/h3>\n            <span>+<\/span>\n          <\/div>\n          <hr \/>\n        <\/button>\n        <div class=\"accordion-content\">\n          <p>\n            Wenn Ihr Ziel ist es, die Compostela zu bekommen, m\u00fcssen Sie\n            mindestens die letzten 100 km des Camino, im Falle dieser Route sind\n            aus der Stadt Ourense gemacht. Allerdings, wenn Sie den Camino mit\n            dem Fahrrad zu tun, die Mindestentfernung betr\u00e4gt 200 km, die Sie\n            von Lubi\u00e1n f\u00fchren w\u00fcrde zu starten.\n          <\/p>\n        <\/div>\n      <\/div>\n\n      <div>\n        <button class=\"accordion-btn\">\n          <div class=\"accordion-btn__question\">\n            <h3>Die sch\u00f6nsten Landschaften auf dem Sanabr\u00e9s- Weg<\/h3>\n            <span>+<\/span>\n          <\/div>\n          <hr \/>\n        <\/button>\n        <div class=\"accordion-content\">\n          <p>\n            Diese Route verf\u00fcgt \u00fcber ein bedeutendes historisches Erbe, das sich\n            in den Burgen von Monterrey und den Grafen von Benavente\n            widerspiegelt. Erstere befindet sich in der Ortschaft Ver\u00edn,\n            letztere in Puebla de Sanabria, wo sie zur Verteidigung der Stadt\n            gegen Eindringlinge diente.\n          <\/p>\n        <\/div>\n      <\/div>\n      <div>\n        <button class=\"accordion-btn\">\n          <div class=\"accordion-btn__question\">\n            <h3>Kuriosit\u00e4ten auf dem Sanabr\u00e9s- Weg<\/h3>\n            <span>+<\/span>\n          <\/div>\n          <hr \/>\n        <\/button>\n        <div class=\"accordion-content\">\n          <p>\n            Der Camino Sanabr\u00e9s ist die charakteristischste Verl\u00e4ngerung des\n            <a href=\"https:\/\/www.pilgrim.es\/de\/silber-route\/\" class=\"p-underline\">Die Silber-Route<\/a>. Diese beiden bilden zusammen die l\u00e4ngste Strecke des Jakobsweges.\n            Ihre Etappen sind l\u00e4nger als der Durchschnitt aller Etappen des\n            Jakobsweges, weshalb viele Pilger beschlie\u00dfen, sie zu teilen, um sie\n            zu bew\u00e4ltigen.\n          <\/p>\n        <\/div>\n      <\/div>\n      <div>\n        <button class=\"accordion-btn\">\n          <div class=\"accordion-btn__question\">\n            <h3>M\u00f6chten Sie mehr \u00fcber die Routen des Camino erfahren?<\/h3>\n            <span>+<\/span>\n          <\/div>\n          <hr \/>\n        <\/button>\n        <div class=\"accordion-content\">\n          <p>\n            Unter\n            <a href=\"\/de\/\" class=\"p-underline\">Pilgrim.es<\/a>\n            haben wir viel umfangreichere Informationen \u00fcber diese und viele\n            andere Routen. Besuchen Sie unsere Website und entdecken Sie alle\n            Routen, die den\n            <a href=\"https:\/\/www.pilgrim.es\/de\/wege\/\" class=\"p-underline\">Jakobsweg<\/a>\n            ausmachen, seine Etappen, Karten und sogar die St\u00e4dte mit den\n            entsprechenden Hinweisen, was es in den einzelnen Orten zu sehen\n            gibt.\n          <\/p>\n        <\/div>\n      <\/div>\n    <\/div>\n  <\/section>\n  <section id=\"infoPilgrim\">\n    <div class=\"title\">\n      <h4 class=\"p-h4--section\">Lernen Sie uns besser kennen<\/h4>\n      <hr \/>\n      <h2>Hilfe f\u00fcr Pilger seit 2016<\/h2>\n    <\/div>\n    <div class=\"content\">\n      <div class=\"content__card\">\n        <div class=\"content__card__icon\">\n          <i class=\"icon-users\"><\/i>\n        <\/div>\n        <p class=\"content__card__title\">Pilgrims<\/p>\n        <p class=\"content__card__quantity\">+54.000<\/p>\n      <\/div>\n      <div class=\"content__card\">\n        <div class=\"content__card__icon\">\n          <i class=\"icon-world\"><\/i>\n        <\/div>\n        <p class=\"content__card__title\">Nationalit\u00e4ten<\/p>\n        <p class=\"content__card__quantity\">+45<\/p>\n      <\/div>\n      <div class=\"content__card\">\n        <div class=\"content__card__icon\">\n          <i class=\"icon-star\"><\/i>\n        <\/div>\n        <p class=\"content__card__title\">Google Bewertung<\/p>\n        <p class=\"content__card__quantity\">4,7 \u2605<\/p>\n      <\/div>\n      <div class=\"content__card\">\n        <div class=\"content__card__icon\">\n          <i class=\"icon-home\"><\/i>\n        <\/div>\n        <p class=\"content__card__title\">Verbundene Unternehmen<\/p>\n        <p class=\"content__card__quantity\">+7500<\/p>\n      <\/div>\n    <\/div>\n  <\/section>\n<\/div>\n\n\n\n\n<p><\/p>\n","protected":false},"excerpt":{"rendered":"<p>Sanabr\u00e9s- Weg 13 Etappen zu Fu\u00df \/ 7 Ettapen mit dem Fahrrad Einen sch\u00f6nen Spaziergang! Warum den Sanabr\u00e9s- Weg w\u00e4hlen? Der Ausgangspunkt dieser Route ist die zur Provinz Zamora angeh\u00f6renden Gemeinde Granja de la Moreruela, die vom Zisterzienser-Orden f\u00fcr die Errichtung seines ersten Klosters auf der Iberischen Halbinsel ausgew\u00e4hlt wurde. Zuvor war dieser Ort als &hellip; <\/p>\n<p class=\"read_more\"><a href=\"https:\/\/www.pilgrim.es\/de\/sanabres-weg\/\">Leer m\u00e1s<\/a><\/p>\n","protected":false},"author":4,"featured_media":10508,"parent":0,"menu_order":0,"comment_status":"closed","ping_status":"closed","template":"views\/template-new-web-design.blade.php","meta":{"footnotes":""},"categories":[],"tags":[],"class_list":["post-10613","page","type-page","status-publish","has-post-thumbnail","hentry"],"yoast_head":"<!-- This site is optimized with the Yoast SEO plugin v27.4 - https:\/\/yoast.com\/product\/yoast-seo-wordpress\/ -->\n<title>\u25b7 Sanabr\u00e9s- Weg | Etappen und Landkarte | Jakobsweg von Zamora aus<\/title>\n<meta name=\"description\" content=\"lll\u27a4 Sanabr\u00e9s- Weg. Hier finden Sie \u2705 ALLE notwendigen Informationen, um Ihren Jakobsweg von Zamora aus \u00fcber den Sanabr\u00e9s- Verlauf zu planen.\" \/>\n<meta name=\"robots\" content=\"index, follow, max-snippet:-1, max-image-preview:large, max-video-preview:-1\" \/>\n<link rel=\"canonical\" href=\"https:\/\/www.pilgrim.es\/de\/sanabres-weg\/\" \/>\n<meta property=\"og:locale\" content=\"de_DE\" \/>\n<meta property=\"og:type\" content=\"article\" \/>\n<meta property=\"og:title\" content=\"\u25b7 Sanabr\u00e9s- Weg | Etappen und Landkarte | Jakobsweg von Zamora aus\" \/>\n<meta property=\"og:description\" content=\"lll\u27a4 Sanabr\u00e9s- Weg. Hier finden Sie \u2705 ALLE notwendigen Informationen, um Ihren Jakobsweg von Zamora aus \u00fcber den Sanabr\u00e9s- Verlauf zu planen.\" \/>\n<meta property=\"og:url\" content=\"https:\/\/www.pilgrim.es\/de\/sanabres-weg\/\" \/>\n<meta property=\"og:site_name\" content=\"Pilgrim\" \/>\n<meta property=\"article:publisher\" content=\"https:\/\/www.facebook.com\/pilgrim.es\/\" \/>\n<meta property=\"article:modified_time\" content=\"2025-11-25T11:17:07+00:00\" \/>\n<meta property=\"og:image\" content=\"https:\/\/www.pilgrim.es\/wp-content\/uploads\/2019\/02\/fondo-camino-sanabres-01.jpg\" \/>\n\t<meta property=\"og:image:width\" content=\"1131\" \/>\n\t<meta property=\"og:image:height\" content=\"523\" \/>\n\t<meta property=\"og:image:type\" content=\"image\/jpeg\" \/>\n<meta name=\"twitter:card\" content=\"summary_large_image\" \/>\n<meta name=\"twitter:site\" content=\"@pilgrim_es\" \/>\n<meta name=\"twitter:label1\" content=\"Gesch\u00e4tzte Lesezeit\" \/>\n\t<meta name=\"twitter:data1\" content=\"5\u00a0Minuten\" \/>\n<script type=\"application\/ld+json\" class=\"yoast-schema-graph\">{\"@context\":\"https:\\\/\\\/schema.org\",\"@graph\":[{\"@type\":\"WebPage\",\"@id\":\"https:\\\/\\\/www.pilgrim.es\\\/de\\\/sanabres-weg\\\/\",\"url\":\"https:\\\/\\\/www.pilgrim.es\\\/de\\\/sanabres-weg\\\/\",\"name\":\"\u25b7 Sanabr\u00e9s- Weg | Etappen und Landkarte | Jakobsweg von Zamora aus\",\"isPartOf\":{\"@id\":\"https:\\\/\\\/www.pilgrim.es\\\/de\\\/#website\"},\"primaryImageOfPage\":{\"@id\":\"https:\\\/\\\/www.pilgrim.es\\\/de\\\/sanabres-weg\\\/#primaryimage\"},\"image\":{\"@id\":\"https:\\\/\\\/www.pilgrim.es\\\/de\\\/sanabres-weg\\\/#primaryimage\"},\"thumbnailUrl\":\"https:\\\/\\\/www.pilgrim.es\\\/wp-content\\\/uploads\\\/2019\\\/02\\\/fondo-camino-sanabres-01.jpg\",\"datePublished\":\"2019-02-07T09:21:50+00:00\",\"dateModified\":\"2025-11-25T11:17:07+00:00\",\"description\":\"lll\u27a4 Sanabr\u00e9s- Weg. Hier finden Sie \u2705 ALLE notwendigen Informationen, um Ihren Jakobsweg von Zamora aus \u00fcber den Sanabr\u00e9s- Verlauf zu planen.\",\"breadcrumb\":{\"@id\":\"https:\\\/\\\/www.pilgrim.es\\\/de\\\/sanabres-weg\\\/#breadcrumb\"},\"inLanguage\":\"de\",\"potentialAction\":[{\"@type\":\"ReadAction\",\"target\":[\"https:\\\/\\\/www.pilgrim.es\\\/de\\\/sanabres-weg\\\/\"]}]},{\"@type\":\"ImageObject\",\"inLanguage\":\"de\",\"@id\":\"https:\\\/\\\/www.pilgrim.es\\\/de\\\/sanabres-weg\\\/#primaryimage\",\"url\":\"https:\\\/\\\/www.pilgrim.es\\\/wp-content\\\/uploads\\\/2019\\\/02\\\/fondo-camino-sanabres-01.jpg\",\"contentUrl\":\"https:\\\/\\\/www.pilgrim.es\\\/wp-content\\\/uploads\\\/2019\\\/02\\\/fondo-camino-sanabres-01.jpg\",\"width\":1131,\"height\":523,\"caption\":\"verlauf sanabr\u00e9s- weg\"},{\"@type\":\"BreadcrumbList\",\"@id\":\"https:\\\/\\\/www.pilgrim.es\\\/de\\\/sanabres-weg\\\/#breadcrumb\",\"itemListElement\":[{\"@type\":\"ListItem\",\"position\":1,\"name\":\"Camino de Santiago\",\"item\":\"https:\\\/\\\/www.pilgrim.es\\\/de\\\/\"},{\"@type\":\"ListItem\",\"position\":2,\"name\":\"Sanabr\u00e9s- Weg\"}]},{\"@type\":\"WebSite\",\"@id\":\"https:\\\/\\\/www.pilgrim.es\\\/de\\\/#website\",\"url\":\"https:\\\/\\\/www.pilgrim.es\\\/de\\\/\",\"name\":\"Pilgrim\",\"description\":\"Camino de Santiago | Caminamos Contigo\",\"publisher\":{\"@id\":\"https:\\\/\\\/www.pilgrim.es\\\/de\\\/#organization\"},\"potentialAction\":[{\"@type\":\"SearchAction\",\"target\":{\"@type\":\"EntryPoint\",\"urlTemplate\":\"https:\\\/\\\/www.pilgrim.es\\\/de\\\/?s={search_term_string}\"},\"query-input\":{\"@type\":\"PropertyValueSpecification\",\"valueRequired\":true,\"valueName\":\"search_term_string\"}}],\"inLanguage\":\"de\"},{\"@type\":\"Organization\",\"@id\":\"https:\\\/\\\/www.pilgrim.es\\\/de\\\/#organization\",\"name\":\"Pilgrim Camino de Santiago\",\"url\":\"https:\\\/\\\/www.pilgrim.es\\\/de\\\/\",\"logo\":{\"@type\":\"ImageObject\",\"inLanguage\":\"de\",\"@id\":\"https:\\\/\\\/www.pilgrim.es\\\/de\\\/#\\\/schema\\\/logo\\\/image\\\/\",\"url\":\"https:\\\/\\\/www.pilgrim.es\\\/wp-content\\\/uploads\\\/2019\\\/04\\\/logo_pilgrim.png\",\"contentUrl\":\"https:\\\/\\\/www.pilgrim.es\\\/wp-content\\\/uploads\\\/2019\\\/04\\\/logo_pilgrim.png\",\"width\":512,\"height\":512,\"caption\":\"Pilgrim Camino de Santiago\"},\"image\":{\"@id\":\"https:\\\/\\\/www.pilgrim.es\\\/de\\\/#\\\/schema\\\/logo\\\/image\\\/\"},\"sameAs\":[\"https:\\\/\\\/www.facebook.com\\\/pilgrim.es\\\/\",\"https:\\\/\\\/x.com\\\/pilgrim_es\",\"https:\\\/\\\/www.instagram.com\\\/pilgrim.es\\\/\",\"https:\\\/\\\/www.linkedin.com\\\/company\\\/pilgrim-camino-de-santiago\\\/\",\"https:\\\/\\\/www.pinterest.es\\\/pilgrimcaminodesantiago\\\/\",\"https:\\\/\\\/www.youtube.com\\\/channel\\\/UCIv2ZzFLXVqthkNF32rKedw\\\/featured\"]}]}<\/script>\n<!-- \/ Yoast SEO plugin. -->","yoast_head_json":{"title":"\u25b7 Sanabr\u00e9s- Weg | Etappen und Landkarte | Jakobsweg von Zamora aus","description":"lll\u27a4 Sanabr\u00e9s- Weg. Hier finden Sie \u2705 ALLE notwendigen Informationen, um Ihren Jakobsweg von Zamora aus \u00fcber den Sanabr\u00e9s- Verlauf zu planen.","robots":{"index":"index","follow":"follow","max-snippet":"max-snippet:-1","max-image-preview":"max-image-preview:large","max-video-preview":"max-video-preview:-1"},"canonical":"https:\/\/www.pilgrim.es\/de\/sanabres-weg\/","og_locale":"de_DE","og_type":"article","og_title":"\u25b7 Sanabr\u00e9s- Weg | Etappen und Landkarte | Jakobsweg von Zamora aus","og_description":"lll\u27a4 Sanabr\u00e9s- Weg. Hier finden Sie \u2705 ALLE notwendigen Informationen, um Ihren Jakobsweg von Zamora aus \u00fcber den Sanabr\u00e9s- Verlauf zu planen.","og_url":"https:\/\/www.pilgrim.es\/de\/sanabres-weg\/","og_site_name":"Pilgrim","article_publisher":"https:\/\/www.facebook.com\/pilgrim.es\/","article_modified_time":"2025-11-25T11:17:07+00:00","og_image":[{"width":1131,"height":523,"url":"https:\/\/www.pilgrim.es\/wp-content\/uploads\/2019\/02\/fondo-camino-sanabres-01.jpg","type":"image\/jpeg"}],"twitter_card":"summary_large_image","twitter_site":"@pilgrim_es","twitter_misc":{"Gesch\u00e4tzte Lesezeit":"5\u00a0Minuten"},"schema":{"@context":"https:\/\/schema.org","@graph":[{"@type":"WebPage","@id":"https:\/\/www.pilgrim.es\/de\/sanabres-weg\/","url":"https:\/\/www.pilgrim.es\/de\/sanabres-weg\/","name":"\u25b7 Sanabr\u00e9s- Weg | Etappen und Landkarte | Jakobsweg von Zamora aus","isPartOf":{"@id":"https:\/\/www.pilgrim.es\/de\/#website"},"primaryImageOfPage":{"@id":"https:\/\/www.pilgrim.es\/de\/sanabres-weg\/#primaryimage"},"image":{"@id":"https:\/\/www.pilgrim.es\/de\/sanabres-weg\/#primaryimage"},"thumbnailUrl":"https:\/\/www.pilgrim.es\/wp-content\/uploads\/2019\/02\/fondo-camino-sanabres-01.jpg","datePublished":"2019-02-07T09:21:50+00:00","dateModified":"2025-11-25T11:17:07+00:00","description":"lll\u27a4 Sanabr\u00e9s- Weg. Hier finden Sie \u2705 ALLE notwendigen Informationen, um Ihren Jakobsweg von Zamora aus \u00fcber den Sanabr\u00e9s- Verlauf zu planen.","breadcrumb":{"@id":"https:\/\/www.pilgrim.es\/de\/sanabres-weg\/#breadcrumb"},"inLanguage":"de","potentialAction":[{"@type":"ReadAction","target":["https:\/\/www.pilgrim.es\/de\/sanabres-weg\/"]}]},{"@type":"ImageObject","inLanguage":"de","@id":"https:\/\/www.pilgrim.es\/de\/sanabres-weg\/#primaryimage","url":"https:\/\/www.pilgrim.es\/wp-content\/uploads\/2019\/02\/fondo-camino-sanabres-01.jpg","contentUrl":"https:\/\/www.pilgrim.es\/wp-content\/uploads\/2019\/02\/fondo-camino-sanabres-01.jpg","width":1131,"height":523,"caption":"verlauf sanabr\u00e9s- weg"},{"@type":"BreadcrumbList","@id":"https:\/\/www.pilgrim.es\/de\/sanabres-weg\/#breadcrumb","itemListElement":[{"@type":"ListItem","position":1,"name":"Camino de Santiago","item":"https:\/\/www.pilgrim.es\/de\/"},{"@type":"ListItem","position":2,"name":"Sanabr\u00e9s- Weg"}]},{"@type":"WebSite","@id":"https:\/\/www.pilgrim.es\/de\/#website","url":"https:\/\/www.pilgrim.es\/de\/","name":"Pilgrim","description":"Camino de Santiago | Caminamos Contigo","publisher":{"@id":"https:\/\/www.pilgrim.es\/de\/#organization"},"potentialAction":[{"@type":"SearchAction","target":{"@type":"EntryPoint","urlTemplate":"https:\/\/www.pilgrim.es\/de\/?s={search_term_string}"},"query-input":{"@type":"PropertyValueSpecification","valueRequired":true,"valueName":"search_term_string"}}],"inLanguage":"de"},{"@type":"Organization","@id":"https:\/\/www.pilgrim.es\/de\/#organization","name":"Pilgrim Camino de Santiago","url":"https:\/\/www.pilgrim.es\/de\/","logo":{"@type":"ImageObject","inLanguage":"de","@id":"https:\/\/www.pilgrim.es\/de\/#\/schema\/logo\/image\/","url":"https:\/\/www.pilgrim.es\/wp-content\/uploads\/2019\/04\/logo_pilgrim.png","contentUrl":"https:\/\/www.pilgrim.es\/wp-content\/uploads\/2019\/04\/logo_pilgrim.png","width":512,"height":512,"caption":"Pilgrim Camino de Santiago"},"image":{"@id":"https:\/\/www.pilgrim.es\/de\/#\/schema\/logo\/image\/"},"sameAs":["https:\/\/www.facebook.com\/pilgrim.es\/","https:\/\/x.com\/pilgrim_es","https:\/\/www.instagram.com\/pilgrim.es\/","https:\/\/www.linkedin.com\/company\/pilgrim-camino-de-santiago\/","https:\/\/www.pinterest.es\/pilgrimcaminodesantiago\/","https:\/\/www.youtube.com\/channel\/UCIv2ZzFLXVqthkNF32rKedw\/featured"]}]}},"_links":{"self":[{"href":"https:\/\/www.pilgrim.es\/de\/wp-json\/wp\/v2\/pages\/10613","targetHints":{"allow":["GET"]}}],"collection":[{"href":"https:\/\/www.pilgrim.es\/de\/wp-json\/wp\/v2\/pages"}],"about":[{"href":"https:\/\/www.pilgrim.es\/de\/wp-json\/wp\/v2\/types\/page"}],"author":[{"embeddable":true,"href":"https:\/\/www.pilgrim.es\/de\/wp-json\/wp\/v2\/users\/4"}],"replies":[{"embeddable":true,"href":"https:\/\/www.pilgrim.es\/de\/wp-json\/wp\/v2\/comments?post=10613"}],"version-history":[{"count":22,"href":"https:\/\/www.pilgrim.es\/de\/wp-json\/wp\/v2\/pages\/10613\/revisions"}],"predecessor-version":[{"id":139107,"href":"https:\/\/www.pilgrim.es\/de\/wp-json\/wp\/v2\/pages\/10613\/revisions\/139107"}],"wp:featuredmedia":[{"embeddable":true,"href":"https:\/\/www.pilgrim.es\/de\/wp-json\/wp\/v2\/media\/10508"}],"wp:attachment":[{"href":"https:\/\/www.pilgrim.es\/de\/wp-json\/wp\/v2\/media?parent=10613"}],"wp:term":[{"taxonomy":"category","embeddable":true,"href":"https:\/\/www.pilgrim.es\/de\/wp-json\/wp\/v2\/categories?post=10613"},{"taxonomy":"post_tag","embeddable":true,"href":"https:\/\/www.pilgrim.es\/de\/wp-json\/wp\/v2\/tags?post=10613"}],"curies":[{"name":"wp","href":"https:\/\/api.w.org\/{rel}","templated":true}]}}