{"id":10609,"date":"2019-02-06T15:23:28","date_gmt":"2019-02-06T15:23:28","guid":{"rendered":"https:\/\/desarrollo.pilgrim.es\/baskischer-weg-des-innenlandes\/"},"modified":"2025-08-05T12:26:48","modified_gmt":"2025-08-05T12:26:48","slug":"baskischer-weg","status":"publish","type":"page","link":"https:\/\/www.pilgrim.es\/de\/baskischer-weg\/","title":{"rendered":"Baskischer Weg des Innenlandes"},"content":{"rendered":"\n<div id=\"way\">\n    <section id=\"heroWay\">\n      <h1>Baskischer Weg des Innenlandes<\/h1>\n      <div class=\"options-stages\">\n        <p>\n          <a href=\"#stagesFoot\"> 12 oder 9 Etappen zu Fu\u00df <\/a> \/\n          <a href=\"#stagesBike\"> 4 Ettapen mit dem Fahrrad <\/a>\n        <\/p>\n      <\/div>\n      <div class=\"main-content\">\n        <div class=\"main-content__col-map\">\n          <img decoding=\"async\" src=\"https:\/\/cdn.pilgrim.es\/web\/caminos\/camino-vasco-interior\/home\/map-camino-vasco.jpg\" alt=\"Landkarte Baskischer Weg\" \/>\n        <\/div>\n        <div class=\"main-content__col-planner\"><div\r\n  class=\"p-col-span-1 p-rounded-lg p-px-5 p-h-full\"\r\n  style=\"background-image: url('https:\/\/cdn.pilgrim.es\/web\/pilgrim-planner\/bg-plugin-planificador.webp')\"\r\n  rel=\"preload\"\r\n  fetchpriority=\"high\"\r\n  >\r\n    <div class=\"p-text-center p-pt-5 p-text-white p-text-2xl p-font-semibold\">\r\n      Plane deinen Weg    <\/div>\r\n    <div\r\n            id='primary-app'\r\n            data-name='banner'\r\n            data-api='https:\/\/pathfinder.pilgrim.es\/api\/pathfinder\/v2'\r\n            data-mode='normal'\r\n            data-lang='de'\r\n            data-route='1'\r\n            data-destiny='https:\/\/planificador.pilgrim.es'\r\n            data-modality='1'\r\n            data-inline=''\r\n        ><\/div><\/div><\/div>\n      <\/div>\n    <\/section>\n  \n    <section id=\"scoreBarsWay\">\n      <section>\r\n  <div class=\"p-flex p-flex-nowrap p-space-x-4 p-py-5 p-overflow-x-auto md:p-grid md:p-grid-cols-3 lg:p-grid-cols-5 md:p-gap-8 md:p-space-x-0 md:p-overflow-hidden scrollbar-thin\">\r\n    <div class=\"p-grid p-grid-cols-4 p-shrink-0 p-w-72 p-snap-start md:p-w-full\">\r\n        <div class=\"p-col-span-1 p-self-center p-text-center p-text-3xl\">\r\n            <i class=\"icon-influx\"><\/i>\r\n        <\/div>\r\n        <div class=\"p-col-span-3 p-flex p-flex-col p-items-start\">\r\n            <div class=\"p-text-start p-text-secondary p-mb-1 p-bold\"> Zustrom <\/div>\r\n            <div class=\"p-w-full p-bg-light p-rounded-full p-h-2 p-relative\">\r\n                <div class=\"p-bg-primary p-h-2 p-rounded-full p-absolute\" style=\"width: 20%;\"><\/div>\r\n            <\/div>\r\n        <\/div>\r\n    <\/div>\r\n\r\n    <div class=\"p-grid p-grid-cols-4 p-shrink-0 p-w-72 p-snap-start md:p-w-full\">\r\n        <div class=\"p-col-span-1 p-self-center p-text-center p-text-3xl\">\r\n            <i class=\"icon-difficulty\"><\/i>\r\n        <\/div>\r\n        <div class=\"p-col-span-3 p-flex p-flex-col p-items-start\">\r\n            <div class=\"p-text-start p-text-secondary p-mb-1 p-bold\"> Schwierigkeitsgrad <\/div>\r\n            <div class=\"p-w-full p-bg-light p-rounded-full p-h-2 p-relative\">\r\n                <div class=\"p-bg-primary p-h-2 p-rounded-full p-absolute\" style=\"width: 40%;\"><\/div>\r\n            <\/div>\r\n        <\/div>\r\n    <\/div>\r\n\r\n    <div class=\"p-grid p-grid-cols-4 p-shrink-0 p-w-72 p-snap-start md:p-w-full\">\r\n        <div class=\"p-col-span-1 p-self-center p-text-center p-text-3xl\">\r\n            <i class=\"icon-patrimony\"><\/i>\r\n        <\/div>\r\n        <div class=\"p-col-span-3 p-flex p-flex-col p-items-start\">\r\n            <div class=\"p-text-start p-text-secondary p-mb-1 p-bold\"> Kunst\/Geschichte <\/div>\r\n            <div class=\"p-w-full p-bg-light p-rounded-full p-h-2 p-relative\">\r\n                <div class=\"p-bg-primary p-h-2 p-rounded-full p-absolute\" style=\"width: 40%;\"><\/div>\r\n            <\/div>\r\n        <\/div>\r\n    <\/div>\r\n\r\n    <div class=\"p-grid p-grid-cols-4 p-shrink-0 p-w-72 p-snap-start md:p-w-full\">\r\n        <div class=\"p-col-span-1 p-self-center p-text-center p-text-3xl\">\r\n            <i class=\"icon-nature\"><\/i>\r\n        <\/div>\r\n        <div class=\"p-col-span-3 p-flex p-flex-col p-items-start\">\r\n            <div class=\"p-text-start p-text-secondary p-mb-1 p-bold\"> Natur <\/div>\r\n            <div class=\"p-w-full p-bg-light p-rounded-full p-h-2 p-relative\">\r\n                <div class=\"p-bg-primary p-h-2 p-rounded-full p-absolute\" style=\"width: 60%;\"><\/div>\r\n            <\/div>\r\n        <\/div>\r\n    <\/div>\r\n\r\n    <div class=\"p-grid p-grid-cols-4 p-shrink-0 p-w-72 p-snap-start md:p-w-full\">\r\n        <div class=\"p-col-span-1 p-self-center p-text-center p-text-3xl\">\r\n            <i class=\"icon-urban\"><\/i>\r\n        <\/div>\r\n        <div class=\"p-col-span-3 p-flex p-flex-col p-items-start\">\r\n            <div class=\"p-text-start p-text-secondary p-mb-1 p-bold\"> St\u00e4dtischer Weg <\/div>\r\n            <div class=\"p-w-full p-bg-light p-rounded-full p-h-2 p-relative\">\r\n                <div class=\"p-bg-primary p-h-2 p-rounded-full p-absolute\" style=\"width: 20%;\"><\/div>\r\n            <\/div>\r\n        <\/div>\r\n    <\/div>\r\n  <\/div>\r\n<\/section>\n    <\/section>\n  \n    <section id=\"summaryWay\">\n      <div class=\"subtitle\">\n        <h4 class=\"p-h4--section\">Einen sch\u00f6nen Spaziergang!<\/h4>\n        <hr \/>\n      <\/div>\n      <div class=\"content-summary\">\n        <div class=\"content-summary__col-text\">\n          <h2>Warum den baskischen Weg w\u00e4hlen?<\/h2>\n          <p class=\"p-my-3\">\n            Der baskische Weg des Innenlandes ist eine an\n            <strong>historischem Erbe und Sehensw\u00fcrdigkeiten reiche Route.<\/strong>\n            Um die gigantische Mauer auf der Strecke zwischen Guip\u00fazcoa und \u00c1lava\n            zu durchqueren -wie vor zweitausend Jahren zahllose Kaufleute und\n            ehemalige Pilger- wird der Sankt Adrian-Tunnel genutzt; eine\n            nat\u00fcrliche Passage, die in den Felsen gehauen wurde.\n          <\/p>\n          <p class=\"p-mb-3\">\n            Die Trennung durch die Gebirgskette \u201eSierra De Aizkorri\u201c weist\n            <strong>zwei g\u00e4nzlich unterschiedliche Landschaften<\/strong>auf, und\n            ver\u00e4ndert deren Vegetation, Orographie, Klima, Architektur der Geb\u00e4ude\n            usw. Die Trennung durch die Gebirgskette \u201eSierra De Aizkorri\u201c weist\n            zwei g\u00e4nzlich unterschiedliche Landschaften auf, und ver\u00e4ndert deren\n            Vegetation, Orographie, Klima, Architektur der Geb\u00e4ude usw.\n          <\/p>\n          <p class=\"p-mb-3\">\n            Der baskische Weg des Innenlandes, auch\n            <strong>baskische Jakobus- Route oder Bayona- Route genannt<\/strong>,ist eine Route des Jakobsweges, die Ir\u00fan mit dem franz\u00f6sischen Weg\n            verbindet; Diese Route hat zwei Abzweigungen: \u00fcber Santo Domingo de la\n            Calzada, wenn wir die Pilgerroute in Richtung Haro w\u00e4hlen; oder die\n            \u00fcber Burgos, die Route nach Miranda de Ebro. Die Entscheidung wird dem\n            Pilger \u00fcberlassen.\n          <\/p>\n        <\/div>\n        <div class=\"content-summary__col-experiences\">\n          <section id=\"experiencesCarousel\" class=\"p-relative\">\r\n  <div id=\"experiencesCarousel\" class=\"p-container p-mx-auto p-relative p-w-full lg:p-w-4\/5\">\r\n    <button id=\"prev-slide-experiences\" class=\"slide-button material-symbols-rounded\">\r\n        <div class=\"p-self-item p-font-bold\">&#10094;<\/div>\r\n    <\/button>\r\n    <button id=\"next-slide-experiences\" class=\"slide-button material-symbols-rounded\">\r\n        <div class=\"p-font-bold\">&#10095;<\/div>\r\n    <\/button>\r\n    <div id=\"carousel\" class=\"container-slider p-self-center p-mt-10\">\r\n        <ul class=\"card-list card-list--less-gap\">\r\n                                                <div  class=\"card-item card-item--min\" data-category=\"frances\" data-mode=\"a-pie\">\r\n                        <div class=\"p-rounded-lg p-h-80 p-relative p-p-5 p-text-white p-max-w-[250px] lg:p-max-w-full experience-card-item\">\r\n                            <div class=\"experience-card-bg\" style=\"background-image: url('\/wp-content\/uploads\/2024\/07\/experiencia-frances-desde-sarria.jpg');\"><\/div>\r\n                            <div class=\"experience-card-content p-h-72 card-item-container p-max-w-[250px] lg:p-max-w-full\">\r\n                                <div class=\"p-flex p-flex-wrap\">\r\n                                    <p class=\"p-col-auto p-m-0 p-px-2 p-border p-border-white p-rounded-lg p-text-sm p-self-center\">Zu Fu\u00df<\/p>\r\n                                    <p class=\"p-text-sm p-self-center p-px-4 p-mb-0\">4,9 \u2605<\/p>\r\n                                <\/div>\r\n                                <h3 class=\"p-font-['Inter'] p-normal-case p-text-base lg:p-text-xl p-font-bold p-my-5\"> <a href=\"\/experiencias\/camino-frances-desde-sarria\/\" id=\"camino-frances-desde-sarria\" target=\"_blank\" class=\"after:p-absolute after:p-inset-0 p-text-white hover:p-text-light\">Franz\u00f6sischer Weg von Sarria<\/a><\/h3>\r\n                                <div class=\"p-flex p-flex-wrap\">\r\n                                    <div class=\"p-col-auto p-flex p-self-center p-pr-0\">\r\n                                        <i class=\"icon-signal\"><\/i>\r\n                                    <\/div>\r\n                                    <div class=\"p-col-auto p-flex p-self-auto p-ml-2\">\r\n                                        <p class=\"p-m-0 p-text-sm p-font-bold\">111 Km<\/p>\r\n                                    <\/div>\r\n                                <\/div>\r\n                                <div class=\"p-flex p-flex-wrap p-my-1\">\r\n                                    <div class=\"p-col-auto p-flex p-self-center p-pr-0\">\r\n                                        <i class=\"icon-calendar\"><\/i>\r\n                                    <\/div>\r\n                                    <div class=\"p-col-auto p-flex p-self-auto p-ml-2\">\r\n                                        <p class=\"p-m-0 p-text-sm p-font-bold\">5 etappen<\/p>\r\n                                    <\/div>\r\n                                <\/div>\r\n                                <div class=\"p-flex p-flex-wrap\">\r\n                                    <div class=\"p-col-auto p-flex p-self-center p-pr-0\">\r\n                                        <i class=\"icon-nights\"><\/i>\r\n                                    <\/div>\r\n                                    <div class=\"p-col-auto p-flex p-align-self-auto p-ml-2\">\r\n                                        <p class=\"p-m-0 p-text-sm p-font-bold\">6 n\u00e4chte<\/p>\r\n                                    <\/div>\r\n                                <\/div>\r\n                                <div class=\"p-w-full p-absolute p-bottom-0 p-pb-3 p-pointer-events-none\">\r\n                                    <div class=\"p-flex p-justify-between\">\r\n                                        <div>\r\n                                            <p class=\"p-text-xs p-uppercase p-font-semibold p-my-1\">Ab<\/p>\r\n                                            <p class=\"p-text-2xl p-font-semibold p-mt-[-12px]\">450\u20ac<\/p>\r\n                                        <\/div>\r\n                                        <div class=\"p-text-white p-w-auto p-h-auto p-p-2 p-self-center p-rounded-full p-bg-dark-opacity\">\r\n                                            <img decoding=\"async\" src=\"\/wp-content\/uploads\/2024\/07\/flecha-r.svg\" alt=\"icono flecha derecha\" class=\"p-text-center p-self-center\">\r\n                                        <\/div>\r\n                                    <\/div>\r\n                                <\/div>\r\n                            <\/div>\r\n                        <\/div>\r\n                    <\/div>\r\n                                                                <div  class=\"card-item card-item--min\" data-category=\"frances\" data-mode=\"a-pie\">\r\n                        <div class=\"p-rounded-lg p-h-80 p-relative p-p-5 p-text-white p-max-w-[250px] lg:p-max-w-full experience-card-item\">\r\n                            <div class=\"experience-card-bg\" style=\"background-image: url('\/wp-content\/uploads\/2024\/07\/experiencia-santiago-con-perro.jpg');\"><\/div>\r\n                            <div class=\"experience-card-content p-h-72 card-item-container p-max-w-[250px] lg:p-max-w-full\">\r\n                                <div class=\"p-flex p-flex-wrap\">\r\n                                    <p class=\"p-col-auto p-m-0 p-px-2 p-border p-border-white p-rounded-lg p-text-sm p-self-center\">Zu Fu\u00df<\/p>\r\n                                    <p class=\"p-text-sm p-self-center p-px-4 p-mb-0\">4,8 \u2605<\/p>\r\n                                <\/div>\r\n                                <h3 class=\"p-font-['Inter'] p-normal-case p-text-base lg:p-text-xl p-font-bold p-my-5\"> <a href=\"\/experiencias\/camino-frances-perro\/\" id=\"camino-frances-perro\" target=\"_blank\" class=\"after:p-absolute after:p-inset-0 p-text-white hover:p-text-light\">Franz\u00f6sische Art mit Hund<\/a><\/h3>\r\n                                <div class=\"p-flex p-flex-wrap\">\r\n                                    <div class=\"p-col-auto p-flex p-self-center p-pr-0\">\r\n                                        <i class=\"icon-signal\"><\/i>\r\n                                    <\/div>\r\n                                    <div class=\"p-col-auto p-flex p-self-auto p-ml-2\">\r\n                                        <p class=\"p-m-0 p-text-sm p-font-bold\">111 Km<\/p>\r\n                                    <\/div>\r\n                                <\/div>\r\n                                <div class=\"p-flex p-flex-wrap p-my-1\">\r\n                                    <div class=\"p-col-auto p-flex p-self-center p-pr-0\">\r\n                                        <i class=\"icon-calendar\"><\/i>\r\n                                    <\/div>\r\n                                    <div class=\"p-col-auto p-flex p-self-auto p-ml-2\">\r\n                                        <p class=\"p-m-0 p-text-sm p-font-bold\">5 etappen<\/p>\r\n                                    <\/div>\r\n                                <\/div>\r\n                                <div class=\"p-flex p-flex-wrap\">\r\n                                    <div class=\"p-col-auto p-flex p-self-center p-pr-0\">\r\n                                        <i class=\"icon-nights\"><\/i>\r\n                                    <\/div>\r\n                                    <div class=\"p-col-auto p-flex p-align-self-auto p-ml-2\">\r\n                                        <p class=\"p-m-0 p-text-sm p-font-bold\">6 n\u00e4chte<\/p>\r\n                                    <\/div>\r\n                                <\/div>\r\n                                <div class=\"p-w-full p-absolute p-bottom-0 p-pb-3 p-pointer-events-none\">\r\n                                    <div class=\"p-flex p-justify-between\">\r\n                                        <div>\r\n                                            <p class=\"p-text-xs p-uppercase p-font-semibold p-my-1\">Ab<\/p>\r\n                                            <p class=\"p-text-2xl p-font-semibold p-mt-[-12px]\">495\u20ac<\/p>\r\n                                        <\/div>\r\n                                        <div class=\"p-text-white p-w-auto p-h-auto p-p-2 p-self-center p-rounded-full p-bg-dark-opacity\">\r\n                                            <img decoding=\"async\" src=\"\/wp-content\/uploads\/2024\/07\/flecha-r.svg\" alt=\"icono flecha derecha\" class=\"p-text-center p-self-center\">\r\n                                        <\/div>\r\n                                    <\/div>\r\n                                <\/div>\r\n                            <\/div>\r\n                        <\/div>\r\n                    <\/div>\r\n                                                                <div  class=\"card-item card-item--min\" data-category=\"portugues\" data-mode=\"a-pie\">\r\n                        <div class=\"p-rounded-lg p-h-80 p-relative p-p-5 p-text-white p-max-w-[250px] lg:p-max-w-full experience-card-item\">\r\n                            <div class=\"experience-card-bg\" style=\"background-image: url('\/wp-content\/uploads\/2024\/07\/experiencia-portugues-desde-tui.jpg');\"><\/div>\r\n                            <div class=\"experience-card-content p-h-72 card-item-container p-max-w-[250px] lg:p-max-w-full\">\r\n                                <div class=\"p-flex p-flex-wrap\">\r\n                                    <p class=\"p-col-auto p-m-0 p-px-2 p-border p-border-white p-rounded-lg p-text-sm p-self-center\">Zu Fu\u00df<\/p>\r\n                                    <p class=\"p-text-sm p-self-center p-px-4 p-mb-0\">4,9 \u2605<\/p>\r\n                                <\/div>\r\n                                <h3 class=\"p-font-['Inter'] p-normal-case p-text-base lg:p-text-xl p-font-bold p-my-5\"> <a href=\"\/experiencias\/camino-portugues-desde-tui\/\" id=\"camino-portugues-desde-tui\" target=\"_blank\" class=\"after:p-absolute after:p-inset-0 p-text-white hover:p-text-light\">Portugiesischer Weg von Tui<\/a><\/h3>\r\n                                <div class=\"p-flex p-flex-wrap\">\r\n                                    <div class=\"p-col-auto p-flex p-self-center p-pr-0\">\r\n                                        <i class=\"icon-signal\"><\/i>\r\n                                    <\/div>\r\n                                    <div class=\"p-col-auto p-flex p-self-auto p-ml-2\">\r\n                                        <p class=\"p-m-0 p-text-sm p-font-bold\">115 Km<\/p>\r\n                                    <\/div>\r\n                                <\/div>\r\n                                <div class=\"p-flex p-flex-wrap p-my-1\">\r\n                                    <div class=\"p-col-auto p-flex p-self-center p-pr-0\">\r\n                                        <i class=\"icon-calendar\"><\/i>\r\n                                    <\/div>\r\n                                    <div class=\"p-col-auto p-flex p-self-auto p-ml-2\">\r\n                                        <p class=\"p-m-0 p-text-sm p-font-bold\">5 etappen<\/p>\r\n                                    <\/div>\r\n                                <\/div>\r\n                                <div class=\"p-flex p-flex-wrap\">\r\n                                    <div class=\"p-col-auto p-flex p-self-center p-pr-0\">\r\n                                        <i class=\"icon-nights\"><\/i>\r\n                                    <\/div>\r\n                                    <div class=\"p-col-auto p-flex p-align-self-auto p-ml-2\">\r\n                                        <p class=\"p-m-0 p-text-sm p-font-bold\">6 n\u00e4chte<\/p>\r\n                                    <\/div>\r\n                                <\/div>\r\n                                <div class=\"p-w-full p-absolute p-bottom-0 p-pb-3 p-pointer-events-none\">\r\n                                    <div class=\"p-flex p-justify-between\">\r\n                                        <div>\r\n                                            <p class=\"p-text-xs p-uppercase p-font-semibold p-my-1\">Ab<\/p>\r\n                                            <p class=\"p-text-2xl p-font-semibold p-mt-[-12px]\">450\u20ac<\/p>\r\n                                        <\/div>\r\n                                        <div class=\"p-text-white p-w-auto p-h-auto p-p-2 p-self-center p-rounded-full p-bg-dark-opacity\">\r\n                                            <img decoding=\"async\" src=\"\/wp-content\/uploads\/2024\/07\/flecha-r.svg\" alt=\"icono flecha derecha\" class=\"p-text-center p-self-center\">\r\n                                        <\/div>\r\n                                    <\/div>\r\n                                <\/div>\r\n                            <\/div>\r\n                        <\/div>\r\n                    <\/div>\r\n                                                                <div  class=\"card-item card-item--min\" data-category=\"ingles\" data-mode=\"a-pie\">\r\n                        <div class=\"p-rounded-lg p-h-80 p-relative p-p-5 p-text-white p-max-w-[250px] lg:p-max-w-full experience-card-item\">\r\n                            <div class=\"experience-card-bg\" style=\"background-image: url('\/wp-content\/uploads\/2024\/07\/experiencia-ingles-desde-ferrol.jpg');\"><\/div>\r\n                            <div class=\"experience-card-content p-h-72 card-item-container p-max-w-[250px] lg:p-max-w-full\">\r\n                                <div class=\"p-flex p-flex-wrap\">\r\n                                    <p class=\"p-col-auto p-m-0 p-px-2 p-border p-border-white p-rounded-lg p-text-sm p-self-center\">Zu Fu\u00df<\/p>\r\n                                    <p class=\"p-text-sm p-self-center p-px-4 p-mb-0\">4,7 \u2605<\/p>\r\n                                <\/div>\r\n                                <h3 class=\"p-font-['Inter'] p-normal-case p-text-base lg:p-text-xl p-font-bold p-my-5\"> <a href=\"\/experiencias\/camino-ingles-desde-ferrol\/\" id=\"camino-ingles-desde-ferrol\" target=\"_blank\" class=\"after:p-absolute after:p-inset-0 p-text-white hover:p-text-light\">Englischer Weg von Ferrol<\/a><\/h3>\r\n                                <div class=\"p-flex p-flex-wrap\">\r\n                                    <div class=\"p-col-auto p-flex p-self-center p-pr-0\">\r\n                                        <i class=\"icon-signal\"><\/i>\r\n                                    <\/div>\r\n                                    <div class=\"p-col-auto p-flex p-self-auto p-ml-2\">\r\n                                        <p class=\"p-m-0 p-text-sm p-font-bold\">116 Km<\/p>\r\n                                    <\/div>\r\n                                <\/div>\r\n                                <div class=\"p-flex p-flex-wrap p-my-1\">\r\n                                    <div class=\"p-col-auto p-flex p-self-center p-pr-0\">\r\n                                        <i class=\"icon-calendar\"><\/i>\r\n                                    <\/div>\r\n                                    <div class=\"p-col-auto p-flex p-self-auto p-ml-2\">\r\n                                        <p class=\"p-m-0 p-text-sm p-font-bold\">5 etappen<\/p>\r\n                                    <\/div>\r\n                                <\/div>\r\n                                <div class=\"p-flex p-flex-wrap\">\r\n                                    <div class=\"p-col-auto p-flex p-self-center p-pr-0\">\r\n                                        <i class=\"icon-nights\"><\/i>\r\n                                    <\/div>\r\n                                    <div class=\"p-col-auto p-flex p-align-self-auto p-ml-2\">\r\n                                        <p class=\"p-m-0 p-text-sm p-font-bold\">6 n\u00e4chte<\/p>\r\n                                    <\/div>\r\n                                <\/div>\r\n                                <div class=\"p-w-full p-absolute p-bottom-0 p-pb-3 p-pointer-events-none\">\r\n                                    <div class=\"p-flex p-justify-between\">\r\n                                        <div>\r\n                                            <p class=\"p-text-xs p-uppercase p-font-semibold p-my-1\">Ab<\/p>\r\n                                            <p class=\"p-text-2xl p-font-semibold p-mt-[-12px]\">450\u20ac<\/p>\r\n                                        <\/div>\r\n                                        <div class=\"p-text-white p-w-auto p-h-auto p-p-2 p-self-center p-rounded-full p-bg-dark-opacity\">\r\n                                            <img decoding=\"async\" src=\"\/wp-content\/uploads\/2024\/07\/flecha-r.svg\" alt=\"icono flecha derecha\" class=\"p-text-center p-self-center\">\r\n                                        <\/div>\r\n                                    <\/div>\r\n                                <\/div>\r\n                            <\/div>\r\n                        <\/div>\r\n                    <\/div>\r\n                                                                <div  class=\"card-item card-item--min\" data-category=\"fisterra\" data-mode=\"a-pie\">\r\n                        <div class=\"p-rounded-lg p-h-80 p-relative p-p-5 p-text-white p-max-w-[250px] lg:p-max-w-full experience-card-item\">\r\n                            <div class=\"experience-card-bg\" style=\"background-image: url('\/wp-content\/uploads\/2024\/07\/experiencia-santiago-a-fisterra.jpg');\"><\/div>\r\n                            <div class=\"experience-card-content p-h-72 card-item-container p-max-w-[250px] lg:p-max-w-full\">\r\n                                <div class=\"p-flex p-flex-wrap\">\r\n                                    <p class=\"p-col-auto p-m-0 p-px-2 p-border p-border-white p-rounded-lg p-text-sm p-self-center\">Zu Fu\u00df<\/p>\r\n                                    <p class=\"p-text-sm p-self-center p-px-4 p-mb-0\">4,8 \u2605<\/p>\r\n                                <\/div>\r\n                                <h3 class=\"p-font-['Inter'] p-normal-case p-text-base lg:p-text-xl p-font-bold p-my-5\"> <a href=\"\/experiencias\/camino-santiago-fisterra-caminando\/\" id=\"camino-santiago-fisterra-caminando\" target=\"_blank\" class=\"after:p-absolute after:p-inset-0 p-text-white hover:p-text-light\">Jakobsweg nach Fisterra<\/a><\/h3>\r\n                                <div class=\"p-flex p-flex-wrap\">\r\n                                    <div class=\"p-col-auto p-flex p-self-center p-pr-0\">\r\n                                        <i class=\"icon-signal\"><\/i>\r\n                                    <\/div>\r\n                                    <div class=\"p-col-auto p-flex p-self-auto p-ml-2\">\r\n                                        <p class=\"p-m-0 p-text-sm p-font-bold\">85 Km<\/p>\r\n                                    <\/div>\r\n                                <\/div>\r\n                                <div class=\"p-flex p-flex-wrap p-my-1\">\r\n                                    <div class=\"p-col-auto p-flex p-self-center p-pr-0\">\r\n                                        <i class=\"icon-calendar\"><\/i>\r\n                                    <\/div>\r\n                                    <div class=\"p-col-auto p-flex p-self-auto p-ml-2\">\r\n                                        <p class=\"p-m-0 p-text-sm p-font-bold\">3 etappen<\/p>\r\n                                    <\/div>\r\n                                <\/div>\r\n                                <div class=\"p-flex p-flex-wrap\">\r\n                                    <div class=\"p-col-auto p-flex p-self-center p-pr-0\">\r\n                                        <i class=\"icon-nights\"><\/i>\r\n                                    <\/div>\r\n                                    <div class=\"p-col-auto p-flex p-align-self-auto p-ml-2\">\r\n                                        <p class=\"p-m-0 p-text-sm p-font-bold\">4 n\u00e4chte<\/p>\r\n                                    <\/div>\r\n                                <\/div>\r\n                                <div class=\"p-w-full p-absolute p-bottom-0 p-pb-3 p-pointer-events-none\">\r\n                                    <div class=\"p-flex p-justify-between\">\r\n                                        <div>\r\n                                            <p class=\"p-text-xs p-uppercase p-font-semibold p-my-1\">Ab<\/p>\r\n                                            <p class=\"p-text-2xl p-font-semibold p-mt-[-12px]\">315\u20ac<\/p>\r\n                                        <\/div>\r\n                                        <div class=\"p-text-white p-w-auto p-h-auto p-p-2 p-self-center p-rounded-full p-bg-dark-opacity\">\r\n                                            <img decoding=\"async\" src=\"\/wp-content\/uploads\/2024\/07\/flecha-r.svg\" alt=\"icono flecha derecha\" class=\"p-text-center p-self-center\">\r\n                                        <\/div>\r\n                                    <\/div>\r\n                                <\/div>\r\n                            <\/div>\r\n                        <\/div>\r\n                    <\/div>\r\n                                                                <div  class=\"card-item card-item--min\" data-category=\"portugues\" data-mode=\"a-pie\">\r\n                        <div class=\"p-rounded-lg p-h-80 p-relative p-p-5 p-text-white p-max-w-[250px] lg:p-max-w-full experience-card-item\">\r\n                            <div class=\"experience-card-bg\" style=\"background-image: url('\/wp-content\/uploads\/2024\/07\/experiencia-en-bici-desde-oporto.jpg');\"><\/div>\r\n                            <div class=\"experience-card-content p-h-72 card-item-container p-max-w-[250px] lg:p-max-w-full\">\r\n                                <div class=\"p-flex p-flex-wrap\">\r\n                                    <p class=\"p-col-auto p-m-0 p-px-2 p-border p-border-white p-rounded-lg p-text-sm p-self-center\">Mit dem Fahrrad<\/p>\r\n                                    <p class=\"p-text-sm p-self-center p-px-4 p-mb-0\">4,8 \u2605<\/p>\r\n                                <\/div>\r\n                                <h3 class=\"p-font-['Inter'] p-normal-case p-text-base lg:p-text-xl p-font-bold p-my-5\"> <a href=\"\/experiencias\/camino-portugues-en-bicicleta-desde-oporto\/\" id=\"camino-portugues-en-bicicleta-desde-oporto\" target=\"_blank\" class=\"after:p-absolute after:p-inset-0 p-text-white hover:p-text-light\">Der portugiesische Weg mit dem Fahrrad Oporto<\/a><\/h3>\r\n                                <div class=\"p-flex p-flex-wrap\">\r\n                                    <div class=\"p-col-auto p-flex p-self-center p-pr-0\">\r\n                                        <i class=\"icon-signal\"><\/i>\r\n                                    <\/div>\r\n                                    <div class=\"p-col-auto p-flex p-self-auto p-ml-2\">\r\n                                        <p class=\"p-m-0 p-text-sm p-font-bold\">242 Km<\/p>\r\n                                    <\/div>\r\n                                <\/div>\r\n                                <div class=\"p-flex p-flex-wrap p-my-1\">\r\n                                    <div class=\"p-col-auto p-flex p-self-center p-pr-0\">\r\n                                        <i class=\"icon-calendar\"><\/i>\r\n                                    <\/div>\r\n                                    <div class=\"p-col-auto p-flex p-self-auto p-ml-2\">\r\n                                        <p class=\"p-m-0 p-text-sm p-font-bold\">5 etappen<\/p>\r\n                                    <\/div>\r\n                                <\/div>\r\n                                <div class=\"p-flex p-flex-wrap\">\r\n                                    <div class=\"p-col-auto p-flex p-self-center p-pr-0\">\r\n                                        <i class=\"icon-nights\"><\/i>\r\n                                    <\/div>\r\n                                    <div class=\"p-col-auto p-flex p-align-self-auto p-ml-2\">\r\n                                        <p class=\"p-m-0 p-text-sm p-font-bold\">6 n\u00e4chte<\/p>\r\n                                    <\/div>\r\n                                <\/div>\r\n                                <div class=\"p-w-full p-absolute p-bottom-0 p-pb-3 p-pointer-events-none\">\r\n                                    <div class=\"p-flex p-justify-between\">\r\n                                        <div>\r\n                                            <p class=\"p-text-xs p-uppercase p-font-semibold p-my-1\">Ab<\/p>\r\n                                            <p class=\"p-text-2xl p-font-semibold p-mt-[-12px]\">490\u20ac<\/p>\r\n                                        <\/div>\r\n                                        <div class=\"p-text-white p-w-auto p-h-auto p-p-2 p-self-center p-rounded-full p-bg-dark-opacity\">\r\n                                            <img decoding=\"async\" src=\"\/wp-content\/uploads\/2024\/07\/flecha-r.svg\" alt=\"icono flecha derecha\" class=\"p-text-center p-self-center\">\r\n                                        <\/div>\r\n                                    <\/div>\r\n                                <\/div>\r\n                            <\/div>\r\n                        <\/div>\r\n                    <\/div>\r\n                                                                <div  class=\"card-item card-item--min\" data-category=\"primitivo\" data-mode=\"a-pie\">\r\n                        <div class=\"p-rounded-lg p-h-80 p-relative p-p-5 p-text-white p-max-w-[250px] lg:p-max-w-full experience-card-item\">\r\n                            <div class=\"experience-card-bg\" style=\"background-image: url('\/wp-content\/uploads\/2024\/07\/experiencia-en-bici-desde-oviedo.jpg');\"><\/div>\r\n                            <div class=\"experience-card-content p-h-72 card-item-container p-max-w-[250px] lg:p-max-w-full\">\r\n                                <div class=\"p-flex p-flex-wrap\">\r\n                                    <p class=\"p-col-auto p-m-0 p-px-2 p-border p-border-white p-rounded-lg p-text-sm p-self-center\">Mit dem Fahrrad<\/p>\r\n                                    <p class=\"p-text-sm p-self-center p-px-4 p-mb-0\">4,8 \u2605<\/p>\r\n                                <\/div>\r\n                                <h3 class=\"p-font-['Inter'] p-normal-case p-text-base lg:p-text-xl p-font-bold p-my-5\"> <a href=\"\/experiencias\/camino-primitivo-desde-oviedo-bici\/\" id=\"camino-primitivo-desde-oviedo-bici\" target=\"_blank\" class=\"after:p-absolute after:p-inset-0 p-text-white hover:p-text-light\">Der primitive Weg mit dem Fahrrad von Oviedo aus<\/a><\/h3>\r\n                                <div class=\"p-flex p-flex-wrap\">\r\n                                    <div class=\"p-col-auto p-flex p-self-center p-pr-0\">\r\n                                        <i class=\"icon-signal\"><\/i>\r\n                                    <\/div>\r\n                                    <div class=\"p-col-auto p-flex p-self-auto p-ml-2\">\r\n                                        <p class=\"p-m-0 p-text-sm p-font-bold\">313 Km<\/p>\r\n                                    <\/div>\r\n                                <\/div>\r\n                                <div class=\"p-flex p-flex-wrap p-my-1\">\r\n                                    <div class=\"p-col-auto p-flex p-self-center p-pr-0\">\r\n                                        <i class=\"icon-calendar\"><\/i>\r\n                                    <\/div>\r\n                                    <div class=\"p-col-auto p-flex p-self-auto p-ml-2\">\r\n                                        <p class=\"p-m-0 p-text-sm p-font-bold\">7 etappen<\/p>\r\n                                    <\/div>\r\n                                <\/div>\r\n                                <div class=\"p-flex p-flex-wrap\">\r\n                                    <div class=\"p-col-auto p-flex p-self-center p-pr-0\">\r\n                                        <i class=\"icon-nights\"><\/i>\r\n                                    <\/div>\r\n                                    <div class=\"p-col-auto p-flex p-align-self-auto p-ml-2\">\r\n                                        <p class=\"p-m-0 p-text-sm p-font-bold\">8 n\u00e4chte<\/p>\r\n                                    <\/div>\r\n                                <\/div>\r\n                                <div class=\"p-w-full p-absolute p-bottom-0 p-pb-3 p-pointer-events-none\">\r\n                                    <div class=\"p-flex p-justify-between\">\r\n                                        <div>\r\n                                            <p class=\"p-text-xs p-uppercase p-font-semibold p-my-1\">Ab<\/p>\r\n                                            <p class=\"p-text-2xl p-font-semibold p-mt-[-12px]\">325\u20ac<\/p>\r\n                                        <\/div>\r\n                                        <div class=\"p-text-white p-w-auto p-h-auto p-p-2 p-self-center p-rounded-full p-bg-dark-opacity\">\r\n                                            <img decoding=\"async\" src=\"\/wp-content\/uploads\/2024\/07\/flecha-r.svg\" alt=\"icono flecha derecha\" class=\"p-text-center p-self-center\">\r\n                                        <\/div>\r\n                                    <\/div>\r\n                                <\/div>\r\n                            <\/div>\r\n                        <\/div>\r\n                    <\/div>\r\n                                                                <div  class=\"card-item card-item--min\" data-category=\"primitivo\" data-mode=\"a-pie\">\r\n                        <div class=\"p-rounded-lg p-h-80 p-relative p-p-5 p-text-white p-max-w-[250px] lg:p-max-w-full experience-card-item\">\r\n                            <div class=\"experience-card-bg\" style=\"background-image: url('\/wp-content\/uploads\/2024\/07\/experiencia-primitivo-desde-lugo.jpg');\"><\/div>\r\n                            <div class=\"experience-card-content p-h-72 card-item-container p-max-w-[250px] lg:p-max-w-full\">\r\n                                <div class=\"p-flex p-flex-wrap\">\r\n                                    <p class=\"p-col-auto p-m-0 p-px-2 p-border p-border-white p-rounded-lg p-text-sm p-self-center\">Zu Fu\u00df<\/p>\r\n                                    <p class=\"p-text-sm p-self-center p-px-4 p-mb-0\">4,7 \u2605<\/p>\r\n                                <\/div>\r\n                                <h3 class=\"p-font-['Inter'] p-normal-case p-text-base lg:p-text-xl p-font-bold p-my-5\"> <a href=\"\/experiencias\/el-camino-primitivo-desde-lugo\/\" id=\"el-camino-primitivo-desde-lugo\" target=\"_blank\" class=\"after:p-absolute after:p-inset-0 p-text-white hover:p-text-light\">Primitiver Weg von Lugo<\/a><\/h3>\r\n                                <div class=\"p-flex p-flex-wrap\">\r\n                                    <div class=\"p-col-auto p-flex p-self-center p-pr-0\">\r\n                                        <i class=\"icon-signal\"><\/i>\r\n                                    <\/div>\r\n                                    <div class=\"p-col-auto p-flex p-self-auto p-ml-2\">\r\n                                        <p class=\"p-m-0 p-text-sm p-font-bold\">102 Km<\/p>\r\n                                    <\/div>\r\n                                <\/div>\r\n                                <div class=\"p-flex p-flex-wrap p-my-1\">\r\n                                    <div class=\"p-col-auto p-flex p-self-center p-pr-0\">\r\n                                        <i class=\"icon-calendar\"><\/i>\r\n                                    <\/div>\r\n                                    <div class=\"p-col-auto p-flex p-self-auto p-ml-2\">\r\n                                        <p class=\"p-m-0 p-text-sm p-font-bold\">5 etappen<\/p>\r\n                                    <\/div>\r\n                                <\/div>\r\n                                <div class=\"p-flex p-flex-wrap\">\r\n                                    <div class=\"p-col-auto p-flex p-self-center p-pr-0\">\r\n                                        <i class=\"icon-nights\"><\/i>\r\n                                    <\/div>\r\n                                    <div class=\"p-col-auto p-flex p-align-self-auto p-ml-2\">\r\n                                        <p class=\"p-m-0 p-text-sm p-font-bold\">6 n\u00e4chte<\/p>\r\n                                    <\/div>\r\n                                <\/div>\r\n                                <div class=\"p-w-full p-absolute p-bottom-0 p-pb-3 p-pointer-events-none\">\r\n                                    <div class=\"p-flex p-justify-between\">\r\n                                        <div>\r\n                                            <p class=\"p-text-xs p-uppercase p-font-semibold p-my-1\">Ab<\/p>\r\n                                            <p class=\"p-text-2xl p-font-semibold p-mt-[-12px]\">450\u20ac<\/p>\r\n                                        <\/div>\r\n                                        <div class=\"p-text-white p-w-auto p-h-auto p-p-2 p-self-center p-rounded-full p-bg-dark-opacity\">\r\n                                            <img decoding=\"async\" src=\"\/wp-content\/uploads\/2024\/07\/flecha-r.svg\" alt=\"icono flecha derecha\" class=\"p-text-center p-self-center\">\r\n                                        <\/div>\r\n                                    <\/div>\r\n                                <\/div>\r\n                            <\/div>\r\n                        <\/div>\r\n                    <\/div>\r\n                                        <div class=\"p-group card-item card-item--min p-p-5 p-relative p-rounded-lg p-bg-brown-light p-max-w-[250px] lg:p-max-w-full\">\r\n              <div class=\"p-h-full p-w-full p-flex p-justify-center p-z-10 p-rounded-lg\">\r\n                <div class=\"p-self-center p-flex p-flex-col p-justify-center p-text-center p-content-center\">\r\n                  <div class=\"p-border p-border-2 p-border-primary p-h-10 p-w-10 lg:p-h-16 lg:p-w-16 p-rounded-full p-mb-5 p-self-center\">\r\n                    <p class=\"p-self-center p-text-2xl lg:p-text-4xl p-text-primary\">+<\/p>\r\n                  <\/div>\r\n                  <p class=\"p-text-base lg:p-text-xl p-text-gray p-font-bold\">Siehe alle <br> unsere Erfahrungen<\/p>\r\n                  <button class=\"p-bg-primary p-my-5 p-rounded-lg p-px-5 p-py-2 hover:p-bg-primary-dark\">\r\n                    <a href=\"https:\/\/www.pilgrim.es\/de\/erlebnisse\/\"  class=\"after:p-absolute after:p-inset-0 p-text-white p-h-10 hover:p-text-white p-text-base lg:p-text-xl\">Mehr Routen<\/a>\r\n                  <\/button>\r\n                <\/div>\r\n              <\/div>\r\n            <\/div>\r\n        <\/ul>\r\n        <div class=\"slider-scrollbar\">\r\n            <div class=\"scrollbar-track\">\r\n                <div class=\"scrollbar-thumb\"><\/div>\r\n            <\/div>\r\n        <\/div>\r\n        <div id=\"indicators\" class=\"slider-indicators\"><\/div>\r\n    <\/div>\r\n  <\/div>\r\n<\/section>\r\n<script>\/\/ Aqu\u00ed va el c\u00f3digo JavaScript que maneja el slider\r\nconst initSlider = () => {\r\n  const imageList = document.querySelector(\".slider-wrapper .card-list\");\r\n  const slideButtons = document.querySelectorAll(\r\n    \".slider-wrapper .slide-button\"\r\n  );\r\n  const sliderScrollbar = document.querySelector(\r\n    \".container-slider .slider-scrollbar\"\r\n  );\r\n  const indicators = document.querySelectorAll(\".slider-indicators .indicator\");\r\n\r\n  if (sliderScrollbar && imageList && slideButtons) {\r\n    const scrollbarThumb =\r\n      sliderScrollbar.getElementsByClassName(\"scrollbar-thumb\");\r\n    const maxScrollLeft = imageList.scrollWidth - imageList.clientWidth;\r\n\r\n    \/\/ manejar scroll\r\n    scrollbarThumb.addEventListener(\"mousedown\", (e) => {\r\n      const startX = e.clientX;\r\n      const thumbPosition = scrollbarThumb.offsetLeft;\r\n      const maxThumbPosition =\r\n        sliderScrollbar.getBoundingClientRect().width -\r\n        scrollbarThumb.offsetWidth;\r\n\r\n      \/\/ actualizar posici\u00f3n con movimiento de rat\u00f3n\r\n      const handleMouseMove = (e) => {\r\n        const deltaX = e.clientX - startX;\r\n        const newThumbPosition = thumbPosition + deltaX;\r\n\r\n        \/\/ para que la scrollbar no se salga\r\n        const boundedPosition = Math.max(\r\n          0,\r\n          Math.min(maxThumbPosition, newThumbPosition)\r\n        );\r\n        const scrollPosition =\r\n          (boundedPosition \/ maxThumbPosition) * maxScrollLeft;\r\n\r\n        scrollbarThumb.style.left = `${boundedPosition}px`;\r\n        imageList.scrollLeft = scrollPosition;\r\n      };\r\n\r\n      \/\/ quitar escuchadores en mouse up\r\n      const handleMouseUp = () => {\r\n        document.removeEventListener(\"mousemove\", handleMouseMove);\r\n        document.removeEventListener(\"mouseup\", handleMouseUp);\r\n      };\r\n\r\n      \/\/ a\u00f1adir escuchadores para arrastre\r\n      document.addEventListener(\"mousemove\", handleMouseMove);\r\n      document.addEventListener(\"mouseup\", handleMouseUp);\r\n    });\r\n\r\n    \/\/ mover im\u00e1genes seg\u00fan los clicks al bot\u00f3n del slide\r\n    slideButtons.forEach((button) => {\r\n      button.addEventListener(\"click\", () => {\r\n        const direction = button.id === \"prev-slide\" ? -1 : 1;\r\n        const scrollAmount = imageList.clientWidth * direction;\r\n        imageList.scrollBy({ left: scrollAmount, behavior: \"smooth\" });\r\n        updateIndicators();\r\n      });\r\n    });\r\n\r\n    \/\/ mostrar o no los botones del slide seg\u00fan posici\u00f3n\r\n    const handleSlideButtons = () => {\r\n      slideButtons[0].style.display =\r\n        imageList.scrollLeft <= 0 ? \"none\" : \"flex\";\r\n      slideButtons[1].style.display =\r\n        imageList.scrollLeft >= maxScrollLeft ? \"none\" : \"flex\";\r\n    };\r\n\r\n    \/\/ actualizar posici\u00f3n de la scrollbar seg\u00fan posici\u00f3n\r\n    const updateScrollThumbPosition = () => {\r\n      const scrollPosition = imageList.scrollLeft;\r\n      const thumbPosition =\r\n        (scrollPosition \/ maxScrollLeft) *\r\n        (sliderScrollbar.clientWidth - scrollbarThumb.offsetWidth);\r\n      scrollbarThumb.style.left = `${thumbPosition}px`;\r\n    };\r\n\r\n    \/\/ actualizar indicadores seg\u00fan posici\u00f3n\r\n    const updateIndicators = () => {\r\n      const currentSlide = Math.round(\r\n        imageList.scrollLeft \/ imageList.clientWidth\r\n      );\r\n      indicators.forEach((indicator, index) => {\r\n        indicator.classList.toggle(\"active\", index === currentSlide);\r\n      });\r\n    };\r\n\r\n    \/\/ llamar funciones al hacer scroll en la lista\r\n    imageList.addEventListener(\"scroll\", () => {\r\n      updateScrollThumbPosition();\r\n      handleSlideButtons();\r\n      updateIndicators();\r\n    });\r\n\r\n    \/\/ a\u00f1adir eventos de click en los indicadores\r\n    indicators.forEach((indicator, index) => {\r\n      indicator.addEventListener(\"click\", () => {\r\n        const scrollPosition = index * imageList.clientWidth;\r\n        imageList.scrollTo({ left: scrollPosition, behavior: \"smooth\" });\r\n      });\r\n    });\r\n\r\n    \/\/ configuraci\u00f3n inicial\r\n    updateScrollThumbPosition();\r\n    handleSlideButtons();\r\n    updateIndicators();\r\n  }\r\n};\r\n\r\nwindow.addEventListener(\"resize\", initSlider);\r\nwindow.addEventListener(\"load\", initSlider);\r\n<\/script>\n        <\/div>\n      <\/div>\n    <\/section>\n    <section id=\"stagesFoot\">\n      <div class=\"subtitle\">\n        <h4 class=\"p-h4--section\">12 Ettapen \/ 252 <span class=\"p-normal-case\">Kms<\/span><\/h4>\n        <h4 class=\"p-h4--section\">9 Ettapen \/ 199 <span class=\"p-normal-case\">Kms<\/span><\/h4>\n        <hr \/>\n        <h2>Etappen des Baskenwegs zu Fu\u00df<\/h2>\n      <\/div>\n      <div id=\"stagesContainer\" class=\"container-stages scrollbar-thin\">\n        <div class=\"p-group card-stage\">\n          <a href=\"https:\/\/www.pilgrim.es\/camino-vasco\/etapa-1-irun-hernani\/\" class=\"hover:p-text-gray-dark\">\n            <div class=\"card-stage__header\">\n              <img decoding=\"async\" src=\"https:\/\/cdn.pilgrim.es\/web\/caminos\/camino-norte\/pueblos\/irun.jpg\" alt=\"Ir\u00fan\" class=\"group-hover:p-scale-110\" \/>\n              <div class=\"card-overlay group-hover:p-opacity-50\"><\/div>\n              <div class=\"number-stage\">\n                <span>1<\/span>\n              <\/div>\n            <\/div>\n  \n            <div class=\"card-stage__body\">\n              <div class=\"title-stage\">\n                <p class=\"title-stage__start\">Ir\u00fan<\/p>\n                <p><span>&#10095;<\/span> Hernani<\/p>\n                <div class=\"title-stage__tips\">\n                  <h3>Etappe 1 :<\/h3>\n                  <div><i class=\"icon-location\"><\/i> 24,9Km<\/div>\n                  <div><i class=\"icon-clock\"><\/i> 5,5Std.<\/div>\n                  <div><i class=\"icon-difficulty\"><\/i> 3\/5<\/div>\n                <\/div>\n              <\/div>\n              <button class=\"btn-arrow\">\n                <i class=\"icon-arrow\"><\/i>\n              <\/button>\n            <\/div>\n          <\/a>\n        <\/div>\n        <div class=\"p-group card-stage\">\n          <a href=\"https:\/\/www.pilgrim.es\/camino-vasco\/etapa-2-hernani-tolosa\/\" class=\"hover:p-text-gray-dark\">\n            <div class=\"card-stage__header\">\n              <img decoding=\"async\" src=\"https:\/\/cdn.pilgrim.es\/web\/caminos\/camino-vasco-interior\/pueblos\/hernani.jpg\" alt=\"Hernani\" class=\"group-hover:p-scale-110\" \/>\n              <div class=\"card-overlay group-hover:p-opacity-50\"><\/div>\n              <div class=\"number-stage\">\n                <span>2<\/span>\n              <\/div>\n            <\/div>\n            <div class=\"card-stage__body\">\n              <div class=\"title-stage\">\n                <p class=\"title-stage__start\">Hernani<\/p>\n                <p><span>&#10095;<\/span> Tolosa<\/p>\n                <div class=\"title-stage__tips\">\n                  <h3>Etappe 2 :<\/h3>\n                  <div><i class=\"icon-location\"><\/i> 19,2Km<\/div>\n                  <div><i class=\"icon-clock\"><\/i> 4,5Std.<\/div>\n                  <div><i class=\"icon-difficulty\"><\/i> 2\/5<\/div>\n                <\/div>\n              <\/div>\n              <button class=\"btn-arrow\">\n                <i class=\"icon-arrow\"><\/i>\n              <\/button>\n            <\/div>\n          <\/a>\n        <\/div>\n        <div class=\"p-group card-stage\">\n          <a href=\"https:\/\/www.pilgrim.es\/camino-vasco\/etapa-3-tolosa-beasain\/\" class=\"hover:p-text-gray-dark\">\n            <div class=\"card-stage__header\">\n              <img decoding=\"async\" src=\"https:\/\/cdn.pilgrim.es\/web\/caminos\/camino-vasco-interior\/pueblos\/beasain.jpg\" alt=\"Beas\u00e1in\" class=\"group-hover:p-scale-110\" \/>\n              <div class=\"card-overlay group-hover:p-opacity-50\"><\/div>\n              <div class=\"number-stage\">\n                <span>3<\/span>\n              <\/div>\n            <\/div>\n            <div class=\"card-stage__body\">\n              <div class=\"title-stage\">\n                <p class=\"title-stage__start\">Tolosa<\/p>\n                <p><span>&#10095;<\/span> Beas\u00e1in<\/p>\n                <div class=\"title-stage__tips\">\n                  <h3>Etappe 3 :<\/h3>\n                  <div><i class=\"icon-location\"><\/i> 18,6Km<\/div>\n                  <div><i class=\"icon-clock\"><\/i> 4,5Std.<\/div>\n                  <div><i class=\"icon-difficulty\"><\/i> 1\/5<\/div>\n                <\/div>\n              <\/div>\n              <button class=\"btn-arrow\">\n                <i class=\"icon-arrow\"><\/i>\n              <\/button>\n            <\/div>\n          <\/a>\n        <\/div>\n        <div class=\"p-group card-stage\">\n          <a href=\"https:\/\/www.pilgrim.es\/camino-vasco\/etapa-4-beasain-zegama\/\" class=\"hover:p-text-gray-dark\">\n            <div class=\"card-stage__header\">\n              <img decoding=\"async\" src=\"https:\/\/cdn.pilgrim.es\/web\/caminos\/camino-vasco-interior\/pueblos\/zegama.jpg\" alt=\"Zegama\" class=\"group-hover:p-scale-110\" \/>\n              <div class=\"card-overlay group-hover:p-opacity-50\"><\/div>\n              <div class=\"number-stage\">\n                <span>4<\/span>\n              <\/div>\n            <\/div>\n            <div class=\"card-stage__body\">\n              <div class=\"title-stage\">\n                <p class=\"title-stage__start\">Beas\u00e1in<\/p>\n                <p><span>&#10095;<\/span> Zegama<\/p>\n                <div class=\"title-stage__tips\">\n                  <h3>Etappe 4 :<\/h3>\n                  <div><i class=\"icon-location\"><\/i> 17Km<\/div>\n                  <div><i class=\"icon-clock\"><\/i> 4Std.<\/div>\n                  <div><i class=\"icon-difficulty\"><\/i> 3\/5<\/div>\n                <\/div>\n              <\/div>\n              <button class=\"btn-arrow\">\n                <i class=\"icon-arrow\"><\/i>\n              <\/button>\n            <\/div>\n          <\/a>\n        <\/div>\n        <div class=\"p-group card-stage\">\n          <a href=\"https:\/\/www.pilgrim.es\/camino-vasco\/etapa-5-zegama-salvatierra\/\" class=\"hover:p-text-gray-dark\">\n            <div class=\"card-stage__header\">\n              <img decoding=\"async\" src=\"https:\/\/cdn.pilgrim.es\/web\/caminos\/camino-vasco-interior\/pueblos\/salvatierra-agurain.jpg\" alt=\"Salvatierra\/Agurain\" class=\"group-hover:p-scale-110\" \/>\n              <div class=\"card-overlay group-hover:p-opacity-50\"><\/div>\n              <div class=\"number-stage\">\n                <span>5<\/span>\n              <\/div>\n            <\/div>\n            <div class=\"card-stage__body\">\n              <div class=\"title-stage\">\n                <p class=\"title-stage__start\">Zegama<\/p>\n                <p><span>&#10095;<\/span> Salvatierra\/Agurain<\/p>\n                <div class=\"title-stage__tips\">\n                  <h3>Etappe 5 :<\/h3>\n                  <div><i class=\"icon-location\"><\/i> 21,9Km<\/div>\n                  <div><i class=\"icon-clock\"><\/i> 5Std.<\/div>\n                  <div><i class=\"icon-difficulty\"><\/i> 4\/5<\/div>\n                <\/div>\n              <\/div>\n              <button class=\"btn-arrow\">\n                <i class=\"icon-arrow\"><\/i>\n              <\/button>\n            <\/div>\n          <\/a>\n        <\/div>\n        <div class=\"p-group card-stage\">\n          <a href=\"https:\/\/www.pilgrim.es\/camino-vasco\/etapa-6-salvatierra-vitoria\/\" class=\"hover:p-text-gray-dark\">\n            <div class=\"card-stage__header\">\n              <img decoding=\"async\" src=\"https:\/\/cdn.pilgrim.es\/web\/caminos\/camino-vasco-interior\/pueblos\/victoria-gasteiz.jpg\" alt=\"Vitoria\/Gasteiz\" class=\"group-hover:p-scale-110\" \/>\n              <div class=\"card-overlay group-hover:p-opacity-50\"><\/div>\n              <div class=\"number-stage\"><span>6<\/span><\/div>\n            <\/div>\n            <div class=\"card-stage__body\">\n              <div class=\"title-stage\">\n                <p class=\"title-stage__start\">Salvatierra\/Agurain<\/p>\n                <p><span>&#10095;<\/span> Vitoria\/Gasteiz<\/p>\n                <div class=\"title-stage__tips\">\n                  <h3>Etappe 6 :<\/h3>\n                  <div><i class=\"icon-location\"><\/i> 27,8Km<\/div>\n                  <div><i class=\"icon-clock\"><\/i> 6,5Std.<\/div>\n                  <div><i class=\"icon-difficulty\"><\/i> 3\/5<\/div>\n                <\/div>\n              <\/div>\n              <button class=\"btn-arrow\">\n                <i class=\"icon-arrow\"><\/i>\n              <\/button>\n            <\/div>\n          <\/a>\n        <\/div>\n  \n        <div class=\"p-group card-stage\">\n          <a href=\"https:\/\/www.pilgrim.es\/camino-vasco\/etapa-7-vitoria-gasteiz-la-puebla-arganzon\/\" class=\"hover:p-text-gray-dark\">\n            <div class=\"card-stage__header\">\n              <img decoding=\"async\" src=\"https:\/\/cdn.pilgrim.es\/web\/caminos\/camino-vasco-interior\/pueblos\/puebla-de-arganzon.jpg\" alt=\"La Puebla de Arganz\u00f3n\" class=\"group-hover:p-scale-110\" \/>\n              <div class=\"card-overlay group-hover:p-opacity-50\"><\/div>\n              <div class=\"number-stage\"><span>7<\/span><\/div>\n            <\/div>\n            <div class=\"card-stage__body\">\n              <div class=\"title-stage\">\n                <p class=\"title-stage__start\">Vitoria\/Gasteiz<\/p>\n                <p><span>&#10095;<\/span> La Puebla de Arganz\u00f3n<\/p>\n                <div class=\"title-stage__tips\">\n                  <h3>Etappe 7 :<\/h3>\n                  <div><i class=\"icon-location\"><\/i> 18,8Km<\/div>\n                  <div><i class=\"icon-clock\"><\/i> 4,5Std.<\/div>\n                  <div><i class=\"icon-difficulty\"><\/i> 2\/5<\/div>\n                <\/div>\n              <\/div>\n              <button class=\"btn-arrow\">\n                <i class=\"icon-arrow\"><\/i>\n              <\/button>\n            <\/div>\n          <\/a>\n        <\/div>\n  \n        <div class=\"different-ways-stages\">\n          <h2 class=\"p-my-8\">zwei Alternativen, um fortzufahren:<\/h2>\n          <nav class=\"nav-tab-info nav-tab-info--2-cols\">\n            <button id=\"profileTab\" data-target=\"burgosAlternative\" class=\"nav-different-ways-info active\">\n              Mit Burgos als Ziel (Bayona- Route)\n            <\/button>\n  \n            <button id=\"infoTab\" data-target=\"santoDomingoAlternative\" class=\"nav-different-ways-info\">\n              Mit Santo Domingo als Ziel\n            <\/button>\n          <\/nav>\n  \n          <div id=\"burgosAlternative\" class=\"container-stages way-section-info\">\n            <div class=\"p-group card-stage\">\n              <a href=\"https:\/\/www.pilgrim.es\/camino-vasco\/etapa-8-la-puebla-arganzon-miranda-ebro\/\" class=\"hover:p-text-gray-dark\">\n                <div class=\"card-stage__header\">\n                  <img decoding=\"async\" src=\"https:\/\/cdn.pilgrim.es\/web\/caminos\/camino-vasco-interior\/pueblos\/miranda-de-ebro.jpg\" alt=\"Miranda de Ebro\" class=\"group-hover:p-scale-110\" \/>\n                  <div class=\"card-overlay group-hover:p-opacity-50\"><\/div>\n                  <div class=\"number-stage\"><span>8<\/span><\/div>\n                <\/div>\n                <div class=\"card-stage__body\">\n                  <div class=\"title-stage\">\n                    <p class=\"title-stage__start\">La Puebla de Arganz\u00f3n<\/p>\n                    <p><span>&#10095;<\/span> Miranda de Ebro<\/p>\n                    <div class=\"title-stage__tips\">\n                      <h3>Etappe 8 :<\/h3>\n                      <div><i class=\"icon-location\"><\/i> 17,7Km<\/div>\n                      <div><i class=\"icon-clock\"><\/i> 4Std.<\/div>\n                      <div><i class=\"icon-difficulty\"><\/i> 2\/5<\/div>\n                    <\/div>\n                  <\/div>\n                  <button class=\"btn-arrow\">\n                    <i class=\"icon-arrow\"><\/i>\n                  <\/button>\n                <\/div>\n              <\/a>\n            <\/div>\n  \n            <div class=\"p-group card-stage\">\n              <a href=\"https:\/\/www.pilgrim.es\/camino-vasco\/etapa-9-miranda-ebro-pancorbo\/\" class=\"hover:p-text-gray-dark\">\n                <div class=\"card-stage__header\">\n                  <img decoding=\"async\" src=\"https:\/\/cdn.pilgrim.es\/web\/caminos\/camino-vasco-interior\/pueblos\/pancorbo.jpg\" alt=\"Pancorbo\" class=\"group-hover:p-scale-110\" \/>\n                  <div class=\"card-overlay group-hover:p-opacity-50\"><\/div>\n                  <div class=\"number-stage\"><span>9<\/span><\/div>\n                <\/div>\n                <div class=\"card-stage__body\">\n                  <div class=\"title-stage\">\n                    <p class=\"title-stage__start\">Miranda de Ebro<\/p>\n                    <p><span>&#10095;<\/span> Pancorbo<\/p>\n                    <div class=\"title-stage__tips\">\n                      <h3>Etappe 9 :<\/h3>\n                      <div><i class=\"icon-location\"><\/i> 16,4Km<\/div>\n                      <div><i class=\"icon-clock\"><\/i> 3,5Std.<\/div>\n                      <div><i class=\"icon-difficulty\"><\/i> 1\/5<\/div>\n                    <\/div>\n                  <\/div>\n                  <button class=\"btn-arrow\">\n                    <i class=\"icon-arrow\"><\/i>\n                  <\/button>\n                <\/div>\n              <\/a>\n            <\/div>\n  \n            <div class=\"p-group card-stage\">\n              <a href=\"https:\/\/www.pilgrim.es\/camino-vasco\/etapa-10-pancorbo-briviesca\/\" class=\"hover:p-text-gray-dark\">\n                <div class=\"card-stage__header\">\n                  <img decoding=\"async\" src=\"https:\/\/cdn.pilgrim.es\/web\/caminos\/camino-vasco-interior\/pueblos\/briviesca.jpg\" alt=\"Briviesca\" class=\"group-hover:p-scale-110\" \/>\n                  <div class=\"card-overlay group-hover:p-opacity-50\"><\/div>\n                  <div class=\"number-stage\"><span>10<\/span><\/div>\n                <\/div>\n                <div class=\"card-stage__body\">\n                  <div class=\"title-stage\">\n                    <p class=\"title-stage__start\">Pancorbo<\/p>\n                    <p><span>&#10095;<\/span> Briviesca<\/p>\n                    <div class=\"title-stage__tips\">\n                      <h3>Etappe 10 :<\/h3>\n                      <div><i class=\"icon-location\"><\/i> 23,2Km<\/div>\n                      <div><i class=\"icon-clock\"><\/i> 5Std.<\/div>\n                      <div><i class=\"icon-difficulty\"><\/i> 2\/5<\/div>\n                    <\/div>\n                  <\/div>\n                  <button class=\"btn-arrow\">\n                    <i class=\"icon-arrow\"><\/i>\n                  <\/button>\n                <\/div>\n              <\/a>\n            <\/div>\n  \n            <div class=\"p-group card-stage\">\n              <a href=\"https:\/\/www.pilgrim.es\/camino-vasco\/etapa-11-briviesca-monasterio-rodilla\/\" class=\"hover:p-text-gray-dark\">\n                <div class=\"card-stage__header\">\n                  <img decoding=\"async\" src=\"https:\/\/cdn.pilgrim.es\/web\/caminos\/camino-vasco-interior\/pueblos\/monasterio-de-rodilla.jpg\" alt=\"Monasterio de Rodilla\" class=\"group-hover:p-scale-110\" \/>\n                  <div class=\"card-overlay group-hover:p-opacity-50\"><\/div>\n                  <div class=\"number-stage\"><span>11<\/span><\/div>\n                <\/div>\n                <div class=\"card-stage__body\">\n                  <div class=\"title-stage\">\n                    <p class=\"title-stage__start\">Briviesca<\/p>\n                    <p><span>&#10095;<\/span> Monasterio de Rodilla<\/p>\n                    <div class=\"title-stage__tips\">\n                      <h3>Etappe 11 :<\/h3>\n                      <div><i class=\"icon-location\"><\/i> 19,2Km<\/div>\n                      <div><i class=\"icon-clock\"><\/i> 4,5Std.<\/div>\n                      <div><i class=\"icon-difficulty\"><\/i> 2\/5<\/div>\n                    <\/div>\n                  <\/div>\n                  <button class=\"btn-arrow\">\n                    <i class=\"icon-arrow\"><\/i>\n                  <\/button>\n                <\/div>\n              <\/a>\n            <\/div>\n  \n            <div class=\"p-group card-stage\">\n              <a href=\"https:\/\/www.pilgrim.es\/camino-vasco\/etapa-12-monasterio-rodilla-burgos\/\" class=\"hover:p-text-gray-dark\">\n                <div class=\"card-stage__header\">\n                  <img decoding=\"async\" src=\"https:\/\/cdn.pilgrim.es\/web\/caminos\/camino-frances\/pueblos\/burgos\/burgos.jpg\" alt=\"Burgos\" class=\"group-hover:p-scale-110\" \/>\n                  <div class=\"card-overlay group-hover:p-opacity-50\"><\/div>\n                  <div class=\"number-stage\"><span>12<\/span><\/div>\n                <\/div>\n                <div class=\"card-stage__body\">\n                  <div class=\"title-stage\">\n                    <p class=\"title-stage__start\">Monasterio de Rodilla<\/p>\n                    <p><span>&#10095;<\/span> Burgos<\/p>\n                    <div class=\"title-stage__tips\">\n                      <h3>Etappe 12 :<\/h3>\n                      <div><i class=\"icon-location\"><\/i> 28Km<\/div>\n                      <div><i class=\"icon-clock\"><\/i> 6,5Std.<\/div>\n                      <div><i class=\"icon-difficulty\"><\/i> 2\/5<\/div>\n                    <\/div>\n                  <\/div>\n                  <button class=\"btn-arrow\">\n                    <i class=\"icon-arrow\"><\/i>\n                  <\/button>\n                <\/div>\n              <\/a>\n            <\/div>\n            <div class=\"card-stage\">\n              <h4 class=\"p-text-xl p-underline\">\n                <a href=\"https:\/\/www.pilgrim.es\/de\/franzosischer-weg\/\" class=\"p-text-secondary\">Setzen Sie die Route mit der 13.Etappe des franz\u00f6sischen Weges\n                  fort<\/a>\n              <\/h4>\n            <\/div>\n          <\/div>\n  \n          <div id=\"santoDomingoAlternative\" class=\"container-stages-hidden way-section-info\">\n            <div class=\"p-group card-stage\">\n              <a href=\"https:\/\/www.pilgrim.es\/camino-vasco\/etapa-8b-la-puebla-arganzon-haro\/\" class=\"hover:p-text-gray-dark\">\n                <div class=\"card-stage__header\">\n                  <img decoding=\"async\" src=\"https:\/\/cdn.pilgrim.es\/web\/caminos\/camino-vasco-interior\/pueblos\/haro.jpg\" alt=\"Haro\" class=\"group-hover:p-scale-110\" \/>\n                  <div class=\"card-overlay group-hover:p-opacity-50\"><\/div>\n                  <div class=\"number-stage\"><span>8B<\/span><\/div>\n                <\/div>\n                <div class=\"card-stage__body\">\n                  <div class=\"title-stage\">\n                    <p class=\"title-stage__start\">La Puebla de Arganz\u00f3n<\/p>\n                    <p><span>&#10095;<\/span> Haro<\/p>\n                    <div class=\"title-stage__tips\">\n                      <h3>Etappe 8B :<\/h3>\n                      <div><i class=\"icon-location\"><\/i> 30,1Km<\/div>\n                      <div><i class=\"icon-clock\"><\/i> 7Std.<\/div>\n                      <div><i class=\"icon-difficulty\"><\/i> 4\/5<\/div>\n                    <\/div>\n                  <\/div>\n                  <button class=\"btn-arrow\">\n                    <i class=\"icon-arrow\"><\/i>\n                  <\/button>\n                <\/div>\n              <\/a>\n            <\/div>\n  \n            <div class=\"p-group card-stage\">\n              <a href=\"https:\/\/www.pilgrim.es\/camino-vasco\/etapa-9b-haro-santo-domingo-la-calzada\/\" class=\"hover:p-text-gray-dark\">\n                <div class=\"card-stage__header\">\n                  <img decoding=\"async\" src=\"https:\/\/cdn.pilgrim.es\/web\/caminos\/camino-frances\/pueblos\/santo-domingo-de-la-calzada\/santo-domingo-de-la-calzada.jpg\" alt=\"Santo Domingo de la Calzada\" class=\"group-hover:p-scale-110\" \/>\n                  <div class=\"card-overlay group-hover:p-opacity-50\"><\/div>\n                  <div class=\"number-stage\"><span>9B<\/span><\/div>\n                <\/div>\n                <div class=\"card-stage__body\">\n                  <div class=\"title-stage\">\n                    <p class=\"title-stage__start\">Haro<\/p>\n                    <p><span>&#10095;<\/span> Santo Domingo de la Calzada<\/p>\n                    <div class=\"title-stage__tips\">\n                      <h3>Etappe 9B :<\/h3>\n                      <div><i class=\"icon-location\"><\/i> 20,7Km<\/div>\n                      <div><i class=\"icon-clock\"><\/i> 5Std.<\/div>\n                      <div><i class=\"icon-difficulty\"><\/i> 1\/5<\/div>\n                    <\/div>\n                  <\/div>\n                  <button class=\"btn-arrow\">\n                    <i class=\"icon-arrow\"><\/i>\n                  <\/button>\n                <\/div>\n              <\/a>\n            <\/div>\n  \n            <div class=\"card-stage\">\n              <h4 class=\"p-text-xl p-underline\">\n                <a href=\"https:\/\/www.pilgrim.es\/de\/franzosischer-weg\/\" class=\"p-text-secondary\">Setzen Sie die Route mit der 10.Etappe des franz\u00f6sischen Weges\n                  fort<\/a>\n              <\/h4>\n            <\/div>\n          <\/div>\n        <\/div>\n      <\/div>\n    <\/section>\n  \n    <section id=\"stagesBike\">\n      <div class=\"subtitle\">\n        <h4 class=\"p-h4--section\">4 Ettapen \/ 201 <span class=\"p-normal-case\">Kms<\/span><\/h4>\n        <hr \/>\n        <h2>Etappen des Baskenwegs mit dem Fahrrad<\/h2>\n      <\/div>\n      <div class=\"container-stages-bike scrollbar-thin\">\n        <div class=\"card-stage-bike\">\n          <div class=\"info-stage-bike\">\n            <div class=\"info-stage-bike__col-start\">\n              <div>1.<\/div>\n              <div><span>Ir\u00fan <\/span><br \/>&#10095; Tolosa<\/div>\n              <p>\n                <i class=\"icon-location\"><\/i> 44Km &#8226;\n                <i class=\"icon-difficulty\"><\/i> 3\/5\n              <\/p>\n            <\/div>\n            <div class=\"info-stage-bike__col-end\">\n              <img decoding=\"async\" src=\"https:\/\/cdn.pilgrim.es\/web\/caminos\/camino-norte\/pueblos\/irun.jpg\" alt=\"Ir\u00fan\" \/>\n            <\/div>\n          <\/div>\n          <hr \/>\n        <\/div>\n        <div class=\"card-stage-bike\">\n          <div class=\"info-stage-bike\">\n            <div class=\"info-stage-bike__col-start\">\n              <div>2.<\/div>\n              <div><span>Tolosa <\/span><br \/>&#10095; Salvatierra\/Agurain<\/div>\n              <p>\n                <i class=\"icon-location\"><\/i> 61Km &#8226;\n                <i class=\"icon-difficulty\"><\/i> 3\/5\n              <\/p>\n            <\/div>\n            <div class=\"info-stage-bike__col-end\">\n              <img decoding=\"async\" src=\"https:\/\/cdn.pilgrim.es\/web\/caminos\/camino-vasco-interior\/pueblos\/tolosa.jpg\" alt=\"Tolosa\" \/>\n            <\/div>\n          <\/div>\n          <hr \/>\n        <\/div>\n        <div class=\"card-stage-bike\">\n          <div class=\"info-stage-bike\">\n            <div class=\"info-stage-bike__col-start\">\n              <div>3.<\/div>\n              <div>\n                <span>Salvatierra\/Agurain <\/span><br \/>&#10095; La Puebla de\n                Arganz\u00f3n\n              <\/div>\n              <p>\n                <i class=\"icon-location\"><\/i> 45Km &#8226;\n                <i class=\"icon-difficulty\"><\/i> 4\/5\n              <\/p>\n            <\/div>\n            <div class=\"info-stage-bike__col-end\">\n              <img decoding=\"async\" src=\"https:\/\/cdn.pilgrim.es\/web\/caminos\/camino-vasco-interior\/pueblos\/puebla-de-arganzon.jpg\" alt=\"La Puebla de Arganz\u00f3n\" \/>\n            <\/div>\n          <\/div>\n          <hr \/>\n        <\/div>\n        <div class=\"card-stage-bike\">\n          <div class=\"info-stage-bike\">\n            <div class=\"info-stage-bike__col-start\">\n              <div>4.<\/div>\n              <div>\n                <span>La Puebla de Arganz\u00f3n <\/span><br \/>&#10095; Santo Domingo de\n                la Calzada\n              <\/div>\n              <p>\n                <i class=\"icon-location\"><\/i> 51Km &#8226;\n                <i class=\"icon-difficulty\"><\/i> 3\/5\n              <\/p>\n            <\/div>\n            <div class=\"info-stage-bike__col-end\">\n              <img decoding=\"async\" src=\"https:\/\/cdn.pilgrim.es\/web\/caminos\/camino-frances\/pueblos\/santo-domingo-de-la-calzada\/santo-domingo-de-la-calzada.jpg\" alt=\"Santo Domingo de la Calzada\" \/>\n            <\/div>\n          <\/div>\n          <hr \/>\n        <\/div>\n      <\/div>\n    <\/section>\n  \n    <section id=\"citiesTowns\">\n      <div class=\"container-cities-towns\">\n        <h4 class=\"p-h4--section\">Dieser Weg wird Ihnen gefallen, wenn Sie\u2026<\/h4>\n        <hr class=\"orange-bar\" \/>\n        <h2>St\u00e4dte und Gemeinden<\/h2>\n        <div class=\"pills\">\n          <div class=\"label-pill label-pill--brown\">Geschichte<\/div>\n          <div class=\"label-pill label-pill--brown\">K\u00fcnstlerisches Erbe<\/div>\n          <div class=\"label-pill label-pill--brown\">Kathedralen<\/div>\n          <div class=\"label-pill label-pill--brown\">Kl\u00f6ster<\/div>\n          <div class=\"label-pill label-pill--brown\">Schl\u00f6sser<\/div>\n          <div class=\"label-pill label-pill--brown\">Architektur<\/div>\n        <\/div>\n      <\/div>\n    <\/section>\n  \n    <div class=\"gallery-cities\">\n      <div class=\"item-gallery p-group\">\n        <img decoding=\"async\" src=\"https:\/\/cdn.pilgrim.es\/web\/caminos\/camino-norte\/pueblos\/irun.jpg\" alt=\"Ir\u00fan\" class=\"group-hover:p-scale-110\"\/>\n        <div class=\"overlay-darked group-hover:p-opacity-50\"><\/div>\n        <a class=\"stretched-link\" href=\"https:\/\/www.pilgrim.es\/de\/weg-im-norden\/irun\/\"><p><b>Ir\u00fan<\/b><\/p><\/a>\n      <\/div>\n      <div class=\"item-gallery p-group\">\n        <img decoding=\"async\" src=\"https:\/\/cdn.pilgrim.es\/web\/caminos\/camino-vasco-interior\/pueblos\/hernani.jpg\" alt=\"Hernani\" class=\"group-hover:p-scale-110\"\/>\n        <div class=\"overlay-darked group-hover:p-opacity-50\"><\/div>\n        <p><b>Hernani<\/b><\/p>\n      <\/div>\n      <div class=\"item-gallery p-group\">\n        <img decoding=\"async\" src=\"https:\/\/cdn.pilgrim.es\/web\/caminos\/camino-vasco-interior\/pueblos\/tolosa.jpg\" alt=\"Tolosa\" class=\"group-hover:p-scale-110\"\/>\n        <div class=\"overlay-darked group-hover:p-opacity-50\"><\/div>\n        <p><b>Tolosa<\/b><\/p>\n      <\/div>\n      <div class=\"item-gallery p-group\">\n        <img decoding=\"async\" src=\"https:\/\/cdn.pilgrim.es\/web\/caminos\/camino-vasco-interior\/pueblos\/zegama.jpg\" alt=\"Zegama\" class=\"group-hover:p-scale-110\"\/>\n        <div class=\"overlay-darked group-hover:p-opacity-50\"><\/div>\n        <p><b>Zegama<\/b><\/p>\n      <\/div>\n      <div class=\"item-gallery p-group\">\n        <img decoding=\"async\" src=\"https:\/\/cdn.pilgrim.es\/web\/caminos\/camino-vasco-interior\/pueblos\/haro.jpg\" alt=\"Haro\" class=\"group-hover:p-scale-110\"\/>\n        <div class=\"overlay-darked group-hover:p-opacity-50\"><\/div>\n        <p><b>Haro<\/b><\/p>\n      <\/div>\n      <div class=\"item-gallery p-group\">\n        <img decoding=\"async\" src=\"https:\/\/cdn.pilgrim.es\/web\/caminos\/camino-vasco-interior\/pueblos\/briviesca.jpg\" alt=\"Briviesca\" class=\"group-hover:p-scale-110\"\/>\n        <div class=\"overlay-darked group-hover:p-opacity-50\"><\/div>\n        <p><b>Briviesca<\/b><\/p>\n      <\/div>\n    <\/div>\n  \n    <section id=\"infoWay\">\n      <div class=\"info-way-content\">\n        <nav class=\"nav-tab-info nav-tab-info--2-cols\">\n          <button id=\"infoTab\" data-target=\"history\" class=\"nav-link-info active\">\n            Weitere Informationen\n          <\/button>\n          <button id=\"profileTab\" data-target=\"profileWay\" class=\"nav-link-info\">\n            Profil des Weg\n          <\/button>\n        <\/nav>\n        <div id=\"history\" class=\"content-section-info\">\n          <div class=\"subtitle\">\n            <h4 class=\"p-h4--section\">Weitere Informationen&#8230;<\/h4>\n            <hr \/>\n            <h2>Informationen \u00fcber den Baskischen Weg<\/h2>\n          <\/div>\n          <h3>Geschichte<\/h3>\n          <p class=\"p-my-3\">\n            Dieser Verlauf war eine Alternative f\u00fcr mittelalterliche europ\u00e4ische\n            Pilger, die sich zwischen dem Weg des Nordens oder dieser Route durch\n            das Innenland entscheiden mussten. Ihr Ursprung datiert circa vom\n            X.Jahrhundert- zwischen diesem und dem XII. Jahrhundert war sie die\n            wichtigste Route des\n            <a href=\"\/de\/\" class=\"p-underline\">Jakobsweges<\/a>.\n          <\/p>\n          <p class=\"p-mb-3\">\n            Der Grund, aus dem sie zu dieser Zeit so wichtig wurde, ist in der\n            Verfolgung zu finden, die entlang des n\u00f6rdlichen Weges durch Angriffe\n            normannischer Wickinger, und im S\u00fcden durch die arabische Bestzung der\n            Iberischen Halbinsel zwischen dem VIII. und XV. Jahrhundert, ausge\u00fcbt\n            wurde. Diese baskische Route wurde somit der\n            <strong>sicherste Verlauf f\u00fcr den christlichen Pilger<\/strong>, der\n            entschlossen seine Pilgerschaft in die galicische Hauptstadt Santiago\n            de Compostela durchf\u00fchrte.\n          <\/p>\n          <p class=\"p-mb-3\">\n            Diese Route des Jakobsweges\n            <strong>erreichte gr\u00f6\u00dferes Ansehen<\/strong>, als K\u00f6nig Alfonso VII.\n            sie zum \u201eK\u00f6niglichen Weg\u201c ernannte. Der Vormarsch des Hispanischen\n            Volkes durch Sancho III. Navarras \u201eDes Gro\u00dfen\u201c, in der R\u00fcckeroberung\n            der von dem muslimischen Reich besetzten Gebiete, verminderte jedoch\n            den Zufluss auf den Weg \u00fcber Bayona; was letztendlich den\n            <a href=\"https:\/\/www.pilgrim.es\/de\/franzosischer-weg\/\" class=\"p-underline\">franz\u00f6sischen Weg<\/a>\n            bevorteilte.\n          <\/p>\n        <\/div>\n        <div id=\"profileWay\" class=\"p-hidden content-section-info\">\n          <div class=\"subtitle\">\n            <h4 class=\"p-h4--section\">Entfernungen und H\u00f6henlage<\/h4>\n            <hr \/>\n            <h2>Profil des Baskischen Weges<\/h2>\n          <\/div>\n          <img decoding=\"async\" src=\"https:\/\/cdn.pilgrim.es\/web\/caminos\/camino-vasco-interior\/home\/perfil-camino-vasco.jpg\" alt=\"Skizze Baskischer Weg\" \/>\n        <\/div>\n      <\/div>\n    <\/section>\n  \n    <section id=\"othersWays\" class=\"others-ways\">\n      <div class=\"others-ways__title\">\n        <h4 class=\"p-h4--section\">Alternative Routen<\/h4>\n        <hr \/>\n        <h2>\n          Es gibt viele andere Routen, sehen Sie sich die besten Alternativen an:\n        <\/h2>\n      <\/div>\n      <div class=\"others-ways__content\">\n        <div>\n          <div class=\"each-way\">\n            <a href=\"https:\/\/www.pilgrim.es\/de\/weg-im-norden\/\">\n              <div class=\"each-way__title\">Weg Im Norden<\/div>\n            <\/a>\n            <div class=\"each-way__tips\">\n              <p>804 km \/ 35 tage<\/p>\n              <i class=\"icon-arrow\"><\/i>\n            <\/div>\n          <\/div>\n          <hr \/>\n        <\/div>\n        <div>\n          <div class=\"each-way\">\n            <a href=\"https:\/\/www.pilgrim.es\/de\/franzosischer-weg\/\">\n              <div class=\"each-way__title\">Franz\u00f6sischer Weg<\/div>\n            <\/a>\n            <div class=\"each-way__tips\">\n              <p>764 km \/ 33 tage<\/p>\n              <i class=\"icon-arrow\"><\/i>\n            <\/div>\n          <\/div>\n          <hr \/>\n        <\/div>\n        <div>\n          <div class=\"each-way\">\n            <a href=\"https:\/\/www.pilgrim.es\/de\/englischer-weg\/\">\n              <div class=\"each-way__title\">Englischer Weg<\/div>\n            <\/a>\n            <div class=\"each-way__tips\">\n              <p>119 km \/ 6 tage<\/p>\n              <i class=\"icon-arrow\"><\/i>\n            <\/div>\n          <\/div>\n          <hr \/>\n        <\/div>\n        <div>\n          <div class=\"each-way\">\n            <div class=\"each-way__title\">Weg Von Sarria<\/div>\n  \n            <div class=\"each-way__tips\">\n              <p>115 km \/ 5 tage<\/p>\n              <i class=\"icon-arrow\"><\/i>\n            <\/div>\n          <\/div>\n          <hr \/>\n        <\/div>\n        <div>\n          <div class=\"each-way\">\n            <a href=\"https:\/\/www.pilgrim.es\/de\/portugiesischer-weg-entlang-der-kuste\/\">\n              <div class=\"each-way__title\">\n                Portugiesischer Weg entlang der K\u00fcste\n              <\/div>\n            <\/a>\n            <div class=\"each-way__tips\">\n              <p>304 km \/ 13 tage<\/p>\n              <i class=\"icon-arrow\"><\/i>\n            <\/div>\n          <\/div>\n          <hr \/>\n        <\/div>\n        <div>\n          <div class=\"each-way\">\n            <a href=\"https:\/\/www.pilgrim.es\/de\/silber-route\/\">\n              <div class=\"each-way__title\">Die Silber-Route<\/div>\n            <\/a>\n            <div class=\"each-way__tips\">\n              <p>960 km \/ 38 tage<\/p>\n              <i class=\"icon-arrow\"><\/i>\n            <\/div>\n          <\/div>\n          <hr \/>\n        <\/div>\n      <\/div>\n    <\/section>\n    <section id=\"faqs\">\n      <div class=\"title\">\n        <h4 class=\"p-h4--section\">N\u00fctzliche Informationen<\/h4>\n        <hr \/>\n        <h2>H\u00e4ufig gestellte Fragen zum Baskischen Weg<\/h2>\n      <\/div>\n      <div class=\"container\">\n        <div>\n          <button class=\"accordion-btn\">\n            <div class=\"accordion-btn__question\">\n              <h3>Aus wie vielen Etappen besteht der Baskichen Weg?<\/h3>\n              <span>+<\/span>\n            <\/div>\n            <hr \/>\n          <\/button>\n          <div class=\"accordion-content\">\n            <p>\n              Wie aus der B\u00fchnenabschnitt, Der Baskichen Weg kann auf zwei Arten\n              begangen werden,\n              <a href=\"#santoDomingoAlternative\">in Richtung Santo Domingo<\/a>,\n              oder Burgos (auch genannt\n              <a href=\"#burgosAlternative\">Via de Bayonne<\/a>), Die erste besteht\n              aus 9 und die n\u00e4chste aus 12 Etappen, die beide sp\u00e4ter in den\n              Franz\u00f6sischen Weg m\u00fcnden..\n            <\/p>\n          <\/div>\n        <\/div>\n  \n        <div>\n          <button class=\"accordion-btn\">\n            <div class=\"accordion-btn__question\">\n              <h3>Welches sind die bekanntesten Orte am Bakischen Weg?<\/h3>\n              <span>+<\/span>\n            <\/div>\n            <hr \/>\n          <\/button>\n          <div class=\"accordion-content\">\n            <p>\n              Entlang der baskischen Route kommen Sie durch eine Vielzahl von\n              Orten, die alle ihren eigenen Charme haben. Es gibt jedoch eine\n              Reihe von D\u00f6rfern, in die sich die Pilger auf ihrem Weg verlieben,\n              wie z. B.: Hernani, Zegama oder La Puebla de Arganz\u00f3n, um nur einige\n              zu nennen.\n            <\/p>\n          <\/div>\n        <\/div>\n  \n        <div>\n          <button class=\"accordion-btn\">\n            <div class=\"accordion-btn__question\">\n              <h3>Die sch\u00f6nsten Landschaften entlang des Baskichenwegs<\/h3>\n              <span>+<\/span>\n            <\/div>\n            <hr \/>\n          <\/button>\n          <div class=\"accordion-content\">\n            <p>\n              Die Gebirgskette von Aizkorri und der Tunnel von San Adri\u00e1n sind\n              gro\u00dfartige Naturschauspiele in der Region, die Sie sich auf keinen\n              Fall entgehen lassen sollten.\n            <\/p>\n          <\/div>\n        <\/div>\n  \n        <div>\n          <button class=\"accordion-btn\">\n            <div class=\"accordion-btn__question\">\n              <h3>Kuriosit\u00e4ten des Baskichen Weg<\/h3>\n              <span>+<\/span>\n            <\/div>\n            <hr \/>\n          <\/button>\n          <div class=\"accordion-content\">\n            <p>\n              Der Baskenweg ist einer der vielen Nebenwege, die das gro\u00dfe Netz des\n              Jakobsweges bilden. Er entstand als Alternative zur entsprechenden\n              Route im\n              <a href=\"https:\/\/www.pilgrim.es\/de\/weg-im-norden\/\">Weg Im Norden<\/a>\n              y el\n              <a href=\"https:\/\/www.pilgrim.es\/de\/franzosischer-weg\/\">Franz\u00f6sischer Weg<\/a>, Erstere\n              wurde von normannischen Wikingerr\u00e4ubern belagert, w\u00e4hrend die\n              franz\u00f6sische Route unter arabischer Herrschaft stand..\n            <\/p>\n          <\/div>\n        <\/div>\n        <div>\n          <button class=\"accordion-btn\">\n            <div class=\"accordion-btn__question\">\n              <h3>M\u00f6chten Sie mehr \u00fcber die Routen des Camino erfahren?<\/h3>\n              <span>+<\/span>\n            <\/div>\n            <hr \/>\n          <\/button>\n          <div class=\"accordion-content\">\n            <p>\n              Unter\n              <a href=\"\/de\/\" class=\"p-underline\">Pilgrim.es<\/a>\n              haben wir viel umfangreichere Informationen \u00fcber diese und viele\n              andere Routen. Besuchen Sie unsere Website und entdecken Sie alle\n              Routen, die den\n              <a href=\"https:\/\/www.pilgrim.es\/de\/wege\/\" class=\"p-underline\">Jakobsweg<\/a>\n              ausmachen, seine Etappen, Karten und sogar die St\u00e4dte mit den\n              entsprechenden Hinweisen, was es in den einzelnen Orten zu sehen\n              gibt.\n            <\/p>\n          <\/div>\n        <\/div>\n      <\/div>\n    <\/section>\n    <section id=\"infoPilgrim\">\n      <div class=\"title\">\n        <h4 class=\"p-h4--section\">Lernen Sie uns besser kennen<\/h4>\n        <hr \/>\n        <h2>Hilfe f\u00fcr Pilger seit 2016<\/h2>\n      <\/div>\n      <div class=\"content\">\n        <div class=\"content__card\">\n          <div class=\"content__card__icon\">\n            <i class=\"icon-users\"><\/i>\n          <\/div>\n          <p class=\"content__card__title\">Pilgrims<\/p>\n          <p class=\"content__card__quantity\">+54.000<\/p>\n        <\/div>\n        <div class=\"content__card\">\n          <div class=\"content__card__icon\">\n            <i class=\"icon-world\"><\/i>\n          <\/div>\n          <p class=\"content__card__title\">Nationalit\u00e4ten<\/p>\n          <p class=\"content__card__quantity\">+45<\/p>\n        <\/div>\n        <div class=\"content__card\">\n          <div class=\"content__card__icon\">\n            <i class=\"icon-star\"><\/i>\n          <\/div>\n          <p class=\"content__card__title\">Google Bewertung<\/p>\n          <p class=\"content__card__quantity\">4,7 \u2605<\/p>\n        <\/div>\n        <div class=\"content__card\">\n          <div class=\"content__card__icon\">\n            <i class=\"icon-home\"><\/i>\n          <\/div>\n          <p class=\"content__card__title\">Verbundene Unternehmen<\/p>\n          <p class=\"content__card__quantity\">+7500<\/p>\n        <\/div>\n      <\/div>\n    <\/section>\n  <\/div>\n","protected":false},"excerpt":{"rendered":"<p>Baskischer Weg des Innenlandes 12 oder 9 Etappen zu Fu\u00df \/ 4 Ettapen mit dem Fahrrad Einen sch\u00f6nen Spaziergang! Warum den baskischen Weg w\u00e4hlen? Der baskische Weg des Innenlandes ist eine an historischem Erbe und Sehensw\u00fcrdigkeiten reiche Route. Um die gigantische Mauer auf der Strecke zwischen Guip\u00fazcoa und \u00c1lava zu durchqueren -wie vor zweitausend Jahren &hellip; <\/p>\n<p class=\"read_more\"><a href=\"https:\/\/www.pilgrim.es\/de\/baskischer-weg\/\">Leer m\u00e1s<\/a><\/p>\n","protected":false},"author":4,"featured_media":10515,"parent":0,"menu_order":0,"comment_status":"closed","ping_status":"closed","template":"views\/template-new-web-design.blade.php","meta":{"footnotes":""},"categories":[],"tags":[],"class_list":["post-10609","page","type-page","status-publish","has-post-thumbnail","hentry"],"yoast_head":"<!-- This site is optimized with the Yoast SEO plugin v27.4 - https:\/\/yoast.com\/product\/yoast-seo-wordpress\/ -->\n<title>\u25b7 Der baskische Weg des Innenlandes | Etappen und Landkarte | Bayona- Route<\/title>\n<meta name=\"description\" content=\"lll\u27a4 Entdecken Sie alle Informationen \u00fcber den baskischen Weg des Innlandes, Interessenspunkte\/ Sehensw\u00fcrdigkeiten, Etappen, Verlauf der Strecke- und erleben Sie das Wesentliche des Weges.\" \/>\n<meta name=\"robots\" content=\"index, follow, max-snippet:-1, max-image-preview:large, max-video-preview:-1\" \/>\n<link rel=\"canonical\" href=\"https:\/\/www.pilgrim.es\/de\/baskischer-weg\/\" \/>\n<meta property=\"og:locale\" content=\"de_DE\" \/>\n<meta property=\"og:type\" content=\"article\" \/>\n<meta property=\"og:title\" content=\"\u25b7 Der baskische Weg des Innenlandes | Etappen und Landkarte | Bayona- Route\" \/>\n<meta property=\"og:description\" content=\"lll\u27a4 Entdecken Sie alle Informationen \u00fcber den baskischen Weg des Innlandes, Interessenspunkte\/ Sehensw\u00fcrdigkeiten, Etappen, Verlauf der Strecke- und erleben Sie das Wesentliche des Weges.\" \/>\n<meta property=\"og:url\" content=\"https:\/\/www.pilgrim.es\/de\/baskischer-weg\/\" \/>\n<meta property=\"og:site_name\" content=\"Pilgrim\" \/>\n<meta property=\"article:publisher\" content=\"https:\/\/www.facebook.com\/pilgrim.es\/\" \/>\n<meta property=\"article:modified_time\" content=\"2025-08-05T12:26:48+00:00\" \/>\n<meta property=\"og:image\" content=\"https:\/\/www.pilgrim.es\/wp-content\/uploads\/2019\/02\/mapa-espa\u00f1a-camino-de-santiago.jpg\" \/>\n\t<meta property=\"og:image:width\" content=\"1200\" \/>\n\t<meta property=\"og:image:height\" content=\"441\" \/>\n\t<meta property=\"og:image:type\" content=\"image\/jpeg\" \/>\n<meta name=\"twitter:card\" content=\"summary_large_image\" \/>\n<meta name=\"twitter:site\" content=\"@pilgrim_es\" \/>\n<meta name=\"twitter:label1\" content=\"Gesch\u00e4tzte Lesezeit\" \/>\n\t<meta name=\"twitter:data1\" content=\"5\u00a0Minuten\" \/>\n<script type=\"application\/ld+json\" class=\"yoast-schema-graph\">{\"@context\":\"https:\\\/\\\/schema.org\",\"@graph\":[{\"@type\":\"WebPage\",\"@id\":\"https:\\\/\\\/www.pilgrim.es\\\/de\\\/baskischer-weg\\\/\",\"url\":\"https:\\\/\\\/www.pilgrim.es\\\/de\\\/baskischer-weg\\\/\",\"name\":\"\u25b7 Der baskische Weg des Innenlandes | Etappen und Landkarte | Bayona- Route\",\"isPartOf\":{\"@id\":\"https:\\\/\\\/www.pilgrim.es\\\/de\\\/#website\"},\"primaryImageOfPage\":{\"@id\":\"https:\\\/\\\/www.pilgrim.es\\\/de\\\/baskischer-weg\\\/#primaryimage\"},\"image\":{\"@id\":\"https:\\\/\\\/www.pilgrim.es\\\/de\\\/baskischer-weg\\\/#primaryimage\"},\"thumbnailUrl\":\"https:\\\/\\\/www.pilgrim.es\\\/wp-content\\\/uploads\\\/2019\\\/02\\\/mapa-espa\u00f1a-camino-de-santiago.jpg\",\"datePublished\":\"2019-02-06T15:23:28+00:00\",\"dateModified\":\"2025-08-05T12:26:48+00:00\",\"description\":\"lll\u27a4 Entdecken Sie alle Informationen \u00fcber den baskischen Weg des Innlandes, Interessenspunkte\\\/ Sehensw\u00fcrdigkeiten, Etappen, Verlauf der Strecke- und erleben Sie das Wesentliche des Weges.\",\"breadcrumb\":{\"@id\":\"https:\\\/\\\/www.pilgrim.es\\\/de\\\/baskischer-weg\\\/#breadcrumb\"},\"inLanguage\":\"de\",\"potentialAction\":[{\"@type\":\"ReadAction\",\"target\":[\"https:\\\/\\\/www.pilgrim.es\\\/de\\\/baskischer-weg\\\/\"]}]},{\"@type\":\"ImageObject\",\"inLanguage\":\"de\",\"@id\":\"https:\\\/\\\/www.pilgrim.es\\\/de\\\/baskischer-weg\\\/#primaryimage\",\"url\":\"https:\\\/\\\/www.pilgrim.es\\\/wp-content\\\/uploads\\\/2019\\\/02\\\/mapa-espa\u00f1a-camino-de-santiago.jpg\",\"contentUrl\":\"https:\\\/\\\/www.pilgrim.es\\\/wp-content\\\/uploads\\\/2019\\\/02\\\/mapa-espa\u00f1a-camino-de-santiago.jpg\",\"width\":1200,\"height\":441,\"caption\":\"landkarte spanien jakobsweg\"},{\"@type\":\"BreadcrumbList\",\"@id\":\"https:\\\/\\\/www.pilgrim.es\\\/de\\\/baskischer-weg\\\/#breadcrumb\",\"itemListElement\":[{\"@type\":\"ListItem\",\"position\":1,\"name\":\"Camino de Santiago\",\"item\":\"https:\\\/\\\/www.pilgrim.es\\\/de\\\/\"},{\"@type\":\"ListItem\",\"position\":2,\"name\":\"Baskischer Weg des Innenlandes\"}]},{\"@type\":\"WebSite\",\"@id\":\"https:\\\/\\\/www.pilgrim.es\\\/de\\\/#website\",\"url\":\"https:\\\/\\\/www.pilgrim.es\\\/de\\\/\",\"name\":\"Pilgrim\",\"description\":\"Camino de Santiago | Caminamos Contigo\",\"publisher\":{\"@id\":\"https:\\\/\\\/www.pilgrim.es\\\/de\\\/#organization\"},\"potentialAction\":[{\"@type\":\"SearchAction\",\"target\":{\"@type\":\"EntryPoint\",\"urlTemplate\":\"https:\\\/\\\/www.pilgrim.es\\\/de\\\/?s={search_term_string}\"},\"query-input\":{\"@type\":\"PropertyValueSpecification\",\"valueRequired\":true,\"valueName\":\"search_term_string\"}}],\"inLanguage\":\"de\"},{\"@type\":\"Organization\",\"@id\":\"https:\\\/\\\/www.pilgrim.es\\\/de\\\/#organization\",\"name\":\"Pilgrim Camino de Santiago\",\"url\":\"https:\\\/\\\/www.pilgrim.es\\\/de\\\/\",\"logo\":{\"@type\":\"ImageObject\",\"inLanguage\":\"de\",\"@id\":\"https:\\\/\\\/www.pilgrim.es\\\/de\\\/#\\\/schema\\\/logo\\\/image\\\/\",\"url\":\"https:\\\/\\\/www.pilgrim.es\\\/wp-content\\\/uploads\\\/2019\\\/04\\\/logo_pilgrim.png\",\"contentUrl\":\"https:\\\/\\\/www.pilgrim.es\\\/wp-content\\\/uploads\\\/2019\\\/04\\\/logo_pilgrim.png\",\"width\":512,\"height\":512,\"caption\":\"Pilgrim Camino de Santiago\"},\"image\":{\"@id\":\"https:\\\/\\\/www.pilgrim.es\\\/de\\\/#\\\/schema\\\/logo\\\/image\\\/\"},\"sameAs\":[\"https:\\\/\\\/www.facebook.com\\\/pilgrim.es\\\/\",\"https:\\\/\\\/x.com\\\/pilgrim_es\",\"https:\\\/\\\/www.instagram.com\\\/pilgrim.es\\\/\",\"https:\\\/\\\/www.linkedin.com\\\/company\\\/pilgrim-camino-de-santiago\\\/\",\"https:\\\/\\\/www.pinterest.es\\\/pilgrimcaminodesantiago\\\/\",\"https:\\\/\\\/www.youtube.com\\\/channel\\\/UCIv2ZzFLXVqthkNF32rKedw\\\/featured\"]}]}<\/script>\n<!-- \/ Yoast SEO plugin. -->","yoast_head_json":{"title":"\u25b7 Der baskische Weg des Innenlandes | Etappen und Landkarte | Bayona- Route","description":"lll\u27a4 Entdecken Sie alle Informationen \u00fcber den baskischen Weg des Innlandes, Interessenspunkte\/ Sehensw\u00fcrdigkeiten, Etappen, Verlauf der Strecke- und erleben Sie das Wesentliche des Weges.","robots":{"index":"index","follow":"follow","max-snippet":"max-snippet:-1","max-image-preview":"max-image-preview:large","max-video-preview":"max-video-preview:-1"},"canonical":"https:\/\/www.pilgrim.es\/de\/baskischer-weg\/","og_locale":"de_DE","og_type":"article","og_title":"\u25b7 Der baskische Weg des Innenlandes | Etappen und Landkarte | Bayona- Route","og_description":"lll\u27a4 Entdecken Sie alle Informationen \u00fcber den baskischen Weg des Innlandes, Interessenspunkte\/ Sehensw\u00fcrdigkeiten, Etappen, Verlauf der Strecke- und erleben Sie das Wesentliche des Weges.","og_url":"https:\/\/www.pilgrim.es\/de\/baskischer-weg\/","og_site_name":"Pilgrim","article_publisher":"https:\/\/www.facebook.com\/pilgrim.es\/","article_modified_time":"2025-08-05T12:26:48+00:00","og_image":[{"width":1200,"height":441,"url":"https:\/\/www.pilgrim.es\/wp-content\/uploads\/2019\/02\/mapa-espa\u00f1a-camino-de-santiago.jpg","type":"image\/jpeg"}],"twitter_card":"summary_large_image","twitter_site":"@pilgrim_es","twitter_misc":{"Gesch\u00e4tzte Lesezeit":"5\u00a0Minuten"},"schema":{"@context":"https:\/\/schema.org","@graph":[{"@type":"WebPage","@id":"https:\/\/www.pilgrim.es\/de\/baskischer-weg\/","url":"https:\/\/www.pilgrim.es\/de\/baskischer-weg\/","name":"\u25b7 Der baskische Weg des Innenlandes | Etappen und Landkarte | Bayona- Route","isPartOf":{"@id":"https:\/\/www.pilgrim.es\/de\/#website"},"primaryImageOfPage":{"@id":"https:\/\/www.pilgrim.es\/de\/baskischer-weg\/#primaryimage"},"image":{"@id":"https:\/\/www.pilgrim.es\/de\/baskischer-weg\/#primaryimage"},"thumbnailUrl":"https:\/\/www.pilgrim.es\/wp-content\/uploads\/2019\/02\/mapa-espa\u00f1a-camino-de-santiago.jpg","datePublished":"2019-02-06T15:23:28+00:00","dateModified":"2025-08-05T12:26:48+00:00","description":"lll\u27a4 Entdecken Sie alle Informationen \u00fcber den baskischen Weg des Innlandes, Interessenspunkte\/ Sehensw\u00fcrdigkeiten, Etappen, Verlauf der Strecke- und erleben Sie das Wesentliche des Weges.","breadcrumb":{"@id":"https:\/\/www.pilgrim.es\/de\/baskischer-weg\/#breadcrumb"},"inLanguage":"de","potentialAction":[{"@type":"ReadAction","target":["https:\/\/www.pilgrim.es\/de\/baskischer-weg\/"]}]},{"@type":"ImageObject","inLanguage":"de","@id":"https:\/\/www.pilgrim.es\/de\/baskischer-weg\/#primaryimage","url":"https:\/\/www.pilgrim.es\/wp-content\/uploads\/2019\/02\/mapa-espa\u00f1a-camino-de-santiago.jpg","contentUrl":"https:\/\/www.pilgrim.es\/wp-content\/uploads\/2019\/02\/mapa-espa\u00f1a-camino-de-santiago.jpg","width":1200,"height":441,"caption":"landkarte spanien jakobsweg"},{"@type":"BreadcrumbList","@id":"https:\/\/www.pilgrim.es\/de\/baskischer-weg\/#breadcrumb","itemListElement":[{"@type":"ListItem","position":1,"name":"Camino de Santiago","item":"https:\/\/www.pilgrim.es\/de\/"},{"@type":"ListItem","position":2,"name":"Baskischer Weg des Innenlandes"}]},{"@type":"WebSite","@id":"https:\/\/www.pilgrim.es\/de\/#website","url":"https:\/\/www.pilgrim.es\/de\/","name":"Pilgrim","description":"Camino de Santiago | Caminamos Contigo","publisher":{"@id":"https:\/\/www.pilgrim.es\/de\/#organization"},"potentialAction":[{"@type":"SearchAction","target":{"@type":"EntryPoint","urlTemplate":"https:\/\/www.pilgrim.es\/de\/?s={search_term_string}"},"query-input":{"@type":"PropertyValueSpecification","valueRequired":true,"valueName":"search_term_string"}}],"inLanguage":"de"},{"@type":"Organization","@id":"https:\/\/www.pilgrim.es\/de\/#organization","name":"Pilgrim Camino de Santiago","url":"https:\/\/www.pilgrim.es\/de\/","logo":{"@type":"ImageObject","inLanguage":"de","@id":"https:\/\/www.pilgrim.es\/de\/#\/schema\/logo\/image\/","url":"https:\/\/www.pilgrim.es\/wp-content\/uploads\/2019\/04\/logo_pilgrim.png","contentUrl":"https:\/\/www.pilgrim.es\/wp-content\/uploads\/2019\/04\/logo_pilgrim.png","width":512,"height":512,"caption":"Pilgrim Camino de Santiago"},"image":{"@id":"https:\/\/www.pilgrim.es\/de\/#\/schema\/logo\/image\/"},"sameAs":["https:\/\/www.facebook.com\/pilgrim.es\/","https:\/\/x.com\/pilgrim_es","https:\/\/www.instagram.com\/pilgrim.es\/","https:\/\/www.linkedin.com\/company\/pilgrim-camino-de-santiago\/","https:\/\/www.pinterest.es\/pilgrimcaminodesantiago\/","https:\/\/www.youtube.com\/channel\/UCIv2ZzFLXVqthkNF32rKedw\/featured"]}]}},"_links":{"self":[{"href":"https:\/\/www.pilgrim.es\/de\/wp-json\/wp\/v2\/pages\/10609","targetHints":{"allow":["GET"]}}],"collection":[{"href":"https:\/\/www.pilgrim.es\/de\/wp-json\/wp\/v2\/pages"}],"about":[{"href":"https:\/\/www.pilgrim.es\/de\/wp-json\/wp\/v2\/types\/page"}],"author":[{"embeddable":true,"href":"https:\/\/www.pilgrim.es\/de\/wp-json\/wp\/v2\/users\/4"}],"replies":[{"embeddable":true,"href":"https:\/\/www.pilgrim.es\/de\/wp-json\/wp\/v2\/comments?post=10609"}],"version-history":[{"count":27,"href":"https:\/\/www.pilgrim.es\/de\/wp-json\/wp\/v2\/pages\/10609\/revisions"}],"predecessor-version":[{"id":133920,"href":"https:\/\/www.pilgrim.es\/de\/wp-json\/wp\/v2\/pages\/10609\/revisions\/133920"}],"wp:featuredmedia":[{"embeddable":true,"href":"https:\/\/www.pilgrim.es\/de\/wp-json\/wp\/v2\/media\/10515"}],"wp:attachment":[{"href":"https:\/\/www.pilgrim.es\/de\/wp-json\/wp\/v2\/media?parent=10609"}],"wp:term":[{"taxonomy":"category","embeddable":true,"href":"https:\/\/www.pilgrim.es\/de\/wp-json\/wp\/v2\/categories?post=10609"},{"taxonomy":"post_tag","embeddable":true,"href":"https:\/\/www.pilgrim.es\/de\/wp-json\/wp\/v2\/tags?post=10609"}],"curies":[{"name":"wp","href":"https:\/\/api.w.org\/{rel}","templated":true}]}}