{"id":10601,"date":"2019-02-05T14:36:23","date_gmt":"2019-02-05T14:36:23","guid":{"rendered":"https:\/\/desarrollo.pilgrim.es\/die-silber-route\/"},"modified":"2025-11-28T10:01:29","modified_gmt":"2025-11-28T10:01:29","slug":"silber-route","status":"publish","type":"page","link":"https:\/\/www.pilgrim.es\/de\/silber-route\/","title":{"rendered":"Die Silber-Route"},"content":{"rendered":"\n<div id=\"way\">\n  <section id=\"heroWay\">\n    <h1>Die Silber-Route<\/h1>\n    <div class=\"options-stages\">\n      <p>\n        <a href=\"#stagesFoot\">36 Etappen zu Fu\u00df <\/a> \/\n        <a href=\"#stagesBike\"> 16 Ettapen mit dem Fahrrad<\/a>\n      <\/p>\n    <\/div>\n    <div class=\"main-content\">\n      <div class=\"main-content__col-map\">\n        <img decoding=\"async\" src=\"https:\/\/cdn.pilgrim.es\/web\/caminos\/via-de-la-plata\/home\/mapa-via-plata.jpg\" alt=\"Landkarte der Silber-Route\" \/>\n      <\/div>\n      <div class=\"main-content__col-planner\"><div\r\n  class=\"p-col-span-1 p-rounded-lg p-px-5 p-h-full\"\r\n  style=\"background-image: url('https:\/\/cdn.pilgrim.es\/web\/pilgrim-planner\/bg-plugin-planificador.webp')\"\r\n  rel=\"preload\"\r\n  fetchpriority=\"high\"\r\n  >\r\n    <div class=\"p-text-center p-pt-5 p-text-white p-text-2xl p-font-semibold\">\r\n      Plane deinen Weg    <\/div>\r\n    <div\r\n            id='primary-app'\r\n            data-name='banner'\r\n            data-api='https:\/\/pathfinder.pilgrim.es\/api\/pathfinder\/v2'\r\n            data-mode='normal'\r\n            data-lang='de'\r\n            data-route='1'\r\n            data-destiny='https:\/\/planificador.pilgrim.es'\r\n            data-modality='1'\r\n            data-inline=''\r\n        ><\/div><\/div><\/div>\n    <\/div>\n  <\/section>\n\n  <section id=\"scoreBarsWay\">\n    <section>\r\n  <div class=\"p-flex p-flex-nowrap p-space-x-4 p-py-5 p-overflow-x-auto md:p-grid md:p-grid-cols-3 lg:p-grid-cols-5 md:p-gap-8 md:p-space-x-0 md:p-overflow-hidden scrollbar-thin\">\r\n    <div class=\"p-grid p-grid-cols-4 p-shrink-0 p-w-72 p-snap-start md:p-w-full\">\r\n        <div class=\"p-col-span-1 p-self-center p-text-center p-text-3xl\">\r\n            <i class=\"icon-influx\"><\/i>\r\n        <\/div>\r\n        <div class=\"p-col-span-3 p-flex p-flex-col p-items-start\">\r\n            <div class=\"p-text-start p-text-secondary p-mb-1 p-bold\"> Zustrom <\/div>\r\n            <div class=\"p-w-full p-bg-light p-rounded-full p-h-2 p-relative\">\r\n                <div class=\"p-bg-primary p-h-2 p-rounded-full p-absolute\" style=\"width: 20%;\"><\/div>\r\n            <\/div>\r\n        <\/div>\r\n    <\/div>\r\n\r\n    <div class=\"p-grid p-grid-cols-4 p-shrink-0 p-w-72 p-snap-start md:p-w-full\">\r\n        <div class=\"p-col-span-1 p-self-center p-text-center p-text-3xl\">\r\n            <i class=\"icon-difficulty\"><\/i>\r\n        <\/div>\r\n        <div class=\"p-col-span-3 p-flex p-flex-col p-items-start\">\r\n            <div class=\"p-text-start p-text-secondary p-mb-1 p-bold\"> Schwierigkeitsgrad <\/div>\r\n            <div class=\"p-w-full p-bg-light p-rounded-full p-h-2 p-relative\">\r\n                <div class=\"p-bg-primary p-h-2 p-rounded-full p-absolute\" style=\"width: 40%;\"><\/div>\r\n            <\/div>\r\n        <\/div>\r\n    <\/div>\r\n\r\n    <div class=\"p-grid p-grid-cols-4 p-shrink-0 p-w-72 p-snap-start md:p-w-full\">\r\n        <div class=\"p-col-span-1 p-self-center p-text-center p-text-3xl\">\r\n            <i class=\"icon-patrimony\"><\/i>\r\n        <\/div>\r\n        <div class=\"p-col-span-3 p-flex p-flex-col p-items-start\">\r\n            <div class=\"p-text-start p-text-secondary p-mb-1 p-bold\"> Kunst\/Geschichte <\/div>\r\n            <div class=\"p-w-full p-bg-light p-rounded-full p-h-2 p-relative\">\r\n                <div class=\"p-bg-primary p-h-2 p-rounded-full p-absolute\" style=\"width: 40%;\"><\/div>\r\n            <\/div>\r\n        <\/div>\r\n    <\/div>\r\n\r\n    <div class=\"p-grid p-grid-cols-4 p-shrink-0 p-w-72 p-snap-start md:p-w-full\">\r\n        <div class=\"p-col-span-1 p-self-center p-text-center p-text-3xl\">\r\n            <i class=\"icon-nature\"><\/i>\r\n        <\/div>\r\n        <div class=\"p-col-span-3 p-flex p-flex-col p-items-start\">\r\n            <div class=\"p-text-start p-text-secondary p-mb-1 p-bold\"> Natur <\/div>\r\n            <div class=\"p-w-full p-bg-light p-rounded-full p-h-2 p-relative\">\r\n                <div class=\"p-bg-primary p-h-2 p-rounded-full p-absolute\" style=\"width: 40%;\"><\/div>\r\n            <\/div>\r\n        <\/div>\r\n    <\/div>\r\n\r\n    <div class=\"p-grid p-grid-cols-4 p-shrink-0 p-w-72 p-snap-start md:p-w-full\">\r\n        <div class=\"p-col-span-1 p-self-center p-text-center p-text-3xl\">\r\n            <i class=\"icon-urban\"><\/i>\r\n        <\/div>\r\n        <div class=\"p-col-span-3 p-flex p-flex-col p-items-start\">\r\n            <div class=\"p-text-start p-text-secondary p-mb-1 p-bold\"> St\u00e4dtischer Weg <\/div>\r\n            <div class=\"p-w-full p-bg-light p-rounded-full p-h-2 p-relative\">\r\n                <div class=\"p-bg-primary p-h-2 p-rounded-full p-absolute\" style=\"width: 20%;\"><\/div>\r\n            <\/div>\r\n        <\/div>\r\n    <\/div>\r\n  <\/div>\r\n<\/section>\n  <\/section>\n\n  <section id=\"summaryWay\">\n    <div class=\"subtitle\">\n      <h4 class=\"p-h4--section\">Einen sch\u00f6nen Spaziergang!<\/h4>\n      <hr \/>\n    <\/div>\n    <div class=\"content-summary\">\n      <div class=\"content-summary__col-text\">\n        <h2>Warum die Siber-Route w\u00e4hlen?<\/h2>\n        <p class=\"p-my-3\">\n          Die Silber-Route ist ein <strong>gut signalisierter Verlauf<\/strong>,\n          in dem sich die gelben Pfeile durch ihre stetige Pr\u00e4senz auszeichnen;\n          um uns in den weitl\u00e4ufigen Landschaften Andalusiens und Extremaduras\n          nicht zu verlieren, werden wir diese zu sch\u00e4tzen lernen. In dieser\n          autonomen Region finden wir auch kleine Granitbl\u00f6cke mit\n          <strong>verschiedenfarbigen Kacheln.<\/strong> Ist die\n          Kachel<strong>gelb<\/strong>,zeigt sie an, dass die Strecke wegsam ist,\n          obwohl sie nicht mit dem urspr\u00fcnglichen Weg \u00fcbereinstimmt. Ist die\n          Markierung <strong>gr\u00fcn,<\/strong>zeigt sie den urspr\u00fcnglichen Verlauf\n          der r\u00f6mischen Route an, diese stimmt aber nicht g\u00e4nzlich mit dem\n          Jakobsweg \u00fcberein. Aus diesem Grund sollten wir beachten, dass die\n          Bl\u00f6cke entweder eine gelbe oder aber eine gr\u00fcne und eine gelbe Kachel\n          (kombiniert) aufweisen. Dieser Verlauf entspricht dem, der uns von den\n          gelben Pfeilen in Richtung Compostela angezeigt wird.\n        <\/p>\n        <p class=\"p-mb-3\">\n          Mehr als 700 Kilometer trennen Sevilla von Astorga, denen wir die\n          ausgew\u00e4hlte alternative Strecke f\u00fcr Galicien hinzuf\u00fcgen m\u00fcssen. Wir\n          lassen jahrhundertealte St\u00e4dte wie Sevilla selbst, Merida oder die\n          historische Salamanca hinter uns, sowie<strong>einen in den Monaten hoher Temperaturen besonders schwierigen\n          Weg<\/strong>; der durch viele schattenlosen Strecken verstreicht. Uns liegt ein\n          historischer Weg mit zahlreichem kulturellen Erbe bevor, das diese\n          Route zu einer Alternative macht, die<strong>j\u00e4hrlich mehr Anh\u00e4nger findet<\/strong>.\n        <\/p>\n      <\/div>\n      <div class=\"content-summary__col-experiences\">\n        <section id=\"experiencesCarousel\" class=\"p-relative\">\r\n  <div id=\"experiencesCarousel\" class=\"p-container p-mx-auto p-relative p-w-full lg:p-w-4\/5\">\r\n    <button id=\"prev-slide-experiences\" class=\"slide-button material-symbols-rounded\">\r\n        <div class=\"p-self-item p-font-bold\">&#10094;<\/div>\r\n    <\/button>\r\n    <button id=\"next-slide-experiences\" class=\"slide-button material-symbols-rounded\">\r\n        <div class=\"p-font-bold\">&#10095;<\/div>\r\n    <\/button>\r\n    <div id=\"carousel\" class=\"container-slider p-self-center p-mt-10\">\r\n        <ul class=\"card-list card-list--less-gap\">\r\n                                                <div  class=\"card-item card-item--min\" data-category=\"frances\" data-mode=\"a-pie\">\r\n                        <div class=\"p-rounded-lg p-h-80 p-relative p-p-5 p-text-white p-max-w-[250px] lg:p-max-w-full experience-card-item\">\r\n                            <div class=\"experience-card-bg\" style=\"background-image: url('\/wp-content\/uploads\/2024\/07\/experiencia-frances-desde-sarria.jpg');\"><\/div>\r\n                            <div class=\"experience-card-content p-h-72 card-item-container p-max-w-[250px] lg:p-max-w-full\">\r\n                                <div class=\"p-flex p-flex-wrap\">\r\n                                    <p class=\"p-col-auto p-m-0 p-px-2 p-border p-border-white p-rounded-lg p-text-sm p-self-center\">Zu Fu\u00df<\/p>\r\n                                    <p class=\"p-text-sm p-self-center p-px-4 p-mb-0\">4,9 \u2605<\/p>\r\n                                <\/div>\r\n                                <h3 class=\"p-font-['Inter'] p-normal-case p-text-base lg:p-text-xl p-font-bold p-my-5\"> <a href=\"\/experiencias\/camino-frances-desde-sarria\/\" id=\"camino-frances-desde-sarria\" target=\"_blank\" class=\"after:p-absolute after:p-inset-0 p-text-white hover:p-text-light\">Franz\u00f6sischer Weg von Sarria<\/a><\/h3>\r\n                                <div class=\"p-flex p-flex-wrap\">\r\n                                    <div class=\"p-col-auto p-flex p-self-center p-pr-0\">\r\n                                        <i class=\"icon-signal\"><\/i>\r\n                                    <\/div>\r\n                                    <div class=\"p-col-auto p-flex p-self-auto p-ml-2\">\r\n                                        <p class=\"p-m-0 p-text-sm p-font-bold\">111 Km<\/p>\r\n                                    <\/div>\r\n                                <\/div>\r\n                                <div class=\"p-flex p-flex-wrap p-my-1\">\r\n                                    <div class=\"p-col-auto p-flex p-self-center p-pr-0\">\r\n                                        <i class=\"icon-calendar\"><\/i>\r\n                                    <\/div>\r\n                                    <div class=\"p-col-auto p-flex p-self-auto p-ml-2\">\r\n                                        <p class=\"p-m-0 p-text-sm p-font-bold\">5 etappen<\/p>\r\n                                    <\/div>\r\n                                <\/div>\r\n                                <div class=\"p-flex p-flex-wrap\">\r\n                                    <div class=\"p-col-auto p-flex p-self-center p-pr-0\">\r\n                                        <i class=\"icon-nights\"><\/i>\r\n                                    <\/div>\r\n                                    <div class=\"p-col-auto p-flex p-align-self-auto p-ml-2\">\r\n                                        <p class=\"p-m-0 p-text-sm p-font-bold\">6 n\u00e4chte<\/p>\r\n                                    <\/div>\r\n                                <\/div>\r\n                                <div class=\"p-w-full p-absolute p-bottom-0 p-pb-3 p-pointer-events-none\">\r\n                                    <div class=\"p-flex p-justify-between\">\r\n                                        <div>\r\n                                            <p class=\"p-text-xs p-uppercase p-font-semibold p-my-1\">Ab<\/p>\r\n                                            <p class=\"p-text-2xl p-font-semibold p-mt-[-12px]\">450\u20ac<\/p>\r\n                                        <\/div>\r\n                                        <div class=\"p-text-white p-w-auto p-h-auto p-p-2 p-self-center p-rounded-full p-bg-dark-opacity\">\r\n                                            <img decoding=\"async\" src=\"\/wp-content\/uploads\/2024\/07\/flecha-r.svg\" alt=\"icono flecha derecha\" class=\"p-text-center p-self-center\">\r\n                                        <\/div>\r\n                                    <\/div>\r\n                                <\/div>\r\n                            <\/div>\r\n                        <\/div>\r\n                    <\/div>\r\n                                                                <div  class=\"card-item card-item--min\" data-category=\"frances\" data-mode=\"a-pie\">\r\n                        <div class=\"p-rounded-lg p-h-80 p-relative p-p-5 p-text-white p-max-w-[250px] lg:p-max-w-full experience-card-item\">\r\n                            <div class=\"experience-card-bg\" style=\"background-image: url('\/wp-content\/uploads\/2024\/07\/experiencia-santiago-con-perro.jpg');\"><\/div>\r\n                            <div class=\"experience-card-content p-h-72 card-item-container p-max-w-[250px] lg:p-max-w-full\">\r\n                                <div class=\"p-flex p-flex-wrap\">\r\n                                    <p class=\"p-col-auto p-m-0 p-px-2 p-border p-border-white p-rounded-lg p-text-sm p-self-center\">Zu Fu\u00df<\/p>\r\n                                    <p class=\"p-text-sm p-self-center p-px-4 p-mb-0\">4,8 \u2605<\/p>\r\n                                <\/div>\r\n                                <h3 class=\"p-font-['Inter'] p-normal-case p-text-base lg:p-text-xl p-font-bold p-my-5\"> <a href=\"\/experiencias\/camino-frances-perro\/\" id=\"camino-frances-perro\" target=\"_blank\" class=\"after:p-absolute after:p-inset-0 p-text-white hover:p-text-light\">Franz\u00f6sische Art mit Hund<\/a><\/h3>\r\n                                <div class=\"p-flex p-flex-wrap\">\r\n                                    <div class=\"p-col-auto p-flex p-self-center p-pr-0\">\r\n                                        <i class=\"icon-signal\"><\/i>\r\n                                    <\/div>\r\n                                    <div class=\"p-col-auto p-flex p-self-auto p-ml-2\">\r\n                                        <p class=\"p-m-0 p-text-sm p-font-bold\">111 Km<\/p>\r\n                                    <\/div>\r\n                                <\/div>\r\n                                <div class=\"p-flex p-flex-wrap p-my-1\">\r\n                                    <div class=\"p-col-auto p-flex p-self-center p-pr-0\">\r\n                                        <i class=\"icon-calendar\"><\/i>\r\n                                    <\/div>\r\n                                    <div class=\"p-col-auto p-flex p-self-auto p-ml-2\">\r\n                                        <p class=\"p-m-0 p-text-sm p-font-bold\">5 etappen<\/p>\r\n                                    <\/div>\r\n                                <\/div>\r\n                                <div class=\"p-flex p-flex-wrap\">\r\n                                    <div class=\"p-col-auto p-flex p-self-center p-pr-0\">\r\n                                        <i class=\"icon-nights\"><\/i>\r\n                                    <\/div>\r\n                                    <div class=\"p-col-auto p-flex p-align-self-auto p-ml-2\">\r\n                                        <p class=\"p-m-0 p-text-sm p-font-bold\">6 n\u00e4chte<\/p>\r\n                                    <\/div>\r\n                                <\/div>\r\n                                <div class=\"p-w-full p-absolute p-bottom-0 p-pb-3 p-pointer-events-none\">\r\n                                    <div class=\"p-flex p-justify-between\">\r\n                                        <div>\r\n                                            <p class=\"p-text-xs p-uppercase p-font-semibold p-my-1\">Ab<\/p>\r\n                                            <p class=\"p-text-2xl p-font-semibold p-mt-[-12px]\">495\u20ac<\/p>\r\n                                        <\/div>\r\n                                        <div class=\"p-text-white p-w-auto p-h-auto p-p-2 p-self-center p-rounded-full p-bg-dark-opacity\">\r\n                                            <img decoding=\"async\" src=\"\/wp-content\/uploads\/2024\/07\/flecha-r.svg\" alt=\"icono flecha derecha\" class=\"p-text-center p-self-center\">\r\n                                        <\/div>\r\n                                    <\/div>\r\n                                <\/div>\r\n                            <\/div>\r\n                        <\/div>\r\n                    <\/div>\r\n                                                                <div  class=\"card-item card-item--min\" data-category=\"portugues\" data-mode=\"a-pie\">\r\n                        <div class=\"p-rounded-lg p-h-80 p-relative p-p-5 p-text-white p-max-w-[250px] lg:p-max-w-full experience-card-item\">\r\n                            <div class=\"experience-card-bg\" style=\"background-image: url('\/wp-content\/uploads\/2024\/07\/experiencia-portugues-desde-tui.jpg');\"><\/div>\r\n                            <div class=\"experience-card-content p-h-72 card-item-container p-max-w-[250px] lg:p-max-w-full\">\r\n                                <div class=\"p-flex p-flex-wrap\">\r\n                                    <p class=\"p-col-auto p-m-0 p-px-2 p-border p-border-white p-rounded-lg p-text-sm p-self-center\">Zu Fu\u00df<\/p>\r\n                                    <p class=\"p-text-sm p-self-center p-px-4 p-mb-0\">4,9 \u2605<\/p>\r\n                                <\/div>\r\n                                <h3 class=\"p-font-['Inter'] p-normal-case p-text-base lg:p-text-xl p-font-bold p-my-5\"> <a href=\"\/experiencias\/camino-portugues-desde-tui\/\" id=\"camino-portugues-desde-tui\" target=\"_blank\" class=\"after:p-absolute after:p-inset-0 p-text-white hover:p-text-light\">Portugiesischer Weg von Tui<\/a><\/h3>\r\n                                <div class=\"p-flex p-flex-wrap\">\r\n                                    <div class=\"p-col-auto p-flex p-self-center p-pr-0\">\r\n                                        <i class=\"icon-signal\"><\/i>\r\n                                    <\/div>\r\n                                    <div class=\"p-col-auto p-flex p-self-auto p-ml-2\">\r\n                                        <p class=\"p-m-0 p-text-sm p-font-bold\">115 Km<\/p>\r\n                                    <\/div>\r\n                                <\/div>\r\n                                <div class=\"p-flex p-flex-wrap p-my-1\">\r\n                                    <div class=\"p-col-auto p-flex p-self-center p-pr-0\">\r\n                                        <i class=\"icon-calendar\"><\/i>\r\n                                    <\/div>\r\n                                    <div class=\"p-col-auto p-flex p-self-auto p-ml-2\">\r\n                                        <p class=\"p-m-0 p-text-sm p-font-bold\">5 etappen<\/p>\r\n                                    <\/div>\r\n                                <\/div>\r\n                                <div class=\"p-flex p-flex-wrap\">\r\n                                    <div class=\"p-col-auto p-flex p-self-center p-pr-0\">\r\n                                        <i class=\"icon-nights\"><\/i>\r\n                                    <\/div>\r\n                                    <div class=\"p-col-auto p-flex p-align-self-auto p-ml-2\">\r\n                                        <p class=\"p-m-0 p-text-sm p-font-bold\">6 n\u00e4chte<\/p>\r\n                                    <\/div>\r\n                                <\/div>\r\n                                <div class=\"p-w-full p-absolute p-bottom-0 p-pb-3 p-pointer-events-none\">\r\n                                    <div class=\"p-flex p-justify-between\">\r\n                                        <div>\r\n                                            <p class=\"p-text-xs p-uppercase p-font-semibold p-my-1\">Ab<\/p>\r\n                                            <p class=\"p-text-2xl p-font-semibold p-mt-[-12px]\">450\u20ac<\/p>\r\n                                        <\/div>\r\n                                        <div class=\"p-text-white p-w-auto p-h-auto p-p-2 p-self-center p-rounded-full p-bg-dark-opacity\">\r\n                                            <img decoding=\"async\" src=\"\/wp-content\/uploads\/2024\/07\/flecha-r.svg\" alt=\"icono flecha derecha\" class=\"p-text-center p-self-center\">\r\n                                        <\/div>\r\n                                    <\/div>\r\n                                <\/div>\r\n                            <\/div>\r\n                        <\/div>\r\n                    <\/div>\r\n                                                                <div  class=\"card-item card-item--min\" data-category=\"ingles\" data-mode=\"a-pie\">\r\n                        <div class=\"p-rounded-lg p-h-80 p-relative p-p-5 p-text-white p-max-w-[250px] lg:p-max-w-full experience-card-item\">\r\n                            <div class=\"experience-card-bg\" style=\"background-image: url('\/wp-content\/uploads\/2024\/07\/experiencia-ingles-desde-ferrol.jpg');\"><\/div>\r\n                            <div class=\"experience-card-content p-h-72 card-item-container p-max-w-[250px] lg:p-max-w-full\">\r\n                                <div class=\"p-flex p-flex-wrap\">\r\n                                    <p class=\"p-col-auto p-m-0 p-px-2 p-border p-border-white p-rounded-lg p-text-sm p-self-center\">Zu Fu\u00df<\/p>\r\n                                    <p class=\"p-text-sm p-self-center p-px-4 p-mb-0\">4,7 \u2605<\/p>\r\n                                <\/div>\r\n                                <h3 class=\"p-font-['Inter'] p-normal-case p-text-base lg:p-text-xl p-font-bold p-my-5\"> <a href=\"\/experiencias\/camino-ingles-desde-ferrol\/\" id=\"camino-ingles-desde-ferrol\" target=\"_blank\" class=\"after:p-absolute after:p-inset-0 p-text-white hover:p-text-light\">Englischer Weg von Ferrol<\/a><\/h3>\r\n                                <div class=\"p-flex p-flex-wrap\">\r\n                                    <div class=\"p-col-auto p-flex p-self-center p-pr-0\">\r\n                                        <i class=\"icon-signal\"><\/i>\r\n                                    <\/div>\r\n                                    <div class=\"p-col-auto p-flex p-self-auto p-ml-2\">\r\n                                        <p class=\"p-m-0 p-text-sm p-font-bold\">116 Km<\/p>\r\n                                    <\/div>\r\n                                <\/div>\r\n                                <div class=\"p-flex p-flex-wrap p-my-1\">\r\n                                    <div class=\"p-col-auto p-flex p-self-center p-pr-0\">\r\n                                        <i class=\"icon-calendar\"><\/i>\r\n                                    <\/div>\r\n                                    <div class=\"p-col-auto p-flex p-self-auto p-ml-2\">\r\n                                        <p class=\"p-m-0 p-text-sm p-font-bold\">5 etappen<\/p>\r\n                                    <\/div>\r\n                                <\/div>\r\n                                <div class=\"p-flex p-flex-wrap\">\r\n                                    <div class=\"p-col-auto p-flex p-self-center p-pr-0\">\r\n                                        <i class=\"icon-nights\"><\/i>\r\n                                    <\/div>\r\n                                    <div class=\"p-col-auto p-flex p-align-self-auto p-ml-2\">\r\n                                        <p class=\"p-m-0 p-text-sm p-font-bold\">6 n\u00e4chte<\/p>\r\n                                    <\/div>\r\n                                <\/div>\r\n                                <div class=\"p-w-full p-absolute p-bottom-0 p-pb-3 p-pointer-events-none\">\r\n                                    <div class=\"p-flex p-justify-between\">\r\n                                        <div>\r\n                                            <p class=\"p-text-xs p-uppercase p-font-semibold p-my-1\">Ab<\/p>\r\n                                            <p class=\"p-text-2xl p-font-semibold p-mt-[-12px]\">450\u20ac<\/p>\r\n                                        <\/div>\r\n                                        <div class=\"p-text-white p-w-auto p-h-auto p-p-2 p-self-center p-rounded-full p-bg-dark-opacity\">\r\n                                            <img decoding=\"async\" src=\"\/wp-content\/uploads\/2024\/07\/flecha-r.svg\" alt=\"icono flecha derecha\" class=\"p-text-center p-self-center\">\r\n                                        <\/div>\r\n                                    <\/div>\r\n                                <\/div>\r\n                            <\/div>\r\n                        <\/div>\r\n                    <\/div>\r\n                                                                <div  class=\"card-item card-item--min\" data-category=\"fisterra\" data-mode=\"a-pie\">\r\n                        <div class=\"p-rounded-lg p-h-80 p-relative p-p-5 p-text-white p-max-w-[250px] lg:p-max-w-full experience-card-item\">\r\n                            <div class=\"experience-card-bg\" style=\"background-image: url('\/wp-content\/uploads\/2024\/07\/experiencia-santiago-a-fisterra.jpg');\"><\/div>\r\n                            <div class=\"experience-card-content p-h-72 card-item-container p-max-w-[250px] lg:p-max-w-full\">\r\n                                <div class=\"p-flex p-flex-wrap\">\r\n                                    <p class=\"p-col-auto p-m-0 p-px-2 p-border p-border-white p-rounded-lg p-text-sm p-self-center\">Zu Fu\u00df<\/p>\r\n                                    <p class=\"p-text-sm p-self-center p-px-4 p-mb-0\">4,8 \u2605<\/p>\r\n                                <\/div>\r\n                                <h3 class=\"p-font-['Inter'] p-normal-case p-text-base lg:p-text-xl p-font-bold p-my-5\"> <a href=\"\/experiencias\/camino-santiago-fisterra-caminando\/\" id=\"camino-santiago-fisterra-caminando\" target=\"_blank\" class=\"after:p-absolute after:p-inset-0 p-text-white hover:p-text-light\">Jakobsweg nach Fisterra<\/a><\/h3>\r\n                                <div class=\"p-flex p-flex-wrap\">\r\n                                    <div class=\"p-col-auto p-flex p-self-center p-pr-0\">\r\n                                        <i class=\"icon-signal\"><\/i>\r\n                                    <\/div>\r\n                                    <div class=\"p-col-auto p-flex p-self-auto p-ml-2\">\r\n                                        <p class=\"p-m-0 p-text-sm p-font-bold\">85 Km<\/p>\r\n                                    <\/div>\r\n                                <\/div>\r\n                                <div class=\"p-flex p-flex-wrap p-my-1\">\r\n                                    <div class=\"p-col-auto p-flex p-self-center p-pr-0\">\r\n                                        <i class=\"icon-calendar\"><\/i>\r\n                                    <\/div>\r\n                                    <div class=\"p-col-auto p-flex p-self-auto p-ml-2\">\r\n                                        <p class=\"p-m-0 p-text-sm p-font-bold\">3 etappen<\/p>\r\n                                    <\/div>\r\n                                <\/div>\r\n                                <div class=\"p-flex p-flex-wrap\">\r\n                                    <div class=\"p-col-auto p-flex p-self-center p-pr-0\">\r\n                                        <i class=\"icon-nights\"><\/i>\r\n                                    <\/div>\r\n                                    <div class=\"p-col-auto p-flex p-align-self-auto p-ml-2\">\r\n                                        <p class=\"p-m-0 p-text-sm p-font-bold\">4 n\u00e4chte<\/p>\r\n                                    <\/div>\r\n                                <\/div>\r\n                                <div class=\"p-w-full p-absolute p-bottom-0 p-pb-3 p-pointer-events-none\">\r\n                                    <div class=\"p-flex p-justify-between\">\r\n                                        <div>\r\n                                            <p class=\"p-text-xs p-uppercase p-font-semibold p-my-1\">Ab<\/p>\r\n                                            <p class=\"p-text-2xl p-font-semibold p-mt-[-12px]\">315\u20ac<\/p>\r\n                                        <\/div>\r\n                                        <div class=\"p-text-white p-w-auto p-h-auto p-p-2 p-self-center p-rounded-full p-bg-dark-opacity\">\r\n                                            <img decoding=\"async\" src=\"\/wp-content\/uploads\/2024\/07\/flecha-r.svg\" alt=\"icono flecha derecha\" class=\"p-text-center p-self-center\">\r\n                                        <\/div>\r\n                                    <\/div>\r\n                                <\/div>\r\n                            <\/div>\r\n                        <\/div>\r\n                    <\/div>\r\n                                                                <div  class=\"card-item card-item--min\" data-category=\"portugues\" data-mode=\"a-pie\">\r\n                        <div class=\"p-rounded-lg p-h-80 p-relative p-p-5 p-text-white p-max-w-[250px] lg:p-max-w-full experience-card-item\">\r\n                            <div class=\"experience-card-bg\" style=\"background-image: url('\/wp-content\/uploads\/2024\/07\/experiencia-en-bici-desde-oporto.jpg');\"><\/div>\r\n                            <div class=\"experience-card-content p-h-72 card-item-container p-max-w-[250px] lg:p-max-w-full\">\r\n                                <div class=\"p-flex p-flex-wrap\">\r\n                                    <p class=\"p-col-auto p-m-0 p-px-2 p-border p-border-white p-rounded-lg p-text-sm p-self-center\">Mit dem Fahrrad<\/p>\r\n                                    <p class=\"p-text-sm p-self-center p-px-4 p-mb-0\">4,8 \u2605<\/p>\r\n                                <\/div>\r\n                                <h3 class=\"p-font-['Inter'] p-normal-case p-text-base lg:p-text-xl p-font-bold p-my-5\"> <a href=\"\/experiencias\/camino-portugues-en-bicicleta-desde-oporto\/\" id=\"camino-portugues-en-bicicleta-desde-oporto\" target=\"_blank\" class=\"after:p-absolute after:p-inset-0 p-text-white hover:p-text-light\">Der portugiesische Weg mit dem Fahrrad Oporto<\/a><\/h3>\r\n                                <div class=\"p-flex p-flex-wrap\">\r\n                                    <div class=\"p-col-auto p-flex p-self-center p-pr-0\">\r\n                                        <i class=\"icon-signal\"><\/i>\r\n                                    <\/div>\r\n                                    <div class=\"p-col-auto p-flex p-self-auto p-ml-2\">\r\n                                        <p class=\"p-m-0 p-text-sm p-font-bold\">242 Km<\/p>\r\n                                    <\/div>\r\n                                <\/div>\r\n                                <div class=\"p-flex p-flex-wrap p-my-1\">\r\n                                    <div class=\"p-col-auto p-flex p-self-center p-pr-0\">\r\n                                        <i class=\"icon-calendar\"><\/i>\r\n                                    <\/div>\r\n                                    <div class=\"p-col-auto p-flex p-self-auto p-ml-2\">\r\n                                        <p class=\"p-m-0 p-text-sm p-font-bold\">5 etappen<\/p>\r\n                                    <\/div>\r\n                                <\/div>\r\n                                <div class=\"p-flex p-flex-wrap\">\r\n                                    <div class=\"p-col-auto p-flex p-self-center p-pr-0\">\r\n                                        <i class=\"icon-nights\"><\/i>\r\n                                    <\/div>\r\n                                    <div class=\"p-col-auto p-flex p-align-self-auto p-ml-2\">\r\n                                        <p class=\"p-m-0 p-text-sm p-font-bold\">6 n\u00e4chte<\/p>\r\n                                    <\/div>\r\n                                <\/div>\r\n                                <div class=\"p-w-full p-absolute p-bottom-0 p-pb-3 p-pointer-events-none\">\r\n                                    <div class=\"p-flex p-justify-between\">\r\n                                        <div>\r\n                                            <p class=\"p-text-xs p-uppercase p-font-semibold p-my-1\">Ab<\/p>\r\n                                            <p class=\"p-text-2xl p-font-semibold p-mt-[-12px]\">490\u20ac<\/p>\r\n                                        <\/div>\r\n                                        <div class=\"p-text-white p-w-auto p-h-auto p-p-2 p-self-center p-rounded-full p-bg-dark-opacity\">\r\n                                            <img decoding=\"async\" src=\"\/wp-content\/uploads\/2024\/07\/flecha-r.svg\" alt=\"icono flecha derecha\" class=\"p-text-center p-self-center\">\r\n                                        <\/div>\r\n                                    <\/div>\r\n                                <\/div>\r\n                            <\/div>\r\n                        <\/div>\r\n                    <\/div>\r\n                                                                <div  class=\"card-item card-item--min\" data-category=\"primitivo\" data-mode=\"a-pie\">\r\n                        <div class=\"p-rounded-lg p-h-80 p-relative p-p-5 p-text-white p-max-w-[250px] lg:p-max-w-full experience-card-item\">\r\n                            <div class=\"experience-card-bg\" style=\"background-image: url('\/wp-content\/uploads\/2024\/07\/experiencia-en-bici-desde-oviedo.jpg');\"><\/div>\r\n                            <div class=\"experience-card-content p-h-72 card-item-container p-max-w-[250px] lg:p-max-w-full\">\r\n                                <div class=\"p-flex p-flex-wrap\">\r\n                                    <p class=\"p-col-auto p-m-0 p-px-2 p-border p-border-white p-rounded-lg p-text-sm p-self-center\">Mit dem Fahrrad<\/p>\r\n                                    <p class=\"p-text-sm p-self-center p-px-4 p-mb-0\">4,8 \u2605<\/p>\r\n                                <\/div>\r\n                                <h3 class=\"p-font-['Inter'] p-normal-case p-text-base lg:p-text-xl p-font-bold p-my-5\"> <a href=\"\/experiencias\/camino-primitivo-desde-oviedo-bici\/\" id=\"camino-primitivo-desde-oviedo-bici\" target=\"_blank\" class=\"after:p-absolute after:p-inset-0 p-text-white hover:p-text-light\">Der primitive Weg mit dem Fahrrad von Oviedo aus<\/a><\/h3>\r\n                                <div class=\"p-flex p-flex-wrap\">\r\n                                    <div class=\"p-col-auto p-flex p-self-center p-pr-0\">\r\n                                        <i class=\"icon-signal\"><\/i>\r\n                                    <\/div>\r\n                                    <div class=\"p-col-auto p-flex p-self-auto p-ml-2\">\r\n                                        <p class=\"p-m-0 p-text-sm p-font-bold\">313 Km<\/p>\r\n                                    <\/div>\r\n                                <\/div>\r\n                                <div class=\"p-flex p-flex-wrap p-my-1\">\r\n                                    <div class=\"p-col-auto p-flex p-self-center p-pr-0\">\r\n                                        <i class=\"icon-calendar\"><\/i>\r\n                                    <\/div>\r\n                                    <div class=\"p-col-auto p-flex p-self-auto p-ml-2\">\r\n                                        <p class=\"p-m-0 p-text-sm p-font-bold\">7 etappen<\/p>\r\n                                    <\/div>\r\n                                <\/div>\r\n                                <div class=\"p-flex p-flex-wrap\">\r\n                                    <div class=\"p-col-auto p-flex p-self-center p-pr-0\">\r\n                                        <i class=\"icon-nights\"><\/i>\r\n                                    <\/div>\r\n                                    <div class=\"p-col-auto p-flex p-align-self-auto p-ml-2\">\r\n                                        <p class=\"p-m-0 p-text-sm p-font-bold\">8 n\u00e4chte<\/p>\r\n                                    <\/div>\r\n                                <\/div>\r\n                                <div class=\"p-w-full p-absolute p-bottom-0 p-pb-3 p-pointer-events-none\">\r\n                                    <div class=\"p-flex p-justify-between\">\r\n                                        <div>\r\n                                            <p class=\"p-text-xs p-uppercase p-font-semibold p-my-1\">Ab<\/p>\r\n                                            <p class=\"p-text-2xl p-font-semibold p-mt-[-12px]\">325\u20ac<\/p>\r\n                                        <\/div>\r\n                                        <div class=\"p-text-white p-w-auto p-h-auto p-p-2 p-self-center p-rounded-full p-bg-dark-opacity\">\r\n                                            <img decoding=\"async\" src=\"\/wp-content\/uploads\/2024\/07\/flecha-r.svg\" alt=\"icono flecha derecha\" class=\"p-text-center p-self-center\">\r\n                                        <\/div>\r\n                                    <\/div>\r\n                                <\/div>\r\n                            <\/div>\r\n                        <\/div>\r\n                    <\/div>\r\n                                                                <div  class=\"card-item card-item--min\" data-category=\"primitivo\" data-mode=\"a-pie\">\r\n                        <div class=\"p-rounded-lg p-h-80 p-relative p-p-5 p-text-white p-max-w-[250px] lg:p-max-w-full experience-card-item\">\r\n                            <div class=\"experience-card-bg\" style=\"background-image: url('\/wp-content\/uploads\/2024\/07\/experiencia-primitivo-desde-lugo.jpg');\"><\/div>\r\n                            <div class=\"experience-card-content p-h-72 card-item-container p-max-w-[250px] lg:p-max-w-full\">\r\n                                <div class=\"p-flex p-flex-wrap\">\r\n                                    <p class=\"p-col-auto p-m-0 p-px-2 p-border p-border-white p-rounded-lg p-text-sm p-self-center\">Zu Fu\u00df<\/p>\r\n                                    <p class=\"p-text-sm p-self-center p-px-4 p-mb-0\">4,7 \u2605<\/p>\r\n                                <\/div>\r\n                                <h3 class=\"p-font-['Inter'] p-normal-case p-text-base lg:p-text-xl p-font-bold p-my-5\"> <a href=\"\/experiencias\/el-camino-primitivo-desde-lugo\/\" id=\"el-camino-primitivo-desde-lugo\" target=\"_blank\" class=\"after:p-absolute after:p-inset-0 p-text-white hover:p-text-light\">Primitiver Weg von Lugo<\/a><\/h3>\r\n                                <div class=\"p-flex p-flex-wrap\">\r\n                                    <div class=\"p-col-auto p-flex p-self-center p-pr-0\">\r\n                                        <i class=\"icon-signal\"><\/i>\r\n                                    <\/div>\r\n                                    <div class=\"p-col-auto p-flex p-self-auto p-ml-2\">\r\n                                        <p class=\"p-m-0 p-text-sm p-font-bold\">102 Km<\/p>\r\n                                    <\/div>\r\n                                <\/div>\r\n                                <div class=\"p-flex p-flex-wrap p-my-1\">\r\n                                    <div class=\"p-col-auto p-flex p-self-center p-pr-0\">\r\n                                        <i class=\"icon-calendar\"><\/i>\r\n                                    <\/div>\r\n                                    <div class=\"p-col-auto p-flex p-self-auto p-ml-2\">\r\n                                        <p class=\"p-m-0 p-text-sm p-font-bold\">5 etappen<\/p>\r\n                                    <\/div>\r\n                                <\/div>\r\n                                <div class=\"p-flex p-flex-wrap\">\r\n                                    <div class=\"p-col-auto p-flex p-self-center p-pr-0\">\r\n                                        <i class=\"icon-nights\"><\/i>\r\n                                    <\/div>\r\n                                    <div class=\"p-col-auto p-flex p-align-self-auto p-ml-2\">\r\n                                        <p class=\"p-m-0 p-text-sm p-font-bold\">6 n\u00e4chte<\/p>\r\n                                    <\/div>\r\n                                <\/div>\r\n                                <div class=\"p-w-full p-absolute p-bottom-0 p-pb-3 p-pointer-events-none\">\r\n                                    <div class=\"p-flex p-justify-between\">\r\n                                        <div>\r\n                                            <p class=\"p-text-xs p-uppercase p-font-semibold p-my-1\">Ab<\/p>\r\n                                            <p class=\"p-text-2xl p-font-semibold p-mt-[-12px]\">450\u20ac<\/p>\r\n                                        <\/div>\r\n                                        <div class=\"p-text-white p-w-auto p-h-auto p-p-2 p-self-center p-rounded-full p-bg-dark-opacity\">\r\n                                            <img decoding=\"async\" src=\"\/wp-content\/uploads\/2024\/07\/flecha-r.svg\" alt=\"icono flecha derecha\" class=\"p-text-center p-self-center\">\r\n                                        <\/div>\r\n                                    <\/div>\r\n                                <\/div>\r\n                            <\/div>\r\n                        <\/div>\r\n                    <\/div>\r\n                                        <div class=\"p-group card-item card-item--min p-p-5 p-relative p-rounded-lg p-bg-brown-light p-max-w-[250px] lg:p-max-w-full\">\r\n              <div class=\"p-h-full p-w-full p-flex p-justify-center p-z-10 p-rounded-lg\">\r\n                <div class=\"p-self-center p-flex p-flex-col p-justify-center p-text-center p-content-center\">\r\n                  <div class=\"p-border p-border-2 p-border-primary p-h-10 p-w-10 lg:p-h-16 lg:p-w-16 p-rounded-full p-mb-5 p-self-center\">\r\n                    <p class=\"p-self-center p-text-2xl lg:p-text-4xl p-text-primary\">+<\/p>\r\n                  <\/div>\r\n                  <p class=\"p-text-base lg:p-text-xl p-text-gray p-font-bold\">Siehe alle <br> unsere Erfahrungen<\/p>\r\n                  <button class=\"p-bg-primary p-my-5 p-rounded-lg p-px-5 p-py-2 hover:p-bg-primary-dark\">\r\n                    <a href=\"https:\/\/www.pilgrim.es\/de\/erlebnisse\/\"  class=\"after:p-absolute after:p-inset-0 p-text-white p-h-10 hover:p-text-white p-text-base lg:p-text-xl\">Mehr Routen<\/a>\r\n                  <\/button>\r\n                <\/div>\r\n              <\/div>\r\n            <\/div>\r\n        <\/ul>\r\n        <div class=\"slider-scrollbar\">\r\n            <div class=\"scrollbar-track\">\r\n                <div class=\"scrollbar-thumb\"><\/div>\r\n            <\/div>\r\n        <\/div>\r\n        <div id=\"indicators\" class=\"slider-indicators\"><\/div>\r\n    <\/div>\r\n  <\/div>\r\n<\/section>\r\n<script>\/\/ Aqu\u00ed va el c\u00f3digo JavaScript que maneja el slider\r\nconst initSlider = () => {\r\n  const imageList = document.querySelector(\".slider-wrapper .card-list\");\r\n  const slideButtons = document.querySelectorAll(\r\n    \".slider-wrapper .slide-button\"\r\n  );\r\n  const sliderScrollbar = document.querySelector(\r\n    \".container-slider .slider-scrollbar\"\r\n  );\r\n  const indicators = document.querySelectorAll(\".slider-indicators .indicator\");\r\n\r\n  if (sliderScrollbar && imageList && slideButtons) {\r\n    const scrollbarThumb =\r\n      sliderScrollbar.getElementsByClassName(\"scrollbar-thumb\");\r\n    const maxScrollLeft = imageList.scrollWidth - imageList.clientWidth;\r\n\r\n    \/\/ manejar scroll\r\n    scrollbarThumb.addEventListener(\"mousedown\", (e) => {\r\n      const startX = e.clientX;\r\n      const thumbPosition = scrollbarThumb.offsetLeft;\r\n      const maxThumbPosition =\r\n        sliderScrollbar.getBoundingClientRect().width -\r\n        scrollbarThumb.offsetWidth;\r\n\r\n      \/\/ actualizar posici\u00f3n con movimiento de rat\u00f3n\r\n      const handleMouseMove = (e) => {\r\n        const deltaX = e.clientX - startX;\r\n        const newThumbPosition = thumbPosition + deltaX;\r\n\r\n        \/\/ para que la scrollbar no se salga\r\n        const boundedPosition = Math.max(\r\n          0,\r\n          Math.min(maxThumbPosition, newThumbPosition)\r\n        );\r\n        const scrollPosition =\r\n          (boundedPosition \/ maxThumbPosition) * maxScrollLeft;\r\n\r\n        scrollbarThumb.style.left = `${boundedPosition}px`;\r\n        imageList.scrollLeft = scrollPosition;\r\n      };\r\n\r\n      \/\/ quitar escuchadores en mouse up\r\n      const handleMouseUp = () => {\r\n        document.removeEventListener(\"mousemove\", handleMouseMove);\r\n        document.removeEventListener(\"mouseup\", handleMouseUp);\r\n      };\r\n\r\n      \/\/ a\u00f1adir escuchadores para arrastre\r\n      document.addEventListener(\"mousemove\", handleMouseMove);\r\n      document.addEventListener(\"mouseup\", handleMouseUp);\r\n    });\r\n\r\n    \/\/ mover im\u00e1genes seg\u00fan los clicks al bot\u00f3n del slide\r\n    slideButtons.forEach((button) => {\r\n      button.addEventListener(\"click\", () => {\r\n        const direction = button.id === \"prev-slide\" ? -1 : 1;\r\n        const scrollAmount = imageList.clientWidth * direction;\r\n        imageList.scrollBy({ left: scrollAmount, behavior: \"smooth\" });\r\n        updateIndicators();\r\n      });\r\n    });\r\n\r\n    \/\/ mostrar o no los botones del slide seg\u00fan posici\u00f3n\r\n    const handleSlideButtons = () => {\r\n      slideButtons[0].style.display =\r\n        imageList.scrollLeft <= 0 ? \"none\" : \"flex\";\r\n      slideButtons[1].style.display =\r\n        imageList.scrollLeft >= maxScrollLeft ? \"none\" : \"flex\";\r\n    };\r\n\r\n    \/\/ actualizar posici\u00f3n de la scrollbar seg\u00fan posici\u00f3n\r\n    const updateScrollThumbPosition = () => {\r\n      const scrollPosition = imageList.scrollLeft;\r\n      const thumbPosition =\r\n        (scrollPosition \/ maxScrollLeft) *\r\n        (sliderScrollbar.clientWidth - scrollbarThumb.offsetWidth);\r\n      scrollbarThumb.style.left = `${thumbPosition}px`;\r\n    };\r\n\r\n    \/\/ actualizar indicadores seg\u00fan posici\u00f3n\r\n    const updateIndicators = () => {\r\n      const currentSlide = Math.round(\r\n        imageList.scrollLeft \/ imageList.clientWidth\r\n      );\r\n      indicators.forEach((indicator, index) => {\r\n        indicator.classList.toggle(\"active\", index === currentSlide);\r\n      });\r\n    };\r\n\r\n    \/\/ llamar funciones al hacer scroll en la lista\r\n    imageList.addEventListener(\"scroll\", () => {\r\n      updateScrollThumbPosition();\r\n      handleSlideButtons();\r\n      updateIndicators();\r\n    });\r\n\r\n    \/\/ a\u00f1adir eventos de click en los indicadores\r\n    indicators.forEach((indicator, index) => {\r\n      indicator.addEventListener(\"click\", () => {\r\n        const scrollPosition = index * imageList.clientWidth;\r\n        imageList.scrollTo({ left: scrollPosition, behavior: \"smooth\" });\r\n      });\r\n    });\r\n\r\n    \/\/ configuraci\u00f3n inicial\r\n    updateScrollThumbPosition();\r\n    handleSlideButtons();\r\n    updateIndicators();\r\n  }\r\n};\r\n\r\nwindow.addEventListener(\"resize\", initSlider);\r\nwindow.addEventListener(\"load\", initSlider);\r\n<\/script>\n      <\/div>\n    <\/div>\n  <\/section>\n  <section id=\"stagesFoot\">\n    <div class=\"subtitle\">\n      <h4 class=\"p-h4--section\">36 Ettapen \/ 970 <span class=\"p-normal-case\">Kms<\/span><\/h4>\n      <hr \/>\n      <h2>Etappen der Silber-Route zu Fu\u00df<\/h2>\n    <\/div>\n    <div id=\"stagesContainer\" class=\"container-stages scrollbar-thin\">\n      <div class=\"p-group card-stage\">\n        <a href=\"https:\/\/www.pilgrim.es\/en\/the-silver-route\/stage-1-sevilla-guillena\/\" class=\"hover:p-text-gray-dark\">\n          <div class=\"card-stage__header\">\n            <img decoding=\"async\" src=\"https:\/\/cdn.pilgrim.es\/web\/caminos\/via-de-la-plata\/pueblos\/sevilla.jpg\" alt=\"Sevilla\" class=\"group-hover:p-scale-110\" \/>\n            <div class=\"card-overlay group-hover:p-opacity-50\"><\/div>\n            <div class=\"number-stage\">\n              <span>1<\/span>\n            <\/div>\n          <\/div>\n\n          <div class=\"card-stage__body\">\n            <div class=\"title-stage\">\n              <h3 class=\"title-stage__start\">Sevilla<\/h3>\n              <h3><span>&#10095;<\/span> Guillena<\/h3>\n              <div class=\"title-stage__tips\">\n                <h3>Etappe 1 :<\/h3>\n                <div><i class=\"icon-location\"><\/i> 21,6Km<\/div>\n                <div><i class=\"icon-clock\"><\/i> 5Std.<\/div>\n                <div><i class=\"icon-difficulty\"><\/i> 2\/5<\/div>\n              <\/div>\n            <\/div>\n            <button class=\"btn-arrow\">\n              <i class=\"icon-arrow\"><\/i>\n            <\/button>\n          <\/div>\n        <\/a>\n      <\/div>\n      <div class=\"p-group card-stage\">\n        <a href=\"https:\/\/www.pilgrim.es\/en\/the-silver-route\/stage-2-guillena-castiblanco-de-los-arroyos\/\" class=\"hover:p-text-gray-dark\">\n          <div class=\"card-stage__header\">\n            <img decoding=\"async\" src=\"https:\/\/cdn.pilgrim.es\/web\/caminos\/via-de-la-plata\/pueblos\/guillena.jpg\" alt=\"Guillena\" class=\"group-hover:p-scale-110\" \/>\n            <div class=\"card-overlay group-hover:p-opacity-50\"><\/div>\n            <div class=\"number-stage\">\n              <span>2<\/span>\n            <\/div>\n          <\/div>\n          <div class=\"card-stage__body\">\n            <div class=\"title-stage\">\n              <h3 class=\"title-stage__start\">Guillena<\/h3>\n              <h3><span>&#10095;<\/span> Castiblanco de los Arroyos<\/h3>\n              <div class=\"title-stage__tips\">\n                <h3>Etappe 2 :<\/h3>\n                <div><i class=\"icon-location\"><\/i> 18,3Km<\/div>\n                <div><i class=\"icon-clock\"><\/i> 4Std.<\/div>\n                <div><i class=\"icon-difficulty\"><\/i> 2\/5<\/div>\n              <\/div>\n            <\/div>\n            <button class=\"btn-arrow\">\n              <i class=\"icon-arrow\"><\/i>\n            <\/button>\n          <\/div>\n        <\/a>\n      <\/div>\n      <div class=\"p-group card-stage\">\n        <a href=\"https:\/\/www.pilgrim.es\/en\/the-silver-route\/stage-3-castiblanco-de-los-arroyos-almaden-de-la-plata\/\" class=\"hover:p-text-gray-dark\">\n          <div class=\"card-stage__header\">\n            <img decoding=\"async\" src=\"https:\/\/cdn.pilgrim.es\/web\/caminos\/via-de-la-plata\/pueblos\/almaden-de-la-plata.jpg\" alt=\"Almad\u00e9n de la Plata\" class=\"group-hover:p-scale-110\" \/>\n            <div class=\"card-overlay group-hover:p-opacity-50\"><\/div>\n            <div class=\"number-stage\">\n              <span>3<\/span>\n            <\/div>\n          <\/div>\n          <div class=\"card-stage__body\">\n            <div class=\"title-stage\">\n              <h3 class=\"title-stage__start\">Castiblanco de los Arroyos<\/h3>\n              <h3><span>&#10095;<\/span> Almad\u00e9n de la Plata<\/h3>\n              <div class=\"title-stage__tips\">\n                <h3>Etappe 3 :<\/h3>\n                <div><i class=\"icon-location\"><\/i> 28,8Km<\/div>\n                <div><i class=\"icon-clock\"><\/i> 6,5Std.<\/div>\n                <div><i class=\"icon-difficulty\"><\/i> 3\/5<\/div>\n              <\/div>\n            <\/div>\n            <button class=\"btn-arrow\">\n              <i class=\"icon-arrow\"><\/i>\n            <\/button>\n          <\/div>\n        <\/a>\n      <\/div>\n      <div class=\"p-group card-stage\">\n        <a href=\"https:\/\/www.pilgrim.es\/en\/the-silver-route\/stage-4-almaden-de-la-plata-monesterio\/\" class=\"hover:p-text-gray-dark\">\n          <div class=\"card-stage__header\">\n            <img decoding=\"async\" src=\"https:\/\/cdn.pilgrim.es\/web\/caminos\/via-de-la-plata\/pueblos\/monesterio.jpg\" alt=\"Monesterio\" class=\"group-hover:p-scale-110\" \/>\n            <div class=\"card-overlay group-hover:p-opacity-50\"><\/div>\n            <div class=\"number-stage\">\n              <span>4<\/span>\n            <\/div>\n          <\/div>\n          <div class=\"card-stage__body\">\n            <div class=\"title-stage\">\n              <h3 class=\"title-stage__start\">Almad\u00e9n de la Plata<\/h3>\n              <h3><span>&#10095;<\/span> Monesterio<\/h3>\n              <div class=\"title-stage__tips\">\n                <h3>Etappe 4 :<\/h3>\n                <div><i class=\"icon-location\"><\/i> 33,6Km<\/div>\n                <div><i class=\"icon-clock\"><\/i> 8Std.<\/div>\n                <div><i class=\"icon-difficulty\"><\/i> 4\/5<\/div>\n              <\/div>\n            <\/div>\n            <button class=\"btn-arrow\">\n              <i class=\"icon-arrow\"><\/i>\n            <\/button>\n          <\/div>\n        <\/a>\n      <\/div>\n      <div class=\"p-group card-stage\">\n        <a href=\"https:\/\/www.pilgrim.es\/en\/the-silver-route\/stage-5-monesterio-fuente-de-cantos\/\" class=\"hover:p-text-gray-dark\">\n          <div class=\"card-stage__header\">\n            <img decoding=\"async\" src=\"https:\/\/cdn.pilgrim.es\/web\/caminos\/via-de-la-plata\/pueblos\/fuente-de-cantos.jpg\" alt=\"Fuente de Cantos\" class=\"group-hover:p-scale-110\" \/>\n            <div class=\"card-overlay group-hover:p-opacity-50\"><\/div>\n            <div class=\"number-stage\">\n              <span>5<\/span>\n            <\/div>\n          <\/div>\n          <div class=\"card-stage__body\">\n            <div class=\"title-stage\">\n              <h3 class=\"title-stage__start\">Monesterio<\/h3>\n              <h3><span>&#10095;<\/span> Fuente de Cantos<\/h3>\n              <div class=\"title-stage__tips\">\n                <h3>Etappe 5 :<\/h3>\n                <div><i class=\"icon-location\"><\/i> 20,7Km<\/div>\n                <div><i class=\"icon-clock\"><\/i> 5Std.<\/div>\n                <div><i class=\"icon-difficulty\"><\/i> 2\/5<\/div>\n              <\/div>\n            <\/div>\n            <button class=\"btn-arrow\">\n              <i class=\"icon-arrow\"><\/i>\n            <\/button>\n          <\/div>\n        <\/a>\n      <\/div>\n      <div class=\"p-group card-stage\">\n        <a href=\"https:\/\/www.pilgrim.es\/en\/the-silver-route\/stage-6-fuente-de-cantos-zafra\/\" class=\"hover:p-text-gray-dark\">\n          <div class=\"card-stage__header\">\n            <img decoding=\"async\" src=\"https:\/\/cdn.pilgrim.es\/web\/caminos\/via-de-la-plata\/pueblos\/zafra.jpg\" alt=\"Zafra\" class=\"group-hover:p-scale-110\" \/>\n            <div class=\"card-overlay group-hover:p-opacity-50\"><\/div>\n            <div class=\"number-stage\"><span>6<\/span><\/div>\n          <\/div>\n          <div class=\"card-stage__body\">\n            <div class=\"title-stage\">\n              <h3 class=\"title-stage__start\">Fuente de Cantos<\/h3>\n              <h3><span>&#10095;<\/span> Zafra<\/h3>\n              <div class=\"title-stage__tips\">\n                <h3>Etappe 6 :<\/h3>\n                <div><i class=\"icon-location\"><\/i> 24,2Km<\/div>\n                <div><i class=\"icon-clock\"><\/i> 5,5Std.<\/div>\n                <div><i class=\"icon-difficulty\"><\/i> 2\/5<\/div>\n              <\/div>\n            <\/div>\n            <button class=\"btn-arrow\">\n              <i class=\"icon-arrow\"><\/i>\n            <\/button>\n          <\/div>\n        <\/a>\n      <\/div>\n\n      <div class=\"p-group card-stage\">\n        <a href=\"https:\/\/www.pilgrim.es\/en\/the-silver-route\/stage-6-fuente-de-cantos-zafra\/\" class=\"hover:p-text-gray-dark\">\n          <div class=\"card-stage__header\">\n            <img decoding=\"async\" src=\"https:\/\/cdn.pilgrim.es\/web\/caminos\/via-de-la-plata\/pueblos\/villafranca-de-los-barros.jpg\" alt=\"Villafranca de los Barros\" class=\"group-hover:p-scale-110\" \/>\n            <div class=\"card-overlay group-hover:p-opacity-50\"><\/div>\n            <div class=\"number-stage\"><span>7<\/span><\/div>\n          <\/div>\n          <div class=\"card-stage__body\">\n            <div class=\"title-stage\">\n              <h3 class=\"title-stage__start\">Zafra<\/h3>\n              <h3><span>&#10095;<\/span> Villafranca de los Barros<\/h3>\n              <div class=\"title-stage__tips\">\n                <h3>Etappe 7 :<\/h3>\n                <div><i class=\"icon-location\"><\/i> 19,8Km<\/div>\n                <div><i class=\"icon-clock\"><\/i> 4,5Std.<\/div>\n                <div><i class=\"icon-difficulty\"><\/i> 1\/5<\/div>\n              <\/div>\n            <\/div>\n            <button class=\"btn-arrow\">\n              <i class=\"icon-arrow\"><\/i>\n            <\/button>\n          <\/div>\n        <\/a>\n      <\/div>\n\n      <div class=\"p-group card-stage\">\n        <a href=\"https:\/\/www.pilgrim.es\/en\/the-silver-route\/stage-8-villafranca-de-los-barros-torremejia\/\" class=\"hover:p-text-gray-dark\">\n          <div class=\"card-stage__header\">\n            <img decoding=\"async\" src=\"https:\/\/cdn.pilgrim.es\/web\/caminos\/via-de-la-plata\/pueblos\/torremejia.jpg\" alt=\"Torremej\u00eda\" class=\"group-hover:p-scale-110\" \/>\n            <div class=\"card-overlay group-hover:p-opacity-50\"><\/div>\n            <div class=\"number-stage\"><span>8<\/span><\/div>\n          <\/div>\n          <div class=\"card-stage__body\">\n            <div class=\"title-stage\">\n              <h3 class=\"title-stage__start\">Villafranca de los Barros<\/h3>\n              <h3><span>&#10095;<\/span> Torremej\u00eda<\/h3>\n              <div class=\"title-stage__tips\">\n                <h3>Etappe 8 :<\/h3>\n                <div><i class=\"icon-location\"><\/i> 26,7Km<\/div>\n                <div><i class=\"icon-clock\"><\/i> 6Std.<\/div>\n                <div><i class=\"icon-difficulty\"><\/i> 2\/5<\/div>\n              <\/div>\n            <\/div>\n            <button class=\"btn-arrow\">\n              <i class=\"icon-arrow\"><\/i>\n            <\/button>\n          <\/div>\n        <\/a>\n      <\/div>\n\n      <div class=\"p-group card-stage\">\n        <a href=\"https:\/\/www.pilgrim.es\/en\/the-silver-route\/stage-9-torremejia-merida\/\" class=\"hover:p-text-gray-dark\">\n          <div class=\"card-stage__header\">\n            <img decoding=\"async\" src=\"https:\/\/cdn.pilgrim.es\/web\/caminos\/via-de-la-plata\/pueblos\/merida.jpg\" alt=\"M\u00e9rida\" class=\"group-hover:p-scale-110\" \/>\n            <div class=\"card-overlay group-hover:p-opacity-50\"><\/div>\n            <div class=\"number-stage\"><span>9<\/span><\/div>\n          <\/div>\n          <div class=\"card-stage__body\">\n            <div class=\"title-stage\">\n              <h3 class=\"title-stage__start\">Torremej\u00eda<\/h3>\n              <h3><span>&#10095;<\/span> M\u00e9rida<\/h3>\n              <div class=\"title-stage__tips\">\n                <h3>Etappe 9 :<\/h3>\n                <div><i class=\"icon-location\"><\/i> 15,3Km<\/div>\n                <div><i class=\"icon-clock\"><\/i> 3,5Std.<\/div>\n                <div><i class=\"icon-difficulty\"><\/i> 1\/5<\/div>\n              <\/div>\n            <\/div>\n            <button class=\"btn-arrow\">\n              <i class=\"icon-arrow\"><\/i>\n            <\/button>\n          <\/div>\n        <\/a>\n      <\/div>\n\n      <div class=\"p-group card-stage\">\n        <a href=\"https:\/\/www.pilgrim.es\/en\/the-silver-route\/stage-9-torremejia-merida\/\" class=\"hover:p-text-gray-dark\">\n          <div class=\"card-stage__header\">\n            <img decoding=\"async\" src=\"https:\/\/cdn.pilgrim.es\/web\/caminos\/via-de-la-plata\/pueblos\/alcuescar.jpg\" alt=\"Alcuescar\" class=\"group-hover:p-scale-110\" \/>\n            <div class=\"card-overlay group-hover:p-opacity-50\"><\/div>\n            <div class=\"number-stage\"><span>10<\/span><\/div>\n          <\/div>\n          <div class=\"card-stage__body\">\n            <div class=\"title-stage\">\n              <h3 class=\"title-stage__start\">M\u00e9rida<\/h3>\n              <h3><span>&#10095;<\/span> Alcuescar<\/h3>\n              <div class=\"title-stage__tips\">\n                <h3>Etappe 10 :<\/h3>\n                <div><i class=\"icon-location\"><\/i> 35,9Km<\/div>\n                <div><i class=\"icon-clock\"><\/i> 8,5Std.<\/div>\n                <div><i class=\"icon-difficulty\"><\/i> 4\/5<\/div>\n              <\/div>\n            <\/div>\n            <button class=\"btn-arrow\">\n              <i class=\"icon-arrow\"><\/i>\n            <\/button>\n          <\/div>\n        <\/a>\n      <\/div>\n\n      <div class=\"p-group card-stage\">\n        <a href=\"https:\/\/www.pilgrim.es\/en\/the-silver-route\/stage-11-alcuescar-caceres\/\" class=\"hover:p-text-gray-dark\">\n          <div class=\"card-stage__header\">\n            <img decoding=\"async\" src=\"https:\/\/cdn.pilgrim.es\/web\/caminos\/via-de-la-plata\/pueblos\/caceres.jpg\" alt=\"C\u00e1ceres\" class=\"group-hover:p-scale-110\" \/>\n            <div class=\"card-overlay group-hover:p-opacity-50\"><\/div>\n            <div class=\"number-stage\"><span>11<\/span><\/div>\n          <\/div>\n          <div class=\"card-stage__body\">\n            <div class=\"title-stage\">\n              <h3 class=\"title-stage__start\">Alcuescar<\/h3>\n              <h3><span>&#10095;<\/span> C\u00e1ceres<\/h3>\n              <div class=\"title-stage__tips\">\n                <h3>Etappe 11 :<\/h3>\n                <div><i class=\"icon-location\"><\/i> 37,4Km<\/div>\n                <div><i class=\"icon-clock\"><\/i> 8,5Std.<\/div>\n                <div><i class=\"icon-difficulty\"><\/i> 4\/5<\/div>\n              <\/div>\n            <\/div>\n            <button class=\"btn-arrow\">\n              <i class=\"icon-arrow\"><\/i>\n            <\/button>\n          <\/div>\n        <\/a>\n      <\/div>\n\n      <div class=\"p-group card-stage\">\n        <a href=\"https:\/\/www.pilgrim.es\/en\/the-silver-route\/stage-12-caceres-embalse-de-alcantara\/\" class=\"hover:p-text-gray-dark\">\n          <div class=\"card-stage__header\">\n            <img decoding=\"async\" src=\"https:\/\/cdn.pilgrim.es\/web\/caminos\/via-de-la-plata\/pueblos\/embalse-de-alcantara.jpg\" alt=\"Embalse de Alc\u00e1ntara\" class=\"group-hover:p-scale-110\" \/>\n            <div class=\"card-overlay group-hover:p-opacity-50\"><\/div>\n            <div class=\"number-stage\"><span>12<\/span><\/div>\n          <\/div>\n          <div class=\"card-stage__body\">\n            <div class=\"title-stage\">\n              <h3 class=\"title-stage__start\">C\u00e1ceres<\/h3>\n              <h3><span>&#10095;<\/span> Embalse de Alc\u00e1ntara<\/h3>\n              <div class=\"title-stage__tips\">\n                <h3>Etappe 12 :<\/h3>\n                <div><i class=\"icon-location\"><\/i> 33,8Km<\/div>\n                <div><i class=\"icon-clock\"><\/i> 8Std.<\/div>\n                <div><i class=\"icon-difficulty\"><\/i> 3\/5<\/div>\n              <\/div>\n            <\/div>\n            <button class=\"btn-arrow\">\n              <i class=\"icon-arrow\"><\/i>\n            <\/button>\n          <\/div>\n        <\/a>\n      <\/div>\n\n      <!-- M\u00e1s Etapas -->\n      <div class=\"p-group card-stage\">\n        <a href=\"https:\/\/www.pilgrim.es\/en\/the-silver-route\/stage-12-caceres-embalse-de-alcantara\/\" class=\"hover:p-text-gray-dark\">\n          <div class=\"card-stage__header\">\n            <img decoding=\"async\" src=\"https:\/\/cdn.pilgrim.es\/web\/caminos\/via-de-la-plata\/pueblos\/grimaldo.jpg\" alt=\"Grimaldo\" class=\"group-hover:p-scale-110\" \/>\n            <div class=\"card-overlay group-hover:p-opacity-50\"><\/div>\n            <div class=\"number-stage\"><span>13<\/span><\/div>\n          <\/div>\n          <div class=\"card-stage__body\">\n            <div class=\"title-stage\">\n              <h3 class=\"title-stage__start\">Embalse de Alc\u00e1ntara<\/h3>\n              <h3><span>&#10095;<\/span> Grimaldo<\/h3>\n              <div class=\"title-stage__tips\">\n                <h3>Etappe 13 :<\/h3>\n                <div><i class=\"icon-location\"><\/i> 20Km<\/div>\n                <div><i class=\"icon-clock\"><\/i> 4,5Std.<\/div>\n                <div><i class=\"icon-difficulty\"><\/i> 2\/5<\/div>\n              <\/div>\n            <\/div>\n            <button class=\"btn-arrow\">\n              <i class=\"icon-arrow\"><\/i>\n            <\/button>\n          <\/div>\n        <\/a>\n      <\/div>\n\n      <div class=\"p-group card-stage\">\n        <a href=\"https:\/\/www.pilgrim.es\/en\/the-silver-route\/stage-14-grimaldo-carcaboso\/\" class=\"hover:p-text-gray-dark\">\n          <div class=\"card-stage__header\">\n            <img decoding=\"async\" src=\"https:\/\/cdn.pilgrim.es\/web\/caminos\/via-de-la-plata\/pueblos\/carcaboso.jpg\" alt=\"Carcaboso\" class=\"group-hover:p-scale-110\" \/>\n            <div class=\"card-overlay group-hover:p-opacity-50\"><\/div>\n            <div class=\"number-stage\"><span>14<\/span><\/div>\n          <\/div>\n          <div class=\"card-stage__body\">\n            <div class=\"title-stage\">\n              <h3 class=\"title-stage__start\">Grimaldo<\/h3>\n              <h3><span>&#10095;<\/span> Carcaboso<\/h3>\n              <div class=\"title-stage__tips\">\n                <h3>Etappe 14 :<\/h3>\n                <div><i class=\"icon-location\"><\/i> 30,2Km<\/div>\n                <div><i class=\"icon-clock\"><\/i> 7Std.<\/div>\n                <div><i class=\"icon-difficulty\"><\/i> 3\/5<\/div>\n              <\/div>\n            <\/div>\n            <button class=\"btn-arrow\">\n              <i class=\"icon-arrow\"><\/i>\n            <\/button>\n          <\/div>\n        <\/a>\n      <\/div>\n\n      <div class=\"p-group card-stage\">\n        <a href=\"https:\/\/www.pilgrim.es\/en\/the-silver-route\/stage-15-carcaboso-aldeanueva-del-camino\/\" class=\"hover:p-text-gray-dark\">\n          <div class=\"card-stage__header\">\n            <img decoding=\"async\" src=\"https:\/\/cdn.pilgrim.es\/web\/caminos\/via-de-la-plata\/pueblos\/aldeanueva-del-camino.jpg\" alt=\"Aldeanueva del Camino\" class=\"group-hover:p-scale-110\" \/>\n            <div class=\"card-overlay group-hover:p-opacity-50\"><\/div>\n            <div class=\"number-stage\"><span>15<\/span><\/div>\n          <\/div>\n          <div class=\"card-stage__body\">\n            <div class=\"title-stage\">\n              <h3 class=\"title-stage__start\">Carcaboso<\/h3>\n              <h3><span>&#10095;<\/span> Aldeanueva del Camino<\/h3>\n              <div class=\"title-stage__tips\">\n                <h3>Etappe 15 :<\/h3>\n                <div><i class=\"icon-location\"><\/i> 38,3Km<\/div>\n                <div><i class=\"icon-clock\"><\/i> 9Std.<\/div>\n                <div><i class=\"icon-difficulty\"><\/i> 4\/5<\/div>\n              <\/div>\n            <\/div>\n            <button class=\"btn-arrow\">\n              <i class=\"icon-arrow\"><\/i>\n            <\/button>\n          <\/div>\n        <\/a>\n      <\/div>\n\n      <div class=\"p-group card-stage\">\n        <a href=\"https:\/\/www.pilgrim.es\/en\/the-silver-route\/stage-16-aldeanueva-del-camino-la-calzada-de-bejar\/\" class=\"hover:p-text-gray-dark\">\n          <div class=\"card-stage__header\">\n            <img decoding=\"async\" src=\"https:\/\/cdn.pilgrim.es\/web\/caminos\/via-de-la-plata\/pueblos\/la-calzada-de-bejar.jpg\" alt=\"La Calzada de B\u00e9jar\" class=\"group-hover:p-scale-110\" \/>\n            <div class=\"card-overlay group-hover:p-opacity-50\"><\/div>\n            <div class=\"number-stage\"><span>16<\/span><\/div>\n          <\/div>\n          <div class=\"card-stage__body\">\n            <div class=\"title-stage\">\n              <h3 class=\"title-stage__start\">Aldeanueva del Camino<\/h3>\n              <h3><span>&#10095;<\/span> La Calzada de B\u00e9jar<\/h3>\n              <div class=\"title-stage__tips\">\n                <h3>Etappe 16 :<\/h3>\n                <div><i class=\"icon-location\"><\/i> 21,8Km<\/div>\n                <div><i class=\"icon-clock\"><\/i> 5Std.<\/div>\n                <div><i class=\"icon-difficulty\"><\/i> 3\/5<\/div>\n              <\/div>\n            <\/div>\n            <button class=\"btn-arrow\">\n              <i class=\"icon-arrow\"><\/i>\n            <\/button>\n          <\/div>\n        <\/a>\n      <\/div>\n\n      <div class=\"p-group card-stage\">\n        <a href=\"https:\/\/www.pilgrim.es\/en\/the-silver-route\/stage-17-la-calzada-de-bejar-fuenterroble-de-salvatierra\/\" class=\"hover:p-text-gray-dark\">\n          <div class=\"card-stage__header\">\n            <img decoding=\"async\" src=\"https:\/\/cdn.pilgrim.es\/web\/caminos\/via-de-la-plata\/pueblos\/fuenterroble-de-salvatierra.jpg\" alt=\"Fuenterroble de Salvatierra\" class=\"group-hover:p-scale-110\" \/>\n            <div class=\"card-overlay group-hover:p-opacity-50\"><\/div>\n            <div class=\"number-stage\"><span>17<\/span><\/div>\n          <\/div>\n          <div class=\"card-stage__body\">\n            <div class=\"title-stage\">\n              <h3 class=\"title-stage__start\">La Calzada de B\u00e9jar<\/h3>\n              <h3><span>&#10095;<\/span> Fuenterroble de Salvatierra<\/h3>\n              <div class=\"title-stage__tips\">\n                <h3>Etappe 17 :<\/h3>\n                <div><i class=\"icon-location\"><\/i> 20,2Km<\/div>\n                <div><i class=\"icon-clock\"><\/i> 4,5Std.<\/div>\n                <div><i class=\"icon-difficulty\"><\/i> 2\/5<\/div>\n              <\/div>\n            <\/div>\n            <button class=\"btn-arrow\">\n              <i class=\"icon-arrow\"><\/i>\n            <\/button>\n          <\/div>\n        <\/a>\n      <\/div>\n\n      <div class=\"p-group card-stage\">\n        <a href=\"https:\/\/www.pilgrim.es\/en\/the-silver-route\/stage-18-fuenterroble-de-salvatierra-san-pedro-de-rozados\/\" class=\"hover:p-text-gray-dark\">\n          <div class=\"card-stage__header\">\n            <img decoding=\"async\" src=\"https:\/\/cdn.pilgrim.es\/web\/caminos\/via-de-la-plata\/pueblos\/san-pedro-de-rozados.jpg\" alt=\"San Pedro de Rozados\" class=\"group-hover:p-scale-110\" \/>\n            <div class=\"card-overlay group-hover:p-opacity-50\"><\/div>\n            <div class=\"number-stage\"><span>18<\/span><\/div>\n          <\/div>\n          <div class=\"card-stage__body\">\n            <div class=\"title-stage\">\n              <h3 class=\"title-stage__start\">Fuenterroble de Salvatierra<\/h3>\n              <h3><span>&#10095;<\/span> San Pedro de Rozados<\/h3>\n              <div class=\"title-stage__tips\">\n                <h3>Etappe 18 :<\/h3>\n                <div><i class=\"icon-location\"><\/i> 27,9Km<\/div>\n                <div><i class=\"icon-clock\"><\/i> 6,5Std.<\/div>\n                <div><i class=\"icon-difficulty\"><\/i> 3\/5<\/div>\n              <\/div>\n            <\/div>\n            <button class=\"btn-arrow\">\n              <i class=\"icon-arrow\"><\/i>\n            <\/button>\n          <\/div>\n        <\/a>\n      <\/div>\n\n      <div class=\"p-group card-stage\">\n        <a href=\"https:\/\/www.pilgrim.es\/en\/the-silver-route\/stage-19-san-pedro-de-rozados-salamanca\/\" class=\"hover:p-text-gray-dark\">\n          <div class=\"card-stage__header\">\n            <img decoding=\"async\" src=\"https:\/\/cdn.pilgrim.es\/web\/caminos\/via-de-la-plata\/pueblos\/salamanca.jpg\" alt=\"Salamanca\" class=\"group-hover:p-scale-110\" \/>\n            <div class=\"card-overlay group-hover:p-opacity-50\"><\/div>\n            <div class=\"number-stage\"><span>19<\/span><\/div>\n          <\/div>\n          <div class=\"card-stage__body\">\n            <div class=\"title-stage\">\n              <h3 class=\"title-stage__start\">San Pedro de Rozados<\/h3>\n              <h3><span>&#10095;<\/span> Salamanca<\/h3>\n              <div class=\"title-stage__tips\">\n                <h3>Etappe 19 :<\/h3>\n                <div><i class=\"icon-location\"><\/i> 23,6Km<\/div>\n                <div><i class=\"icon-clock\"><\/i> 5,5Std.<\/div>\n                <div><i class=\"icon-difficulty\"><\/i> 2\/5<\/div>\n              <\/div>\n            <\/div>\n            <button class=\"btn-arrow\">\n              <i class=\"icon-arrow\"><\/i>\n            <\/button>\n          <\/div>\n        <\/a>\n      <\/div>\n\n      <div class=\"p-group card-stage\">\n        <a href=\"https:\/\/www.pilgrim.es\/en\/the-silver-route\/stage-20-salamanca-el-cubo-de-la-tierra-del-vino\/\" class=\"hover:p-text-gray-dark\">\n          <div class=\"card-stage__header\">\n            <img decoding=\"async\" src=\"https:\/\/cdn.pilgrim.es\/web\/caminos\/via-de-la-plata\/pueblos\/el-cubo-de-la-tierra-del-vino.jpg\" alt=\"El cubo de la Tierra del Vino\" class=\"group-hover:p-scale-110\" \/>\n            <div class=\"card-overlay group-hover:p-opacity-50\"><\/div>\n            <div class=\"number-stage\"><span>20<\/span><\/div>\n          <\/div>\n          <div class=\"card-stage__body\">\n            <div class=\"title-stage\">\n              <h3 class=\"title-stage__start\">Salamanca<\/h3>\n              <h3><span>&#10095;<\/span> El cubo de la Tierra del Vino<\/h3>\n              <div class=\"title-stage__tips\">\n                <h3>Etappe 20 :<\/h3>\n                <div><i class=\"icon-location\"><\/i> 36,4Km<\/div>\n                <div><i class=\"icon-clock\"><\/i> 8,5Std.<\/div>\n                <div><i class=\"icon-difficulty\"><\/i> 4\/5<\/div>\n              <\/div>\n            <\/div>\n            <button class=\"btn-arrow\">\n              <i class=\"icon-arrow\"><\/i>\n            <\/button>\n          <\/div>\n        <\/a>\n      <\/div>\n\n      <div class=\"p-group card-stage\">\n        <a href=\"https:\/\/www.pilgrim.es\/en\/the-silver-route\/stage-21-el-cubo-de-la-tierra-del-vino-zamora\/\" class=\"hover:p-text-gray-dark\">\n          <div class=\"card-stage__header\">\n            <img decoding=\"async\" src=\"https:\/\/cdn.pilgrim.es\/web\/caminos\/via-de-la-plata\/pueblos\/zamora.jpg\" alt=\"Zamora\" class=\"group-hover:p-scale-110\" \/>\n            <div class=\"card-overlay group-hover:p-opacity-50\"><\/div>\n            <div class=\"number-stage\"><span>21<\/span><\/div>\n          <\/div>\n          <div class=\"card-stage__body\">\n            <div class=\"title-stage\">\n              <h3 class=\"title-stage__start\">El Cubo de la Tierra del Vino<\/h3>\n              <h3><span>&#10095;<\/span> Zamora<\/h3>\n              <div class=\"title-stage__tips\">\n                <h3>Etappe 21 :<\/h3>\n                <div><i class=\"icon-location\"><\/i> 31,6Km<\/div>\n                <div><i class=\"icon-clock\"><\/i> 7,5Std.<\/div>\n                <div><i class=\"icon-difficulty\"><\/i> 3\/5<\/div>\n              <\/div>\n            <\/div>\n            <button class=\"btn-arrow\">\n              <i class=\"icon-arrow\"><\/i>\n            <\/button>\n          <\/div>\n        <\/a>\n      <\/div>\n\n      <div class=\"p-group card-stage\">\n        <a href=\"https:\/\/www.pilgrim.es\/en\/the-silver-route\/stage-22-zamora-montamarta\/\" class=\"hover:p-text-gray-dark\">\n          <div class=\"card-stage__header\">\n            <img decoding=\"async\" src=\"https:\/\/cdn.pilgrim.es\/web\/caminos\/via-de-la-plata\/pueblos\/montamarta.jpg\" alt=\"Montamarta\" class=\"group-hover:p-scale-110\" \/>\n            <div class=\"card-overlay group-hover:p-opacity-50\"><\/div>\n            <div class=\"number-stage\"><span>22<\/span><\/div>\n          <\/div>\n          <div class=\"card-stage__body\">\n            <div class=\"title-stage\">\n              <h3 class=\"title-stage__start\">Zamora<\/h3>\n              <h3><span>&#10095;<\/span> Montamarta<\/h3>\n              <div class=\"title-stage__tips\">\n                <h3>Etappe 22 :<\/h3>\n                <div><i class=\"icon-location\"><\/i> 19,2Km<\/div>\n                <div><i class=\"icon-clock\"><\/i> 4,5Std.<\/div>\n                <div><i class=\"icon-difficulty\"><\/i> 1\/5<\/div>\n              <\/div>\n            <\/div>\n            <button class=\"btn-arrow\">\n              <i class=\"icon-arrow\"><\/i>\n            <\/button>\n          <\/div>\n        <\/a>\n      <\/div>\n\n      <div class=\"p-group card-stage\">\n        <a href=\"https:\/\/www.pilgrim.es\/en\/the-silver-route\/stage-23-montamarta-granja-de-moreruela\/\" class=\"hover:p-text-gray-dark\">\n          <div class=\"card-stage__header\">\n            <img decoding=\"async\" src=\"https:\/\/cdn.pilgrim.es\/web\/caminos\/via-de-la-plata\/pueblos\/granja-de-moreruela.jpg\" alt=\"Granja de la Moreruela\" class=\"group-hover:p-scale-110\" \/>\n            <div class=\"card-overlay group-hover:p-opacity-50\"><\/div>\n            <div class=\"number-stage\"><span>23<\/span><\/div>\n          <\/div>\n          <div class=\"card-stage__body\">\n            <div class=\"title-stage\">\n              <h3 class=\"title-stage__start\">Montamarta<\/h3>\n              <h3><span>&#10095;<\/span> Granja de la Moreruela<\/h3>\n              <div class=\"title-stage__tips\">\n                <h3>Etappe 23 :<\/h3>\n                <div><i class=\"icon-location\"><\/i> 22,6Km<\/div>\n                <div><i class=\"icon-clock\"><\/i> 5Std.<\/div>\n                <div><i class=\"icon-difficulty\"><\/i> 2\/5<\/div>\n              <\/div>\n            <\/div>\n            <button class=\"btn-arrow\">\n              <i class=\"icon-arrow\"><\/i>\n            <\/button>\n          <\/div>\n        <\/a>\n      <\/div>\n\n      <div class=\"different-ways-stages\">\n        <h2 class=\"p-my-8\">zwei Alternativen, um fortzufahren:<\/h2>\n        <nav class=\"nav-tab-info nav-tab-info--2-cols\">\n          <button id=\"infoTab\" data-target=\"sanabresWay\" class=\"nav-different-ways-info active\">\n            Sanabr\u00e9s Weg\n          <\/button>\n          <button id=\"profileTab\" data-target=\"frenchWay\" class=\"nav-different-ways-info\">\n            Franz\u00f6sischen Weg\n          <\/button>\n        <\/nav>\n        <div id=\"sanabresWay\" class=\"container-stages way-section-info\">\n          <div class=\"p-group card-stage\">\n            <a href=\"https:\/\/www.pilgrim.es\/camino-sanabres\/etapa-1-granja-de-moreruela-tabara\/\" class=\"hover:p-text-gray-dark\">\n              <div class=\"card-stage__header\">\n                <img decoding=\"async\" src=\"https:\/\/cdn.pilgrim.es\/web\/caminos\/camino-sanabres\/pueblos\/granja-de-la-moreruela.jpg\" alt=\"Granja de la Moreruela\" class=\"group-hover:p-scale-110\" \/>\n                <div class=\"card-overlay group-hover:p-opacity-50\"><\/div>\n                <div class=\"number-stage\"><span>24<\/span><\/div>\n              <\/div>\n              <div class=\"card-stage__body\">\n                <div class=\"title-stage\">\n                  <h3 class=\"title-stage__start\">Granja de la Moreruela<\/h3>\n                  <h3><span>&#10095;<\/span> T\u00e1bara<\/h3>\n                  <div class=\"title-stage__tips\">\n                    <h3>Etappe 24 :<\/h3>\n                    <div><i class=\"icon-location\"><\/i> 25,1Km<\/div>\n                    <div><i class=\"icon-clock\"><\/i> 5,5Std.<\/div>\n                    <div><i class=\"icon-difficulty\"><\/i> 2\/5<\/div>\n                  <\/div>\n                <\/div>\n                <button class=\"btn-arrow\">\n                  <i class=\"icon-arrow\"><\/i>\n                <\/button>\n              <\/div>\n            <\/a>\n          <\/div>\n\n          <div class=\"p-group card-stage\">\n            <a href=\"https:\/\/www.pilgrim.es\/camino-sanabres\/etapa-2-tabara-santa-marta-de-tera\/\" class=\"hover:p-text-gray-dark\">\n              <div class=\"card-stage__header\">\n                <img decoding=\"async\" src=\"https:\/\/cdn.pilgrim.es\/web\/caminos\/camino-sanabres\/pueblos\/tabara.jpg\" alt=\"T\u00e1bara\" class=\"group-hover:p-scale-110\" \/>\n                <div class=\"card-overlay group-hover:p-opacity-50\"><\/div>\n                <div class=\"number-stage\"><span>25<\/span><\/div>\n              <\/div>\n              <div class=\"card-stage__body\">\n                <div class=\"title-stage\">\n                  <h3 class=\"title-stage__start\">T\u00e1bara<\/h3>\n                  <h3><span>&#10095;<\/span> Santa Marta de Tera<\/h3>\n                  <div class=\"title-stage__tips\">\n                    <h3>Etappe 25 :<\/h3>\n                    <div><i class=\"icon-location\"><\/i> 22,9Km<\/div>\n                    <div><i class=\"icon-clock\"><\/i> 5Std.<\/div>\n                    <div><i class=\"icon-difficulty\"><\/i> 2\/5<\/div>\n                  <\/div>\n                <\/div>\n                <button class=\"btn-arrow\">\n                  <i class=\"icon-arrow\"><\/i>\n                <\/button>\n              <\/div>\n            <\/a>\n          <\/div>\n\n          <div class=\"p-group card-stage\">\n            <a href=\"https:\/\/www.pilgrim.es\/camino-sanabres\/etapa-3-santa-marta-de-tera-mombuey\/\" class=\"hover:p-text-gray-dark\">\n              <div class=\"card-stage__header\">\n                <img decoding=\"async\" src=\"https:\/\/cdn.pilgrim.es\/web\/caminos\/camino-sanabres\/pueblos\/mombuey.jpg\" alt=\"Mombuey\" class=\"group-hover:p-scale-110\" \/>\n                <div class=\"card-overlay group-hover:p-opacity-50\"><\/div>\n                <div class=\"number-stage\"><span>26<\/span><\/div>\n              <\/div>\n              <div class=\"card-stage__body\">\n                <div class=\"title-stage\">\n                  <h3 class=\"title-stage__start\">Santa Marta de Tera<\/h3>\n                  <h3><span>&#10095;<\/span> Mombuey<\/h3>\n                  <div class=\"title-stage__tips\">\n                    <h3>Etappe 26 :<\/h3>\n                    <div><i class=\"icon-location\"><\/i> 36,1Km<\/div>\n                    <div><i class=\"icon-clock\"><\/i> 8,5Std.<\/div>\n                    <div><i class=\"icon-difficulty\"><\/i> 4\/5<\/div>\n                  <\/div>\n                <\/div>\n                <button class=\"btn-arrow\">\n                  <i class=\"icon-arrow\"><\/i>\n                <\/button>\n              <\/div>\n            <\/a>\n          <\/div>\n\n          <div class=\"p-group card-stage\">\n            <a href=\"https:\/\/www.pilgrim.es\/camino-sanabres\/etapa-4-mombuey-puebla-de-sanabria\/\" class=\"hover:p-text-gray-dark\">\n              <div class=\"card-stage__header\">\n                <img decoding=\"async\" src=\"https:\/\/cdn.pilgrim.es\/web\/caminos\/camino-sanabres\/pueblos\/puebla-de-sanabria.jpg\" alt=\"Puebla de Sanabria\" class=\"group-hover:p-scale-110\" \/>\n                <div class=\"card-overlay group-hover:p-opacity-50\"><\/div>\n                <div class=\"number-stage\"><span>27<\/span><\/div>\n              <\/div>\n              <div class=\"card-stage__body\">\n                <div class=\"title-stage\">\n                  <h3 class=\"title-stage__start\">Mombuey<\/h3>\n                  <h3><span>&#10095;<\/span> Puebla de Sanabria<\/h3>\n                  <div class=\"title-stage__tips\">\n                    <h3>Etappe 27 :<\/h3>\n                    <div><i class=\"icon-location\"><\/i> 31,7Km<\/div>\n                    <div><i class=\"icon-clock\"><\/i> 7,5Std.<\/div>\n                    <div><i class=\"icon-difficulty\"><\/i> 3\/5<\/div>\n                  <\/div>\n                <\/div>\n                <button class=\"btn-arrow\">\n                  <i class=\"icon-arrow\"><\/i>\n                <\/button>\n              <\/div>\n            <\/a>\n          <\/div>\n\n          <div class=\"p-group card-stage\">\n            <a href=\"https:\/\/www.pilgrim.es\/camino-sanabres\/etapa-5-puebla-de-sanabria-lubian\/\" class=\"hover:p-text-gray-dark\">\n              <div class=\"card-stage__header\">\n                <img decoding=\"async\" src=\"https:\/\/cdn.pilgrim.es\/web\/caminos\/camino-sanabres\/pueblos\/lubian.jpg\" alt=\"Lubi\u00e1n\" class=\"group-hover:p-scale-110\" \/>\n                <div class=\"card-overlay group-hover:p-opacity-50\"><\/div>\n                <div class=\"number-stage\"><span>28<\/span><\/div>\n              <\/div>\n              <div class=\"card-stage__body\">\n                <div class=\"title-stage\">\n                  <h3 class=\"title-stage__start\">Puebla de Sanabria<\/h3>\n                  <h3><span>&#10095;<\/span> Lubi\u00e1n<\/h3>\n                  <div class=\"title-stage__tips\">\n                    <h3>Etappe 28 :<\/h3>\n                    <div><i class=\"icon-location\"><\/i> 29,6Km<\/div>\n                    <div><i class=\"icon-clock\"><\/i> 7Std.<\/div>\n                    <div><i class=\"icon-difficulty\"><\/i> 4\/5<\/div>\n                  <\/div>\n                <\/div>\n                <button class=\"btn-arrow\">\n                  <i class=\"icon-arrow\"><\/i>\n                <\/button>\n              <\/div>\n            <\/a>\n          <\/div>\n\n          <div class=\"p-group card-stage\">\n            <a href=\"https:\/\/www.pilgrim.es\/camino-sanabres\/etapa-6-lubian-a-gudina\/\" class=\"hover:p-text-gray-dark\">\n              <div class=\"card-stage__header\">\n                <img decoding=\"async\" src=\"https:\/\/cdn.pilgrim.es\/web\/caminos\/camino-sanabres\/pueblos\/a-gudina.jpg\" alt=\"A Gudi\u00f1a\" class=\"group-hover:p-scale-110\" \/>\n                <div class=\"card-overlay group-hover:p-opacity-50\"><\/div>\n                <div class=\"number-stage\"><span>29<\/span><\/div>\n              <\/div>\n              <div class=\"card-stage__body\">\n                <div class=\"title-stage\">\n                  <h3 class=\"title-stage__start\">Lubi\u00e1n<\/h3>\n                  <h3><span>&#10095;<\/span> A Gudi\u00f1a<\/h3>\n                  <div class=\"title-stage__tips\">\n                    <h3>Etappe 29 :<\/h3>\n                    <div><i class=\"icon-location\"><\/i> 23,7Km<\/div>\n                    <div><i class=\"icon-clock\"><\/i> 5,5Std.<\/div>\n                    <div><i class=\"icon-difficulty\"><\/i> 3\/5<\/div>\n                  <\/div>\n                <\/div>\n                <button class=\"btn-arrow\">\n                  <i class=\"icon-arrow\"><\/i>\n                <\/button>\n              <\/div>\n            <\/a>\n          <\/div>\n\n          <div class=\"p-group card-stage\">\n            <a href=\"https:\/\/www.pilgrim.es\/camino-sanabres\/etapa-7-a-gudina-laza\/\" class=\"hover:p-text-gray-dark\">\n              <div class=\"card-stage__header\">\n                <img decoding=\"async\" src=\"https:\/\/cdn.pilgrim.es\/web\/caminos\/camino-sanabres\/pueblos\/laza.jpg\" alt=\"Laza\" class=\"group-hover:p-scale-110\" \/>\n                <div class=\"card-overlay group-hover:p-opacity-50\"><\/div>\n                <div class=\"number-stage\"><span>30<\/span><\/div>\n              <\/div>\n              <div class=\"card-stage__body\">\n                <div class=\"title-stage\">\n                  <h3 class=\"title-stage__start\">A Gudi\u00f1a<\/h3>\n                  <h3><span>&#10095;<\/span> Laza<\/h3>\n                  <div class=\"title-stage__tips\">\n                    <h3>Etappe 30 :<\/h3>\n                    <div><i class=\"icon-location\"><\/i> 34Km<\/div>\n                    <div><i class=\"icon-clock\"><\/i> 8Std.<\/div>\n                    <div><i class=\"icon-difficulty\"><\/i> 4\/5<\/div>\n                  <\/div>\n                <\/div>\n                <button class=\"btn-arrow\">\n                  <i class=\"icon-arrow\"><\/i>\n                <\/button>\n              <\/div>\n            <\/a>\n          <\/div>\n\n          <div class=\"p-group card-stage\">\n            <a href=\"https:\/\/www.pilgrim.es\/camino-sanabres\/etapa-8-laza-xunqueira-de-ambia\/\" class=\"hover:p-text-gray-dark\">\n              <div class=\"card-stage__header\">\n                <img decoding=\"async\" src=\"https:\/\/cdn.pilgrim.es\/web\/caminos\/camino-sanabres\/pueblos\/xunqueira-de-ambia.jpg\" alt=\"Xunqueira de Amb\u00eda\" class=\"group-hover:p-scale-110\" \/>\n                <div class=\"card-overlay group-hover:p-opacity-50\"><\/div>\n                <div class=\"number-stage\"><span>31<\/span><\/div>\n              <\/div>\n              <div class=\"card-stage__body\">\n                <div class=\"title-stage\">\n                  <h3 class=\"title-stage__start\">Laza<\/h3>\n                  <h3><span>&#10095;<\/span> Xunqueira de Amb\u00eda<\/h3>\n                  <div class=\"title-stage__tips\">\n                    <h3>Etappe 31 :<\/h3>\n                    <div><i class=\"icon-location\"><\/i> 33Km<\/div>\n                    <div><i class=\"icon-clock\"><\/i> 7,5Std.<\/div>\n                    <div><i class=\"icon-difficulty\"><\/i> 4\/5<\/div>\n                  <\/div>\n                <\/div>\n                <button class=\"btn-arrow\">\n                  <i class=\"icon-arrow\"><\/i>\n                <\/button>\n              <\/div>\n            <\/a>\n          <\/div>\n\n          <div class=\"p-group card-stage\">\n            <a href=\"https:\/\/www.pilgrim.es\/camino-sanabres\/etapa-9-xunqueira-de-ambia-ourense\/\" class=\"hover:p-text-gray-dark\">\n              <div class=\"card-stage__header\">\n                <img decoding=\"async\" src=\"https:\/\/cdn.pilgrim.es\/web\/caminos\/camino-sanabres\/pueblos\/ourense.jpg\" alt=\"Ourense\" class=\"group-hover:p-scale-110\" \/>\n                <div class=\"card-overlay group-hover:p-opacity-50\"><\/div>\n                <div class=\"number-stage\"><span>32<\/span><\/div>\n              <\/div>\n              <div class=\"card-stage__body\">\n                <div class=\"title-stage\">\n                  <h3 class=\"title-stage__start\">Xunqueira de Amb\u00eda<\/h3>\n                  <h3><span>&#10095;<\/span> Ourense<\/h3>\n                  <div class=\"title-stage__tips\">\n                    <h3>Etappe 32 :<\/h3>\n                    <div><i class=\"icon-location\"><\/i> 21,8Km<\/div>\n                    <div><i class=\"icon-clock\"><\/i> 5Std.<\/div>\n                    <div><i class=\"icon-difficulty\"><\/i> 1\/5<\/div>\n                  <\/div>\n                <\/div>\n                <button class=\"btn-arrow\">\n                  <i class=\"icon-arrow\"><\/i>\n                <\/button>\n              <\/div>\n            <\/a>\n          <\/div>\n\n          <div class=\"p-group card-stage\">\n            <a href=\"https:\/\/www.pilgrim.es\/camino-sanabres\/etapa-10-ourense-cea\/\" class=\"hover:p-text-gray-dark\">\n              <div class=\"card-stage__header\">\n                <img decoding=\"async\" src=\"https:\/\/cdn.pilgrim.es\/web\/caminos\/camino-sanabres\/pueblos\/cea.jpg\" alt=\"Cea\" class=\"group-hover:p-scale-110\" \/>\n                <div class=\"card-overlay group-hover:p-opacity-50\"><\/div>\n                <div class=\"number-stage\"><span>33<\/span><\/div>\n              <\/div>\n              <div class=\"card-stage__body\">\n                <div class=\"title-stage\">\n                  <h3 class=\"title-stage__start\">Ourense<\/h3>\n                  <h3><span>&#10095;<\/span> Cea<\/h3>\n                  <div class=\"title-stage__tips\">\n                    <h3>Etappe 33 :<\/h3>\n                    <div><i class=\"icon-location\"><\/i> 22,3Km<\/div>\n                    <div><i class=\"icon-clock\"><\/i> 5Std.<\/div>\n                    <div><i class=\"icon-difficulty\"><\/i> 3\/5<\/div>\n                  <\/div>\n                <\/div>\n                <button class=\"btn-arrow\">\n                  <i class=\"icon-arrow\"><\/i>\n                <\/button>\n              <\/div>\n            <\/a>\n          <\/div>\n\n          <div class=\"p-group card-stage\">\n            <a href=\"https:\/\/www.pilgrim.es\/camino-sanabres\/etapa-11-cea-a-laxe\/\" class=\"hover:p-text-gray-dark\">\n              <div class=\"card-stage__header\">\n                <img decoding=\"async\" src=\"https:\/\/cdn.pilgrim.es\/web\/caminos\/camino-invierno\/pueblos\/a-laxe.jpg\" alt=\"A Laxe\" class=\"group-hover:p-scale-110\" \/>\n                <div class=\"card-overlay group-hover:p-opacity-50\"><\/div>\n                <div class=\"number-stage\"><span>34<\/span><\/div>\n              <\/div>\n              <div class=\"card-stage__body\">\n                <div class=\"title-stage\">\n                  <h3 class=\"title-stage__start\">Cea<\/h3>\n                  <h3><span>&#10095;<\/span> A Laxe<\/h3>\n                  <div class=\"title-stage__tips\">\n                    <h3>Etappe 34 :<\/h3>\n                    <div><i class=\"icon-location\"><\/i> 33,8Km<\/div>\n                    <div><i class=\"icon-clock\"><\/i> 8Std.<\/div>\n                    <div><i class=\"icon-difficulty\"><\/i> 3\/5<\/div>\n                  <\/div>\n                <\/div>\n                <button class=\"btn-arrow\">\n                  <i class=\"icon-arrow\"><\/i>\n                <\/button>\n              <\/div>\n            <\/a>\n          <\/div>\n\n          <div class=\"p-group card-stage\">\n            <a href=\"https:\/\/www.pilgrim.es\/camino-sanabres\/etapa-12-a-laxe-outeiro\/\" class=\"hover:p-text-gray-dark\">\n              <div class=\"card-stage__header\">\n                <img decoding=\"async\" src=\"https:\/\/cdn.pilgrim.es\/web\/caminos\/camino-invierno\/pueblos\/outeiro.jpg\" alt=\"Outeiro\" class=\"group-hover:p-scale-110\" \/>\n                <div class=\"card-overlay group-hover:p-opacity-50\"><\/div>\n                <div class=\"number-stage\"><span>35<\/span><\/div>\n              <\/div>\n              <div class=\"card-stage__body\">\n                <div class=\"title-stage\">\n                  <h3 class=\"title-stage__start\">A Laxe<\/h3>\n                  <h3><span>&#10095;<\/span> Outeiro<\/h3>\n                  <div class=\"title-stage__tips\">\n                    <h3>Etappe 35 :<\/h3>\n                    <div><i class=\"icon-location\"><\/i> 33,1Km<\/div>\n                    <div><i class=\"icon-clock\"><\/i> 7,5Std.<\/div>\n                    <div><i class=\"icon-difficulty\"><\/i> 2\/5<\/div>\n                  <\/div>\n                <\/div>\n                <button class=\"btn-arrow\">\n                  <i class=\"icon-arrow\"><\/i>\n                <\/button>\n              <\/div>\n            <\/a>\n          <\/div>\n\n          <div class=\"p-group card-stage\">\n            <a href=\"https:\/\/www.pilgrim.es\/camino-sanabres\/etapa-13-outeiro-santiago-de-compostela\/\" class=\"hover:p-text-gray-dark\">\n              <div class=\"card-stage__header\">\n                <img decoding=\"async\" src=\"https:\/\/cdn.pilgrim.es\/web\/caminos\/camino-frances\/pueblos\/santiago-de-compostela\/santiago-de-compostela.jpg\" alt=\"Santiago de Compostela\" class=\"group-hover:p-scale-110\" \/>\n                <div class=\"card-overlay group-hover:p-opacity-50\"><\/div>\n                <div class=\"number-stage\"><span>36<\/span><\/div>\n              <\/div>\n              <div class=\"card-stage__body\">\n                <div class=\"title-stage\">\n                  <h3 class=\"title-stage__start\">Outeiro<\/h3>\n                  <h3><span>&#10095;<\/span> Santiago de Compostela<\/h3>\n                  <div class=\"title-stage__tips\">\n                    <h3>Etappe 36 :<\/h3>\n                    <div><i class=\"icon-location\"><\/i> 16,7Km<\/div>\n                    <div><i class=\"icon-clock\"><\/i> 4Std.<\/div>\n                    <div><i class=\"icon-difficulty\"><\/i> 1\/5<\/div>\n                  <\/div>\n                <\/div>\n                <button class=\"btn-arrow\">\n                  <i class=\"icon-arrow\"><\/i>\n                <\/button>\n              <\/div>\n            <\/a>\n          <\/div>\n        <\/div>\n        <div id=\"frenchWay\" class=\"p-hidden container-stages-hidden way-section-info\">\n          <div class=\"p-group card-stage\">\n            <a href=\"https:\/\/www.pilgrim.es\/en\/the-silver-route\/stage-24-granja-de-moreruela-benavente\/\" class=\"hover:p-text-gray-dark\">\n              <div class=\"card-stage__header\">\n                <img decoding=\"async\" src=\"https:\/\/cdn.pilgrim.es\/web\/caminos\/via-de-la-plata\/pueblos\/benavente.jpg\" alt=\"Benavente\" class=\"group-hover:p-scale-110\" \/>\n                <div class=\"card-overlay group-hover:p-opacity-50\"><\/div>\n                <div class=\"number-stage\"><span>24<\/span><\/div>\n              <\/div>\n              <div class=\"card-stage__body\">\n                <div class=\"title-stage\">\n                  <h3 class=\"title-stage__start\">Granja de la Moreruela<\/h3>\n                  <h3><span>&#10095;<\/span> Benavente<\/h3>\n                  <div class=\"title-stage__tips\">\n                    <h3>Etappe 24 :<\/h3>\n                    <div><i class=\"icon-location\"><\/i> 26,6Km<\/div>\n                    <div><i class=\"icon-clock\"><\/i> 6Std.<\/div>\n                    <div><i class=\"icon-difficulty\"><\/i> 2\/5<\/div>\n                  <\/div>\n                <\/div>\n                <button class=\"btn-arrow\">\n                  <i class=\"icon-arrow\"><\/i>\n                <\/button>\n              <\/div>\n            <\/a>\n          <\/div>\n\n          <div class=\"p-group card-stage\">\n            <a href=\"https:\/\/www.pilgrim.es\/en\/the-silver-route\/stage-25-benavente-alija-del-infantado\/\" class=\"hover:p-text-gray-dark\">\n              <div class=\"card-stage__header\">\n                <img decoding=\"async\" src=\"https:\/\/cdn.pilgrim.es\/web\/caminos\/via-de-la-plata\/pueblos\/alija-del-infantado.jpg\" alt=\"Alija del Infantado\" class=\"group-hover:p-scale-110\" \/>\n                <div class=\"card-overlay group-hover:p-opacity-50\"><\/div>\n                <div class=\"number-stage\"><span>25<\/span><\/div>\n              <\/div>\n              <div class=\"card-stage__body\">\n                <div class=\"title-stage\">\n                  <h3 class=\"title-stage__start\">Benavente<\/h3>\n                  <h3><span>&#10095;<\/span> Alija del Infantado<\/h3>\n                  <div class=\"title-stage__tips\">\n                    <h3>Etappe 25 :<\/h3>\n                    <div><i class=\"icon-location\"><\/i> 21Km<\/div>\n                    <div><i class=\"icon-clock\"><\/i> 5Std.<\/div>\n                    <div><i class=\"icon-difficulty\"><\/i> 1\/5<\/div>\n                  <\/div>\n                <\/div>\n                <button class=\"btn-arrow\">\n                  <i class=\"icon-arrow\"><\/i>\n                <\/button>\n              <\/div>\n            <\/a>\n          <\/div>\n\n          <div class=\"p-group card-stage\">\n            <a href=\"https:\/\/www.pilgrim.es\/en\/the-silver-route\/stage-26-alijado-del-infantado-la-baneza\/\" class=\"hover:p-text-gray-dark\">\n              <div class=\"card-stage__header\">\n                <img decoding=\"async\" src=\"https:\/\/cdn.pilgrim.es\/web\/caminos\/via-de-la-plata\/pueblos\/la-baneza.jpg\" alt=\"La Ba\u00f1eza\" class=\"group-hover:p-scale-110\" \/>\n                <div class=\"card-overlay group-hover:p-opacity-50\"><\/div>\n                <div class=\"number-stage\"><span>26<\/span><\/div>\n              <\/div>\n              <div class=\"card-stage__body\">\n                <div class=\"title-stage\">\n                  <h3 class=\"title-stage__start\">Alija del Infantado<\/h3>\n                  <h3><span>&#10095;<\/span> La Ba\u00f1eza<\/h3>\n                  <div class=\"title-stage__tips\">\n                    <h3>Etappe 26 :<\/h3>\n                    <div><i class=\"icon-location\"><\/i> 22,2Km<\/div>\n                    <div><i class=\"icon-clock\"><\/i> 5Std.<\/div>\n                    <div><i class=\"icon-difficulty\"><\/i> 2\/5<\/div>\n                  <\/div>\n                <\/div>\n                <button class=\"btn-arrow\">\n                  <i class=\"icon-arrow\"><\/i>\n                <\/button>\n              <\/div>\n            <\/a>\n          <\/div>\n\n          <div class=\"p-group card-stage\">\n            <a href=\"https:\/\/www.pilgrim.es\/en\/the-silver-route\/stage-27-la-baneza-astorga\/\" class=\"hover:p-text-gray-dark\">\n              <div class=\"card-stage__header\">\n                <img decoding=\"async\" src=\"https:\/\/cdn.pilgrim.es\/web\/caminos\/camino-frances\/pueblos\/astorga\/astorga.jpg\" alt=\"Astorga\" class=\"group-hover:p-scale-110\" \/>\n                <div class=\"card-overlay group-hover:p-opacity-50\"><\/div>\n                <div class=\"number-stage\"><span>27<\/span><\/div>\n              <\/div>\n              <div class=\"card-stage__body\">\n                <div class=\"title-stage\">\n                  <h3 class=\"title-stage__start\">La Ba\u00f1eza<\/h3>\n                  <h3><span>&#10095;<\/span> Astorga<\/h3>\n                  <div class=\"title-stage__tips\">\n                    <h3>Etappe 27 :<\/h3>\n                    <div><i class=\"icon-location\"><\/i> 24,5Km<\/div>\n                    <div><i class=\"icon-clock\"><\/i> 5,5Std.<\/div>\n                    <div><i class=\"icon-difficulty\"><\/i> 2\/5<\/div>\n                  <\/div>\n                <\/div>\n                <button class=\"btn-arrow\">\n                  <i class=\"icon-arrow\"><\/i>\n                <\/button>\n              <\/div>\n            <\/a>\n          <\/div>\n\n          <div class=\"p-group card-stage\">\n            <a href=\"https:\/\/www.pilgrim.es\/de\/franzosischer-weg\/etappe-23-astorga-foncebadon\/\" class=\"hover:p-text-gray-dark\">\n              <div class=\"card-stage__header\">\n                <img decoding=\"async\" src=\"https:\/\/cdn.pilgrim.es\/web\/caminos\/camino-frances\/pueblos\/foncebadon\/foncebadon.jpg\" alt=\"Foncebad\u00f3n\" class=\"group-hover:p-scale-110\" \/>\n                <div class=\"card-overlay group-hover:p-opacity-50\"><\/div>\n                <div class=\"number-stage\"><span>28<\/span><\/div>\n              <\/div>\n              <div class=\"card-stage__body\">\n                <div class=\"title-stage\">\n                  <h3 class=\"title-stage__start\">Astorga<\/h3>\n                  <h3><span>&#10095;<\/span> Foncebad\u00f3n<\/h3>\n                  <div class=\"title-stage__tips\">\n                    <h3>Etappe 28 :<\/h3>\n                    <div><i class=\"icon-location\"><\/i> 25,8Km<\/div>\n                    <div><i class=\"icon-clock\"><\/i> 6Std.<\/div>\n                    <div><i class=\"icon-difficulty\"><\/i> 2\/5<\/div>\n                  <\/div>\n                <\/div>\n                <button class=\"btn-arrow\">\n                  <i class=\"icon-arrow\"><\/i>\n                <\/button>\n              <\/div>\n            <\/a>\n          <\/div>\n\n          <div class=\"p-group card-stage\">\n            <a href=\"https:\/\/www.pilgrim.es\/de\/franzosischer-weg\/etappe-24-foncebadon-ponferrada\/\" class=\"hover:p-text-gray-dark\">\n              <div class=\"card-stage__header\">\n                <img decoding=\"async\" src=\"https:\/\/cdn.pilgrim.es\/web\/caminos\/camino-frances\/pueblos\/ponferrada\/ponferrada.jpg\" alt=\"Ponferrada\" class=\"group-hover:p-scale-110\" \/>\n                <div class=\"card-overlay group-hover:p-opacity-50\"><\/div>\n                <div class=\"number-stage\"><span>29<\/span><\/div>\n              <\/div>\n              <div class=\"card-stage__body\">\n                <div class=\"title-stage\">\n                  <h3 class=\"title-stage__start\">Foncebad\u00f3n<\/h3>\n                  <h3><span>&#10095;<\/span> Ponferrada<\/h3>\n                  <div class=\"title-stage__tips\">\n                    <h3>Etappe 29 :<\/h3>\n                    <div><i class=\"icon-location\"><\/i> 26,8Km<\/div>\n                    <div><i class=\"icon-clock\"><\/i> 6Std.<\/div>\n                    <div><i class=\"icon-difficulty\"><\/i> 3\/5<\/div>\n                  <\/div>\n                <\/div>\n                <button class=\"btn-arrow\">\n                  <i class=\"icon-arrow\"><\/i>\n                <\/button>\n              <\/div>\n            <\/a>\n          <\/div>\n\n          <div class=\"p-group card-stage\">\n            <a href=\"https:\/\/www.pilgrim.es\/de\/franzosischer-weg\/etappe-25-ponferrada-villafranca\/\" class=\"hover:p-text-gray-dark\">\n              <div class=\"card-stage__header\">\n                <img decoding=\"async\" src=\"https:\/\/cdn.pilgrim.es\/web\/caminos\/camino-frances\/pueblos\/villafranca-del-bierzo\/villafranca-del-bierzo.jpg\" alt=\"Villafranca del Bierzo\" class=\"group-hover:p-scale-110\" \/>\n                <div class=\"card-overlay group-hover:p-opacity-50\"><\/div>\n                <div class=\"number-stage\"><span>30<\/span><\/div>\n              <\/div>\n              <div class=\"card-stage__body\">\n                <div class=\"title-stage\">\n                  <h3 class=\"title-stage__start\">Ponferrada<\/h3>\n                  <h3><span>&#10095;<\/span> Villafranca<\/h3>\n                  <div class=\"title-stage__tips\">\n                    <h3>Etappe 30 :<\/h3>\n                    <div><i class=\"icon-location\"><\/i> 24,2Km<\/div>\n                    <div><i class=\"icon-clock\"><\/i> 5,5Std.<\/div>\n                    <div><i class=\"icon-difficulty\"><\/i> 2\/5<\/div>\n                  <\/div>\n                <\/div>\n                <button class=\"btn-arrow\">\n                  <i class=\"icon-arrow\"><\/i>\n                <\/button>\n              <\/div>\n            <\/a>\n          <\/div>\n\n          <div class=\"p-group card-stage\">\n            <a href=\"https:\/\/www.pilgrim.es\/de\/franzosischer-weg\/etappe-26-villafranca-o-cebreiro\/\" class=\"hover:p-text-gray-dark\">\n              <div class=\"card-stage__header\">\n                <img decoding=\"async\" src=\"https:\/\/cdn.pilgrim.es\/web\/caminos\/camino-frances\/pueblos\/o-cebreiro\/o-cebreiro.jpg\" alt=\"O Cebreiro\" class=\"group-hover:p-scale-110\" \/>\n                <div class=\"card-overlay group-hover:p-opacity-50\"><\/div>\n                <div class=\"number-stage\"><span>31<\/span><\/div>\n              <\/div>\n              <div class=\"card-stage__body\">\n                <div class=\"title-stage\">\n                  <h3 class=\"title-stage__start\">Villafranca<\/h3>\n                  <h3><span>&#10095;<\/span> O Cebreiro<\/h3>\n                  <div class=\"title-stage__tips\">\n                    <h3>Etappe 31 :<\/h3>\n                    <div><i class=\"icon-location\"><\/i> 27,8Km<\/div>\n                    <div><i class=\"icon-clock\"><\/i> 6Std.<\/div>\n                    <div><i class=\"icon-difficulty\"><\/i> 4\/5<\/div>\n                  <\/div>\n                <\/div>\n                <button class=\"btn-arrow\">\n                  <i class=\"icon-arrow\"><\/i>\n                <\/button>\n              <\/div>\n            <\/a>\n          <\/div>\n\n          <div class=\"p-group card-stage\">\n            <a href=\"https:\/\/www.pilgrim.es\/de\/franzosischer-weg\/etappe-27-o-cebreiro-triacastela\/\" class=\"hover:p-text-gray-dark\">\n              <div class=\"card-stage__header\">\n                <img decoding=\"async\" src=\"https:\/\/cdn.pilgrim.es\/web\/caminos\/camino-frances\/pueblos\/triacastela\/triacastela.jpg\" alt=\"Triacastela\" class=\"group-hover:p-scale-110\" \/>\n                <div class=\"card-overlay group-hover:p-opacity-50\"><\/div>\n                <div class=\"number-stage\"><span>32<\/span><\/div>\n              <\/div>\n              <div class=\"card-stage__body\">\n                <div class=\"title-stage\">\n                  <h3 class=\"title-stage__start\">O Cebreiro<\/h3>\n                  <h3><span>&#10095;<\/span> Triacastela<\/h3>\n                  <div class=\"title-stage__tips\">\n                    <h3>Etappe 32 :<\/h3>\n                    <div><i class=\"icon-location\"><\/i> 20,8Km<\/div>\n                    <div><i class=\"icon-clock\"><\/i> 5Std.<\/div>\n                    <div><i class=\"icon-difficulty\"><\/i> 2\/5<\/div>\n                  <\/div>\n                <\/div>\n                <button class=\"btn-arrow\">\n                  <i class=\"icon-arrow\"><\/i>\n                <\/button>\n              <\/div>\n            <\/a>\n          <\/div>\n\n          <div class=\"p-group card-stage\">\n            <a href=\"https:\/\/www.pilgrim.es\/de\/franzosischer-weg\/etappe-28-triacastela-sarria\/\" class=\"hover:p-text-gray-dark\">\n              <div class=\"card-stage__header\">\n                <img decoding=\"async\" src=\"https:\/\/cdn.pilgrim.es\/web\/caminos\/camino-frances\/pueblos\/sarria\/sarria.jpg\" alt=\"Sarria\" class=\"group-hover:p-scale-110\" \/>\n                <div class=\"card-overlay group-hover:p-opacity-50\"><\/div>\n                <div class=\"number-stage\"><span>33<\/span><\/div>\n              <\/div>\n              <div class=\"card-stage__body\">\n                <div class=\"title-stage\">\n                  <h3 class=\"title-stage__start\">Triacastela<\/h3>\n                  <h3><span>&#10095;<\/span> Sarria<\/h3>\n                  <div class=\"title-stage__tips\">\n                    <h3>Etappe 33 :<\/h3>\n                    <div><i class=\"icon-location\"><\/i> 17,8Km<\/div>\n                    <div><i class=\"icon-clock\"><\/i> 4Std.<\/div>\n                    <div><i class=\"icon-difficulty\"><\/i> 2\/5<\/div>\n                  <\/div>\n                <\/div>\n                <button class=\"btn-arrow\">\n                  <i class=\"icon-arrow\"><\/i>\n                <\/button>\n              <\/div>\n            <\/a>\n          <\/div>\n\n          <div class=\"p-group card-stage\">\n            <a href=\"https:\/\/www.pilgrim.es\/de\/franzosischer-weg\/etappe-29-sarria-portomarin\/\" class=\"hover:p-text-gray-dark\">\n              <div class=\"card-stage__header\">\n                <img decoding=\"async\" src=\"https:\/\/cdn.pilgrim.es\/web\/caminos\/camino-frances\/pueblos\/portomarin\/portomarin.jpg\" alt=\"Portomar\u00edn\" class=\"group-hover:p-scale-110\" \/>\n                <div class=\"card-overlay group-hover:p-opacity-50\"><\/div>\n                <div class=\"number-stage\"><span>34<\/span><\/div>\n              <\/div>\n              <div class=\"card-stage__body\">\n                <div class=\"title-stage\">\n                  <h3 class=\"title-stage__start\">Sarria<\/h3>\n                  <h3><span>&#10095;<\/span> Portomar\u00edn<\/h3>\n                  <div class=\"title-stage__tips\">\n                    <h3>Etappe 34 :<\/h3>\n                    <div><i class=\"icon-location\"><\/i> 22,2Km<\/div>\n                    <div><i class=\"icon-clock\"><\/i> 5Std.<\/div>\n                    <div><i class=\"icon-difficulty\"><\/i> 2\/5<\/div>\n                  <\/div>\n                <\/div>\n                <button class=\"btn-arrow\">\n                  <i class=\"icon-arrow\"><\/i>\n                <\/button>\n              <\/div>\n            <\/a>\n          <\/div>\n\n          <div class=\"p-group card-stage\">\n            <a href=\"https:\/\/www.pilgrim.es\/de\/franzosischer-weg\/etappe-30-portomarin-palas-de-rei\/\" class=\"hover:p-text-gray-dark\">\n              <div class=\"card-stage__header\">\n                <img decoding=\"async\" src=\"https:\/\/cdn.pilgrim.es\/web\/caminos\/camino-frances\/pueblos\/palas-de-rei\/palas-de-rei.jpg\" alt=\"Palas de Rei\" class=\"group-hover:p-scale-110\" \/>\n                <div class=\"card-overlay group-hover:p-opacity-50\"><\/div>\n                <div class=\"number-stage\"><span>35<\/span><\/div>\n              <\/div>\n              <div class=\"card-stage__body\">\n                <div class=\"title-stage\">\n                  <h3 class=\"title-stage__start\">Portomar\u00edn<\/h3>\n                  <h3><span>&#10095;<\/span> Palas de Rei<\/h3>\n                  <div class=\"title-stage__tips\">\n                    <h3>Etappe 35 :<\/h3>\n                    <div><i class=\"icon-location\"><\/i> 24,8Km<\/div>\n                    <div><i class=\"icon-clock\"><\/i> 5,5Std.<\/div>\n                    <div><i class=\"icon-difficulty\"><\/i> 2\/5<\/div>\n                  <\/div>\n                <\/div>\n                <button class=\"btn-arrow\">\n                  <i class=\"icon-arrow\"><\/i>\n                <\/button>\n              <\/div>\n            <\/a>\n          <\/div>\n\n          <div class=\"p-group card-stage\">\n            <a href=\"https:\/\/www.pilgrim.es\/de\/franzosischer-weg\/etappe-31-palas-arzua\/\" class=\"hover:p-text-gray-dark\">\n              <div class=\"card-stage__header\">\n                <img decoding=\"async\" src=\"https:\/\/cdn.pilgrim.es\/web\/caminos\/camino-frances\/pueblos\/arzua\/arzua.jpg\" alt=\"Arz\u00faa\" class=\"group-hover:p-scale-110\" \/>\n                <div class=\"card-overlay group-hover:p-opacity-50\"><\/div>\n                <div class=\"number-stage\"><span>36<\/span><\/div>\n              <\/div>\n              <div class=\"card-stage__body\">\n                <div class=\"title-stage\">\n                  <h3 class=\"title-stage__start\">Palas de Rei<\/h3>\n                  <h3><span>&#10095;<\/span> Arz\u00faa<\/h3>\n                  <div class=\"title-stage__tips\">\n                    <h3>Etappe 36 :<\/h3>\n                    <div><i class=\"icon-location\"><\/i> 28,5Km<\/div>\n                    <div><i class=\"icon-clock\"><\/i> 6,5Std.<\/div>\n                    <div><i class=\"icon-difficulty\"><\/i> 3\/5<\/div>\n                  <\/div>\n                <\/div>\n                <button class=\"btn-arrow\">\n                  <i class=\"icon-arrow\"><\/i>\n                <\/button>\n              <\/div>\n            <\/a>\n          <\/div>\n\n          <div class=\"p-group card-stage\">\n            <a href=\"https:\/\/www.pilgrim.es\/de\/franzosischer-weg\/etappe-32-arzua-o-pedrouzo\/\" class=\"hover:p-text-gray-dark\">\n              <div class=\"card-stage__header\">\n                <img decoding=\"async\" src=\"https:\/\/cdn.pilgrim.es\/web\/caminos\/camino-frances\/pueblos\/o-pedrouzo\/o-pedrouzo.jpg\" alt=\"Pedrouzo\" class=\"group-hover:p-scale-110\" \/>\n                <div class=\"card-overlay group-hover:p-opacity-50\"><\/div>\n                <div class=\"number-stage\"><span>37<\/span><\/div>\n              <\/div>\n              <div class=\"card-stage__body\">\n                <div class=\"title-stage\">\n                  <h3 class=\"title-stage__start\">Arz\u00faa<\/h3>\n                  <h3><span>&#10095;<\/span> Pedrouzo<\/h3>\n                  <div class=\"title-stage__tips\">\n                    <h3>Etappe 37 :<\/h3>\n                    <div><i class=\"icon-location\"><\/i> 19,3Km<\/div>\n                    <div><i class=\"icon-clock\"><\/i> 4,5Std.<\/div>\n                    <div><i class=\"icon-difficulty\"><\/i> 2\/5<\/div>\n                  <\/div>\n                <\/div>\n                <button class=\"btn-arrow\">\n                  <i class=\"icon-arrow\"><\/i>\n                <\/button>\n              <\/div>\n            <\/a>\n          <\/div>\n\n          <div class=\"p-group card-stage\">\n            <a href=\"https:\/\/www.pilgrim.es\/de\/franzosischer-weg\/etappe-33-o-pedrouzo-santiago-de-compostela\/\" class=\"hover:p-text-gray-dark\">\n              <div class=\"card-stage__header\">\n                <img decoding=\"async\" src=\"https:\/\/cdn.pilgrim.es\/web\/caminos\/camino-frances\/pueblos\/santiago-de-compostela\/santiago-de-compostela.jpg\" alt=\"Santiago de Compostela\" class=\"group-hover:p-scale-110\" \/>\n                <div class=\"card-overlay group-hover:p-opacity-50\"><\/div>\n                <div class=\"number-stage\"><span>38<\/span><\/div>\n              <\/div>\n              <div class=\"card-stage__body\">\n                <div class=\"title-stage\">\n                  <h3 class=\"title-stage__start\">Pedrouzo<\/h3>\n                  <h3><span>&#10095;<\/span> Santiago de Compostela<\/h3>\n                  <div class=\"title-stage__tips\">\n                    <h3>Etappe 38 :<\/h3>\n                    <div><i class=\"icon-location\"><\/i> 19,4Km<\/div>\n                    <div><i class=\"icon-clock\"><\/i> 4,5Std.<\/div>\n                    <div><i class=\"icon-difficulty\"><\/i> 2\/5<\/div>\n                  <\/div>\n                <\/div>\n                <button class=\"btn-arrow\">\n                  <i class=\"icon-arrow\"><\/i>\n                <\/button>\n              <\/div>\n            <\/a>\n          <\/div>\n        <\/div>\n      <\/div>\n    <\/div>\n    <div id=\"showMoreStages\" class=\"show-more-stages\">\n      <button id=\"btnMoreStages\" class=\"btn-see-stages\">\n        Alle Ettapen sehen\n      <\/button>\n      <button id=\"btnLessStages\" class=\"p-hidden btn-see-stages\">\n        Weniger Etappen sehen\n      <\/button>\n    <\/div>\n  <\/section>\n\n  <section id=\"stagesBike\">\n    <div class=\"subtitle\">\n      <h4 class=\"p-h4--section\">16 Ettapen \/ 960 <span class=\"p-normal-case\">Kms<\/span><\/h4>\n      <hr \/>\n      <h2>Etappen Silber- Route mit dem Fahrrad<\/h2>\n    <\/div>\n    <div class=\"container-stages-bike scrollbar-thin\">\n      <div class=\"card-stage-bike\">\n        <div class=\"info-stage-bike\">\n          <div class=\"info-stage-bike__col-start\">\n            <div>1.<\/div>\n            <div>\n              <span>Sevilla <\/span><br \/>&#10095; Castiblanco de los Arroyos\n            <\/div>\n            <p>\n              <i class=\"icon-location\"><\/i> 39Km &#8226;\n              <i class=\"icon-difficulty\"><\/i> 2\/5\n            <\/p>\n          <\/div>\n          <div class=\"info-stage-bike__col-end\">\n            <img decoding=\"async\" src=\"https:\/\/cdn.pilgrim.es\/web\/caminos\/via-de-la-plata\/pueblos\/sevilla.jpg\" alt=\"Sevilla\" \/>\n          <\/div>\n        <\/div>\n        <hr \/>\n      <\/div>\n      <div class=\"card-stage-bike\">\n        <div class=\"info-stage-bike\">\n          <div class=\"info-stage-bike__col-start\">\n            <div>2.<\/div>\n            <div>\n              <span>Castiblanco de los Arroyos <\/span><br \/>&#10095; Monesteiro\n            <\/div>\n            <p>\n              <i class=\"icon-location\"><\/i> 63Km &#8226;\n              <i class=\"icon-difficulty\"><\/i> 4\/5\n            <\/p>\n          <\/div>\n          <div class=\"info-stage-bike__col-end\">\n            <img decoding=\"async\" src=\"https:\/\/cdn.pilgrim.es\/web\/caminos\/via-de-la-plata\/pueblos\/castilblanco-de-los-arroyos.jpg\" alt=\"Castiblanco de los Arroyos\" \/>\n          <\/div>\n        <\/div>\n        <hr \/>\n      <\/div>\n      <div class=\"card-stage-bike\">\n        <div class=\"info-stage-bike\">\n          <div class=\"info-stage-bike__col-start\">\n            <div>3.<\/div>\n            <div><span>Monesteiro <\/span><br \/>&#10095; Zafra<\/div>\n            <p>\n              <i class=\"icon-location\"><\/i> 45Km &#8226;\n              <i class=\"icon-difficulty\"><\/i> 2\/5\n            <\/p>\n          <\/div>\n          <div class=\"info-stage-bike__col-end\">\n            <img decoding=\"async\" src=\"https:\/\/cdn.pilgrim.es\/web\/caminos\/via-de-la-plata\/pueblos\/zafra.jpg\" alt=\"Zafra\" \/>\n          <\/div>\n        <\/div>\n        <hr \/>\n      <\/div>\n      <div class=\"card-stage-bike\">\n        <div class=\"info-stage-bike\">\n          <div class=\"info-stage-bike__col-start\">\n            <div>4.<\/div>\n            <div><span>Zafra <\/span><br \/>&#10095; M\u00e9rida<\/div>\n            <p>\n              <i class=\"icon-location\"><\/i> 65Km &#8226;\n              <i class=\"icon-difficulty\"><\/i> 3\/5\n            <\/p>\n          <\/div>\n          <div class=\"info-stage-bike__col-end\">\n            <img decoding=\"async\" src=\"https:\/\/cdn.pilgrim.es\/web\/caminos\/via-de-la-plata\/pueblos\/merida.jpg\" alt=\"M\u00e9rida\" \/>\n          <\/div>\n        <\/div>\n        <hr \/>\n      <\/div>\n      <div class=\"card-stage-bike\">\n        <div class=\"info-stage-bike\">\n          <div class=\"info-stage-bike__col-start\">\n            <div>5.<\/div>\n            <div><span>M\u00e9rida <\/span><br \/>&#10095; Valdesalor<\/div>\n            <p>\n              <i class=\"icon-location\"><\/i> 61Km &#8226;\n              <i class=\"icon-difficulty\"><\/i> 3\/5\n            <\/p>\n          <\/div>\n          <div class=\"info-stage-bike__col-end\">\n            <img decoding=\"async\" src=\"https:\/\/cdn.pilgrim.es\/web\/caminos\/via-de-la-plata\/pueblos\/caceres.jpg\" alt=\"C\u00e1ceres\" \/>\n          <\/div>\n        <\/div>\n        <hr \/>\n      <\/div>\n      <div class=\"card-stage-bike\">\n        <div class=\"info-stage-bike\">\n          <div class=\"info-stage-bike__col-start\">\n            <div>6.<\/div>\n            <div><span>Valdesalor <\/span><br \/>&#10095; Ca\u00f1averal<\/div>\n            <p>\n              <i class=\"icon-location\"><\/i> 55Km &#8226;\n              <i class=\"icon-difficulty\"><\/i> 3\/5\n            <\/p>\n          <\/div>\n          <div class=\"info-stage-bike__col-end\">\n            <img decoding=\"async\" src=\"https:\/\/cdn.pilgrim.es\/web\/caminos\/via-de-la-plata\/pueblos\/grimaldo.jpg\" alt=\"Grimaldo\" \/>\n          <\/div>\n        <\/div>\n        <hr \/>\n      <\/div>\n      <div class=\"card-stage-bike\">\n        <div class=\"info-stage-bike\">\n          <div class=\"info-stage-bike__col-start\">\n            <div>7.<\/div>\n            <div><span>Ca\u00f1averal <\/span><br \/>&#10095; C\u00e1parra<\/div>\n            <p>\n              <i class=\"icon-location\"><\/i> 57Km &#8226;\n              <i class=\"icon-difficulty\"><\/i> 4\/5\n            <\/p>\n          <\/div>\n          <div class=\"info-stage-bike__col-end\">\n            <img decoding=\"async\" src=\"https:\/\/cdn.pilgrim.es\/web\/caminos\/via-de-la-plata\/pueblos\/carcaboso.jpg\" alt=\"Carcaboso\" \/>\n          <\/div>\n        <\/div>\n        <hr \/>\n      <\/div>\n      <div class=\"card-stage-bike\">\n        <div class=\"info-stage-bike\">\n          <div class=\"info-stage-bike__col-start\">\n            <div>8.<\/div>\n            <div>\n              <span>C\u00e1parra <\/span><br \/>&#10095; Fuenterroble de Salvatierra\n            <\/div>\n            <p>\n              <i class=\"icon-location\"><\/i> 60Km &#8226;\n              <i class=\"icon-difficulty\"><\/i> 4\/5\n            <\/p>\n          <\/div>\n          <div class=\"info-stage-bike__col-end\">\n            <img decoding=\"async\" src=\"https:\/\/cdn.pilgrim.es\/web\/caminos\/via-de-la-plata\/pueblos\/fuenterroble-de-salvatierra.jpg\" alt=\"Fuenterroble de Salvatierra\" \/>\n          <\/div>\n        <\/div>\n        <hr \/>\n      <\/div>\n      <div class=\"card-stage-bike\">\n        <div class=\"info-stage-bike\">\n          <div class=\"info-stage-bike__col-start\">\n            <div>9.<\/div>\n            <div>\n              <span>Fuenterroble de Salvatierra <\/span><br \/>&#10095; Salamanca\n            <\/div>\n            <p>\n              <i class=\"icon-location\"><\/i> 51Km &#8226;\n              <i class=\"icon-difficulty\"><\/i> 3\/5\n            <\/p>\n          <\/div>\n          <div class=\"info-stage-bike__col-end\">\n            <img decoding=\"async\" src=\"https:\/\/cdn.pilgrim.es\/web\/caminos\/via-de-la-plata\/pueblos\/salamanca.jpg\" alt=\"Salamanca\" \/>\n          <\/div>\n        <\/div>\n        <hr \/>\n      <\/div>\n      <div class=\"card-stage-bike\">\n        <div class=\"info-stage-bike\">\n          <div class=\"info-stage-bike__col-start\">\n            <div>10.<\/div>\n            <div><span>Salamanca <\/span><br \/>&#10095; Zamora<\/div>\n            <p>\n              <i class=\"icon-location\"><\/i> 66Km &#8226;\n              <i class=\"icon-difficulty\"><\/i> 4\/5\n            <\/p>\n          <\/div>\n          <div class=\"info-stage-bike__col-end\">\n            <img decoding=\"async\" src=\"https:\/\/cdn.pilgrim.es\/web\/caminos\/via-de-la-plata\/pueblos\/zamora.jpg\" alt=\"Zamora\" \/>\n          <\/div>\n        <\/div>\n        <hr \/>\n      <\/div>\n      <div class=\"card-stage-bike\">\n        <div class=\"info-stage-bike\">\n          <div class=\"info-stage-bike__col-start\">\n            <div>11.<\/div>\n            <div><span>Zamora <\/span><br \/>&#10095; Santa Marta de Tera<\/div>\n            <p>\n              <i class=\"icon-location\"><\/i> 87Km &#8226;\n              <i class=\"icon-difficulty\"><\/i> 4\/5\n            <\/p>\n          <\/div>\n          <div class=\"info-stage-bike__col-end\">\n            <img decoding=\"async\" src=\"https:\/\/cdn.pilgrim.es\/web\/caminos\/camino-sanabres\/pueblos\/santa-marta-de-tera.jpg\" alt=\"Santa Marta de Tera\" \/>\n          <\/div>\n        <\/div>\n        <hr \/>\n      <\/div>\n      <div class=\"card-stage-bike\">\n        <div class=\"info-stage-bike\">\n          <div class=\"info-stage-bike__col-start\">\n            <div>12.<\/div>\n            <div>\n              <span>Santa Marta de Tera <\/span><br \/>&#10095; Puebla de Sanabria\n            <\/div>\n            <p>\n              <i class=\"icon-location\"><\/i> 67Km &#8226;\n              <i class=\"icon-difficulty\"><\/i> 2\/5\n            <\/p>\n          <\/div>\n          <div class=\"info-stage-bike__col-end\">\n            <img decoding=\"async\" src=\"https:\/\/cdn.pilgrim.es\/web\/caminos\/camino-sanabres\/pueblos\/puebla-de-sanabria.jpg\" alt=\"Puebla de Sanabria\" \/>\n          <\/div>\n        <\/div>\n        <hr \/>\n      <\/div>\n      <div class=\"card-stage-bike\">\n        <div class=\"info-stage-bike\">\n          <div class=\"info-stage-bike__col-start\">\n            <div>13.<\/div>\n            <div><span>Puebla de Sanabria <\/span><br \/>&#10095; A Gudi\u00f1a<\/div>\n            <p>\n              <i class=\"icon-location\"><\/i> 53Km &#8226;\n              <i class=\"icon-difficulty\"><\/i> 2\/5\n            <\/p>\n          <\/div>\n          <div class=\"info-stage-bike__col-end\">\n            <img decoding=\"async\" src=\"https:\/\/cdn.pilgrim.es\/web\/caminos\/camino-sanabres\/pueblos\/a-gudina.jpg\" alt=\"A Gudi\u00f1a\" \/>\n          <\/div>\n        <\/div>\n        <hr \/>\n      <\/div>\n      <div class=\"card-stage-bike\">\n        <div class=\"info-stage-bike\">\n          <div class=\"info-stage-bike__col-start\">\n            <div>14.<\/div>\n            <div><span>A Gudi\u00f1a <\/span><br \/>&#10095; Xunqueira de Amb\u00eda<\/div>\n            <p>\n              <i class=\"icon-location\"><\/i> 66Km &#8226;\n              <i class=\"icon-difficulty\"><\/i> 2\/5\n            <\/p>\n          <\/div>\n          <div class=\"info-stage-bike__col-end\">\n            <img decoding=\"async\" src=\"https:\/\/cdn.pilgrim.es\/web\/caminos\/camino-sanabres\/pueblos\/xunqueira-de-ambia.jpg\" alt=\"Xunqueira de Amb\u00eda\" \/>\n          <\/div>\n        <\/div>\n        <hr \/>\n      <\/div>\n      <div class=\"card-stage-bike\">\n        <div class=\"info-stage-bike\">\n          <div class=\"info-stage-bike__col-start\">\n            <div>15.<\/div>\n            <div>\n              <span>Xunqueira de Amb\u00eda <\/span><br \/>&#10095; Castro Doz\u00f3n\n            <\/div>\n            <p>\n              <i class=\"icon-location\"><\/i> 64Km &#8226;\n              <i class=\"icon-difficulty\"><\/i> 2\/5\n            <\/p>\n          <\/div>\n          <div class=\"info-stage-bike__col-end\">\n            <img decoding=\"async\" src=\"https:\/\/cdn.pilgrim.es\/web\/caminos\/camino-portugues\/pueblos\/pontevedra\/pontevedra.jpg\" alt=\"Pontevedra\" \/>\n          <\/div>\n        <\/div>\n        <hr \/>\n      <\/div>\n      <div class=\"card-stage-bike\">\n        <div class=\"info-stage-bike\">\n          <div class=\"info-stage-bike__col-start\">\n            <div>16.<\/div>\n            <div>\n              <span>Castro Doz\u00f3n <\/span><br \/>&#10095; Santiago de Compostela\n            <\/div>\n            <p>\n              <i class=\"icon-location\"><\/i> 66Km &#8226;\n              <i class=\"icon-difficulty\"><\/i> 3\/5\n            <\/p>\n          <\/div>\n          <div class=\"info-stage-bike__col-end\">\n            <img decoding=\"async\" src=\"https:\/\/cdn.pilgrim.es\/web\/caminos\/camino-frances\/pueblos\/santiago-de-compostela\/santiago-de-compostela.jpg\" alt=\"Santiago de Compostela\" \/>\n          <\/div>\n        <\/div>\n        <hr \/>\n      <\/div>\n    <\/div>\n  <\/section>\n\n  <section id=\"citiesTowns\">\n    <div class=\"container-cities-towns\">\n      <h4 class=\"p-h4--section\">Dieser Weg wird Ihnen gefallen, wenn Sie\u2026<\/h4>\n      <hr class=\"orange-bar\" \/>\n      <h2>St\u00e4dte und Gemeinden<\/h2>\n      <div class=\"pills\">\n        <div class=\"label-pill label-pill--brown\">Geschichte<\/div>\n        <div class=\"label-pill label-pill--brown\">K\u00fcnstlerisches Erbe<\/div>\n        <div class=\"label-pill label-pill--brown\">Kathedralen<\/div>\n        <div class=\"label-pill label-pill--brown\">Kl\u00f6ster<\/div>\n        <div class=\"label-pill label-pill--brown\">Schl\u00f6sser<\/div>\n        <div class=\"label-pill label-pill--brown\">Architektur<\/div>\n      <\/div>\n    <\/div>\n  <\/section>\n\n  <div class=\"gallery-cities\">\n    <div class=\"item-gallery p-group\">\n      <img decoding=\"async\" src=\"https:\/\/cdn.pilgrim.es\/web\/caminos\/via-de-la-plata\/pueblos\/sevilla.jpg\" alt=\"Sevilla\" class=\"group-hover:p-scale-110\"\/>\n      <div class=\"overlay-darked group-hover:p-opacity-50\"><\/div>\n      <a class=\"stretched-link\" href=\"sevilla\/\"><p><b>Sevilla<\/b><\/p><\/a>\n    <\/div>\n    <div class=\"item-gallery p-group\">\n      <img decoding=\"async\" src=\"https:\/\/cdn.pilgrim.es\/web\/caminos\/via-de-la-plata\/pueblos\/merida.jpg\" alt=\"M\u00e9rida\" class=\"group-hover:p-scale-110\"\/>\n      <div class=\"overlay-darked group-hover:p-opacity-50\"><\/div>\n      <a class=\"stretched-link\" href=\"merida\/\"><p><b>M\u00e9rida<\/b><\/p><\/a>\n    <\/div>\n    <div class=\"item-gallery p-group\">\n      <img decoding=\"async\" src=\"https:\/\/cdn.pilgrim.es\/web\/caminos\/via-de-la-plata\/pueblos\/caceres.jpg\" alt=\"C\u00e1ceres\" class=\"group-hover:p-scale-110\"\/>\n      <div class=\"overlay-darked group-hover:p-opacity-50\"><\/div>\n      <a class=\"stretched-link\" href=\"caceres\/\"><p><b>C\u00e1ceres<\/b><\/p><\/a>\n    <\/div>\n    <div class=\"item-gallery p-group\">\n      <img decoding=\"async\" src=\"https:\/\/cdn.pilgrim.es\/web\/caminos\/via-de-la-plata\/pueblos\/salamanca.jpg\" alt=\"Salamanca\" class=\"group-hover:p-scale-110\"\/>\n      <div class=\"overlay-darked group-hover:p-opacity-50\"><\/div>\n      <a class=\"stretched-link\" href=\"salamanca\/\"><p><b>Salamanca<\/b><\/p><\/a>\n    <\/div>\n    <div class=\"item-gallery p-group\">\n      <img decoding=\"async\" src=\"https:\/\/cdn.pilgrim.es\/web\/caminos\/via-de-la-plata\/pueblos\/zamora.jpg\" alt=\"Zamora\" class=\"group-hover:p-scale-110\"\/>\n      <div class=\"overlay-darked group-hover:p-opacity-50\"><\/div>\n      <a class=\"stretched-link\" href=\"zamora\/\"><p><b>Zamora<\/b><\/p><\/a>\n    <\/div>\n    <div class=\"item-gallery p-group\">\n      <img decoding=\"async\" src=\"https:\/\/cdn.pilgrim.es\/web\/caminos\/via-de-la-plata\/pueblos\/la-baneza.jpg\" alt=\"La Ba\u00f1eza\" class=\"group-hover:p-scale-110\"\/>\n      <div class=\"overlay-darked group-hover:p-opacity-50\"><\/div>\n      <a class=\"stretched-link\" href=\"la-baneza\/\"><p><b>La Ba\u00f1eza<\/b><\/p><\/a>\n    <\/div>\n  <\/div>\n\n  <section id=\"infoWay\">\n    <div class=\"info-way-content\">\n      <nav class=\"nav-tab-info nav-tab-info--2-cols\">\n        <button id=\"infoTab\" data-target=\"history\" class=\"nav-link-info active\">\n          Weitere Informationen\n        <\/button>\n        <button id=\"profileTab\" data-target=\"profileWay\" class=\"nav-link-info\">\n          Profil des Weg\n        <\/button>\n      <\/nav>\n      <div id=\"history\" class=\"content-section-info\">\n        <div class=\"subtitle\">\n          <h4 class=\"p-h4--section\">Weitere Informationen&#8230;<\/h4>\n          <hr \/>\n          <h2>Informationen \u00fcber die Silber-Route<\/h2>\n        <\/div>\n        <h3>Geschichte<\/h3>\n        <p class=\"p-my-3\">\n          Die Silber-Route ist seit der R\u00f6merzeit ein\n          <strong>historischer Pfad, der vom R\u00f6mischen Reich genutzt wurde<\/strong>, um den Westen Hispanias von M\u00e9rida (Augusta Emerita) nach Astorga\n          (Art\u00farica Augusta) zu durchqueren. Die Silber- Route wandelte sich\n          daher in die Hauptachse der Kommunikation des gesamten Westens der\n          Halbinsel, und im Laufe des fr\u00fchen Mittelalters in die Jakobus-Route;\n          die<strong>f\u00fcr die Anreise aus dem S\u00fcden in die galicische Hauptstadt\n          genutzt<\/strong>wurde.\n        <\/p>\n        <p class=\"p-mb-3\">\n          Nach der R\u00fcckeroberung der mozarabischen Gebiete des S\u00fcdens<strong>wurde die Silber- Route bis in den S\u00fcden der Halbinsel fortgehend\n          k\u00fcnstlich verl\u00e4ngert<\/strong>, obwohl sie bereits fr\u00fcher zum Zwecke der Kommunikation zwischen\n          Andalusien und dem Norden genutzt wurde. Mit der Pl\u00fcnderung der\n          Kathedrale von Santiago, die Almanzor im X. Jahrhundert durchf\u00fchrte,\n          bei der christliche Gefangene gezwungen wurden deren Glocken auf\n          Schultern in den S\u00fcden (konkret, nach C\u00f3rdoba) zu tragen, fand der\n          erste gro\u00dfe Massenzustrom auf diese Route statt. Die R\u00fcckgabe und\n          Transport derselben Glocken \u00fcber diese Route setzte aber mit der\n          R\u00fcckeroberung von Al Andalus den Grundstein f\u00fcr die massive Pilgerung\n          von Andalusien und Merida in den Norden der Halbinsel.\n        <\/p>\n        <p class=\"p-mb-3\">\n          Nachdem sie den Norden erreichten, mussten die Wanderer entscheiden,\n          <strong>weiterhin dem Verlauf des franz\u00f6sischen Weges bis nach Astorga zu\n            folgen<\/strong>,<strong>oder vorher von diesem abzuweichen<\/strong> (konkret in\n          Puebla de Sanabria)\n          <a href=\"\/de\/\" class=\"p-underline\">und so die verbleibende Strecke nach Galicien<\/a>\n          zu verk\u00fcrzen. Diese Verzweigung wurde als der Sanabr\u00e9s- Weg bekannt.\n        <\/p>\n      <\/div>\n      <div id=\"profileWay\" class=\"p-hidden content-section-info\">\n        <div class=\"subtitle\">\n          <h4 class=\"p-h4--section\">Profil der Silber-Route<\/h4>\n          <hr \/>\n          <h2>Entfernungen und H\u00f6henlage<\/h2>\n        <\/div>\n        <img decoding=\"async\" src=\"https:\/\/cdn.pilgrim.es\/web\/caminos\/via-de-la-plata\/home\/perfil-via-plata.jpg\" alt=\"Skizze der Silber-Route\" \/>\n      <\/div>\n    <\/div>\n  <\/section>\n\n  <section id=\"othersWays\" class=\"others-ways\">\n    <div class=\"others-ways__title\">\n      <h4 class=\"p-h4--section\">Es gibt viele andere Routen, sehen Sie sich die besten Alternativen an<\/h4>\n      <hr \/>\n      <h2>\n        Alternative Routen\n      <\/h2>\n    <\/div>\n    <div class=\"others-ways__content\">\n      <div>\n        <div class=\"each-way\">\n          <a href=\"https:\/\/www.pilgrim.es\/de\/weg-im-norden\/\">\n            <div class=\"each-way__title\">Weg Im Norden<\/div>\n          <\/a>\n          <div class=\"each-way__tips\">\n            <p>804 km \/ 35 tage<\/p>\n            <i class=\"icon-arrow\"><\/i>\n          <\/div>\n        <\/div>\n        <hr \/>\n      <\/div>\n      <div>\n        <div class=\"each-way\">\n          <a href=\"https:\/\/www.pilgrim.es\/de\/franzosischer-weg\/\">\n            <div class=\"each-way__title\">Franz\u00f6sischer Weg<\/div>\n          <\/a>\n          <div class=\"each-way__tips\">\n            <p>764 km \/ 33 tage<\/p>\n            <i class=\"icon-arrow\"><\/i>\n          <\/div>\n        <\/div>\n        <hr \/>\n      <\/div>\n      <div>\n        <div class=\"each-way\">\n          <a href=\"https:\/\/www.pilgrim.es\/de\/englischer-weg\/\">\n            <div class=\"each-way__title\">Englishcher Weg<\/div>\n          <\/a>\n          <div class=\"each-way__tips\">\n            <p>119 km \/ 6 tage<\/p>\n            <i class=\"icon-arrow\"><\/i>\n          <\/div>\n        <\/div>\n        <hr \/>\n      <\/div>\n      <div>\n        <div class=\"each-way\">\n          <div class=\"each-way__title\">Weg von Sarria<\/div>\n\n          <div class=\"each-way__tips\">\n            <p>115 km \/ 5 tage<\/p>\n            <i class=\"icon-arrow\"><\/i>\n          <\/div>\n        <\/div>\n        <hr \/>\n      <\/div>\n      <div>\n        <div class=\"each-way\">\n          <a href=\"https:\/\/www.pilgrim.es\/de\/portugiesischer-weg-entlang-der-kuste\/\">\n            <div class=\"each-way__title\">\n              Portugiesischer Weg entlang der K\u00fcste\n            <\/div>\n          <\/a>\n          <div class=\"each-way__tips\">\n            <p>304 km \/ 13 tage<\/p>\n            <i class=\"icon-arrow\"><\/i>\n          <\/div>\n        <\/div>\n        <hr \/>\n      <\/div>\n      <div>\n        <div class=\"each-way\">\n          <a href=\"https:\/\/www.pilgrim.es\/de\/primitiver-weg\/\">\n            <div class=\"each-way__title\">Der Primitive Weg (Urweg)<\/div>\n          <\/a>\n          <div class=\"each-way__tips\">\n            <p>313 km \/ 14 tage<\/p>\n            <i class=\"icon-arrow\"><\/i>\n          <\/div>\n        <\/div>\n        <hr \/>\n      <\/div>\n    <\/div>\n  <\/section>\n  <section id=\"faqs\">\n    <div class=\"title\">\n      <h4 class=\"p-h4--section\">N\u00fctzliche Informationen<\/h4>\n      <hr \/>\n      <h2>H\u00e4ufig gestellte Fragen zur Silber-Route<\/h2>\n    <\/div>\n    <div class=\"container\">\n      <div>\n        <button class=\"accordion-btn\">\n          <div class=\"accordion-btn__question\">\n            <h3>Aus wie vielen Etappen besteht die Silber-Route?<\/h3>\n            <span>+<\/span>\n          <\/div>\n          <hr \/>\n        <\/button>\n        <div class=\"accordion-content\">\n          <p>\n            Wie aus der\n            <a href=\"#stages-walk\" class=\"p-underline\">B\u00fchnenabschnitt<\/a>, Die\n            V\u00eda de la Plata besteht aus insgesamt 36 Etappen \u00fcber eine Strecke\n            von 970 km und beginnt in der andalusischen Hauptstadt Sevilla. Wenn\n            Sie die\n            <a href=\"#stages-bike\" class=\"p-underline\">\n              Silber-Route mit dem Fahrrad<\/a>\n            Es wird 16 Etappen geben.\n          <\/p>\n        <\/div>\n      <\/div>\n      <div>\n        <button class=\"accordion-btn\">\n          <div class=\"accordion-btn__question\">\n            <h3>Ist es notwendig, die gesamte Silber-Route zu fahren?<\/h3>\n            <span>+<\/span>\n          <\/div>\n          <hr \/>\n        <\/button>\n        <div class=\"accordion-content\">\n          <p>\n            Wenn Ihr Ziel die Compostela ist, m\u00fcssen Sie mindestens die letzten\n            100 km des Camino zur\u00fccklegen. Bei dieser Route k\u00f6nnen Sie von\n            Sarria oder Ourense aus starten, je nachdem, welche Route Sie\n            w\u00e4hlen, um nach Santiago zu gelangen. Wenn Sie den Camino mit dem\n            Fahrrad zur\u00fccklegen, betr\u00e4gt die Mindestdistanz 200 km, und auch\n            hier k\u00f6nnen Sie, je nach gew\u00e4hlter Route, von Ponferrada oder Lubi\u00e1n\n            aus starten.\n          <\/p>\n        <\/div>\n      <\/div>\n      <div>\n        <button class=\"accordion-btn\">\n          <div class=\"accordion-btn__question\">\n            <h3>\n              Welches sind die ber\u00fchmtesten St\u00e4dte entlang der Silber-Route?\n            <\/h3>\n            <span>+<\/span>\n          <\/div>\n          <hr \/>\n        <\/button>\n        <div class=\"accordion-content\">\n          <p>\n            Entlang der s\u00fcdlichen Route kommen Sie durch eine Vielzahl von\n            St\u00e4dten, die alle ihren eigenen Charme haben. Es gibt jedoch eine\n            Reihe von St\u00e4dten, in die sich die Pilger auf ihrem Weg verlieben,\n            wie z. B.: Sevilla, Merida, Caceres und Salamanca, um nur einige zu\n            nennen.\n          <\/p>\n        <\/div>\n      <\/div>\n      <div>\n        <button class=\"accordion-btn\">\n          <div class=\"accordion-btn__question\">\n            <h3>Kuriosit\u00e4ten auf der Silber-Route<\/h3>\n            <span>+<\/span>\n          <\/div>\n          <hr \/>\n        <\/button>\n        <div class=\"accordion-content\">\n          <p>\n            Der Silber-Route ist im Sommer aufgrund der hohen Temperaturen\n            besonders schwierig. Ihr Ursprung geht auf die maurische Eroberung\n            zur\u00fcck, als sie die Kathedrale von Santiago pl\u00fcnderten und die\n            Glocken als Beute mitnahmen, und sp\u00e4ter auf ihre Wiedererlangung und\n            \u00dcberf\u00fchrung nach der R\u00fcckeroberung des spanischen Territoriums; der\n            Silberweg folgt demselben Weg, den die Glocken der Kathedrale bei\n            diesen Ereignissen genommen haben.\n          <\/p>\n        <\/div>\n      <\/div>\n      <div>\n        <button class=\"accordion-btn\">\n          <div class=\"accordion-btn__question\">\n            <h3>M\u00f6chten Sie mehr \u00fcber die Routen des Camino erfahren?<\/h3>\n            <span>+<\/span>\n          <\/div>\n          <hr \/>\n        <\/button>\n        <div class=\"accordion-content\">\n          <p>\n            Unter\n            <a href=\"\/de\/\" class=\"p-underline\">Pilgrim.es<\/a>\n            haben wir viel umfangreichere Informationen \u00fcber diese und viele\n            andere Routen. Besuchen Sie unsere Website und entdecken Sie alle\n            Routen, die den\n            <a href=\"https:\/\/www.pilgrim.es\/de\/wege\/\" class=\"p-underline\">Jakobsweg<\/a>\n            ausmachen, seine Etappen, Karten und sogar die St\u00e4dte mit den\n            entsprechenden Hinweisen, was es in den einzelnen Orten zu sehen\n            gibt.\n          <\/p>\n        <\/div>\n      <\/div>\n    <\/div>\n  <\/section>\n  <section id=\"infoPilgrim\">\n    <div class=\"title\">\n      <h4 class=\"p-h4--section\">Lernen Sie uns besser kennen<\/h4>\n      <hr \/>\n      <h2>Hilfe f\u00fcr Pilger seit 2016<\/h2>\n    <\/div>\n    <div class=\"content\">\n      <div class=\"content__card\">\n        <div class=\"content__card__icon\">\n          <i class=\"icon-users\"><\/i>\n        <\/div>\n        <p class=\"content__card__title\">Pilgrims<\/p>\n        <p class=\"content__card__quantity\">+54.000<\/p>\n      <\/div>\n      <div class=\"content__card\">\n        <div class=\"content__card__icon\">\n          <i class=\"icon-world\"><\/i>\n        <\/div>\n        <p class=\"content__card__title\">Nationalit\u00e4ten<\/p>\n        <p class=\"content__card__quantity\">+45<\/p>\n      <\/div>\n      <div class=\"content__card\">\n        <div class=\"content__card__icon\">\n          <i class=\"icon-star\"><\/i>\n        <\/div>\n        <p class=\"content__card__title\">Google Bewertung<\/p>\n        <p class=\"content__card__quantity\">4,7 \u2605<\/p>\n      <\/div>\n      <div class=\"content__card\">\n        <div class=\"content__card__icon\">\n          <i class=\"icon-home\"><\/i>\n        <\/div>\n        <p class=\"content__card__title\">Verbundene Unternehmen<\/p>\n        <p class=\"content__card__quantity\">+7500<\/p>\n      <\/div>\n    <\/div>\n  <\/section>\n<\/div>\n\n\n\n<p><\/p>\n","protected":false},"excerpt":{"rendered":"<p>Die Silber-Route 36 Etappen zu Fu\u00df \/ 16 Ettapen mit dem Fahrrad Einen sch\u00f6nen Spaziergang! Warum die Siber-Route w\u00e4hlen? Die Silber-Route ist ein gut signalisierter Verlauf, in dem sich die gelben Pfeile durch ihre stetige Pr\u00e4senz auszeichnen; um uns in den weitl\u00e4ufigen Landschaften Andalusiens und Extremaduras nicht zu verlieren, werden wir diese zu sch\u00e4tzen lernen. &hellip; <\/p>\n<p class=\"read_more\"><a href=\"https:\/\/www.pilgrim.es\/de\/silber-route\/\">Leer m\u00e1s<\/a><\/p>\n","protected":false},"author":4,"featured_media":10532,"parent":0,"menu_order":0,"comment_status":"closed","ping_status":"closed","template":"views\/template-new-web-design.blade.php","meta":{"footnotes":""},"categories":[],"tags":[],"class_list":["post-10601","page","type-page","status-publish","has-post-thumbnail","hentry"],"yoast_head":"<!-- This site is optimized with the Yoast SEO plugin v27.4 - https:\/\/yoast.com\/product\/yoast-seo-wordpress\/ -->\n<title>\u25b7 Die Silber-Route | Etappen und Landkarte | Der Weg entlang der Siber-Route.<\/title>\n<meta name=\"description\" content=\"lll\u27a4 Die Silber-Route Entdecken Sie notwendige Information \u2705 \u00fcber die Etappen, Interessenspunkte\/ Sehensw\u00fcrdigkeiten oder die Entfernungen, um Ihre Silber- Route zu planen.\" \/>\n<meta name=\"robots\" content=\"index, follow, max-snippet:-1, max-image-preview:large, max-video-preview:-1\" \/>\n<link rel=\"canonical\" href=\"https:\/\/www.pilgrim.es\/de\/silber-route\/\" \/>\n<meta property=\"og:locale\" content=\"de_DE\" \/>\n<meta property=\"og:type\" content=\"article\" \/>\n<meta property=\"og:title\" content=\"\u25b7 Die Silber-Route | Etappen und Landkarte | Der Weg entlang der Siber-Route.\" \/>\n<meta property=\"og:description\" content=\"lll\u27a4 Die Silber-Route Entdecken Sie notwendige Information \u2705 \u00fcber die Etappen, Interessenspunkte\/ Sehensw\u00fcrdigkeiten oder die Entfernungen, um Ihre Silber- Route zu planen.\" \/>\n<meta property=\"og:url\" content=\"https:\/\/www.pilgrim.es\/de\/silber-route\/\" \/>\n<meta property=\"og:site_name\" content=\"Pilgrim\" \/>\n<meta property=\"article:publisher\" content=\"https:\/\/www.facebook.com\/pilgrim.es\/\" \/>\n<meta property=\"article:modified_time\" content=\"2025-11-28T10:01:29+00:00\" \/>\n<meta property=\"og:image\" content=\"https:\/\/www.pilgrim.es\/wp-content\/uploads\/2019\/02\/fondo-via-de-la-plata-27-abr-01.jpg\" \/>\n\t<meta property=\"og:image:width\" content=\"1131\" \/>\n\t<meta property=\"og:image:height\" content=\"523\" \/>\n\t<meta property=\"og:image:type\" content=\"image\/jpeg\" \/>\n<meta name=\"twitter:card\" content=\"summary_large_image\" \/>\n<meta name=\"twitter:site\" content=\"@pilgrim_es\" \/>\n<meta name=\"twitter:label1\" content=\"Gesch\u00e4tzte Lesezeit\" \/>\n\t<meta name=\"twitter:data1\" content=\"26\u00a0Minuten\" \/>\n<script type=\"application\/ld+json\" class=\"yoast-schema-graph\">{\"@context\":\"https:\\\/\\\/schema.org\",\"@graph\":[{\"@type\":\"WebPage\",\"@id\":\"https:\\\/\\\/www.pilgrim.es\\\/de\\\/silber-route\\\/\",\"url\":\"https:\\\/\\\/www.pilgrim.es\\\/de\\\/silber-route\\\/\",\"name\":\"\u25b7 Die Silber-Route | Etappen und Landkarte | Der Weg entlang der Siber-Route.\",\"isPartOf\":{\"@id\":\"https:\\\/\\\/www.pilgrim.es\\\/de\\\/#website\"},\"primaryImageOfPage\":{\"@id\":\"https:\\\/\\\/www.pilgrim.es\\\/de\\\/silber-route\\\/#primaryimage\"},\"image\":{\"@id\":\"https:\\\/\\\/www.pilgrim.es\\\/de\\\/silber-route\\\/#primaryimage\"},\"thumbnailUrl\":\"https:\\\/\\\/www.pilgrim.es\\\/wp-content\\\/uploads\\\/2019\\\/02\\\/fondo-via-de-la-plata-27-abr-01.jpg\",\"datePublished\":\"2019-02-05T14:36:23+00:00\",\"dateModified\":\"2025-11-28T10:01:29+00:00\",\"description\":\"lll\u27a4 Die Silber-Route Entdecken Sie notwendige Information \u2705 \u00fcber die Etappen, Interessenspunkte\\\/ Sehensw\u00fcrdigkeiten oder die Entfernungen, um Ihre Silber- Route zu planen.\",\"breadcrumb\":{\"@id\":\"https:\\\/\\\/www.pilgrim.es\\\/de\\\/silber-route\\\/#breadcrumb\"},\"inLanguage\":\"de\",\"potentialAction\":[{\"@type\":\"ReadAction\",\"target\":[\"https:\\\/\\\/www.pilgrim.es\\\/de\\\/silber-route\\\/\"]}]},{\"@type\":\"ImageObject\",\"inLanguage\":\"de\",\"@id\":\"https:\\\/\\\/www.pilgrim.es\\\/de\\\/silber-route\\\/#primaryimage\",\"url\":\"https:\\\/\\\/www.pilgrim.es\\\/wp-content\\\/uploads\\\/2019\\\/02\\\/fondo-via-de-la-plata-27-abr-01.jpg\",\"contentUrl\":\"https:\\\/\\\/www.pilgrim.es\\\/wp-content\\\/uploads\\\/2019\\\/02\\\/fondo-via-de-la-plata-27-abr-01.jpg\",\"width\":1131,\"height\":523,\"caption\":\"verlauf silber- route\"},{\"@type\":\"BreadcrumbList\",\"@id\":\"https:\\\/\\\/www.pilgrim.es\\\/de\\\/silber-route\\\/#breadcrumb\",\"itemListElement\":[{\"@type\":\"ListItem\",\"position\":1,\"name\":\"Camino de Santiago\",\"item\":\"https:\\\/\\\/www.pilgrim.es\\\/de\\\/\"},{\"@type\":\"ListItem\",\"position\":2,\"name\":\"Die Silber-Route\"}]},{\"@type\":\"WebSite\",\"@id\":\"https:\\\/\\\/www.pilgrim.es\\\/de\\\/#website\",\"url\":\"https:\\\/\\\/www.pilgrim.es\\\/de\\\/\",\"name\":\"Pilgrim\",\"description\":\"Camino de Santiago | Caminamos Contigo\",\"publisher\":{\"@id\":\"https:\\\/\\\/www.pilgrim.es\\\/de\\\/#organization\"},\"potentialAction\":[{\"@type\":\"SearchAction\",\"target\":{\"@type\":\"EntryPoint\",\"urlTemplate\":\"https:\\\/\\\/www.pilgrim.es\\\/de\\\/?s={search_term_string}\"},\"query-input\":{\"@type\":\"PropertyValueSpecification\",\"valueRequired\":true,\"valueName\":\"search_term_string\"}}],\"inLanguage\":\"de\"},{\"@type\":\"Organization\",\"@id\":\"https:\\\/\\\/www.pilgrim.es\\\/de\\\/#organization\",\"name\":\"Pilgrim Camino de Santiago\",\"url\":\"https:\\\/\\\/www.pilgrim.es\\\/de\\\/\",\"logo\":{\"@type\":\"ImageObject\",\"inLanguage\":\"de\",\"@id\":\"https:\\\/\\\/www.pilgrim.es\\\/de\\\/#\\\/schema\\\/logo\\\/image\\\/\",\"url\":\"https:\\\/\\\/www.pilgrim.es\\\/wp-content\\\/uploads\\\/2019\\\/04\\\/logo_pilgrim.png\",\"contentUrl\":\"https:\\\/\\\/www.pilgrim.es\\\/wp-content\\\/uploads\\\/2019\\\/04\\\/logo_pilgrim.png\",\"width\":512,\"height\":512,\"caption\":\"Pilgrim Camino de Santiago\"},\"image\":{\"@id\":\"https:\\\/\\\/www.pilgrim.es\\\/de\\\/#\\\/schema\\\/logo\\\/image\\\/\"},\"sameAs\":[\"https:\\\/\\\/www.facebook.com\\\/pilgrim.es\\\/\",\"https:\\\/\\\/x.com\\\/pilgrim_es\",\"https:\\\/\\\/www.instagram.com\\\/pilgrim.es\\\/\",\"https:\\\/\\\/www.linkedin.com\\\/company\\\/pilgrim-camino-de-santiago\\\/\",\"https:\\\/\\\/www.pinterest.es\\\/pilgrimcaminodesantiago\\\/\",\"https:\\\/\\\/www.youtube.com\\\/channel\\\/UCIv2ZzFLXVqthkNF32rKedw\\\/featured\"]}]}<\/script>\n<!-- \/ Yoast SEO plugin. -->","yoast_head_json":{"title":"\u25b7 Die Silber-Route | Etappen und Landkarte | Der Weg entlang der Siber-Route.","description":"lll\u27a4 Die Silber-Route Entdecken Sie notwendige Information \u2705 \u00fcber die Etappen, Interessenspunkte\/ Sehensw\u00fcrdigkeiten oder die Entfernungen, um Ihre Silber- Route zu planen.","robots":{"index":"index","follow":"follow","max-snippet":"max-snippet:-1","max-image-preview":"max-image-preview:large","max-video-preview":"max-video-preview:-1"},"canonical":"https:\/\/www.pilgrim.es\/de\/silber-route\/","og_locale":"de_DE","og_type":"article","og_title":"\u25b7 Die Silber-Route | Etappen und Landkarte | Der Weg entlang der Siber-Route.","og_description":"lll\u27a4 Die Silber-Route Entdecken Sie notwendige Information \u2705 \u00fcber die Etappen, Interessenspunkte\/ Sehensw\u00fcrdigkeiten oder die Entfernungen, um Ihre Silber- Route zu planen.","og_url":"https:\/\/www.pilgrim.es\/de\/silber-route\/","og_site_name":"Pilgrim","article_publisher":"https:\/\/www.facebook.com\/pilgrim.es\/","article_modified_time":"2025-11-28T10:01:29+00:00","og_image":[{"width":1131,"height":523,"url":"https:\/\/www.pilgrim.es\/wp-content\/uploads\/2019\/02\/fondo-via-de-la-plata-27-abr-01.jpg","type":"image\/jpeg"}],"twitter_card":"summary_large_image","twitter_site":"@pilgrim_es","twitter_misc":{"Gesch\u00e4tzte Lesezeit":"26\u00a0Minuten"},"schema":{"@context":"https:\/\/schema.org","@graph":[{"@type":"WebPage","@id":"https:\/\/www.pilgrim.es\/de\/silber-route\/","url":"https:\/\/www.pilgrim.es\/de\/silber-route\/","name":"\u25b7 Die Silber-Route | Etappen und Landkarte | Der Weg entlang der Siber-Route.","isPartOf":{"@id":"https:\/\/www.pilgrim.es\/de\/#website"},"primaryImageOfPage":{"@id":"https:\/\/www.pilgrim.es\/de\/silber-route\/#primaryimage"},"image":{"@id":"https:\/\/www.pilgrim.es\/de\/silber-route\/#primaryimage"},"thumbnailUrl":"https:\/\/www.pilgrim.es\/wp-content\/uploads\/2019\/02\/fondo-via-de-la-plata-27-abr-01.jpg","datePublished":"2019-02-05T14:36:23+00:00","dateModified":"2025-11-28T10:01:29+00:00","description":"lll\u27a4 Die Silber-Route Entdecken Sie notwendige Information \u2705 \u00fcber die Etappen, Interessenspunkte\/ Sehensw\u00fcrdigkeiten oder die Entfernungen, um Ihre Silber- Route zu planen.","breadcrumb":{"@id":"https:\/\/www.pilgrim.es\/de\/silber-route\/#breadcrumb"},"inLanguage":"de","potentialAction":[{"@type":"ReadAction","target":["https:\/\/www.pilgrim.es\/de\/silber-route\/"]}]},{"@type":"ImageObject","inLanguage":"de","@id":"https:\/\/www.pilgrim.es\/de\/silber-route\/#primaryimage","url":"https:\/\/www.pilgrim.es\/wp-content\/uploads\/2019\/02\/fondo-via-de-la-plata-27-abr-01.jpg","contentUrl":"https:\/\/www.pilgrim.es\/wp-content\/uploads\/2019\/02\/fondo-via-de-la-plata-27-abr-01.jpg","width":1131,"height":523,"caption":"verlauf silber- route"},{"@type":"BreadcrumbList","@id":"https:\/\/www.pilgrim.es\/de\/silber-route\/#breadcrumb","itemListElement":[{"@type":"ListItem","position":1,"name":"Camino de Santiago","item":"https:\/\/www.pilgrim.es\/de\/"},{"@type":"ListItem","position":2,"name":"Die Silber-Route"}]},{"@type":"WebSite","@id":"https:\/\/www.pilgrim.es\/de\/#website","url":"https:\/\/www.pilgrim.es\/de\/","name":"Pilgrim","description":"Camino de Santiago | Caminamos Contigo","publisher":{"@id":"https:\/\/www.pilgrim.es\/de\/#organization"},"potentialAction":[{"@type":"SearchAction","target":{"@type":"EntryPoint","urlTemplate":"https:\/\/www.pilgrim.es\/de\/?s={search_term_string}"},"query-input":{"@type":"PropertyValueSpecification","valueRequired":true,"valueName":"search_term_string"}}],"inLanguage":"de"},{"@type":"Organization","@id":"https:\/\/www.pilgrim.es\/de\/#organization","name":"Pilgrim Camino de Santiago","url":"https:\/\/www.pilgrim.es\/de\/","logo":{"@type":"ImageObject","inLanguage":"de","@id":"https:\/\/www.pilgrim.es\/de\/#\/schema\/logo\/image\/","url":"https:\/\/www.pilgrim.es\/wp-content\/uploads\/2019\/04\/logo_pilgrim.png","contentUrl":"https:\/\/www.pilgrim.es\/wp-content\/uploads\/2019\/04\/logo_pilgrim.png","width":512,"height":512,"caption":"Pilgrim Camino de Santiago"},"image":{"@id":"https:\/\/www.pilgrim.es\/de\/#\/schema\/logo\/image\/"},"sameAs":["https:\/\/www.facebook.com\/pilgrim.es\/","https:\/\/x.com\/pilgrim_es","https:\/\/www.instagram.com\/pilgrim.es\/","https:\/\/www.linkedin.com\/company\/pilgrim-camino-de-santiago\/","https:\/\/www.pinterest.es\/pilgrimcaminodesantiago\/","https:\/\/www.youtube.com\/channel\/UCIv2ZzFLXVqthkNF32rKedw\/featured"]}]}},"_links":{"self":[{"href":"https:\/\/www.pilgrim.es\/de\/wp-json\/wp\/v2\/pages\/10601","targetHints":{"allow":["GET"]}}],"collection":[{"href":"https:\/\/www.pilgrim.es\/de\/wp-json\/wp\/v2\/pages"}],"about":[{"href":"https:\/\/www.pilgrim.es\/de\/wp-json\/wp\/v2\/types\/page"}],"author":[{"embeddable":true,"href":"https:\/\/www.pilgrim.es\/de\/wp-json\/wp\/v2\/users\/4"}],"replies":[{"embeddable":true,"href":"https:\/\/www.pilgrim.es\/de\/wp-json\/wp\/v2\/comments?post=10601"}],"version-history":[{"count":54,"href":"https:\/\/www.pilgrim.es\/de\/wp-json\/wp\/v2\/pages\/10601\/revisions"}],"predecessor-version":[{"id":139440,"href":"https:\/\/www.pilgrim.es\/de\/wp-json\/wp\/v2\/pages\/10601\/revisions\/139440"}],"wp:featuredmedia":[{"embeddable":true,"href":"https:\/\/www.pilgrim.es\/de\/wp-json\/wp\/v2\/media\/10532"}],"wp:attachment":[{"href":"https:\/\/www.pilgrim.es\/de\/wp-json\/wp\/v2\/media?parent=10601"}],"wp:term":[{"taxonomy":"category","embeddable":true,"href":"https:\/\/www.pilgrim.es\/de\/wp-json\/wp\/v2\/categories?post=10601"},{"taxonomy":"post_tag","embeddable":true,"href":"https:\/\/www.pilgrim.es\/de\/wp-json\/wp\/v2\/tags?post=10601"}],"curies":[{"name":"wp","href":"https:\/\/api.w.org\/{rel}","templated":true}]}}